{"id":8328,"date":"2023-07-17T11:12:20","date_gmt":"2023-07-17T09:12:20","guid":{"rendered":"https:\/\/projectes.xtec.cat\/alumnat\/?page_id=8328"},"modified":"2024-06-04T14:11:00","modified_gmt":"2024-06-04T12:11:00","slug":"participacio","status":"publish","type":"page","link":"https:\/\/projectes.xtec.cat\/alumnat\/participacio\/","title":{"rendered":"Participaci\u00f3"},"content":{"rendered":"\n<p><\/p>\n\n\n\n<p class=\"has-text-align-left\">En l\u2019\u00e0mbit educatiu la participaci\u00f3 implica que els diferents membres de la comunitat educativa prenguin part activa en les q\u00fcestions relacionades amb l\u2019educaci\u00f3 i el funcionament del centre.&nbsp;<\/p>\n\n\n\n<p class=\"has-text-align-left\">Des de la Direcci\u00f3 General de l&#8217;Alumnat posem en valor aquells projectes on es potenci\u00ef la participaci\u00f3 de l\u2019alumnat, que abasti els diferents \u00e0mbits de vida dels infants i els joves.&nbsp;&nbsp;<\/p>\n\n\n\n<div style=\"height:50px\" aria-hidden=\"true\" class=\"wp-block-spacer\"><\/div>\n\n\n\n<div class=\"wp-block-buttons is-horizontal is-content-justification-center is-layout-flex wp-container-core-buttons-is-layout-1 wp-block-buttons-is-layout-flex\">\n<div class=\"wp-block-button is-style-outline is-style-outline--1\"><a class=\"wp-block-button__link wp-element-button\" href=\"#a\">Participaci\u00f3 de l&#8217;Alumnat<\/a><\/div>\n<\/div>\n\n\n\n<div style=\"height:43px\" aria-hidden=\"true\" class=\"wp-block-spacer\"><\/div>\n\n\n\n<div id=\"a\" class=\"wp-block-getwid-section dga-block alignwide has-inner-blocks-gap-normal getwid-section-content-full-width\"><div class=\"wp-block-getwid-section__wrapper\" style=\"min-height:200px\"><div class=\"wp-block-getwid-section__inner-wrapper\"><div class=\"wp-block-getwid-section__background-holder\"><div class=\"wp-block-getwid-section__background\"><\/div><div class=\"wp-block-getwid-section__foreground\"><\/div><\/div><div class=\"wp-block-getwid-section__content\"><div class=\"wp-block-getwid-section__inner-content\">\n<div class=\"wp-block-columns alignfull is-layout-flex wp-container-core-columns-is-layout-1 wp-block-columns-is-layout-flex\">\n<div class=\"wp-block-column is-layout-flow wp-block-column-is-layout-flow\" style=\"flex-basis:40%\">\n<figure class=\"wp-block-image aligncenter size-large is-style-default cat-block-img\"><img loading=\"lazy\" decoding=\"async\" width=\"1024\" height=\"681\" src=\"https:\/\/projectes.xtec.cat\/alumnat\/wp-content\/uploads\/usu2327\/2023\/09\/cdc-gsRi9cWCIB0-unsplash-1024x681.jpg\" alt=\"\" class=\"wp-image-9031\" srcset=\"https:\/\/projectes.xtec.cat\/alumnat\/wp-content\/uploads\/usu2327\/2023\/09\/cdc-gsRi9cWCIB0-unsplash-1024x681.jpg 1024w, https:\/\/projectes.xtec.cat\/alumnat\/wp-content\/uploads\/usu2327\/2023\/09\/cdc-gsRi9cWCIB0-unsplash-300x200.jpg 300w, https:\/\/projectes.xtec.cat\/alumnat\/wp-content\/uploads\/usu2327\/2023\/09\/cdc-gsRi9cWCIB0-unsplash-768x511.jpg 768w, https:\/\/projectes.xtec.cat\/alumnat\/wp-content\/uploads\/usu2327\/2023\/09\/cdc-gsRi9cWCIB0-unsplash-1536x1022.jpg 1536w, https:\/\/projectes.xtec.cat\/alumnat\/wp-content\/uploads\/usu2327\/2023\/09\/cdc-gsRi9cWCIB0-unsplash-2048x1363.jpg 2048w, https:\/\/projectes.xtec.cat\/alumnat\/wp-content\/uploads\/usu2327\/2023\/09\/cdc-gsRi9cWCIB0-unsplash-scaled-360x239.jpg 360w\" sizes=\"auto, (max-width: 1024px) 100vw, 1024px\" \/><\/figure>\n<\/div>\n\n\n\n<div class=\"wp-block-column is-layout-flow wp-block-column-is-layout-flow\" style=\"flex-basis:50%\">\n<div class=\"wp-block-getwid-advanced-heading\" style=\"margin-bottom:15px;margin-top:10px\"><h2 class=\"wp-block-getwid-advanced-heading__content\" style=\"text-align:left\"><a href=\"https:\/\/projectes.xtec.cat\/alumnat\/categoria\/participacio\/participacio-de-lalumnat\/\">Participaci\u00f3 de l\u2019Alumnat<\/a><\/h2><\/div>\n\n\n\n<p>Els centres educatius han de promoure i facilitar la participaci\u00f3 i la cultura democr\u00e0tica als propis centres com a motor per a la transformaci\u00f3 social. &nbsp;<\/p>\n\n\n\n<p>S&#8217;han d\u2019incentivar experi\u00e8ncies que cre\u00efn espais i din\u00e0miques de participaci\u00f3 de l\u2019alumnat, incidint en valors i pr\u00e0ctiques democr\u00e0tiques entre els membres de la comunitat educativa.&nbsp;&nbsp;&nbsp;<\/p>\n<\/div>\n<\/div>\n<\/div><\/div><\/div><\/div><\/div>\n\n\n\n<div style=\"height:100px\" aria-hidden=\"true\" class=\"wp-block-spacer\"><\/div>\n\n\n\n<h2 class=\"wp-block-heading has-text-align-center\">\u00daltims continguts sobre participaci\u00f3<\/h2>\n\n\n\n<p class=\"has-text-align-center\"><\/p>\n\n\n\n<div class=\"wp-block-group is-layout-constrained wp-block-group-is-layout-constrained\"><div class=\"blog ajax-grid ast-row\">\t\t\t<article class=\"post type-post status-publish format-link has-post-thumbnail hentry ast-grid-common-col ast-full-width ast-article-post remove-featured-img-padding ast-width-md-4 ast-archive-post ast-separate-posts\" itemtype=\"https:\/\/schema.org\/CreativeWork\" itemscope=\"itemscope\">\r\n\t\t\t\t<div class=\"ast-post-format-standard ast-article-inner ast-no-date-box\">\r\n\t\t\t<div class=\"post-content\">\r\n\t\t\t\t<div class=\"post-thumb ast-blog-single-element\"><div class=\"post-thumb-img-content post-thumb\"><a href=\"https:\/\/projectes.xtec.cat\/alumnat\/premis-educaweb\/\">\r\n\t\t\t\t\t<img loading=\"lazy\" decoding=\"async\" width=\"828\" height=\"393\" src=\"https:\/\/projectes.xtec.cat\/alumnat\/wp-content\/uploads\/usu2327\/2024\/05\/Premis-Educaweb.jpeg\" class=\"attachment-post-thumbnail size-post-thumbnail wp-post-image\" alt=\"Logotip dels Premis Educaweb d&#039;Orientaci\u00f3 Acad\u00e8mica i Professional, edici\u00f3 2024\" srcset=\"https:\/\/projectes.xtec.cat\/alumnat\/wp-content\/uploads\/usu2327\/2024\/05\/Premis-Educaweb.jpeg 828w, https:\/\/projectes.xtec.cat\/alumnat\/wp-content\/uploads\/usu2327\/2024\/05\/Premis-Educaweb-300x142.jpeg 300w, https:\/\/projectes.xtec.cat\/alumnat\/wp-content\/uploads\/usu2327\/2024\/05\/Premis-Educaweb-768x365.jpeg 768w, https:\/\/projectes.xtec.cat\/alumnat\/wp-content\/uploads\/usu2327\/2024\/05\/Premis-Educaweb-360x171.jpeg 360w\" sizes=\"auto, (max-width: 828px) 100vw, 828px\" \/>\t\t\t\t\t<\/a><\/div><\/div><h2 class=\"entry-title ast-blog-single-element\" itemprop=\"headline\"><a href=\"https:\/\/projectes.xtec.cat\/alumnat\/premis-educaweb\/\" rel=\"bookmark\">Premis Educaweb<\/a><\/h2>\t\t\t<div class=\"ast-excerpt-container ast-blog-single-element\">\r\n\t\t\t\t\t\t<p>Tota la informaci\u00f3 que necessites per con\u00e8ixer els &#8220;Premis Educaweb d\u2019Orientaci\u00f3 Acad\u00e8mica i Professional&#8220;! Aquests tenen l&#8217;objectiu de recon\u00e8ixer, donar visibilitat i promoure iniciatives d\u2019orientaci\u00f3 que realitzen els i les professionals de l\u2019orientaci\u00f3, els centres educatius i les institucions del [&hellip;]<\/p>\n\t\t\t\t\t<\/div>\r\n\t\t\t\t\t<div class=\"entry-meta\"><span class=\"post-categories\"><a href=\"https:\/\/projectes.xtec.cat\/alumnat\/categoria\/general\/\"> General <\/a><a href=\"https:\/\/projectes.xtec.cat\/alumnat\/categoria\/participacio\/\"> Participaci\u00f3 <\/a><a href=\"https:\/\/projectes.xtec.cat\/alumnat\/categoria\/participacio\/participacio-de-lalumnat\/\"> Participaci\u00f3 de l'Alumnat <\/a><\/span><span class=\"post-rols\"><a href=\"https:\/\/projectes.xtec.cat\/alumnat\/rol\/docent\/\"> Docent <\/a><a href=\"https:\/\/projectes.xtec.cat\/alumnat\/rol\/equip-directiu\/\"> Equip directiu <\/a><a href=\"https:\/\/projectes.xtec.cat\/alumnat\/rol\/orientador\/\"> Orientador\/a <\/a><a href=\"https:\/\/projectes.xtec.cat\/alumnat\/rol\/tutor\/\"> Tutor\/a <\/a><\/span><span class=\"post-etapes\"><a href=\"https:\/\/projectes.xtec.cat\/alumnat\/etapa\/adults\/\"> Adults <\/a><a href=\"https:\/\/projectes.xtec.cat\/alumnat\/etapa\/batxillerat\/\"> Batxillerat <\/a><a href=\"https:\/\/projectes.xtec.cat\/alumnat\/etapa\/fp\/\"> FP <\/a><a href=\"https:\/\/projectes.xtec.cat\/alumnat\/etapa\/secundaria\/\"> Secund\u00e0ria <\/a><\/span><\/div><p class=\"ast-blog-single-element ast-read-more-container read-more\"> <a class=\"ast-button\" href=\"https:\/\/projectes.xtec.cat\/alumnat\/premis-educaweb\/\"> <span class=\"screen-reader-text\">Premis Educaweb<\/span> Llegir m\u00e9s<\/a><\/p>\t\t\t\t\t<!-- .entry-content .clear -->\r\n\t\t\t<\/div><!-- .post-content -->\r\n\t\t<\/div> <!-- .blog-layout-1 -->\r\n\t\t\t<\/article>\r\n\t\t\t\t\t\t<article class=\"post type-post status-publish format-link has-post-thumbnail hentry ast-grid-common-col ast-full-width ast-article-post remove-featured-img-padding ast-width-md-4 ast-archive-post ast-separate-posts\" itemtype=\"https:\/\/schema.org\/CreativeWork\" itemscope=\"itemscope\">\r\n\t\t\t\t<div class=\"ast-post-format-standard ast-article-inner ast-no-date-box\">\r\n\t\t\t<div class=\"post-content\">\r\n\t\t\t\t<div class=\"post-thumb ast-blog-single-element\"><div class=\"post-thumb-img-content post-thumb\"><a href=\"https:\/\/projectes.xtec.cat\/alumnat\/la-milla-diaria\/\">\r\n\t\t\t\t\t<img loading=\"lazy\" decoding=\"async\" width=\"1024\" height=\"1015\" src=\"https:\/\/projectes.xtec.cat\/alumnat\/wp-content\/uploads\/usu2327\/2024\/05\/Milla-diaria-Escoles.jpg\" class=\"attachment-post-thumbnail size-post-thumbnail wp-post-image\" alt=\"Logotip de la milla di\u00e0ria, per fomentar l&#039;activitat f\u00edsica entre el p\u00fablic infantil\" srcset=\"https:\/\/projectes.xtec.cat\/alumnat\/wp-content\/uploads\/usu2327\/2024\/05\/Milla-diaria-Escoles.jpg 1024w, https:\/\/projectes.xtec.cat\/alumnat\/wp-content\/uploads\/usu2327\/2024\/05\/Milla-diaria-Escoles-300x297.jpg 300w, https:\/\/projectes.xtec.cat\/alumnat\/wp-content\/uploads\/usu2327\/2024\/05\/Milla-diaria-Escoles-150x150.jpg 150w, https:\/\/projectes.xtec.cat\/alumnat\/wp-content\/uploads\/usu2327\/2024\/05\/Milla-diaria-Escoles-768x761.jpg 768w, https:\/\/projectes.xtec.cat\/alumnat\/wp-content\/uploads\/usu2327\/2024\/05\/Milla-diaria-Escoles-360x357.jpg 360w\" sizes=\"auto, (max-width: 1024px) 100vw, 1024px\" \/>\t\t\t\t\t<\/a><\/div><\/div><h2 class=\"entry-title ast-blog-single-element\" itemprop=\"headline\"><a href=\"https:\/\/projectes.xtec.cat\/alumnat\/la-milla-diaria\/\" rel=\"bookmark\">La milla di\u00e0ria<\/a><\/h2>\t\t\t<div class=\"ast-excerpt-container ast-blog-single-element\">\r\n\t\t\t\t\t\t<p>Promovem el benestar social, emocional i mental de forma motivadora! Coneixeu aquest document, on expliquem &#8220;La milla di\u00e0ria&#8221;. Es tracta d&#8217;una iniciativa d&#8217;\u00e8xit que pret\u00e9n motivar a la comunitat educativa a realitzar activitat f\u00edsica di\u00e0riament, a partir de c\u00f3rrer durant [&hellip;]<\/p>\n\t\t\t\t\t<\/div>\r\n\t\t\t\t\t<div class=\"entry-meta\"><span class=\"post-categories\"><a href=\"https:\/\/projectes.xtec.cat\/alumnat\/categoria\/benestar\/promocio-de-la-salut\/habits-saludables\/activitat-fisica\/\"> Activitat f\u00edsica <\/a><a href=\"https:\/\/projectes.xtec.cat\/alumnat\/categoria\/general\/\"> General <\/a><a href=\"https:\/\/projectes.xtec.cat\/alumnat\/categoria\/benestar\/promocio-de-la-salut\/habits-saludables\/\"> H\u00e0bits saludables <\/a><a href=\"https:\/\/projectes.xtec.cat\/alumnat\/categoria\/participacio\/\"> Participaci\u00f3 <\/a><a href=\"https:\/\/projectes.xtec.cat\/alumnat\/categoria\/participacio\/participacio-de-lalumnat\/\"> Participaci\u00f3 de l'Alumnat <\/a><a href=\"https:\/\/projectes.xtec.cat\/alumnat\/categoria\/benestar\/promocio-de-la-salut\/\"> Promoci\u00f3 de la salut <\/a><\/span><span class=\"post-rols\"><a href=\"https:\/\/projectes.xtec.cat\/alumnat\/rol\/docent\/\"> Docent <\/a><a href=\"https:\/\/projectes.xtec.cat\/alumnat\/rol\/equip-directiu\/\"> Equip directiu <\/a><a href=\"https:\/\/projectes.xtec.cat\/alumnat\/rol\/tutor\/\"> Tutor\/a <\/a><\/span><span class=\"post-etapes\"><a href=\"https:\/\/projectes.xtec.cat\/alumnat\/etapa\/infantil\/\"> Infantil <\/a><a href=\"https:\/\/projectes.xtec.cat\/alumnat\/etapa\/primaria\/\"> Prim\u00e0ria <\/a><\/span><\/div><p class=\"ast-blog-single-element ast-read-more-container read-more\"> <a class=\"ast-button\" href=\"https:\/\/projectes.xtec.cat\/alumnat\/la-milla-diaria\/\"> <span class=\"screen-reader-text\">La milla di\u00e0ria<\/span> Llegir m\u00e9s<\/a><\/p>\t\t\t\t\t<!-- .entry-content .clear -->\r\n\t\t\t<\/div><!-- .post-content -->\r\n\t\t<\/div> <!-- .blog-layout-1 -->\r\n\t\t\t<\/article>\r\n\t\t\t\t\t\t<article class=\"post type-post status-publish format-link has-post-thumbnail hentry ast-grid-common-col ast-full-width ast-article-post remove-featured-img-padding ast-width-md-4 ast-archive-post ast-separate-posts\" itemtype=\"https:\/\/schema.org\/CreativeWork\" itemscope=\"itemscope\">\r\n\t\t\t\t<div class=\"ast-post-format-standard ast-article-inner ast-no-date-box\">\r\n\t\t\t<div class=\"post-content\">\r\n\t\t\t\t<div class=\"post-thumb ast-blog-single-element\"><div class=\"post-thumb-img-content post-thumb\"><a href=\"https:\/\/projectes.xtec.cat\/alumnat\/premi-participa-a-lescola\/\">\r\n\t\t\t\t\t<img loading=\"lazy\" decoding=\"async\" width=\"800\" height=\"600\" src=\"https:\/\/projectes.xtec.cat\/alumnat\/wp-content\/uploads\/usu2327\/2023\/07\/participa-a-lescola.png\" class=\"attachment-post-thumbnail size-post-thumbnail wp-post-image\" alt=\"cartell dels premis de participaci\u00f3 a l&#039;escola\" srcset=\"https:\/\/projectes.xtec.cat\/alumnat\/wp-content\/uploads\/usu2327\/2023\/07\/participa-a-lescola.png 800w, https:\/\/projectes.xtec.cat\/alumnat\/wp-content\/uploads\/usu2327\/2023\/07\/participa-a-lescola-300x225.png 300w, https:\/\/projectes.xtec.cat\/alumnat\/wp-content\/uploads\/usu2327\/2023\/07\/participa-a-lescola-768x576.png 768w, https:\/\/projectes.xtec.cat\/alumnat\/wp-content\/uploads\/usu2327\/2023\/07\/participa-a-lescola-360x270.png 360w\" sizes=\"auto, (max-width: 800px) 100vw, 800px\" \/>\t\t\t\t\t<\/a><\/div><\/div><h2 class=\"entry-title ast-blog-single-element\" itemprop=\"headline\"><a href=\"https:\/\/projectes.xtec.cat\/alumnat\/premi-participa-a-lescola\/\" rel=\"bookmark\">Premi &#8220;Participa a l&#8217;escola&#8221;<\/a><\/h2>\t\t\t<div class=\"ast-excerpt-container ast-blog-single-element\">\r\n\t\t\t\t\t\t<p>Heu realitzat experi\u00e8ncies de participaci\u00f3 de l&#8217;alumnat en el vostre centre educatiu? Coneix el premi &#8220;Participa a l&#8217;escola&#8221;, un reconeixement a les escoles i instituts que han implementat experi\u00e8ncies de participaci\u00f3 durant el curs. El premi busca promoure la participaci\u00f3 [&hellip;]<\/p>\n\t\t\t\t\t<\/div>\r\n\t\t\t\t\t<div class=\"entry-meta\"><span class=\"post-categories\"><a href=\"https:\/\/projectes.xtec.cat\/alumnat\/categoria\/general\/\"> General <\/a><a href=\"https:\/\/projectes.xtec.cat\/alumnat\/categoria\/participacio\/\"> Participaci\u00f3 <\/a><a href=\"https:\/\/projectes.xtec.cat\/alumnat\/categoria\/participacio\/participacio-de-lalumnat\/\"> Participaci\u00f3 de l'Alumnat <\/a><\/span><span class=\"post-rols\"><a href=\"https:\/\/projectes.xtec.cat\/alumnat\/rol\/docent\/\"> Docent <\/a><\/span><span class=\"post-etapes\"><a href=\"https:\/\/projectes.xtec.cat\/alumnat\/etapa\/primaria\/\"> Prim\u00e0ria <\/a><a href=\"https:\/\/projectes.xtec.cat\/alumnat\/etapa\/secundaria\/\"> Secund\u00e0ria <\/a><\/span><\/div><p class=\"ast-blog-single-element ast-read-more-container read-more\"> <a class=\"ast-button\" href=\"https:\/\/projectes.xtec.cat\/alumnat\/premi-participa-a-lescola\/\"> <span class=\"screen-reader-text\">Premi &#8220;Participa a l&#8217;escola&#8221;<\/span> Llegir m\u00e9s<\/a><\/p>\t\t\t\t\t<!-- .entry-content .clear -->\r\n\t\t\t<\/div><!-- .post-content -->\r\n\t\t<\/div> <!-- .blog-layout-1 -->\r\n\t\t\t<\/article>\r\n\t\t\t<\/div>\n<\/div>\n\n\n\n<div style=\"height:25px\" aria-hidden=\"true\" class=\"wp-block-spacer\"><\/div>\n\n\n\n<div class=\"wp-block-columns is-layout-flex wp-container-core-columns-is-layout-2 wp-block-columns-is-layout-flex\">\n<div class=\"wp-block-column is-layout-flow wp-block-column-is-layout-flow\" style=\"flex-basis:25%\"><\/div>\n\n\n\n<div class=\"wp-block-column is-layout-flow wp-block-column-is-layout-flow\" style=\"flex-basis:50%\">\n<div class=\"wp-block-buttons is-layout-flex wp-block-buttons-is-layout-flex\">\n<div class=\"wp-block-button has-custom-width wp-block-button__width-100\"><a class=\"wp-block-button__link wp-element-button\" href=\"https:\/\/projectes.xtec.cat\/alumnat\/categoria\/participacio\/\">Veure tots els articles de participaci\u00f3<\/a><\/div>\n<\/div>\n<\/div>\n\n\n\n<div class=\"wp-block-column is-layout-flow wp-block-column-is-layout-flow\" style=\"flex-basis:25%\"><\/div>\n<\/div>\n\n\n\n<div style=\"height:100px\" aria-hidden=\"true\" class=\"wp-block-spacer\"><\/div>\n\n\n\n<div class=\"wp-block-group alignwide box-radius has-ast-global-color-8-background-color has-background\"><div class=\"wp-block-group__inner-container is-layout-flow wp-block-group-is-layout-flow\">\n<div style=\"height:50px\" aria-hidden=\"true\" class=\"wp-block-spacer\"><\/div>\n\n\n\n<div class=\"wp-block-columns alignfull are-vertically-aligned-center is-layout-flex wp-container-core-columns-is-layout-3 wp-block-columns-is-layout-flex\">\n<div class=\"wp-block-column is-vertically-aligned-center banner-col is-layout-flow wp-block-column-is-layout-flow\" style=\"flex-basis:40%\">\n<h2 class=\"has-text-color wp-block-heading\" style=\"color:#ffffff\">Troba tot el contingut que necessites<\/h2>\n<\/div>\n\n\n\n<div class=\"wp-block-column is-vertically-aligned-center banner-col is-layout-flow wp-block-column-is-layout-flow\" style=\"flex-basis:40%\">\n<p class=\"has-text-color\" style=\"color:#d7d7d7\">Aqu\u00ed pots accedir al cat\u00e0leg complert de continguts de la Direcci\u00f3 General de l&#8217;Alumnat organitzat per a que puguis trobar f\u00e0cilment all\u00f3 que estas cercant.<\/p>\n<\/div>\n\n\n\n<div class=\"wp-block-column is-vertically-aligned-center banner-col is-layout-flow wp-block-column-is-layout-flow\" style=\"flex-basis:20%\">\n<div class=\"wp-block-buttons alignfull is-content-justification-center is-layout-flex wp-block-buttons-is-layout-flex\">\n<div class=\"wp-block-button is-style-outline is-style-outline--2\"><a class=\"wp-block-button__link has-ast-global-color-4-color has-text-color\" href=\"https:\/\/projectes.xtec.cat\/alumnat\/articles\/\">Veure articles<\/a><\/div>\n<\/div>\n<\/div>\n<\/div>\n\n\n\n<div style=\"height:25px\" aria-hidden=\"true\" class=\"wp-block-spacer\"><\/div>\n<\/div><\/div>\n\n\n\n<div style=\"height:100px\" aria-hidden=\"true\" class=\"wp-block-spacer\"><\/div>\n","protected":false},"excerpt":{"rendered":"<p>En l\u2019\u00e0mbit educatiu la participaci\u00f3 implica que els diferents membres de la comunitat educativa prenguin part activa en les q\u00fcestions relacionades amb l\u2019educaci\u00f3 i el funcionament del centre.&nbsp; Des de la Direcci\u00f3 General de l&#8217;Alumnat posem en valor aquells projectes [&hellip;]<\/p>\n","protected":false},"author":3,"featured_media":10653,"parent":0,"menu_order":0,"comment_status":"closed","ping_status":"close","template":"","meta":{"site-sidebar-layout":"no-sidebar","site-content-layout":"default","ast-site-content-layout":"default","site-content-style":"default","site-sidebar-style":"default","ast-global-header-display":"","ast-banner-title-visibility":"","ast-main-header-display":"","ast-hfb-above-header-display":"","ast-hfb-below-header-display":"","ast-hfb-mobile-header-display":"","site-post-title":"","ast-breadcrumbs-content":"","ast-featured-img":"","footer-sml-layout":"","theme-transparent-header-meta":"","adv-header-id-meta":"8306","stick-header-meta":"","header-above-stick-meta":"","header-main-stick-meta":"","header-below-stick-meta":"","astra-migrate-meta-layouts":"set","ast-page-background-enabled":"default","ast-page-background-meta":{"desktop":{"background-color":"var(--ast-global-color-4)","background-image":"","background-repeat":"repeat","background-position":"center center","background-size":"auto","background-attachment":"scroll","background-type":"","background-media":"","overlay-type":"","overlay-color":"","overlay-opacity":"","overlay-gradient":""},"tablet":{"background-color":"","background-image":"","background-repeat":"repeat","background-position":"center center","background-size":"auto","background-attachment":"scroll","background-type":"","background-media":"","overlay-type":"","overlay-color":"","overlay-opacity":"","overlay-gradient":""},"mobile":{"background-color":"","background-image":"","background-repeat":"repeat","background-position":"center center","background-size":"auto","background-attachment":"scroll","background-type":"","background-media":"","overlay-type":"","overlay-color":"","overlay-opacity":"","overlay-gradient":""}},"ast-content-background-meta":{"desktop":{"background-color":"var(--ast-global-color-5)","background-image":"","background-repeat":"repeat","background-position":"center center","background-size":"auto","background-attachment":"scroll","background-type":"","background-media":"","overlay-type":"","overlay-color":"","overlay-opacity":"","overlay-gradient":""},"tablet":{"background-color":"var(--ast-global-color-5)","background-image":"","background-repeat":"repeat","background-position":"center center","background-size":"auto","background-attachment":"scroll","background-type":"","background-media":"","overlay-type":"","overlay-color":"","overlay-opacity":"","overlay-gradient":""},"mobile":{"background-color":"var(--ast-global-color-5)","background-image":"","background-repeat":"repeat","background-position":"center center","background-size":"auto","background-attachment":"scroll","background-type":"","background-media":"","overlay-type":"","overlay-color":"","overlay-opacity":"","overlay-gradient":""}},"footnotes":""},"class_list":["post-8328","page","type-page","status-publish","has-post-thumbnail","hentry"],"post_mailing_queue_ids":[],"_links":{"self":[{"href":"https:\/\/projectes.xtec.cat\/alumnat\/wp-json\/wp\/v2\/pages\/8328","targetHints":{"allow":["GET"]}}],"collection":[{"href":"https:\/\/projectes.xtec.cat\/alumnat\/wp-json\/wp\/v2\/pages"}],"about":[{"href":"https:\/\/projectes.xtec.cat\/alumnat\/wp-json\/wp\/v2\/types\/page"}],"author":[{"embeddable":true,"href":"https:\/\/projectes.xtec.cat\/alumnat\/wp-json\/wp\/v2\/users\/3"}],"replies":[{"embeddable":true,"href":"https:\/\/projectes.xtec.cat\/alumnat\/wp-json\/wp\/v2\/comments?post=8328"}],"version-history":[{"count":6,"href":"https:\/\/projectes.xtec.cat\/alumnat\/wp-json\/wp\/v2\/pages\/8328\/revisions"}],"predecessor-version":[{"id":11112,"href":"https:\/\/projectes.xtec.cat\/alumnat\/wp-json\/wp\/v2\/pages\/8328\/revisions\/11112"}],"wp:featuredmedia":[{"embeddable":true,"href":"https:\/\/projectes.xtec.cat\/alumnat\/wp-json\/wp\/v2\/media\/10653"}],"wp:attachment":[{"href":"https:\/\/projectes.xtec.cat\/alumnat\/wp-json\/wp\/v2\/media?parent=8328"}],"curies":[{"name":"wp","href":"https:\/\/api.w.org\/{rel}","templated":true}]}}