{"id":8391,"date":"2023-07-17T14:21:15","date_gmt":"2023-07-17T12:21:15","guid":{"rendered":"https:\/\/projectes.xtec.cat\/alumnat\/?page_id=8391"},"modified":"2024-06-04T14:10:02","modified_gmt":"2024-06-04T12:10:02","slug":"orientacio","status":"publish","type":"page","link":"https:\/\/projectes.xtec.cat\/alumnat\/orientacio\/","title":{"rendered":"Orientaci\u00f3"},"content":{"rendered":"\n<p><\/p>\n\n\n\n<p class=\"has-text-align-left\">L\u2019Orientaci\u00f3 \u00e9s un proc\u00e9s continuat d\u2019acompanyament i suport a l\u2019alumnat durant el seu desenvolupament formatiu, en el context de l\u2019educaci\u00f3 formal per\u00f2 tamb\u00e9 en els contextos socials, comunitaris i laborals, que ha de permetre desenvolupar un itinerari personal (social, acad\u00e8mic, professional i de ciutadania) amb sentit per a la pr\u00f2pia persona en vistes a millorar el seu benestar i participaci\u00f3 activa a la societat.&nbsp;<\/p>\n\n\n\n<div style=\"height:50px\" aria-hidden=\"true\" class=\"wp-block-spacer\"><\/div>\n\n\n\n<div class=\"wp-block-buttons is-horizontal is-content-justification-center is-layout-flex wp-container-core-buttons-is-layout-1 wp-block-buttons-is-layout-flex\">\n<div class=\"wp-block-button is-style-outline is-style-outline--1\"><a class=\"wp-block-button__link wp-element-button\" href=\"#a\">\u00c0mbits de l&#8217;orientaci\u00f3<\/a><\/div>\n\n\n\n<div class=\"wp-block-button is-style-outline is-style-outline--2\"><a class=\"wp-block-button__link wp-element-button\" href=\"#b\">Funcions de l&#8217;orientaci\u00f3<\/a><\/div>\n\n\n\n<div class=\"wp-block-button is-style-outline is-style-outline--3\"><a class=\"wp-block-button__link wp-element-button\" href=\"#c\">Proc\u00e9s orientador<\/a><\/div>\n<\/div>\n\n\n\n<div style=\"height:50px\" aria-hidden=\"true\" class=\"wp-block-spacer\"><\/div>\n\n\n\n<div id=\"a\" class=\"wp-block-getwid-section dga-block alignwide has-inner-blocks-gap-normal getwid-section-content-full-width\"><div class=\"wp-block-getwid-section__wrapper\" style=\"min-height:200px\"><div class=\"wp-block-getwid-section__inner-wrapper\"><div class=\"wp-block-getwid-section__background-holder\"><div class=\"wp-block-getwid-section__background\"><\/div><div class=\"wp-block-getwid-section__foreground\"><\/div><\/div><div class=\"wp-block-getwid-section__content\"><div class=\"wp-block-getwid-section__inner-content\">\n<div class=\"wp-block-columns alignfull is-layout-flex wp-container-core-columns-is-layout-1 wp-block-columns-is-layout-flex\">\n<div class=\"wp-block-column is-layout-flow wp-block-column-is-layout-flow\" style=\"flex-basis:40%\">\n<figure class=\"wp-block-image aligncenter size-large is-style-default cat-block-img\"><img loading=\"lazy\" decoding=\"async\" width=\"683\" height=\"1024\" src=\"https:\/\/projectes.xtec.cat\/alumnat\/wp-content\/uploads\/usu2327\/2024\/04\/ambit-de-lorientacio-scaled-1-683x1024.jpg\" alt=\"\" class=\"wp-image-10449\" style=\"aspect-ratio:4\/3;object-fit:contain\" srcset=\"https:\/\/projectes.xtec.cat\/alumnat\/wp-content\/uploads\/usu2327\/2024\/04\/ambit-de-lorientacio-scaled-1-683x1024.jpg 683w, https:\/\/projectes.xtec.cat\/alumnat\/wp-content\/uploads\/usu2327\/2024\/04\/ambit-de-lorientacio-scaled-1-200x300.jpg 200w, https:\/\/projectes.xtec.cat\/alumnat\/wp-content\/uploads\/usu2327\/2024\/04\/ambit-de-lorientacio-scaled-1-768x1152.jpg 768w, https:\/\/projectes.xtec.cat\/alumnat\/wp-content\/uploads\/usu2327\/2024\/04\/ambit-de-lorientacio-scaled-1.jpg 1024w\" sizes=\"auto, (max-width: 683px) 100vw, 683px\" \/><\/figure>\n<\/div>\n\n\n\n<div class=\"wp-block-column is-layout-flow wp-block-column-is-layout-flow\" style=\"flex-basis:50%\">\n<div class=\"wp-block-getwid-advanced-heading\" style=\"margin-bottom:15px;margin-top:10px\"><h2 class=\"wp-block-getwid-advanced-heading__content\" style=\"text-align:left\"><a href=\"https:\/\/projectes.xtec.cat\/alumnat\/categoria\/orientacio\/ambits-de-lorientacio\/\">\u00c0mbits de l\u2019orientaci\u00f3<\/a><\/h2><\/div>\n\n\n\n<p class=\"has-text-align-left\">L\u2019orientaci\u00f3, com a proc\u00e9s educatiu, afavoreix el desenvolupament de la persona en els \u00e0mbits personal, social, acad\u00e8mic i professional, i situa la intervenci\u00f3 en l\u2019alumnat i en el context on participa.<\/p>\n<\/div>\n<\/div>\n\n\n\n<div class=\"wp-block-columns is-layout-flex wp-container-core-columns-is-layout-2 wp-block-columns-is-layout-flex\">\n<div class=\"wp-block-column cat-block is-layout-flow wp-block-column-is-layout-flow\">\n<div class=\"wp-block-getwid-advanced-heading\" style=\"margin-bottom:5px\"><h3 class=\"wp-block-getwid-advanced-heading__content\"><a href=\"https:\/\/projectes.xtec.cat\/alumnat\/categoria\/orientacio\/ambits-de-lorientacio\/orientacio-academica\/\">Orientaci\u00f3 Acad\u00e8mica<\/a><\/h3><\/div>\n\n\n\n<p>L\u2019orientaci\u00f3 acad\u00e8mica s\u2019ocupa de l\u2019acompanyament de l&#8217;alumnat en el seu proc\u00e9s d\u2019aprenentatge pel que fa a aspectes com l\u2019autoestima acad\u00e8mica, la motivaci\u00f3 acad\u00e8mica, els h\u00e0bits i les t\u00e8cniques d\u2019estudi, l\u2019establiment d\u2019un clima favorable per a l\u2019aprenentatge, la comprensi\u00f3 dels itineraris acad\u00e8mics i l\u2019optimitzaci\u00f3 dels recursos disponibles per a configurar el projecte formatiu de l\u2019alumnat.<\/p>\n<\/div>\n\n\n\n<div class=\"wp-block-column cat-block is-layout-flow wp-block-column-is-layout-flow\">\n<div class=\"wp-block-getwid-advanced-heading\" style=\"margin-bottom:5px\"><h3 class=\"wp-block-getwid-advanced-heading__content\"><a href=\"https:\/\/projectes.xtec.cat\/alumnat\/categoria\/orientacio\/ambits-de-lorientacio\/orientacio-personal\/\">Orientaci\u00f3 Personal<\/a><\/h3><\/div>\n\n\n\n<p>L\u2019orientaci\u00f3 personal aborda els aspectes relatius a la presa de consci\u00e8ncia de les pr\u00f2pies caracter\u00edstiques, els processos d\u2019autoconeixement, la construcci\u00f3 de la pr\u00f2pia identitat i el desenvolupament d\u2019habilitats per a una vida satisfact\u00f2ria (benestar emocional i afectiu, actituds, valors, creences, autoestima, satisfacci\u00f3 amb la vida, etc.).<\/p>\n<\/div>\n<\/div>\n\n\n\n<div class=\"wp-block-columns is-layout-flex wp-container-core-columns-is-layout-3 wp-block-columns-is-layout-flex\">\n<div class=\"wp-block-column cat-block is-layout-flow wp-block-column-is-layout-flow\">\n<div class=\"wp-block-getwid-advanced-heading\" style=\"margin-bottom:5px\"><h3 class=\"wp-block-getwid-advanced-heading__content\"><a href=\"https:\/\/projectes.xtec.cat\/alumnat\/categoria\/orientacio\/ambits-de-lorientacio\/orientacio-academica\/\"><\/a><a href=\"https:\/\/projectes.xtec.cat\/alumnat\/categoria\/orientacio\/ambits-de-lorientacio\/orientacio-professional\/\">Orientaci\u00f3 Professional<\/a><\/h3><\/div>\n\n\n\n<p>L\u2019orientaci\u00f3 professional s\u2019ocupa del proc\u00e9s de desenvolupament d\u2019un projecte professional que cada persona va madurant al llarg de la vida. S&#8217;inicia en l\u2019edat escolar i ha de permetre una primera elaboraci\u00f3 de l&#8217;itinerari formatiu, que s&#8217;anir\u00e0 construint durant tota la seva vida.&nbsp;<\/p>\n<\/div>\n\n\n\n<div class=\"wp-block-column cat-block is-layout-flow wp-block-column-is-layout-flow\">\n<div class=\"wp-block-getwid-advanced-heading\" style=\"margin-bottom:5px\"><h3 class=\"wp-block-getwid-advanced-heading__content\"><a href=\"https:\/\/projectes.xtec.cat\/alumnat\/categoria\/orientacio\/ambits-de-lorientacio\/orientacio-personal\/\"><\/a><a href=\"https:\/\/projectes.xtec.cat\/alumnat\/categoria\/orientacio\/ambits-de-lorientacio\/orientacio-social\/\">Orientaci\u00f3 Social<\/a><\/h3><\/div>\n\n\n\n<p>L\u2019orientaci\u00f3 social posa el focus en la interacci\u00f3 de la persona amb el m\u00f3n que l\u2019envolta. Busca el desenvolupament de processos i din\u00e0miques interpersonals que permetin fomentar una bona conviv\u00e8ncia. En el context del centre educatiu s\u2019aborden q\u00fcestions com la cohesi\u00f3 del grup classe, la soluci\u00f3 de conflictes a l\u2019aula o al centre, les habilitats socials, etc.<\/p>\n<\/div>\n<\/div>\n<\/div><\/div><\/div><\/div><\/div>\n\n\n\n<div style=\"height:100px\" aria-hidden=\"true\" class=\"wp-block-spacer\"><\/div>\n\n\n\n<div id=\"b\" class=\"wp-block-getwid-section dga-block alignwide has-inner-blocks-gap-normal getwid-section-content-full-width\"><div class=\"wp-block-getwid-section__wrapper\"><div class=\"wp-block-getwid-section__inner-wrapper\"><div class=\"wp-block-getwid-section__background-holder\"><div class=\"wp-block-getwid-section__background\"><\/div><div class=\"wp-block-getwid-section__foreground\"><\/div><\/div><div class=\"wp-block-getwid-section__content\"><div class=\"wp-block-getwid-section__inner-content\">\n<div class=\"wp-block-columns alignfull is-layout-flex wp-container-core-columns-is-layout-4 wp-block-columns-is-layout-flex\">\n<div class=\"wp-block-column is-layout-flow wp-block-column-is-layout-flow\" style=\"flex-basis:40%\">\n<figure class=\"wp-block-image aligncenter size-large is-resized is-style-default cat-block-img\"><img loading=\"lazy\" decoding=\"async\" width=\"683\" height=\"1024\" src=\"https:\/\/projectes.xtec.cat\/alumnat\/wp-content\/uploads\/usu2327\/2024\/05\/Funcions-orientacio-683x1024.jpg\" alt=\"Infant asseguda a terra mirant amb binocles\" class=\"wp-image-11056\" style=\"width:250px\" srcset=\"https:\/\/projectes.xtec.cat\/alumnat\/wp-content\/uploads\/usu2327\/2024\/05\/Funcions-orientacio-683x1024.jpg 683w, https:\/\/projectes.xtec.cat\/alumnat\/wp-content\/uploads\/usu2327\/2024\/05\/Funcions-orientacio-200x300.jpg 200w, https:\/\/projectes.xtec.cat\/alumnat\/wp-content\/uploads\/usu2327\/2024\/05\/Funcions-orientacio-768x1152.jpg 768w, https:\/\/projectes.xtec.cat\/alumnat\/wp-content\/uploads\/usu2327\/2024\/05\/Funcions-orientacio.jpg 1024w\" sizes=\"auto, (max-width: 683px) 100vw, 683px\" \/><\/figure>\n<\/div>\n\n\n\n<div class=\"wp-block-column is-layout-flow wp-block-column-is-layout-flow\" style=\"flex-basis:50%\">\n<div class=\"wp-block-getwid-advanced-heading\" style=\"margin-bottom:15px;margin-top:10px\"><h2 class=\"wp-block-getwid-advanced-heading__content\" style=\"text-align:left\"><a href=\"https:\/\/projectes.xtec.cat\/alumnat\/categoria\/orientacio\/funcions-de-lorientacio\/\">Funcions de l&#8217;orientaci\u00f3<\/a><\/h2><\/div>\n\n\n\n<p class=\"has-text-align-left\">L\u2019orientaci\u00f3 \u00e9s una tasca compartida per tot el personal educatiu, tot i que cadasc\u00fa la desenvolupa en el marc de les funcions que li corresponen. &nbsp;<\/p>\n<\/div>\n<\/div>\n\n\n\n<div class=\"wp-block-columns is-layout-flex wp-container-core-columns-is-layout-5 wp-block-columns-is-layout-flex\">\n<div class=\"wp-block-column cat-block is-layout-flow wp-block-column-is-layout-flow\">\n<div class=\"wp-block-getwid-advanced-heading\" style=\"margin-bottom:5px\"><h3 class=\"wp-block-getwid-advanced-heading__content\"><a href=\"https:\/\/projectes.xtec.cat\/alumnat\/categoria\/orientacio\/funcions-de-lorientacio\/accio-tutorial-del-docent\/\">Acci\u00f3 tutorial del docent<\/a><\/h3><\/div>\n\n\n\n<p>L\u2019acci\u00f3 tutorial del docent \u00e9s la responsabilitat orientadora que assumeix el conjunt del professorat d\u2019un centre en el desenvolupament de la seva tasca docent i de la qual \u00e9s important prendre consci\u00e8ncia, tant quan imparteix la seva mat\u00e8ria i la posa en relaci\u00f3 amb el context de la realitat social i laboral, com en qualsevol altra interacci\u00f3 amb l\u2019alumnat.<\/p>\n<\/div>\n\n\n\n<div class=\"wp-block-column cat-block is-layout-flow wp-block-column-is-layout-flow\">\n<div class=\"wp-block-getwid-advanced-heading\" style=\"margin-bottom:5px\"><h3 class=\"wp-block-getwid-advanced-heading__content\"><a href=\"https:\/\/projectes.xtec.cat\/alumnat\/categoria\/orientacio\/funcions-de-lorientacio\/accions-de-lorientador\/\">Accions de l&#8217;orientador\/a educatiu\/va<\/a><\/h3><\/div>\n\n\n\n<p>La figura de l\u2019especialista en orientaci\u00f3 educativa contribueix a fer efectiva l\u2019orientaci\u00f3 des d\u2019una tasca enriquidora i col\u00b7laborativa amb: els tutors i tutores; el desenvolupament de l\u2019acci\u00f3 tutorial amb l\u2019equip docent; la comunicaci\u00f3 amb l\u2019alumnat, les fam\u00edlies i els altres agents educatius i altres accions d\u2019orientaci\u00f3 organitzades pels centres educatius o b\u00e9 adre\u00e7ades al futur alumnat&nbsp;i les seves fam\u00edlies (portes obertes, activitats per a alumnat de prim\u00e0ria organitzades al centre de secund\u00e0ria\u2026).&nbsp;<\/p>\n<\/div>\n<\/div>\n\n\n\n<div class=\"wp-block-columns is-layout-flex wp-container-core-columns-is-layout-6 wp-block-columns-is-layout-flex\">\n<div class=\"wp-block-column cat-block is-layout-flow wp-block-column-is-layout-flow\">\n<div class=\"wp-block-getwid-advanced-heading\" style=\"margin-bottom:5px\"><h3 class=\"wp-block-getwid-advanced-heading__content\"><a href=\"https:\/\/projectes.xtec.cat\/alumnat\/categoria\/orientacio\/ambits-de-lorientacio\/orientacio-academica\/\"><\/a><a href=\"https:\/\/projectes.xtec.cat\/alumnat\/categoria\/orientacio\/funcions-de-lorientacio\/lideratge-de-lorientacio\/\">Lideratge de l&#8217;orientaci\u00f3<\/a><\/h3><\/div>\n\n\n\n<p>L\u2019equip directiu del centre educatiu conjuntament amb l\u2019orientador o orientadora dinamitzen i optimitzen l\u2019organitzaci\u00f3 de l\u2019orientaci\u00f3 al centre, contribuint a la gesti\u00f3 i la coordinaci\u00f3 de recursos que la possibiliten. L\u2019orientaci\u00f3 \u00e9s una tasca d\u2019equip i requereix un lideratge pedag\u00f2gic distribu\u00eft, des de la implicaci\u00f3, la col\u00b7laboraci\u00f3 i la responsabilitat compartida de tota la comunitat educativa.<\/p>\n<\/div>\n\n\n\n<div class=\"wp-block-column cat-block is-layout-flow wp-block-column-is-layout-flow\">\n<div class=\"wp-block-getwid-advanced-heading\" style=\"margin-bottom:5px\"><h3 class=\"wp-block-getwid-advanced-heading__content\"><a href=\"https:\/\/projectes.xtec.cat\/alumnat\/categoria\/orientacio\/ambits-de-lorientacio\/orientacio-personal\/\"><\/a><a href=\"https:\/\/projectes.xtec.cat\/alumnat\/categoria\/orientacio\/funcions-de-lorientacio\/tutoria-grupal\/\">Tutoria grupal<\/a><\/h3><\/div>\n\n\n\n<p>La tutoria grupal, amb un espai horari espec\u00edfic, \u00e9s l&#8217;acci\u00f3 que propicia al docent el fet d\u2019esdevenir el referent d\u2019un grup classe, fer-ne el seguiment i articular els aspectes relacionats amb l\u2019aprenentatge i l\u2019orientaci\u00f3. Implica una triple mirada: la coordinaci\u00f3 amb l\u2019equip docent per a tots els aspectes relacionats amb el desenvolupament personal, social, acad\u00e8mic i professional del grup, el seguiment de cada alumne i del grup respecte a aquests mateixos conceptes, i la relaci\u00f3 amb les fam\u00edlies del seu alumnat.<\/p>\n<\/div>\n<\/div>\n\n\n\n<div class=\"wp-block-columns is-layout-flex wp-container-core-columns-is-layout-7 wp-block-columns-is-layout-flex\">\n<div class=\"wp-block-column cat-block is-layout-flow wp-block-column-is-layout-flow\" style=\"flex-basis:48.5%\">\n<div class=\"wp-block-getwid-advanced-heading\" style=\"margin-bottom:5px\"><h3 class=\"wp-block-getwid-advanced-heading__content\"><a href=\"https:\/\/projectes.xtec.cat\/alumnat\/categoria\/orientacio\/ambits-de-lorientacio\/orientacio-academica\/\"><\/a><a href=\"https:\/\/projectes.xtec.cat\/alumnat\/categoria\/orientacio\/funcions-de-lorientacio\/tutoria-individual\/\">Tutoria individual<\/a><\/h3><\/div>\n\n\n\n<p>La tutoria individual possibilita l\u2019atenci\u00f3 personalitzada a l\u2019alumnat. \u00c9s un espai i un temps on el docent referent pot conversar, escoltar i acompanyar l\u2019alumnat en les diferents dimensions de l\u2019orientaci\u00f3 (personal, social, acad\u00e8mica i professional) i contribuir, aix\u00ed, a configurar els seu projecte personal.<\/p>\n<\/div>\n<\/div>\n<\/div><\/div><\/div><\/div><\/div>\n\n\n\n<div style=\"height:100px\" aria-hidden=\"true\" class=\"wp-block-spacer\"><\/div>\n\n\n\n<div id=\"c\" class=\"wp-block-getwid-section dga-block alignwide has-inner-blocks-gap-normal getwid-section-content-full-width\"><div class=\"wp-block-getwid-section__wrapper\"><div class=\"wp-block-getwid-section__inner-wrapper\"><div class=\"wp-block-getwid-section__background-holder\"><div class=\"wp-block-getwid-section__background\"><\/div><div class=\"wp-block-getwid-section__foreground\"><\/div><\/div><div class=\"wp-block-getwid-section__content\"><div class=\"wp-block-getwid-section__inner-content\">\n<div class=\"wp-block-columns alignfull is-layout-flex wp-container-core-columns-is-layout-8 wp-block-columns-is-layout-flex\">\n<div class=\"wp-block-column is-layout-flow wp-block-column-is-layout-flow\" style=\"flex-basis:40%\">\n<figure class=\"wp-block-image aligncenter size-full is-style-default cat-block-img\"><img loading=\"lazy\" decoding=\"async\" width=\"1024\" height=\"683\" src=\"https:\/\/projectes.xtec.cat\/alumnat\/wp-content\/uploads\/usu2327\/2024\/05\/Proces-orientador.jpg\" alt=\"Un grup d'infants assentats en un banc mirant a l'horitz\u00f3, perqu\u00e8 l'acompanyament en el proc\u00e9s orientador \u00e9s al llarg de l'escolaritat \" class=\"wp-image-10904\" srcset=\"https:\/\/projectes.xtec.cat\/alumnat\/wp-content\/uploads\/usu2327\/2024\/05\/Proces-orientador.jpg 1024w, https:\/\/projectes.xtec.cat\/alumnat\/wp-content\/uploads\/usu2327\/2024\/05\/Proces-orientador-300x200.jpg 300w, https:\/\/projectes.xtec.cat\/alumnat\/wp-content\/uploads\/usu2327\/2024\/05\/Proces-orientador-768x512.jpg 768w\" sizes=\"auto, (max-width: 1024px) 100vw, 1024px\" \/><\/figure>\n<\/div>\n\n\n\n<div class=\"wp-block-column is-layout-flow wp-block-column-is-layout-flow\" style=\"flex-basis:50%\">\n<div class=\"wp-block-getwid-advanced-heading\" style=\"margin-bottom:15px;margin-top:10px\"><h2 class=\"wp-block-getwid-advanced-heading__content\" style=\"text-align:left\"><a href=\"https:\/\/projectes.xtec.cat\/alumnat\/categoria\/orientacio\/proces-orientador\/\">Proc\u00e9s orientador<\/a><\/h2><\/div>\n\n\n\n<p class=\"has-text-align-left\">L\u2019orientaci\u00f3 \u00e9s un proc\u00e9s d\u2019acompanyament al llarg de l\u2019escolaritat \u2013en cadascuna de les etapes\u2013 que permet establir un recorregut diacr\u00f2nic per estructurar l\u2019acci\u00f3 orientadora per a tot l\u2019alumnat, des que arriba a un centre educatiu fins que en marxa.<\/p>\n<\/div>\n<\/div>\n\n\n\n<div class=\"wp-block-columns is-layout-flex wp-container-core-columns-is-layout-9 wp-block-columns-is-layout-flex\">\n<div class=\"wp-block-column cat-block is-layout-flow wp-block-column-is-layout-flow\">\n<div class=\"wp-block-getwid-advanced-heading\" style=\"margin-bottom:5px\"><h3 class=\"wp-block-getwid-advanced-heading__content\"><a href=\"https:\/\/projectes.xtec.cat\/alumnat\/categoria\/orientacio\/proces-orientador\/acces\/\">Acc\u00e9s<\/a><\/h3><\/div>\n\n\n\n<p>L\u2019acc\u00e9s \u00e9s el primer aspecte del que cal tenir cura i es refereix a vetllar per tal que les condicions del centre i de l\u2019oferta estiguin realment a l\u2019abast de tota la poblaci\u00f3 a la que va adre\u00e7ada des d\u2019un punt de vista territorial: que no hi hagi cap element que dificulti&nbsp;la participaci\u00f3 d\u2019algun alumne\/a, especialment dels&nbsp;que es troben en&nbsp;situacions de vulnerabilitat. En aquest context cal pensar en la dist\u00e0ncia del centre, les condicions socioecon\u00f2miques, les possibles barreres o altres impediments que puguin provocar dificultats a qualsevol potencial alumne\/a.&nbsp;<\/p>\n<\/div>\n\n\n\n<div class=\"wp-block-column cat-block is-layout-flow wp-block-column-is-layout-flow\">\n<div class=\"wp-block-getwid-advanced-heading\" style=\"margin-bottom:5px\"><h3 class=\"wp-block-getwid-advanced-heading__content\"><a href=\"https:\/\/projectes.xtec.cat\/alumnat\/categoria\/orientacio\/proces-orientador\/acollida\/\">Acollida<\/a><\/h3><\/div>\n\n\n\n<p>L\u2019acollida \u00e9s la segona fase i t\u00e9 a veure amb les accions &#8211; de car\u00e0cter continuat i sistem\u00e0tic &#8211; encaminades a promoure la plena incorporaci\u00f3 de l\u2019alumnat i la seva fam\u00edlia a la comunitat educativa en general, i al grup, nivell i\/o activitat en particular. Les accions d\u2019acollida poden comen\u00e7ar abans de l\u2019inici del curs escolar&nbsp;perllongar-se molt m\u00e9s enll\u00e0 de les primeres setmanes o mesos del curs.&nbsp;&nbsp;<\/p>\n<\/div>\n<\/div>\n\n\n\n<div class=\"wp-block-columns is-layout-flex wp-container-core-columns-is-layout-10 wp-block-columns-is-layout-flex\">\n<div class=\"wp-block-column cat-block is-layout-flow wp-block-column-is-layout-flow\">\n<div class=\"wp-block-getwid-advanced-heading\" style=\"margin-bottom:5px\"><h3 class=\"wp-block-getwid-advanced-heading__content\"><a href=\"https:\/\/projectes.xtec.cat\/alumnat\/categoria\/orientacio\/ambits-de-lorientacio\/orientacio-academica\/\"><\/a><a href=\"https:\/\/projectes.xtec.cat\/alumnat\/categoria\/orientacio\/funcions-de-lorientacio\/lideratge-de-lorientacio\/\"><\/a><a href=\"https:\/\/projectes.xtec.cat\/alumnat\/categoria\/orientacio\/proces-orientador\/familiaritzacio-academica\/\">Familiaritzaci\u00f3 acad\u00e8mica<\/a><\/h3><\/div>\n\n\n\n<p>La familiaritzaci\u00f3 acad\u00e8mica consisteix en el disseny i la planificaci\u00f3 educativa per tal que cada alumne o alumna es pugui incorporar a les din\u00e0miques d&#8217;ensenyament-aprenentatge pr\u00f2pies del centre, del cicle i del nivell corresponents per desenvolupar els sabers i les compet\u00e8ncies pr\u00f2pies en relaci\u00f3 amb l&#8217;assoliment dels objectius d&#8217;aprenentatge des de la perspectiva orientadora.&nbsp;<\/p>\n<\/div>\n\n\n\n<div class=\"wp-block-column cat-block is-layout-flow wp-block-column-is-layout-flow\">\n<div class=\"wp-block-getwid-advanced-heading\" style=\"margin-bottom:5px\"><h3 class=\"wp-block-getwid-advanced-heading__content\"><a href=\"https:\/\/projectes.xtec.cat\/alumnat\/categoria\/orientacio\/ambits-de-lorientacio\/orientacio-personal\/\"><\/a><a href=\"https:\/\/projectes.xtec.cat\/alumnat\/categoria\/orientacio\/proces-orientador\/intensificacio-daprenentatges\/\">Intensificaci\u00f3 dels aprenentatges<\/a><\/h3><\/div>\n\n\n\n<p>La intensificaci\u00f3 dels aprenentatges, com a fase del proc\u00e9s orientador, ha de potenciar l&#8217;aprofitament global dels recursos del centre perqu\u00e8 cada alumne o alumna vagi trobant el seu cam\u00ed i desenvolupant-se personalment, social, acad\u00e8mica i professional al mateix temps que progressa en els aprenentatges i en les din\u00e0miques interpersonals. Permet desenvolupar els sabers i les compet\u00e8ncies pr\u00f2pies de cada proposta formativa de manera satisfact\u00f2ria, tant en els \u00e0mbits estrictament curriculars com, des d\u2019un punt de vista educatiu, els que afavoreixen el desenvolupament global.&nbsp;&nbsp;<\/p>\n<\/div>\n<\/div>\n\n\n\n<div class=\"wp-block-columns is-layout-flex wp-container-core-columns-is-layout-11 wp-block-columns-is-layout-flex\">\n<div class=\"wp-block-column cat-block is-layout-flow wp-block-column-is-layout-flow\" style=\"flex-basis:48.5%\">\n<div class=\"wp-block-getwid-advanced-heading\" style=\"margin-bottom:5px\"><h3 class=\"wp-block-getwid-advanced-heading__content\"><a href=\"https:\/\/projectes.xtec.cat\/alumnat\/categoria\/orientacio\/ambits-de-lorientacio\/orientacio-academica\/\"><\/a><a href=\"https:\/\/projectes.xtec.cat\/alumnat\/categoria\/orientacio\/funcions-de-lorientacio\/lideratge-de-lorientacio\/\"><\/a><a href=\"https:\/\/projectes.xtec.cat\/alumnat\/categoria\/orientacio\/proces-orientador\/traspassos-i-transicions\/\">Traspassos i transicions<\/a><\/h3><\/div>\n\n\n\n<p>El trasp\u00e0s&nbsp;&#8211; l\u2019acompanyament o&nbsp;tr\u00e0nsit entre un nivell i el seg\u00fcent &#8211; i la transici\u00f3 &#8211; o canvi d\u2019etapa, d\u2019instituci\u00f3 educativa o pas al m\u00f3n laboral &#8211; s\u00f3n moments en qu\u00e8&nbsp;es materialitzen canvis en la composici\u00f3 de grups, variacions en les estrat\u00e8gies metodol\u00f2giques, en les din\u00e0miques i en els sabers o continguts. Conv\u00e9 preparar l\u2019acompanyament de l\u2019alumnat perqu\u00e8 la transici\u00f3 sigui el m\u00e9s exitosa possible. Des d\u2019aquest punt de vista processual, el trasp\u00e0s i la transici\u00f3 formen part de la darrera fase del proc\u00e9s orientador, si b\u00e9 cal anticipar les accions que hi estan relacionades&nbsp; molt abans i entendre-les com el resultat de la feina feta durant tot el cicle que s\u2019acaba (sigui un curs, un cicle o una etapa).&nbsp;&nbsp;&nbsp;<\/p>\n<\/div>\n<\/div>\n<\/div><\/div><\/div><\/div><\/div>\n\n\n\n<div style=\"height:100px\" aria-hidden=\"true\" class=\"wp-block-spacer\"><\/div>\n\n\n\n<h2 class=\"wp-block-heading has-text-align-center\">\u00daltims continguts sobre Orientaci\u00f3<\/h2>\n\n\n\n<p class=\"has-text-align-center\"><\/p>\n\n\n\n<div class=\"wp-block-group is-layout-constrained wp-block-group-is-layout-constrained\"><div class=\"blog ajax-grid ast-row\">\t\t\t<article class=\"post type-post status-publish format-link has-post-thumbnail hentry ast-grid-common-col ast-full-width ast-article-post remove-featured-img-padding ast-width-md-4 ast-archive-post ast-separate-posts\" itemtype=\"https:\/\/schema.org\/CreativeWork\" itemscope=\"itemscope\">\r\n\t\t\t\t<div class=\"ast-post-format-standard ast-article-inner ast-no-date-box\">\r\n\t\t\t<div class=\"post-content\">\r\n\t\t\t\t<div class=\"post-thumb ast-blog-single-element\"><div class=\"post-thumb-img-content post-thumb\"><a href=\"https:\/\/projectes.xtec.cat\/alumnat\/campanya-talent-agencia-de-ciberseguretat-de-catalunya\/\">\r\n\t\t\t\t\t<img loading=\"lazy\" decoding=\"async\" width=\"1432\" height=\"1076\" src=\"https:\/\/projectes.xtec.cat\/alumnat\/wp-content\/uploads\/usu2327\/2026\/03\/Frame-912.png\" class=\"attachment-post-thumbnail size-post-thumbnail wp-post-image\" alt=\"\" srcset=\"https:\/\/projectes.xtec.cat\/alumnat\/wp-content\/uploads\/usu2327\/2026\/03\/Frame-912.png 1432w, https:\/\/projectes.xtec.cat\/alumnat\/wp-content\/uploads\/usu2327\/2026\/03\/Frame-912-300x225.png 300w, https:\/\/projectes.xtec.cat\/alumnat\/wp-content\/uploads\/usu2327\/2026\/03\/Frame-912-1024x769.png 1024w, https:\/\/projectes.xtec.cat\/alumnat\/wp-content\/uploads\/usu2327\/2026\/03\/Frame-912-768x577.png 768w\" sizes=\"auto, (max-width: 1432px) 100vw, 1432px\" \/>\t\t\t\t\t<\/a><\/div><\/div><h2 class=\"entry-title ast-blog-single-element\" itemprop=\"headline\"><a href=\"https:\/\/projectes.xtec.cat\/alumnat\/campanya-talent-agencia-de-ciberseguretat-de-catalunya\/\" rel=\"bookmark\">Campanya Talent | Ag\u00e8ncia de Ciberseguretat de Catalunya<\/a><\/h2>\t\t\t<div class=\"ast-excerpt-container ast-blog-single-element\">\r\n\t\t\t\t\t\t<p>Des de l&#8217;Ag\u00e8ncia de Ciberseguretat de Catalunya impulsem l&#8217;acci\u00f3 comunicativa de Talent. Una iniciativa per fomentar el desenvolupament del talent en l&#8217;\u00e0mbit de la ciberseguretat a Catalunya que es troba en constant creixement i, que en els pr\u00f2xims anys, necessitar\u00e0 [&hellip;]<\/p>\n\t\t\t\t\t<\/div>\r\n\t\t\t\t\t<div class=\"entry-meta\"><span class=\"post-categories\"><a href=\"https:\/\/projectes.xtec.cat\/alumnat\/categoria\/orientacio\/ambits-de-lorientacio\/\"> \u00c0mbits de l'orientaci\u00f3 <\/a><a href=\"https:\/\/projectes.xtec.cat\/alumnat\/categoria\/general\/\"> General <\/a><a href=\"https:\/\/projectes.xtec.cat\/alumnat\/categoria\/orientacio\/\"> Orientaci\u00f3 <\/a><a href=\"https:\/\/projectes.xtec.cat\/alumnat\/categoria\/orientacio\/ambits-de-lorientacio\/orientacio-professional\/\"> Orientaci\u00f3 Professional <\/a><\/span><span class=\"post-rols\"><a href=\"https:\/\/projectes.xtec.cat\/alumnat\/rol\/orientador\/\"> Orientador\/a <\/a><\/span><span class=\"post-etapes\"><a href=\"https:\/\/projectes.xtec.cat\/alumnat\/etapa\/adults\/\"> Adults <\/a><a href=\"https:\/\/projectes.xtec.cat\/alumnat\/etapa\/batxillerat\/\"> Batxillerat <\/a><a href=\"https:\/\/projectes.xtec.cat\/alumnat\/etapa\/fp\/\"> FP <\/a><a href=\"https:\/\/projectes.xtec.cat\/alumnat\/etapa\/secundaria\/\"> Secund\u00e0ria <\/a><\/span><\/div><p class=\"ast-blog-single-element ast-read-more-container read-more\"> <a class=\"ast-button\" href=\"https:\/\/projectes.xtec.cat\/alumnat\/campanya-talent-agencia-de-ciberseguretat-de-catalunya\/\"> <span class=\"screen-reader-text\">Campanya Talent | Ag\u00e8ncia de Ciberseguretat de Catalunya<\/span> Llegir m\u00e9s<\/a><\/p>\t\t\t\t\t<!-- .entry-content .clear -->\r\n\t\t\t<\/div><!-- .post-content -->\r\n\t\t<\/div> <!-- .blog-layout-1 -->\r\n\t\t\t<\/article>\r\n\t\t\t\t\t\t<article class=\"post type-post status-publish format-link has-post-thumbnail hentry ast-grid-common-col ast-full-width ast-article-post remove-featured-img-padding ast-width-md-4 ast-archive-post ast-separate-posts\" itemtype=\"https:\/\/schema.org\/CreativeWork\" itemscope=\"itemscope\">\r\n\t\t\t\t<div class=\"ast-post-format-standard ast-article-inner ast-no-date-box\">\r\n\t\t\t<div class=\"post-content\">\r\n\t\t\t\t<div class=\"post-thumb ast-blog-single-element\"><div class=\"post-thumb-img-content post-thumb\"><a href=\"https:\/\/projectes.xtec.cat\/alumnat\/guia-dacompanyament-en-el-sistema-fpcat-suport-per-a-lorientacio-professional\/\">\r\n\t\t\t\t\t<img loading=\"lazy\" decoding=\"async\" width=\"1200\" height=\"1143\" src=\"https:\/\/projectes.xtec.cat\/alumnat\/wp-content\/uploads\/usu2327\/2025\/06\/Sistema-FPCAT.png\" class=\"attachment-post-thumbnail size-post-thumbnail wp-post-image\" alt=\"\" srcset=\"https:\/\/projectes.xtec.cat\/alumnat\/wp-content\/uploads\/usu2327\/2025\/06\/Sistema-FPCAT.png 1200w, https:\/\/projectes.xtec.cat\/alumnat\/wp-content\/uploads\/usu2327\/2025\/06\/Sistema-FPCAT-300x286.png 300w, https:\/\/projectes.xtec.cat\/alumnat\/wp-content\/uploads\/usu2327\/2025\/06\/Sistema-FPCAT-1024x975.png 1024w, https:\/\/projectes.xtec.cat\/alumnat\/wp-content\/uploads\/usu2327\/2025\/06\/Sistema-FPCAT-768x732.png 768w\" sizes=\"auto, (max-width: 1200px) 100vw, 1200px\" \/>\t\t\t\t\t<\/a><\/div><\/div><h2 class=\"entry-title ast-blog-single-element\" itemprop=\"headline\"><a href=\"https:\/\/projectes.xtec.cat\/alumnat\/guia-dacompanyament-en-el-sistema-fpcat-suport-per-a-lorientacio-professional\/\" rel=\"bookmark\">Guia\u00a0d\u2019acompanyament\u00a0en\u00a0el\u00a0Sistema\u00a0FPCAT -Suport\u00a0per\u00a0a\u00a0l\u2019orientaci\u00f3\u00a0professional<\/a><\/h2>\t\t\t<div class=\"ast-excerpt-container ast-blog-single-element\">\r\n\t\t\t\t\t\t<p>En&nbsp;aquesta ocasi\u00f3 us volem recomanar una lectura aprofundida d\u2019una guia concebuda per a acompanyar els i les joves estudiants en la construcci\u00f3 del seu propi itinerari professional, lligat als seus interessos personals i a les demandes del mercat. En concert,&nbsp;la [&hellip;]<\/p>\n\t\t\t\t\t<\/div>\r\n\t\t\t\t\t<div class=\"entry-meta\"><span class=\"post-categories\"><a href=\"https:\/\/projectes.xtec.cat\/alumnat\/categoria\/orientacio\/ambits-de-lorientacio\/\"> \u00c0mbits de l'orientaci\u00f3 <\/a><a href=\"https:\/\/projectes.xtec.cat\/alumnat\/categoria\/general\/\"> General <\/a><a href=\"https:\/\/projectes.xtec.cat\/alumnat\/categoria\/orientacio\/\"> Orientaci\u00f3 <\/a><a href=\"https:\/\/projectes.xtec.cat\/alumnat\/categoria\/orientacio\/ambits-de-lorientacio\/orientacio-professional\/\"> Orientaci\u00f3 Professional <\/a><\/span><span class=\"post-rols\"><a href=\"https:\/\/projectes.xtec.cat\/alumnat\/rol\/docent\/\"> Docent <\/a><a href=\"https:\/\/projectes.xtec.cat\/alumnat\/rol\/orientador\/\"> Orientador\/a <\/a><a href=\"https:\/\/projectes.xtec.cat\/alumnat\/rol\/tutor\/\"> Tutor\/a <\/a><\/span><span class=\"post-etapes\"><a href=\"https:\/\/projectes.xtec.cat\/alumnat\/etapa\/adults\/\"> Adults <\/a><a href=\"https:\/\/projectes.xtec.cat\/alumnat\/etapa\/batxillerat\/\"> Batxillerat <\/a><a href=\"https:\/\/projectes.xtec.cat\/alumnat\/etapa\/fp\/\"> FP <\/a><a href=\"https:\/\/projectes.xtec.cat\/alumnat\/etapa\/secundaria\/\"> Secund\u00e0ria <\/a><\/span><\/div><p class=\"ast-blog-single-element ast-read-more-container read-more\"> <a class=\"ast-button\" href=\"https:\/\/projectes.xtec.cat\/alumnat\/guia-dacompanyament-en-el-sistema-fpcat-suport-per-a-lorientacio-professional\/\"> <span class=\"screen-reader-text\">Guia\u00a0d\u2019acompanyament\u00a0en\u00a0el\u00a0Sistema\u00a0FPCAT -Suport\u00a0per\u00a0a\u00a0l\u2019orientaci\u00f3\u00a0professional<\/span> Llegir m\u00e9s<\/a><\/p>\t\t\t\t\t<!-- .entry-content .clear -->\r\n\t\t\t<\/div><!-- .post-content -->\r\n\t\t<\/div> <!-- .blog-layout-1 -->\r\n\t\t\t<\/article>\r\n\t\t\t\t\t\t<article class=\"post type-post status-publish format-link has-post-thumbnail hentry ast-grid-common-col ast-full-width ast-article-post remove-featured-img-padding ast-width-md-4 ast-archive-post ast-separate-posts\" itemtype=\"https:\/\/schema.org\/CreativeWork\" itemscope=\"itemscope\">\r\n\t\t\t\t<div class=\"ast-post-format-standard ast-article-inner ast-no-date-box\">\r\n\t\t\t<div class=\"post-content\">\r\n\t\t\t\t<div class=\"post-thumb ast-blog-single-element\"><div class=\"post-thumb-img-content post-thumb\"><a href=\"https:\/\/projectes.xtec.cat\/alumnat\/al-teu-centre-projecte-escoltam\/\">\r\n\t\t\t\t\t<img loading=\"lazy\" decoding=\"async\" width=\"1200\" height=\"800\" src=\"https:\/\/projectes.xtec.cat\/alumnat\/wp-content\/uploads\/usu2327\/2025\/05\/Projecte-Escoltam.jpg\" class=\"attachment-post-thumbnail size-post-thumbnail wp-post-image\" alt=\"\" srcset=\"https:\/\/projectes.xtec.cat\/alumnat\/wp-content\/uploads\/usu2327\/2025\/05\/Projecte-Escoltam.jpg 1200w, https:\/\/projectes.xtec.cat\/alumnat\/wp-content\/uploads\/usu2327\/2025\/05\/Projecte-Escoltam-300x200.jpg 300w, https:\/\/projectes.xtec.cat\/alumnat\/wp-content\/uploads\/usu2327\/2025\/05\/Projecte-Escoltam-1024x683.jpg 1024w, https:\/\/projectes.xtec.cat\/alumnat\/wp-content\/uploads\/usu2327\/2025\/05\/Projecte-Escoltam-768x512.jpg 768w\" sizes=\"auto, (max-width: 1200px) 100vw, 1200px\" \/>\t\t\t\t\t<\/a><\/div><\/div><h2 class=\"entry-title ast-blog-single-element\" itemprop=\"headline\"><a href=\"https:\/\/projectes.xtec.cat\/alumnat\/al-teu-centre-projecte-escoltam\/\" rel=\"bookmark\">Al teu centre, projecte Escolta\u2019m!\u202f\u00a0<\/a><\/h2>\t\t\t<div class=\"ast-excerpt-container ast-blog-single-element\">\r\n\t\t\t\t\t\t<p>La Subdirecci\u00f3 General d\u2019Orientaci\u00f3, Participaci\u00f3 i Benestar de l\u2019Alumnat fa una crida als centres educatius a implementar el Projecte Escolta\u2019m: tutoria personalitzada, adre\u00e7at a l\u2019alumnat de prim\u00e0ria i secund\u00e0ria.\u00a0 El projecte &#8220;Escolta\u2019m&#8221; dirigit als docents dels centres educatius, promou espais [&hellip;]<\/p>\n\t\t\t\t\t<\/div>\r\n\t\t\t\t\t<div class=\"entry-meta\"><span class=\"post-categories\"><a href=\"https:\/\/projectes.xtec.cat\/alumnat\/categoria\/orientacio\/ambits-de-lorientacio\/\"> \u00c0mbits de l'orientaci\u00f3 <\/a><a href=\"https:\/\/projectes.xtec.cat\/alumnat\/categoria\/general\/\"> General <\/a><a href=\"https:\/\/projectes.xtec.cat\/alumnat\/categoria\/orientacio\/\"> Orientaci\u00f3 <\/a><a href=\"https:\/\/projectes.xtec.cat\/alumnat\/categoria\/orientacio\/ambits-de-lorientacio\/orientacio-personal\/\"> Orientaci\u00f3 Personal <\/a><a href=\"https:\/\/projectes.xtec.cat\/alumnat\/categoria\/orientacio\/ambits-de-lorientacio\/orientacio-social\/\"> Orientaci\u00f3 Social <\/a><\/span><span class=\"post-rols\"><a href=\"https:\/\/projectes.xtec.cat\/alumnat\/rol\/coordinador\/\"> Coordinador\/a CoCoBe <\/a><a href=\"https:\/\/projectes.xtec.cat\/alumnat\/rol\/docent\/\"> Docent <\/a><a href=\"https:\/\/projectes.xtec.cat\/alumnat\/rol\/equip-directiu\/\"> Equip directiu <\/a><a href=\"https:\/\/projectes.xtec.cat\/alumnat\/rol\/orientador\/\"> Orientador\/a <\/a><a href=\"https:\/\/projectes.xtec.cat\/alumnat\/rol\/tutor\/\"> Tutor\/a <\/a><\/span><span class=\"post-etapes\"><a href=\"https:\/\/projectes.xtec.cat\/alumnat\/etapa\/primaria\/\"> Prim\u00e0ria <\/a><a href=\"https:\/\/projectes.xtec.cat\/alumnat\/etapa\/secundaria\/\"> Secund\u00e0ria <\/a><\/span><\/div><p class=\"ast-blog-single-element ast-read-more-container read-more\"> <a class=\"ast-button\" href=\"https:\/\/projectes.xtec.cat\/alumnat\/al-teu-centre-projecte-escoltam\/\"> <span class=\"screen-reader-text\">Al teu centre, projecte Escolta\u2019m!\u202f\u00a0<\/span> Llegir m\u00e9s<\/a><\/p>\t\t\t\t\t<!-- .entry-content .clear -->\r\n\t\t\t<\/div><!-- .post-content -->\r\n\t\t<\/div> <!-- .blog-layout-1 -->\r\n\t\t\t<\/article>\r\n\t\t\t<\/div>\n<\/div>\n\n\n\n<div style=\"height:25px\" aria-hidden=\"true\" class=\"wp-block-spacer\"><\/div>\n\n\n\n<div style=\"height:50px\" aria-hidden=\"true\" class=\"wp-block-spacer\"><\/div>\n\n\n\n<div class=\"wp-block-columns is-layout-flex wp-container-core-columns-is-layout-12 wp-block-columns-is-layout-flex\">\n<div class=\"wp-block-column is-layout-flow wp-block-column-is-layout-flow\"><\/div>\n\n\n\n<div class=\"wp-block-column is-layout-flow wp-block-column-is-layout-flow\" style=\"flex-basis:60%\">\n<div class=\"wp-block-buttons is-layout-flex wp-block-buttons-is-layout-flex\">\n<div class=\"wp-block-button has-custom-width wp-block-button__width-100\"><a class=\"wp-block-button__link wp-element-button\" href=\"https:\/\/projectes.xtec.cat\/alumnat\/categoria\/orientacio\/\">Veure tots els articles d&#8217;orientaci\u00f3<\/a><\/div>\n<\/div>\n<\/div>\n\n\n\n<div class=\"wp-block-column is-layout-flow wp-block-column-is-layout-flow\"><\/div>\n<\/div>\n\n\n\n<div style=\"height:100px\" aria-hidden=\"true\" class=\"wp-block-spacer\"><\/div>\n\n\n\n<div class=\"wp-block-group alignwide box-radius has-ast-global-color-8-background-color has-background\"><div class=\"wp-block-group__inner-container is-layout-flow wp-block-group-is-layout-flow\">\n<div style=\"height:50px\" aria-hidden=\"true\" class=\"wp-block-spacer\"><\/div>\n\n\n\n<div class=\"wp-block-columns alignfull are-vertically-aligned-center is-layout-flex wp-container-core-columns-is-layout-13 wp-block-columns-is-layout-flex\">\n<div class=\"wp-block-column is-vertically-aligned-center banner-col is-layout-flow wp-block-column-is-layout-flow\" style=\"flex-basis:40%\">\n<h2 class=\"has-text-color wp-block-heading\" style=\"color:#ffffff\">Troba tot el contingut que necessites<\/h2>\n<\/div>\n\n\n\n<div class=\"wp-block-column is-vertically-aligned-center banner-col is-layout-flow wp-block-column-is-layout-flow\" style=\"flex-basis:40%\">\n<p class=\"has-text-color\" style=\"color:#d7d7d7\">Aqu\u00ed pots accedir al cat\u00e0leg complert de continguts de la Direcci\u00f3 General de l&#8217;Alumnat organitzat per a que puguis trobar f\u00e0cilment all\u00f3 que estas cercant.<\/p>\n<\/div>\n\n\n\n<div class=\"wp-block-column is-vertically-aligned-center banner-col is-layout-flow wp-block-column-is-layout-flow\" style=\"flex-basis:20%\">\n<div class=\"wp-block-buttons alignfull is-content-justification-center is-layout-flex wp-block-buttons-is-layout-flex\">\n<div class=\"wp-block-button is-style-outline is-style-outline--4\"><a class=\"wp-block-button__link has-ast-global-color-4-color has-text-color\" href=\"https:\/\/projectes.xtec.cat\/alumnat\/articles\/\">Veure articles<\/a><\/div>\n<\/div>\n<\/div>\n<\/div>\n\n\n\n<div style=\"height:25px\" aria-hidden=\"true\" class=\"wp-block-spacer\"><\/div>\n<\/div><\/div>\n\n\n\n<div style=\"height:100px\" aria-hidden=\"true\" class=\"wp-block-spacer\"><\/div>\n","protected":false},"excerpt":{"rendered":"<p>L\u2019Orientaci\u00f3 \u00e9s un proc\u00e9s continuat d\u2019acompanyament i suport a l\u2019alumnat durant el seu desenvolupament formatiu, en el context de l\u2019educaci\u00f3 formal per\u00f2 tamb\u00e9 en els contextos socials, comunitaris i laborals, que ha de permetre desenvolupar un itinerari personal (social, acad\u00e8mic, [&hellip;]<\/p>\n","protected":false},"author":3,"featured_media":10652,"parent":0,"menu_order":0,"comment_status":"closed","ping_status":"close","template":"","meta":{"site-sidebar-layout":"no-sidebar","site-content-layout":"default","ast-site-content-layout":"default","site-content-style":"default","site-sidebar-style":"default","ast-global-header-display":"","ast-banner-title-visibility":"","ast-main-header-display":"","ast-hfb-above-header-display":"","ast-hfb-below-header-display":"","ast-hfb-mobile-header-display":"","site-post-title":"","ast-breadcrumbs-content":"","ast-featured-img":"","footer-sml-layout":"","theme-transparent-header-meta":"","adv-header-id-meta":"","stick-header-meta":"","header-above-stick-meta":"","header-main-stick-meta":"","header-below-stick-meta":"","astra-migrate-meta-layouts":"set","ast-page-background-enabled":"default","ast-page-background-meta":{"desktop":{"background-color":"var(--ast-global-color-4)","background-image":"","background-repeat":"repeat","background-position":"center center","background-size":"auto","background-attachment":"scroll","background-type":"","background-media":"","overlay-type":"","overlay-color":"","overlay-opacity":"","overlay-gradient":""},"tablet":{"background-color":"","background-image":"","background-repeat":"repeat","background-position":"center center","background-size":"auto","background-attachment":"scroll","background-type":"","background-media":"","overlay-type":"","overlay-color":"","overlay-opacity":"","overlay-gradient":""},"mobile":{"background-color":"","background-image":"","background-repeat":"repeat","background-position":"center center","background-size":"auto","background-attachment":"scroll","background-type":"","background-media":"","overlay-type":"","overlay-color":"","overlay-opacity":"","overlay-gradient":""}},"ast-content-background-meta":{"desktop":{"background-color":"var(--ast-global-color-5)","background-image":"","background-repeat":"repeat","background-position":"center center","background-size":"auto","background-attachment":"scroll","background-type":"","background-media":"","overlay-type":"","overlay-color":"","overlay-opacity":"","overlay-gradient":""},"tablet":{"background-color":"var(--ast-global-color-5)","background-image":"","background-repeat":"repeat","background-position":"center center","background-size":"auto","background-attachment":"scroll","background-type":"","background-media":"","overlay-type":"","overlay-color":"","overlay-opacity":"","overlay-gradient":""},"mobile":{"background-color":"var(--ast-global-color-5)","background-image":"","background-repeat":"repeat","background-position":"center center","background-size":"auto","background-attachment":"scroll","background-type":"","background-media":"","overlay-type":"","overlay-color":"","overlay-opacity":"","overlay-gradient":""}},"footnotes":""},"class_list":["post-8391","page","type-page","status-publish","has-post-thumbnail","hentry"],"post_mailing_queue_ids":[],"_links":{"self":[{"href":"https:\/\/projectes.xtec.cat\/alumnat\/wp-json\/wp\/v2\/pages\/8391","targetHints":{"allow":["GET"]}}],"collection":[{"href":"https:\/\/projectes.xtec.cat\/alumnat\/wp-json\/wp\/v2\/pages"}],"about":[{"href":"https:\/\/projectes.xtec.cat\/alumnat\/wp-json\/wp\/v2\/types\/page"}],"author":[{"embeddable":true,"href":"https:\/\/projectes.xtec.cat\/alumnat\/wp-json\/wp\/v2\/users\/3"}],"replies":[{"embeddable":true,"href":"https:\/\/projectes.xtec.cat\/alumnat\/wp-json\/wp\/v2\/comments?post=8391"}],"version-history":[{"count":6,"href":"https:\/\/projectes.xtec.cat\/alumnat\/wp-json\/wp\/v2\/pages\/8391\/revisions"}],"predecessor-version":[{"id":11110,"href":"https:\/\/projectes.xtec.cat\/alumnat\/wp-json\/wp\/v2\/pages\/8391\/revisions\/11110"}],"wp:featuredmedia":[{"embeddable":true,"href":"https:\/\/projectes.xtec.cat\/alumnat\/wp-json\/wp\/v2\/media\/10652"}],"wp:attachment":[{"href":"https:\/\/projectes.xtec.cat\/alumnat\/wp-json\/wp\/v2\/media?parent=8391"}],"curies":[{"name":"wp","href":"https:\/\/api.w.org\/{rel}","templated":true}]}}