{"id":8903,"date":"2025-07-22T10:25:24","date_gmt":"2025-07-22T08:25:24","guid":{"rendered":"https:\/\/projectes.xtec.cat\/aula-acollida\/?page_id=8903"},"modified":"2025-11-19T15:26:19","modified_gmt":"2025-11-19T14:26:19","slug":"eix-5-estats-fisics-i-animics-duna-persona-com-em-sento","status":"publish","type":"page","link":"https:\/\/projectes.xtec.cat\/aula-acollida\/eixos-programacio\/eix-5-estats-fisics-i-animics-duna-persona-com-em-sento\/","title":{"rendered":"Eix 5: Estats f\u00edsics i an\u00edmics d&#8217;una persona. Com em sento?"},"content":{"rendered":"\n<div class=\"wp-block-group wp-embed-aspect-16-9 wp-has-aspect-ratio is-layout-constrained wp-block-group-is-layout-constrained\" style=\"margin-top:0;margin-right:0;margin-bottom:0;margin-left:0\">\n<div class=\"wp-block-getwid-advanced-heading\"><span class=\"wp-block-getwid-advanced-heading__content has-text-color has-white-color has-background has-ast-global-color-0-background-color\" style=\"text-align:left\"><strong>Vincles<\/strong> 3. Unitats 3 i 4  &#8211; Tinc mal de cap \/ M&#8217;avorreixo<\/span><\/div>\n\n\n\n<div class=\"wp-block-media-text is-stacked-on-mobile\" style=\"margin-top:var(--wp--preset--spacing--30);margin-bottom:var(--wp--preset--spacing--30);grid-template-columns:16% auto\"><figure class=\"wp-block-media-text__media\"><a href=\"https:\/\/projectes.xtec.cat\/acollidasuport\/vincles\/\" target=\"_blank\" rel=\" noreferrer noopener\"><img loading=\"lazy\" decoding=\"async\" width=\"552\" height=\"778\" src=\"https:\/\/projectes.xtec.cat\/aula-acollida\/wp-content\/uploads\/usu59\/2025\/09\/vincles-3-portada.png\" alt=\"\" class=\"wp-image-9663 size-full\" srcset=\"https:\/\/projectes.xtec.cat\/aula-acollida\/wp-content\/uploads\/usu59\/2025\/09\/vincles-3-portada.png 552w, https:\/\/projectes.xtec.cat\/aula-acollida\/wp-content\/uploads\/usu59\/2025\/09\/vincles-3-portada-213x300.png 213w\" sizes=\"auto, (max-width: 552px) 100vw, 552px\" \/><\/a><\/figure><div class=\"wp-block-media-text__content\">\n<details class=\"wp-block-details has-ast-global-color-0-color has-text-color has-link-color has-medium-font-size wp-elements-705cd955d7574bd321db6f7e6f5d7131 is-layout-flow wp-block-details-is-layout-flow\"><summary>Descripci\u00f3<\/summary>\n<p class=\"has-black-color has-text-color has-link-color has-small-font-size wp-elements-f1cca5a0b4a2a2679d98c9999df70c61\">En aquest espai <strong><a href=\"https:\/\/projectes.xtec.cat\/acollidasuport\/vincles\/\" target=\"_blank\" rel=\"noreferrer noopener\">Nodes <\/a><\/strong>trobareu tots els materials de Vincles:<strong> <a href=\"https:\/\/repositori.educacio.gencat.cat\/handle\/20.500.12694\/3052#page=1\" target=\"_blank\" rel=\"noreferrer noopener\">llibre de l\u2019alumne<\/a><\/strong>,<strong> <a href=\"https:\/\/repositori.educacio.gencat.cat\/handle\/20.500.12694\/3066#page=2\" target=\"_blank\" rel=\"noreferrer noopener\">quaderns d\u2019exercicis<\/a><\/strong>, <a href=\"https:\/\/repositori.educacio.gencat.cat\/handle\/20.500.12694\/3067#page=1\" target=\"_blank\" rel=\"noreferrer noopener\"><strong>vincles guia did\u00e0ctica<\/strong><\/a>, <strong><a href=\"https:\/\/www.edu365.cat\/flash\/vincles\/vincles3\/index.html\" target=\"_blank\" rel=\"noreferrer noopener\">interactiu<\/a><\/strong> i tamb\u00e9 els arxius sonors que s\u2019utilitzen a cada exercici.<\/p>\n\n\n\n<p><\/p>\n<\/details>\n\n\n\n<details class=\"wp-block-details has-ast-global-color-0-color has-text-color has-link-color has-medium-font-size wp-elements-ed077ff0664c96f7176c4aeea87d7b35 is-layout-flow wp-block-details-is-layout-flow\"><summary>Habilitat ling\u00fc\u00edstica \/ Nivell MECR \/ Etapa educativa<\/summary>\n<p class=\"has-black-color has-text-color has-link-color has-small-font-size wp-elements-5b9fca760b51cbbcb1cb821995ab0e4c\">Comprensi\u00f3 Oral &#8211; Expressi\u00f3 Oral &#8211; Comprensi\u00f3 Escrita &#8211; Expressi\u00f3 Escrita<\/p>\n\n\n\n<p class=\"has-black-color has-text-color has-link-color has-small-font-size wp-elements-4ac454206a41b87f732a1a18e8c5947a\">Nivell A1<\/p>\n\n\n\n<p class=\"has-black-color has-text-color has-link-color has-small-font-size wp-elements-4b76d808cb1df8758cb5ff1ea34c1c23\">Prim\u00e0ria i Secund\u00e0ria<\/p>\n\n\n\n<p><\/p>\n<\/details>\n\n\n\n<div class=\"wp-block-columns is-layout-flex wp-container-core-columns-is-layout-1 wp-block-columns-is-layout-flex\">\n<div class=\"wp-block-column is-layout-flow wp-block-column-is-layout-flow\">\n<div class=\"wp-block-getwid-icon-box has-icon-left has-text-center\"><div class=\"wp-block-getwid-icon-box__icon-container is-position-top\"><div class=\"wp-block-getwid-icon-box__icon-wrapper has-text-color has-ast-global-color-0-color\" style=\"font-size:30px\"><i class=\"fas fa-print\"><\/i><\/div><\/div><div class=\"wp-block-getwid-icon-box__content\">\n<h3 class=\"wp-block-heading has-small-font-size\"><\/h3>\n\n\n\n<p><\/p>\n<\/div><\/div>\n<\/div>\n\n\n\n<div class=\"wp-block-column is-layout-flow wp-block-column-is-layout-flow\">\n<div class=\"wp-block-getwid-icon-box has-icon-left has-text-center\"><div class=\"wp-block-getwid-icon-box__icon-container is-position-top\"><div class=\"wp-block-getwid-icon-box__icon-wrapper has-text-color has-ast-global-color-0-color\" style=\"font-size:30px\"><i class=\"fas fa-file-audio\"><\/i><\/div><\/div><div class=\"wp-block-getwid-icon-box__content\">\n<h3 class=\"wp-block-heading has-small-font-size\"><\/h3>\n\n\n\n<p><\/p>\n<\/div><\/div>\n<\/div>\n\n\n\n<div class=\"wp-block-column is-layout-flow wp-block-column-is-layout-flow\">\n<div class=\"wp-block-getwid-icon-box has-icon-left has-text-center\"><div class=\"wp-block-getwid-icon-box__icon-container is-position-top\"><div class=\"wp-block-getwid-icon-box__icon-wrapper has-text-color has-ast-global-color-0-color\" style=\"font-size:30px\"><i class=\"fas fa-file-pdf\"><\/i><\/div><\/div><div class=\"wp-block-getwid-icon-box__content\">\n<h3 class=\"wp-block-heading has-small-font-size\"><\/h3>\n\n\n\n<p><\/p>\n<\/div><\/div>\n<\/div>\n<\/div>\n<\/div><\/div>\n<\/div>\n\n\n\n<div class=\"wp-block-group is-layout-constrained wp-block-group-is-layout-constrained\">\n<div class=\"wp-block-getwid-advanced-heading\"><span class=\"wp-block-getwid-advanced-heading__content has-text-color has-white-color has-background has-ast-global-color-0-background-color\" style=\"text-align:left\"><strong>Comencem.<\/strong> El cos<\/span><\/div>\n\n\n\n<div class=\"wp-block-media-text is-stacked-on-mobile\" style=\"margin-top:var(--wp--preset--spacing--30);margin-bottom:var(--wp--preset--spacing--30);grid-template-columns:18% auto\"><figure class=\"wp-block-media-text__media\"><a href=\"https:\/\/projectes.xtec.cat\/aula-acollida\/wp-content\/uploads\/usu59\/2025\/11\/Comencem-El_cos.pdf\" target=\"_blank\" rel=\" noreferrer noopener\"><img loading=\"lazy\" decoding=\"async\" width=\"744\" height=\"457\" src=\"https:\/\/projectes.xtec.cat\/aula-acollida\/wp-content\/uploads\/usu59\/2025\/11\/Comencem-el-cos.png\" alt=\"\" class=\"wp-image-10224 size-full\" srcset=\"https:\/\/projectes.xtec.cat\/aula-acollida\/wp-content\/uploads\/usu59\/2025\/11\/Comencem-el-cos.png 744w, https:\/\/projectes.xtec.cat\/aula-acollida\/wp-content\/uploads\/usu59\/2025\/11\/Comencem-el-cos-300x184.png 300w\" sizes=\"auto, (max-width: 744px) 100vw, 744px\" \/><\/a><\/figure><div class=\"wp-block-media-text__content\">\n<details class=\"wp-block-details has-ast-global-color-0-color has-text-color has-link-color has-medium-font-size wp-elements-584ba81371a588f629720d5e77471857 is-layout-flow wp-block-details-is-layout-flow\"><summary>Descripci\u00f3<\/summary>\n<p class=\"has-black-color has-text-color has-link-color has-small-font-size wp-elements-0ab3b2f5ad5c6ebc227df360f0f42294\"><em>Comencem <\/em>\u00e9s un material que ofereix un conjunt d\u2019activitats i propostes did\u00e0ctiques per facilitar l\u2019aprenentatge de la llengua catalana a l\u2019alumnat nouvingut que s\u2019acaba d\u2019incorporar al nostre sistema educatiu. En la<strong> <a href=\"https:\/\/projectes.xtec.cat\/aula-acollida\/wp-content\/uploads\/usu59\/2025\/11\/Comencem-El_cos.pdf\" target=\"_blank\" rel=\"noreferrer noopener\">unitat 3<\/a><\/strong> del <em>Comencem <\/em>es treballa el l\u00e8xic del cos. A la <strong><a href=\"https:\/\/projectes.xtec.cat\/aula-acollida\/wp-content\/uploads\/usu59\/2025\/07\/Comencem-La-familia-guia-didactica.pdf\" target=\"_blank\" rel=\"noreferrer noopener\">guia did\u00e0ctica<\/a><\/strong> trobareu les indicacions necess\u00e0ries per utilitzar el recurs a l&#8217;aula.<\/p>\n\n\n\n<p><\/p>\n\n\n\n<p class=\"has-black-color has-text-color has-link-color has-small-font-size wp-elements-c4df2cb1d8120f5764d7a15122b85783\"><\/p>\n\n\n\n<p><\/p>\n<\/details>\n\n\n\n<details class=\"wp-block-details has-ast-global-color-0-color has-text-color has-link-color has-medium-font-size wp-elements-1eef558505fbb1a93088c120e42e56de is-layout-flow wp-block-details-is-layout-flow\"><summary>Habilitat ling\u00fc\u00edstica \/ Nivell MECR \/ Etapa educativa<\/summary>\n<p class=\"has-black-color has-text-color has-link-color has-small-font-size wp-elements-a82f4a3e1778615036f3f23ca5bef429\">Expressi\u00f3 Escrita &#8211; Comprensi\u00f3 Escrita<\/p>\n\n\n\n<p class=\"has-black-color has-text-color has-link-color has-small-font-size wp-elements-4ac454206a41b87f732a1a18e8c5947a\">Nivell A1<\/p>\n\n\n\n<p class=\"has-black-color has-text-color has-link-color has-small-font-size wp-elements-4b76d808cb1df8758cb5ff1ea34c1c23\">Prim\u00e0ria i Secund\u00e0ria<\/p>\n\n\n\n<p><\/p>\n<\/details>\n\n\n\n<div class=\"wp-block-columns is-layout-flex wp-container-core-columns-is-layout-2 wp-block-columns-is-layout-flex\">\n<div class=\"wp-block-column is-layout-flow wp-block-column-is-layout-flow\">\n<div class=\"wp-block-getwid-icon-box has-icon-left has-text-center\"><div class=\"wp-block-getwid-icon-box__icon-container is-position-top\"><div class=\"wp-block-getwid-icon-box__icon-wrapper has-text-color has-ast-global-color-0-color\" style=\"font-size:30px\"><i class=\"fas fa-file-pdf\"><\/i><\/div><\/div><div class=\"wp-block-getwid-icon-box__content\">\n<h3 class=\"wp-block-heading has-small-font-size\"><\/h3>\n\n\n\n<p><\/p>\n<\/div><\/div>\n<\/div>\n\n\n\n<div class=\"wp-block-column is-layout-flow wp-block-column-is-layout-flow\"><\/div>\n\n\n\n<div class=\"wp-block-column is-layout-flow wp-block-column-is-layout-flow\"><\/div>\n<\/div>\n<\/div><\/div>\n<\/div>\n\n\n\n<div class=\"wp-block-group is-layout-constrained wp-block-group-is-layout-constrained\">\n<div class=\"wp-block-getwid-advanced-heading\"><span class=\"wp-block-getwid-advanced-heading__content has-text-color has-white-color has-background has-ast-global-color-0-background-color\" style=\"text-align:left\"><strong>Enrola&#8217;t<\/strong>.<strong> <\/strong>Com es troba?<\/span><\/div>\n\n\n\n<div class=\"wp-block-media-text is-stacked-on-mobile\" style=\"margin-top:var(--wp--preset--spacing--30);margin-bottom:var(--wp--preset--spacing--30);grid-template-columns:16% auto\"><figure class=\"wp-block-media-text__media\"><a href=\"https:\/\/projectes.xtec.cat\/aula-acollida\/wp-content\/uploads\/usu59\/2025\/07\/enrolat-com-es-troba.pdf\" target=\"_blank\" rel=\" noreferrer noopener\"><img loading=\"lazy\" decoding=\"async\" width=\"1024\" height=\"698\" src=\"https:\/\/projectes.xtec.cat\/aula-acollida\/wp-content\/uploads\/usu59\/2025\/07\/enrolat-com-es-troba-1024x698.png\" alt=\"\" class=\"wp-image-8933 size-full\" srcset=\"https:\/\/projectes.xtec.cat\/aula-acollida\/wp-content\/uploads\/usu59\/2025\/07\/enrolat-com-es-troba-1024x698.png 1024w, https:\/\/projectes.xtec.cat\/aula-acollida\/wp-content\/uploads\/usu59\/2025\/07\/enrolat-com-es-troba-300x205.png 300w, https:\/\/projectes.xtec.cat\/aula-acollida\/wp-content\/uploads\/usu59\/2025\/07\/enrolat-com-es-troba-768x524.png 768w, https:\/\/projectes.xtec.cat\/aula-acollida\/wp-content\/uploads\/usu59\/2025\/07\/enrolat-com-es-troba.png 1198w\" sizes=\"auto, (max-width: 1024px) 100vw, 1024px\" \/><\/a><\/figure><div class=\"wp-block-media-text__content\">\n<details class=\"wp-block-details has-ast-global-color-0-color has-text-color has-link-color has-medium-font-size wp-elements-b52fef8ab82245842fde04b242910a45 is-layout-flow wp-block-details-is-layout-flow\"><summary>Descripci\u00f3<\/summary>\n<p class=\"has-black-color has-text-color has-link-color has-small-font-size wp-elements-24a90890c6878fa02e84af6a840644ec\"><strong><a href=\"https:\/\/projectes.xtec.cat\/aula-acollida\/wp-content\/uploads\/usu59\/2025\/07\/enrolat-com-es-troba.pdf\" target=\"_blank\" rel=\"noreferrer noopener\">Recurs<\/a><\/strong> per treballar la llengua oral a l\u2019escola. Aplega un recull de situacions comunicatives amb la finalitat de fomentar la interacci\u00f3 entre els alumnes. La t\u00e8cnica utilitzada \u00e9s el joc de rol.<\/p>\n\n\n\n<p class=\"has-black-color has-text-color has-link-color has-small-font-size wp-elements-ada7f13a6240206178a7db5683020b7c\">A la <a href=\"https:\/\/projectes.xtec.cat\/aula-acollida\/wp-content\/uploads\/usu59\/2025\/07\/guia-didactica-enrolat.pdf\" target=\"_blank\" rel=\"noreferrer noopener\"><strong>guia did\u00e0ctica<\/strong><\/a> trobareu les indicacions necess\u00e0ries per utilitzar el recurs a l&#8217;aula.<\/p>\n\n\n\n<p><\/p>\n<\/details>\n\n\n\n<details class=\"wp-block-details has-ast-global-color-0-color has-text-color has-link-color has-medium-font-size wp-elements-ccc517a7cb9922706213286e1ca27326 is-layout-flow wp-block-details-is-layout-flow\"><summary>Habilitat ling\u00fc\u00edstica \/ Nivell MECR \/ Etapa educativa<\/summary>\n<p class=\"has-black-color has-text-color has-link-color has-small-font-size wp-elements-09268aeb889e4f50aaceca4d3ddc85bc\">Expressi\u00f3 Oral<\/p>\n\n\n\n<p class=\"has-black-color has-text-color has-link-color has-small-font-size wp-elements-21117348cf96f4d0d167e60de447ddee\">Nivell B1<\/p>\n\n\n\n<p class=\"has-black-color has-text-color has-link-color has-small-font-size wp-elements-4b76d808cb1df8758cb5ff1ea34c1c23\">Prim\u00e0ria i Secund\u00e0ria<\/p>\n\n\n\n<p><\/p>\n<\/details>\n\n\n\n<div class=\"wp-block-columns is-layout-flex wp-container-core-columns-is-layout-3 wp-block-columns-is-layout-flex\">\n<div class=\"wp-block-column is-layout-flow wp-block-column-is-layout-flow\">\n<div class=\"wp-block-getwid-icon-box has-icon-left has-text-center\"><div class=\"wp-block-getwid-icon-box__icon-container is-position-middle\"><div class=\"wp-block-getwid-icon-box__icon-wrapper has-text-color has-ast-global-color-0-color\" style=\"font-size:30px\"><i class=\"fas fa-print\"><\/i><\/div><\/div><div class=\"wp-block-getwid-icon-box__content\">\n<h3 class=\"wp-block-heading has-small-font-size\"><\/h3>\n\n\n\n<p><\/p>\n<\/div><\/div>\n<\/div>\n\n\n\n<div class=\"wp-block-column is-layout-flow wp-block-column-is-layout-flow\">\n<div class=\"wp-block-getwid-icon-box has-icon-left has-text-center\"><div class=\"wp-block-getwid-icon-box__icon-container is-position-middle\"><div class=\"wp-block-getwid-icon-box__icon-wrapper has-text-color has-ast-global-color-0-color\" style=\"font-size:30px\"><i class=\"fas fa-file-pdf\"><\/i><\/div><\/div><div class=\"wp-block-getwid-icon-box__content\">\n<h3 class=\"wp-block-heading has-small-font-size\"><\/h3>\n\n\n\n<p><\/p>\n<\/div><\/div>\n<\/div>\n\n\n\n<div class=\"wp-block-column is-layout-flow wp-block-column-is-layout-flow\"><\/div>\n<\/div>\n<\/div><\/div>\n<\/div>\n\n\n\n<div class=\"wp-block-group is-layout-constrained wp-block-group-is-layout-constrained\">\n<div class=\"wp-block-getwid-advanced-heading\"><span class=\"wp-block-getwid-advanced-heading__content has-text-color has-white-color has-background has-ast-global-color-0-background-color\" style=\"text-align:left\"><strong>Enrola&#8217;t<\/strong>.<strong> <\/strong>Ho sento molt!<\/span><\/div>\n\n\n\n<div class=\"wp-block-media-text is-stacked-on-mobile\" style=\"margin-top:var(--wp--preset--spacing--30);margin-bottom:var(--wp--preset--spacing--30);grid-template-columns:16% auto\"><figure class=\"wp-block-media-text__media\"><a href=\"https:\/\/projectes.xtec.cat\/aula-acollida\/wp-content\/uploads\/usu59\/2025\/07\/enrolat-ho-sento-molt.pdf\" target=\"_blank\" rel=\" noreferrer noopener\"><img loading=\"lazy\" decoding=\"async\" width=\"1024\" height=\"720\" src=\"https:\/\/projectes.xtec.cat\/aula-acollida\/wp-content\/uploads\/usu59\/2025\/07\/enrolat-ho-sento-molt-1024x720.png\" alt=\"\" class=\"wp-image-8791 size-full\" srcset=\"https:\/\/projectes.xtec.cat\/aula-acollida\/wp-content\/uploads\/usu59\/2025\/07\/enrolat-ho-sento-molt-1024x720.png 1024w, https:\/\/projectes.xtec.cat\/aula-acollida\/wp-content\/uploads\/usu59\/2025\/07\/enrolat-ho-sento-molt-300x211.png 300w, https:\/\/projectes.xtec.cat\/aula-acollida\/wp-content\/uploads\/usu59\/2025\/07\/enrolat-ho-sento-molt-768x540.png 768w, https:\/\/projectes.xtec.cat\/aula-acollida\/wp-content\/uploads\/usu59\/2025\/07\/enrolat-ho-sento-molt.png 1225w\" sizes=\"auto, (max-width: 1024px) 100vw, 1024px\" \/><\/a><\/figure><div class=\"wp-block-media-text__content\">\n<details class=\"wp-block-details has-ast-global-color-0-color has-text-color has-link-color has-medium-font-size wp-elements-9a8cf860218ff8b8daed91958795056d is-layout-flow wp-block-details-is-layout-flow\"><summary>Descripci\u00f3<\/summary>\n<p class=\"has-black-color has-text-color has-link-color has-small-font-size wp-elements-82f6ec85b3386bf40e798a03fbac16bc\"><strong><a href=\"https:\/\/projectes.xtec.cat\/aula-acollida\/wp-content\/uploads\/usu59\/2025\/07\/enrolat-ho-sento-molt.pdf\" target=\"_blank\" rel=\"noreferrer noopener\">Recurs<\/a><\/strong> per treballar la llengua oral a l\u2019escola. Aplega un recull de situacions comunicatives amb la finalitat de fomentar la interacci\u00f3 entre els alumnes. La t\u00e8cnica utilitzada \u00e9s el joc de rol. <\/p>\n\n\n\n<p class=\"has-black-color has-text-color has-link-color has-small-font-size wp-elements-b1fb2233b34d8fb4e0f45ce55e55b490\">A la <a href=\"https:\/\/projectes.xtec.cat\/aula-acollida\/wp-content\/uploads\/usu59\/2025\/07\/guia-didactica-enrolat.pdf\" target=\"_blank\" rel=\"noreferrer noopener\"><strong>guia did\u00e0ctica<\/strong><\/a> trobareu les indicacions necess\u00e0ries per utilitzar el recurs a l&#8217;aula<\/p>\n\n\n\n<p><\/p>\n<\/details>\n\n\n\n<details class=\"wp-block-details has-ast-global-color-0-color has-text-color has-link-color has-medium-font-size wp-elements-ccc517a7cb9922706213286e1ca27326 is-layout-flow wp-block-details-is-layout-flow\"><summary>Habilitat ling\u00fc\u00edstica \/ Nivell MECR \/ Etapa educativa<\/summary>\n<p class=\"has-black-color has-text-color has-link-color has-small-font-size wp-elements-09268aeb889e4f50aaceca4d3ddc85bc\">Expressi\u00f3 Oral<\/p>\n\n\n\n<p class=\"has-black-color has-text-color has-link-color has-small-font-size wp-elements-21117348cf96f4d0d167e60de447ddee\">Nivell B1<\/p>\n\n\n\n<p class=\"has-black-color has-text-color has-link-color has-small-font-size wp-elements-4b76d808cb1df8758cb5ff1ea34c1c23\">Prim\u00e0ria i Secund\u00e0ria<\/p>\n\n\n\n<p><\/p>\n<\/details>\n\n\n\n<div class=\"wp-block-columns is-layout-flex wp-container-core-columns-is-layout-4 wp-block-columns-is-layout-flex\">\n<div class=\"wp-block-column is-layout-flow wp-block-column-is-layout-flow\">\n<div class=\"wp-block-getwid-icon-box has-icon-left has-text-left\"><div class=\"wp-block-getwid-icon-box__icon-container is-position-middle\"><div class=\"wp-block-getwid-icon-box__icon-wrapper has-text-color has-ast-global-color-0-color\" style=\"font-size:30px\"><i class=\"fas fa-print\"><\/i><\/div><\/div><div class=\"wp-block-getwid-icon-box__content\">\n<h3 class=\"wp-block-heading has-small-font-size\"><\/h3>\n\n\n\n<p><\/p>\n<\/div><\/div>\n<\/div>\n\n\n\n<div class=\"wp-block-column is-layout-flow wp-block-column-is-layout-flow\">\n<div class=\"wp-block-getwid-icon-box has-icon-left has-text-left\"><div class=\"wp-block-getwid-icon-box__icon-container is-position-middle\"><div class=\"wp-block-getwid-icon-box__icon-wrapper has-text-color has-ast-global-color-0-color\" style=\"font-size:30px\"><i class=\"fas fa-file-pdf\"><\/i><\/div><\/div><div class=\"wp-block-getwid-icon-box__content\">\n<h3 class=\"wp-block-heading has-small-font-size\"><\/h3>\n\n\n\n<p><\/p>\n<\/div><\/div>\n<\/div>\n\n\n\n<div class=\"wp-block-column is-layout-flow wp-block-column-is-layout-flow\"><\/div>\n<\/div>\n<\/div><\/div>\n<\/div>\n\n\n\n<div class=\"wp-block-group is-layout-constrained wp-block-group-is-layout-constrained\">\n<div class=\"wp-block-getwid-advanced-heading\"><span class=\"wp-block-getwid-advanced-heading__content has-text-color has-white-color has-background has-ast-global-color-0-background-color\" style=\"text-align:left\"><strong>Parlem, llegim i escrivim amb la N\u00e0dia i en Li. <\/strong>El nostre cos<\/span><\/div>\n\n\n\n<div class=\"wp-block-media-text is-stacked-on-mobile\" style=\"margin-top:var(--wp--preset--spacing--30);margin-bottom:var(--wp--preset--spacing--30);grid-template-columns:18% auto\"><figure class=\"wp-block-media-text__media\"><a href=\"https:\/\/projectes.xtec.cat\/aula-acollida\/wp-content\/uploads\/usu59\/2025\/08\/Parlem-llegim-i-escrivim-amb-la-Nadia-i-en-Li-unitat-2-el-nostre-cos.pdf\" target=\"_blank\" rel=\" noreferrer noopener\"><img loading=\"lazy\" decoding=\"async\" width=\"892\" height=\"595\" src=\"https:\/\/projectes.xtec.cat\/aula-acollida\/wp-content\/uploads\/usu59\/2025\/08\/Parlem-llegim-i-escrivim-amb-la-Nadia-i-en-Li-anem-a-lescola.png\" alt=\"\" class=\"wp-image-9496 size-full\" srcset=\"https:\/\/projectes.xtec.cat\/aula-acollida\/wp-content\/uploads\/usu59\/2025\/08\/Parlem-llegim-i-escrivim-amb-la-Nadia-i-en-Li-anem-a-lescola.png 892w, https:\/\/projectes.xtec.cat\/aula-acollida\/wp-content\/uploads\/usu59\/2025\/08\/Parlem-llegim-i-escrivim-amb-la-Nadia-i-en-Li-anem-a-lescola-300x200.png 300w, https:\/\/projectes.xtec.cat\/aula-acollida\/wp-content\/uploads\/usu59\/2025\/08\/Parlem-llegim-i-escrivim-amb-la-Nadia-i-en-Li-anem-a-lescola-768x512.png 768w\" sizes=\"auto, (max-width: 892px) 100vw, 892px\" \/><\/a><\/figure><div class=\"wp-block-media-text__content\">\n<p class=\"has-black-color has-text-color has-link-color has-small-font-size wp-elements-c4df2cb1d8120f5764d7a15122b85783\"><\/p>\n\n\n\n<details class=\"wp-block-details has-ast-global-color-0-color has-text-color has-link-color has-medium-font-size wp-elements-dd8b0daf453737d5b1b44a6b939a0f56 is-layout-flow wp-block-details-is-layout-flow\"><summary>Descripci\u00f3<\/summary>\n<p class=\"has-black-color has-text-color has-link-color has-small-font-size wp-elements-8ef9edad4b6ea30f7183a1126637c2c6\"><em>Parlem, llegim i escrivim amb la N\u00e0dia i en Li<\/em> est\u00e0 adre\u00e7at a nois i noies que s\u2019han d\u2019incorporar al cicle superior de prim\u00e0ria, o b\u00e9 a primer o segon d\u2019ESO. Est\u00e0 especialment pensat per a l\u2019alumnat que desconeix la llengua catalana i que, per diferents motius, no ha tingut una bona escolaritzaci\u00f3 pr\u00e8via al seu pa\u00eds d\u2019origen. Per tant, el material est\u00e0 pensat i organitzat per a iniciar l\u2019alumnat en els primers passos d\u2019aprenentatge de la llengua oral: s\u2019introdueixen les estructures ling\u00fc\u00edstiques b\u00e0siques, el vocabulari m\u00e9s usual, aix\u00ed com els primers passos en l\u2019aprenentatge de la llengua escrita. La unitat 2 se centra en <strong><a href=\"https:\/\/projectes.xtec.cat\/aula-acollida\/wp-content\/uploads\/usu59\/2025\/08\/Parlem-llegim-i-escrivim-amb-la-Nadia-i-en-Li-unitat-2-el-nostre-cos.pdf\" target=\"_blank\" rel=\"noreferrer noopener\">el cos<\/a><\/strong>.<\/p>\n\n\n\n<p><\/p>\n<\/details>\n\n\n\n<details class=\"wp-block-details has-ast-global-color-0-color has-text-color has-link-color has-medium-font-size wp-elements-9fa9924aa67eb978b190fa1ebe57aace is-layout-flow wp-block-details-is-layout-flow\"><summary>Habilitat ling\u00fc\u00edstica \/ Nivell MECR \/ Etapa educativa<\/summary>\n<p class=\"has-black-color has-text-color has-link-color has-small-font-size wp-elements-a82f4a3e1778615036f3f23ca5bef429\">Expressi\u00f3 Escrita &#8211; Comprensi\u00f3 Escrita<\/p>\n\n\n\n<p class=\"has-black-color has-text-color has-link-color has-small-font-size wp-elements-75559104e5427927ab65b239236920ce\">Nivell  A1<\/p>\n\n\n\n<p class=\"has-black-color has-text-color has-link-color has-small-font-size wp-elements-4b76d808cb1df8758cb5ff1ea34c1c23\">Prim\u00e0ria i Secund\u00e0ria<\/p>\n\n\n\n<p><\/p>\n<\/details>\n\n\n\n<div class=\"wp-block-columns is-layout-flex wp-container-core-columns-is-layout-5 wp-block-columns-is-layout-flex\">\n<div class=\"wp-block-column is-layout-flow wp-block-column-is-layout-flow\">\n<div class=\"wp-block-getwid-icon-box has-icon-left has-text-center\"><div class=\"wp-block-getwid-icon-box__icon-container is-position-middle\"><div class=\"wp-block-getwid-icon-box__icon-wrapper has-text-color has-ast-global-color-0-color\" style=\"font-size:30px\"><i class=\"fas fa-file-pdf\"><\/i><\/div><\/div><div class=\"wp-block-getwid-icon-box__content\">\n<h3 class=\"wp-block-heading has-small-font-size\"><\/h3>\n\n\n\n<p><\/p>\n<\/div><\/div>\n<\/div>\n\n\n\n<div class=\"wp-block-column is-layout-flow wp-block-column-is-layout-flow\"><\/div>\n\n\n\n<div class=\"wp-block-column is-layout-flow wp-block-column-is-layout-flow\"><\/div>\n<\/div>\n<\/div><\/div>\n<\/div>\n\n\n\n<div class=\"wp-block-group is-layout-constrained wp-block-group-is-layout-constrained\">\n<div class=\"wp-block-getwid-advanced-heading\"><span class=\"wp-block-getwid-advanced-heading__content has-text-color has-white-color has-background has-ast-global-color-0-background-color\" style=\"text-align:left\"><strong>Vivim junts.<\/strong> La salut<\/span><\/div>\n\n\n\n<div class=\"wp-block-media-text is-stacked-on-mobile\" style=\"margin-top:var(--wp--preset--spacing--30);margin-bottom:var(--wp--preset--spacing--30);grid-template-columns:23% auto\"><figure class=\"wp-block-media-text__media\"><a href=\"https:\/\/projectes.xtec.cat\/aula-acollida\/wp-content\/uploads\/usu59\/2025\/07\/vivim-junts_salut.pdf\" target=\"_blank\" rel=\" noreferrer noopener\"><img loading=\"lazy\" decoding=\"async\" width=\"1024\" height=\"549\" src=\"https:\/\/projectes.xtec.cat\/aula-acollida\/wp-content\/uploads\/usu59\/2025\/07\/vivim-junts_la-salut-1024x549.png\" alt=\"\" class=\"wp-image-8771 size-full\" srcset=\"https:\/\/projectes.xtec.cat\/aula-acollida\/wp-content\/uploads\/usu59\/2025\/07\/vivim-junts_la-salut-1024x549.png 1024w, https:\/\/projectes.xtec.cat\/aula-acollida\/wp-content\/uploads\/usu59\/2025\/07\/vivim-junts_la-salut-300x161.png 300w, https:\/\/projectes.xtec.cat\/aula-acollida\/wp-content\/uploads\/usu59\/2025\/07\/vivim-junts_la-salut-768x412.png 768w, https:\/\/projectes.xtec.cat\/aula-acollida\/wp-content\/uploads\/usu59\/2025\/07\/vivim-junts_la-salut-1536x823.png 1536w, https:\/\/projectes.xtec.cat\/aula-acollida\/wp-content\/uploads\/usu59\/2025\/07\/vivim-junts_la-salut.png 1659w\" sizes=\"auto, (max-width: 1024px) 100vw, 1024px\" \/><\/a><\/figure><div class=\"wp-block-media-text__content\">\n<details class=\"wp-block-details has-ast-global-color-0-color has-text-color has-link-color has-medium-font-size wp-elements-64455bd60906edf54a2308368ea5fccb is-layout-flow wp-block-details-is-layout-flow\"><summary>Descripci\u00f3<\/summary>\n<p class=\"has-black-color has-text-color has-link-color has-small-font-size wp-elements-aa113f701fba1205fea01e08ef98bb13\">La l\u00e0mina <strong><a href=\"https:\/\/projectes.xtec.cat\/aula-acollida\/wp-content\/uploads\/usu59\/2025\/07\/vivim-junts_salut.pdf\" target=\"_blank\" rel=\"noreferrer noopener\">La salut<\/a><\/strong> forma part de la col\u00b7lecci\u00f3 <em>Vivim junts<\/em>, que inclou dues s\u00e8ries indicades per fer acolliment ling\u00fc\u00edstic de nivell b\u00e0sic. La primera col\u00b7lecci\u00f3 cont\u00e9 23 l\u00e0mines que presenten di\u00e0legs sobre activitats quotidianes i una<strong> <a href=\"https:\/\/projectes.xtec.cat\/aula-acollida\/wp-content\/uploads\/usu59\/2025\/07\/Vivim-junts.-Guia-didactica.pdf\" target=\"_blank\" rel=\"noreferrer noopener\">guia did\u00e0ctica<\/a><\/strong> per facilitar-ne la utilitzaci\u00f3 a l&#8217;aula. La segona col\u00b7lecci\u00f3 cont\u00e9 17 l\u00e0mines que presenten di\u00e0legs basats en fets i personatges hist\u00f2rics de Catalunya.<\/p>\n\n\n\n<p class=\"has-black-color has-text-color has-link-color has-small-font-size wp-elements-c4df2cb1d8120f5764d7a15122b85783\"><\/p>\n\n\n\n<p><\/p>\n<\/details>\n\n\n\n<details class=\"wp-block-details has-ast-global-color-0-color has-text-color has-link-color has-medium-font-size wp-elements-087cc7b28776d695c03f4b4fba7c0e84 is-layout-flow wp-block-details-is-layout-flow\"><summary>Habilitat ling\u00fc\u00edstica \/ Nivell MECR \/ Etapa educativa<\/summary>\n<p class=\"has-black-color has-text-color has-link-color has-small-font-size wp-elements-78d010f81674984df8035678bfbea212\">Expressi\u00f3 Oral &#8211; Comprensi\u00f3 Oral<\/p>\n\n\n\n<p class=\"has-black-color has-text-color has-link-color has-small-font-size wp-elements-2ef461f1cef16f80fa0929650937a237\">Nivell  A1 &#8211; A2 &#8211; B1<\/p>\n\n\n\n<p class=\"has-black-color has-text-color has-link-color has-small-font-size wp-elements-b16bbc381c1fa3471a463e65585ded17\">Secund\u00e0ria<\/p>\n\n\n\n<p><\/p>\n<\/details>\n\n\n\n<div class=\"wp-block-columns is-layout-flex wp-container-core-columns-is-layout-6 wp-block-columns-is-layout-flex\">\n<div class=\"wp-block-column is-layout-flow wp-block-column-is-layout-flow\">\n<div class=\"wp-block-getwid-icon-box has-icon-left has-text-center\"><div class=\"wp-block-getwid-icon-box__icon-container is-position-top\"><div class=\"wp-block-getwid-icon-box__icon-wrapper has-text-color has-ast-global-color-0-color\" style=\"font-size:30px\"><i class=\"fas fa-file-pdf\"><\/i><\/div><\/div><div class=\"wp-block-getwid-icon-box__content\">\n<h3 class=\"wp-block-heading has-small-font-size\"><\/h3>\n\n\n\n<p><\/p>\n<\/div><\/div>\n<\/div>\n\n\n\n<div class=\"wp-block-column is-layout-flow wp-block-column-is-layout-flow\"><\/div>\n\n\n\n<div class=\"wp-block-column is-layout-flow wp-block-column-is-layout-flow\"><\/div>\n<\/div>\n<\/div><\/div>\n<\/div>\n\n\n\n<div class=\"wp-block-group is-layout-constrained wp-block-group-is-layout-constrained\">\n<div class=\"wp-block-getwid-advanced-heading\"><span class=\"wp-block-getwid-advanced-heading__content has-text-color has-white-color has-background has-ast-global-color-0-background-color\" style=\"text-align:left\"><strong>Vivim junts. <\/strong>Les malalties<\/span><\/div>\n\n\n\n<div class=\"wp-block-media-text is-stacked-on-mobile\" style=\"margin-top:var(--wp--preset--spacing--30);margin-bottom:var(--wp--preset--spacing--30);grid-template-columns:23% auto\"><figure class=\"wp-block-media-text__media\"><a href=\"https:\/\/projectes.xtec.cat\/aula-acollida\/wp-content\/uploads\/usu59\/2025\/07\/vivim-junts_malalties.pdf\" target=\"_blank\" rel=\" noreferrer noopener\"><img loading=\"lazy\" decoding=\"async\" width=\"1024\" height=\"539\" src=\"https:\/\/projectes.xtec.cat\/aula-acollida\/wp-content\/uploads\/usu59\/2025\/07\/vivim-junts-malalties-1024x539.png\" alt=\"\" class=\"wp-image-8776 size-full\" srcset=\"https:\/\/projectes.xtec.cat\/aula-acollida\/wp-content\/uploads\/usu59\/2025\/07\/vivim-junts-malalties-1024x539.png 1024w, https:\/\/projectes.xtec.cat\/aula-acollida\/wp-content\/uploads\/usu59\/2025\/07\/vivim-junts-malalties-300x158.png 300w, https:\/\/projectes.xtec.cat\/aula-acollida\/wp-content\/uploads\/usu59\/2025\/07\/vivim-junts-malalties-768x404.png 768w, https:\/\/projectes.xtec.cat\/aula-acollida\/wp-content\/uploads\/usu59\/2025\/07\/vivim-junts-malalties.png 1400w\" sizes=\"auto, (max-width: 1024px) 100vw, 1024px\" \/><\/a><\/figure><div class=\"wp-block-media-text__content\">\n<details class=\"wp-block-details has-ast-global-color-0-color has-text-color has-link-color has-medium-font-size wp-elements-fff33e34c2041895ac55720c4eccede7 is-layout-flow wp-block-details-is-layout-flow\"><summary>Descripci\u00f3<\/summary>\n<p class=\"has-black-color has-text-color has-link-color has-small-font-size wp-elements-770ae4b4518ed0801615b2aeb0a249b2\">La l\u00e0mina <strong><a href=\"https:\/\/projectes.xtec.cat\/aula-acollida\/wp-content\/uploads\/usu59\/2025\/07\/vivim-junts_malalties.pdf\" target=\"_blank\" rel=\"noreferrer noopener\">Les malalties<\/a><\/strong> forma part de la col\u00b7lecci\u00f3 <em>Vivim junts<\/em>, que inclou dues s\u00e8ries indicades per fer acolliment ling\u00fc\u00edstic de nivell b\u00e0sic. La primera col\u00b7lecci\u00f3 cont\u00e9 23 l\u00e0mines que presenten di\u00e0legs sobre activitats quotidianes i una<strong> <a href=\"https:\/\/projectes.xtec.cat\/aula-acollida\/wp-content\/uploads\/usu59\/2025\/07\/Vivim-junts.-Guia-didactica.pdf\" target=\"_blank\" rel=\"noreferrer noopener\">guia did\u00e0ctica<\/a><\/strong> per facilitar-ne la utilitzaci\u00f3 a l&#8217;aula. La segona col\u00b7lecci\u00f3 cont\u00e9 17 l\u00e0mines que presenten di\u00e0legs basats en fets i personatges hist\u00f2rics de Catalunya.<\/p>\n\n\n\n<p class=\"has-black-color has-text-color has-link-color has-small-font-size wp-elements-c4df2cb1d8120f5764d7a15122b85783\"><\/p>\n\n\n\n<p><\/p>\n<\/details>\n\n\n\n<details class=\"wp-block-details has-ast-global-color-0-color has-text-color has-link-color has-medium-font-size wp-elements-087cc7b28776d695c03f4b4fba7c0e84 is-layout-flow wp-block-details-is-layout-flow\"><summary>Habilitat ling\u00fc\u00edstica \/ Nivell MECR \/ Etapa educativa<\/summary>\n<p class=\"has-black-color has-text-color has-link-color has-small-font-size wp-elements-78d010f81674984df8035678bfbea212\">Expressi\u00f3 Oral &#8211; Comprensi\u00f3 Oral<\/p>\n\n\n\n<p class=\"has-black-color has-text-color has-link-color has-small-font-size wp-elements-2ef461f1cef16f80fa0929650937a237\">Nivell  A1 &#8211; A2 &#8211; B1<\/p>\n\n\n\n<p class=\"has-black-color has-text-color has-link-color has-small-font-size wp-elements-b16bbc381c1fa3471a463e65585ded17\">Secund\u00e0ria<\/p>\n\n\n\n<p><\/p>\n<\/details>\n\n\n\n<div class=\"wp-block-columns is-layout-flex wp-container-core-columns-is-layout-7 wp-block-columns-is-layout-flex\">\n<div class=\"wp-block-column is-layout-flow wp-block-column-is-layout-flow\">\n<div class=\"wp-block-getwid-icon-box has-icon-left has-text-center\"><div class=\"wp-block-getwid-icon-box__icon-container is-position-top\"><div class=\"wp-block-getwid-icon-box__icon-wrapper has-text-color has-ast-global-color-0-color\" style=\"font-size:30px\"><i class=\"fas fa-file-pdf\"><\/i><\/div><\/div><div class=\"wp-block-getwid-icon-box__content\">\n<h3 class=\"wp-block-heading has-small-font-size\"><\/h3>\n\n\n\n<p><\/p>\n<\/div><\/div>\n<\/div>\n\n\n\n<div class=\"wp-block-column is-layout-flow wp-block-column-is-layout-flow\"><\/div>\n\n\n\n<div class=\"wp-block-column is-layout-flow wp-block-column-is-layout-flow\"><\/div>\n<\/div>\n<\/div><\/div>\n<\/div>\n\n\n\n<div class=\"wp-block-group is-layout-constrained wp-block-group-is-layout-constrained\">\n<div class=\"wp-block-getwid-advanced-heading\"><span class=\"wp-block-getwid-advanced-heading__content has-text-color has-white-color has-background has-ast-global-color-0-background-color\" style=\"text-align:left\"><strong>Vocabulari. <\/strong>El cos i la salut<\/span><\/div>\n\n\n\n<div class=\"wp-block-media-text is-stacked-on-mobile\" style=\"margin-top:var(--wp--preset--spacing--30);margin-bottom:var(--wp--preset--spacing--30);grid-template-columns:21% auto\"><figure class=\"wp-block-media-text__media\"><a href=\"https:\/\/ca.ver-taal.com\/voc_cos.htm\" target=\"_blank\" rel=\" noreferrer noopener\"><img loading=\"lazy\" decoding=\"async\" width=\"258\" height=\"151\" src=\"https:\/\/projectes.xtec.cat\/aula-acollida\/wp-content\/uploads\/usu59\/2025\/07\/vocabulari-el-cos-i-la-salut.png\" alt=\"\" class=\"wp-image-8781 size-full\"\/><\/a><\/figure><div class=\"wp-block-media-text__content\">\n<details class=\"wp-block-details has-ast-global-color-0-color has-text-color has-link-color has-medium-font-size wp-elements-f6655b076a71e1f8d5a6be42cf95823a is-layout-flow wp-block-details-is-layout-flow\"><summary>Descripci\u00f3<\/summary>\n<p class=\"has-black-color has-text-color has-link-color has-small-font-size wp-elements-e00c286cfb739f419c03d7792c69bd9c\">Espai web amb <strong><a href=\"https:\/\/ca.ver-taal.com\/voc_cos.htm\" target=\"_blank\" rel=\"noreferrer noopener\">activitats interactives<\/a><\/strong> de l\u00e8xic que inclouen \u00e0udios.<\/p>\n\n\n\n<p class=\"has-black-color has-text-color has-link-color has-small-font-size wp-elements-c4df2cb1d8120f5764d7a15122b85783\"><\/p>\n\n\n\n<p><\/p>\n<\/details>\n\n\n\n<details class=\"wp-block-details has-ast-global-color-0-color has-text-color has-link-color has-medium-font-size wp-elements-26a835a70f5c648180c85f3674127827 is-layout-flow wp-block-details-is-layout-flow\"><summary>Habilitat ling\u00fc\u00edstica \/ Nivell MECR \/ Etapa educativa<\/summary>\n<p class=\"has-black-color has-text-color has-link-color has-small-font-size wp-elements-15c7400149923aa683108ac694119627\">Comprensi\u00f3 Oral &#8211; Comprensi\u00f3  Escrita &#8211; Expressi\u00f3 Escrita<\/p>\n\n\n\n<p class=\"has-black-color has-text-color has-link-color has-small-font-size wp-elements-75559104e5427927ab65b239236920ce\">Nivell  A1<\/p>\n\n\n\n<p class=\"has-black-color has-text-color has-link-color has-small-font-size wp-elements-4b76d808cb1df8758cb5ff1ea34c1c23\">Prim\u00e0ria i Secund\u00e0ria<\/p>\n\n\n\n<p><\/p>\n<\/details>\n\n\n\n<div class=\"wp-block-columns is-layout-flex wp-container-core-columns-is-layout-8 wp-block-columns-is-layout-flex\">\n<div class=\"wp-block-column is-layout-flow wp-block-column-is-layout-flow\">\n<div class=\"wp-block-media-text is-stacked-on-mobile\" style=\"grid-template-columns:32% auto\"><figure class=\"wp-block-media-text__media\"><img loading=\"lazy\" decoding=\"async\" width=\"1024\" height=\"1024\" src=\"https:\/\/projectes.xtec.cat\/aula-acollida\/wp-content\/uploads\/usu59\/2025\/08\/icona-web-1024x1024.png\" alt=\"\" class=\"wp-image-9309 size-full\"\/><\/figure><div class=\"wp-block-media-text__content\">\n<p><\/p>\n<\/div><\/div>\n<\/div>\n\n\n\n<div class=\"wp-block-column is-layout-flow wp-block-column-is-layout-flow\"><\/div>\n\n\n\n<div class=\"wp-block-column is-layout-flow wp-block-column-is-layout-flow\"><\/div>\n<\/div>\n<\/div><\/div>\n<\/div>\n\n\n\n<div class=\"wp-block-group is-layout-constrained wp-block-group-is-layout-constrained\">\n<div class=\"wp-block-getwid-advanced-heading\"><span class=\"wp-block-getwid-advanced-heading__content has-text-color has-black-color has-background has-luminous-vivid-amber-background-color\" style=\"text-align:left\"><strong>Jocs LIC. <\/strong>Estats an\u00edmics i f\u00edsics<\/span><\/div>\n\n\n\n<div class=\"wp-block-media-text is-stacked-on-mobile\" style=\"margin-top:var(--wp--preset--spacing--30);margin-bottom:var(--wp--preset--spacing--30);grid-template-columns:15% auto\"><figure class=\"wp-block-media-text__media\"><a href=\"https:\/\/projectes.xtec.cat\/aula-acollida\/wp-content\/uploads\/usu59\/2025\/07\/jocs-LIC-estats-animics-i-fisics.pdf\" target=\"_blank\" rel=\" noreferrer noopener\"><img loading=\"lazy\" decoding=\"async\" width=\"625\" height=\"852\" src=\"https:\/\/projectes.xtec.cat\/aula-acollida\/wp-content\/uploads\/usu59\/2025\/07\/jocs-LIC-estats-animics-i-fisics.png\" alt=\"\" class=\"wp-image-8809 size-full\" srcset=\"https:\/\/projectes.xtec.cat\/aula-acollida\/wp-content\/uploads\/usu59\/2025\/07\/jocs-LIC-estats-animics-i-fisics.png 625w, https:\/\/projectes.xtec.cat\/aula-acollida\/wp-content\/uploads\/usu59\/2025\/07\/jocs-LIC-estats-animics-i-fisics-220x300.png 220w\" sizes=\"auto, (max-width: 625px) 100vw, 625px\" \/><\/a><\/figure><div class=\"wp-block-media-text__content\">\n<details class=\"wp-block-details has-ast-global-color-0-color has-text-color has-link-color has-medium-font-size wp-elements-94a3c0d678689bcab101507d75f078c9 is-layout-flow wp-block-details-is-layout-flow\"><summary>Descripci\u00f3<\/summary>\n<p class=\"has-black-color has-text-color has-link-color has-small-font-size wp-elements-ba543f35d953776283c876d10100215e\">Jocs LIC s\u00f3n un conjunt de passatemps que tenen com a objectiu refor\u00e7ar els continguts ling\u00fc\u00edstics d&#8217;un aprenent inicial de la llengua catalana.<br>L&#8217;enfocament l\u00fadic d&#8217;aquest material facilita que l&#8217;alumnat s&#8217;ho passi b\u00e9 i al mateix temps aprengui i usi la llengua. Cada volum aplega el l\u00e8xic i les estructures que es relacionen amb els temes que qualsevol aprenent d&#8217;una nova llengua ha de desenvolupar per satisfer les necessitats comunicatives m\u00e9s properes.<strong> <a href=\"https:\/\/projectes.xtec.cat\/aula-acollida\/wp-content\/uploads\/usu59\/2025\/07\/jocs-LIC-estats-animics-i-fisics.pdf\" target=\"_blank\" rel=\"noreferrer noopener\">Aquest recurs<\/a><\/strong> \u00e9s un  recull de jocs: sopes de lletres, mots encreuats, enigmes, laberints\u2026 per treballar el vocabulari i les estructures relacionades amb els estats an\u00edmics i f\u00edsics.<\/p>\n\n\n\n<p class=\"has-black-color has-text-color has-link-color has-small-font-size wp-elements-e9c26cf97207891a02d8ca0e843a3ee1\">Observacions: trobareu les orientacions did\u00e0ctiques i el solucionari en<strong> <a href=\"https:\/\/projectes.xtec.cat\/aula-acollida\/wp-content\/uploads\/usu59\/2025\/07\/Jocs-LIC-orientacions-i-solucionari.pdf\" target=\"_blank\" rel=\"noreferrer noopener\">aquest enlla\u00e7<\/a><\/strong>.<\/p>\n\n\n\n<p><\/p>\n<\/details>\n\n\n\n<details class=\"wp-block-details has-ast-global-color-0-color has-text-color has-link-color has-medium-font-size wp-elements-8b436231cb94459355e8d3a3dfd39454 is-layout-flow wp-block-details-is-layout-flow\"><summary>Habilitat ling\u00fc\u00edstica \/ Nivell MECR \/ Etapa educativa<\/summary>\n<p class=\"has-black-color has-text-color has-link-color has-small-font-size wp-elements-fb3a2b308d9ed3db0bd1934a560067ec\">Comprensi\u00f3 Escrita &#8211; Expressi\u00f3 Escrita<\/p>\n\n\n\n<p class=\"has-black-color has-text-color has-link-color has-small-font-size wp-elements-5b4195fb06edb38c681bbcbec289072b\">Nivell A2<\/p>\n\n\n\n<p class=\"has-black-color has-text-color has-link-color has-small-font-size wp-elements-4b76d808cb1df8758cb5ff1ea34c1c23\">Prim\u00e0ria i Secund\u00e0ria<\/p>\n\n\n\n<p><\/p>\n<\/details>\n\n\n\n<div class=\"wp-block-columns is-layout-flex wp-container-core-columns-is-layout-9 wp-block-columns-is-layout-flex\">\n<div class=\"wp-block-column is-layout-flow wp-block-column-is-layout-flow\">\n<div class=\"wp-block-getwid-icon-box has-icon-left has-text-center\"><div class=\"wp-block-getwid-icon-box__icon-container is-position-middle\"><div class=\"wp-block-getwid-icon-box__icon-wrapper has-text-color has-ast-global-color-0-color\" style=\"font-size:30px\"><i class=\"fas fa-file-pdf\"><\/i><\/div><\/div><div class=\"wp-block-getwid-icon-box__content\">\n<h3 class=\"wp-block-heading has-small-font-size\"><\/h3>\n\n\n\n<p><\/p>\n<\/div><\/div>\n<\/div>\n\n\n\n<div class=\"wp-block-column is-layout-flow wp-block-column-is-layout-flow\">\n<p><\/p>\n\n\n\n<div class=\"wp-block-media-text is-stacked-on-mobile\" style=\"grid-template-columns:16% auto\"><figure class=\"wp-block-media-text__media\"><img loading=\"lazy\" decoding=\"async\" width=\"1024\" height=\"1024\" src=\"https:\/\/projectes.xtec.cat\/aula-acollida\/wp-content\/uploads\/usu59\/2025\/09\/Publicacions-instagram-acollida2-1-1024x1024.png\" alt=\"\" class=\"wp-image-9773 size-full\" srcset=\"https:\/\/projectes.xtec.cat\/aula-acollida\/wp-content\/uploads\/usu59\/2025\/09\/Publicacions-instagram-acollida2-1-1024x1024.png 1024w, https:\/\/projectes.xtec.cat\/aula-acollida\/wp-content\/uploads\/usu59\/2025\/09\/Publicacions-instagram-acollida2-1-300x300.png 300w, https:\/\/projectes.xtec.cat\/aula-acollida\/wp-content\/uploads\/usu59\/2025\/09\/Publicacions-instagram-acollida2-1-150x150.png 150w, https:\/\/projectes.xtec.cat\/aula-acollida\/wp-content\/uploads\/usu59\/2025\/09\/Publicacions-instagram-acollida2-1-768x768.png 768w, https:\/\/projectes.xtec.cat\/aula-acollida\/wp-content\/uploads\/usu59\/2025\/09\/Publicacions-instagram-acollida2-1.png 1080w\" sizes=\"auto, (max-width: 1024px) 100vw, 1024px\" \/><\/figure><div class=\"wp-block-media-text__content\">\n<p><\/p>\n<\/div><\/div>\n<\/div>\n\n\n\n<div class=\"wp-block-column is-layout-flow wp-block-column-is-layout-flow\"><\/div>\n<\/div>\n<\/div><\/div>\n<\/div>\n\n\n\n<div class=\"wp-block-group is-layout-constrained wp-block-group-is-layout-constrained\">\n<div class=\"wp-block-getwid-advanced-heading\"><span class=\"wp-block-getwid-advanced-heading__content has-text-color has-black-color has-background has-luminous-vivid-amber-background-color\" style=\"text-align:left\"><strong>Les 36 cartes de les necessitats  &#8211;  Les 36 cartes de les emocions<\/strong><\/span><\/div>\n\n\n\n<div class=\"wp-block-media-text is-stacked-on-mobile\" style=\"margin-top:var(--wp--preset--spacing--30);margin-bottom:var(--wp--preset--spacing--30);grid-template-columns:16% auto\"><figure class=\"wp-block-media-text__media\"><a href=\"https:\/\/xtec.gencat.cat\/ca\/centres\/projeducatiu\/convivencia\/recursos\/valorsiactituds\/socioemocional\/\" target=\"_blank\" rel=\" noreferrer noopener\"><img loading=\"lazy\" decoding=\"async\" width=\"1024\" height=\"676\" src=\"https:\/\/projectes.xtec.cat\/aula-acollida\/wp-content\/uploads\/usu59\/2025\/07\/36-cartes-1024x676.png\" alt=\"\" class=\"wp-image-8800 size-full\" srcset=\"https:\/\/projectes.xtec.cat\/aula-acollida\/wp-content\/uploads\/usu59\/2025\/07\/36-cartes-1024x676.png 1024w, https:\/\/projectes.xtec.cat\/aula-acollida\/wp-content\/uploads\/usu59\/2025\/07\/36-cartes-300x198.png 300w, https:\/\/projectes.xtec.cat\/aula-acollida\/wp-content\/uploads\/usu59\/2025\/07\/36-cartes-768x507.png 768w, https:\/\/projectes.xtec.cat\/aula-acollida\/wp-content\/uploads\/usu59\/2025\/07\/36-cartes.png 1273w\" sizes=\"auto, (max-width: 1024px) 100vw, 1024px\" \/><\/a><\/figure><div class=\"wp-block-media-text__content\">\n<details class=\"wp-block-details has-ast-global-color-0-color has-text-color has-link-color has-medium-font-size wp-elements-550d65082bcc4bbfae712af2da2da93d is-layout-flow wp-block-details-is-layout-flow\"><summary>Descripci\u00f3<\/summary>\n<p class=\"has-black-color has-text-color has-link-color has-small-font-size wp-elements-620e70f68ce11d72989b004b39a84151\">Aquest <strong><a href=\"https:\/\/xtec.gencat.cat\/ca\/centres\/projeducatiu\/convivencia\/recursos\/valorsiactituds\/socioemocional\/\" target=\"_blank\" rel=\"noreferrer noopener\">recurs<\/a><\/strong> ens permet aprendre a gestionar les emocions i con\u00e8ixer i recon\u00e8ixer les necessitats tot jugant, oferint una nova proposta de gamificaci\u00f3 en l\u2019educaci\u00f3 socioemocional.<br>El recurs cont\u00e9 <em><strong><a href=\"https:\/\/projectes.xtec.cat\/aula-acollida\/wp-content\/uploads\/usu59\/2025\/07\/Les-36-cartes-de-les-necessitats.pdf\" target=\"_blank\" rel=\"noreferrer noopener\">Les 36 cartes de les necessitats<\/a><\/strong><\/em> i <a href=\"https:\/\/xtec.gencat.cat\/web\/.content\/centres\/projeducatiu\/convivencia\/recursos\/valorsiactituds\/socioemocionaleines\/documents\/PDF-1.pdf\" target=\"_blank\" rel=\"noreferrer noopener\"><em><strong>Les 36 cartes de les emocions<\/strong><\/em>.<\/a> Cadascuna de les cartes del joc d\u2019emocions est\u00e0 inspirada en una emoci\u00f3 o estat emocional mentre que cadascuna de les cartes del joc de necessitats est\u00e0 inspirada en una necessitat. Els jocs de cartes s\u00f3n totalment flexibles i es poden utilitzar creativament de moltes maneres, per separat o complement\u00e0riament.<\/p>\n\n\n\n<p class=\"has-black-color has-text-color has-link-color has-small-font-size wp-elements-7a24992c9c5cb7128d96e8c9e8ae9def\" style=\"padding-top:0px;padding-bottom:0px\">Arxius complementaris:<\/p>\n\n\n\n<ul class=\"wp-block-list has-small-font-size\">\n<li class=\"has-black-color has-text-color has-link-color wp-elements-2b9f71bf19dada482558cdee682c3cf1\">Les 36 cartes de les necessitats:<strong><a href=\"https:\/\/projectes.xtec.cat\/aula-acollida\/wp-content\/uploads\/usu59\/2025\/07\/Les-36-cartes-de-les-necessitats-com-jugar-hi.pdf\" target=\"_blank\" rel=\"noreferrer noopener\"> com jugar-hi<\/a><\/strong><\/li>\n\n\n\n<li class=\"has-black-color has-text-color has-link-color wp-elements-c1879e262a2dabbd6e98b33ba0e92720\">Les 36 cartes de les emocions: <strong><a href=\"https:\/\/projectes.xtec.cat\/aula-acollida\/wp-content\/uploads\/usu59\/2025\/07\/les-36-cartes-de-les-emocions-com-jugar-hi.pdf\" target=\"_blank\" rel=\"noreferrer noopener\">com jugar-hi<\/a><\/strong><\/li>\n<\/ul>\n\n\n\n<p><\/p>\n<\/details>\n\n\n\n<details class=\"wp-block-details has-ast-global-color-0-color has-text-color has-link-color has-medium-font-size wp-elements-2538a1b2cc5613584cca3d3b97377af1 is-layout-flow wp-block-details-is-layout-flow\"><summary>Habilitat ling\u00fc\u00edstica \/ Nivell MECR \/ Etapa educativa<\/summary>\n<p class=\"has-black-color has-text-color has-link-color has-small-font-size wp-elements-fa5e8f6ed0ff45143ad4f4e79b50c916\">Comprensi\u00f3 Oral &#8211; Expressi\u00f3 Oral<\/p>\n\n\n\n<p class=\"has-black-color has-text-color has-link-color has-small-font-size wp-elements-084cd0b65b587611f412c95e69ade44d\">Nivell A2 &#8211; B1<\/p>\n\n\n\n<p class=\"has-black-color has-text-color has-link-color has-small-font-size wp-elements-4b76d808cb1df8758cb5ff1ea34c1c23\">Prim\u00e0ria i Secund\u00e0ria<\/p>\n\n\n\n<p><\/p>\n<\/details>\n\n\n\n<div class=\"wp-block-columns is-layout-flex wp-container-core-columns-is-layout-10 wp-block-columns-is-layout-flex\">\n<div class=\"wp-block-column is-layout-flow wp-block-column-is-layout-flow\">\n<div class=\"wp-block-getwid-icon-box has-icon-left has-text-center\"><div class=\"wp-block-getwid-icon-box__icon-container is-position-middle\"><div class=\"wp-block-getwid-icon-box__icon-wrapper has-text-color has-ast-global-color-0-color\" style=\"font-size:30px\"><i class=\"fas fa-print\"><\/i><\/div><\/div><div class=\"wp-block-getwid-icon-box__content\">\n<h3 class=\"wp-block-heading has-small-font-size\"><\/h3>\n\n\n\n<p><\/p>\n<\/div><\/div>\n<\/div>\n\n\n\n<div class=\"wp-block-column is-layout-flow wp-block-column-is-layout-flow\">\n<div class=\"wp-block-getwid-icon-box has-icon-left has-text-center\"><div class=\"wp-block-getwid-icon-box__icon-container is-position-middle\"><div class=\"wp-block-getwid-icon-box__icon-wrapper has-text-color has-ast-global-color-0-color\" style=\"font-size:30px\"><i class=\"fas fa-file-pdf\"><\/i><\/div><\/div><div class=\"wp-block-getwid-icon-box__content\">\n<h3 class=\"wp-block-heading has-small-font-size\"><\/h3>\n\n\n\n<p><\/p>\n<\/div><\/div>\n<\/div>\n\n\n\n<div class=\"wp-block-column is-layout-flow wp-block-column-is-layout-flow\">\n<p><\/p>\n\n\n\n<div class=\"wp-block-media-text is-stacked-on-mobile\" style=\"grid-template-columns:16% auto\"><figure class=\"wp-block-media-text__media\"><img loading=\"lazy\" decoding=\"async\" width=\"1024\" height=\"1024\" src=\"https:\/\/projectes.xtec.cat\/aula-acollida\/wp-content\/uploads\/usu59\/2025\/09\/Publicacions-instagram-acollida2-1-1024x1024.png\" alt=\"\" class=\"wp-image-9773 size-full\" srcset=\"https:\/\/projectes.xtec.cat\/aula-acollida\/wp-content\/uploads\/usu59\/2025\/09\/Publicacions-instagram-acollida2-1-1024x1024.png 1024w, https:\/\/projectes.xtec.cat\/aula-acollida\/wp-content\/uploads\/usu59\/2025\/09\/Publicacions-instagram-acollida2-1-300x300.png 300w, https:\/\/projectes.xtec.cat\/aula-acollida\/wp-content\/uploads\/usu59\/2025\/09\/Publicacions-instagram-acollida2-1-150x150.png 150w, https:\/\/projectes.xtec.cat\/aula-acollida\/wp-content\/uploads\/usu59\/2025\/09\/Publicacions-instagram-acollida2-1-768x768.png 768w, https:\/\/projectes.xtec.cat\/aula-acollida\/wp-content\/uploads\/usu59\/2025\/09\/Publicacions-instagram-acollida2-1.png 1080w\" sizes=\"auto, (max-width: 1024px) 100vw, 1024px\" \/><\/figure><div class=\"wp-block-media-text__content\">\n<p><\/p>\n<\/div><\/div>\n<\/div>\n<\/div>\n<\/div><\/div>\n<\/div>\n\n\n\n<div class=\"wp-block-group is-layout-constrained wp-block-group-is-layout-constrained\">\n<div class=\"wp-block-getwid-advanced-heading\"><span class=\"wp-block-getwid-advanced-heading__content has-text-color has-black-color has-background has-luminous-vivid-amber-background-color\" style=\"text-align:left\"><strong>Xarranca<\/strong>. Jocs per a l&#8217;aprenentatge del catal\u00e0 oral per a nouvinguts <\/span><\/div>\n\n\n\n<div class=\"wp-block-media-text is-stacked-on-mobile\" style=\"margin-top:var(--wp--preset--spacing--30);margin-bottom:var(--wp--preset--spacing--30);grid-template-columns:16% auto\"><figure class=\"wp-block-media-text__media\"><a href=\"https:\/\/projectes.xtec.cat\/aula-acollida\/wp-content\/uploads\/usu59\/2025\/07\/xarranca_GC.pdf\" target=\"_blank\" rel=\" noreferrer noopener\"><img loading=\"lazy\" decoding=\"async\" width=\"700\" height=\"630\" src=\"https:\/\/projectes.xtec.cat\/aula-acollida\/wp-content\/uploads\/usu59\/2025\/07\/xarranca.png\" alt=\"\" class=\"wp-image-8794 size-full\" srcset=\"https:\/\/projectes.xtec.cat\/aula-acollida\/wp-content\/uploads\/usu59\/2025\/07\/xarranca.png 700w, https:\/\/projectes.xtec.cat\/aula-acollida\/wp-content\/uploads\/usu59\/2025\/07\/xarranca-300x270.png 300w\" sizes=\"auto, (max-width: 700px) 100vw, 700px\" \/><\/a><\/figure><div class=\"wp-block-media-text__content\">\n<details class=\"wp-block-details has-ast-global-color-0-color has-text-color has-link-color has-medium-font-size wp-elements-5b10c5f714cd7d1667b4e0a4ace46410 is-layout-flow wp-block-details-is-layout-flow\"><summary>Descripci\u00f3<\/summary>\n<p class=\"has-black-color has-text-color has-link-color has-small-font-size wp-elements-429608b31d18d2e5a3e5aca8e503f964\">A l&#8217;apartat 3 d&#8217;aquest recull &#8211;<strong><a href=\"https:\/\/projectes.xtec.cat\/aula-acollida\/wp-content\/uploads\/usu59\/2025\/07\/xarranca_GC.pdf\" target=\"_blank\" rel=\"noreferrer noopener\">Expressi\u00f3 d&#8217;identificacions an\u00edmiques<\/a><\/strong> (p\u00e0gs. 31-38)- hi trobareu jocs relacionats amb els estats f\u00edsics i an\u00edmics que fomenten l&#8217;aprenentatge del l\u00e8xic a trav\u00e9s del joc.<\/p>\n\n\n\n<p class=\"has-black-color has-text-color has-link-color has-small-font-size wp-elements-c4df2cb1d8120f5764d7a15122b85783\"><\/p>\n\n\n\n<p><\/p>\n<\/details>\n\n\n\n<details class=\"wp-block-details has-ast-global-color-0-color has-text-color has-link-color has-medium-font-size wp-elements-e6158136f52ff16bb31c1f825da3d93b is-layout-flow wp-block-details-is-layout-flow\"><summary>Habilitat ling\u00fc\u00edstica \/ Nivell MECR \/ Etapa educativa<\/summary>\n<p class=\"has-black-color has-text-color has-link-color has-small-font-size wp-elements-09268aeb889e4f50aaceca4d3ddc85bc\">Expressi\u00f3 Oral<\/p>\n\n\n\n<p class=\"has-black-color has-text-color has-link-color has-small-font-size wp-elements-410ac2b0b127132d1093a6fe886457fc\">Nivell A1 &#8211; A2 &#8211; B1<\/p>\n\n\n\n<p class=\"has-black-color has-text-color has-link-color has-small-font-size wp-elements-4b76d808cb1df8758cb5ff1ea34c1c23\">Prim\u00e0ria i Secund\u00e0ria<\/p>\n\n\n\n<p><\/p>\n<\/details>\n\n\n\n<div class=\"wp-block-columns is-layout-flex wp-container-core-columns-is-layout-11 wp-block-columns-is-layout-flex\">\n<div class=\"wp-block-column is-layout-flow wp-block-column-is-layout-flow\">\n<div class=\"wp-block-getwid-icon-box has-icon-left has-text-center\"><div class=\"wp-block-getwid-icon-box__icon-container is-position-middle\"><div class=\"wp-block-getwid-icon-box__icon-wrapper has-text-color has-ast-global-color-0-color\" style=\"font-size:30px\"><i class=\"fas fa-print\"><\/i><\/div><\/div><div class=\"wp-block-getwid-icon-box__content\">\n<h3 class=\"wp-block-heading has-small-font-size\"><\/h3>\n\n\n\n<p><\/p>\n<\/div><\/div>\n<\/div>\n\n\n\n<div class=\"wp-block-column is-layout-flow wp-block-column-is-layout-flow\">\n<div class=\"wp-block-getwid-icon-box has-icon-left has-text-center\"><div class=\"wp-block-getwid-icon-box__icon-container is-position-middle\"><div class=\"wp-block-getwid-icon-box__icon-wrapper has-text-color has-ast-global-color-0-color\" style=\"font-size:30px\"><i class=\"fas fa-file-pdf\"><\/i><\/div><\/div><div class=\"wp-block-getwid-icon-box__content\">\n<h3 class=\"wp-block-heading has-small-font-size\"><\/h3>\n\n\n\n<p><\/p>\n<\/div><\/div>\n<\/div>\n\n\n\n<div class=\"wp-block-column is-layout-flow wp-block-column-is-layout-flow\">\n<p><\/p>\n\n\n\n<div class=\"wp-block-media-text is-stacked-on-mobile\" style=\"grid-template-columns:16% auto\"><figure class=\"wp-block-media-text__media\"><img loading=\"lazy\" decoding=\"async\" width=\"1024\" height=\"1024\" src=\"https:\/\/projectes.xtec.cat\/aula-acollida\/wp-content\/uploads\/usu59\/2025\/09\/Publicacions-instagram-acollida2-1-1024x1024.png\" alt=\"\" class=\"wp-image-9773 size-full\" srcset=\"https:\/\/projectes.xtec.cat\/aula-acollida\/wp-content\/uploads\/usu59\/2025\/09\/Publicacions-instagram-acollida2-1-1024x1024.png 1024w, https:\/\/projectes.xtec.cat\/aula-acollida\/wp-content\/uploads\/usu59\/2025\/09\/Publicacions-instagram-acollida2-1-300x300.png 300w, https:\/\/projectes.xtec.cat\/aula-acollida\/wp-content\/uploads\/usu59\/2025\/09\/Publicacions-instagram-acollida2-1-150x150.png 150w, https:\/\/projectes.xtec.cat\/aula-acollida\/wp-content\/uploads\/usu59\/2025\/09\/Publicacions-instagram-acollida2-1-768x768.png 768w, https:\/\/projectes.xtec.cat\/aula-acollida\/wp-content\/uploads\/usu59\/2025\/09\/Publicacions-instagram-acollida2-1.png 1080w\" sizes=\"auto, (max-width: 1024px) 100vw, 1024px\" \/><\/figure><div class=\"wp-block-media-text__content\">\n<p><\/p>\n<\/div><\/div>\n<\/div>\n<\/div>\n<\/div><\/div>\n<\/div>\n","protected":false},"excerpt":{"rendered":"","protected":false},"author":1,"featured_media":0,"parent":8470,"menu_order":5,"comment_status":"closed","ping_status":"closed","template":"","meta":{"site-sidebar-layout":"default","site-content-layout":"","ast-site-content-layout":"default","site-content-style":"default","site-sidebar-style":"default","ast-global-header-display":"","ast-banner-title-visibility":"","ast-main-header-display":"","ast-hfb-above-header-display":"","ast-hfb-below-header-display":"","ast-hfb-mobile-header-display":"","site-post-title":"","ast-breadcrumbs-content":"","ast-featured-img":"","footer-sml-layout":"","theme-transparent-header-meta":"","adv-header-id-meta":"","stick-header-meta":"","header-above-stick-meta":"","header-main-stick-meta":"","header-below-stick-meta":"","astra-migrate-meta-layouts":"set","ast-page-background-enabled":"default","ast-page-background-meta":{"desktop":{"background-color":"var(--ast-global-color-4)","background-image":"","background-repeat":"repeat","background-position":"center center","background-size":"auto","background-attachment":"scroll","background-type":"","background-media":"","overlay-type":"","overlay-color":"","overlay-opacity":"","overlay-gradient":""},"tablet":{"background-color":"","background-image":"","background-repeat":"repeat","background-position":"center center","background-size":"auto","background-attachment":"scroll","background-type":"","background-media":"","overlay-type":"","overlay-color":"","overlay-opacity":"","overlay-gradient":""},"mobile":{"background-color":"","background-image":"","background-repeat":"repeat","background-position":"center center","background-size":"auto","background-attachment":"scroll","background-type":"","background-media":"","overlay-type":"","overlay-color":"","overlay-opacity":"","overlay-gradient":""}},"ast-content-background-meta":{"desktop":{"background-color":"var(--ast-global-color-5)","background-image":"","background-repeat":"repeat","background-position":"center center","background-size":"auto","background-attachment":"scroll","background-type":"","background-media":"","overlay-type":"","overlay-color":"","overlay-opacity":"","overlay-gradient":""},"tablet":{"background-color":"var(--ast-global-color-5)","background-image":"","background-repeat":"repeat","background-position":"center center","background-size":"auto","background-attachment":"scroll","background-type":"","background-media":"","overlay-type":"","overlay-color":"","overlay-opacity":"","overlay-gradient":""},"mobile":{"background-color":"var(--ast-global-color-5)","background-image":"","background-repeat":"repeat","background-position":"center center","background-size":"auto","background-attachment":"scroll","background-type":"","background-media":"","overlay-type":"","overlay-color":"","overlay-opacity":"","overlay-gradient":""}},"footnotes":""},"class_list":["post-8903","page","type-page","status-publish","hentry"],"post_mailing_queue_ids":[],"_links":{"self":[{"href":"https:\/\/projectes.xtec.cat\/aula-acollida\/wp-json\/wp\/v2\/pages\/8903","targetHints":{"allow":["GET"]}}],"collection":[{"href":"https:\/\/projectes.xtec.cat\/aula-acollida\/wp-json\/wp\/v2\/pages"}],"about":[{"href":"https:\/\/projectes.xtec.cat\/aula-acollida\/wp-json\/wp\/v2\/types\/page"}],"author":[{"embeddable":true,"href":"https:\/\/projectes.xtec.cat\/aula-acollida\/wp-json\/wp\/v2\/users\/1"}],"replies":[{"embeddable":true,"href":"https:\/\/projectes.xtec.cat\/aula-acollida\/wp-json\/wp\/v2\/comments?post=8903"}],"version-history":[{"count":6,"href":"https:\/\/projectes.xtec.cat\/aula-acollida\/wp-json\/wp\/v2\/pages\/8903\/revisions"}],"predecessor-version":[{"id":10333,"href":"https:\/\/projectes.xtec.cat\/aula-acollida\/wp-json\/wp\/v2\/pages\/8903\/revisions\/10333"}],"up":[{"embeddable":true,"href":"https:\/\/projectes.xtec.cat\/aula-acollida\/wp-json\/wp\/v2\/pages\/8470"}],"wp:attachment":[{"href":"https:\/\/projectes.xtec.cat\/aula-acollida\/wp-json\/wp\/v2\/media?parent=8903"}],"curies":[{"name":"wp","href":"https:\/\/api.w.org\/{rel}","templated":true}]}}