{"id":8913,"date":"2025-07-22T11:29:09","date_gmt":"2025-07-22T09:29:09","guid":{"rendered":"https:\/\/projectes.xtec.cat\/aula-acollida\/?page_id=8913"},"modified":"2025-11-12T09:38:57","modified_gmt":"2025-11-12T08:38:57","slug":"eix-7-rutines-diaries-que-fem-cada-dia","status":"publish","type":"page","link":"https:\/\/projectes.xtec.cat\/aula-acollida\/eixos-programacio\/eix-7-rutines-diaries-que-fem-cada-dia\/","title":{"rendered":"Eix 7: Rutines di\u00e0ries. Qu\u00e8 fem cada dia?"},"content":{"rendered":"\n<div class=\"wp-block-group wp-embed-aspect-16-9 wp-has-aspect-ratio is-layout-constrained wp-block-group-is-layout-constrained\" style=\"margin-top:0;margin-right:0;margin-bottom:0;margin-left:0\">\n<div class=\"wp-block-getwid-advanced-heading\"><span class=\"wp-block-getwid-advanced-heading__content has-text-color has-white-color has-background has-ast-global-color-0-background-color\" style=\"text-align:left\"><strong>Vincles<\/strong> 1. Unitat 3 &#8211; Qu\u00e8 faig normalment?<\/span><\/div>\n\n\n\n<div class=\"wp-block-media-text is-stacked-on-mobile\" style=\"margin-top:var(--wp--preset--spacing--30);margin-bottom:var(--wp--preset--spacing--30);grid-template-columns:16% auto\"><figure class=\"wp-block-media-text__media\"><a href=\"https:\/\/projectes.xtec.cat\/acollidasuport\/vincles\/\" target=\"_blank\" rel=\" noreferrer noopener\"><img loading=\"lazy\" decoding=\"async\" width=\"549\" height=\"780\" src=\"https:\/\/projectes.xtec.cat\/aula-acollida\/wp-content\/uploads\/usu59\/2025\/09\/vincles-1-portada.png\" alt=\"\" class=\"wp-image-9654 size-full\" srcset=\"https:\/\/projectes.xtec.cat\/aula-acollida\/wp-content\/uploads\/usu59\/2025\/09\/vincles-1-portada.png 549w, https:\/\/projectes.xtec.cat\/aula-acollida\/wp-content\/uploads\/usu59\/2025\/09\/vincles-1-portada-211x300.png 211w\" sizes=\"auto, (max-width: 549px) 100vw, 549px\" \/><\/a><\/figure><div class=\"wp-block-media-text__content\">\n<details class=\"wp-block-details has-ast-global-color-0-color has-text-color has-link-color has-medium-font-size wp-elements-b440080735fdac6aca2e463494b88aee is-layout-flow wp-block-details-is-layout-flow\"><summary>Descripci\u00f3<\/summary>\n<p class=\"has-black-color has-text-color has-link-color has-small-font-size wp-elements-a7b93448ef7cc2b5af0881f3b5a7b901\">En aquest espai <strong><a href=\"https:\/\/projectes.xtec.cat\/acollidasuport\/vincles\/\" target=\"_blank\" rel=\"noreferrer noopener\">Nodes <\/a><\/strong>trobareu tots els materials de Vincles:<strong> <a href=\"https:\/\/repositori.educacio.gencat.cat\/handle\/20.500.12694\/3052#page=1\" target=\"_blank\" rel=\"noreferrer noopener\">llibre de l\u2019alumne<\/a><\/strong>,<strong> <a href=\"https:\/\/repositori.educacio.gencat.cat\/handle\/20.500.12694\/3066#page=2\" target=\"_blank\" rel=\"noreferrer noopener\">quaderns d\u2019exercicis<\/a><\/strong>, <a href=\"https:\/\/repositori.educacio.gencat.cat\/handle\/20.500.12694\/3067#page=1\" target=\"_blank\" rel=\"noreferrer noopener\"><strong>vincles guia did\u00e0ctica<\/strong><\/a>, <a href=\"https:\/\/www.edu365.cat\/flash\/vincles\/vincles1\/index.html\" target=\"_blank\" rel=\"noreferrer noopener\"><strong>interactiu<\/strong><\/a> i tamb\u00e9 els arxius sonors que s\u2019utilitzen a cada exercici.<\/p>\n\n\n\n<p><\/p>\n<\/details>\n\n\n\n<details class=\"wp-block-details has-ast-global-color-0-color has-text-color has-link-color has-medium-font-size wp-elements-ed077ff0664c96f7176c4aeea87d7b35 is-layout-flow wp-block-details-is-layout-flow\"><summary>Habilitat ling\u00fc\u00edstica \/ Nivell MECR \/ Etapa educativa<\/summary>\n<p class=\"has-black-color has-text-color has-link-color has-small-font-size wp-elements-5b9fca760b51cbbcb1cb821995ab0e4c\">Comprensi\u00f3 Oral &#8211; Expressi\u00f3 Oral &#8211; Comprensi\u00f3 Escrita &#8211; Expressi\u00f3 Escrita<\/p>\n\n\n\n<p class=\"has-black-color has-text-color has-link-color has-small-font-size wp-elements-4ac454206a41b87f732a1a18e8c5947a\">Nivell A1<\/p>\n\n\n\n<p class=\"has-black-color has-text-color has-link-color has-small-font-size wp-elements-4b76d808cb1df8758cb5ff1ea34c1c23\">Prim\u00e0ria i Secund\u00e0ria<\/p>\n\n\n\n<p><\/p>\n<\/details>\n\n\n\n<div class=\"wp-block-columns is-layout-flex wp-container-core-columns-is-layout-1 wp-block-columns-is-layout-flex\">\n<div class=\"wp-block-column is-layout-flow wp-block-column-is-layout-flow\">\n<div class=\"wp-block-getwid-icon-box has-icon-left has-text-center\"><div class=\"wp-block-getwid-icon-box__icon-container is-position-top\"><div class=\"wp-block-getwid-icon-box__icon-wrapper has-text-color has-ast-global-color-0-color\" style=\"font-size:30px\"><i class=\"fas fa-print\"><\/i><\/div><\/div><div class=\"wp-block-getwid-icon-box__content\">\n<h3 class=\"wp-block-heading has-small-font-size\"><\/h3>\n\n\n\n<p><\/p>\n<\/div><\/div>\n<\/div>\n\n\n\n<div class=\"wp-block-column is-layout-flow wp-block-column-is-layout-flow\">\n<div class=\"wp-block-getwid-icon-box has-icon-left has-text-center\"><div class=\"wp-block-getwid-icon-box__icon-container is-position-top\"><div class=\"wp-block-getwid-icon-box__icon-wrapper has-text-color has-ast-global-color-0-color\" style=\"font-size:30px\"><i class=\"fas fa-file-audio\"><\/i><\/div><\/div><div class=\"wp-block-getwid-icon-box__content\">\n<h3 class=\"wp-block-heading has-small-font-size\"><\/h3>\n\n\n\n<p><\/p>\n<\/div><\/div>\n<\/div>\n\n\n\n<div class=\"wp-block-column is-layout-flow wp-block-column-is-layout-flow\">\n<div class=\"wp-block-getwid-icon-box has-icon-left has-text-center\"><div class=\"wp-block-getwid-icon-box__icon-container is-position-top\"><div class=\"wp-block-getwid-icon-box__icon-wrapper has-text-color has-ast-global-color-0-color\" style=\"font-size:30px\"><i class=\"fas fa-file-pdf\"><\/i><\/div><\/div><div class=\"wp-block-getwid-icon-box__content\">\n<h3 class=\"wp-block-heading has-small-font-size\"><\/h3>\n\n\n\n<p><\/p>\n<\/div><\/div>\n<\/div>\n<\/div>\n<\/div><\/div>\n<\/div>\n\n\n\n<div class=\"wp-block-group wp-embed-aspect-16-9 wp-has-aspect-ratio is-layout-constrained wp-block-group-is-layout-constrained\" style=\"margin-top:0;margin-right:0;margin-bottom:0;margin-left:0\">\n<div class=\"wp-block-getwid-advanced-heading\"><span class=\"wp-block-getwid-advanced-heading__content has-text-color has-white-color has-background has-ast-global-color-0-background-color\" style=\"text-align:left\"><strong>4 cats<\/strong>. Sinceritat <\/span><\/div>\n\n\n\n<div class=\"wp-block-columns is-layout-flex wp-container-core-columns-is-layout-2 wp-block-columns-is-layout-flex\" style=\"margin-top:0;margin-bottom:0;padding-top:var(--wp--preset--spacing--30);padding-bottom:var(--wp--preset--spacing--30)\">\n<div class=\"wp-block-column is-layout-flow wp-block-column-is-layout-flow\">\n<figure class=\"wp-block-embed is-type-video is-provider-youtube wp-block-embed-youtube wp-embed-aspect-16-9 wp-has-aspect-ratio\"><div class=\"wp-block-embed__wrapper\">\n<div class=\"ast-oembed-container \" style=\"height: 100%;\"><iframe loading=\"lazy\" title=\"4 cats - La sinceritat\" width=\"500\" height=\"281\" src=\"https:\/\/www.youtube.com\/embed\/GpIk2b8pxYk?feature=oembed\" frameborder=\"0\" allow=\"accelerometer; autoplay; clipboard-write; encrypted-media; gyroscope; picture-in-picture; web-share\" referrerpolicy=\"strict-origin-when-cross-origin\" allowfullscreen><\/iframe><\/div>\n<\/div><\/figure>\n<\/div>\n\n\n\n<div class=\"wp-block-column is-layout-flow wp-block-column-is-layout-flow\">\n<p class=\"has-black-color has-text-color has-link-color has-medium-font-size wp-elements-1f3ff40d0840f375834b9d496277559a\">4 cats &#8211; Sinceritat<\/p>\n\n\n\n<details class=\"wp-block-details has-ast-global-color-0-color has-text-color has-link-color has-medium-font-size wp-elements-714e68ef608f09de68e24442ad70d685 is-layout-flow wp-block-details-is-layout-flow\"><summary>Descripci\u00f3<\/summary>\n<p class=\"has-black-color has-text-color has-link-color has-small-font-size wp-elements-dd188bcb07c2660ddb3c68cbd54f597f\"><strong><a href=\"https:\/\/youtu.be\/GpIk2b8pxYk\" target=\"_blank\" rel=\"noreferrer noopener\">V\u00eddeos<\/a><\/strong> per aprendre catal\u00e0: 4 cats<br>L&#8217;Institut Ramon Llull ofereix 20 cap\u00edtols d&#8217;una s\u00e8rie amb cinc personatges diferents que parlen catal\u00e0 amb accents diversos. 4 cats \u00e9s un material divertit i \u00fatil per millorar el vocabulari, la comprensi\u00f3 oral i les expressions en llengua catalana.<br>Es poden veure tots els cap\u00edtols per ordre cronol\u00f2gic, per\u00f2 tamb\u00e9 es poden classificar per grau de dificultat (nivell baix, mitj\u00e0 i alt). A<strong> <a href=\"https:\/\/4cats.llull.cat\/4cats\/detall.cfm\/CAPITOL\/6\/ID\/26828\/CAT\/la-sinceritat.html\" target=\"_blank\" rel=\"noreferrer noopener\">la p\u00e0gina web 4 cats<\/a><\/strong> tamb\u00e9 hi trobareu la transcripci\u00f3 de les converses, una explicaci\u00f3 sobre el context socioling\u00fc\u00edstic, l&#8217;explicaci\u00f3 d&#8217;algun aspecte gramatical i el significat de paraules i expressions dif\u00edcils.<\/p>\n\n\n\n<p class=\"has-black-color has-text-color has-link-color has-small-font-size wp-elements-90e341d545c7081653267de3c6bf73d7\"><\/p>\n\n\n\n<p class=\"has-black-color has-text-color has-link-color has-small-font-size wp-elements-bf8020c836a5ebe0c2ef0eb1c49e61f5\"><\/p>\n<\/details>\n\n\n\n<details class=\"wp-block-details has-ast-global-color-0-color has-text-color has-link-color has-medium-font-size wp-elements-46e75d1a887209af364bee4848e008ed is-layout-flow wp-block-details-is-layout-flow\"><summary>Habilitat ling\u00fc\u00edstica \/ Nivell MECR \/ Etapa educativa<\/summary>\n<p class=\"has-black-color has-text-color has-link-color has-small-font-size wp-elements-233148ab977a204af0cee70dd44a5fc0\">Comprensi\u00f3 Oral &#8211; Expressi\u00f3 Oral<\/p>\n\n\n\n<p class=\"has-black-color has-text-color has-link-color has-small-font-size wp-elements-5025e4074977d248513d42c4f601129c\">Nivell B1<\/p>\n\n\n\n<p class=\"has-black-color has-text-color has-link-color has-small-font-size wp-elements-b16bbc381c1fa3471a463e65585ded17\">Secund\u00e0ria<\/p>\n<\/details>\n\n\n\n<div class=\"wp-block-getwid-icon-box has-icon-left has-text-left\"><div class=\"wp-block-getwid-icon-box__icon-container is-position-middle\"><div class=\"wp-block-getwid-icon-box__icon-wrapper has-text-color has-ast-global-color-0-color\" style=\"font-size:30px\"><i class=\"fas fa-video\"><\/i><\/div><\/div><div class=\"wp-block-getwid-icon-box__content\">\n<h3 class=\"wp-block-heading has-ast-global-color-0-color has-text-color has-link-color has-small-font-size wp-elements-7d3045fcc8aa81a132ebe7d40b0ef5b6\"><\/h3>\n<\/div><\/div>\n<\/div>\n<\/div>\n<\/div>\n\n\n\n<div class=\"wp-block-group is-layout-constrained wp-block-group-is-layout-constrained\">\n<div class=\"wp-block-getwid-advanced-heading\"><span class=\"wp-block-getwid-advanced-heading__content has-text-color has-white-color has-background has-ast-global-color-0-background-color\" style=\"text-align:left\"><strong>Comencem.<\/strong> Els oficis<\/span><\/div>\n\n\n\n<div class=\"wp-block-media-text is-stacked-on-mobile\" style=\"margin-top:var(--wp--preset--spacing--30);margin-bottom:var(--wp--preset--spacing--30);grid-template-columns:18% auto\"><figure class=\"wp-block-media-text__media\"><a href=\"https:\/\/projectes.xtec.cat\/aula-acollida\/wp-content\/uploads\/usu59\/2025\/11\/Comencem-12-Els_oficis.pdf\" target=\"_blank\" rel=\" noreferrer noopener\"><img loading=\"lazy\" decoding=\"async\" width=\"742\" height=\"565\" src=\"https:\/\/projectes.xtec.cat\/aula-acollida\/wp-content\/uploads\/usu59\/2025\/11\/Comencem-Els-oficis.png\" alt=\"\" class=\"wp-image-10252 size-full\" srcset=\"https:\/\/projectes.xtec.cat\/aula-acollida\/wp-content\/uploads\/usu59\/2025\/11\/Comencem-Els-oficis.png 742w, https:\/\/projectes.xtec.cat\/aula-acollida\/wp-content\/uploads\/usu59\/2025\/11\/Comencem-Els-oficis-300x228.png 300w\" sizes=\"auto, (max-width: 742px) 100vw, 742px\" \/><\/a><\/figure><div class=\"wp-block-media-text__content\">\n<details class=\"wp-block-details has-ast-global-color-0-color has-text-color has-link-color has-medium-font-size wp-elements-16b9ce9eaf902aad57a2cfac9684cee1 is-layout-flow wp-block-details-is-layout-flow\"><summary>Descripci\u00f3<\/summary>\n<p class=\"has-black-color has-text-color has-link-color has-small-font-size wp-elements-66462bbdb5cf091814ca5ebaa221f8fc\"><em>Comencem <\/em>\u00e9s un material que ofereix un conjunt d\u2019activitats i propostes did\u00e0ctiques per facilitar l\u2019aprenentatge de la llengua catalana a l\u2019alumnat nouvingut que s\u2019acaba d\u2019incorporar al nostre sistema educatiu. En la<strong><a href=\"https:\/\/projectes.xtec.cat\/aula-acollida\/wp-content\/uploads\/usu59\/2025\/11\/Comencem-12-Els_oficis.pdf\" target=\"_blank\" rel=\"noreferrer noopener\"> unitat 12<\/a><\/strong> del <em>Comencem <\/em>es treballa el l\u00e8xic relacionat amb els oficis i el m\u00f3n laboral. A la <strong><a href=\"https:\/\/projectes.xtec.cat\/aula-acollida\/wp-content\/uploads\/usu59\/2025\/07\/Comencem-La-familia-guia-didactica.pdf\" target=\"_blank\" rel=\"noreferrer noopener\">guia did\u00e0ctica<\/a><\/strong> trobareu les indicacions necess\u00e0ries per utilitzar el recurs a l&#8217;aula.<\/p>\n\n\n\n<p><\/p>\n\n\n\n<p class=\"has-black-color has-text-color has-link-color has-small-font-size wp-elements-c4df2cb1d8120f5764d7a15122b85783\"><\/p>\n\n\n\n<p><\/p>\n<\/details>\n\n\n\n<details class=\"wp-block-details has-ast-global-color-0-color has-text-color has-link-color has-medium-font-size wp-elements-1eef558505fbb1a93088c120e42e56de is-layout-flow wp-block-details-is-layout-flow\"><summary>Habilitat ling\u00fc\u00edstica \/ Nivell MECR \/ Etapa educativa<\/summary>\n<p class=\"has-black-color has-text-color has-link-color has-small-font-size wp-elements-a82f4a3e1778615036f3f23ca5bef429\">Expressi\u00f3 Escrita &#8211; Comprensi\u00f3 Escrita<\/p>\n\n\n\n<p class=\"has-black-color has-text-color has-link-color has-small-font-size wp-elements-4ac454206a41b87f732a1a18e8c5947a\">Nivell A1<\/p>\n\n\n\n<p class=\"has-black-color has-text-color has-link-color has-small-font-size wp-elements-4b76d808cb1df8758cb5ff1ea34c1c23\">Prim\u00e0ria i Secund\u00e0ria<\/p>\n\n\n\n<p><\/p>\n<\/details>\n\n\n\n<div class=\"wp-block-columns is-layout-flex wp-container-core-columns-is-layout-3 wp-block-columns-is-layout-flex\">\n<div class=\"wp-block-column is-layout-flow wp-block-column-is-layout-flow\">\n<div class=\"wp-block-getwid-icon-box has-icon-left has-text-center\"><div class=\"wp-block-getwid-icon-box__icon-container is-position-top\"><div class=\"wp-block-getwid-icon-box__icon-wrapper has-text-color has-ast-global-color-0-color\" style=\"font-size:30px\"><i class=\"fas fa-file-pdf\"><\/i><\/div><\/div><div class=\"wp-block-getwid-icon-box__content\">\n<h3 class=\"wp-block-heading has-small-font-size\"><\/h3>\n\n\n\n<p><\/p>\n<\/div><\/div>\n<\/div>\n\n\n\n<div class=\"wp-block-column is-layout-flow wp-block-column-is-layout-flow\"><\/div>\n\n\n\n<div class=\"wp-block-column is-layout-flow wp-block-column-is-layout-flow\"><\/div>\n<\/div>\n<\/div><\/div>\n<\/div>\n\n\n\n<div class=\"wp-block-group is-layout-constrained wp-block-group-is-layout-constrained\">\n<div class=\"wp-block-getwid-advanced-heading\"><span class=\"wp-block-getwid-advanced-heading__content has-text-color has-white-color has-background has-ast-global-color-0-background-color\" style=\"text-align:left\"><strong>Contes per parlar<\/strong><\/span><\/div>\n\n\n\n<div class=\"wp-block-media-text is-stacked-on-mobile\" style=\"margin-top:var(--wp--preset--spacing--30);margin-bottom:var(--wp--preset--spacing--30);grid-template-columns:16% auto\"><figure class=\"wp-block-media-text__media\"><a href=\"https:\/\/projectes.xtec.cat\/aula-acollida\/wp-content\/uploads\/usu59\/2025\/07\/contes-per-parlar.pdf\" target=\"_blank\" rel=\" noreferrer noopener\"><img loading=\"lazy\" decoding=\"async\" width=\"583\" height=\"889\" src=\"https:\/\/projectes.xtec.cat\/aula-acollida\/wp-content\/uploads\/usu59\/2025\/07\/contes-per-parlar.png\" alt=\"\" class=\"wp-image-8916 size-full\" srcset=\"https:\/\/projectes.xtec.cat\/aula-acollida\/wp-content\/uploads\/usu59\/2025\/07\/contes-per-parlar.png 583w, https:\/\/projectes.xtec.cat\/aula-acollida\/wp-content\/uploads\/usu59\/2025\/07\/contes-per-parlar-197x300.png 197w\" sizes=\"auto, (max-width: 583px) 100vw, 583px\" \/><\/a><\/figure><div class=\"wp-block-media-text__content\">\n<details class=\"wp-block-details has-ast-global-color-0-color has-text-color has-link-color has-medium-font-size wp-elements-5b35e9512c5ed06a05d0fb2787b3bce8 is-layout-flow wp-block-details-is-layout-flow\"><summary>Descripci\u00f3<\/summary>\n<p class=\"has-black-color has-text-color has-link-color has-small-font-size wp-elements-5d8243849b089fc1abecc901d0c78922\">A partir de la lectura d\u2019uns contes, es donen les eines necess\u00e0ries per motivar la conversa a fi que els aprenents puguin parlar, fora de l\u2019aula, en un context real, relaxat i quotidi\u00e0, amb una persona catalanoparlant. El conte <strong><em><a href=\"https:\/\/projectes.xtec.cat\/aula-acollida\/wp-content\/uploads\/usu59\/2025\/07\/contes-per-parlar.pdf\" target=\"_blank\" rel=\"noreferrer noopener\">Un \u00e0pat diferent<\/a><\/em><\/strong> (p\u00e0gs. 7-21) ens permet ampliar el vocabulari de les rutines aliment\u00e0ries.<\/p>\n<\/details>\n\n\n\n<details class=\"wp-block-details has-ast-global-color-0-color has-text-color has-link-color has-medium-font-size wp-elements-e1c1a9dda3416a834540269bc805df41 is-layout-flow wp-block-details-is-layout-flow\"><summary>Habilitat ling\u00fc\u00edstica \/ Nivell MECR \/ Etapa educativa<\/summary>\n<p class=\"has-black-color has-text-color has-link-color has-small-font-size wp-elements-e2e9a4bcd7e8ed0efc3689ffe6df9ad4\">Comprensi\u00f3 Oral &#8211; Expressi\u00f3 Oral &#8211; Comprensi\u00f3 Escrita<\/p>\n\n\n\n<p class=\"has-black-color has-text-color has-link-color has-small-font-size wp-elements-5025e4074977d248513d42c4f601129c\">Nivell B1<\/p>\n\n\n\n<p class=\"has-black-color has-text-color has-link-color has-small-font-size wp-elements-b16bbc381c1fa3471a463e65585ded17\">Secund\u00e0ria<\/p>\n\n\n\n<p><\/p>\n<\/details>\n\n\n\n<div class=\"wp-block-columns is-layout-flex wp-container-core-columns-is-layout-4 wp-block-columns-is-layout-flex\">\n<div class=\"wp-block-column is-layout-flow wp-block-column-is-layout-flow\">\n<div class=\"wp-block-getwid-icon-box has-icon-left has-text-center\"><div class=\"wp-block-getwid-icon-box__icon-container is-position-middle\"><div class=\"wp-block-getwid-icon-box__icon-wrapper has-text-color has-ast-global-color-0-color\" style=\"font-size:30px\"><i class=\"fas fa-print\"><\/i><\/div><\/div><div class=\"wp-block-getwid-icon-box__content\">\n<h3 class=\"wp-block-heading has-small-font-size\"><\/h3>\n\n\n\n<p><\/p>\n<\/div><\/div>\n<\/div>\n\n\n\n<div class=\"wp-block-column is-layout-flow wp-block-column-is-layout-flow\">\n<div class=\"wp-block-getwid-icon-box has-icon-left has-text-center\"><div class=\"wp-block-getwid-icon-box__icon-container is-position-middle\"><div class=\"wp-block-getwid-icon-box__icon-wrapper has-text-color has-ast-global-color-0-color\" style=\"font-size:30px\"><i class=\"fas fa-file-pdf\"><\/i><\/div><\/div><div class=\"wp-block-getwid-icon-box__content\">\n<h3 class=\"wp-block-heading has-small-font-size\"><\/h3>\n\n\n\n<p><\/p>\n<\/div><\/div>\n<\/div>\n\n\n\n<div class=\"wp-block-column is-layout-flow wp-block-column-is-layout-flow\"><\/div>\n<\/div>\n<\/div><\/div>\n<\/div>\n\n\n\n<div class=\"wp-block-group is-layout-constrained wp-block-group-is-layout-constrained\">\n<div class=\"wp-block-getwid-advanced-heading\"><span class=\"wp-block-getwid-advanced-heading__content has-text-color has-white-color has-background has-ast-global-color-0-background-color\" style=\"text-align:left\"><strong>Enrola&#8217;t<\/strong>.<strong> <\/strong>Disculpeu, tinc gana!<\/span><\/div>\n\n\n\n<div class=\"wp-block-media-text is-stacked-on-mobile\" style=\"margin-top:var(--wp--preset--spacing--30);margin-bottom:var(--wp--preset--spacing--30);grid-template-columns:16% auto\"><figure class=\"wp-block-media-text__media\"><a href=\"https:\/\/projectes.xtec.cat\/aula-acollida\/wp-content\/uploads\/usu59\/2025\/07\/Enrolat-Disculpeu-tinc-gana.pdf\" target=\"_blank\" rel=\" noreferrer noopener\"><img loading=\"lazy\" decoding=\"async\" width=\"1024\" height=\"707\" src=\"https:\/\/projectes.xtec.cat\/aula-acollida\/wp-content\/uploads\/usu59\/2025\/07\/enrlat-disculpeu-tinc-gana-1024x707.png\" alt=\"\" class=\"wp-image-8944 size-full\" srcset=\"https:\/\/projectes.xtec.cat\/aula-acollida\/wp-content\/uploads\/usu59\/2025\/07\/enrlat-disculpeu-tinc-gana-1024x707.png 1024w, https:\/\/projectes.xtec.cat\/aula-acollida\/wp-content\/uploads\/usu59\/2025\/07\/enrlat-disculpeu-tinc-gana-300x207.png 300w, https:\/\/projectes.xtec.cat\/aula-acollida\/wp-content\/uploads\/usu59\/2025\/07\/enrlat-disculpeu-tinc-gana-768x530.png 768w, https:\/\/projectes.xtec.cat\/aula-acollida\/wp-content\/uploads\/usu59\/2025\/07\/enrlat-disculpeu-tinc-gana.png 1222w\" sizes=\"auto, (max-width: 1024px) 100vw, 1024px\" \/><\/a><\/figure><div class=\"wp-block-media-text__content\">\n<details class=\"wp-block-details has-ast-global-color-0-color has-text-color has-link-color has-medium-font-size wp-elements-ae11e3f0cf4635429cd4fd157bc40f80 is-layout-flow wp-block-details-is-layout-flow\"><summary>Descripci\u00f3<\/summary>\n<p class=\"has-black-color has-text-color has-link-color has-small-font-size wp-elements-acaf0ff85f5ed0da6dfaecf9d275e597\"><strong><a href=\"https:\/\/projectes.xtec.cat\/aula-acollida\/wp-content\/uploads\/usu59\/2025\/07\/Enrolat-Disculpeu-tinc-gana.pdf\" target=\"_blank\" rel=\"noreferrer noopener\">Recurs<\/a><\/strong> per treballar la llengua oral a l\u2019escola. Aplega un recull de situacions comunicatives amb la finalitat de fomentar la interacci\u00f3 entre els alumnes. La t\u00e8cnica utilitzada \u00e9s el joc de rol.<\/p>\n\n\n\n<p class=\"has-black-color has-text-color has-link-color has-small-font-size wp-elements-9edccaf10d283e483c3190320ea1c88b\">A la<strong> <a href=\"https:\/\/projectes.xtec.cat\/aula-acollida\/wp-content\/uploads\/usu59\/2025\/07\/guia-didactica-enrolat.pdf\" target=\"_blank\" rel=\"noreferrer noopener\">guia did\u00e0ctica<\/a><\/strong> trobareu les indicacions necess\u00e0ries per utilitzar el recurs a l\u2019aula.<\/p>\n\n\n\n<p><\/p>\n<\/details>\n\n\n\n<details class=\"wp-block-details has-ast-global-color-0-color has-text-color has-link-color has-medium-font-size wp-elements-b735bdef463c88025f2ebf6fe99dd6ed is-layout-flow wp-block-details-is-layout-flow\"><summary>Habilitat ling\u00fc\u00edstica \/ Nivell MECR \/ Etapa educativa<\/summary>\n<p class=\"has-black-color has-text-color has-link-color has-small-font-size wp-elements-5fed40e6b3eeb295312aec557bbc3260\">Expressi\u00f3 Oral &#8211; Comprensi\u00f3 Oral <\/p>\n\n\n\n<p class=\"has-black-color has-text-color has-link-color has-small-font-size wp-elements-410ac2b0b127132d1093a6fe886457fc\">Nivell A1 &#8211; A2 &#8211; B1<\/p>\n\n\n\n<p class=\"has-black-color has-text-color has-link-color has-small-font-size wp-elements-4b76d808cb1df8758cb5ff1ea34c1c23\">Prim\u00e0ria i Secund\u00e0ria<\/p>\n\n\n\n<p><\/p>\n<\/details>\n\n\n\n<div class=\"wp-block-columns is-layout-flex wp-container-core-columns-is-layout-5 wp-block-columns-is-layout-flex\">\n<div class=\"wp-block-column is-layout-flow wp-block-column-is-layout-flow\">\n<div class=\"wp-block-getwid-icon-box has-icon-left has-text-center\"><div class=\"wp-block-getwid-icon-box__icon-container is-position-middle\"><div class=\"wp-block-getwid-icon-box__icon-wrapper has-text-color has-ast-global-color-0-color\" style=\"font-size:30px\"><i class=\"fas fa-print\"><\/i><\/div><\/div><div class=\"wp-block-getwid-icon-box__content\">\n<h3 class=\"wp-block-heading has-small-font-size\"><\/h3>\n\n\n\n<p><\/p>\n<\/div><\/div>\n<\/div>\n\n\n\n<div class=\"wp-block-column is-layout-flow wp-block-column-is-layout-flow\">\n<div class=\"wp-block-getwid-icon-box has-icon-left has-text-center\"><div class=\"wp-block-getwid-icon-box__icon-container is-position-middle\"><div class=\"wp-block-getwid-icon-box__icon-wrapper has-text-color has-ast-global-color-0-color\" style=\"font-size:30px\"><i class=\"fas fa-file-pdf\"><\/i><\/div><\/div><div class=\"wp-block-getwid-icon-box__content\">\n<h3 class=\"wp-block-heading has-small-font-size\"><\/h3>\n\n\n\n<p><\/p>\n<\/div><\/div>\n<\/div>\n\n\n\n<div class=\"wp-block-column is-layout-flow wp-block-column-is-layout-flow\"><\/div>\n<\/div>\n<\/div><\/div>\n<\/div>\n\n\n\n<div class=\"wp-block-group is-layout-constrained wp-block-group-is-layout-constrained\">\n<div class=\"wp-block-getwid-advanced-heading\"><span class=\"wp-block-getwid-advanced-heading__content has-text-color has-white-color has-background has-ast-global-color-0-background-color\" style=\"text-align:left\"><strong>Enrola&#8217;t<\/strong>.<strong> <\/strong>Qu\u00e8 em posar\u00e9 dem\u00e0?<\/span><\/div>\n\n\n\n<div class=\"wp-block-media-text is-stacked-on-mobile\" style=\"margin-top:var(--wp--preset--spacing--30);margin-bottom:var(--wp--preset--spacing--30);grid-template-columns:16% auto\"><figure class=\"wp-block-media-text__media\"><a href=\"https:\/\/projectes.xtec.cat\/aula-acollida\/wp-content\/uploads\/usu59\/2025\/07\/enrolat-que-em-posare-dema.pdf\" target=\"_blank\" rel=\" noreferrer noopener\"><img loading=\"lazy\" decoding=\"async\" width=\"511\" height=\"184\" src=\"https:\/\/projectes.xtec.cat\/aula-acollida\/wp-content\/uploads\/usu59\/2025\/07\/enrolat-que-em-posare-dema.png\" alt=\"\" class=\"wp-image-8954 size-full\" srcset=\"https:\/\/projectes.xtec.cat\/aula-acollida\/wp-content\/uploads\/usu59\/2025\/07\/enrolat-que-em-posare-dema.png 511w, https:\/\/projectes.xtec.cat\/aula-acollida\/wp-content\/uploads\/usu59\/2025\/07\/enrolat-que-em-posare-dema-300x108.png 300w\" sizes=\"auto, (max-width: 511px) 100vw, 511px\" \/><\/a><\/figure><div class=\"wp-block-media-text__content\">\n<details class=\"wp-block-details has-ast-global-color-0-color has-text-color has-link-color has-medium-font-size wp-elements-8f1d8501bddb44f2803a52807f49f60a is-layout-flow wp-block-details-is-layout-flow\"><summary>Descripci\u00f3<\/summary>\n<p class=\"has-black-color has-text-color has-link-color has-small-font-size wp-elements-9fe22744231b8304393a61d4be933b06\"><strong><a href=\"https:\/\/projectes.xtec.cat\/aula-acollida\/wp-content\/uploads\/usu59\/2025\/07\/enrolat-que-em-posare-dema.pdf\" target=\"_blank\" rel=\"noreferrer noopener\">Recurs<\/a><\/strong> per treballar la llengua oral a l\u2019escola. Aplega un recull de situacions comunicatives amb la finalitat de fomentar la interacci\u00f3 entre els alumnes. La t\u00e8cnica utilitzada \u00e9s el joc de rol.<\/p>\n\n\n\n<p class=\"has-black-color has-text-color has-link-color has-small-font-size wp-elements-8d2d9bf57088a8817fd0249e56a67c6a\">A la <strong><a href=\"https:\/\/projectes.xtec.cat\/aula-acollida\/wp-content\/uploads\/usu59\/2025\/07\/guia-didactica-enrolat.pdf\" target=\"_blank\" rel=\"noreferrer noopener\">guia did\u00e0ctica<\/a> <\/strong>trobareu les indicacions necess\u00e0ries per utilitzar el recurs a l\u2019aula.<\/p>\n\n\n\n<p><\/p>\n<\/details>\n\n\n\n<details class=\"wp-block-details has-ast-global-color-0-color has-text-color has-link-color has-medium-font-size wp-elements-b735bdef463c88025f2ebf6fe99dd6ed is-layout-flow wp-block-details-is-layout-flow\"><summary>Habilitat ling\u00fc\u00edstica \/ Nivell MECR \/ Etapa educativa<\/summary>\n<p class=\"has-black-color has-text-color has-link-color has-small-font-size wp-elements-5fed40e6b3eeb295312aec557bbc3260\">Expressi\u00f3 Oral &#8211; Comprensi\u00f3 Oral <\/p>\n\n\n\n<p class=\"has-black-color has-text-color has-link-color has-small-font-size wp-elements-410ac2b0b127132d1093a6fe886457fc\">Nivell A1 &#8211; A2 &#8211; B1<\/p>\n\n\n\n<p class=\"has-black-color has-text-color has-link-color has-small-font-size wp-elements-4b76d808cb1df8758cb5ff1ea34c1c23\">Prim\u00e0ria i Secund\u00e0ria<\/p>\n\n\n\n<p><\/p>\n<\/details>\n\n\n\n<div class=\"wp-block-columns is-layout-flex wp-container-core-columns-is-layout-6 wp-block-columns-is-layout-flex\">\n<div class=\"wp-block-column is-layout-flow wp-block-column-is-layout-flow\">\n<div class=\"wp-block-getwid-icon-box has-icon-left has-text-center\"><div class=\"wp-block-getwid-icon-box__icon-container is-position-middle\"><div class=\"wp-block-getwid-icon-box__icon-wrapper has-text-color has-ast-global-color-0-color\" style=\"font-size:30px\"><i class=\"fas fa-print\"><\/i><\/div><\/div><div class=\"wp-block-getwid-icon-box__content\">\n<h3 class=\"wp-block-heading has-small-font-size\"><\/h3>\n\n\n\n<p><\/p>\n<\/div><\/div>\n<\/div>\n\n\n\n<div class=\"wp-block-column is-layout-flow wp-block-column-is-layout-flow\">\n<div class=\"wp-block-getwid-icon-box has-icon-left has-text-center\"><div class=\"wp-block-getwid-icon-box__icon-container is-position-middle\"><div class=\"wp-block-getwid-icon-box__icon-wrapper has-text-color has-ast-global-color-0-color\" style=\"font-size:30px\"><i class=\"fas fa-file-pdf\"><\/i><\/div><\/div><div class=\"wp-block-getwid-icon-box__content\">\n<h3 class=\"wp-block-heading has-small-font-size\"><\/h3>\n\n\n\n<p><\/p>\n<\/div><\/div>\n<\/div>\n\n\n\n<div class=\"wp-block-column is-layout-flow wp-block-column-is-layout-flow\"><\/div>\n<\/div>\n<\/div><\/div>\n<\/div>\n\n\n\n<div class=\"wp-block-group is-layout-constrained wp-block-group-is-layout-constrained\">\n<div class=\"wp-block-getwid-advanced-heading\"><span class=\"wp-block-getwid-advanced-heading__content has-text-color has-white-color has-background has-ast-global-color-0-background-color\" style=\"text-align:left\"><strong>Llegir per parlar, llegir per aprendre<\/strong>. Esmorzar a casa<\/span><\/div>\n\n\n\n<div class=\"wp-block-media-text is-stacked-on-mobile\" style=\"margin-top:var(--wp--preset--spacing--30);margin-bottom:var(--wp--preset--spacing--30);grid-template-columns:16% auto\"><figure class=\"wp-block-media-text__media\"><a href=\"https:\/\/projectes.xtec.cat\/aula-acollida\/wp-content\/uploads\/usu59\/2025\/07\/llegir-per-parlar-esmorzar-a-casa.pdf\" target=\"_blank\" rel=\" noreferrer noopener\"><img loading=\"lazy\" decoding=\"async\" width=\"570\" height=\"714\" src=\"https:\/\/projectes.xtec.cat\/aula-acollida\/wp-content\/uploads\/usu59\/2025\/07\/esmozar-a-casa.png\" alt=\"\" class=\"wp-image-8929 size-full\" srcset=\"https:\/\/projectes.xtec.cat\/aula-acollida\/wp-content\/uploads\/usu59\/2025\/07\/esmozar-a-casa.png 570w, https:\/\/projectes.xtec.cat\/aula-acollida\/wp-content\/uploads\/usu59\/2025\/07\/esmozar-a-casa-239x300.png 239w\" sizes=\"auto, (max-width: 570px) 100vw, 570px\" \/><\/a><\/figure><div class=\"wp-block-media-text__content\">\n<details class=\"wp-block-details has-ast-global-color-0-color has-text-color has-link-color has-medium-font-size wp-elements-3b7f32615a0d146d89383775e1cbfc9b is-layout-flow wp-block-details-is-layout-flow\"><summary>Descripci\u00f3<\/summary>\n<p class=\"has-black-color has-text-color has-link-color has-small-font-size wp-elements-9a1b181d2e334b14b97e9cd76f55a052\">Aquest <strong><a href=\"https:\/\/projectes.xtec.cat\/aula-acollida\/wp-content\/uploads\/usu59\/2025\/07\/llegir-per-parlar-esmorzar-a-casa.pdf\" target=\"_blank\" rel=\"noreferrer noopener\">recurs<\/a> <\/strong>t\u00e9 la finalitat de refor\u00e7ar l\u2019aprenentatge i l\u2019\u00fas de la llengua a trav\u00e9s de la lectura. Proposa activitats de conversa a partir de la lectura de textos reals de tipologia diversa. En aquest cas el punt de partida \u00e9s una campanya publicit\u00e0ria. La <strong><a href=\"https:\/\/projectes.xtec.cat\/aula-acollida\/wp-content\/uploads\/usu59\/2025\/07\/guia-dus-llegir-per-parlar-llegir-per-aprendre.pdf\" target=\"_blank\" rel=\"noreferrer noopener\">guia d\u2019\u00fas dels materials<\/a><\/strong> cont\u00e9 les orientacions did\u00e0ctiques que cal tenir en compte per treballar la lectura en parella.<\/p>\n<\/details>\n\n\n\n<details class=\"wp-block-details has-ast-global-color-0-color has-text-color has-link-color has-medium-font-size wp-elements-a477029907fe92ec08198b34c00afb70 is-layout-flow wp-block-details-is-layout-flow\"><summary>Habilitat ling\u00fc\u00edstica \/ Nivell MECR \/ Etapa educativa<\/summary>\n<p class=\"has-black-color has-text-color has-link-color has-small-font-size wp-elements-5b9fca760b51cbbcb1cb821995ab0e4c\">Comprensi\u00f3 Oral &#8211; Expressi\u00f3 Oral &#8211; Comprensi\u00f3 Escrita &#8211; Expressi\u00f3 Escrita<\/p>\n\n\n\n<p class=\"has-black-color has-text-color has-link-color has-small-font-size wp-elements-5b4195fb06edb38c681bbcbec289072b\">Nivell A2<\/p>\n\n\n\n<p class=\"has-black-color has-text-color has-link-color has-small-font-size wp-elements-4b76d808cb1df8758cb5ff1ea34c1c23\">Prim\u00e0ria i Secund\u00e0ria<\/p>\n\n\n\n<p><\/p>\n<\/details>\n\n\n\n<div class=\"wp-block-columns is-layout-flex wp-container-core-columns-is-layout-7 wp-block-columns-is-layout-flex\">\n<div class=\"wp-block-column is-layout-flow wp-block-column-is-layout-flow\">\n<div class=\"wp-block-getwid-icon-box has-icon-left has-text-center\"><div class=\"wp-block-getwid-icon-box__icon-container is-position-middle\"><div class=\"wp-block-getwid-icon-box__icon-wrapper has-text-color has-ast-global-color-0-color\" style=\"font-size:30px\"><i class=\"fas fa-print\"><\/i><\/div><\/div><div class=\"wp-block-getwid-icon-box__content\">\n<h3 class=\"wp-block-heading has-small-font-size\"><\/h3>\n\n\n\n<p><\/p>\n<\/div><\/div>\n<\/div>\n\n\n\n<div class=\"wp-block-column is-layout-flow wp-block-column-is-layout-flow\">\n<div class=\"wp-block-getwid-icon-box has-icon-left has-text-center\"><div class=\"wp-block-getwid-icon-box__icon-container is-position-middle\"><div class=\"wp-block-getwid-icon-box__icon-wrapper has-text-color has-ast-global-color-0-color\" style=\"font-size:30px\"><i class=\"fas fa-file-pdf\"><\/i><\/div><\/div><div class=\"wp-block-getwid-icon-box__content\">\n<h3 class=\"wp-block-heading has-small-font-size\"><\/h3>\n\n\n\n<p><\/p>\n<\/div><\/div>\n<\/div>\n\n\n\n<div class=\"wp-block-column is-layout-flow wp-block-column-is-layout-flow\"><\/div>\n<\/div>\n<\/div><\/div>\n<\/div>\n\n\n\n<div class=\"wp-block-group is-layout-constrained wp-block-group-is-layout-constrained\">\n<div class=\"wp-block-getwid-advanced-heading\"><span class=\"wp-block-getwid-advanced-heading__content has-text-color has-white-color has-background has-ast-global-color-0-background-color\" style=\"text-align:left\"><strong>Llegir per parlar, llegir per aprendre<\/strong>. Vicent Andr\u00e9s Estell\u00e9s<\/span><\/div>\n\n\n\n<div class=\"wp-block-media-text is-stacked-on-mobile\" style=\"margin-top:var(--wp--preset--spacing--30);margin-bottom:var(--wp--preset--spacing--30);grid-template-columns:16% auto\"><figure class=\"wp-block-media-text__media\"><a href=\"https:\/\/projectes.xtec.cat\/aula-acollida\/wp-content\/uploads\/usu59\/2025\/07\/llegir-per-parlar-estelles.pdf\" target=\"_blank\" rel=\" noreferrer noopener\"><img loading=\"lazy\" decoding=\"async\" width=\"616\" height=\"775\" src=\"https:\/\/projectes.xtec.cat\/aula-acollida\/wp-content\/uploads\/usu59\/2025\/07\/Llegir-per-parlar-llegir-per-aprendre-Estelles.png\" alt=\"\" class=\"wp-image-8923 size-full\" srcset=\"https:\/\/projectes.xtec.cat\/aula-acollida\/wp-content\/uploads\/usu59\/2025\/07\/Llegir-per-parlar-llegir-per-aprendre-Estelles.png 616w, https:\/\/projectes.xtec.cat\/aula-acollida\/wp-content\/uploads\/usu59\/2025\/07\/Llegir-per-parlar-llegir-per-aprendre-Estelles-238x300.png 238w\" sizes=\"auto, (max-width: 616px) 100vw, 616px\" \/><\/a><\/figure><div class=\"wp-block-media-text__content\">\n<details class=\"wp-block-details has-ast-global-color-0-color has-text-color has-link-color has-medium-font-size wp-elements-333b15618572d72dc36b6ab0164c949b is-layout-flow wp-block-details-is-layout-flow\"><summary>Descripci\u00f3<\/summary>\n<p class=\"has-black-color has-text-color has-link-color has-small-font-size wp-elements-f0b8b4efd806450bccdda4bc5f83e2f4\">Aquest <strong><a href=\"https:\/\/projectes.xtec.cat\/aula-acollida\/wp-content\/uploads\/usu59\/2025\/07\/llegir-per-parlar-estelles.pdf\" target=\"_blank\" rel=\"noreferrer noopener\">recurs <\/a><\/strong>t\u00e9 la finalitat de refor\u00e7ar l\u2019aprenentatge i l\u2019\u00fas de la llengua a trav\u00e9s de la lectura. Proposa activitats de conversa a partir de la lectura de textos reals de tipologia diversa. En aquest cas el punt de partida \u00e9s un dels poemes que forma part del llibre <em>Horacianes<\/em>, de Vicent Andr\u00e9s Estell\u00e9s. La <strong><a href=\"https:\/\/projectes.xtec.cat\/aula-acollida\/wp-content\/uploads\/usu59\/2025\/07\/guia-dus-llegir-per-parlar-llegir-per-aprendre.pdf\" target=\"_blank\" rel=\"noreferrer noopener\">guia d\u2019\u00fas dels materials<\/a><\/strong> cont\u00e9 les orientacions did\u00e0ctiques que cal tenir en compte per treballar la lectura en parella.<\/p>\n<\/details>\n\n\n\n<details class=\"wp-block-details has-ast-global-color-0-color has-text-color has-link-color has-medium-font-size wp-elements-a477029907fe92ec08198b34c00afb70 is-layout-flow wp-block-details-is-layout-flow\"><summary>Habilitat ling\u00fc\u00edstica \/ Nivell MECR \/ Etapa educativa<\/summary>\n<p class=\"has-black-color has-text-color has-link-color has-small-font-size wp-elements-5b9fca760b51cbbcb1cb821995ab0e4c\">Comprensi\u00f3 Oral &#8211; Expressi\u00f3 Oral &#8211; Comprensi\u00f3 Escrita &#8211; Expressi\u00f3 Escrita<\/p>\n\n\n\n<p class=\"has-black-color has-text-color has-link-color has-small-font-size wp-elements-5b4195fb06edb38c681bbcbec289072b\">Nivell A2<\/p>\n\n\n\n<p class=\"has-black-color has-text-color has-link-color has-small-font-size wp-elements-4b76d808cb1df8758cb5ff1ea34c1c23\">Prim\u00e0ria i Secund\u00e0ria<\/p>\n\n\n\n<p><\/p>\n<\/details>\n\n\n\n<div class=\"wp-block-columns is-layout-flex wp-container-core-columns-is-layout-8 wp-block-columns-is-layout-flex\">\n<div class=\"wp-block-column is-layout-flow wp-block-column-is-layout-flow\">\n<div class=\"wp-block-getwid-icon-box has-icon-left has-text-center\"><div class=\"wp-block-getwid-icon-box__icon-container is-position-middle\"><div class=\"wp-block-getwid-icon-box__icon-wrapper has-text-color has-ast-global-color-0-color\" style=\"font-size:30px\"><i class=\"fas fa-print\"><\/i><\/div><\/div><div class=\"wp-block-getwid-icon-box__content\">\n<h3 class=\"wp-block-heading has-small-font-size\"><\/h3>\n\n\n\n<p><\/p>\n<\/div><\/div>\n<\/div>\n\n\n\n<div class=\"wp-block-column is-layout-flow wp-block-column-is-layout-flow\">\n<div class=\"wp-block-getwid-icon-box has-icon-left has-text-center\"><div class=\"wp-block-getwid-icon-box__icon-container is-position-middle\"><div class=\"wp-block-getwid-icon-box__icon-wrapper has-text-color has-ast-global-color-0-color\" style=\"font-size:30px\"><i class=\"fas fa-file-pdf\"><\/i><\/div><\/div><div class=\"wp-block-getwid-icon-box__content\">\n<h3 class=\"wp-block-heading has-small-font-size\"><\/h3>\n\n\n\n<p><\/p>\n<\/div><\/div>\n<\/div>\n\n\n\n<div class=\"wp-block-column is-layout-flow wp-block-column-is-layout-flow\"><\/div>\n<\/div>\n<\/div><\/div>\n<\/div>\n\n\n\n<div class=\"wp-block-group wp-embed-aspect-16-9 wp-has-aspect-ratio is-layout-constrained wp-block-group-is-layout-constrained\" style=\"margin-top:0;margin-right:0;margin-bottom:0;margin-left:0\">\n<div class=\"wp-block-getwid-advanced-heading\"><span class=\"wp-block-getwid-advanced-heading__content has-text-color has-white-color has-background has-ast-global-color-1-background-color\" style=\"text-align:left\"><strong>Projecte d&#8217;acord. <\/strong>Aprenem junts<\/span><\/div>\n\n\n\n<div class=\"wp-block-media-text is-stacked-on-mobile\" style=\"margin-top:var(--wp--preset--spacing--30);margin-bottom:var(--wp--preset--spacing--30);grid-template-columns:21% auto\"><figure class=\"wp-block-media-text__media\"><a href=\"https:\/\/merli.xtec.cat\/merli\/cerca\/fitxaRecurs.jsp?idRecurs=\/62138\" target=\"_blank\" rel=\" noreferrer noopener\"><img loading=\"lazy\" decoding=\"async\" width=\"511\" height=\"511\" src=\"https:\/\/projectes.xtec.cat\/aula-acollida\/wp-content\/uploads\/usu59\/2025\/11\/aprenem-junts.png\" alt=\"\" class=\"wp-image-10264 size-full\" srcset=\"https:\/\/projectes.xtec.cat\/aula-acollida\/wp-content\/uploads\/usu59\/2025\/11\/aprenem-junts.png 511w, https:\/\/projectes.xtec.cat\/aula-acollida\/wp-content\/uploads\/usu59\/2025\/11\/aprenem-junts-300x300.png 300w, https:\/\/projectes.xtec.cat\/aula-acollida\/wp-content\/uploads\/usu59\/2025\/11\/aprenem-junts-150x150.png 150w\" sizes=\"auto, (max-width: 511px) 100vw, 511px\" \/><\/a><\/figure><div class=\"wp-block-media-text__content\">\n<details class=\"wp-block-details has-ast-global-color-0-color has-text-color has-link-color has-medium-font-size wp-elements-0d3466a3c904862f688a66507eed7311 is-layout-flow wp-block-details-is-layout-flow\"><summary>Descripci\u00f3<\/summary>\n<p class=\"has-black-color has-text-color has-link-color has-small-font-size wp-elements-6062c8a74a484bfab735601bd9cf2f64\">Material pensat per tal que l\u2019alumnat nouvingut entre 8 i 12 anys pugui adquirir un nivell m\u00ednim i general de domini de la llengua. Es pot accedir a les guies <strong><a href=\"https:\/\/projectes.xtec.cat\/aula-acollida\/wp-content\/uploads\/usu59\/2025\/11\/projecte-d-acord-aprenem-junts.pdf\" target=\"_blank\" rel=\"noreferrer noopener\">did\u00e0ctiques en l\u00ednia<\/a><\/strong>.<\/p>\n\n\n\n<p class=\"has-black-color has-text-color has-link-color has-small-font-size wp-elements-0a12afa9033a3260e219d5ce69185534\">Observacions: <br>Forma part del cat\u00e0leg de recursos educatius <strong><a href=\"https:\/\/merli.xtec.cat\/merli\/cerca\/fitxaRecurs.jsp?idRecurs=\/62138\" target=\"_blank\" rel=\"noreferrer noopener\">Merl\u00ed<\/a><\/strong>.<\/p>\n\n\n\n<p class=\"has-black-color has-text-color has-link-color has-small-font-size wp-elements-c4df2cb1d8120f5764d7a15122b85783\"><\/p>\n<\/details>\n\n\n\n<details class=\"wp-block-details has-ast-global-color-0-color has-text-color has-link-color has-medium-font-size wp-elements-f6c274f7e07b85e7d237a53f11922895 is-layout-flow wp-block-details-is-layout-flow\"><summary>Habilitat ling\u00fc\u00edstica \/ Nivell MECR \/ Etapa educativa<\/summary>\n<p class=\"has-black-color has-text-color has-link-color has-small-font-size wp-elements-5b9fca760b51cbbcb1cb821995ab0e4c\">Comprensi\u00f3 Oral &#8211; Expressi\u00f3 Oral &#8211; Comprensi\u00f3 Escrita &#8211; Expressi\u00f3 Escrita<\/p>\n\n\n\n<p class=\"has-black-color has-text-color has-link-color has-small-font-size wp-elements-4ac454206a41b87f732a1a18e8c5947a\">Nivell A1<\/p>\n\n\n\n<p class=\"has-black-color has-text-color has-link-color has-small-font-size wp-elements-0f618a713f7c3669540ce3da13e4f4cf\">Prim\u00e0ria<\/p>\n<\/details>\n\n\n\n<p><\/p>\n\n\n\n<div class=\"wp-block-columns is-layout-flex wp-container-core-columns-is-layout-9 wp-block-columns-is-layout-flex\">\n<div class=\"wp-block-column is-layout-flow wp-block-column-is-layout-flow\">\n<figure class=\"wp-block-image size-full is-resized\"><a href=\"https:\/\/projectes.xtec.cat\/aula-acollida\/wp-content\/uploads\/usu59\/2025\/08\/icona-llibre-verd.png\"><img decoding=\"async\" src=\"https:\/\/projectes.xtec.cat\/aula-acollida\/wp-content\/uploads\/usu59\/2025\/08\/icona-llibre-verd.png\" alt=\"\" class=\"wp-image-9268\" style=\"width:40px\"\/><\/a><\/figure>\n<\/div>\n\n\n\n<div class=\"wp-block-column is-layout-flow wp-block-column-is-layout-flow\"><\/div>\n\n\n\n<div class=\"wp-block-column is-layout-flow wp-block-column-is-layout-flow\"><\/div>\n<\/div>\n<\/div><\/div>\n<\/div>\n\n\n\n<div class=\"wp-block-group wp-embed-aspect-16-9 wp-has-aspect-ratio is-layout-constrained wp-block-group-is-layout-constrained\" style=\"margin-top:0;margin-right:0;margin-bottom:0;margin-left:0\">\n<div class=\"wp-block-getwid-advanced-heading\"><span class=\"wp-block-getwid-advanced-heading__content has-text-color has-white-color has-background has-ast-global-color-1-background-color\" style=\"text-align:left\"><strong>Tallers de llenguatge. <\/strong>El treball<\/span><\/div>\n\n\n\n<div class=\"wp-block-media-text is-stacked-on-mobile\" style=\"margin-top:var(--wp--preset--spacing--30);margin-bottom:var(--wp--preset--spacing--30);grid-template-columns:21% auto\"><figure class=\"wp-block-media-text__media\"><a href=\"https:\/\/merli.xtec.cat\/merli\/cerca\/fitxaRecurs.jsp?idRecurs=\/59683&amp;sheetId=null&amp;nomUsuari=null&amp;inxtec=0\" target=\"_blank\" rel=\" noreferrer noopener\"><img loading=\"lazy\" decoding=\"async\" width=\"177\" height=\"124\" src=\"https:\/\/projectes.xtec.cat\/aula-acollida\/wp-content\/uploads\/usu59\/2025\/11\/tallers-de-llenguatge-el-treball.png\" alt=\"\" class=\"wp-image-10297 size-full\"\/><\/a><\/figure><div class=\"wp-block-media-text__content\">\n<details class=\"wp-block-details has-ast-global-color-0-color has-text-color has-link-color has-medium-font-size wp-elements-712c469852f94ff55ca36f232952ea97 is-layout-flow wp-block-details-is-layout-flow\"><summary>Descripci\u00f3<\/summary>\n<p class=\"has-black-color has-text-color has-link-color has-small-font-size wp-elements-a196772d84b4498057001702c1397779\">Conjunt de materials i activitats que treballen els diferents aspectes del llenguatge: fonologia, morfosintaxi, vocabulari, \u00fas de la llengua, habilitats psicoling\u00fc\u00edstiques (atenci\u00f3, percepci\u00f3, mem\u00f2ria) i lectoescriptura. La col\u00b7lecci\u00f3 &#8216;Tallers de llenguatge&#8217; treballa diversos aspectes d&#8217;\u00fas tant orals com escrits. \u00c9s un material indicat tamb\u00e9 per a tractar trastorns i retards en l&#8217;adquisici\u00f3 del llenguatge, aix\u00ed com per a ensenyar catal\u00e0 als alumnes d&#8217;incorporaci\u00f3 tardana. Cada t\u00edtol cont\u00e9 una guia did\u00e0ctica i un llibre d&#8217;imatges i paraules. El llibre de materials \u00e9s completament manipulable i desmuntable, de manera que un cop retallat queden cartonets, s\u00e8ries, l\u00e0mines o jocs.<\/p>\n\n\n\n<p class=\"has-black-color has-text-color has-link-color has-small-font-size wp-elements-29955f08727cc7a9cdf27d038bc5c199\">Observacions: <br>Forma part del cat\u00e0leg de recursos educatius <strong><a href=\"https:\/\/merli.xtec.cat\/merli\/cerca\/fitxaRecurs.jsp?idRecurs=\/59683&amp;sheetId=null&amp;nomUsuari=null&amp;inxtec=0\" target=\"_blank\" rel=\"noreferrer noopener\">Merl\u00ed<\/a><\/strong>. Tamb\u00e9 hi trobareu la <strong><a href=\"https:\/\/merli.xtec.cat\/merli\/cerca\/fitxaRecurs.jsp?idRecurs=\/59685&amp;sheetId=null&amp;nomUsuari=null&amp;inxtec=0\" target=\"_blank\" rel=\"noreferrer noopener\">guia did\u00e0ctica<\/a><\/strong> i les <strong><a href=\"https:\/\/merli.xtec.cat\/merli\/cerca\/fitxaRecurs.jsp?idRecurs=\/60290&amp;sheetId=null&amp;nomUsuari=null&amp;inxtec=0\" target=\"_blank\" rel=\"noreferrer noopener\">l\u00e0mines<\/a><\/strong>.<\/p>\n\n\n\n<p class=\"has-black-color has-text-color has-link-color has-small-font-size wp-elements-c4df2cb1d8120f5764d7a15122b85783\"><\/p>\n<\/details>\n\n\n\n<details class=\"wp-block-details has-ast-global-color-0-color has-text-color has-link-color has-medium-font-size wp-elements-f6c274f7e07b85e7d237a53f11922895 is-layout-flow wp-block-details-is-layout-flow\"><summary>Habilitat ling\u00fc\u00edstica \/ Nivell MECR \/ Etapa educativa<\/summary>\n<p class=\"has-black-color has-text-color has-link-color has-small-font-size wp-elements-5b9fca760b51cbbcb1cb821995ab0e4c\">Comprensi\u00f3 Oral &#8211; Expressi\u00f3 Oral &#8211; Comprensi\u00f3 Escrita &#8211; Expressi\u00f3 Escrita<\/p>\n\n\n\n<p class=\"has-black-color has-text-color has-link-color has-small-font-size wp-elements-4ac454206a41b87f732a1a18e8c5947a\">Nivell A1<\/p>\n\n\n\n<p class=\"has-black-color has-text-color has-link-color has-small-font-size wp-elements-0f618a713f7c3669540ce3da13e4f4cf\">Prim\u00e0ria<\/p>\n<\/details>\n\n\n\n<p><\/p>\n\n\n\n<div class=\"wp-block-columns is-layout-flex wp-container-core-columns-is-layout-10 wp-block-columns-is-layout-flex\">\n<div class=\"wp-block-column is-layout-flow wp-block-column-is-layout-flow\">\n<figure class=\"wp-block-image size-full is-resized\"><a href=\"https:\/\/projectes.xtec.cat\/aula-acollida\/wp-content\/uploads\/usu59\/2025\/08\/icona-llibre-verd.png\"><img decoding=\"async\" src=\"https:\/\/projectes.xtec.cat\/aula-acollida\/wp-content\/uploads\/usu59\/2025\/08\/icona-llibre-verd.png\" alt=\"\" class=\"wp-image-9268\" style=\"width:40px\"\/><\/a><\/figure>\n<\/div>\n\n\n\n<div class=\"wp-block-column is-layout-flow wp-block-column-is-layout-flow\"><\/div>\n\n\n\n<div class=\"wp-block-column is-layout-flow wp-block-column-is-layout-flow\"><\/div>\n<\/div>\n<\/div><\/div>\n<\/div>\n","protected":false},"excerpt":{"rendered":"<p>4 cats &#8211; Sinceritat<\/p>\n","protected":false},"author":1,"featured_media":0,"parent":8470,"menu_order":7,"comment_status":"closed","ping_status":"closed","template":"","meta":{"site-sidebar-layout":"default","site-content-layout":"","ast-site-content-layout":"default","site-content-style":"default","site-sidebar-style":"default","ast-global-header-display":"","ast-banner-title-visibility":"","ast-main-header-display":"","ast-hfb-above-header-display":"","ast-hfb-below-header-display":"","ast-hfb-mobile-header-display":"","site-post-title":"","ast-breadcrumbs-content":"","ast-featured-img":"","footer-sml-layout":"","theme-transparent-header-meta":"","adv-header-id-meta":"","stick-header-meta":"","header-above-stick-meta":"","header-main-stick-meta":"","header-below-stick-meta":"","astra-migrate-meta-layouts":"set","ast-page-background-enabled":"default","ast-page-background-meta":{"desktop":{"background-color":"var(--ast-global-color-4)","background-image":"","background-repeat":"repeat","background-position":"center center","background-size":"auto","background-attachment":"scroll","background-type":"","background-media":"","overlay-type":"","overlay-color":"","overlay-opacity":"","overlay-gradient":""},"tablet":{"background-color":"","background-image":"","background-repeat":"repeat","background-position":"center center","background-size":"auto","background-attachment":"scroll","background-type":"","background-media":"","overlay-type":"","overlay-color":"","overlay-opacity":"","overlay-gradient":""},"mobile":{"background-color":"","background-image":"","background-repeat":"repeat","background-position":"center center","background-size":"auto","background-attachment":"scroll","background-type":"","background-media":"","overlay-type":"","overlay-color":"","overlay-opacity":"","overlay-gradient":""}},"ast-content-background-meta":{"desktop":{"background-color":"var(--ast-global-color-5)","background-image":"","background-repeat":"repeat","background-position":"center center","background-size":"auto","background-attachment":"scroll","background-type":"","background-media":"","overlay-type":"","overlay-color":"","overlay-opacity":"","overlay-gradient":""},"tablet":{"background-color":"var(--ast-global-color-5)","background-image":"","background-repeat":"repeat","background-position":"center center","background-size":"auto","background-attachment":"scroll","background-type":"","background-media":"","overlay-type":"","overlay-color":"","overlay-opacity":"","overlay-gradient":""},"mobile":{"background-color":"var(--ast-global-color-5)","background-image":"","background-repeat":"repeat","background-position":"center center","background-size":"auto","background-attachment":"scroll","background-type":"","background-media":"","overlay-type":"","overlay-color":"","overlay-opacity":"","overlay-gradient":""}},"footnotes":""},"class_list":["post-8913","page","type-page","status-publish","hentry"],"post_mailing_queue_ids":[],"_links":{"self":[{"href":"https:\/\/projectes.xtec.cat\/aula-acollida\/wp-json\/wp\/v2\/pages\/8913","targetHints":{"allow":["GET"]}}],"collection":[{"href":"https:\/\/projectes.xtec.cat\/aula-acollida\/wp-json\/wp\/v2\/pages"}],"about":[{"href":"https:\/\/projectes.xtec.cat\/aula-acollida\/wp-json\/wp\/v2\/types\/page"}],"author":[{"embeddable":true,"href":"https:\/\/projectes.xtec.cat\/aula-acollida\/wp-json\/wp\/v2\/users\/1"}],"replies":[{"embeddable":true,"href":"https:\/\/projectes.xtec.cat\/aula-acollida\/wp-json\/wp\/v2\/comments?post=8913"}],"version-history":[{"count":6,"href":"https:\/\/projectes.xtec.cat\/aula-acollida\/wp-json\/wp\/v2\/pages\/8913\/revisions"}],"predecessor-version":[{"id":10308,"href":"https:\/\/projectes.xtec.cat\/aula-acollida\/wp-json\/wp\/v2\/pages\/8913\/revisions\/10308"}],"up":[{"embeddable":true,"href":"https:\/\/projectes.xtec.cat\/aula-acollida\/wp-json\/wp\/v2\/pages\/8470"}],"wp:attachment":[{"href":"https:\/\/projectes.xtec.cat\/aula-acollida\/wp-json\/wp\/v2\/media?parent=8913"}],"curies":[{"name":"wp","href":"https:\/\/api.w.org\/{rel}","templated":true}]}}