{"id":8958,"date":"2025-07-22T14:55:31","date_gmt":"2025-07-22T12:55:31","guid":{"rendered":"https:\/\/projectes.xtec.cat\/aula-acollida\/?page_id=8958"},"modified":"2025-11-12T09:39:18","modified_gmt":"2025-11-12T08:39:18","slug":"eix-8-temps-lliure-i-entreteniments-que-tagrada-fer","status":"publish","type":"page","link":"https:\/\/projectes.xtec.cat\/aula-acollida\/eixos-programacio\/eix-8-temps-lliure-i-entreteniments-que-tagrada-fer\/","title":{"rendered":"Eix 8: Temps lliure i entreteniments. Qu\u00e8 t&#8217;agrada fer?"},"content":{"rendered":"\n<div class=\"wp-block-group wp-embed-aspect-16-9 wp-has-aspect-ratio is-layout-constrained wp-block-group-is-layout-constrained\" style=\"margin-top:0;margin-right:0;margin-bottom:0;margin-left:0\">\n<div class=\"wp-block-getwid-advanced-heading\"><span class=\"wp-block-getwid-advanced-heading__content has-text-color has-white-color has-background has-ast-global-color-0-background-color\" style=\"text-align:left\"><strong>Vincles<\/strong> 1. Unitat 5 &#8211; Qu\u00e8 m&#8217;agrada?<\/span><\/div>\n\n\n\n<div class=\"wp-block-media-text is-stacked-on-mobile\" style=\"margin-top:var(--wp--preset--spacing--30);margin-bottom:var(--wp--preset--spacing--30);grid-template-columns:16% auto\"><figure class=\"wp-block-media-text__media\"><a href=\"https:\/\/projectes.xtec.cat\/acollidasuport\/vincles\/\" target=\"_blank\" rel=\" noreferrer noopener\"><img loading=\"lazy\" decoding=\"async\" width=\"549\" height=\"780\" src=\"https:\/\/projectes.xtec.cat\/aula-acollida\/wp-content\/uploads\/usu59\/2025\/09\/vincles-1-portada.png\" alt=\"\" class=\"wp-image-9654 size-full\" srcset=\"https:\/\/projectes.xtec.cat\/aula-acollida\/wp-content\/uploads\/usu59\/2025\/09\/vincles-1-portada.png 549w, https:\/\/projectes.xtec.cat\/aula-acollida\/wp-content\/uploads\/usu59\/2025\/09\/vincles-1-portada-211x300.png 211w\" sizes=\"auto, (max-width: 549px) 100vw, 549px\" \/><\/a><\/figure><div class=\"wp-block-media-text__content\">\n<details class=\"wp-block-details has-ast-global-color-0-color has-text-color has-link-color has-medium-font-size wp-elements-b440080735fdac6aca2e463494b88aee is-layout-flow wp-block-details-is-layout-flow\"><summary>Descripci\u00f3<\/summary>\n<p class=\"has-black-color has-text-color has-link-color has-small-font-size wp-elements-a7b93448ef7cc2b5af0881f3b5a7b901\">En aquest espai <strong><a href=\"https:\/\/projectes.xtec.cat\/acollidasuport\/vincles\/\" target=\"_blank\" rel=\"noreferrer noopener\">Nodes <\/a><\/strong>trobareu tots els materials de Vincles:<strong> <a href=\"https:\/\/repositori.educacio.gencat.cat\/handle\/20.500.12694\/3052#page=1\" target=\"_blank\" rel=\"noreferrer noopener\">llibre de l\u2019alumne<\/a><\/strong>,<strong> <a href=\"https:\/\/repositori.educacio.gencat.cat\/handle\/20.500.12694\/3066#page=2\" target=\"_blank\" rel=\"noreferrer noopener\">quaderns d\u2019exercicis<\/a><\/strong>, <a href=\"https:\/\/repositori.educacio.gencat.cat\/handle\/20.500.12694\/3067#page=1\" target=\"_blank\" rel=\"noreferrer noopener\"><strong>vincles guia did\u00e0ctica<\/strong><\/a>, <a href=\"https:\/\/www.edu365.cat\/flash\/vincles\/vincles1\/index.html\" target=\"_blank\" rel=\"noreferrer noopener\"><strong>interactiu<\/strong><\/a> i tamb\u00e9 els arxius sonors que s\u2019utilitzen a cada exercici.<\/p>\n\n\n\n<p><\/p>\n<\/details>\n\n\n\n<details class=\"wp-block-details has-ast-global-color-0-color has-text-color has-link-color has-medium-font-size wp-elements-ed077ff0664c96f7176c4aeea87d7b35 is-layout-flow wp-block-details-is-layout-flow\"><summary>Habilitat ling\u00fc\u00edstica \/ Nivell MECR \/ Etapa educativa<\/summary>\n<p class=\"has-black-color has-text-color has-link-color has-small-font-size wp-elements-5b9fca760b51cbbcb1cb821995ab0e4c\">Comprensi\u00f3 Oral &#8211; Expressi\u00f3 Oral &#8211; Comprensi\u00f3 Escrita &#8211; Expressi\u00f3 Escrita<\/p>\n\n\n\n<p class=\"has-black-color has-text-color has-link-color has-small-font-size wp-elements-4ac454206a41b87f732a1a18e8c5947a\">Nivell A1<\/p>\n\n\n\n<p class=\"has-black-color has-text-color has-link-color has-small-font-size wp-elements-4b76d808cb1df8758cb5ff1ea34c1c23\">Prim\u00e0ria i Secund\u00e0ria<\/p>\n\n\n\n<p><\/p>\n<\/details>\n\n\n\n<div class=\"wp-block-columns is-layout-flex wp-container-core-columns-is-layout-1 wp-block-columns-is-layout-flex\">\n<div class=\"wp-block-column is-layout-flow wp-block-column-is-layout-flow\">\n<div class=\"wp-block-getwid-icon-box has-icon-left has-text-center\"><div class=\"wp-block-getwid-icon-box__icon-container is-position-top\"><div class=\"wp-block-getwid-icon-box__icon-wrapper has-text-color has-ast-global-color-0-color\" style=\"font-size:30px\"><i class=\"fas fa-print\"><\/i><\/div><\/div><div class=\"wp-block-getwid-icon-box__content\">\n<h3 class=\"wp-block-heading has-small-font-size\"><\/h3>\n\n\n\n<p><\/p>\n<\/div><\/div>\n<\/div>\n\n\n\n<div class=\"wp-block-column is-layout-flow wp-block-column-is-layout-flow\">\n<div class=\"wp-block-getwid-icon-box has-icon-left has-text-center\"><div class=\"wp-block-getwid-icon-box__icon-container is-position-top\"><div class=\"wp-block-getwid-icon-box__icon-wrapper has-text-color has-ast-global-color-0-color\" style=\"font-size:30px\"><i class=\"fas fa-file-audio\"><\/i><\/div><\/div><div class=\"wp-block-getwid-icon-box__content\">\n<h3 class=\"wp-block-heading has-small-font-size\"><\/h3>\n\n\n\n<p><\/p>\n<\/div><\/div>\n<\/div>\n\n\n\n<div class=\"wp-block-column is-layout-flow wp-block-column-is-layout-flow\">\n<div class=\"wp-block-getwid-icon-box has-icon-left has-text-center\"><div class=\"wp-block-getwid-icon-box__icon-container is-position-top\"><div class=\"wp-block-getwid-icon-box__icon-wrapper has-text-color has-ast-global-color-0-color\" style=\"font-size:30px\"><i class=\"fas fa-file-pdf\"><\/i><\/div><\/div><div class=\"wp-block-getwid-icon-box__content\">\n<h3 class=\"wp-block-heading has-small-font-size\"><\/h3>\n\n\n\n<p><\/p>\n<\/div><\/div>\n<\/div>\n<\/div>\n<\/div><\/div>\n<\/div>\n\n\n\n<div class=\"wp-block-group wp-embed-aspect-16-9 wp-has-aspect-ratio is-layout-constrained wp-block-group-is-layout-constrained\" style=\"margin-top:0;margin-right:0;margin-bottom:0;margin-left:0\">\n<div class=\"wp-block-getwid-advanced-heading\"><span class=\"wp-block-getwid-advanced-heading__content has-text-color has-white-color has-background has-ast-global-color-0-background-color\" style=\"text-align:left\"><strong>4 cats<\/strong>. Cap de setmana<\/span><\/div>\n\n\n\n<div class=\"wp-block-columns is-layout-flex wp-container-core-columns-is-layout-2 wp-block-columns-is-layout-flex\" style=\"margin-top:0;margin-bottom:0;padding-top:var(--wp--preset--spacing--30);padding-bottom:var(--wp--preset--spacing--30)\">\n<div class=\"wp-block-column is-layout-flow wp-block-column-is-layout-flow\">\n<figure class=\"wp-block-embed is-type-video is-provider-youtube wp-block-embed-youtube wp-embed-aspect-16-9 wp-has-aspect-ratio\"><div class=\"wp-block-embed__wrapper\">\n<div class=\"ast-oembed-container \" style=\"height: 100%;\"><iframe loading=\"lazy\" title=\"4 cats - Cap de setmana\" width=\"500\" height=\"281\" src=\"https:\/\/www.youtube.com\/embed\/hDERHh0Ec4I?feature=oembed\" frameborder=\"0\" allow=\"accelerometer; autoplay; clipboard-write; encrypted-media; gyroscope; picture-in-picture; web-share\" referrerpolicy=\"strict-origin-when-cross-origin\" allowfullscreen><\/iframe><\/div>\n<\/div><\/figure>\n<\/div>\n\n\n\n<div class=\"wp-block-column is-layout-flow wp-block-column-is-layout-flow\">\n<p class=\"has-black-color has-text-color has-link-color has-medium-font-size wp-elements-f433aba56507e103e63cac605333cd10\">4 cats &#8211; Cap de setmana<\/p>\n\n\n\n<details class=\"wp-block-details has-ast-global-color-0-color has-text-color has-link-color has-medium-font-size wp-elements-cd0045dcd398cf1a71e240d9ca4e674e is-layout-flow wp-block-details-is-layout-flow\"><summary>Descripci\u00f3<\/summary>\n<p class=\"has-black-color has-text-color has-link-color has-small-font-size wp-elements-0c103a791ceebe3156d0253a44142e14\"><strong><a href=\"https:\/\/youtu.be\/hDERHh0Ec4I\" target=\"_blank\" rel=\"noreferrer noopener\">V\u00eddeos <\/a><\/strong>per aprendre catal\u00e0: 4 cats<br>L&#8217;Institut Ramon Llull ofereix 20 cap\u00edtols d&#8217;una s\u00e8rie amb cinc personatges diferents que parlen catal\u00e0 amb accents diversos. 4 cats \u00e9s un material divertit i \u00fatil per millorar el vocabulari, la comprensi\u00f3 oral i les expressions en llengua catalana.<br>Es poden veure tots els cap\u00edtols per ordre cronol\u00f2gic, per\u00f2 tamb\u00e9 es poden classificar per grau de dificultat (nivell baix, mitj\u00e0 i alt). A<strong> <a href=\"https:\/\/4cats.llull.cat\/4cats\/detall.cfm\/CAPITOL\/8\/ID\/26830\/CAT\/cap-setmana.html\" target=\"_blank\" rel=\"noreferrer noopener\">la p\u00e0gina web 4 cats<\/a><\/strong> tamb\u00e9 hi trobareu la transcripci\u00f3 de les converses, una explicaci\u00f3 sobre el context socioling\u00fc\u00edstic, l&#8217;explicaci\u00f3 d&#8217;algun aspecte gramatical i el significat de paraules i expressions dif\u00edcils.<\/p>\n\n\n\n<p class=\"has-black-color has-text-color has-link-color has-small-font-size wp-elements-90e341d545c7081653267de3c6bf73d7\"><\/p>\n\n\n\n<p class=\"has-black-color has-text-color has-link-color has-small-font-size wp-elements-bf8020c836a5ebe0c2ef0eb1c49e61f5\"><\/p>\n<\/details>\n\n\n\n<details class=\"wp-block-details has-ast-global-color-0-color has-text-color has-link-color has-medium-font-size wp-elements-46e75d1a887209af364bee4848e008ed is-layout-flow wp-block-details-is-layout-flow\"><summary>Habilitat ling\u00fc\u00edstica \/ Nivell MECR \/ Etapa educativa<\/summary>\n<p class=\"has-black-color has-text-color has-link-color has-small-font-size wp-elements-233148ab977a204af0cee70dd44a5fc0\">Comprensi\u00f3 Oral &#8211; Expressi\u00f3 Oral<\/p>\n\n\n\n<p class=\"has-black-color has-text-color has-link-color has-small-font-size wp-elements-5025e4074977d248513d42c4f601129c\">Nivell B1<\/p>\n\n\n\n<p class=\"has-black-color has-text-color has-link-color has-small-font-size wp-elements-b16bbc381c1fa3471a463e65585ded17\">Secund\u00e0ria<\/p>\n<\/details>\n\n\n\n<div class=\"wp-block-getwid-icon-box has-icon-left has-text-left\"><div class=\"wp-block-getwid-icon-box__icon-container is-position-middle\"><div class=\"wp-block-getwid-icon-box__icon-wrapper has-text-color has-ast-global-color-0-color\" style=\"font-size:30px\"><i class=\"fas fa-video\"><\/i><\/div><\/div><div class=\"wp-block-getwid-icon-box__content\">\n<h3 class=\"wp-block-heading has-ast-global-color-0-color has-text-color has-link-color has-small-font-size wp-elements-7d3045fcc8aa81a132ebe7d40b0ef5b6\"><\/h3>\n<\/div><\/div>\n<\/div>\n<\/div>\n<\/div>\n\n\n\n<div class=\"wp-block-group is-layout-constrained wp-block-group-is-layout-constrained\">\n<div class=\"wp-block-getwid-advanced-heading\"><span class=\"wp-block-getwid-advanced-heading__content has-text-color has-white-color has-background has-ast-global-color-0-background-color\" style=\"text-align:left\"><strong>Contes per parlar<\/strong><\/span><\/div>\n\n\n\n<div class=\"wp-block-media-text is-stacked-on-mobile\" style=\"margin-top:var(--wp--preset--spacing--30);margin-bottom:var(--wp--preset--spacing--30);grid-template-columns:16% auto\"><figure class=\"wp-block-media-text__media\"><a href=\"https:\/\/projectes.xtec.cat\/aula-acollida\/wp-content\/uploads\/usu59\/2025\/07\/contes-per-parlar.pdf\" target=\"_blank\" rel=\" noreferrer noopener\"><img loading=\"lazy\" decoding=\"async\" width=\"583\" height=\"889\" src=\"https:\/\/projectes.xtec.cat\/aula-acollida\/wp-content\/uploads\/usu59\/2025\/07\/contes-per-parlar.png\" alt=\"\" class=\"wp-image-8916 size-full\" srcset=\"https:\/\/projectes.xtec.cat\/aula-acollida\/wp-content\/uploads\/usu59\/2025\/07\/contes-per-parlar.png 583w, https:\/\/projectes.xtec.cat\/aula-acollida\/wp-content\/uploads\/usu59\/2025\/07\/contes-per-parlar-197x300.png 197w\" sizes=\"auto, (max-width: 583px) 100vw, 583px\" \/><\/a><\/figure><div class=\"wp-block-media-text__content\">\n<details class=\"wp-block-details has-ast-global-color-0-color has-text-color has-link-color has-medium-font-size wp-elements-34ecea54f3e81821731c4967a8d1ee2a is-layout-flow wp-block-details-is-layout-flow\"><summary>Descripci\u00f3<\/summary>\n<p class=\"has-black-color has-text-color has-link-color has-small-font-size wp-elements-ee8e6430952326f1a608512e152c8f95\">A partir de la lectura d\u2019uns contes, es donen les eines necess\u00e0ries per motivar la conversa a fi que els aprenents puguin parlar, fora de l\u2019aula, en un context real, relaxat i quotidi\u00e0, amb una persona catalanoparlant. El conte<em><strong> <a href=\"https:\/\/projectes.xtec.cat\/aula-acollida\/wp-content\/uploads\/usu59\/2025\/07\/contes-per-parlar.pdf\" target=\"_blank\" rel=\"noreferrer noopener\">L&#8217;aprenent ambulant<\/a><\/strong><\/em> (p\u00e0gs. 34-45) ofereix orientacions metodol\u00f2giques per generar una conversa sobre l&#8217;entreteniment, concretament sobre la lectura, els mitjans de comunicaci\u00f3.<\/p>\n<\/details>\n\n\n\n<details class=\"wp-block-details has-ast-global-color-0-color has-text-color has-link-color has-medium-font-size wp-elements-e1c1a9dda3416a834540269bc805df41 is-layout-flow wp-block-details-is-layout-flow\"><summary>Habilitat ling\u00fc\u00edstica \/ Nivell MECR \/ Etapa educativa<\/summary>\n<p class=\"has-black-color has-text-color has-link-color has-small-font-size wp-elements-e2e9a4bcd7e8ed0efc3689ffe6df9ad4\">Comprensi\u00f3 Oral &#8211; Expressi\u00f3 Oral &#8211; Comprensi\u00f3 Escrita<\/p>\n\n\n\n<p class=\"has-black-color has-text-color has-link-color has-small-font-size wp-elements-5025e4074977d248513d42c4f601129c\">Nivell B1<\/p>\n\n\n\n<p class=\"has-black-color has-text-color has-link-color has-small-font-size wp-elements-b16bbc381c1fa3471a463e65585ded17\">Secund\u00e0ria<\/p>\n\n\n\n<p><\/p>\n<\/details>\n\n\n\n<div class=\"wp-block-columns is-layout-flex wp-container-core-columns-is-layout-3 wp-block-columns-is-layout-flex\">\n<div class=\"wp-block-column is-layout-flow wp-block-column-is-layout-flow\">\n<div class=\"wp-block-getwid-icon-box has-icon-left has-text-center\"><div class=\"wp-block-getwid-icon-box__icon-container is-position-middle\"><div class=\"wp-block-getwid-icon-box__icon-wrapper has-text-color has-ast-global-color-0-color\" style=\"font-size:30px\"><i class=\"fas fa-print\"><\/i><\/div><\/div><div class=\"wp-block-getwid-icon-box__content\">\n<h3 class=\"wp-block-heading has-small-font-size\"><\/h3>\n\n\n\n<p><\/p>\n<\/div><\/div>\n<\/div>\n\n\n\n<div class=\"wp-block-column is-layout-flow wp-block-column-is-layout-flow\">\n<div class=\"wp-block-getwid-icon-box has-icon-left has-text-center\"><div class=\"wp-block-getwid-icon-box__icon-container is-position-middle\"><div class=\"wp-block-getwid-icon-box__icon-wrapper has-text-color has-ast-global-color-0-color\" style=\"font-size:30px\"><i class=\"fas fa-file-pdf\"><\/i><\/div><\/div><div class=\"wp-block-getwid-icon-box__content\">\n<h3 class=\"wp-block-heading has-small-font-size\"><\/h3>\n\n\n\n<p><\/p>\n<\/div><\/div>\n<\/div>\n\n\n\n<div class=\"wp-block-column is-layout-flow wp-block-column-is-layout-flow\"><\/div>\n<\/div>\n<\/div><\/div>\n<\/div>\n\n\n\n<div class=\"wp-block-group is-layout-constrained wp-block-group-is-layout-constrained\">\n<div class=\"wp-block-getwid-advanced-heading\"><span class=\"wp-block-getwid-advanced-heading__content has-text-color has-white-color has-background has-ast-global-color-0-background-color\" style=\"text-align:left\"><strong>Enrola&#8217;t<\/strong>.<strong> <\/strong>Activitats extraescolars<\/span><\/div>\n\n\n\n<div class=\"wp-block-media-text is-stacked-on-mobile\" style=\"margin-top:var(--wp--preset--spacing--30);margin-bottom:var(--wp--preset--spacing--30);grid-template-columns:16% auto\"><figure class=\"wp-block-media-text__media\"><a href=\"https:\/\/projectes.xtec.cat\/aula-acollida\/wp-content\/uploads\/usu59\/2025\/07\/enrolat-CM-activitats-extraescolars.pdf\" target=\"_blank\" rel=\" noreferrer noopener\"><img loading=\"lazy\" decoding=\"async\" width=\"1024\" height=\"699\" src=\"https:\/\/projectes.xtec.cat\/aula-acollida\/wp-content\/uploads\/usu59\/2025\/07\/enrolat-activitats-extraescolars-1024x699.png\" alt=\"\" class=\"wp-image-9015 size-full\" srcset=\"https:\/\/projectes.xtec.cat\/aula-acollida\/wp-content\/uploads\/usu59\/2025\/07\/enrolat-activitats-extraescolars-1024x699.png 1024w, https:\/\/projectes.xtec.cat\/aula-acollida\/wp-content\/uploads\/usu59\/2025\/07\/enrolat-activitats-extraescolars-300x205.png 300w, https:\/\/projectes.xtec.cat\/aula-acollida\/wp-content\/uploads\/usu59\/2025\/07\/enrolat-activitats-extraescolars-768x524.png 768w, https:\/\/projectes.xtec.cat\/aula-acollida\/wp-content\/uploads\/usu59\/2025\/07\/enrolat-activitats-extraescolars.png 1210w\" sizes=\"auto, (max-width: 1024px) 100vw, 1024px\" \/><\/a><\/figure><div class=\"wp-block-media-text__content\">\n<details class=\"wp-block-details has-ast-global-color-0-color has-text-color has-link-color has-medium-font-size wp-elements-707cf502a415e4e66774a8f59cc6dfae is-layout-flow wp-block-details-is-layout-flow\"><summary>Descripci\u00f3<\/summary>\n<p class=\"has-black-color has-text-color has-link-color has-small-font-size wp-elements-441aabbaf07a298b04e511137ebb4627\"><a href=\"https:\/\/projectes.xtec.cat\/aula-acollida\/wp-content\/uploads\/usu59\/2025\/07\/enrolat-CM-activitats-extraescolars.pdf\" target=\"_blank\" rel=\"noreferrer noopener\"><strong>Recurs<\/strong> <\/a>per treballar la llengua oral a l\u2019escola. Aplega un recull de situacions comunicatives amb la finalitat de fomentar la interacci\u00f3 entre els alumnes. La t\u00e8cnica utilitzada \u00e9s el joc de rol.<\/p>\n\n\n\n<p class=\"has-black-color has-text-color has-link-color has-small-font-size wp-elements-727ff71a6dec87c19ef1151001acfc03\">A la<strong> <a href=\"https:\/\/projectes.xtec.cat\/aula-acollida\/wp-content\/uploads\/usu59\/2025\/07\/guia-didactica-enrolat.pdf\" target=\"_blank\" rel=\"noreferrer noopener\">guia did\u00e0ctica<\/a> <\/strong>trobareu les indicacions necess\u00e0ries per utilitzar el recurs a l\u2019aula.<\/p>\n\n\n\n<p><\/p>\n<\/details>\n\n\n\n<details class=\"wp-block-details has-ast-global-color-0-color has-text-color has-link-color has-medium-font-size wp-elements-b735bdef463c88025f2ebf6fe99dd6ed is-layout-flow wp-block-details-is-layout-flow\"><summary>Habilitat ling\u00fc\u00edstica \/ Nivell MECR \/ Etapa educativa<\/summary>\n<p class=\"has-black-color has-text-color has-link-color has-small-font-size wp-elements-5fed40e6b3eeb295312aec557bbc3260\">Expressi\u00f3 Oral &#8211; Comprensi\u00f3 Oral <\/p>\n\n\n\n<p class=\"has-black-color has-text-color has-link-color has-small-font-size wp-elements-410ac2b0b127132d1093a6fe886457fc\">Nivell A1 &#8211; A2 &#8211; B1<\/p>\n\n\n\n<p class=\"has-black-color has-text-color has-link-color has-small-font-size wp-elements-4b76d808cb1df8758cb5ff1ea34c1c23\">Prim\u00e0ria i Secund\u00e0ria<\/p>\n\n\n\n<p><\/p>\n<\/details>\n\n\n\n<div class=\"wp-block-columns is-layout-flex wp-container-core-columns-is-layout-4 wp-block-columns-is-layout-flex\">\n<div class=\"wp-block-column is-layout-flow wp-block-column-is-layout-flow\">\n<div class=\"wp-block-getwid-icon-box has-icon-left has-text-center\"><div class=\"wp-block-getwid-icon-box__icon-container is-position-middle\"><div class=\"wp-block-getwid-icon-box__icon-wrapper has-text-color has-ast-global-color-0-color\" style=\"font-size:30px\"><i class=\"fas fa-print\"><\/i><\/div><\/div><div class=\"wp-block-getwid-icon-box__content\">\n<h3 class=\"wp-block-heading has-small-font-size\"><\/h3>\n\n\n\n<p><\/p>\n<\/div><\/div>\n<\/div>\n\n\n\n<div class=\"wp-block-column is-layout-flow wp-block-column-is-layout-flow\">\n<div class=\"wp-block-getwid-icon-box has-icon-left has-text-center\"><div class=\"wp-block-getwid-icon-box__icon-container is-position-middle\"><div class=\"wp-block-getwid-icon-box__icon-wrapper has-text-color has-ast-global-color-0-color\" style=\"font-size:30px\"><i class=\"fas fa-file-pdf\"><\/i><\/div><\/div><div class=\"wp-block-getwid-icon-box__content\">\n<h3 class=\"wp-block-heading has-small-font-size\"><\/h3>\n\n\n\n<p><\/p>\n<\/div><\/div>\n<\/div>\n\n\n\n<div class=\"wp-block-column is-layout-flow wp-block-column-is-layout-flow\"><\/div>\n<\/div>\n<\/div><\/div>\n<\/div>\n\n\n\n<div class=\"wp-block-group is-layout-constrained wp-block-group-is-layout-constrained\">\n<div class=\"wp-block-getwid-advanced-heading\"><span class=\"wp-block-getwid-advanced-heading__content has-text-color has-white-color has-background has-ast-global-color-0-background-color\" style=\"text-align:left\"><strong>Enrola&#8217;t<\/strong>.<strong> <\/strong>Acudits, quin mal de cap!<\/span><\/div>\n\n\n\n<div class=\"wp-block-media-text is-stacked-on-mobile\" style=\"margin-top:var(--wp--preset--spacing--30);margin-bottom:var(--wp--preset--spacing--30);grid-template-columns:16% auto\"><figure class=\"wp-block-media-text__media\"><a href=\"https:\/\/projectes.xtec.cat\/aula-acollida\/wp-content\/uploads\/usu59\/2025\/07\/enrolat-CS-acudits-quin-mal-de-cap.pdf\" target=\"_blank\" rel=\" noreferrer noopener\"><img loading=\"lazy\" decoding=\"async\" width=\"1024\" height=\"710\" src=\"https:\/\/projectes.xtec.cat\/aula-acollida\/wp-content\/uploads\/usu59\/2025\/07\/enrolat-acudits-quin-mal-de-cap-1024x710.png\" alt=\"\" class=\"wp-image-9021 size-full\" srcset=\"https:\/\/projectes.xtec.cat\/aula-acollida\/wp-content\/uploads\/usu59\/2025\/07\/enrolat-acudits-quin-mal-de-cap-1024x710.png 1024w, https:\/\/projectes.xtec.cat\/aula-acollida\/wp-content\/uploads\/usu59\/2025\/07\/enrolat-acudits-quin-mal-de-cap-300x208.png 300w, https:\/\/projectes.xtec.cat\/aula-acollida\/wp-content\/uploads\/usu59\/2025\/07\/enrolat-acudits-quin-mal-de-cap-768x533.png 768w, https:\/\/projectes.xtec.cat\/aula-acollida\/wp-content\/uploads\/usu59\/2025\/07\/enrolat-acudits-quin-mal-de-cap.png 1204w\" sizes=\"auto, (max-width: 1024px) 100vw, 1024px\" \/><\/a><\/figure><div class=\"wp-block-media-text__content\">\n<details class=\"wp-block-details has-ast-global-color-0-color has-text-color has-link-color has-medium-font-size wp-elements-e9e9bbf88de712c2e002116fa52eba10 is-layout-flow wp-block-details-is-layout-flow\"><summary>Descripci\u00f3<\/summary>\n<p class=\"has-black-color has-text-color has-link-color has-small-font-size wp-elements-2baeda33c790dddb0405a2e9ccddb6f2\"><a href=\"https:\/\/projectes.xtec.cat\/aula-acollida\/wp-content\/uploads\/usu59\/2025\/07\/enrolat-CS-acudits-quin-mal-de-cap.pdf\" target=\"_blank\" rel=\"noreferrer noopener\"><strong>Recurs<\/strong> <\/a>per treballar la llengua oral a l\u2019escola. Aplega un recull de situacions comunicatives amb la finalitat de fomentar la interacci\u00f3 entre els alumnes. La t\u00e8cnica utilitzada \u00e9s el joc de rol.<\/p>\n\n\n\n<p class=\"has-black-color has-text-color has-link-color has-small-font-size wp-elements-9edccaf10d283e483c3190320ea1c88b\">A la<strong> <a href=\"https:\/\/projectes.xtec.cat\/aula-acollida\/wp-content\/uploads\/usu59\/2025\/07\/guia-didactica-enrolat.pdf\" target=\"_blank\" rel=\"noreferrer noopener\">guia did\u00e0ctica<\/a><\/strong> trobareu les indicacions necess\u00e0ries per utilitzar el recurs a l\u2019aula.<\/p>\n\n\n\n<p><\/p>\n<\/details>\n\n\n\n<details class=\"wp-block-details has-ast-global-color-0-color has-text-color has-link-color has-medium-font-size wp-elements-b735bdef463c88025f2ebf6fe99dd6ed is-layout-flow wp-block-details-is-layout-flow\"><summary>Habilitat ling\u00fc\u00edstica \/ Nivell MECR \/ Etapa educativa<\/summary>\n<p class=\"has-black-color has-text-color has-link-color has-small-font-size wp-elements-5fed40e6b3eeb295312aec557bbc3260\">Expressi\u00f3 Oral &#8211; Comprensi\u00f3 Oral <\/p>\n\n\n\n<p class=\"has-black-color has-text-color has-link-color has-small-font-size wp-elements-410ac2b0b127132d1093a6fe886457fc\">Nivell A1 &#8211; A2 &#8211; B1<\/p>\n\n\n\n<p class=\"has-black-color has-text-color has-link-color has-small-font-size wp-elements-4b76d808cb1df8758cb5ff1ea34c1c23\">Prim\u00e0ria i Secund\u00e0ria<\/p>\n\n\n\n<p><\/p>\n<\/details>\n\n\n\n<div class=\"wp-block-columns is-layout-flex wp-container-core-columns-is-layout-5 wp-block-columns-is-layout-flex\">\n<div class=\"wp-block-column is-layout-flow wp-block-column-is-layout-flow\">\n<div class=\"wp-block-getwid-icon-box has-icon-left has-text-center\"><div class=\"wp-block-getwid-icon-box__icon-container is-position-middle\"><div class=\"wp-block-getwid-icon-box__icon-wrapper has-text-color has-ast-global-color-0-color\" style=\"font-size:30px\"><i class=\"fas fa-print\"><\/i><\/div><\/div><div class=\"wp-block-getwid-icon-box__content\">\n<h3 class=\"wp-block-heading has-small-font-size\"><\/h3>\n\n\n\n<p><\/p>\n<\/div><\/div>\n<\/div>\n\n\n\n<div class=\"wp-block-column is-layout-flow wp-block-column-is-layout-flow\">\n<div class=\"wp-block-getwid-icon-box has-icon-left has-text-center\"><div class=\"wp-block-getwid-icon-box__icon-container is-position-middle\"><div class=\"wp-block-getwid-icon-box__icon-wrapper has-text-color has-ast-global-color-0-color\" style=\"font-size:30px\"><i class=\"fas fa-file-pdf\"><\/i><\/div><\/div><div class=\"wp-block-getwid-icon-box__content\">\n<h3 class=\"wp-block-heading has-small-font-size\"><\/h3>\n\n\n\n<p><\/p>\n<\/div><\/div>\n<\/div>\n\n\n\n<div class=\"wp-block-column is-layout-flow wp-block-column-is-layout-flow\"><\/div>\n<\/div>\n<\/div><\/div>\n<\/div>\n\n\n\n<div class=\"wp-block-group is-layout-constrained wp-block-group-is-layout-constrained\">\n<div class=\"wp-block-getwid-advanced-heading\"><span class=\"wp-block-getwid-advanced-heading__content has-text-color has-white-color has-background has-ast-global-color-0-background-color\" style=\"text-align:left\"><strong>Enrola&#8217;t<\/strong>.<strong> <\/strong>Amics per sempre<\/span><\/div>\n\n\n\n<div class=\"wp-block-media-text is-stacked-on-mobile\" style=\"margin-top:var(--wp--preset--spacing--30);margin-bottom:var(--wp--preset--spacing--30);grid-template-columns:16% auto\"><figure class=\"wp-block-media-text__media\"><a href=\"https:\/\/projectes.xtec.cat\/aula-acollida\/wp-content\/uploads\/usu59\/2025\/07\/enrolat-CS-amics-per-sempre.pdf\" target=\"_blank\" rel=\" noreferrer noopener\"><img loading=\"lazy\" decoding=\"async\" width=\"1024\" height=\"694\" src=\"https:\/\/projectes.xtec.cat\/aula-acollida\/wp-content\/uploads\/usu59\/2025\/07\/enrolat-amics-per-sempre-1024x694.png\" alt=\"\" class=\"wp-image-9031 size-full\" srcset=\"https:\/\/projectes.xtec.cat\/aula-acollida\/wp-content\/uploads\/usu59\/2025\/07\/enrolat-amics-per-sempre-1024x694.png 1024w, https:\/\/projectes.xtec.cat\/aula-acollida\/wp-content\/uploads\/usu59\/2025\/07\/enrolat-amics-per-sempre-300x203.png 300w, https:\/\/projectes.xtec.cat\/aula-acollida\/wp-content\/uploads\/usu59\/2025\/07\/enrolat-amics-per-sempre-768x520.png 768w, https:\/\/projectes.xtec.cat\/aula-acollida\/wp-content\/uploads\/usu59\/2025\/07\/enrolat-amics-per-sempre.png 1215w\" sizes=\"auto, (max-width: 1024px) 100vw, 1024px\" \/><\/a><\/figure><div class=\"wp-block-media-text__content\">\n<details class=\"wp-block-details has-ast-global-color-0-color has-text-color has-link-color has-medium-font-size wp-elements-1c8d2a3c295398bb59c11fdd062393c7 is-layout-flow wp-block-details-is-layout-flow\"><summary>Descripci\u00f3<\/summary>\n<p class=\"has-black-color has-text-color has-link-color has-small-font-size wp-elements-1bdbab470e9757ef7c2258977dcb9016\"><strong><a href=\"https:\/\/projectes.xtec.cat\/aula-acollida\/wp-content\/uploads\/usu59\/2025\/07\/enrolat-CS-amics-per-sempre.pdf\" target=\"_blank\" rel=\"noreferrer noopener\">Recurs<\/a><\/strong> per treballar la llengua oral a l\u2019escola. Aplega un recull de situacions comunicatives amb la finalitat de fomentar la interacci\u00f3 entre els alumnes. La t\u00e8cnica utilitzada \u00e9s el joc de rol.<\/p>\n\n\n\n<p class=\"has-black-color has-text-color has-link-color has-small-font-size wp-elements-08f6a21f1fdbefc3119a1363b23dc9ea\">A la <a href=\"https:\/\/projectes.xtec.cat\/aula-acollida\/wp-content\/uploads\/usu59\/2025\/07\/guia-didactica-enrolat.pdf\" target=\"_blank\" rel=\"noreferrer noopener\"><strong>guia did\u00e0ctica<\/strong><\/a> trobareu les indicacions necess\u00e0ries per utilitzar el recurs a l\u2019aula.<\/p>\n\n\n\n<p><\/p>\n<\/details>\n\n\n\n<details class=\"wp-block-details has-ast-global-color-0-color has-text-color has-link-color has-medium-font-size wp-elements-b735bdef463c88025f2ebf6fe99dd6ed is-layout-flow wp-block-details-is-layout-flow\"><summary>Habilitat ling\u00fc\u00edstica \/ Nivell MECR \/ Etapa educativa<\/summary>\n<p class=\"has-black-color has-text-color has-link-color has-small-font-size wp-elements-5fed40e6b3eeb295312aec557bbc3260\">Expressi\u00f3 Oral &#8211; Comprensi\u00f3 Oral <\/p>\n\n\n\n<p class=\"has-black-color has-text-color has-link-color has-small-font-size wp-elements-410ac2b0b127132d1093a6fe886457fc\">Nivell A1 &#8211; A2 &#8211; B1<\/p>\n\n\n\n<p class=\"has-black-color has-text-color has-link-color has-small-font-size wp-elements-4b76d808cb1df8758cb5ff1ea34c1c23\">Prim\u00e0ria i Secund\u00e0ria<\/p>\n\n\n\n<p><\/p>\n<\/details>\n\n\n\n<div class=\"wp-block-columns is-layout-flex wp-container-core-columns-is-layout-6 wp-block-columns-is-layout-flex\">\n<div class=\"wp-block-column is-layout-flow wp-block-column-is-layout-flow\">\n<div class=\"wp-block-getwid-icon-box has-icon-left has-text-center\"><div class=\"wp-block-getwid-icon-box__icon-container is-position-middle\"><div class=\"wp-block-getwid-icon-box__icon-wrapper has-text-color has-ast-global-color-0-color\" style=\"font-size:30px\"><i class=\"fas fa-print\"><\/i><\/div><\/div><div class=\"wp-block-getwid-icon-box__content\">\n<h3 class=\"wp-block-heading has-small-font-size\"><\/h3>\n\n\n\n<p><\/p>\n<\/div><\/div>\n<\/div>\n\n\n\n<div class=\"wp-block-column is-layout-flow wp-block-column-is-layout-flow\">\n<div class=\"wp-block-getwid-icon-box has-icon-left has-text-center\"><div class=\"wp-block-getwid-icon-box__icon-container is-position-middle\"><div class=\"wp-block-getwid-icon-box__icon-wrapper has-text-color has-ast-global-color-0-color\" style=\"font-size:30px\"><i class=\"fas fa-file-pdf\"><\/i><\/div><\/div><div class=\"wp-block-getwid-icon-box__content\">\n<h3 class=\"wp-block-heading has-small-font-size\"><\/h3>\n\n\n\n<p><\/p>\n<\/div><\/div>\n<\/div>\n\n\n\n<div class=\"wp-block-column is-layout-flow wp-block-column-is-layout-flow\"><\/div>\n<\/div>\n<\/div><\/div>\n<\/div>\n\n\n\n<div class=\"wp-block-group is-layout-constrained wp-block-group-is-layout-constrained\">\n<div class=\"wp-block-getwid-advanced-heading\"><span class=\"wp-block-getwid-advanced-heading__content has-text-color has-white-color has-background has-ast-global-color-0-background-color\" style=\"text-align:left\"><strong>Enrola&#8217;t<\/strong>.<strong> <\/strong>Anem d&#8217;excursi\u00f3<\/span><\/div>\n\n\n\n<div class=\"wp-block-media-text is-stacked-on-mobile\" style=\"margin-top:var(--wp--preset--spacing--30);margin-bottom:var(--wp--preset--spacing--30);grid-template-columns:16% auto\"><figure class=\"wp-block-media-text__media\"><a href=\"https:\/\/projectes.xtec.cat\/aula-acollida\/wp-content\/uploads\/usu59\/2025\/07\/enrolat-CM-anem-dexcursio.pdf\" target=\"_blank\" rel=\" noreferrer noopener\"><img loading=\"lazy\" decoding=\"async\" width=\"1024\" height=\"706\" src=\"https:\/\/projectes.xtec.cat\/aula-acollida\/wp-content\/uploads\/usu59\/2025\/07\/enrolat-anem-dexcursio-1024x706.png\" alt=\"\" class=\"wp-image-9026 size-full\" srcset=\"https:\/\/projectes.xtec.cat\/aula-acollida\/wp-content\/uploads\/usu59\/2025\/07\/enrolat-anem-dexcursio-1024x706.png 1024w, https:\/\/projectes.xtec.cat\/aula-acollida\/wp-content\/uploads\/usu59\/2025\/07\/enrolat-anem-dexcursio-300x207.png 300w, https:\/\/projectes.xtec.cat\/aula-acollida\/wp-content\/uploads\/usu59\/2025\/07\/enrolat-anem-dexcursio-768x529.png 768w, https:\/\/projectes.xtec.cat\/aula-acollida\/wp-content\/uploads\/usu59\/2025\/07\/enrolat-anem-dexcursio.png 1207w\" sizes=\"auto, (max-width: 1024px) 100vw, 1024px\" \/><\/a><\/figure><div class=\"wp-block-media-text__content\">\n<details class=\"wp-block-details has-ast-global-color-0-color has-text-color has-link-color has-medium-font-size wp-elements-aa80c0ae99203d30b207147a66516f34 is-layout-flow wp-block-details-is-layout-flow\"><summary>Descripci\u00f3<\/summary>\n<p class=\"has-black-color has-text-color has-link-color has-small-font-size wp-elements-f70cf035fea666feff9daf61864946dc\"><a href=\"https:\/\/projectes.xtec.cat\/aula-acollida\/wp-content\/uploads\/usu59\/2025\/07\/enrolat-CM-anem-dexcursio.pdf\" target=\"_blank\" rel=\"noreferrer noopener\"><strong>Recurs<\/strong> <\/a>per treballar la llengua oral a l\u2019escola. Aplega un recull de situacions comunicatives amb la finalitat de fomentar la interacci\u00f3 entre els alumnes. La t\u00e8cnica utilitzada \u00e9s el joc de rol.<\/p>\n\n\n\n<p class=\"has-black-color has-text-color has-link-color has-small-font-size wp-elements-08f6a21f1fdbefc3119a1363b23dc9ea\">A la <a href=\"https:\/\/projectes.xtec.cat\/aula-acollida\/wp-content\/uploads\/usu59\/2025\/07\/guia-didactica-enrolat.pdf\" target=\"_blank\" rel=\"noreferrer noopener\"><strong>guia did\u00e0ctica<\/strong><\/a> trobareu les indicacions necess\u00e0ries per utilitzar el recurs a l\u2019aula.<\/p>\n\n\n\n<p><\/p>\n<\/details>\n\n\n\n<details class=\"wp-block-details has-ast-global-color-0-color has-text-color has-link-color has-medium-font-size wp-elements-b735bdef463c88025f2ebf6fe99dd6ed is-layout-flow wp-block-details-is-layout-flow\"><summary>Habilitat ling\u00fc\u00edstica \/ Nivell MECR \/ Etapa educativa<\/summary>\n<p class=\"has-black-color has-text-color has-link-color has-small-font-size wp-elements-5fed40e6b3eeb295312aec557bbc3260\">Expressi\u00f3 Oral &#8211; Comprensi\u00f3 Oral <\/p>\n\n\n\n<p class=\"has-black-color has-text-color has-link-color has-small-font-size wp-elements-410ac2b0b127132d1093a6fe886457fc\">Nivell A1 &#8211; A2 &#8211; B1<\/p>\n\n\n\n<p class=\"has-black-color has-text-color has-link-color has-small-font-size wp-elements-4b76d808cb1df8758cb5ff1ea34c1c23\">Prim\u00e0ria i Secund\u00e0ria<\/p>\n\n\n\n<p><\/p>\n<\/details>\n\n\n\n<div class=\"wp-block-columns is-layout-flex wp-container-core-columns-is-layout-7 wp-block-columns-is-layout-flex\">\n<div class=\"wp-block-column is-layout-flow wp-block-column-is-layout-flow\">\n<div class=\"wp-block-getwid-icon-box has-icon-left has-text-center\"><div class=\"wp-block-getwid-icon-box__icon-container is-position-middle\"><div class=\"wp-block-getwid-icon-box__icon-wrapper has-text-color has-ast-global-color-0-color\" style=\"font-size:30px\"><i class=\"fas fa-print\"><\/i><\/div><\/div><div class=\"wp-block-getwid-icon-box__content\">\n<h3 class=\"wp-block-heading has-small-font-size\"><\/h3>\n\n\n\n<p><\/p>\n<\/div><\/div>\n<\/div>\n\n\n\n<div class=\"wp-block-column is-layout-flow wp-block-column-is-layout-flow\">\n<div class=\"wp-block-getwid-icon-box has-icon-left has-text-center\"><div class=\"wp-block-getwid-icon-box__icon-container is-position-middle\"><div class=\"wp-block-getwid-icon-box__icon-wrapper has-text-color has-ast-global-color-0-color\" style=\"font-size:30px\"><i class=\"fas fa-file-pdf\"><\/i><\/div><\/div><div class=\"wp-block-getwid-icon-box__content\">\n<h3 class=\"wp-block-heading has-small-font-size\"><\/h3>\n\n\n\n<p><\/p>\n<\/div><\/div>\n<\/div>\n\n\n\n<div class=\"wp-block-column is-layout-flow wp-block-column-is-layout-flow\"><\/div>\n<\/div>\n<\/div><\/div>\n<\/div>\n\n\n\n<div class=\"wp-block-group is-layout-constrained wp-block-group-is-layout-constrained\">\n<div class=\"wp-block-getwid-advanced-heading\"><span class=\"wp-block-getwid-advanced-heading__content has-text-color has-white-color has-background has-ast-global-color-0-background-color\" style=\"text-align:left\"><strong>Enrola&#8217;t<\/strong>.<strong> <\/strong>Endevina, endevinalla<\/span><\/div>\n\n\n\n<div class=\"wp-block-media-text is-stacked-on-mobile\" style=\"margin-top:var(--wp--preset--spacing--30);margin-bottom:var(--wp--preset--spacing--30);grid-template-columns:16% auto\"><figure class=\"wp-block-media-text__media\"><a href=\"https:\/\/projectes.xtec.cat\/aula-acollida\/wp-content\/uploads\/usu59\/2025\/07\/enrolat-CM-endevina-endevinalla.pdf\" target=\"_blank\" rel=\" noreferrer noopener\"><img loading=\"lazy\" decoding=\"async\" width=\"1024\" height=\"697\" src=\"https:\/\/projectes.xtec.cat\/aula-acollida\/wp-content\/uploads\/usu59\/2025\/07\/enrolat-endevina-1024x697.png\" alt=\"\" class=\"wp-image-9037 size-full\" srcset=\"https:\/\/projectes.xtec.cat\/aula-acollida\/wp-content\/uploads\/usu59\/2025\/07\/enrolat-endevina-1024x697.png 1024w, https:\/\/projectes.xtec.cat\/aula-acollida\/wp-content\/uploads\/usu59\/2025\/07\/enrolat-endevina-300x204.png 300w, https:\/\/projectes.xtec.cat\/aula-acollida\/wp-content\/uploads\/usu59\/2025\/07\/enrolat-endevina-768x523.png 768w, https:\/\/projectes.xtec.cat\/aula-acollida\/wp-content\/uploads\/usu59\/2025\/07\/enrolat-endevina.png 1218w\" sizes=\"auto, (max-width: 1024px) 100vw, 1024px\" \/><\/a><\/figure><div class=\"wp-block-media-text__content\">\n<details class=\"wp-block-details has-ast-global-color-0-color has-text-color has-link-color has-medium-font-size wp-elements-85d3fafe9b9f6b7a5960c9f92cd8e470 is-layout-flow wp-block-details-is-layout-flow\"><summary>Descripci\u00f3<\/summary>\n<p class=\"has-black-color has-text-color has-link-color has-small-font-size wp-elements-342ba50aaa10257d88d17f2429ecb689\"><strong><a href=\"https:\/\/projectes.xtec.cat\/aula-acollida\/wp-content\/uploads\/usu59\/2025\/07\/enrolat-CM-endevina-endevinalla.pdf\" target=\"_blank\" rel=\"noreferrer noopener\">Recurs<\/a><\/strong> per treballar la llengua oral a l\u2019escola. Aplega un recull de situacions comunicatives amb la finalitat de fomentar la interacci\u00f3 entre els alumnes. La t\u00e8cnica utilitzada \u00e9s el joc de rol.<\/p>\n\n\n\n<p class=\"has-black-color has-text-color has-link-color has-small-font-size wp-elements-08f6a21f1fdbefc3119a1363b23dc9ea\">A la <a href=\"https:\/\/projectes.xtec.cat\/aula-acollida\/wp-content\/uploads\/usu59\/2025\/07\/guia-didactica-enrolat.pdf\" target=\"_blank\" rel=\"noreferrer noopener\"><strong>guia did\u00e0ctica<\/strong><\/a> trobareu les indicacions necess\u00e0ries per utilitzar el recurs a l\u2019aula.<\/p>\n\n\n\n<p><\/p>\n<\/details>\n\n\n\n<details class=\"wp-block-details has-ast-global-color-0-color has-text-color has-link-color has-medium-font-size wp-elements-b735bdef463c88025f2ebf6fe99dd6ed is-layout-flow wp-block-details-is-layout-flow\"><summary>Habilitat ling\u00fc\u00edstica \/ Nivell MECR \/ Etapa educativa<\/summary>\n<p class=\"has-black-color has-text-color has-link-color has-small-font-size wp-elements-5fed40e6b3eeb295312aec557bbc3260\">Expressi\u00f3 Oral &#8211; Comprensi\u00f3 Oral <\/p>\n\n\n\n<p class=\"has-black-color has-text-color has-link-color has-small-font-size wp-elements-410ac2b0b127132d1093a6fe886457fc\">Nivell A1 &#8211; A2 &#8211; B1<\/p>\n\n\n\n<p class=\"has-black-color has-text-color has-link-color has-small-font-size wp-elements-4b76d808cb1df8758cb5ff1ea34c1c23\">Prim\u00e0ria i Secund\u00e0ria<\/p>\n\n\n\n<p><\/p>\n<\/details>\n\n\n\n<div class=\"wp-block-columns is-layout-flex wp-container-core-columns-is-layout-8 wp-block-columns-is-layout-flex\">\n<div class=\"wp-block-column is-layout-flow wp-block-column-is-layout-flow\">\n<div class=\"wp-block-getwid-icon-box has-icon-left has-text-center\"><div class=\"wp-block-getwid-icon-box__icon-container is-position-middle\"><div class=\"wp-block-getwid-icon-box__icon-wrapper has-text-color has-ast-global-color-0-color\" style=\"font-size:30px\"><i class=\"fas fa-print\"><\/i><\/div><\/div><div class=\"wp-block-getwid-icon-box__content\">\n<h3 class=\"wp-block-heading has-small-font-size\"><\/h3>\n\n\n\n<p><\/p>\n<\/div><\/div>\n<\/div>\n\n\n\n<div class=\"wp-block-column is-layout-flow wp-block-column-is-layout-flow\">\n<div class=\"wp-block-getwid-icon-box has-icon-left has-text-center\"><div class=\"wp-block-getwid-icon-box__icon-container is-position-middle\"><div class=\"wp-block-getwid-icon-box__icon-wrapper has-text-color has-ast-global-color-0-color\" style=\"font-size:30px\"><i class=\"fas fa-file-pdf\"><\/i><\/div><\/div><div class=\"wp-block-getwid-icon-box__content\">\n<h3 class=\"wp-block-heading has-small-font-size\"><\/h3>\n\n\n\n<p><\/p>\n<\/div><\/div>\n<\/div>\n\n\n\n<div class=\"wp-block-column is-layout-flow wp-block-column-is-layout-flow\"><\/div>\n<\/div>\n<\/div><\/div>\n<\/div>\n\n\n\n<div class=\"wp-block-group is-layout-constrained wp-block-group-is-layout-constrained\">\n<div class=\"wp-block-getwid-advanced-heading\"><span class=\"wp-block-getwid-advanced-heading__content has-text-color has-white-color has-background has-ast-global-color-0-background-color\" style=\"text-align:left\"><strong>Enrola&#8217;t<\/strong>.<strong> <\/strong>Olel\u00e9, olal\u00e0<\/span><\/div>\n\n\n\n<div class=\"wp-block-media-text is-stacked-on-mobile\" style=\"margin-top:var(--wp--preset--spacing--30);margin-bottom:var(--wp--preset--spacing--30);grid-template-columns:16% auto\"><figure class=\"wp-block-media-text__media\"><a href=\"https:\/\/projectes.xtec.cat\/aula-acollida\/wp-content\/uploads\/usu59\/2025\/07\/enrolat-CS-olele-olala.pdf\" target=\"_blank\" rel=\" noreferrer noopener\"><img loading=\"lazy\" decoding=\"async\" width=\"1024\" height=\"716\" src=\"https:\/\/projectes.xtec.cat\/aula-acollida\/wp-content\/uploads\/usu59\/2025\/07\/enrolat-olele-olala-1024x716.png\" alt=\"\" class=\"wp-image-9028 size-full\" srcset=\"https:\/\/projectes.xtec.cat\/aula-acollida\/wp-content\/uploads\/usu59\/2025\/07\/enrolat-olele-olala-1024x716.png 1024w, https:\/\/projectes.xtec.cat\/aula-acollida\/wp-content\/uploads\/usu59\/2025\/07\/enrolat-olele-olala-300x210.png 300w, https:\/\/projectes.xtec.cat\/aula-acollida\/wp-content\/uploads\/usu59\/2025\/07\/enrolat-olele-olala-768x537.png 768w, https:\/\/projectes.xtec.cat\/aula-acollida\/wp-content\/uploads\/usu59\/2025\/07\/enrolat-olele-olala.png 1210w\" sizes=\"auto, (max-width: 1024px) 100vw, 1024px\" \/><\/a><\/figure><div class=\"wp-block-media-text__content\">\n<details class=\"wp-block-details has-ast-global-color-0-color has-text-color has-link-color has-medium-font-size wp-elements-486f674cc4dbe188d7ffda349f86e496 is-layout-flow wp-block-details-is-layout-flow\"><summary>Descripci\u00f3<\/summary>\n<p class=\"has-black-color has-text-color has-link-color has-small-font-size wp-elements-4d22bddd09005ecbcd4fa79d689da822\"><strong><a href=\"https:\/\/projectes.xtec.cat\/aula-acollida\/wp-content\/uploads\/usu59\/2025\/07\/enrolat-CS-olele-olala.pdf\" target=\"_blank\" rel=\"noreferrer noopener\">Recurs<\/a><\/strong> per treballar la llengua oral a l\u2019escola. Aplega un recull de situacions comunicatives amb la finalitat de fomentar la interacci\u00f3 entre els alumnes. La t\u00e8cnica utilitzada \u00e9s el joc de rol.<\/p>\n\n\n\n<p class=\"has-black-color has-text-color has-link-color has-small-font-size wp-elements-08f6a21f1fdbefc3119a1363b23dc9ea\">A la <a href=\"https:\/\/projectes.xtec.cat\/aula-acollida\/wp-content\/uploads\/usu59\/2025\/07\/guia-didactica-enrolat.pdf\" target=\"_blank\" rel=\"noreferrer noopener\"><strong>guia did\u00e0ctica<\/strong><\/a> trobareu les indicacions necess\u00e0ries per utilitzar el recurs a l\u2019aula.<\/p>\n\n\n\n<p><\/p>\n<\/details>\n\n\n\n<details class=\"wp-block-details has-ast-global-color-0-color has-text-color has-link-color has-medium-font-size wp-elements-b735bdef463c88025f2ebf6fe99dd6ed is-layout-flow wp-block-details-is-layout-flow\"><summary>Habilitat ling\u00fc\u00edstica \/ Nivell MECR \/ Etapa educativa<\/summary>\n<p class=\"has-black-color has-text-color has-link-color has-small-font-size wp-elements-5fed40e6b3eeb295312aec557bbc3260\">Expressi\u00f3 Oral &#8211; Comprensi\u00f3 Oral <\/p>\n\n\n\n<p class=\"has-black-color has-text-color has-link-color has-small-font-size wp-elements-410ac2b0b127132d1093a6fe886457fc\">Nivell A1 &#8211; A2 &#8211; B1<\/p>\n\n\n\n<p class=\"has-black-color has-text-color has-link-color has-small-font-size wp-elements-4b76d808cb1df8758cb5ff1ea34c1c23\">Prim\u00e0ria i Secund\u00e0ria<\/p>\n\n\n\n<p><\/p>\n<\/details>\n\n\n\n<div class=\"wp-block-columns is-layout-flex wp-container-core-columns-is-layout-9 wp-block-columns-is-layout-flex\">\n<div class=\"wp-block-column is-layout-flow wp-block-column-is-layout-flow\">\n<div class=\"wp-block-getwid-icon-box has-icon-left has-text-center\"><div class=\"wp-block-getwid-icon-box__icon-container is-position-middle\"><div class=\"wp-block-getwid-icon-box__icon-wrapper has-text-color has-ast-global-color-0-color\" style=\"font-size:30px\"><i class=\"fas fa-print\"><\/i><\/div><\/div><div class=\"wp-block-getwid-icon-box__content\">\n<h3 class=\"wp-block-heading has-small-font-size\"><\/h3>\n\n\n\n<p><\/p>\n<\/div><\/div>\n<\/div>\n\n\n\n<div class=\"wp-block-column is-layout-flow wp-block-column-is-layout-flow\">\n<div class=\"wp-block-getwid-icon-box has-icon-left has-text-center\"><div class=\"wp-block-getwid-icon-box__icon-container is-position-middle\"><div class=\"wp-block-getwid-icon-box__icon-wrapper has-text-color has-ast-global-color-0-color\" style=\"font-size:30px\"><i class=\"fas fa-file-pdf\"><\/i><\/div><\/div><div class=\"wp-block-getwid-icon-box__content\">\n<h3 class=\"wp-block-heading has-small-font-size\"><\/h3>\n\n\n\n<p><\/p>\n<\/div><\/div>\n<\/div>\n\n\n\n<div class=\"wp-block-column is-layout-flow wp-block-column-is-layout-flow\"><\/div>\n<\/div>\n<\/div><\/div>\n<\/div>\n\n\n\n<div class=\"wp-block-group is-layout-constrained wp-block-group-is-layout-constrained\">\n<div class=\"wp-block-getwid-advanced-heading\"><span class=\"wp-block-getwid-advanced-heading__content has-text-color has-white-color has-background has-ast-global-color-0-background-color\" style=\"text-align:left\"><strong>Enrola&#8217;t<\/strong>.<strong> <\/strong>Superherois<\/span><\/div>\n\n\n\n<div class=\"wp-block-media-text is-stacked-on-mobile\" style=\"margin-top:var(--wp--preset--spacing--30);margin-bottom:var(--wp--preset--spacing--30);grid-template-columns:16% auto\"><figure class=\"wp-block-media-text__media\"><a href=\"https:\/\/projectes.xtec.cat\/aula-acollida\/wp-content\/uploads\/usu59\/2025\/07\/enrolat-CS-superherois.pdf\" target=\"_blank\" rel=\" noreferrer noopener\"><img loading=\"lazy\" decoding=\"async\" width=\"1024\" height=\"707\" src=\"https:\/\/projectes.xtec.cat\/aula-acollida\/wp-content\/uploads\/usu59\/2025\/07\/enrolat-superherois-1024x707.png\" alt=\"\" class=\"wp-image-9034 size-full\" srcset=\"https:\/\/projectes.xtec.cat\/aula-acollida\/wp-content\/uploads\/usu59\/2025\/07\/enrolat-superherois-1024x707.png 1024w, https:\/\/projectes.xtec.cat\/aula-acollida\/wp-content\/uploads\/usu59\/2025\/07\/enrolat-superherois-300x207.png 300w, https:\/\/projectes.xtec.cat\/aula-acollida\/wp-content\/uploads\/usu59\/2025\/07\/enrolat-superherois-768x531.png 768w, https:\/\/projectes.xtec.cat\/aula-acollida\/wp-content\/uploads\/usu59\/2025\/07\/enrolat-superherois.png 1213w\" sizes=\"auto, (max-width: 1024px) 100vw, 1024px\" \/><\/a><\/figure><div class=\"wp-block-media-text__content\">\n<details class=\"wp-block-details has-ast-global-color-0-color has-text-color has-link-color has-medium-font-size wp-elements-2cbed8b3fe9a373ca320f9f19ec225e6 is-layout-flow wp-block-details-is-layout-flow\"><summary>Descripci\u00f3<\/summary>\n<p class=\"has-black-color has-text-color has-link-color has-small-font-size wp-elements-e4f7ab652d5c7cc202701c1ad7e061f0\"><strong><a href=\"https:\/\/projectes.xtec.cat\/aula-acollida\/wp-content\/uploads\/usu59\/2025\/07\/enrolat-CS-superherois.pdf\" target=\"_blank\" rel=\"noreferrer noopener\">Recurs<\/a><\/strong> per treballar la llengua oral a l\u2019escola. Aplega un recull de situacions comunicatives amb la finalitat de fomentar la interacci\u00f3 entre els alumnes. La t\u00e8cnica utilitzada \u00e9s el joc de rol.<\/p>\n\n\n\n<p class=\"has-black-color has-text-color has-link-color has-small-font-size wp-elements-b69f9b84fe0a566868ac9b9c6e657bfa\">A la <strong><a href=\"https:\/\/projectes.xtec.cat\/aula-acollida\/wp-content\/uploads\/usu59\/2025\/07\/guia-didactica-enrolat.pdf\" target=\"_blank\" rel=\"noreferrer noopener\">Guia did\u00e0ctica<\/a><\/strong> trobareu les indicacions necess\u00e0ries per utilitzar el recurs a l\u2019aula.<\/p>\n\n\n\n<p><\/p>\n<\/details>\n\n\n\n<details class=\"wp-block-details has-ast-global-color-0-color has-text-color has-link-color has-medium-font-size wp-elements-b735bdef463c88025f2ebf6fe99dd6ed is-layout-flow wp-block-details-is-layout-flow\"><summary>Habilitat ling\u00fc\u00edstica \/ Nivell MECR \/ Etapa educativa<\/summary>\n<p class=\"has-black-color has-text-color has-link-color has-small-font-size wp-elements-5fed40e6b3eeb295312aec557bbc3260\">Expressi\u00f3 Oral &#8211; Comprensi\u00f3 Oral <\/p>\n\n\n\n<p class=\"has-black-color has-text-color has-link-color has-small-font-size wp-elements-410ac2b0b127132d1093a6fe886457fc\">Nivell A1 &#8211; A2 &#8211; B1<\/p>\n\n\n\n<p class=\"has-black-color has-text-color has-link-color has-small-font-size wp-elements-4b76d808cb1df8758cb5ff1ea34c1c23\">Prim\u00e0ria i Secund\u00e0ria<\/p>\n\n\n\n<p><\/p>\n<\/details>\n\n\n\n<div class=\"wp-block-columns is-layout-flex wp-container-core-columns-is-layout-10 wp-block-columns-is-layout-flex\">\n<div class=\"wp-block-column is-layout-flow wp-block-column-is-layout-flow\">\n<div class=\"wp-block-getwid-icon-box has-icon-left has-text-center\"><div class=\"wp-block-getwid-icon-box__icon-container is-position-middle\"><div class=\"wp-block-getwid-icon-box__icon-wrapper has-text-color has-ast-global-color-0-color\" style=\"font-size:30px\"><i class=\"fas fa-print\"><\/i><\/div><\/div><div class=\"wp-block-getwid-icon-box__content\">\n<h3 class=\"wp-block-heading has-small-font-size\"><\/h3>\n\n\n\n<p><\/p>\n<\/div><\/div>\n<\/div>\n\n\n\n<div class=\"wp-block-column is-layout-flow wp-block-column-is-layout-flow\">\n<div class=\"wp-block-getwid-icon-box has-icon-left has-text-center\"><div class=\"wp-block-getwid-icon-box__icon-container is-position-middle\"><div class=\"wp-block-getwid-icon-box__icon-wrapper has-text-color has-ast-global-color-0-color\" style=\"font-size:30px\"><i class=\"fas fa-file-pdf\"><\/i><\/div><\/div><div class=\"wp-block-getwid-icon-box__content\">\n<h3 class=\"wp-block-heading has-small-font-size\"><\/h3>\n\n\n\n<p><\/p>\n<\/div><\/div>\n<\/div>\n\n\n\n<div class=\"wp-block-column is-layout-flow wp-block-column-is-layout-flow\"><\/div>\n<\/div>\n<\/div><\/div>\n<\/div>\n\n\n\n<div class=\"wp-block-group is-layout-constrained wp-block-group-is-layout-constrained\">\n<div class=\"wp-block-getwid-advanced-heading\"><span class=\"wp-block-getwid-advanced-heading__content has-text-color has-white-color has-background has-ast-global-color-0-background-color\" style=\"text-align:left\"><strong>L\u00e0mines Viure a Catalunya.<\/strong> El centre c\u00edvic<\/span><\/div>\n\n\n\n<div class=\"wp-block-media-text is-stacked-on-mobile\" style=\"margin-top:var(--wp--preset--spacing--30);margin-bottom:var(--wp--preset--spacing--30);grid-template-columns:16% auto\"><figure class=\"wp-block-media-text__media\"><a href=\"https:\/\/projectes.xtec.cat\/aula-acollida\/wp-content\/uploads\/usu59\/2025\/07\/viure-a-catalunya-lamina-amb-text-el-centre-civic.pdf\" target=\"_blank\" rel=\" noreferrer noopener\"><img loading=\"lazy\" decoding=\"async\" width=\"1024\" height=\"663\" src=\"https:\/\/projectes.xtec.cat\/aula-acollida\/wp-content\/uploads\/usu59\/2025\/07\/viure-a-catalunya-el-centre-civic-1024x663.png\" alt=\"\" class=\"wp-image-8994 size-full\" srcset=\"https:\/\/projectes.xtec.cat\/aula-acollida\/wp-content\/uploads\/usu59\/2025\/07\/viure-a-catalunya-el-centre-civic-1024x663.png 1024w, https:\/\/projectes.xtec.cat\/aula-acollida\/wp-content\/uploads\/usu59\/2025\/07\/viure-a-catalunya-el-centre-civic-300x194.png 300w, https:\/\/projectes.xtec.cat\/aula-acollida\/wp-content\/uploads\/usu59\/2025\/07\/viure-a-catalunya-el-centre-civic-768x497.png 768w, https:\/\/projectes.xtec.cat\/aula-acollida\/wp-content\/uploads\/usu59\/2025\/07\/viure-a-catalunya-el-centre-civic.png 1183w\" sizes=\"auto, (max-width: 1024px) 100vw, 1024px\" \/><\/a><\/figure><div class=\"wp-block-media-text__content\">\n<details class=\"wp-block-details has-ast-global-color-0-color has-text-color has-link-color has-medium-font-size wp-elements-1830cc78b6b80e69e4a0623d56a7ba95 is-layout-flow wp-block-details-is-layout-flow\"><summary>Descripci\u00f3<\/summary>\n<p class=\"has-black-color has-text-color has-link-color has-small-font-size wp-elements-5f1316f57c2de5c3c652d53dde78b1d6\"><em>Viure a Catalunya. L\u00e0mines <\/em>\u00e9s una col\u00b7lecci\u00f3 de 12 l\u00e0mines indicades per treballar el llenguatge en situacions comunicatives de la vida quotidiana a les aules dels cursos de nivell inicial (acolliment ling\u00fc\u00edstic) i nivell b\u00e0sic. <\/p>\n\n\n\n<p class=\"has-black-color has-text-color has-link-color has-small-font-size wp-elements-fd08f4af516d8050717814119258998b\">El temes tractats s\u00f3n: la casa, el parc, el bar i el restaurant, la ciutat, la muntanya i el camp, la platja i el port, el mercat i el supermercat, el temps, els transports, els oficis, <strong>el centre c\u00edvic<\/strong> i el centre comercial. Podeu consultar-les, en format PDF, tant <strong><a href=\"https:\/\/projectes.xtec.cat\/aula-acollida\/wp-content\/uploads\/usu59\/2025\/07\/viure-a-catalunya-lamina-amb-text-el-centre-civic.pdf\" target=\"_blank\" rel=\"noreferrer noopener\">amb els noms impresos<\/a><\/strong> com <strong><a href=\"https:\/\/projectes.xtec.cat\/aula-acollida\/wp-content\/uploads\/usu59\/2025\/07\/viure-a-catalunya-lamina-sense-text-el-centre-civic.pdf\" target=\"_blank\" rel=\"noreferrer noopener\">sense<\/a><\/strong>.<\/p>\n\n\n\n<p class=\"has-black-color has-text-color has-link-color has-small-font-size wp-elements-4c4e67f00c0f7976ab0196dab5b5e571\">A la<strong> <a href=\"https:\/\/projectes.xtec.cat\/aula-acollida\/wp-content\/uploads\/usu59\/2025\/07\/guia-didactica-Viure-a-Catalunya-lamines.pdf\" target=\"_blank\" rel=\"noreferrer noopener\">guia did\u00e0ctica<\/a> <\/strong>trobareu les indicacions necess\u00e0ries per utilitzar el recurs a l\u2019aula<\/p>\n\n\n\n<p><\/p>\n<\/details>\n\n\n\n<details class=\"wp-block-details has-ast-global-color-0-color has-text-color has-link-color has-medium-font-size wp-elements-64b7613f183ccd1558373b745e78f925 is-layout-flow wp-block-details-is-layout-flow\"><summary>Habilitat ling\u00fc\u00edstica \/ Nivell MECR \/ Etapa educativa<\/summary>\n<p class=\"has-black-color has-text-color has-link-color has-small-font-size wp-elements-ca59ad03b92e8100576e4ff341e56c48\">Expressi\u00f3 Oral &#8211; Comprensi\u00f3 Oral &#8211; Comprensi\u00f3 Escrita<\/p>\n\n\n\n<p class=\"has-black-color has-text-color has-link-color has-small-font-size wp-elements-f08ddbca3e6e23ed134b0506b2895d36\">Nivell A1 &#8211; A2<\/p>\n\n\n\n<p class=\"has-black-color has-text-color has-link-color has-small-font-size wp-elements-4b76d808cb1df8758cb5ff1ea34c1c23\">Prim\u00e0ria i Secund\u00e0ria<\/p>\n\n\n\n<p><\/p>\n<\/details>\n\n\n\n<div class=\"wp-block-columns is-layout-flex wp-container-core-columns-is-layout-11 wp-block-columns-is-layout-flex\">\n<div class=\"wp-block-column is-layout-flow wp-block-column-is-layout-flow\">\n<div class=\"wp-block-getwid-icon-box has-icon-left has-text-center\"><div class=\"wp-block-getwid-icon-box__icon-container is-position-middle\"><div class=\"wp-block-getwid-icon-box__icon-wrapper has-text-color has-ast-global-color-0-color\" style=\"font-size:30px\"><i class=\"fas fa-print\"><\/i><\/div><\/div><div class=\"wp-block-getwid-icon-box__content\">\n<h3 class=\"wp-block-heading has-small-font-size\"><\/h3>\n\n\n\n<p><\/p>\n<\/div><\/div>\n<\/div>\n\n\n\n<div class=\"wp-block-column is-layout-flow wp-block-column-is-layout-flow\">\n<div class=\"wp-block-getwid-icon-box has-icon-left has-text-center\"><div class=\"wp-block-getwid-icon-box__icon-container is-position-middle\"><div class=\"wp-block-getwid-icon-box__icon-wrapper has-text-color has-ast-global-color-0-color\" style=\"font-size:30px\"><i class=\"fas fa-file-pdf\"><\/i><\/div><\/div><div class=\"wp-block-getwid-icon-box__content\">\n<h3 class=\"wp-block-heading has-small-font-size\"><\/h3>\n\n\n\n<p><\/p>\n<\/div><\/div>\n<\/div>\n\n\n\n<div class=\"wp-block-column is-layout-flow wp-block-column-is-layout-flow\"><\/div>\n<\/div>\n<\/div><\/div>\n<\/div>\n\n\n\n<div class=\"wp-block-group is-layout-constrained wp-block-group-is-layout-constrained\">\n<div class=\"wp-block-getwid-advanced-heading\"><span class=\"wp-block-getwid-advanced-heading__content has-text-color has-white-color has-background has-ast-global-color-0-background-color\" style=\"text-align:left\"><strong>L\u00e0mines Viure a Catalunya.<\/strong> El centre comercial<\/span><\/div>\n\n\n\n<div class=\"wp-block-media-text is-stacked-on-mobile\" style=\"margin-top:var(--wp--preset--spacing--30);margin-bottom:var(--wp--preset--spacing--30);grid-template-columns:16% auto\"><figure class=\"wp-block-media-text__media\"><a href=\"https:\/\/projectes.xtec.cat\/aula-acollida\/wp-content\/uploads\/usu59\/2025\/07\/viure-a-catalunya-lamina-amb-text-el-centre-comercial.pdf\" target=\"_blank\" rel=\" noreferrer noopener\"><img loading=\"lazy\" decoding=\"async\" width=\"1024\" height=\"673\" src=\"https:\/\/projectes.xtec.cat\/aula-acollida\/wp-content\/uploads\/usu59\/2025\/07\/viure-a-Catalunya-el-centre-comercial-1024x673.png\" alt=\"\" class=\"wp-image-9000 size-full\" srcset=\"https:\/\/projectes.xtec.cat\/aula-acollida\/wp-content\/uploads\/usu59\/2025\/07\/viure-a-Catalunya-el-centre-comercial-1024x673.png 1024w, https:\/\/projectes.xtec.cat\/aula-acollida\/wp-content\/uploads\/usu59\/2025\/07\/viure-a-Catalunya-el-centre-comercial-300x197.png 300w, https:\/\/projectes.xtec.cat\/aula-acollida\/wp-content\/uploads\/usu59\/2025\/07\/viure-a-Catalunya-el-centre-comercial-768x505.png 768w, https:\/\/projectes.xtec.cat\/aula-acollida\/wp-content\/uploads\/usu59\/2025\/07\/viure-a-Catalunya-el-centre-comercial.png 1177w\" sizes=\"auto, (max-width: 1024px) 100vw, 1024px\" \/><\/a><\/figure><div class=\"wp-block-media-text__content\">\n<details class=\"wp-block-details has-ast-global-color-0-color has-text-color has-link-color has-medium-font-size wp-elements-598498fc12540d73b48bf1904d5cf55a is-layout-flow wp-block-details-is-layout-flow\"><summary>Descripci\u00f3<\/summary>\n<p class=\"has-black-color has-text-color has-link-color has-small-font-size wp-elements-5f1316f57c2de5c3c652d53dde78b1d6\"><em>Viure a Catalunya. L\u00e0mines <\/em>\u00e9s una col\u00b7lecci\u00f3 de 12 l\u00e0mines indicades per treballar el llenguatge en situacions comunicatives de la vida quotidiana a les aules dels cursos de nivell inicial (acolliment ling\u00fc\u00edstic) i nivell b\u00e0sic. <\/p>\n\n\n\n<p class=\"has-black-color has-text-color has-link-color has-small-font-size wp-elements-9332ce885d8b42d8aa469c6263ab36c3\">El temes tractats s\u00f3n: la casa, el parc, el bar i el restaurant, la ciutat, la muntanya i el camp, la platja i el port, el mercat i el supermercat, el temps, els transports, els oficis, el centre c\u00edvic i <strong>el centre comercial<\/strong>. Podeu consultar-les, en format PDF, tant <strong><a href=\"https:\/\/projectes.xtec.cat\/aula-acollida\/wp-content\/uploads\/usu59\/2025\/07\/viure-a-catalunya-lamina-amb-text-el-centre-comercial.pdf\" target=\"_blank\" rel=\"noreferrer noopener\">amb els noms impresos<\/a><\/strong> com <strong><a href=\"https:\/\/projectes.xtec.cat\/aula-acollida\/wp-content\/uploads\/usu59\/2025\/07\/viure-a-catalunya-lamina-sense-text-el-centre-comercial.pdf\" target=\"_blank\" rel=\"noreferrer noopener\">sense<\/a><\/strong>.<\/p>\n\n\n\n<p class=\"has-black-color has-text-color has-link-color has-small-font-size wp-elements-3b788ed4a1077757333d1b6afa18ac1d\">A la<strong> <a href=\"https:\/\/projectes.xtec.cat\/aula-acollida\/wp-content\/uploads\/usu59\/2025\/07\/guia-didactica-Viure-a-Catalunya-lamines.pdf\" target=\"_blank\" rel=\"noreferrer noopener\">guia did\u00e0ctica<\/a> <\/strong>trobareu les indicacions necess\u00e0ries per utilitzar el recurs a l\u2019aula.<\/p>\n\n\n\n<p><\/p>\n<\/details>\n\n\n\n<details class=\"wp-block-details has-ast-global-color-0-color has-text-color has-link-color has-medium-font-size wp-elements-64b7613f183ccd1558373b745e78f925 is-layout-flow wp-block-details-is-layout-flow\"><summary>Habilitat ling\u00fc\u00edstica \/ Nivell MECR \/ Etapa educativa<\/summary>\n<p class=\"has-black-color has-text-color has-link-color has-small-font-size wp-elements-ca59ad03b92e8100576e4ff341e56c48\">Expressi\u00f3 Oral &#8211; Comprensi\u00f3 Oral &#8211; Comprensi\u00f3 Escrita<\/p>\n\n\n\n<p class=\"has-black-color has-text-color has-link-color has-small-font-size wp-elements-f08ddbca3e6e23ed134b0506b2895d36\">Nivell A1 &#8211; A2<\/p>\n\n\n\n<p class=\"has-black-color has-text-color has-link-color has-small-font-size wp-elements-4b76d808cb1df8758cb5ff1ea34c1c23\">Prim\u00e0ria i Secund\u00e0ria<\/p>\n\n\n\n<p><\/p>\n<\/details>\n\n\n\n<div class=\"wp-block-columns is-layout-flex wp-container-core-columns-is-layout-12 wp-block-columns-is-layout-flex\">\n<div class=\"wp-block-column is-layout-flow wp-block-column-is-layout-flow\">\n<div class=\"wp-block-getwid-icon-box has-icon-left has-text-center\"><div class=\"wp-block-getwid-icon-box__icon-container is-position-middle\"><div class=\"wp-block-getwid-icon-box__icon-wrapper has-text-color has-ast-global-color-0-color\" style=\"font-size:30px\"><i class=\"fas fa-print\"><\/i><\/div><\/div><div class=\"wp-block-getwid-icon-box__content\">\n<h3 class=\"wp-block-heading has-small-font-size\"><\/h3>\n\n\n\n<p><\/p>\n<\/div><\/div>\n<\/div>\n\n\n\n<div class=\"wp-block-column is-layout-flow wp-block-column-is-layout-flow\">\n<div class=\"wp-block-getwid-icon-box has-icon-left has-text-center\"><div class=\"wp-block-getwid-icon-box__icon-container is-position-middle\"><div class=\"wp-block-getwid-icon-box__icon-wrapper has-text-color has-ast-global-color-0-color\" style=\"font-size:30px\"><i class=\"fas fa-file-pdf\"><\/i><\/div><\/div><div class=\"wp-block-getwid-icon-box__content\">\n<h3 class=\"wp-block-heading has-small-font-size\"><\/h3>\n\n\n\n<p><\/p>\n<\/div><\/div>\n<\/div>\n\n\n\n<div class=\"wp-block-column is-layout-flow wp-block-column-is-layout-flow\"><\/div>\n<\/div>\n<\/div><\/div>\n<\/div>\n\n\n\n<div class=\"wp-block-group is-layout-constrained wp-block-group-is-layout-constrained\">\n<div class=\"wp-block-getwid-advanced-heading\"><span class=\"wp-block-getwid-advanced-heading__content has-text-color has-white-color has-background has-ast-global-color-0-background-color\" style=\"text-align:left\"><strong>L\u00e0mines Viure a Catalunya. <\/strong>El parc<\/span><\/div>\n\n\n\n<div class=\"wp-block-media-text is-stacked-on-mobile\" style=\"margin-top:var(--wp--preset--spacing--30);margin-bottom:var(--wp--preset--spacing--30);grid-template-columns:16% auto\"><figure class=\"wp-block-media-text__media\"><a href=\"https:\/\/projectes.xtec.cat\/aula-acollida\/wp-content\/uploads\/usu59\/2025\/07\/viure-a-catalunya-lamina-amb-text-el-parc.pdf\" target=\"_blank\" rel=\" noreferrer noopener\"><img loading=\"lazy\" decoding=\"async\" width=\"562\" height=\"757\" src=\"https:\/\/projectes.xtec.cat\/aula-acollida\/wp-content\/uploads\/usu59\/2025\/07\/viure-a-catalunya-el-parc.png\" alt=\"\" class=\"wp-image-8989 size-full\" srcset=\"https:\/\/projectes.xtec.cat\/aula-acollida\/wp-content\/uploads\/usu59\/2025\/07\/viure-a-catalunya-el-parc.png 562w, https:\/\/projectes.xtec.cat\/aula-acollida\/wp-content\/uploads\/usu59\/2025\/07\/viure-a-catalunya-el-parc-223x300.png 223w\" sizes=\"auto, (max-width: 562px) 100vw, 562px\" \/><\/a><\/figure><div class=\"wp-block-media-text__content\">\n<details class=\"wp-block-details has-ast-global-color-0-color has-text-color has-link-color has-medium-font-size wp-elements-4e90445dbca4756fe9d6af72fc4baf6e is-layout-flow wp-block-details-is-layout-flow\"><summary>Descripci\u00f3<\/summary>\n<p class=\"has-black-color has-text-color has-link-color has-small-font-size wp-elements-5f1316f57c2de5c3c652d53dde78b1d6\"><em>Viure a Catalunya. L\u00e0mines <\/em>\u00e9s una col\u00b7lecci\u00f3 de 12 l\u00e0mines indicades per treballar el llenguatge en situacions comunicatives de la vida quotidiana a les aules dels cursos de nivell inicial (acolliment ling\u00fc\u00edstic) i nivell b\u00e0sic. <\/p>\n\n\n\n<p class=\"has-black-color has-text-color has-link-color has-small-font-size wp-elements-21ac3ec33ab03cf606d044f1843403bf\">El temes tractats s\u00f3n: la casa, <strong>el parc<\/strong>, el bar i el restaurant, la ciutat, la muntanya i el camp, la platja i el port, el mercat i el supermercat, el temps, els transports, els oficis, el centre c\u00edvic i el centre comercial. Podeu consultar-les, en format PDF, tant <strong><a href=\"https:\/\/projectes.xtec.cat\/aula-acollida\/wp-content\/uploads\/usu59\/2025\/07\/viure-a-catalunya-lamina-amb-text-el-parc.pdf\" target=\"_blank\" rel=\"noreferrer noopener\">amb els noms impresos<\/a><\/strong> com <strong><a href=\"https:\/\/projectes.xtec.cat\/aula-acollida\/wp-content\/uploads\/usu59\/2025\/07\/viure-a-catalunya-lamina-sense-text-el-parc.pdf\" target=\"_blank\" rel=\"noreferrer noopener\">sense<\/a><\/strong>.<\/p>\n\n\n\n<p class=\"has-black-color has-text-color has-link-color has-small-font-size wp-elements-91cc6696cc1eeeaceb74f22c2db6cc62\">A la<strong> <a href=\"https:\/\/projectes.xtec.cat\/aula-acollida\/wp-content\/uploads\/usu59\/2025\/07\/guia-didactica-Viure-a-Catalunya-lamines.pdf\" target=\"_blank\" rel=\"noreferrer noopener\">guia did\u00e0ctica<\/a><\/strong> trobareu les indicacions necess\u00e0ries per utilitzar el recurs a l\u2019aula<\/p>\n\n\n\n<p><\/p>\n<\/details>\n\n\n\n<details class=\"wp-block-details has-ast-global-color-0-color has-text-color has-link-color has-medium-font-size wp-elements-64b7613f183ccd1558373b745e78f925 is-layout-flow wp-block-details-is-layout-flow\"><summary>Habilitat ling\u00fc\u00edstica \/ Nivell MECR \/ Etapa educativa<\/summary>\n<p class=\"has-black-color has-text-color has-link-color has-small-font-size wp-elements-ca59ad03b92e8100576e4ff341e56c48\">Expressi\u00f3 Oral &#8211; Comprensi\u00f3 Oral &#8211; Comprensi\u00f3 Escrita<\/p>\n\n\n\n<p class=\"has-black-color has-text-color has-link-color has-small-font-size wp-elements-f08ddbca3e6e23ed134b0506b2895d36\">Nivell A1 &#8211; A2<\/p>\n\n\n\n<p class=\"has-black-color has-text-color has-link-color has-small-font-size wp-elements-4b76d808cb1df8758cb5ff1ea34c1c23\">Prim\u00e0ria i Secund\u00e0ria<\/p>\n\n\n\n<p><\/p>\n<\/details>\n\n\n\n<div class=\"wp-block-columns is-layout-flex wp-container-core-columns-is-layout-13 wp-block-columns-is-layout-flex\">\n<div class=\"wp-block-column is-layout-flow wp-block-column-is-layout-flow\">\n<div class=\"wp-block-getwid-icon-box has-icon-left has-text-center\"><div class=\"wp-block-getwid-icon-box__icon-container is-position-middle\"><div class=\"wp-block-getwid-icon-box__icon-wrapper has-text-color has-ast-global-color-0-color\" style=\"font-size:30px\"><i class=\"fas fa-print\"><\/i><\/div><\/div><div class=\"wp-block-getwid-icon-box__content\">\n<h3 class=\"wp-block-heading has-small-font-size\"><\/h3>\n\n\n\n<p><\/p>\n<\/div><\/div>\n<\/div>\n\n\n\n<div class=\"wp-block-column is-layout-flow wp-block-column-is-layout-flow\">\n<div class=\"wp-block-getwid-icon-box has-icon-left has-text-center\"><div class=\"wp-block-getwid-icon-box__icon-container is-position-middle\"><div class=\"wp-block-getwid-icon-box__icon-wrapper has-text-color has-ast-global-color-0-color\" style=\"font-size:30px\"><i class=\"fas fa-file-pdf\"><\/i><\/div><\/div><div class=\"wp-block-getwid-icon-box__content\">\n<h3 class=\"wp-block-heading has-small-font-size\"><\/h3>\n\n\n\n<p><\/p>\n<\/div><\/div>\n<\/div>\n\n\n\n<div class=\"wp-block-column is-layout-flow wp-block-column-is-layout-flow\"><\/div>\n<\/div>\n<\/div><\/div>\n<\/div>\n\n\n\n<div class=\"wp-block-group is-layout-constrained wp-block-group-is-layout-constrained\">\n<div class=\"wp-block-getwid-advanced-heading\"><span class=\"wp-block-getwid-advanced-heading__content has-text-color has-white-color has-background has-ast-global-color-0-background-color\" style=\"text-align:left\"><strong>L\u00e0mines Viure a Catalunya. <\/strong>La muntanya i el camp<\/span><\/div>\n\n\n\n<div class=\"wp-block-media-text is-stacked-on-mobile\" style=\"margin-top:var(--wp--preset--spacing--30);margin-bottom:var(--wp--preset--spacing--30);grid-template-columns:16% auto\"><figure class=\"wp-block-media-text__media\"><a href=\"https:\/\/projectes.xtec.cat\/aula-acollida\/wp-content\/uploads\/usu59\/2025\/07\/viure-a-catalunya-lamina-amb-text-la-muntanya-i-el-camp.pdf\" target=\"_blank\" rel=\" noreferrer noopener\"><img loading=\"lazy\" decoding=\"async\" width=\"627\" height=\"849\" src=\"https:\/\/projectes.xtec.cat\/aula-acollida\/wp-content\/uploads\/usu59\/2025\/07\/viure-a-Catalunya-la-muntanya-i-el-camp.png\" alt=\"\" class=\"wp-image-9008 size-full\" srcset=\"https:\/\/projectes.xtec.cat\/aula-acollida\/wp-content\/uploads\/usu59\/2025\/07\/viure-a-Catalunya-la-muntanya-i-el-camp.png 627w, https:\/\/projectes.xtec.cat\/aula-acollida\/wp-content\/uploads\/usu59\/2025\/07\/viure-a-Catalunya-la-muntanya-i-el-camp-222x300.png 222w\" sizes=\"auto, (max-width: 627px) 100vw, 627px\" \/><\/a><\/figure><div class=\"wp-block-media-text__content\">\n<details class=\"wp-block-details has-ast-global-color-0-color has-text-color has-link-color has-medium-font-size wp-elements-f7fce5b34e18e04c11a18bd4fed9d01a is-layout-flow wp-block-details-is-layout-flow\"><summary>Descripci\u00f3<\/summary>\n<p class=\"has-black-color has-text-color has-link-color has-small-font-size wp-elements-5f1316f57c2de5c3c652d53dde78b1d6\"><em>Viure a Catalunya. L\u00e0mines <\/em>\u00e9s una col\u00b7lecci\u00f3 de 12 l\u00e0mines indicades per treballar el llenguatge en situacions comunicatives de la vida quotidiana a les aules dels cursos de nivell inicial (acolliment ling\u00fc\u00edstic) i nivell b\u00e0sic. <\/p>\n\n\n\n<p class=\"has-black-color has-text-color has-link-color has-small-font-size wp-elements-78ae6e6f2a8b0d8572b0955c8acf2860\">El temes tractats s\u00f3n: la casa, el parc, el bar i el restaurant, la ciutat,<strong> la muntanya i el camp<\/strong>, la platja i el port, el mercat i el supermercat, el temps, els transports, els oficis, el centre c\u00edvic i el centre comercial. Podeu consultar-les, en format PDF, tant <strong><a href=\"https:\/\/projectes.xtec.cat\/aula-acollida\/wp-content\/uploads\/usu59\/2025\/07\/viure-a-catalunya-lamina-amb-text-la-muntanya-i-el-camp.pdf\" target=\"_blank\" rel=\"noreferrer noopener\">amb els noms impresos<\/a><\/strong> com <strong><a href=\"https:\/\/projectes.xtec.cat\/aula-acollida\/wp-content\/uploads\/usu59\/2025\/07\/viure-a-catalunya-lamina-sense-text-la-muntanya-i-el-camp.pdf\" target=\"_blank\" rel=\"noreferrer noopener\">sense<\/a><\/strong>.<\/p>\n\n\n\n<p class=\"has-black-color has-text-color has-link-color has-small-font-size wp-elements-149dda499bc8406fecad780ebd8ea2a7\">A la<strong> <a href=\"https:\/\/projectes.xtec.cat\/aula-acollida\/wp-content\/uploads\/usu59\/2025\/07\/guia-didactica-Viure-a-Catalunya-lamines.pdf\" target=\"_blank\" rel=\"noreferrer noopener\">guia did\u00e0ctica<\/a><\/strong> trobareu les indicacions necess\u00e0ries per utilitzar el recurs a l\u2019aula.<\/p>\n\n\n\n<p><\/p>\n<\/details>\n\n\n\n<details class=\"wp-block-details has-ast-global-color-0-color has-text-color has-link-color has-medium-font-size wp-elements-64b7613f183ccd1558373b745e78f925 is-layout-flow wp-block-details-is-layout-flow\"><summary>Habilitat ling\u00fc\u00edstica \/ Nivell MECR \/ Etapa educativa<\/summary>\n<p class=\"has-black-color has-text-color has-link-color has-small-font-size wp-elements-ca59ad03b92e8100576e4ff341e56c48\">Expressi\u00f3 Oral &#8211; Comprensi\u00f3 Oral &#8211; Comprensi\u00f3 Escrita<\/p>\n\n\n\n<p class=\"has-black-color has-text-color has-link-color has-small-font-size wp-elements-f08ddbca3e6e23ed134b0506b2895d36\">Nivell A1 &#8211; A2<\/p>\n\n\n\n<p class=\"has-black-color has-text-color has-link-color has-small-font-size wp-elements-4b76d808cb1df8758cb5ff1ea34c1c23\">Prim\u00e0ria i Secund\u00e0ria<\/p>\n\n\n\n<p><\/p>\n<\/details>\n\n\n\n<div class=\"wp-block-columns is-layout-flex wp-container-core-columns-is-layout-14 wp-block-columns-is-layout-flex\">\n<div class=\"wp-block-column is-layout-flow wp-block-column-is-layout-flow\">\n<div class=\"wp-block-getwid-icon-box has-icon-left has-text-center\"><div class=\"wp-block-getwid-icon-box__icon-container is-position-middle\"><div class=\"wp-block-getwid-icon-box__icon-wrapper has-text-color has-ast-global-color-0-color\" style=\"font-size:30px\"><i class=\"fas fa-print\"><\/i><\/div><\/div><div class=\"wp-block-getwid-icon-box__content\">\n<h3 class=\"wp-block-heading has-small-font-size\"><\/h3>\n\n\n\n<p><\/p>\n<\/div><\/div>\n<\/div>\n\n\n\n<div class=\"wp-block-column is-layout-flow wp-block-column-is-layout-flow\">\n<div class=\"wp-block-getwid-icon-box has-icon-left has-text-center\"><div class=\"wp-block-getwid-icon-box__icon-container is-position-middle\"><div class=\"wp-block-getwid-icon-box__icon-wrapper has-text-color has-ast-global-color-0-color\" style=\"font-size:30px\"><i class=\"fas fa-file-pdf\"><\/i><\/div><\/div><div class=\"wp-block-getwid-icon-box__content\">\n<h3 class=\"wp-block-heading has-small-font-size\"><\/h3>\n\n\n\n<p><\/p>\n<\/div><\/div>\n<\/div>\n\n\n\n<div class=\"wp-block-column is-layout-flow wp-block-column-is-layout-flow\"><\/div>\n<\/div>\n<\/div><\/div>\n<\/div>\n\n\n\n<div class=\"wp-block-group is-layout-constrained wp-block-group-is-layout-constrained\">\n<div class=\"wp-block-getwid-advanced-heading\"><span class=\"wp-block-getwid-advanced-heading__content has-text-color has-white-color has-background has-ast-global-color-0-background-color\" style=\"text-align:left\"><strong>L\u00e0mines Viure a Catalunya<\/strong>. La platja i el port <\/span><\/div>\n\n\n\n<div class=\"wp-block-media-text is-stacked-on-mobile\" style=\"margin-top:var(--wp--preset--spacing--30);margin-bottom:var(--wp--preset--spacing--30);grid-template-columns:16% auto\"><figure class=\"wp-block-media-text__media\"><a href=\"https:\/\/projectes.xtec.cat\/aula-acollida\/wp-content\/uploads\/usu59\/2025\/07\/viure-a-catalunya-lamina-amb-text-la-platja.pdf\" target=\"_blank\" rel=\" noreferrer noopener\"><img loading=\"lazy\" decoding=\"async\" width=\"1024\" height=\"662\" src=\"https:\/\/projectes.xtec.cat\/aula-acollida\/wp-content\/uploads\/usu59\/2025\/07\/viure-a-catalunya-la-platja-1024x662.png\" alt=\"\" class=\"wp-image-8978 size-full\" srcset=\"https:\/\/projectes.xtec.cat\/aula-acollida\/wp-content\/uploads\/usu59\/2025\/07\/viure-a-catalunya-la-platja-1024x662.png 1024w, https:\/\/projectes.xtec.cat\/aula-acollida\/wp-content\/uploads\/usu59\/2025\/07\/viure-a-catalunya-la-platja-300x194.png 300w, https:\/\/projectes.xtec.cat\/aula-acollida\/wp-content\/uploads\/usu59\/2025\/07\/viure-a-catalunya-la-platja-768x497.png 768w, https:\/\/projectes.xtec.cat\/aula-acollida\/wp-content\/uploads\/usu59\/2025\/07\/viure-a-catalunya-la-platja.png 1192w\" sizes=\"auto, (max-width: 1024px) 100vw, 1024px\" \/><\/a><\/figure><div class=\"wp-block-media-text__content\">\n<details class=\"wp-block-details has-ast-global-color-0-color has-text-color has-link-color has-medium-font-size wp-elements-fa3eb1f74f6bcdc2980b1290e143bc34 is-layout-flow wp-block-details-is-layout-flow\"><summary>Descripci\u00f3<\/summary>\n<p class=\"has-black-color has-text-color has-link-color has-small-font-size wp-elements-5f1316f57c2de5c3c652d53dde78b1d6\"><em>Viure a Catalunya. L\u00e0mines <\/em>\u00e9s una col\u00b7lecci\u00f3 de 12 l\u00e0mines indicades per treballar el llenguatge en situacions comunicatives de la vida quotidiana a les aules dels cursos de nivell inicial (acolliment ling\u00fc\u00edstic) i nivell b\u00e0sic. <\/p>\n\n\n\n<p class=\"has-black-color has-text-color has-link-color has-small-font-size wp-elements-aae9837173a22168485c4828278c1cdf\">El temes tractats s\u00f3n: la casa, el parc, el bar i el restaurant, la ciutat, la muntanya i el camp, <strong>la platja i el port<\/strong>, el mercat i el supermercat, el temps, els transports, els oficis, el centre c\u00edvic i el centre comercial. Podeu consultar-les, en format PDF, tant <strong><a href=\"https:\/\/projectes.xtec.cat\/aula-acollida\/wp-content\/uploads\/usu59\/2025\/07\/viure-a-catalunya-lamina-amb-text-la-platja.pdf\" target=\"_blank\" rel=\"noreferrer noopener\">amb els noms impresos<\/a><\/strong> com <strong><a href=\"https:\/\/projectes.xtec.cat\/aula-acollida\/wp-content\/uploads\/usu59\/2025\/07\/viure-a-catalunya-lamina-sense-text-la-platja.pdf\" target=\"_blank\" rel=\"noreferrer noopener\">sense<\/a><\/strong>.<\/p>\n\n\n\n<p class=\"has-black-color has-text-color has-link-color has-small-font-size wp-elements-b780519b7d8991bd3617a7c3b5ef86c0\">A la <a href=\"https:\/\/projectes.xtec.cat\/aula-acollida\/wp-content\/uploads\/usu59\/2025\/07\/guia-didactica-Viure-a-Catalunya-lamines.pdf\" target=\"_blank\" rel=\"noreferrer noopener\"><strong>guia did\u00e0ctica<\/strong><\/a> trobareu les indicacions necess\u00e0ries per utilitzar el recurs a l\u2019aula<\/p>\n\n\n\n<p><\/p>\n<\/details>\n\n\n\n<details class=\"wp-block-details has-ast-global-color-0-color has-text-color has-link-color has-medium-font-size wp-elements-64b7613f183ccd1558373b745e78f925 is-layout-flow wp-block-details-is-layout-flow\"><summary>Habilitat ling\u00fc\u00edstica \/ Nivell MECR \/ Etapa educativa<\/summary>\n<p class=\"has-black-color has-text-color has-link-color has-small-font-size wp-elements-ca59ad03b92e8100576e4ff341e56c48\">Expressi\u00f3 Oral &#8211; Comprensi\u00f3 Oral &#8211; Comprensi\u00f3 Escrita<\/p>\n\n\n\n<p class=\"has-black-color has-text-color has-link-color has-small-font-size wp-elements-f08ddbca3e6e23ed134b0506b2895d36\">Nivell A1 &#8211; A2<\/p>\n\n\n\n<p class=\"has-black-color has-text-color has-link-color has-small-font-size wp-elements-4b76d808cb1df8758cb5ff1ea34c1c23\">Prim\u00e0ria i Secund\u00e0ria<\/p>\n\n\n\n<p><\/p>\n<\/details>\n\n\n\n<div class=\"wp-block-columns is-layout-flex wp-container-core-columns-is-layout-15 wp-block-columns-is-layout-flex\">\n<div class=\"wp-block-column is-layout-flow wp-block-column-is-layout-flow\">\n<div class=\"wp-block-getwid-icon-box has-icon-left has-text-center\"><div class=\"wp-block-getwid-icon-box__icon-container is-position-middle\"><div class=\"wp-block-getwid-icon-box__icon-wrapper has-text-color has-ast-global-color-0-color\" style=\"font-size:30px\"><i class=\"fas fa-print\"><\/i><\/div><\/div><div class=\"wp-block-getwid-icon-box__content\">\n<h3 class=\"wp-block-heading has-small-font-size\"><\/h3>\n\n\n\n<p><\/p>\n<\/div><\/div>\n<\/div>\n\n\n\n<div class=\"wp-block-column is-layout-flow wp-block-column-is-layout-flow\">\n<div class=\"wp-block-getwid-icon-box has-icon-left has-text-center\"><div class=\"wp-block-getwid-icon-box__icon-container is-position-middle\"><div class=\"wp-block-getwid-icon-box__icon-wrapper has-text-color has-ast-global-color-0-color\" style=\"font-size:30px\"><i class=\"fas fa-file-pdf\"><\/i><\/div><\/div><div class=\"wp-block-getwid-icon-box__content\">\n<h3 class=\"wp-block-heading has-small-font-size\"><\/h3>\n\n\n\n<p><\/p>\n<\/div><\/div>\n<\/div>\n\n\n\n<div class=\"wp-block-column is-layout-flow wp-block-column-is-layout-flow\"><\/div>\n<\/div>\n<\/div><\/div>\n<\/div>\n\n\n\n<div class=\"wp-block-group is-layout-constrained wp-block-group-is-layout-constrained\">\n<div class=\"wp-block-getwid-advanced-heading\"><span class=\"wp-block-getwid-advanced-heading__content has-text-color has-white-color has-background has-ast-global-color-0-background-color\" style=\"text-align:left\"><strong>Llegir per parlar, llegir per aprendre<\/strong> . On anem?<\/span><\/div>\n\n\n\n<div class=\"wp-block-media-text is-stacked-on-mobile\" style=\"margin-top:var(--wp--preset--spacing--30);margin-bottom:var(--wp--preset--spacing--30);grid-template-columns:16% auto\"><figure class=\"wp-block-media-text__media\"><a href=\"https:\/\/projectes.xtec.cat\/aula-acollida\/wp-content\/uploads\/usu59\/2025\/07\/llegir-per-parlar-on_anem.pdf\" target=\"_blank\" rel=\" noreferrer noopener\"><img loading=\"lazy\" decoding=\"async\" width=\"585\" height=\"759\" src=\"https:\/\/projectes.xtec.cat\/aula-acollida\/wp-content\/uploads\/usu59\/2025\/07\/llegir-per-parlar-on-anem.png\" alt=\"\" class=\"wp-image-8963 size-full\" srcset=\"https:\/\/projectes.xtec.cat\/aula-acollida\/wp-content\/uploads\/usu59\/2025\/07\/llegir-per-parlar-on-anem.png 585w, https:\/\/projectes.xtec.cat\/aula-acollida\/wp-content\/uploads\/usu59\/2025\/07\/llegir-per-parlar-on-anem-231x300.png 231w\" sizes=\"auto, (max-width: 585px) 100vw, 585px\" \/><\/a><\/figure><div class=\"wp-block-media-text__content\">\n<details class=\"wp-block-details has-ast-global-color-0-color has-text-color has-link-color has-medium-font-size wp-elements-155f15c99cb0d89b349350d3b24e11fa is-layout-flow wp-block-details-is-layout-flow\"><summary>Descripci\u00f3<\/summary>\n<p class=\"has-black-color has-text-color has-link-color has-small-font-size wp-elements-e15c1c248d37c5abbc3b442a80188f9a\">Aquest <strong><a href=\"https:\/\/projectes.xtec.cat\/aula-acollida\/wp-content\/uploads\/usu59\/2025\/07\/llegir-per-parlar-on_anem.pdf\" target=\"_blank\" rel=\"noreferrer noopener\">recurs<\/a> <\/strong>t\u00e9 la finalitat de refor\u00e7ar l\u2019aprenentatge i l\u2019\u00fas de la llengua a trav\u00e9s de la lectura. Proposa activitats de conversa a partir de la lectura de textos reals de tipologia diversa. En aquest cas el punt de partida \u00e9s una campanya publicit\u00e0ria. La <strong><a href=\"https:\/\/projectes.xtec.cat\/aula-acollida\/wp-content\/uploads\/usu59\/2025\/07\/guia-dus-llegir-per-parlar-llegir-per-aprendre.pdf\" target=\"_blank\" rel=\"noreferrer noopener\">guia d\u2019\u00fas dels materials<\/a><\/strong> cont\u00e9 les orientacions did\u00e0ctiques que cal tenir en compte per treballar la lectura en parella.<\/p>\n<\/details>\n\n\n\n<details class=\"wp-block-details has-ast-global-color-0-color has-text-color has-link-color has-medium-font-size wp-elements-a477029907fe92ec08198b34c00afb70 is-layout-flow wp-block-details-is-layout-flow\"><summary>Habilitat ling\u00fc\u00edstica \/ Nivell MECR \/ Etapa educativa<\/summary>\n<p class=\"has-black-color has-text-color has-link-color has-small-font-size wp-elements-5b9fca760b51cbbcb1cb821995ab0e4c\">Comprensi\u00f3 Oral &#8211; Expressi\u00f3 Oral &#8211; Comprensi\u00f3 Escrita &#8211; Expressi\u00f3 Escrita<\/p>\n\n\n\n<p class=\"has-black-color has-text-color has-link-color has-small-font-size wp-elements-5b4195fb06edb38c681bbcbec289072b\">Nivell A2<\/p>\n\n\n\n<p class=\"has-black-color has-text-color has-link-color has-small-font-size wp-elements-4b76d808cb1df8758cb5ff1ea34c1c23\">Prim\u00e0ria i Secund\u00e0ria<\/p>\n\n\n\n<p><\/p>\n<\/details>\n\n\n\n<div class=\"wp-block-columns is-layout-flex wp-container-core-columns-is-layout-16 wp-block-columns-is-layout-flex\">\n<div class=\"wp-block-column is-layout-flow wp-block-column-is-layout-flow\">\n<div class=\"wp-block-getwid-icon-box has-icon-left has-text-center\"><div class=\"wp-block-getwid-icon-box__icon-container is-position-middle\"><div class=\"wp-block-getwid-icon-box__icon-wrapper has-text-color has-ast-global-color-0-color\" style=\"font-size:30px\"><i class=\"fas fa-print\"><\/i><\/div><\/div><div class=\"wp-block-getwid-icon-box__content\">\n<h3 class=\"wp-block-heading has-small-font-size\"><\/h3>\n\n\n\n<p><\/p>\n<\/div><\/div>\n<\/div>\n\n\n\n<div class=\"wp-block-column is-layout-flow wp-block-column-is-layout-flow\">\n<div class=\"wp-block-getwid-icon-box has-icon-left has-text-center\"><div class=\"wp-block-getwid-icon-box__icon-container is-position-middle\"><div class=\"wp-block-getwid-icon-box__icon-wrapper has-text-color has-ast-global-color-0-color\" style=\"font-size:30px\"><i class=\"fas fa-file-pdf\"><\/i><\/div><\/div><div class=\"wp-block-getwid-icon-box__content\">\n<h3 class=\"wp-block-heading has-small-font-size\"><\/h3>\n\n\n\n<p><\/p>\n<\/div><\/div>\n<\/div>\n\n\n\n<div class=\"wp-block-column is-layout-flow wp-block-column-is-layout-flow\"><\/div>\n<\/div>\n<\/div><\/div>\n<\/div>\n\n\n\n<div class=\"wp-block-group is-layout-constrained wp-block-group-is-layout-constrained\">\n<div class=\"wp-block-getwid-advanced-heading\"><span class=\"wp-block-getwid-advanced-heading__content has-text-color has-white-color has-background has-ast-global-color-0-background-color\" style=\"text-align:left\"><strong>Llegir per parlar, llegir per aprendre<\/strong>. Vicent Andr\u00e9s Estell\u00e9s<\/span><\/div>\n\n\n\n<div class=\"wp-block-media-text is-stacked-on-mobile\" style=\"margin-top:var(--wp--preset--spacing--30);margin-bottom:var(--wp--preset--spacing--30);grid-template-columns:16% auto\"><figure class=\"wp-block-media-text__media\"><a href=\"https:\/\/projectes.xtec.cat\/aula-acollida\/wp-content\/uploads\/usu59\/2025\/07\/llegir-per-parlar-estelles.pdf\" target=\"_blank\" rel=\" noreferrer noopener\"><img loading=\"lazy\" decoding=\"async\" width=\"616\" height=\"775\" src=\"https:\/\/projectes.xtec.cat\/aula-acollida\/wp-content\/uploads\/usu59\/2025\/07\/Llegir-per-parlar-llegir-per-aprendre-Estelles.png\" alt=\"\" class=\"wp-image-8923 size-full\" srcset=\"https:\/\/projectes.xtec.cat\/aula-acollida\/wp-content\/uploads\/usu59\/2025\/07\/Llegir-per-parlar-llegir-per-aprendre-Estelles.png 616w, https:\/\/projectes.xtec.cat\/aula-acollida\/wp-content\/uploads\/usu59\/2025\/07\/Llegir-per-parlar-llegir-per-aprendre-Estelles-238x300.png 238w\" sizes=\"auto, (max-width: 616px) 100vw, 616px\" \/><\/a><\/figure><div class=\"wp-block-media-text__content\">\n<details class=\"wp-block-details has-ast-global-color-0-color has-text-color has-link-color has-medium-font-size wp-elements-333b15618572d72dc36b6ab0164c949b is-layout-flow wp-block-details-is-layout-flow\"><summary>Descripci\u00f3<\/summary>\n<p class=\"has-black-color has-text-color has-link-color has-small-font-size wp-elements-f0b8b4efd806450bccdda4bc5f83e2f4\">Aquest <strong><a href=\"https:\/\/projectes.xtec.cat\/aula-acollida\/wp-content\/uploads\/usu59\/2025\/07\/llegir-per-parlar-estelles.pdf\" target=\"_blank\" rel=\"noreferrer noopener\">recurs <\/a><\/strong>t\u00e9 la finalitat de refor\u00e7ar l\u2019aprenentatge i l\u2019\u00fas de la llengua a trav\u00e9s de la lectura. Proposa activitats de conversa a partir de la lectura de textos reals de tipologia diversa. En aquest cas el punt de partida \u00e9s un dels poemes que forma part del llibre <em>Horacianes<\/em>, de Vicent Andr\u00e9s Estell\u00e9s. La <strong><a href=\"https:\/\/projectes.xtec.cat\/aula-acollida\/wp-content\/uploads\/usu59\/2025\/07\/guia-dus-llegir-per-parlar-llegir-per-aprendre.pdf\" target=\"_blank\" rel=\"noreferrer noopener\">guia d\u2019\u00fas dels materials<\/a><\/strong> cont\u00e9 les orientacions did\u00e0ctiques que cal tenir en compte per treballar la lectura en parella.<\/p>\n<\/details>\n\n\n\n<details class=\"wp-block-details has-ast-global-color-0-color has-text-color has-link-color has-medium-font-size wp-elements-a477029907fe92ec08198b34c00afb70 is-layout-flow wp-block-details-is-layout-flow\"><summary>Habilitat ling\u00fc\u00edstica \/ Nivell MECR \/ Etapa educativa<\/summary>\n<p class=\"has-black-color has-text-color has-link-color has-small-font-size wp-elements-5b9fca760b51cbbcb1cb821995ab0e4c\">Comprensi\u00f3 Oral &#8211; Expressi\u00f3 Oral &#8211; Comprensi\u00f3 Escrita &#8211; Expressi\u00f3 Escrita<\/p>\n\n\n\n<p class=\"has-black-color has-text-color has-link-color has-small-font-size wp-elements-5b4195fb06edb38c681bbcbec289072b\">Nivell A2<\/p>\n\n\n\n<p class=\"has-black-color has-text-color has-link-color has-small-font-size wp-elements-4b76d808cb1df8758cb5ff1ea34c1c23\">Prim\u00e0ria i Secund\u00e0ria<\/p>\n\n\n\n<p><\/p>\n<\/details>\n\n\n\n<div class=\"wp-block-columns is-layout-flex wp-container-core-columns-is-layout-17 wp-block-columns-is-layout-flex\">\n<div class=\"wp-block-column is-layout-flow wp-block-column-is-layout-flow\">\n<div class=\"wp-block-getwid-icon-box has-icon-left has-text-center\"><div class=\"wp-block-getwid-icon-box__icon-container is-position-middle\"><div class=\"wp-block-getwid-icon-box__icon-wrapper has-text-color has-ast-global-color-0-color\" style=\"font-size:30px\"><i class=\"fas fa-print\"><\/i><\/div><\/div><div class=\"wp-block-getwid-icon-box__content\">\n<h3 class=\"wp-block-heading has-small-font-size\"><\/h3>\n\n\n\n<p><\/p>\n<\/div><\/div>\n<\/div>\n\n\n\n<div class=\"wp-block-column is-layout-flow wp-block-column-is-layout-flow\">\n<div class=\"wp-block-getwid-icon-box has-icon-left has-text-center\"><div class=\"wp-block-getwid-icon-box__icon-container is-position-middle\"><div class=\"wp-block-getwid-icon-box__icon-wrapper has-text-color has-ast-global-color-0-color\" style=\"font-size:30px\"><i class=\"fas fa-file-pdf\"><\/i><\/div><\/div><div class=\"wp-block-getwid-icon-box__content\">\n<h3 class=\"wp-block-heading has-small-font-size\"><\/h3>\n\n\n\n<p><\/p>\n<\/div><\/div>\n<\/div>\n\n\n\n<div class=\"wp-block-column is-layout-flow wp-block-column-is-layout-flow\"><\/div>\n<\/div>\n<\/div><\/div>\n<\/div>\n\n\n\n<div class=\"wp-block-group is-layout-constrained wp-block-group-is-layout-constrained\">\n<div class=\"wp-block-getwid-advanced-heading\"><span class=\"wp-block-getwid-advanced-heading__content has-text-color has-white-color has-background has-ast-global-color-0-background-color\" style=\"text-align:left\"><strong>Parlem tu i jo. <\/strong>Tens temps? Qu\u00e8 fem?<\/span><\/div>\n\n\n\n<div class=\"wp-block-media-text is-stacked-on-mobile\" style=\"margin-top:var(--wp--preset--spacing--30);margin-bottom:var(--wp--preset--spacing--30);grid-template-columns:16% auto\"><figure class=\"wp-block-media-text__media\"><a href=\"https:\/\/projectes.xtec.cat\/aula-acollida\/wp-content\/uploads\/usu59\/2025\/07\/Parlem-tu-i-jo.-Tens-temps_Que-fem.pdf\" target=\"_blank\" rel=\" noreferrer noopener\"><img loading=\"lazy\" decoding=\"async\" width=\"961\" height=\"831\" src=\"https:\/\/projectes.xtec.cat\/aula-acollida\/wp-content\/uploads\/usu59\/2025\/07\/tens-temps_que-fem.png\" alt=\"\" class=\"wp-image-8969 size-full\" srcset=\"https:\/\/projectes.xtec.cat\/aula-acollida\/wp-content\/uploads\/usu59\/2025\/07\/tens-temps_que-fem.png 961w, https:\/\/projectes.xtec.cat\/aula-acollida\/wp-content\/uploads\/usu59\/2025\/07\/tens-temps_que-fem-300x259.png 300w, https:\/\/projectes.xtec.cat\/aula-acollida\/wp-content\/uploads\/usu59\/2025\/07\/tens-temps_que-fem-768x664.png 768w\" sizes=\"auto, (max-width: 961px) 100vw, 961px\" \/><\/a><\/figure><div class=\"wp-block-media-text__content\">\n<details class=\"wp-block-details has-ast-global-color-0-color has-text-color has-link-color has-medium-font-size wp-elements-a94d2acb5263f65000151cdd932ecc9a is-layout-flow wp-block-details-is-layout-flow\"><summary>Descripci\u00f3<\/summary>\n<p class=\"has-black-color has-text-color has-link-color has-small-font-size wp-elements-b6bf8db40f20a8e0ee84d20cef5be2d2\">La col\u00b7lecci\u00f3 <em>Parlem tu i jo<\/em> t\u00e9 l\u2019objectiu facilitar el di\u00e0leg i la conversa entre els aprenents de catal\u00e0. La tem\u00e0tica \u00e9s diversa: Pompeu Fabra, La salut, Mou-te!, Mirant al cel, Tot tipus de fam\u00edlies, Anem a casa? Ens entaulem?, <strong><a href=\"https:\/\/projectes.xtec.cat\/aula-acollida\/wp-content\/uploads\/usu59\/2025\/07\/Parlem-tu-i-jo.-Tens-temps_Que-fem.pdf\" target=\"_blank\" rel=\"noreferrer noopener\">Tens temps? Qu\u00e8 fem?<\/a><\/strong> i Viatgem pel m\u00f3n.<\/p>\n\n\n\n<p class=\"has-black-color has-text-color has-link-color has-small-font-size wp-elements-c4df2cb1d8120f5764d7a15122b85783\"><\/p>\n\n\n\n<p><\/p>\n<\/details>\n\n\n\n<details class=\"wp-block-details has-ast-global-color-0-color has-text-color has-link-color has-medium-font-size wp-elements-1f0a0f03bf7bad5c8907791dcd16341d is-layout-flow wp-block-details-is-layout-flow\"><summary>Habilitat ling\u00fc\u00edstica \/ Nivell MECR \/ Etapa educativa<\/summary>\n<p class=\"has-black-color has-text-color has-link-color has-small-font-size wp-elements-19ba901cd21c7b57c74d6f2a8a4984c4\">Expressi\u00f3 Oral &#8211; Comprensi\u00f3 Oral &#8211; Expressi\u00f3 Escrita &#8211; Comprensi\u00f3 Escrita<\/p>\n\n\n\n<p class=\"has-black-color has-text-color has-link-color has-small-font-size wp-elements-21117348cf96f4d0d167e60de447ddee\">Nivell B1<\/p>\n\n\n\n<p class=\"has-black-color has-text-color has-link-color has-small-font-size wp-elements-0c755e2dd12026fc10df20a4584b8556\">Secund\u00e0ria<\/p>\n\n\n\n<p><\/p>\n<\/details>\n\n\n\n<div class=\"wp-block-columns is-layout-flex wp-container-core-columns-is-layout-18 wp-block-columns-is-layout-flex\">\n<div class=\"wp-block-column is-layout-flow wp-block-column-is-layout-flow\">\n<div class=\"wp-block-getwid-icon-box has-icon-left has-text-center\"><div class=\"wp-block-getwid-icon-box__icon-container is-position-middle\"><div class=\"wp-block-getwid-icon-box__icon-wrapper has-text-color has-ast-global-color-0-color\" style=\"font-size:30px\"><i class=\"fas fa-print\"><\/i><\/div><\/div><div class=\"wp-block-getwid-icon-box__content\">\n<h3 class=\"wp-block-heading has-small-font-size\"><\/h3>\n\n\n\n<p><\/p>\n<\/div><\/div>\n<\/div>\n\n\n\n<div class=\"wp-block-column is-layout-flow wp-block-column-is-layout-flow\">\n<div class=\"wp-block-getwid-icon-box has-icon-left has-text-center\"><div class=\"wp-block-getwid-icon-box__icon-container is-position-middle\"><div class=\"wp-block-getwid-icon-box__icon-wrapper has-text-color has-ast-global-color-0-color\" style=\"font-size:30px\"><i class=\"fas fa-file-pdf\"><\/i><\/div><\/div><div class=\"wp-block-getwid-icon-box__content\">\n<h3 class=\"wp-block-heading has-small-font-size\"><\/h3>\n\n\n\n<p><\/p>\n<\/div><\/div>\n<\/div>\n\n\n\n<div class=\"wp-block-column is-layout-flow wp-block-column-is-layout-flow\"><\/div>\n<\/div>\n<\/div><\/div>\n<\/div>\n\n\n\n<div class=\"wp-block-group wp-embed-aspect-16-9 wp-has-aspect-ratio is-layout-constrained wp-block-group-is-layout-constrained\" style=\"margin-top:0;margin-right:0;margin-bottom:0;margin-left:0\">\n<div class=\"wp-block-getwid-advanced-heading\"><span class=\"wp-block-getwid-advanced-heading__content has-text-color has-white-color has-background has-ast-global-color-1-background-color\" style=\"text-align:left\"><strong>Tallers de llenguatge. <\/strong>La platja<\/span><\/div>\n\n\n\n<div class=\"wp-block-media-text is-stacked-on-mobile\" style=\"margin-top:var(--wp--preset--spacing--30);margin-bottom:var(--wp--preset--spacing--30);grid-template-columns:21% auto\"><figure class=\"wp-block-media-text__media\"><a href=\"https:\/\/merli.xtec.cat\/merli\/cerca\/fitxaRecurs.jsp?idRecurs=\/59705&amp;sheetId=null&amp;nomUsuari=null&amp;inxtec=0\" target=\"_blank\" rel=\" noreferrer noopener\"><img loading=\"lazy\" decoding=\"async\" width=\"178\" height=\"124\" src=\"https:\/\/projectes.xtec.cat\/aula-acollida\/wp-content\/uploads\/usu59\/2025\/11\/tallers-de-llenguatge-la-platja.png\" alt=\"\" class=\"wp-image-10303 size-full\"\/><\/a><\/figure><div class=\"wp-block-media-text__content\">\n<details class=\"wp-block-details has-ast-global-color-0-color has-text-color has-link-color has-medium-font-size wp-elements-bfc7f083a4d9fabd8b60fa231baeee36 is-layout-flow wp-block-details-is-layout-flow\"><summary>Descripci\u00f3<\/summary>\n<p class=\"has-black-color has-text-color has-link-color has-small-font-size wp-elements-a196772d84b4498057001702c1397779\">Conjunt de materials i activitats que treballen els diferents aspectes del llenguatge: fonologia, morfosintaxi, vocabulari, \u00fas de la llengua, habilitats psicoling\u00fc\u00edstiques (atenci\u00f3, percepci\u00f3, mem\u00f2ria) i lectoescriptura. La col\u00b7lecci\u00f3 &#8216;Tallers de llenguatge&#8217; treballa diversos aspectes d&#8217;\u00fas tant orals com escrits. \u00c9s un material indicat tamb\u00e9 per a tractar trastorns i retards en l&#8217;adquisici\u00f3 del llenguatge, aix\u00ed com per a ensenyar catal\u00e0 als alumnes d&#8217;incorporaci\u00f3 tardana. Cada t\u00edtol cont\u00e9 una guia did\u00e0ctica i un llibre d&#8217;imatges i paraules. El llibre de materials \u00e9s completament manipulable i desmuntable, de manera que un cop retallat queden cartonets, s\u00e8ries, l\u00e0mines o jocs.<\/p>\n\n\n\n<p class=\"has-black-color has-text-color has-link-color has-small-font-size wp-elements-a9da4b558a8933294abdd09ea76bb2e3\">Observacions: <br>Forma part del cat\u00e0leg de recursos educatius <strong><a href=\"https:\/\/merli.xtec.cat\/merli\/cerca\/fitxaRecurs.jsp?idRecurs=\/59705&amp;sheetId=null&amp;nomUsuari=null&amp;inxtec=0\" target=\"_blank\" rel=\"noreferrer noopener\">Merl\u00ed<\/a><\/strong>. Tamb\u00e9 hi trobareu la <strong><a href=\"https:\/\/merli.xtec.cat\/merli\/cerca\/fitxaRecurs.jsp?idRecurs=\/59703&amp;sheetId=null&amp;nomUsuari=null&amp;inxtec=0\" target=\"_blank\" rel=\"noreferrer noopener\">guia did\u00e0ctica<\/a><\/strong> i les <strong><a href=\"https:\/\/merli.xtec.cat\/merli\/cerca\/fitxaRecurs.jsp?idRecurs=\/60290&amp;sheetId=null&amp;nomUsuari=null&amp;inxtec=0\" target=\"_blank\" rel=\"noreferrer noopener\">l\u00e0mines<\/a><\/strong>.<\/p>\n\n\n\n<p class=\"has-black-color has-text-color has-link-color has-small-font-size wp-elements-c4df2cb1d8120f5764d7a15122b85783\"><\/p>\n<\/details>\n\n\n\n<details class=\"wp-block-details has-ast-global-color-0-color has-text-color has-link-color has-medium-font-size wp-elements-f6c274f7e07b85e7d237a53f11922895 is-layout-flow wp-block-details-is-layout-flow\"><summary>Habilitat ling\u00fc\u00edstica \/ Nivell MECR \/ Etapa educativa<\/summary>\n<p class=\"has-black-color has-text-color has-link-color has-small-font-size wp-elements-5b9fca760b51cbbcb1cb821995ab0e4c\">Comprensi\u00f3 Oral &#8211; Expressi\u00f3 Oral &#8211; Comprensi\u00f3 Escrita &#8211; Expressi\u00f3 Escrita<\/p>\n\n\n\n<p class=\"has-black-color has-text-color has-link-color has-small-font-size wp-elements-4ac454206a41b87f732a1a18e8c5947a\">Nivell A1<\/p>\n\n\n\n<p class=\"has-black-color has-text-color has-link-color has-small-font-size wp-elements-0f618a713f7c3669540ce3da13e4f4cf\">Prim\u00e0ria<\/p>\n<\/details>\n\n\n\n<p><\/p>\n\n\n\n<div class=\"wp-block-columns is-layout-flex wp-container-core-columns-is-layout-19 wp-block-columns-is-layout-flex\">\n<div class=\"wp-block-column is-layout-flow wp-block-column-is-layout-flow\">\n<figure class=\"wp-block-image size-full is-resized\"><a href=\"https:\/\/projectes.xtec.cat\/aula-acollida\/wp-content\/uploads\/usu59\/2025\/08\/icona-llibre-verd.png\"><img decoding=\"async\" src=\"https:\/\/projectes.xtec.cat\/aula-acollida\/wp-content\/uploads\/usu59\/2025\/08\/icona-llibre-verd.png\" alt=\"\" class=\"wp-image-9268\" style=\"width:40px\"\/><\/a><\/figure>\n<\/div>\n\n\n\n<div class=\"wp-block-column is-layout-flow wp-block-column-is-layout-flow\"><\/div>\n\n\n\n<div class=\"wp-block-column is-layout-flow wp-block-column-is-layout-flow\"><\/div>\n<\/div>\n<\/div><\/div>\n<\/div>\n","protected":false},"excerpt":{"rendered":"<p>4 cats &#8211; Cap de setmana<\/p>\n","protected":false},"author":1,"featured_media":0,"parent":8470,"menu_order":8,"comment_status":"closed","ping_status":"closed","template":"","meta":{"site-sidebar-layout":"default","site-content-layout":"","ast-site-content-layout":"default","site-content-style":"default","site-sidebar-style":"default","ast-global-header-display":"","ast-banner-title-visibility":"","ast-main-header-display":"","ast-hfb-above-header-display":"","ast-hfb-below-header-display":"","ast-hfb-mobile-header-display":"","site-post-title":"","ast-breadcrumbs-content":"","ast-featured-img":"","footer-sml-layout":"","theme-transparent-header-meta":"","adv-header-id-meta":"","stick-header-meta":"","header-above-stick-meta":"","header-main-stick-meta":"","header-below-stick-meta":"","astra-migrate-meta-layouts":"set","ast-page-background-enabled":"default","ast-page-background-meta":{"desktop":{"background-color":"var(--ast-global-color-4)","background-image":"","background-repeat":"repeat","background-position":"center center","background-size":"auto","background-attachment":"scroll","background-type":"","background-media":"","overlay-type":"","overlay-color":"","overlay-opacity":"","overlay-gradient":""},"tablet":{"background-color":"","background-image":"","background-repeat":"repeat","background-position":"center center","background-size":"auto","background-attachment":"scroll","background-type":"","background-media":"","overlay-type":"","overlay-color":"","overlay-opacity":"","overlay-gradient":""},"mobile":{"background-color":"","background-image":"","background-repeat":"repeat","background-position":"center center","background-size":"auto","background-attachment":"scroll","background-type":"","background-media":"","overlay-type":"","overlay-color":"","overlay-opacity":"","overlay-gradient":""}},"ast-content-background-meta":{"desktop":{"background-color":"var(--ast-global-color-5)","background-image":"","background-repeat":"repeat","background-position":"center center","background-size":"auto","background-attachment":"scroll","background-type":"","background-media":"","overlay-type":"","overlay-color":"","overlay-opacity":"","overlay-gradient":""},"tablet":{"background-color":"var(--ast-global-color-5)","background-image":"","background-repeat":"repeat","background-position":"center center","background-size":"auto","background-attachment":"scroll","background-type":"","background-media":"","overlay-type":"","overlay-color":"","overlay-opacity":"","overlay-gradient":""},"mobile":{"background-color":"var(--ast-global-color-5)","background-image":"","background-repeat":"repeat","background-position":"center center","background-size":"auto","background-attachment":"scroll","background-type":"","background-media":"","overlay-type":"","overlay-color":"","overlay-opacity":"","overlay-gradient":""}},"footnotes":""},"class_list":["post-8958","page","type-page","status-publish","hentry"],"post_mailing_queue_ids":[],"_links":{"self":[{"href":"https:\/\/projectes.xtec.cat\/aula-acollida\/wp-json\/wp\/v2\/pages\/8958","targetHints":{"allow":["GET"]}}],"collection":[{"href":"https:\/\/projectes.xtec.cat\/aula-acollida\/wp-json\/wp\/v2\/pages"}],"about":[{"href":"https:\/\/projectes.xtec.cat\/aula-acollida\/wp-json\/wp\/v2\/types\/page"}],"author":[{"embeddable":true,"href":"https:\/\/projectes.xtec.cat\/aula-acollida\/wp-json\/wp\/v2\/users\/1"}],"replies":[{"embeddable":true,"href":"https:\/\/projectes.xtec.cat\/aula-acollida\/wp-json\/wp\/v2\/comments?post=8958"}],"version-history":[{"count":6,"href":"https:\/\/projectes.xtec.cat\/aula-acollida\/wp-json\/wp\/v2\/pages\/8958\/revisions"}],"predecessor-version":[{"id":10306,"href":"https:\/\/projectes.xtec.cat\/aula-acollida\/wp-json\/wp\/v2\/pages\/8958\/revisions\/10306"}],"up":[{"embeddable":true,"href":"https:\/\/projectes.xtec.cat\/aula-acollida\/wp-json\/wp\/v2\/pages\/8470"}],"wp:attachment":[{"href":"https:\/\/projectes.xtec.cat\/aula-acollida\/wp-json\/wp\/v2\/media?parent=8958"}],"curies":[{"name":"wp","href":"https:\/\/api.w.org\/{rel}","templated":true}]}}