{"id":9041,"date":"2025-07-23T12:48:17","date_gmt":"2025-07-23T10:48:17","guid":{"rendered":"https:\/\/projectes.xtec.cat\/aula-acollida\/?page_id=9041"},"modified":"2026-03-23T08:49:00","modified_gmt":"2026-03-23T07:49:00","slug":"eix-9-habitatges-i-llocs-de-residencia-on-visc","status":"publish","type":"page","link":"https:\/\/projectes.xtec.cat\/aula-acollida\/eixos-programacio\/eix-9-habitatges-i-llocs-de-residencia-on-visc\/","title":{"rendered":"Eix 9: Habitatges i llocs de resid\u00e8ncia. On visc?"},"content":{"rendered":"\n<div class=\"wp-block-group wp-embed-aspect-16-9 wp-has-aspect-ratio is-layout-constrained wp-block-group-is-layout-constrained\" style=\"margin-top:0;margin-right:0;margin-bottom:0;margin-left:0\">\n<div class=\"wp-block-getwid-advanced-heading\"><span class=\"wp-block-getwid-advanced-heading__content has-text-color has-white-color has-background has-ast-global-color-0-background-color\" style=\"text-align:left\"><strong>Vincles<\/strong> <strong>2<\/strong>. Unitats 1, 2 i 3 &#8211; Casa meva \/ El meu barri \/ El meu pa\u00eds<\/span><\/div>\n\n\n\n<div class=\"wp-block-media-text is-stacked-on-mobile\" style=\"margin-top:var(--wp--preset--spacing--30);margin-bottom:var(--wp--preset--spacing--30);grid-template-columns:16% auto\"><figure class=\"wp-block-media-text__media\"><a href=\"https:\/\/projectes.xtec.cat\/acollidasuport\/vincles\/\" target=\"_blank\" rel=\" noreferrer noopener\"><img loading=\"lazy\" decoding=\"async\" width=\"613\" height=\"843\" src=\"https:\/\/projectes.xtec.cat\/aula-acollida\/wp-content\/uploads\/usu59\/2025\/09\/vincles-2-portada.png\" alt=\"\" class=\"wp-image-9659 size-full\" srcset=\"https:\/\/projectes.xtec.cat\/aula-acollida\/wp-content\/uploads\/usu59\/2025\/09\/vincles-2-portada.png 613w, https:\/\/projectes.xtec.cat\/aula-acollida\/wp-content\/uploads\/usu59\/2025\/09\/vincles-2-portada-218x300.png 218w\" sizes=\"auto, (max-width: 613px) 100vw, 613px\" \/><\/a><\/figure><div class=\"wp-block-media-text__content\">\n<details class=\"wp-block-details has-ast-global-color-0-color has-text-color has-link-color has-medium-font-size wp-elements-da25c3ccc5e9857a05e75efd50291008 is-layout-flow wp-block-details-is-layout-flow\"><summary>Descripci\u00f3<\/summary>\n<p class=\"has-black-color has-text-color has-link-color has-small-font-size wp-elements-81c6836a7ec46bf065beb71d13095061\">En aquest espai <strong><a href=\"https:\/\/projectes.xtec.cat\/acollidasuport\/vincles\/\" target=\"_blank\" rel=\"noreferrer noopener\">Nodes <\/a><\/strong>trobareu tots els materials de Vincles:<strong> <a href=\"https:\/\/repositori.educacio.gencat.cat\/handle\/20.500.12694\/3052#page=1\" target=\"_blank\" rel=\"noreferrer noopener\">llibre de l\u2019alumne<\/a><\/strong>,<strong> <a href=\"https:\/\/repositori.educacio.gencat.cat\/handle\/20.500.12694\/3066#page=2\" target=\"_blank\" rel=\"noreferrer noopener\">quaderns d\u2019exercicis<\/a><\/strong>, <a href=\"https:\/\/repositori.educacio.gencat.cat\/handle\/20.500.12694\/3067#page=1\" target=\"_blank\" rel=\"noreferrer noopener\"><strong>vincles guia did\u00e0ctica<\/strong><\/a>, <strong><a href=\"https:\/\/www.edu365.cat\/flash\/vincles\/vincles2\/index.html\" target=\"_blank\" rel=\"noreferrer noopener\">interactiu<\/a><\/strong> i tamb\u00e9 els arxius sonors que s\u2019utilitzen a cada exercici.<\/p>\n\n\n\n<p><\/p>\n<\/details>\n\n\n\n<details class=\"wp-block-details has-ast-global-color-0-color has-text-color has-link-color has-medium-font-size wp-elements-ed077ff0664c96f7176c4aeea87d7b35 is-layout-flow wp-block-details-is-layout-flow\"><summary>Habilitat ling\u00fc\u00edstica \/ Nivell MECR \/ Etapa educativa<\/summary>\n<p class=\"has-black-color has-text-color has-link-color has-small-font-size wp-elements-5b9fca760b51cbbcb1cb821995ab0e4c\">Comprensi\u00f3 Oral &#8211; Expressi\u00f3 Oral &#8211; Comprensi\u00f3 Escrita &#8211; Expressi\u00f3 Escrita<\/p>\n\n\n\n<p class=\"has-black-color has-text-color has-link-color has-small-font-size wp-elements-4ac454206a41b87f732a1a18e8c5947a\">Nivell A1<\/p>\n\n\n\n<p class=\"has-black-color has-text-color has-link-color has-small-font-size wp-elements-4b76d808cb1df8758cb5ff1ea34c1c23\">Prim\u00e0ria i Secund\u00e0ria<\/p>\n\n\n\n<p><\/p>\n<\/details>\n\n\n\n<div class=\"wp-block-columns is-layout-flex wp-container-core-columns-is-layout-1 wp-block-columns-is-layout-flex\">\n<div class=\"wp-block-column is-layout-flow wp-block-column-is-layout-flow\">\n<div class=\"wp-block-getwid-icon-box has-icon-left has-text-center\"><div class=\"wp-block-getwid-icon-box__icon-container is-position-top\"><div class=\"wp-block-getwid-icon-box__icon-wrapper has-text-color has-ast-global-color-0-color\" style=\"font-size:30px\"><i class=\"fas fa-print\"><\/i><\/div><\/div><div class=\"wp-block-getwid-icon-box__content\">\n<h3 class=\"wp-block-heading has-small-font-size\"><\/h3>\n\n\n\n<p><\/p>\n<\/div><\/div>\n<\/div>\n\n\n\n<div class=\"wp-block-column is-layout-flow wp-block-column-is-layout-flow\">\n<div class=\"wp-block-getwid-icon-box has-icon-left has-text-center\"><div class=\"wp-block-getwid-icon-box__icon-container is-position-top\"><div class=\"wp-block-getwid-icon-box__icon-wrapper has-text-color has-ast-global-color-0-color\" style=\"font-size:30px\"><i class=\"fas fa-file-audio\"><\/i><\/div><\/div><div class=\"wp-block-getwid-icon-box__content\">\n<h3 class=\"wp-block-heading has-small-font-size\"><\/h3>\n\n\n\n<p><\/p>\n<\/div><\/div>\n<\/div>\n\n\n\n<div class=\"wp-block-column is-layout-flow wp-block-column-is-layout-flow\">\n<div class=\"wp-block-getwid-icon-box has-icon-left has-text-center\"><div class=\"wp-block-getwid-icon-box__icon-container is-position-top\"><div class=\"wp-block-getwid-icon-box__icon-wrapper has-text-color has-ast-global-color-0-color\" style=\"font-size:30px\"><i class=\"fas fa-file-pdf\"><\/i><\/div><\/div><div class=\"wp-block-getwid-icon-box__content\">\n<h3 class=\"wp-block-heading has-small-font-size\"><\/h3>\n\n\n\n<p><\/p>\n<\/div><\/div>\n<\/div>\n<\/div>\n<\/div><\/div>\n<\/div>\n\n\n\n<div class=\"wp-block-group is-layout-constrained wp-block-group-is-layout-constrained\">\n<div class=\"wp-block-getwid-advanced-heading\"><span class=\"wp-block-getwid-advanced-heading__content has-text-color has-white-color has-background has-ast-global-color-0-background-color\" style=\"text-align:left\"><strong>La casa on vivim<\/strong><\/span><\/div>\n\n\n\n<div class=\"wp-block-media-text is-stacked-on-mobile\" style=\"margin-top:var(--wp--preset--spacing--30);margin-bottom:var(--wp--preset--spacing--30);grid-template-columns:18% auto\"><figure class=\"wp-block-media-text__media\"><a href=\"https:\/\/clic.xtec.cat\/projects\/la_casa\/jclic.js\/index.html\" target=\"_blank\" rel=\" noreferrer noopener\"><img loading=\"lazy\" decoding=\"async\" width=\"550\" height=\"781\" src=\"https:\/\/projectes.xtec.cat\/aula-acollida\/wp-content\/uploads\/usu59\/2026\/03\/la-casa-on-vivim.jpg\" alt=\"\" class=\"wp-image-10469 size-full\" srcset=\"https:\/\/projectes.xtec.cat\/aula-acollida\/wp-content\/uploads\/usu59\/2026\/03\/la-casa-on-vivim.jpg 550w, https:\/\/projectes.xtec.cat\/aula-acollida\/wp-content\/uploads\/usu59\/2026\/03\/la-casa-on-vivim-211x300.jpg 211w\" sizes=\"auto, (max-width: 550px) 100vw, 550px\" \/><\/a><\/figure><div class=\"wp-block-media-text__content\">\n<details class=\"wp-block-details has-ast-global-color-0-color has-text-color has-link-color has-medium-font-size wp-elements-4387e3e662fb3e0dd24f807e98aa9abb is-layout-flow wp-block-details-is-layout-flow\"><summary>Descripci\u00f3<\/summary>\n<p class=\"has-black-color has-text-color has-link-color has-small-font-size wp-elements-2ecfadc072094744c679f85008244125\">Recurs <strong><a href=\"https:\/\/clic.xtec.cat\/projects\/la_casa\/jclic.js\/index.html\" target=\"_blank\" rel=\"noreferrer noopener\">interactiu<\/a><\/strong> JCLIC que cont\u00e9 activitats diverses sobre el l\u00e8xic de la casa.<\/p>\n\n\n\n<p><\/p>\n\n\n\n<p class=\"has-black-color has-text-color has-link-color has-small-font-size wp-elements-c4df2cb1d8120f5764d7a15122b85783\"><\/p>\n\n\n\n<p><\/p>\n<\/details>\n\n\n\n<details class=\"wp-block-details has-ast-global-color-0-color has-text-color has-link-color has-medium-font-size wp-elements-1eef558505fbb1a93088c120e42e56de is-layout-flow wp-block-details-is-layout-flow\"><summary>Habilitat ling\u00fc\u00edstica \/ Nivell MECR \/ Etapa educativa<\/summary>\n<p class=\"has-black-color has-text-color has-link-color has-small-font-size wp-elements-a82f4a3e1778615036f3f23ca5bef429\">Expressi\u00f3 Escrita &#8211; Comprensi\u00f3 Escrita<\/p>\n\n\n\n<p class=\"has-black-color has-text-color has-link-color has-small-font-size wp-elements-4ac454206a41b87f732a1a18e8c5947a\">Nivell A1<\/p>\n\n\n\n<p class=\"has-black-color has-text-color has-link-color has-small-font-size wp-elements-4b76d808cb1df8758cb5ff1ea34c1c23\">Prim\u00e0ria i Secund\u00e0ria<\/p>\n\n\n\n<p><\/p>\n<\/details>\n\n\n\n<div class=\"wp-block-columns is-layout-flex wp-container-core-columns-is-layout-2 wp-block-columns-is-layout-flex\">\n<div class=\"wp-block-column is-layout-flow wp-block-column-is-layout-flow\">\n<div class=\"wp-block-media-text is-stacked-on-mobile\" style=\"grid-template-columns:29% auto\"><figure class=\"wp-block-media-text__media\"><img loading=\"lazy\" decoding=\"async\" width=\"1024\" height=\"1024\" src=\"https:\/\/projectes.xtec.cat\/aula-acollida\/wp-content\/uploads\/usu59\/2025\/08\/icona-web-1024x1024.png\" alt=\"\" class=\"wp-image-9309 size-full\"\/><\/figure><div class=\"wp-block-media-text__content\">\n<p><\/p>\n<\/div><\/div>\n<\/div>\n\n\n\n<div class=\"wp-block-column is-layout-flow wp-block-column-is-layout-flow\"><\/div>\n\n\n\n<div class=\"wp-block-column is-layout-flow wp-block-column-is-layout-flow\"><\/div>\n<\/div>\n<\/div><\/div>\n<\/div>\n\n\n\n<div class=\"wp-block-group is-layout-constrained wp-block-group-is-layout-constrained\">\n<div class=\"wp-block-getwid-advanced-heading\"><span class=\"wp-block-getwid-advanced-heading__content has-text-color has-white-color has-background has-ast-global-color-0-background-color\" style=\"text-align:left\"><strong>Comencem.<\/strong> La casa<\/span><\/div>\n\n\n\n<div class=\"wp-block-media-text is-stacked-on-mobile\" style=\"margin-top:var(--wp--preset--spacing--30);margin-bottom:var(--wp--preset--spacing--30);grid-template-columns:18% auto\"><figure class=\"wp-block-media-text__media\"><a href=\"https:\/\/projectes.xtec.cat\/aula-acollida\/wp-content\/uploads\/usu59\/2025\/11\/Comencem-6-La_casa.pdf\" target=\"_blank\" rel=\" noreferrer noopener\"><img loading=\"lazy\" decoding=\"async\" width=\"874\" height=\"562\" src=\"https:\/\/projectes.xtec.cat\/aula-acollida\/wp-content\/uploads\/usu59\/2025\/11\/Comencem-La-casa-1.png\" alt=\"\" class=\"wp-image-10233 size-full\" srcset=\"https:\/\/projectes.xtec.cat\/aula-acollida\/wp-content\/uploads\/usu59\/2025\/11\/Comencem-La-casa-1.png 874w, https:\/\/projectes.xtec.cat\/aula-acollida\/wp-content\/uploads\/usu59\/2025\/11\/Comencem-La-casa-1-300x193.png 300w, https:\/\/projectes.xtec.cat\/aula-acollida\/wp-content\/uploads\/usu59\/2025\/11\/Comencem-La-casa-1-768x494.png 768w\" sizes=\"auto, (max-width: 874px) 100vw, 874px\" \/><\/a><\/figure><div class=\"wp-block-media-text__content\">\n<details class=\"wp-block-details has-ast-global-color-0-color has-text-color has-link-color has-medium-font-size wp-elements-14279f378019658495eb0457274bcf73 is-layout-flow wp-block-details-is-layout-flow\"><summary>Descripci\u00f3<\/summary>\n<p class=\"has-black-color has-text-color has-link-color has-small-font-size wp-elements-9f027f83378f9b388dfd7951f1d1cc23\"><em>Comencem <\/em>\u00e9s un material que ofereix un conjunt d\u2019activitats i propostes did\u00e0ctiques per facilitar l\u2019aprenentatge de la llengua catalana a l\u2019alumnat nouvingut que s\u2019acaba d\u2019incorporar al nostre sistema educatiu. En la<strong> <a href=\"https:\/\/projectes.xtec.cat\/aula-acollida\/wp-content\/uploads\/usu59\/2025\/11\/Comencem-6-La_casa.pdf\" target=\"_blank\" rel=\"noreferrer noopener\">unitat 6<\/a><\/strong> del <em>Comencem <\/em>es treballa el l\u00e8xic de la llar. A la <strong><a href=\"https:\/\/projectes.xtec.cat\/aula-acollida\/wp-content\/uploads\/usu59\/2025\/07\/Comencem-La-familia-guia-didactica.pdf\" target=\"_blank\" rel=\"noreferrer noopener\">guia did\u00e0ctica<\/a><\/strong> trobareu les indicacions necess\u00e0ries per utilitzar el recurs a l&#8217;aula.<\/p>\n\n\n\n<p><\/p>\n\n\n\n<p class=\"has-black-color has-text-color has-link-color has-small-font-size wp-elements-c4df2cb1d8120f5764d7a15122b85783\"><\/p>\n\n\n\n<p><\/p>\n<\/details>\n\n\n\n<details class=\"wp-block-details has-ast-global-color-0-color has-text-color has-link-color has-medium-font-size wp-elements-1eef558505fbb1a93088c120e42e56de is-layout-flow wp-block-details-is-layout-flow\"><summary>Habilitat ling\u00fc\u00edstica \/ Nivell MECR \/ Etapa educativa<\/summary>\n<p class=\"has-black-color has-text-color has-link-color has-small-font-size wp-elements-a82f4a3e1778615036f3f23ca5bef429\">Expressi\u00f3 Escrita &#8211; Comprensi\u00f3 Escrita<\/p>\n\n\n\n<p class=\"has-black-color has-text-color has-link-color has-small-font-size wp-elements-4ac454206a41b87f732a1a18e8c5947a\">Nivell A1<\/p>\n\n\n\n<p class=\"has-black-color has-text-color has-link-color has-small-font-size wp-elements-4b76d808cb1df8758cb5ff1ea34c1c23\">Prim\u00e0ria i Secund\u00e0ria<\/p>\n\n\n\n<p><\/p>\n<\/details>\n\n\n\n<div class=\"wp-block-columns is-layout-flex wp-container-core-columns-is-layout-3 wp-block-columns-is-layout-flex\">\n<div class=\"wp-block-column is-layout-flow wp-block-column-is-layout-flow\">\n<div class=\"wp-block-getwid-icon-box has-icon-left has-text-center\"><div class=\"wp-block-getwid-icon-box__icon-container is-position-top\"><div class=\"wp-block-getwid-icon-box__icon-wrapper has-text-color has-ast-global-color-0-color\" style=\"font-size:30px\"><i class=\"fas fa-file-pdf\"><\/i><\/div><\/div><div class=\"wp-block-getwid-icon-box__content\">\n<h3 class=\"wp-block-heading has-small-font-size\"><\/h3>\n\n\n\n<p><\/p>\n<\/div><\/div>\n<\/div>\n\n\n\n<div class=\"wp-block-column is-layout-flow wp-block-column-is-layout-flow\"><\/div>\n\n\n\n<div class=\"wp-block-column is-layout-flow wp-block-column-is-layout-flow\"><\/div>\n<\/div>\n<\/div><\/div>\n<\/div>\n\n\n\n<div class=\"wp-block-group is-layout-constrained wp-block-group-is-layout-constrained\">\n<div class=\"wp-block-getwid-advanced-heading\"><span class=\"wp-block-getwid-advanced-heading__content has-text-color has-white-color has-background has-ast-global-color-0-background-color\" style=\"text-align:left\"><strong>Comencem.<\/strong> La ciutat<\/span><\/div>\n\n\n\n<div class=\"wp-block-media-text is-stacked-on-mobile\" style=\"margin-top:var(--wp--preset--spacing--30);margin-bottom:var(--wp--preset--spacing--30);grid-template-columns:18% auto\"><figure class=\"wp-block-media-text__media\"><a href=\"https:\/\/projectes.xtec.cat\/aula-acollida\/wp-content\/uploads\/usu59\/2025\/11\/Comencem-10-La_ciutat.pdf\" target=\"_blank\" rel=\" noreferrer noopener\"><img loading=\"lazy\" decoding=\"async\" width=\"709\" height=\"834\" src=\"https:\/\/projectes.xtec.cat\/aula-acollida\/wp-content\/uploads\/usu59\/2025\/11\/Comencem-La-ciutat.png\" alt=\"\" class=\"wp-image-10245 size-full\" srcset=\"https:\/\/projectes.xtec.cat\/aula-acollida\/wp-content\/uploads\/usu59\/2025\/11\/Comencem-La-ciutat.png 709w, https:\/\/projectes.xtec.cat\/aula-acollida\/wp-content\/uploads\/usu59\/2025\/11\/Comencem-La-ciutat-255x300.png 255w\" sizes=\"auto, (max-width: 709px) 100vw, 709px\" \/><\/a><\/figure><div class=\"wp-block-media-text__content\">\n<details class=\"wp-block-details has-ast-global-color-0-color has-text-color has-link-color has-medium-font-size wp-elements-91e07dc1f83d2d95de56064f8c21207d is-layout-flow wp-block-details-is-layout-flow\"><summary>Descripci\u00f3<\/summary>\n<p class=\"has-black-color has-text-color has-link-color has-small-font-size wp-elements-9df746ae98ae7897df132870574e206d\"><em>Comencem <\/em>\u00e9s un material que ofereix un conjunt d\u2019activitats i propostes did\u00e0ctiques per facilitar l\u2019aprenentatge de la llengua catalana a l\u2019alumnat nouvingut que s\u2019acaba d\u2019incorporar al nostre sistema educatiu. En la<strong> <a href=\"https:\/\/projectes.xtec.cat\/aula-acollida\/wp-content\/uploads\/usu59\/2025\/11\/Comencem-10-La_ciutat.pdf\" target=\"_blank\" rel=\"noreferrer noopener\">unitat 10<\/a><\/strong> del <em>Comencem <\/em>es treballa el l\u00e8xic de la ciutat. A la <strong><a href=\"https:\/\/projectes.xtec.cat\/aula-acollida\/wp-content\/uploads\/usu59\/2025\/07\/Comencem-La-familia-guia-didactica.pdf\" target=\"_blank\" rel=\"noreferrer noopener\">guia did\u00e0ctica<\/a><\/strong> trobareu les indicacions necess\u00e0ries per utilitzar el recurs a l&#8217;aula.<\/p>\n\n\n\n<p><\/p>\n\n\n\n<p class=\"has-black-color has-text-color has-link-color has-small-font-size wp-elements-c4df2cb1d8120f5764d7a15122b85783\"><\/p>\n\n\n\n<p><\/p>\n<\/details>\n\n\n\n<details class=\"wp-block-details has-ast-global-color-0-color has-text-color has-link-color has-medium-font-size wp-elements-1eef558505fbb1a93088c120e42e56de is-layout-flow wp-block-details-is-layout-flow\"><summary>Habilitat ling\u00fc\u00edstica \/ Nivell MECR \/ Etapa educativa<\/summary>\n<p class=\"has-black-color has-text-color has-link-color has-small-font-size wp-elements-a82f4a3e1778615036f3f23ca5bef429\">Expressi\u00f3 Escrita &#8211; Comprensi\u00f3 Escrita<\/p>\n\n\n\n<p class=\"has-black-color has-text-color has-link-color has-small-font-size wp-elements-4ac454206a41b87f732a1a18e8c5947a\">Nivell A1<\/p>\n\n\n\n<p class=\"has-black-color has-text-color has-link-color has-small-font-size wp-elements-4b76d808cb1df8758cb5ff1ea34c1c23\">Prim\u00e0ria i Secund\u00e0ria<\/p>\n\n\n\n<p><\/p>\n<\/details>\n\n\n\n<div class=\"wp-block-columns is-layout-flex wp-container-core-columns-is-layout-4 wp-block-columns-is-layout-flex\">\n<div class=\"wp-block-column is-layout-flow wp-block-column-is-layout-flow\">\n<div class=\"wp-block-getwid-icon-box has-icon-left has-text-center\"><div class=\"wp-block-getwid-icon-box__icon-container is-position-top\"><div class=\"wp-block-getwid-icon-box__icon-wrapper has-text-color has-ast-global-color-0-color\" style=\"font-size:30px\"><i class=\"fas fa-file-pdf\"><\/i><\/div><\/div><div class=\"wp-block-getwid-icon-box__content\">\n<h3 class=\"wp-block-heading has-small-font-size\"><\/h3>\n\n\n\n<p><\/p>\n<\/div><\/div>\n<\/div>\n\n\n\n<div class=\"wp-block-column is-layout-flow wp-block-column-is-layout-flow\"><\/div>\n\n\n\n<div class=\"wp-block-column is-layout-flow wp-block-column-is-layout-flow\"><\/div>\n<\/div>\n<\/div><\/div>\n<\/div>\n\n\n\n<div class=\"wp-block-group is-layout-constrained wp-block-group-is-layout-constrained\">\n<div class=\"wp-block-getwid-advanced-heading\"><span class=\"wp-block-getwid-advanced-heading__content has-text-color has-white-color has-background has-ast-global-color-0-background-color\" style=\"text-align:left\"><strong>L\u00e0mines Viure a Catalunya. <\/strong>El centre comercial<\/span><\/div>\n\n\n\n<div class=\"wp-block-media-text is-stacked-on-mobile\" style=\"margin-top:var(--wp--preset--spacing--30);margin-bottom:var(--wp--preset--spacing--30);grid-template-columns:16% auto\"><figure class=\"wp-block-media-text__media\"><a href=\"https:\/\/projectes.xtec.cat\/aula-acollida\/wp-content\/uploads\/usu59\/2025\/07\/viure-a-catalunya-lamina-amb-text-el-centre-comercial.pdf\" target=\"_blank\" rel=\" noreferrer noopener\"><img loading=\"lazy\" decoding=\"async\" width=\"1024\" height=\"673\" src=\"https:\/\/projectes.xtec.cat\/aula-acollida\/wp-content\/uploads\/usu59\/2025\/07\/viure-a-Catalunya-el-centre-comercial-1024x673.png\" alt=\"\" class=\"wp-image-9000 size-full\" srcset=\"https:\/\/projectes.xtec.cat\/aula-acollida\/wp-content\/uploads\/usu59\/2025\/07\/viure-a-Catalunya-el-centre-comercial-1024x673.png 1024w, https:\/\/projectes.xtec.cat\/aula-acollida\/wp-content\/uploads\/usu59\/2025\/07\/viure-a-Catalunya-el-centre-comercial-300x197.png 300w, https:\/\/projectes.xtec.cat\/aula-acollida\/wp-content\/uploads\/usu59\/2025\/07\/viure-a-Catalunya-el-centre-comercial-768x505.png 768w, https:\/\/projectes.xtec.cat\/aula-acollida\/wp-content\/uploads\/usu59\/2025\/07\/viure-a-Catalunya-el-centre-comercial.png 1177w\" sizes=\"auto, (max-width: 1024px) 100vw, 1024px\" \/><\/a><\/figure><div class=\"wp-block-media-text__content\">\n<details class=\"wp-block-details has-ast-global-color-0-color has-text-color has-link-color has-medium-font-size wp-elements-bc1b9fb24e5e8512841c35d2718cf7dc is-layout-flow wp-block-details-is-layout-flow\"><summary>Descripci\u00f3<\/summary>\n<p class=\"has-black-color has-text-color has-link-color has-small-font-size wp-elements-5f1316f57c2de5c3c652d53dde78b1d6\"><em>Viure a Catalunya. L\u00e0mines <\/em>\u00e9s una col\u00b7lecci\u00f3 de 12 l\u00e0mines indicades per treballar el llenguatge en situacions comunicatives de la vida quotidiana a les aules dels cursos de nivell inicial (acolliment ling\u00fc\u00edstic) i nivell b\u00e0sic. <\/p>\n\n\n\n<p class=\"has-black-color has-text-color has-link-color has-small-font-size wp-elements-9332ce885d8b42d8aa469c6263ab36c3\">El temes tractats s\u00f3n: la casa, el parc, el bar i el restaurant, la ciutat, la muntanya i el camp, la platja i el port, el mercat i el supermercat, el temps, els transports, els oficis, el centre c\u00edvic i <strong>el centre comercial<\/strong>. Podeu consultar-les, en format PDF, tant <strong><a href=\"https:\/\/projectes.xtec.cat\/aula-acollida\/wp-content\/uploads\/usu59\/2025\/07\/viure-a-catalunya-lamina-amb-text-el-centre-comercial.pdf\" target=\"_blank\" rel=\"noreferrer noopener\">amb els noms impresos<\/a><\/strong> com <strong><a href=\"https:\/\/projectes.xtec.cat\/aula-acollida\/wp-content\/uploads\/usu59\/2025\/07\/viure-a-catalunya-lamina-sense-text-el-centre-comercial.pdf\" target=\"_blank\" rel=\"noreferrer noopener\">sense<\/a><\/strong>.<\/p>\n\n\n\n<p class=\"has-black-color has-text-color has-link-color has-small-font-size wp-elements-04ca7fb757ea0e97aba48a3f07d9b3f5\">A la <a href=\"https:\/\/projectes.xtec.cat\/aula-acollida\/wp-content\/uploads\/usu59\/2025\/07\/guia-didactica-Viure-a-Catalunya-lamines.pdf\" target=\"_blank\" rel=\"noreferrer noopener\"><strong>guia did\u00e0ctica<\/strong><\/a> trobareu les indicacions necess\u00e0ries per utilitzar el recurs a l\u2019aula.<\/p>\n\n\n\n<p><\/p>\n<\/details>\n\n\n\n<details class=\"wp-block-details has-ast-global-color-0-color has-text-color has-link-color has-medium-font-size wp-elements-64b7613f183ccd1558373b745e78f925 is-layout-flow wp-block-details-is-layout-flow\"><summary>Habilitat ling\u00fc\u00edstica \/ Nivell MECR \/ Etapa educativa<\/summary>\n<p class=\"has-black-color has-text-color has-link-color has-small-font-size wp-elements-ca59ad03b92e8100576e4ff341e56c48\">Expressi\u00f3 Oral &#8211; Comprensi\u00f3 Oral &#8211; Comprensi\u00f3 Escrita<\/p>\n\n\n\n<p class=\"has-black-color has-text-color has-link-color has-small-font-size wp-elements-f08ddbca3e6e23ed134b0506b2895d36\">Nivell A1 &#8211; A2<\/p>\n\n\n\n<p class=\"has-black-color has-text-color has-link-color has-small-font-size wp-elements-4b76d808cb1df8758cb5ff1ea34c1c23\">Prim\u00e0ria i Secund\u00e0ria<\/p>\n\n\n\n<p><\/p>\n<\/details>\n\n\n\n<div class=\"wp-block-columns is-layout-flex wp-container-core-columns-is-layout-5 wp-block-columns-is-layout-flex\">\n<div class=\"wp-block-column is-layout-flow wp-block-column-is-layout-flow\">\n<div class=\"wp-block-getwid-icon-box has-icon-left has-text-center\"><div class=\"wp-block-getwid-icon-box__icon-container is-position-middle\"><div class=\"wp-block-getwid-icon-box__icon-wrapper has-text-color has-ast-global-color-0-color\" style=\"font-size:30px\"><i class=\"fas fa-print\"><\/i><\/div><\/div><div class=\"wp-block-getwid-icon-box__content\">\n<h3 class=\"wp-block-heading has-small-font-size\"><\/h3>\n\n\n\n<p><\/p>\n<\/div><\/div>\n<\/div>\n\n\n\n<div class=\"wp-block-column is-layout-flow wp-block-column-is-layout-flow\">\n<div class=\"wp-block-getwid-icon-box has-icon-left has-text-center\"><div class=\"wp-block-getwid-icon-box__icon-container is-position-middle\"><div class=\"wp-block-getwid-icon-box__icon-wrapper has-text-color has-ast-global-color-0-color\" style=\"font-size:30px\"><i class=\"fas fa-file-pdf\"><\/i><\/div><\/div><div class=\"wp-block-getwid-icon-box__content\">\n<h3 class=\"wp-block-heading has-small-font-size\"><\/h3>\n\n\n\n<p><\/p>\n<\/div><\/div>\n<\/div>\n\n\n\n<div class=\"wp-block-column is-layout-flow wp-block-column-is-layout-flow\"><\/div>\n<\/div>\n<\/div><\/div>\n<\/div>\n\n\n\n<div class=\"wp-block-group is-layout-constrained wp-block-group-is-layout-constrained\">\n<div class=\"wp-block-getwid-advanced-heading\"><span class=\"wp-block-getwid-advanced-heading__content has-text-color has-white-color has-background has-ast-global-color-0-background-color\" style=\"text-align:left\"><strong>L\u00e0mines Viure a Catalunya. <\/strong>El parc<\/span><\/div>\n\n\n\n<div class=\"wp-block-media-text is-stacked-on-mobile\" style=\"margin-top:var(--wp--preset--spacing--30);margin-bottom:var(--wp--preset--spacing--30);grid-template-columns:16% auto\"><figure class=\"wp-block-media-text__media\"><a href=\"https:\/\/projectes.xtec.cat\/aula-acollida\/wp-content\/uploads\/usu59\/2025\/07\/viure-a-catalunya-lamina-amb-text-el-parc.pdf\" target=\"_blank\" rel=\" noreferrer noopener\"><img loading=\"lazy\" decoding=\"async\" width=\"562\" height=\"757\" src=\"https:\/\/projectes.xtec.cat\/aula-acollida\/wp-content\/uploads\/usu59\/2025\/07\/viure-a-catalunya-el-parc.png\" alt=\"\" class=\"wp-image-8989 size-full\" srcset=\"https:\/\/projectes.xtec.cat\/aula-acollida\/wp-content\/uploads\/usu59\/2025\/07\/viure-a-catalunya-el-parc.png 562w, https:\/\/projectes.xtec.cat\/aula-acollida\/wp-content\/uploads\/usu59\/2025\/07\/viure-a-catalunya-el-parc-223x300.png 223w\" sizes=\"auto, (max-width: 562px) 100vw, 562px\" \/><\/a><\/figure><div class=\"wp-block-media-text__content\">\n<details class=\"wp-block-details has-ast-global-color-0-color has-text-color has-link-color has-medium-font-size wp-elements-8ce72208e3329a831c627c4460ce0de1 is-layout-flow wp-block-details-is-layout-flow\"><summary>Descripci\u00f3<\/summary>\n<p class=\"has-black-color has-text-color has-link-color has-small-font-size wp-elements-5f1316f57c2de5c3c652d53dde78b1d6\"><em>Viure a Catalunya. L\u00e0mines <\/em>\u00e9s una col\u00b7lecci\u00f3 de 12 l\u00e0mines indicades per treballar el llenguatge en situacions comunicatives de la vida quotidiana a les aules dels cursos de nivell inicial (acolliment ling\u00fc\u00edstic) i nivell b\u00e0sic. <\/p>\n\n\n\n<p class=\"has-black-color has-text-color has-link-color has-small-font-size wp-elements-21ac3ec33ab03cf606d044f1843403bf\">El temes tractats s\u00f3n: la casa, <strong>el parc<\/strong>, el bar i el restaurant, la ciutat, la muntanya i el camp, la platja i el port, el mercat i el supermercat, el temps, els transports, els oficis, el centre c\u00edvic i el centre comercial. Podeu consultar-les, en format PDF, tant <strong><a href=\"https:\/\/projectes.xtec.cat\/aula-acollida\/wp-content\/uploads\/usu59\/2025\/07\/viure-a-catalunya-lamina-amb-text-el-parc.pdf\" target=\"_blank\" rel=\"noreferrer noopener\">amb els noms impresos<\/a><\/strong> com <strong><a href=\"https:\/\/projectes.xtec.cat\/aula-acollida\/wp-content\/uploads\/usu59\/2025\/07\/viure-a-catalunya-lamina-sense-text-el-parc.pdf\" target=\"_blank\" rel=\"noreferrer noopener\">sense<\/a><\/strong>.<\/p>\n\n\n\n<p class=\"has-black-color has-text-color has-link-color has-small-font-size wp-elements-f65adc51b6bc1dd7bd01cababb9bf507\">A la <strong><a href=\"https:\/\/projectes.xtec.cat\/aula-acollida\/wp-content\/uploads\/usu59\/2025\/07\/guia-didactica-Viure-a-Catalunya-lamines.pdf\" target=\"_blank\" rel=\"noreferrer noopener\">guia did\u00e0ctica<\/a> <\/strong>trobareu les indicacions necess\u00e0ries per utilitzar el recurs a l\u2019aula.<\/p>\n\n\n\n<p><\/p>\n<\/details>\n\n\n\n<details class=\"wp-block-details has-ast-global-color-0-color has-text-color has-link-color has-medium-font-size wp-elements-64b7613f183ccd1558373b745e78f925 is-layout-flow wp-block-details-is-layout-flow\"><summary>Habilitat ling\u00fc\u00edstica \/ Nivell MECR \/ Etapa educativa<\/summary>\n<p class=\"has-black-color has-text-color has-link-color has-small-font-size wp-elements-ca59ad03b92e8100576e4ff341e56c48\">Expressi\u00f3 Oral &#8211; Comprensi\u00f3 Oral &#8211; Comprensi\u00f3 Escrita<\/p>\n\n\n\n<p class=\"has-black-color has-text-color has-link-color has-small-font-size wp-elements-f08ddbca3e6e23ed134b0506b2895d36\">Nivell A1 &#8211; A2<\/p>\n\n\n\n<p class=\"has-black-color has-text-color has-link-color has-small-font-size wp-elements-4b76d808cb1df8758cb5ff1ea34c1c23\">Prim\u00e0ria i Secund\u00e0ria<\/p>\n\n\n\n<p><\/p>\n<\/details>\n\n\n\n<div class=\"wp-block-columns is-layout-flex wp-container-core-columns-is-layout-6 wp-block-columns-is-layout-flex\">\n<div class=\"wp-block-column is-layout-flow wp-block-column-is-layout-flow\">\n<div class=\"wp-block-getwid-icon-box has-icon-left has-text-center\"><div class=\"wp-block-getwid-icon-box__icon-container is-position-middle\"><div class=\"wp-block-getwid-icon-box__icon-wrapper has-text-color has-ast-global-color-0-color\" style=\"font-size:30px\"><i class=\"fas fa-print\"><\/i><\/div><\/div><div class=\"wp-block-getwid-icon-box__content\">\n<h3 class=\"wp-block-heading has-small-font-size\"><\/h3>\n\n\n\n<p><\/p>\n<\/div><\/div>\n<\/div>\n\n\n\n<div class=\"wp-block-column is-layout-flow wp-block-column-is-layout-flow\">\n<div class=\"wp-block-getwid-icon-box has-icon-left has-text-center\"><div class=\"wp-block-getwid-icon-box__icon-container is-position-middle\"><div class=\"wp-block-getwid-icon-box__icon-wrapper has-text-color has-ast-global-color-0-color\" style=\"font-size:30px\"><i class=\"fas fa-file-pdf\"><\/i><\/div><\/div><div class=\"wp-block-getwid-icon-box__content\">\n<h3 class=\"wp-block-heading has-small-font-size\"><\/h3>\n\n\n\n<p><\/p>\n<\/div><\/div>\n<\/div>\n\n\n\n<div class=\"wp-block-column is-layout-flow wp-block-column-is-layout-flow\"><\/div>\n<\/div>\n<\/div><\/div>\n<\/div>\n\n\n\n<div class=\"wp-block-group is-layout-constrained wp-block-group-is-layout-constrained\">\n<div class=\"wp-block-getwid-advanced-heading\"><span class=\"wp-block-getwid-advanced-heading__content has-text-color has-white-color has-background has-ast-global-color-0-background-color\" style=\"text-align:left\"><strong>L\u00e0mines Viure a Catalunya. <\/strong>La casa<\/span><\/div>\n\n\n\n<div class=\"wp-block-media-text is-stacked-on-mobile\" style=\"margin-top:var(--wp--preset--spacing--30);margin-bottom:var(--wp--preset--spacing--30);grid-template-columns:16% auto\"><figure class=\"wp-block-media-text__media\"><a href=\"https:\/\/projectes.xtec.cat\/aula-acollida\/wp-content\/uploads\/usu59\/2025\/07\/viure-a-catalunya-lamina-amb-text-la_casa.pdf\" target=\"_blank\" rel=\" noreferrer noopener\"><img loading=\"lazy\" decoding=\"async\" width=\"1024\" height=\"666\" src=\"https:\/\/projectes.xtec.cat\/aula-acollida\/wp-content\/uploads\/usu59\/2025\/07\/viure-a-Catalunya_la-casa-1024x666.png\" alt=\"\" class=\"wp-image-9043 size-full\" srcset=\"https:\/\/projectes.xtec.cat\/aula-acollida\/wp-content\/uploads\/usu59\/2025\/07\/viure-a-Catalunya_la-casa-1024x666.png 1024w, https:\/\/projectes.xtec.cat\/aula-acollida\/wp-content\/uploads\/usu59\/2025\/07\/viure-a-Catalunya_la-casa-300x195.png 300w, https:\/\/projectes.xtec.cat\/aula-acollida\/wp-content\/uploads\/usu59\/2025\/07\/viure-a-Catalunya_la-casa-768x500.png 768w, https:\/\/projectes.xtec.cat\/aula-acollida\/wp-content\/uploads\/usu59\/2025\/07\/viure-a-Catalunya_la-casa.png 1185w\" sizes=\"auto, (max-width: 1024px) 100vw, 1024px\" \/><\/a><\/figure><div class=\"wp-block-media-text__content\">\n<details class=\"wp-block-details has-ast-global-color-0-color has-text-color has-link-color has-medium-font-size wp-elements-4afc601a720fdf9af19c20f7961eca4d is-layout-flow wp-block-details-is-layout-flow\"><summary>Descripci\u00f3<\/summary>\n<p class=\"has-black-color has-text-color has-link-color has-small-font-size wp-elements-5f1316f57c2de5c3c652d53dde78b1d6\"><em>Viure a Catalunya. L\u00e0mines <\/em>\u00e9s una col\u00b7lecci\u00f3 de 12 l\u00e0mines indicades per treballar el llenguatge en situacions comunicatives de la vida quotidiana a les aules dels cursos de nivell inicial (acolliment ling\u00fc\u00edstic) i nivell b\u00e0sic. <\/p>\n\n\n\n<p class=\"has-black-color has-text-color has-link-color has-small-font-size wp-elements-0989f8709425607bda67f7ccc4943424\">El temes tractats s\u00f3n:<strong> la casa<\/strong>, el parc, el bar i el restaurant, la ciutat, la muntanya i el camp, la platja i el port, el mercat i el supermercat, el temps, els transports, els oficis, el centre c\u00edvic i el centre comercial. Podeu consultar-les, en format PDF, tant <strong><a href=\"https:\/\/projectes.xtec.cat\/aula-acollida\/wp-content\/uploads\/usu59\/2025\/07\/viure-a-catalunya-lamina-amb-text-la_casa.pdf\" target=\"_blank\" rel=\"noreferrer noopener\">amb els noms impresos<\/a><\/strong> com <strong><a href=\"https:\/\/projectes.xtec.cat\/aula-acollida\/wp-content\/uploads\/usu59\/2025\/07\/viure-a-catalunya-lamina-sense-text-la-casa.pdf\" target=\"_blank\" rel=\"noreferrer noopener\">sense<\/a><\/strong>.<\/p>\n\n\n\n<p class=\"has-black-color has-text-color has-link-color has-small-font-size wp-elements-04ca7fb757ea0e97aba48a3f07d9b3f5\">A la <a href=\"https:\/\/projectes.xtec.cat\/aula-acollida\/wp-content\/uploads\/usu59\/2025\/07\/guia-didactica-Viure-a-Catalunya-lamines.pdf\" target=\"_blank\" rel=\"noreferrer noopener\"><strong>guia did\u00e0ctica<\/strong><\/a> trobareu les indicacions necess\u00e0ries per utilitzar el recurs a l\u2019aula.<\/p>\n\n\n\n<p><\/p>\n<\/details>\n\n\n\n<details class=\"wp-block-details has-ast-global-color-0-color has-text-color has-link-color has-medium-font-size wp-elements-64b7613f183ccd1558373b745e78f925 is-layout-flow wp-block-details-is-layout-flow\"><summary>Habilitat ling\u00fc\u00edstica \/ Nivell MECR \/ Etapa educativa<\/summary>\n<p class=\"has-black-color has-text-color has-link-color has-small-font-size wp-elements-ca59ad03b92e8100576e4ff341e56c48\">Expressi\u00f3 Oral &#8211; Comprensi\u00f3 Oral &#8211; Comprensi\u00f3 Escrita<\/p>\n\n\n\n<p class=\"has-black-color has-text-color has-link-color has-small-font-size wp-elements-f08ddbca3e6e23ed134b0506b2895d36\">Nivell A1 &#8211; A2<\/p>\n\n\n\n<p class=\"has-black-color has-text-color has-link-color has-small-font-size wp-elements-4b76d808cb1df8758cb5ff1ea34c1c23\">Prim\u00e0ria i Secund\u00e0ria<\/p>\n\n\n\n<p><\/p>\n<\/details>\n\n\n\n<div class=\"wp-block-columns is-layout-flex wp-container-core-columns-is-layout-7 wp-block-columns-is-layout-flex\">\n<div class=\"wp-block-column is-layout-flow wp-block-column-is-layout-flow\">\n<div class=\"wp-block-getwid-icon-box has-icon-left has-text-center\"><div class=\"wp-block-getwid-icon-box__icon-container is-position-middle\"><div class=\"wp-block-getwid-icon-box__icon-wrapper has-text-color has-ast-global-color-0-color\" style=\"font-size:30px\"><i class=\"fas fa-print\"><\/i><\/div><\/div><div class=\"wp-block-getwid-icon-box__content\">\n<h3 class=\"wp-block-heading has-small-font-size\"><\/h3>\n\n\n\n<p><\/p>\n<\/div><\/div>\n<\/div>\n\n\n\n<div class=\"wp-block-column is-layout-flow wp-block-column-is-layout-flow\">\n<div class=\"wp-block-getwid-icon-box has-icon-left has-text-center\"><div class=\"wp-block-getwid-icon-box__icon-container is-position-middle\"><div class=\"wp-block-getwid-icon-box__icon-wrapper has-text-color has-ast-global-color-0-color\" style=\"font-size:30px\"><i class=\"fas fa-file-pdf\"><\/i><\/div><\/div><div class=\"wp-block-getwid-icon-box__content\">\n<h3 class=\"wp-block-heading has-small-font-size\"><\/h3>\n\n\n\n<p><\/p>\n<\/div><\/div>\n<\/div>\n\n\n\n<div class=\"wp-block-column is-layout-flow wp-block-column-is-layout-flow\"><\/div>\n<\/div>\n<\/div><\/div>\n<\/div>\n\n\n\n<div class=\"wp-block-group is-layout-constrained wp-block-group-is-layout-constrained\">\n<div class=\"wp-block-getwid-advanced-heading\"><span class=\"wp-block-getwid-advanced-heading__content has-text-color has-white-color has-background has-ast-global-color-0-background-color\" style=\"text-align:left\"><strong>L\u00e0mines Viure a Catalunya. <\/strong>La ciutat<\/span><\/div>\n\n\n\n<div class=\"wp-block-media-text is-stacked-on-mobile\" style=\"margin-top:var(--wp--preset--spacing--30);margin-bottom:var(--wp--preset--spacing--30);grid-template-columns:16% auto\"><figure class=\"wp-block-media-text__media\"><a href=\"https:\/\/projectes.xtec.cat\/aula-acollida\/wp-content\/uploads\/usu59\/2025\/07\/viure-a-catalunya-lamina-amb-text-la-ciutat.pdf\" target=\"_blank\" rel=\" noreferrer noopener\"><img loading=\"lazy\" decoding=\"async\" width=\"628\" height=\"847\" src=\"https:\/\/projectes.xtec.cat\/aula-acollida\/wp-content\/uploads\/usu59\/2025\/07\/viure-a-Catalunya-la-ciutat.png\" alt=\"\" class=\"wp-image-9049 size-full\" srcset=\"https:\/\/projectes.xtec.cat\/aula-acollida\/wp-content\/uploads\/usu59\/2025\/07\/viure-a-Catalunya-la-ciutat.png 628w, https:\/\/projectes.xtec.cat\/aula-acollida\/wp-content\/uploads\/usu59\/2025\/07\/viure-a-Catalunya-la-ciutat-222x300.png 222w\" sizes=\"auto, (max-width: 628px) 100vw, 628px\" \/><\/a><\/figure><div class=\"wp-block-media-text__content\">\n<details class=\"wp-block-details has-ast-global-color-0-color has-text-color has-link-color has-medium-font-size wp-elements-057ec9ae661846d5b246fafc675a969e is-layout-flow wp-block-details-is-layout-flow\"><summary>Descripci\u00f3<\/summary>\n<p class=\"has-black-color has-text-color has-link-color has-small-font-size wp-elements-5f1316f57c2de5c3c652d53dde78b1d6\"><em>Viure a Catalunya. L\u00e0mines <\/em>\u00e9s una col\u00b7lecci\u00f3 de 12 l\u00e0mines indicades per treballar el llenguatge en situacions comunicatives de la vida quotidiana a les aules dels cursos de nivell inicial (acolliment ling\u00fc\u00edstic) i nivell b\u00e0sic. <\/p>\n\n\n\n<p class=\"has-black-color has-text-color has-link-color has-small-font-size wp-elements-f98b1490a1772adde9610a0252999ea5\">El temes tractats s\u00f3n: la casa, el parc, el bar i el restaurant,<strong> la ciutat<\/strong>, la muntanya i el camp, la platja i el port, el mercat i el supermercat, el temps, els transports, els oficis, el centre c\u00edvic i el centre comercial. Podeu consultar-les, en format PDF, tant <strong><a href=\"https:\/\/projectes.xtec.cat\/aula-acollida\/wp-content\/uploads\/usu59\/2025\/07\/viure-a-catalunya-lamina-amb-text-la-ciutat.pdf\" target=\"_blank\" rel=\"noreferrer noopener\">amb els noms impresos<\/a><\/strong> com <strong><a href=\"https:\/\/projectes.xtec.cat\/aula-acollida\/wp-content\/uploads\/usu59\/2025\/07\/viure-a-catalunya-lamina-sense-text-la-ciutat.pdf\" target=\"_blank\" rel=\"noreferrer noopener\">sense<\/a><\/strong>.<\/p>\n\n\n\n<p class=\"has-black-color has-text-color has-link-color has-small-font-size wp-elements-f65adc51b6bc1dd7bd01cababb9bf507\">A la <strong><a href=\"https:\/\/projectes.xtec.cat\/aula-acollida\/wp-content\/uploads\/usu59\/2025\/07\/guia-didactica-Viure-a-Catalunya-lamines.pdf\" target=\"_blank\" rel=\"noreferrer noopener\">guia did\u00e0ctica<\/a> <\/strong>trobareu les indicacions necess\u00e0ries per utilitzar el recurs a l\u2019aula.<\/p>\n\n\n\n<p><\/p>\n<\/details>\n\n\n\n<details class=\"wp-block-details has-ast-global-color-0-color has-text-color has-link-color has-medium-font-size wp-elements-64b7613f183ccd1558373b745e78f925 is-layout-flow wp-block-details-is-layout-flow\"><summary>Habilitat ling\u00fc\u00edstica \/ Nivell MECR \/ Etapa educativa<\/summary>\n<p class=\"has-black-color has-text-color has-link-color has-small-font-size wp-elements-ca59ad03b92e8100576e4ff341e56c48\">Expressi\u00f3 Oral &#8211; Comprensi\u00f3 Oral &#8211; Comprensi\u00f3 Escrita<\/p>\n\n\n\n<p class=\"has-black-color has-text-color has-link-color has-small-font-size wp-elements-f08ddbca3e6e23ed134b0506b2895d36\">Nivell A1 &#8211; A2<\/p>\n\n\n\n<p class=\"has-black-color has-text-color has-link-color has-small-font-size wp-elements-4b76d808cb1df8758cb5ff1ea34c1c23\">Prim\u00e0ria i Secund\u00e0ria<\/p>\n\n\n\n<p><\/p>\n<\/details>\n\n\n\n<div class=\"wp-block-columns is-layout-flex wp-container-core-columns-is-layout-8 wp-block-columns-is-layout-flex\">\n<div class=\"wp-block-column is-layout-flow wp-block-column-is-layout-flow\">\n<div class=\"wp-block-getwid-icon-box has-icon-left has-text-center\"><div class=\"wp-block-getwid-icon-box__icon-container is-position-middle\"><div class=\"wp-block-getwid-icon-box__icon-wrapper has-text-color has-ast-global-color-0-color\" style=\"font-size:30px\"><i class=\"fas fa-print\"><\/i><\/div><\/div><div class=\"wp-block-getwid-icon-box__content\">\n<h3 class=\"wp-block-heading has-small-font-size\"><\/h3>\n\n\n\n<p><\/p>\n<\/div><\/div>\n<\/div>\n\n\n\n<div class=\"wp-block-column is-layout-flow wp-block-column-is-layout-flow\">\n<div class=\"wp-block-getwid-icon-box has-icon-left has-text-center\"><div class=\"wp-block-getwid-icon-box__icon-container is-position-middle\"><div class=\"wp-block-getwid-icon-box__icon-wrapper has-text-color has-ast-global-color-0-color\" style=\"font-size:30px\"><i class=\"fas fa-file-pdf\"><\/i><\/div><\/div><div class=\"wp-block-getwid-icon-box__content\">\n<h3 class=\"wp-block-heading has-small-font-size\"><\/h3>\n\n\n\n<p><\/p>\n<\/div><\/div>\n<\/div>\n\n\n\n<div class=\"wp-block-column is-layout-flow wp-block-column-is-layout-flow\"><\/div>\n<\/div>\n<\/div><\/div>\n<\/div>\n\n\n\n<div class=\"wp-block-group is-layout-constrained wp-block-group-is-layout-constrained\">\n<div class=\"wp-block-getwid-advanced-heading\"><span class=\"wp-block-getwid-advanced-heading__content has-text-color has-white-color has-background has-ast-global-color-0-background-color\" style=\"text-align:left\"><strong>L\u00e0mines Viure a Catalunya. <\/strong>La muntanya i el camp<\/span><\/div>\n\n\n\n<div class=\"wp-block-media-text is-stacked-on-mobile\" style=\"margin-top:var(--wp--preset--spacing--30);margin-bottom:var(--wp--preset--spacing--30);grid-template-columns:16% auto\"><figure class=\"wp-block-media-text__media\"><a href=\"https:\/\/projectes.xtec.cat\/aula-acollida\/wp-content\/uploads\/usu59\/2025\/07\/viure-a-catalunya-lamina-amb-text-la-muntanya-i-el-camp.pdf\" target=\"_blank\" rel=\" noreferrer noopener\"><img loading=\"lazy\" decoding=\"async\" width=\"627\" height=\"849\" src=\"https:\/\/projectes.xtec.cat\/aula-acollida\/wp-content\/uploads\/usu59\/2025\/07\/viure-a-Catalunya-la-muntanya-i-el-camp.png\" alt=\"\" class=\"wp-image-9008 size-full\" srcset=\"https:\/\/projectes.xtec.cat\/aula-acollida\/wp-content\/uploads\/usu59\/2025\/07\/viure-a-Catalunya-la-muntanya-i-el-camp.png 627w, https:\/\/projectes.xtec.cat\/aula-acollida\/wp-content\/uploads\/usu59\/2025\/07\/viure-a-Catalunya-la-muntanya-i-el-camp-222x300.png 222w\" sizes=\"auto, (max-width: 627px) 100vw, 627px\" \/><\/a><\/figure><div class=\"wp-block-media-text__content\">\n<details class=\"wp-block-details has-ast-global-color-0-color has-text-color has-link-color has-medium-font-size wp-elements-9dc8ddc2c9db5b77612c783263151484 is-layout-flow wp-block-details-is-layout-flow\"><summary>Descripci\u00f3<\/summary>\n<p class=\"has-black-color has-text-color has-link-color has-small-font-size wp-elements-5f1316f57c2de5c3c652d53dde78b1d6\"><em>Viure a Catalunya. L\u00e0mines <\/em>\u00e9s una col\u00b7lecci\u00f3 de 12 l\u00e0mines indicades per treballar el llenguatge en situacions comunicatives de la vida quotidiana a les aules dels cursos de nivell inicial (acolliment ling\u00fc\u00edstic) i nivell b\u00e0sic. <\/p>\n\n\n\n<p class=\"has-black-color has-text-color has-link-color has-small-font-size wp-elements-78ae6e6f2a8b0d8572b0955c8acf2860\">El temes tractats s\u00f3n: la casa, el parc, el bar i el restaurant, la ciutat,<strong> la muntanya i el camp<\/strong>, la platja i el port, el mercat i el supermercat, el temps, els transports, els oficis, el centre c\u00edvic i el centre comercial. Podeu consultar-les, en format PDF, tant <strong><a href=\"https:\/\/projectes.xtec.cat\/aula-acollida\/wp-content\/uploads\/usu59\/2025\/07\/viure-a-catalunya-lamina-amb-text-la-muntanya-i-el-camp.pdf\" target=\"_blank\" rel=\"noreferrer noopener\">amb els noms impresos<\/a><\/strong> com <strong><a href=\"https:\/\/projectes.xtec.cat\/aula-acollida\/wp-content\/uploads\/usu59\/2025\/07\/viure-a-catalunya-lamina-sense-text-la-muntanya-i-el-camp.pdf\" target=\"_blank\" rel=\"noreferrer noopener\">sense<\/a><\/strong>.<\/p>\n\n\n\n<p class=\"has-black-color has-text-color has-link-color has-small-font-size wp-elements-04ca7fb757ea0e97aba48a3f07d9b3f5\">A la <a href=\"https:\/\/projectes.xtec.cat\/aula-acollida\/wp-content\/uploads\/usu59\/2025\/07\/guia-didactica-Viure-a-Catalunya-lamines.pdf\" target=\"_blank\" rel=\"noreferrer noopener\"><strong>guia did\u00e0ctica<\/strong><\/a> trobareu les indicacions necess\u00e0ries per utilitzar el recurs a l\u2019aula.<\/p>\n\n\n\n<p><\/p>\n<\/details>\n\n\n\n<details class=\"wp-block-details has-ast-global-color-0-color has-text-color has-link-color has-medium-font-size wp-elements-64b7613f183ccd1558373b745e78f925 is-layout-flow wp-block-details-is-layout-flow\"><summary>Habilitat ling\u00fc\u00edstica \/ Nivell MECR \/ Etapa educativa<\/summary>\n<p class=\"has-black-color has-text-color has-link-color has-small-font-size wp-elements-ca59ad03b92e8100576e4ff341e56c48\">Expressi\u00f3 Oral &#8211; Comprensi\u00f3 Oral &#8211; Comprensi\u00f3 Escrita<\/p>\n\n\n\n<p class=\"has-black-color has-text-color has-link-color has-small-font-size wp-elements-f08ddbca3e6e23ed134b0506b2895d36\">Nivell A1 &#8211; A2<\/p>\n\n\n\n<p class=\"has-black-color has-text-color has-link-color has-small-font-size wp-elements-4b76d808cb1df8758cb5ff1ea34c1c23\">Prim\u00e0ria i Secund\u00e0ria<\/p>\n\n\n\n<p><\/p>\n<\/details>\n\n\n\n<div class=\"wp-block-columns is-layout-flex wp-container-core-columns-is-layout-9 wp-block-columns-is-layout-flex\">\n<div class=\"wp-block-column is-layout-flow wp-block-column-is-layout-flow\">\n<div class=\"wp-block-getwid-icon-box has-icon-left has-text-center\"><div class=\"wp-block-getwid-icon-box__icon-container is-position-middle\"><div class=\"wp-block-getwid-icon-box__icon-wrapper has-text-color has-ast-global-color-0-color\" style=\"font-size:30px\"><i class=\"fas fa-print\"><\/i><\/div><\/div><div class=\"wp-block-getwid-icon-box__content\">\n<h3 class=\"wp-block-heading has-small-font-size\"><\/h3>\n\n\n\n<p><\/p>\n<\/div><\/div>\n<\/div>\n\n\n\n<div class=\"wp-block-column is-layout-flow wp-block-column-is-layout-flow\">\n<div class=\"wp-block-getwid-icon-box has-icon-left has-text-center\"><div class=\"wp-block-getwid-icon-box__icon-container is-position-middle\"><div class=\"wp-block-getwid-icon-box__icon-wrapper has-text-color has-ast-global-color-0-color\" style=\"font-size:30px\"><i class=\"fas fa-file-pdf\"><\/i><\/div><\/div><div class=\"wp-block-getwid-icon-box__content\">\n<h3 class=\"wp-block-heading has-small-font-size\"><\/h3>\n\n\n\n<p><\/p>\n<\/div><\/div>\n<\/div>\n\n\n\n<div class=\"wp-block-column is-layout-flow wp-block-column-is-layout-flow\"><\/div>\n<\/div>\n<\/div><\/div>\n<\/div>\n\n\n\n<div class=\"wp-block-group is-layout-constrained wp-block-group-is-layout-constrained\">\n<div class=\"wp-block-getwid-advanced-heading\"><span class=\"wp-block-getwid-advanced-heading__content has-text-color has-white-color has-background has-ast-global-color-0-background-color\" style=\"text-align:left\"><strong>L\u00e0mines Viure a Catalunya. <\/strong>La platja i el port <\/span><\/div>\n\n\n\n<div class=\"wp-block-media-text is-stacked-on-mobile\" style=\"margin-top:var(--wp--preset--spacing--30);margin-bottom:var(--wp--preset--spacing--30);grid-template-columns:16% auto\"><figure class=\"wp-block-media-text__media\"><a href=\"https:\/\/projectes.xtec.cat\/aula-acollida\/wp-content\/uploads\/usu59\/2025\/07\/viure-a-catalunya-lamina-amb-text-la-platja.pdf\" target=\"_blank\" rel=\" noreferrer noopener\"><img loading=\"lazy\" decoding=\"async\" width=\"1024\" height=\"662\" src=\"https:\/\/projectes.xtec.cat\/aula-acollida\/wp-content\/uploads\/usu59\/2025\/07\/viure-a-catalunya-la-platja-1024x662.png\" alt=\"\" class=\"wp-image-8978 size-full\" srcset=\"https:\/\/projectes.xtec.cat\/aula-acollida\/wp-content\/uploads\/usu59\/2025\/07\/viure-a-catalunya-la-platja-1024x662.png 1024w, https:\/\/projectes.xtec.cat\/aula-acollida\/wp-content\/uploads\/usu59\/2025\/07\/viure-a-catalunya-la-platja-300x194.png 300w, https:\/\/projectes.xtec.cat\/aula-acollida\/wp-content\/uploads\/usu59\/2025\/07\/viure-a-catalunya-la-platja-768x497.png 768w, https:\/\/projectes.xtec.cat\/aula-acollida\/wp-content\/uploads\/usu59\/2025\/07\/viure-a-catalunya-la-platja.png 1192w\" sizes=\"auto, (max-width: 1024px) 100vw, 1024px\" \/><\/a><\/figure><div class=\"wp-block-media-text__content\">\n<details class=\"wp-block-details has-ast-global-color-0-color has-text-color has-link-color has-medium-font-size wp-elements-c115e6d962ed3d2f7d34ddb899cb459f is-layout-flow wp-block-details-is-layout-flow\"><summary>Descripci\u00f3<\/summary>\n<p class=\"has-black-color has-text-color has-link-color has-small-font-size wp-elements-5f1316f57c2de5c3c652d53dde78b1d6\"><em>Viure a Catalunya. L\u00e0mines <\/em>\u00e9s una col\u00b7lecci\u00f3 de 12 l\u00e0mines indicades per treballar el llenguatge en situacions comunicatives de la vida quotidiana a les aules dels cursos de nivell inicial (acolliment ling\u00fc\u00edstic) i nivell b\u00e0sic. <\/p>\n\n\n\n<p class=\"has-black-color has-text-color has-link-color has-small-font-size wp-elements-aae9837173a22168485c4828278c1cdf\">El temes tractats s\u00f3n: la casa, el parc, el bar i el restaurant, la ciutat, la muntanya i el camp, <strong>la platja i el port<\/strong>, el mercat i el supermercat, el temps, els transports, els oficis, el centre c\u00edvic i el centre comercial. Podeu consultar-les, en format PDF, tant <strong><a href=\"https:\/\/projectes.xtec.cat\/aula-acollida\/wp-content\/uploads\/usu59\/2025\/07\/viure-a-catalunya-lamina-amb-text-la-platja.pdf\" target=\"_blank\" rel=\"noreferrer noopener\">amb els noms impresos<\/a><\/strong> com <strong><a href=\"https:\/\/projectes.xtec.cat\/aula-acollida\/wp-content\/uploads\/usu59\/2025\/07\/viure-a-catalunya-lamina-sense-text-la-platja.pdf\" target=\"_blank\" rel=\"noreferrer noopener\">sense<\/a><\/strong>.<\/p>\n\n\n\n<p class=\"has-black-color has-text-color has-link-color has-small-font-size wp-elements-04ca7fb757ea0e97aba48a3f07d9b3f5\">A la <a href=\"https:\/\/projectes.xtec.cat\/aula-acollida\/wp-content\/uploads\/usu59\/2025\/07\/guia-didactica-Viure-a-Catalunya-lamines.pdf\" target=\"_blank\" rel=\"noreferrer noopener\"><strong>guia did\u00e0ctica<\/strong><\/a> trobareu les indicacions necess\u00e0ries per utilitzar el recurs a l\u2019aula.<\/p>\n\n\n\n<p><\/p>\n<\/details>\n\n\n\n<details class=\"wp-block-details has-ast-global-color-0-color has-text-color has-link-color has-medium-font-size wp-elements-64b7613f183ccd1558373b745e78f925 is-layout-flow wp-block-details-is-layout-flow\"><summary>Habilitat ling\u00fc\u00edstica \/ Nivell MECR \/ Etapa educativa<\/summary>\n<p class=\"has-black-color has-text-color has-link-color has-small-font-size wp-elements-ca59ad03b92e8100576e4ff341e56c48\">Expressi\u00f3 Oral &#8211; Comprensi\u00f3 Oral &#8211; Comprensi\u00f3 Escrita<\/p>\n\n\n\n<p class=\"has-black-color has-text-color has-link-color has-small-font-size wp-elements-f08ddbca3e6e23ed134b0506b2895d36\">Nivell A1 &#8211; A2<\/p>\n\n\n\n<p class=\"has-black-color has-text-color has-link-color has-small-font-size wp-elements-4b76d808cb1df8758cb5ff1ea34c1c23\">Prim\u00e0ria i Secund\u00e0ria<\/p>\n\n\n\n<p><\/p>\n<\/details>\n\n\n\n<div class=\"wp-block-columns is-layout-flex wp-container-core-columns-is-layout-10 wp-block-columns-is-layout-flex\">\n<div class=\"wp-block-column is-layout-flow wp-block-column-is-layout-flow\">\n<div class=\"wp-block-getwid-icon-box has-icon-left has-text-center\"><div class=\"wp-block-getwid-icon-box__icon-container is-position-middle\"><div class=\"wp-block-getwid-icon-box__icon-wrapper has-text-color has-ast-global-color-0-color\" style=\"font-size:30px\"><i class=\"fas fa-print\"><\/i><\/div><\/div><div class=\"wp-block-getwid-icon-box__content\">\n<h3 class=\"wp-block-heading has-small-font-size\"><\/h3>\n\n\n\n<p><\/p>\n<\/div><\/div>\n<\/div>\n\n\n\n<div class=\"wp-block-column is-layout-flow wp-block-column-is-layout-flow\">\n<div class=\"wp-block-getwid-icon-box has-icon-left has-text-center\"><div class=\"wp-block-getwid-icon-box__icon-container is-position-middle\"><div class=\"wp-block-getwid-icon-box__icon-wrapper has-text-color has-ast-global-color-0-color\" style=\"font-size:30px\"><i class=\"fas fa-file-pdf\"><\/i><\/div><\/div><div class=\"wp-block-getwid-icon-box__content\">\n<h3 class=\"wp-block-heading has-small-font-size\"><\/h3>\n\n\n\n<p><\/p>\n<\/div><\/div>\n<\/div>\n\n\n\n<div class=\"wp-block-column is-layout-flow wp-block-column-is-layout-flow\"><\/div>\n<\/div>\n<\/div><\/div>\n<\/div>\n\n\n\n<div class=\"wp-block-group is-layout-constrained wp-block-group-is-layout-constrained\">\n<div class=\"wp-block-getwid-advanced-heading\"><span class=\"wp-block-getwid-advanced-heading__content has-text-color has-white-color has-background has-ast-global-color-0-background-color\" style=\"text-align:left\"><strong>Parlem, llegim i escrivim amb la N\u00e0dia i en Li. <\/strong>La casa i la fam\u00edlia<\/span><\/div>\n\n\n\n<div class=\"wp-block-media-text is-stacked-on-mobile\" style=\"margin-top:var(--wp--preset--spacing--30);margin-bottom:var(--wp--preset--spacing--30);grid-template-columns:18% auto\"><figure class=\"wp-block-media-text__media\"><a href=\"https:\/\/projectes.xtec.cat\/aula-acollida\/wp-content\/uploads\/usu59\/2025\/11\/La-Nadia-i-en-Li-3-La-casa-i-la-familia-impremta.pdf\" target=\"_blank\" rel=\" noreferrer noopener\"><img loading=\"lazy\" decoding=\"async\" width=\"733\" height=\"394\" src=\"https:\/\/projectes.xtec.cat\/aula-acollida\/wp-content\/uploads\/usu59\/2025\/11\/La-Nadia-i-en-Li-La-casa-i-la-familia.png\" alt=\"\" class=\"wp-image-10257 size-full\" srcset=\"https:\/\/projectes.xtec.cat\/aula-acollida\/wp-content\/uploads\/usu59\/2025\/11\/La-Nadia-i-en-Li-La-casa-i-la-familia.png 733w, https:\/\/projectes.xtec.cat\/aula-acollida\/wp-content\/uploads\/usu59\/2025\/11\/La-Nadia-i-en-Li-La-casa-i-la-familia-300x161.png 300w\" sizes=\"auto, (max-width: 733px) 100vw, 733px\" \/><\/a><\/figure><div class=\"wp-block-media-text__content\">\n<p class=\"has-black-color has-text-color has-link-color has-small-font-size wp-elements-c4df2cb1d8120f5764d7a15122b85783\"><\/p>\n\n\n\n<details class=\"wp-block-details has-ast-global-color-0-color has-text-color has-link-color has-medium-font-size wp-elements-4556490d6452987bdaa8a08dbf0d1820 is-layout-flow wp-block-details-is-layout-flow\"><summary>Descripci\u00f3<\/summary>\n<p class=\"has-black-color has-text-color has-link-color has-small-font-size wp-elements-ca6bb3b9783ebcfbe4dcdb2c2c97672f\"><em>Parlem, llegim i escrivim amb la N\u00e0dia i en Li<\/em> est\u00e0 adre\u00e7at a nois i noies que s\u2019han d\u2019incorporar al cicle superior de prim\u00e0ria, o b\u00e9 a primer o segon d\u2019ESO. Est\u00e0 especialment pensat per a l\u2019alumnat que desconeix la llengua catalana i que, per diferents motius, no ha tingut una bona escolaritzaci\u00f3 pr\u00e8via al seu pa\u00eds d\u2019origen. Per tant, el material est\u00e0 pensat i organitzat per a iniciar l\u2019alumnat en els primers passos d\u2019aprenentatge de la llengua oral: s\u2019introdueixen les estructures ling\u00fc\u00edstiques b\u00e0siques, el vocabulari m\u00e9s usual, aix\u00ed com els primers passos en l\u2019aprenentatge de la llengua escrita. La unitat 3 se centra en la casa i la fam\u00edlia. Podeu descarregar el document en <a href=\"https:\/\/projectes.xtec.cat\/aula-acollida\/wp-content\/uploads\/usu59\/2025\/11\/La-Nadia-i-en-Li-3-La-casa-i-la-familia-lligada.pdf\" target=\"_blank\" rel=\"noreferrer noopener\"><strong>lletra lligada<\/strong> <\/a>o en<a href=\"https:\/\/projectes.xtec.cat\/aula-acollida\/wp-content\/uploads\/usu59\/2025\/11\/La-Nadia-i-en-Li-3-La-casa-i-la-familia-impremta.pdf\" target=\"_blank\" rel=\"noreferrer noopener\"> <strong>lletra d&#8217;impremta<\/strong><\/a>.<\/p>\n\n\n\n<p><\/p>\n<\/details>\n\n\n\n<details class=\"wp-block-details has-ast-global-color-0-color has-text-color has-link-color has-medium-font-size wp-elements-9fa9924aa67eb978b190fa1ebe57aace is-layout-flow wp-block-details-is-layout-flow\"><summary>Habilitat ling\u00fc\u00edstica \/ Nivell MECR \/ Etapa educativa<\/summary>\n<p class=\"has-black-color has-text-color has-link-color has-small-font-size wp-elements-a82f4a3e1778615036f3f23ca5bef429\">Expressi\u00f3 Escrita &#8211; Comprensi\u00f3 Escrita<\/p>\n\n\n\n<p class=\"has-black-color has-text-color has-link-color has-small-font-size wp-elements-75559104e5427927ab65b239236920ce\">Nivell  A1<\/p>\n\n\n\n<p class=\"has-black-color has-text-color has-link-color has-small-font-size wp-elements-4b76d808cb1df8758cb5ff1ea34c1c23\">Prim\u00e0ria i Secund\u00e0ria<\/p>\n\n\n\n<p><\/p>\n<\/details>\n\n\n\n<div class=\"wp-block-columns is-layout-flex wp-container-core-columns-is-layout-11 wp-block-columns-is-layout-flex\">\n<div class=\"wp-block-column is-layout-flow wp-block-column-is-layout-flow\">\n<div class=\"wp-block-getwid-icon-box has-icon-left has-text-center\"><div class=\"wp-block-getwid-icon-box__icon-container is-position-middle\"><div class=\"wp-block-getwid-icon-box__icon-wrapper has-text-color has-ast-global-color-0-color\" style=\"font-size:30px\"><i class=\"fas fa-file-pdf\"><\/i><\/div><\/div><div class=\"wp-block-getwid-icon-box__content\">\n<h3 class=\"wp-block-heading has-small-font-size\"><\/h3>\n\n\n\n<p><\/p>\n<\/div><\/div>\n<\/div>\n\n\n\n<div class=\"wp-block-column is-layout-flow wp-block-column-is-layout-flow\"><\/div>\n\n\n\n<div class=\"wp-block-column is-layout-flow wp-block-column-is-layout-flow\"><\/div>\n<\/div>\n<\/div><\/div>\n<\/div>\n\n\n\n<div class=\"wp-block-group wp-embed-aspect-16-9 wp-has-aspect-ratio is-layout-constrained wp-block-group-is-layout-constrained\" style=\"margin-top:0;margin-right:0;margin-bottom:0;margin-left:0\">\n<div class=\"wp-block-getwid-advanced-heading\"><span class=\"wp-block-getwid-advanced-heading__content has-text-color has-white-color has-background has-ast-global-color-1-background-color\" style=\"text-align:left\"><strong>Tallers de llenguatge. <\/strong>La ciutat<\/span><\/div>\n\n\n\n<div class=\"wp-block-media-text is-stacked-on-mobile\" style=\"margin-top:var(--wp--preset--spacing--30);margin-bottom:var(--wp--preset--spacing--30);grid-template-columns:21% auto\"><figure class=\"wp-block-media-text__media\"><a href=\"https:\/\/merli.xtec.cat\/merli\/cerca\/fitxaRecurs.jsp?idRecurs=\/59691&amp;sheetId=null&amp;nomUsuari=null&amp;inxtec=0\" target=\"_blank\" rel=\" noreferrer noopener\"><img loading=\"lazy\" decoding=\"async\" width=\"175\" height=\"126\" src=\"https:\/\/projectes.xtec.cat\/aula-acollida\/wp-content\/uploads\/usu59\/2025\/11\/tallers-de-llenguatge-la-ciutat.png\" alt=\"\" class=\"wp-image-10301 size-full\"\/><\/a><\/figure><div class=\"wp-block-media-text__content\">\n<details class=\"wp-block-details has-ast-global-color-0-color has-text-color has-link-color has-medium-font-size wp-elements-c434a188c2d2945da295798a2f7f5893 is-layout-flow wp-block-details-is-layout-flow\"><summary>Descripci\u00f3<\/summary>\n<p class=\"has-black-color has-text-color has-link-color has-small-font-size wp-elements-a196772d84b4498057001702c1397779\">Conjunt de materials i activitats que treballen els diferents aspectes del llenguatge: fonologia, morfosintaxi, vocabulari, \u00fas de la llengua, habilitats psicoling\u00fc\u00edstiques (atenci\u00f3, percepci\u00f3, mem\u00f2ria) i lectoescriptura. La col\u00b7lecci\u00f3 &#8216;Tallers de llenguatge&#8217; treballa diversos aspectes d&#8217;\u00fas tant orals com escrits. \u00c9s un material indicat tamb\u00e9 per a tractar trastorns i retards en l&#8217;adquisici\u00f3 del llenguatge, aix\u00ed com per a ensenyar catal\u00e0 als alumnes d&#8217;incorporaci\u00f3 tardana. Cada t\u00edtol cont\u00e9 una guia did\u00e0ctica i un llibre d&#8217;imatges i paraules. El llibre de materials \u00e9s completament manipulable i desmuntable, de manera que un cop retallat queden cartonets, s\u00e8ries, l\u00e0mines o jocs.<\/p>\n\n\n\n<p class=\"has-black-color has-text-color has-link-color has-small-font-size wp-elements-0960fba359c1a79fb63c6fd02e4c1a99\">Observacions: <br>Forma part del cat\u00e0leg de recursos educatius <strong><a href=\"https:\/\/merli.xtec.cat\/merli\/cerca\/fitxaRecurs.jsp?idRecurs=\/59691&amp;sheetId=null&amp;nomUsuari=null&amp;inxtec=0\" target=\"_blank\" rel=\"noreferrer noopener\">Merl\u00ed<\/a><\/strong>. Tamb\u00e9 hi trobareu la <strong><a href=\"https:\/\/merli.xtec.cat\/merli\/cerca\/fitxaRecurs.jsp?idRecurs=\/59689&amp;sheetId=null&amp;nomUsuari=null&amp;inxtec=0\" target=\"_blank\" rel=\"noreferrer noopener\">guia did\u00e0ctica<\/a><\/strong> i les <strong><a href=\"https:\/\/merli.xtec.cat\/merli\/cerca\/fitxaRecurs.jsp?idRecurs=\/60290&amp;sheetId=null&amp;nomUsuari=null&amp;inxtec=0\" target=\"_blank\" rel=\"noreferrer noopener\">l\u00e0mines<\/a><\/strong>.<\/p>\n\n\n\n<p class=\"has-black-color has-text-color has-link-color has-small-font-size wp-elements-c4df2cb1d8120f5764d7a15122b85783\"><\/p>\n<\/details>\n\n\n\n<details class=\"wp-block-details has-ast-global-color-0-color has-text-color has-link-color has-medium-font-size wp-elements-f6c274f7e07b85e7d237a53f11922895 is-layout-flow wp-block-details-is-layout-flow\"><summary>Habilitat ling\u00fc\u00edstica \/ Nivell MECR \/ Etapa educativa<\/summary>\n<p class=\"has-black-color has-text-color has-link-color has-small-font-size wp-elements-5b9fca760b51cbbcb1cb821995ab0e4c\">Comprensi\u00f3 Oral &#8211; Expressi\u00f3 Oral &#8211; Comprensi\u00f3 Escrita &#8211; Expressi\u00f3 Escrita<\/p>\n\n\n\n<p class=\"has-black-color has-text-color has-link-color has-small-font-size wp-elements-4ac454206a41b87f732a1a18e8c5947a\">Nivell A1<\/p>\n\n\n\n<p class=\"has-black-color has-text-color has-link-color has-small-font-size wp-elements-0f618a713f7c3669540ce3da13e4f4cf\">Prim\u00e0ria<\/p>\n<\/details>\n\n\n\n<p><\/p>\n\n\n\n<div class=\"wp-block-columns is-layout-flex wp-container-core-columns-is-layout-12 wp-block-columns-is-layout-flex\">\n<div class=\"wp-block-column is-layout-flow wp-block-column-is-layout-flow\">\n<figure class=\"wp-block-image size-full is-resized\"><a href=\"https:\/\/projectes.xtec.cat\/aula-acollida\/wp-content\/uploads\/usu59\/2025\/08\/icona-llibre-verd.png\"><img decoding=\"async\" src=\"https:\/\/projectes.xtec.cat\/aula-acollida\/wp-content\/uploads\/usu59\/2025\/08\/icona-llibre-verd.png\" alt=\"\" class=\"wp-image-9268\" style=\"width:40px\"\/><\/a><\/figure>\n<\/div>\n\n\n\n<div class=\"wp-block-column is-layout-flow wp-block-column-is-layout-flow\"><\/div>\n\n\n\n<div class=\"wp-block-column is-layout-flow wp-block-column-is-layout-flow\"><\/div>\n<\/div>\n<\/div><\/div>\n<\/div>\n","protected":false},"excerpt":{"rendered":"","protected":false},"author":1,"featured_media":0,"parent":8470,"menu_order":9,"comment_status":"closed","ping_status":"closed","template":"","meta":{"site-sidebar-layout":"default","site-content-layout":"","ast-site-content-layout":"default","site-content-style":"default","site-sidebar-style":"default","ast-global-header-display":"","ast-banner-title-visibility":"","ast-main-header-display":"","ast-hfb-above-header-display":"","ast-hfb-below-header-display":"","ast-hfb-mobile-header-display":"","site-post-title":"","ast-breadcrumbs-content":"","ast-featured-img":"","footer-sml-layout":"","theme-transparent-header-meta":"","adv-header-id-meta":"","stick-header-meta":"","header-above-stick-meta":"","header-main-stick-meta":"","header-below-stick-meta":"","astra-migrate-meta-layouts":"set","ast-page-background-enabled":"default","ast-page-background-meta":{"desktop":{"background-color":"var(--ast-global-color-4)","background-image":"","background-repeat":"repeat","background-position":"center center","background-size":"auto","background-attachment":"scroll","background-type":"","background-media":"","overlay-type":"","overlay-color":"","overlay-opacity":"","overlay-gradient":""},"tablet":{"background-color":"","background-image":"","background-repeat":"repeat","background-position":"center center","background-size":"auto","background-attachment":"scroll","background-type":"","background-media":"","overlay-type":"","overlay-color":"","overlay-opacity":"","overlay-gradient":""},"mobile":{"background-color":"","background-image":"","background-repeat":"repeat","background-position":"center center","background-size":"auto","background-attachment":"scroll","background-type":"","background-media":"","overlay-type":"","overlay-color":"","overlay-opacity":"","overlay-gradient":""}},"ast-content-background-meta":{"desktop":{"background-color":"var(--ast-global-color-5)","background-image":"","background-repeat":"repeat","background-position":"center center","background-size":"auto","background-attachment":"scroll","background-type":"","background-media":"","overlay-type":"","overlay-color":"","overlay-opacity":"","overlay-gradient":""},"tablet":{"background-color":"var(--ast-global-color-5)","background-image":"","background-repeat":"repeat","background-position":"center center","background-size":"auto","background-attachment":"scroll","background-type":"","background-media":"","overlay-type":"","overlay-color":"","overlay-opacity":"","overlay-gradient":""},"mobile":{"background-color":"var(--ast-global-color-5)","background-image":"","background-repeat":"repeat","background-position":"center center","background-size":"auto","background-attachment":"scroll","background-type":"","background-media":"","overlay-type":"","overlay-color":"","overlay-opacity":"","overlay-gradient":""}},"footnotes":""},"class_list":["post-9041","page","type-page","status-publish","hentry"],"post_mailing_queue_ids":[],"_links":{"self":[{"href":"https:\/\/projectes.xtec.cat\/aula-acollida\/wp-json\/wp\/v2\/pages\/9041","targetHints":{"allow":["GET"]}}],"collection":[{"href":"https:\/\/projectes.xtec.cat\/aula-acollida\/wp-json\/wp\/v2\/pages"}],"about":[{"href":"https:\/\/projectes.xtec.cat\/aula-acollida\/wp-json\/wp\/v2\/types\/page"}],"author":[{"embeddable":true,"href":"https:\/\/projectes.xtec.cat\/aula-acollida\/wp-json\/wp\/v2\/users\/1"}],"replies":[{"embeddable":true,"href":"https:\/\/projectes.xtec.cat\/aula-acollida\/wp-json\/wp\/v2\/comments?post=9041"}],"version-history":[{"count":5,"href":"https:\/\/projectes.xtec.cat\/aula-acollida\/wp-json\/wp\/v2\/pages\/9041\/revisions"}],"predecessor-version":[{"id":10470,"href":"https:\/\/projectes.xtec.cat\/aula-acollida\/wp-json\/wp\/v2\/pages\/9041\/revisions\/10470"}],"up":[{"embeddable":true,"href":"https:\/\/projectes.xtec.cat\/aula-acollida\/wp-json\/wp\/v2\/pages\/8470"}],"wp:attachment":[{"href":"https:\/\/projectes.xtec.cat\/aula-acollida\/wp-json\/wp\/v2\/media?parent=9041"}],"curies":[{"name":"wp","href":"https:\/\/api.w.org\/{rel}","templated":true}]}}