{"id":9120,"date":"2025-07-24T13:27:19","date_gmt":"2025-07-24T11:27:19","guid":{"rendered":"https:\/\/projectes.xtec.cat\/aula-acollida\/?page_id=9120"},"modified":"2025-11-19T15:29:59","modified_gmt":"2025-11-19T14:29:59","slug":"treball-global-de-llengua","status":"publish","type":"page","link":"https:\/\/projectes.xtec.cat\/aula-acollida\/eixos-programacio\/treball-global-de-llengua\/","title":{"rendered":"Treball global de llengua"},"content":{"rendered":"\n<div class=\"wp-block-group wp-embed-aspect-16-9 wp-has-aspect-ratio is-layout-constrained wp-block-group-is-layout-constrained\" style=\"margin-top:0;margin-right:0;margin-bottom:0;margin-left:0\">\n<div class=\"wp-block-getwid-advanced-heading\"><span class=\"wp-block-getwid-advanced-heading__content has-text-color has-white-color has-background has-ast-global-color-0-background-color\" style=\"text-align:left\"><strong>Activitats per implementar la r\u00e0dio a l&#8217;aula d&#8217;acollida<\/strong><\/span><\/div>\n\n\n\n<div class=\"wp-block-media-text is-stacked-on-mobile\" style=\"margin-top:var(--wp--preset--spacing--30);margin-bottom:var(--wp--preset--spacing--30);grid-template-columns:16% auto\"><figure class=\"wp-block-media-text__media\"><a href=\"https:\/\/projectes.xtec.cat\/aula-acollida\/wp-content\/uploads\/usu59\/2025\/09\/Activitats-per-implementar-la-radio-a-laula-dacollida.pdf\" target=\"_blank\" rel=\" noreferrer noopener\"><img loading=\"lazy\" decoding=\"async\" width=\"159\" height=\"145\" src=\"https:\/\/projectes.xtec.cat\/aula-acollida\/wp-content\/uploads\/usu59\/2025\/09\/radio-AA.png\" alt=\"\" class=\"wp-image-9796 size-full\"\/><\/a><\/figure><div class=\"wp-block-media-text__content\">\n<details class=\"wp-block-details has-ast-global-color-0-color has-text-color has-link-color has-medium-font-size wp-elements-31dabdd322428aca77939b1babecf421 is-layout-flow wp-block-details-is-layout-flow\"><summary>Descripci\u00f3<\/summary>\n<p class=\"has-black-color has-text-color has-link-color has-small-font-size wp-elements-b367a03d7159e14f247b8b2f4e2175bf\">En aquest <strong><a href=\"https:\/\/projectes.xtec.cat\/acollidasuport\/portada\/educacio-radio-eina-pedagogica\/\" target=\"_blank\" rel=\"noreferrer noopener\">enlla\u00e7<\/a><\/strong> trobareu un article sobre l&#8217;\u00fas de la r\u00e0dio com a eina pedag\u00f2gica i una <strong><a href=\"https:\/\/projectes.xtec.cat\/aula-acollida\/wp-content\/uploads\/usu59\/2025\/09\/Activitats-per-implementar-la-radio-a-laula-dacollida.pdf\" target=\"_blank\" rel=\"noreferrer noopener\">proposta d&#8217;activitats<\/a><\/strong> (agrupades segons el nivell) per implementar-la a l&#8217;aula.<\/p>\n\n\n\n<p class=\"has-black-color has-text-color has-link-color has-small-font-size wp-elements-c4df2cb1d8120f5764d7a15122b85783\"><\/p>\n<\/details>\n\n\n\n<details class=\"wp-block-details has-ast-global-color-0-color has-text-color has-link-color has-medium-font-size wp-elements-0555b544bb3b14ffbd3dd9d8ab83a9d5 is-layout-flow wp-block-details-is-layout-flow\"><summary>Habilitat ling\u00fc\u00edstica \/ Nivell MECR \/ Etapa educativa<\/summary>\n<p class=\"has-black-color has-text-color has-link-color has-small-font-size wp-elements-b9f1d34e86980188550a9ea01d93d85b\">Comprensi\u00f3 Oral &#8211; Expressi\u00f3 Oral <\/p>\n\n\n\n<p class=\"has-black-color has-text-color has-link-color has-small-font-size wp-elements-12c832c0e58a865308eb42e12fca5918\">Nivell A1 &#8211; A2 &#8211; B1<\/p>\n\n\n\n<p class=\"has-black-color has-text-color has-link-color has-small-font-size wp-elements-6678851d69e1f91eaf89af03751a72de\">Prim\u00e0ria i secund\u00e0ria<\/p>\n\n\n\n<p><\/p>\n<\/details>\n\n\n\n<div class=\"wp-block-columns is-layout-flex wp-container-core-columns-is-layout-1 wp-block-columns-is-layout-flex\">\n<div class=\"wp-block-column is-layout-flow wp-block-column-is-layout-flow\">\n<div class=\"wp-block-getwid-icon-box has-icon-left has-text-center\"><div class=\"wp-block-getwid-icon-box__icon-container is-position-top\"><div class=\"wp-block-getwid-icon-box__icon-wrapper has-text-color has-ast-global-color-0-color\" style=\"font-size:30px\"><i class=\"fas fa-print\"><\/i><\/div><\/div><div class=\"wp-block-getwid-icon-box__content\">\n<h3 class=\"wp-block-heading has-small-font-size\"><\/h3>\n\n\n\n<p><\/p>\n<\/div><\/div>\n<\/div>\n\n\n\n<div class=\"wp-block-column is-layout-flow wp-block-column-is-layout-flow\">\n<div class=\"wp-block-getwid-icon-box has-icon-left has-text-center\"><div class=\"wp-block-getwid-icon-box__icon-container is-position-top\"><div class=\"wp-block-getwid-icon-box__icon-wrapper has-text-color has-ast-global-color-0-color\" style=\"font-size:30px\"><i class=\"fas fa-file-pdf\"><\/i><\/div><\/div><div class=\"wp-block-getwid-icon-box__content\">\n<h3 class=\"wp-block-heading has-small-font-size\"><\/h3>\n\n\n\n<p><\/p>\n<\/div><\/div>\n<\/div>\n\n\n\n<div class=\"wp-block-column is-layout-flow wp-block-column-is-layout-flow\"><\/div>\n<\/div>\n<\/div><\/div>\n<\/div>\n\n\n\n<div class=\"wp-block-group wp-embed-aspect-16-9 wp-has-aspect-ratio is-layout-constrained wp-block-group-is-layout-constrained\" style=\"margin-top:0;margin-right:0;margin-bottom:0;margin-left:0\">\n<div class=\"wp-block-getwid-advanced-heading\"><span class=\"wp-block-getwid-advanced-heading__content has-text-color has-white-color has-background has-ast-global-color-0-background-color\" style=\"text-align:left\"><strong>Ara i ad\u00e9s<\/strong><\/span><\/div>\n\n\n\n<div class=\"wp-block-media-text is-stacked-on-mobile\" style=\"margin-top:var(--wp--preset--spacing--30);margin-bottom:var(--wp--preset--spacing--30);grid-template-columns:16% auto\"><figure class=\"wp-block-media-text__media\"><a href=\"https:\/\/projectes.xtec.cat\/aula-acollida\/wp-content\/uploads\/usu59\/2025\/08\/Ara-i-ades-material-manipulatiu__.pdf\" target=\"_blank\" rel=\" noreferrer noopener\"><img loading=\"lazy\" decoding=\"async\" width=\"867\" height=\"885\" src=\"https:\/\/projectes.xtec.cat\/aula-acollida\/wp-content\/uploads\/usu59\/2025\/08\/Ara-i-ades.png\" alt=\"\" class=\"wp-image-9233 size-full\" srcset=\"https:\/\/projectes.xtec.cat\/aula-acollida\/wp-content\/uploads\/usu59\/2025\/08\/Ara-i-ades.png 867w, https:\/\/projectes.xtec.cat\/aula-acollida\/wp-content\/uploads\/usu59\/2025\/08\/Ara-i-ades-294x300.png 294w, https:\/\/projectes.xtec.cat\/aula-acollida\/wp-content\/uploads\/usu59\/2025\/08\/Ara-i-ades-768x784.png 768w\" sizes=\"auto, (max-width: 867px) 100vw, 867px\" \/><\/a><\/figure><div class=\"wp-block-media-text__content\">\n<details class=\"wp-block-details has-ast-global-color-0-color has-text-color has-link-color has-medium-font-size wp-elements-21714a1b1c75809c2af43e3e4ead7134 is-layout-flow wp-block-details-is-layout-flow\"><summary>Descripci\u00f3<\/summary>\n<p class=\"has-black-color has-text-color has-link-color has-small-font-size wp-elements-ccd5c9775108f8f056ded94f72fef847\">Conjunt de materials, format per <strong><a href=\"https:\/\/projectes.xtec.cat\/aula-acollida\/wp-content\/uploads\/usu59\/2025\/08\/Ara-i-ades-material-manipulatiu__.pdf\" target=\"_blank\" rel=\"noreferrer noopener\">material manipulatiu<\/a><\/strong> per a l&#8217;alumnat,<strong><a href=\"https:\/\/projectes.xtec.cat\/aula-acollida\/wp-content\/uploads\/usu59\/2025\/08\/Ara-i-ades-orientacions_professorat.pdf\" target=\"_blank\" rel=\"noreferrer noopener\"> orientacions per al professorat<\/a><\/strong> i un material complementari on es presenten les <strong><a href=\"https:\/\/projectes.xtec.cat\/aula-acollida\/wp-content\/uploads\/usu59\/2025\/08\/Ara-i-ades-caracteristiques_llengues.pdf\" target=\"_blank\" rel=\"noreferrer noopener\">caracter\u00edstiques d&#8217;algunes lleng\u00fces<\/a><\/strong> a partir de la comparaci\u00f3 entre el catal\u00e0 i les lleng\u00fces d&#8217;origen de l&#8217;alumnat.<\/p>\n\n\n\n<p class=\"has-black-color has-text-color has-link-color has-small-font-size wp-elements-e009fe0ed5f3ea97510ac6fe75579aaa\">Observacions: Aquest material no \u00e9s aconsellable per a un primer contacte amb la llengua. Conv\u00e9 que l&#8217;alumnat tingui un coneixement previ del vocabulari i de les  construccions.<\/p>\n<\/details>\n\n\n\n<details class=\"wp-block-details has-ast-global-color-0-color has-text-color has-link-color has-medium-font-size wp-elements-98d5fc6b03700bb5ebe985fa27e41baa is-layout-flow wp-block-details-is-layout-flow\"><summary>Habilitat ling\u00fc\u00edstica \/ Nivell MECR \/ Etapa educativa<\/summary>\n<p class=\"has-black-color has-text-color has-link-color has-small-font-size wp-elements-5b9fca760b51cbbcb1cb821995ab0e4c\">Comprensi\u00f3 Oral &#8211; Expressi\u00f3 Oral &#8211; Comprensi\u00f3 Escrita &#8211; Expressi\u00f3 Escrita<\/p>\n\n\n\n<p class=\"has-black-color has-text-color has-link-color has-small-font-size wp-elements-12c832c0e58a865308eb42e12fca5918\">Nivell A1 &#8211; A2 &#8211; B1<\/p>\n\n\n\n<p class=\"has-black-color has-text-color has-link-color has-small-font-size wp-elements-b16bbc381c1fa3471a463e65585ded17\">Secund\u00e0ria<\/p>\n\n\n\n<p><\/p>\n<\/details>\n\n\n\n<div class=\"wp-block-columns is-layout-flex wp-container-core-columns-is-layout-2 wp-block-columns-is-layout-flex\">\n<div class=\"wp-block-column is-layout-flow wp-block-column-is-layout-flow\">\n<div class=\"wp-block-getwid-icon-box has-icon-left has-text-center\"><div class=\"wp-block-getwid-icon-box__icon-container is-position-top\"><div class=\"wp-block-getwid-icon-box__icon-wrapper has-text-color has-ast-global-color-0-color\" style=\"font-size:30px\"><i class=\"fas fa-print\"><\/i><\/div><\/div><div class=\"wp-block-getwid-icon-box__content\">\n<h3 class=\"wp-block-heading has-small-font-size\"><\/h3>\n\n\n\n<p><\/p>\n<\/div><\/div>\n<\/div>\n\n\n\n<div class=\"wp-block-column is-layout-flow wp-block-column-is-layout-flow\">\n<div class=\"wp-block-getwid-icon-box has-icon-left has-text-center\"><div class=\"wp-block-getwid-icon-box__icon-container is-position-top\"><div class=\"wp-block-getwid-icon-box__icon-wrapper has-text-color has-ast-global-color-0-color\" style=\"font-size:30px\"><i class=\"fas fa-file-pdf\"><\/i><\/div><\/div><div class=\"wp-block-getwid-icon-box__content\">\n<h3 class=\"wp-block-heading has-small-font-size\"><\/h3>\n\n\n\n<p><\/p>\n<\/div><\/div>\n<\/div>\n\n\n\n<div class=\"wp-block-column is-layout-flow wp-block-column-is-layout-flow\"><\/div>\n<\/div>\n<\/div><\/div>\n<\/div>\n\n\n\n<div class=\"wp-block-group wp-embed-aspect-16-9 wp-has-aspect-ratio is-layout-constrained wp-block-group-is-layout-constrained\" style=\"margin-top:0;margin-right:0;margin-bottom:0;margin-left:0\">\n<div class=\"wp-block-getwid-advanced-heading\"><span class=\"wp-block-getwid-advanced-heading__content has-text-color has-white-color has-background has-ast-global-color-0-background-color\" style=\"text-align:left\"><strong>Babadada<\/strong><\/span><\/div>\n\n\n\n<div class=\"wp-block-media-text is-stacked-on-mobile\" style=\"margin-top:var(--wp--preset--spacing--30);margin-bottom:var(--wp--preset--spacing--30);grid-template-columns:16% auto\"><figure class=\"wp-block-media-text__media\"><a href=\"https:\/\/babadada.com\/\" target=\"_blank\" rel=\" noreferrer noopener\"><img loading=\"lazy\" decoding=\"async\" width=\"972\" height=\"859\" src=\"https:\/\/projectes.xtec.cat\/aula-acollida\/wp-content\/uploads\/usu59\/2025\/08\/babadada.png\" alt=\"\" class=\"wp-image-9479 size-full\" srcset=\"https:\/\/projectes.xtec.cat\/aula-acollida\/wp-content\/uploads\/usu59\/2025\/08\/babadada.png 972w, https:\/\/projectes.xtec.cat\/aula-acollida\/wp-content\/uploads\/usu59\/2025\/08\/babadada-300x265.png 300w, https:\/\/projectes.xtec.cat\/aula-acollida\/wp-content\/uploads\/usu59\/2025\/08\/babadada-768x679.png 768w\" sizes=\"auto, (max-width: 972px) 100vw, 972px\" \/><\/a><\/figure><div class=\"wp-block-media-text__content\">\n<details class=\"wp-block-details has-ast-global-color-0-color has-text-color has-link-color has-medium-font-size wp-elements-eb7f4013fce382c158518323db9cdc3f is-layout-flow wp-block-details-is-layout-flow\"><summary>Descripci\u00f3<\/summary>\n<p class=\"has-black-color has-text-color has-link-color has-small-font-size wp-elements-5026df491d48e742f8498307581e26fb\">Diccionari visual multiling\u00fce que permet seleccionar l\u00e8xic per categories i comparar dues lleng\u00fces alhora. <strong><a href=\"https:\/\/babadada.com\/\" target=\"_blank\" rel=\"noreferrer noopener\">Babadada <\/a><\/strong>compta amb un banc de m\u00e9s de 30 lleng\u00fces, cosa que fa d\u2019aquest diccionari un recurs molt interessant per a treballar amb l\u2019alumnat d\u2019origen estranger a partir de les seves lleng\u00fces d\u2019origen.<br>\u00c9s molt intu\u00eftiu: en primer lloc se seleccionen les dues lleng\u00fces, i a continuaci\u00f3 es decideix quin camp sem\u00e0ntic es vol visualitzar d\u2019entre m\u00e9s de 40. Aquesta aplicaci\u00f3 pot esdevenir un bon suport de cara a que els alumnes puguin treballar aut\u00f2nomament i generar estrat\u00e8gies d\u2019aprenentatge sobre el l\u00e8xic significatiu.<\/p>\n\n\n\n<p class=\"has-black-color has-text-color has-link-color has-small-font-size wp-elements-c4df2cb1d8120f5764d7a15122b85783\"><\/p>\n\n\n\n<p class=\"has-black-color has-text-color has-link-color has-small-font-size wp-elements-c4df2cb1d8120f5764d7a15122b85783\"><\/p>\n<\/details>\n\n\n\n<details class=\"wp-block-details has-ast-global-color-0-color has-text-color has-link-color has-medium-font-size wp-elements-e111785909b99d51c20d8584cc22c04f is-layout-flow wp-block-details-is-layout-flow\"><summary>Habilitat ling\u00fc\u00edstica \/ Nivell MECR \/ Etapa educativa<\/summary>\n<p class=\"has-black-color has-text-color has-link-color has-small-font-size wp-elements-dfe9070184d4f3068ee94703a0ffb0da\">Comprensi\u00f3 Escrita<\/p>\n\n\n\n<p class=\"has-black-color has-text-color has-link-color has-small-font-size wp-elements-902220ad85fe7894407c8bd1a2de43ec\">Nivell PreA1 &#8211; A1 &#8211; A2 &#8211; B1<\/p>\n\n\n\n<p class=\"has-black-color has-text-color has-link-color has-small-font-size wp-elements-4b76d808cb1df8758cb5ff1ea34c1c23\">Prim\u00e0ria i Secund\u00e0ria<\/p>\n\n\n\n<p><\/p>\n<\/details>\n\n\n\n<div class=\"wp-block-columns is-layout-flex wp-container-core-columns-is-layout-3 wp-block-columns-is-layout-flex\">\n<div class=\"wp-block-column is-layout-flow wp-block-column-is-layout-flow\">\n<div class=\"wp-block-media-text is-stacked-on-mobile\" style=\"grid-template-columns:35% auto\"><figure class=\"wp-block-media-text__media\"><img loading=\"lazy\" decoding=\"async\" width=\"1024\" height=\"1024\" src=\"https:\/\/projectes.xtec.cat\/aula-acollida\/wp-content\/uploads\/usu59\/2025\/08\/icona-web-1024x1024.png\" alt=\"\" class=\"wp-image-9309 size-full\"\/><\/figure><div class=\"wp-block-media-text__content\">\n<p><\/p>\n<\/div><\/div>\n<\/div>\n\n\n\n<div class=\"wp-block-column is-layout-flow wp-block-column-is-layout-flow\"><\/div>\n\n\n\n<div class=\"wp-block-column is-layout-flow wp-block-column-is-layout-flow\"><\/div>\n<\/div>\n<\/div><\/div>\n<\/div>\n\n\n\n<div class=\"wp-block-group wp-embed-aspect-16-9 wp-has-aspect-ratio is-layout-constrained wp-block-group-is-layout-constrained\" style=\"margin-top:0;margin-right:0;margin-bottom:0;margin-left:0\">\n<div class=\"wp-block-getwid-advanced-heading\"><span class=\"wp-block-getwid-advanced-heading__content has-text-color has-white-color has-background has-ast-global-color-0-background-color\" style=\"text-align:left\"><strong>Dictats en l\u00ednia<\/strong><\/span><\/div>\n\n\n\n<div class=\"wp-block-media-text is-stacked-on-mobile\" style=\"margin-top:var(--wp--preset--spacing--30);margin-bottom:var(--wp--preset--spacing--30);grid-template-columns:16% auto\"><figure class=\"wp-block-media-text__media\"><a href=\"https:\/\/llengua.gencat.cat\/ca\/serveis\/aprendre_catala\/recursos-per-al-professorat\/dictats-en-linia\/b1\/\" target=\"_blank\" rel=\" noreferrer noopener\"><img loading=\"lazy\" decoding=\"async\" width=\"298\" height=\"232\" src=\"https:\/\/projectes.xtec.cat\/aula-acollida\/wp-content\/uploads\/usu59\/2025\/10\/dictats-en-linia.png\" alt=\"\" class=\"wp-image-9852 size-full\"\/><\/a><\/figure><div class=\"wp-block-media-text__content\">\n<details class=\"wp-block-details has-ast-global-color-0-color has-text-color has-link-color has-medium-font-size wp-elements-fd45e3927821409d4001ea4c438ec56a is-layout-flow wp-block-details-is-layout-flow\"><summary>Descripci\u00f3<\/summary>\n<p class=\"has-black-color has-text-color has-link-color has-small-font-size wp-elements-ca7910c934700b0174cf43110374fcbe\">Aquest recurs permet treballar l\u2019ortografia amb una col\u00b7lecci\u00f3 de <strong><a href=\"https:\/\/llengua.gencat.cat\/ca\/serveis\/aprendre_catala\/recursos-per-al-professorat\/dictats-en-linia\/b1\/\" target=\"_blank\" rel=\"noreferrer noopener\">dictats en l\u00ednia<\/a><\/strong> autocorrectius. Tot i que corresponen al nivell B1 (i superiors), alguns dels dictats de nivell B1 es poden utilitzar per treballar determinats aspectes de la llengua a l&#8217;aula d&#8217;acollida.<\/p>\n\n\n\n<p class=\"has-black-color has-text-color has-link-color has-small-font-size wp-elements-c4df2cb1d8120f5764d7a15122b85783\"><\/p>\n\n\n\n<p class=\"has-black-color has-text-color has-link-color has-small-font-size wp-elements-c4df2cb1d8120f5764d7a15122b85783\"><\/p>\n<\/details>\n\n\n\n<details class=\"wp-block-details has-ast-global-color-0-color has-text-color has-link-color has-medium-font-size wp-elements-647ff8b29201dd6b191280ca4ea84890 is-layout-flow wp-block-details-is-layout-flow\"><summary>Habilitat ling\u00fc\u00edstica \/ Nivell MECR \/ Etapa educativa<\/summary>\n<p class=\"has-black-color has-text-color has-link-color has-small-font-size wp-elements-341a9c01a30d0662af0c6dc01935e1d2\">Comprensi\u00f3 Oral &#8211; Expressi\u00f3 Escrita<\/p>\n\n\n\n<p class=\"has-black-color has-text-color has-link-color has-small-font-size wp-elements-5025e4074977d248513d42c4f601129c\">Nivell B1<\/p>\n\n\n\n<p class=\"has-black-color has-text-color has-link-color has-small-font-size wp-elements-4b76d808cb1df8758cb5ff1ea34c1c23\">Prim\u00e0ria i Secund\u00e0ria<\/p>\n\n\n\n<p><\/p>\n<\/details>\n\n\n\n<div class=\"wp-block-columns is-layout-flex wp-container-core-columns-is-layout-4 wp-block-columns-is-layout-flex\">\n<div class=\"wp-block-column is-layout-flow wp-block-column-is-layout-flow\">\n<div class=\"wp-block-media-text is-stacked-on-mobile\" style=\"grid-template-columns:35% auto\"><figure class=\"wp-block-media-text__media\"><img loading=\"lazy\" decoding=\"async\" width=\"1024\" height=\"1024\" src=\"https:\/\/projectes.xtec.cat\/aula-acollida\/wp-content\/uploads\/usu59\/2025\/08\/icona-web-1024x1024.png\" alt=\"\" class=\"wp-image-9309 size-full\"\/><\/figure><div class=\"wp-block-media-text__content\">\n<p><\/p>\n<\/div><\/div>\n<\/div>\n\n\n\n<div class=\"wp-block-column is-layout-flow wp-block-column-is-layout-flow\">\n<div class=\"wp-block-getwid-icon-box has-icon-left has-text-center\"><div class=\"wp-block-getwid-icon-box__icon-container is-position-middle\"><div class=\"wp-block-getwid-icon-box__icon-wrapper has-text-color has-ast-global-color-0-color\" style=\"font-size:30px\"><i class=\"fas fa-file-audio\"><\/i><\/div><\/div><div class=\"wp-block-getwid-icon-box__content\">\n<p><\/p>\n<\/div><\/div>\n<\/div>\n\n\n\n<div class=\"wp-block-column is-layout-flow wp-block-column-is-layout-flow\"><\/div>\n<\/div>\n<\/div><\/div>\n<\/div>\n\n\n\n<div class=\"wp-block-group wp-embed-aspect-16-9 wp-has-aspect-ratio is-layout-constrained wp-block-group-is-layout-constrained\" style=\"margin-top:0;margin-right:0;margin-bottom:0;margin-left:0\">\n<div class=\"wp-block-getwid-advanced-heading\"><span class=\"wp-block-getwid-advanced-heading__content has-text-color has-white-color has-background has-ast-global-color-0-background-color\" style=\"text-align:left\"><strong>Gal\u00ed<\/strong><\/span><\/div>\n\n\n\n<div class=\"wp-block-media-text is-stacked-on-mobile\" style=\"margin-top:var(--wp--preset--spacing--30);margin-bottom:var(--wp--preset--spacing--30);grid-template-columns:16% auto\"><figure class=\"wp-block-media-text__media\"><a href=\"https:\/\/clic.xtec.cat\/gali\/\" target=\"_blank\" rel=\" noreferrer noopener\"><img loading=\"lazy\" decoding=\"async\" width=\"733\" height=\"343\" src=\"https:\/\/projectes.xtec.cat\/aula-acollida\/wp-content\/uploads\/usu59\/2025\/08\/gali.png\" alt=\"\" class=\"wp-image-9494 size-full\" srcset=\"https:\/\/projectes.xtec.cat\/aula-acollida\/wp-content\/uploads\/usu59\/2025\/08\/gali.png 733w, https:\/\/projectes.xtec.cat\/aula-acollida\/wp-content\/uploads\/usu59\/2025\/08\/gali-300x140.png 300w\" sizes=\"auto, (max-width: 733px) 100vw, 733px\" \/><\/a><\/figure><div class=\"wp-block-media-text__content\">\n<details class=\"wp-block-details has-ast-global-color-0-color has-text-color has-link-color has-medium-font-size wp-elements-c2b9a29725e035ea3dba8065716906c9 is-layout-flow wp-block-details-is-layout-flow\"><summary>Descripci\u00f3<\/summary>\n<p class=\"has-black-color has-text-color has-link-color has-small-font-size wp-elements-a850f8beadc893294838fbba617ced33\"><strong><a href=\"https:\/\/clic.xtec.cat\/gali\/\" target=\"_blank\" rel=\"noreferrer noopener\">Gal\u00ed en l\u00ednia<\/a><\/strong> \u00e9s un recurs que ofereix materials basats en el programa JClic destinats a l&#8217;aprenentatge interactiu de la llengua catalana, especialment recomanat per als alumnes nouvinguts a Catalunya incorporats tardanament al sistema educatiu.<\/p>\n\n\n\n<p class=\"has-black-color has-text-color has-link-color has-small-font-size wp-elements-af644b8a318883cb9842de6eb8398301\">Les activitats estan disponibles en catal\u00e0 central, catal\u00e0 nord-occidental, catal\u00e0 de l\u2019alguer i aran\u00e8s.<\/p>\n\n\n\n<p class=\"has-black-color has-text-color has-link-color has-small-font-size wp-elements-c4df2cb1d8120f5764d7a15122b85783\"><\/p>\n\n\n\n<p class=\"has-black-color has-text-color has-link-color has-small-font-size wp-elements-c4df2cb1d8120f5764d7a15122b85783\"><\/p>\n<\/details>\n\n\n\n<details class=\"wp-block-details has-ast-global-color-0-color has-text-color has-link-color has-medium-font-size wp-elements-b49a7982f263e5708b150ca6f91ffde2 is-layout-flow wp-block-details-is-layout-flow\"><summary>Habilitat ling\u00fc\u00edstica \/ Nivell MECR \/ Etapa educativa<\/summary>\n<p class=\"has-black-color has-text-color has-link-color has-small-font-size wp-elements-fff568c4c60a9f6a3168237ba679c260\">Comprensi\u00f3 Oral &#8211; Comprensi\u00f3 Escrita<\/p>\n\n\n\n<p class=\"has-black-color has-text-color has-link-color has-small-font-size wp-elements-12c832c0e58a865308eb42e12fca5918\">Nivell A1 &#8211; A2 &#8211; B1<\/p>\n\n\n\n<p class=\"has-black-color has-text-color has-link-color has-small-font-size wp-elements-4b76d808cb1df8758cb5ff1ea34c1c23\">Prim\u00e0ria i Secund\u00e0ria<\/p>\n\n\n\n<p><\/p>\n<\/details>\n\n\n\n<div class=\"wp-block-columns is-layout-flex wp-container-core-columns-is-layout-5 wp-block-columns-is-layout-flex\">\n<div class=\"wp-block-column is-layout-flow wp-block-column-is-layout-flow\">\n<div class=\"wp-block-media-text is-stacked-on-mobile\" style=\"grid-template-columns:35% auto\"><figure class=\"wp-block-media-text__media\"><img loading=\"lazy\" decoding=\"async\" width=\"1024\" height=\"1024\" src=\"https:\/\/projectes.xtec.cat\/aula-acollida\/wp-content\/uploads\/usu59\/2025\/08\/icona-web-1024x1024.png\" alt=\"\" class=\"wp-image-9309 size-full\"\/><\/figure><div class=\"wp-block-media-text__content\">\n<p><\/p>\n<\/div><\/div>\n<\/div>\n\n\n\n<div class=\"wp-block-column is-layout-flow wp-block-column-is-layout-flow\">\n<div class=\"wp-block-getwid-icon-box has-icon-left has-text-center\"><div class=\"wp-block-getwid-icon-box__icon-container is-position-middle\"><div class=\"wp-block-getwid-icon-box__icon-wrapper has-text-color has-ast-global-color-0-color\" style=\"font-size:30px\"><i class=\"fas fa-file-audio\"><\/i><\/div><\/div><div class=\"wp-block-getwid-icon-box__content\">\n<p><\/p>\n<\/div><\/div>\n<\/div>\n\n\n\n<div class=\"wp-block-column is-layout-flow wp-block-column-is-layout-flow\"><\/div>\n<\/div>\n<\/div><\/div>\n<\/div>\n\n\n\n<div class=\"wp-block-group wp-embed-aspect-16-9 wp-has-aspect-ratio is-layout-constrained wp-block-group-is-layout-constrained\" style=\"margin-top:0;margin-right:0;margin-bottom:0;margin-left:0\">\n<div class=\"wp-block-getwid-advanced-heading\"><span class=\"wp-block-getwid-advanced-heading__content has-text-color has-white-color has-background has-ast-global-color-0-background-color\" style=\"text-align:left\"><strong>Lyricstraining<\/strong><\/span><\/div>\n\n\n\n<div class=\"wp-block-media-text is-stacked-on-mobile\" style=\"margin-top:var(--wp--preset--spacing--30);margin-bottom:var(--wp--preset--spacing--30);grid-template-columns:16% auto\"><figure class=\"wp-block-media-text__media\"><a href=\"https:\/\/lyricstraining.com\/ca\" target=\"_blank\" rel=\" noreferrer noopener\"><img loading=\"lazy\" decoding=\"async\" width=\"1024\" height=\"533\" src=\"https:\/\/projectes.xtec.cat\/aula-acollida\/wp-content\/uploads\/usu59\/2025\/08\/lyricstraining-1024x533.png\" alt=\"\" class=\"wp-image-9485 size-full\" srcset=\"https:\/\/projectes.xtec.cat\/aula-acollida\/wp-content\/uploads\/usu59\/2025\/08\/lyricstraining-1024x533.png 1024w, https:\/\/projectes.xtec.cat\/aula-acollida\/wp-content\/uploads\/usu59\/2025\/08\/lyricstraining-300x156.png 300w, https:\/\/projectes.xtec.cat\/aula-acollida\/wp-content\/uploads\/usu59\/2025\/08\/lyricstraining-768x400.png 768w, https:\/\/projectes.xtec.cat\/aula-acollida\/wp-content\/uploads\/usu59\/2025\/08\/lyricstraining.png 1126w\" sizes=\"auto, (max-width: 1024px) 100vw, 1024px\" \/><\/a><\/figure><div class=\"wp-block-media-text__content\">\n<details class=\"wp-block-details has-ast-global-color-0-color has-text-color has-link-color has-medium-font-size wp-elements-859930fc8400fa3b1a89c35d1427b2e4 is-layout-flow wp-block-details-is-layout-flow\"><summary>Descripci\u00f3<\/summary>\n<p class=\"has-black-color has-text-color has-link-color has-small-font-size wp-elements-ba8b6f634cc1e3e2c746f863b9e60c98\"><strong><a href=\"https:\/\/lyricstraining.com\/ca\" target=\"_blank\" rel=\"noreferrer noopener\">LyricsTraining<\/a><\/strong> \u00e9s un recurs f\u00e0cil i divertit per aprendre i millorar les habilitats en altres idiomes mitjan\u00e7ant v\u00eddeos musicals i la lletra de can\u00e7ons. Permet fer karaoke, i\/o omplir buits de les can\u00e7ons. Permet triar entre 4 nivells de dificultat per omplir buits relacionats amb una can\u00e7\u00f3: principiant (10% dels buits), intermedi (25 % dels buits), avan\u00e7at (50 % dels buits) i expert (omple totes les paraules).<\/p>\n\n\n\n<p class=\"has-black-color has-text-color has-link-color has-small-font-size wp-elements-c4df2cb1d8120f5764d7a15122b85783\"><\/p>\n\n\n\n<p class=\"has-black-color has-text-color has-link-color has-small-font-size wp-elements-c4df2cb1d8120f5764d7a15122b85783\"><\/p>\n<\/details>\n\n\n\n<details class=\"wp-block-details has-ast-global-color-0-color has-text-color has-link-color has-medium-font-size wp-elements-08a9abc731d8af6cfb5407f2d1419e6c is-layout-flow wp-block-details-is-layout-flow\"><summary>Habilitat ling\u00fc\u00edstica \/ Nivell MECR \/ Etapa educativa<\/summary>\n<p class=\"has-black-color has-text-color has-link-color has-small-font-size wp-elements-abbb209787e458a8d74bc0c1d3b5afb9\">Comprensi\u00f3 Oral &#8211; Expressi\u00f3 oral &#8211; Comprensi\u00f3 Escrita &#8211; Expressi\u00f3 Escrita<\/p>\n\n\n\n<p class=\"has-black-color has-text-color has-link-color has-small-font-size wp-elements-902220ad85fe7894407c8bd1a2de43ec\">Nivell PreA1 &#8211; A1 &#8211; A2 &#8211; B1<\/p>\n\n\n\n<p class=\"has-black-color has-text-color has-link-color has-small-font-size wp-elements-4b76d808cb1df8758cb5ff1ea34c1c23\">Prim\u00e0ria i Secund\u00e0ria<\/p>\n\n\n\n<p><\/p>\n<\/details>\n\n\n\n<div class=\"wp-block-columns is-layout-flex wp-container-core-columns-is-layout-6 wp-block-columns-is-layout-flex\">\n<div class=\"wp-block-column is-layout-flow wp-block-column-is-layout-flow\">\n<div class=\"wp-block-media-text is-stacked-on-mobile\" style=\"grid-template-columns:35% auto\"><figure class=\"wp-block-media-text__media\"><img loading=\"lazy\" decoding=\"async\" width=\"1024\" height=\"1024\" src=\"https:\/\/projectes.xtec.cat\/aula-acollida\/wp-content\/uploads\/usu59\/2025\/08\/icona-web-1024x1024.png\" alt=\"\" class=\"wp-image-9309 size-full\"\/><\/figure><div class=\"wp-block-media-text__content\">\n<p><\/p>\n<\/div><\/div>\n<\/div>\n\n\n\n<div class=\"wp-block-column is-layout-flow wp-block-column-is-layout-flow\">\n<div class=\"wp-block-getwid-icon-box has-icon-left has-text-center\"><div class=\"wp-block-getwid-icon-box__icon-container is-position-middle\"><div class=\"wp-block-getwid-icon-box__icon-wrapper has-text-color has-ast-global-color-0-color\" style=\"font-size:30px\"><i class=\"fas fa-file-audio\"><\/i><\/div><\/div><div class=\"wp-block-getwid-icon-box__content\">\n<p><\/p>\n<\/div><\/div>\n<\/div>\n\n\n\n<div class=\"wp-block-column is-layout-flow wp-block-column-is-layout-flow\"><\/div>\n<\/div>\n<\/div><\/div>\n<\/div>\n\n\n\n<div class=\"wp-block-group wp-embed-aspect-16-9 wp-has-aspect-ratio is-layout-constrained wp-block-group-is-layout-constrained\" style=\"margin-top:0;margin-right:0;margin-bottom:0;margin-left:0\">\n<div class=\"wp-block-getwid-advanced-heading\"><span class=\"wp-block-getwid-advanced-heading__content has-text-color has-white-color has-background has-ast-global-color-0-background-color\" style=\"text-align:left\"><strong>MUDS de mots. <\/strong>Mini unitats did\u00e0ctiques<\/span><\/div>\n\n\n\n<div class=\"wp-block-media-text is-stacked-on-mobile\" style=\"margin-top:var(--wp--preset--spacing--30);margin-bottom:var(--wp--preset--spacing--30);grid-template-columns:16% auto\"><figure class=\"wp-block-media-text__media\"><a href=\"https:\/\/www.edu365.cat\/flash\/mudsmots\/index.html\" target=\"_blank\" rel=\" noreferrer noopener\"><img loading=\"lazy\" decoding=\"async\" width=\"667\" height=\"670\" src=\"https:\/\/projectes.xtec.cat\/aula-acollida\/wp-content\/uploads\/usu59\/2025\/11\/muds-de-mots.png\" alt=\"\" class=\"wp-image-10141 size-full\" srcset=\"https:\/\/projectes.xtec.cat\/aula-acollida\/wp-content\/uploads\/usu59\/2025\/11\/muds-de-mots.png 667w, https:\/\/projectes.xtec.cat\/aula-acollida\/wp-content\/uploads\/usu59\/2025\/11\/muds-de-mots-300x300.png 300w, https:\/\/projectes.xtec.cat\/aula-acollida\/wp-content\/uploads\/usu59\/2025\/11\/muds-de-mots-150x150.png 150w\" sizes=\"auto, (max-width: 667px) 100vw, 667px\" \/><\/a><\/figure><div class=\"wp-block-media-text__content\">\n<details class=\"wp-block-details has-ast-global-color-0-color has-text-color has-link-color has-medium-font-size wp-elements-75e4e6638afb85aa620c676e77c2939e is-layout-flow wp-block-details-is-layout-flow\"><summary>Descripci\u00f3<\/summary>\n<p class=\"has-black-color has-text-color has-link-color has-small-font-size wp-elements-e46ca7da9f901d6a12adbcd3cb8c4423\"><strong><a href=\"https:\/\/www.edu365.cat\/flash\/mudsmots\/index.html\" target=\"_blank\" rel=\"noreferrer noopener\">Muds de Mots<\/a><\/strong> aplega tot un conjunt d&#8217;activitats graduades per a l&#8217;ampliaci\u00f3 del l\u00e8xic destinades a l&#8217;alumnat nouvingut<br><br><\/p>\n\n\n\n<p class=\"has-black-color has-text-color has-link-color has-small-font-size wp-elements-c4df2cb1d8120f5764d7a15122b85783\"><\/p>\n\n\n\n<p class=\"has-black-color has-text-color has-link-color has-small-font-size wp-elements-c4df2cb1d8120f5764d7a15122b85783\"><\/p>\n<\/details>\n\n\n\n<details class=\"wp-block-details has-ast-global-color-0-color has-text-color has-link-color has-medium-font-size wp-elements-2e53c91eec1838d2c4d2852d5b3daa81 is-layout-flow wp-block-details-is-layout-flow\"><summary>Habilitat ling\u00fc\u00edstica \/ Nivell MECR \/ Etapa educativa<\/summary>\n<p class=\"has-black-color has-text-color has-link-color has-small-font-size wp-elements-dfe9070184d4f3068ee94703a0ffb0da\">Comprensi\u00f3 Escrita<\/p>\n\n\n\n<p class=\"has-black-color has-text-color has-link-color has-small-font-size wp-elements-7da45c673509078c600669d07acfbf15\">Nivell A1 &#8211; A2<\/p>\n\n\n\n<p class=\"has-black-color has-text-color has-link-color has-small-font-size wp-elements-4b76d808cb1df8758cb5ff1ea34c1c23\">Prim\u00e0ria i Secund\u00e0ria<\/p>\n\n\n\n<p><\/p>\n<\/details>\n\n\n\n<div class=\"wp-block-columns is-layout-flex wp-container-core-columns-is-layout-7 wp-block-columns-is-layout-flex\">\n<div class=\"wp-block-column is-layout-flow wp-block-column-is-layout-flow\">\n<div class=\"wp-block-media-text is-stacked-on-mobile\" style=\"grid-template-columns:35% auto\"><figure class=\"wp-block-media-text__media\"><img loading=\"lazy\" decoding=\"async\" width=\"1024\" height=\"1024\" src=\"https:\/\/projectes.xtec.cat\/aula-acollida\/wp-content\/uploads\/usu59\/2025\/08\/icona-web-1024x1024.png\" alt=\"\" class=\"wp-image-9309 size-full\"\/><\/figure><div class=\"wp-block-media-text__content\">\n<p><\/p>\n<\/div><\/div>\n<\/div>\n\n\n\n<div class=\"wp-block-column is-layout-flow wp-block-column-is-layout-flow\"><\/div>\n\n\n\n<div class=\"wp-block-column is-layout-flow wp-block-column-is-layout-flow\"><\/div>\n<\/div>\n<\/div><\/div>\n<\/div>\n\n\n\n<div class=\"wp-block-group wp-embed-aspect-16-9 wp-has-aspect-ratio is-layout-constrained wp-block-group-is-layout-constrained\" style=\"margin-top:0;margin-right:0;margin-bottom:0;margin-left:0\">\n<div class=\"wp-block-getwid-advanced-heading\"><span class=\"wp-block-getwid-advanced-heading__content has-text-color has-white-color has-background has-ast-global-color-0-background-color\" style=\"text-align:left\"><strong>Oralpha<\/strong><\/span><\/div>\n\n\n\n<div class=\"wp-block-media-text is-stacked-on-mobile\" style=\"margin-top:var(--wp--preset--spacing--30);margin-bottom:var(--wp--preset--spacing--30);grid-template-columns:16% auto\"><figure class=\"wp-block-media-text__media\"><a href=\"https:\/\/dixit.gencat.cat\/web\/.content\/home\/04recursos\/02publicacions\/02publicacions_de_bsf\/05_immigracio\/oralpha_metode_alfabetitzacio_catala\/oralpha_metode_alfabetitzacio_catala_activitats.pdf\" target=\"_blank\" rel=\" noreferrer noopener\"><img loading=\"lazy\" decoding=\"async\" width=\"243\" height=\"220\" src=\"https:\/\/projectes.xtec.cat\/aula-acollida\/wp-content\/uploads\/usu59\/2025\/08\/oralpha.png\" alt=\"\" class=\"wp-image-9255 size-full\"\/><\/a><\/figure><div class=\"wp-block-media-text__content\">\n<details class=\"wp-block-details has-ast-global-color-0-color has-text-color has-link-color has-medium-font-size wp-elements-21018d69d2d942a54831ff44e2d2fe22 is-layout-flow wp-block-details-is-layout-flow\"><summary>Descripci\u00f3<\/summary>\n<p class=\"has-black-color has-text-color has-link-color has-small-font-size wp-elements-e23d45b7a44be58a3beba3b78480f3a3\">M\u00e8tode d\u2019alfabetitzaci\u00f3 que facilita l\u2019aprenentatge oral de la llengua d\u2019acollida, la lectura i l\u2019escriptura de les persones nouvingudes. Est\u00e0 format per una <strong><a href=\"https:\/\/dixit.gencat.cat\/web\/.content\/home\/04recursos\/02publicacions\/02publicacions_de_bsf\/05_immigracio\/oralpha_metode_alfabetitzacio_catala\/oralpha_metode_alfabetitzacio_catala_guia.pdf\" target=\"_blank\" rel=\"noreferrer noopener\">guia did\u00e0ctica<\/a><\/strong> i un <strong><a href=\"https:\/\/dixit.gencat.cat\/web\/.content\/home\/04recursos\/02publicacions\/02publicacions_de_bsf\/05_immigracio\/oralpha_metode_alfabetitzacio_catala\/oralpha_metode_alfabetitzacio_catala_activitats.pdf\" target=\"_blank\" rel=\"noreferrer noopener\">llibre d\u2019activitats<\/a><\/strong> estructurats en 10 temes sobre diverses q\u00fcestions de la vida di\u00e0ria.<\/p>\n\n\n\n<p class=\"has-black-color has-text-color has-link-color has-small-font-size wp-elements-99c2262e96c91032ea6f1ff28c382495\">Observacions: Aquest material es pot <strong><a href=\"https:\/\/dixit.gencat.cat\/ca\/aux_intern\/prestec_documents\/index.html\" target=\"_blank\" rel=\"noreferrer noopener\">sol\u00b7licitar en pr\u00e9stec<\/a><\/strong>.<\/p>\n<\/details>\n\n\n\n<details class=\"wp-block-details has-ast-global-color-0-color has-text-color has-link-color has-medium-font-size wp-elements-8157ab8acaf748172aff0d0d93916d1a is-layout-flow wp-block-details-is-layout-flow\"><summary>Habilitat ling\u00fc\u00edstica \/ Nivell MECR \/ Etapa educativa<\/summary>\n<p class=\"has-black-color has-text-color has-link-color has-small-font-size wp-elements-5b9fca760b51cbbcb1cb821995ab0e4c\">Comprensi\u00f3 Oral &#8211; Expressi\u00f3 Oral &#8211; Comprensi\u00f3 Escrita &#8211; Expressi\u00f3 Escrita<\/p>\n\n\n\n<p class=\"has-black-color has-text-color has-link-color has-small-font-size wp-elements-e32db663c66d0bc1e09423c1cbb9bdbe\">Nivell <\/p>\n\n\n\n<p class=\"has-black-color has-text-color has-link-color has-small-font-size wp-elements-984323e98d25abb9c07e94e4752025b7\">Etapa<\/p>\n\n\n\n<p><\/p>\n<\/details>\n\n\n\n<div class=\"wp-block-columns is-layout-flex wp-container-core-columns-is-layout-8 wp-block-columns-is-layout-flex\">\n<div class=\"wp-block-column is-layout-flow wp-block-column-is-layout-flow\">\n<div class=\"wp-block-getwid-icon-box has-icon-left has-text-center\"><div class=\"wp-block-getwid-icon-box__icon-container is-position-top\"><div class=\"wp-block-getwid-icon-box__icon-wrapper has-text-color has-ast-global-color-0-color\" style=\"font-size:30px\"><i class=\"fas fa-print\"><\/i><\/div><\/div><div class=\"wp-block-getwid-icon-box__content\">\n<h3 class=\"wp-block-heading has-small-font-size\"><\/h3>\n\n\n\n<p><\/p>\n<\/div><\/div>\n<\/div>\n\n\n\n<div class=\"wp-block-column is-layout-flow wp-block-column-is-layout-flow\">\n<div class=\"wp-block-getwid-icon-box has-icon-left has-text-center\"><div class=\"wp-block-getwid-icon-box__icon-container is-position-top\"><div class=\"wp-block-getwid-icon-box__icon-wrapper has-text-color has-ast-global-color-0-color\" style=\"font-size:30px\"><i class=\"fas fa-file-pdf\"><\/i><\/div><\/div><div class=\"wp-block-getwid-icon-box__content\">\n<h3 class=\"wp-block-heading has-small-font-size\"><\/h3>\n\n\n\n<p><\/p>\n<\/div><\/div>\n<\/div>\n\n\n\n<div class=\"wp-block-column is-layout-flow wp-block-column-is-layout-flow\"><\/div>\n<\/div>\n<\/div><\/div>\n<\/div>\n\n\n\n<div class=\"wp-block-group wp-embed-aspect-16-9 wp-has-aspect-ratio is-layout-constrained wp-block-group-is-layout-constrained\" style=\"margin-top:0;margin-right:0;margin-bottom:0;margin-left:0\">\n<div class=\"wp-block-getwid-advanced-heading\"><span class=\"wp-block-getwid-advanced-heading__content has-text-color has-white-color has-background has-ast-global-color-0-background-color\" style=\"text-align:left\"><strong>Pronunciem<\/strong><\/span><\/div>\n\n\n\n<div class=\"wp-block-media-text is-stacked-on-mobile\" style=\"margin-top:var(--wp--preset--spacing--30);margin-bottom:var(--wp--preset--spacing--30);grid-template-columns:16% auto\"><figure class=\"wp-block-media-text__media\"><a href=\"https:\/\/clic.xtec.cat\/projects\/pronunci\/jclic.js\/index.html\" target=\"_blank\" rel=\" noreferrer noopener\"><img loading=\"lazy\" decoding=\"async\" width=\"643\" height=\"240\" src=\"https:\/\/projectes.xtec.cat\/aula-acollida\/wp-content\/uploads\/usu59\/2025\/08\/pronunciem.png\" alt=\"\" class=\"wp-image-9248 size-full\" srcset=\"https:\/\/projectes.xtec.cat\/aula-acollida\/wp-content\/uploads\/usu59\/2025\/08\/pronunciem.png 643w, https:\/\/projectes.xtec.cat\/aula-acollida\/wp-content\/uploads\/usu59\/2025\/08\/pronunciem-300x112.png 300w\" sizes=\"auto, (max-width: 643px) 100vw, 643px\" \/><\/a><\/figure><div class=\"wp-block-media-text__content\">\n<details class=\"wp-block-details has-ast-global-color-0-color has-text-color has-link-color has-medium-font-size wp-elements-62760a788bd39becf664b1513f5243c4 is-layout-flow wp-block-details-is-layout-flow\"><summary>Descripci\u00f3<\/summary>\n<p class=\"has-black-color has-text-color has-link-color has-small-font-size wp-elements-b00df224c23cf3e1f5fd77301e47fc94\">Aquest projecte desenvolupa una s\u00e8rie d\u2019<strong><a href=\"https:\/\/clic.xtec.cat\/projects\/pronunci\/jclic.js\/index.html\" target=\"_blank\" rel=\"noreferrer noopener\">activitats did\u00e0ctiques interactives <\/a><\/strong>adre\u00e7ades a introduir l\u2019alumnat nouvingut d\u2019ensenyament secundari en la pron\u00fancia b\u00e0sica del catal\u00e0 central. A la <strong><a href=\"https:\/\/projectes.xtec.cat\/aula-acollida\/wp-content\/uploads\/usu59\/2025\/08\/Pronunciem-guia-didactica.pdf\" target=\"_blank\" rel=\"noreferrer noopener\">guia did\u00e0ctica<\/a><\/strong> trobareu les indicacions necess\u00e0ries per utilitzar el recurs a l&#8217;aula.<\/p>\n<\/details>\n\n\n\n<details class=\"wp-block-details has-ast-global-color-0-color has-text-color has-link-color has-medium-font-size wp-elements-9eeb7debcf0de32dcf1e740e44528cb9 is-layout-flow wp-block-details-is-layout-flow\"><summary>Habilitat ling\u00fc\u00edstica \/ Nivell MECR \/ Etapa educativa<\/summary>\n<p class=\"has-black-color has-text-color has-link-color has-small-font-size wp-elements-09268aeb889e4f50aaceca4d3ddc85bc\">Expressi\u00f3 Oral<\/p>\n\n\n\n<p class=\"has-black-color has-text-color has-link-color has-small-font-size wp-elements-902220ad85fe7894407c8bd1a2de43ec\">Nivell PreA1 &#8211; A1 &#8211; A2 &#8211; B1<\/p>\n\n\n\n<p class=\"has-black-color has-text-color has-link-color has-small-font-size wp-elements-b16bbc381c1fa3471a463e65585ded17\">Secund\u00e0ria<\/p>\n\n\n\n<p><\/p>\n<\/details>\n\n\n\n<div class=\"wp-block-columns is-layout-flex wp-container-core-columns-is-layout-9 wp-block-columns-is-layout-flex\">\n<div class=\"wp-block-column is-layout-flow wp-block-column-is-layout-flow\">\n<div class=\"wp-block-media-text is-stacked-on-mobile\" style=\"grid-template-columns:35% auto\"><figure class=\"wp-block-media-text__media\"><img loading=\"lazy\" decoding=\"async\" width=\"1024\" height=\"1024\" src=\"https:\/\/projectes.xtec.cat\/aula-acollida\/wp-content\/uploads\/usu59\/2025\/08\/icona-web-1024x1024.png\" alt=\"\" class=\"wp-image-9309 size-full\"\/><\/figure><div class=\"wp-block-media-text__content\">\n<p><\/p>\n<\/div><\/div>\n<\/div>\n\n\n\n<div class=\"wp-block-column is-layout-flow wp-block-column-is-layout-flow\">\n<div class=\"wp-block-getwid-icon-box has-icon-left has-text-center\"><div class=\"wp-block-getwid-icon-box__icon-container is-position-top\"><div class=\"wp-block-getwid-icon-box__icon-wrapper has-text-color has-ast-global-color-0-color\" style=\"font-size:30px\"><i class=\"fas fa-file-audio\"><\/i><\/div><\/div><div class=\"wp-block-getwid-icon-box__content\">\n<h3 class=\"wp-block-heading has-small-font-size\"><\/h3>\n\n\n\n<p><\/p>\n<\/div><\/div>\n<\/div>\n\n\n\n<div class=\"wp-block-column is-layout-flow wp-block-column-is-layout-flow\"><\/div>\n<\/div>\n<\/div><\/div>\n<\/div>\n\n\n\n<div class=\"wp-block-group wp-embed-aspect-16-9 wp-has-aspect-ratio is-layout-constrained wp-block-group-is-layout-constrained\" style=\"margin-top:0;margin-right:0;margin-bottom:0;margin-left:0\">\n<div class=\"wp-block-getwid-advanced-heading\"><span class=\"wp-block-getwid-advanced-heading__content has-text-color has-white-color has-background has-ast-global-color-0-background-color\" style=\"text-align:left\"><strong>SpeakCat<\/strong><\/span><\/div>\n\n\n\n<div class=\"wp-block-media-text is-stacked-on-mobile\" style=\"margin-top:var(--wp--preset--spacing--30);margin-bottom:var(--wp--preset--spacing--30);grid-template-columns:16% auto\"><figure class=\"wp-block-media-text__media\"><a href=\"https:\/\/www.intercat.cat\/speakcat\/\" target=\"_blank\" rel=\" noreferrer noopener\"><img loading=\"lazy\" decoding=\"async\" width=\"571\" height=\"439\" src=\"https:\/\/projectes.xtec.cat\/aula-acollida\/wp-content\/uploads\/usu59\/2025\/11\/speakcat.png\" alt=\"\" class=\"wp-image-10138 size-full\" srcset=\"https:\/\/projectes.xtec.cat\/aula-acollida\/wp-content\/uploads\/usu59\/2025\/11\/speakcat.png 571w, https:\/\/projectes.xtec.cat\/aula-acollida\/wp-content\/uploads\/usu59\/2025\/11\/speakcat-300x231.png 300w\" sizes=\"auto, (max-width: 571px) 100vw, 571px\" \/><\/a><\/figure><div class=\"wp-block-media-text__content\">\n<details class=\"wp-block-details has-ast-global-color-0-color has-text-color has-link-color has-medium-font-size wp-elements-2097d98061cda1eade323435f5f46df0 is-layout-flow wp-block-details-is-layout-flow\"><summary>Descripci\u00f3<\/summary>\n<p class=\"has-black-color has-text-color has-link-color has-small-font-size wp-elements-5ed974d1505af9a38a1bc41031dc72cd\"><strong><a href=\"https:\/\/www.intercat.cat\/speakcat\/\" target=\"_blank\" rel=\"noreferrer noopener\">SpeakCat <\/a><\/strong>cont\u00e9 exercicis autocorrectius que es poden treballar a trav\u00e9s de tres itineraris diferenciats que corresponen als nivells inicial i b\u00e0sic. <\/p>\n<\/details>\n\n\n\n<details class=\"wp-block-details has-ast-global-color-0-color has-text-color has-link-color has-medium-font-size wp-elements-14e94603432166c23f9ceb361e6e05e1 is-layout-flow wp-block-details-is-layout-flow\"><summary>Habilitat ling\u00fc\u00edstica \/ Nivell MECR \/ Etapa educativa<\/summary>\n<p class=\"has-black-color has-text-color has-link-color has-small-font-size wp-elements-78d010f81674984df8035678bfbea212\">Expressi\u00f3 Oral &#8211; Comprensi\u00f3 Oral<\/p>\n\n\n\n<p class=\"has-black-color has-text-color has-link-color has-small-font-size wp-elements-7156e19492dd6dca7c6d3b8a492fa5d1\">Nivell A1 &#8211; A2 <\/p>\n\n\n\n<p class=\"has-black-color has-text-color has-link-color has-small-font-size wp-elements-b16bbc381c1fa3471a463e65585ded17\">Secund\u00e0ria<\/p>\n\n\n\n<p><\/p>\n<\/details>\n\n\n\n<div class=\"wp-block-columns is-layout-flex wp-container-core-columns-is-layout-10 wp-block-columns-is-layout-flex\">\n<div class=\"wp-block-column is-layout-flow wp-block-column-is-layout-flow\">\n<div class=\"wp-block-media-text is-stacked-on-mobile\" style=\"grid-template-columns:35% auto\"><figure class=\"wp-block-media-text__media\"><img loading=\"lazy\" decoding=\"async\" width=\"1024\" height=\"1024\" src=\"https:\/\/projectes.xtec.cat\/aula-acollida\/wp-content\/uploads\/usu59\/2025\/08\/icona-web-1024x1024.png\" alt=\"\" class=\"wp-image-9309 size-full\"\/><\/figure><div class=\"wp-block-media-text__content\">\n<p><\/p>\n<\/div><\/div>\n<\/div>\n\n\n\n<div class=\"wp-block-column is-layout-flow wp-block-column-is-layout-flow\">\n<div class=\"wp-block-getwid-icon-box has-icon-left has-text-center\"><div class=\"wp-block-getwid-icon-box__icon-container is-position-top\"><div class=\"wp-block-getwid-icon-box__icon-wrapper has-text-color has-ast-global-color-0-color\" style=\"font-size:30px\"><i class=\"fas fa-file-audio\"><\/i><\/div><\/div><div class=\"wp-block-getwid-icon-box__content\">\n<h3 class=\"wp-block-heading has-small-font-size\"><\/h3>\n\n\n\n<p><\/p>\n<\/div><\/div>\n<\/div>\n\n\n\n<div class=\"wp-block-column is-layout-flow wp-block-column-is-layout-flow\"><\/div>\n<\/div>\n<\/div><\/div>\n<\/div>\n\n\n\n<div class=\"wp-block-group wp-embed-aspect-16-9 wp-has-aspect-ratio is-layout-constrained wp-block-group-is-layout-constrained\" style=\"margin-top:0;margin-right:0;margin-bottom:0;margin-left:0\">\n<div class=\"wp-block-getwid-advanced-heading\"><span class=\"wp-block-getwid-advanced-heading__content has-text-color has-white-color has-background has-ast-global-color-0-background-color\" style=\"text-align:left\"><strong>Vincles<\/strong><\/span><\/div>\n\n\n\n<div class=\"wp-block-media-text is-stacked-on-mobile\" style=\"margin-top:var(--wp--preset--spacing--30);margin-bottom:var(--wp--preset--spacing--30);grid-template-columns:16% auto\"><figure class=\"wp-block-media-text__media\"><a href=\"https:\/\/projectes.xtec.cat\/acollidasuport\/vincles\/\" target=\"_blank\" rel=\" noreferrer noopener\"><img loading=\"lazy\" decoding=\"async\" width=\"988\" height=\"373\" src=\"https:\/\/projectes.xtec.cat\/aula-acollida\/wp-content\/uploads\/usu59\/2025\/07\/vincles.png\" alt=\"\" class=\"wp-image-9215 size-full\" srcset=\"https:\/\/projectes.xtec.cat\/aula-acollida\/wp-content\/uploads\/usu59\/2025\/07\/vincles.png 988w, https:\/\/projectes.xtec.cat\/aula-acollida\/wp-content\/uploads\/usu59\/2025\/07\/vincles-300x113.png 300w, https:\/\/projectes.xtec.cat\/aula-acollida\/wp-content\/uploads\/usu59\/2025\/07\/vincles-768x290.png 768w\" sizes=\"auto, (max-width: 988px) 100vw, 988px\" \/><\/a><\/figure><div class=\"wp-block-media-text__content\">\n<details class=\"wp-block-details has-ast-global-color-0-color has-text-color has-link-color has-medium-font-size wp-elements-352571f6da7eb1cbe254d862ccd98b25 is-layout-flow wp-block-details-is-layout-flow\"><summary>Descripci\u00f3<\/summary>\n<p class=\"has-black-color has-text-color has-link-color has-small-font-size wp-elements-cf45af3d5b7d94659f5f43e915d665e7\">En aquest espai <strong><a href=\"https:\/\/projectes.xtec.cat\/acollidasuport\/vincles\/\" target=\"_blank\" rel=\"noreferrer noopener\">Nodes <\/a><\/strong>trobareu tots els materials de Vincles:<strong> <a href=\"https:\/\/repositori.educacio.gencat.cat\/handle\/20.500.12694\/3052#page=1\" target=\"_blank\" rel=\"noreferrer noopener\">llibre de l\u2019alumne<\/a><\/strong>,<strong> <a href=\"https:\/\/repositori.educacio.gencat.cat\/handle\/20.500.12694\/3066#page=2\" target=\"_blank\" rel=\"noreferrer noopener\">quaderns d\u2019exercicis<\/a><\/strong>, <a href=\"https:\/\/repositori.educacio.gencat.cat\/handle\/20.500.12694\/3067#page=1\" target=\"_blank\" rel=\"noreferrer noopener\"><strong>vincles guia did\u00e0ctica<\/strong><\/a>, <strong><a href=\"https:\/\/www.edu365.cat\/flash\/vincles\/index.html\" target=\"_blank\" rel=\"noreferrer noopener\">interactiu<\/a><\/strong> i tamb\u00e9 els arxius sonors que s\u2019utilitzen a cada exercici.<\/p>\n\n\n\n<p><\/p>\n<\/details>\n\n\n\n<details class=\"wp-block-details has-ast-global-color-0-color has-text-color has-link-color has-medium-font-size wp-elements-ed077ff0664c96f7176c4aeea87d7b35 is-layout-flow wp-block-details-is-layout-flow\"><summary>Habilitat ling\u00fc\u00edstica \/ Nivell MECR \/ Etapa educativa<\/summary>\n<p class=\"has-black-color has-text-color has-link-color has-small-font-size wp-elements-5b9fca760b51cbbcb1cb821995ab0e4c\">Comprensi\u00f3 Oral &#8211; Expressi\u00f3 Oral &#8211; Comprensi\u00f3 Escrita &#8211; Expressi\u00f3 Escrita<\/p>\n\n\n\n<p class=\"has-black-color has-text-color has-link-color has-small-font-size wp-elements-4ac454206a41b87f732a1a18e8c5947a\">Nivell A1<\/p>\n\n\n\n<p class=\"has-black-color has-text-color has-link-color has-small-font-size wp-elements-4b76d808cb1df8758cb5ff1ea34c1c23\">Prim\u00e0ria i Secund\u00e0ria<\/p>\n\n\n\n<p><\/p>\n<\/details>\n\n\n\n<div class=\"wp-block-columns is-layout-flex wp-container-core-columns-is-layout-11 wp-block-columns-is-layout-flex\">\n<div class=\"wp-block-column is-layout-flow wp-block-column-is-layout-flow\">\n<div class=\"wp-block-getwid-icon-box has-icon-left has-text-center\"><div class=\"wp-block-getwid-icon-box__icon-container is-position-top\"><div class=\"wp-block-getwid-icon-box__icon-wrapper has-text-color has-ast-global-color-0-color\" style=\"font-size:30px\"><i class=\"fas fa-print\"><\/i><\/div><\/div><div class=\"wp-block-getwid-icon-box__content\">\n<h3 class=\"wp-block-heading has-small-font-size\"><\/h3>\n\n\n\n<p><\/p>\n<\/div><\/div>\n<\/div>\n\n\n\n<div class=\"wp-block-column is-layout-flow wp-block-column-is-layout-flow\">\n<div class=\"wp-block-getwid-icon-box has-icon-left has-text-center\"><div class=\"wp-block-getwid-icon-box__icon-container is-position-top\"><div class=\"wp-block-getwid-icon-box__icon-wrapper has-text-color has-ast-global-color-0-color\" style=\"font-size:30px\"><i class=\"fas fa-file-audio\"><\/i><\/div><\/div><div class=\"wp-block-getwid-icon-box__content\">\n<h3 class=\"wp-block-heading has-small-font-size\"><\/h3>\n\n\n\n<p><\/p>\n<\/div><\/div>\n<\/div>\n\n\n\n<div class=\"wp-block-column is-layout-flow wp-block-column-is-layout-flow\">\n<div class=\"wp-block-getwid-icon-box has-icon-left has-text-center\"><div class=\"wp-block-getwid-icon-box__icon-container is-position-top\"><div class=\"wp-block-getwid-icon-box__icon-wrapper has-text-color has-ast-global-color-0-color\" style=\"font-size:30px\"><i class=\"fas fa-file-pdf\"><\/i><\/div><\/div><div class=\"wp-block-getwid-icon-box__content\">\n<h3 class=\"wp-block-heading has-small-font-size\"><\/h3>\n\n\n\n<p><\/p>\n<\/div><\/div>\n<\/div>\n<\/div>\n<\/div><\/div>\n<\/div>\n\n\n\n<div class=\"wp-block-group wp-embed-aspect-16-9 wp-has-aspect-ratio is-layout-constrained wp-block-group-is-layout-constrained\" style=\"margin-top:0;margin-right:0;margin-bottom:0;margin-left:0\">\n<div class=\"wp-block-getwid-advanced-heading\"><span class=\"wp-block-getwid-advanced-heading__content has-text-color has-white-color has-background has-ast-global-color-0-background-color\" style=\"text-align:left\"><strong>Viure a Catalunya. Comencem a parlar<\/strong><\/span><\/div>\n\n\n\n<div class=\"wp-block-media-text is-stacked-on-mobile\" style=\"margin-top:var(--wp--preset--spacing--30);margin-bottom:var(--wp--preset--spacing--30);grid-template-columns:16% auto\"><figure class=\"wp-block-media-text__media\"><a href=\"https:\/\/llengua.gencat.cat\/ca\/serveis\/informacio_i_difusio\/publicacions_en_linia\/viure_a_catalunya_col\/viure_a_catalunya_comencem_a_parlar\/index.html\" target=\"_blank\" rel=\" noreferrer noopener\"><img loading=\"lazy\" decoding=\"async\" width=\"529\" height=\"643\" src=\"https:\/\/projectes.xtec.cat\/aula-acollida\/wp-content\/uploads\/usu59\/2025\/07\/viure-a-catalunya-comencem-a-parlar.png\" alt=\"\" class=\"wp-image-8637 size-full\" srcset=\"https:\/\/projectes.xtec.cat\/aula-acollida\/wp-content\/uploads\/usu59\/2025\/07\/viure-a-catalunya-comencem-a-parlar.png 529w, https:\/\/projectes.xtec.cat\/aula-acollida\/wp-content\/uploads\/usu59\/2025\/07\/viure-a-catalunya-comencem-a-parlar-247x300.png 247w\" sizes=\"auto, (max-width: 529px) 100vw, 529px\" \/><\/a><\/figure><div class=\"wp-block-media-text__content\">\n<details class=\"wp-block-details has-ast-global-color-0-color has-text-color has-link-color has-medium-font-size wp-elements-d9cc4b162aa6ca638de529278416bd3b is-layout-flow wp-block-details-is-layout-flow\"><summary>Descripci\u00f3<\/summary>\n<p class=\"has-black-color has-text-color has-link-color has-small-font-size wp-elements-3f339f91a17b9b76463b8ec83e26b9b1\"><strong><a href=\"https:\/\/llengua.gencat.cat\/ca\/serveis\/informacio_i_difusio\/publicacions_en_linia\/viure_a_catalunya_col\/viure_a_catalunya_comencem_a_parlar\/index.html\" target=\"_blank\" rel=\"noreferrer noopener\">Recull de converses<\/a> <\/strong>sobre temes de la vida quotidiana que comencen per un nivell b\u00e0sic i van augmentant de dificultat. S\u2019adrecen a persones que volen practicar la flu\u00efdesa en catal\u00e0 i escoltar diferents varietats dialectals. Les converses estan agrupades pels temes seg\u00fcents: les persones, els llocs, la casa i l&#8217;entorn, les hores i els dies, la feina, el mercat i les botigues, el menjar, els serveis, la salut i el lleure.<br>Els di\u00e0legs es poden llegir en format PDF i escoltar en MP3.<\/p>\n\n\n\n<p><\/p>\n<\/details>\n\n\n\n<details class=\"wp-block-details has-ast-global-color-0-color has-text-color has-link-color has-medium-font-size wp-elements-66d2d336b4fd4af96c98833f7d373498 is-layout-flow wp-block-details-is-layout-flow\"><summary>Habilitat ling\u00fc\u00edstica \/ Nivell MECR \/ Etapa educativa<\/summary>\n<p class=\"has-black-color has-text-color has-link-color has-small-font-size wp-elements-e2e9a4bcd7e8ed0efc3689ffe6df9ad4\">Comprensi\u00f3 Oral &#8211; Expressi\u00f3 Oral &#8211; Comprensi\u00f3 Escrita<\/p>\n\n\n\n<p class=\"has-black-color has-text-color has-link-color has-small-font-size wp-elements-82942273f4804a8a6da52a1dc667d312\">PreA1 &#8211; A1<\/p>\n\n\n\n<p class=\"has-black-color has-text-color has-link-color has-small-font-size wp-elements-4b76d808cb1df8758cb5ff1ea34c1c23\">Prim\u00e0ria i Secund\u00e0ria<\/p>\n\n\n\n<p><\/p>\n<\/details>\n\n\n\n<div class=\"wp-block-columns is-layout-flex wp-container-core-columns-is-layout-12 wp-block-columns-is-layout-flex\">\n<div class=\"wp-block-column is-layout-flow wp-block-column-is-layout-flow\">\n<div class=\"wp-block-getwid-icon-box has-icon-left has-text-center\"><div class=\"wp-block-getwid-icon-box__icon-container is-position-top\"><div class=\"wp-block-getwid-icon-box__icon-wrapper has-text-color has-ast-global-color-0-color\" style=\"font-size:30px\"><i class=\"fas fa-print\"><\/i><\/div><\/div><div class=\"wp-block-getwid-icon-box__content\">\n<h3 class=\"wp-block-heading has-small-font-size\"><\/h3>\n\n\n\n<p><\/p>\n<\/div><\/div>\n<\/div>\n\n\n\n<div class=\"wp-block-column is-layout-flow wp-block-column-is-layout-flow\">\n<div class=\"wp-block-getwid-icon-box has-icon-left has-text-center\"><div class=\"wp-block-getwid-icon-box__icon-container is-position-top\"><div class=\"wp-block-getwid-icon-box__icon-wrapper has-text-color has-ast-global-color-0-color\" style=\"font-size:30px\"><i class=\"fas fa-file-audio\"><\/i><\/div><\/div><div class=\"wp-block-getwid-icon-box__content\">\n<h3 class=\"wp-block-heading has-small-font-size\"><\/h3>\n\n\n\n<p><\/p>\n<\/div><\/div>\n<\/div>\n\n\n\n<div class=\"wp-block-column is-layout-flow wp-block-column-is-layout-flow\">\n<div class=\"wp-block-getwid-icon-box has-icon-left has-text-center\"><div class=\"wp-block-getwid-icon-box__icon-container is-position-top\"><div class=\"wp-block-getwid-icon-box__icon-wrapper has-text-color has-ast-global-color-0-color\" style=\"font-size:30px\"><i class=\"fas fa-file-pdf\"><\/i><\/div><\/div><div class=\"wp-block-getwid-icon-box__content\">\n<h3 class=\"wp-block-heading has-small-font-size\"><\/h3>\n\n\n\n<p><\/p>\n<\/div><\/div>\n<\/div>\n<\/div>\n<\/div><\/div>\n<\/div>\n\n\n\n<div class=\"wp-block-group wp-embed-aspect-16-9 wp-has-aspect-ratio is-layout-constrained wp-block-group-is-layout-constrained\" style=\"margin-top:0;margin-right:0;margin-bottom:0;margin-left:0\">\n<div class=\"wp-block-getwid-advanced-heading\"><span class=\"wp-block-getwid-advanced-heading__content has-text-color has-white-color has-background has-ast-global-color-0-background-color\" style=\"text-align:left\"><strong>Viure a Catalunya<\/strong>. L\u00e0mines<\/span><\/div>\n\n\n\n<div class=\"wp-block-media-text is-stacked-on-mobile\" style=\"margin-top:var(--wp--preset--spacing--30);margin-bottom:var(--wp--preset--spacing--30);grid-template-columns:16% auto\"><figure class=\"wp-block-media-text__media\"><a href=\"https:\/\/projectes.xtec.cat\/aula-acollida\/wp-content\/uploads\/usu59\/2025\/08\/Ara-i-ades-material-manipulatiu__.pdf\" target=\"_blank\" rel=\" noreferrer noopener\"><img loading=\"lazy\" decoding=\"async\" width=\"889\" height=\"676\" src=\"https:\/\/projectes.xtec.cat\/aula-acollida\/wp-content\/uploads\/usu59\/2025\/09\/Lamines-Viure-a-Catalunya.png\" alt=\"\" class=\"wp-image-9588 size-full\" srcset=\"https:\/\/projectes.xtec.cat\/aula-acollida\/wp-content\/uploads\/usu59\/2025\/09\/Lamines-Viure-a-Catalunya.png 889w, https:\/\/projectes.xtec.cat\/aula-acollida\/wp-content\/uploads\/usu59\/2025\/09\/Lamines-Viure-a-Catalunya-300x228.png 300w, https:\/\/projectes.xtec.cat\/aula-acollida\/wp-content\/uploads\/usu59\/2025\/09\/Lamines-Viure-a-Catalunya-768x584.png 768w\" sizes=\"auto, (max-width: 889px) 100vw, 889px\" \/><\/a><\/figure><div class=\"wp-block-media-text__content\">\n<details class=\"wp-block-details has-ast-global-color-0-color has-text-color has-link-color has-medium-font-size wp-elements-f2ca705eacd2e1e570a9c6d3e7940764 is-layout-flow wp-block-details-is-layout-flow\"><summary>Descripci\u00f3<\/summary>\n<p class=\"has-black-color has-text-color has-link-color has-small-font-size wp-elements-2df55fc2608889b78eba51003bd2ad06\"><em>Viure a Catalunya. L\u00e0mines <\/em>\u00e9s una col\u00b7lecci\u00f3 de 12 l\u00e0mines indicades per treballar el llenguatge en situacions comunicatives de la vida quotidiana a les aules dels cursos de nivell inicial (acolliment ling\u00fc\u00edstic) i nivell b\u00e0sic.<\/p>\n\n\n\n<p class=\"has-black-color has-text-color has-link-color has-small-font-size wp-elements-f51cd4be14815fad24c29dc095be0c2a\">Podeu consultar les l\u00e0mines en format PDF, tant amb el vocabulari escrit com sense. El temes tractats s\u00f3n: <\/p>\n\n\n\n<ul class=\"wp-block-list\">\n<li class=\"has-black-color has-text-color has-link-color has-small-font-size wp-elements-19e9ca71ab95872eccfa66e84be73136\">La casa (l\u00e0mina <a href=\"https:\/\/projectes.xtec.cat\/aula-acollida\/wp-content\/uploads\/usu59\/2025\/07\/viure-a-catalunya-lamina-amb-text-la_casa.pdf\" target=\"_blank\" rel=\"noreferrer noopener\">amb text<\/a> i <a href=\"https:\/\/projectes.xtec.cat\/aula-acollida\/wp-content\/uploads\/usu59\/2025\/07\/viure-a-catalunya-lamina-sense-text-la-casa.pdf\" target=\"_blank\" rel=\"noreferrer noopener\">sense text<\/a>)<\/li>\n\n\n\n<li class=\"has-black-color has-text-color has-link-color has-small-font-size wp-elements-74a01b9ce4aac44d41e5db9026e8e5a2\">El parc (l\u00e0mina <a href=\"https:\/\/projectes.xtec.cat\/aula-acollida\/wp-content\/uploads\/usu59\/2025\/07\/viure-a-catalunya-lamina-amb-text-el-parc.pdf\" target=\"_blank\" rel=\"noreferrer noopener\">amb text<\/a> i <a href=\"https:\/\/projectes.xtec.cat\/aula-acollida\/wp-content\/uploads\/usu59\/2025\/07\/viure-a-catalunya-lamina-sense-text-el-parc.pdf\" target=\"_blank\" rel=\"noreferrer noopener\">sense text<\/a>)<\/li>\n\n\n\n<li class=\"has-black-color has-text-color has-link-color has-small-font-size wp-elements-11bbe2282ca8231c439cef3581ee25f4\">El bar i el restaurant (l\u00e0mina <a href=\"https:\/\/projectes.xtec.cat\/aula-acollida\/wp-content\/uploads\/usu59\/2025\/09\/viure-a-catalunya-lamina-amb-text-bar-i-restaurant.pdf\" target=\"_blank\" rel=\"noreferrer noopener\">amb text<\/a> i <a href=\"https:\/\/projectes.xtec.cat\/aula-acollida\/wp-content\/uploads\/usu59\/2025\/09\/viure-a-catalunya-lamina-sense-text-bar-i-restaurant.pdf\" target=\"_blank\" rel=\"noreferrer noopener\">sense text<\/a>)<\/li>\n\n\n\n<li class=\"has-black-color has-text-color has-link-color has-small-font-size wp-elements-04e98d7083e05663677b432584f0aa40\">La ciutat (l\u00e0mina <a href=\"https:\/\/projectes.xtec.cat\/aula-acollida\/wp-content\/uploads\/usu59\/2025\/07\/viure-a-catalunya-lamina-amb-text-la-ciutat.pdf\" target=\"_blank\" rel=\"noreferrer noopener\">amb text<\/a> i <a href=\"https:\/\/projectes.xtec.cat\/aula-acollida\/wp-content\/uploads\/usu59\/2025\/07\/viure-a-catalunya-lamina-sense-text-la-ciutat.pdf\" target=\"_blank\" rel=\"noreferrer noopener\">sense text<\/a>)<\/li>\n\n\n\n<li class=\"has-black-color has-text-color has-link-color has-small-font-size wp-elements-19a3aa1c7e6358095ff6a849c2813aaf\">La muntanya i el camp (l\u00e0mina <a href=\"https:\/\/projectes.xtec.cat\/aula-acollida\/wp-content\/uploads\/usu59\/2025\/07\/viure-a-catalunya-lamina-amb-text-la-muntanya-i-el-camp.pdf\" target=\"_blank\" rel=\"noreferrer noopener\">amb text<\/a> i <a href=\"https:\/\/projectes.xtec.cat\/aula-acollida\/wp-content\/uploads\/usu59\/2025\/07\/viure-a-catalunya-lamina-sense-text-la-muntanya-i-el-camp.pdf\" target=\"_blank\" rel=\"noreferrer noopener\">sense text<\/a>)<\/li>\n\n\n\n<li class=\"has-black-color has-text-color has-link-color has-small-font-size wp-elements-73c2ea20d60e8aca5e0f78ad50fe1d67\">La platja i el port (l\u00e0mina <a href=\"https:\/\/projectes.xtec.cat\/aula-acollida\/wp-content\/uploads\/usu59\/2025\/07\/viure-a-catalunya-lamina-amb-text-la-platja.pdf\" target=\"_blank\" rel=\"noreferrer noopener\">amb text<\/a> i <a href=\"https:\/\/projectes.xtec.cat\/aula-acollida\/wp-content\/uploads\/usu59\/2025\/07\/viure-a-catalunya-lamina-sense-text-la-platja.pdf\" target=\"_blank\" rel=\"noreferrer noopener\">sense text<\/a>)<\/li>\n\n\n\n<li class=\"has-black-color has-text-color has-small-font-size\">El mercat i el supermercat (l\u00e0mina <a href=\"https:\/\/projectes.xtec.cat\/aula-acollida\/wp-content\/uploads\/usu59\/2025\/07\/viure-a-catalunya-lamina-amb-text-el-mercat.pdf\" target=\"_blank\" rel=\"noreferrer noopener\">amb text<\/a> i <a href=\"https:\/\/projectes.xtec.cat\/aula-acollida\/wp-content\/uploads\/usu59\/2025\/07\/viure-a-catalunya-lamina-sense-text-el-mercat.pdf\" target=\"_blank\" rel=\"noreferrer noopener\">sense text<\/a>)<\/li>\n\n\n\n<li class=\"has-black-color has-text-color has-link-color has-small-font-size wp-elements-43e9d35c87e01ec46c038773b5b9945a\">El temps (l\u00e0mina <a href=\"https:\/\/projectes.xtec.cat\/aula-acollida\/wp-content\/uploads\/usu59\/2025\/09\/Viure-a-catalunya-lamina-amb-text-el-temps.pdf\" target=\"_blank\" rel=\"noreferrer noopener\">amb text<\/a> i <a href=\"https:\/\/projectes.xtec.cat\/aula-acollida\/wp-content\/uploads\/usu59\/2025\/09\/Viure-a-catalunya-lamina-sense-text-el-temps.pdf\" target=\"_blank\" rel=\"noreferrer noopener\">sense text<\/a>)<\/li>\n\n\n\n<li class=\"has-black-color has-text-color has-link-color has-small-font-size wp-elements-9eec910e4fdc78eaa90b7ae3e0414def\">Els transports (l\u00e0mina <a href=\"https:\/\/projectes.xtec.cat\/aula-acollida\/wp-content\/uploads\/usu59\/2025\/07\/viure-a-catalunya-lamina-amb-text-els-transports.pdf\" target=\"_blank\" rel=\"noreferrer noopener\">amb text<\/a> i <a href=\"https:\/\/projectes.xtec.cat\/aula-acollida\/wp-content\/uploads\/usu59\/2025\/07\/viure-a-catalunya-lamina-sense-text-els-transports.pdf\" target=\"_blank\" rel=\"noreferrer noopener\">sense text<\/a>)<\/li>\n\n\n\n<li class=\"has-black-color has-text-color has-link-color has-small-font-size wp-elements-9a31dd4a2de4b8db2630f34c7ddec13c\">Els oficis (l\u00e0mina <a href=\"https:\/\/projectes.xtec.cat\/aula-acollida\/wp-content\/uploads\/usu59\/2025\/09\/Viure-a-catalunya-lamina-amb-text-els-oficis.pdf\" target=\"_blank\" rel=\"noreferrer noopener\">amb text<\/a> i <a href=\"https:\/\/projectes.xtec.cat\/aula-acollida\/wp-content\/uploads\/usu59\/2025\/09\/Viure-a-catalunya-lamina-sense-text-els-oficis.pdf\" target=\"_blank\" rel=\"noreferrer noopener\">sense text<\/a>)<\/li>\n\n\n\n<li class=\"has-black-color has-text-color has-link-color has-small-font-size wp-elements-1634db1e02a91e331bba2395540b2900\">El centre c\u00edvic (l\u00e0mina <a href=\"https:\/\/projectes.xtec.cat\/aula-acollida\/wp-content\/uploads\/usu59\/2025\/07\/viure-a-catalunya-lamina-amb-text-el-centre-civic.pdf\" target=\"_blank\" rel=\"noreferrer noopener\">amb text<\/a> i <a href=\"https:\/\/projectes.xtec.cat\/aula-acollida\/wp-content\/uploads\/usu59\/2025\/07\/viure-a-catalunya-lamina-sense-text-el-centre-civic.pdf\" target=\"_blank\" rel=\"noreferrer noopener\">sense text<\/a>)<\/li>\n\n\n\n<li class=\"has-black-color has-text-color has-link-color has-small-font-size wp-elements-263de1b0aa9defcf5aba1b9f659c0e12\">El centre comercial (l\u00e0mina <a href=\"https:\/\/projectes.xtec.cat\/aula-acollida\/wp-content\/uploads\/usu59\/2025\/07\/viure-a-catalunya-lamina-amb-text-el-centre-comercial.pdf\" target=\"_blank\" rel=\"noreferrer noopener\">amb text<\/a> i <a href=\"https:\/\/projectes.xtec.cat\/aula-acollida\/wp-content\/uploads\/usu59\/2025\/07\/viure-a-catalunya-lamina-sense-text-el-centre-comercial.pdf\" target=\"_blank\" rel=\"noreferrer noopener\">sense text<\/a>)<\/li>\n<\/ul>\n\n\n\n<p class=\"has-black-color has-text-color has-link-color has-small-font-size wp-elements-04ca7fb757ea0e97aba48a3f07d9b3f5\">A la <a href=\"https:\/\/projectes.xtec.cat\/aula-acollida\/wp-content\/uploads\/usu59\/2025\/07\/guia-didactica-Viure-a-Catalunya-lamines.pdf\" target=\"_blank\" rel=\"noreferrer noopener\"><strong>guia did\u00e0ctica<\/strong><\/a> trobareu les indicacions necess\u00e0ries per utilitzar el recurs a l\u2019aula.<\/p>\n<\/details>\n\n\n\n<details class=\"wp-block-details has-ast-global-color-0-color has-text-color has-link-color has-medium-font-size wp-elements-98d5fc6b03700bb5ebe985fa27e41baa is-layout-flow wp-block-details-is-layout-flow\"><summary>Habilitat ling\u00fc\u00edstica \/ Nivell MECR \/ Etapa educativa<\/summary>\n<p class=\"has-black-color has-text-color has-link-color has-small-font-size wp-elements-5b9fca760b51cbbcb1cb821995ab0e4c\">Comprensi\u00f3 Oral &#8211; Expressi\u00f3 Oral &#8211; Comprensi\u00f3 Escrita &#8211; Expressi\u00f3 Escrita<\/p>\n\n\n\n<p class=\"has-black-color has-text-color has-link-color has-small-font-size wp-elements-12c832c0e58a865308eb42e12fca5918\">Nivell A1 &#8211; A2 &#8211; B1<\/p>\n\n\n\n<p class=\"has-black-color has-text-color has-link-color has-small-font-size wp-elements-b16bbc381c1fa3471a463e65585ded17\">Secund\u00e0ria<\/p>\n\n\n\n<p><\/p>\n<\/details>\n\n\n\n<div class=\"wp-block-columns is-layout-flex wp-container-core-columns-is-layout-13 wp-block-columns-is-layout-flex\">\n<div class=\"wp-block-column is-layout-flow wp-block-column-is-layout-flow\">\n<div class=\"wp-block-getwid-icon-box has-icon-left has-text-center\"><div class=\"wp-block-getwid-icon-box__icon-container is-position-top\"><div class=\"wp-block-getwid-icon-box__icon-wrapper has-text-color has-ast-global-color-0-color\" style=\"font-size:30px\"><i class=\"fas fa-print\"><\/i><\/div><\/div><div class=\"wp-block-getwid-icon-box__content\">\n<h3 class=\"wp-block-heading has-small-font-size\"><\/h3>\n\n\n\n<p><\/p>\n<\/div><\/div>\n<\/div>\n\n\n\n<div class=\"wp-block-column is-layout-flow wp-block-column-is-layout-flow\">\n<div class=\"wp-block-getwid-icon-box has-icon-left has-text-center\"><div class=\"wp-block-getwid-icon-box__icon-container is-position-top\"><div class=\"wp-block-getwid-icon-box__icon-wrapper has-text-color has-ast-global-color-0-color\" style=\"font-size:30px\"><i class=\"fas fa-file-pdf\"><\/i><\/div><\/div><div class=\"wp-block-getwid-icon-box__content\">\n<h3 class=\"wp-block-heading has-small-font-size\"><\/h3>\n\n\n\n<p><\/p>\n<\/div><\/div>\n<\/div>\n\n\n\n<div class=\"wp-block-column is-layout-flow wp-block-column-is-layout-flow\"><\/div>\n<\/div>\n<\/div><\/div>\n<\/div>\n\n\n\n<div class=\"wp-block-group wp-embed-aspect-16-9 wp-has-aspect-ratio is-layout-constrained wp-block-group-is-layout-constrained\" style=\"margin-top:0;margin-right:0;margin-bottom:0;margin-left:0\">\n<div class=\"wp-block-getwid-advanced-heading\"><span class=\"wp-block-getwid-advanced-heading__content has-text-color has-white-color has-background has-ast-global-color-0-background-color\" style=\"text-align:left\"><strong>Viure a Catalunya<\/strong>. Vocabulari en imatges<\/span><\/div>\n\n\n\n<div class=\"wp-block-media-text is-stacked-on-mobile\" style=\"margin-top:var(--wp--preset--spacing--30);margin-bottom:var(--wp--preset--spacing--30);grid-template-columns:16% auto\"><figure class=\"wp-block-media-text__media\"><a href=\"https:\/\/projectes.xtec.cat\/aula-acollida\/wp-content\/uploads\/usu59\/2025\/09\/Viure-a-Catalunya.-Vocabulari-en-imatges.pdf\" target=\"_blank\" rel=\" noreferrer noopener\"><img loading=\"lazy\" decoding=\"async\" width=\"349\" height=\"502\" src=\"https:\/\/projectes.xtec.cat\/aula-acollida\/wp-content\/uploads\/usu59\/2025\/09\/Viure-a-Catalunya.-Vocabulari-en-imatges.png\" alt=\"\" class=\"wp-image-9578 size-full\" srcset=\"https:\/\/projectes.xtec.cat\/aula-acollida\/wp-content\/uploads\/usu59\/2025\/09\/Viure-a-Catalunya.-Vocabulari-en-imatges.png 349w, https:\/\/projectes.xtec.cat\/aula-acollida\/wp-content\/uploads\/usu59\/2025\/09\/Viure-a-Catalunya.-Vocabulari-en-imatges-209x300.png 209w\" sizes=\"auto, (max-width: 349px) 100vw, 349px\" \/><\/a><\/figure><div class=\"wp-block-media-text__content\">\n<details class=\"wp-block-details has-ast-global-color-0-color has-text-color has-link-color has-medium-font-size wp-elements-b66ea83df3d85530d55d8d52a7d1c4b5 is-layout-flow wp-block-details-is-layout-flow\"><summary>Descripci\u00f3<\/summary>\n<p class=\"has-black-color has-text-color has-link-color has-small-font-size wp-elements-d41b1a88afe9f9e31ae9f60f61e82eb3\">Aquest <a href=\"https:\/\/projectes.xtec.cat\/aula-acollida\/wp-content\/uploads\/usu59\/2025\/09\/Viure-a-Catalunya.-Vocabulari-en-imatges.pdf\" target=\"_blank\" rel=\"noreferrer noopener\"><strong>recurs<\/strong> <\/a>de vocabulari b\u00e0sic en imatges que s\u2019adre\u00e7a a les persones que acaben d\u2019arribar a Catalunya i no coneixen la llengua catalana. T\u00e9 dues parts: una primera part de vocabulari en imatges i una segona part integrada per una guia de conversa molt breu. El vocabulari t\u00e9 m\u00e9s de 1.000 paraules en catal\u00e0, que apareixen associades a una il\u00b7lustraci\u00f3 i estan agrupades per temes (l\u2019escola bressol, l\u2019escola d\u2019adults, la farm\u00e0cia, les herbes i les esp\u00e8cies, els \u00e0pats, etc.). El centre d\u2019inter\u00e8s a qu\u00e8 correspon cada l\u00e0mina es troba en catal\u00e0, castell\u00e0, franc\u00e8s, angl\u00e8s, itali\u00e0, alemany, \u00e0rab, xin\u00e8s, ucra\u00efn\u00e8s i rus. Inclou un mapa comarcal i un mapamundi.<\/p>\n\n\n\n<p class=\"has-black-color has-text-color has-link-color has-small-font-size wp-elements-c4df2cb1d8120f5764d7a15122b85783\"><\/p>\n<\/details>\n\n\n\n<details class=\"wp-block-details has-ast-global-color-0-color has-text-color has-link-color has-medium-font-size wp-elements-98d5fc6b03700bb5ebe985fa27e41baa is-layout-flow wp-block-details-is-layout-flow\"><summary>Habilitat ling\u00fc\u00edstica \/ Nivell MECR \/ Etapa educativa<\/summary>\n<p class=\"has-black-color has-text-color has-link-color has-small-font-size wp-elements-5b9fca760b51cbbcb1cb821995ab0e4c\">Comprensi\u00f3 Oral &#8211; Expressi\u00f3 Oral &#8211; Comprensi\u00f3 Escrita &#8211; Expressi\u00f3 Escrita<\/p>\n\n\n\n<p class=\"has-black-color has-text-color has-link-color has-small-font-size wp-elements-12c832c0e58a865308eb42e12fca5918\">Nivell A1 &#8211; A2 &#8211; B1<\/p>\n\n\n\n<p class=\"has-black-color has-text-color has-link-color has-small-font-size wp-elements-b16bbc381c1fa3471a463e65585ded17\">Secund\u00e0ria<\/p>\n\n\n\n<p><\/p>\n<\/details>\n\n\n\n<div class=\"wp-block-columns is-layout-flex wp-container-core-columns-is-layout-14 wp-block-columns-is-layout-flex\">\n<div class=\"wp-block-column is-layout-flow wp-block-column-is-layout-flow\">\n<div class=\"wp-block-getwid-icon-box has-icon-left has-text-center\"><div class=\"wp-block-getwid-icon-box__icon-container is-position-top\"><div class=\"wp-block-getwid-icon-box__icon-wrapper has-text-color has-ast-global-color-0-color\" style=\"font-size:30px\"><i class=\"fas fa-print\"><\/i><\/div><\/div><div class=\"wp-block-getwid-icon-box__content\">\n<h3 class=\"wp-block-heading has-small-font-size\"><\/h3>\n\n\n\n<p><\/p>\n<\/div><\/div>\n<\/div>\n\n\n\n<div class=\"wp-block-column is-layout-flow wp-block-column-is-layout-flow\">\n<div class=\"wp-block-getwid-icon-box has-icon-left has-text-center\"><div class=\"wp-block-getwid-icon-box__icon-container is-position-top\"><div class=\"wp-block-getwid-icon-box__icon-wrapper has-text-color has-ast-global-color-0-color\" style=\"font-size:30px\"><i class=\"fas fa-file-pdf\"><\/i><\/div><\/div><div class=\"wp-block-getwid-icon-box__content\">\n<h3 class=\"wp-block-heading has-small-font-size\"><\/h3>\n\n\n\n<p><\/p>\n<\/div><\/div>\n<\/div>\n\n\n\n<div class=\"wp-block-column is-layout-flow wp-block-column-is-layout-flow\"><\/div>\n<\/div>\n<\/div><\/div>\n<\/div>\n\n\n\n<div class=\"wp-block-group wp-embed-aspect-16-9 wp-has-aspect-ratio is-layout-constrained wp-block-group-is-layout-constrained\" style=\"margin-top:0;margin-right:0;margin-bottom:0;margin-left:0\">\n<div class=\"wp-block-getwid-advanced-heading\"><span class=\"wp-block-getwid-advanced-heading__content has-text-color has-black-color has-background has-luminous-vivid-amber-background-color\" style=\"text-align:left\"><strong>112 accions<\/strong><\/span><\/div>\n\n\n\n<div class=\"wp-block-media-text is-stacked-on-mobile\" style=\"margin-top:var(--wp--preset--spacing--30);margin-bottom:var(--wp--preset--spacing--30);grid-template-columns:16% auto\"><figure class=\"wp-block-media-text__media\"><a href=\"https:\/\/projectes.xtec.cat\/aula-acollida\/wp-content\/uploads\/usu59\/2025\/11\/Domino-accions.pdf\" target=\"_blank\" rel=\" noreferrer noopener\"><img loading=\"lazy\" decoding=\"async\" width=\"805\" height=\"616\" src=\"https:\/\/projectes.xtec.cat\/aula-acollida\/wp-content\/uploads\/usu59\/2025\/11\/112-accions.png\" alt=\"\" class=\"wp-image-10147 size-full\" srcset=\"https:\/\/projectes.xtec.cat\/aula-acollida\/wp-content\/uploads\/usu59\/2025\/11\/112-accions.png 805w, https:\/\/projectes.xtec.cat\/aula-acollida\/wp-content\/uploads\/usu59\/2025\/11\/112-accions-300x230.png 300w, https:\/\/projectes.xtec.cat\/aula-acollida\/wp-content\/uploads\/usu59\/2025\/11\/112-accions-768x588.png 768w\" sizes=\"auto, (max-width: 805px) 100vw, 805px\" \/><\/a><\/figure><div class=\"wp-block-media-text__content\">\n<details class=\"wp-block-details has-ast-global-color-0-color has-text-color has-link-color has-medium-font-size wp-elements-209a72b0348ba7e42a3bf4342c18fc5a is-layout-flow wp-block-details-is-layout-flow\"><summary>Descripci\u00f3<\/summary>\n<p class=\"has-black-color has-text-color has-link-color has-small-font-size wp-elements-0655a642576cfb8c14fcc39172c02631\">Proposta did\u00e0ctica per a treballar diferents estructures verbals a partir d\u2019un recull de dibuixos que representen les accions m\u00e9s habituals. Es tracta d\u2019un suport visual per dur a terme, a trav\u00e9s del joc, propostes did\u00e0ctiques per al treball de llengua amb l\u2019alumnat nouvingut.<\/p>\n\n\n\n<p class=\"has-black-color has-text-color has-link-color has-small-font-size wp-elements-ccee1017485bb900172d250877fdc82c\">Als &#8220;cartronets&#8221; hi ha representades les accions m\u00e9s habituals, es proposa d\u2019utilitzar-los de manera l\u00fadica com a recurs metodol\u00f2gic per tal d\u2019adquirir estrat\u00e8gies de comprensi\u00f3 i expressi\u00f3. <\/p>\n\n\n\n<ul class=\"wp-block-list\">\n<li class=\"has-black-color has-text-color has-link-color has-small-font-size wp-elements-3899e0a4232c620a2b36617f7f32308a\"><a href=\"https:\/\/projectes.xtec.cat\/aula-acollida\/wp-content\/uploads\/usu59\/2025\/11\/Domino-accions.pdf\" target=\"_blank\" rel=\"noreferrer noopener\"><strong>D\u00f2mino<\/strong><\/a><\/li>\n\n\n\n<li class=\"has-black-color has-text-color has-link-color has-small-font-size wp-elements-f57299ba347d6ede4da30033d81375ea\"><strong><a href=\"https:\/\/projectes.xtec.cat\/aula-acollida\/wp-content\/uploads\/usu59\/2025\/11\/Domino_instruccions.pdf\" target=\"_blank\" rel=\"noreferrer noopener\">Instuccions<\/a><\/strong><\/li>\n\n\n\n<li class=\"has-black-color has-text-color has-link-color has-small-font-size wp-elements-ce8676cbb6aba31d751ea6d99bc79531\"><strong><a href=\"https:\/\/projectes.xtec.cat\/aula-acollida\/wp-content\/uploads\/usu59\/2025\/11\/Accions_a-d-lligada.pdf\" target=\"_blank\" rel=\"noreferrer noopener\">Cartronets accions A-D lletra lligada<\/a><\/strong><\/li>\n\n\n\n<li class=\"has-black-color has-text-color has-link-color has-small-font-size wp-elements-be1c82c3cd145891fd68486d0375231f\"><strong><a href=\"https:\/\/projectes.xtec.cat\/aula-acollida\/wp-content\/uploads\/usu59\/2025\/11\/Accions_a-d-impremta.pdf\" target=\"_blank\" rel=\"noreferrer noopener\">Cartronets accions A-D lletra d&#8217;impremta<\/a><\/strong><\/li>\n\n\n\n<li class=\"has-black-color has-text-color has-link-color has-small-font-size wp-elements-3294ff6be7b6cb9745ea99e8dbb59ece\"><strong><a href=\"https:\/\/projectes.xtec.cat\/aula-acollida\/wp-content\/uploads\/usu59\/2025\/11\/Accions_d-n-lligada.pdf\" target=\"_blank\" rel=\"noreferrer noopener\">Cartronets accions D-N lletra lligada<\/a><\/strong><\/li>\n\n\n\n<li class=\"has-black-color has-text-color has-link-color has-small-font-size wp-elements-1839e0a97da82806e9949a65a5c3ebe2\"><strong><a href=\"https:\/\/projectes.xtec.cat\/aula-acollida\/wp-content\/uploads\/usu59\/2025\/11\/Accions_d-n-impremta.pdf\" target=\"_blank\" rel=\"noreferrer noopener\">Cartronets accions D-N lletra d&#8217;impremta<\/a><\/strong><\/li>\n\n\n\n<li class=\"has-black-color has-text-color has-link-color has-small-font-size wp-elements-600c1081b908e05ce552214cb9774449\"><strong><a href=\"https:\/\/projectes.xtec.cat\/aula-acollida\/wp-content\/uploads\/usu59\/2025\/11\/Accions_n-x-lligada.pdf\" target=\"_blank\" rel=\"noreferrer noopener\">Cartronets accions N-X lletra lligada<\/a><\/strong><\/li>\n\n\n\n<li class=\"has-black-color has-text-color has-link-color has-small-font-size wp-elements-be318be96c008d344b68e6e2d4dae5c1\"><strong><a href=\"https:\/\/projectes.xtec.cat\/aula-acollida\/wp-content\/uploads\/usu59\/2025\/11\/Accions_n-x-impremta.pdf\" target=\"_blank\" rel=\"noreferrer noopener\">Cartronets accions N-X lletra d&#8217;impremta<\/a><\/strong><\/li>\n<\/ul>\n\n\n\n<p><\/p>\n<\/details>\n\n\n\n<details class=\"wp-block-details has-ast-global-color-0-color has-text-color has-link-color has-medium-font-size wp-elements-dc0dad9ef670955e7479b15b9fae0fff is-layout-flow wp-block-details-is-layout-flow\"><summary>Habilitat ling\u00fc\u00edstica \/ Nivell MECR \/ Etapa educativa<\/summary>\n<p class=\"has-black-color has-text-color has-link-color has-small-font-size wp-elements-e5da8760e35645cd6bb562b7f36b614e\">Comprensi\u00f3 Oral &#8211; Expressi\u00f3 Oral &#8211; Expressi\u00f3 Escrita<\/p>\n\n\n\n<p class=\"has-black-color has-text-color has-link-color has-small-font-size wp-elements-a9789019582492e2d0fde128867ad93e\">Nivell A1 <\/p>\n\n\n\n<p class=\"has-black-color has-text-color has-link-color has-small-font-size wp-elements-4b76d808cb1df8758cb5ff1ea34c1c23\">Prim\u00e0ria i Secund\u00e0ria<\/p>\n\n\n\n<p><\/p>\n<\/details>\n\n\n\n<div class=\"wp-block-columns is-layout-flex wp-container-core-columns-is-layout-15 wp-block-columns-is-layout-flex\">\n<div class=\"wp-block-column is-layout-flow wp-block-column-is-layout-flow\">\n<div class=\"wp-block-getwid-icon-box has-icon-left has-text-center\"><div class=\"wp-block-getwid-icon-box__icon-container is-position-top\"><div class=\"wp-block-getwid-icon-box__icon-wrapper has-text-color has-ast-global-color-0-color\" style=\"font-size:30px\"><i class=\"fas fa-print\"><\/i><\/div><\/div><div class=\"wp-block-getwid-icon-box__content\">\n<h3 class=\"wp-block-heading has-small-font-size\"><\/h3>\n\n\n\n<p><\/p>\n\n\n\n<div class=\"wp-block-getwid-icon\"><div class=\"wp-block-getwid-icon__wrapper\"><i class=\"\"><\/i><\/div><\/div>\n<\/div><\/div>\n<\/div>\n\n\n\n<div class=\"wp-block-column is-layout-flow wp-block-column-is-layout-flow\">\n<div class=\"wp-block-getwid-icon-box has-icon-left has-text-center\"><div class=\"wp-block-getwid-icon-box__icon-container is-position-top\"><div class=\"wp-block-getwid-icon-box__icon-wrapper has-text-color has-ast-global-color-0-color\" style=\"font-size:30px\"><i class=\"fas fa-file-pdf\"><\/i><\/div><\/div><div class=\"wp-block-getwid-icon-box__content\">\n<h3 class=\"wp-block-heading has-small-font-size\"><\/h3>\n\n\n\n<p><\/p>\n<\/div><\/div>\n<\/div>\n\n\n\n<div class=\"wp-block-column is-layout-flow wp-block-column-is-layout-flow\">\n<div class=\"wp-block-media-text is-stacked-on-mobile\" style=\"padding-top:var(--wp--preset--spacing--20);padding-bottom:var(--wp--preset--spacing--20);grid-template-columns:16% auto\"><figure class=\"wp-block-media-text__media\"><img loading=\"lazy\" decoding=\"async\" width=\"1024\" height=\"1024\" src=\"https:\/\/projectes.xtec.cat\/aula-acollida\/wp-content\/uploads\/usu59\/2025\/09\/Publicacions-instagram-acollida2-1-1024x1024.png\" alt=\"\" class=\"wp-image-9773 size-full\" srcset=\"https:\/\/projectes.xtec.cat\/aula-acollida\/wp-content\/uploads\/usu59\/2025\/09\/Publicacions-instagram-acollida2-1-1024x1024.png 1024w, https:\/\/projectes.xtec.cat\/aula-acollida\/wp-content\/uploads\/usu59\/2025\/09\/Publicacions-instagram-acollida2-1-300x300.png 300w, https:\/\/projectes.xtec.cat\/aula-acollida\/wp-content\/uploads\/usu59\/2025\/09\/Publicacions-instagram-acollida2-1-150x150.png 150w, https:\/\/projectes.xtec.cat\/aula-acollida\/wp-content\/uploads\/usu59\/2025\/09\/Publicacions-instagram-acollida2-1-768x768.png 768w, https:\/\/projectes.xtec.cat\/aula-acollida\/wp-content\/uploads\/usu59\/2025\/09\/Publicacions-instagram-acollida2-1.png 1080w\" sizes=\"auto, (max-width: 1024px) 100vw, 1024px\" \/><\/figure><div class=\"wp-block-media-text__content\">\n<p><\/p>\n<\/div><\/div>\n<\/div>\n<\/div>\n<\/div><\/div>\n<\/div>\n\n\n\n<div class=\"wp-block-group wp-embed-aspect-16-9 wp-has-aspect-ratio is-layout-constrained wp-block-group-is-layout-constrained\" style=\"margin-top:0;margin-right:0;margin-bottom:0;margin-left:0\">\n<div class=\"wp-block-getwid-advanced-heading\"><span class=\"wp-block-getwid-advanced-heading__content has-text-color has-black-color has-background has-luminous-vivid-amber-background-color\" style=\"text-align:left\"><strong>Conte ve, mentida va<\/strong>. La literatura oral com a recurs did\u00e0ctic <\/span><\/div>\n\n\n\n<div class=\"wp-block-media-text is-stacked-on-mobile\" style=\"margin-top:var(--wp--preset--spacing--30);margin-bottom:var(--wp--preset--spacing--30);grid-template-columns:16% auto\"><figure class=\"wp-block-media-text__media\"><a href=\"https:\/\/projectes.xtec.cat\/acollidasuport\/general\/conte-va-llengua-ve-aprendre-catala-explicant-histories-la-literatura-oral-com-a-recurs-didactic-a-les-aules-dacollida\/\" target=\"_blank\" rel=\" noreferrer noopener\"><img loading=\"lazy\" decoding=\"async\" width=\"1024\" height=\"1024\" src=\"https:\/\/projectes.xtec.cat\/aula-acollida\/wp-content\/uploads\/usu59\/2025\/09\/Publicacions-instagram-acollida4-1024x1024.png\" alt=\"\" class=\"wp-image-9774 size-full\" srcset=\"https:\/\/projectes.xtec.cat\/aula-acollida\/wp-content\/uploads\/usu59\/2025\/09\/Publicacions-instagram-acollida4-1024x1024.png 1024w, https:\/\/projectes.xtec.cat\/aula-acollida\/wp-content\/uploads\/usu59\/2025\/09\/Publicacions-instagram-acollida4-300x300.png 300w, https:\/\/projectes.xtec.cat\/aula-acollida\/wp-content\/uploads\/usu59\/2025\/09\/Publicacions-instagram-acollida4-150x150.png 150w, https:\/\/projectes.xtec.cat\/aula-acollida\/wp-content\/uploads\/usu59\/2025\/09\/Publicacions-instagram-acollida4-768x768.png 768w, https:\/\/projectes.xtec.cat\/aula-acollida\/wp-content\/uploads\/usu59\/2025\/09\/Publicacions-instagram-acollida4.png 1080w\" sizes=\"auto, (max-width: 1024px) 100vw, 1024px\" \/><\/a><\/figure><div class=\"wp-block-media-text__content\">\n<details class=\"wp-block-details has-ast-global-color-0-color has-text-color has-link-color has-medium-font-size wp-elements-d487e759275aa5d6feb5b726a04e20f5 is-layout-flow wp-block-details-is-layout-flow\"><summary>Descripci\u00f3<\/summary>\n<p class=\"has-black-color has-text-color has-link-color has-small-font-size wp-elements-e8e1550cb9e2fe81577d71d6c4d44fc4\">En <strong><a href=\"https:\/\/projectes.xtec.cat\/acollidasuport\/general\/conte-va-llengua-ve-aprendre-catala-explicant-histories-la-literatura-oral-com-a-recurs-didactic-a-les-aules-dacollida\/\" target=\"_blank\" rel=\"noreferrer noopener\">aquest article<\/a><\/strong> trobareu un dossier did\u00e0ctic, dos contes adaptats, els arxius d&#8217;\u00e0udio dels contes, un joc de 16 cartes i un joc de 37 fotografies, que us permetr\u00e0 treballar la literatura oral com a recurs did\u00e0ctic a l&#8217;aula d&#8217;acollida. Tots els documents es poden descarregar.<\/p>\n\n\n\n<p class=\"has-black-color has-text-color has-link-color has-small-font-size wp-elements-c4df2cb1d8120f5764d7a15122b85783\"><\/p>\n<\/details>\n\n\n\n<details class=\"wp-block-details has-ast-global-color-0-color has-text-color has-link-color has-medium-font-size wp-elements-c5d2ca06854f6020de46e3531a21e715 is-layout-flow wp-block-details-is-layout-flow\"><summary>Habilitat ling\u00fc\u00edstica \/ Nivell MECR \/ Etapa educativa<\/summary>\n<p class=\"has-black-color has-text-color has-link-color has-small-font-size wp-elements-b9f1d34e86980188550a9ea01d93d85b\">Comprensi\u00f3 Oral &#8211; Expressi\u00f3 Oral <\/p>\n\n\n\n<p class=\"has-black-color has-text-color has-link-color has-small-font-size wp-elements-12c832c0e58a865308eb42e12fca5918\">Nivell A1 &#8211; A2 &#8211; B1<\/p>\n\n\n\n<p class=\"has-black-color has-text-color has-link-color has-small-font-size wp-elements-b16bbc381c1fa3471a463e65585ded17\">Secund\u00e0ria<\/p>\n\n\n\n<p><\/p>\n<\/details>\n\n\n\n<div class=\"wp-block-columns is-layout-flex wp-container-core-columns-is-layout-16 wp-block-columns-is-layout-flex\">\n<div class=\"wp-block-column is-layout-flow wp-block-column-is-layout-flow\">\n<div class=\"wp-block-getwid-icon-box has-icon-left has-text-center\"><div class=\"wp-block-getwid-icon-box__icon-container is-position-top\"><div class=\"wp-block-getwid-icon-box__icon-wrapper has-text-color has-ast-global-color-0-color\" style=\"font-size:30px\"><i class=\"fas fa-print\"><\/i><\/div><\/div><div class=\"wp-block-getwid-icon-box__content\">\n<h3 class=\"wp-block-heading has-small-font-size\"><\/h3>\n\n\n\n<p><\/p>\n\n\n\n<div class=\"wp-block-getwid-icon\"><div class=\"wp-block-getwid-icon__wrapper\"><i class=\"\"><\/i><\/div><\/div>\n<\/div><\/div>\n<\/div>\n\n\n\n<div class=\"wp-block-column is-layout-flow wp-block-column-is-layout-flow\">\n<div class=\"wp-block-getwid-icon-box has-icon-left has-text-center\"><div class=\"wp-block-getwid-icon-box__icon-container is-position-top\"><div class=\"wp-block-getwid-icon-box__icon-wrapper has-text-color has-ast-global-color-0-color\" style=\"font-size:30px\"><i class=\"fas fa-file-pdf\"><\/i><\/div><\/div><div class=\"wp-block-getwid-icon-box__content\">\n<h3 class=\"wp-block-heading has-small-font-size\"><\/h3>\n\n\n\n<p><\/p>\n<\/div><\/div>\n<\/div>\n\n\n\n<div class=\"wp-block-column is-layout-flow wp-block-column-is-layout-flow\">\n<div class=\"wp-block-media-text is-stacked-on-mobile\" style=\"padding-top:var(--wp--preset--spacing--20);padding-bottom:var(--wp--preset--spacing--20);grid-template-columns:20% auto\"><figure class=\"wp-block-media-text__media\"><img loading=\"lazy\" decoding=\"async\" width=\"1024\" height=\"1024\" src=\"https:\/\/projectes.xtec.cat\/aula-acollida\/wp-content\/uploads\/usu59\/2025\/09\/Publicacions-instagram-acollida2-1-1024x1024.png\" alt=\"\" class=\"wp-image-9773 size-full\" srcset=\"https:\/\/projectes.xtec.cat\/aula-acollida\/wp-content\/uploads\/usu59\/2025\/09\/Publicacions-instagram-acollida2-1-1024x1024.png 1024w, https:\/\/projectes.xtec.cat\/aula-acollida\/wp-content\/uploads\/usu59\/2025\/09\/Publicacions-instagram-acollida2-1-300x300.png 300w, https:\/\/projectes.xtec.cat\/aula-acollida\/wp-content\/uploads\/usu59\/2025\/09\/Publicacions-instagram-acollida2-1-150x150.png 150w, https:\/\/projectes.xtec.cat\/aula-acollida\/wp-content\/uploads\/usu59\/2025\/09\/Publicacions-instagram-acollida2-1-768x768.png 768w, https:\/\/projectes.xtec.cat\/aula-acollida\/wp-content\/uploads\/usu59\/2025\/09\/Publicacions-instagram-acollida2-1.png 1080w\" sizes=\"auto, (max-width: 1024px) 100vw, 1024px\" \/><\/figure><div class=\"wp-block-media-text__content\">\n<p><\/p>\n<\/div><\/div>\n<\/div>\n\n\n\n<div class=\"wp-block-column is-layout-flow wp-block-column-is-layout-flow\">\n<div class=\"wp-block-media-text is-stacked-on-mobile\" style=\"grid-template-columns:19% auto\"><figure class=\"wp-block-media-text__media\"><img loading=\"lazy\" decoding=\"async\" width=\"40\" height=\"48\" src=\"https:\/\/projectes.xtec.cat\/aula-acollida\/wp-content\/uploads\/usu59\/2025\/08\/logo-audio.png\" alt=\"\" class=\"wp-image-9276 size-full\"\/><\/figure><div class=\"wp-block-media-text__content\">\n<p><\/p>\n<\/div><\/div>\n<\/div>\n<\/div>\n<\/div><\/div>\n<\/div>\n\n\n\n<div class=\"wp-block-group wp-embed-aspect-16-9 wp-has-aspect-ratio is-layout-constrained wp-block-group-is-layout-constrained\" style=\"margin-top:0;margin-right:0;margin-bottom:0;margin-left:0\">\n<div class=\"wp-block-getwid-advanced-heading\"><span class=\"wp-block-getwid-advanced-heading__content has-text-color has-black-color has-background has-luminous-vivid-amber-background-color\" style=\"text-align:left\"><strong>Preguntar i respondre<\/strong>. L&#8217;entrevista<\/span><\/div>\n\n\n\n<div class=\"wp-block-media-text is-stacked-on-mobile\" style=\"margin-top:var(--wp--preset--spacing--30);margin-bottom:var(--wp--preset--spacing--30);grid-template-columns:16% auto\"><figure class=\"wp-block-media-text__media\"><a href=\"https:\/\/projectes.xtec.cat\/acollidasuport\/general\/conte-va-llengua-ve-aprendre-catala-explicant-histories-la-literatura-oral-com-a-recurs-didactic-a-les-aules-dacollida\/\" target=\"_blank\" rel=\" noreferrer noopener\"><img loading=\"lazy\" decoding=\"async\" width=\"1024\" height=\"1024\" src=\"https:\/\/projectes.xtec.cat\/aula-acollida\/wp-content\/uploads\/usu59\/2025\/09\/Publicacions-instagram-acollida5-1024x1024.png\" alt=\"\" class=\"wp-image-9779 size-full\" srcset=\"https:\/\/projectes.xtec.cat\/aula-acollida\/wp-content\/uploads\/usu59\/2025\/09\/Publicacions-instagram-acollida5-1024x1024.png 1024w, https:\/\/projectes.xtec.cat\/aula-acollida\/wp-content\/uploads\/usu59\/2025\/09\/Publicacions-instagram-acollida5-300x300.png 300w, https:\/\/projectes.xtec.cat\/aula-acollida\/wp-content\/uploads\/usu59\/2025\/09\/Publicacions-instagram-acollida5-150x150.png 150w, https:\/\/projectes.xtec.cat\/aula-acollida\/wp-content\/uploads\/usu59\/2025\/09\/Publicacions-instagram-acollida5-768x768.png 768w, https:\/\/projectes.xtec.cat\/aula-acollida\/wp-content\/uploads\/usu59\/2025\/09\/Publicacions-instagram-acollida5.png 1080w\" sizes=\"auto, (max-width: 1024px) 100vw, 1024px\" \/><\/a><\/figure><div class=\"wp-block-media-text__content\">\n<details class=\"wp-block-details has-ast-global-color-0-color has-text-color has-link-color has-medium-font-size wp-elements-419d316f20d5e96be2e36dd077427d94 is-layout-flow wp-block-details-is-layout-flow\"><summary>Descripci\u00f3<\/summary>\n<p class=\"has-black-color has-text-color has-link-color has-small-font-size wp-elements-4fda456ddbefc0580be88807fc35ebfb\">En <strong><a href=\"https:\/\/projectes.xtec.cat\/acollidasuport\/general\/preguntar-i-respondre-una-proposta-didactica-del-genere-de-lentrevista-per-a-cicle-superior-de-primaria-i-eso\/\" target=\"_blank\" rel=\"noreferrer noopener\">aquest article<\/a><\/strong> trobareu un dossier did\u00e0ctic, una proposta d&#8217;activitats, jocs de cartes i jocs de fotografies que us permetran treballar l&#8217;oralitat a partir del g\u00e8nere de l&#8217;entrevista. Tots els documents es poden descarregar.<\/p>\n\n\n\n<p class=\"has-black-color has-text-color has-link-color has-small-font-size wp-elements-c4df2cb1d8120f5764d7a15122b85783\"><\/p>\n<\/details>\n\n\n\n<details class=\"wp-block-details has-ast-global-color-0-color has-text-color has-link-color has-medium-font-size wp-elements-c5d2ca06854f6020de46e3531a21e715 is-layout-flow wp-block-details-is-layout-flow\"><summary>Habilitat ling\u00fc\u00edstica \/ Nivell MECR \/ Etapa educativa<\/summary>\n<p class=\"has-black-color has-text-color has-link-color has-small-font-size wp-elements-b9f1d34e86980188550a9ea01d93d85b\">Comprensi\u00f3 Oral &#8211; Expressi\u00f3 Oral <\/p>\n\n\n\n<p class=\"has-black-color has-text-color has-link-color has-small-font-size wp-elements-12c832c0e58a865308eb42e12fca5918\">Nivell A1 &#8211; A2 &#8211; B1<\/p>\n\n\n\n<p class=\"has-black-color has-text-color has-link-color has-small-font-size wp-elements-b16bbc381c1fa3471a463e65585ded17\">Secund\u00e0ria<\/p>\n\n\n\n<p><\/p>\n<\/details>\n\n\n\n<div class=\"wp-block-columns is-layout-flex wp-container-core-columns-is-layout-17 wp-block-columns-is-layout-flex\">\n<div class=\"wp-block-column is-layout-flow wp-block-column-is-layout-flow\">\n<div class=\"wp-block-getwid-icon-box has-icon-left has-text-center\"><div class=\"wp-block-getwid-icon-box__icon-container is-position-top\"><div class=\"wp-block-getwid-icon-box__icon-wrapper has-text-color has-ast-global-color-0-color\" style=\"font-size:30px\"><i class=\"fas fa-print\"><\/i><\/div><\/div><div class=\"wp-block-getwid-icon-box__content\">\n<h3 class=\"wp-block-heading has-small-font-size\"><\/h3>\n\n\n\n<p><\/p>\n\n\n\n<div class=\"wp-block-getwid-icon\"><div class=\"wp-block-getwid-icon__wrapper\"><i class=\"\"><\/i><\/div><\/div>\n<\/div><\/div>\n<\/div>\n\n\n\n<div class=\"wp-block-column is-layout-flow wp-block-column-is-layout-flow\">\n<div class=\"wp-block-getwid-icon-box has-icon-left has-text-center\"><div class=\"wp-block-getwid-icon-box__icon-container is-position-top\"><div class=\"wp-block-getwid-icon-box__icon-wrapper has-text-color has-ast-global-color-0-color\" style=\"font-size:30px\"><i class=\"fas fa-file-pdf\"><\/i><\/div><\/div><div class=\"wp-block-getwid-icon-box__content\">\n<h3 class=\"wp-block-heading has-small-font-size\"><\/h3>\n\n\n\n<p><\/p>\n<\/div><\/div>\n<\/div>\n\n\n\n<div class=\"wp-block-column is-layout-flow wp-block-column-is-layout-flow\">\n<div class=\"wp-block-media-text is-stacked-on-mobile\" style=\"padding-top:var(--wp--preset--spacing--20);padding-bottom:var(--wp--preset--spacing--20);grid-template-columns:16% auto\"><figure class=\"wp-block-media-text__media\"><img loading=\"lazy\" decoding=\"async\" width=\"1024\" height=\"1024\" src=\"https:\/\/projectes.xtec.cat\/aula-acollida\/wp-content\/uploads\/usu59\/2025\/09\/Publicacions-instagram-acollida2-1-1024x1024.png\" alt=\"\" class=\"wp-image-9773 size-full\" srcset=\"https:\/\/projectes.xtec.cat\/aula-acollida\/wp-content\/uploads\/usu59\/2025\/09\/Publicacions-instagram-acollida2-1-1024x1024.png 1024w, https:\/\/projectes.xtec.cat\/aula-acollida\/wp-content\/uploads\/usu59\/2025\/09\/Publicacions-instagram-acollida2-1-300x300.png 300w, https:\/\/projectes.xtec.cat\/aula-acollida\/wp-content\/uploads\/usu59\/2025\/09\/Publicacions-instagram-acollida2-1-150x150.png 150w, https:\/\/projectes.xtec.cat\/aula-acollida\/wp-content\/uploads\/usu59\/2025\/09\/Publicacions-instagram-acollida2-1-768x768.png 768w, https:\/\/projectes.xtec.cat\/aula-acollida\/wp-content\/uploads\/usu59\/2025\/09\/Publicacions-instagram-acollida2-1.png 1080w\" sizes=\"auto, (max-width: 1024px) 100vw, 1024px\" \/><\/figure><div class=\"wp-block-media-text__content\">\n<p><\/p>\n<\/div><\/div>\n<\/div>\n<\/div>\n<\/div><\/div>\n<\/div>\n\n\n\n<div class=\"wp-block-group wp-embed-aspect-16-9 wp-has-aspect-ratio is-layout-constrained wp-block-group-is-layout-constrained\" style=\"margin-top:0;margin-right:0;margin-bottom:0;margin-left:0\">\n<div class=\"wp-block-getwid-advanced-heading\"><span class=\"wp-block-getwid-advanced-heading__content has-text-color has-black-color has-background has-luminous-vivid-amber-background-color\" style=\"text-align:left\"><strong>Llenguajocs<\/strong>. Descobrim un missatge secret!<\/span><\/div>\n\n\n\n<div class=\"wp-block-media-text is-stacked-on-mobile\" style=\"margin-top:var(--wp--preset--spacing--30);margin-bottom:var(--wp--preset--spacing--30);grid-template-columns:16% auto\"><figure class=\"wp-block-media-text__media\"><a href=\"https:\/\/projectes.xtec.cat\/acollidasuport\/general\/el-joc-descobrim-un-missatge-secret-per-treballar-la-llengua-escrita\/\" target=\"_blank\" rel=\" noreferrer noopener\"><img loading=\"lazy\" decoding=\"async\" width=\"997\" height=\"712\" src=\"https:\/\/projectes.xtec.cat\/aula-acollida\/wp-content\/uploads\/usu59\/2025\/09\/llenguajocs-Descobrim-un-missatge.png\" alt=\"\" class=\"wp-image-9841 size-full\" srcset=\"https:\/\/projectes.xtec.cat\/aula-acollida\/wp-content\/uploads\/usu59\/2025\/09\/llenguajocs-Descobrim-un-missatge.png 997w, https:\/\/projectes.xtec.cat\/aula-acollida\/wp-content\/uploads\/usu59\/2025\/09\/llenguajocs-Descobrim-un-missatge-300x214.png 300w, https:\/\/projectes.xtec.cat\/aula-acollida\/wp-content\/uploads\/usu59\/2025\/09\/llenguajocs-Descobrim-un-missatge-768x548.png 768w\" sizes=\"auto, (max-width: 997px) 100vw, 997px\" \/><\/a><\/figure><div class=\"wp-block-media-text__content\">\n<details class=\"wp-block-details has-ast-global-color-0-color has-text-color has-link-color has-medium-font-size wp-elements-816ad3204ff664df6725ce799a83357b is-layout-flow wp-block-details-is-layout-flow\"><summary>Descripci\u00f3<\/summary>\n<p class=\"has-black-color has-text-color has-link-color has-small-font-size wp-elements-7a723734d78cc20f58b44784026ec9fa\">En <strong><a href=\"https:\/\/projectes.xtec.cat\/acollidasuport\/general\/el-joc-descobrim-un-missatge-secret-per-treballar-la-llengua-escrita\/\" target=\"_blank\" rel=\"noreferrer noopener\">aquest article<\/a><\/strong><a href=\"https:\/\/projectes.xtec.cat\/acollidasuport\/general\/el-pont-un-joc-per-treballar-la-llengua\/\" target=\"_blank\" rel=\"noreferrer noopener\"> <\/a>trobareu la proposta l\u00fadica per treballar la llengua escrita elaborada per Gemma Dur\u00e1n Sim\u00f3n, mestra d\u2019Educaci\u00f3 Prim\u00e0ria, en el marc de l&#8217;activitat formativa <em>Llenguajocs. L\u2019aprenentatge de la llengua a trav\u00e9s del joc<\/em> . A l&#8217;article trobareu un document explicatiu dels materials necessaris, la mec\u00e0nica i les instruccions del joc, i una proposta d&#8217;aplicaci\u00f3 a l&#8217;aula. <\/p>\n\n\n\n<p class=\"has-black-color has-text-color has-link-color has-small-font-size wp-elements-c4df2cb1d8120f5764d7a15122b85783\"><\/p>\n<\/details>\n\n\n\n<details class=\"wp-block-details has-ast-global-color-0-color has-text-color has-link-color has-medium-font-size wp-elements-c9847cf8865ff84eeca38fdc005c9990 is-layout-flow wp-block-details-is-layout-flow\"><summary>Habilitat ling\u00fc\u00edstica \/ Nivell MECR \/ Etapa educativa<\/summary>\n<p class=\"has-black-color has-text-color has-link-color has-small-font-size wp-elements-fb3a2b308d9ed3db0bd1934a560067ec\">Comprensi\u00f3 Escrita &#8211; Expressi\u00f3 Escrita<\/p>\n\n\n\n<p class=\"has-black-color has-text-color has-link-color has-small-font-size wp-elements-7da45c673509078c600669d07acfbf15\">Nivell A1 &#8211; A2<\/p>\n\n\n\n<p class=\"has-black-color has-text-color has-link-color has-small-font-size wp-elements-6678851d69e1f91eaf89af03751a72de\">Prim\u00e0ria i secund\u00e0ria<\/p>\n\n\n\n<p><\/p>\n<\/details>\n\n\n\n<div class=\"wp-block-columns is-layout-flex wp-container-core-columns-is-layout-18 wp-block-columns-is-layout-flex\">\n<div class=\"wp-block-column is-layout-flow wp-block-column-is-layout-flow\">\n<div class=\"wp-block-getwid-icon-box has-icon-left has-text-center\"><div class=\"wp-block-getwid-icon-box__icon-container is-position-top\"><div class=\"wp-block-getwid-icon-box__icon-wrapper has-text-color has-ast-global-color-0-color\" style=\"font-size:30px\"><i class=\"fas fa-file-pdf\"><\/i><\/div><\/div><div class=\"wp-block-getwid-icon-box__content\">\n<h3 class=\"wp-block-heading has-small-font-size\"><\/h3>\n\n\n\n<p><\/p>\n<\/div><\/div>\n<\/div>\n\n\n\n<div class=\"wp-block-column is-layout-flow wp-block-column-is-layout-flow\">\n<div class=\"wp-block-media-text is-stacked-on-mobile\" style=\"padding-top:var(--wp--preset--spacing--20);padding-bottom:var(--wp--preset--spacing--20);grid-template-columns:16% auto\"><figure class=\"wp-block-media-text__media\"><img loading=\"lazy\" decoding=\"async\" width=\"1024\" height=\"1024\" src=\"https:\/\/projectes.xtec.cat\/aula-acollida\/wp-content\/uploads\/usu59\/2025\/09\/Publicacions-instagram-acollida2-1-1024x1024.png\" alt=\"\" class=\"wp-image-9773 size-full\" srcset=\"https:\/\/projectes.xtec.cat\/aula-acollida\/wp-content\/uploads\/usu59\/2025\/09\/Publicacions-instagram-acollida2-1-1024x1024.png 1024w, https:\/\/projectes.xtec.cat\/aula-acollida\/wp-content\/uploads\/usu59\/2025\/09\/Publicacions-instagram-acollida2-1-300x300.png 300w, https:\/\/projectes.xtec.cat\/aula-acollida\/wp-content\/uploads\/usu59\/2025\/09\/Publicacions-instagram-acollida2-1-150x150.png 150w, https:\/\/projectes.xtec.cat\/aula-acollida\/wp-content\/uploads\/usu59\/2025\/09\/Publicacions-instagram-acollida2-1-768x768.png 768w, https:\/\/projectes.xtec.cat\/aula-acollida\/wp-content\/uploads\/usu59\/2025\/09\/Publicacions-instagram-acollida2-1.png 1080w\" sizes=\"auto, (max-width: 1024px) 100vw, 1024px\" \/><\/figure><div class=\"wp-block-media-text__content\">\n<p><\/p>\n<\/div><\/div>\n<\/div>\n\n\n\n<div class=\"wp-block-column is-layout-flow wp-block-column-is-layout-flow\"><\/div>\n<\/div>\n<\/div><\/div>\n<\/div>\n\n\n\n<div class=\"wp-block-group wp-embed-aspect-16-9 wp-has-aspect-ratio is-layout-constrained wp-block-group-is-layout-constrained\" style=\"margin-top:0;margin-right:0;margin-bottom:0;margin-left:0\">\n<div class=\"wp-block-getwid-advanced-heading\"><span class=\"wp-block-getwid-advanced-heading__content has-text-color has-black-color has-background has-luminous-vivid-amber-background-color\" style=\"text-align:left\"><strong>Llenguajocs<\/strong>. El pont<\/span><\/div>\n\n\n\n<div class=\"wp-block-media-text is-stacked-on-mobile\" style=\"margin-top:var(--wp--preset--spacing--30);margin-bottom:var(--wp--preset--spacing--30);grid-template-columns:16% auto\"><figure class=\"wp-block-media-text__media\"><a href=\"https:\/\/projectes.xtec.cat\/acollidasuport\/general\/el-pont-un-joc-per-treballar-la-llengua\/\" target=\"_blank\" rel=\" noreferrer noopener\"><img loading=\"lazy\" decoding=\"async\" width=\"1024\" height=\"722\" src=\"https:\/\/projectes.xtec.cat\/aula-acollida\/wp-content\/uploads\/usu59\/2025\/09\/llenguajocs-El-pont-1024x722.png\" alt=\"\" class=\"wp-image-9838 size-full\" srcset=\"https:\/\/projectes.xtec.cat\/aula-acollida\/wp-content\/uploads\/usu59\/2025\/09\/llenguajocs-El-pont-1024x722.png 1024w, https:\/\/projectes.xtec.cat\/aula-acollida\/wp-content\/uploads\/usu59\/2025\/09\/llenguajocs-El-pont-300x211.png 300w, https:\/\/projectes.xtec.cat\/aula-acollida\/wp-content\/uploads\/usu59\/2025\/09\/llenguajocs-El-pont-768x541.png 768w, https:\/\/projectes.xtec.cat\/aula-acollida\/wp-content\/uploads\/usu59\/2025\/09\/llenguajocs-El-pont.png 1108w\" sizes=\"auto, (max-width: 1024px) 100vw, 1024px\" \/><\/a><\/figure><div class=\"wp-block-media-text__content\">\n<details class=\"wp-block-details has-ast-global-color-0-color has-text-color has-link-color has-medium-font-size wp-elements-767f1e0602c616847941a0db43bad846 is-layout-flow wp-block-details-is-layout-flow\"><summary>Descripci\u00f3<\/summary>\n<p class=\"has-black-color has-text-color has-link-color has-small-font-size wp-elements-dd3ec086ca0f5da9399559844cba0a4c\">En <a href=\"https:\/\/projectes.xtec.cat\/acollidasuport\/general\/el-pont-un-joc-per-treballar-la-llengua\/\" target=\"_blank\" rel=\"noreferrer noopener\"><strong>aquest article<\/strong> <\/a>trobareu la proposta l\u00fadica per treballar la llengua oral elaborada per Oriol Bosch Fain\u00e9, mestre d\u2019Educaci\u00f3 Prim\u00e0ria, en el marc de l&#8217;activitat formativa <em>Llenguajocs. L\u2019aprenentatge de la llengua a trav\u00e9s del joc<\/em> . A l&#8217;article trobareu un document explicatiu dels materials necessaris, la mec\u00e0nica i les instruccions del joc, i una proposta d&#8217;aplicaci\u00f3 a l&#8217;aula. <\/p>\n\n\n\n<p class=\"has-black-color has-text-color has-link-color has-small-font-size wp-elements-c4df2cb1d8120f5764d7a15122b85783\"><\/p>\n<\/details>\n\n\n\n<details class=\"wp-block-details has-ast-global-color-0-color has-text-color has-link-color has-medium-font-size wp-elements-3e3c1ab761359af167a3e58eef079f84 is-layout-flow wp-block-details-is-layout-flow\"><summary>Habilitat ling\u00fc\u00edstica \/ Nivell MECR \/ Etapa educativa<\/summary>\n<p class=\"has-black-color has-text-color has-link-color has-small-font-size wp-elements-b9f1d34e86980188550a9ea01d93d85b\">Comprensi\u00f3 Oral &#8211; Expressi\u00f3 Oral <\/p>\n\n\n\n<p class=\"has-black-color has-text-color has-link-color has-small-font-size wp-elements-7da45c673509078c600669d07acfbf15\">Nivell A1 &#8211; A2<\/p>\n\n\n\n<p class=\"has-black-color has-text-color has-link-color has-small-font-size wp-elements-6678851d69e1f91eaf89af03751a72de\">Prim\u00e0ria i secund\u00e0ria<\/p>\n\n\n\n<p><\/p>\n<\/details>\n\n\n\n<div class=\"wp-block-columns is-layout-flex wp-container-core-columns-is-layout-19 wp-block-columns-is-layout-flex\">\n<div class=\"wp-block-column is-layout-flow wp-block-column-is-layout-flow\">\n<div class=\"wp-block-getwid-icon-box has-icon-left has-text-center\"><div class=\"wp-block-getwid-icon-box__icon-container is-position-top\"><div class=\"wp-block-getwid-icon-box__icon-wrapper has-text-color has-ast-global-color-0-color\" style=\"font-size:30px\"><i class=\"fas fa-file-pdf\"><\/i><\/div><\/div><div class=\"wp-block-getwid-icon-box__content\">\n<h3 class=\"wp-block-heading has-small-font-size\"><\/h3>\n\n\n\n<p><\/p>\n<\/div><\/div>\n<\/div>\n\n\n\n<div class=\"wp-block-column is-layout-flow wp-block-column-is-layout-flow\">\n<div class=\"wp-block-media-text is-stacked-on-mobile\" style=\"padding-top:var(--wp--preset--spacing--20);padding-bottom:var(--wp--preset--spacing--20);grid-template-columns:16% auto\"><figure class=\"wp-block-media-text__media\"><img loading=\"lazy\" decoding=\"async\" width=\"1024\" height=\"1024\" src=\"https:\/\/projectes.xtec.cat\/aula-acollida\/wp-content\/uploads\/usu59\/2025\/09\/Publicacions-instagram-acollida2-1-1024x1024.png\" alt=\"\" class=\"wp-image-9773 size-full\" srcset=\"https:\/\/projectes.xtec.cat\/aula-acollida\/wp-content\/uploads\/usu59\/2025\/09\/Publicacions-instagram-acollida2-1-1024x1024.png 1024w, https:\/\/projectes.xtec.cat\/aula-acollida\/wp-content\/uploads\/usu59\/2025\/09\/Publicacions-instagram-acollida2-1-300x300.png 300w, https:\/\/projectes.xtec.cat\/aula-acollida\/wp-content\/uploads\/usu59\/2025\/09\/Publicacions-instagram-acollida2-1-150x150.png 150w, https:\/\/projectes.xtec.cat\/aula-acollida\/wp-content\/uploads\/usu59\/2025\/09\/Publicacions-instagram-acollida2-1-768x768.png 768w, https:\/\/projectes.xtec.cat\/aula-acollida\/wp-content\/uploads\/usu59\/2025\/09\/Publicacions-instagram-acollida2-1.png 1080w\" sizes=\"auto, (max-width: 1024px) 100vw, 1024px\" \/><\/figure><div class=\"wp-block-media-text__content\">\n<p><\/p>\n<\/div><\/div>\n<\/div>\n\n\n\n<div class=\"wp-block-column is-layout-flow wp-block-column-is-layout-flow\"><\/div>\n<\/div>\n<\/div><\/div>\n<\/div>\n\n\n\n<div class=\"wp-block-group wp-embed-aspect-16-9 wp-has-aspect-ratio is-layout-constrained wp-block-group-is-layout-constrained\" style=\"margin-top:0;margin-right:0;margin-bottom:0;margin-left:0\">\n<div class=\"wp-block-getwid-advanced-heading\"><span class=\"wp-block-getwid-advanced-heading__content has-text-color has-black-color has-background has-luminous-vivid-amber-background-color\" style=\"text-align:left\"><strong>Llenguajocs<\/strong>. Estic d&#8217;humor<\/span><\/div>\n\n\n\n<div class=\"wp-block-media-text is-stacked-on-mobile\" style=\"margin-top:var(--wp--preset--spacing--30);margin-bottom:var(--wp--preset--spacing--30);grid-template-columns:16% auto\"><figure class=\"wp-block-media-text__media\"><a href=\"https:\/\/projectes.xtec.cat\/acollidasuport\/general\/el-joc-estic-dhumor-per-treballar-la-llengua-oral\/\" target=\"_blank\" rel=\" noreferrer noopener\"><img loading=\"lazy\" decoding=\"async\" width=\"1024\" height=\"584\" src=\"https:\/\/projectes.xtec.cat\/aula-acollida\/wp-content\/uploads\/usu59\/2025\/09\/estic-dhumor-1024x584.png\" alt=\"\" class=\"wp-image-9835 size-full\" srcset=\"https:\/\/projectes.xtec.cat\/aula-acollida\/wp-content\/uploads\/usu59\/2025\/09\/estic-dhumor-1024x584.png 1024w, https:\/\/projectes.xtec.cat\/aula-acollida\/wp-content\/uploads\/usu59\/2025\/09\/estic-dhumor-300x171.png 300w, https:\/\/projectes.xtec.cat\/aula-acollida\/wp-content\/uploads\/usu59\/2025\/09\/estic-dhumor-768x438.png 768w, https:\/\/projectes.xtec.cat\/aula-acollida\/wp-content\/uploads\/usu59\/2025\/09\/estic-dhumor.png 1522w\" sizes=\"auto, (max-width: 1024px) 100vw, 1024px\" \/><\/a><\/figure><div class=\"wp-block-media-text__content\">\n<details class=\"wp-block-details has-ast-global-color-0-color has-text-color has-link-color has-medium-font-size wp-elements-47be1644ecda0c8d4ff782e8eebca5f2 is-layout-flow wp-block-details-is-layout-flow\"><summary>Descripci\u00f3<\/summary>\n<p class=\"has-black-color has-text-color has-link-color has-small-font-size wp-elements-a13caa35cd2de7074ef735bf078099ac\">En <strong><a href=\"https:\/\/projectes.xtec.cat\/acollidasuport\/general\/el-joc-estic-dhumor-per-treballar-la-llengua-oral\/\" target=\"_blank\" rel=\"noreferrer noopener\">aquest article<\/a><\/strong> trobareu la proposta l\u00fadica per treballar la llengua oral elaborada per la docent de Llengua Catalana i Literatura S\u00edlvia Par\u00e9 Obon, en el marc de l&#8217;activitat formativa <em>Llenguajocs. L\u2019aprenentatge de la llengua a trav\u00e9s del joc<\/em> . A l&#8217;article trobareu un document explicatiu dels materials necessaris, la mec\u00e0nica i les instruccions del joc, i una proposta d&#8217;aplicaci\u00f3 a l&#8217;aula. <\/p>\n\n\n\n<p class=\"has-black-color has-text-color has-link-color has-small-font-size wp-elements-c4df2cb1d8120f5764d7a15122b85783\"><\/p>\n<\/details>\n\n\n\n<details class=\"wp-block-details has-ast-global-color-0-color has-text-color has-link-color has-medium-font-size wp-elements-3e3c1ab761359af167a3e58eef079f84 is-layout-flow wp-block-details-is-layout-flow\"><summary>Habilitat ling\u00fc\u00edstica \/ Nivell MECR \/ Etapa educativa<\/summary>\n<p class=\"has-black-color has-text-color has-link-color has-small-font-size wp-elements-b9f1d34e86980188550a9ea01d93d85b\">Comprensi\u00f3 Oral &#8211; Expressi\u00f3 Oral <\/p>\n\n\n\n<p class=\"has-black-color has-text-color has-link-color has-small-font-size wp-elements-7da45c673509078c600669d07acfbf15\">Nivell A1 &#8211; A2<\/p>\n\n\n\n<p class=\"has-black-color has-text-color has-link-color has-small-font-size wp-elements-6678851d69e1f91eaf89af03751a72de\">Prim\u00e0ria i secund\u00e0ria<\/p>\n\n\n\n<p><\/p>\n<\/details>\n\n\n\n<div class=\"wp-block-columns is-layout-flex wp-container-core-columns-is-layout-20 wp-block-columns-is-layout-flex\">\n<div class=\"wp-block-column is-layout-flow wp-block-column-is-layout-flow\">\n<div class=\"wp-block-getwid-icon-box has-icon-left has-text-center\"><div class=\"wp-block-getwid-icon-box__icon-container is-position-top\"><div class=\"wp-block-getwid-icon-box__icon-wrapper has-text-color has-ast-global-color-0-color\" style=\"font-size:30px\"><i class=\"fas fa-file-pdf\"><\/i><\/div><\/div><div class=\"wp-block-getwid-icon-box__content\">\n<h3 class=\"wp-block-heading has-small-font-size\"><\/h3>\n\n\n\n<p><\/p>\n<\/div><\/div>\n<\/div>\n\n\n\n<div class=\"wp-block-column is-layout-flow wp-block-column-is-layout-flow\">\n<div class=\"wp-block-media-text is-stacked-on-mobile\" style=\"padding-top:var(--wp--preset--spacing--20);padding-bottom:var(--wp--preset--spacing--20);grid-template-columns:16% auto\"><figure class=\"wp-block-media-text__media\"><img loading=\"lazy\" decoding=\"async\" width=\"1024\" height=\"1024\" src=\"https:\/\/projectes.xtec.cat\/aula-acollida\/wp-content\/uploads\/usu59\/2025\/09\/Publicacions-instagram-acollida2-1-1024x1024.png\" alt=\"\" class=\"wp-image-9773 size-full\" srcset=\"https:\/\/projectes.xtec.cat\/aula-acollida\/wp-content\/uploads\/usu59\/2025\/09\/Publicacions-instagram-acollida2-1-1024x1024.png 1024w, https:\/\/projectes.xtec.cat\/aula-acollida\/wp-content\/uploads\/usu59\/2025\/09\/Publicacions-instagram-acollida2-1-300x300.png 300w, https:\/\/projectes.xtec.cat\/aula-acollida\/wp-content\/uploads\/usu59\/2025\/09\/Publicacions-instagram-acollida2-1-150x150.png 150w, https:\/\/projectes.xtec.cat\/aula-acollida\/wp-content\/uploads\/usu59\/2025\/09\/Publicacions-instagram-acollida2-1-768x768.png 768w, https:\/\/projectes.xtec.cat\/aula-acollida\/wp-content\/uploads\/usu59\/2025\/09\/Publicacions-instagram-acollida2-1.png 1080w\" sizes=\"auto, (max-width: 1024px) 100vw, 1024px\" \/><\/figure><div class=\"wp-block-media-text__content\">\n<p><\/p>\n<\/div><\/div>\n<\/div>\n\n\n\n<div class=\"wp-block-column is-layout-flow wp-block-column-is-layout-flow\"><\/div>\n<\/div>\n<\/div><\/div>\n<\/div>\n\n\n\n<div class=\"wp-block-group wp-embed-aspect-16-9 wp-has-aspect-ratio is-layout-constrained wp-block-group-is-layout-constrained\" style=\"margin-top:0;margin-right:0;margin-bottom:0;margin-left:0\">\n<div class=\"wp-block-getwid-advanced-heading\"><span class=\"wp-block-getwid-advanced-heading__content has-text-color has-white-color has-background has-ast-global-color-1-background-color\" style=\"text-align:left\"><strong>156 activitats per parlar catal\u00e0<\/strong><\/span><\/div>\n\n\n\n<div class=\"wp-block-media-text is-stacked-on-mobile\" style=\"margin-top:var(--wp--preset--spacing--30);margin-bottom:var(--wp--preset--spacing--30);grid-template-columns:21% auto\"><figure class=\"wp-block-media-text__media\"><a href=\"https:\/\/merli.xtec.cat\/merli\/cerca\/fitxaRecurs.jsp?idRecurs=\/56076&amp;sheetId=null&amp;nomUsuari=null&amp;inxtec=0\" target=\"_blank\" rel=\" noreferrer noopener\"><img loading=\"lazy\" decoding=\"async\" width=\"259\" height=\"334\" src=\"https:\/\/projectes.xtec.cat\/aula-acollida\/wp-content\/uploads\/usu59\/2025\/08\/156-activitats-per-parlar-catala.png\" alt=\"\" class=\"wp-image-9261 size-full\" srcset=\"https:\/\/projectes.xtec.cat\/aula-acollida\/wp-content\/uploads\/usu59\/2025\/08\/156-activitats-per-parlar-catala.png 259w, https:\/\/projectes.xtec.cat\/aula-acollida\/wp-content\/uploads\/usu59\/2025\/08\/156-activitats-per-parlar-catala-233x300.png 233w\" sizes=\"auto, (max-width: 259px) 100vw, 259px\" \/><\/a><\/figure><div class=\"wp-block-media-text__content\">\n<details class=\"wp-block-details has-ast-global-color-0-color has-text-color has-link-color has-medium-font-size wp-elements-05017de653779fefab1eca8b5f3cc593 is-layout-flow wp-block-details-is-layout-flow\"><summary>Descripci\u00f3<\/summary>\n<p class=\"has-black-color has-text-color has-link-color has-small-font-size wp-elements-acde478d446f952065569d219e8588ed\">Aquest llibre es divideix en dues parts: activitats i annex. En la primera part, hi ha moltes indicacions i molt detallades per treballar cadascuna de les nocions, agrupades en 15 \u00e0rees tem\u00e0tiques. Per a cada \u00e0rea tem\u00e0tica es plantegen unes situacions b\u00e0siques de di\u00e0leg que s\u00f3n suggeriments de pr\u00e0ctiques controlades de les nocions d&#8217;aquesta \u00e0rea. A l&#8217;annex hi ha tots els elements que es necessiten per poder dur a la pr\u00e0ctica les activitats proposades: imatges, textos, esquemes, llistes \u2026<\/p>\n\n\n\n<p class=\"has-black-color has-text-color has-link-color has-small-font-size wp-elements-aa6ff6b425dad0045f76a5c40ee0ec83\">Observacions: <br>Forma part del cat\u00e0leg de recursos educatius <strong><a href=\"https:\/\/merli.xtec.cat\/merli\/cerca\/fitxaRecurs.jsp?idRecurs=\/56076&amp;sheetId=null&amp;nomUsuari=null&amp;inxtec=0\" target=\"_blank\" rel=\"noreferrer noopener\">Merl\u00ed<\/a><\/strong>. <\/p>\n\n\n\n<p class=\"has-black-color has-text-color has-link-color has-small-font-size wp-elements-c4df2cb1d8120f5764d7a15122b85783\"><\/p>\n<\/details>\n\n\n\n<details class=\"wp-block-details has-ast-global-color-0-color has-text-color has-link-color has-medium-font-size wp-elements-45e8327ae6c06c9969a47dc8a8ede430 is-layout-flow wp-block-details-is-layout-flow\"><summary>Habilitat ling\u00fc\u00edstica \/ Nivell MECR \/ Etapa educativa<\/summary>\n<p class=\"has-black-color has-text-color has-link-color has-small-font-size wp-elements-b9f1d34e86980188550a9ea01d93d85b\">Comprensi\u00f3 Oral &#8211; Expressi\u00f3 Oral <\/p>\n\n\n\n<p class=\"has-black-color has-text-color has-link-color has-small-font-size wp-elements-7da45c673509078c600669d07acfbf15\">Nivell A1 &#8211; A2<\/p>\n\n\n\n<p class=\"has-black-color has-text-color has-link-color has-small-font-size wp-elements-f355fd6bdfa5ba9c8faaf723d97a9f6a\">Prim\u00e0ria i Secund\u00e0ria<\/p>\n<\/details>\n\n\n\n<p><\/p>\n\n\n\n<div class=\"wp-block-columns is-layout-flex wp-container-core-columns-is-layout-21 wp-block-columns-is-layout-flex\">\n<div class=\"wp-block-column is-layout-flow wp-block-column-is-layout-flow\">\n<figure class=\"wp-block-image size-full is-resized\"><a href=\"https:\/\/projectes.xtec.cat\/aula-acollida\/wp-content\/uploads\/usu59\/2025\/08\/icona-llibre-verd.png\"><img decoding=\"async\" src=\"https:\/\/projectes.xtec.cat\/aula-acollida\/wp-content\/uploads\/usu59\/2025\/08\/icona-llibre-verd.png\" alt=\"\" class=\"wp-image-9268\" style=\"width:40px\"\/><\/a><\/figure>\n<\/div>\n\n\n\n<div class=\"wp-block-column is-layout-flow wp-block-column-is-layout-flow\"><\/div>\n\n\n\n<div class=\"wp-block-column is-layout-flow wp-block-column-is-layout-flow\"><\/div>\n<\/div>\n<\/div><\/div>\n<\/div>\n\n\n\n<div class=\"wp-block-group wp-embed-aspect-16-9 wp-has-aspect-ratio is-layout-constrained wp-block-group-is-layout-constrained\" style=\"margin-top:0;margin-right:0;margin-bottom:0;margin-left:0\">\n<div class=\"wp-block-getwid-advanced-heading\"><span class=\"wp-block-getwid-advanced-heading__content has-text-color has-white-color has-background has-ast-global-color-1-background-color\" style=\"text-align:left\"><strong>Cam\u00ed de Ronda<\/strong><\/span><\/div>\n\n\n\n<div class=\"wp-block-media-text is-stacked-on-mobile\" style=\"margin-top:var(--wp--preset--spacing--30);margin-bottom:var(--wp--preset--spacing--30);grid-template-columns:21% auto\"><figure class=\"wp-block-media-text__media\"><a href=\"http:\/\/merli.xtec.cat\/merli\/cerca\/fitxaRecurs.jsp?idRecurs=\/84374\" target=\"_blank\" rel=\" noreferrer noopener\"><img loading=\"lazy\" decoding=\"async\" width=\"246\" height=\"340\" src=\"https:\/\/projectes.xtec.cat\/aula-acollida\/wp-content\/uploads\/usu59\/2025\/08\/cami-de-ronda.png\" alt=\"\" class=\"wp-image-9483 size-full\" srcset=\"https:\/\/projectes.xtec.cat\/aula-acollida\/wp-content\/uploads\/usu59\/2025\/08\/cami-de-ronda.png 246w, https:\/\/projectes.xtec.cat\/aula-acollida\/wp-content\/uploads\/usu59\/2025\/08\/cami-de-ronda-217x300.png 217w\" sizes=\"auto, (max-width: 246px) 100vw, 246px\" \/><\/a><\/figure><div class=\"wp-block-media-text__content\">\n<details class=\"wp-block-details has-ast-global-color-0-color has-text-color has-link-color has-medium-font-size wp-elements-cda64913a6ab4493117bdc1ae4bcd82a is-layout-flow wp-block-details-is-layout-flow\"><summary>Descripci\u00f3<\/summary>\n<p class=\"has-black-color has-text-color has-link-color has-small-font-size wp-elements-fe2ed0b267331f3750c57ff9304a4af2\">El material del llibre est\u00e0 adre\u00e7at al professorat de catal\u00e0 que ensenya la llengua a l&#8217;alumnat arribat de nou i que domina l&#8217;alfabet llat\u00ed. El llibre consta de 40 unitats independents l&#8217;una de l&#8217;altra (quatre blocs de deu unitats), totes d&#8217;un nivell inicial, la qual cosa permet organitzar el llibre segons les necessitats o les prefer\u00e8ncies de cada usuari.<\/p>\n\n\n\n<p class=\"has-black-color has-text-color has-link-color has-small-font-size wp-elements-c021da7ca2d6a9cf69f60647d6b952ef\">Observacions: <br>Forma part del cat\u00e0leg de recursos educatius <strong><a href=\"http:\/\/merli.xtec.cat\/merli\/cerca\/fitxaRecurs.jsp?idRecurs=\/84374\" target=\"_blank\" rel=\"noreferrer noopener\">Merl\u00ed<\/a><\/strong>.<\/p>\n\n\n\n<p class=\"has-black-color has-text-color has-link-color has-small-font-size wp-elements-c4df2cb1d8120f5764d7a15122b85783\"><\/p>\n<\/details>\n\n\n\n<details class=\"wp-block-details has-ast-global-color-0-color has-text-color has-link-color has-medium-font-size wp-elements-169d12662324d41faadb69986e4b847d is-layout-flow wp-block-details-is-layout-flow\"><summary>Habilitat ling\u00fc\u00edstica \/ Nivell MECR \/ Etapa educativa<\/summary>\n<p class=\"has-black-color has-text-color has-link-color has-small-font-size wp-elements-5b9fca760b51cbbcb1cb821995ab0e4c\">Comprensi\u00f3 Oral &#8211; Expressi\u00f3 Oral &#8211; Comprensi\u00f3 Escrita &#8211; Expressi\u00f3 Escrita<\/p>\n\n\n\n<p class=\"has-black-color has-text-color has-link-color has-small-font-size wp-elements-7da45c673509078c600669d07acfbf15\">Nivell A1 &#8211; A2<\/p>\n\n\n\n<p class=\"has-black-color has-text-color has-link-color has-small-font-size wp-elements-f355fd6bdfa5ba9c8faaf723d97a9f6a\">Prim\u00e0ria i Secund\u00e0ria<\/p>\n<\/details>\n\n\n\n<p><\/p>\n\n\n\n<div class=\"wp-block-columns is-layout-flex wp-container-core-columns-is-layout-22 wp-block-columns-is-layout-flex\">\n<div class=\"wp-block-column is-layout-flow wp-block-column-is-layout-flow\">\n<figure class=\"wp-block-image size-full is-resized\"><a href=\"https:\/\/projectes.xtec.cat\/aula-acollida\/wp-content\/uploads\/usu59\/2025\/08\/icona-llibre-verd.png\"><img decoding=\"async\" src=\"https:\/\/projectes.xtec.cat\/aula-acollida\/wp-content\/uploads\/usu59\/2025\/08\/icona-llibre-verd.png\" alt=\"\" class=\"wp-image-9268\" style=\"width:40px\"\/><\/a><\/figure>\n<\/div>\n\n\n\n<div class=\"wp-block-column is-layout-flow wp-block-column-is-layout-flow\"><\/div>\n\n\n\n<div class=\"wp-block-column is-layout-flow wp-block-column-is-layout-flow\"><\/div>\n<\/div>\n<\/div><\/div>\n<\/div>\n\n\n\n<div class=\"wp-block-group wp-embed-aspect-16-9 wp-has-aspect-ratio is-layout-constrained wp-block-group-is-layout-constrained\" style=\"margin-top:0;margin-right:0;margin-bottom:0;margin-left:0\">\n<div class=\"wp-block-getwid-advanced-heading\"><span class=\"wp-block-getwid-advanced-heading__content has-text-color has-white-color has-background has-ast-global-color-1-background-color\" style=\"text-align:left\"><strong>Curs de llengua oral. Guia did\u00e0ctica<\/strong><\/span><\/div>\n\n\n\n<div class=\"wp-block-media-text is-stacked-on-mobile\" style=\"margin-top:var(--wp--preset--spacing--30);margin-bottom:var(--wp--preset--spacing--30);grid-template-columns:21% auto\"><figure class=\"wp-block-media-text__media\"><a href=\"https:\/\/merli.xtec.cat\/merli\/cerca\/fitxaRecurs.jsp?idRecurs=\/54978#\" target=\"_blank\" rel=\" noreferrer noopener\"><img loading=\"lazy\" decoding=\"async\" width=\"346\" height=\"250\" src=\"https:\/\/projectes.xtec.cat\/aula-acollida\/wp-content\/uploads\/usu59\/2025\/08\/icona-llibre-negre.png\" alt=\"\" class=\"wp-image-9242 size-full\" srcset=\"https:\/\/projectes.xtec.cat\/aula-acollida\/wp-content\/uploads\/usu59\/2025\/08\/icona-llibre-negre.png 346w, https:\/\/projectes.xtec.cat\/aula-acollida\/wp-content\/uploads\/usu59\/2025\/08\/icona-llibre-negre-300x217.png 300w\" sizes=\"auto, (max-width: 346px) 100vw, 346px\" \/><\/a><\/figure><div class=\"wp-block-media-text__content\">\n<details class=\"wp-block-details has-ast-global-color-0-color has-text-color has-link-color has-medium-font-size wp-elements-05c980fe51dcec8d17505e494e0c30b9 is-layout-flow wp-block-details-is-layout-flow\"><summary>Descripci\u00f3<\/summary>\n<p class=\"has-black-color has-text-color has-link-color has-small-font-size wp-elements-299e67d6de45c0fd51e4329cd2870883\">Aquest conjunt de materials did\u00e0ctics (carpeta d&#8217;anelles que cont\u00e9 128 p\u00e0gines i 90 fulls amb fotografies en color, plastificats) han estat dissenyats per a la formaci\u00f3 de les persones adultes nouvingudes amb desconeixement de la nostra llengua. Aquests materials van adre\u00e7ats especialment al professorat de formaci\u00f3 d&#8217;adults que ensenya llengua oral a les persones procedents de la nova immigraci\u00f3 que arriben a Catalunya i a qualsevol persona que, per un motiu o altre, s&#8217;integra al nostre pa\u00eds i t\u00e9 la necessitat d&#8217;entendre i parlar la nostra llengua com a mitj\u00e0 de comunicaci\u00f3. El material est\u00e0 organitzat en 5 unitats o blocs tem\u00e0tics que inclouen diferents situacions comunicatives: &#8220;Em presento&#8221;; &#8220;L&#8217;entorn proper. Com s&#8217;hi va?&#8221;; &#8220;El cos i la salut. Em trobo b\u00e9&#8221;; &#8220;El m\u00f3n laboral. Estic treballant&#8221;; &#8220;Les institucions. Faig una inst\u00e0ncia&#8221;. Els primers blocs tem\u00e0tics estan estructurats al voltant de l&#8217;entorn personal i social i els dos \u00faltims al voltant del m\u00f3n del treball, els serveis i les institucions. Van acompanyats d&#8217;un conjunt d&#8217;imatges que il\u00b7lustren les diverses situacions comunicatives que es generen en l&#8217;entorn.<\/p>\n\n\n\n<p class=\"has-black-color has-text-color has-link-color has-small-font-size wp-elements-a39d9dd56d088d8d58f38a4980f5d49f\">Observacions: <br>Forma part del cat\u00e0leg de recursos educatius <strong><a href=\"https:\/\/merli.xtec.cat\/merli\/cerca\/fitxaRecurs.jsp?idRecurs=\/54978#\" target=\"_blank\" rel=\"noreferrer noopener\">Merl\u00ed<\/a><\/strong>. Es pot demanar als CRP.<\/p>\n\n\n\n<p class=\"has-black-color has-text-color has-link-color has-small-font-size wp-elements-c4df2cb1d8120f5764d7a15122b85783\"><\/p>\n<\/details>\n\n\n\n<details class=\"wp-block-details has-ast-global-color-0-color has-text-color has-link-color has-medium-font-size wp-elements-78b75b29533aede154af15959470258f is-layout-flow wp-block-details-is-layout-flow\"><summary>Habilitat ling\u00fc\u00edstica \/ Nivell MECR \/ Etapa educativa<\/summary>\n<p class=\"has-black-color has-text-color has-link-color has-small-font-size wp-elements-b9f1d34e86980188550a9ea01d93d85b\">Comprensi\u00f3 Oral &#8211; Expressi\u00f3 Oral <\/p>\n\n\n\n<p class=\"has-black-color has-text-color has-link-color has-small-font-size wp-elements-5025e4074977d248513d42c4f601129c\">Nivell B1<\/p>\n\n\n\n<p class=\"has-black-color has-text-color has-link-color has-small-font-size wp-elements-7e0bc39432df44cc5ce7007bbe6e35f5\">Secund\u00e0ria<\/p>\n<\/details>\n\n\n\n<p><\/p>\n\n\n\n<div class=\"wp-block-columns is-layout-flex wp-container-core-columns-is-layout-23 wp-block-columns-is-layout-flex\">\n<div class=\"wp-block-column is-layout-flow wp-block-column-is-layout-flow\">\n<figure class=\"wp-block-image size-full is-resized\"><a href=\"https:\/\/projectes.xtec.cat\/aula-acollida\/wp-content\/uploads\/usu59\/2025\/08\/icona-llibre-verd.png\"><img decoding=\"async\" src=\"https:\/\/projectes.xtec.cat\/aula-acollida\/wp-content\/uploads\/usu59\/2025\/08\/icona-llibre-verd.png\" alt=\"\" class=\"wp-image-9268\" style=\"width:40px\"\/><\/a><\/figure>\n<\/div>\n\n\n\n<div class=\"wp-block-column is-layout-flow wp-block-column-is-layout-flow\"><\/div>\n\n\n\n<div class=\"wp-block-column is-layout-flow wp-block-column-is-layout-flow\"><\/div>\n<\/div>\n<\/div><\/div>\n<\/div>\n\n\n\n<div class=\"wp-block-group wp-embed-aspect-16-9 wp-has-aspect-ratio is-layout-constrained wp-block-group-is-layout-constrained\" style=\"margin-top:0;margin-right:0;margin-bottom:0;margin-left:0\">\n<div class=\"wp-block-getwid-advanced-heading\"><span class=\"wp-block-getwid-advanced-heading__content has-text-color has-white-color has-background has-ast-global-color-1-background-color\" style=\"text-align:left\"><strong><em>DIC. Llengua catalana per a alumnes no catalanoparlants. Nivell llindar<\/em><\/strong><\/span><\/div>\n\n\n\n<div class=\"wp-block-media-text is-stacked-on-mobile\" style=\"margin-top:var(--wp--preset--spacing--30);margin-bottom:var(--wp--preset--spacing--30);grid-template-columns:21% auto\"><figure class=\"wp-block-media-text__media\"><img loading=\"lazy\" decoding=\"async\" width=\"315\" height=\"442\" src=\"https:\/\/projectes.xtec.cat\/aula-acollida\/wp-content\/uploads\/usu59\/2025\/11\/DIC.png\" alt=\"\" class=\"wp-image-10134 size-full\" srcset=\"https:\/\/projectes.xtec.cat\/aula-acollida\/wp-content\/uploads\/usu59\/2025\/11\/DIC.png 315w, https:\/\/projectes.xtec.cat\/aula-acollida\/wp-content\/uploads\/usu59\/2025\/11\/DIC-214x300.png 214w\" sizes=\"auto, (max-width: 315px) 100vw, 315px\" \/><\/figure><div class=\"wp-block-media-text__content\">\n<details class=\"wp-block-details has-ast-global-color-0-color has-text-color has-link-color has-medium-font-size wp-elements-8e69aa0abaced2e7b86b2ef4510f5345 is-layout-flow wp-block-details-is-layout-flow\"><summary>Descripci\u00f3<\/summary>\n<p class=\"has-black-color has-text-color has-link-color has-small-font-size wp-elements-139bc430e96919b92af471780477fc44\">Materials pensats per desenvolupar l&#8217;expressi\u00f3 oral en catal\u00e0 en alumnes d&#8217;entre 8 i 10 anys que ja tenen assumides en la seva llengua les compet\u00e8ncies comunicatives. El material s&#8217;ha organitzat entorn de 8 temes, propers al m\u00f3n individual i escolar dels infants: informaci\u00f3 personal; l&#8217;ensenyament; activitats quotidianes; trets f\u00edsics i an\u00edmics; comprar, menjar i beure; activitats de temps lliure; fam\u00edlia, excursions i col\u00f2nies; la casa i el lloc de resid\u00e8ncia. De cada tema s&#8217;han desenvolupat 8 unitats o sessions, les quals s\u00f3n independents l&#8217;una de l&#8217;altra. Les primeres sessions practiquen m\u00e9s la comprensi\u00f3; de forma progressiva s&#8217;incrementen les propostes per parlar. Les activitats complement\u00e0ries orals es basen normalment en fulls que s&#8217;han de retallar i repartir per treballar en grup o s\u00f3n audicions de textos del CD; aquestes activitats reforcen les b\u00e0siques, preparen per a les posteriors o serveixen per cloure la sessi\u00f3.<\/p>\n\n\n\n<p class=\"has-black-color has-text-color has-link-color has-small-font-size wp-elements-0240f9c1ba969626a344df2b151b66e1\">Observacions: <br>Forma part del cat\u00e0leg de recursos educatius <strong><a href=\"https:\/\/merli.xtec.cat\/merli\/cerca\/fitxaRecurs.jsp?idRecurs=\/51230&amp;sheetId=&amp;nomUsuari=null&amp;inxtec=0\" target=\"_blank\" rel=\"noreferrer noopener\">Merl\u00ed<\/a><\/strong>.<\/p>\n\n\n\n<p class=\"has-black-color has-text-color has-link-color has-small-font-size wp-elements-c4df2cb1d8120f5764d7a15122b85783\"><\/p>\n<\/details>\n\n\n\n<details class=\"wp-block-details has-ast-global-color-0-color has-text-color has-link-color has-medium-font-size wp-elements-bb30a2a7b376584dd9fdb2040a82cc55 is-layout-flow wp-block-details-is-layout-flow\"><summary>Habilitat ling\u00fc\u00edstica \/ Nivell MERC \/ Etapa educativa <\/summary>\n<p class=\"has-black-color has-text-color has-link-color has-small-font-size wp-elements-5b9fca760b51cbbcb1cb821995ab0e4c\">Comprensi\u00f3 Oral &#8211; Expressi\u00f3 Oral &#8211; Comprensi\u00f3 Escrita &#8211; Expressi\u00f3 Escrita<\/p>\n\n\n\n<p class=\"has-black-color has-text-color has-link-color has-small-font-size wp-elements-a9789019582492e2d0fde128867ad93e\">Nivell A1 <\/p>\n\n\n\n<p class=\"has-black-color has-text-color has-link-color has-small-font-size wp-elements-f355fd6bdfa5ba9c8faaf723d97a9f6a\">Prim\u00e0ria i Secund\u00e0ria<\/p>\n<\/details>\n\n\n\n<p><\/p>\n\n\n\n<div class=\"wp-block-columns is-layout-flex wp-container-core-columns-is-layout-24 wp-block-columns-is-layout-flex\">\n<div class=\"wp-block-column is-layout-flow wp-block-column-is-layout-flow\">\n<figure class=\"wp-block-image size-full is-resized\"><a href=\"https:\/\/projectes.xtec.cat\/aula-acollida\/wp-content\/uploads\/usu59\/2025\/08\/icona-llibre-verd.png\"><img decoding=\"async\" src=\"https:\/\/projectes.xtec.cat\/aula-acollida\/wp-content\/uploads\/usu59\/2025\/08\/icona-llibre-verd.png\" alt=\"\" class=\"wp-image-9268\" style=\"width:40px\"\/><\/a><\/figure>\n<\/div>\n\n\n\n<div class=\"wp-block-column is-layout-flow wp-block-column-is-layout-flow\"><\/div>\n\n\n\n<div class=\"wp-block-column is-layout-flow wp-block-column-is-layout-flow\"><\/div>\n<\/div>\n<\/div><\/div>\n<\/div>\n\n\n\n<div class=\"wp-block-group wp-embed-aspect-16-9 wp-has-aspect-ratio is-layout-constrained wp-block-group-is-layout-constrained\" style=\"margin-top:0;margin-right:0;margin-bottom:0;margin-left:0\">\n<div class=\"wp-block-getwid-advanced-heading\"><span class=\"wp-block-getwid-advanced-heading__content has-text-color has-white-color has-background has-ast-global-color-1-background-color\" style=\"text-align:left\"><strong><em>Fem colla! Primer contacte amb la llengua<\/em><\/strong><\/span><\/div>\n\n\n\n<div class=\"wp-block-media-text is-stacked-on-mobile\" style=\"margin-top:var(--wp--preset--spacing--30);margin-bottom:var(--wp--preset--spacing--30);grid-template-columns:21% auto\"><figure class=\"wp-block-media-text__media\"><img loading=\"lazy\" decoding=\"async\" width=\"777\" height=\"1024\" src=\"https:\/\/projectes.xtec.cat\/aula-acollida\/wp-content\/uploads\/usu59\/2025\/09\/Fem-colla-777x1024.jpg\" alt=\"\" class=\"wp-image-9829 size-full\" srcset=\"https:\/\/projectes.xtec.cat\/aula-acollida\/wp-content\/uploads\/usu59\/2025\/09\/Fem-colla-777x1024.jpg 777w, https:\/\/projectes.xtec.cat\/aula-acollida\/wp-content\/uploads\/usu59\/2025\/09\/Fem-colla-228x300.jpg 228w, https:\/\/projectes.xtec.cat\/aula-acollida\/wp-content\/uploads\/usu59\/2025\/09\/Fem-colla-768x1012.jpg 768w, https:\/\/projectes.xtec.cat\/aula-acollida\/wp-content\/uploads\/usu59\/2025\/09\/Fem-colla-1165x1536.jpg 1165w, https:\/\/projectes.xtec.cat\/aula-acollida\/wp-content\/uploads\/usu59\/2025\/09\/Fem-colla-1553x2048.jpg 1553w, https:\/\/projectes.xtec.cat\/aula-acollida\/wp-content\/uploads\/usu59\/2025\/09\/Fem-colla-scaled.jpg 1942w\" sizes=\"auto, (max-width: 777px) 100vw, 777px\" \/><\/figure><div class=\"wp-block-media-text__content\">\n<details class=\"wp-block-details has-ast-global-color-0-color has-text-color has-link-color has-medium-font-size wp-elements-1180112d862f49eb4947541746a27b72 is-layout-flow wp-block-details-is-layout-flow\"><summary>Descripci\u00f3<\/summary>\n<p class=\"has-black-color has-text-color has-link-color has-small-font-size wp-elements-35289697ce6ab61ee943e9f7b54e28ec\">Material per a l\u2019aprenentatge del catal\u00e0 com a segona llengua centrat en la realitat m\u00e9s immediata (un mateix i l\u2019entorn i els objectes m\u00e9s pr\u00f2xims: la fam\u00edlia, la casa, el centre escolar, el carrer, la roba, el menjar\u2026). Treballa el vocabulari i les estructures ling\u00fc\u00edstiques elementals. <\/p>\n\n\n\n<p class=\"has-black-color has-text-color has-link-color has-small-font-size wp-elements-702267f3a81dd3321c62e4658a1191d5\">Observacions: <br>A l&#8217;<strong><a href=\"https:\/\/animallibres.cat\/catala-per-a-nouvinguts\/9359-fem-colla-primer-contacte-amb-la-llengua-nivell-a1-9788419659934.html\" target=\"_blank\" rel=\"noreferrer noopener\">espai web<\/a><\/strong> de l&#8217;editorial trobareu els recursos sonors, les transcripcions dels recursos sonors i el solucionari.<\/p>\n\n\n\n<p class=\"has-black-color has-text-color has-link-color has-small-font-size wp-elements-c4df2cb1d8120f5764d7a15122b85783\"><\/p>\n<\/details>\n\n\n\n<details class=\"wp-block-details has-ast-global-color-0-color has-text-color has-link-color has-medium-font-size wp-elements-73aafe807190617370d1761002818610 is-layout-flow wp-block-details-is-layout-flow\"><summary>Habilitat ling\u00fc\u00edstica \/ Nivell MERC \/ Etapa educativa <\/summary>\n<p class=\"has-black-color has-text-color has-link-color has-small-font-size wp-elements-5b9fca760b51cbbcb1cb821995ab0e4c\">Comprensi\u00f3 Oral &#8211; Expressi\u00f3 Oral &#8211; Comprensi\u00f3 Escrita &#8211; Expressi\u00f3 Escrita<\/p>\n\n\n\n<p class=\"has-black-color has-text-color has-link-color has-small-font-size wp-elements-a9789019582492e2d0fde128867ad93e\">Nivell A1 <\/p>\n\n\n\n<p class=\"has-black-color has-text-color has-link-color has-small-font-size wp-elements-7e0bc39432df44cc5ce7007bbe6e35f5\">Secund\u00e0ria<\/p>\n<\/details>\n\n\n\n<p><\/p>\n\n\n\n<div class=\"wp-block-columns is-layout-flex wp-container-core-columns-is-layout-25 wp-block-columns-is-layout-flex\">\n<div class=\"wp-block-column is-layout-flow wp-block-column-is-layout-flow\">\n<figure class=\"wp-block-image size-full is-resized\"><a href=\"https:\/\/projectes.xtec.cat\/aula-acollida\/wp-content\/uploads\/usu59\/2025\/08\/icona-llibre-verd.png\"><img decoding=\"async\" src=\"https:\/\/projectes.xtec.cat\/aula-acollida\/wp-content\/uploads\/usu59\/2025\/08\/icona-llibre-verd.png\" alt=\"\" class=\"wp-image-9268\" style=\"width:40px\"\/><\/a><\/figure>\n<\/div>\n\n\n\n<div class=\"wp-block-column is-layout-flow wp-block-column-is-layout-flow\">\n<figure class=\"wp-block-image size-large is-resized\"><a href=\"https:\/\/projectes.xtec.cat\/aula-acollida\/wp-content\/uploads\/usu59\/2025\/08\/icona-web.png\"><img loading=\"lazy\" decoding=\"async\" width=\"1024\" height=\"1024\" src=\"https:\/\/projectes.xtec.cat\/aula-acollida\/wp-content\/uploads\/usu59\/2025\/08\/icona-web-1024x1024.png\" alt=\"\" class=\"wp-image-9309\" style=\"width:56px;height:auto\"\/><\/a><\/figure>\n<\/div>\n\n\n\n<div class=\"wp-block-column is-layout-flow wp-block-column-is-layout-flow\"><\/div>\n<\/div>\n<\/div><\/div>\n<\/div>\n\n\n\n<div class=\"wp-block-group wp-embed-aspect-16-9 wp-has-aspect-ratio is-layout-constrained wp-block-group-is-layout-constrained\" style=\"margin-top:0;margin-right:0;margin-bottom:0;margin-left:0\">\n<div class=\"wp-block-getwid-advanced-heading\"><span class=\"wp-block-getwid-advanced-heading__content has-text-color has-white-color has-background has-ast-global-color-1-background-color\" style=\"text-align:left\"><strong><em>Fem colla! Catal\u00e0 b\u00e0sic<\/em><\/strong><\/span><\/div>\n\n\n\n<div class=\"wp-block-media-text is-stacked-on-mobile\" style=\"margin-top:var(--wp--preset--spacing--30);margin-bottom:var(--wp--preset--spacing--30);grid-template-columns:21% auto\"><figure class=\"wp-block-media-text__media\"><img loading=\"lazy\" decoding=\"async\" width=\"777\" height=\"1024\" src=\"https:\/\/projectes.xtec.cat\/aula-acollida\/wp-content\/uploads\/usu59\/2025\/09\/Fem-colla.-Catala-basic-777x1024.jpg\" alt=\"\" class=\"wp-image-9832 size-full\" srcset=\"https:\/\/projectes.xtec.cat\/aula-acollida\/wp-content\/uploads\/usu59\/2025\/09\/Fem-colla.-Catala-basic-777x1024.jpg 777w, https:\/\/projectes.xtec.cat\/aula-acollida\/wp-content\/uploads\/usu59\/2025\/09\/Fem-colla.-Catala-basic-228x300.jpg 228w, https:\/\/projectes.xtec.cat\/aula-acollida\/wp-content\/uploads\/usu59\/2025\/09\/Fem-colla.-Catala-basic-768x1012.jpg 768w, https:\/\/projectes.xtec.cat\/aula-acollida\/wp-content\/uploads\/usu59\/2025\/09\/Fem-colla.-Catala-basic-1165x1536.jpg 1165w, https:\/\/projectes.xtec.cat\/aula-acollida\/wp-content\/uploads\/usu59\/2025\/09\/Fem-colla.-Catala-basic-1553x2048.jpg 1553w, https:\/\/projectes.xtec.cat\/aula-acollida\/wp-content\/uploads\/usu59\/2025\/09\/Fem-colla.-Catala-basic-scaled.jpg 1942w\" sizes=\"auto, (max-width: 777px) 100vw, 777px\" \/><\/figure><div class=\"wp-block-media-text__content\">\n<details class=\"wp-block-details has-ast-global-color-0-color has-text-color has-link-color has-medium-font-size wp-elements-0ce74b72508a872cc943e64d8b21cb57 is-layout-flow wp-block-details-is-layout-flow\"><summary>Descripci\u00f3<\/summary>\n<p class=\"has-black-color has-text-color has-link-color has-small-font-size wp-elements-5ebae9f377b9818cddbbf3cc287015b8\">Material per a l\u2019aprenentatge del catal\u00e0 com a segona llengua. Nivell A2<\/p>\n\n\n\n<p class=\"has-black-color has-text-color has-link-color has-small-font-size wp-elements-04cc265fb5486b8794cf1387b98b15ee\">Observacions: <br>A l&#8217;<strong><a href=\"https:\/\/animallibres.cat\/catala-per-a-nouvinguts\/9360-fem-colla-catala-basic-nivell-a2-9788419659941.html\" target=\"_blank\" rel=\"noreferrer noopener\">espai web<\/a><\/strong> de l&#8217;editorial trobareu els recursos sonors, les transcripcions dels recursos sonors i el solucionari.<\/p>\n\n\n\n<p class=\"has-black-color has-text-color has-link-color has-small-font-size wp-elements-c4df2cb1d8120f5764d7a15122b85783\"><\/p>\n<\/details>\n\n\n\n<details class=\"wp-block-details has-ast-global-color-0-color has-text-color has-link-color has-medium-font-size wp-elements-662bbac08141250ba07306badb6111bf is-layout-flow wp-block-details-is-layout-flow\"><summary>Habilitat ling\u00fc\u00edstica \/ Nivell MERC \/ Etapa educativa <\/summary>\n<p class=\"has-black-color has-text-color has-link-color has-small-font-size wp-elements-5b9fca760b51cbbcb1cb821995ab0e4c\">Comprensi\u00f3 Oral &#8211; Expressi\u00f3 Oral &#8211; Comprensi\u00f3 Escrita &#8211; Expressi\u00f3 Escrita<\/p>\n\n\n\n<p class=\"has-black-color has-text-color has-link-color has-small-font-size wp-elements-5b4195fb06edb38c681bbcbec289072b\">Nivell A2<\/p>\n\n\n\n<p class=\"has-black-color has-text-color has-link-color has-small-font-size wp-elements-0f618a713f7c3669540ce3da13e4f4cf\">Prim\u00e0ria<\/p>\n<\/details>\n\n\n\n<p><\/p>\n\n\n\n<div class=\"wp-block-columns is-layout-flex wp-container-core-columns-is-layout-26 wp-block-columns-is-layout-flex\">\n<div class=\"wp-block-column is-layout-flow wp-block-column-is-layout-flow\">\n<figure class=\"wp-block-image size-full is-resized\"><a href=\"https:\/\/projectes.xtec.cat\/aula-acollida\/wp-content\/uploads\/usu59\/2025\/08\/icona-llibre-verd.png\"><img decoding=\"async\" src=\"https:\/\/projectes.xtec.cat\/aula-acollida\/wp-content\/uploads\/usu59\/2025\/08\/icona-llibre-verd.png\" alt=\"\" class=\"wp-image-9268\" style=\"width:40px\"\/><\/a><\/figure>\n<\/div>\n\n\n\n<div class=\"wp-block-column is-layout-flow wp-block-column-is-layout-flow\">\n<figure class=\"wp-block-image size-large is-resized\"><a href=\"https:\/\/projectes.xtec.cat\/aula-acollida\/wp-content\/uploads\/usu59\/2025\/08\/icona-web.png\"><img loading=\"lazy\" decoding=\"async\" width=\"1024\" height=\"1024\" src=\"https:\/\/projectes.xtec.cat\/aula-acollida\/wp-content\/uploads\/usu59\/2025\/08\/icona-web-1024x1024.png\" alt=\"\" class=\"wp-image-9309\" style=\"width:56px;height:auto\"\/><\/a><\/figure>\n<\/div>\n\n\n\n<div class=\"wp-block-column is-layout-flow wp-block-column-is-layout-flow\"><\/div>\n<\/div>\n<\/div><\/div>\n<\/div>\n\n\n\n<div class=\"wp-block-group wp-embed-aspect-16-9 wp-has-aspect-ratio is-layout-constrained wp-block-group-is-layout-constrained\" style=\"margin-top:0;margin-right:0;margin-bottom:0;margin-left:0\">\n<div class=\"wp-block-getwid-advanced-heading\"><span class=\"wp-block-getwid-advanced-heading__content has-text-color has-white-color has-background has-ast-global-color-1-background-color\" style=\"text-align:left\"><strong>On \u00e9s l&#8217;Ona?<\/strong><\/span><\/div>\n\n\n\n<div class=\"wp-block-media-text is-stacked-on-mobile\" style=\"margin-top:var(--wp--preset--spacing--30);margin-bottom:var(--wp--preset--spacing--30);grid-template-columns:21% auto\"><figure class=\"wp-block-media-text__media\"><a href=\"https:\/\/merli.xtec.cat\/merli\/cerca\/fitxaRecurs.jsp?idRecurs=\/62510&amp;sheetId=&amp;nomUsuari=null&amp;inxtec=0\" target=\"_blank\" rel=\" noreferrer noopener\"><img loading=\"lazy\" decoding=\"async\" width=\"259\" height=\"370\" src=\"https:\/\/projectes.xtec.cat\/aula-acollida\/wp-content\/uploads\/usu59\/2025\/08\/on-es-lOna.png\" alt=\"\" class=\"wp-image-9263 size-full\" srcset=\"https:\/\/projectes.xtec.cat\/aula-acollida\/wp-content\/uploads\/usu59\/2025\/08\/on-es-lOna.png 259w, https:\/\/projectes.xtec.cat\/aula-acollida\/wp-content\/uploads\/usu59\/2025\/08\/on-es-lOna-210x300.png 210w\" sizes=\"auto, (max-width: 259px) 100vw, 259px\" \/><\/a><\/figure><div class=\"wp-block-media-text__content\">\n<details class=\"wp-block-details has-ast-global-color-0-color has-text-color has-link-color has-medium-font-size wp-elements-45ef31f878024037fd376bc52392da7d is-layout-flow wp-block-details-is-layout-flow\"><summary>Descripci\u00f3<\/summary>\n<p class=\"has-black-color has-text-color has-link-color has-small-font-size wp-elements-eea11e5a2aa50c8c6b46bd454b77ffb8\">Material destinat principalment a desenvolupar l&#8217;expressi\u00f3 oral en catal\u00e0 en alumnes no natius. Est\u00e0 pensat per a l&#8217;ESO. Es presenta, al llarg de 32 cap\u00edtols de t\u00edtols suggerents, com una hist\u00f2ria completa sobre la desaparici\u00f3 d&#8217;una cantant de rock on l\u2019alumnat hi entra com a observador de les perip\u00e8cies dels personatges i participant en la investigaci\u00f3, les quals creen multitud de situacions expressives quotidianes i jocs per refor\u00e7ar la llengua oral. Tamb\u00e9 consta amb il\u00b7lustracions o textos, per la qual cosa es potencien el treball de comprensi\u00f3 lectora i expressiva. Al llarg dels 32 cap\u00edtols es tracten els blocs propis de l&#8217;assoliment del nivell llindar: expressi\u00f3 de dades personals, resid\u00e8ncia, activitats quotidianes, prefer\u00e8ncies, instruccions, compres, etc.; vocabulari dels objectes personals, les accions, el parentiu, la llar, l&#8217;alimentaci\u00f3, el vestuari, el carrer, la cuina, el cos hum\u00e0, la salut i la higiene, etc., i els determinants, adverbis i connectors corresponents.<\/p>\n\n\n\n<p class=\"has-black-color has-text-color has-link-color has-small-font-size wp-elements-5d264c5156ba0157df1427eb1a7e191e\">Observacions: <br>Forma part del cat\u00e0leg de recursos educatius <strong><a href=\"https:\/\/merli.xtec.cat\/merli\/cerca\/fitxaRecurs.jsp?idRecurs=\/62510&amp;sheetId=&amp;nomUsuari=null&amp;inxtec=0\" target=\"_blank\" rel=\"noreferrer noopener\">Merl\u00ed<\/a><\/strong>.<\/p>\n\n\n\n<p class=\"has-black-color has-text-color has-link-color has-small-font-size wp-elements-c4df2cb1d8120f5764d7a15122b85783\"><\/p>\n<\/details>\n\n\n\n<details class=\"wp-block-details has-ast-global-color-0-color has-text-color has-link-color has-medium-font-size wp-elements-eea89f1991e320435885539f820825a6 is-layout-flow wp-block-details-is-layout-flow\"><summary>Habilitat ling\u00fc\u00edstica \/ Nivell MECR \/ Etapa educativa<\/summary>\n<p class=\"has-black-color has-text-color has-link-color has-small-font-size wp-elements-5b9fca760b51cbbcb1cb821995ab0e4c\">Comprensi\u00f3 Oral &#8211; Expressi\u00f3 Oral &#8211; Comprensi\u00f3 Escrita &#8211; Expressi\u00f3 Escrita<\/p>\n\n\n\n<p class=\"has-black-color has-text-color has-link-color has-small-font-size wp-elements-12c832c0e58a865308eb42e12fca5918\">Nivell A1 &#8211; A2 &#8211; B1<\/p>\n\n\n\n<p class=\"has-black-color has-text-color has-link-color has-small-font-size wp-elements-7e0bc39432df44cc5ce7007bbe6e35f5\">Secund\u00e0ria<\/p>\n<\/details>\n\n\n\n<p><\/p>\n\n\n\n<div class=\"wp-block-columns is-layout-flex wp-container-core-columns-is-layout-27 wp-block-columns-is-layout-flex\">\n<div class=\"wp-block-column is-layout-flow wp-block-column-is-layout-flow\">\n<figure class=\"wp-block-image size-full is-resized\"><a href=\"https:\/\/projectes.xtec.cat\/aula-acollida\/wp-content\/uploads\/usu59\/2025\/08\/icona-llibre-verd.png\"><img decoding=\"async\" src=\"https:\/\/projectes.xtec.cat\/aula-acollida\/wp-content\/uploads\/usu59\/2025\/08\/icona-llibre-verd.png\" alt=\"\" class=\"wp-image-9268\" style=\"width:40px\"\/><\/a><\/figure>\n<\/div>\n\n\n\n<div class=\"wp-block-column is-layout-flow wp-block-column-is-layout-flow\"><\/div>\n\n\n\n<div class=\"wp-block-column is-layout-flow wp-block-column-is-layout-flow\"><\/div>\n<\/div>\n<\/div><\/div>\n<\/div>\n\n\n\n<div class=\"wp-block-group wp-embed-aspect-16-9 wp-has-aspect-ratio is-layout-constrained wp-block-group-is-layout-constrained\" style=\"margin-top:0;margin-right:0;margin-bottom:0;margin-left:0\">\n<div class=\"wp-block-getwid-advanced-heading\"><span class=\"wp-block-getwid-advanced-heading__content has-text-color has-white-color has-background has-ast-global-color-1-background-color\" style=\"text-align:left\"><strong><em>Projecte M\u00f3n. Llengua i interculturalitat<\/em><\/strong><\/span><\/div>\n\n\n\n<div class=\"wp-block-media-text is-stacked-on-mobile\" style=\"margin-top:var(--wp--preset--spacing--30);margin-bottom:var(--wp--preset--spacing--30);grid-template-columns:21% auto\"><figure class=\"wp-block-media-text__media\"><a href=\"https:\/\/merli.xtec.cat\/merli\/cerca\/fitxaRecurs.jsp?idRecurs=\/69449&amp;sheetId=null&amp;nomUsuari=null&amp;inxtec=0\" target=\"_blank\" rel=\" noreferrer noopener\"><img loading=\"lazy\" decoding=\"async\" width=\"498\" height=\"678\" src=\"https:\/\/projectes.xtec.cat\/aula-acollida\/wp-content\/uploads\/usu59\/2025\/08\/projecte-mon.png\" alt=\"\" class=\"wp-image-9229 size-full\" srcset=\"https:\/\/projectes.xtec.cat\/aula-acollida\/wp-content\/uploads\/usu59\/2025\/08\/projecte-mon.png 498w, https:\/\/projectes.xtec.cat\/aula-acollida\/wp-content\/uploads\/usu59\/2025\/08\/projecte-mon-220x300.png 220w\" sizes=\"auto, (max-width: 498px) 100vw, 498px\" \/><\/a><\/figure><div class=\"wp-block-media-text__content\">\n<details class=\"wp-block-details has-ast-global-color-0-color has-text-color has-link-color has-medium-font-size wp-elements-2035c194d37734b049970f2c03dc6f3a is-layout-flow wp-block-details-is-layout-flow\"><summary>Descripci\u00f3<\/summary>\n<p class=\"has-black-color has-text-color has-link-color has-small-font-size wp-elements-ce9a85166d6360e297f896205d0d444a\">Aquest llibre, orientat a l&#8217;aula d&#8217;acollida, est\u00e0 estructurat en 11 unitats que tenen com a eix central temes de l&#8217;entorn immediat de l&#8217;alumnat, a partir dels quals es treballen aspectes de la llengua, tant de vocabulari com d&#8217;estructures senzilles. Les unitats estan basades en les activitats, de manera que l&#8217;aprenentatge \u00e9s pr\u00e0ctic i comunicatiu. Cada unitat cont\u00e9 imatges per potenciar l&#8217;expressi\u00f3 oral, textos per treballar la comprensi\u00f3 auditiva i la lectura, i activitats orals i escrites. Al llarg de tot el llibre hi ha una pres\u00e8ncia important de la interculturalitat, que es reflecteix en les imatges, els textos i el treball de les festes d&#8217;arreu del m\u00f3n.<\/p>\n\n\n\n<p class=\"has-black-color has-text-color has-link-color has-small-font-size wp-elements-3d45d537d9b5be86b3cf67f82201f430\">Observacions: <br>Forma part del cat\u00e0leg de recursos educatius <strong><a href=\"https:\/\/merli.xtec.cat\/merli\/cerca\/fitxaRecurs.jsp?idRecurs=\/69449&amp;sheetId=null&amp;nomUsuari=null&amp;inxtec=0\" target=\"_blank\" rel=\"noreferrer noopener\">Merl\u00ed<\/a><\/strong>.<\/p>\n\n\n\n<p class=\"has-black-color has-text-color has-link-color has-small-font-size wp-elements-c4df2cb1d8120f5764d7a15122b85783\"><\/p>\n<\/details>\n\n\n\n<details class=\"wp-block-details has-ast-global-color-0-color has-text-color has-link-color has-medium-font-size wp-elements-53d096b152d2870170a2ab198a9186e1 is-layout-flow wp-block-details-is-layout-flow\"><summary>Habilitat ling\u00fc\u00edstica \/ Nivell MERC \/ Etapa educativa <\/summary>\n<p class=\"has-black-color has-text-color has-link-color has-small-font-size wp-elements-5b9fca760b51cbbcb1cb821995ab0e4c\">Comprensi\u00f3 Oral &#8211; Expressi\u00f3 Oral &#8211; Comprensi\u00f3 Escrita &#8211; Expressi\u00f3 Escrita<\/p>\n\n\n\n<p class=\"has-black-color has-text-color has-link-color has-small-font-size wp-elements-7da45c673509078c600669d07acfbf15\">Nivell A1 &#8211; A2<\/p>\n\n\n\n<p class=\"has-black-color has-text-color has-link-color has-small-font-size wp-elements-7e0bc39432df44cc5ce7007bbe6e35f5\">Secund\u00e0ria<\/p>\n<\/details>\n\n\n\n<p><\/p>\n\n\n\n<div class=\"wp-block-columns is-layout-flex wp-container-core-columns-is-layout-28 wp-block-columns-is-layout-flex\">\n<div class=\"wp-block-column is-layout-flow wp-block-column-is-layout-flow\">\n<figure class=\"wp-block-image size-full is-resized\"><a href=\"https:\/\/projectes.xtec.cat\/aula-acollida\/wp-content\/uploads\/usu59\/2025\/08\/icona-llibre-verd.png\"><img decoding=\"async\" src=\"https:\/\/projectes.xtec.cat\/aula-acollida\/wp-content\/uploads\/usu59\/2025\/08\/icona-llibre-verd.png\" alt=\"\" class=\"wp-image-9268\" style=\"width:40px\"\/><\/a><\/figure>\n<\/div>\n\n\n\n<div class=\"wp-block-column is-layout-flow wp-block-column-is-layout-flow\"><\/div>\n\n\n\n<div class=\"wp-block-column is-layout-flow wp-block-column-is-layout-flow\"><\/div>\n<\/div>\n<\/div><\/div>\n<\/div>\n\n\n\n<div class=\"wp-block-group wp-embed-aspect-16-9 wp-has-aspect-ratio is-layout-constrained wp-block-group-is-layout-constrained\" style=\"margin-top:0;margin-right:0;margin-bottom:0;margin-left:0\">\n<div class=\"wp-block-getwid-advanced-heading\"><span class=\"wp-block-getwid-advanced-heading__content has-text-color has-white-color has-background has-ast-global-color-1-background-color\" style=\"text-align:left\"><strong><em>Som-hi! Primer contacte amb la llengua<\/em><\/strong><\/span><\/div>\n\n\n\n<div class=\"wp-block-media-text is-stacked-on-mobile\" style=\"margin-top:var(--wp--preset--spacing--30);margin-bottom:var(--wp--preset--spacing--30);grid-template-columns:21% auto\"><figure class=\"wp-block-media-text__media\"><img loading=\"lazy\" decoding=\"async\" width=\"777\" height=\"1024\" src=\"https:\/\/projectes.xtec.cat\/aula-acollida\/wp-content\/uploads\/usu59\/2025\/09\/som-hi-777x1024.jpg\" alt=\"\" class=\"wp-image-9822 size-full\" srcset=\"https:\/\/projectes.xtec.cat\/aula-acollida\/wp-content\/uploads\/usu59\/2025\/09\/som-hi-777x1024.jpg 777w, https:\/\/projectes.xtec.cat\/aula-acollida\/wp-content\/uploads\/usu59\/2025\/09\/som-hi-228x300.jpg 228w, https:\/\/projectes.xtec.cat\/aula-acollida\/wp-content\/uploads\/usu59\/2025\/09\/som-hi-768x1012.jpg 768w, https:\/\/projectes.xtec.cat\/aula-acollida\/wp-content\/uploads\/usu59\/2025\/09\/som-hi-1165x1536.jpg 1165w, https:\/\/projectes.xtec.cat\/aula-acollida\/wp-content\/uploads\/usu59\/2025\/09\/som-hi-1553x2048.jpg 1553w, https:\/\/projectes.xtec.cat\/aula-acollida\/wp-content\/uploads\/usu59\/2025\/09\/som-hi-scaled.jpg 1942w\" sizes=\"auto, (max-width: 777px) 100vw, 777px\" \/><\/figure><div class=\"wp-block-media-text__content\">\n<details class=\"wp-block-details has-ast-global-color-0-color has-text-color has-link-color has-medium-font-size wp-elements-8f9738eb9927e4a469f2e5e89ff914bd is-layout-flow wp-block-details-is-layout-flow\"><summary>Descripci\u00f3<\/summary>\n<p class=\"has-black-color has-text-color has-link-color has-small-font-size wp-elements-35289697ce6ab61ee943e9f7b54e28ec\">Material per a l\u2019aprenentatge del catal\u00e0 com a segona llengua centrat en la realitat m\u00e9s immediata (un mateix i l\u2019entorn i els objectes m\u00e9s pr\u00f2xims: la fam\u00edlia, la casa, el centre escolar, el carrer, la roba, el menjar\u2026). Treballa el vocabulari i les estructures ling\u00fc\u00edstiques elementals. <\/p>\n\n\n\n<p class=\"has-black-color has-text-color has-link-color has-small-font-size wp-elements-d04c659b3f1016a865d818c5cabc802c\">Observacions: <br>A l&#8217;<strong><a href=\"https:\/\/animallibres.cat\/catala-per-a-nouvinguts\/9357-som-hi-primer-contacte-amb-la-llengua-nivell-a1-9788419659910.html\" target=\"_blank\" rel=\"noreferrer noopener\">espai web<\/a><\/strong> de l&#8217;editorial trobareu els recursos sonors i el solucionari.<\/p>\n\n\n\n<p class=\"has-black-color has-text-color has-link-color has-small-font-size wp-elements-c4df2cb1d8120f5764d7a15122b85783\"><\/p>\n<\/details>\n\n\n\n<details class=\"wp-block-details has-ast-global-color-0-color has-text-color has-link-color has-medium-font-size wp-elements-73aafe807190617370d1761002818610 is-layout-flow wp-block-details-is-layout-flow\"><summary>Habilitat ling\u00fc\u00edstica \/ Nivell MERC \/ Etapa educativa <\/summary>\n<p class=\"has-black-color has-text-color has-link-color has-small-font-size wp-elements-5b9fca760b51cbbcb1cb821995ab0e4c\">Comprensi\u00f3 Oral &#8211; Expressi\u00f3 Oral &#8211; Comprensi\u00f3 Escrita &#8211; Expressi\u00f3 Escrita<\/p>\n\n\n\n<p class=\"has-black-color has-text-color has-link-color has-small-font-size wp-elements-a9789019582492e2d0fde128867ad93e\">Nivell A1 <\/p>\n\n\n\n<p class=\"has-black-color has-text-color has-link-color has-small-font-size wp-elements-7e0bc39432df44cc5ce7007bbe6e35f5\">Secund\u00e0ria<\/p>\n<\/details>\n\n\n\n<p><\/p>\n\n\n\n<div class=\"wp-block-columns is-layout-flex wp-container-core-columns-is-layout-29 wp-block-columns-is-layout-flex\">\n<div class=\"wp-block-column is-layout-flow wp-block-column-is-layout-flow\">\n<figure class=\"wp-block-image size-full is-resized\"><a href=\"https:\/\/projectes.xtec.cat\/aula-acollida\/wp-content\/uploads\/usu59\/2025\/08\/icona-llibre-verd.png\"><img decoding=\"async\" src=\"https:\/\/projectes.xtec.cat\/aula-acollida\/wp-content\/uploads\/usu59\/2025\/08\/icona-llibre-verd.png\" alt=\"\" class=\"wp-image-9268\" style=\"width:40px\"\/><\/a><\/figure>\n<\/div>\n\n\n\n<div class=\"wp-block-column is-layout-flow wp-block-column-is-layout-flow\">\n<figure class=\"wp-block-image size-large is-resized\"><a href=\"https:\/\/projectes.xtec.cat\/aula-acollida\/wp-content\/uploads\/usu59\/2025\/08\/icona-web.png\"><img loading=\"lazy\" decoding=\"async\" width=\"1024\" height=\"1024\" src=\"https:\/\/projectes.xtec.cat\/aula-acollida\/wp-content\/uploads\/usu59\/2025\/08\/icona-web-1024x1024.png\" alt=\"\" class=\"wp-image-9309\" style=\"width:56px;height:auto\"\/><\/a><\/figure>\n<\/div>\n\n\n\n<div class=\"wp-block-column is-layout-flow wp-block-column-is-layout-flow\"><\/div>\n<\/div>\n<\/div><\/div>\n<\/div>\n\n\n\n<div class=\"wp-block-group wp-embed-aspect-16-9 wp-has-aspect-ratio is-layout-constrained wp-block-group-is-layout-constrained\" style=\"margin-top:0;margin-right:0;margin-bottom:0;margin-left:0\">\n<div class=\"wp-block-getwid-advanced-heading\"><span class=\"wp-block-getwid-advanced-heading__content has-text-color has-white-color has-background has-ast-global-color-1-background-color\" style=\"text-align:left\"><strong><em>Som-hi! Catal\u00e0 b\u00e0sic<\/em><\/strong><\/span><\/div>\n\n\n\n<div class=\"wp-block-media-text is-stacked-on-mobile\" style=\"margin-top:var(--wp--preset--spacing--30);margin-bottom:var(--wp--preset--spacing--30);grid-template-columns:21% auto\"><figure class=\"wp-block-media-text__media\"><img loading=\"lazy\" decoding=\"async\" width=\"777\" height=\"1024\" src=\"https:\/\/projectes.xtec.cat\/aula-acollida\/wp-content\/uploads\/usu59\/2025\/09\/Som-hi.-Catala-basic-777x1024.jpg\" alt=\"\" class=\"wp-image-9825 size-full\" srcset=\"https:\/\/projectes.xtec.cat\/aula-acollida\/wp-content\/uploads\/usu59\/2025\/09\/Som-hi.-Catala-basic-777x1024.jpg 777w, https:\/\/projectes.xtec.cat\/aula-acollida\/wp-content\/uploads\/usu59\/2025\/09\/Som-hi.-Catala-basic-228x300.jpg 228w, https:\/\/projectes.xtec.cat\/aula-acollida\/wp-content\/uploads\/usu59\/2025\/09\/Som-hi.-Catala-basic-768x1012.jpg 768w, https:\/\/projectes.xtec.cat\/aula-acollida\/wp-content\/uploads\/usu59\/2025\/09\/Som-hi.-Catala-basic-1165x1536.jpg 1165w, https:\/\/projectes.xtec.cat\/aula-acollida\/wp-content\/uploads\/usu59\/2025\/09\/Som-hi.-Catala-basic-1553x2048.jpg 1553w, https:\/\/projectes.xtec.cat\/aula-acollida\/wp-content\/uploads\/usu59\/2025\/09\/Som-hi.-Catala-basic-scaled.jpg 1942w\" sizes=\"auto, (max-width: 777px) 100vw, 777px\" \/><\/figure><div class=\"wp-block-media-text__content\">\n<details class=\"wp-block-details has-ast-global-color-0-color has-text-color has-link-color has-medium-font-size wp-elements-e189945d816114beefeb95ac7b8a74c3 is-layout-flow wp-block-details-is-layout-flow\"><summary>Descripci\u00f3<\/summary>\n<p class=\"has-black-color has-text-color has-link-color has-small-font-size wp-elements-5ebae9f377b9818cddbbf3cc287015b8\">Material per a l\u2019aprenentatge del catal\u00e0 com a segona llengua. Nivell A2<\/p>\n\n\n\n<p class=\"has-black-color has-text-color has-link-color has-small-font-size wp-elements-5ca0c09e7028a2619cf097d99af6b64f\">Observacions: <br>A l&#8217;<strong><a href=\"https:\/\/animallibres.cat\/catala-per-a-nouvinguts\/9358-som-hi-catala-basic-nivell-a2-9788419659927.html\" target=\"_blank\" rel=\"noreferrer noopener\">espai web<\/a><\/strong> de l&#8217;editorial trobareu els recursos sonors i el solucionari.<\/p>\n\n\n\n<p class=\"has-black-color has-text-color has-link-color has-small-font-size wp-elements-c4df2cb1d8120f5764d7a15122b85783\"><\/p>\n<\/details>\n\n\n\n<details class=\"wp-block-details has-ast-global-color-0-color has-text-color has-link-color has-medium-font-size wp-elements-55a6acc3079c857e238e6818905719d2 is-layout-flow wp-block-details-is-layout-flow\"><summary>Habilitat ling\u00fc\u00edstica \/ Nivell MERC \/ Etapa educativa <\/summary>\n<p class=\"has-black-color has-text-color has-link-color has-small-font-size wp-elements-5b9fca760b51cbbcb1cb821995ab0e4c\">Comprensi\u00f3 Oral &#8211; Expressi\u00f3 Oral &#8211; Comprensi\u00f3 Escrita &#8211; Expressi\u00f3 Escrita<\/p>\n\n\n\n<p class=\"has-black-color has-text-color has-link-color has-small-font-size wp-elements-5b4195fb06edb38c681bbcbec289072b\">Nivell A2<\/p>\n\n\n\n<p class=\"has-black-color has-text-color has-link-color has-small-font-size wp-elements-7e0bc39432df44cc5ce7007bbe6e35f5\">Secund\u00e0ria<\/p>\n<\/details>\n\n\n\n<p><\/p>\n\n\n\n<div class=\"wp-block-columns is-layout-flex wp-container-core-columns-is-layout-30 wp-block-columns-is-layout-flex\">\n<div class=\"wp-block-column is-layout-flow wp-block-column-is-layout-flow\">\n<figure class=\"wp-block-image size-full is-resized\"><a href=\"https:\/\/projectes.xtec.cat\/aula-acollida\/wp-content\/uploads\/usu59\/2025\/08\/icona-llibre-verd.png\"><img decoding=\"async\" src=\"https:\/\/projectes.xtec.cat\/aula-acollida\/wp-content\/uploads\/usu59\/2025\/08\/icona-llibre-verd.png\" alt=\"\" class=\"wp-image-9268\" style=\"width:40px\"\/><\/a><\/figure>\n<\/div>\n\n\n\n<div class=\"wp-block-column is-layout-flow wp-block-column-is-layout-flow\">\n<figure class=\"wp-block-image size-large is-resized\"><a href=\"https:\/\/projectes.xtec.cat\/aula-acollida\/wp-content\/uploads\/usu59\/2025\/08\/icona-web.png\"><img loading=\"lazy\" decoding=\"async\" width=\"1024\" height=\"1024\" src=\"https:\/\/projectes.xtec.cat\/aula-acollida\/wp-content\/uploads\/usu59\/2025\/08\/icona-web-1024x1024.png\" alt=\"\" class=\"wp-image-9309\" style=\"width:56px;height:auto\"\/><\/a><\/figure>\n<\/div>\n\n\n\n<div class=\"wp-block-column is-layout-flow wp-block-column-is-layout-flow\"><\/div>\n<\/div>\n<\/div><\/div>\n<\/div>\n\n\n\n<div class=\"wp-block-group wp-embed-aspect-16-9 wp-has-aspect-ratio is-layout-constrained wp-block-group-is-layout-constrained\" style=\"margin-top:0;margin-right:0;margin-bottom:0;margin-left:0\">\n<div class=\"wp-block-getwid-advanced-heading\"><span class=\"wp-block-getwid-advanced-heading__content has-text-color has-white-color has-background has-ast-global-color-1-background-color\" style=\"text-align:left\"><strong>Xerrim-xerram<\/strong><\/span><\/div>\n\n\n\n<div class=\"wp-block-media-text is-stacked-on-mobile\" style=\"margin-top:var(--wp--preset--spacing--30);margin-bottom:var(--wp--preset--spacing--30);grid-template-columns:21% auto\"><figure class=\"wp-block-media-text__media\"><a href=\"https:\/\/merli.xtec.cat\/merli\/cerca\/fitxaRecurs.jsp?idRecurs=\/84359#\" target=\"_blank\" rel=\" noreferrer noopener\"><img loading=\"lazy\" decoding=\"async\" width=\"204\" height=\"286\" src=\"https:\/\/projectes.xtec.cat\/aula-acollida\/wp-content\/uploads\/usu59\/2025\/08\/xerrim-xerram.png\" alt=\"\" class=\"wp-image-9265 size-full\"\/><\/a><\/figure><div class=\"wp-block-media-text__content\">\n<details class=\"wp-block-details has-ast-global-color-0-color has-text-color has-link-color has-medium-font-size wp-elements-c2458224711990d1702f3db2d99c8bd3 is-layout-flow wp-block-details-is-layout-flow\"><summary>Descripci\u00f3<\/summary>\n<p class=\"has-black-color has-text-color has-link-color has-small-font-size wp-elements-0856b34930eae1bd89c67aceb3d9cf6e\">Activitats per a l\u2019adquisici\u00f3 de vocabulari. Material que planteja un treball b\u00e0sicament oral mitjan\u00e7ant activitats de reconeixement, repetici\u00f3 i producci\u00f3 de vocabulari en una fase inicial d\u2019aprenentatge de la llengua. Tamb\u00e9 pot ser usat per activitats de refor\u00e7, ampliaci\u00f3 i consolidaci\u00f3 de vocabulari.<\/p>\n\n\n\n<p class=\"has-black-color has-text-color has-link-color has-small-font-size wp-elements-94b90ca7e8af9bac3366786b79f7ae37\">Observacions: <br>Forma part del cat\u00e0leg de recursos educatius <strong><a href=\"https:\/\/merli.xtec.cat\/merli\/cerca\/fitxaRecurs.jsp?idRecurs=\/84359#\" target=\"_blank\" rel=\"noreferrer noopener\">Merl\u00ed<\/a><\/strong>.<\/p>\n\n\n\n<p class=\"has-black-color has-text-color has-link-color has-small-font-size wp-elements-c4df2cb1d8120f5764d7a15122b85783\"><\/p>\n<\/details>\n\n\n\n<details class=\"wp-block-details has-ast-global-color-0-color has-text-color has-link-color has-medium-font-size wp-elements-b82fdc81ed4a416acf81a6892803cc34 is-layout-flow wp-block-details-is-layout-flow\"><summary>Habilitat ling\u00fc\u00edstica \/ Nivell MECR \/ Etapa educativa<\/summary>\n<p class=\"has-black-color has-text-color has-link-color has-small-font-size wp-elements-09268aeb889e4f50aaceca4d3ddc85bc\">Expressi\u00f3 Oral<\/p>\n\n\n\n<p class=\"has-black-color has-text-color has-link-color has-small-font-size wp-elements-4ac454206a41b87f732a1a18e8c5947a\">Nivell A1<\/p>\n\n\n\n<p class=\"has-black-color has-text-color has-link-color has-small-font-size wp-elements-f355fd6bdfa5ba9c8faaf723d97a9f6a\">Prim\u00e0ria i Secund\u00e0ria<\/p>\n<\/details>\n\n\n\n<p><\/p>\n\n\n\n<div class=\"wp-block-columns is-layout-flex wp-container-core-columns-is-layout-31 wp-block-columns-is-layout-flex\">\n<div class=\"wp-block-column is-layout-flow wp-block-column-is-layout-flow\">\n<figure class=\"wp-block-image size-full is-resized\"><a href=\"https:\/\/projectes.xtec.cat\/aula-acollida\/wp-content\/uploads\/usu59\/2025\/08\/icona-llibre-verd.png\"><img decoding=\"async\" src=\"https:\/\/projectes.xtec.cat\/aula-acollida\/wp-content\/uploads\/usu59\/2025\/08\/icona-llibre-verd.png\" alt=\"\" class=\"wp-image-9268\" style=\"width:40px\"\/><\/a><\/figure>\n<\/div>\n\n\n\n<div class=\"wp-block-column is-layout-flow wp-block-column-is-layout-flow\"><\/div>\n\n\n\n<div class=\"wp-block-column is-layout-flow wp-block-column-is-layout-flow\"><\/div>\n<\/div>\n<\/div><\/div>\n<\/div>\n","protected":false},"excerpt":{"rendered":"","protected":false},"author":1,"featured_media":0,"parent":8470,"menu_order":12,"comment_status":"closed","ping_status":"closed","template":"","meta":{"site-sidebar-layout":"default","site-content-layout":"","ast-site-content-layout":"default","site-content-style":"default","site-sidebar-style":"default","ast-global-header-display":"","ast-banner-title-visibility":"","ast-main-header-display":"","ast-hfb-above-header-display":"","ast-hfb-below-header-display":"","ast-hfb-mobile-header-display":"","site-post-title":"","ast-breadcrumbs-content":"","ast-featured-img":"","footer-sml-layout":"","theme-transparent-header-meta":"","adv-header-id-meta":"","stick-header-meta":"","header-above-stick-meta":"","header-main-stick-meta":"","header-below-stick-meta":"","astra-migrate-meta-layouts":"set","ast-page-background-enabled":"default","ast-page-background-meta":{"desktop":{"background-color":"var(--ast-global-color-4)","background-image":"","background-repeat":"repeat","background-position":"center center","background-size":"auto","background-attachment":"scroll","background-type":"","background-media":"","overlay-type":"","overlay-color":"","overlay-opacity":"","overlay-gradient":""},"tablet":{"background-color":"","background-image":"","background-repeat":"repeat","background-position":"center center","background-size":"auto","background-attachment":"scroll","background-type":"","background-media":"","overlay-type":"","overlay-color":"","overlay-opacity":"","overlay-gradient":""},"mobile":{"background-color":"","background-image":"","background-repeat":"repeat","background-position":"center center","background-size":"auto","background-attachment":"scroll","background-type":"","background-media":"","overlay-type":"","overlay-color":"","overlay-opacity":"","overlay-gradient":""}},"ast-content-background-meta":{"desktop":{"background-color":"var(--ast-global-color-5)","background-image":"","background-repeat":"repeat","background-position":"center center","background-size":"auto","background-attachment":"scroll","background-type":"","background-media":"","overlay-type":"","overlay-color":"","overlay-opacity":"","overlay-gradient":""},"tablet":{"background-color":"var(--ast-global-color-5)","background-image":"","background-repeat":"repeat","background-position":"center center","background-size":"auto","background-attachment":"scroll","background-type":"","background-media":"","overlay-type":"","overlay-color":"","overlay-opacity":"","overlay-gradient":""},"mobile":{"background-color":"var(--ast-global-color-5)","background-image":"","background-repeat":"repeat","background-position":"center center","background-size":"auto","background-attachment":"scroll","background-type":"","background-media":"","overlay-type":"","overlay-color":"","overlay-opacity":"","overlay-gradient":""}},"footnotes":""},"class_list":["post-9120","page","type-page","status-publish","hentry"],"post_mailing_queue_ids":[],"_links":{"self":[{"href":"https:\/\/projectes.xtec.cat\/aula-acollida\/wp-json\/wp\/v2\/pages\/9120","targetHints":{"allow":["GET"]}}],"collection":[{"href":"https:\/\/projectes.xtec.cat\/aula-acollida\/wp-json\/wp\/v2\/pages"}],"about":[{"href":"https:\/\/projectes.xtec.cat\/aula-acollida\/wp-json\/wp\/v2\/types\/page"}],"author":[{"embeddable":true,"href":"https:\/\/projectes.xtec.cat\/aula-acollida\/wp-json\/wp\/v2\/users\/1"}],"replies":[{"embeddable":true,"href":"https:\/\/projectes.xtec.cat\/aula-acollida\/wp-json\/wp\/v2\/comments?post=9120"}],"version-history":[{"count":6,"href":"https:\/\/projectes.xtec.cat\/aula-acollida\/wp-json\/wp\/v2\/pages\/9120\/revisions"}],"predecessor-version":[{"id":10336,"href":"https:\/\/projectes.xtec.cat\/aula-acollida\/wp-json\/wp\/v2\/pages\/9120\/revisions\/10336"}],"up":[{"embeddable":true,"href":"https:\/\/projectes.xtec.cat\/aula-acollida\/wp-json\/wp\/v2\/pages\/8470"}],"wp:attachment":[{"href":"https:\/\/projectes.xtec.cat\/aula-acollida\/wp-json\/wp\/v2\/media?parent=9120"}],"curies":[{"name":"wp","href":"https:\/\/api.w.org\/{rel}","templated":true}]}}