{"id":13779,"date":"2024-06-18T09:12:14","date_gmt":"2024-06-18T07:12:14","guid":{"rendered":"https:\/\/projectes.xtec.cat\/bescat\/?page_id=13779"},"modified":"2025-07-15T11:28:58","modified_gmt":"2025-07-15T09:28:58","slug":"productes-projecte-23","status":"publish","type":"page","link":"https:\/\/projectes.xtec.cat\/bescat\/productes-projecte-23\/","title":{"rendered":"Productes projecte 23"},"content":{"rendered":"\n<div class=\"wp-block-getwid-section getwid-section-content-full-width\"><div class=\"wp-block-getwid-section__wrapper\"><div class=\"wp-block-getwid-section__inner-wrapper\"><div class=\"wp-block-getwid-section__background-holder\"><div class=\"wp-block-getwid-section__background\"><\/div><div class=\"wp-block-getwid-section__foreground\"><\/div><\/div><div class=\"wp-block-getwid-section__content\"><div class=\"wp-block-getwid-section__inner-content\">\n<div class=\"wp-block-columns is-layout-flex wp-container-core-columns-is-layout-1 wp-block-columns-is-layout-flex\">\n<div class=\"wp-block-column caixa-link is-layout-flow wp-block-column-is-layout-flow\">\n<h2 class=\"wp-block-heading\">Europe Work Plan<\/h2>\n\n\n\n<figure class=\"wp-block-image size-full\"><a href=\"https:\/\/drive.google.com\/file\/d\/1cykzqvz1slxpEB_JgUrwpKBNPntNCNOK\/view\" target=\"_blank\" rel=\"noreferrer noopener\"><img loading=\"lazy\" decoding=\"async\" width=\"791\" height=\"811\" src=\"https:\/\/projectes.xtec.cat\/bescat\/wp-content\/uploads\/usu793\/2024\/06\/Europe-Work-Plan.png\" alt=\"\" class=\"wp-image-13857\" srcset=\"https:\/\/projectes.xtec.cat\/bescat\/wp-content\/uploads\/usu793\/2024\/06\/Europe-Work-Plan.png 791w, https:\/\/projectes.xtec.cat\/bescat\/wp-content\/uploads\/usu793\/2024\/06\/Europe-Work-Plan-293x300.png 293w, https:\/\/projectes.xtec.cat\/bescat\/wp-content\/uploads\/usu793\/2024\/06\/Europe-Work-Plan-768x787.png 768w\" sizes=\"auto, (max-width: 791px) 100vw, 791px\" \/><\/a><\/figure>\n<\/div>\n\n\n\n<div class=\"wp-block-column caixa-link is-layout-flow wp-block-column-is-layout-flow\">\n<h2 class=\"wp-block-heading\">Dia dels Autors europeus<\/h2>\n\n\n\n<figure class=\"wp-block-image size-large\"><a href=\"https:\/\/view.genially.com\/64cb8046ab4a9d001823977a\/interactive-image-discovering-the-european-authors\" target=\"_blank\" rel=\"noreferrer noopener\"><img loading=\"lazy\" decoding=\"async\" width=\"1024\" height=\"571\" src=\"https:\/\/projectes.xtec.cat\/bescat\/wp-content\/uploads\/usu793\/2024\/02\/Discovering-the-European-authors-e1709038168735-1024x571.png\" alt=\"\" class=\"wp-image-13083\" srcset=\"https:\/\/projectes.xtec.cat\/bescat\/wp-content\/uploads\/usu793\/2024\/02\/Discovering-the-European-authors-e1709038168735-1024x571.png 1024w, https:\/\/projectes.xtec.cat\/bescat\/wp-content\/uploads\/usu793\/2024\/02\/Discovering-the-European-authors-e1709038168735-300x167.png 300w, https:\/\/projectes.xtec.cat\/bescat\/wp-content\/uploads\/usu793\/2024\/02\/Discovering-the-European-authors-e1709038168735-768x429.png 768w, https:\/\/projectes.xtec.cat\/bescat\/wp-content\/uploads\/usu793\/2024\/02\/Discovering-the-European-authors-e1709038168735-1536x857.png 1536w, https:\/\/projectes.xtec.cat\/bescat\/wp-content\/uploads\/usu793\/2024\/02\/Discovering-the-European-authors-e1709038168735.png 1577w\" sizes=\"auto, (max-width: 1024px) 100vw, 1024px\" \/><\/a><\/figure>\n<\/div>\n\n\n\n<div class=\"wp-block-column caixa-link is-layout-flow wp-block-column-is-layout-flow\">\n<h2 class=\"wp-block-heading\">Vocabulari BE<\/h2>\n\n\n\n<figure class=\"wp-block-image size-full\"><a href=\"https:\/\/drive.google.com\/file\/d\/1EHtesTq5m3xnZ4y-15qU-Irl6F1V0-at\/view\" target=\"_blank\" rel=\"noreferrer noopener\"><img loading=\"lazy\" decoding=\"async\" width=\"581\" height=\"444\" src=\"https:\/\/projectes.xtec.cat\/bescat\/wp-content\/uploads\/usu793\/2024\/06\/Guia-BE-imatge.png\" alt=\"\" class=\"wp-image-13741\" srcset=\"https:\/\/projectes.xtec.cat\/bescat\/wp-content\/uploads\/usu793\/2024\/06\/Guia-BE-imatge.png 581w, https:\/\/projectes.xtec.cat\/bescat\/wp-content\/uploads\/usu793\/2024\/06\/Guia-BE-imatge-300x229.png 300w\" sizes=\"auto, (max-width: 581px) 100vw, 581px\" \/><\/a><\/figure>\n<\/div>\n\n\n\n<div class=\"wp-block-column caixa-link is-layout-flow wp-block-column-is-layout-flow\">\n<h2 class=\"wp-block-heading\"><a href=\"https:\/\/drive.google.com\/file\/d\/1mPWEyzuipJk1GUp21hPCw6ICbI4qz2V6\/view?usp=sharing\" target=\"_blank\" rel=\"noreferrer noopener\">Propietat intel\u00b7lectual i drets d\u2019autoria<\/a><\/h2>\n\n\n\n<figure class=\"wp-block-image size-large\"><a href=\"https:\/\/drive.google.com\/file\/d\/1mPWEyzuipJk1GUp21hPCw6ICbI4qz2V6\/view?usp=sharing\" target=\"_blank\" rel=\"noreferrer noopener\"><img loading=\"lazy\" decoding=\"async\" width=\"1024\" height=\"508\" src=\"https:\/\/projectes.xtec.cat\/bescat\/wp-content\/uploads\/usu793\/2024\/09\/Propietat-intellectual-i-drets-dautoria_Escola-Font-rubia-1024x508.png\" alt=\"\" class=\"wp-image-14092\" srcset=\"https:\/\/projectes.xtec.cat\/bescat\/wp-content\/uploads\/usu793\/2024\/09\/Propietat-intellectual-i-drets-dautoria_Escola-Font-rubia-1024x508.png 1024w, https:\/\/projectes.xtec.cat\/bescat\/wp-content\/uploads\/usu793\/2024\/09\/Propietat-intellectual-i-drets-dautoria_Escola-Font-rubia-300x149.png 300w, https:\/\/projectes.xtec.cat\/bescat\/wp-content\/uploads\/usu793\/2024\/09\/Propietat-intellectual-i-drets-dautoria_Escola-Font-rubia-768x381.png 768w, https:\/\/projectes.xtec.cat\/bescat\/wp-content\/uploads\/usu793\/2024\/09\/Propietat-intellectual-i-drets-dautoria_Escola-Font-rubia.png 1406w\" sizes=\"auto, (max-width: 1024px) 100vw, 1024px\" \/><\/a><\/figure>\n<\/div>\n<\/div>\n<\/div><\/div><\/div><\/div><\/div>\n\n\n\n<div class=\"wp-block-getwid-section getwid-section-content-full-width\"><div class=\"wp-block-getwid-section__wrapper\"><div class=\"wp-block-getwid-section__inner-wrapper\"><div class=\"wp-block-getwid-section__background-holder\"><div class=\"wp-block-getwid-section__background\"><\/div><div class=\"wp-block-getwid-section__foreground\"><\/div><\/div><div class=\"wp-block-getwid-section__content\"><div class=\"wp-block-getwid-section__inner-content\">\n<div class=\"wp-block-columns is-layout-flex wp-container-core-columns-is-layout-2 wp-block-columns-is-layout-flex\">\n<div class=\"wp-block-column caixa-link is-layout-flow wp-block-column-is-layout-flow\">\n<h2 class=\"wp-block-heading\">BE inclusiva<\/h2>\n\n\n\n<figure class=\"wp-block-image size-full\"><a href=\"https:\/\/drive.google.com\/file\/d\/1eSlIKx3N_RZ9npJWPHjhjpn5haVlS1An\/view\" target=\"_blank\" rel=\"noreferrer noopener\"><img loading=\"lazy\" decoding=\"async\" width=\"459\" height=\"366\" src=\"https:\/\/projectes.xtec.cat\/bescat\/wp-content\/uploads\/usu793\/2024\/10\/BE-inclusiva.png\" alt=\"\" class=\"wp-image-14335\" srcset=\"https:\/\/projectes.xtec.cat\/bescat\/wp-content\/uploads\/usu793\/2024\/10\/BE-inclusiva.png 459w, https:\/\/projectes.xtec.cat\/bescat\/wp-content\/uploads\/usu793\/2024\/10\/BE-inclusiva-300x239.png 300w\" sizes=\"auto, (max-width: 459px) 100vw, 459px\" \/><\/a><\/figure>\n<\/div>\n\n\n\n<div class=\"wp-block-column caixa-link is-layout-flow wp-block-column-is-layout-flow\">\n<h2 class=\"wp-block-heading\">Pla de comunicaci\u00f3 i difusi\u00f3<\/h2>\n\n\n\n<figure class=\"wp-block-image size-full\"><a href=\"http:\/\/hdl.handle.net\/20.500.12694\/6751\" target=\"_blank\" rel=\"noreferrer noopener\"><img loading=\"lazy\" decoding=\"async\" width=\"651\" height=\"489\" src=\"https:\/\/projectes.xtec.cat\/bescat\/wp-content\/uploads\/usu793\/2024\/10\/Pla-de-comunicacio-i-difusio-1.png\" alt=\"\" class=\"wp-image-14336\" srcset=\"https:\/\/projectes.xtec.cat\/bescat\/wp-content\/uploads\/usu793\/2024\/10\/Pla-de-comunicacio-i-difusio-1.png 651w, https:\/\/projectes.xtec.cat\/bescat\/wp-content\/uploads\/usu793\/2024\/10\/Pla-de-comunicacio-i-difusio-1-300x225.png 300w, https:\/\/projectes.xtec.cat\/bescat\/wp-content\/uploads\/usu793\/2024\/10\/Pla-de-comunicacio-i-difusio-1-200x150.png 200w\" sizes=\"auto, (max-width: 651px) 100vw, 651px\" \/><\/a><\/figure>\n<\/div>\n\n\n\n<div class=\"wp-block-column caixa-link is-layout-flow wp-block-column-is-layout-flow\">\n<h2 class=\"wp-block-heading\">El plaer de llegir<\/h2>\n\n\n\n<figure class=\"wp-block-image size-full\"><a href=\"https:\/\/drive.google.com\/file\/d\/1FwU5Evz79GX5hS046xsNmi0uY4WxsAkV\/view\" target=\"_blank\" rel=\"noreferrer noopener\"><img loading=\"lazy\" decoding=\"async\" width=\"790\" height=\"639\" src=\"https:\/\/projectes.xtec.cat\/bescat\/wp-content\/uploads\/usu793\/2024\/10\/Dinamitzacions_Mar-Lopez_escola-Frigolet.png\" alt=\"\" class=\"wp-image-14327\" srcset=\"https:\/\/projectes.xtec.cat\/bescat\/wp-content\/uploads\/usu793\/2024\/10\/Dinamitzacions_Mar-Lopez_escola-Frigolet.png 790w, https:\/\/projectes.xtec.cat\/bescat\/wp-content\/uploads\/usu793\/2024\/10\/Dinamitzacions_Mar-Lopez_escola-Frigolet-300x243.png 300w, https:\/\/projectes.xtec.cat\/bescat\/wp-content\/uploads\/usu793\/2024\/10\/Dinamitzacions_Mar-Lopez_escola-Frigolet-768x621.png 768w\" sizes=\"auto, (max-width: 790px) 100vw, 790px\" \/><\/a><\/figure>\n<\/div>\n\n\n\n<div class=\"wp-block-column caixa-link is-layout-flow wp-block-column-is-layout-flow\">\n<h2 class=\"wp-block-heading\">Biblioactivitats<\/h2>\n\n\n\n<figure class=\"wp-block-image size-full\"><a href=\"https:\/\/drive.google.com\/file\/d\/1Q_Mz_23NLeMrz9A90qiL78CQmdnPXd27\/view\" target=\"_blank\" rel=\"noreferrer noopener\"><img loading=\"lazy\" decoding=\"async\" width=\"611\" height=\"769\" src=\"https:\/\/projectes.xtec.cat\/bescat\/wp-content\/uploads\/usu793\/2024\/10\/Biblioactivitats-1.png\" alt=\"\" class=\"wp-image-14391\" srcset=\"https:\/\/projectes.xtec.cat\/bescat\/wp-content\/uploads\/usu793\/2024\/10\/Biblioactivitats-1.png 611w, https:\/\/projectes.xtec.cat\/bescat\/wp-content\/uploads\/usu793\/2024\/10\/Biblioactivitats-1-238x300.png 238w\" sizes=\"auto, (max-width: 611px) 100vw, 611px\" \/><\/a><\/figure>\n<\/div>\n<\/div>\n<\/div><\/div><\/div><\/div><\/div>\n\n\n\n<div class=\"wp-block-getwid-section getwid-section-content-full-width\"><div class=\"wp-block-getwid-section__wrapper\"><div class=\"wp-block-getwid-section__inner-wrapper\"><div class=\"wp-block-getwid-section__background-holder\"><div class=\"wp-block-getwid-section__background\"><\/div><div class=\"wp-block-getwid-section__foreground\"><\/div><\/div><div class=\"wp-block-getwid-section__content\"><div class=\"wp-block-getwid-section__inner-content\">\n<div class=\"wp-block-columns is-layout-flex wp-container-core-columns-is-layout-3 wp-block-columns-is-layout-flex\">\n<div class=\"wp-block-column caixa-link is-layout-flow wp-block-column-is-layout-flow\">\n<h2 class=\"wp-block-heading\">Biblioactivitats<\/h2>\n\n\n\n<figure class=\"wp-block-image size-full\"><a href=\"https:\/\/view.genially.com\/66ab7cc3bac8d52d3d7f1c42\/interactive-content-biblioactivitats-biblioteca-elena-ocallahan-de-lescola-sant-jordi-s\" target=\"_blank\" rel=\"noreferrer noopener\"><img loading=\"lazy\" decoding=\"async\" width=\"1572\" height=\"884\" src=\"https:\/\/projectes.xtec.cat\/bescat\/wp-content\/uploads\/usu793\/2024\/10\/Genially-Biblioactivitats-english-version.png\" alt=\"\" class=\"wp-image-14387\" srcset=\"https:\/\/projectes.xtec.cat\/bescat\/wp-content\/uploads\/usu793\/2024\/10\/Genially-Biblioactivitats-english-version.png 1572w, https:\/\/projectes.xtec.cat\/bescat\/wp-content\/uploads\/usu793\/2024\/10\/Genially-Biblioactivitats-english-version-300x169.png 300w, https:\/\/projectes.xtec.cat\/bescat\/wp-content\/uploads\/usu793\/2024\/10\/Genially-Biblioactivitats-english-version-1024x576.png 1024w, https:\/\/projectes.xtec.cat\/bescat\/wp-content\/uploads\/usu793\/2024\/10\/Genially-Biblioactivitats-english-version-768x432.png 768w, https:\/\/projectes.xtec.cat\/bescat\/wp-content\/uploads\/usu793\/2024\/10\/Genially-Biblioactivitats-english-version-1536x864.png 1536w\" sizes=\"auto, (max-width: 1572px) 100vw, 1572px\" \/><\/a><\/figure>\n<\/div>\n\n\n\n<div class=\"wp-block-column caixa-link is-layout-flow wp-block-column-is-layout-flow\">\n<h2 class=\"wp-block-heading\"><a href=\"https:\/\/drive.google.com\/file\/d\/17g5C01mwIxquukxqOsoHYiRFTknqE_Vm\/view\" target=\"_blank\" rel=\"noreferrer noopener\">Guia Converses Liter\u00e0ries<\/a><\/h2>\n\n\n\n<figure class=\"wp-block-image size-full\"><a href=\"https:\/\/drive.google.com\/file\/d\/17g5C01mwIxquukxqOsoHYiRFTknqE_Vm\/view\" target=\"_blank\" rel=\"noreferrer noopener\"><img loading=\"lazy\" decoding=\"async\" width=\"455\" height=\"549\" src=\"https:\/\/projectes.xtec.cat\/bescat\/wp-content\/uploads\/usu793\/2025\/01\/Guia-per-acompanyar-converses-literaries_Anna-Soler_Escola-Font-rubia.png\" alt=\"\" class=\"wp-image-14783\" srcset=\"https:\/\/projectes.xtec.cat\/bescat\/wp-content\/uploads\/usu793\/2025\/01\/Guia-per-acompanyar-converses-literaries_Anna-Soler_Escola-Font-rubia.png 455w, https:\/\/projectes.xtec.cat\/bescat\/wp-content\/uploads\/usu793\/2025\/01\/Guia-per-acompanyar-converses-literaries_Anna-Soler_Escola-Font-rubia-249x300.png 249w\" sizes=\"auto, (max-width: 455px) 100vw, 455px\" \/><\/a><\/figure>\n<\/div>\n\n\n\n<div class=\"wp-block-column caixa-link is-layout-flow wp-block-column-is-layout-flow\">\n<h2 class=\"wp-block-heading\"><a href=\"https:\/\/drive.google.com\/file\/d\/1ngELr7FLm3CFxKf9pa5XLCZxv2h2V5Qn\/view?usp=drive_link\" target=\"_blank\" rel=\"noreferrer noopener\">Proposta lectura guiada UE<\/a><\/h2>\n\n\n\n<figure class=\"wp-block-image size-full\"><a href=\"https:\/\/drive.google.com\/file\/d\/1ngELr7FLm3CFxKf9pa5XLCZxv2h2V5Qn\/view?usp=drive_link\" target=\"_blank\" rel=\"noreferrer noopener\"><img loading=\"lazy\" decoding=\"async\" width=\"481\" height=\"719\" src=\"https:\/\/projectes.xtec.cat\/bescat\/wp-content\/uploads\/usu793\/2025\/04\/Proposta-guia.png\" alt=\"\" class=\"wp-image-15245\" srcset=\"https:\/\/projectes.xtec.cat\/bescat\/wp-content\/uploads\/usu793\/2025\/04\/Proposta-guia.png 481w, https:\/\/projectes.xtec.cat\/bescat\/wp-content\/uploads\/usu793\/2025\/04\/Proposta-guia-201x300.png 201w\" sizes=\"auto, (max-width: 481px) 100vw, 481px\" \/><\/a><\/figure>\n<\/div>\n\n\n\n<div class=\"wp-block-column caixa-link is-layout-flow wp-block-column-is-layout-flow\">\n<h2 class=\"wp-block-heading\"><a href=\"https:\/\/drive.google.com\/file\/d\/1zSM5zmKo7B3n57vjJzuf1zDnJwYX0yey\/view\" target=\"_blank\" rel=\"noreferrer noopener\">BE digital en temps d&#8217;IA<\/a><\/h2>\n\n\n\n<figure class=\"wp-block-image size-full\"><img loading=\"lazy\" decoding=\"async\" width=\"2245\" height=\"1587\" src=\"https:\/\/projectes.xtec.cat\/bescat\/wp-content\/uploads\/usu793\/2025\/05\/Imatge-Sant-Jordi-3.png\" alt=\"\" class=\"wp-image-15451\" srcset=\"https:\/\/projectes.xtec.cat\/bescat\/wp-content\/uploads\/usu793\/2025\/05\/Imatge-Sant-Jordi-3.png 2245w, https:\/\/projectes.xtec.cat\/bescat\/wp-content\/uploads\/usu793\/2025\/05\/Imatge-Sant-Jordi-3-300x212.png 300w, https:\/\/projectes.xtec.cat\/bescat\/wp-content\/uploads\/usu793\/2025\/05\/Imatge-Sant-Jordi-3-1024x724.png 1024w, https:\/\/projectes.xtec.cat\/bescat\/wp-content\/uploads\/usu793\/2025\/05\/Imatge-Sant-Jordi-3-768x543.png 768w, https:\/\/projectes.xtec.cat\/bescat\/wp-content\/uploads\/usu793\/2025\/05\/Imatge-Sant-Jordi-3-1536x1086.png 1536w, https:\/\/projectes.xtec.cat\/bescat\/wp-content\/uploads\/usu793\/2025\/05\/Imatge-Sant-Jordi-3-2048x1448.png 2048w\" sizes=\"auto, (max-width: 2245px) 100vw, 2245px\" \/><\/figure>\n<\/div>\n<\/div>\n<\/div><\/div><\/div><\/div><\/div>\n\n\n\n<div class=\"wp-block-getwid-section getwid-section-content-full-width\"><div class=\"wp-block-getwid-section__wrapper\"><div class=\"wp-block-getwid-section__inner-wrapper\"><div class=\"wp-block-getwid-section__background-holder\"><div class=\"wp-block-getwid-section__background\"><\/div><div class=\"wp-block-getwid-section__foreground\"><\/div><\/div><div class=\"wp-block-getwid-section__content\"><div class=\"wp-block-getwid-section__inner-content\">\n<div class=\"wp-block-columns is-layout-flex wp-container-core-columns-is-layout-4 wp-block-columns-is-layout-flex\">\n<div class=\"wp-block-column caixa-link is-layout-flow wp-block-column-is-layout-flow\">\n<h2 class=\"wp-block-heading\">Dates assenyalades<\/h2>\n\n\n\n<figure class=\"wp-block-image size-full\"><img loading=\"lazy\" decoding=\"async\" width=\"853\" height=\"847\" src=\"https:\/\/projectes.xtec.cat\/bescat\/wp-content\/uploads\/usu793\/2025\/05\/Dates-assenyalades_Nuria_Sant-Marti.png\" alt=\"\" class=\"wp-image-15308\" srcset=\"https:\/\/projectes.xtec.cat\/bescat\/wp-content\/uploads\/usu793\/2025\/05\/Dates-assenyalades_Nuria_Sant-Marti.png 853w, https:\/\/projectes.xtec.cat\/bescat\/wp-content\/uploads\/usu793\/2025\/05\/Dates-assenyalades_Nuria_Sant-Marti-300x298.png 300w, https:\/\/projectes.xtec.cat\/bescat\/wp-content\/uploads\/usu793\/2025\/05\/Dates-assenyalades_Nuria_Sant-Marti-150x150.png 150w, https:\/\/projectes.xtec.cat\/bescat\/wp-content\/uploads\/usu793\/2025\/05\/Dates-assenyalades_Nuria_Sant-Marti-768x763.png 768w\" sizes=\"auto, (max-width: 853px) 100vw, 853px\" \/><\/figure>\n<\/div>\n\n\n\n<div class=\"wp-block-column caixa-link is-layout-flow wp-block-column-is-layout-flow\">\n<h2 class=\"wp-block-heading\"><a href=\"https:\/\/drive.google.com\/file\/d\/1sEzz8UYLQStPZS8f-wEo0bBB_blyZ7HZ\/view?usp=drive_link\" target=\"_blank\" rel=\"noreferrer noopener\">Marat\u00f3 de lectura<\/a><\/h2>\n\n\n\n<figure class=\"wp-block-image size-full\"><a href=\"https:\/\/drive.google.com\/file\/d\/1sEzz8UYLQStPZS8f-wEo0bBB_blyZ7HZ\/view?usp=drive_link\" target=\"_blank\" rel=\"noreferrer noopener\"><img loading=\"lazy\" decoding=\"async\" width=\"860\" height=\"599\" src=\"https:\/\/projectes.xtec.cat\/bescat\/wp-content\/uploads\/usu793\/2025\/05\/image-1.png\" alt=\"\" class=\"wp-image-15347\" srcset=\"https:\/\/projectes.xtec.cat\/bescat\/wp-content\/uploads\/usu793\/2025\/05\/image-1.png 860w, https:\/\/projectes.xtec.cat\/bescat\/wp-content\/uploads\/usu793\/2025\/05\/image-1-300x209.png 300w, https:\/\/projectes.xtec.cat\/bescat\/wp-content\/uploads\/usu793\/2025\/05\/image-1-768x535.png 768w\" sizes=\"auto, (max-width: 860px) 100vw, 860px\" \/><\/a><\/figure>\n<\/div>\n\n\n\n<div class=\"wp-block-column caixa-link is-layout-flow wp-block-column-is-layout-flow\">\n<h2 class=\"wp-block-heading\"><a href=\"https:\/\/drive.google.com\/file\/d\/1DaZ-n3fV3oJ5HDB6mnD6Y1tJEEoWcTlP\/view?usp=drive_link\">Propostes  pres\u00e8ncia lleng\u00fces<\/a><\/h2>\n\n\n\n<figure class=\"wp-block-image size-full\"><a href=\"https:\/\/drive.google.com\/file\/d\/1DaZ-n3fV3oJ5HDB6mnD6Y1tJEEoWcTlP\/view?usp=drive_link\" target=\"_blank\" rel=\"noreferrer noopener\"><img loading=\"lazy\" decoding=\"async\" width=\"405\" height=\"311\" src=\"https:\/\/projectes.xtec.cat\/bescat\/wp-content\/uploads\/usu793\/2025\/05\/recull-propostes-frigolet.png\" alt=\"\" class=\"wp-image-15357\" srcset=\"https:\/\/projectes.xtec.cat\/bescat\/wp-content\/uploads\/usu793\/2025\/05\/recull-propostes-frigolet.png 405w, https:\/\/projectes.xtec.cat\/bescat\/wp-content\/uploads\/usu793\/2025\/05\/recull-propostes-frigolet-300x230.png 300w\" sizes=\"auto, (max-width: 405px) 100vw, 405px\" \/><\/a><\/figure>\n<\/div>\n\n\n\n<div class=\"wp-block-column caixa-link is-layout-flow wp-block-column-is-layout-flow\">\n<h2 class=\"wp-block-heading\">Dia d&#8217;Europa<\/h2>\n\n\n\n<figure class=\"wp-block-image size-full\"><a href=\"https:\/\/view.genially.com\/67d6dde21bac69cfd1dca0d7\/interactive-content-lectures-que-arriben-deuropa\" target=\"_blank\" rel=\"noreferrer noopener\"><img loading=\"lazy\" decoding=\"async\" width=\"827\" height=\"468\" src=\"https:\/\/projectes.xtec.cat\/bescat\/wp-content\/uploads\/usu793\/2025\/05\/Lectures-que-arriben-dEuropa.png\" alt=\"\" class=\"wp-image-15297\" srcset=\"https:\/\/projectes.xtec.cat\/bescat\/wp-content\/uploads\/usu793\/2025\/05\/Lectures-que-arriben-dEuropa.png 827w, https:\/\/projectes.xtec.cat\/bescat\/wp-content\/uploads\/usu793\/2025\/05\/Lectures-que-arriben-dEuropa-300x170.png 300w, https:\/\/projectes.xtec.cat\/bescat\/wp-content\/uploads\/usu793\/2025\/05\/Lectures-que-arriben-dEuropa-768x435.png 768w\" sizes=\"auto, (max-width: 827px) 100vw, 827px\" \/><\/a><\/figure>\n<\/div>\n<\/div>\n<\/div><\/div><\/div><\/div><\/div>\n\n\n\n<div class=\"wp-block-getwid-section getwid-section-content-full-width\"><div class=\"wp-block-getwid-section__wrapper\"><div class=\"wp-block-getwid-section__inner-wrapper\"><div class=\"wp-block-getwid-section__background-holder\"><div class=\"wp-block-getwid-section__background\"><\/div><div class=\"wp-block-getwid-section__foreground\"><\/div><\/div><div class=\"wp-block-getwid-section__content\"><div class=\"wp-block-getwid-section__inner-content\">\n<div class=\"wp-block-columns is-layout-flex wp-container-core-columns-is-layout-5 wp-block-columns-is-layout-flex\">\n<div class=\"wp-block-column caixa-link is-layout-flow wp-block-column-is-layout-flow\">\n<h2 class=\"wp-block-heading\"><a href=\"https:\/\/drive.google.com\/file\/d\/1xDqBKOea1fLEeeBxvCnhXG9v8sKgftGr\/view\" target=\"_blank\" rel=\"noreferrer noopener\">Cap a una biblioteca m\u00e9s funcional i accessible<\/a><\/h2>\n\n\n\n<figure class=\"wp-block-image size-full\"><a href=\"https:\/\/drive.google.com\/file\/d\/1xDqBKOea1fLEeeBxvCnhXG9v8sKgftGr\/view\" target=\"_blank\" rel=\"noreferrer noopener\"><img loading=\"lazy\" decoding=\"async\" width=\"597\" height=\"843\" src=\"https:\/\/projectes.xtec.cat\/bescat\/wp-content\/uploads\/usu793\/2025\/05\/Cap-a-una-biblioteca-mes-funcional-i-accessible_Cristina-Almoril_Brusselles.png\" alt=\"\" class=\"wp-image-15464\" srcset=\"https:\/\/projectes.xtec.cat\/bescat\/wp-content\/uploads\/usu793\/2025\/05\/Cap-a-una-biblioteca-mes-funcional-i-accessible_Cristina-Almoril_Brusselles.png 597w, https:\/\/projectes.xtec.cat\/bescat\/wp-content\/uploads\/usu793\/2025\/05\/Cap-a-una-biblioteca-mes-funcional-i-accessible_Cristina-Almoril_Brusselles-212x300.png 212w\" sizes=\"auto, (max-width: 597px) 100vw, 597px\" \/><\/a><\/figure>\n<\/div>\n\n\n\n<div class=\"wp-block-column caixa-link is-layout-flow wp-block-column-is-layout-flow\">\n<h2 class=\"wp-block-heading\"><a href=\"https:\/\/drive.google.com\/file\/d\/1YX1b9MxNKekANUbbKTm7RlE6H_TOipn0\/view\" target=\"_blank\" rel=\"noreferrer noopener\">Trobem poesia? Blackout poetry<\/a><\/h2>\n\n\n\n<figure class=\"wp-block-image size-full\"><a href=\"https:\/\/drive.google.com\/file\/d\/1YX1b9MxNKekANUbbKTm7RlE6H_TOipn0\/view\" target=\"_blank\" rel=\"noreferrer noopener\"><img loading=\"lazy\" decoding=\"async\" width=\"1279\" height=\"723\" src=\"https:\/\/projectes.xtec.cat\/bescat\/wp-content\/uploads\/usu793\/2025\/05\/Trobem-poesia_producte-Laura-Rodriguez_mobilitat-Bolzano.png\" alt=\"\" class=\"wp-image-15469\" srcset=\"https:\/\/projectes.xtec.cat\/bescat\/wp-content\/uploads\/usu793\/2025\/05\/Trobem-poesia_producte-Laura-Rodriguez_mobilitat-Bolzano.png 1279w, https:\/\/projectes.xtec.cat\/bescat\/wp-content\/uploads\/usu793\/2025\/05\/Trobem-poesia_producte-Laura-Rodriguez_mobilitat-Bolzano-300x170.png 300w, https:\/\/projectes.xtec.cat\/bescat\/wp-content\/uploads\/usu793\/2025\/05\/Trobem-poesia_producte-Laura-Rodriguez_mobilitat-Bolzano-1024x579.png 1024w, https:\/\/projectes.xtec.cat\/bescat\/wp-content\/uploads\/usu793\/2025\/05\/Trobem-poesia_producte-Laura-Rodriguez_mobilitat-Bolzano-768x434.png 768w\" sizes=\"auto, (max-width: 1279px) 100vw, 1279px\" \/><\/a><\/figure>\n<\/div>\n\n\n\n<div class=\"wp-block-column caixa-link is-layout-flow wp-block-column-is-layout-flow\">\n<h2 class=\"wp-block-heading\"><a href=\"https:\/\/drive.google.com\/file\/d\/1ADxqx_05GUPA2BB3fWkZRndNMOT4jV7y\/view?usp=drive_link\" target=\"_blank\" rel=\"noreferrer noopener\">Entrevista Cristina Correro<\/a><\/h2>\n\n\n\n<figure class=\"wp-block-image size-full\"><a href=\"https:\/\/drive.google.com\/file\/d\/1ADxqx_05GUPA2BB3fWkZRndNMOT4jV7y\/view?usp=drive_link\" target=\"_blank\" rel=\"noreferrer noopener\"><img loading=\"lazy\" decoding=\"async\" width=\"410\" height=\"588\" src=\"https:\/\/projectes.xtec.cat\/bescat\/wp-content\/uploads\/usu793\/2025\/05\/Biblioentrevista-Cristina-Correro-Iglesias.png\" alt=\"\" class=\"wp-image-15489\" srcset=\"https:\/\/projectes.xtec.cat\/bescat\/wp-content\/uploads\/usu793\/2025\/05\/Biblioentrevista-Cristina-Correro-Iglesias.png 410w, https:\/\/projectes.xtec.cat\/bescat\/wp-content\/uploads\/usu793\/2025\/05\/Biblioentrevista-Cristina-Correro-Iglesias-209x300.png 209w\" sizes=\"auto, (max-width: 410px) 100vw, 410px\" \/><\/a><\/figure>\n<\/div>\n\n\n\n<div class=\"wp-block-column caixa-link is-layout-flow wp-block-column-is-layout-flow\">\n<h2 class=\"wp-block-heading\"><a href=\"https:\/\/drive.google.com\/file\/d\/17hCI_pan5S76yrLFlhHoCOkdZG2soKBr\/view?usp=drive_link\" target=\"_blank\" rel=\"noreferrer noopener\">Enregistrament entrevista Cristina Correro<\/a><\/h2>\n\n\n\n<figure class=\"wp-block-image size-full\"><a href=\"https:\/\/drive.google.com\/file\/d\/17hCI_pan5S76yrLFlhHoCOkdZG2soKBr\/view?usp=drive_link\" target=\"_blank\" rel=\"noreferrer noopener\"><img loading=\"lazy\" decoding=\"async\" width=\"433\" height=\"244\" src=\"https:\/\/projectes.xtec.cat\/bescat\/wp-content\/uploads\/usu793\/2025\/05\/Entrevista-Correro-e1747989417981.png\" alt=\"\" class=\"wp-image-15491\" srcset=\"https:\/\/projectes.xtec.cat\/bescat\/wp-content\/uploads\/usu793\/2025\/05\/Entrevista-Correro-e1747989417981.png 433w, https:\/\/projectes.xtec.cat\/bescat\/wp-content\/uploads\/usu793\/2025\/05\/Entrevista-Correro-e1747989417981-300x169.png 300w\" sizes=\"auto, (max-width: 433px) 100vw, 433px\" \/><\/a><\/figure>\n<\/div>\n<\/div>\n<\/div><\/div><\/div><\/div><\/div>\n\n\n\n<div class=\"wp-block-getwid-section getwid-section-content-full-width\"><div class=\"wp-block-getwid-section__wrapper\"><div class=\"wp-block-getwid-section__inner-wrapper\"><div class=\"wp-block-getwid-section__background-holder\"><div class=\"wp-block-getwid-section__background\"><\/div><div class=\"wp-block-getwid-section__foreground\"><\/div><\/div><div class=\"wp-block-getwid-section__content\"><div class=\"wp-block-getwid-section__inner-content\">\n<div class=\"wp-block-columns is-layout-flex wp-container-core-columns-is-layout-6 wp-block-columns-is-layout-flex\">\n<div class=\"wp-block-column caixa-link is-layout-flow wp-block-column-is-layout-flow\">\n<h2 class=\"wp-block-heading\"><a href=\"https:\/\/drive.google.com\/file\/d\/1Not9oYKpsyV0n-xL05fu9Pi4lNOOV48T\/view\" target=\"_blank\" rel=\"noreferrer noopener\">La mitologia a escena<\/a><\/h2>\n\n\n\n<figure class=\"wp-block-image size-full\"><a href=\"https:\/\/drive.google.com\/file\/d\/1Not9oYKpsyV0n-xL05fu9Pi4lNOOV48T\/view\" target=\"_blank\" rel=\"noreferrer noopener\"><img loading=\"lazy\" decoding=\"async\" width=\"717\" height=\"403\" src=\"https:\/\/projectes.xtec.cat\/bescat\/wp-content\/uploads\/usu793\/2025\/05\/Diari-juan.png\" alt=\"\" class=\"wp-image-15515\" srcset=\"https:\/\/projectes.xtec.cat\/bescat\/wp-content\/uploads\/usu793\/2025\/05\/Diari-juan.png 717w, https:\/\/projectes.xtec.cat\/bescat\/wp-content\/uploads\/usu793\/2025\/05\/Diari-juan-300x169.png 300w\" sizes=\"auto, (max-width: 717px) 100vw, 717px\" \/><\/a><\/figure>\n<\/div>\n\n\n\n<div class=\"wp-block-column caixa-link is-layout-flow wp-block-column-is-layout-flow\">\n<h2 class=\"wp-block-heading\"><a href=\"https:\/\/drive.google.com\/drive\/u\/0\/folders\/1PpPXV9ULGW71wi03Nnr6Pby5_R_zamBt\">Vocabulari BE ITA-CAT<\/a><\/h2>\n\n\n\n<figure class=\"wp-block-image size-full\"><a href=\"https:\/\/drive.google.com\/drive\/u\/0\/folders\/1PpPXV9ULGW71wi03Nnr6Pby5_R_zamBt\" target=\"_blank\" rel=\"noreferrer noopener\"><img loading=\"lazy\" decoding=\"async\" width=\"795\" height=\"612\" src=\"https:\/\/projectes.xtec.cat\/bescat\/wp-content\/uploads\/usu793\/2025\/06\/Vocabulari-ITA-CAt.png\" alt=\"\" class=\"wp-image-15705\" srcset=\"https:\/\/projectes.xtec.cat\/bescat\/wp-content\/uploads\/usu793\/2025\/06\/Vocabulari-ITA-CAt.png 795w, https:\/\/projectes.xtec.cat\/bescat\/wp-content\/uploads\/usu793\/2025\/06\/Vocabulari-ITA-CAt-300x231.png 300w, https:\/\/projectes.xtec.cat\/bescat\/wp-content\/uploads\/usu793\/2025\/06\/Vocabulari-ITA-CAt-768x591.png 768w\" sizes=\"auto, (max-width: 795px) 100vw, 795px\" \/><\/a><\/figure>\n<\/div>\n\n\n\n<div class=\"wp-block-column caixa-link is-layout-flow wp-block-column-is-layout-flow\">\n<h2 class=\"wp-block-heading\"><a href=\"https:\/\/drive.google.com\/file\/d\/1m25gf2iqtLwqzPo-ZRKgZDXuF1mom0aI\/view\" target=\"_blank\" rel=\"noreferrer noopener\">La BE en hora de pati<\/a><\/h2>\n\n\n\n<figure class=\"wp-block-image size-full\"><a href=\"https:\/\/drive.google.com\/file\/d\/1m25gf2iqtLwqzPo-ZRKgZDXuF1mom0aI\/view\" target=\"_blank\" rel=\"noreferrer noopener\"><img loading=\"lazy\" decoding=\"async\" width=\"445\" height=\"636\" src=\"https:\/\/projectes.xtec.cat\/bescat\/wp-content\/uploads\/usu793\/2025\/05\/La-biblioteca-escolar-en-hora-de-pati_-limitacio-o-oportunitat_article-Anna-Falip_mobilitat-Brusselles.png\" alt=\"\" class=\"wp-image-15572\" srcset=\"https:\/\/projectes.xtec.cat\/bescat\/wp-content\/uploads\/usu793\/2025\/05\/La-biblioteca-escolar-en-hora-de-pati_-limitacio-o-oportunitat_article-Anna-Falip_mobilitat-Brusselles.png 445w, https:\/\/projectes.xtec.cat\/bescat\/wp-content\/uploads\/usu793\/2025\/05\/La-biblioteca-escolar-en-hora-de-pati_-limitacio-o-oportunitat_article-Anna-Falip_mobilitat-Brusselles-210x300.png 210w\" sizes=\"auto, (max-width: 445px) 100vw, 445px\" \/><\/a><\/figure>\n<\/div>\n\n\n\n<div class=\"wp-block-column caixa-link is-layout-flow wp-block-column-is-layout-flow\">\n<h2 class=\"wp-block-heading\"><a href=\"https:\/\/drive.google.com\/file\/d\/1giiRGHx9RS0TDXduFdjx7sZKFLWnUMrA\/view?usp=sharing\" target=\"_blank\" rel=\"noreferrer noopener\">Biblioenigmes<\/a><\/h2>\n\n\n\n<figure class=\"wp-block-image size-full\"><a href=\"https:\/\/drive.google.com\/file\/d\/1giiRGHx9RS0TDXduFdjx7sZKFLWnUMrA\/view?usp=sharing\" target=\"_blank\" rel=\"noreferrer noopener\"><img loading=\"lazy\" decoding=\"async\" width=\"799\" height=\"452\" src=\"https:\/\/projectes.xtec.cat\/bescat\/wp-content\/uploads\/usu793\/2025\/06\/Enigmes.png\" alt=\"\" class=\"wp-image-15700\" srcset=\"https:\/\/projectes.xtec.cat\/bescat\/wp-content\/uploads\/usu793\/2025\/06\/Enigmes.png 799w, https:\/\/projectes.xtec.cat\/bescat\/wp-content\/uploads\/usu793\/2025\/06\/Enigmes-300x170.png 300w, https:\/\/projectes.xtec.cat\/bescat\/wp-content\/uploads\/usu793\/2025\/06\/Enigmes-768x434.png 768w\" sizes=\"auto, (max-width: 799px) 100vw, 799px\" \/><\/a><\/figure>\n<\/div>\n<\/div>\n<\/div><\/div><\/div><\/div><\/div>\n\n\n\n<div class=\"wp-block-getwid-section getwid-section-content-full-width\"><div class=\"wp-block-getwid-section__wrapper\"><div class=\"wp-block-getwid-section__inner-wrapper\"><div class=\"wp-block-getwid-section__background-holder\"><div class=\"wp-block-getwid-section__background\"><\/div><div class=\"wp-block-getwid-section__foreground\"><\/div><\/div><div class=\"wp-block-getwid-section__content\"><div class=\"wp-block-getwid-section__inner-content\">\n<div class=\"wp-block-columns is-layout-flex wp-container-core-columns-is-layout-7 wp-block-columns-is-layout-flex\">\n<div class=\"wp-block-column caixa-link is-layout-flow wp-block-column-is-layout-flow\">\n<h2 class=\"wp-block-heading\"><a href=\"https:\/\/drive.google.com\/file\/d\/18oZNhYgnN0feUq8W0WCJujpxrdeDYlNY\/view?usp=sharing\" target=\"_blank\" rel=\"noreferrer noopener\">Com fer una cerca<\/a><\/h2>\n\n\n\n<figure class=\"wp-block-image size-full\"><a href=\"https:\/\/drive.google.com\/file\/d\/18oZNhYgnN0feUq8W0WCJujpxrdeDYlNY\/view?usp=sharing\" target=\"_blank\" rel=\"noreferrer noopener\"><img loading=\"lazy\" decoding=\"async\" width=\"337\" height=\"480\" src=\"https:\/\/projectes.xtec.cat\/bescat\/wp-content\/uploads\/usu793\/2025\/06\/Com-fer-una-cercva.png\" alt=\"\" class=\"wp-image-15696\" srcset=\"https:\/\/projectes.xtec.cat\/bescat\/wp-content\/uploads\/usu793\/2025\/06\/Com-fer-una-cercva.png 337w, https:\/\/projectes.xtec.cat\/bescat\/wp-content\/uploads\/usu793\/2025\/06\/Com-fer-una-cercva-211x300.png 211w\" sizes=\"auto, (max-width: 337px) 100vw, 337px\" \/><\/a><\/figure>\n<\/div>\n\n\n\n<div class=\"wp-block-column caixa-link is-layout-flow wp-block-column-is-layout-flow\">\n<h2 class=\"wp-block-heading\"><a href=\"https:\/\/drive.google.com\/file\/d\/1JXPc3D50O9ITrC2VNxgsuvUxXxNdVFJV\/view?usp=drive_link\" target=\"_blank\" rel=\"noreferrer noopener\">Dec\u00e0leg navegaci\u00f3 segura internet<\/a><\/h2>\n\n\n\n<figure class=\"wp-block-image size-full\"><a href=\"https:\/\/drive.google.com\/file\/d\/1JXPc3D50O9ITrC2VNxgsuvUxXxNdVFJV\/view?usp=drive_link\" target=\"_blank\" rel=\"noreferrer noopener\"><img loading=\"lazy\" decoding=\"async\" width=\"1170\" height=\"607\" src=\"https:\/\/projectes.xtec.cat\/bescat\/wp-content\/uploads\/usu793\/2025\/06\/Decaleg.png\" alt=\"\" class=\"wp-image-15698\" srcset=\"https:\/\/projectes.xtec.cat\/bescat\/wp-content\/uploads\/usu793\/2025\/06\/Decaleg.png 1170w, https:\/\/projectes.xtec.cat\/bescat\/wp-content\/uploads\/usu793\/2025\/06\/Decaleg-300x156.png 300w, https:\/\/projectes.xtec.cat\/bescat\/wp-content\/uploads\/usu793\/2025\/06\/Decaleg-1024x531.png 1024w, https:\/\/projectes.xtec.cat\/bescat\/wp-content\/uploads\/usu793\/2025\/06\/Decaleg-768x398.png 768w\" sizes=\"auto, (max-width: 1170px) 100vw, 1170px\" \/><\/a><\/figure>\n<\/div>\n\n\n\n<div class=\"wp-block-column caixa-link is-layout-flow wp-block-column-is-layout-flow\">\n<h2 class=\"wp-block-heading\"><a href=\"https:\/\/drive.google.com\/file\/d\/13RZdHMuf5capAKTVqTyn4BRfSkUjM-rp\/view?usp=drive_link\" target=\"_blank\" rel=\"noreferrer noopener\">Base orientaci\u00f3 detecci\u00f3 not\u00edcies falses<\/a><\/h2>\n\n\n\n<figure class=\"wp-block-image size-full\"><a href=\"https:\/\/drive.google.com\/file\/d\/13RZdHMuf5capAKTVqTyn4BRfSkUjM-rp\/view?usp=drive_link\" target=\"_blank\" rel=\"noreferrer noopener\"><img loading=\"lazy\" decoding=\"async\" width=\"642\" height=\"739\" src=\"https:\/\/projectes.xtec.cat\/bescat\/wp-content\/uploads\/usu793\/2025\/06\/noticies-falses.png\" alt=\"\" class=\"wp-image-15699\" srcset=\"https:\/\/projectes.xtec.cat\/bescat\/wp-content\/uploads\/usu793\/2025\/06\/noticies-falses.png 642w, https:\/\/projectes.xtec.cat\/bescat\/wp-content\/uploads\/usu793\/2025\/06\/noticies-falses-261x300.png 261w\" sizes=\"auto, (max-width: 642px) 100vw, 642px\" \/><\/a><\/figure>\n<\/div>\n\n\n\n<div class=\"wp-block-column caixa-link is-layout-flow wp-block-column-is-layout-flow\">\n<h2 class=\"wp-block-heading\"><a href=\"https:\/\/drive.google.com\/file\/d\/1mm189q0MGcPL_vQtbyfjpQHuyDmRnElz\/view?usp=sharing\" target=\"_blank\" rel=\"noreferrer noopener\">Com utilitzar la Biblioteca 2.0<\/a><\/h2>\n\n\n\n<figure class=\"wp-block-image size-full\"><a href=\"https:\/\/drive.google.com\/file\/d\/1mm189q0MGcPL_vQtbyfjpQHuyDmRnElz\/view?usp=sharing\" target=\"_blank\" rel=\"noreferrer noopener\"><img loading=\"lazy\" decoding=\"async\" width=\"799\" height=\"653\" src=\"https:\/\/projectes.xtec.cat\/bescat\/wp-content\/uploads\/usu793\/2025\/06\/Com-utilitzar-la-biblioteca-2.0.png\" alt=\"\" class=\"wp-image-15694\" srcset=\"https:\/\/projectes.xtec.cat\/bescat\/wp-content\/uploads\/usu793\/2025\/06\/Com-utilitzar-la-biblioteca-2.0.png 799w, https:\/\/projectes.xtec.cat\/bescat\/wp-content\/uploads\/usu793\/2025\/06\/Com-utilitzar-la-biblioteca-2.0-300x245.png 300w, https:\/\/projectes.xtec.cat\/bescat\/wp-content\/uploads\/usu793\/2025\/06\/Com-utilitzar-la-biblioteca-2.0-768x628.png 768w\" sizes=\"auto, (max-width: 799px) 100vw, 799px\" \/><\/a><\/figure>\n<\/div>\n<\/div>\n<\/div><\/div><\/div><\/div><\/div>\n","protected":false},"excerpt":{"rendered":"<p>Europe Work Plan<\/p>\n<p><a href=\"https:\/\/drive.google.com\/file\/d\/1cykzqvz1slxpEB_JgUrwpKBNPntNCNOK\/view\" target=\"_blank\" rel=\"noreferrer noopener\"><\/a><\/p>\n<p>Dia dels Autors europeus<\/p>\n<p><a href=\"https:\/\/view.genially.com\/64cb8046ab4a9d001823977a\/interactive-image-discovering-the-european-authors\" target=\"_blank\" rel=\"noreferrer noopener\"><\/a><\/p>\n<p>Vocabulari BE<\/p>\n<p><a href=\"https:\/\/drive.google.com\/file\/d\/1EHtesTq5m3xnZ4y-15qU-Irl6F1V0-at\/view\" target=\"_blank\" rel=\"noreferrer noopener\"><\/a><\/p>\n<p><a href=\"https:\/\/drive.google.com\/file\/d\/1mPWEyzuipJk1GUp21hPCw6ICbI4qz2V6\/view?usp=sharing\" target=\"_blank\" rel=\"noreferrer noopener\">Propietat intel\u00b7lectual i drets d\u2019autoria<\/a><\/p>\n<p><a href=\"https:\/\/drive.google.com\/file\/d\/1mPWEyzuipJk1GUp21hPCw6ICbI4qz2V6\/view?usp=sharing\" target=\"_blank\" rel=\"noreferrer noopener\"><\/a><\/p>\n<p>BE inclusiva<\/p>\n<p><a href=\"https:\/\/drive.google.com\/file\/d\/1eSlIKx3N_RZ9npJWPHjhjpn5haVlS1An\/view\" target=\"_blank\" rel=\"noreferrer noopener\"><\/a><\/p>\n<p>Pla de comunicaci\u00f3 i difusi\u00f3<\/p>\n<p><a href=\"http:\/\/hdl.handle.net\/20.500.12694\/6751\" target=\"_blank\" rel=\"noreferrer noopener\"><\/a><\/p>\n<p>El plaer&hellip;  <a href=\"https:\/\/projectes.xtec.cat\/bescat\/productes-projecte-23\/\" title=\"Read Productes projecte 23\">Llegeix m\u00e9s\u00bb<\/a><\/p>\n","protected":false},"author":2,"featured_media":0,"parent":0,"menu_order":0,"comment_status":"closed","ping_status":"close","template":"","meta":{"_bbp_topic_count":0,"_bbp_reply_count":0,"_bbp_total_topic_count":0,"_bbp_total_reply_count":0,"_bbp_voice_count":0,"_bbp_anonymous_reply_count":0,"_bbp_topic_count_hidden":0,"_bbp_reply_count_hidden":0,"_bbp_forum_subforum_count":0,"footnotes":""},"class_list":["post-13779","page","type-page","status-publish","hentry"],"post_mailing_queue_ids":[],"_links":{"self":[{"href":"https:\/\/projectes.xtec.cat\/bescat\/wp-json\/wp\/v2\/pages\/13779","targetHints":{"allow":["GET"]}}],"collection":[{"href":"https:\/\/projectes.xtec.cat\/bescat\/wp-json\/wp\/v2\/pages"}],"about":[{"href":"https:\/\/projectes.xtec.cat\/bescat\/wp-json\/wp\/v2\/types\/page"}],"author":[{"embeddable":true,"href":"https:\/\/projectes.xtec.cat\/bescat\/wp-json\/wp\/v2\/users\/2"}],"replies":[{"embeddable":true,"href":"https:\/\/projectes.xtec.cat\/bescat\/wp-json\/wp\/v2\/comments?post=13779"}],"version-history":[{"count":6,"href":"https:\/\/projectes.xtec.cat\/bescat\/wp-json\/wp\/v2\/pages\/13779\/revisions"}],"predecessor-version":[{"id":15793,"href":"https:\/\/projectes.xtec.cat\/bescat\/wp-json\/wp\/v2\/pages\/13779\/revisions\/15793"}],"wp:attachment":[{"href":"https:\/\/projectes.xtec.cat\/bescat\/wp-json\/wp\/v2\/media?parent=13779"}],"curies":[{"name":"wp","href":"https:\/\/api.w.org\/{rel}","templated":true}]}}