{"id":11666,"date":"2023-04-14T09:57:19","date_gmt":"2023-04-14T07:57:19","guid":{"rendered":"https:\/\/projectes.xtec.cat\/canaldereporters\/?page_id=11666"},"modified":"2023-04-25T14:08:36","modified_gmt":"2023-04-25T12:08:36","slug":"josep-carles-rius","status":"publish","type":"page","link":"https:\/\/projectes.xtec.cat\/canaldereporters\/jornadacr\/josep-carles-rius\/","title":{"rendered":"Josep Carles Rius"},"content":{"rendered":"\n<div style=\"height:30px\" aria-hidden=\"true\" class=\"wp-block-spacer\"><\/div>\n\n\n\n<div class=\"wp-block-group alignwide\"><div class=\"wp-block-group__inner-container is-layout-flow wp-block-group-is-layout-flow\">\n<div class=\"wp-block-columns is-layout-flex wp-container-core-columns-is-layout-1 wp-block-columns-is-layout-flex\">\n<div class=\"wp-block-column is-layout-flow wp-block-column-is-layout-flow\">\n<p>El Josep Carles Rius&nbsp;\u00e9s periodista i president del Consell de la Informaci\u00f3 de Catalunya. \u00c9s autor del llibre &#8220;Periodismo en Reconstrucci\u00f3n&#8221;.&nbsp;<\/p>\n\n\n\n<p>Mitjans de comunicaci\u00f3 on ha treballat:<\/p>\n\n\n\n<ul class=\"wp-block-list\"><li>Premsa: Noticiero Universal, La Vanguardia, El Peri\u00f3dico, P\u00fablico i eldiario.es&nbsp;<\/li><li>R\u00e0dio: Cadena Ser i iCAT<\/li><li>Televisi\u00f3: TVE Catalunya<\/li><\/ul>\n\n\n\n<p><strong>Formaci\u00f3:&nbsp;<\/strong><\/p>\n\n\n\n<ul class=\"wp-block-list\"><li>Llicenciat en ci\u00e8ncies de la comunicaci\u00f3 i m\u00e0ster en investigaci\u00f3, comunicaci\u00f3 i periodisme per la&nbsp;Universitat Aut\u00f2noma de Barcelona&nbsp;<\/li><\/ul>\n\n\n\n<p><strong>Funcions del Consell de la Informaci\u00f3 de Catalunya:<\/strong><\/p>\n\n\n\n<ol class=\"wp-block-list\"><li>Vetllar pel compliment del Codi deontol\u00f2gic dels periodistes.<\/li><li>Exerceix les seves funcions sobre els professionals i mitjans de comunicaci\u00f3 que desenvolupin les seves activitats informatives a Catalunya.<\/li><\/ol>\n<\/div>\n\n\n\n<div class=\"wp-block-column is-layout-flow wp-block-column-is-layout-flow\">\n<figure class=\"wp-block-image size-large\"><a href=\"https:\/\/projectes.xtec.cat\/canaldereporters\/wp-content\/uploads\/usu2921\/2023\/04\/Logo-Periodistes-low.jpg\"><img loading=\"lazy\" decoding=\"async\" width=\"886\" height=\"384\" src=\"https:\/\/projectes.xtec.cat\/canaldereporters\/wp-content\/uploads\/usu2921\/2023\/04\/Logo-Periodistes-low.jpg\" alt=\"\" class=\"wp-image-11668\" srcset=\"https:\/\/projectes.xtec.cat\/canaldereporters\/wp-content\/uploads\/usu2921\/2023\/04\/Logo-Periodistes-low.jpg 886w, https:\/\/projectes.xtec.cat\/canaldereporters\/wp-content\/uploads\/usu2921\/2023\/04\/Logo-Periodistes-low-300x130.jpg 300w, https:\/\/projectes.xtec.cat\/canaldereporters\/wp-content\/uploads\/usu2921\/2023\/04\/Logo-Periodistes-low-768x333.jpg 768w\" sizes=\"auto, (max-width: 886px) 100vw, 886px\" \/><\/a><\/figure>\n<\/div>\n<\/div>\n<\/div><\/div>\n\n\n\n<div class=\"wp-block-group alignwide\"><div class=\"wp-block-group__inner-container is-layout-flow wp-block-group-is-layout-flow\">\n<div class=\"wp-block-columns is-layout-flex wp-container-core-columns-is-layout-2 wp-block-columns-is-layout-flex\">\n<div class=\"wp-block-column is-layout-flow wp-block-column-is-layout-flow\">\n<p><strong><span style=\"color:#030b0b\" class=\"has-inline-color\">Enlla\u00e7os:<\/span><\/strong><\/p>\n\n\n\n<p><a href=\"https:\/\/projectes.xtec.cat\/canaldereporters\/seminaris-web\/\" target=\"_blank\" rel=\"noreferrer noopener\"><strong>Seminaris del Canal de Reporters sobre \u00e8tica period\u00edstica a c\u00e0rrec de Josep Carles Rius<\/strong><\/a><\/p>\n\n\n\n<p><a href=\"https:\/\/www.periodistes.cat\/home\/catalunya\" target=\"_blank\" rel=\"noreferrer noopener\"><strong>Web del Col\u00b7legi de Periodistes de Catalunya<\/strong><\/a><\/p>\n\n\n\n<p><a rel=\"noreferrer noopener\" href=\"https:\/\/www.eldiario.es\/sociedad\/periodismo-reconstruccion_1_3958278.html\" target=\"_blank\"><strong>Ressenya del llibre &#8220;Periodisme en reconstruccion&#8221; publicada a eldiario.es<\/strong><\/a><\/p>\n<\/div>\n<\/div>\n<\/div><\/div>\n","protected":false},"excerpt":{"rendered":"<p>El Josep Carles Rius&nbsp;\u00e9s periodista i president del Consell de la Informaci\u00f3 de Catalunya. \u00c9s autor del llibre &#8220;Periodismo en Reconstrucci\u00f3n&#8221;.&nbsp; Mitjans de comunicaci\u00f3 on ha treballat: Premsa: Noticiero Universal, La Vanguardia, El Peri\u00f3dico, P\u00fablico i eldiario.es&nbsp; R\u00e0dio: Cadena Ser i iCAT Televisi\u00f3: TVE Catalunya Formaci\u00f3:&nbsp; Llicenciat en ci\u00e8ncies de la comunicaci\u00f3 i m\u00e0ster en [&hellip;]<\/p>\n","protected":false},"author":17,"featured_media":0,"parent":11793,"menu_order":0,"comment_status":"closed","ping_status":"closed","template":"","meta":{"site-sidebar-layout":"default","site-content-layout":"","ast-site-content-layout":"","site-content-style":"default","site-sidebar-style":"default","ast-global-header-display":"","ast-banner-title-visibility":"","ast-main-header-display":"","ast-hfb-above-header-display":"","ast-hfb-below-header-display":"","ast-hfb-mobile-header-display":"","site-post-title":"","ast-breadcrumbs-content":"","ast-featured-img":"","footer-sml-layout":"","theme-transparent-header-meta":"","adv-header-id-meta":"","stick-header-meta":"","header-above-stick-meta":"","header-main-stick-meta":"","header-below-stick-meta":"","astra-migrate-meta-layouts":"default","ast-page-background-enabled":"default","ast-page-background-meta":{"desktop":{"background-color":"","background-image":"","background-repeat":"repeat","background-position":"center center","background-size":"auto","background-attachment":"scroll","background-type":"","background-media":"","overlay-type":"","overlay-color":"","overlay-opacity":"","overlay-gradient":""},"tablet":{"background-color":"","background-image":"","background-repeat":"repeat","background-position":"center center","background-size":"auto","background-attachment":"scroll","background-type":"","background-media":"","overlay-type":"","overlay-color":"","overlay-opacity":"","overlay-gradient":""},"mobile":{"background-color":"","background-image":"","background-repeat":"repeat","background-position":"center center","background-size":"auto","background-attachment":"scroll","background-type":"","background-media":"","overlay-type":"","overlay-color":"","overlay-opacity":"","overlay-gradient":""}},"ast-content-background-meta":{"desktop":{"background-color":"var(--ast-global-color-5)","background-image":"","background-repeat":"repeat","background-position":"center center","background-size":"auto","background-attachment":"scroll","background-type":"","background-media":"","overlay-type":"","overlay-color":"","overlay-opacity":"","overlay-gradient":""},"tablet":{"background-color":"var(--ast-global-color-5)","background-image":"","background-repeat":"repeat","background-position":"center center","background-size":"auto","background-attachment":"scroll","background-type":"","background-media":"","overlay-type":"","overlay-color":"","overlay-opacity":"","overlay-gradient":""},"mobile":{"background-color":"var(--ast-global-color-5)","background-image":"","background-repeat":"repeat","background-position":"center center","background-size":"auto","background-attachment":"scroll","background-type":"","background-media":"","overlay-type":"","overlay-color":"","overlay-opacity":"","overlay-gradient":""}},"footnotes":""},"class_list":["post-11666","page","type-page","status-publish","hentry"],"post_mailing_queue_ids":[],"_links":{"self":[{"href":"https:\/\/projectes.xtec.cat\/canaldereporters\/wp-json\/wp\/v2\/pages\/11666","targetHints":{"allow":["GET"]}}],"collection":[{"href":"https:\/\/projectes.xtec.cat\/canaldereporters\/wp-json\/wp\/v2\/pages"}],"about":[{"href":"https:\/\/projectes.xtec.cat\/canaldereporters\/wp-json\/wp\/v2\/types\/page"}],"author":[{"embeddable":true,"href":"https:\/\/projectes.xtec.cat\/canaldereporters\/wp-json\/wp\/v2\/users\/17"}],"replies":[{"embeddable":true,"href":"https:\/\/projectes.xtec.cat\/canaldereporters\/wp-json\/wp\/v2\/comments?post=11666"}],"version-history":[{"count":3,"href":"https:\/\/projectes.xtec.cat\/canaldereporters\/wp-json\/wp\/v2\/pages\/11666\/revisions"}],"predecessor-version":[{"id":11966,"href":"https:\/\/projectes.xtec.cat\/canaldereporters\/wp-json\/wp\/v2\/pages\/11666\/revisions\/11966"}],"up":[{"embeddable":true,"href":"https:\/\/projectes.xtec.cat\/canaldereporters\/wp-json\/wp\/v2\/pages\/11793"}],"wp:attachment":[{"href":"https:\/\/projectes.xtec.cat\/canaldereporters\/wp-json\/wp\/v2\/media?parent=11666"}],"curies":[{"name":"wp","href":"https:\/\/api.w.org\/{rel}","templated":true}]}}