{"id":11765,"date":"2023-04-14T19:29:54","date_gmt":"2023-04-14T17:29:54","guid":{"rendered":"https:\/\/projectes.xtec.cat\/canaldereporters\/?page_id=11765"},"modified":"2023-04-25T19:08:11","modified_gmt":"2023-04-25T17:08:11","slug":"adria-santasusagna","status":"publish","type":"page","link":"https:\/\/projectes.xtec.cat\/canaldereporters\/jornadacr\/adria-santasusagna\/","title":{"rendered":"Adri\u00e0 Santasusagna"},"content":{"rendered":"\n<div style=\"height:30px\" aria-hidden=\"true\" class=\"wp-block-spacer\"><\/div>\n\n\n\n<div class=\"wp-block-group alignwide\"><div class=\"wp-block-group__inner-container is-layout-flow wp-block-group-is-layout-flow\">\n<div class=\"wp-block-columns is-layout-flex wp-container-core-columns-is-layout-1 wp-block-columns-is-layout-flex\">\n<div class=\"wp-block-column is-layout-flow wp-block-column-is-layout-flow\">\n<p>L&#8217;Adri\u00e0 Santasusagna \u00e9s periodista de RAC1. Segueix l&#8217;actualitat pol\u00edtica catalana i totes les seves derivades (que en s\u00f3n moltes). Seguint el proc\u00e9s des de primera l\u00ednia, des del primer dia.<\/p>\n\n\n\n<p>Cobertures pol\u00edtiques a Espanya, Fran\u00e7a, Su\u00efssa, It\u00e0lia, Finl\u00e0ndia, B\u00e8lgica, Luxemburg.<\/p>\n\n\n\n<p>Mitjans de comunicaci\u00f3 on treballa:<\/p>\n\n\n\n<ul class=\"wp-block-list\"><li>R\u00e0dio: RAC1<\/li><li>Televisi\u00f3: col\u00b7laborador de TV3 i 8TV<\/li><\/ul>\n\n\n\n<p><strong>Formaci\u00f3:&nbsp;<\/strong><\/p>\n\n\n\n<ul class=\"wp-block-list\"><li>Llicenciat en Periodisme per la&nbsp;Universitat Aut\u00f2noma de Barcelona&nbsp;<\/li><\/ul>\n<\/div>\n\n\n\n<div class=\"wp-block-column is-layout-flow wp-block-column-is-layout-flow\">\n<figure class=\"wp-block-image size-large\"><a href=\"https:\/\/projectes.xtec.cat\/canaldereporters\/wp-content\/uploads\/usu2921\/2023\/04\/adria2.jpg\"><img loading=\"lazy\" decoding=\"async\" width=\"1024\" height=\"748\" src=\"https:\/\/projectes.xtec.cat\/canaldereporters\/wp-content\/uploads\/usu2921\/2023\/04\/adria2-1024x748.jpg\" alt=\"\" class=\"wp-image-11768\" srcset=\"https:\/\/projectes.xtec.cat\/canaldereporters\/wp-content\/uploads\/usu2921\/2023\/04\/adria2-1024x748.jpg 1024w, https:\/\/projectes.xtec.cat\/canaldereporters\/wp-content\/uploads\/usu2921\/2023\/04\/adria2-300x219.jpg 300w, https:\/\/projectes.xtec.cat\/canaldereporters\/wp-content\/uploads\/usu2921\/2023\/04\/adria2-768x561.jpg 768w, https:\/\/projectes.xtec.cat\/canaldereporters\/wp-content\/uploads\/usu2921\/2023\/04\/adria2.jpg 1200w\" sizes=\"auto, (max-width: 1024px) 100vw, 1024px\" \/><\/a><\/figure>\n<\/div>\n<\/div>\n<\/div><\/div>\n\n\n\n<div class=\"wp-block-group alignwide\"><div class=\"wp-block-group__inner-container is-layout-flow wp-block-group-is-layout-flow\">\n<div class=\"wp-block-columns is-layout-flex wp-container-core-columns-is-layout-2 wp-block-columns-is-layout-flex\">\n<div class=\"wp-block-column is-layout-flow wp-block-column-is-layout-flow\">\n<p><span style=\"color:#030b0b\" class=\"has-inline-color\"><strong>Enlla\u00e7os:<\/strong><\/span><\/p>\n\n\n\n<p><a rel=\"noreferrer noopener\" href=\"https:\/\/www.educac.cat\/periodisme-radiofonic\" target=\"_blank\"><strong>Dec\u00e0leg del periodisme radiof\u00f2nic<\/strong><\/a><\/p>\n\n\n\n<p><strong><a href=\"https:\/\/www.rac1.cat\/autors\/adria-santasusagna.html\" target=\"_blank\" rel=\"noreferrer noopener\">Rac1 adria-santasusagna<\/a><\/strong><\/p>\n<\/div>\n<\/div>\n<\/div><\/div>\n","protected":false},"excerpt":{"rendered":"<p>L&#8217;Adri\u00e0 Santasusagna \u00e9s periodista de RAC1. Segueix l&#8217;actualitat pol\u00edtica catalana i totes les seves derivades (que en s\u00f3n moltes). Seguint el proc\u00e9s des de primera l\u00ednia, des del primer dia. Cobertures pol\u00edtiques a Espanya, Fran\u00e7a, Su\u00efssa, It\u00e0lia, Finl\u00e0ndia, B\u00e8lgica, Luxemburg. Mitjans de comunicaci\u00f3 on treballa: R\u00e0dio: RAC1 Televisi\u00f3: col\u00b7laborador de TV3 i 8TV Formaci\u00f3:&nbsp; Llicenciat [&hellip;]<\/p>\n","protected":false},"author":17,"featured_media":0,"parent":11793,"menu_order":0,"comment_status":"closed","ping_status":"closed","template":"","meta":{"site-sidebar-layout":"default","site-content-layout":"","ast-site-content-layout":"","site-content-style":"default","site-sidebar-style":"default","ast-global-header-display":"","ast-banner-title-visibility":"","ast-main-header-display":"","ast-hfb-above-header-display":"","ast-hfb-below-header-display":"","ast-hfb-mobile-header-display":"","site-post-title":"","ast-breadcrumbs-content":"","ast-featured-img":"","footer-sml-layout":"","theme-transparent-header-meta":"","adv-header-id-meta":"","stick-header-meta":"","header-above-stick-meta":"","header-main-stick-meta":"","header-below-stick-meta":"","astra-migrate-meta-layouts":"default","ast-page-background-enabled":"default","ast-page-background-meta":{"desktop":{"background-color":"","background-image":"","background-repeat":"repeat","background-position":"center center","background-size":"auto","background-attachment":"scroll","background-type":"","background-media":"","overlay-type":"","overlay-color":"","overlay-opacity":"","overlay-gradient":""},"tablet":{"background-color":"","background-image":"","background-repeat":"repeat","background-position":"center center","background-size":"auto","background-attachment":"scroll","background-type":"","background-media":"","overlay-type":"","overlay-color":"","overlay-opacity":"","overlay-gradient":""},"mobile":{"background-color":"","background-image":"","background-repeat":"repeat","background-position":"center center","background-size":"auto","background-attachment":"scroll","background-type":"","background-media":"","overlay-type":"","overlay-color":"","overlay-opacity":"","overlay-gradient":""}},"ast-content-background-meta":{"desktop":{"background-color":"var(--ast-global-color-5)","background-image":"","background-repeat":"repeat","background-position":"center center","background-size":"auto","background-attachment":"scroll","background-type":"","background-media":"","overlay-type":"","overlay-color":"","overlay-opacity":"","overlay-gradient":""},"tablet":{"background-color":"var(--ast-global-color-5)","background-image":"","background-repeat":"repeat","background-position":"center center","background-size":"auto","background-attachment":"scroll","background-type":"","background-media":"","overlay-type":"","overlay-color":"","overlay-opacity":"","overlay-gradient":""},"mobile":{"background-color":"var(--ast-global-color-5)","background-image":"","background-repeat":"repeat","background-position":"center center","background-size":"auto","background-attachment":"scroll","background-type":"","background-media":"","overlay-type":"","overlay-color":"","overlay-opacity":"","overlay-gradient":""}},"footnotes":""},"class_list":["post-11765","page","type-page","status-publish","hentry"],"post_mailing_queue_ids":[],"_links":{"self":[{"href":"https:\/\/projectes.xtec.cat\/canaldereporters\/wp-json\/wp\/v2\/pages\/11765","targetHints":{"allow":["GET"]}}],"collection":[{"href":"https:\/\/projectes.xtec.cat\/canaldereporters\/wp-json\/wp\/v2\/pages"}],"about":[{"href":"https:\/\/projectes.xtec.cat\/canaldereporters\/wp-json\/wp\/v2\/types\/page"}],"author":[{"embeddable":true,"href":"https:\/\/projectes.xtec.cat\/canaldereporters\/wp-json\/wp\/v2\/users\/17"}],"replies":[{"embeddable":true,"href":"https:\/\/projectes.xtec.cat\/canaldereporters\/wp-json\/wp\/v2\/comments?post=11765"}],"version-history":[{"count":3,"href":"https:\/\/projectes.xtec.cat\/canaldereporters\/wp-json\/wp\/v2\/pages\/11765\/revisions"}],"predecessor-version":[{"id":11997,"href":"https:\/\/projectes.xtec.cat\/canaldereporters\/wp-json\/wp\/v2\/pages\/11765\/revisions\/11997"}],"up":[{"embeddable":true,"href":"https:\/\/projectes.xtec.cat\/canaldereporters\/wp-json\/wp\/v2\/pages\/11793"}],"wp:attachment":[{"href":"https:\/\/projectes.xtec.cat\/canaldereporters\/wp-json\/wp\/v2\/media?parent=11765"}],"curies":[{"name":"wp","href":"https:\/\/api.w.org\/{rel}","templated":true}]}}