{"id":11873,"date":"2023-04-25T11:04:40","date_gmt":"2023-04-25T09:04:40","guid":{"rendered":"https:\/\/projectes.xtec.cat\/canaldereporters\/?page_id=11873"},"modified":"2023-10-16T09:47:21","modified_gmt":"2023-10-16T07:47:21","slug":"info","status":"publish","type":"page","link":"https:\/\/projectes.xtec.cat\/canaldereporters\/jornadacr\/info\/","title":{"rendered":"informaci\u00f3"},"content":{"rendered":"\n<div class=\"wp-block-getwid-section alignfull alignwide alignwide\"><div class=\"wp-block-getwid-section__wrapper\"><div class=\"wp-block-getwid-section__inner-wrapper\"><div class=\"wp-block-getwid-section__background-holder\"><div class=\"wp-block-getwid-section__background\"><\/div><div class=\"wp-block-getwid-section__foreground\"><\/div><\/div><div class=\"wp-block-getwid-section__content\"><div class=\"wp-block-getwid-section__inner-content\">\n<div class=\"wp-block-columns is-layout-flex wp-container-core-columns-is-layout-1 wp-block-columns-is-layout-flex\">\n<div class=\"wp-block-column is-layout-flow wp-block-column-is-layout-flow\" style=\"flex-basis:60%\">\n<h2 class=\"has-text-align-left wp-block-heading\"><strong>I Jornada Canal de Reporters i els ODS<\/strong><\/h2>\n\n\n\n<p>La jornada de periodisme escolar dins del marc del projecte Canal de Reporters ha posat en relleu la import\u00e0ncia de les activitats encaminades a fomentar l\u2019<strong>educaci\u00f3 medi\u00e0tica i el pensament cr\u00edtic<\/strong>. Els objectius de la jornada s\u00f3n:<\/p>\n\n\n\n<ul class=\"wp-block-list\"><li>Comprendre com i per qu\u00e8 es produeixen els continguts audiovisuals.<\/li><li>Contrastar i interpretar tot el que prov\u00e9 dels mitjans de comunicaci\u00f3.&nbsp;<\/li><li>Capacitar per detectar mancances informatives i evitar la desinformaci\u00f3 i la manipulaci\u00f3.<\/li><li>Passar de ser subjectes passius de la comunicaci\u00f3 a aut\u00e8ntics generadors i productors, i fer-ho amb llibertat per\u00f2 tamb\u00e9 amb responsabilitat. <\/li><li>Reflexionar sobre els l\u00edmits de la privadesa i com posar en valor la defensa de la pr\u00f2pia imatge i la de les persones del nostre entorn.<\/li><\/ul>\n<\/div>\n\n\n\n<div class=\"wp-block-column is-vertically-aligned-center is-layout-flow wp-block-column-is-layout-flow\" style=\"flex-basis:25%\">\n<p>Emissi\u00f3 infoK&nbsp;de TV3 &#8211;  08\/03\/2023<\/p>\n\n\n<p><iframe loading=\"lazy\" src=\"https:\/\/www.ccma.cat\/video\/embed\/sx3\/6219117\/\" allowfullscreen=\"\" scrolling=\"no\" frameborder=\"0\" width=\"500px\" height=\"281px\"><\/iframe><\/p>\n<\/div>\n<\/div>\n<\/div><\/div><\/div><\/div><\/div>\n\n\n\n<div class=\"wp-block-getwid-section alignfull alignfull\"><div class=\"wp-block-getwid-section__wrapper\"><div class=\"wp-block-getwid-section__inner-wrapper\"><div class=\"wp-block-getwid-section__background-holder\"><div class=\"wp-block-getwid-section__background\"><\/div><div class=\"wp-block-getwid-section__foreground\"><\/div><\/div><div class=\"wp-block-getwid-section__content\"><div class=\"wp-block-getwid-section__inner-content\">\n<p>La jornada pret\u00e9n oferir al <strong>professorat i alumnat<\/strong> un esdeveniment que es converteixi en un aprenentatge experiencial generant espais (tallers de tv, r\u00e0dio, entrevistes,..) que ofereixin la viv\u00e8ncia i alhora convidin a la reflexi\u00f3 individual i conjunta. Posant l\u2019alumnat en el centre de l\u2019acte i convidant-lo a participar de forma activa podem assolir un aprenentatge m\u00e9s efectiu i estimulant.<\/p>\n\n\n\n<p>Durant la jornada l\u2019alumnat portar\u00e0 a terme:<\/p>\n\n\n\n<ul class=\"wp-block-list\"><li>Tallers pr\u00e0ctics per adquirir habilitats period\u00edstiques: informatiu de TV i falca de r\u00e0dio.<\/li><li>Tallers per treballar les eines digitals i tecnol\u00f2giques: estudi amb croma.<\/li><li>Entrevistes amb les persones convidades.<\/li><li>Roda de premsa al voltant dels ODS.<\/li><li>Mostra de les not\u00edcies elaborades pels centres.&nbsp;<\/li><\/ul>\n<\/div><\/div><\/div><\/div><\/div>\n\n\n\n<div class=\"wp-block-getwid-section alignfull alignfull\"><div class=\"wp-block-getwid-section__wrapper\"><div class=\"wp-block-getwid-section__inner-wrapper\"><div class=\"wp-block-getwid-section__background-holder\"><div class=\"wp-block-getwid-section__background\"><\/div><div class=\"wp-block-getwid-section__foreground\"><\/div><\/div><div class=\"wp-block-getwid-section__content\"><div class=\"wp-block-getwid-section__inner-content\">\n<h2 class=\"wp-block-heading\">Horaris i tallers<\/h2>\n\n\n\n<p class=\"has-text-color has-background\" style=\"background-color:#f9e6b5;color:#000000\"><strong>10:30 &#8211; 11:45<\/strong> : 1a franja TALLERS<\/p>\n\n\n\n<p class=\"has-background\" style=\"background-color:#73b2b4\"><strong>12:15<\/strong> <strong>&#8211; 13:00<\/strong> : acte central AULA MAGNA<\/p>\n\n\n\n<p class=\"has-background\" style=\"background-color:#f9e6b5\"><strong>13:15 &#8211; 14:30<\/strong> : 2a franja TALLERS<\/p>\n<\/div><\/div><\/div><\/div><\/div>\n\n\n\n<div class=\"wp-block-getwid-section alignfull alignfull\" style=\"margin-bottom:0px\"><div class=\"wp-block-getwid-section__wrapper\" style=\"padding-top:2px\"><div class=\"wp-block-getwid-section__inner-wrapper\"><div class=\"wp-block-getwid-section__background-holder\"><div class=\"wp-block-getwid-section__background\"><\/div><div class=\"wp-block-getwid-section__foreground\"><\/div><\/div><div class=\"wp-block-getwid-section__content\"><div class=\"wp-block-getwid-section__inner-content\">\n<p>Consulta la informaci\u00f3 de les persones convidades que van assistir a la trobada:<\/p>\n<\/div><\/div><\/div><\/div><\/div>\n\n\n\n<div class=\"wp-block-group alignwide\"><div class=\"wp-block-group__inner-container is-layout-flow wp-block-group-is-layout-flow\">\n<div class=\"wp-block-columns is-layout-flex wp-container-core-columns-is-layout-2 wp-block-columns-is-layout-flex\">\n<div class=\"wp-block-column is-layout-flow wp-block-column-is-layout-flow\">\n<h3 class=\"wp-block-heading\">Enric Mar\u00edn<\/h3>\n\n\n\n<figure class=\"wp-block-image size-large\"><img loading=\"lazy\" decoding=\"async\" width=\"678\" height=\"400\" src=\"https:\/\/projectes.xtec.cat\/canaldereporters\/wp-content\/uploads\/usu2921\/2023\/04\/1.png\" alt=\"\" class=\"wp-image-12023\" srcset=\"https:\/\/projectes.xtec.cat\/canaldereporters\/wp-content\/uploads\/usu2921\/2023\/04\/1.png 678w, https:\/\/projectes.xtec.cat\/canaldereporters\/wp-content\/uploads\/usu2921\/2023\/04\/1-300x177.png 300w\" sizes=\"auto, (max-width: 678px) 100vw, 678px\" \/><\/figure>\n\n\n\n<p style=\"font-size:14px\">Periodista i deg\u00e0 de la&nbsp;Facultat de Ci\u00e8ncies de la Comunicaci\u00f3&nbsp;de la Universitat Aut\u00f2noma de Barcelona<\/p>\n\n\n\n<p class=\"has-text-align-right\"><a rel=\"noreferrer noopener\" href=\"https:\/\/projectes.xtec.cat\/canaldereporters\/enric-marin\/\" target=\"_blank\"><span class=\"has-inline-color has-ast-global-color-0-color\">(+)<\/span><\/a><\/p>\n<\/div>\n\n\n\n<div class=\"wp-block-column is-layout-flow wp-block-column-is-layout-flow\">\n<h2 class=\"wp-block-heading\">Joan Cuevas<\/h2>\n\n\n\n<figure class=\"wp-block-image size-large\"><a href=\"https:\/\/projectes.xtec.cat\/canaldereporters\/wp-content\/uploads\/usu2921\/2023\/04\/2.png\"><img loading=\"lazy\" decoding=\"async\" width=\"678\" height=\"400\" src=\"https:\/\/projectes.xtec.cat\/canaldereporters\/wp-content\/uploads\/usu2921\/2023\/04\/2.png\" alt=\"\" class=\"wp-image-12024\" srcset=\"https:\/\/projectes.xtec.cat\/canaldereporters\/wp-content\/uploads\/usu2921\/2023\/04\/2.png 678w, https:\/\/projectes.xtec.cat\/canaldereporters\/wp-content\/uploads\/usu2921\/2023\/04\/2-300x177.png 300w\" sizes=\"auto, (max-width: 678px) 100vw, 678px\" \/><\/a><\/figure>\n\n\n\n<p style=\"font-size:14px\">Director general d&#8217;Innovaci\u00f3, Digitalitzaci\u00f3, Curr\u00edculum i Lleng\u00fces. Departament d&#8217;Educaci\u00f3. <\/p>\n\n\n\n<p class=\"has-text-align-right has-ast-global-color-0-color has-text-color\"><a href=\"https:\/\/projectes.xtec.cat\/canaldereporters\/jornadacr\/joan-cuevas\/\" target=\"_blank\" rel=\"noreferrer noopener\">(+)<\/a><\/p>\n<\/div>\n\n\n\n<div class=\"wp-block-column is-layout-flow wp-block-column-is-layout-flow\">\n<h3 class=\"wp-block-heading\">Laura Pinyol<\/h3>\n\n\n\n<figure class=\"wp-block-image size-large\"><img loading=\"lazy\" decoding=\"async\" width=\"678\" height=\"400\" src=\"https:\/\/projectes.xtec.cat\/canaldereporters\/wp-content\/uploads\/usu2921\/2023\/04\/3.png\" alt=\"\" class=\"wp-image-12025\" srcset=\"https:\/\/projectes.xtec.cat\/canaldereporters\/wp-content\/uploads\/usu2921\/2023\/04\/3.png 678w, https:\/\/projectes.xtec.cat\/canaldereporters\/wp-content\/uploads\/usu2921\/2023\/04\/3-300x177.png 300w\" sizes=\"auto, (max-width: 678px) 100vw, 678px\" \/><\/figure>\n\n\n\n<p style=\"font-size:14px\">Consellera secret\u00e0ria del Consell de l&#8217;Audiovisual de Catalunya.<\/p>\n\n\n\n<p class=\"has-text-align-right has-ast-global-color-0-color has-text-color\"><span class=\"has-inline-color has-ast-global-color-0-color\"><a href=\"https:\/\/projectes.xtec.cat\/canaldereporters\/jornadacr\/laura-pinyol\/\" target=\"_blank\" rel=\"noreferrer noopener\">(+)<\/a><\/span><\/p>\n<\/div>\n\n\n\n<div class=\"wp-block-column is-layout-flow wp-block-column-is-layout-flow\">\n<h3 class=\"wp-block-heading\">Josep Carles Rius<\/h3>\n\n\n\n<figure class=\"wp-block-image size-large\"><img loading=\"lazy\" decoding=\"async\" width=\"678\" height=\"400\" src=\"https:\/\/projectes.xtec.cat\/canaldereporters\/wp-content\/uploads\/usu2921\/2023\/04\/4.png\" alt=\"\" class=\"wp-image-12026\" srcset=\"https:\/\/projectes.xtec.cat\/canaldereporters\/wp-content\/uploads\/usu2921\/2023\/04\/4.png 678w, https:\/\/projectes.xtec.cat\/canaldereporters\/wp-content\/uploads\/usu2921\/2023\/04\/4-300x177.png 300w\" sizes=\"auto, (max-width: 678px) 100vw, 678px\" \/><\/figure>\n\n\n\n<p style=\"font-size:14px\">Periodista i&nbsp;president del Consell de la Informaci\u00f3 de Catalunya<\/p>\n\n\n\n<p class=\"has-text-align-right\"><a rel=\"noreferrer noopener\" href=\"https:\/\/projectes.xtec.cat\/canaldereporters\/josep-carles-rius\/\" target=\"_blank\"><span class=\"has-inline-color has-ast-global-color-0-color\">(+)<\/span><\/a><\/p>\n<\/div>\n\n\n\n<div class=\"wp-block-column is-layout-flow wp-block-column-is-layout-flow\">\n<h3 class=\"wp-block-heading\">Raquel Ballesteros<\/h3>\n\n\n\n<figure class=\"wp-block-image size-large\"><img loading=\"lazy\" decoding=\"async\" width=\"678\" height=\"400\" src=\"https:\/\/projectes.xtec.cat\/canaldereporters\/wp-content\/uploads\/usu2921\/2023\/04\/5.png\" alt=\"\" class=\"wp-image-12028\" srcset=\"https:\/\/projectes.xtec.cat\/canaldereporters\/wp-content\/uploads\/usu2921\/2023\/04\/5.png 678w, https:\/\/projectes.xtec.cat\/canaldereporters\/wp-content\/uploads\/usu2921\/2023\/04\/5-300x177.png 300w\" sizes=\"auto, (max-width: 678px) 100vw, 678px\" \/><\/figure>\n\n\n\n<p style=\"font-size:14px\">Responsable de seguiment de la implementaci\u00f3 de l&#8217;Agenda 2030 dins de l\u2019equip t\u00e8cnic del CADS<\/p>\n\n\n\n<p class=\"has-text-align-right\"><a rel=\"noreferrer noopener\" href=\"https:\/\/projectes.xtec.cat\/canaldereporters\/raquel-ballesteros\/\" target=\"_blank\"><span class=\"has-inline-color has-ast-global-color-0-color\">(+)<\/span><\/a><\/p>\n<\/div>\n<\/div>\n<\/div><\/div>\n\n\n\n<div class=\"wp-block-group alignwide\"><div class=\"wp-block-group__inner-container is-layout-flow wp-block-group-is-layout-flow\">\n<div class=\"wp-block-columns is-layout-flex wp-container-core-columns-is-layout-3 wp-block-columns-is-layout-flex\">\n<div class=\"wp-block-column is-layout-flow wp-block-column-is-layout-flow\">\n<h3 class=\"wp-block-heading\" style=\"font-size:24px\">Adri\u00e0 Santasusagna<\/h3>\n\n\n\n<figure class=\"wp-block-image size-large\"><img loading=\"lazy\" decoding=\"async\" width=\"678\" height=\"400\" src=\"https:\/\/projectes.xtec.cat\/canaldereporters\/wp-content\/uploads\/usu2921\/2023\/04\/6.png\" alt=\"\" class=\"wp-image-12029\" srcset=\"https:\/\/projectes.xtec.cat\/canaldereporters\/wp-content\/uploads\/usu2921\/2023\/04\/6.png 678w, https:\/\/projectes.xtec.cat\/canaldereporters\/wp-content\/uploads\/usu2921\/2023\/04\/6-300x177.png 300w\" sizes=\"auto, (max-width: 678px) 100vw, 678px\" \/><\/figure>\n\n\n\n<p style=\"font-size:14px\">Periodista pol\u00edtic a RAC1. Col\u00b7laborador de TV3 i 8TV<\/p>\n\n\n\n<p class=\"has-text-align-right\"><a rel=\"noreferrer noopener\" href=\"https:\/\/projectes.xtec.cat\/canaldereporters\/adria-santasusagna\/\" target=\"_blank\"><span class=\"has-inline-color has-ast-global-color-0-color\">(+)<\/span><\/a><\/p>\n<\/div>\n\n\n\n<div class=\"wp-block-column is-layout-flow wp-block-column-is-layout-flow\">\n<h3 class=\"wp-block-heading\">N\u00faria Vilanova<\/h3>\n\n\n\n<figure class=\"wp-block-image size-large\"><img loading=\"lazy\" decoding=\"async\" width=\"678\" height=\"400\" src=\"https:\/\/projectes.xtec.cat\/canaldereporters\/wp-content\/uploads\/usu2921\/2023\/04\/7.png\" alt=\"\" class=\"wp-image-12030\" srcset=\"https:\/\/projectes.xtec.cat\/canaldereporters\/wp-content\/uploads\/usu2921\/2023\/04\/7.png 678w, https:\/\/projectes.xtec.cat\/canaldereporters\/wp-content\/uploads\/usu2921\/2023\/04\/7-300x177.png 300w\" sizes=\"auto, (max-width: 678px) 100vw, 678px\" \/><\/figure>\n\n\n\n<p style=\"font-size:14px\">Periodista, presentadora i directora de l&#8217;infoK<\/p>\n\n\n\n<p class=\"has-text-align-right\"><a rel=\"noreferrer noopener\" href=\"https:\/\/projectes.xtec.cat\/canaldereporters\/nuria-vilanova\/\" target=\"_blank\"><span class=\"has-inline-color has-ast-global-color-0-color\">(+)<\/span><\/a><\/p>\n<\/div>\n\n\n\n<div class=\"wp-block-column is-layout-flow wp-block-column-is-layout-flow\">\n<h3 class=\"wp-block-heading\">Carlos Baraibar<\/h3>\n\n\n\n<figure class=\"wp-block-image size-large\"><img loading=\"lazy\" decoding=\"async\" width=\"678\" height=\"400\" src=\"https:\/\/projectes.xtec.cat\/canaldereporters\/wp-content\/uploads\/usu2921\/2023\/04\/8.png\" alt=\"\" class=\"wp-image-12031\" srcset=\"https:\/\/projectes.xtec.cat\/canaldereporters\/wp-content\/uploads\/usu2921\/2023\/04\/8.png 678w, https:\/\/projectes.xtec.cat\/canaldereporters\/wp-content\/uploads\/usu2921\/2023\/04\/8-300x177.png 300w\" sizes=\"auto, (max-width: 678px) 100vw, 678px\" \/><\/figure>\n\n\n\n<p style=\"font-size:14px\">Periodista i Responsable de la secci\u00f3 de verificaci\u00f3&nbsp;<em><a rel=\"noreferrer noopener\" href=\"https:\/\/www.ccma.cat\/catradio\/fets-o-fakes\/\" target=\"_blank\">Fets o fakes<\/a><\/em>.&nbsp;<\/p>\n\n\n\n<p class=\"has-text-align-right\"><a rel=\"noreferrer noopener\" href=\"https:\/\/projectes.xtec.cat\/canaldereporters\/carlos-baraibar\/\" target=\"_blank\"><span class=\"has-inline-color has-ast-global-color-0-color\">(+)<\/span><\/a><\/p>\n<\/div>\n\n\n\n<div class=\"wp-block-column is-layout-flow wp-block-column-is-layout-flow\">\n<h3 class=\"wp-block-heading\">Random<\/h3>\n\n\n\n<figure class=\"wp-block-image size-large\"><img loading=\"lazy\" decoding=\"async\" width=\"678\" height=\"400\" src=\"https:\/\/projectes.xtec.cat\/canaldereporters\/wp-content\/uploads\/usu2921\/2023\/04\/9.png\" alt=\"\" class=\"wp-image-12032\" srcset=\"https:\/\/projectes.xtec.cat\/canaldereporters\/wp-content\/uploads\/usu2921\/2023\/04\/9.png 678w, https:\/\/projectes.xtec.cat\/canaldereporters\/wp-content\/uploads\/usu2921\/2023\/04\/9-300x177.png 300w\" sizes=\"auto, (max-width: 678px) 100vw, 678px\" \/><\/figure>\n\n\n\n<p style=\"font-size:14px\">Maria Bouabdellah i David Its Me<\/p>\n\n\n\n<p style=\"font-size:14px\">Presentadors del programa R\u00e0ndom, el magaz\u00edn interactiu i en directe de l&#8217;X3.<\/p>\n\n\n\n<p class=\"has-text-align-right\"><a rel=\"noreferrer noopener\" href=\"https:\/\/projectes.xtec.cat\/canaldereporters\/maria-bouabdellah-i-david-its-me\/\" target=\"_blank\"><span class=\"has-inline-color has-ast-global-color-0-color\">(+)<\/span><\/a><\/p>\n<\/div>\n\n\n\n<div class=\"wp-block-column is-layout-flow wp-block-column-is-layout-flow\"><\/div>\n<\/div>\n<\/div><\/div>\n","protected":false},"excerpt":{"rendered":"<p>Enric Mar\u00edn Periodista i deg\u00e0 de la&nbsp;Facultat de Ci\u00e8ncies de la Comunicaci\u00f3&nbsp;de la Universitat Aut\u00f2noma de Barcelona (+) Joan Cuevas Director general d&#8217;Innovaci\u00f3, Digitalitzaci\u00f3, Curr\u00edculum i Lleng\u00fces. Departament d&#8217;Educaci\u00f3. (+) Laura Pinyol Consellera secret\u00e0ria del Consell de l&#8217;Audiovisual de Catalunya. (+) Josep Carles Rius Periodista i&nbsp;president del Consell de la Informaci\u00f3 de Catalunya (+) Raquel [&hellip;]<\/p>\n","protected":false},"author":17,"featured_media":0,"parent":11793,"menu_order":0,"comment_status":"closed","ping_status":"closed","template":"","meta":{"site-sidebar-layout":"default","site-content-layout":"","ast-site-content-layout":"","site-content-style":"default","site-sidebar-style":"default","ast-global-header-display":"","ast-banner-title-visibility":"","ast-main-header-display":"","ast-hfb-above-header-display":"","ast-hfb-below-header-display":"","ast-hfb-mobile-header-display":"","site-post-title":"disabled","ast-breadcrumbs-content":"","ast-featured-img":"","footer-sml-layout":"","theme-transparent-header-meta":"","adv-header-id-meta":"","stick-header-meta":"","header-above-stick-meta":"","header-main-stick-meta":"","header-below-stick-meta":"","astra-migrate-meta-layouts":"default","ast-page-background-enabled":"default","ast-page-background-meta":{"desktop":{"background-color":"","background-image":"","background-repeat":"repeat","background-position":"center center","background-size":"auto","background-attachment":"scroll","background-type":"","background-media":"","overlay-type":"","overlay-color":"","overlay-opacity":"","overlay-gradient":""},"tablet":{"background-color":"","background-image":"","background-repeat":"repeat","background-position":"center center","background-size":"auto","background-attachment":"scroll","background-type":"","background-media":"","overlay-type":"","overlay-color":"","overlay-opacity":"","overlay-gradient":""},"mobile":{"background-color":"","background-image":"","background-repeat":"repeat","background-position":"center center","background-size":"auto","background-attachment":"scroll","background-type":"","background-media":"","overlay-type":"","overlay-color":"","overlay-opacity":"","overlay-gradient":""}},"ast-content-background-meta":{"desktop":{"background-color":"var(--ast-global-color-5)","background-image":"","background-repeat":"repeat","background-position":"center center","background-size":"auto","background-attachment":"scroll","background-type":"","background-media":"","overlay-type":"","overlay-color":"","overlay-opacity":"","overlay-gradient":""},"tablet":{"background-color":"var(--ast-global-color-5)","background-image":"","background-repeat":"repeat","background-position":"center center","background-size":"auto","background-attachment":"scroll","background-type":"","background-media":"","overlay-type":"","overlay-color":"","overlay-opacity":"","overlay-gradient":""},"mobile":{"background-color":"var(--ast-global-color-5)","background-image":"","background-repeat":"repeat","background-position":"center center","background-size":"auto","background-attachment":"scroll","background-type":"","background-media":"","overlay-type":"","overlay-color":"","overlay-opacity":"","overlay-gradient":""}},"footnotes":""},"class_list":["post-11873","page","type-page","status-publish","hentry"],"post_mailing_queue_ids":[],"_links":{"self":[{"href":"https:\/\/projectes.xtec.cat\/canaldereporters\/wp-json\/wp\/v2\/pages\/11873","targetHints":{"allow":["GET"]}}],"collection":[{"href":"https:\/\/projectes.xtec.cat\/canaldereporters\/wp-json\/wp\/v2\/pages"}],"about":[{"href":"https:\/\/projectes.xtec.cat\/canaldereporters\/wp-json\/wp\/v2\/types\/page"}],"author":[{"embeddable":true,"href":"https:\/\/projectes.xtec.cat\/canaldereporters\/wp-json\/wp\/v2\/users\/17"}],"replies":[{"embeddable":true,"href":"https:\/\/projectes.xtec.cat\/canaldereporters\/wp-json\/wp\/v2\/comments?post=11873"}],"version-history":[{"count":4,"href":"https:\/\/projectes.xtec.cat\/canaldereporters\/wp-json\/wp\/v2\/pages\/11873\/revisions"}],"predecessor-version":[{"id":12986,"href":"https:\/\/projectes.xtec.cat\/canaldereporters\/wp-json\/wp\/v2\/pages\/11873\/revisions\/12986"}],"up":[{"embeddable":true,"href":"https:\/\/projectes.xtec.cat\/canaldereporters\/wp-json\/wp\/v2\/pages\/11793"}],"wp:attachment":[{"href":"https:\/\/projectes.xtec.cat\/canaldereporters\/wp-json\/wp\/v2\/media?parent=11873"}],"curies":[{"name":"wp","href":"https:\/\/api.w.org\/{rel}","templated":true}]}}