{"id":12088,"date":"2023-05-11T14:13:03","date_gmt":"2023-05-11T12:13:03","guid":{"rendered":"https:\/\/projectes.xtec.cat\/canaldereporters\/?page_id=12088"},"modified":"2023-10-16T13:29:03","modified_gmt":"2023-10-16T11:29:03","slug":"seminari4_docents","status":"publish","type":"page","link":"https:\/\/projectes.xtec.cat\/canaldereporters\/seminaris-web\/seminari4_docents\/","title":{"rendered":"Seminari4_Docents"},"content":{"rendered":"\n<div style=\"height:30px\" aria-hidden=\"true\" class=\"wp-block-spacer\"><\/div>\n\n\n\n<div class=\"wp-block-group alignwide\"><div class=\"wp-block-group__inner-container is-layout-flow wp-block-group-is-layout-flow\">\n<div class=\"wp-block-columns is-layout-flex wp-container-core-columns-is-layout-1 wp-block-columns-is-layout-flex\">\n<div class=\"wp-block-column is-layout-flow wp-block-column-is-layout-flow\">\n<h2 class=\"wp-block-heading\"><span class=\"has-inline-color has-ast-global-color-1-color\">Data<\/span><\/h2>\n\n\n\n<p>11 de maig de 2023<\/p>\n\n\n\n<h2 class=\"wp-block-heading\"><span class=\"has-inline-color has-ast-global-color-1-color\">Ponents<\/span><\/h2>\n\n\n\n<ul class=\"wp-block-list\"><li>Cristina Baulies<\/li><\/ul>\n\n\n\n<p>Periodista feminista  especialista en g\u00e8nere i comunicaci\u00f3 i pol\u00edtiques p\u00fabliques d&#8217;igualtat de g\u00e8nere. Responsable durant 30 anys de l&#8217;\u00c0rea de Comunicaci\u00f3 de l&#8217;<a href=\"https:\/\/dones.gencat.cat\/ca\/inici\" target=\"_blank\" rel=\"noreferrer noopener\">Institut Catal\u00e0 de les Dones<\/a> (ICD), de la Generalitat de Catalunya. \u00c9s membre fundadora de l&#8217;<a href=\"http:\/\/www.adpc.cat\/new_site\/\" target=\"_blank\" rel=\"noreferrer noopener\">associaci\u00f3 de dones periodistes de Catalunya<\/a>. <\/p>\n\n\n\n<p>M\u00e0ster en G\u00e8nere i Comunicaci\u00f3 (UAB), Diplomada en Comunicaci\u00f3 a les Organitzacions (UB), i Postgrau de Pol\u00edtiques d&#8217;Igualtat de G\u00e8nere a la Gesti\u00f3 P\u00fablica (UB), \u00e9s autora de la Guia per a la introducci\u00f3 de la perspectiva de g\u00e8nere a la comunicaci\u00f3 de les administracions p\u00fabliques (ICD, 2020). <\/p>\n<\/div>\n\n\n\n<div class=\"wp-block-column is-layout-flow wp-block-column-is-layout-flow\"><div class=\"h5p-iframe-wrapper\"><iframe id=\"h5p-iframe-10\" class=\"h5p-iframe\" data-content-id=\"10\" style=\"height:1px\" src=\"about:blank\" frameBorder=\"0\" scrolling=\"no\" title=\"Canal de Reporters - Seminari 4 - Docents\"><\/iframe><\/div>\n<\/div>\n<\/div>\n<\/div><\/div>\n\n\n\n<div class=\"wp-block-group alignwide\"><div class=\"wp-block-group__inner-container is-layout-flow wp-block-group-is-layout-flow\">\n<div class=\"wp-block-columns is-layout-flex wp-container-core-columns-is-layout-2 wp-block-columns-is-layout-flex\">\n<div class=\"wp-block-column is-layout-flow wp-block-column-is-layout-flow\">\n<h2 class=\"wp-block-heading\">Descripci\u00f3<\/h2>\n\n\n\n<p>En aquest seminari volem parlar de com els mitjans de comunicaci\u00f3 han de vetllar per garantir la igualtat de totes les persones. Us oferim una diagnosi de com els m\u00e8dia poden transmetre estereotips sexistes en la nostra societat. Qu\u00e8 s&#8217;est\u00e0 fent actualment per revertir aquesta situaci\u00f3 i que podem fer nosaltres com a generadors de continguts per fer que aquesta igualtat sigui una realitat? Per parlar de tot aix\u00f2 hem convidat a la Cristina Baulies. <\/p>\n\n\n\n<h3 class=\"wp-block-heading\">Enlla\u00e7os<\/h3>\n\n\n\n<p><a rel=\"noreferrer noopener\" href=\"https:\/\/drive.google.com\/file\/d\/1O7v27gC6rZQ_H-S_ntgwGdYZbhNkqBKF\/view?usp=sharing\" target=\"_blank\">Presentaci\u00f3 de la pon\u00e8ncia<\/a><\/p>\n\n\n\n<p><a rel=\"noreferrer noopener\" href=\"https:\/\/dones.gencat.cat\/ca\/ambits\/mitjans-comunicacio\/\" target=\"_blank\" data-type=\"URL\" data-id=\"https:\/\/dones.gencat.cat\/ca\/ambits\/mitjans-comunicacio\/\">Espai web de Comunicaci\u00f3 Feminista de l&#8217;Institut Catal\u00e0 de les Dones<\/a><\/p>\n\n\n\n<p><a rel=\"noreferrer noopener\" href=\"https:\/\/dones.gencat.cat\/ca\/ambits\/Observatori-de-la-Igualtat-de-Genere\/\" target=\"_blank\">Observatori de la Igualtat de G\u00e8nere (OIG)<\/a><\/p>\n\n\n\n<p><a href=\"https:\/\/eina.observatoridelesdones.org\/\" target=\"_blank\" rel=\"noreferrer noopener\">Observatori de les dones en els mitjans de comunicaci\u00f3<\/a><\/p>\n<\/div>\n<\/div>\n<\/div><\/div>\n","protected":false},"excerpt":{"rendered":"<p>Data 11 de maig de 2023 Ponents Cristina Baulies Periodista feminista especialista en g\u00e8nere i comunicaci\u00f3 i pol\u00edtiques p\u00fabliques d&#8217;igualtat de g\u00e8nere. Responsable durant 30 anys de l&#8217;\u00c0rea de Comunicaci\u00f3 de l&#8217;Institut Catal\u00e0 de les Dones (ICD), de la Generalitat de Catalunya. \u00c9s membre fundadora de l&#8217;associaci\u00f3 de dones periodistes de Catalunya. M\u00e0ster en G\u00e8nere [&hellip;]<\/p>\n","protected":false},"author":17,"featured_media":0,"parent":9850,"menu_order":0,"comment_status":"closed","ping_status":"closed","template":"","meta":{"site-sidebar-layout":"default","site-content-layout":"","ast-site-content-layout":"","site-content-style":"default","site-sidebar-style":"default","ast-global-header-display":"","ast-banner-title-visibility":"","ast-main-header-display":"","ast-hfb-above-header-display":"","ast-hfb-below-header-display":"","ast-hfb-mobile-header-display":"","site-post-title":"disabled","ast-breadcrumbs-content":"","ast-featured-img":"","footer-sml-layout":"","theme-transparent-header-meta":"","adv-header-id-meta":"","stick-header-meta":"","header-above-stick-meta":"","header-main-stick-meta":"","header-below-stick-meta":"","astra-migrate-meta-layouts":"default","ast-page-background-enabled":"default","ast-page-background-meta":{"desktop":{"background-color":"","background-image":"","background-repeat":"repeat","background-position":"center center","background-size":"auto","background-attachment":"scroll","background-type":"","background-media":"","overlay-type":"","overlay-color":"","overlay-opacity":"","overlay-gradient":""},"tablet":{"background-color":"","background-image":"","background-repeat":"repeat","background-position":"center center","background-size":"auto","background-attachment":"scroll","background-type":"","background-media":"","overlay-type":"","overlay-color":"","overlay-opacity":"","overlay-gradient":""},"mobile":{"background-color":"","background-image":"","background-repeat":"repeat","background-position":"center center","background-size":"auto","background-attachment":"scroll","background-type":"","background-media":"","overlay-type":"","overlay-color":"","overlay-opacity":"","overlay-gradient":""}},"ast-content-background-meta":{"desktop":{"background-color":"var(--ast-global-color-5)","background-image":"","background-repeat":"repeat","background-position":"center center","background-size":"auto","background-attachment":"scroll","background-type":"","background-media":"","overlay-type":"","overlay-color":"","overlay-opacity":"","overlay-gradient":""},"tablet":{"background-color":"var(--ast-global-color-5)","background-image":"","background-repeat":"repeat","background-position":"center center","background-size":"auto","background-attachment":"scroll","background-type":"","background-media":"","overlay-type":"","overlay-color":"","overlay-opacity":"","overlay-gradient":""},"mobile":{"background-color":"var(--ast-global-color-5)","background-image":"","background-repeat":"repeat","background-position":"center center","background-size":"auto","background-attachment":"scroll","background-type":"","background-media":"","overlay-type":"","overlay-color":"","overlay-opacity":"","overlay-gradient":""}},"footnotes":""},"class_list":["post-12088","page","type-page","status-publish","hentry"],"post_mailing_queue_ids":[],"_links":{"self":[{"href":"https:\/\/projectes.xtec.cat\/canaldereporters\/wp-json\/wp\/v2\/pages\/12088","targetHints":{"allow":["GET"]}}],"collection":[{"href":"https:\/\/projectes.xtec.cat\/canaldereporters\/wp-json\/wp\/v2\/pages"}],"about":[{"href":"https:\/\/projectes.xtec.cat\/canaldereporters\/wp-json\/wp\/v2\/types\/page"}],"author":[{"embeddable":true,"href":"https:\/\/projectes.xtec.cat\/canaldereporters\/wp-json\/wp\/v2\/users\/17"}],"replies":[{"embeddable":true,"href":"https:\/\/projectes.xtec.cat\/canaldereporters\/wp-json\/wp\/v2\/comments?post=12088"}],"version-history":[{"count":3,"href":"https:\/\/projectes.xtec.cat\/canaldereporters\/wp-json\/wp\/v2\/pages\/12088\/revisions"}],"predecessor-version":[{"id":12370,"href":"https:\/\/projectes.xtec.cat\/canaldereporters\/wp-json\/wp\/v2\/pages\/12088\/revisions\/12370"}],"up":[{"embeddable":true,"href":"https:\/\/projectes.xtec.cat\/canaldereporters\/wp-json\/wp\/v2\/pages\/9850"}],"wp:attachment":[{"href":"https:\/\/projectes.xtec.cat\/canaldereporters\/wp-json\/wp\/v2\/media?parent=12088"}],"curies":[{"name":"wp","href":"https:\/\/api.w.org\/{rel}","templated":true}]}}