{"id":12953,"date":"2023-10-13T10:32:48","date_gmt":"2023-10-13T08:32:48","guid":{"rendered":"https:\/\/projectes.xtec.cat\/canaldereporters\/?page_id=12953"},"modified":"2024-07-04T22:25:06","modified_gmt":"2024-07-04T20:25:06","slug":"seminari5_docents","status":"publish","type":"page","link":"https:\/\/projectes.xtec.cat\/canaldereporters\/seminaris-web\/seminari5_docents\/","title":{"rendered":"Seminari5_Docents"},"content":{"rendered":"\n<div style=\"height:30px\" aria-hidden=\"true\" class=\"wp-block-spacer\"><\/div>\n\n\n\n<div class=\"wp-block-group alignwide is-layout-flow wp-block-group-is-layout-flow\">\n<div class=\"wp-block-columns is-layout-flex wp-container-core-columns-is-layout-1 wp-block-columns-is-layout-flex\">\n<div class=\"wp-block-column is-layout-flow wp-block-column-is-layout-flow\">\n<h2 class=\"wp-block-heading\"><span class=\"has-inline-color has-ast-global-color-1-color\">Data<\/span><\/h2>\n\n\n\n<p>16 d&#8217;octubre de 2023<\/p>\n\n\n\n<h2 class=\"wp-block-heading\"><span class=\"has-inline-color has-ast-global-color-1-color\">Ponent<\/span><\/h2>\n\n\n\n<ul class=\"wp-block-list\">\n<li>Adri\u00e0 Santasusagna<\/li>\n<\/ul>\n\n\n\n<p>L\u2019Adri\u00e0 Santasusagna \u00e9s el cap de la secci\u00f3 de pol\u00edtica de l&#8217;emissora de r\u00e0dio RAC1. Tamb\u00e9 col\u00b7labora amb programes de TV3 i 8TV.<\/p>\n\n\n\n<p>La seva feina l&#8217;ha portat a cobrir esdeveniments a Espanya, Fran\u00e7a, Su\u00efssa, It\u00e0lia, Finl\u00e0ndia, B\u00e8lgica i Luxemburg.<\/p>\n\n\n\n<p>Anteriorment va treballar en:<\/p>\n\n\n\n<ul class=\"wp-block-list\">\n<li>R\u00e0dio Estel <\/li>\n\n\n\n<li>SER Catalunya<\/li>\n<\/ul>\n\n\n\n<p><strong>Formaci\u00f3:&nbsp;<\/strong><\/p>\n\n\n\n<ul class=\"wp-block-list\">\n<li>Llicenciat en Periodisme per la\u00a0Universitat Aut\u00f2noma de Barcelona\u00a0<\/li>\n<\/ul>\n<\/div>\n\n\n\n<div class=\"wp-block-column is-layout-flow wp-block-column-is-layout-flow\"><div class=\"h5p-iframe-wrapper\"><iframe id=\"h5p-iframe-11\" class=\"h5p-iframe\" data-content-id=\"11\" style=\"height:1px\" src=\"about:blank\" frameBorder=\"0\" scrolling=\"no\" title=\"Canal de Reporters - Seminari 5 - Docents\"><\/iframe><\/div>\n<\/div>\n<\/div>\n<\/div>\n\n\n\n<div class=\"wp-block-group alignwide is-layout-flow wp-block-group-is-layout-flow\">\n<div class=\"wp-block-columns is-layout-flex wp-container-core-columns-is-layout-2 wp-block-columns-is-layout-flex\">\n<div class=\"wp-block-column is-layout-flow wp-block-column-is-layout-flow\">\n<h2 class=\"wp-block-heading\">Descripci\u00f3<\/h2>\n\n\n\n<p>Durant aquest seminari l&#8217;Adri\u00e0 comparteix amb el Canal de Reporters les <strong>&#8220;10 claus que ens poden ajudar a entendre i aplicar el periodisme radiof\u00f2nic&#8221;.<\/strong> Disposem doncs d&#8217;un aut\u00e8ntic dec\u00e0leg per saber quins s\u00f3n els trets distintius d\u2019aquest mitj\u00e0 i poder transmetre\u2019l al nostre alumnat. Tamb\u00e9 ens aporta una descripci\u00f3 sobre com treballa actualment un professional en actiu, quins mitjans t\u00e8cnics necessita, quina import\u00e0ncia t\u00e9 la veu i fins a quin punt la improvisaci\u00f3 es converteix en un recurs que pot jugar a favor nostre.<\/p>\n\n\n\n<p><strong>Enlla\u00e7os:<\/strong><\/p>\n\n\n\n<p><strong><a href=\"https:\/\/drive.google.com\/file\/d\/16s7vXEbuMhZ2VkC8fcFKHgbW2hWuOO5V\/view?usp=sharing\" target=\"_blank\" rel=\"noreferrer noopener\">Presentaci\u00f3 de la pon\u00e8ncia<\/a><\/strong><\/p>\n\n\n\n<p><strong><a rel=\"noreferrer noopener\" href=\"https:\/\/www.rac1.cat\/autors\/adria-santasusagna.html\" target=\"_blank\">Rac1 adria-santasusagna<\/a><\/strong><\/p>\n\n\n\n<p><a href=\"https:\/\/drive.google.com\/file\/d\/1qijBfi8lXTVKffCxcdCihtN9ALSD8OqM\/view?usp=sharing\" target=\"_blank\" rel=\"noreferrer noopener\"><strong>Gui\u00f3 del programa &#8211; trucada Sr Mart\u00ed Sarrate<\/strong><\/a><\/p>\n\n\n\n<p><a href=\"https:\/\/drive.google.com\/file\/d\/13SPOJsIvdZ6wclcKslvdTkwzVg8-0Qrz\/view?usp=sharing\" target=\"_blank\" rel=\"noreferrer noopener\"><strong>Descarrega la plantilla d&#8217;acreditaci\u00f3 de premsa del Canal de Reporter<\/strong><\/a><\/p>\n\n\n\n<div style=\"height:75px\" aria-hidden=\"true\" class=\"wp-block-spacer\"><\/div>\n<\/div>\n<\/div>\n<\/div>\n\n\n\n<p><\/p>\n","protected":false},"excerpt":{"rendered":"<p>Data 16 d&#8217;octubre de 2023 Ponent L\u2019Adri\u00e0 Santasusagna \u00e9s el cap de la secci\u00f3 de pol\u00edtica de l&#8217;emissora de r\u00e0dio RAC1. Tamb\u00e9 col\u00b7labora amb programes de TV3 i 8TV. La seva feina l&#8217;ha portat a cobrir esdeveniments a Espanya, Fran\u00e7a, Su\u00efssa, It\u00e0lia, Finl\u00e0ndia, B\u00e8lgica i Luxemburg. Anteriorment va treballar en: Formaci\u00f3:&nbsp; Descripci\u00f3 Durant aquest seminari [&hellip;]<\/p>\n","protected":false},"author":17,"featured_media":0,"parent":9850,"menu_order":0,"comment_status":"closed","ping_status":"closed","template":"","meta":{"site-sidebar-layout":"default","site-content-layout":"","ast-site-content-layout":"default","site-content-style":"default","site-sidebar-style":"default","ast-global-header-display":"","ast-banner-title-visibility":"","ast-main-header-display":"","ast-hfb-above-header-display":"","ast-hfb-below-header-display":"","ast-hfb-mobile-header-display":"","site-post-title":"disabled","ast-breadcrumbs-content":"","ast-featured-img":"","footer-sml-layout":"","theme-transparent-header-meta":"","adv-header-id-meta":"","stick-header-meta":"","header-above-stick-meta":"","header-main-stick-meta":"","header-below-stick-meta":"","astra-migrate-meta-layouts":"set","ast-page-background-enabled":"default","ast-page-background-meta":{"desktop":{"background-color":"","background-image":"","background-repeat":"repeat","background-position":"center center","background-size":"auto","background-attachment":"scroll","background-type":"","background-media":"","overlay-type":"","overlay-color":"","overlay-opacity":"","overlay-gradient":""},"tablet":{"background-color":"","background-image":"","background-repeat":"repeat","background-position":"center center","background-size":"auto","background-attachment":"scroll","background-type":"","background-media":"","overlay-type":"","overlay-color":"","overlay-opacity":"","overlay-gradient":""},"mobile":{"background-color":"","background-image":"","background-repeat":"repeat","background-position":"center center","background-size":"auto","background-attachment":"scroll","background-type":"","background-media":"","overlay-type":"","overlay-color":"","overlay-opacity":"","overlay-gradient":""}},"ast-content-background-meta":{"desktop":{"background-color":"var(--ast-global-color-5)","background-image":"","background-repeat":"repeat","background-position":"center center","background-size":"auto","background-attachment":"scroll","background-type":"","background-media":"","overlay-type":"","overlay-color":"","overlay-opacity":"","overlay-gradient":""},"tablet":{"background-color":"var(--ast-global-color-5)","background-image":"","background-repeat":"repeat","background-position":"center center","background-size":"auto","background-attachment":"scroll","background-type":"","background-media":"","overlay-type":"","overlay-color":"","overlay-opacity":"","overlay-gradient":""},"mobile":{"background-color":"var(--ast-global-color-5)","background-image":"","background-repeat":"repeat","background-position":"center center","background-size":"auto","background-attachment":"scroll","background-type":"","background-media":"","overlay-type":"","overlay-color":"","overlay-opacity":"","overlay-gradient":""}},"footnotes":""},"class_list":["post-12953","page","type-page","status-publish","hentry"],"post_mailing_queue_ids":[],"_links":{"self":[{"href":"https:\/\/projectes.xtec.cat\/canaldereporters\/wp-json\/wp\/v2\/pages\/12953","targetHints":{"allow":["GET"]}}],"collection":[{"href":"https:\/\/projectes.xtec.cat\/canaldereporters\/wp-json\/wp\/v2\/pages"}],"about":[{"href":"https:\/\/projectes.xtec.cat\/canaldereporters\/wp-json\/wp\/v2\/types\/page"}],"author":[{"embeddable":true,"href":"https:\/\/projectes.xtec.cat\/canaldereporters\/wp-json\/wp\/v2\/users\/17"}],"replies":[{"embeddable":true,"href":"https:\/\/projectes.xtec.cat\/canaldereporters\/wp-json\/wp\/v2\/comments?post=12953"}],"version-history":[{"count":6,"href":"https:\/\/projectes.xtec.cat\/canaldereporters\/wp-json\/wp\/v2\/pages\/12953\/revisions"}],"predecessor-version":[{"id":14283,"href":"https:\/\/projectes.xtec.cat\/canaldereporters\/wp-json\/wp\/v2\/pages\/12953\/revisions\/14283"}],"up":[{"embeddable":true,"href":"https:\/\/projectes.xtec.cat\/canaldereporters\/wp-json\/wp\/v2\/pages\/9850"}],"wp:attachment":[{"href":"https:\/\/projectes.xtec.cat\/canaldereporters\/wp-json\/wp\/v2\/media?parent=12953"}],"curies":[{"name":"wp","href":"https:\/\/api.w.org\/{rel}","templated":true}]}}