{"id":9850,"date":"2022-11-10T10:17:44","date_gmt":"2022-11-10T09:17:44","guid":{"rendered":"https:\/\/projectes.xtec.cat\/canaldereporters\/?page_id=9850"},"modified":"2025-05-03T20:04:04","modified_gmt":"2025-05-03T18:04:04","slug":"seminaris-web","status":"publish","type":"page","link":"https:\/\/projectes.xtec.cat\/canaldereporters\/seminaris-web\/","title":{"rendered":"Seminaris web"},"content":{"rendered":"\n<div class=\"wp-block-getwid-section alignwide alignwide\"><div class=\"wp-block-getwid-section__wrapper\"><div class=\"wp-block-getwid-section__inner-wrapper\"><div class=\"wp-block-getwid-section__background-holder\"><div class=\"wp-block-getwid-section__background\"><\/div><div class=\"wp-block-getwid-section__foreground\"><\/div><\/div><div class=\"wp-block-getwid-section__content\"><div class=\"wp-block-getwid-section__inner-content\">\n<div class=\"wp-block-columns is-layout-flex wp-container-core-columns-is-layout-1 wp-block-columns-is-layout-flex\">\n<div class=\"wp-block-column is-layout-flow wp-block-column-is-layout-flow\">\n<h2 class=\"wp-block-heading\"><strong><span class=\"has-inline-color has-ast-global-color-1-color\">Seminari 7:  Comunicaci\u00f3 antiracista <\/span><\/strong>i lluita contra els estereotips<\/h2>\n<\/div>\n<\/div>\n<\/div><\/div><\/div><\/div><\/div>\n\n\n\n<div class=\"wp-block-getwid-section alignwide alignwide\"><div class=\"wp-block-getwid-section__wrapper\"><div class=\"wp-block-getwid-section__inner-wrapper\"><div class=\"wp-block-getwid-section__background-holder\"><div class=\"wp-block-getwid-section__background\"><\/div><div class=\"wp-block-getwid-section__foreground\"><\/div><\/div><div class=\"wp-block-getwid-section__content\"><div class=\"wp-block-getwid-section__inner-content\">\n<div class=\"wp-block-columns is-layout-flex wp-container-core-columns-is-layout-2 wp-block-columns-is-layout-flex\">\n<div class=\"wp-block-column is-layout-flow wp-block-column-is-layout-flow\">\n<h2 class=\"wp-block-heading\">V\u00eddeo per al <strong>professorat<\/strong><\/h2>\n\n\n<div class=\"h5p-iframe-wrapper\"><iframe id=\"h5p-iframe-16\" class=\"h5p-iframe\" data-content-id=\"16\" style=\"height:1px\" src=\"about:blank\" frameBorder=\"0\" scrolling=\"no\" title=\"Canal de Reporters - Seminari 07 - SOS Racisme - Docents\"><\/iframe><\/div>\n\n\n\n<p style=\"font-size:18px\">Jennifer Molina<\/p>\n\n\n\n<p>Jennifer Molina \u00e9s periodista i est\u00e0 especialitzada en comunicaci\u00f3 antiracista. Treballa a SOS Racisme com a coordinadora de comunicaci\u00f3.<\/p>\n\n\n\n<p>En aquest seminari la Jennifer Molina analitza el paper dels mitjans de comunicaci\u00f3 en la generaci\u00f3 de narratives que reprodueixen actituds racistes o estereotips negatius i ens alerta de com podem detectar-les i evitar-les en les nostres produccions.<\/p>\n\n\n\n<p class=\"has-text-align-right has-ast-global-color-0-color has-text-color\"><a href=\"https:\/\/projectes.xtec.cat\/canaldereporters\/seminaris-web\/seminari7_docents\/\">(+)<\/a><\/p>\n<\/div>\n\n\n\n<div class=\"wp-block-column is-layout-flow wp-block-column-is-layout-flow\">\n<h2 class=\"wp-block-heading\">V\u00eddeo per <strong>l&#8217;alumnat<\/strong><\/h2>\n\n\n\n<figure class=\"wp-block-embed is-type-video is-provider-youtube wp-block-embed-youtube wp-embed-aspect-16-9 wp-has-aspect-ratio\"><div class=\"wp-block-embed__wrapper\">\n<div class=\"ast-oembed-container \" style=\"height: 100%;\"><iframe loading=\"lazy\" title=\"Canal de Reporters - Seminari 07 - SOS Racisme - Alumnat\" width=\"500\" height=\"281\" src=\"https:\/\/www.youtube.com\/embed\/9DVGBLQXKqQ?feature=oembed\" frameborder=\"0\" allow=\"accelerometer; autoplay; clipboard-write; encrypted-media; gyroscope; picture-in-picture; web-share\" referrerpolicy=\"strict-origin-when-cross-origin\" allowfullscreen><\/iframe><\/div>\n<\/div><\/figure>\n\n\n\n<div style=\"height:20px\" aria-hidden=\"true\" class=\"wp-block-spacer\"><\/div>\n\n\n\n<p style=\"font-size:18px\">Jennifer Molina<\/p>\n\n\n\n<p>El periodisme pot ajudar a trencar estereotips negatius relacionats amb l\u2019origen i la ra\u00e7a de les persones? Com afecten les fake news o not\u00edcies falses en la creaci\u00f3 de discursos racistes? Qu\u00e8 s\u00f3n els marcs mentals?<\/p>\n\n\n\n<p>Totes aquestes preguntes i moltes m\u00e9s troben resposta en aquest q\u00fcestionari on la Jenifer, periodista i especialista en comunicaci\u00f3 antiracista, ens ajuda a entendre aquests conceptes que impacten tant en el nostre dia a dia i en com entenem el m\u00f3n.&nbsp;&nbsp;<\/p>\n\n\n\n<p class=\"has-text-align-right has-ast-global-color-0-color has-text-color\"><a href=\"https:\/\/projectes.xtec.cat\/canaldereporters\/seminaris-web\/seminari7_alumnat\/\">(+)<\/a><\/p>\n<\/div>\n\n\n\n<div class=\"wp-block-column is-layout-flow wp-block-column-is-layout-flow\">\n<h2 class=\"wp-block-heading\">Experi\u00e8ncia de <strong>centre<\/strong><\/h2>\n\n\n\n<figure class=\"wp-block-embed is-type-video is-provider-youtube wp-block-embed-youtube wp-embed-aspect-16-9 wp-has-aspect-ratio\"><div class=\"wp-block-embed__wrapper\">\n<div class=\"ast-oembed-container \" style=\"height: 100%;\"><iframe loading=\"lazy\" title=\"Canal de Reporters - Seminari 07 - Racisme - Experi\u00e8ncia de centre de l&#039;ING Guillem Cat\u00e0\" width=\"500\" height=\"281\" src=\"https:\/\/www.youtube.com\/embed\/VhfDj6E7-v4?feature=oembed\" frameborder=\"0\" allow=\"accelerometer; autoplay; clipboard-write; encrypted-media; gyroscope; picture-in-picture; web-share\" referrerpolicy=\"strict-origin-when-cross-origin\" allowfullscreen><\/iframe><\/div>\n<\/div><\/figure>\n\n\n\n<div style=\"height:20px\" aria-hidden=\"true\" class=\"wp-block-spacer\"><\/div>\n\n\n\n<p style=\"font-size:18px\">INS Guillem Cat\u00e0<\/p>\n\n\n\n<p>La Txell Bacardit i la Marta Mu\u00f1oz ens presenten l\u2019activitat <strong>&nbsp;\u201cL\u2019antiracisme com a mirada inclusiva i transversal de la fam\u00edlia professional de Serveis a la Comunitat<\/strong>\u201d una acci\u00f3 desenvolupada en el marc de la III Jornada de Serveis a la Comunitat que va organitzar la fam\u00edlia professional de Serveis a la Comunitat de l\u2019Institut Guillem Cat\u00e0: aquesta est\u00e0 formada pels cicles formatius de grau mitj\u00e0 d\u2019atenci\u00f3 a les persones en situaci\u00f3 de depend\u00e8ncia i els cicles de grau superior d\u2019animaci\u00f3 sociocultural i tur\u00edstica, d\u2019educaci\u00f3 infantil i d\u2019integraci\u00f3 social.<\/p>\n\n\n\n<p><\/p>\n\n\n\n<p class=\"has-text-align-right has-ast-global-color-0-color has-text-color\"><a href=\"https:\/\/projectes.xtec.cat\/canaldereporters\/seminaris-web\/seminari7_experienciacentre\/\">(+)<\/a><\/p>\n<\/div>\n<\/div>\n<\/div><\/div><\/div><\/div><\/div>\n\n\n\n<div class=\"wp-block-getwid-section alignwide alignwide\"><div class=\"wp-block-getwid-section__wrapper\"><div class=\"wp-block-getwid-section__inner-wrapper\"><div class=\"wp-block-getwid-section__background-holder\"><div class=\"wp-block-getwid-section__background\"><\/div><div class=\"wp-block-getwid-section__foreground\"><\/div><\/div><div class=\"wp-block-getwid-section__content\"><div class=\"wp-block-getwid-section__inner-content\">\n<div class=\"wp-block-columns is-layout-flex wp-container-core-columns-is-layout-3 wp-block-columns-is-layout-flex\">\n<div class=\"wp-block-column is-layout-flow wp-block-column-is-layout-flow\">\n<h2 class=\"wp-block-heading\"><strong><span class=\"has-inline-color has-ast-global-color-1-color\">Seminari 6: periodisme i xarxes socials<\/span><\/strong><\/h2>\n<\/div>\n<\/div>\n<\/div><\/div><\/div><\/div><\/div>\n\n\n\n<div class=\"wp-block-getwid-section alignwide alignwide\"><div class=\"wp-block-getwid-section__wrapper\"><div class=\"wp-block-getwid-section__inner-wrapper\"><div class=\"wp-block-getwid-section__background-holder\"><div class=\"wp-block-getwid-section__background\"><\/div><div class=\"wp-block-getwid-section__foreground\"><\/div><\/div><div class=\"wp-block-getwid-section__content\"><div class=\"wp-block-getwid-section__inner-content\">\n<div class=\"wp-block-columns is-layout-flex wp-container-core-columns-is-layout-4 wp-block-columns-is-layout-flex\">\n<div class=\"wp-block-column is-layout-flow wp-block-column-is-layout-flow\">\n<h2 class=\"wp-block-heading\">V\u00eddeo per al <strong>professorat<\/strong><\/h2>\n\n\n<div class=\"h5p-iframe-wrapper\"><iframe id=\"h5p-iframe-14\" class=\"h5p-iframe\" data-content-id=\"14\" style=\"height:1px\" src=\"about:blank\" frameBorder=\"0\" scrolling=\"no\" title=\"Canal de Reporters - Seminari 6 - Docents\"><\/iframe><\/div>\n\n\n\n<p style=\"font-size:18px\">Bet Molina<\/p>\n\n\n\n<p>En aquest seminari la Bet Molina ens mostra les claus per elaborar p\u00edndoles audiovisuals de forma efectiva i original, oferint consells per a totes les fases de la producci\u00f3 audiovisual i compartint trucs i recursos per a dur a terme els nostres projectes.<\/p>\n\n\n\n<p>La seva exposici\u00f3 tamb\u00e9 dedica una darrera part al proc\u00e9s d\u2019elaboraci\u00f3 de p\u00f2dcasts i les seves possibilitats, centrant-se especialment en el g\u00e8nere de l\u2019entrevista i fent refer\u00e8ncia a les claus que cal tenir en compte per elaborar productes senzills i de qualitat.<\/p>\n\n\n\n<p class=\"has-text-align-right has-ast-global-color-0-color has-text-color\"><a href=\"https:\/\/projectes.xtec.cat\/canaldereporters\/seminaris-web\/seminari6_docents\/\">(+)<\/a><\/p>\n<\/div>\n\n\n\n<div class=\"wp-block-column is-layout-flow wp-block-column-is-layout-flow\">\n<h2 class=\"wp-block-heading\">V\u00eddeo per <strong>l&#8217;alumnat<\/strong><\/h2>\n\n\n\n<figure class=\"wp-block-embed is-type-video is-provider-youtube wp-block-embed-youtube wp-embed-aspect-16-9 wp-has-aspect-ratio\"><div class=\"wp-block-embed__wrapper\">\n<div class=\"ast-oembed-container \" style=\"height: 100%;\"><iframe loading=\"lazy\" title=\"Canal de Reporters - Seminari 6 - Alumnat\" width=\"500\" height=\"281\" src=\"https:\/\/www.youtube.com\/embed\/FCe8aHwYuAU?feature=oembed\" frameborder=\"0\" allow=\"accelerometer; autoplay; clipboard-write; encrypted-media; gyroscope; picture-in-picture; web-share\" referrerpolicy=\"strict-origin-when-cross-origin\" allowfullscreen><\/iframe><\/div>\n<\/div><\/figure>\n\n\n\n<div style=\"height:20px\" aria-hidden=\"true\" class=\"wp-block-spacer\"><\/div>\n\n\n\n<p style=\"font-size:18px\">Bet Molina<\/p>\n\n\n\n<p>En aquest q\u00fcestionari desgrana de forma amena i distesa tots els elements que hem de tenir en compte per desenvolupar p\u00edndoles audiovisuals curtes.&nbsp;<\/p>\n\n\n\n<p>El joc de preguntes i respostes serveix per posar en context les caracter\u00edstiques de la pr\u00e0ctica period\u00edstica, la necessitat d\u2019exposar la informaci\u00f3 de forma efectiva, els aspectes t\u00e8cnics que no podem oblidar, els trucs per desenvolupar un bon p\u00f2dcast o els recursos actuals que ens ajuden a enriquir els productes que elaborem per al nostre p\u00fablic objectiu.<\/p>\n\n\n\n<p class=\"has-text-align-right has-ast-global-color-0-color has-text-color\"><a href=\"https:\/\/projectes.xtec.cat\/canaldereporters\/seminaris-web\/seminari6_alumnat-2\/\">(+)<\/a><\/p>\n<\/div>\n\n\n\n<div class=\"wp-block-column is-layout-flow wp-block-column-is-layout-flow\">\n<h2 class=\"wp-block-heading\">Experi\u00e8ncia de <strong>centre<\/strong><\/h2>\n\n\n\n<figure class=\"wp-block-embed is-type-video is-provider-youtube wp-block-embed-youtube wp-embed-aspect-16-9 wp-has-aspect-ratio\"><div class=\"wp-block-embed__wrapper\">\n<div class=\"ast-oembed-container \" style=\"height: 100%;\"><iframe loading=\"lazy\" title=\"Canal de Reporters - Seminari 6 - Fem de booktubers\" width=\"500\" height=\"281\" src=\"https:\/\/www.youtube.com\/embed\/Dj1vcI5O1LI?list=PLojIWF2RflCq9MLIIfTEsRjNYnHq7JTNE\" frameborder=\"0\" allow=\"accelerometer; autoplay; clipboard-write; encrypted-media; gyroscope; picture-in-picture; web-share\" referrerpolicy=\"strict-origin-when-cross-origin\" allowfullscreen><\/iframe><\/div>\n<\/div><\/figure>\n\n\n\n<div style=\"height:20px\" aria-hidden=\"true\" class=\"wp-block-spacer\"><\/div>\n\n\n\n<p style=\"font-size:18px\">ZER Horta de Lleida<\/p>\n\n\n\n<p>En aquest seminari la Laura i la Nat\u00e0lia ens expliquen com dues escoles que formen part de la ZER Horta de Lleida han desenvolupat un projecte amb el seu alumnat que t\u00e9 vocaci\u00f3 de continu\u00eftat, ja que han comprovat que potencia el gust per la lectura, fomenta l\u2019expressi\u00f3 oral i desenvolupa la compet\u00e8ncia digital. A m\u00e9s a m\u00e9s, permet crear vincles entre els dos centres participants.<\/p>\n\n\n\n<p>Amb la voluntat d\u2019animar altres centres educatius, aquestes dues mestres ens expliquen l\u2019origen de la iniciativa \u201cFem de Booktubers\u201d, com ho han portat a terme i quina valoraci\u00f3 en fan de tot plegat.<\/p>\n\n\n\n<p class=\"has-text-align-right has-ast-global-color-0-color has-text-color\"><a href=\"https:\/\/projectes.xtec.cat\/canaldereporters\/seminaris-web\/seminari-6_centre\/\">(+)<\/a><\/p>\n<\/div>\n<\/div>\n<\/div><\/div><\/div><\/div><\/div>\n\n\n\n<div class=\"wp-block-getwid-section alignwide alignwide\"><div class=\"wp-block-getwid-section__wrapper\"><div class=\"wp-block-getwid-section__inner-wrapper\"><div class=\"wp-block-getwid-section__background-holder\"><div class=\"wp-block-getwid-section__background\"><\/div><div class=\"wp-block-getwid-section__foreground\"><\/div><\/div><div class=\"wp-block-getwid-section__content\"><div class=\"wp-block-getwid-section__inner-content\">\n<div class=\"wp-block-columns is-layout-flex wp-container-core-columns-is-layout-5 wp-block-columns-is-layout-flex\">\n<div class=\"wp-block-column is-layout-flow wp-block-column-is-layout-flow\">\n<h2 class=\"wp-block-heading\"><strong><span class=\"has-inline-color has-ast-global-color-1-color\">Seminari 5: periodisme radiof\u00f2nic<\/span><\/strong><\/h2>\n<\/div>\n<\/div>\n<\/div><\/div><\/div><\/div><\/div>\n\n\n\n<div class=\"wp-block-getwid-section alignwide alignwide\"><div class=\"wp-block-getwid-section__wrapper\"><div class=\"wp-block-getwid-section__inner-wrapper\"><div class=\"wp-block-getwid-section__background-holder\"><div class=\"wp-block-getwid-section__background\"><\/div><div class=\"wp-block-getwid-section__foreground\"><\/div><\/div><div class=\"wp-block-getwid-section__content\"><div class=\"wp-block-getwid-section__inner-content\">\n<div class=\"wp-block-columns is-layout-flex wp-container-core-columns-is-layout-6 wp-block-columns-is-layout-flex\">\n<div class=\"wp-block-column is-layout-flow wp-block-column-is-layout-flow\">\n<h2 class=\"wp-block-heading\">V\u00eddeo per al <strong>professorat<\/strong><\/h2>\n\n\n<div class=\"h5p-iframe-wrapper\"><iframe id=\"h5p-iframe-11\" class=\"h5p-iframe\" data-content-id=\"11\" style=\"height:1px\" src=\"about:blank\" frameBorder=\"0\" scrolling=\"no\" title=\"Canal de Reporters - Seminari 5 - Docents\"><\/iframe><\/div>\n\n\n\n<p style=\"font-size:18px\">Adri\u00e0 Santasusagna<\/p>\n\n\n\n<p>Durant aquest seminari l\u2019Adria comparteix amb el Canal de Reporters les \u201c10 claus que ens poden ajudar a entendre i aplicar el periodisme radiof\u00f2nic\u201d. Disposem doncs d\u2019un aut\u00e8ntic dec\u00e0leg per saber quins s\u00f3n els trets distintius d\u2019aquest mitj\u00e0 i poder transmetre\u2019l al nostre alumnat. Tamb\u00e9 ens aporta una descripci\u00f3 sobre com treballa actualment un professional en actiu; quins mitjans t\u00e8cnics necessita, quina import\u00e0ncia t\u00e9 la veu i fins a quin punt la improvisaci\u00f3 es converteix en un recurs que pot jugar al nostre favor.<\/p>\n\n\n\n<p class=\"has-text-align-right has-ast-global-color-0-color has-text-color\"><a href=\"https:\/\/projectes.xtec.cat\/canaldereporters\/seminaris-web\/seminari5_docents\/\">(+)<\/a><\/p>\n<\/div>\n\n\n\n<div class=\"wp-block-column is-layout-flow wp-block-column-is-layout-flow\">\n<h2 class=\"wp-block-heading\">V\u00eddeo per <strong>l&#8217;alumnat<\/strong><\/h2>\n\n\n\n<figure class=\"wp-block-embed is-type-video is-provider-youtube wp-block-embed-youtube wp-embed-aspect-16-9 wp-has-aspect-ratio\"><div class=\"wp-block-embed__wrapper\">\n<div class=\"ast-oembed-container \" style=\"height: 100%;\"><iframe loading=\"lazy\" title=\"Canal de Reporters - Seminari 5 - Alumnat\" width=\"500\" height=\"281\" src=\"https:\/\/www.youtube.com\/embed\/TkwFKXhhtdA?feature=oembed\" frameborder=\"0\" allow=\"accelerometer; autoplay; clipboard-write; encrypted-media; gyroscope; picture-in-picture; web-share\" referrerpolicy=\"strict-origin-when-cross-origin\" allowfullscreen><\/iframe><\/div>\n<\/div><\/figure>\n\n\n\n<div style=\"height:20px\" aria-hidden=\"true\" class=\"wp-block-spacer\"><\/div>\n\n\n\n<p style=\"font-size:18px\">Adri\u00e0 Santasusagna<\/p>\n\n\n\n<p>En aquest seminari l&#8217;Adri\u00e0 Santasusagna respon a un q\u00fcestionari breu sobre el seu ofici, el llenguatge radiof\u00f2nic i el seu dia en una emissora de r\u00e0dio. Tamb\u00e9 ens explica de forma breu i clara les difer\u00e8ncies entre una not\u00edcia, una cr\u00f2nica i un reportatge, i qu\u00e8 fer si ens quedem en blanc davant el micr\u00f2fon. A trav\u00e9s de les seves respostes podreu comprovar com \u00e9s de m\u00e0gic aquest mitj\u00e0 del qual ben aviat celebrarem el centenari de les primeres emissions a Catalunya.<\/p>\n\n\n\n<p class=\"has-text-align-right has-ast-global-color-0-color has-text-color\"><a href=\"https:\/\/projectes.xtec.cat\/canaldereporters\/seminaris-web\/seminari5_alumnat\/\">(+)<\/a><\/p>\n<\/div>\n\n\n\n<div class=\"wp-block-column is-layout-flow wp-block-column-is-layout-flow\">\n<h2 class=\"wp-block-heading\">Experi\u00e8ncia <strong>CRP <\/strong><\/h2>\n\n\n\n<figure class=\"wp-block-embed is-type-video is-provider-youtube wp-block-embed-youtube wp-embed-aspect-16-9 wp-has-aspect-ratio\"><div class=\"wp-block-embed__wrapper\">\n<div class=\"ast-oembed-container \" style=\"height: 100%;\"><iframe loading=\"lazy\" title=\"Canal de Reporters - Seminari 5 - Experi\u00e8ncia de CRP Badalona\" width=\"500\" height=\"281\" src=\"https:\/\/www.youtube.com\/embed\/SDCoBF9QaY0?list=PLojIWF2RflCq9MLIIfTEsRjNYnHq7JTNE\" frameborder=\"0\" allow=\"accelerometer; autoplay; clipboard-write; encrypted-media; gyroscope; picture-in-picture; web-share\" referrerpolicy=\"strict-origin-when-cross-origin\" allowfullscreen><\/iframe><\/div>\n<\/div><\/figure>\n\n\n\n<div style=\"height:20px\" aria-hidden=\"true\" class=\"wp-block-spacer\"><\/div>\n\n\n\n<p style=\"font-size:18px\">CRP Badalona<\/p>\n\n\n\n<p>En aquest seminari la Marta i el Josep ens expliquen com fomentar l&#8217;\u00fas de la r\u00e0dio com a eina educativa. Ens parlen dels tipus d&#8217;activitats que fan, de quines dificultats es troben i quins requisits t\u00e8cnics s\u00f3n necessaris per fer r\u00e0dio en un centre educatiu.<\/p>\n\n\n\n<p class=\"has-text-align-right\"><span style=\"background-color:rgba(0, 0, 0, 0)\" class=\"has-inline-color has-ast-global-color-0-color\"><a href=\"https:\/\/projectes.xtec.cat\/canaldereporters\/seminaris-web\/seminari5_experiencia\/\">(+)<\/a><\/span><\/p>\n<\/div>\n<\/div>\n<\/div><\/div><\/div><\/div><\/div>\n\n\n\n<div class=\"wp-block-getwid-section alignwide alignwide\"><div class=\"wp-block-getwid-section__wrapper\"><div class=\"wp-block-getwid-section__inner-wrapper\"><div class=\"wp-block-getwid-section__background-holder\"><div class=\"wp-block-getwid-section__background\"><\/div><div class=\"wp-block-getwid-section__foreground\"><\/div><\/div><div class=\"wp-block-getwid-section__content\"><div class=\"wp-block-getwid-section__inner-content\">\n<div class=\"wp-block-columns is-layout-flex wp-container-core-columns-is-layout-7 wp-block-columns-is-layout-flex\">\n<div class=\"wp-block-column is-layout-flow wp-block-column-is-layout-flow\">\n<h2 class=\"wp-block-heading\"><strong><span class=\"has-inline-color has-ast-global-color-1-color\">Seminari 4: periodisme no sexista<\/span><\/strong><\/h2>\n<\/div>\n<\/div>\n<\/div><\/div><\/div><\/div><\/div>\n\n\n\n<div class=\"wp-block-getwid-section alignwide alignwide\"><div class=\"wp-block-getwid-section__wrapper\"><div class=\"wp-block-getwid-section__inner-wrapper\"><div class=\"wp-block-getwid-section__background-holder\"><div class=\"wp-block-getwid-section__background\"><\/div><div class=\"wp-block-getwid-section__foreground\"><\/div><\/div><div class=\"wp-block-getwid-section__content\"><div class=\"wp-block-getwid-section__inner-content\">\n<div class=\"wp-block-columns is-layout-flex wp-container-core-columns-is-layout-8 wp-block-columns-is-layout-flex\">\n<div class=\"wp-block-column is-layout-flow wp-block-column-is-layout-flow\">\n<h2 class=\"wp-block-heading\">V\u00eddeo per al <strong>professorat<\/strong><\/h2>\n\n\n<div class=\"h5p-iframe-wrapper\"><iframe id=\"h5p-iframe-10\" class=\"h5p-iframe\" data-content-id=\"10\" style=\"height:1px\" src=\"about:blank\" frameBorder=\"0\" scrolling=\"no\" title=\"Canal de Reporters - Seminari 4 - Docents\"><\/iframe><\/div>\n\n\n\n<p style=\"font-size:18px\">Cristina Baulies<\/p>\n\n\n\n<p>En aquest seminari reflexionem sobre la tasca dels periodistes i la import\u00e0ncia del seu paper de referents i comunicadors per evitar la transmissi\u00f3 de prejudicis i estereotips a les seves informacions. El seminari ens convida a reflexionar amb el nostre alumnat sobre com comunicar-nos tenint en compte alguns consells senzills per tal d&#8217;evitar perpetuar desigualtats o naturalitzar opressions a determinats col\u00b7lectius i persones. Per fer-ho, hem convidat a la Cristina Baulies, periodista especialista en g\u00e8nere, comunicaci\u00f3 i pol\u00edtiques p\u00fabliques d&#8217;igualtat de g\u00e8nere.<\/p>\n\n\n\n<p class=\"has-text-align-right has-ast-global-color-0-color has-text-color\"><a href=\"https:\/\/projectes.xtec.cat\/canaldereporters\/seminari4_docents\/\">(+)<\/a><\/p>\n<\/div>\n\n\n\n<div class=\"wp-block-column is-layout-flow wp-block-column-is-layout-flow\">\n<h2 class=\"wp-block-heading\">V\u00eddeo per <strong>l&#8217;alumnat<\/strong><\/h2>\n\n\n\n<figure class=\"wp-block-embed is-type-video is-provider-youtube wp-block-embed-youtube wp-embed-aspect-16-9 wp-has-aspect-ratio\"><div class=\"wp-block-embed__wrapper\">\n<div class=\"ast-oembed-container \" style=\"height: 100%;\"><iframe loading=\"lazy\" title=\"Canal de Reporters - Seminari 4 - Alumnat\" width=\"500\" height=\"281\" src=\"https:\/\/www.youtube.com\/embed\/xFU-UYWFDnI?feature=oembed\" frameborder=\"0\" allow=\"accelerometer; autoplay; clipboard-write; encrypted-media; gyroscope; picture-in-picture; web-share\" referrerpolicy=\"strict-origin-when-cross-origin\" allowfullscreen><\/iframe><\/div>\n<\/div><\/figure>\n\n\n\n<div style=\"height:20px\" aria-hidden=\"true\" class=\"wp-block-spacer\"><\/div>\n\n\n\n<p style=\"font-size:18px\">Cristina Baulies<\/p>\n\n\n\n<p>Hi ha llenguatge masclista actualment en els mitjans de comunicaci\u00f3? Pateixen discriminaci\u00f3 les reporteres per ser dones?&#8230; Aquestes i altres preguntes tenen resposta en aquest q\u00fcestionari. La Cristina Baulies ens aclareix qu\u00e8 volen dir termes com cosificaci\u00f3 i sexualitzaci\u00f3 i ens ofereix consells senzills sobre com els reporters i hem de comunicar-nos i formular preguntes per evitar caure en prejudicis i estereotips.  <\/p>\n\n\n\n<p class=\"has-text-align-right has-ast-global-color-0-color has-text-color\"><a href=\"https:\/\/projectes.xtec.cat\/canaldereporters\/seminari4_alumnat\/\">(+)<\/a><\/p>\n<\/div>\n\n\n\n<div class=\"wp-block-column is-layout-flow wp-block-column-is-layout-flow\">\n<h2 class=\"wp-block-heading\">Experi\u00e8ncia de <strong>centre<\/strong><\/h2>\n\n\n\n<figure class=\"wp-block-embed is-type-video is-provider-youtube wp-block-embed-youtube wp-embed-aspect-16-9 wp-has-aspect-ratio\"><div class=\"wp-block-embed__wrapper\">\n<div class=\"ast-oembed-container \" style=\"height: 100%;\"><iframe loading=\"lazy\" title=\"Canal de Reporters - Seminari 4 - Experi\u00e8ncia de centre\" width=\"500\" height=\"281\" src=\"https:\/\/www.youtube.com\/embed\/aX1LYy1mhH4?feature=oembed\" frameborder=\"0\" allow=\"accelerometer; autoplay; clipboard-write; encrypted-media; gyroscope; picture-in-picture; web-share\" referrerpolicy=\"strict-origin-when-cross-origin\" allowfullscreen><\/iframe><\/div>\n<\/div><\/figure>\n\n\n\n<div style=\"height:20px\" aria-hidden=\"true\" class=\"wp-block-spacer\"><\/div>\n\n\n\n<p style=\"font-size:18px\">INS Guind\u00e0vols<\/p>\n\n\n\n<p>Aquest centre de Lleida ha volgut apropar-se al mitj\u00e0 radiof\u00f2nic i, en definitiva, fer r\u00e0dio a partir dels interessos de l&#8217;alumnat. La igualtat de g\u00e8nere, el sexisme i els abusos sexuals han estat alguns dels temes de l&#8217;actualitat global que han perm\u00e8s l&#8217;alumnat de secund\u00e0ria adquirir una mirada cr\u00edtica sobre el seu entorn.<\/p>\n\n\n\n<p class=\"has-text-align-right has-ast-global-color-0-color has-text-color\"><a href=\"https:\/\/projectes.xtec.cat\/canaldereporters\/seminari-4_centre\/\">(+)<\/a><\/p>\n<\/div>\n<\/div>\n<\/div><\/div><\/div><\/div><\/div>\n\n\n\n<div class=\"wp-block-getwid-section alignwide alignwide\"><div class=\"wp-block-getwid-section__wrapper\"><div class=\"wp-block-getwid-section__inner-wrapper\"><div class=\"wp-block-getwid-section__background-holder\"><div class=\"wp-block-getwid-section__background\"><\/div><div class=\"wp-block-getwid-section__foreground\"><\/div><\/div><div class=\"wp-block-getwid-section__content\"><div class=\"wp-block-getwid-section__inner-content\">\n<div class=\"wp-block-columns is-layout-flex wp-container-core-columns-is-layout-9 wp-block-columns-is-layout-flex\">\n<div class=\"wp-block-column is-layout-flow wp-block-column-is-layout-flow\" style=\"flex-basis:100%\">\n<h2 class=\"wp-block-heading\"><strong>Seminari 3: \u00e8tica period\u00edstica<\/strong><\/h2>\n<\/div>\n<\/div>\n<\/div><\/div><\/div><\/div><\/div>\n\n\n\n<div class=\"wp-block-getwid-section alignwide alignwide\"><div class=\"wp-block-getwid-section__wrapper\"><div class=\"wp-block-getwid-section__inner-wrapper\"><div class=\"wp-block-getwid-section__background-holder\"><div class=\"wp-block-getwid-section__background\"><\/div><div class=\"wp-block-getwid-section__foreground\"><\/div><\/div><div class=\"wp-block-getwid-section__content\"><div class=\"wp-block-getwid-section__inner-content\">\n<div class=\"wp-block-columns is-layout-flex wp-container-core-columns-is-layout-10 wp-block-columns-is-layout-flex\">\n<div class=\"wp-block-column is-layout-flow wp-block-column-is-layout-flow\">\n<h2 class=\"wp-block-heading\">V\u00eddeo per al <strong>professorat<\/strong><\/h2>\n\n\n<div class=\"h5p-iframe-wrapper\"><iframe id=\"h5p-iframe-9\" class=\"h5p-iframe\" data-content-id=\"9\" style=\"height:1px\" src=\"about:blank\" frameBorder=\"0\" scrolling=\"no\" title=\"Canal de Reporters - Seminari 3 - Docents\"><\/iframe><\/div>\n\n\n\n<p>Josep Carles Rius i Bar\u00f3<\/p>\n\n\n\n<p>Josep Carles Rius \u00e9s el president del Consell de la Informaci\u00f3 de Catalunya, l&#8217;entitat que vetlla pel compliment del Codi deontol\u00f2gic dels periodistes. En aquest seminari ens mostra com presentar l\u2019\u00e8tica period\u00edstica a l\u2019aula i explica la import\u00e0ncia de la tasca dels periodistes i el seu comprom\u00eds de servei en una societat democr\u00e0tica.<\/p>\n\n\n\n<\/p>\n<p class=\"has-text-align-right\"><a href=\"https:\/\/projectes.xtec.cat\/canaldereporters\/seminari3_docents\/\"><span class=\"has-inline-color has-ast-global-color-0-color\">(+)<\/span><\/a><\/p>\n\n\n\n<p><\/p>\n<\/div>\n\n\n\n<div class=\"wp-block-column is-layout-flow wp-block-column-is-layout-flow\">\n<h2 class=\"wp-block-heading\">V\u00eddeo per <strong>l&#8217;alumnat<\/strong><\/h2>\n\n\n\n<figure class=\"wp-block-embed is-type-video is-provider-youtube wp-block-embed-youtube wp-embed-aspect-16-9 wp-has-aspect-ratio\"><div class=\"wp-block-embed__wrapper\">\n<div class=\"ast-oembed-container \" style=\"height: 100%;\"><iframe loading=\"lazy\" title=\"Canal de Reporters - Seminari 3 - Alumnat\" width=\"500\" height=\"281\" src=\"https:\/\/www.youtube.com\/embed\/qzpx4Awyqk4?feature=oembed\" frameborder=\"0\" allow=\"accelerometer; autoplay; clipboard-write; encrypted-media; gyroscope; picture-in-picture; web-share\" referrerpolicy=\"strict-origin-when-cross-origin\" allowfullscreen><\/iframe><\/div>\n<\/div><\/figure>\n\n\n\n<div style=\"height:20px\" aria-hidden=\"true\" class=\"wp-block-spacer\"><\/div>\n\n\n\n<p style=\"font-size: 18px;\">Josep Carles Rius i Bar\u00f3<\/p>\n<\/p>\n\n\n\n<\/p>\n<p>Qu\u00e8 vol dir actuar de forma \u00e8tica? Existeix una \u00e8tica period\u00edstica? Qu\u00e8 \u00e9s el\u00a0Codi Deontol\u00f2gic? Qu\u00e8 \u00e9s la llibertat d\u2019expressi\u00f3? Totes aquestes preguntes i moltes m\u00e9s troben resposta en aquest q\u00fcestionari d\u2019en Josep Carles Rius, president del Consell de la Informaci\u00f3 de Catalunya, que us ajudar\u00e0 a explicar a l&#8217;alumnat conceptes com: l&#8217;\u00e8tica period\u00edstica, el codi deontol\u00f2gic o la llibertat d&#8217;expressi\u00f3.<\/p>\n<p>\n\n\n\n<\/p>\n<p class=\"has-text-align-right has-ast-global-color-0-color has-text-color\"><a href=\"https:\/\/projectes.xtec.cat\/canaldereporters\/seminari3_alumnat\/\">(+)<\/a><\/p>\n<\/div>\n\n\n\n<div class=\"wp-block-column is-layout-flow wp-block-column-is-layout-flow\">\n<h2 class=\"wp-block-heading\">Experi\u00e8ncia de <strong>centre<\/strong><\/h2>\n\n\n\n<figure class=\"wp-block-embed is-type-video is-provider-youtube wp-block-embed-youtube wp-embed-aspect-16-9 wp-has-aspect-ratio\"><div class=\"wp-block-embed__wrapper\">\n<div class=\"ast-oembed-container \" style=\"height: 100%;\"><iframe loading=\"lazy\" title=\"Experi\u00e8ncia la S\u00ednia\" width=\"500\" height=\"281\" src=\"https:\/\/www.youtube.com\/embed\/a7cxs26u36Q?feature=oembed\" frameborder=\"0\" allow=\"accelerometer; autoplay; clipboard-write; encrypted-media; gyroscope; picture-in-picture; web-share\" referrerpolicy=\"strict-origin-when-cross-origin\" allowfullscreen><\/iframe><\/div>\n<\/div><\/figure>\n\n\n\n<div style=\"height:20px\" aria-hidden=\"true\" class=\"wp-block-spacer\"><\/div>\n\n\n\n<p style=\"font-size: 18px;\">INS la S\u00ednia de Parets del Vall\u00e8s<\/p>\n<\/p>\n\n\n\n<\/p>\n<p>L&#8217;Institut la S\u00ednia est\u00e0 fent una clara aposta per l&#8217;educaci\u00f3 medi\u00e0tica i ho fa a trav\u00e9s de projectes de creaci\u00f3 audiovisual. En aquest seminari ens mostren com han col\u00b7laborat amb diverses entitats per adquirir els coneixements necessaris sobre l&#8217;ofici period\u00edstic i la producci\u00f3 de continguts de tipologia diversa.<\/p>\n<p>\n\n\n\n<\/p>\n<p class=\"has-text-align-right has-ast-global-color-0-color has-text-color\"><a href=\"https:\/\/projectes.xtec.cat\/canaldereporters\/seminari3_experiencia\/\">(+)<\/a><\/p>\n<\/div>\n<\/div>\n<\/div><\/div><\/div><\/div><\/div>\n\n\n\n<div class=\"wp-block-getwid-section alignwide alignwide\"><div class=\"wp-block-getwid-section__wrapper\"><div class=\"wp-block-getwid-section__inner-wrapper\"><div class=\"wp-block-getwid-section__background-holder\"><div class=\"wp-block-getwid-section__background\"><\/div><div class=\"wp-block-getwid-section__foreground\"><\/div><\/div><div class=\"wp-block-getwid-section__content\"><div class=\"wp-block-getwid-section__inner-content\">\n<div class=\"wp-block-columns is-layout-flex wp-container-core-columns-is-layout-11 wp-block-columns-is-layout-flex\">\n<div class=\"wp-block-column is-layout-flow wp-block-column-is-layout-flow\">\n<h2 class=\"wp-block-heading alignwide\"><strong>Seminari 2: la tasca del reporter corresponsal<\/strong><\/h2>\n<\/div>\n<\/div>\n<\/div><\/div><\/div><\/div><\/div>\n\n\n\n<div class=\"wp-block-getwid-section alignwide alignwide\"><div class=\"wp-block-getwid-section__wrapper\"><div class=\"wp-block-getwid-section__inner-wrapper\"><div class=\"wp-block-getwid-section__background-holder\"><div class=\"wp-block-getwid-section__background\"><\/div><div class=\"wp-block-getwid-section__foreground\"><\/div><\/div><div class=\"wp-block-getwid-section__content\"><div class=\"wp-block-getwid-section__inner-content\">\n<div class=\"wp-block-columns is-layout-flex wp-container-core-columns-is-layout-12 wp-block-columns-is-layout-flex\">\n<div class=\"wp-block-column is-layout-flow wp-block-column-is-layout-flow\">\n<h2 class=\"wp-block-heading\">V\u00eddeo per al <strong>professorat<\/strong><\/h2>\n\n\n<div class=\"h5p-iframe-wrapper\"><iframe id=\"h5p-iframe-8\" class=\"h5p-iframe\" data-content-id=\"8\" style=\"height:1px\" src=\"about:blank\" frameBorder=\"0\" scrolling=\"no\" title=\"Canal de Reporters - Seminari 2 - Docents\"><\/iframe><\/div>\n\n\n\n<p style=\"font-size: 18px;\">Llu\u00eds Tovar Castilla<\/p>\n<\/p>\n\n\n\n<\/p>\n<p>El periodista Llu\u00eds Tovar Castilla, corresponsal de Mediaset i RAC 1 a Brussel\u00b7les, en parla de la tasca del reporter. En aquest seminari trobareu un bon grapat de consells per a dur a terme la tasca de reporters i planificar les produccions audiovisuals de forma eficient.<\/p>\n<p>\n\n\n\n<\/p>\n<p class=\"has-text-align-right\"><a href=\"https:\/\/projectes.xtec.cat\/canaldereporters\/seminari2_docents\/\"><span class=\"has-inline-color has-ast-global-color-0-color\">(+)<\/span><\/a><\/p>\n<\/div>\n\n\n\n<div class=\"wp-block-column is-layout-flow wp-block-column-is-layout-flow\">\n<h2 class=\"wp-block-heading\">V\u00eddeo per <strong>l&#8217;alumnat<\/strong><\/h2>\n\n\n\n<figure class=\"wp-block-embed is-type-video is-provider-youtube wp-block-embed-youtube wp-embed-aspect-16-9 wp-has-aspect-ratio\"><div class=\"wp-block-embed__wrapper\">\n<div class=\"ast-oembed-container \" style=\"height: 100%;\"><iframe loading=\"lazy\" title=\"Canal de Reporters - Seminari 2 - Alumnat\" width=\"500\" height=\"281\" src=\"https:\/\/www.youtube.com\/embed\/VUz2avGshck?feature=oembed\" frameborder=\"0\" allow=\"accelerometer; autoplay; clipboard-write; encrypted-media; gyroscope; picture-in-picture; web-share\" referrerpolicy=\"strict-origin-when-cross-origin\" allowfullscreen><\/iframe><\/div>\n<\/div><\/figure>\n\n\n\n<div style=\"height:20px\" aria-hidden=\"true\" class=\"wp-block-spacer\"><\/div>\n\n\n\n<p style=\"font-size: 18px;\">Llu\u00eds Tovar Castilla<\/p>\n<\/p>\n\n\n\n<\/p>\n<p>Aquesta bateria de preguntes i respostes r\u00e0pides us ajudar\u00e0 a contextualitzar la feina que fan els corresponsals i les caracter\u00edstiques de la feina dels reporters. Una bona manera d\u2019entendre com exposar la informaci\u00f3, actuar davant la c\u00e0mera i fer arribar la informaci\u00f3 de clara i entenedora.<\/p>\n<p>\n\n\n\n<\/p>\n<p class=\"has-text-align-right\"><a href=\"https:\/\/projectes.xtec.cat\/canaldereporters\/seminari2_alumnat\/\"><span class=\"has-inline-color has-ast-global-color-0-color\">(+)<\/span><\/a><\/p>\n<\/div>\n\n\n\n<div class=\"wp-block-column is-layout-flow wp-block-column-is-layout-flow\">\n<h2 class=\"wp-block-heading\">Experi\u00e8ncia de <strong>centre<\/strong><\/h2>\n\n\n\n<figure class=\"wp-block-embed is-type-video is-provider-youtube wp-block-embed-youtube wp-embed-aspect-16-9 wp-has-aspect-ratio\"><div class=\"wp-block-embed__wrapper\">\n<div class=\"ast-oembed-container \" style=\"height: 100%;\"><iframe loading=\"lazy\" title=\"Canal de Reporters - Seminari 2 - experi\u00e8ncia de centre\" width=\"500\" height=\"281\" src=\"https:\/\/www.youtube.com\/embed\/y6xpNMUkAaI?feature=oembed\" frameborder=\"0\" allow=\"accelerometer; autoplay; clipboard-write; encrypted-media; gyroscope; picture-in-picture; web-share\" referrerpolicy=\"strict-origin-when-cross-origin\" allowfullscreen><\/iframe><\/div>\n<\/div><\/figure>\n\n\n\n<div style=\"height:20px\" aria-hidden=\"true\" class=\"wp-block-spacer\"><\/div>\n\n\n\n<p style=\"font-size: 18px;\">INS de Celr\u00e0<\/p>\n<\/p>\n\n\n\n<\/p>\n<p>L&#8217;Institut de Celr\u00e0 ens mostra com la realitzaci\u00f3 d&#8217;una entrevista pot esdevenir una bona manera d&#8217;introduir nous aprenentatges i treballar de forma col\u00b7laborativa. El seminari ens mostra el recorregut del centre (definici\u00f3 de l\u2019objectiu, recollida de dades, l\u2019aplicaci\u00f3 de coneixements diversos) fins a arribar al Parlament Europeu on van poder contactar amb Joan Ravent\u00f3s, corresponsal de TV3 a Brussel\u00b7les qui, a m\u00e9s, els va donar l\u2019oportunitat d\u2019entrar als estudis des d\u2019on es realitzen les connexions en directe a la capital belga.<\/p>\n<p>\n\n\n\n<\/p>\n<p class=\"has-text-align-right has-ast-global-color-0-color has-text-color\"><a href=\"https:\/\/projectes.xtec.cat\/canaldereporters\/seminari2_experiencia\/\">(+)<\/a><\/p>\n<\/div>\n<\/div>\n<\/div><\/div><\/div><\/div><\/div>\n\n\n\n<div class=\"wp-block-getwid-section alignwide alignwide\"><div class=\"wp-block-getwid-section__wrapper\"><div class=\"wp-block-getwid-section__inner-wrapper\"><div class=\"wp-block-getwid-section__background-holder\"><div class=\"wp-block-getwid-section__background\"><\/div><div class=\"wp-block-getwid-section__foreground\"><\/div><\/div><div class=\"wp-block-getwid-section__content\"><div class=\"wp-block-getwid-section__inner-content\">\n<div class=\"wp-block-columns is-layout-flex wp-container-core-columns-is-layout-13 wp-block-columns-is-layout-flex\">\n<div class=\"wp-block-column is-layout-flow wp-block-column-is-layout-flow\">\n<h2 class=\"wp-block-heading\"><strong>Seminari 1: detecci\u00f3 de not\u00edcies falses<\/strong><\/h2>\n<\/div>\n<\/div>\n<\/div><\/div><\/div><\/div><\/div>\n\n\n\n<div class=\"wp-block-getwid-section alignwide alignwide\"><div class=\"wp-block-getwid-section__wrapper\"><div class=\"wp-block-getwid-section__inner-wrapper\"><div class=\"wp-block-getwid-section__background-holder\"><div class=\"wp-block-getwid-section__background\"><\/div><div class=\"wp-block-getwid-section__foreground\"><\/div><\/div><div class=\"wp-block-getwid-section__content\"><div class=\"wp-block-getwid-section__inner-content\">\n<div class=\"wp-block-columns is-layout-flex wp-container-core-columns-is-layout-14 wp-block-columns-is-layout-flex\">\n<div class=\"wp-block-column is-layout-flow wp-block-column-is-layout-flow\">\n<h2 class=\"wp-block-heading\">V\u00eddeo per al <strong>professorat<\/strong><\/h2>\n\n\n<div class=\"h5p-iframe-wrapper\"><iframe id=\"h5p-iframe-7\" class=\"h5p-iframe\" data-content-id=\"7\" style=\"height:1px\" src=\"about:blank\" frameBorder=\"0\" scrolling=\"no\" title=\"Educaci\u00f3 medi\u00e0tica\"><\/iframe><\/div>\n\n\n\n<p style=\"font-size: 18px;\">Roger Cuartielles Saura<\/p>\n<\/p>\n\n\n\n<\/p>\n<p>El periodista Roger Cuartielles Saura ens mostra eines i recursos per poder verificar not\u00edcies. Amb exemples actuals en Roger fa entenedors conceptes com <em>deepfakes, shallowfakes i l\u2019astroturfing <\/em>i ens ofereix pistes i consells per a combatre la desinformaci\u00f3.<\/p>\n<p>\n\n\n\n<\/p>\n<p class=\"has-text-align-right has-ast-global-color-0-color has-text-color\"><a href=\"https:\/\/projectes.xtec.cat\/canaldereporters\/seminari1_docents\">(+)<\/a><\/p>\n<\/div>\n\n\n\n<div class=\"wp-block-column is-layout-flow wp-block-column-is-layout-flow\">\n<h2 class=\"wp-block-heading\">V\u00eddeo per <strong>l&#8217;alumnat<\/strong><\/h2>\n\n\n\n<figure class=\"wp-block-embed is-type-video is-provider-youtube wp-block-embed-youtube wp-embed-aspect-16-9 wp-has-aspect-ratio\"><div class=\"wp-block-embed__wrapper\">\n<div class=\"ast-oembed-container \" style=\"height: 100%;\"><iframe loading=\"lazy\" title=\"Canal de Reporters - Seminari 1. Alumnat\" width=\"500\" height=\"281\" src=\"https:\/\/www.youtube.com\/embed\/N2h-nq5LMHE?feature=oembed\" frameborder=\"0\" allow=\"accelerometer; autoplay; clipboard-write; encrypted-media; gyroscope; picture-in-picture; web-share\" referrerpolicy=\"strict-origin-when-cross-origin\" allowfullscreen><\/iframe><\/div>\n<\/div><\/figure>\n\n\n\n<div style=\"height:20px\" aria-hidden=\"true\" class=\"wp-block-spacer\"><\/div>\n\n\n\n<p style=\"font-size: 18px;\">Roger Cuartielles Saura<\/p>\n<\/p>\n\n\n\n<\/p>\n<p>Q\u00fcestionari per con\u00e8ixer el paper del periodista i la import\u00e0ncia de combatre les not\u00edcies falses; amb recursos i consells per lluitar contra la desinformaci\u00f3 amb l&#8217;alumnat.<\/p>\n<p>\n\n\n\n<\/p>\n<p class=\"has-text-align-right\"><a href=\"https:\/\/projectes.xtec.cat\/canaldereporters\/seminari1_alumnat\/\"><span class=\"has-inline-color has-ast-global-color-0-color\">(+)<\/span><\/a><\/p>\n<\/div>\n\n\n\n<div class=\"wp-block-column is-layout-flow wp-block-column-is-layout-flow\">\n<h2 class=\"wp-block-heading\">Experi\u00e8ncia de <strong>centre<\/strong><\/h2>\n\n\n\n<figure class=\"wp-block-embed is-type-video is-provider-youtube wp-block-embed-youtube wp-embed-aspect-16-9 wp-has-aspect-ratio\"><div class=\"wp-block-embed__wrapper\">\n<div class=\"ast-oembed-container \" style=\"height: 100%;\"><iframe loading=\"lazy\" title=\"Canal de Reporters - Seminari 1 - Experi\u00e8ncia de centre\" width=\"500\" height=\"281\" src=\"https:\/\/www.youtube.com\/embed\/MIy61isR_OE?feature=oembed\" frameborder=\"0\" allow=\"accelerometer; autoplay; clipboard-write; encrypted-media; gyroscope; picture-in-picture; web-share\" referrerpolicy=\"strict-origin-when-cross-origin\" allowfullscreen><\/iframe><\/div>\n<\/div><\/figure>\n\n\n\n<div style=\"height:20px\" aria-hidden=\"true\" class=\"wp-block-spacer\"><\/div>\n\n\n\n<p style=\"font-size: 18px;\">INS Pau Vila de Sabadell<\/p>\n<\/p>\n\n\n\n<\/p>\n<p>L&#8217;Institut Pau Vila ens exposa el projecte Erasmus Fine i la seva proposta de treball per combatre la desinformaci\u00f3 i les not\u00edcies falses amb alumnat d&#8217;arreu d&#8217;Europa. Una experi\u00e8ncia molt interessant de treball col\u00b7laboratiu entre alumnes de diferents nacionalitats que engloba diferents \u00e0rees curriculars.<\/p>\n<p>\n\n\n\n<\/p>\n<p class=\"has-text-align-right\"><a href=\"https:\/\/projectes.xtec.cat\/canaldereporters\/seminari1_experiencia\/\"><span class=\"has-inline-color has-ast-global-color-0-color\">(+)<\/span><\/a><\/p>\n<\/div>\n<\/div>\n<\/div><\/div><\/div><\/div><\/div>\n\n\n\n<div class=\"wp-block-getwid-section\"><div class=\"wp-block-getwid-section__wrapper\"><div class=\"wp-block-getwid-section__inner-wrapper\"><div class=\"wp-block-getwid-section__background-holder\"><div class=\"wp-block-getwid-section__background\"><\/div><div class=\"wp-block-getwid-section__foreground\"><\/div><\/div><div class=\"wp-block-getwid-section__content\"><div class=\"wp-block-getwid-section__inner-content\">\n<p><\/p>\n<\/div><\/div><\/div><\/div><\/div>\n","protected":false},"excerpt":{"rendered":"","protected":false},"author":17,"featured_media":0,"parent":0,"menu_order":2,"comment_status":"closed","ping_status":"closed","template":"","meta":{"site-sidebar-layout":"no-sidebar","site-content-layout":"plain-container","ast-site-content-layout":"normal-width-container","site-content-style":"unboxed","site-sidebar-style":"unboxed","ast-global-header-display":"","ast-banner-title-visibility":"","ast-main-header-display":"","ast-hfb-above-header-display":"","ast-hfb-below-header-display":"","ast-hfb-mobile-header-display":"","site-post-title":"disabled","ast-breadcrumbs-content":"","ast-featured-img":"","footer-sml-layout":"","theme-transparent-header-meta":"default","adv-header-id-meta":"","stick-header-meta":"default","header-above-stick-meta":"","header-main-stick-meta":"","header-below-stick-meta":"","astra-migrate-meta-layouts":"set","ast-page-background-enabled":"default","ast-page-background-meta":{"desktop":{"background-color":"","background-image":"","background-repeat":"repeat","background-position":"center center","background-size":"auto","background-attachment":"scroll","background-type":"","background-media":"","overlay-type":"","overlay-color":"","overlay-opacity":"","overlay-gradient":""},"tablet":{"background-color":"","background-image":"","background-repeat":"repeat","background-position":"center center","background-size":"auto","background-attachment":"scroll","background-type":"","background-media":"","overlay-type":"","overlay-color":"","overlay-opacity":"","overlay-gradient":""},"mobile":{"background-color":"","background-image":"","background-repeat":"repeat","background-position":"center center","background-size":"auto","background-attachment":"scroll","background-type":"","background-media":"","overlay-type":"","overlay-color":"","overlay-opacity":"","overlay-gradient":""}},"ast-content-background-meta":{"desktop":{"background-color":"var(--ast-global-color-5)","background-image":"","background-repeat":"repeat","background-position":"center center","background-size":"auto","background-attachment":"scroll","background-type":"","background-media":"","overlay-type":"","overlay-color":"","overlay-opacity":"","overlay-gradient":""},"tablet":{"background-color":"var(--ast-global-color-5)","background-image":"","background-repeat":"repeat","background-position":"center center","background-size":"auto","background-attachment":"scroll","background-type":"","background-media":"","overlay-type":"","overlay-color":"","overlay-opacity":"","overlay-gradient":""},"mobile":{"background-color":"var(--ast-global-color-5)","background-image":"","background-repeat":"repeat","background-position":"center center","background-size":"auto","background-attachment":"scroll","background-type":"","background-media":"","overlay-type":"","overlay-color":"","overlay-opacity":"","overlay-gradient":""}},"footnotes":""},"class_list":["post-9850","page","type-page","status-publish","hentry"],"post_mailing_queue_ids":[],"_links":{"self":[{"href":"https:\/\/projectes.xtec.cat\/canaldereporters\/wp-json\/wp\/v2\/pages\/9850","targetHints":{"allow":["GET"]}}],"collection":[{"href":"https:\/\/projectes.xtec.cat\/canaldereporters\/wp-json\/wp\/v2\/pages"}],"about":[{"href":"https:\/\/projectes.xtec.cat\/canaldereporters\/wp-json\/wp\/v2\/types\/page"}],"author":[{"embeddable":true,"href":"https:\/\/projectes.xtec.cat\/canaldereporters\/wp-json\/wp\/v2\/users\/17"}],"replies":[{"embeddable":true,"href":"https:\/\/projectes.xtec.cat\/canaldereporters\/wp-json\/wp\/v2\/comments?post=9850"}],"version-history":[{"count":6,"href":"https:\/\/projectes.xtec.cat\/canaldereporters\/wp-json\/wp\/v2\/pages\/9850\/revisions"}],"predecessor-version":[{"id":15523,"href":"https:\/\/projectes.xtec.cat\/canaldereporters\/wp-json\/wp\/v2\/pages\/9850\/revisions\/15523"}],"wp:attachment":[{"href":"https:\/\/projectes.xtec.cat\/canaldereporters\/wp-json\/wp\/v2\/media?parent=9850"}],"curies":[{"name":"wp","href":"https:\/\/api.w.org\/{rel}","templated":true}]}}