{"id":11867,"date":"2026-09-03T14:59:55","date_gmt":"2026-09-03T12:59:55","guid":{"rendered":"https:\/\/projectes.xtec.cat\/centresformadors\/?page_id=11867"},"modified":"2026-09-04T13:29:26","modified_gmt":"2026-09-04T11:29:26","slug":"orientacions-per-al-curs-2026-2027","status":"publish","type":"page","link":"https:\/\/projectes.xtec.cat\/centresformadors\/orientacions-per-al-curs-2026-2027\/","title":{"rendered":"Orientacions per al curs 2026-2027"},"content":{"rendered":"\n<p>Podeu consultar el\u00a0<a href=\"https:\/\/projectes.xtec.cat\/centresformadors\/wp-content\/uploads\/usu1341\/2026\/09\/Orientacions-Practicum-26-27-vd.pdf\" target=\"_blank\" rel=\"noreferrer noopener\">document d\u2019orientacions<\/a>\u00a0per al curs 2026-2027 que incorpora una breu descripci\u00f3 sobre les habilitats de mentoria i els \u00e0mbits d\u2019actuaci\u00f3 clau d\u2019acompanyament per assegurar un aprenentatge de i des de la pr\u00e0ctica docent.<\/p>\n\n\n\n<p>Aquest document presenta orientacions i propostes per al desenvolupament de les pr\u00e0ctiques amb l\u2019objectiu de contribuir i facilitar la planificaci\u00f3 de les accions formatives.<\/p>\n\n\n\n<figure class=\"wp-block-image is-resized\"><a href=\"https:\/\/projectes.xtec.cat\/centresformadors\/wp-content\/uploads\/usu1341\/2026\/08\/Imatge1-1.png\"><img loading=\"lazy\" decoding=\"async\" width=\"807\" height=\"575\" src=\"https:\/\/projectes.xtec.cat\/centresformadors\/wp-content\/uploads\/usu1341\/2026\/08\/Imatge1-1.png\" alt=\"\" class=\"wp-image-11856\" style=\"width:522px;height:auto\" srcset=\"https:\/\/projectes.xtec.cat\/centresformadors\/wp-content\/uploads\/usu1341\/2026\/08\/Imatge1-1.png 807w, https:\/\/projectes.xtec.cat\/centresformadors\/wp-content\/uploads\/usu1341\/2026\/08\/Imatge1-1-300x214.png 300w, https:\/\/projectes.xtec.cat\/centresformadors\/wp-content\/uploads\/usu1341\/2026\/08\/Imatge1-1-768x547.png 768w\" sizes=\"auto, (max-width: 807px) 100vw, 807px\" \/><\/a><\/figure>\n\n\n\n<p>Les orientacions i propostes per al desenvolupament de les pr\u00e0ctiques es poden consultar als documents seg\u00fcents:<\/p>\n\n\n\n<ol class=\"wp-block-list\">\n<li><a href=\"https:\/\/projectes.xtec.cat\/centresformadors\/practiques-universitaries-en-centres-educatius-formadors\/\"><strong>Pr\u00e0ctiques universit\u00e0ries en centres educatius formadors<\/strong><\/a>: defineix el nou model de pr\u00e0ctiques&nbsp;que dona rellev\u00e0ncia tant a la identitat del centre formador com a la funci\u00f3 professionalitzadora de la tasca docent i mentora, en estreta col\u00b7laboraci\u00f3 amb la universitat.<\/li>\n\n\n\n<li><a href=\"https:\/\/projectes.xtec.cat\/centresformadors\/wp-content\/uploads\/usu1341\/2021\/06\/El-centre-formador.pdf\"><strong>El centre formador: entorn d\u2019aprenentatge professionalitzador<\/strong><\/a>: defineix un marc conceptual i metodol\u00f2gic al voltant dels principis d\u2019identitat d\u2019un centre formador.<\/li>\n\n\n\n<li><a href=\"https:\/\/projectes.xtec.cat\/centresformadors\/wp-content\/uploads\/usu1341\/2021\/03\/Eina-dautoavaluacio%CC%81.pdf\"><strong>Eina d\u2019autoavaluaci\u00f3 din\u00e0mica de centres formadors<\/strong><\/a><strong>:<\/strong>&nbsp;\u00e9s una eina de reflexi\u00f3 i aprenentatge que posa el focus en els aspectes clau de l\u2019acompanyament constructiu i capacitador i s\u2019estructura en vuit \u00e0mbits.<\/li>\n\n\n\n<li><strong>Orientacions&nbsp;<\/strong><a href=\"https:\/\/projectes.xtec.cat\/centresformadors\/wp-content\/uploads\/usu1341\/2021\/03\/Orientacions.pdf\"><strong>curs 2020-21<\/strong><\/a><strong>,&nbsp;<\/strong><a href=\"https:\/\/projectes.xtec.cat\/centresformadors\/documents\/noves-orientacions-per-al-curs-2021-2022\/\"><strong>curs 2021 \u2013 22<\/strong><\/a><strong>,&nbsp;<\/strong><a href=\"https:\/\/projectes.xtec.cat\/centresformadors\/orientacions-per-al-curs-2022-2023\/\"><strong>curs 2022-23<\/strong><\/a><strong>,&nbsp;<\/strong><a href=\"https:\/\/projectes.xtec.cat\/centresformadors\/orientacions-per-al-curs-2023-2024-2\/\"><strong>curs 2023 -24<\/strong><\/a><strong>,&nbsp;<\/strong><a href=\"https:\/\/projectes.xtec.cat\/centresformadors\/general\/orientacions-per-al-curs-2024-2025\/\"><strong>curs 2024-25<\/strong><\/a>&nbsp;i&nbsp;<a href=\"https:\/\/projectes.xtec.cat\/centresformadors\/wp-content\/uploads\/usu1341\/2025\/11\/Orientacions-Practicum-25-26-vd2.pdf\"><strong>curs 2025 -26<\/strong><\/a><strong>:&nbsp;<\/strong>sistematitza en alguns \u00e0mbits de l\u2019eina d\u2019autoavaluaci\u00f3 din\u00e0mica un seguit de propostes basades en l\u2019an\u00e0lisi d\u2019evid\u00e8ncies.<\/li>\n\n\n\n<li><a href=\"https:\/\/projectes.xtec.cat\/centresformadors\/propostes-per-al-desenvolupament-de-la-competencia-digital-en-el-practicum\/\"><strong>Propostes per al desenvolupament de la compet\u00e8ncia digital en el pr\u00e0cticum<\/strong><\/a><strong>:<\/strong>&nbsp;presentem una s\u00e8rie de propostes relacionades amb cadascun dels descriptors del&nbsp;<a href=\"https:\/\/educacio.gencat.cat\/ca\/departament\/publicacions\/colleccions\/pla-educacio-digital\/marc-referencia-competencia-digital-docent\/index.html\">marc<\/a>&nbsp;de la CDD del Departament d\u2019Educaci\u00f3 i Formaci\u00f3 Professional.<\/li>\n\n\n\n<li><a href=\"https:\/\/projectes.xtec.cat\/centresformadors\/wp-content\/uploads\/usu1341\/2021\/12\/Interaccio-i-intercanvi-centre-universitat.pdf\"><strong>Interacci\u00f3 i intercanvi centre formador i la universitat<\/strong><\/a><strong>:<\/strong>&nbsp;defineix un protocol d\u2019actuacions i accions abans, durant i despr\u00e9s de l\u2019estada dels estudiants en el centre formador.<\/li>\n<\/ol>\n\n\n\n<p>Us desitgem una bona estada dels estudiants en pr\u00e0ctiques!<\/p>\n","protected":false},"excerpt":{"rendered":"<p>Podeu consultar el\u00a0<a href=\"https:\/\/projectes.xtec.cat\/centresformadors\/wp-content\/uploads\/usu1341\/2026\/09\/Orientacions-Practicum-26-27-vd.pdf\" target=\"_blank\" rel=\"noreferrer noopener\">document d\u2019orientacions<\/a>\u00a0per al curs 2026-2027 que incorpora una breu descripci\u00f3 sobre les habilitats de mentoria i els \u00e0mbits d\u2019actuaci\u00f3 clau d\u2019acompanyament per assegurar un aprenentatge de i des de la pr\u00e0ctica docent.<\/p>\n<p>Aquest document presenta orientacions i propostes per al&hellip;  <a href=\"https:\/\/projectes.xtec.cat\/centresformadors\/orientacions-per-al-curs-2026-2027\/\" title=\"Read Orientacions per al curs 2026-2027\">Llegeix m\u00e9s\u00bb<\/a><\/p>\n","protected":false},"author":12,"featured_media":0,"parent":0,"menu_order":0,"comment_status":"closed","ping_status":"close","template":"","meta":{"_bbp_topic_count":0,"_bbp_reply_count":0,"_bbp_total_topic_count":0,"_bbp_total_reply_count":0,"_bbp_voice_count":0,"_bbp_anonymous_reply_count":0,"_bbp_topic_count_hidden":0,"_bbp_reply_count_hidden":0,"_bbp_forum_subforum_count":0,"footnotes":""},"class_list":["post-11867","page","type-page","status-publish","hentry"],"post_mailing_queue_ids":[],"_links":{"self":[{"href":"https:\/\/projectes.xtec.cat\/centresformadors\/wp-json\/wp\/v2\/pages\/11867","targetHints":{"allow":["GET"]}}],"collection":[{"href":"https:\/\/projectes.xtec.cat\/centresformadors\/wp-json\/wp\/v2\/pages"}],"about":[{"href":"https:\/\/projectes.xtec.cat\/centresformadors\/wp-json\/wp\/v2\/types\/page"}],"author":[{"embeddable":true,"href":"https:\/\/projectes.xtec.cat\/centresformadors\/wp-json\/wp\/v2\/users\/12"}],"replies":[{"embeddable":true,"href":"https:\/\/projectes.xtec.cat\/centresformadors\/wp-json\/wp\/v2\/comments?post=11867"}],"version-history":[{"count":6,"href":"https:\/\/projectes.xtec.cat\/centresformadors\/wp-json\/wp\/v2\/pages\/11867\/revisions"}],"predecessor-version":[{"id":11894,"href":"https:\/\/projectes.xtec.cat\/centresformadors\/wp-json\/wp\/v2\/pages\/11867\/revisions\/11894"}],"wp:attachment":[{"href":"https:\/\/projectes.xtec.cat\/centresformadors\/wp-json\/wp\/v2\/media?parent=11867"}],"curies":[{"name":"wp","href":"https:\/\/api.w.org\/{rel}","templated":true}]}}