{"id":9133,"date":"2020-12-01T13:45:15","date_gmt":"2020-12-01T12:45:15","guid":{"rendered":"https:\/\/projectes.xtec.cat\/centresformadors\/?page_id=9133"},"modified":"2020-12-18T21:45:52","modified_gmt":"2020-12-18T20:45:52","slug":"coordinacio-del-programa","status":"publish","type":"page","link":"https:\/\/projectes.xtec.cat\/centresformadors\/justificacio-del-programa\/coordinacio-del-programa\/","title":{"rendered":"Coordinaci\u00f3 del programa"},"content":{"rendered":"<p>La<a href=\"https:\/\/projectes.xtec.cat\/centresformadors\/general\/equip-cf\/attachment\/coord\/\" rel=\"attachment wp-att-8514\"><img loading=\"lazy\" decoding=\"async\" class=\"size-full wp-image-8514 alignright\" src=\"https:\/\/projectes.xtec.cat\/centresformadors\/wp-content\/uploads\/usu1341\/2019\/12\/coord.png\" alt=\"\" width=\"650\" height=\"270\" srcset=\"https:\/\/projectes.xtec.cat\/centresformadors\/wp-content\/uploads\/usu1341\/2019\/12\/coord.png 650w, https:\/\/projectes.xtec.cat\/centresformadors\/wp-content\/uploads\/usu1341\/2019\/12\/coord-300x125.png 300w\" sizes=\"auto, (max-width: 650px) 100vw, 650px\" \/><\/a> Secretaria de Pol\u00edtiques Educatives del Departament d\u2019Educaci\u00f3 i la Secretaria d\u2019Universitats i Recerca del Departament d&#8217;Empresa i Coneixement constitueixen l\u2019\u00f2rgan impulsor del programa i, d&#8217;acord amb els seus \u00e0mbits competencials respectius, impulsen el Programa d&#8217;Innovaci\u00f3 pedag\u00f2gica de Pr\u00e0ctiques del MUFPS en centres educatius.<\/p>\n<p>La Sub-direcci\u00f3 General d\u2019Innovaci\u00f3 i Formaci\u00f3 coordina i gestiona el programa de Centres Formadors de Pr\u00e0ctiques del MUFPS en col\u00b7laboraci\u00f3 amb els serveis territorials d\u2019educaci\u00f3 i el Consorci d\u2019Educaci\u00f3 de Barcelona i la Inspecci\u00f3 d\u2019Educaci\u00f3 i implementen el programa de manera conjunta amb la Sub-direcci\u00f3 general d&#8217;Universitats del Departament d&#8217;Empresa i Coneixement i les coordinacions dels MUFPS de les universitats catalanes.<\/p>\n<div class=\"basic_text_peq col-xs-12\">\n<div class=\"pd-15x\">\n<p>Per impulsar les l\u00ednies de treball, els referents de pr\u00e0ctiques implicats al territori participen de coordinacions peri\u00f2diques que fan possible l\u2019organitzaci\u00f3 i el desenvolupament d\u2019aquestes pr\u00e0ctiques en els centres formadors. Els \u00f2rgans de coordinaci\u00f3 que les impulsen s\u00f3n:<\/p>\n<p>&#8211; la Comissi\u00f3 Pedag\u00f2gica<\/p>\n<p>&#8211; la Comissi\u00f3 de Referents de Pr\u00e0ctiques dels Serveis Territorials<\/p>\n<p>&#8211; la Comissi\u00f3 Plen\u00e0ria.<\/p>\n<\/div>\n<\/div>\n","protected":false},"excerpt":{"rendered":"<p>La<a href=\"https:\/\/projectes.xtec.cat\/centresformadors\/general\/equip-cf\/attachment\/coord\/\" rel=\"attachment wp-att-8514\"><\/a> Secretaria de Pol\u00edtiques Educatives del Departament d\u2019Educaci\u00f3 i la Secretaria d\u2019Universitats i Recerca del Departament d&#8217;Empresa i Coneixement constitueixen l\u2019\u00f2rgan impulsor del programa i, d&#8217;acord amb els seus \u00e0mbits competencials respectius, impulsen el Programa d&#8217;Innovaci\u00f3 pedag\u00f2gica de Pr\u00e0ctiques del MUFPS en&hellip;  <a href=\"https:\/\/projectes.xtec.cat\/centresformadors\/justificacio-del-programa\/coordinacio-del-programa\/\" title=\"Read Coordinaci\u00f3 del programa\">Llegeix m\u00e9s\u00bb<\/a><\/p>\n","protected":false},"author":13,"featured_media":0,"parent":8707,"menu_order":50,"comment_status":"closed","ping_status":"closed","template":"page-templates\/side-menu.php","meta":{"_bbp_topic_count":0,"_bbp_reply_count":0,"_bbp_total_topic_count":0,"_bbp_total_reply_count":0,"_bbp_voice_count":0,"_bbp_anonymous_reply_count":0,"_bbp_topic_count_hidden":0,"_bbp_reply_count_hidden":0,"_bbp_forum_subforum_count":0,"footnotes":""},"class_list":["post-9133","page","type-page","status-publish","hentry"],"post_mailing_queue_ids":[],"_links":{"self":[{"href":"https:\/\/projectes.xtec.cat\/centresformadors\/wp-json\/wp\/v2\/pages\/9133","targetHints":{"allow":["GET"]}}],"collection":[{"href":"https:\/\/projectes.xtec.cat\/centresformadors\/wp-json\/wp\/v2\/pages"}],"about":[{"href":"https:\/\/projectes.xtec.cat\/centresformadors\/wp-json\/wp\/v2\/types\/page"}],"author":[{"embeddable":true,"href":"https:\/\/projectes.xtec.cat\/centresformadors\/wp-json\/wp\/v2\/users\/13"}],"replies":[{"embeddable":true,"href":"https:\/\/projectes.xtec.cat\/centresformadors\/wp-json\/wp\/v2\/comments?post=9133"}],"version-history":[{"count":2,"href":"https:\/\/projectes.xtec.cat\/centresformadors\/wp-json\/wp\/v2\/pages\/9133\/revisions"}],"predecessor-version":[{"id":9137,"href":"https:\/\/projectes.xtec.cat\/centresformadors\/wp-json\/wp\/v2\/pages\/9133\/revisions\/9137"}],"up":[{"embeddable":true,"href":"https:\/\/projectes.xtec.cat\/centresformadors\/wp-json\/wp\/v2\/pages\/8707"}],"wp:attachment":[{"href":"https:\/\/projectes.xtec.cat\/centresformadors\/wp-json\/wp\/v2\/media?parent=9133"}],"curies":[{"name":"wp","href":"https:\/\/api.w.org\/{rel}","templated":true}]}}