{"id":9719,"date":"2021-04-13T10:36:36","date_gmt":"2021-04-13T08:36:36","guid":{"rendered":"https:\/\/projectes.xtec.cat\/centresformadors\/?page_id=9719"},"modified":"2021-05-07T09:00:19","modified_gmt":"2021-05-07T07:00:19","slug":"finalitat-i-objectius-del-programa","status":"publish","type":"page","link":"https:\/\/projectes.xtec.cat\/centresformadors\/finalitat-i-objectius-del-programa\/","title":{"rendered":"Finalitat i objectius del programa"},"content":{"rendered":"<p><span style=\"font-weight: 400;\">La formaci\u00f3 inicial \u00e9s un primer pas en la professionalitzaci\u00f3 dels docents que s\u2019incorporaran els propers anys en el sistema educatiu. L\u2019acompanyament que reben en el seu per\u00edode formatiu a la universitat, de les persones mentores dels centres formadors i tutores des de les facultats, esdev\u00e9 la clau en aquest proc\u00e9s.\u00a0<\/span><\/p>\n<p><span style=\"font-weight: 400;\">La <strong>funci\u00f3 principal<\/strong> d&#8217;aquesta formaci\u00f3 \u00e9s orientar i acompanyar els estudiants de forma personalitzada al llarg d\u2019aquesta etapa d\u2019incorporaci\u00f3 en una comunitat amb unes funcions socials i valors per l\u2019exercici de l\u2019educaci\u00f3. Aquest acompanyament s\u2019encamina a l\u2019adquisici\u00f3 i desenvolupament de les compet\u00e8ncies docents a partir dels models i pr\u00e0ctiques, de la immersi\u00f3 en la realitat del centre formador i, sobretot, de l\u2019ajuda en l\u2019an\u00e0lisi i reflexi\u00f3 conjunta sobre la pr\u00e0ctica i les compet\u00e8ncies professionals.\u00a0<\/span><\/p>\n<p><span style=\"font-weight: 400;\">Per aix\u00f2, tant les persones mentores de centre com les tutores d\u2019universitat i les coordinadores de pr\u00e0cticum han de disposar d\u2019una <\/span><span style=\"font-weight: 400;\">formaci\u00f3 espec\u00edfica associada a les compet\u00e8ncies d\u2019aquest rol formador en l\u2019acompanyament en els per\u00edodes d\u2019estada formativa en els centres formadors.<\/span><\/p>\n<p><span style=\"font-weight: 400;\">Els <strong>objectius<\/strong> d\u2019aquesta formaci\u00f3 s\u00f3n:<\/span><\/p>\n<ul>\n<li style=\"font-weight: 400;\" aria-level=\"1\"><span style=\"font-weight: 400;\">Capacitar les persones tutores i mentores d\u2019habilitats i estrat\u00e8gies d\u2019acompanyament constructiu dels estudiants en pr\u00e0ctiques.<\/span><\/li>\n<li style=\"font-weight: 400;\" aria-level=\"1\"><span style=\"font-weight: 400;\">Promoure el debat i la reflexi\u00f3 conjunta dels equips impulsors dels centres formadors i les persones tutores de les universitats sobre la coordinaci\u00f3 i l&#8217;acompanyament dels estudiants.<\/span><\/li>\n<li style=\"font-weight: 400;\" aria-level=\"1\"><span style=\"font-weight: 400;\">Elaborar propostes de millora, en el centre i a la universitat per al desenvolupament professional dels estudiants en pr\u00e0ctiques.<\/span><\/li>\n<\/ul>\n<p><span style=\"font-weight: 400;\">Els <strong>continguts<\/strong> de la formaci\u00f3 s\u2019organitzen en els sis m\u00f2duls seg\u00fcents:<a href=\"https:\/\/projectes.xtec.cat\/centresformadors\/wp-content\/uploads\/usu1341\/2021\/04\/MIF.jpg\"><img loading=\"lazy\" decoding=\"async\" class=\" wp-image-9699 alignright\" src=\"https:\/\/projectes.xtec.cat\/centresformadors\/wp-content\/uploads\/usu1341\/2021\/04\/MIF.jpg\" alt=\"\" width=\"348\" height=\"221\" srcset=\"https:\/\/projectes.xtec.cat\/centresformadors\/wp-content\/uploads\/usu1341\/2021\/04\/MIF.jpg 549w, https:\/\/projectes.xtec.cat\/centresformadors\/wp-content\/uploads\/usu1341\/2021\/04\/MIF-300x190.jpg 300w\" sizes=\"auto, (max-width: 348px) 100vw, 348px\" \/><\/a><\/span><\/p>\n<ul>\n<li style=\"font-weight: 400;\" aria-level=\"1\"><span style=\"font-weight: 400;\">M\u00f2dul 1.\u00a0Compet\u00e8ncies de les persones tutores de la universitat i les mentores del Centre Formador<\/span><\/li>\n<li style=\"font-weight: 400;\" aria-level=\"1\"><span style=\"font-weight: 400;\">M\u00f2dul 2.\u00a0Estrat\u00e8gies d\u2019observaci\u00f3 i comunicaci\u00f3<\/span><\/li>\n<li style=\"font-weight: 400;\" aria-level=\"1\"><span style=\"font-weight: 400;\">M\u00f2dul 3.\u00a0La participaci\u00f3 de l\u2019estudiant: implicaci\u00f3 en el projecte de centre i el treball en equip<\/span><\/li>\n<li style=\"font-weight: 400;\" aria-level=\"1\"><span style=\"font-weight: 400;\">M\u00f2dul 4.\u00a0L\u2019estudiant com a docent: \u00e8tica, professionalitat, identitat professional, gesti\u00f3 de les emocions<\/span><\/li>\n<li style=\"font-weight: 400;\" aria-level=\"1\"><span style=\"font-weight: 400;\">M\u00f2dul 5.\u00a0Avaluaci\u00f3 de l\u2019estudiant: criteris, instruments i estrat\u00e8gies<\/span><\/li>\n<li style=\"font-weight: 400;\" aria-level=\"1\"><span style=\"font-weight: 400;\">PM. Pla de millora del pr\u00e0cticum<\/span><\/li>\n<\/ul>\n<p>&nbsp;<\/p>\n<p>&nbsp;<\/p>\n<p>&nbsp;<\/p>\n<p>&nbsp;<\/p>\n","protected":false},"excerpt":{"rendered":"<p>La formaci\u00f3 inicial \u00e9s un primer pas en la professionalitzaci\u00f3 dels docents que s\u2019incorporaran els propers anys en el sistema educatiu. L\u2019acompanyament que reben en el seu per\u00edode formatiu a la universitat, de les persones mentores dels centres formadors i tutores des de les facultats,&hellip;  <a href=\"https:\/\/projectes.xtec.cat\/centresformadors\/finalitat-i-objectius-del-programa\/\" title=\"Read Finalitat i objectius del programa\">Llegeix m\u00e9s\u00bb<\/a><\/p>\n","protected":false},"author":1,"featured_media":0,"parent":0,"menu_order":0,"comment_status":"closed","ping_status":"closed","template":"","meta":{"_bbp_topic_count":0,"_bbp_reply_count":0,"_bbp_total_topic_count":0,"_bbp_total_reply_count":0,"_bbp_voice_count":0,"_bbp_anonymous_reply_count":0,"_bbp_topic_count_hidden":0,"_bbp_reply_count_hidden":0,"_bbp_forum_subforum_count":0,"footnotes":""},"class_list":["post-9719","page","type-page","status-publish","hentry"],"post_mailing_queue_ids":[],"_links":{"self":[{"href":"https:\/\/projectes.xtec.cat\/centresformadors\/wp-json\/wp\/v2\/pages\/9719","targetHints":{"allow":["GET"]}}],"collection":[{"href":"https:\/\/projectes.xtec.cat\/centresformadors\/wp-json\/wp\/v2\/pages"}],"about":[{"href":"https:\/\/projectes.xtec.cat\/centresformadors\/wp-json\/wp\/v2\/types\/page"}],"author":[{"embeddable":true,"href":"https:\/\/projectes.xtec.cat\/centresformadors\/wp-json\/wp\/v2\/users\/1"}],"replies":[{"embeddable":true,"href":"https:\/\/projectes.xtec.cat\/centresformadors\/wp-json\/wp\/v2\/comments?post=9719"}],"version-history":[{"count":3,"href":"https:\/\/projectes.xtec.cat\/centresformadors\/wp-json\/wp\/v2\/pages\/9719\/revisions"}],"predecessor-version":[{"id":9815,"href":"https:\/\/projectes.xtec.cat\/centresformadors\/wp-json\/wp\/v2\/pages\/9719\/revisions\/9815"}],"wp:attachment":[{"href":"https:\/\/projectes.xtec.cat\/centresformadors\/wp-json\/wp\/v2\/media?parent=9719"}],"curies":[{"name":"wp","href":"https:\/\/api.w.org\/{rel}","templated":true}]}}