{"id":9801,"date":"2021-04-25T21:25:32","date_gmt":"2021-04-25T19:25:32","guid":{"rendered":"https:\/\/projectes.xtec.cat\/centresformadors\/?page_id=9801"},"modified":"2023-06-23T14:06:03","modified_gmt":"2023-06-23T12:06:03","slug":"comunitat-de-practica-dequips-impulsors","status":"publish","type":"page","link":"https:\/\/projectes.xtec.cat\/centresformadors\/comunitat-de-practica-dequips-impulsors\/","title":{"rendered":"Comunitat de pr\u00e0ctica d&#8217;equips impulsors"},"content":{"rendered":"<p><a style=\"color: #2795b6;\" href=\"https:\/\/projectes.xtec.cat\/centresformadors\/wp-content\/uploads\/usu1341\/2021\/04\/Itinerari-Formatiu-nivell-3.1a.png\"><img loading=\"lazy\" decoding=\"async\" class=\" wp-image-9804 alignleft\" src=\"https:\/\/projectes.xtec.cat\/centresformadors\/wp-content\/uploads\/usu1341\/2021\/04\/Itinerari-Formatiu-nivell-3.1a.png\" alt=\"\" width=\"174\" height=\"143\" \/><\/a><\/p>\n<p>&nbsp;<\/p>\n<p><span style=\"font-weight: 400;\">La comunitat de pr\u00e0ctica conforma un recurs organitzatiu raonablement efica\u00e7 per donar r<a href=\"https:\/\/projectes.xtec.cat\/centresformadors\/wp-content\/uploads\/usu1341\/2023\/06\/Infografia-comunitat-de-practica-scaled.jpg\" target=\"_blank\" rel=\"https:\/\/projectes.xtec.cat\/centresformadors\/wp-content\/uploads\/usu1341\/2023\/06\/Infografia-comunitat-de-practica.pdf noopener\"><img loading=\"lazy\" decoding=\"async\" class=\"wp-image-10862 alignright\" src=\"https:\/\/projectes.xtec.cat\/centresformadors\/wp-content\/uploads\/usu1341\/2023\/06\/Infografia-comunitat-de-practica-362x1024.jpg\" alt=\"\" width=\"397\" height=\"1123\" srcset=\"https:\/\/projectes.xtec.cat\/centresformadors\/wp-content\/uploads\/usu1341\/2023\/06\/Infografia-comunitat-de-practica-362x1024.jpg 362w, https:\/\/projectes.xtec.cat\/centresformadors\/wp-content\/uploads\/usu1341\/2023\/06\/Infografia-comunitat-de-practica-106x300.jpg 106w, https:\/\/projectes.xtec.cat\/centresformadors\/wp-content\/uploads\/usu1341\/2023\/06\/Infografia-comunitat-de-practica-768x2171.jpg 768w, https:\/\/projectes.xtec.cat\/centresformadors\/wp-content\/uploads\/usu1341\/2023\/06\/Infografia-comunitat-de-practica-543x1536.jpg 543w, https:\/\/projectes.xtec.cat\/centresformadors\/wp-content\/uploads\/usu1341\/2023\/06\/Infografia-comunitat-de-practica-scaled.jpg 906w\" sizes=\"auto, (max-width: 397px) 100vw, 397px\" \/><\/a>esposta a necessitats de gesti\u00f3 del coneixement i de processos d&#8217;aprenentatge orientats a promoure noves maneres de fer o millorar les accions professionals. En aquest sentit, una comunitat de pr\u00e0ctica representa una intenci\u00f3 col\u00b7lectiva de gestionar un domini de coneixement i mantenir la formaci\u00f3 sobre aquest domini, encara que sigui de forma t\u00e0cita i distribu\u00efda (adaptat de Wenger, Trayner i de Laat, 2011). En el nostre cas, co-existeixen dos dominis de coneixement: per una banda, el que fa refer\u00e8ncia al model de mentoratge; per l\u2019altra, l\u2019\u00e0mbit relacionat amb la tasca de transfer\u00e8ncia dels equips impulsors en el s\u00ed dels centres formadors.\u00a0\u00a0<\/span><\/p>\n<p><span style=\"font-weight: 400;\"><strong>Finalitat<\/strong><\/span><\/p>\n<p><span style=\"font-weight: 400;\">Promoure la <\/span><b>construcci\u00f3 identit\u00e0ria de persones mentores i equips impulsors<\/b><span style=\"font-weight: 400;\"> mitjan\u00e7ant la creaci\u00f3 d\u2019una <\/span><i><span style=\"font-weight: 400;\">comunitat de pr\u00e0ctica, <\/span><\/i><span style=\"font-weight: 400;\">compartint aprenentatges basats en la reflexi\u00f3 compartida sobre experi\u00e8ncies pr\u00e0ctiques.per:<\/span><\/p>\n<p><b>&#8211; Afian\u00e7ar<\/b> <b>coneixement espec\u00edfic sobre la tasca de mentoria<\/b><span style=\"font-weight: 400;\"> a partir de l\u2019an\u00e0lisi de les experi\u00e8ncies de persona mentora i amb la finalitat de crear una cultura compartida sobre el model professionalitzador de mentoria.\u00a0<\/span><\/p>\n<p><span style=\"font-weight: 400;\">&#8211; <strong>A<\/strong><\/span><b>fian\u00e7ar-se en les estrat\u00e8gies i actuacions per liderar un debat pedag\u00f2gic en el si dels centres formadors <\/b><span style=\"font-weight: 400;\">que afavoreixi l\u2019establiment d\u2019una l\u00ednia pedag\u00f2gica consensuada al voltant de l\u2019acompanyament dels estudiants de pr\u00e0ctica.\u00a0<\/span><\/p>\n<p><b><\/b>La seva dedicaci\u00f3 es basa a compartir experi\u00e8ncies passades amb la finalitat seg\u00fcent:<\/p>\n<ol>\n<li style=\"font-weight: 400;\" aria-level=\"1\"><span style=\"font-weight: 400;\">Aprofundir conjuntament en eines i estrat\u00e8gies per transferir el model d\u2019acompanyament constructiu capacitador al centre formador i ajudar-lo a que esdevingui un centre formador de refer\u00e8ncia.\u00a0<\/span><\/li>\n<li style=\"font-weight: 400;\" aria-level=\"1\"><span style=\"font-weight: 400;\">Contribuir conjuntament al desenvolupament de pr\u00e0ctiques d\u2019acompanyament a estudiants de pr\u00e0ctiques de qualitat.<\/span><span style=\"font-weight: 400;\">\u00a0<\/span><\/li>\n<\/ol>\n<p><strong>L\u00ednies d&#8217;actuacions<\/strong> que es poden dur a terme a tall d&#8217;exemple s\u00f3n:<\/p>\n<ul>\n<li style=\"font-weight: 400;\" aria-level=\"1\"><span style=\"font-weight: 400;\">Recollir per part de tots els membres est\u00edmuls, idees i suports necessaris per afavorir la construcci\u00f3 identit\u00e0ria de persones mentores i equips impulsors.\u00a0<\/span><\/li>\n<li style=\"font-weight: 400;\" aria-level=\"1\"><span style=\"font-weight: 400;\">Investigar conjuntament sobre aspectes relacionats amb la tasca de mentor\/a.<\/span><\/li>\n<li style=\"font-weight: 400;\" aria-level=\"1\"><span style=\"font-weight: 400;\">Ajudar-se entre tots i totes a desenvolupar les compet\u00e8ncies i habilitats com a <\/span><i><span style=\"font-weight: 400;\">acompanyants de pr\u00e0ctiques en la mentoria<\/span><\/i><span style=\"font-weight: 400;\">..<\/span><\/li>\n<li style=\"font-weight: 400;\" aria-level=\"1\">Ajudar-se entre tots i totes a desenvolupar les compet\u00e8ncies i habilitats com a membre d\u2019un <i style=\"font-family: inherit; font-size: 1em;\">equip impulsor.<\/i><\/li>\n<\/ul>\n<p><b>Metodologia de treball<\/b><\/p>\n<p><span style=\"font-weight: 400;\">La <\/span><i><span style=\"font-weight: 400;\">comunitat de pr\u00e0ctica<\/span><\/i><span style=\"font-weight: 400;\"> es basa en l\u2019aprenentatge col\u00b7lectiu i premia, per tant, la iniciativa i la co-responsabilitat de tots els seus membres. Per aquesta ra\u00f3, el treball dins d\u2019aquesta comunitat es basa en la cooperaci\u00f3, la iniciativa personal i el debat profund. Per tal, per\u00f2, que aquest aprenentatge col\u00b7lectiu sigui efica\u00e7 \u00e9s important establir una estructura organitzativa.\u00a0<\/span><\/p>\n<p><b>Materials<\/b><\/p>\n<p><strong>1a trobada<\/strong><\/p>\n<p>Vam compartir significats amb Maria del Mar Duran i David Rodriguez, professorat del Departament de Pedagogia Aplicada de la Universitat Aut\u00f2noma de Barcelona sobre:<\/p>\n<ul>\n<li>Qu\u00e8 s\u00f3n les comunitats de pr\u00e0ctica?<\/li>\n<li>Quins s\u00f3n els objectius?<\/li>\n<li>Qu\u00e8 ens proporcionen?<\/li>\n<li>Quins seran els condicionats?<\/li>\n<li>Com promoure la cohesi\u00f3 i el sentit de pertinen\u00e7a?<\/li>\n<\/ul>\n<p>Us compartim les seves presentacions que ens ajuden a donar resposta a aquestes q\u00fcestions:<\/p>\n<ul>\n<li>Algunes<a href=\"https:\/\/projectes.xtec.cat\/centresformadors\/wp-content\/uploads\/usu1341\/2021\/05\/cops_20210429.pdf\">\u00a0notes<\/a>\u00a0sobre les comunitats de pr\u00e0ctica<\/li>\n<li><a href=\"https:\/\/projectes.xtec.cat\/centresformadors\/wp-content\/uploads\/usu1341\/2021\/05\/7-idees-pel-funcionament-CoP.pdf\">7 idees clau<\/a> pel bon funcionament de les comunitats de pr\u00e0ctica<\/li>\n<\/ul>\n<p><strong>2a trobada<\/strong><\/p>\n<p>Els equips impulsors van explicar el punt de partida en relaci\u00f3 a l&#8217;\u00fas de l&#8217;eina d&#8217;autoavaluaci\u00f3 din\u00e0mica de centres formadors. En aquest sentit, a <span style=\"font-family: inherit; font-size: 1em;\">la sessi\u00f3 es van compartir un seguit de materials, elaborats conjuntament amb la Dra. Olga Esteve, amb orientacions concretes i clares sobre l&#8217;\u00fas efica\u00e7 d&#8217;aquesta eina:<\/span><\/p>\n<ul style=\"list-style-type: disc;\">\n<li><span style=\"font-weight: 400;\"><a href=\"https:\/\/drive.google.com\/file\/d\/1_C694cmNcLCw3opiPRvOAtbDBpROKoiV\/view?usp=sharing\" target=\"_blank\" rel=\"noopener noreferrer\">Gravaci\u00f3<\/a> de la Dra. Olga Esteve sobre l&#8217;us de l&#8217;eina d&#8217;autoavaluaci\u00f3 din\u00e0mica.<\/span><\/li>\n<li><span style=\"font-weight: 400;\"><a href=\"https:\/\/projectes.xtec.cat\/centresformadors\/wp-content\/uploads\/usu1341\/2021\/05\/GUIA-PER-UTILITZAR-LEINA-DAUTOAVALUACI\u00d3-DIN\u00c0MICA_vd.pdf\" target=\"_blank\" rel=\"noopener noreferrer\">Orientacions<\/a> per a un \u00fas efica\u00e7.<\/span><\/li>\n<li><span style=\"font-weight: 400;\"><a href=\"https:\/\/projectes.xtec.cat\/centresformadors\/wp-content\/uploads\/usu1341\/2021\/05\/4a-trobada-27-de-maig_Vdef.pdf\" target=\"_blank\" rel=\"noopener noreferrer\">Prese<\/a><a href=\"https:\/\/projectes.xtec.cat\/centresformadors\/wp-content\/uploads\/usu1341\/2021\/05\/4a-trobada-27-de-maig_Vdef.pdf\" target=\"_blank\" rel=\"noopener noreferrer\">ntaci\u00f3<\/a>, L&#8217;eina d&#8217;autoavaluaci\u00f3 din\u00e0mica.<\/span><\/li>\n<\/ul>\n<p>Eines i documents elaborats:<\/p>\n<p><a href=\"https:\/\/projectes.xtec.cat\/centresformadors\/wp-content\/uploads\/usu1341\/2023\/06\/Infografia-decaleg-de-bones-practiques.pdf\" target=\"_blank\" rel=\"noopener\">Dec\u00e0leg<\/a> de bones pr\u00e0ctiques per afavorir el benestar de l&#8217;estudiant d pr\u00e0ctiques del MUFPS.<\/p>\n<p><a href=\"https:\/\/projectes.xtec.cat\/centresformadors\/wp-content\/uploads\/usu1341\/2023\/06\/Infografia-decaleg-de-bones-practiques-scaled.jpg\" target=\"_blank\" rel=\"https:\/\/projectes.xtec.cat\/centresformadors\/wp-content\/uploads\/usu1341\/2023\/06\/Infografia-decaleg-de-bones-practiques.pdf noopener\"><img loading=\"lazy\" decoding=\"async\" class=\"aligncenter wp-image-10876 size-large\" src=\"https:\/\/projectes.xtec.cat\/centresformadors\/wp-content\/uploads\/usu1341\/2023\/06\/Infografia-decaleg-de-bones-practiques-362x1024.jpg\" alt=\"\" width=\"362\" height=\"1024\" srcset=\"https:\/\/projectes.xtec.cat\/centresformadors\/wp-content\/uploads\/usu1341\/2023\/06\/Infografia-decaleg-de-bones-practiques-362x1024.jpg 362w, https:\/\/projectes.xtec.cat\/centresformadors\/wp-content\/uploads\/usu1341\/2023\/06\/Infografia-decaleg-de-bones-practiques-106x300.jpg 106w, https:\/\/projectes.xtec.cat\/centresformadors\/wp-content\/uploads\/usu1341\/2023\/06\/Infografia-decaleg-de-bones-practiques-768x2171.jpg 768w, https:\/\/projectes.xtec.cat\/centresformadors\/wp-content\/uploads\/usu1341\/2023\/06\/Infografia-decaleg-de-bones-practiques-543x1536.jpg 543w, https:\/\/projectes.xtec.cat\/centresformadors\/wp-content\/uploads\/usu1341\/2023\/06\/Infografia-decaleg-de-bones-practiques-725x2048.jpg 725w, https:\/\/projectes.xtec.cat\/centresformadors\/wp-content\/uploads\/usu1341\/2023\/06\/Infografia-decaleg-de-bones-practiques-scaled.jpg 906w\" sizes=\"auto, (max-width: 362px) 100vw, 362px\" \/><\/a><\/p>\n","protected":false},"excerpt":{"rendered":"<p><a style=\"color: #2795b6;\" href=\"https:\/\/projectes.xtec.cat\/centresformadors\/wp-content\/uploads\/usu1341\/2021\/04\/Itinerari-Formatiu-nivell-3.1a.png\"><\/a><br \/>\n&nbsp;<br \/>\nLa comunitat de pr\u00e0ctica conforma un recurs organitzatiu raonablement efica\u00e7 per donar r<a href=\"https:\/\/projectes.xtec.cat\/centresformadors\/wp-content\/uploads\/usu1341\/2023\/06\/Infografia-comunitat-de-practica-scaled.jpg\" target=\"_blank\" rel=\"https:\/\/projectes.xtec.cat\/centresformadors\/wp-content\/uploads\/usu1341\/2023\/06\/Infografia-comunitat-de-practica.pdf noopener\"><\/a>esposta a necessitats de gesti\u00f3 del coneixement i de processos d&#8217;aprenentatge orientats a promoure noves maneres de fer o millorar les accions professionals. En aquest sentit,&hellip;  <a href=\"https:\/\/projectes.xtec.cat\/centresformadors\/comunitat-de-practica-dequips-impulsors\/\" title=\"Read Comunitat de pr\u00e0ctica d&#8217;equips impulsors\">Llegeix m\u00e9s\u00bb<\/a><\/p>\n","protected":false},"author":12,"featured_media":0,"parent":0,"menu_order":0,"comment_status":"closed","ping_status":"closed","template":"","meta":{"_bbp_topic_count":0,"_bbp_reply_count":0,"_bbp_total_topic_count":0,"_bbp_total_reply_count":0,"_bbp_voice_count":0,"_bbp_anonymous_reply_count":0,"_bbp_topic_count_hidden":0,"_bbp_reply_count_hidden":0,"_bbp_forum_subforum_count":0,"footnotes":""},"class_list":["post-9801","page","type-page","status-publish","hentry"],"post_mailing_queue_ids":[],"_links":{"self":[{"href":"https:\/\/projectes.xtec.cat\/centresformadors\/wp-json\/wp\/v2\/pages\/9801","targetHints":{"allow":["GET"]}}],"collection":[{"href":"https:\/\/projectes.xtec.cat\/centresformadors\/wp-json\/wp\/v2\/pages"}],"about":[{"href":"https:\/\/projectes.xtec.cat\/centresformadors\/wp-json\/wp\/v2\/types\/page"}],"author":[{"embeddable":true,"href":"https:\/\/projectes.xtec.cat\/centresformadors\/wp-json\/wp\/v2\/users\/12"}],"replies":[{"embeddable":true,"href":"https:\/\/projectes.xtec.cat\/centresformadors\/wp-json\/wp\/v2\/comments?post=9801"}],"version-history":[{"count":4,"href":"https:\/\/projectes.xtec.cat\/centresformadors\/wp-json\/wp\/v2\/pages\/9801\/revisions"}],"predecessor-version":[{"id":10877,"href":"https:\/\/projectes.xtec.cat\/centresformadors\/wp-json\/wp\/v2\/pages\/9801\/revisions\/10877"}],"wp:attachment":[{"href":"https:\/\/projectes.xtec.cat\/centresformadors\/wp-json\/wp\/v2\/media?parent=9801"}],"curies":[{"name":"wp","href":"https:\/\/api.w.org\/{rel}","templated":true}]}}