{"id":9890,"date":"2021-06-08T12:12:24","date_gmt":"2021-06-08T10:12:24","guid":{"rendered":"https:\/\/projectes.xtec.cat\/centresformadors\/?page_id=9890"},"modified":"2021-11-30T10:34:17","modified_gmt":"2021-11-30T09:34:17","slug":"nest-novice-teacher-support-and-training","status":"publish","type":"page","link":"https:\/\/projectes.xtec.cat\/centresformadors\/nest-novice-teacher-support-and-training\/","title":{"rendered":"NEST (Novice Educator Support and Training)"},"content":{"rendered":"<p style=\"text-align: justify;\"><b>NEST<\/b><span style=\"font-weight: 400;\"> \u00e9s un projecte finan\u00e7at per <\/span><span style=\"font-family: inherit; font-size: 1em;\">la Comissi\u00f3 Europea, q<\/span><span style=\"font-weight: 400;\">ue t\u00e9 com a <strong>objectiu<\/strong> pilotar un model de formaci\u00f3 i professionalitzac<\/span><span style=\"font-weight: 400;\">i\u00f3 de professorat mentor en contextos diversos de vulnerabilitat, de manera que aquests millorin les seves compet\u00e8ncies en acompanyament a professorat novell, i els puguin ajudar a desenvolupar millors les seves compet\u00e8ncies i a crear la seva identitat docent. <\/span><\/p>\n<p>&nbsp;<\/p>\n<p><a href=\"https:\/\/projectes.xtec.cat\/centresformadors\/wp-content\/uploads\/usu1341\/2021\/06\/InfografiaNEST.jpg\"><img loading=\"lazy\" decoding=\"async\" class=\"size-full wp-image-9906 alignright\" src=\"https:\/\/projectes.xtec.cat\/centresformadors\/wp-content\/uploads\/usu1341\/2021\/06\/InfografiaNEST.jpg\" alt=\"\" width=\"570\" height=\"519\" srcset=\"https:\/\/projectes.xtec.cat\/centresformadors\/wp-content\/uploads\/usu1341\/2021\/06\/InfografiaNEST.jpg 570w, https:\/\/projectes.xtec.cat\/centresformadors\/wp-content\/uploads\/usu1341\/2021\/06\/InfografiaNEST-300x273.jpg 300w\" sizes=\"auto, (max-width: 570px) 100vw, 570px\" \/><\/a><strong>Finalitat:<\/strong><\/p>\n<p><span style=\"font-weight: 400;\">La finalitat d\u2019aquest projecte \u00e9s potenciar el desenvolupament professional del professorat novell en el propi centre i afavorir el treball col\u00b7laboratiu per a l\u2019aprenentatge entre iguals.\u00a0\u00a0<\/span><\/p>\n<p style=\"text-align: justify;\">Es pret\u00e9n formar professorat experimentat en compet\u00e8ncies de mentoring i coaching, facilitant i e<span style=\"font-family: inherit; font-size: 1em;\">structurant que puguin acompanyar <\/span>el professorat novell del centre.<\/p>\n<p>&nbsp;<\/p>\n<p style=\"text-align: justify;\"><strong>Aportacions als centres:\u00a0<\/strong><\/p>\n<ol>\n<li style=\"font-weight: 400; text-align: justify;\" aria-level=\"1\"><span style=\"font-weight: 400;\">Millora de la pr\u00e0ctica docent del professorat novell, de la seva motivaci\u00f3 per continuar exercint\u00a0 en escoles d&#8217;entorns diversos i\/o vulnerables.<\/span><\/li>\n<li style=\"font-weight: 400; text-align: justify;\" aria-level=\"1\"><span style=\"font-weight: 400;\">Professorat mentor amb la formaci\u00f3 especialitzada per acompanyar als docents novells.<\/span><\/li>\n<li style=\"font-weight: 400; text-align: justify;\" aria-level=\"1\"><span style=\"font-weight: 400;\">Acompanyament i formaci\u00f3 de professorat experimentat en t\u00e8cniques d\u2019observaci\u00f3 d\u2019aula i feedback per a la millora de la pr\u00e0ctica docent transferibles a altres docents del centre per a l\u2019aprenentatge entre iguals.<\/span><\/li>\n<\/ol>\n<p>&nbsp;<\/p>\n<p style=\"text-align: justify;\"><strong>Durada del projecte:<\/strong><\/p>\n<p style=\"text-align: justify;\">La formaci\u00f3 tindr\u00e0 lloc durant el curs 2021-2022 i l&#8217;acompanyament al professorat novell s&#8217;estendr\u00e0 fins el 2023.<br \/>\nTant en format s\u00edncron com as\u00edncron, les persones formadores acompanyaran a les persones mentores en la seva adquisici\u00f3 de compet\u00e8ncies i transmissi\u00f3 als nous docents.<\/p>\n<p>\u00c9s un projecte <strong>Erasmus+<\/strong>, avalat pel <strong>Departament d\u2019Educaci\u00f3 la Generalitat de Catalunya<\/strong> i en paral\u00b7lel amb els pa\u00efsos mentors \u00c0ustria, B\u00e8lgica, Bulg\u00e0ria i Romania.<\/p>\n<p>&nbsp;<\/p>\n<p><strong>Centres participants:<\/strong><\/p>\n<p>Institut La Pineda (Badalona)<\/p>\n<p>FEDAC (Santa Coloma)<\/p>\n<p>Institut Joanot Martorell (Esplugues de Llobregat)<\/p>\n<p>Institut Antoni Pous i Argila (Manlleu)<\/p>\n<p>FEDAC (Manresa)<\/p>\n<p>Escola Oms i de Prat (Manresa)<\/p>\n<p>FEDAC (Sant Vicen\u00e7)<\/p>\n<p>Escola La Maquinista (Barcelona)<\/p>\n<p>Institut Narc\u00eds Monturiol (Figueres)<\/p>\n<p>Institut Santa Eug\u00e8nia (Girona)<\/p>\n<p>FEDAC (Salt)<\/p>\n<p>Escola Pia (Salt)<\/p>\n<p>FEDAC (Lleida)<\/p>\n<p>Institut Andre Nin (El Vendrell)<\/p>\n<p>Escola La Merc\u00e8 (Tortosa)<\/p>\n<p>FEDAC (Cerdanyola)<\/p>\n<p>Institut Marina (La Llagosta)<\/p>\n<p style=\"text-align: left;\"><span style=\"font-weight: 400;\">Per a m\u00e9s informaci\u00f3 tamb\u00e9 podeu visitar el <\/span><a href=\"https:\/\/empiezaporeducar.org\/NEST-cat\/\" target=\"_blank\" rel=\"noopener noreferrer\"><span style=\"font-weight: 400;\">web<\/span><\/a><span style=\"font-weight: 400;\"> del p<\/span><span style=\"font-weight: 400;\">rojecte i visualitzar un <a href=\"https:\/\/www.youtube.com\/watch?v=aS9wrO3NaX8\" target=\"_blank\" rel=\"noopener noreferrer\">v\u00eddeo<\/a> resum.<\/span><\/p>\n<p>&nbsp;<\/p>\n<p style=\"font-family: 'Helvetica Neue', Helvetica, Helvetica, Arial, sans-serif; font-size: 16px;\"><img loading=\"lazy\" decoding=\"async\" class=\"wp-image-9914 aligncenter\" src=\"https:\/\/projectes.xtec.cat\/centresformadors\/wp-content\/uploads\/usu1341\/2021\/06\/NEST1.jpg\" alt=\"\" width=\"527\" height=\"119\" srcset=\"https:\/\/projectes.xtec.cat\/centresformadors\/wp-content\/uploads\/usu1341\/2021\/06\/NEST1.jpg 855w, https:\/\/projectes.xtec.cat\/centresformadors\/wp-content\/uploads\/usu1341\/2021\/06\/NEST1-300x68.jpg 300w, https:\/\/projectes.xtec.cat\/centresformadors\/wp-content\/uploads\/usu1341\/2021\/06\/NEST1-768x173.jpg 768w\" sizes=\"auto, (max-width: 527px) 100vw, 527px\" \/><\/p>\n<p>&nbsp;<\/p>\n<p>&nbsp;<\/p>\n","protected":false},"excerpt":{"rendered":"<p>NEST \u00e9s un projecte finan\u00e7at per la Comissi\u00f3 Europea, que t\u00e9 com a objectiu pilotar un model de formaci\u00f3 i professionalitzaci\u00f3 de professorat mentor en contextos diversos de vulnerabilitat, de manera que aquests millorin les seves compet\u00e8ncies en acompanyament a professorat novell, i els puguin&hellip;  <a href=\"https:\/\/projectes.xtec.cat\/centresformadors\/nest-novice-teacher-support-and-training\/\" title=\"Read NEST (Novice Educator Support and Training)\">Llegeix m\u00e9s\u00bb<\/a><\/p>\n","protected":false},"author":1,"featured_media":0,"parent":0,"menu_order":0,"comment_status":"closed","ping_status":"closed","template":"","meta":{"_bbp_topic_count":0,"_bbp_reply_count":0,"_bbp_total_topic_count":0,"_bbp_total_reply_count":0,"_bbp_voice_count":0,"_bbp_anonymous_reply_count":0,"_bbp_topic_count_hidden":0,"_bbp_reply_count_hidden":0,"_bbp_forum_subforum_count":0,"footnotes":""},"class_list":["post-9890","page","type-page","status-publish","hentry"],"post_mailing_queue_ids":[],"_links":{"self":[{"href":"https:\/\/projectes.xtec.cat\/centresformadors\/wp-json\/wp\/v2\/pages\/9890","targetHints":{"allow":["GET"]}}],"collection":[{"href":"https:\/\/projectes.xtec.cat\/centresformadors\/wp-json\/wp\/v2\/pages"}],"about":[{"href":"https:\/\/projectes.xtec.cat\/centresformadors\/wp-json\/wp\/v2\/types\/page"}],"author":[{"embeddable":true,"href":"https:\/\/projectes.xtec.cat\/centresformadors\/wp-json\/wp\/v2\/users\/1"}],"replies":[{"embeddable":true,"href":"https:\/\/projectes.xtec.cat\/centresformadors\/wp-json\/wp\/v2\/comments?post=9890"}],"version-history":[{"count":4,"href":"https:\/\/projectes.xtec.cat\/centresformadors\/wp-json\/wp\/v2\/pages\/9890\/revisions"}],"predecessor-version":[{"id":10288,"href":"https:\/\/projectes.xtec.cat\/centresformadors\/wp-json\/wp\/v2\/pages\/9890\/revisions\/10288"}],"wp:attachment":[{"href":"https:\/\/projectes.xtec.cat\/centresformadors\/wp-json\/wp\/v2\/media?parent=9890"}],"curies":[{"name":"wp","href":"https:\/\/api.w.org\/{rel}","templated":true}]}}