{"id":11810,"date":"2023-02-25T23:22:01","date_gmt":"2023-02-25T22:22:01","guid":{"rendered":"https:\/\/projectes.xtec.cat\/digital\/?post_type=nodes_directori&#038;p=11810"},"modified":"2023-02-26T00:57:52","modified_gmt":"2023-02-25T23:57:52","slug":"perfil-professional-de-la-competencia-digital-docent","status":"publish","type":"nodes_directori","link":"https:\/\/projectes.xtec.cat\/digital\/directori\/perfil-professional-de-la-competencia-digital-docent\/","title":{"rendered":"Perfil professional de la compet\u00e8ncia digital docent"},"content":{"rendered":"\n<p>La seg\u00fcent informaci\u00f3 \u00e9s un extracte de la <a href=\"https:\/\/portaldogc.gencat.cat\/utilsEADOP\/PDF\/7114\/1492074.pdf\" data-type=\"URL\" data-id=\"https:\/\/portaldogc.gencat.cat\/utilsEADOP\/PDF\/7114\/1492074.pdf\" target=\"_blank\" rel=\"noreferrer noopener\">resoluci\u00f3 ENS\/1128\/2016<\/a>, de 26 d&#8217;abril, dels perfils professionals dels llocs de treball espec\u00edfics en<br>centres educatius p\u00fablics dependents del Departament d&#8217;Ensenyament i el procediment de capacitaci\u00f3 professional per ocupar-los.<\/p>\n\n\n\n<div class=\"wp-block-getwid-accordion has-icon-left\" data-active-element=\"none\">\n<div class=\"wp-block-getwid-accordion__header-wrapper\"><span class=\"wp-block-getwid-accordion__header\"><a href=\"#\"><span class=\"wp-block-getwid-accordion__header-title\">1. Identificaci\u00f3 del lloc de treball<\/span><span class=\"wp-block-getwid-accordion__icon is-active\"><i class=\"fas fa-plus\"><\/i><\/span><span class=\"wp-block-getwid-accordion__icon is-passive\"><i class=\"fas fa-minus\"><\/i><\/span><\/a><\/span><\/div><div class=\"wp-block-getwid-accordion__content-wrapper\"><div class=\"wp-block-getwid-accordion__content\">\n<p><strong>1.1 <\/strong>Cossos docents del lloc: Cos de catedr\u00e0tics d&#8217;ensenyament secundari; cos de catedr\u00e0tics d&#8217;escoles oficials<br>d&#8217;idiomes; cos de catedr\u00e0tics d&#8217;arts pl\u00e0stiques i disseny; cos de professors d&#8217;ensenyament secundari; cos de<br>professors t\u00e8cnics de formaci\u00f3 professional; cos de professors d&#8217;escoles oficials d&#8217;idiomes; cos de professors<br>d&#8217;arts pl\u00e0stiques i disseny; cos de mestres de taller d&#8217;arts pl\u00e0stiques i disseny; cos de mestres.<br><strong>1.2 <\/strong>Especialitats docents del lloc: Totes les especialitats.<br><strong>1.3 <\/strong>Tipus de centres: Escoles, Instituts, Instituts escola, Escoles d&#8217;Art i Disseny; Escola Oficial d&#8217;Idiomes.<\/p>\n<\/div><\/div>\n\n\n\n<div class=\"wp-block-getwid-accordion__header-wrapper\"><span class=\"wp-block-getwid-accordion__header\"><a href=\"#\"><span class=\"wp-block-getwid-accordion__header-title\">2. Descripci\u00f3 del lloc de treball docent espec\u00edfic amb perfil professional<\/span><span class=\"wp-block-getwid-accordion__icon is-active\"><i class=\"fas fa-plus\"><\/i><\/span><span class=\"wp-block-getwid-accordion__icon is-passive\"><i class=\"fas fa-minus\"><\/i><\/span><\/a><\/span><\/div><div class=\"wp-block-getwid-accordion__content-wrapper\"><div class=\"wp-block-getwid-accordion__content\">\n<p><strong>2.1 Missi\u00f3.<\/strong><br>Incrementar l&#8217;\u00fas did\u00e0ctic de les tecnologies en el proc\u00e9s d&#8217;ensenyament i aprenentatge, d&#8217;acord amb el que<br>estableix el Pla TAC del centre, com a part del seu projecte educatiu i el projecte de direcci\u00f3, i els est\u00e0ndards<br>tecnol\u00f2gics del Departament d&#8217;Ensenyament, amb l&#8217;objectiu que l&#8217;alumnat assoleixi la compet\u00e8ncia digital<br>d&#8217;acord amb el marc curricular.<br><strong>2.2 Funcions docents espec\u00edfiques del lloc de treball.<\/strong><\/p>\n\n\n\n<ul class=\"wp-block-list\"><li>Impartir doc\u00e8ncia fent \u00fas de les TAC com a mitj\u00e0 facilitador de l&#8217;ensenyament i com a element curricular en tant que compet\u00e8ncia b\u00e0sica a assolir per part dels alumnes.<\/li><li>Coordinar la formaci\u00f3 del professorat en relaci\u00f3 amb les TAC a l&#8217;EVEA (Entorn Virtual d&#8217;Ensenyament\/Aprenentatge).<\/li><li>Assessorar el professorat en l&#8217;\u00fas did\u00e0ctic de les TAC.<\/li><li>Coordinar l&#8217;\u00fas de les TAC de forma transversal i assegurar que les programacions de les diferents \u00e0rees i mat\u00e8ries incloguin un \u00fas actiu adequat de les tecnologies segons el nivell educatiu.<\/li><\/ul>\n<\/div><\/div>\n\n\n\n<div class=\"wp-block-getwid-accordion__header-wrapper\"><span class=\"wp-block-getwid-accordion__header\"><a href=\"#\"><span class=\"wp-block-getwid-accordion__header-title\">3. Requisits del professorat per ocupar el lloc de treball espec\u00edfic<\/span><span class=\"wp-block-getwid-accordion__icon is-active\"><i class=\"fas fa-plus\"><\/i><\/span><span class=\"wp-block-getwid-accordion__icon is-passive\"><i class=\"fas fa-minus\"><\/i><\/span><\/a><\/span><\/div><div class=\"wp-block-getwid-accordion__content-wrapper\"><div class=\"wp-block-getwid-accordion__content\">\n<p><strong>3.1 Requisit general:<\/strong><br>Personal funcionari de carrera: Ser titular de l&#8217;especialitat docent del lloc de treball (per oposici\u00f3 o per<br>adquisici\u00f3 de noves especialitats) o tenir-la reconeguda (per habilitaci\u00f3 espec\u00edfica o per titulaci\u00f3).<\/p>\n\n\n\n<p><strong>3.2 Requisits addicionals del perfil professional del lloc de treball:<\/strong><\/p>\n\n\n\n<p>La capacitaci\u00f3 professional d&#8217;aquest perfil s&#8217;acredita mitjan\u00e7ant el compliment d&#8217;un requisit dels descrits en cadascun dels dos apartats seg\u00fcents:<\/p>\n\n\n\n<p>a) Capacitaci\u00f3 en l&#8217;\u00fas de les Tecnologies digitals. S&#8217;acredita mitjan\u00e7ant alguna de les condicions seg\u00fcents:<\/p>\n\n\n\n<ul class=\"wp-block-list\"><li>Grau de mestre amb les mencions seg\u00fcents: Tecnologies de la informaci\u00f3 i la comunicaci\u00f3; Tecnologia i Comunicaci\u00f3; TIC a l&#8217;escola; Tecnologies digitals per a l&#8217;aprenentatge; Comunicaci\u00f3 i expressi\u00f3.<\/li><li>Mestratge o Postgrau relacionat amb l&#8217;aplicaci\u00f3 de les Tecnologies a l&#8217;aula.<\/li><li>Enginyeria inform\u00e0tica o en telecomunicacions.<\/li><li>Alguna de les especialitats docents seg\u00fcents: 507 inform\u00e0tica, 627 Sistemes i Aplicacions inform\u00e0tiques o 722 Mitjans inform\u00e0tics.<\/li><li>Formaci\u00f3 relacionada amb les Tecnologies per a l&#8217;Aprenentatge, amb un m\u00ednim de 90 hores (formaci\u00f3 permanent, m\u00e0sters, postgraus) publicada al Portal de Centre d&#8217;acord amb l&#8217;apartat 3 de l&#8217;annex 2.<\/li><li>Acreditaci\u00f3 <a href=\"https:\/\/projectes.xtec.cat\/digital\/directori\/actic\/\" data-type=\"URL\" data-id=\"https:\/\/projectes.xtec.cat\/digital\/directori\/actic\/\">ACTIC<\/a> (qualsevol nivell).<\/li><\/ul>\n\n\n\n<p>b) Experi\u00e8ncia en l&#8217;aplicaci\u00f3 de les Tecnologies digitals en les activitats docents. S&#8217;acredita mitjan\u00e7ant alguna de les condicions seg\u00fcents:<\/p>\n\n\n\n<ul class=\"wp-block-list\"><li>Haver exercit la doc\u00e8ncia un m\u00ednim de 2 cursos escolars com a coordinador o responsable TAC de centre.<\/li><li>Haver realitzat activitats docents relacionades amb alguna de les funcions espec\u00edfiques del perfil i necess\u00e0riament la descrita en primer lloc, almenys durant 2 cursos escolars. En aquest cas, la certificaci\u00f3 de la direcci\u00f3 del centre que acrediti aquest fet, ha d&#8217;incorporar la descripci\u00f3 dels projectes, propostes did\u00e0ctiques, experi\u00e8ncies i treballs d&#8217;acord amb el model publicat al Portal de Centre.<\/li><li>Haver participat un m\u00ednim de 2 cursos escolars en un programa d&#8217;innovaci\u00f3 educativa del Departament d&#8217;Ensenyament dels que figuren a la relaci\u00f3 publicada al Portal de Centre d&#8217;acord amb l&#8217;apartat 3 de l&#8217;annex 2.<\/li><li>Haver exercit la doc\u00e8ncia en un lloc de treball espec\u00edfic amb perfil de compet\u00e8ncia digital en un centre educatiu p\u00fablic el curs 2014-2015 o en el curs 2015-2016.<\/li><\/ul>\n<\/div><\/div>\n<\/div>\n\n\n\n<div style=\"height:40px\" aria-hidden=\"true\" class=\"wp-block-spacer\"><\/div>\n\n\n\n<p>\u26a0\ufe0f No confondre el <strong>perfil professional de la compet\u00e8ncia digital<\/strong> amb els diferents nivells d&#8217;<a href=\"https:\/\/projectes.xtec.cat\/digital\/competencia-digital\/competencia-digital-docent\/#acreditacio\" data-type=\"URL\" data-id=\"https:\/\/projectes.xtec.cat\/digital\/competencia-digital\/competencia-digital-docent\/#acreditacio\">acreditaci\u00f3 de compet\u00e8ncia digital docent<\/a>. <\/p>\n\n\n\n<p>\ud83d\udc49 Tenir el <strong>perfil professional de la compet\u00e8ncia digital docent<\/strong> proporciona <strong>autom\u00e0ticament<\/strong> un <a href=\"https:\/\/projectes.xtec.cat\/digital\/competencia-digital\/competencia-digital-docent\/b2-adaptacio\/\" data-type=\"URL\" data-id=\"https:\/\/projectes.xtec.cat\/digital\/competencia-digital\/competencia-digital-docent\/b2-adaptacio\/\">nivell B2<\/a> de l&#8217;acreditaci\u00f3 digital docent. <\/p>\n","protected":false},"featured_media":0,"template":"","meta":{"site-sidebar-layout":"default","site-content-layout":"","ast-site-content-layout":"","site-content-style":"default","site-sidebar-style":"default","ast-global-header-display":"","ast-banner-title-visibility":"","ast-main-header-display":"","ast-hfb-above-header-display":"","ast-hfb-below-header-display":"","ast-hfb-mobile-header-display":"","site-post-title":"","ast-breadcrumbs-content":"","ast-featured-img":"","footer-sml-layout":"","theme-transparent-header-meta":"","adv-header-id-meta":"","stick-header-meta":"","header-above-stick-meta":"","header-main-stick-meta":"","header-below-stick-meta":"","astra-migrate-meta-layouts":"default","ast-page-background-enabled":"default","ast-page-background-meta":{"desktop":{"background-color":"var(--ast-global-color-4)","background-image":"","background-repeat":"repeat","background-position":"center center","background-size":"auto","background-attachment":"scroll","background-type":"","background-media":"","overlay-type":"","overlay-color":"","overlay-opacity":"","overlay-gradient":""},"tablet":{"background-color":"","background-image":"","background-repeat":"repeat","background-position":"center center","background-size":"auto","background-attachment":"scroll","background-type":"","background-media":"","overlay-type":"","overlay-color":"","overlay-opacity":"","overlay-gradient":""},"mobile":{"background-color":"","background-image":"","background-repeat":"repeat","background-position":"center center","background-size":"auto","background-attachment":"scroll","background-type":"","background-media":"","overlay-type":"","overlay-color":"","overlay-opacity":"","overlay-gradient":""}},"ast-content-background-meta":{"desktop":{"background-color":"var(--ast-global-color-5)","background-image":"","background-repeat":"repeat","background-position":"center center","background-size":"auto","background-attachment":"scroll","background-type":"","background-media":"","overlay-type":"","overlay-color":"","overlay-opacity":"","overlay-gradient":""},"tablet":{"background-color":"var(--ast-global-color-5)","background-image":"","background-repeat":"repeat","background-position":"center center","background-size":"auto","background-attachment":"scroll","background-type":"","background-media":"","overlay-type":"","overlay-color":"","overlay-opacity":"","overlay-gradient":""},"mobile":{"background-color":"var(--ast-global-color-5)","background-image":"","background-repeat":"repeat","background-position":"center center","background-size":"auto","background-attachment":"scroll","background-type":"","background-media":"","overlay-type":"","overlay-color":"","overlay-opacity":"","overlay-gradient":""}}},"nodes_tipus_directori":[368],"nodes_etiqueta_directori":[426],"class_list":["post-11810","nodes_directori","type-nodes_directori","status-publish","hentry","nodes_tipus_directori-glossari","nodes_etiqueta_directori-competencia-digital-docent"],"post_mailing_queue_ids":[],"_links":{"self":[{"href":"https:\/\/projectes.xtec.cat\/digital\/wp-json\/wp\/v2\/nodes_directori\/11810","targetHints":{"allow":["GET"]}}],"collection":[{"href":"https:\/\/projectes.xtec.cat\/digital\/wp-json\/wp\/v2\/nodes_directori"}],"about":[{"href":"https:\/\/projectes.xtec.cat\/digital\/wp-json\/wp\/v2\/types\/nodes_directori"}],"wp:attachment":[{"href":"https:\/\/projectes.xtec.cat\/digital\/wp-json\/wp\/v2\/media?parent=11810"}],"wp:term":[{"taxonomy":"nodes_tipus_directori","embeddable":true,"href":"https:\/\/projectes.xtec.cat\/digital\/wp-json\/wp\/v2\/nodes_tipus_directori?post=11810"},{"taxonomy":"nodes_etiqueta_directori","embeddable":true,"href":"https:\/\/projectes.xtec.cat\/digital\/wp-json\/wp\/v2\/nodes_etiqueta_directori?post=11810"}],"curies":[{"name":"wp","href":"https:\/\/api.w.org\/{rel}","templated":true}]}}