{"id":12607,"date":"2023-03-05T12:27:04","date_gmt":"2023-03-05T11:27:04","guid":{"rendered":"https:\/\/projectes.xtec.cat\/digital\/?page_id=12607"},"modified":"2025-04-24T12:55:45","modified_gmt":"2025-04-24T10:55:45","slug":"dispositius-de-connectivitat-mifis","status":"publish","type":"page","link":"https:\/\/projectes.xtec.cat\/digital\/equipaments-i-infraestructures\/dispositius-de-connectivitat-mifis\/","title":{"rendered":"MiFis (dispositius de connectivitat)"},"content":{"rendered":"\n<div class=\"wp-block-getwid-section alignwide alignwide\"><div class=\"wp-block-getwid-section__wrapper\"><div class=\"wp-block-getwid-section__divider is-top-divider\"><svg x=\"0px\" y=\"0px\" viewBox=\"0 0 700 10\" preserveAspectRatio=\"xMidYMax slice\" class=\"wp-block-getwid-section__divider-svg wp-block-getwid-section__divider-svg-negative\"><polygon fill=\"white\" class=\"wp-block-getwid-section__divider-svg-fill\" points=\"359,0 350,9 341,0 0,0 0,10 700,10 700,0 \"><\/polygon><\/svg><\/div><div class=\"wp-block-getwid-section__inner-wrapper\"><div class=\"wp-block-getwid-section__background-holder\"><div class=\"wp-block-getwid-section__background\"><\/div><div class=\"wp-block-getwid-section__foreground\"><\/div><\/div><div class=\"wp-block-getwid-section__content\"><div class=\"wp-block-getwid-section__inner-content\">\n<div style=\"height:20px\" aria-hidden=\"true\" class=\"wp-block-spacer\"><\/div>\n\n\n\n<h2 class=\"wp-block-heading\">Sol\u00b7licitud dispositiu MiFi per alumnes sense connectivitat a la llar amb NEE<\/h2>\n\n\n\n<p>Per fer aquestes sol\u00b7licituds \u00e9s necessari <strong>informar el tiquet l\u2019IDALU de l\u2019alumne\/a<\/strong> per tal de poder demanar un dispositiu.<\/p>\n\n\n\n<p>A continuaci\u00f3, s&#8217;indica pas a pas com fer la sol\u00b7licitud de cada MiFi:<\/p>\n\n\n\n<div class=\"wp-block-getwid-accordion has-icon-left\" data-active-element=\"none\">\n<div class=\"wp-block-getwid-accordion__header-wrapper\"><span class=\"wp-block-getwid-accordion__header\"><a href=\"#\"><span class=\"wp-block-getwid-accordion__header-title\">A tenir en compte abans d&#8217;iniciar la sol\u00b7licitud<\/span><span class=\"wp-block-getwid-accordion__icon is-active\"><i class=\"fas fa-chevron-down\"><\/i><\/span><span class=\"wp-block-getwid-accordion__icon is-passive\"><i class=\"fas fa-chevron-up\"><\/i><\/span><\/a><\/span><\/div><div class=\"wp-block-getwid-accordion__content-wrapper\"><div class=\"wp-block-getwid-accordion__content\">\n<ul class=\"wp-block-list\">\n<li>S\u2019ha de fer una <strong>sol\u00b7licitud per a cada MiFi individual<\/strong>, no es poden fer altes de m\u00e9s d\u2019una MiFi a la vegada.<\/li>\n\n\n\n<li><strong>Nom\u00e9s la direcci\u00f3 del centre pot dur a terme aquesta petici\u00f3<\/strong>. L\u2019<strong>activaci\u00f3 del servei<\/strong> de connectivitat pot <strong>trigar fins 48 hores despr\u00e9s de rebre la MiFi al centre<\/strong>.<\/li>\n<\/ul>\n<\/div><\/div>\n\n\n\n<div class=\"wp-block-getwid-accordion__header-wrapper\"><span class=\"wp-block-getwid-accordion__header\"><a href=\"#\"><span class=\"wp-block-getwid-accordion__header-title\">Proc\u00e9s de sol\u00b7licitud<\/span><span class=\"wp-block-getwid-accordion__icon is-active\"><i class=\"fas fa-chevron-down\"><\/i><\/span><span class=\"wp-block-getwid-accordion__icon is-passive\"><i class=\"fas fa-chevron-up\"><\/i><\/span><\/a><\/span><\/div><div class=\"wp-block-getwid-accordion__content-wrapper\"><div class=\"wp-block-getwid-accordion__content\">\n<ol class=\"wp-block-list\">\n<li><strong>Entrada al Portal \u00c0tom<\/strong><\/li>\n\n\n\n<li><strong>Tramitar la petici\u00f3 &#8220;Telefonia m\u00f2bil &#8211; alta&#8221;<\/strong><\/li>\n<\/ol>\n\n\n\n<figure class=\"wp-block-image size-large\"><img loading=\"lazy\" decoding=\"async\" width=\"1024\" height=\"433\" src=\"https:\/\/projectes.xtec.cat\/digital\/wp-content\/uploads\/usu2317\/2025\/04\/proces-1-1024x433.png\" alt=\"\" class=\"wp-image-35658\" srcset=\"https:\/\/projectes.xtec.cat\/digital\/wp-content\/uploads\/usu2317\/2025\/04\/proces-1-1024x433.png 1024w, https:\/\/projectes.xtec.cat\/digital\/wp-content\/uploads\/usu2317\/2025\/04\/proces-1-300x127.png 300w, https:\/\/projectes.xtec.cat\/digital\/wp-content\/uploads\/usu2317\/2025\/04\/proces-1-768x325.png 768w, https:\/\/projectes.xtec.cat\/digital\/wp-content\/uploads\/usu2317\/2025\/04\/proces-1-1536x650.png 1536w, https:\/\/projectes.xtec.cat\/digital\/wp-content\/uploads\/usu2317\/2025\/04\/proces-1.png 1858w\" sizes=\"auto, (max-width: 1024px) 100vw, 1024px\" \/><\/figure>\n\n\n\n<p><strong>RELLEVANT<\/strong>: <\/p>\n\n\n\n<p>Si la direcci\u00f3 del centre no t\u00e9 visible aquesta opci\u00f3, el centre haur\u00e0 de fer-se client de CTTI \u2013els centres concertats no han de dur a terme aquest pas. Per fer-se client de CTTI, s\u2019han de seguir els passos que trobareu a l\u2019apartat \u201cProcediment de sol\u00b7licitud: finan\u00e7ament i alta\u201d al portal de centres. Recordem que el cost d\u2019aquest servei, l\u2019assumeix el Departament.<\/p>\n\n\n\n<ol class=\"wp-block-list\" start=\"3\">\n<li><strong>Omplir el formulari<\/strong><\/li>\n<\/ol>\n\n\n\n<p>A l\u2019apartat \u201cTipus d\u2019alta de serveis\u201d s\u2019ha de seleccionar l\u2019opci\u00f3: \u201camb nova numeraci\u00f3 m\u00f2bil\u201d. Revisar totes les dades de lliurament<\/p>\n\n\n\n<ul class=\"wp-block-list\">\n<li><strong>NIF o UID del responsable:<\/strong> DNI de la direcci\u00f3 del centre<\/li>\n\n\n\n<li><strong>Nom i cognoms del responsable de la l\u00ednia<\/strong>: Nom i cognoms director\/a<\/li>\n\n\n\n<li><strong>Correu electr\u00f2nic del responsable<\/strong>: Correu electr\u00f2nic director\/a<\/li>\n\n\n\n<li><strong>Seleccioni el perfil<\/strong>: Perfil educaci\u00f3<\/li>\n\n\n\n<li><strong>Escolliu terminal<\/strong>: Sense terminal<\/li>\n\n\n\n<li><strong>Observacions<\/strong>: En aquest camp s\u2019ha d\u2019informar l\u2019IDALU de l\u2019alumne<\/li>\n\n\n\n<li>Oficialitzar el formulari prement el bot\u00f3 \u201c<strong>Enviar sol\u00b7licitud<\/strong>\u201d a la part superior dreta<\/li>\n<\/ul>\n\n\n\n<figure data-wp-context=\"{&quot;imageId&quot;:&quot;69f0d2b496c1b&quot;}\" data-wp-interactive=\"core\/image\" class=\"wp-block-image aligncenter size-full is-resized is-style-default wp-lightbox-container\"><img loading=\"lazy\" decoding=\"async\" width=\"659\" height=\"946\" data-wp-class--hide=\"state.isContentHidden\" data-wp-class--show=\"state.isContentVisible\" data-wp-init=\"callbacks.setButtonStyles\" data-wp-on-async--click=\"actions.showLightbox\" data-wp-on-async--load=\"callbacks.setButtonStyles\" data-wp-on-async-window--resize=\"callbacks.setButtonStyles\" src=\"https:\/\/projectes.xtec.cat\/digital\/wp-content\/uploads\/usu2317\/2025\/04\/demandaMiFi.png\" alt=\"\" class=\"wp-image-35661\" style=\"width:342px;height:auto\" srcset=\"https:\/\/projectes.xtec.cat\/digital\/wp-content\/uploads\/usu2317\/2025\/04\/demandaMiFi.png 659w, https:\/\/projectes.xtec.cat\/digital\/wp-content\/uploads\/usu2317\/2025\/04\/demandaMiFi-209x300.png 209w\" sizes=\"auto, (max-width: 659px) 100vw, 659px\" \/><button\n\t\t\tclass=\"lightbox-trigger\"\n\t\t\ttype=\"button\"\n\t\t\taria-haspopup=\"dialog\"\n\t\t\taria-label=\"Amplia la imatge\"\n\t\t\tdata-wp-init=\"callbacks.initTriggerButton\"\n\t\t\tdata-wp-on-async--click=\"actions.showLightbox\"\n\t\t\tdata-wp-style--right=\"state.imageButtonRight\"\n\t\t\tdata-wp-style--top=\"state.imageButtonTop\"\n\t\t>\n\t\t\t<svg xmlns=\"http:\/\/www.w3.org\/2000\/svg\" width=\"12\" height=\"12\" fill=\"none\" viewBox=\"0 0 12 12\">\n\t\t\t\t<path fill=\"#fff\" d=\"M2 0a2 2 0 0 0-2 2v2h1.5V2a.5.5 0 0 1 .5-.5h2V0H2Zm2 10.5H2a.5.5 0 0 1-.5-.5V8H0v2a2 2 0 0 0 2 2h2v-1.5ZM8 12v-1.5h2a.5.5 0 0 0 .5-.5V8H12v2a2 2 0 0 1-2 2H8Zm2-12a2 2 0 0 1 2 2v2h-1.5V2a.5.5 0 0 0-.5-.5H8V0h2Z\" \/>\n\t\t\t<\/svg>\n\t\t<\/button><\/figure>\n<\/div><\/div>\n\n\n\n<div class=\"wp-block-getwid-accordion__header-wrapper\"><span class=\"wp-block-getwid-accordion__header\"><a href=\"#\"><span class=\"wp-block-getwid-accordion__header-title\">Contactes de refer\u00e8ncia per q\u00fcestions o incid\u00e8ncies<\/span><span class=\"wp-block-getwid-accordion__icon is-active\"><i class=\"fas fa-chevron-down\"><\/i><\/span><span class=\"wp-block-getwid-accordion__icon is-passive\"><i class=\"fas fa-chevron-up\"><\/i><\/span><\/a><\/span><\/div><div class=\"wp-block-getwid-accordion__content-wrapper\"><div class=\"wp-block-getwid-accordion__content\">\n<p>A partir del moment de demanar la reactivaci\u00f3 dels dispositius de connectivitat MiFi, podeu&nbsp; adre\u00e7ar-vos mitjan\u00e7ant els canals habituals \u00c0tom:<\/p>\n\n\n\n<ul class=\"wp-block-list\">\n<li><strong>Portal \u00c0tom: <\/strong><a href=\"https:\/\/atomgencat.onbmc.com\/\">https:\/\/atomgencat.onbmc.com\/<\/a><\/li>\n\n\n\n<li><strong>Correu electr\u00f2nic: <\/strong>assistencia@atom.gencat.cat&nbsp;<\/li>\n\n\n\n<li><strong>Tel\u00e8fon de contacte: <\/strong>900 82 82 82&nbsp;<\/li>\n<\/ul>\n<\/div><\/div>\n<\/div>\n<\/div><\/div><\/div><\/div><\/div>\n\n\n\n<div style=\"height:40px\" aria-hidden=\"true\" class=\"wp-block-spacer\"><\/div>\n\n\n\n<p>Amb l&#8217;objectiu de garantir que tot l&#8217;alumnat pugui connectar-se a internet des de les seves llars, s&#8217;han desplegat 2 tipus de MiFis: <\/p>\n\n\n\n<div class=\"wp-block-columns alignwide is-layout-flex wp-container-core-columns-is-layout-1 wp-block-columns-is-layout-flex\">\n<div class=\"wp-block-column caixa is-layout-flow wp-block-column-is-layout-flow\" style=\"flex-basis:70%\">\n<h2 class=\"wp-block-heading alignwide\">MiFi blanc (Huawei)<\/h2>\n\n\n\n<p>En el curs 2024-25, s&#8217;ofereix als centres educatius l&#8217;opci\u00f3 de demanar aquest dispositiu MiFi per l&#8217;alumnat sense connectivitat a la llar amb NEE.<\/p>\n\n\n\n<figure class=\"wp-block-image aligncenter size-large is-resized\"><a href=\"https:\/\/projectes.xtec.cat\/digital\/wp-content\/uploads\/usu2317\/2023\/03\/mifi-300x177-1.png\"><img loading=\"lazy\" decoding=\"async\" width=\"300\" height=\"177\" src=\"https:\/\/projectes.xtec.cat\/digital\/wp-content\/uploads\/usu2317\/2023\/03\/mifi-300x177-1.png\" alt=\"Fotografia d'un dispositiu MiFi\" class=\"wp-image-12611\"\/><\/a><figcaption class=\"wp-element-caption\">Huawei R219 VODAFONE<\/figcaption><\/figure>\n\n\n\n<p>Aquests dispositius tenen <strong>dades il\u00b7limitades<\/strong> per\u00f2 tenen les seg\u00fcents restriccions: <\/p>\n\n\n\n<ul class=\"wp-block-list\">\n<li><strong>Horari<\/strong>: L\u2019alumnat podr\u00e0 disposar d\u2019aquesta connectivitat entre les 7 hores del mat\u00ed i les 23 hores de la nit.<\/li>\n\n\n\n<li><strong>Acc\u00e9s<\/strong>: S\u2019apliquen les mateixes restriccions que les fixades per defecte en els centres educatius, afegint les xarxes socials (Instagram, Facebook), portals de streaming (Netflix, Mega) i de jocs en l\u00ednia (Xbox Live), i iTunes. Aquestes restriccions s\u2019han establert despr\u00e9s de l\u2019an\u00e0lisi de l\u2019\u00fas de dades realitzat en els equipaments de connectivitat proporcionats a l\u2019alumnat durant els mesos de confinament en el projecte \u201cequitat digital\u201d.<\/li>\n<\/ul>\n\n\n\n<h3 class=\"wp-block-heading\">Recursos<\/h3>\n\n\n\n<ul class=\"has-medium-font-size wp-block-list\">\n<li><a rel=\"noreferrer noopener\" href=\"https:\/\/projectes.xtec.cat\/edc\/wp-content\/uploads\/usu2268\/2020\/10\/Guia-ra%CC%80pida-dispositiu-de-connectivitat-MiFi.pdf\" target=\"_blank\">Guia r\u00e0pida del dispositiu de connectivitat MiFi<\/a><\/li>\n\n\n\n<li><a rel=\"noreferrer noopener\" href=\"https:\/\/projectes.xtec.cat\/digital\/wp-content\/uploads\/usu2317\/2023\/09\/Model-carta-de-lliurament-alumnat-MiFi.odt\" data-type=\"URL\" data-id=\"https:\/\/projectes.xtec.cat\/digital\/wp-content\/uploads\/usu2317\/2023\/09\/Model-carta-de-lliurament-alumnat-MiFi.odt\" target=\"_blank\">Carta de comprom\u00eds de bon \u00fas<\/a><\/li>\n<\/ul>\n<\/div>\n\n\n\n<div class=\"wp-block-column caixa is-layout-flow wp-block-column-is-layout-flow\">\n<h2 class=\"wp-block-heading alignwide\">MiFi negre (Alcatel)<\/h2>\n\n\n\n<figure class=\"wp-block-image aligncenter size-large is-resized\"><a href=\"https:\/\/projectes.xtec.cat\/digital\/wp-content\/uploads\/usu2317\/2023\/03\/mifi-alcatel.jpg\"><img loading=\"lazy\" decoding=\"async\" width=\"679\" height=\"328\" src=\"https:\/\/projectes.xtec.cat\/digital\/wp-content\/uploads\/usu2317\/2023\/03\/mifi-alcatel.jpg\" alt=\"Mifi alcatel\" class=\"wp-image-12621\" style=\"width:215px;height:104px\" srcset=\"https:\/\/projectes.xtec.cat\/digital\/wp-content\/uploads\/usu2317\/2023\/03\/mifi-alcatel.jpg 679w, https:\/\/projectes.xtec.cat\/digital\/wp-content\/uploads\/usu2317\/2023\/03\/mifi-alcatel-300x145.jpg 300w\" sizes=\"auto, (max-width: 679px) 100vw, 679px\" \/><\/a><figcaption class=\"wp-element-caption\">Alcatel MW40V Link Zone&nbsp;<\/figcaption><\/figure>\n\n\n\n<p>Aquestes MiFis es van desplegar per <a rel=\"noreferrer noopener\" href=\"https:\/\/www.red.es\/es\/sobre-nosotros\/quienes-somos\" data-type=\"URL\" data-id=\"https:\/\/www.red.es\/es\/sobre-nosotros\/quienes-somos\" target=\"_blank\">Red.es<\/a> durant el curs 2021-22.   <\/p>\n\n\n\n<p class=\"has-ast-global-color-4-background-color has-background\">\u26a0\ufe0f El pla de dades ja no \u00e9s actiu i, per tant, aquests dispositius ja no s\u00f3n operatius. <br>\u26a0\ufe0f <strong>El centre ha de conservar els dispositius fins nova comunicaci\u00f3<\/strong> per part del Departament d\u2019Educaci\u00f3. <\/p>\n<\/div>\n<\/div>\n\n\n\n<div style=\"height:60px\" aria-hidden=\"true\" class=\"wp-block-spacer\"><\/div>\n\n\n\n<div class=\"wp-block-getwid-section alignfull alignfull\"><div class=\"wp-block-getwid-section__wrapper\"><div class=\"wp-block-getwid-section__inner-wrapper\"><div class=\"wp-block-getwid-section__background-holder\"><div class=\"wp-block-getwid-section__background has-background has-ast-global-color-4-background-color\"><\/div><div class=\"wp-block-getwid-section__foreground\"><\/div><\/div><div class=\"wp-block-getwid-section__content\"><div class=\"wp-block-getwid-section__inner-content\">\n<div style=\"height:20px\" aria-hidden=\"true\" class=\"wp-block-spacer\"><\/div>\n\n\n\n<h4 class=\"wp-block-heading alignwide\">En cas d&#8217;incid\u00e8ncia amb les MiFi, podeu fer servir una d&#8217;aquestes vies de notificaci\u00f3:<\/h4>\n\n\n\n<ul class=\"wp-block-list\">\n<li><strong>Portal \u00c0tom:&nbsp;<\/strong><a href=\"https:\/\/atomgencat.onbmc.com\/\">https:\/\/atomgencat.onbmc.com\/<\/a><\/li>\n\n\n\n<li>Envieu un correu a <strong><a href=\"mailto:assistencia@atom.gencat.cat\">assistencia@atom.gencat.cat<\/a><\/strong><\/li>\n\n\n\n<li>Truqueu al tel\u00e8fon 900 82 82 82<\/li>\n<\/ul>\n\n\n\n<div style=\"height:20px\" aria-hidden=\"true\" class=\"wp-block-spacer\"><\/div>\n<\/div><\/div><\/div><\/div><\/div>\n\n\n\n<div class=\"wp-block-getwid-section alignfull alignfull\"><div class=\"wp-block-getwid-section__wrapper\"><div class=\"wp-block-getwid-section__inner-wrapper\"><div class=\"wp-block-getwid-section__background-holder\"><div class=\"wp-block-getwid-section__background\"><\/div><div class=\"wp-block-getwid-section__foreground\"><\/div><\/div><div class=\"wp-block-getwid-section__content\"><div class=\"wp-block-getwid-section__inner-content\">\n<div style=\"height:50px\" aria-hidden=\"true\" class=\"wp-block-spacer\"><\/div>\n\n\n\n<h2 class=\"wp-block-heading alignwide\">Xarxa docent NUS<\/h2>\n\n\n\n<div class=\"wp-block-columns alignwide is-layout-flex wp-container-core-columns-is-layout-2 wp-block-columns-is-layout-flex\">\n<div class=\"wp-block-column is-layout-flow wp-block-column-is-layout-flow\">\n<h3 class=\"wp-block-heading\">Darreres converses<\/h3>\n\n\n<div class='nus_topics'><span class=\"nus_data\">14.02.26<\/span> <a target=\"_blank\" href=\"https:\/\/comunitat.edigital.cat\/t\/alguns-chromebooks-no-veuen-totes-les-wifis\/44480\">Alguns Chromebooks no veuen totes les wifis<\/a><br><span class=\"nus_data\">09.01.26<\/span> <a target=\"_blank\" href=\"https:\/\/comunitat.edigital.cat\/t\/chromebooks-alumnat-que-no-es-connecten-des-de-casa\/43965\">Chromebooks alumnat que no es connecten des de casa<\/a><br><span class=\"nus_data\">09.04.25<\/span> <a target=\"_blank\" href=\"https:\/\/comunitat.edigital.cat\/t\/assignacio-mifis\/40047\">Assignaci\u00f3 MiFis<\/a><br><span class=\"nus_data\">04.04.25<\/span> <a target=\"_blank\" href=\"https:\/\/comunitat.edigital.cat\/t\/mifis-departament\/38837\">MIFI's Departament<\/a><br><span class=\"nus_data\">11.02.25<\/span> <a target=\"_blank\" href=\"https:\/\/comunitat.edigital.cat\/t\/elements-a-indic-que-ja-no-tenim\/38817\">Elements a indic que ja no tenim<\/a><br><span class=\"nus_data\">07.02.25<\/span> <a target=\"_blank\" href=\"https:\/\/comunitat.edigital.cat\/t\/els-coordinadors-es-digitals-de-catalunya-en-lluita-volem-saber-si-teniu-constancia-del-caos-que-sha-generat-en-la-recollida-de-mifis\/29991\">Els Coordinadors\/es digitals de Catalunya en Lluita volem saber si teniu const\u00e0ncia del caos que s'ha generat en la recollida de MIFIS?<\/a><br><span class=\"nus_data\">20.01.25<\/span> <a target=\"_blank\" href=\"https:\/\/comunitat.edigital.cat\/t\/mifis\/38399\">MIFIs<\/a><br><span class=\"nus_data\">11.12.24<\/span> <a target=\"_blank\" href=\"https:\/\/comunitat.edigital.cat\/t\/peticio-dactivacio-de-mifi-rebutjada\/29396\">Petici\u00f3 d'activaci\u00f3 de MIFI, rebutjada<\/a><br><span class=\"nus_data\">30.10.24<\/span> <a target=\"_blank\" href=\"https:\/\/comunitat.edigital.cat\/t\/mifis\/36547\">Mifis<\/a><br><span class=\"nus_data\">29.10.24<\/span> <a target=\"_blank\" href=\"https:\/\/comunitat.edigital.cat\/t\/com-reassignar-mifi-que-no-apareix-a-linventari-sol-licitat-a-remedy-per-a-un-alumne\/35206\">Com reassignar MIFI que no apareix a l'inventari sol\u00b7licitat a Remedy per a un alumne<\/a><br><\/div>\n<\/div>\n\n\n\n<div class=\"wp-block-column is-layout-flow wp-block-column-is-layout-flow\">\n<h3 class=\"wp-block-heading\">Converses m\u00e9s vistes<\/h3>\n\n\n<div class='nus_topics'><span class=\"nus_data\">20.03.24<\/span> <a target=\"_blank\" href=\"https:\/\/comunitat.edigital.cat\/t\/mifis-i-mes-mifis\/9792\">Mifis i m\u00e9s mifis<\/a><br><span class=\"nus_data\">07.02.25<\/span> <a target=\"_blank\" href=\"https:\/\/comunitat.edigital.cat\/t\/els-coordinadors-es-digitals-de-catalunya-en-lluita-volem-saber-si-teniu-constancia-del-caos-que-sha-generat-en-la-recollida-de-mifis\/29991\">Els Coordinadors\/es digitals de Catalunya en Lluita volem saber si teniu const\u00e0ncia del caos que s'ha generat en la recollida de MIFIS?<\/a><br><span class=\"nus_data\">16.03.24<\/span> <a target=\"_blank\" href=\"https:\/\/comunitat.edigital.cat\/t\/wifi-per-als-kits-de-robotica-i-altres-equipaments\/29556\">WIFI per als kits de rob\u00f2tica i altres equipaments<\/a><br><span class=\"nus_data\">07.02.24<\/span> <a target=\"_blank\" href=\"https:\/\/comunitat.edigital.cat\/t\/recollida-mifis\/29553\">Recollida MIFIs<\/a><br><span class=\"nus_data\">18.02.24<\/span> <a target=\"_blank\" href=\"https:\/\/comunitat.edigital.cat\/t\/mifis-que-shan-de-retornar\/29285\">Mifis que s'han de retornar?<\/a><br><span class=\"nus_data\">08.05.23<\/span> <a target=\"_blank\" href=\"https:\/\/comunitat.edigital.cat\/t\/a-qui-sha-dentregar-els-mifis-rebuts\/19601\">A qui s'ha d'entregar els MiFis rebuts?<\/a><br><span class=\"nus_data\">20.11.23<\/span> <a target=\"_blank\" href=\"https:\/\/comunitat.edigital.cat\/t\/mifis-donades-de-baixa\/28892\">Mifis donades de baixa<\/a><br><span class=\"nus_data\">30.01.22<\/span> <a target=\"_blank\" href=\"https:\/\/comunitat.edigital.cat\/t\/idees-per-la-sessio-territorial-1\/4562\">Idees per la sessi\u00f3 territorial 1<\/a><br><span class=\"nus_data\">17.11.23<\/span> <a target=\"_blank\" href=\"https:\/\/comunitat.edigital.cat\/t\/canvis-de-les-mifis\/28664\">Canvis de les mifis<\/a><br><span class=\"nus_data\">11.12.24<\/span> <a target=\"_blank\" href=\"https:\/\/comunitat.edigital.cat\/t\/peticio-dactivacio-de-mifi-rebutjada\/29396\">Petici\u00f3 d'activaci\u00f3 de MIFI, rebutjada<\/a><br><\/div>\n<\/div>\n<\/div>\n\n\n\n<div style=\"height:100px\" aria-hidden=\"true\" class=\"wp-block-spacer\"><\/div>\n<\/div><\/div><\/div><\/div><\/div>\n\n\n\n<div class=\"wp-block-getwid-section alignfull alignwide alignfull\"><div class=\"wp-block-getwid-section__wrapper\"><div class=\"wp-block-getwid-section__inner-wrapper\"><div class=\"wp-block-getwid-section__background-holder\"><div class=\"wp-block-getwid-section__background has-background has-ast-global-color-5-background-color\"><\/div><div class=\"wp-block-getwid-section__foreground\"><\/div><\/div><div class=\"wp-block-getwid-section__content\"><div class=\"wp-block-getwid-section__inner-content\">\n<hr class=\"wp-block-separator has-css-opacity is-style-wide\"\/>\n\n\n\n<figure class=\"wp-block-image size-large is-resized\"><a href=\"https:\/\/projectes.xtec.cat\/digital\/wp-content\/uploads\/usu2317\/2023\/09\/logosMRR.jpg\"><img loading=\"lazy\" decoding=\"async\" width=\"1024\" height=\"137\" src=\"https:\/\/projectes.xtec.cat\/digital\/wp-content\/uploads\/usu2317\/2023\/09\/logosMRR-1024x137.jpg\" alt=\"Logos MRR\n\" class=\"wp-image-28641\" style=\"width:1052px;height:auto\" srcset=\"https:\/\/projectes.xtec.cat\/digital\/wp-content\/uploads\/usu2317\/2023\/09\/logosMRR-1024x137.jpg 1024w, https:\/\/projectes.xtec.cat\/digital\/wp-content\/uploads\/usu2317\/2023\/09\/logosMRR-300x40.jpg 300w, https:\/\/projectes.xtec.cat\/digital\/wp-content\/uploads\/usu2317\/2023\/09\/logosMRR-768x103.jpg 768w, https:\/\/projectes.xtec.cat\/digital\/wp-content\/uploads\/usu2317\/2023\/09\/logosMRR-1536x205.jpg 1536w, https:\/\/projectes.xtec.cat\/digital\/wp-content\/uploads\/usu2317\/2023\/09\/logosMRR-2048x274.jpg 2048w\" sizes=\"auto, (max-width: 1024px) 100vw, 1024px\" \/><\/a><\/figure>\n<\/div><\/div><\/div><\/div><\/div>\n","protected":false},"excerpt":{"rendered":"<p>Amb l&#8217;objectiu de garantir que tot l&#8217;alumnat pugui connectar-se a internet des de les seves llars, s&#8217;han desplegat 2 tipus de MiFis: MiFi blanc (Huawei) En el curs 2024-25, s&#8217;ofereix als centres educatius l&#8217;opci\u00f3 de demanar aquest dispositiu MiFi per l&#8217;alumnat sense connectivitat a la llar amb NEE. Aquests dispositius tenen dades il\u00b7limitades per\u00f2 tenen [&hellip;]<\/p>\n","protected":false},"author":2,"featured_media":0,"parent":12573,"menu_order":0,"comment_status":"closed","ping_status":"close","template":"","meta":{"site-sidebar-layout":"no-sidebar","site-content-layout":"plain-container","ast-site-content-layout":"normal-width-container","site-content-style":"unboxed","site-sidebar-style":"unboxed","ast-global-header-display":"","ast-banner-title-visibility":"","ast-main-header-display":"","ast-hfb-above-header-display":"","ast-hfb-below-header-display":"","ast-hfb-mobile-header-display":"","site-post-title":"","ast-breadcrumbs-content":"","ast-featured-img":"","footer-sml-layout":"","theme-transparent-header-meta":"","adv-header-id-meta":"","stick-header-meta":"","header-above-stick-meta":"","header-main-stick-meta":"","header-below-stick-meta":"","astra-migrate-meta-layouts":"set","ast-page-background-enabled":"default","ast-page-background-meta":{"desktop":{"background-color":"var(--ast-global-color-4)","background-image":"","background-repeat":"repeat","background-position":"center center","background-size":"auto","background-attachment":"scroll","background-type":"","background-media":"","overlay-type":"","overlay-color":"","overlay-opacity":"","overlay-gradient":""},"tablet":{"background-color":"","background-image":"","background-repeat":"repeat","background-position":"center center","background-size":"auto","background-attachment":"scroll","background-type":"","background-media":"","overlay-type":"","overlay-color":"","overlay-opacity":"","overlay-gradient":""},"mobile":{"background-color":"","background-image":"","background-repeat":"repeat","background-position":"center center","background-size":"auto","background-attachment":"scroll","background-type":"","background-media":"","overlay-type":"","overlay-color":"","overlay-opacity":"","overlay-gradient":""}},"ast-content-background-meta":{"desktop":{"background-color":"var(--ast-global-color-5)","background-image":"","background-repeat":"repeat","background-position":"center center","background-size":"auto","background-attachment":"scroll","background-type":"","background-media":"","overlay-type":"","overlay-color":"","overlay-opacity":"","overlay-gradient":""},"tablet":{"background-color":"var(--ast-global-color-5)","background-image":"","background-repeat":"repeat","background-position":"center center","background-size":"auto","background-attachment":"scroll","background-type":"","background-media":"","overlay-type":"","overlay-color":"","overlay-opacity":"","overlay-gradient":""},"mobile":{"background-color":"var(--ast-global-color-5)","background-image":"","background-repeat":"repeat","background-position":"center center","background-size":"auto","background-attachment":"scroll","background-type":"","background-media":"","overlay-type":"","overlay-color":"","overlay-opacity":"","overlay-gradient":""}},"footnotes":""},"class_list":["post-12607","page","type-page","status-publish","hentry"],"post_mailing_queue_ids":[],"_links":{"self":[{"href":"https:\/\/projectes.xtec.cat\/digital\/wp-json\/wp\/v2\/pages\/12607","targetHints":{"allow":["GET"]}}],"collection":[{"href":"https:\/\/projectes.xtec.cat\/digital\/wp-json\/wp\/v2\/pages"}],"about":[{"href":"https:\/\/projectes.xtec.cat\/digital\/wp-json\/wp\/v2\/types\/page"}],"author":[{"embeddable":true,"href":"https:\/\/projectes.xtec.cat\/digital\/wp-json\/wp\/v2\/users\/2"}],"replies":[{"embeddable":true,"href":"https:\/\/projectes.xtec.cat\/digital\/wp-json\/wp\/v2\/comments?post=12607"}],"version-history":[{"count":6,"href":"https:\/\/projectes.xtec.cat\/digital\/wp-json\/wp\/v2\/pages\/12607\/revisions"}],"predecessor-version":[{"id":35662,"href":"https:\/\/projectes.xtec.cat\/digital\/wp-json\/wp\/v2\/pages\/12607\/revisions\/35662"}],"up":[{"embeddable":true,"href":"https:\/\/projectes.xtec.cat\/digital\/wp-json\/wp\/v2\/pages\/12573"}],"wp:attachment":[{"href":"https:\/\/projectes.xtec.cat\/digital\/wp-json\/wp\/v2\/media?parent=12607"}],"curies":[{"name":"wp","href":"https:\/\/api.w.org\/{rel}","templated":true}]}}