{"id":13377,"date":"2023-03-10T14:55:07","date_gmt":"2023-03-10T13:55:07","guid":{"rendered":"https:\/\/projectes.xtec.cat\/digital\/?page_id=13377"},"modified":"2025-03-24T09:50:24","modified_gmt":"2025-03-24T08:50:24","slug":"armaris-de-carrega","status":"publish","type":"page","link":"https:\/\/projectes.xtec.cat\/digital\/equipaments-i-infraestructures\/ordinadors\/armaris-de-carrega\/","title":{"rendered":"Armaris de c\u00e0rrega"},"content":{"rendered":"\n<div class=\"wp-block-columns alignwide is-layout-flex wp-container-core-columns-is-layout-1 wp-block-columns-is-layout-flex\">\n<div class=\"wp-block-column is-layout-flow wp-block-column-is-layout-flow\" style=\"flex-basis:60%\">\n<p>La dotaci\u00f3 d&#8217;armaris d&#8217;emmagatzematge i rec\u00e0rrega d&#8217;ordinadors port\u00e0tils del Pla d&#8217;Educaci\u00f3 Digital de Catalunya s&#8217;emmarca en les actuacions del programa estatal &#8220;Educa en Digital&#8221;, que compta amb el cofinan\u00e7ament dels Fons Europeus de Desenvolupament Regional (FEDER) i es desenvolupa mitjan\u00e7ant conveni entre el Departament d&#8217;Educaci\u00f3, el Ministeri d&#8217;Educaci\u00f3 i Formaci\u00f3 Professional i l&#8217;entitat estatal &#8220;Red.es&#8221;.<\/p>\n\n\n\n<figure class=\"wp-block-image aligncenter size-large is-resized\"><a href=\"https:\/\/projectes.xtec.cat\/digital\/wp-content\/uploads\/usu2317\/2022\/12\/Armaris-1.png\"><img loading=\"lazy\" decoding=\"async\" width=\"670\" height=\"294\" src=\"https:\/\/projectes.xtec.cat\/digital\/wp-content\/uploads\/usu2317\/2022\/12\/Armaris-1.png\" alt=\"\" class=\"wp-image-10280\" style=\"width:442px;height:194px\" srcset=\"https:\/\/projectes.xtec.cat\/digital\/wp-content\/uploads\/usu2317\/2022\/12\/Armaris-1.png 670w, https:\/\/projectes.xtec.cat\/digital\/wp-content\/uploads\/usu2317\/2022\/12\/Armaris-1-300x132.png 300w\" sizes=\"auto, (max-width: 670px) 100vw, 670px\" \/><\/a><figcaption class=\"wp-element-caption\">Armaris de rec\u00e0rrega del programa &#8220;Educa en digital&#8221;<\/figcaption><\/figure>\n\n\n\n<p>El nombre d&#8217;armaris assignat a cada centre s&#8217;ha calculat tenint en compte les respostes a l&#8217;enquesta de detecci\u00f3 de necessitats feta durant el mes de mar\u00e7 de 2022, ajustat a les unitats finalment disponibles del programa &#8220;Educa en Digital&#8221;.<\/p>\n\n\n\n<p>L&#8217;adjudicatari del servei \u00e9s l&#8217;empresa APD, i es comunica amb els centres educatius mitjan\u00e7ant l&#8217;adre\u00e7a de correu <strong>educaendigitalcat.armarios@red.es<\/strong>. Durant el per\u00edode de garantia, ATOM (antic SAU) del Departament d&#8217;Educaci\u00f3 actuar\u00e0 \u00fanicament com a intermediari entre els centres educatius i l&#8217;empresa adjudicat\u00e0ria per tramitar possibles incid\u00e8ncies de mal funcionament dels equips.<\/p>\n<\/div>\n\n\n\n<div class=\"wp-block-column is-layout-flow wp-block-column-is-layout-flow\">\n<h3 class=\"wp-block-heading alignwide\">Caracter\u00edstiques<\/h3>\n\n\n\n<ul class=\"wp-block-list\">\n<li>Capacitat m\u00e0xima: 32 ordinadors port\u00e0tils amb els seus carregadors.<\/li>\n\n\n\n<li>Temporitzador digital que permet programar els horaris de c\u00e0rrega.<\/li>\n\n\n\n<li>Tancament de portes amb pany. El prove\u00efdor subministrar\u00e0 dues c\u00f2pies de cada clau al centre.<\/li>\n\n\n\n<li>Dimensions: 830 mm (al\u00e7ada) x 946 mm (amplada) x 595 mm (fons)<\/li>\n\n\n\n<li>Pes: 70 kg (buit)<\/li>\n\n\n\n<li>Longitud del cable de connexi\u00f3 a la xarxa el\u00e8ctrica: 2 m<\/li>\n<\/ul>\n\n\n\n<h3 class=\"wp-block-heading alignwide\">Documentaci\u00f3<\/h3>\n\n\n\n<ul class=\"wp-block-list\">\n<li><a href=\"https:\/\/projectes.xtec.cat\/edc\/wp-content\/uploads\/usu2268\/2022\/09\/Instruccions_basiques_armaris_v7.3.pdf\" target=\"_blank\" rel=\"noreferrer noopener\">Guia breu<\/a><\/li>\n\n\n\n<li><a href=\"https:\/\/projectes.xtec.cat\/edc\/wp-content\/uploads\/usu2268\/2022\/09\/Manual_armarios_v4.5.pdf\" target=\"_blank\" rel=\"noreferrer noopener\">Manual d&#8217;\u00fas<\/a><\/li>\n\n\n\n<li><a href=\"https:\/\/projectes.xtec.cat\/edc\/wp-content\/uploads\/usu2268\/2022\/09\/FAQ_armaris_v4.3.pdf\" target=\"_blank\" rel=\"noreferrer noopener\">Preguntes freq\u00fcents<\/a><\/li>\n<\/ul>\n<\/div>\n<\/div>\n\n\n\n<div style=\"height:100px\" aria-hidden=\"true\" class=\"wp-block-spacer\"><\/div>\n\n\n\n<div class=\"wp-block-getwid-section alignfull alignfull\"><div class=\"wp-block-getwid-section__wrapper\"><div class=\"wp-block-getwid-section__inner-wrapper\"><div class=\"wp-block-getwid-section__background-holder\"><div class=\"wp-block-getwid-section__background has-background has-ast-global-color-4-background-color\"><\/div><div class=\"wp-block-getwid-section__foreground\"><\/div><\/div><div class=\"wp-block-getwid-section__content\"><div class=\"wp-block-getwid-section__inner-content\">\n<div style=\"height:30px\" aria-hidden=\"true\" class=\"wp-block-spacer\"><\/div>\n\n\n\n<h2 class=\"wp-block-heading\">Xarxa docent NUS<\/h2>\n\n\n\n<div class=\"wp-block-columns is-layout-flex wp-container-core-columns-is-layout-2 wp-block-columns-is-layout-flex\">\n<div class=\"wp-block-column is-layout-flow wp-block-column-is-layout-flow\">\n<h3 class=\"wp-block-heading\">Darreres converses <\/h3>\n\n\n<div class='nus_topics'><span class=\"nus_data\">12.03.26<\/span> <a target=\"_blank\" href=\"https:\/\/comunitat.edigital.cat\/t\/horari-recarrega-carros-dels-chromebooks\/44879\">Horari rec\u00e0rrega carros dels Chromebooks<\/a><br><span class=\"nus_data\">24.01.26<\/span> <a target=\"_blank\" href=\"https:\/\/comunitat.edigital.cat\/t\/com-ordeneu-i-carregueu-els-kits-de-robotica\/29780\">Com ordeneu i carregueu els kits de rob\u00f3tica?<\/a><br><span class=\"nus_data\">26.10.25<\/span> <a target=\"_blank\" href=\"https:\/\/comunitat.edigital.cat\/t\/carro-de-portatils-armari-de-recarrega-no-funciona\/19713\">Carro de port\u00e0tils - armari de rec\u00e0rrega no funciona<\/a><br><span class=\"nus_data\">20.05.25<\/span> <a target=\"_blank\" href=\"https:\/\/comunitat.edigital.cat\/t\/carrega-de-bateries-de-portatils-tauletes\/40501\">C\u00e0rrega de bateries de port\u00e0tils \/ tauletes<\/a><br><span class=\"nus_data\">21.09.24<\/span> <a target=\"_blank\" href=\"https:\/\/comunitat.edigital.cat\/t\/carro-dordinadors\/35028\">Carro d'ordinadors<\/a><br><span class=\"nus_data\">20.03.24<\/span> <a target=\"_blank\" href=\"https:\/\/comunitat.edigital.cat\/t\/demanar-armaris-de-carrega\/31229\">Demanar armaris de c\u00e0rrega<\/a><br><span class=\"nus_data\">21.03.24<\/span> <a target=\"_blank\" href=\"https:\/\/comunitat.edigital.cat\/t\/dubtes-organitzacio-material-robotica\/31202\">DUBTES ORGANITZACI\u00d3 Material Rob\u00f2tica<\/a><br><span class=\"nus_data\">26.09.23<\/span> <a target=\"_blank\" href=\"https:\/\/comunitat.edigital.cat\/t\/armaris-de-carrega-36-tablets-portatils-venda\/27820\">Armaris de c\u00e0rrega 36 tablets\/ port\u00e0tils ( venda)<\/a><br><span class=\"nus_data\">26.09.23<\/span> <a target=\"_blank\" href=\"https:\/\/comunitat.edigital.cat\/t\/portes-i-panys-trencats\/27749\">Portes i panys trencats<\/a><br><span class=\"nus_data\">02.06.23<\/span> <a target=\"_blank\" href=\"https:\/\/comunitat.edigital.cat\/t\/incidencia-armari-carro-portatils-departament\/23601\">Incidencia armari\/carro portatils departament<\/a><br><\/div>\n<\/div>\n\n\n\n<div class=\"wp-block-column is-layout-flow wp-block-column-is-layout-flow\">\n<h3 class=\"wp-block-heading\">Converses m\u00e9s vistes<\/h3>\n\n\n<div class='nus_topics'><span class=\"nus_data\">24.01.26<\/span> <a target=\"_blank\" href=\"https:\/\/comunitat.edigital.cat\/t\/com-ordeneu-i-carregueu-els-kits-de-robotica\/29780\">Com ordeneu i carregueu els kits de rob\u00f3tica?<\/a><br><span class=\"nus_data\">25.05.23<\/span> <a target=\"_blank\" href=\"https:\/\/comunitat.edigital.cat\/t\/armaris-de-recarrega-comenca-el-desplegament\/18558\">\ud83d\udd0c Armaris de rec\u00e0rrega: comen\u00e7a el desplegament<\/a><br><span class=\"nus_data\">24.01.23<\/span> <a target=\"_blank\" href=\"https:\/\/comunitat.edigital.cat\/t\/donaran-carritos-pels-ordinadors-de-6e\/9403\">Donaran carritos pels ordinadors de 6\u00e8?<\/a><br><span class=\"nus_data\">26.10.25<\/span> <a target=\"_blank\" href=\"https:\/\/comunitat.edigital.cat\/t\/carro-de-portatils-armari-de-recarrega-no-funciona\/19713\">Carro de port\u00e0tils - armari de rec\u00e0rrega no funciona<\/a><br><span class=\"nus_data\">13.09.22<\/span> <a target=\"_blank\" href=\"https:\/\/comunitat.edigital.cat\/t\/pantalles-i-carros\/7693\">Pantalles i carros<\/a><br><span class=\"nus_data\">11.11.23<\/span> <a target=\"_blank\" href=\"https:\/\/comunitat.edigital.cat\/t\/soroll-armaris-de-carrega-nous\/19957\">Soroll armaris de c\u00e0rrega nous<\/a><br><span class=\"nus_data\">14.12.23<\/span> <a target=\"_blank\" href=\"https:\/\/comunitat.edigital.cat\/t\/panys-dels-carros-del-departament\/23164\">Panys dels carros del departament<\/a><br><span class=\"nus_data\">25.03.22<\/span> <a target=\"_blank\" href=\"https:\/\/comunitat.edigital.cat\/t\/que-fem-amb-la-despesa-de-carros-per-portatils-que-hem-invertit\/11109\">Qu\u00e8 fem amb la despesa de carros per port\u00e0tils que hem invertit?<\/a><br><span class=\"nus_data\">21.03.24<\/span> <a target=\"_blank\" href=\"https:\/\/comunitat.edigital.cat\/t\/dubtes-organitzacio-material-robotica\/31202\">DUBTES ORGANITZACI\u00d3 Material Rob\u00f2tica<\/a><br><span class=\"nus_data\">23.01.23<\/span> <a target=\"_blank\" href=\"https:\/\/comunitat.edigital.cat\/t\/problemes-amb-els-carros-dels-portatils\/22797\">Problemes amb els carros dels port\u00e0tils<\/a><br><\/div>\n<\/div>\n<\/div>\n\n\n\n<div style=\"height:30px\" aria-hidden=\"true\" class=\"wp-block-spacer\"><\/div>\n<\/div><\/div><\/div><\/div><\/div>\n","protected":false},"excerpt":{"rendered":"<p>La dotaci\u00f3 d&#8217;armaris d&#8217;emmagatzematge i rec\u00e0rrega d&#8217;ordinadors port\u00e0tils del Pla d&#8217;Educaci\u00f3 Digital de Catalunya s&#8217;emmarca en les actuacions del programa estatal &#8220;Educa en Digital&#8221;, que compta amb el cofinan\u00e7ament dels Fons Europeus de Desenvolupament Regional (FEDER) i es desenvolupa mitjan\u00e7ant conveni entre el Departament d&#8217;Educaci\u00f3, el Ministeri d&#8217;Educaci\u00f3 i Formaci\u00f3 Professional i l&#8217;entitat estatal &#8220;Red.es&#8221;. [&hellip;]<\/p>\n","protected":false},"author":2,"featured_media":0,"parent":12586,"menu_order":0,"comment_status":"closed","ping_status":"close","template":"","meta":{"site-sidebar-layout":"default","site-content-layout":"","ast-site-content-layout":"default","site-content-style":"default","site-sidebar-style":"default","ast-global-header-display":"","ast-banner-title-visibility":"","ast-main-header-display":"","ast-hfb-above-header-display":"","ast-hfb-below-header-display":"","ast-hfb-mobile-header-display":"","site-post-title":"","ast-breadcrumbs-content":"","ast-featured-img":"","footer-sml-layout":"","theme-transparent-header-meta":"","adv-header-id-meta":"","stick-header-meta":"","header-above-stick-meta":"","header-main-stick-meta":"","header-below-stick-meta":"","astra-migrate-meta-layouts":"set","ast-page-background-enabled":"default","ast-page-background-meta":{"desktop":{"background-color":"var(--ast-global-color-4)","background-image":"","background-repeat":"repeat","background-position":"center center","background-size":"auto","background-attachment":"scroll","background-type":"","background-media":"","overlay-type":"","overlay-color":"","overlay-opacity":"","overlay-gradient":""},"tablet":{"background-color":"","background-image":"","background-repeat":"repeat","background-position":"center center","background-size":"auto","background-attachment":"scroll","background-type":"","background-media":"","overlay-type":"","overlay-color":"","overlay-opacity":"","overlay-gradient":""},"mobile":{"background-color":"","background-image":"","background-repeat":"repeat","background-position":"center center","background-size":"auto","background-attachment":"scroll","background-type":"","background-media":"","overlay-type":"","overlay-color":"","overlay-opacity":"","overlay-gradient":""}},"ast-content-background-meta":{"desktop":{"background-color":"var(--ast-global-color-5)","background-image":"","background-repeat":"repeat","background-position":"center center","background-size":"auto","background-attachment":"scroll","background-type":"","background-media":"","overlay-type":"","overlay-color":"","overlay-opacity":"","overlay-gradient":""},"tablet":{"background-color":"var(--ast-global-color-5)","background-image":"","background-repeat":"repeat","background-position":"center center","background-size":"auto","background-attachment":"scroll","background-type":"","background-media":"","overlay-type":"","overlay-color":"","overlay-opacity":"","overlay-gradient":""},"mobile":{"background-color":"var(--ast-global-color-5)","background-image":"","background-repeat":"repeat","background-position":"center center","background-size":"auto","background-attachment":"scroll","background-type":"","background-media":"","overlay-type":"","overlay-color":"","overlay-opacity":"","overlay-gradient":""}},"footnotes":""},"class_list":["post-13377","page","type-page","status-publish","hentry"],"post_mailing_queue_ids":[],"_links":{"self":[{"href":"https:\/\/projectes.xtec.cat\/digital\/wp-json\/wp\/v2\/pages\/13377","targetHints":{"allow":["GET"]}}],"collection":[{"href":"https:\/\/projectes.xtec.cat\/digital\/wp-json\/wp\/v2\/pages"}],"about":[{"href":"https:\/\/projectes.xtec.cat\/digital\/wp-json\/wp\/v2\/types\/page"}],"author":[{"embeddable":true,"href":"https:\/\/projectes.xtec.cat\/digital\/wp-json\/wp\/v2\/users\/2"}],"replies":[{"embeddable":true,"href":"https:\/\/projectes.xtec.cat\/digital\/wp-json\/wp\/v2\/comments?post=13377"}],"version-history":[{"count":5,"href":"https:\/\/projectes.xtec.cat\/digital\/wp-json\/wp\/v2\/pages\/13377\/revisions"}],"predecessor-version":[{"id":34698,"href":"https:\/\/projectes.xtec.cat\/digital\/wp-json\/wp\/v2\/pages\/13377\/revisions\/34698"}],"up":[{"embeddable":true,"href":"https:\/\/projectes.xtec.cat\/digital\/wp-json\/wp\/v2\/pages\/12586"}],"wp:attachment":[{"href":"https:\/\/projectes.xtec.cat\/digital\/wp-json\/wp\/v2\/media?parent=13377"}],"curies":[{"name":"wp","href":"https:\/\/api.w.org\/{rel}","templated":true}]}}