{"id":13707,"date":"2023-03-16T21:00:15","date_gmt":"2023-03-16T20:00:15","guid":{"rendered":"https:\/\/projectes.xtec.cat\/digital\/?page_id=13707"},"modified":"2025-11-29T16:22:31","modified_gmt":"2025-11-29T15:22:31","slug":"comissio-digital","status":"publish","type":"page","link":"https:\/\/projectes.xtec.cat\/digital\/perfils\/comissio-digital\/","title":{"rendered":"Comissi\u00f3 digital"},"content":{"rendered":"\n<div class=\"wp-block-getwid-section alignfull\"><div class=\"wp-block-getwid-section__wrapper\"><div class=\"wp-block-getwid-section__inner-wrapper\"><div class=\"wp-block-getwid-section__background-holder\"><div class=\"wp-block-getwid-section__background\"><\/div><div class=\"wp-block-getwid-section__foreground\"><\/div><\/div><div class=\"wp-block-getwid-section__content\"><div class=\"wp-block-getwid-section__inner-content\">\n<div class=\"wp-block-columns alignwide is-layout-flex wp-container-core-columns-is-layout-2 wp-block-columns-is-layout-flex\">\n<div class=\"wp-block-column is-layout-flow wp-block-column-is-layout-flow\">\n<p>La<strong> comissi\u00f3 digital <\/strong>\u00e9s el grup de persones que s&#8217;encarrega de dissenyar i implantar la digitalitzaci\u00f3 del centre incloent tots els aspectes organitzatius, metodol\u00f2gics, curriculars i comunicatius necessaris. <\/p>\n\n\n\n<p>La comissi\u00f3 est\u00e0 format per:<\/p>\n\n\n\n<ul class=\"wp-block-list\">\n<li>un membre de l&#8217;equip directiu<\/li>\n\n\n\n<li>el coordinador\/a digital del centre<\/li>\n\n\n\n<li>docents de diferents nivells, mat\u00e8ries o \u00e0mbits i amb diferents c\u00e0rrecs de coordinaci\u00f3.<\/li>\n<\/ul>\n<\/div>\n\n\n\n<div class=\"wp-block-column is-layout-flow wp-block-column-is-layout-flow\">\n<p>Una de funcions m\u00e9s principals de la comissi\u00f3 digital \u00e9s elaborar l&#8217;<strong>estrat\u00e8gia digital<\/strong> de centre, que \u00e9s l&#8217;eina principal per aconseguir la digitalitzaci\u00f3 del centre i la m\u00e0xima compet\u00e8ncia digital de docents i alumnat. Els documents de cap\u00e7alera de la comissi\u00f3 digital s\u00f3n: <\/p>\n\n\n\n<div class=\"wp-block-columns is-layout-flex wp-container-core-columns-is-layout-1 wp-block-columns-is-layout-flex\">\n<div class=\"wp-block-column is-vertically-aligned-center is-layout-flow wp-block-column-is-layout-flow\">\n<figure class=\"wp-block-image alignright size-large is-resized doc\"><a href=\"https:\/\/educacio.gencat.cat\/web\/.content\/home\/departament\/publicacions\/colleccions\/pla-educacio-digital\/estrategia-digital-centre\/estrategia-digital-centre.pdf\" target=\"_blank\" rel=\"noopener\"><img loading=\"lazy\" decoding=\"async\" width=\"300\" height=\"429\" src=\"https:\/\/projectes.xtec.cat\/digital\/wp-content\/uploads\/usu2317\/2023\/03\/portada_edc.jpg\" alt=\"Portada EDC\" class=\"wp-image-13599\" style=\"width:210px;height:299px\" srcset=\"https:\/\/projectes.xtec.cat\/digital\/wp-content\/uploads\/usu2317\/2023\/03\/portada_edc.jpg 300w, https:\/\/projectes.xtec.cat\/digital\/wp-content\/uploads\/usu2317\/2023\/03\/portada_edc-210x300.jpg 210w\" sizes=\"auto, (max-width: 300px) 100vw, 300px\" \/><\/a><\/figure>\n<\/div>\n\n\n\n<div class=\"wp-block-column is-layout-flow wp-block-column-is-layout-flow\">\n<figure class=\"wp-block-image alignleft size-large doc\"><a href=\"https:\/\/educacio.gencat.cat\/web\/.content\/home\/departament\/publicacions\/colleccions\/pla-educacio-digital\/funcions-comissio-estrategia-digital-centre\/funcions-comissio-estrategia-digital-centre.pdf\" target=\"_blank\" rel=\"noopener\"><img loading=\"lazy\" decoding=\"async\" width=\"210\" height=\"300\" src=\"https:\/\/projectes.xtec.cat\/digital\/wp-content\/uploads\/usu2317\/2023\/03\/comissio-210x300-1.png\" alt=\"portada del document de funcions de la comissi\u00f3\" class=\"wp-image-14015\"\/><\/a><\/figure>\n<\/div>\n<\/div>\n<\/div>\n<\/div>\n\n\n\n<div style=\"height:40px\" aria-hidden=\"true\" class=\"wp-block-spacer\"><\/div>\n<\/div><\/div><\/div><\/div><\/div>\n\n\n\n<div class=\"wp-block-getwid-section alignfull alignfull\"><div class=\"wp-block-getwid-section__wrapper\"><div class=\"wp-block-getwid-section__inner-wrapper\"><div class=\"wp-block-getwid-section__background-holder\"><div class=\"wp-block-getwid-section__background has-background has-ast-global-color-4-background-color\"><\/div><div class=\"wp-block-getwid-section__foreground\"><\/div><\/div><div class=\"wp-block-getwid-section__content\"><div class=\"wp-block-getwid-section__inner-content\">\n<div style=\"height:30px\" aria-hidden=\"true\" class=\"wp-block-spacer\"><\/div>\n\n\n\n<h2 class=\"wp-block-heading\">Suport a la comissio digital<\/h2>\n\n\n\n<div style=\"height:30px\" aria-hidden=\"true\" class=\"wp-block-spacer\"><\/div>\n\n\n\n<div class=\"wp-block-columns is-layout-flex wp-container-core-columns-is-layout-3 wp-block-columns-is-layout-flex\">\n<div class=\"wp-block-column is-layout-flow wp-block-column-is-layout-flow\">\n<div class=\"wp-block-media-text alignwide is-stacked-on-mobile is-vertically-aligned-top\" style=\"grid-template-columns:25% auto\"><figure class=\"wp-block-media-text__media\"><img loading=\"lazy\" decoding=\"async\" width=\"150\" height=\"150\" src=\"https:\/\/projectes.xtec.cat\/digital\/wp-content\/uploads\/usu2317\/2022\/07\/nodes-150x150.png\" alt=\"\" class=\"wp-image-8425 size-thumbnail\" srcset=\"https:\/\/projectes.xtec.cat\/digital\/wp-content\/uploads\/usu2317\/2022\/07\/nodes-150x150.png 150w, https:\/\/projectes.xtec.cat\/digital\/wp-content\/uploads\/usu2317\/2022\/07\/nodes.png 240w\" sizes=\"auto, (max-width: 150px) 100vw, 150px\" \/><\/figure><div class=\"wp-block-media-text__content\">\n<p style=\"font-size:15px\"><a rel=\"noreferrer noopener\" href=\"https:\/\/projectes.xtec.cat\/edc-suport\" target=\"_blank\"><strong>Web de l&#8217;EDC<\/strong><\/a><br>Nodes amb tota la informaci\u00f3 sobre l&#8217;estrat\u00e8gia digital de centre<\/p>\n<\/div><\/div>\n<\/div>\n\n\n\n<div class=\"wp-block-column is-layout-flow wp-block-column-is-layout-flow\">\n<div class=\"wp-block-media-text alignwide is-stacked-on-mobile is-vertically-aligned-top\" style=\"grid-template-columns:30% auto\"><figure class=\"wp-block-media-text__media\"><img loading=\"lazy\" decoding=\"async\" width=\"150\" height=\"150\" src=\"https:\/\/projectes.xtec.cat\/digital\/wp-content\/uploads\/usu2317\/2022\/07\/nomes_logo_coral-150x150.png\" alt=\"xtcd\" class=\"wp-image-8956 size-thumbnail\"\/><\/figure><div class=\"wp-block-media-text__content\">\n<p style=\"font-size:15px\"><strong><a href=\"https:\/\/projectes.xtec.cat\/digital\/formacio-docent\/xtcd\/subxarxa-de-la-comissio-digital-comd\/\" target=\"_blank\" rel=\"noreferrer noopener\">Subxarxa COMD<\/a><\/strong><br>Webinars, seminaris territorials i comunitat virtual de l&#8217;EDC.<\/p>\n<\/div><\/div>\n<\/div>\n\n\n\n<div class=\"wp-block-column is-layout-flow wp-block-column-is-layout-flow\">\n<div class=\"wp-block-media-text alignwide is-stacked-on-mobile is-vertically-aligned-top\" style=\"grid-template-columns:25% auto\"><figure class=\"wp-block-media-text__media\"><img loading=\"lazy\" decoding=\"async\" width=\"150\" height=\"150\" src=\"https:\/\/projectes.xtec.cat\/digital\/wp-content\/uploads\/usu2317\/2022\/07\/39E7541167B08B0C-150x150.png\" alt=\"\" class=\"wp-image-8481 size-thumbnail\" srcset=\"https:\/\/projectes.xtec.cat\/digital\/wp-content\/uploads\/usu2317\/2022\/07\/39E7541167B08B0C-150x150.png 150w, https:\/\/projectes.xtec.cat\/digital\/wp-content\/uploads\/usu2317\/2022\/07\/39E7541167B08B0C-300x300.png 300w, https:\/\/projectes.xtec.cat\/digital\/wp-content\/uploads\/usu2317\/2022\/07\/39E7541167B08B0C.png 625w\" sizes=\"auto, (max-width: 150px) 100vw, 150px\" \/><\/figure><div class=\"wp-block-media-text__content\">\n<p style=\"font-size:15px\"><a href=\"https:\/\/comunitat.edigital.cat\/c\/edc\/comissions-edc\/115\" data-type=\"URL\" data-id=\"https:\/\/comunitat.edigital.cat\/c\/edc\/comissions-edc\/115\"><strong>Nus de la comissi\u00f3 digital<\/strong><\/a><br>Comunitat virtual de les comisions digitals.<\/p>\n<\/div><\/div>\n<\/div>\n\n\n\n<div class=\"wp-block-column is-layout-flow wp-block-column-is-layout-flow\">\n<div class=\"wp-block-media-text alignwide is-stacked-on-mobile is-vertically-aligned-top\" style=\"grid-template-columns:29% auto\"><figure class=\"wp-block-media-text__media\"><img loading=\"lazy\" decoding=\"async\" width=\"150\" height=\"150\" src=\"https:\/\/projectes.xtec.cat\/digital\/wp-content\/uploads\/usu2317\/2023\/03\/help-150x150.png\" alt=\"suport\" class=\"wp-image-13784 size-thumbnail\" srcset=\"https:\/\/projectes.xtec.cat\/digital\/wp-content\/uploads\/usu2317\/2023\/03\/help-150x150.png 150w, https:\/\/projectes.xtec.cat\/digital\/wp-content\/uploads\/usu2317\/2023\/03\/help-300x300.png 300w, https:\/\/projectes.xtec.cat\/digital\/wp-content\/uploads\/usu2317\/2023\/03\/help.png 400w\" sizes=\"auto, (max-width: 150px) 100vw, 150px\" \/><\/figure><div class=\"wp-block-media-text__content\">\n<p style=\"font-size:15px\"><strong>Recursos humans<\/strong><br><strong><a href=\"https:\/\/projectes.xtec.cat\/digital\/suport-a-la-digitalitzacio\/asessor-cd\/\" data-type=\"URL\" data-id=\"https:\/\/projectes.xtec.cat\/digital\/suport-a-la-digitalitzacio\/asessor-cd\/\">Assessor\/a CD<\/a><br><a href=\"https:\/\/projectes.xtec.cat\/digital\/suport-a-la-digitalitzacio\/referent-de-cultura-digital-cd\/\" data-type=\"URL\" data-id=\"https:\/\/projectes.xtec.cat\/digital\/suport-a-la-digitalitzacio\/referent-de-cultura-digital-cd\/\">Referent CD<\/a><br><a href=\"https:\/\/projectes.xtec.cat\/digital\/suport-a-la-digitalitzacio\/mentor-a-digital\/\" data-type=\"URL\" data-id=\"https:\/\/projectes.xtec.cat\/digital\/suport-a-la-digitalitzacio\/mentor-a-digital\/\">Mentor\/a<\/a><\/strong><\/p>\n<\/div><\/div>\n<\/div>\n<\/div>\n\n\n\n<div style=\"height:30px\" aria-hidden=\"true\" class=\"wp-block-spacer\"><\/div>\n<\/div><\/div><\/div><\/div><\/div>\n\n\n\n<div class=\"wp-block-getwid-section alignfull alignfull\"><div class=\"wp-block-getwid-section__wrapper\"><div class=\"wp-block-getwid-section__inner-wrapper\"><div class=\"wp-block-getwid-section__background-holder\"><div class=\"wp-block-getwid-section__background\"><\/div><div class=\"wp-block-getwid-section__foreground\"><\/div><\/div><div class=\"wp-block-getwid-section__content\"><div class=\"wp-block-getwid-section__inner-content\">\n<div style=\"height:30px\" aria-hidden=\"true\" class=\"wp-block-spacer\"><\/div>\n\n\n\n<h2 class=\"wp-block-heading alignwide\">Funcions de la comissi\u00f3 digital<\/h2>\n\n\n\n<div style=\"height:30px\" aria-hidden=\"true\" class=\"wp-block-spacer\"><\/div>\n\n\n\n<div class=\"wp-block-columns is-layout-flex wp-container-core-columns-is-layout-4 wp-block-columns-is-layout-flex\">\n<div class=\"wp-block-column caixa-link is-layout-flow wp-block-column-is-layout-flow\" id=\"https:\/\/projectes.xtec.cat\/edc-suport\">\n<h2 class=\"wp-block-heading\" style=\"font-size:26px\">Elaborar l&#8217;EDC<\/h2>\n\n\n\n<p>L&#8217;equip encarregat de fer l&#8217;EDC es diu Comissi\u00f3 d&#8217;Estrat\u00e8gia digital de centre<\/p>\n<\/div>\n\n\n\n<div class=\"wp-block-column caixa-link is-layout-flow wp-block-column-is-layout-flow\" id=\"https:\/\/projectes.xtec.cat\/digital\/competencia-digital\/competencia-digital-centre\/aules-virtuals\/\">\n<h2 class=\"wp-block-heading\" style=\"font-size:26px\">Implantar aules virtuals<\/h2>\n<\/div>\n\n\n\n<div class=\"wp-block-column caixa-link is-layout-flow wp-block-column-is-layout-flow\" id=\"https:\/\/projectes.xtec.cat\/digital\/competencia-digital\/competencia-digital-centre\/pla-acollida-digital\/\">\n<h2 class=\"wp-block-heading\" style=\"font-size:26px\">Implementar el pla d&#8217;acollida digital<\/h2>\n<\/div>\n\n\n\n<div class=\"wp-block-column caixa-link is-layout-flow wp-block-column-is-layout-flow\" id=\"https:\/\/projectes.xtec.cat\/digital\/competencia-digital\/competencia-digital-centre\/pla-de-comunicacio\/\">\n<h2 class=\"wp-block-heading\" style=\"font-size:26px\">Implementar el pla de comunicaci\u00f3<\/h2>\n<\/div>\n<\/div>\n\n\n\n<div style=\"height:40px\" aria-hidden=\"true\" class=\"wp-block-spacer\"><\/div>\n\n\n\n<div class=\"wp-block-columns is-layout-flex wp-container-core-columns-is-layout-5 wp-block-columns-is-layout-flex\">\n<div class=\"wp-block-column caixa-link is-layout-flow wp-block-column-is-layout-flow\" style=\"flex-basis:23%\" id=\"https:\/\/projectes.xtec.cat\/digital\/perfils\/comissio-digital\/us-dels-mobils-al-centre\/\">\n<h2 class=\"wp-block-heading\" style=\"font-size:26px\">\u00das dels m\u00f2bils al centre<\/h2>\n\n\n\n<p>Consells, recomanacions i exemples<\/p>\n<\/div>\n\n\n\n<div class=\"wp-block-column caixa-link is-layout-flow wp-block-column-is-layout-flow\" id=\"https:\/\/projectes.xtec.cat\/digital\/perfils\/coordinacio-digital\/crear-un-inventari-digital-intern\/\">\n<h2 class=\"wp-block-heading\" style=\"font-size:26px\">Sistema intern d&#8217;inventari digital <\/h2>\n\n\n\n<p>Per gestionar equipaments comprats fora de cat\u00e0leg o donacions <\/p>\n<\/div>\n\n\n\n<div class=\"wp-block-column caixa-link is-layout-flow wp-block-column-is-layout-flow\" id=\"https:\/\/projectes.xtec.cat\/digital\/perfils\/comissio-digital\/sistema-intern-de-registre-dincidencies-digitals\/\">\n<h2 class=\"wp-block-heading\" style=\"font-size:26px\">Sistema intern de registre d&#8217;incid\u00e8ncies digitals <\/h2>\n\n\n\n<p>Per ajudar a les coordinacions a registrar les incid\u00e8ncies<\/p>\n<\/div>\n\n\n\n<div class=\"wp-block-column caixa gris is-layout-flow wp-block-column-is-layout-flow\" style=\"flex-basis:23%\">\n<h2 class=\"wp-block-heading\" style=\"font-size:26px\">Organitzaci\u00f3 de la informaci\u00f3 del centre<\/h2>\n\n\n\n<p>Apartat en construcci\u00f3<\/p>\n<\/div>\n<\/div>\n\n\n\n<div style=\"height:30px\" aria-hidden=\"true\" class=\"wp-block-spacer\"><\/div>\n\n\n\n<div style=\"height:60px\" aria-hidden=\"true\" class=\"wp-block-spacer\"><\/div>\n<\/div><\/div><\/div><\/div><\/div>\n","protected":false},"excerpt":{"rendered":"","protected":false},"author":2,"featured_media":0,"parent":14326,"menu_order":0,"comment_status":"closed","ping_status":"close","template":"","meta":{"site-sidebar-layout":"default","site-content-layout":"","ast-site-content-layout":"default","site-content-style":"default","site-sidebar-style":"default","ast-global-header-display":"","ast-banner-title-visibility":"","ast-main-header-display":"","ast-hfb-above-header-display":"","ast-hfb-below-header-display":"","ast-hfb-mobile-header-display":"","site-post-title":"","ast-breadcrumbs-content":"","ast-featured-img":"","footer-sml-layout":"","theme-transparent-header-meta":"","adv-header-id-meta":"","stick-header-meta":"","header-above-stick-meta":"","header-main-stick-meta":"","header-below-stick-meta":"","astra-migrate-meta-layouts":"set","ast-page-background-enabled":"default","ast-page-background-meta":{"desktop":{"background-color":"var(--ast-global-color-4)","background-image":"","background-repeat":"repeat","background-position":"center center","background-size":"auto","background-attachment":"scroll","background-type":"","background-media":"","overlay-type":"","overlay-color":"","overlay-opacity":"","overlay-gradient":""},"tablet":{"background-color":"","background-image":"","background-repeat":"repeat","background-position":"center center","background-size":"auto","background-attachment":"scroll","background-type":"","background-media":"","overlay-type":"","overlay-color":"","overlay-opacity":"","overlay-gradient":""},"mobile":{"background-color":"","background-image":"","background-repeat":"repeat","background-position":"center center","background-size":"auto","background-attachment":"scroll","background-type":"","background-media":"","overlay-type":"","overlay-color":"","overlay-opacity":"","overlay-gradient":""}},"ast-content-background-meta":{"desktop":{"background-color":"var(--ast-global-color-5)","background-image":"","background-repeat":"repeat","background-position":"center center","background-size":"auto","background-attachment":"scroll","background-type":"","background-media":"","overlay-type":"","overlay-color":"","overlay-opacity":"","overlay-gradient":""},"tablet":{"background-color":"var(--ast-global-color-5)","background-image":"","background-repeat":"repeat","background-position":"center center","background-size":"auto","background-attachment":"scroll","background-type":"","background-media":"","overlay-type":"","overlay-color":"","overlay-opacity":"","overlay-gradient":""},"mobile":{"background-color":"var(--ast-global-color-5)","background-image":"","background-repeat":"repeat","background-position":"center center","background-size":"auto","background-attachment":"scroll","background-type":"","background-media":"","overlay-type":"","overlay-color":"","overlay-opacity":"","overlay-gradient":""}},"footnotes":""},"class_list":["post-13707","page","type-page","status-publish","hentry"],"post_mailing_queue_ids":[],"_links":{"self":[{"href":"https:\/\/projectes.xtec.cat\/digital\/wp-json\/wp\/v2\/pages\/13707","targetHints":{"allow":["GET"]}}],"collection":[{"href":"https:\/\/projectes.xtec.cat\/digital\/wp-json\/wp\/v2\/pages"}],"about":[{"href":"https:\/\/projectes.xtec.cat\/digital\/wp-json\/wp\/v2\/types\/page"}],"author":[{"embeddable":true,"href":"https:\/\/projectes.xtec.cat\/digital\/wp-json\/wp\/v2\/users\/2"}],"replies":[{"embeddable":true,"href":"https:\/\/projectes.xtec.cat\/digital\/wp-json\/wp\/v2\/comments?post=13707"}],"version-history":[{"count":6,"href":"https:\/\/projectes.xtec.cat\/digital\/wp-json\/wp\/v2\/pages\/13707\/revisions"}],"predecessor-version":[{"id":38077,"href":"https:\/\/projectes.xtec.cat\/digital\/wp-json\/wp\/v2\/pages\/13707\/revisions\/38077"}],"up":[{"embeddable":true,"href":"https:\/\/projectes.xtec.cat\/digital\/wp-json\/wp\/v2\/pages\/14326"}],"wp:attachment":[{"href":"https:\/\/projectes.xtec.cat\/digital\/wp-json\/wp\/v2\/media?parent=13707"}],"curies":[{"name":"wp","href":"https:\/\/api.w.org\/{rel}","templated":true}]}}