{"id":13787,"date":"2023-03-17T00:03:26","date_gmt":"2023-03-16T23:03:26","guid":{"rendered":"https:\/\/projectes.xtec.cat\/digital\/?page_id=13787"},"modified":"2025-07-28T13:03:59","modified_gmt":"2025-07-28T11:03:59","slug":"suport-a-la-digitalitzacio","status":"publish","type":"page","link":"https:\/\/projectes.xtec.cat\/digital\/suport-a-la-digitalitzacio\/","title":{"rendered":"Suport a la digitalitzaci\u00f3"},"content":{"rendered":"\n<p style=\"font-size:22px\">El Departament posa a disposici\u00f3 dels centres un conjunt de professionals que assessoren i acompanyen als centres en la transformaci\u00f3 digital.<\/p>\n\n\n\n<div class=\"wp-block-columns alignwide is-layout-flex wp-container-core-columns-is-layout-6 wp-block-columns-is-layout-flex\">\n<div class=\"wp-block-column is-layout-flow wp-block-column-is-layout-flow\">\n<div class=\"wp-block-columns is-layout-flex wp-container-core-columns-is-layout-1 wp-block-columns-is-layout-flex\">\n<div class=\"wp-block-column caixa-link is-layout-flow wp-block-column-is-layout-flow\" id=\"https:\/\/projectes.xtec.cat\/digital\/suport-a-la-digitalitzacio\/referent-de-cultura-digital-cd\/\">\n<h2 class=\"wp-block-heading\" style=\"font-size:24px\">Referent CD<\/h2>\n\n\n\n<p style=\"font-size:15px\">Ubicats en el servei educatiu (CRP) assessoren en aspectes pedag\u00f2gics als centres<\/p>\n<\/div>\n\n\n\n<div class=\"wp-block-column caixa-link is-layout-flow wp-block-column-is-layout-flow\" id=\"https:\/\/projectes.xtec.cat\/digital\/suport-a-la-digitalitzacio\/mentoria-4-0\/\">\n<h2 class=\"wp-block-heading\" style=\"font-size:24px\">Mentor\/a 4.0<\/h2>\n\n\n\n<p style=\"font-size:15px\">Assessora i acompanya als centres per assolir la compet\u00e8ncia digital de docents i alumnat en coordinaci\u00f3 amb el CRP. <\/p>\n<\/div>\n<\/div>\n\n\n\n<div style=\"height:11px\" aria-hidden=\"true\" class=\"wp-block-spacer\"><\/div>\n\n\n\n<div class=\"wp-block-columns is-layout-flex wp-container-core-columns-is-layout-2 wp-block-columns-is-layout-flex\">\n<div class=\"wp-block-column caixa-link is-layout-flow wp-block-column-is-layout-flow\" id=\"https:\/\/projectes.xtec.cat\/digital\/suport-a-la-digitalitzacio\/asessor-cd\/\">\n<h2 class=\"wp-block-heading\" style=\"font-size:24px\">Assessor\/a CD<\/h2>\n\n\n\n<p style=\"font-size:15px\">Ubicats en els Serveis territorials assessoren en aspectes pedag\u00f2gics als referents CD<\/p>\n<\/div>\n\n\n\n<div class=\"wp-block-column caixa-link is-layout-flow wp-block-column-is-layout-flow\" id=\"https:\/\/projectes.xtec.cat\/digital\/suport-a-la-digitalitzacio\/gestor-tic\/\">\n<h2 class=\"wp-block-heading\" style=\"font-size:24px\">Gestor\/a TIC<\/h2>\n\n\n\n<p style=\"font-size:15px\">Ubicats en els Serveis territorials assessoren i fan seguiment d&#8217;incid\u00e8ncies en equipaments i infraestructures als centres<\/p>\n<\/div>\n<\/div>\n\n\n\n<div style=\"height:9px\" aria-hidden=\"true\" class=\"wp-block-spacer\"><\/div>\n\n\n\n<div class=\"wp-block-columns is-layout-flex wp-container-core-columns-is-layout-3 wp-block-columns-is-layout-flex\">\n<div class=\"wp-block-column caixa-link is-layout-flow wp-block-column-is-layout-flow\" id=\"https:\/\/projectes.xtec.cat\/digital\/perfils\/coordinacio-digital\/\">\n<h2 class=\"wp-block-heading\" style=\"font-size:24px\">Coordinaci\u00f3 digital<\/h2>\n\n\n\n<p>Docent que s&#8217;encarrega de dinamitzar la transformaci\u00f3 digital en el seu centre i supervisar el funcionament dels equips i connectivitat. <\/p>\n<\/div>\n\n\n\n<div class=\"wp-block-column caixa-link is-layout-flow wp-block-column-is-layout-flow\" id=\"https:\/\/comunitat.edigital.cat\/\">\n<h2 class=\"wp-block-heading\" style=\"font-size:24px\">Nus<\/h2>\n\n\n\n<p>Xarxa docent amb diverses categories digitals. Les coordinacions digitals tenen un espai on consultar abans d&#8217;obrir incid\u00e8ncia a \u00c0TOM (antic SAU).<\/p>\n<\/div>\n<\/div>\n\n\n\n<div style=\"height:20px\" aria-hidden=\"true\" class=\"wp-block-spacer\"><\/div>\n\n\n\n<div class=\"wp-block-columns is-layout-flex wp-container-core-columns-is-layout-4 wp-block-columns-is-layout-flex\">\n<div class=\"wp-block-column caixa-link is-layout-flow wp-block-column-is-layout-flow\" id=\"https:\/\/projectes.xtec.cat\/digital\/suport-a-la-digitalitzacio\/sau\/\">\n<h2 class=\"wp-block-heading\" style=\"font-size:24px\">\u00c0TOM (antic SAU)<\/h2>\n\n\n\n<p>Servei d&#8217;atenci\u00f3 a l&#8217;usuari on fer peticions, consultes i notificar incid\u00e8ncies. <\/p>\n<\/div>\n\n\n\n<div class=\"wp-block-column caixa-link is-layout-flow wp-block-column-is-layout-flow\" id=\"https:\/\/projectes.xtec.cat\/digital\/suport-a-la-digitalitzacio\/referent-cise\/\">\n<h2 class=\"wp-block-heading\" style=\"font-size:24px\">Referent CISE<\/h2>\n\n\n\n<p>Persona contractada pel prove\u00efdor de serveis que es coordina amb el gestor TIC per supervisar els desplegaments, projectes i incid\u00e8ncies en els serveis TIC. <\/p>\n<\/div>\n<\/div>\n\n\n\n<div style=\"height:20px\" aria-hidden=\"true\" class=\"wp-block-spacer\"><\/div>\n\n\n\n<div class=\"wp-block-columns is-layout-flex wp-container-core-columns-is-layout-5 wp-block-columns-is-layout-flex\">\n<div class=\"wp-block-column caixa-link is-layout-flow wp-block-column-is-layout-flow\" id=\"https:\/\/projectes.xtec.cat\/digital\/suport-a-la-digitalitzacio\/tecnic-a-de-camp\/\">\n<h2 class=\"wp-block-heading\" style=\"font-size:24px\">T\u00e8cnic\/a de camp<\/h2>\n\n\n\n<p>T\u00e8cnic inform\u00e0tic que acudeix al centre quan hi ha una incid\u00e8ncia amb els ordinadors, servei d&#8217;impressi\u00f3 o la xarxa<\/p>\n<\/div>\n\n\n\n<div class=\"wp-block-column caixa-link is-layout-flow wp-block-column-is-layout-flow\" style=\"flex-basis:47.5%\" id=\"https:\/\/projectes.xtec.cat\/digital\/suport-a-la-digitalitzacio\/tecnic-preventiu\/\">\n<h2 class=\"wp-block-heading\" style=\"font-size:24px\">T\u00e8cnic\/a preventiu<\/h2>\n\n\n\n<p>T\u00e8cnic inform\u00e0tic que visita peri\u00f2dicament el centre educatiu per fer tasques de manteniment dels ordinadors, servei d&#8217;impressi\u00f3 o la xarxa<\/p>\n<\/div>\n<\/div>\n<\/div>\n\n\n\n<div class=\"wp-block-column is-vertically-aligned-top is-layout-flow wp-block-column-is-layout-flow\">\n<div style=\"width: 100%;\"><div style=\"position: relative; padding-bottom: 120.48%; padding-top: 0; height: 0;\"><iframe loading=\"lazy\" title=\"Ecosistema de la coordinaci\u00f3 digital\" frameborder=\"0\" width=\"664\" height=\"800\" style=\"position: absolute; top: 0; left: 0; width: 100%; height: 100%;\" src=\"https:\/\/view.genially.com\/60c4e608e710300df31a7d7e\" type=\"text\/html\" allowscriptaccess=\"always\" allowfullscreen=\"true\" scrolling=\"yes\" allownetworking=\"all\"><\/iframe> <\/div> <\/div>\n<\/div>\n<\/div>\n\n\n\n<div style=\"height:100px\" aria-hidden=\"true\" class=\"wp-block-spacer\"><\/div>\n","protected":false},"excerpt":{"rendered":"<p>El Departament posa a disposici\u00f3 dels centres un conjunt de professionals que assessoren i acompanyen als centres en la transformaci\u00f3 digital. Referent CD Ubicats en el servei educatiu (CRP) assessoren en aspectes pedag\u00f2gics als centres Mentor\/a 4.0 Assessora i acompanya als centres per assolir la compet\u00e8ncia digital de docents i alumnat en coordinaci\u00f3 amb el [&hellip;]<\/p>\n","protected":false},"author":2,"featured_media":0,"parent":0,"menu_order":0,"comment_status":"closed","ping_status":"close","template":"","meta":{"site-sidebar-layout":"default","site-content-layout":"","ast-site-content-layout":"default","site-content-style":"default","site-sidebar-style":"default","ast-global-header-display":"","ast-banner-title-visibility":"","ast-main-header-display":"","ast-hfb-above-header-display":"","ast-hfb-below-header-display":"","ast-hfb-mobile-header-display":"","site-post-title":"","ast-breadcrumbs-content":"","ast-featured-img":"","footer-sml-layout":"","theme-transparent-header-meta":"","adv-header-id-meta":"","stick-header-meta":"","header-above-stick-meta":"","header-main-stick-meta":"","header-below-stick-meta":"","astra-migrate-meta-layouts":"set","ast-page-background-enabled":"default","ast-page-background-meta":{"desktop":{"background-color":"var(--ast-global-color-4)","background-image":"","background-repeat":"repeat","background-position":"center center","background-size":"auto","background-attachment":"scroll","background-type":"","background-media":"","overlay-type":"","overlay-color":"","overlay-opacity":"","overlay-gradient":""},"tablet":{"background-color":"","background-image":"","background-repeat":"repeat","background-position":"center center","background-size":"auto","background-attachment":"scroll","background-type":"","background-media":"","overlay-type":"","overlay-color":"","overlay-opacity":"","overlay-gradient":""},"mobile":{"background-color":"","background-image":"","background-repeat":"repeat","background-position":"center center","background-size":"auto","background-attachment":"scroll","background-type":"","background-media":"","overlay-type":"","overlay-color":"","overlay-opacity":"","overlay-gradient":""}},"ast-content-background-meta":{"desktop":{"background-color":"var(--ast-global-color-5)","background-image":"","background-repeat":"repeat","background-position":"center center","background-size":"auto","background-attachment":"scroll","background-type":"","background-media":"","overlay-type":"","overlay-color":"","overlay-opacity":"","overlay-gradient":""},"tablet":{"background-color":"var(--ast-global-color-5)","background-image":"","background-repeat":"repeat","background-position":"center center","background-size":"auto","background-attachment":"scroll","background-type":"","background-media":"","overlay-type":"","overlay-color":"","overlay-opacity":"","overlay-gradient":""},"mobile":{"background-color":"var(--ast-global-color-5)","background-image":"","background-repeat":"repeat","background-position":"center center","background-size":"auto","background-attachment":"scroll","background-type":"","background-media":"","overlay-type":"","overlay-color":"","overlay-opacity":"","overlay-gradient":""}},"footnotes":""},"class_list":["post-13787","page","type-page","status-publish","hentry"],"post_mailing_queue_ids":[],"_links":{"self":[{"href":"https:\/\/projectes.xtec.cat\/digital\/wp-json\/wp\/v2\/pages\/13787","targetHints":{"allow":["GET"]}}],"collection":[{"href":"https:\/\/projectes.xtec.cat\/digital\/wp-json\/wp\/v2\/pages"}],"about":[{"href":"https:\/\/projectes.xtec.cat\/digital\/wp-json\/wp\/v2\/types\/page"}],"author":[{"embeddable":true,"href":"https:\/\/projectes.xtec.cat\/digital\/wp-json\/wp\/v2\/users\/2"}],"replies":[{"embeddable":true,"href":"https:\/\/projectes.xtec.cat\/digital\/wp-json\/wp\/v2\/comments?post=13787"}],"version-history":[{"count":6,"href":"https:\/\/projectes.xtec.cat\/digital\/wp-json\/wp\/v2\/pages\/13787\/revisions"}],"predecessor-version":[{"id":36945,"href":"https:\/\/projectes.xtec.cat\/digital\/wp-json\/wp\/v2\/pages\/13787\/revisions\/36945"}],"wp:attachment":[{"href":"https:\/\/projectes.xtec.cat\/digital\/wp-json\/wp\/v2\/media?parent=13787"}],"curies":[{"name":"wp","href":"https:\/\/api.w.org\/{rel}","templated":true}]}}