{"id":15991,"date":"2023-05-27T09:09:48","date_gmt":"2023-05-27T07:09:48","guid":{"rendered":"https:\/\/projectes.xtec.cat\/digital\/?page_id=15991"},"modified":"2025-05-08T00:59:18","modified_gmt":"2025-05-07T22:59:18","slug":"restabliment-inici-de-curs-equips-windows-alumnat","status":"publish","type":"page","link":"https:\/\/projectes.xtec.cat\/digital\/equipaments-i-infraestructures\/ordinadors\/ordinadors-alumnat\/gestio-ordinadors-alumnat-canvi-curs\/restabliment-inici-de-curs-equips-windows-alumnat\/","title":{"rendered":"Gesti\u00f3 d&#8217;ordinadors Windows entre final i inici de curs"},"content":{"rendered":"\n<p style=\"font-size:26px\"><strong> Instruccions Curs 2025-26<\/strong><\/p>\n\n\n\n<div class=\"wp-block-getwid-section alignwide alignfull alignfull\"><div class=\"wp-block-getwid-section__wrapper\"><div class=\"wp-block-getwid-section__inner-wrapper\"><div class=\"wp-block-getwid-section__background-holder\"><div class=\"wp-block-getwid-section__background\"><\/div><div class=\"wp-block-getwid-section__foreground\"><\/div><\/div><div class=\"wp-block-getwid-section__content\"><div class=\"wp-block-getwid-section__inner-content\">\n<h2 class=\"wp-block-heading\">Ordinadors que s&#8217;assignaran a un alumne diferent el curs vinent<\/h2>\n\n\n\n<ol class=\"wp-block-list\">\n<li>Recollir els ordinadors.<\/li>\n\n\n\n<li> Reclamar els ordinadors no retornats i, a INDIC, canviar l&#8217;estat de <strong>Entregat<\/strong> a <strong>Reclamats<\/strong>.<\/li>\n\n\n\n<li>Gestionar avisos i den\u00fancies en el cas dels equips no retornats.<\/li>\n\n\n\n<li>Assignar els equips retornats a l&#8217;alumnat que el far\u00e0 servir durant el curs 2024-25 i definir l&#8217;estat <strong>Per entregar<\/strong>. Si no s&#8217;assignaran fins al setembre, definir l&#8217;estat dels equips a <strong>Disponible<\/strong>. Podeu fer <a href=\"https:\/\/docs.google.com\/document\/d\/1nk9gL6yr61svkk4PlOeAva5wot04xnttD9nB0U1spiY\/edit?tab=t.0#heading=h.krwh42h4yg53\">assignacions massives<\/a>. <\/li>\n\n\n\n<li>Procediment de neteja segons el sistema operatiu (veure procediment de neteja)<\/li>\n\n\n\n<li>Entrar els equips a l&#8217;alumnat i canviar l&#8217;estat a <strong>Entregat<\/strong>.<\/li>\n\n\n\n<li><strong>Proc\u00e9s autom\u00e0tic d&#8217;esborrat:<\/strong> Les dades de l&#8217;usuari antic s&#8217;esborraran despr\u00e9s de 120 dies sense iniciar sessi\u00f3 amb l&#8217;usuari antic (si l&#8217;alumne retorna l&#8217;ordinador a finals de juny, s&#8217;esborren a principis d&#8217;octubre).<\/li>\n<\/ol>\n\n\n\n<div style=\"height:22px\" aria-hidden=\"true\" class=\"wp-block-spacer\"><\/div>\n<\/div><\/div><\/div><\/div><\/div>\n\n\n\n<div class=\"wp-block-getwid-section alignfull alignfull\"><div class=\"wp-block-getwid-section__wrapper\"><div class=\"wp-block-getwid-section__inner-wrapper\"><div class=\"wp-block-getwid-section__background-holder\"><div class=\"wp-block-getwid-section__background has-background has-ast-global-color-4-background-color\"><\/div><div class=\"wp-block-getwid-section__foreground\"><\/div><\/div><div class=\"wp-block-getwid-section__content\"><div class=\"wp-block-getwid-section__inner-content\">\n<div style=\"height:37px\" aria-hidden=\"true\" class=\"wp-block-spacer\"><\/div>\n\n\n\n<h2 class=\"wp-block-heading\">Ordinadors que s&#8217;assignaran al mateix alumne<\/h2>\n\n\n\n<div class=\"wp-block-columns is-layout-flex wp-container-core-columns-is-layout-1 wp-block-columns-is-layout-flex\">\n<div class=\"wp-block-column caixa is-layout-flow wp-block-column-is-layout-flow\">\n<h2 class=\"wp-block-heading has-medium-font-size\"><strong>A l&#8217;estiu, l&#8217;ordinador roman al centre<\/strong><\/h2>\n\n\n\n<ol class=\"wp-block-list\">\n<li>Recollir els ordinadors.<\/li>\n\n\n\n<li>A INDIC, canviar l&#8217;estat dels ordinadors recollits de <strong>Entregat<\/strong> a <strong>Per entregar<\/strong>. <\/li>\n\n\n\n<li>Reclamar els ordinadors no retornats i, a INDIC, canviar l&#8217;estat de <strong>Entregat<\/strong> a <strong>Reclamats<\/strong>. <\/li>\n\n\n\n<li>Gestionar avisos i den\u00fancies en el cas dels equips no retornats.<\/li>\n\n\n\n<li>A l&#8217;inici de curs, entregar els ordinadors als alumnes i canviar l&#8217;estat a <strong>Entregat<\/strong>. <\/li>\n<\/ol>\n<\/div>\n\n\n\n<div class=\"wp-block-column caixa is-layout-flow wp-block-column-is-layout-flow\">\n<h2 class=\"wp-block-heading has-medium-font-size\"><strong>A l&#8217;estiu, l&#8217;alumne conserva l&#8217;ordinador<\/strong><\/h2>\n\n\n\n<p>En aquest cas no cal fer cap canvi d&#8217;assignaci\u00f3 ni d&#8217;estat. <\/p>\n\n\n\n<p>Fer recordatori de fer un \u00fas responsable dels equips.<\/p>\n\n\n\n<figure class=\"wp-block-embed is-type-video is-provider-youtube wp-block-embed-youtube wp-embed-aspect-16-9 wp-has-aspect-ratio\"><div class=\"wp-block-embed__wrapper\">\n<div class=\"ast-oembed-container \" style=\"height: 100%;\"><iframe loading=\"lazy\" title=\"Consells per tenir cura de l&#039;ordinador\" width=\"500\" height=\"281\" src=\"https:\/\/www.youtube.com\/embed\/bYiWW8yu3kQ?feature=oembed\" frameborder=\"0\" allow=\"accelerometer; autoplay; clipboard-write; encrypted-media; gyroscope; picture-in-picture; web-share\" referrerpolicy=\"strict-origin-when-cross-origin\" allowfullscreen><\/iframe><\/div>\n<\/div><\/figure>\n<\/div>\n<\/div>\n\n\n\n<div style=\"height:58px\" aria-hidden=\"true\" class=\"wp-block-spacer\"><\/div>\n<\/div><\/div><\/div><\/div><\/div>\n\n\n\n<div class=\"wp-block-getwid-section alignfull alignfull\"><div class=\"wp-block-getwid-section__wrapper\"><div class=\"wp-block-getwid-section__inner-wrapper\"><div class=\"wp-block-getwid-section__background-holder\"><div class=\"wp-block-getwid-section__background\"><\/div><div class=\"wp-block-getwid-section__foreground\"><\/div><\/div><div class=\"wp-block-getwid-section__content\"><div class=\"wp-block-getwid-section__inner-content\">\n<div style=\"height:60px\" aria-hidden=\"true\" class=\"wp-block-spacer\"><\/div>\n\n\n\n<h2 class=\"wp-block-heading alignwide\">Preguntes freq\u00fcents<\/h2>\n\n\n\n<div class=\"wp-block-getwid-accordion alignwide has-icon-left alignwide\" data-active-element=\"none\">\n<div class=\"wp-block-getwid-accordion__header-wrapper\"><span class=\"wp-block-getwid-accordion__header\"><a href=\"#\"><span class=\"wp-block-getwid-accordion__header-title\">He actualitzat l&#8217;equip i em diu que est\u00e0 actualitzat, per\u00f2 no est\u00e0 actualitzat a la darrera versi\u00f3<\/span><span class=\"wp-block-getwid-accordion__icon is-active\"><i class=\"far fa-question-circle\"><\/i><\/span><span class=\"wp-block-getwid-accordion__icon is-passive\"><i class=\"fas fa-chevron-up\"><\/i><\/span><\/a><\/span><\/div><div class=\"wp-block-getwid-accordion__content-wrapper\"><div class=\"wp-block-getwid-accordion__content\">\n<p>\u00c9s possible que l&#8217;equip estigui desincronitzat (sense connexi\u00f3 a Intune des de fa temps) i no pugui comprovar quina \u00e9s la darrera versi\u00f3, de manera que es pensa que est\u00e0 actualitzat. Proveu a <a rel=\"noreferrer noopener\" href=\"https:\/\/projectes.xtec.cat\/digital\/perfils\/coordinacio-digital\/sincronitzacio-equips-windows\/\" data-type=\"URL\" data-id=\"https:\/\/projectes.xtec.cat\/digital\/perfils\/coordinacio-digital\/sincronitzacio-equips-windows\/\" target=\"_blank\">for\u00e7ar la sincronitzaci\u00f3<\/a>. <\/p>\n\n\n\n<p>\u26a0\ufe0f Va haver un problema amb la versi\u00f3 21H2, per\u00f2 ja est\u00e0 solucionat. Si despr\u00e9s de sincronitzar us diu que l&#8217;equip ja est\u00e0 actualitzat en una versi\u00f3 inferior a 22H2 (Compilaci\u00f3 10.0.19045), demaneu al preventiu que remaqueti l&#8217;equip o obriu una incid\u00e8ncia a <a rel=\"noreferrer noopener\" href=\"https:\/\/pautic.gencat.cat\" data-type=\"URL\" data-id=\"https:\/\/pautic.gencat.cat\" target=\"_blank\">Remedy<\/a>. <\/p>\n<\/div><\/div>\n\n\n\n<div class=\"wp-block-getwid-accordion__header-wrapper\"><span class=\"wp-block-getwid-accordion__header\"><a href=\"#\"><span class=\"wp-block-getwid-accordion__header-title\">He assignat l&#8217;equip abans d&#8217;actualitzar-lo, \u00e9s un problema? <\/span><span class=\"wp-block-getwid-accordion__icon is-active\"><i class=\"far fa-question-circle\"><\/i><\/span><span class=\"wp-block-getwid-accordion__icon is-passive\"><i class=\"fas fa-chevron-up\"><\/i><\/span><\/a><\/span><\/div><div class=\"wp-block-getwid-accordion__content-wrapper\"><div class=\"wp-block-getwid-accordion__content\">\n<p>No. Podeu fer l&#8217;assignaci\u00f3 de l&#8217;equip abans (quan tingueu el nom de l&#8217;alumne i surti a INDIC) i actualitzar l&#8217;equip a mesura que sigui possible (com m\u00e9s aviat millor perqu\u00e8 aix\u00ed no s&#8217;acumulen els paquets).<\/p>\n\n\n\n<p>L&#8217;1 de setembre, Intune consultar\u00e0 quins equips estan en el grup marcats per netejar i comprovar\u00e0 la versi\u00f3. Si l&#8217;equip est\u00e0 actualitzat, enviar\u00e0 el paquet de neteja. Si no ho est\u00e0, Intune consultar\u00e0 peri\u00f2dicament la versi\u00f3 fins que ho estigui, moment en el qual li enviar\u00e0 el paquet. A partir del 30 d&#8217;octubre, Intune deixar\u00e0 de consultar la versi\u00f3 dels equips i ja no enviar\u00e0 cap paquet m\u00e9s.<\/p>\n<\/div><\/div>\n\n\n\n<div class=\"wp-block-getwid-accordion__header-wrapper\"><span class=\"wp-block-getwid-accordion__header\"><a href=\"#\"><span class=\"wp-block-getwid-accordion__header-title\">No conec el nom de tots els alumnes encara (no s&#8217;ha tancat la matr\u00edcula). M&#8217;espero a tenir-los a tots? <\/span><span class=\"wp-block-getwid-accordion__icon is-active\"><i class=\"far fa-question-circle\"><\/i><\/span><span class=\"wp-block-getwid-accordion__icon is-passive\"><i class=\"fas fa-chevron-up\"><\/i><\/span><\/a><\/span><\/div><div class=\"wp-block-getwid-accordion__content-wrapper\"><div class=\"wp-block-getwid-accordion__content\">\n<p>No cal esperar. Podeu anar fent assignacions en diferents moments, a mesura que els alumnes apareixen a INDIC. Fins al 25 d&#8217;octubre, equip d&#8217;alumne que es reassigna a INDIC, equip que es marca per netejar i rep l&#8217;script de neteja.<\/p>\n<\/div><\/div>\n\n\n\n<div class=\"wp-block-getwid-accordion__header-wrapper\"><span class=\"wp-block-getwid-accordion__header\"><a href=\"#\"><span class=\"wp-block-getwid-accordion__header-title\">Alguns alumnes no m&#8217;apareixen a l&#8217;INDIC<\/span><span class=\"wp-block-getwid-accordion__icon is-active\"><i class=\"far fa-question-circle\"><\/i><\/span><span class=\"wp-block-getwid-accordion__icon is-passive\"><i class=\"fas fa-chevron-up\"><\/i><\/span><\/a><\/span><\/div><div class=\"wp-block-getwid-accordion__content-wrapper\"><div class=\"wp-block-getwid-accordion__content\">\n<p>Durant la primera quinzena de setembre \u00e9s possible que no apareguin alguns alumnes matriculats recentment. Consulteu peri\u00f2dicament INDIC i si el dia 20 de setembre no apareixen, obriu una incid\u00e8ncia a&nbsp;<a href=\"https:\/\/atomgencat.onbmc.com\/\">\u00c0TOM<\/a>, opci\u00f3&nbsp;<strong>Incid\u00e8ncia en aplicaci\u00f3<\/strong>&nbsp;i trieu com a Nom de l\u2019aplicaci\u00f3&nbsp;<strong>INDIC \u2013 Inventari digital de centre<\/strong>.<\/p>\n<\/div><\/div>\n\n\n\n<div class=\"wp-block-getwid-accordion__header-wrapper\"><span class=\"wp-block-getwid-accordion__header\"><a href=\"#\"><span class=\"wp-block-getwid-accordion__header-title\">Cal que els alumnes firmin algun document per rebre l&#8217;ordinador? <\/span><span class=\"wp-block-getwid-accordion__icon is-active\"><i class=\"far fa-question-circle\"><\/i><\/span><span class=\"wp-block-getwid-accordion__icon is-passive\"><i class=\"fas fa-chevron-up\"><\/i><\/span><\/a><\/span><\/div><div class=\"wp-block-getwid-accordion__content-wrapper\"><div class=\"wp-block-getwid-accordion__content\">\n<p>S\u00ed, la fam\u00edlia ha de retornar signada la carta de lliurament (<a href=\"https:\/\/projectes.xtec.cat\/digital\/wp-content\/uploads\/usu2317\/2023\/06\/Model-de-carta-de-lliurament-alumnat.odt\" data-type=\"URL\" data-id=\"https:\/\/projectes.xtec.cat\/digital\/wp-content\/uploads\/usu2317\/2023\/06\/Model-de-carta-de-lliurament-alumnat.odt\">model<\/a>) on es compromet a que es far\u00e0 un bon \u00fas de l&#8217;equip i es retornar\u00e0 en finalitzar el curs (o quan deixi el centre educatiu). <\/p>\n<\/div><\/div>\n\n\n\n<div class=\"wp-block-getwid-accordion__header-wrapper\"><span class=\"wp-block-getwid-accordion__header\"><a href=\"#\"><span class=\"wp-block-getwid-accordion__header-title\">Puc fer una petici\u00f3 perqu\u00e8 vingui un t\u00e8cnic a fer el restabliment d&#8217;equips d&#8217;alumnat? <\/span><span class=\"wp-block-getwid-accordion__icon is-active\"><i class=\"far fa-question-circle\"><\/i><\/span><span class=\"wp-block-getwid-accordion__icon is-passive\"><i class=\"fas fa-chevron-up\"><\/i><\/span><\/a><\/span><\/div><div class=\"wp-block-getwid-accordion__content-wrapper\"><div class=\"wp-block-getwid-accordion__content\">\n<p>No, per\u00f2 podeu demanar al t\u00e8cnic preventiu que actualitzi manualment o remaqueti els equips que no funcionen correctament. <\/p>\n<\/div><\/div>\n\n\n\n<div class=\"wp-block-getwid-accordion__header-wrapper\"><span class=\"wp-block-getwid-accordion__header\"><a href=\"#\"><span class=\"wp-block-getwid-accordion__header-title\">Per qu\u00e8 es fa un esborrat de perfil d&#8217;usuari antic i no un restabliment de f\u00e0brica com en els ordinadors docents? <\/span><span class=\"wp-block-getwid-accordion__icon is-active\"><i class=\"far fa-question-circle\"><\/i><\/span><span class=\"wp-block-getwid-accordion__icon is-passive\"><i class=\"fas fa-chevron-up\"><\/i><\/span><\/a><\/span><\/div><div class=\"wp-block-getwid-accordion__content-wrapper\"><div class=\"wp-block-getwid-accordion__content\">\n<p>El restabliment de f\u00e0brica \u00e9s un proc\u00e9s molt lent quan hi ha molta concurr\u00e8ncia d&#8217;equips compartint una mateixa xarxa. En el cas dels equips d&#8217;alumnat s&#8217;executa un procediment alternatiu que es limita a esborrar les dades dels usuaris antics, alliberant espai de disc.<\/p>\n\n\n\n<p>\ud83d\udc49 En qualsevol cas, si observeu que un equip d&#8217;alumne restablert no funciona correctament (lentitud, es queda congelat uns segons, etc), us recomanem fer un restabliment de f\u00e0brica. <\/p>\n<\/div><\/div>\n<\/div>\n\n\n\n<div style=\"height:60px\" aria-hidden=\"true\" class=\"wp-block-spacer\"><\/div>\n<\/div><\/div><\/div><\/div><\/div>\n","protected":false},"excerpt":{"rendered":"<p>Instruccions Curs 2025-26<\/p>\n","protected":false},"author":1,"featured_media":0,"parent":15960,"menu_order":0,"comment_status":"closed","ping_status":"close","template":"","meta":{"site-sidebar-layout":"default","site-content-layout":"","ast-site-content-layout":"default","site-content-style":"default","site-sidebar-style":"default","ast-global-header-display":"","ast-banner-title-visibility":"","ast-main-header-display":"","ast-hfb-above-header-display":"","ast-hfb-below-header-display":"","ast-hfb-mobile-header-display":"","site-post-title":"","ast-breadcrumbs-content":"","ast-featured-img":"","footer-sml-layout":"","theme-transparent-header-meta":"","adv-header-id-meta":"","stick-header-meta":"","header-above-stick-meta":"","header-main-stick-meta":"","header-below-stick-meta":"","astra-migrate-meta-layouts":"set","ast-page-background-enabled":"default","ast-page-background-meta":{"desktop":{"background-color":"var(--ast-global-color-4)","background-image":"","background-repeat":"repeat","background-position":"center center","background-size":"auto","background-attachment":"scroll","background-type":"","background-media":"","overlay-type":"","overlay-color":"","overlay-opacity":"","overlay-gradient":""},"tablet":{"background-color":"","background-image":"","background-repeat":"repeat","background-position":"center center","background-size":"auto","background-attachment":"scroll","background-type":"","background-media":"","overlay-type":"","overlay-color":"","overlay-opacity":"","overlay-gradient":""},"mobile":{"background-color":"","background-image":"","background-repeat":"repeat","background-position":"center center","background-size":"auto","background-attachment":"scroll","background-type":"","background-media":"","overlay-type":"","overlay-color":"","overlay-opacity":"","overlay-gradient":""}},"ast-content-background-meta":{"desktop":{"background-color":"var(--ast-global-color-5)","background-image":"","background-repeat":"repeat","background-position":"center center","background-size":"auto","background-attachment":"scroll","background-type":"","background-media":"","overlay-type":"","overlay-color":"","overlay-opacity":"","overlay-gradient":""},"tablet":{"background-color":"var(--ast-global-color-5)","background-image":"","background-repeat":"repeat","background-position":"center center","background-size":"auto","background-attachment":"scroll","background-type":"","background-media":"","overlay-type":"","overlay-color":"","overlay-opacity":"","overlay-gradient":""},"mobile":{"background-color":"var(--ast-global-color-5)","background-image":"","background-repeat":"repeat","background-position":"center center","background-size":"auto","background-attachment":"scroll","background-type":"","background-media":"","overlay-type":"","overlay-color":"","overlay-opacity":"","overlay-gradient":""}},"footnotes":""},"class_list":["post-15991","page","type-page","status-publish","hentry"],"post_mailing_queue_ids":[],"_links":{"self":[{"href":"https:\/\/projectes.xtec.cat\/digital\/wp-json\/wp\/v2\/pages\/15991","targetHints":{"allow":["GET"]}}],"collection":[{"href":"https:\/\/projectes.xtec.cat\/digital\/wp-json\/wp\/v2\/pages"}],"about":[{"href":"https:\/\/projectes.xtec.cat\/digital\/wp-json\/wp\/v2\/types\/page"}],"author":[{"embeddable":true,"href":"https:\/\/projectes.xtec.cat\/digital\/wp-json\/wp\/v2\/users\/1"}],"replies":[{"embeddable":true,"href":"https:\/\/projectes.xtec.cat\/digital\/wp-json\/wp\/v2\/comments?post=15991"}],"version-history":[{"count":6,"href":"https:\/\/projectes.xtec.cat\/digital\/wp-json\/wp\/v2\/pages\/15991\/revisions"}],"predecessor-version":[{"id":36290,"href":"https:\/\/projectes.xtec.cat\/digital\/wp-json\/wp\/v2\/pages\/15991\/revisions\/36290"}],"up":[{"embeddable":true,"href":"https:\/\/projectes.xtec.cat\/digital\/wp-json\/wp\/v2\/pages\/15960"}],"wp:attachment":[{"href":"https:\/\/projectes.xtec.cat\/digital\/wp-json\/wp\/v2\/media?parent=15991"}],"curies":[{"name":"wp","href":"https:\/\/api.w.org\/{rel}","templated":true}]}}