{"id":33945,"date":"2025-02-03T10:04:10","date_gmt":"2025-02-03T09:04:10","guid":{"rendered":"https:\/\/projectes.xtec.cat\/digital\/?page_id=33945"},"modified":"2025-10-20T10:20:23","modified_gmt":"2025-10-20T08:20:23","slug":"conte-audiovisual","status":"publish","type":"page","link":"https:\/\/projectes.xtec.cat\/digital\/equipaments-i-infraestructures\/maleta-audiovisual\/conte-audiovisual\/","title":{"rendered":"Conte audiovisual"},"content":{"rendered":"\n<div class=\"wp-block-getwid-section alignwide alignwide\"><div class=\"wp-block-getwid-section__wrapper\"><div class=\"wp-block-getwid-section__inner-wrapper\"><div class=\"wp-block-getwid-section__background-holder\"><div class=\"wp-block-getwid-section__background\"><\/div><div class=\"wp-block-getwid-section__foreground\"><\/div><\/div><div class=\"wp-block-getwid-section__content\"><div class=\"wp-block-getwid-section__inner-content\">\n<p class=\"has-text-align-left\" style=\"line-height:1.4\">Els contes audiovisuals s\u00f3n una eina poderosa per estimular la creativitat i treballar les compet\u00e8ncies clau de l&#8217;alumnat de prim\u00e0ria i secund\u00e0ria. En aquest espai fem una pinzellada del proc\u00e9s audiovisual per poder realitzar un conte audiovisual a l&#8217;aula a partir dels <a href=\"https:\/\/projectes.xtec.cat\/digital\/equipaments-i-infraestructures\/maleta-audiovisual\/\" data-type=\"link\" data-id=\"https:\/\/projectes.xtec.cat\/digital\/equipaments-i-infraestructures\/maleta-audiovisual\/\" target=\"_blank\" rel=\"noreferrer noopener\">elements de la maleta audiovisual<\/a>. Les possibilitats i combinacions d&#8217;elements s\u00f3n diverses; en aquest cas es mostren dos productes finals diferents elaborats amb diferents dispositius.<\/p>\n\n\n\n<div class=\"wp-block-getwid-images-slider has-arrows-inside has-dots-inside is-carousel has-slides-gap-none has-images-center has-cropped-images\"><div class=\"wp-block-getwid-images-slider__wrapper\" data-effect=\"slide\" data-slides-show=\"4\" data-slides-show-laptop=\"1\" data-slides-show-tablet=\"1\" data-slides-show-mobile=\"1\" data-slides-scroll=\"1\" data-autoplay=\"false\" data-pause-hover=\"false\" data-autoplay-speed=\"6000\" data-infinite=\"true\" data-animation-speed=\"800\" data-center-mode=\"false\" data-variable-width=\"false\" data-arrows=\"inside\" data-dots=\"inside\" data-spacing=\"none\"><div class=\"wp-block-getwid-images-slider__item\"><figure><img loading=\"lazy\" decoding=\"async\" width=\"860\" height=\"640\" src=\"https:\/\/projectes.xtec.cat\/digital\/wp-content\/uploads\/usu2317\/2025\/02\/2-1.png\" data-id=\"33895\" data-link=\"https:\/\/projectes.xtec.cat\/digital\/equipaments-i-infraestructures\/maleta-audiovisual\/conte-audiovisual-2\/attachment\/2-2\/\" data-original-link=\"https:\/\/projectes.xtec.cat\/digital\/wp-content\/uploads\/usu2317\/2025\/02\/2-1.png\" class=\"wp-block-getwid-images-slider__image wp-image-33895\" srcset=\"https:\/\/projectes.xtec.cat\/digital\/wp-content\/uploads\/usu2317\/2025\/02\/2-1.png 860w, https:\/\/projectes.xtec.cat\/digital\/wp-content\/uploads\/usu2317\/2025\/02\/2-1-300x223.png 300w, https:\/\/projectes.xtec.cat\/digital\/wp-content\/uploads\/usu2317\/2025\/02\/2-1-768x572.png 768w\" sizes=\"auto, (max-width: 860px) 100vw, 860px\" \/><\/figure><\/div><div class=\"wp-block-getwid-images-slider__item\"><figure><img loading=\"lazy\" decoding=\"async\" width=\"860\" height=\"640\" src=\"https:\/\/projectes.xtec.cat\/digital\/wp-content\/uploads\/usu2317\/2025\/02\/19.png\" data-id=\"33923\" data-link=\"https:\/\/projectes.xtec.cat\/digital\/equipaments-i-infraestructures\/maleta-audiovisual\/conte-audiovisual-2\/attachment\/19-2\/\" data-original-link=\"https:\/\/projectes.xtec.cat\/digital\/wp-content\/uploads\/usu2317\/2025\/02\/19.png\" class=\"wp-block-getwid-images-slider__image wp-image-33923\" srcset=\"https:\/\/projectes.xtec.cat\/digital\/wp-content\/uploads\/usu2317\/2025\/02\/19.png 860w, https:\/\/projectes.xtec.cat\/digital\/wp-content\/uploads\/usu2317\/2025\/02\/19-300x223.png 300w, https:\/\/projectes.xtec.cat\/digital\/wp-content\/uploads\/usu2317\/2025\/02\/19-768x572.png 768w\" sizes=\"auto, (max-width: 860px) 100vw, 860px\" \/><\/figure><\/div><div class=\"wp-block-getwid-images-slider__item\"><figure><img loading=\"lazy\" decoding=\"async\" width=\"860\" height=\"640\" src=\"https:\/\/projectes.xtec.cat\/digital\/wp-content\/uploads\/usu2317\/2025\/02\/17.png\" data-id=\"33893\" data-link=\"https:\/\/projectes.xtec.cat\/digital\/equipaments-i-infraestructures\/maleta-audiovisual\/conte-audiovisual-2\/attachment\/17-2\/\" data-original-link=\"https:\/\/projectes.xtec.cat\/digital\/wp-content\/uploads\/usu2317\/2025\/02\/17.png\" class=\"wp-block-getwid-images-slider__image wp-image-33893\" srcset=\"https:\/\/projectes.xtec.cat\/digital\/wp-content\/uploads\/usu2317\/2025\/02\/17.png 860w, https:\/\/projectes.xtec.cat\/digital\/wp-content\/uploads\/usu2317\/2025\/02\/17-300x223.png 300w, https:\/\/projectes.xtec.cat\/digital\/wp-content\/uploads\/usu2317\/2025\/02\/17-768x572.png 768w\" sizes=\"auto, (max-width: 860px) 100vw, 860px\" \/><\/figure><\/div><div class=\"wp-block-getwid-images-slider__item\"><figure><img loading=\"lazy\" decoding=\"async\" width=\"860\" height=\"640\" src=\"https:\/\/projectes.xtec.cat\/digital\/wp-content\/uploads\/usu2317\/2025\/02\/16.png\" data-id=\"33892\" data-link=\"https:\/\/projectes.xtec.cat\/digital\/equipaments-i-infraestructures\/maleta-audiovisual\/conte-audiovisual-2\/attachment\/16-2\/\" data-original-link=\"https:\/\/projectes.xtec.cat\/digital\/wp-content\/uploads\/usu2317\/2025\/02\/16.png\" class=\"wp-block-getwid-images-slider__image wp-image-33892\" srcset=\"https:\/\/projectes.xtec.cat\/digital\/wp-content\/uploads\/usu2317\/2025\/02\/16.png 860w, https:\/\/projectes.xtec.cat\/digital\/wp-content\/uploads\/usu2317\/2025\/02\/16-300x223.png 300w, https:\/\/projectes.xtec.cat\/digital\/wp-content\/uploads\/usu2317\/2025\/02\/16-768x572.png 768w\" sizes=\"auto, (max-width: 860px) 100vw, 860px\" \/><\/figure><\/div><div class=\"wp-block-getwid-images-slider__item\"><figure><img loading=\"lazy\" decoding=\"async\" width=\"860\" height=\"640\" src=\"https:\/\/projectes.xtec.cat\/digital\/wp-content\/uploads\/usu2317\/2025\/02\/20.png\" data-id=\"33924\" data-link=\"https:\/\/projectes.xtec.cat\/digital\/equipaments-i-infraestructures\/maleta-audiovisual\/conte-audiovisual-2\/attachment\/20-2\/\" data-original-link=\"https:\/\/projectes.xtec.cat\/digital\/wp-content\/uploads\/usu2317\/2025\/02\/20.png\" class=\"wp-block-getwid-images-slider__image wp-image-33924\" srcset=\"https:\/\/projectes.xtec.cat\/digital\/wp-content\/uploads\/usu2317\/2025\/02\/20.png 860w, https:\/\/projectes.xtec.cat\/digital\/wp-content\/uploads\/usu2317\/2025\/02\/20-300x223.png 300w, https:\/\/projectes.xtec.cat\/digital\/wp-content\/uploads\/usu2317\/2025\/02\/20-768x572.png 768w\" sizes=\"auto, (max-width: 860px) 100vw, 860px\" \/><\/figure><\/div><div class=\"wp-block-getwid-images-slider__item\"><figure><img loading=\"lazy\" decoding=\"async\" width=\"860\" height=\"640\" src=\"https:\/\/projectes.xtec.cat\/digital\/wp-content\/uploads\/usu2317\/2025\/02\/13.png\" data-id=\"33889\" data-link=\"https:\/\/projectes.xtec.cat\/digital\/equipaments-i-infraestructures\/maleta-audiovisual\/conte-audiovisual-2\/attachment\/13-2\/\" data-original-link=\"https:\/\/projectes.xtec.cat\/digital\/wp-content\/uploads\/usu2317\/2025\/02\/13.png\" class=\"wp-block-getwid-images-slider__image wp-image-33889\" srcset=\"https:\/\/projectes.xtec.cat\/digital\/wp-content\/uploads\/usu2317\/2025\/02\/13.png 860w, https:\/\/projectes.xtec.cat\/digital\/wp-content\/uploads\/usu2317\/2025\/02\/13-300x223.png 300w, https:\/\/projectes.xtec.cat\/digital\/wp-content\/uploads\/usu2317\/2025\/02\/13-768x572.png 768w\" sizes=\"auto, (max-width: 860px) 100vw, 860px\" \/><\/figure><\/div><div class=\"wp-block-getwid-images-slider__item\"><figure><img loading=\"lazy\" decoding=\"async\" width=\"860\" height=\"640\" src=\"https:\/\/projectes.xtec.cat\/digital\/wp-content\/uploads\/usu2317\/2025\/02\/12.png\" data-id=\"33888\" data-link=\"https:\/\/projectes.xtec.cat\/digital\/equipaments-i-infraestructures\/maleta-audiovisual\/conte-audiovisual-2\/attachment\/12\/\" data-original-link=\"https:\/\/projectes.xtec.cat\/digital\/wp-content\/uploads\/usu2317\/2025\/02\/12.png\" class=\"wp-block-getwid-images-slider__image wp-image-33888\" srcset=\"https:\/\/projectes.xtec.cat\/digital\/wp-content\/uploads\/usu2317\/2025\/02\/12.png 860w, https:\/\/projectes.xtec.cat\/digital\/wp-content\/uploads\/usu2317\/2025\/02\/12-300x223.png 300w, https:\/\/projectes.xtec.cat\/digital\/wp-content\/uploads\/usu2317\/2025\/02\/12-768x572.png 768w\" sizes=\"auto, (max-width: 860px) 100vw, 860px\" \/><\/figure><\/div><div class=\"wp-block-getwid-images-slider__item\"><figure><img loading=\"lazy\" decoding=\"async\" width=\"860\" height=\"640\" src=\"https:\/\/projectes.xtec.cat\/digital\/wp-content\/uploads\/usu2317\/2025\/02\/11.png\" data-id=\"33887\" data-link=\"https:\/\/projectes.xtec.cat\/digital\/equipaments-i-infraestructures\/maleta-audiovisual\/conte-audiovisual-2\/attachment\/11\/\" data-original-link=\"https:\/\/projectes.xtec.cat\/digital\/wp-content\/uploads\/usu2317\/2025\/02\/11.png\" class=\"wp-block-getwid-images-slider__image wp-image-33887\" srcset=\"https:\/\/projectes.xtec.cat\/digital\/wp-content\/uploads\/usu2317\/2025\/02\/11.png 860w, https:\/\/projectes.xtec.cat\/digital\/wp-content\/uploads\/usu2317\/2025\/02\/11-300x223.png 300w, https:\/\/projectes.xtec.cat\/digital\/wp-content\/uploads\/usu2317\/2025\/02\/11-768x572.png 768w\" sizes=\"auto, (max-width: 860px) 100vw, 860px\" \/><\/figure><\/div><div class=\"wp-block-getwid-images-slider__item\"><figure><img loading=\"lazy\" decoding=\"async\" width=\"860\" height=\"640\" src=\"https:\/\/projectes.xtec.cat\/digital\/wp-content\/uploads\/usu2317\/2025\/02\/3.png\" data-id=\"33879\" data-link=\"https:\/\/projectes.xtec.cat\/digital\/equipaments-i-infraestructures\/maleta-audiovisual\/conte-audiovisual-2\/attachment\/3\/\" data-original-link=\"https:\/\/projectes.xtec.cat\/digital\/wp-content\/uploads\/usu2317\/2025\/02\/3.png\" class=\"wp-block-getwid-images-slider__image wp-image-33879\" srcset=\"https:\/\/projectes.xtec.cat\/digital\/wp-content\/uploads\/usu2317\/2025\/02\/3.png 860w, https:\/\/projectes.xtec.cat\/digital\/wp-content\/uploads\/usu2317\/2025\/02\/3-300x223.png 300w, https:\/\/projectes.xtec.cat\/digital\/wp-content\/uploads\/usu2317\/2025\/02\/3-768x572.png 768w\" sizes=\"auto, (max-width: 860px) 100vw, 860px\" \/><\/figure><\/div><div class=\"wp-block-getwid-images-slider__item\"><figure><img loading=\"lazy\" decoding=\"async\" width=\"860\" height=\"640\" src=\"https:\/\/projectes.xtec.cat\/digital\/wp-content\/uploads\/usu2317\/2025\/02\/18.png\" data-id=\"33911\" data-link=\"https:\/\/projectes.xtec.cat\/digital\/equipaments-i-infraestructures\/maleta-audiovisual\/conte-audiovisual-2\/attachment\/18-3\/\" data-original-link=\"https:\/\/projectes.xtec.cat\/digital\/wp-content\/uploads\/usu2317\/2025\/02\/18.png\" class=\"wp-block-getwid-images-slider__image wp-image-33911\" srcset=\"https:\/\/projectes.xtec.cat\/digital\/wp-content\/uploads\/usu2317\/2025\/02\/18.png 860w, https:\/\/projectes.xtec.cat\/digital\/wp-content\/uploads\/usu2317\/2025\/02\/18-300x223.png 300w, https:\/\/projectes.xtec.cat\/digital\/wp-content\/uploads\/usu2317\/2025\/02\/18-768x572.png 768w\" sizes=\"auto, (max-width: 860px) 100vw, 860px\" \/><\/figure><\/div><div class=\"wp-block-getwid-images-slider__item\"><figure><img loading=\"lazy\" decoding=\"async\" width=\"860\" height=\"640\" src=\"https:\/\/projectes.xtec.cat\/digital\/wp-content\/uploads\/usu2317\/2025\/02\/10.png\" data-id=\"33886\" data-link=\"https:\/\/projectes.xtec.cat\/digital\/equipaments-i-infraestructures\/maleta-audiovisual\/conte-audiovisual-2\/attachment\/10\/\" data-original-link=\"https:\/\/projectes.xtec.cat\/digital\/wp-content\/uploads\/usu2317\/2025\/02\/10.png\" class=\"wp-block-getwid-images-slider__image wp-image-33886\" srcset=\"https:\/\/projectes.xtec.cat\/digital\/wp-content\/uploads\/usu2317\/2025\/02\/10.png 860w, https:\/\/projectes.xtec.cat\/digital\/wp-content\/uploads\/usu2317\/2025\/02\/10-300x223.png 300w, https:\/\/projectes.xtec.cat\/digital\/wp-content\/uploads\/usu2317\/2025\/02\/10-768x572.png 768w\" sizes=\"auto, (max-width: 860px) 100vw, 860px\" \/><\/figure><\/div><div class=\"wp-block-getwid-images-slider__item\"><figure><img loading=\"lazy\" decoding=\"async\" width=\"860\" height=\"640\" src=\"https:\/\/projectes.xtec.cat\/digital\/wp-content\/uploads\/usu2317\/2025\/02\/9.png\" data-id=\"33885\" data-link=\"https:\/\/projectes.xtec.cat\/digital\/equipaments-i-infraestructures\/maleta-audiovisual\/conte-audiovisual-2\/attachment\/9\/\" data-original-link=\"https:\/\/projectes.xtec.cat\/digital\/wp-content\/uploads\/usu2317\/2025\/02\/9.png\" class=\"wp-block-getwid-images-slider__image wp-image-33885\" srcset=\"https:\/\/projectes.xtec.cat\/digital\/wp-content\/uploads\/usu2317\/2025\/02\/9.png 860w, https:\/\/projectes.xtec.cat\/digital\/wp-content\/uploads\/usu2317\/2025\/02\/9-300x223.png 300w, https:\/\/projectes.xtec.cat\/digital\/wp-content\/uploads\/usu2317\/2025\/02\/9-768x572.png 768w\" sizes=\"auto, (max-width: 860px) 100vw, 860px\" \/><\/figure><\/div><div class=\"wp-block-getwid-images-slider__item\"><figure><img loading=\"lazy\" decoding=\"async\" width=\"860\" height=\"640\" src=\"https:\/\/projectes.xtec.cat\/digital\/wp-content\/uploads\/usu2317\/2025\/02\/8.png\" data-id=\"33884\" data-link=\"https:\/\/projectes.xtec.cat\/digital\/equipaments-i-infraestructures\/maleta-audiovisual\/conte-audiovisual-2\/attachment\/8\/\" data-original-link=\"https:\/\/projectes.xtec.cat\/digital\/wp-content\/uploads\/usu2317\/2025\/02\/8.png\" class=\"wp-block-getwid-images-slider__image wp-image-33884\" srcset=\"https:\/\/projectes.xtec.cat\/digital\/wp-content\/uploads\/usu2317\/2025\/02\/8.png 860w, https:\/\/projectes.xtec.cat\/digital\/wp-content\/uploads\/usu2317\/2025\/02\/8-300x223.png 300w, https:\/\/projectes.xtec.cat\/digital\/wp-content\/uploads\/usu2317\/2025\/02\/8-768x572.png 768w\" sizes=\"auto, (max-width: 860px) 100vw, 860px\" \/><\/figure><\/div><div class=\"wp-block-getwid-images-slider__item\"><figure><img loading=\"lazy\" decoding=\"async\" width=\"860\" height=\"640\" src=\"https:\/\/projectes.xtec.cat\/digital\/wp-content\/uploads\/usu2317\/2025\/02\/6.png\" data-id=\"33882\" data-link=\"https:\/\/projectes.xtec.cat\/digital\/equipaments-i-infraestructures\/maleta-audiovisual\/conte-audiovisual-2\/attachment\/6\/\" data-original-link=\"https:\/\/projectes.xtec.cat\/digital\/wp-content\/uploads\/usu2317\/2025\/02\/6.png\" class=\"wp-block-getwid-images-slider__image wp-image-33882\" srcset=\"https:\/\/projectes.xtec.cat\/digital\/wp-content\/uploads\/usu2317\/2025\/02\/6.png 860w, https:\/\/projectes.xtec.cat\/digital\/wp-content\/uploads\/usu2317\/2025\/02\/6-300x223.png 300w, https:\/\/projectes.xtec.cat\/digital\/wp-content\/uploads\/usu2317\/2025\/02\/6-768x572.png 768w\" sizes=\"auto, (max-width: 860px) 100vw, 860px\" \/><\/figure><\/div><div class=\"wp-block-getwid-images-slider__item\"><figure><img loading=\"lazy\" decoding=\"async\" width=\"860\" height=\"640\" src=\"https:\/\/projectes.xtec.cat\/digital\/wp-content\/uploads\/usu2317\/2025\/02\/4.png\" data-id=\"33880\" data-link=\"https:\/\/projectes.xtec.cat\/digital\/equipaments-i-infraestructures\/maleta-audiovisual\/conte-audiovisual-2\/attachment\/4\/\" data-original-link=\"https:\/\/projectes.xtec.cat\/digital\/wp-content\/uploads\/usu2317\/2025\/02\/4.png\" class=\"wp-block-getwid-images-slider__image wp-image-33880\" srcset=\"https:\/\/projectes.xtec.cat\/digital\/wp-content\/uploads\/usu2317\/2025\/02\/4.png 860w, https:\/\/projectes.xtec.cat\/digital\/wp-content\/uploads\/usu2317\/2025\/02\/4-300x223.png 300w, https:\/\/projectes.xtec.cat\/digital\/wp-content\/uploads\/usu2317\/2025\/02\/4-768x572.png 768w\" sizes=\"auto, (max-width: 860px) 100vw, 860px\" \/><\/figure><\/div><div class=\"wp-block-getwid-images-slider__item\"><figure><img loading=\"lazy\" decoding=\"async\" width=\"860\" height=\"640\" src=\"https:\/\/projectes.xtec.cat\/digital\/wp-content\/uploads\/usu2317\/2025\/02\/15.png\" data-id=\"33891\" data-link=\"https:\/\/projectes.xtec.cat\/digital\/equipaments-i-infraestructures\/maleta-audiovisual\/conte-audiovisual-2\/attachment\/15-3\/\" data-original-link=\"https:\/\/projectes.xtec.cat\/digital\/wp-content\/uploads\/usu2317\/2025\/02\/15.png\" class=\"wp-block-getwid-images-slider__image wp-image-33891\" srcset=\"https:\/\/projectes.xtec.cat\/digital\/wp-content\/uploads\/usu2317\/2025\/02\/15.png 860w, https:\/\/projectes.xtec.cat\/digital\/wp-content\/uploads\/usu2317\/2025\/02\/15-300x223.png 300w, https:\/\/projectes.xtec.cat\/digital\/wp-content\/uploads\/usu2317\/2025\/02\/15-768x572.png 768w\" sizes=\"auto, (max-width: 860px) 100vw, 860px\" \/><\/figure><\/div><div class=\"wp-block-getwid-images-slider__item\"><figure><img loading=\"lazy\" decoding=\"async\" width=\"860\" height=\"640\" src=\"https:\/\/projectes.xtec.cat\/digital\/wp-content\/uploads\/usu2317\/2025\/02\/Imatges_carrusel_conte.png\" data-id=\"34307\" data-link=\"https:\/\/projectes.xtec.cat\/digital\/equipaments-i-infraestructures\/maleta-audiovisual\/conte-audiovisual\/attachment\/imatges_carrusel_conte\/\" data-original-link=\"https:\/\/projectes.xtec.cat\/digital\/wp-content\/uploads\/usu2317\/2025\/02\/Imatges_carrusel_conte.png\" class=\"wp-block-getwid-images-slider__image wp-image-34307\" srcset=\"https:\/\/projectes.xtec.cat\/digital\/wp-content\/uploads\/usu2317\/2025\/02\/Imatges_carrusel_conte.png 860w, https:\/\/projectes.xtec.cat\/digital\/wp-content\/uploads\/usu2317\/2025\/02\/Imatges_carrusel_conte-300x223.png 300w, https:\/\/projectes.xtec.cat\/digital\/wp-content\/uploads\/usu2317\/2025\/02\/Imatges_carrusel_conte-768x572.png 768w\" sizes=\"auto, (max-width: 860px) 100vw, 860px\" \/><\/figure><\/div><\/div><\/div>\n\n\n\n<div style=\"height:30px\" aria-hidden=\"true\" class=\"wp-block-spacer\"><\/div>\n\n\n\n<p>Elaborar un conte audiovisual il\u00b7lustrat amb l\u2019alumnat \u00e9s una experi\u00e8ncia enriquidora que afavoreix el desenvolupament de m\u00faltiples compet\u00e8ncies. Aquest proc\u00e9s interdisciplinari no nom\u00e9s <strong>fomenta la creativitat<\/strong> i l\u2019expressi\u00f3 art\u00edstica, sin\u00f3 que tamb\u00e9 <strong>refor\u00e7a habilitats ling\u00fc\u00edstiques i digitals<\/strong>.<\/p>\n\n\n\n<div class=\"wp-block-getwid-toggle has-icon-left\">\n<div class=\"wp-block-getwid-toggle__row\"><div class=\"wp-block-getwid-toggle__header-wrapper\"><span class=\"wp-block-getwid-toggle__header\"><a href=\"#\"><span class=\"wp-block-getwid-toggle__header-title\">Compet\u00e8ncia ling\u00fc\u00edstica<\/span><span class=\"wp-block-getwid-toggle__icon is-active\"><i class=\"fas fa-plus\"><\/i><\/span><span class=\"wp-block-getwid-toggle__icon is-passive\"><i class=\"fas fa-minus\"><\/i><\/span><\/a><\/span><\/div><div class=\"wp-block-getwid-toggle__content-wrapper\"><div class=\"wp-block-getwid-toggle__content\">\n<div class=\"wp-block-media-text is-stacked-on-mobile is-vertically-aligned-center has-background\" style=\"background-color:#fffffb;grid-template-columns:20% auto\"><figure class=\"wp-block-media-text__media\"><img loading=\"lazy\" decoding=\"async\" width=\"1024\" height=\"1024\" src=\"https:\/\/projectes.xtec.cat\/digital\/wp-content\/uploads\/usu2317\/2025\/01\/Kids-reading-pana-1024x1024.png\" alt=\"\" class=\"wp-image-33825 size-full\" srcset=\"https:\/\/projectes.xtec.cat\/digital\/wp-content\/uploads\/usu2317\/2025\/01\/Kids-reading-pana-1024x1024.png 1024w, https:\/\/projectes.xtec.cat\/digital\/wp-content\/uploads\/usu2317\/2025\/01\/Kids-reading-pana-300x300.png 300w, https:\/\/projectes.xtec.cat\/digital\/wp-content\/uploads\/usu2317\/2025\/01\/Kids-reading-pana-150x150.png 150w, https:\/\/projectes.xtec.cat\/digital\/wp-content\/uploads\/usu2317\/2025\/01\/Kids-reading-pana-768x768.png 768w, https:\/\/projectes.xtec.cat\/digital\/wp-content\/uploads\/usu2317\/2025\/01\/Kids-reading-pana-1536x1536.png 1536w, https:\/\/projectes.xtec.cat\/digital\/wp-content\/uploads\/usu2317\/2025\/01\/Kids-reading-pana.png 2000w\" sizes=\"auto, (max-width: 1024px) 100vw, 1024px\" \/><\/figure><div class=\"wp-block-media-text__content\">\n<p style=\"font-size:15px;font-style:normal;font-weight:300\"><strong>Comprensi\u00f3 i expressi\u00f3 oral i escrita: <\/strong>redactem el gui\u00f3 del conte, assegurant-nos que la hist\u00f2ria \u00e9s coherent i atractiva. Treballem la lectura en veu alta i la dicci\u00f3 en la narraci\u00f3 del relat, parant atenci\u00f3 en l&#8217;entonaci\u00f3 i la flu\u00efdesa lectora.<br><strong>Estructura narrativa:<\/strong> desenvolupem les parts fonamentals de la hist\u00f2ria (plantejament, nus i desenlla\u00e7).<br><strong>\u00das adequat del llenguatge<\/strong>: treballem la precisi\u00f3 l\u00e8xica, la riquesa expressiva i l\u2019adaptaci\u00f3 del registre segons el p\u00fablic a qui ens dirigim.<br><strong>Escolta activa i interacci\u00f3<\/strong>: la creaci\u00f3 col\u00b7laborativa del conte fomenta el di\u00e0leg, la cooperaci\u00f3 i la revisi\u00f3 dels textos entre iguals.<br> <strong>Expressivitat oral:<\/strong> la narraci\u00f3 del conte implica treballar l\u2019entonaci\u00f3, la modulaci\u00f3 de la veu i l\u2019expressi\u00f3 emocional per donar vida als personatges i captar l\u2019atenci\u00f3 de l\u2019audi\u00e8ncia.<\/p>\n<\/div><\/div>\n<\/div><\/div><\/div>\n\n\n\n<div class=\"wp-block-getwid-toggle__row\"><div class=\"wp-block-getwid-toggle__header-wrapper\"><span class=\"wp-block-getwid-toggle__header\"><a href=\"#\"><span class=\"wp-block-getwid-toggle__header-title\">Compet\u00e8ncia digital<\/span><span class=\"wp-block-getwid-toggle__icon is-active\"><i class=\"fas fa-plus\"><\/i><\/span><span class=\"wp-block-getwid-toggle__icon is-passive\"><i class=\"fas fa-minus\"><\/i><\/span><\/a><\/span><\/div><div class=\"wp-block-getwid-toggle__content-wrapper\"><div class=\"wp-block-getwid-toggle__content\">\n<div class=\"wp-block-media-text is-stacked-on-mobile is-vertically-aligned-center has-background\" style=\"background-color:#f7f7f7;grid-template-columns:20% auto\"><figure class=\"wp-block-media-text__media\"><img loading=\"lazy\" decoding=\"async\" width=\"1024\" height=\"1024\" src=\"https:\/\/projectes.xtec.cat\/digital\/wp-content\/uploads\/usu2317\/2025\/01\/Recording-pana-1024x1024.png\" alt=\"\" class=\"wp-image-33844 size-full\" srcset=\"https:\/\/projectes.xtec.cat\/digital\/wp-content\/uploads\/usu2317\/2025\/01\/Recording-pana-1024x1024.png 1024w, https:\/\/projectes.xtec.cat\/digital\/wp-content\/uploads\/usu2317\/2025\/01\/Recording-pana-300x300.png 300w, https:\/\/projectes.xtec.cat\/digital\/wp-content\/uploads\/usu2317\/2025\/01\/Recording-pana-150x150.png 150w, https:\/\/projectes.xtec.cat\/digital\/wp-content\/uploads\/usu2317\/2025\/01\/Recording-pana-768x768.png 768w, https:\/\/projectes.xtec.cat\/digital\/wp-content\/uploads\/usu2317\/2025\/01\/Recording-pana-1536x1536.png 1536w, https:\/\/projectes.xtec.cat\/digital\/wp-content\/uploads\/usu2317\/2025\/01\/Recording-pana.png 2000w\" sizes=\"auto, (max-width: 1024px) 100vw, 1024px\" \/><\/figure><div class=\"wp-block-media-text__content\">\n<p style=\"font-size:15px;font-style:normal;font-weight:300\"><strong>Creaci\u00f3 i edici\u00f3 multim\u00e8dia<\/strong>: aprenem a utilitzar eines digitals per a la il\u00b7lustraci\u00f3, l\u2019edici\u00f3 d\u2019imatges i la postproducci\u00f3 audiovisual, incloent-hi la gravaci\u00f3 i edici\u00f3 de la veu.<br><strong>\u00das responsable de la tecnologia<\/strong>: treballem la gesti\u00f3 de drets d\u2019autor, l\u2019\u00fas d\u2019imatges lliures de drets i el respecte per la privacitat a l\u2019hora de publicar continguts.<br><strong>Multimodalitat i transmedialitat: <\/strong>fusionem text, imatge i \u00e0udio, desenvolupant la capacitat de comunicar-nos en diversos formats i suports.<br><strong>Alfabetitzaci\u00f3 medi\u00e0tica<\/strong>: fomentem el pensament cr\u00edtic envers els continguts audiovisuals i es potencia la capacitat d\u2019interpretar i produir missatges digitals amb intencionalitat comunicativa.<br><\/p>\n<\/div><\/div>\n\n\n\n<p><\/p>\n<\/div><\/div><\/div>\n\n\n\n<div class=\"wp-block-getwid-toggle__row\"><div class=\"wp-block-getwid-toggle__header-wrapper\"><span class=\"wp-block-getwid-toggle__header\"><a href=\"#\"><span class=\"wp-block-getwid-toggle__header-title\">Compet\u00e8ncia Art\u00edstica<\/span><span class=\"wp-block-getwid-toggle__icon is-active\"><i class=\"fas fa-plus\"><\/i><\/span><span class=\"wp-block-getwid-toggle__icon is-passive\"><i class=\"fas fa-minus\"><\/i><\/span><\/a><\/span><\/div><div class=\"wp-block-getwid-toggle__content-wrapper\"><div class=\"wp-block-getwid-toggle__content\">\n<div class=\"wp-block-media-text is-stacked-on-mobile is-vertically-aligned-center has-background\" style=\"background-color:#dfe3ee;grid-template-columns:20% auto\"><figure class=\"wp-block-media-text__media\"><img loading=\"lazy\" decoding=\"async\" width=\"1024\" height=\"1024\" src=\"https:\/\/projectes.xtec.cat\/digital\/wp-content\/uploads\/usu2317\/2025\/01\/Vision-board-amico-1024x1024.png\" alt=\"\" class=\"wp-image-33845 size-full\" srcset=\"https:\/\/projectes.xtec.cat\/digital\/wp-content\/uploads\/usu2317\/2025\/01\/Vision-board-amico-1024x1024.png 1024w, https:\/\/projectes.xtec.cat\/digital\/wp-content\/uploads\/usu2317\/2025\/01\/Vision-board-amico-300x300.png 300w, https:\/\/projectes.xtec.cat\/digital\/wp-content\/uploads\/usu2317\/2025\/01\/Vision-board-amico-150x150.png 150w, https:\/\/projectes.xtec.cat\/digital\/wp-content\/uploads\/usu2317\/2025\/01\/Vision-board-amico-768x768.png 768w, https:\/\/projectes.xtec.cat\/digital\/wp-content\/uploads\/usu2317\/2025\/01\/Vision-board-amico-1536x1536.png 1536w, https:\/\/projectes.xtec.cat\/digital\/wp-content\/uploads\/usu2317\/2025\/01\/Vision-board-amico.png 2000w\" sizes=\"auto, (max-width: 1024px) 100vw, 1024px\" \/><\/figure><div class=\"wp-block-media-text__content\">\n<p style=\"font-size:15px;font-style:normal;font-weight:300\"><strong>Expressi\u00f3 pl\u00e0stica i creativitat<\/strong>: desenvolupem habilitats art\u00edstiques mitjan\u00e7ant la creaci\u00f3 de personatges i escenaris amb diferents t\u00e8cniques (dibuix, pintura, collage, retallables, plastilina animada o eines digitals) fomentant l\u2019expressi\u00f3 personal i la capacitat de representar idees de manera visual.<br><strong>Composici\u00f3 i disseny visual:<\/strong> planifiquem les escenes introduint coneixements b\u00e0sics de composici\u00f3, equilibri, proporci\u00f3 i \u00fas del color per aconseguir imatges atractives i coherents.<br><strong>T\u00e8cniques de representaci\u00f3 i animaci\u00f3: <\/strong>la creaci\u00f3 d\u2019un conte audiovisual permet experimentar amb t\u00e8cniques d\u2019animaci\u00f3. <br><strong>Relaci\u00f3 entre imatge i so<\/strong>: explorem com es complementen la imatge i el so per transmetre emocions i refor\u00e7ar el missatge narratiu, treballant la sincronitzaci\u00f3 entre veu, efectes sonors i m\u00fasica per enriquir el relat.<br><strong>Apreciaci\u00f3 de l\u2019art i la cultura visual: <\/strong>analitzem els contes audiovisuals existents ajuda l\u2019alumnat a comprendre diferents estils i llenguatges visuals, aix\u00ed com a desenvolupar criteris propis en la valoraci\u00f3 de produccions art\u00edstiques.<br><\/p>\n<\/div><\/div>\n<\/div><\/div><\/div>\n\n\n\n<div class=\"wp-block-getwid-toggle__row\"><div class=\"wp-block-getwid-toggle__header-wrapper\"><span class=\"wp-block-getwid-toggle__header\"><a href=\"#\"><span class=\"wp-block-getwid-toggle__header-title\">Compet\u00e8ncia de Treball en Equip<\/span><span class=\"wp-block-getwid-toggle__icon is-active\"><i class=\"fas fa-plus\"><\/i><\/span><span class=\"wp-block-getwid-toggle__icon is-passive\"><i class=\"fas fa-minus\"><\/i><\/span><\/a><\/span><\/div><div class=\"wp-block-getwid-toggle__content-wrapper\"><div class=\"wp-block-getwid-toggle__content\">\n<div class=\"wp-block-media-text is-stacked-on-mobile is-vertically-aligned-center has-background\" style=\"background-color:#f7e5ea;grid-template-columns:20% auto\"><figure class=\"wp-block-media-text__media\"><img loading=\"lazy\" decoding=\"async\" width=\"1024\" height=\"1024\" src=\"https:\/\/projectes.xtec.cat\/digital\/wp-content\/uploads\/usu2317\/2025\/02\/Team-work-rafiki-1024x1024.png\" alt=\"\" class=\"wp-image-33860 size-full\" srcset=\"https:\/\/projectes.xtec.cat\/digital\/wp-content\/uploads\/usu2317\/2025\/02\/Team-work-rafiki-1024x1024.png 1024w, https:\/\/projectes.xtec.cat\/digital\/wp-content\/uploads\/usu2317\/2025\/02\/Team-work-rafiki-300x300.png 300w, https:\/\/projectes.xtec.cat\/digital\/wp-content\/uploads\/usu2317\/2025\/02\/Team-work-rafiki-150x150.png 150w, https:\/\/projectes.xtec.cat\/digital\/wp-content\/uploads\/usu2317\/2025\/02\/Team-work-rafiki-768x768.png 768w, https:\/\/projectes.xtec.cat\/digital\/wp-content\/uploads\/usu2317\/2025\/02\/Team-work-rafiki-1536x1536.png 1536w, https:\/\/projectes.xtec.cat\/digital\/wp-content\/uploads\/usu2317\/2025\/02\/Team-work-rafiki.png 2000w\" sizes=\"auto, (max-width: 1024px) 100vw, 1024px\" \/><\/figure><div class=\"wp-block-media-text__content\">\n<p style=\"font-size:15px;font-style:normal;font-weight:300\">L\u2019 elaboraci\u00f3 d\u2019un conte audiovisual implica <strong>un treball cooperatiu<\/strong> on cada alumne pot <strong>assumir diferents rols<\/strong> segons les seves habilitats i interessos: escriptors, il\u00b7lustradors, narradors, editors o t\u00e8cnics de so, etc.<br>Aquest proc\u00e9s fomenta el respecte per les aportacions dels companys, la responsabilitat compartida i la <strong>presa de decisions consensuada<\/strong>. A m\u00e9s, permet treballar de manera transversal diferents mat\u00e8ries i \u00e0rees curriculars. <br>La llengua i la literatura es combinen amb la tecnologia, l\u2019educaci\u00f3 art\u00edstica i fins i tot amb la m\u00fasica si es crea una banda sonora. Aix\u00f2 ofereix una experi\u00e8ncia d\u2019aprenentatge integradora que potencia la connexi\u00f3 entre disciplines i el desenvolupament de compet\u00e8ncies globals. <br><\/p>\n<\/div><\/div>\n<\/div><\/div><\/div>\n<\/div>\n\n\n\n<div class=\"wp-block-columns is-layout-flex wp-container-core-columns-is-layout-2 wp-block-columns-is-layout-flex\">\n<div class=\"wp-block-column is-layout-flow wp-block-column-is-layout-flow\">\n<hr class=\"wp-block-separator has-text-color has-ast-global-color-6-color has-alpha-channel-opacity has-ast-global-color-6-background-color has-background is-style-wide\"\/>\n\n\n\n<h2 class=\"wp-block-heading has-text-color has-link-color wp-elements-23a0f5320b737e942dce11b25f40d22d\" style=\"color:#637888\">Fases del proc\u00e9s de creaci\u00f3<\/h2>\n\n\n\n<div class=\"wp-block-getwid-content-timeline is-animated\" data-animation=\"slideInSides\" data-filling=\"true\"><div class=\"wp-block-getwid-content-timeline__line\"><div class=\"wp-block-getwid-content-timeline__bar has-background\" style=\"background-color:#b1c8d2\"><\/div><\/div><div class=\"wp-block-getwid-content-timeline__wrapper\">\n<div class=\"wp-block-getwid-content-timeline-item\"><div class=\"wp-block-getwid-content-timeline-item__wrapper\"><div class=\"wp-block-getwid-content-timeline-item__card has-background\" style=\"background-color:#eef0f2\"><div class=\"wp-block-getwid-content-timeline-item__card-wrapper\"><div class=\"wp-block-getwid-content-timeline-item__content-wrapper\"><div class=\"wp-block-getwid-content-timeline-item__mobile-meta\"><p class=\"wp-block-getwid-content-timeline-item__meta-content\"><strong>Preparaci\u00f3<\/strong><br>Preparem el nostre conte, l&#8217;espai de gravaci\u00f3 i l&#8217;organitzaci\u00f3 del projecte.<\/p><\/div>\n<h3 class=\"wp-block-heading has-text-color has-link-color wp-elements-1650d8b5f63149e3e7a009c7e93f7b66\" style=\"color:#b1c8d2\">1a. Preproducci\u00f3<\/h3>\n\n\n\n<p class=\"has-background has-small-font-size\" style=\"background-color:#00000000;padding-top:0px;padding-right:0px;padding-bottom:0px;padding-left:0px\">&#8211; <strong>Creem el conte<\/strong> i desenvolupem el gui\u00f3.<br>&#8211; <strong>Organitzem el projecte<\/strong> mitjan\u00e7ant una graella, storyboard o d\u2019<a href=\"https:\/\/docs.google.com\/document\/d\/1QeWc-pX2UszbwTkx9EkxDIfs8Y6FZLzfuw9_oik6WGw\/template\/preview\" target=\"_blank\" rel=\"noreferrer noopener\">escaleta<\/a> per planificar escenes, di\u00e0legs i elements sonors.<br>&#8211; <strong>Creem els personatges i els escenaris<\/strong> mitjan\u00e7ant la t\u00e8cnica desitjada (aquarel\u00b7la, collage, retallables, papirofl\u00e8xia, plastilina animada, dibuix, etc.) <br>&#8211; <strong>Assagem la lectura<\/strong> del conte tenint en compte l\u2019expressi\u00f3 oral i la modulaci\u00f3 de la veu.<br>&#8211; <strong>Planifiquem el material necessari I  preparem el set de gravaci\u00f3<\/strong> amb els elements de la maleta audiovisual. <br>&#8211; Recollim els permisos d\u2019\u00fas d\u2019imatge i veu de l\u2019alumnat si s&#8217;escau.<\/p>\n\n\n\n<figure class=\"wp-block-image aligncenter size-full is-resized has-custom-border is-style-rounded\"><img loading=\"lazy\" decoding=\"async\" width=\"351\" height=\"257\" src=\"https:\/\/projectes.xtec.cat\/digital\/wp-content\/uploads\/usu2317\/2025\/02\/zenital-camera-accio4__thumb.jpeg\" alt=\"\" class=\"wp-image-33928\" style=\"border-width:1px;border-radius:15px;width:250px\" srcset=\"https:\/\/projectes.xtec.cat\/digital\/wp-content\/uploads\/usu2317\/2025\/02\/zenital-camera-accio4__thumb.jpeg 351w, https:\/\/projectes.xtec.cat\/digital\/wp-content\/uploads\/usu2317\/2025\/02\/zenital-camera-accio4__thumb-300x220.jpeg 300w\" sizes=\"auto, (max-width: 351px) 100vw, 351px\" \/><\/figure>\n<\/div><\/div><\/div><div class=\"wp-block-getwid-content-timeline-item__point\" data-point-color=\"#b1c8d2\"><div class=\"wp-block-getwid-content-timeline-item__point-content\"><\/div><\/div><div class=\"wp-block-getwid-content-timeline-item__meta\"><p class=\"wp-block-getwid-content-timeline-item__meta-content\"><strong>Preparaci\u00f3<\/strong><br>Preparem el nostre conte, l&#8217;espai de gravaci\u00f3 i l&#8217;organitzaci\u00f3 del projecte.<\/p><\/div><\/div><\/div>\n\n\n\n<div class=\"wp-block-getwid-content-timeline-item\"><div class=\"wp-block-getwid-content-timeline-item__wrapper\"><div class=\"wp-block-getwid-content-timeline-item__card has-background\" style=\"background-color:#eef0f2\"><div class=\"wp-block-getwid-content-timeline-item__card-wrapper\"><div class=\"wp-block-getwid-content-timeline-item__content-wrapper\"><div class=\"wp-block-getwid-content-timeline-item__mobile-meta\"><p class=\"wp-block-getwid-content-timeline-item__meta-content\"><strong>Gravaci\u00f3 <\/strong><br>Enregistrem la imatge i el so<\/p><\/div>\n<h3 class=\"wp-block-heading has-text-color has-link-color wp-elements-d4a383ae38ae474addc5e42709ca5a8a\" style=\"color:#b1c8d2\">2a. Producci\u00f3<\/h3>\n\n\n\n<p class=\"has-background has-small-font-size\" style=\"background-color:#00000000;padding-top:0;padding-right:0px;padding-bottom:0;padding-left:0px\">&#8211; <strong>Enregistrem les imatges<\/strong> o animacions seguint l\u2019estil del projecte (dibuixos en moviment, stop motion, etc.).<br>&#8211; <strong>Gravem la narraci\u00f3 del conte<\/strong> amb la gravadora de so per garantir la claredat de les veus (\u00e9s important evitar la pres\u00e8ncia de sorolls innecessaris).<br>&#8211; <strong>Sincronitzem la veu i la imatge<\/strong> per assegurar la cohesi\u00f3 del relat.<\/p>\n\n\n\n<figure class=\"wp-block-image aligncenter size-full is-resized has-custom-border is-style-rounded\"><a href=\"https:\/\/projectes.xtec.cat\/digital\/wp-content\/uploads\/usu2317\/2025\/02\/Set_una_ma_de_conte.png\" target=\"_blank\" rel=\"noreferrer noopener\"><img loading=\"lazy\" decoding=\"async\" width=\"1920\" height=\"1080\" src=\"https:\/\/projectes.xtec.cat\/digital\/wp-content\/uploads\/usu2317\/2025\/02\/Set_una_ma_de_conte.png\" alt=\"\" class=\"wp-image-34279\" style=\"border-width:1px;border-radius:15px;width:250px\" srcset=\"https:\/\/projectes.xtec.cat\/digital\/wp-content\/uploads\/usu2317\/2025\/02\/Set_una_ma_de_conte.png 1920w, https:\/\/projectes.xtec.cat\/digital\/wp-content\/uploads\/usu2317\/2025\/02\/Set_una_ma_de_conte-300x169.png 300w, https:\/\/projectes.xtec.cat\/digital\/wp-content\/uploads\/usu2317\/2025\/02\/Set_una_ma_de_conte-1024x576.png 1024w, https:\/\/projectes.xtec.cat\/digital\/wp-content\/uploads\/usu2317\/2025\/02\/Set_una_ma_de_conte-768x432.png 768w, https:\/\/projectes.xtec.cat\/digital\/wp-content\/uploads\/usu2317\/2025\/02\/Set_una_ma_de_conte-1536x864.png 1536w\" sizes=\"auto, (max-width: 1920px) 100vw, 1920px\" \/><\/a><\/figure>\n<\/div><\/div><\/div><div class=\"wp-block-getwid-content-timeline-item__point\" data-point-color=\"#b1c8d2\"><div class=\"wp-block-getwid-content-timeline-item__point-content\"><\/div><\/div><div class=\"wp-block-getwid-content-timeline-item__meta\"><p class=\"wp-block-getwid-content-timeline-item__meta-content\"><strong>Gravaci\u00f3 <\/strong><br>Enregistrem la imatge i el so<\/p><\/div><\/div><\/div>\n\n\n\n<div class=\"wp-block-getwid-content-timeline-item\"><div class=\"wp-block-getwid-content-timeline-item__wrapper\"><div class=\"wp-block-getwid-content-timeline-item__card has-background\" style=\"background-color:#eef0f2\"><div class=\"wp-block-getwid-content-timeline-item__card-wrapper\"><div class=\"wp-block-getwid-content-timeline-item__content-wrapper\"><div class=\"wp-block-getwid-content-timeline-item__mobile-meta\"><p class=\"wp-block-getwid-content-timeline-item__meta-content\"><strong>Fem el muntatge <br><\/strong>Editem imatge i so<br>preparem el producte final<br><\/p><\/div>\n<h3 class=\"wp-block-heading has-text-color has-link-color wp-elements-da8d11904fb7045c4ff7dd2fe8889452\" style=\"color:#b1c8d2\">3a. Postproducci\u00f3<\/h3>\n\n\n\n<p class=\"has-background has-small-font-size\" style=\"background-color:#00000000;margin-top:0px;margin-right:0px;margin-bottom:0px;margin-left:0px;padding-top:0px;padding-right:0px;padding-bottom:0px;padding-left:0px\">&#8211;<strong> Muntem el v\u00eddeo<\/strong> amb eines digitals adequades (programari de v\u00eddeo i \u00e0udio). <br>&#8211; <strong>Seleccionem les transicions<\/strong> per enriquir l\u2019experi\u00e8ncia narrativa (foses, encadenats).<br>&#8211; <strong>Afegim les veus<\/strong> enregistrades i els <strong>efectes de so<\/strong>.<br>&#8211; <strong>Afegim els arxius sonors i la m\u00fasica<\/strong> de fons.<br>&#8211; <strong>Revisem el producte final <\/strong>i exportem del conte en el format desitjat per compartir-lo.<\/p>\n\n\n\n<div style=\"height:16px\" aria-hidden=\"true\" class=\"wp-block-spacer\"><\/div>\n\n\n\n<figure class=\"wp-block-image aligncenter size-full is-resized has-custom-border is-style-rounded\"><img loading=\"lazy\" decoding=\"async\" width=\"232\" height=\"167\" src=\"https:\/\/projectes.xtec.cat\/digital\/wp-content\/uploads\/usu2317\/2025\/02\/edicio_conte_petit_quadrat_thumb.png\" alt=\"\" class=\"wp-image-33926\" style=\"border-width:1px;border-radius:15px;width:250px\"\/><\/figure>\n<\/div><\/div><\/div><div class=\"wp-block-getwid-content-timeline-item__point\" data-point-color=\"#b1c8d2\"><div class=\"wp-block-getwid-content-timeline-item__point-content\"><\/div><\/div><div class=\"wp-block-getwid-content-timeline-item__meta\"><p class=\"wp-block-getwid-content-timeline-item__meta-content\"><strong>Fem el muntatge <br><\/strong>Editem imatge i so<br>preparem el producte final<br><\/p><\/div><\/div><\/div>\n<\/div><\/div>\n\n\n\n<hr class=\"wp-block-separator has-text-color has-ast-global-color-6-color has-alpha-channel-opacity has-ast-global-color-6-background-color has-background is-style-wide\"\/>\n\n\n\n<h3 class=\"wp-block-heading has-text-color has-link-color wp-elements-1fd011f170e25011972ea4724bc93676\" style=\"color:#627888\">Exemples<\/h3>\n\n\n\n<p>Podeu veure dos exemples senzills realitzats amb la maleta audioviual.<\/p>\n\n\n\n<div class=\"wp-block-columns is-layout-flex wp-container-core-columns-is-layout-1 wp-block-columns-is-layout-flex\">\n<div class=\"wp-block-column is-layout-flow wp-block-column-is-layout-flow\">\n<figure class=\"wp-block-embed is-type-video is-provider-youtube wp-block-embed-youtube wp-embed-aspect-16-9 wp-has-aspect-ratio\"><div class=\"wp-block-embed__wrapper\">\n<div class=\"ast-oembed-container \" style=\"height: 100%;\"><iframe loading=\"lazy\" title=\"Les dues granotes i el t\u00f2til\" width=\"500\" height=\"281\" src=\"https:\/\/www.youtube.com\/embed\/b_rI4d6HyAE?feature=oembed\" frameborder=\"0\" allow=\"accelerometer; autoplay; clipboard-write; encrypted-media; gyroscope; picture-in-picture; web-share\" referrerpolicy=\"strict-origin-when-cross-origin\" allowfullscreen><\/iframe><\/div>\n<\/div><\/figure>\n<\/div>\n\n\n\n<div class=\"wp-block-column is-layout-flow wp-block-column-is-layout-flow\">\n<figure class=\"wp-block-embed is-type-video is-provider-youtube wp-block-embed-youtube wp-embed-aspect-16-9 wp-has-aspect-ratio\"><div class=\"wp-block-embed__wrapper\">\n<div class=\"ast-oembed-container \" style=\"height: 100%;\"><iframe loading=\"lazy\" title=\"Un conte petit\" width=\"500\" height=\"281\" src=\"https:\/\/www.youtube.com\/embed\/5qmbo6XBVYA?feature=oembed\" frameborder=\"0\" allow=\"accelerometer; autoplay; clipboard-write; encrypted-media; gyroscope; picture-in-picture; web-share\" referrerpolicy=\"strict-origin-when-cross-origin\" allowfullscreen><\/iframe><\/div>\n<\/div><\/figure>\n<\/div>\n<\/div>\n\n\n\n<div style=\"height:19px\" aria-hidden=\"true\" class=\"wp-block-spacer\"><\/div>\n\n\n\n<h3 class=\"wp-block-heading has-text-color has-link-color wp-elements-9dd2a145dc93782268ed4cc6d5ee1f74\" style=\"color:#627888\">Elements de la maleta audiovisual<\/h3>\n\n\n\n<p>L\u2019\u00fas d\u2019una maleta audiovisual en la creaci\u00f3 del conte il\u00b7lustrat permet a l\u2019alumnat treballar amb eines professionals en un entorn d\u2019aprenentatge pr\u00e0ctic i innovador. La maleta inclou dispositius  que faciliten la gravaci\u00f3 d\u2019imatges i so. Aix\u00f2 permet experimentar amb t\u00e8cniques d\u2019enregistrament, edici\u00f3 i postproducci\u00f3, refor\u00e7ant aix\u00ed les seves compet\u00e8ncies digitals i creatives.<\/p>\n\n\n\n<div style=\"height:19px\" aria-hidden=\"true\" class=\"wp-block-spacer\"><\/div>\n<\/div>\n<\/div>\n\n\n\n<div class=\"wp-block-getwid-section alignwide alignwide\"><div class=\"wp-block-getwid-section__wrapper\"><div class=\"wp-block-getwid-section__inner-wrapper\"><div class=\"wp-block-getwid-section__background-holder\"><div class=\"wp-block-getwid-section__background\"><\/div><div class=\"wp-block-getwid-section__foreground\"><\/div><\/div><div class=\"wp-block-getwid-section__content\"><div class=\"wp-block-getwid-section__inner-content\">\n<div class=\"wp-block-getwid-tabs\" data-active-tab=\"0\"><ul class=\"wp-block-getwid-tabs__nav-links\"><\/ul>\n<div class=\"wp-block-getwid-tabs__nav-link\"><span class=\"wp-block-getwid-tabs__title-wrapper\"><a href=\"#\"><span class=\"wp-block-getwid-tabs__title\">1. Preparaci\u00f3 (preproducci\u00f3)<\/span><\/a><\/span><\/div><div class=\"wp-block-getwid-tabs__tab-content-wrapper\"><div class=\"wp-block-getwid-tabs__tab-content\">\n<h3 class=\"wp-block-heading\">Preparem i il\u00b7luminem l&#8217;espai de gravaci\u00f3 <\/h3>\n\n\n\n<p>Per a una bona il\u00b7luminaci\u00f3 en enregistraments en <strong>format zenital<\/strong> (vista a\u00e8ria), \u00e9s essencial utilitzar els focus inclosos a la maleta audiovisual. Podem consultar les recomanacions del <strong><a href=\"https:\/\/drive.google.com\/file\/d\/1eIB72ul2fbAJHEL1vRMosKIIugO6Ayup\/view\" data-type=\"link\" data-id=\"https:\/\/drive.google.com\/file\/d\/1eIB72ul2fbAJHEL1vRMosKIIugO6Ayup\/view\" target=\"_blank\" rel=\"noreferrer noopener\">manual d&#8217;\u00fas de la maleta<\/a><\/strong>:<\/p>\n\n\n\n<ul class=\"wp-block-list\">\n<li>Utilitzar <strong>l&#8217;estructura del chroma<\/strong> per a instal\u00b7lar la c\u00e0mera d&#8217;acci\u00f3 amb el &#8220;suport bicicleta&#8221;. <\/li>\n\n\n\n<li>Utilitzar dos o m\u00e9s focus LED amb difusors per <strong>evitar ombres dures<\/strong> sobre la superf\u00edcie de treball.<\/li>\n\n\n\n<li>Situar els focus en un angle de 45\u00b0 respecte a la c\u00e0mera per evitar reflexos i <strong>obtenir una llum homog\u00e8nia<\/strong>.<\/li>\n\n\n\n<li>Ajustar la temperatura de color dels focus per garantir una il\u00b7luminaci\u00f3 neutra que no alteri els colors de les il\u00b7lustracions. <\/li>\n\n\n\n<li>Il\u00b7luminar amb <strong>llum c\u00e0lida<\/strong>, (si tenim llum fluorescent a l&#8217;espai). Aix\u00f2 far\u00e0 desapar\u00e8ixer el parpelleig de v\u00eddeo a la c\u00e0mera d&#8217;acci\u00f3. <\/li>\n\n\n\n<li>Mantenir una <strong>dist\u00e0ncia adequada entre la llum i l\u2019\u00e0rea de treball<\/strong> per evitar punts de llum massa intensos.<\/li>\n<\/ul>\n\n\n\n<p>Amb aquesta configuraci\u00f3, es garanteix una imatge n\u00edtida i equilibrada, essencial per a la qualitat del conte audiovisual.<\/p>\n\n\n\n<div style=\"height:20px\" aria-hidden=\"true\" class=\"wp-block-spacer\"><\/div>\n\n\n\n<div class=\"wp-block-columns is-layout-flex wp-container-core-columns-is-layout-3 wp-block-columns-is-layout-flex\">\n<div class=\"wp-block-column is-layout-flow wp-block-column-is-layout-flow\" style=\"flex-basis:66.66%\">\n<p>Si ho preferiu, podeu emprar alguna altra angulaci\u00f3 o b\u00e9 fer servir un <strong>format picat<\/strong> podeu fer servir l&#8217;estructura del difusor de llum i la <a href=\"https:\/\/youtu.be\/Pgafj1AyDk8?feature=shared&amp;t=340\" target=\"_blank\" rel=\"noreferrer noopener\">r\u00f2tula<\/a> per usar la c\u00e0mera de v\u00eddeo.<\/p>\n\n\n\n<div style=\"height:40px\" aria-hidden=\"true\" class=\"wp-block-spacer\"><\/div>\n<\/div>\n\n\n\n<div class=\"wp-block-column is-layout-flow wp-block-column-is-layout-flow\" style=\"flex-basis:33.33%\">\n<figure class=\"wp-block-image size-large is-resized has-custom-border is-style-rounded\"><a href=\"https:\/\/projectes.xtec.cat\/digital\/wp-content\/uploads\/usu2317\/2025\/02\/rotula4k.jpg\"><img loading=\"lazy\" decoding=\"async\" width=\"1024\" height=\"772\" src=\"https:\/\/projectes.xtec.cat\/digital\/wp-content\/uploads\/usu2317\/2025\/02\/rotula4k-1024x772.jpg\" alt=\"\" class=\"wp-image-33876\" style=\"border-radius:5px;width:200px\" srcset=\"https:\/\/projectes.xtec.cat\/digital\/wp-content\/uploads\/usu2317\/2025\/02\/rotula4k-1024x772.jpg 1024w, https:\/\/projectes.xtec.cat\/digital\/wp-content\/uploads\/usu2317\/2025\/02\/rotula4k-300x226.jpg 300w, https:\/\/projectes.xtec.cat\/digital\/wp-content\/uploads\/usu2317\/2025\/02\/rotula4k-768x579.jpg 768w, https:\/\/projectes.xtec.cat\/digital\/wp-content\/uploads\/usu2317\/2025\/02\/rotula4k.jpg 1536w\" sizes=\"auto, (max-width: 1024px) 100vw, 1024px\" \/><\/a><\/figure>\n<\/div>\n<\/div>\n\n\n\n<div style=\"height:20px\" aria-hidden=\"true\" class=\"wp-block-spacer\"><\/div>\n\n\n\n<div class=\"wp-block-columns is-layout-flex wp-container-core-columns-is-layout-4 wp-block-columns-is-layout-flex\">\n<div class=\"wp-block-column is-layout-flow wp-block-column-is-layout-flow\" style=\"flex-basis:66.66%\">\n<p>Tamb\u00e9 podeu fer \u00fas del peu de micr\u00f2fon i l&#8217;estabilitzador si enregistreu amb un dispositiu m\u00f2bil.<\/p>\n\n\n\n<div style=\"height:40px\" aria-hidden=\"true\" class=\"wp-block-spacer\"><\/div>\n<\/div>\n\n\n\n<div class=\"wp-block-column is-layout-flow wp-block-column-is-layout-flow\" style=\"flex-basis:33.33%\">\n<figure class=\"wp-block-image size-full is-resized has-custom-border is-style-rounded\"><img loading=\"lazy\" decoding=\"async\" width=\"1014\" height=\"796\" src=\"https:\/\/projectes.xtec.cat\/digital\/wp-content\/uploads\/usu2317\/2025\/02\/zenitapeu.jpeg\" alt=\"\" class=\"wp-image-33920\" style=\"border-radius:5px;width:200px\" srcset=\"https:\/\/projectes.xtec.cat\/digital\/wp-content\/uploads\/usu2317\/2025\/02\/zenitapeu.jpeg 1014w, https:\/\/projectes.xtec.cat\/digital\/wp-content\/uploads\/usu2317\/2025\/02\/zenitapeu-300x236.jpeg 300w, https:\/\/projectes.xtec.cat\/digital\/wp-content\/uploads\/usu2317\/2025\/02\/zenitapeu-768x603.jpeg 768w\" sizes=\"auto, (max-width: 1014px) 100vw, 1014px\" \/><\/figure>\n<\/div>\n<\/div>\n\n\n\n<hr class=\"wp-block-separator has-alpha-channel-opacity is-style-dots\"\/>\n\n\n\n<h3 class=\"wp-block-heading\">Quins elements podem utilitzar <\/h3>\n\n\n\n<h4 class=\"wp-block-heading has-text-align-center\"><strong>Suport i estabilitzaci\u00f3<\/strong><\/h4>\n\n\n\n<div style=\"height:20px\" aria-hidden=\"true\" class=\"wp-block-spacer\"><\/div>\n\n\n\n<div class=\"wp-block-columns is-layout-flex wp-container-core-columns-is-layout-5 wp-block-columns-is-layout-flex\">\n<div class=\"wp-block-column is-layout-flow wp-block-column-is-layout-flow\" style=\"flex-basis:18.75%\">\n<figure class=\"wp-block-image aligncenter size-full is-resized is-style-default vora\"><img loading=\"lazy\" decoding=\"async\" width=\"674\" height=\"621\" src=\"https:\/\/projectes.xtec.cat\/digital\/wp-content\/uploads\/usu2317\/2024\/05\/kit-illuminacio.png\" alt=\"\" class=\"wp-image-26918\" style=\"aspect-ratio:1.1071428571428572;object-fit:cover;width:150px\" srcset=\"https:\/\/projectes.xtec.cat\/digital\/wp-content\/uploads\/usu2317\/2024\/05\/kit-illuminacio.png 674w, https:\/\/projectes.xtec.cat\/digital\/wp-content\/uploads\/usu2317\/2024\/05\/kit-illuminacio-300x276.png 300w\" sizes=\"auto, (max-width: 674px) 100vw, 674px\" \/><\/figure>\n<\/div>\n\n\n\n<div class=\"wp-block-column is-layout-flow wp-block-column-is-layout-flow\" style=\"flex-basis:56.25%\">\n<h5 class=\"wp-block-heading\">Kit complet Croma + set d&#8217;il\u00b7luminaci\u00f3 (paraig\u00fces i difusors)<\/h5>\n\n\n\n<ul class=\"wp-block-list\">\n<li><a href=\"https:\/\/www.youtube.com\/watch?v=BXXlgt0elJc&amp;t=2s\" target=\"_blank\" rel=\"noreferrer noopener\"><a href=\"https:\/\/www.youtube.com\/watch?v=UY91UCBr9-8\" data-type=\"link\" data-id=\"https:\/\/www.youtube.com\/watch?v=UY91UCBr9-8\" target=\"_blank\" rel=\"noreferrer noopener\">V\u00eddeo<\/a><\/a><\/li>\n<\/ul>\n<\/div>\n\n\n\n<div class=\"wp-block-column is-layout-flow wp-block-column-is-layout-flow\" style=\"flex-basis:18.75%\">\n<figure class=\"wp-block-image aligncenter size-full is-resized is-style-default vora\"><img loading=\"lazy\" decoding=\"async\" width=\"267\" height=\"350\" src=\"https:\/\/projectes.xtec.cat\/digital\/wp-content\/uploads\/usu2317\/2024\/05\/estabilitzador-empunyadura.png\" alt=\"\" class=\"wp-image-27087\" style=\"aspect-ratio:1.1071428571428572;object-fit:cover;width:150px\" srcset=\"https:\/\/projectes.xtec.cat\/digital\/wp-content\/uploads\/usu2317\/2024\/05\/estabilitzador-empunyadura.png 267w, https:\/\/projectes.xtec.cat\/digital\/wp-content\/uploads\/usu2317\/2024\/05\/estabilitzador-empunyadura-229x300.png 229w\" sizes=\"auto, (max-width: 267px) 100vw, 267px\" \/><\/figure>\n<\/div>\n\n\n\n<div class=\"wp-block-column is-layout-flow wp-block-column-is-layout-flow\" style=\"flex-basis:56.25%\">\n<h5 class=\"wp-block-heading\">Estabilitzador d&#8217;empunyadura per dispositius m\u00f2bils<\/h5>\n\n\n\n<ul class=\"wp-block-list\">\n<li><a href=\"https:\/\/www.youtube.com\/watch?v=BXXlgt0elJc&amp;t=2s\" target=\"_blank\" rel=\"noreferrer noopener\">V\u00eddeo<\/a><\/li>\n<\/ul>\n<\/div>\n<\/div>\n\n\n\n<div style=\"height:40px\" aria-hidden=\"true\" class=\"wp-block-spacer\"><\/div>\n\n\n\n<div class=\"wp-block-columns is-layout-flex wp-container-core-columns-is-layout-6 wp-block-columns-is-layout-flex\">\n<div class=\"wp-block-column is-layout-flow wp-block-column-is-layout-flow\" style=\"flex-basis:18.75%\">\n<figure class=\"wp-block-image aligncenter size-full is-resized is-style-default vora\"><img loading=\"lazy\" decoding=\"async\" width=\"355\" height=\"349\" src=\"https:\/\/projectes.xtec.cat\/digital\/wp-content\/uploads\/usu2317\/2024\/05\/tripode-suport.png\" alt=\"\" class=\"wp-image-27084\" style=\"aspect-ratio:1.1071428571428572;object-fit:cover;width:150px\" srcset=\"https:\/\/projectes.xtec.cat\/digital\/wp-content\/uploads\/usu2317\/2024\/05\/tripode-suport.png 355w, https:\/\/projectes.xtec.cat\/digital\/wp-content\/uploads\/usu2317\/2024\/05\/tripode-suport-300x295.png 300w\" sizes=\"auto, (max-width: 355px) 100vw, 355px\" \/><\/figure>\n<\/div>\n\n\n\n<div class=\"wp-block-column is-layout-flow wp-block-column-is-layout-flow\" style=\"flex-basis:56.25%\">\n<h5 class=\"wp-block-heading\">Tr\u00edpode de suport per elements m\u00f2bils<\/h5>\n<\/div>\n\n\n\n<div class=\"wp-block-column is-layout-flow wp-block-column-is-layout-flow\" style=\"flex-basis:18.75%\">\n<figure class=\"wp-block-image size-full is-resized is-style-default vora\"><img loading=\"lazy\" decoding=\"async\" width=\"499\" height=\"438\" src=\"https:\/\/projectes.xtec.cat\/digital\/wp-content\/uploads\/usu2317\/2024\/11\/Suport-de-micro.png\" alt=\"\" class=\"wp-image-31978\" style=\"aspect-ratio:1.5;object-fit:cover;width:150px;height:auto\" srcset=\"https:\/\/projectes.xtec.cat\/digital\/wp-content\/uploads\/usu2317\/2024\/11\/Suport-de-micro.png 499w, https:\/\/projectes.xtec.cat\/digital\/wp-content\/uploads\/usu2317\/2024\/11\/Suport-de-micro-300x263.png 300w\" sizes=\"auto, (max-width: 499px) 100vw, 499px\" \/><\/figure>\n<\/div>\n\n\n\n<div class=\"wp-block-column is-layout-flow wp-block-column-is-layout-flow\" style=\"flex-basis:56.25%\">\n<h5 class=\"wp-block-heading\">Peu de micro<\/h5>\n<\/div>\n<\/div>\n\n\n\n<div style=\"height:20px\" aria-hidden=\"true\" class=\"wp-block-spacer\"><\/div>\n\n\n\n<p>En funci\u00f3 del vostre projecte tamb\u00e9 pot resultar interessant utilitzar d&#8217;altres elements que faciliten la tasca d&#8217;il\u00b7luminaci\u00f3 i gravaci\u00f3: <\/p>\n\n\n\n<div style=\"height:40px\" aria-hidden=\"true\" class=\"wp-block-spacer\"><\/div>\n\n\n\n<div class=\"wp-block-columns is-layout-flex wp-container-core-columns-is-layout-7 wp-block-columns-is-layout-flex\">\n<div class=\"wp-block-column is-layout-flow wp-block-column-is-layout-flow\" style=\"flex-basis:30%\">\n<figure class=\"wp-block-image aligncenter size-full is-resized is-style-default vora\"><img loading=\"lazy\" decoding=\"async\" width=\"464\" height=\"233\" src=\"https:\/\/projectes.xtec.cat\/digital\/wp-content\/uploads\/usu2317\/2024\/05\/caixa-estudi-fotografic.png\" alt=\"\" class=\"wp-image-27072\" style=\"object-fit:cover;width:250px;height:120px\" srcset=\"https:\/\/projectes.xtec.cat\/digital\/wp-content\/uploads\/usu2317\/2024\/05\/caixa-estudi-fotografic.png 464w, https:\/\/projectes.xtec.cat\/digital\/wp-content\/uploads\/usu2317\/2024\/05\/caixa-estudi-fotografic-300x151.png 300w\" sizes=\"auto, (max-width: 464px) 100vw, 464px\" \/><\/figure>\n<\/div>\n\n\n\n<div class=\"wp-block-column is-layout-flow wp-block-column-is-layout-flow\" style=\"flex-basis:70%\">\n<h5 class=\"wp-block-heading\">Caixa d&#8217;estudi fotogr\u00e0fic<\/h5>\n\n\n\n<ul class=\"wp-block-list\">\n<li><a href=\"https:\/\/youtu.be\/31uAmZoM1S8\" data-type=\"link\" data-id=\"https:\/\/projectes.xtec.cat\/digital\/wp-content\/uploads\/usu2317\/2024\/05\/24.-TDV0500-Caixa-estudi-fotografic-25cm.pdf\" target=\"_blank\" rel=\"noreferrer noopener\">V\u00eddeos<\/a><\/li>\n<\/ul>\n<\/div>\n<\/div>\n<\/div><\/div>\n\n\n\n<div class=\"wp-block-getwid-tabs__nav-link\"><span class=\"wp-block-getwid-tabs__title-wrapper\"><a href=\"#\"><span class=\"wp-block-getwid-tabs__title\">2. Gravaci\u00f3 (producci\u00f3)<\/span><\/a><\/span><\/div><div class=\"wp-block-getwid-tabs__tab-content-wrapper\"><div class=\"wp-block-getwid-tabs__tab-content\">\n<h3 class=\"wp-block-heading\">Preparem l&#8217;enregistrament d&#8217;imatge i so<\/h3>\n\n\n\n<p>L&#8217;enregistrament de les imatges ha de seguir l&#8217;estructura de l&#8217;escaleta prevista. Les combinacions s\u00f3n m\u00faltiples i poden variar segons la proposta. En aquest sentit, podem:<\/p>\n\n\n\n<ul class=\"wp-block-list\">\n<li>Enregistrar amb la c\u00e0mera d&#8217;acci\u00f3.<\/li>\n\n\n\n<li>Utilitzar la c\u00e0mera 4K. En aquest sentit pot ser molt interessant enviar el senyal de v\u00eddeo directament a OBS i visualitzar les diferents accions que duem a terme en un panell digital o un ordinador.<\/li>\n\n\n\n<li>Fer \u00fas d&#8217;un dispositiu m\u00f2bil i fer \u00fas de l&#8217;estabilitzador i els suports pertinents.<\/li>\n<\/ul>\n\n\n\n<hr class=\"wp-block-separator has-alpha-channel-opacity is-style-dots\"\/>\n\n\n\n<h3 class=\"wp-block-heading\">Quins elements podem utilitzar<\/h3>\n\n\n\n<h4 class=\"wp-block-heading has-text-align-center\"><strong>Enregistrament<\/strong> d&#8217;imatges <\/h4>\n\n\n\n<div style=\"height:20px\" aria-hidden=\"true\" class=\"wp-block-spacer\"><\/div>\n\n\n\n<div class=\"wp-block-columns is-layout-flex wp-container-core-columns-is-layout-8 wp-block-columns-is-layout-flex\">\n<div class=\"wp-block-column is-layout-flow wp-block-column-is-layout-flow\" style=\"flex-basis:18.75%\">\n<figure class=\"wp-block-image aligncenter size-full is-resized is-style-default vora\"><img loading=\"lazy\" decoding=\"async\" width=\"451\" height=\"412\" src=\"https:\/\/projectes.xtec.cat\/digital\/wp-content\/uploads\/usu2317\/2024\/05\/camera-daccio.png\" alt=\"\" class=\"wp-image-27071\" style=\"aspect-ratio:1.1071428571428572;object-fit:cover;width:170px\" srcset=\"https:\/\/projectes.xtec.cat\/digital\/wp-content\/uploads\/usu2317\/2024\/05\/camera-daccio.png 451w, https:\/\/projectes.xtec.cat\/digital\/wp-content\/uploads\/usu2317\/2024\/05\/camera-daccio-300x274.png 300w\" sizes=\"auto, (max-width: 451px) 100vw, 451px\" \/><\/figure>\n<\/div>\n\n\n\n<div class=\"wp-block-column is-layout-flow wp-block-column-is-layout-flow\" style=\"flex-basis:56.25%\">\n<h5 class=\"wp-block-heading\">C\u00e0mera d&#8217;acci\u00f3<\/h5>\n\n\n\n<ul class=\"wp-block-list\">\n<li><a href=\"https:\/\/youtu.be\/ZJ71nmenM-k\" data-type=\"link\" data-id=\"https:\/\/projectes.xtec.cat\/digital\/wp-content\/uploads\/usu2317\/2024\/05\/23.-TDV0499-HD-WIFI-4K-Video-Camara.pdf\" target=\"_blank\" rel=\"noreferrer noopener\">V\u00eddeo<\/a><\/li>\n<\/ul>\n<\/div>\n\n\n\n<div class=\"wp-block-column is-layout-flow wp-block-column-is-layout-flow\" style=\"flex-basis:18.75%\">\n<figure class=\"wp-block-image aligncenter size-full is-resized is-style-default vora\"><img loading=\"lazy\" decoding=\"async\" width=\"335\" height=\"345\" src=\"https:\/\/projectes.xtec.cat\/digital\/wp-content\/uploads\/usu2317\/2024\/05\/video-camara-4k.png\" alt=\"\" class=\"wp-image-27066\" style=\"object-fit:cover;width:170px;height:170px\" srcset=\"https:\/\/projectes.xtec.cat\/digital\/wp-content\/uploads\/usu2317\/2024\/05\/video-camara-4k.png 335w, https:\/\/projectes.xtec.cat\/digital\/wp-content\/uploads\/usu2317\/2024\/05\/video-camara-4k-291x300.png 291w\" sizes=\"auto, (max-width: 335px) 100vw, 335px\" \/><\/figure>\n<\/div>\n\n\n\n<div class=\"wp-block-column is-layout-flow wp-block-column-is-layout-flow\" style=\"flex-basis:56.25%\">\n<h5 class=\"wp-block-heading\">C\u00e0mera de v\u00eddeo 4K<\/h5>\n\n\n\n<ul class=\"wp-block-list\">\n<li><a href=\"https:\/\/youtu.be\/Pgafj1AyDk8\" data-type=\"link\" data-id=\"https:\/\/projectes.xtec.cat\/digital\/wp-content\/uploads\/usu2317\/2024\/05\/27.-TDV0501-Camera-de-pantalla-unica-d_accio-esportiva.pdf\" target=\"_blank\" rel=\"noreferrer noopener\">V\u00eddeo<\/a><\/li>\n<\/ul>\n<\/div>\n<\/div>\n\n\n\n<div style=\"height:40px\" aria-hidden=\"true\" class=\"wp-block-spacer\"><\/div>\n\n\n\n<div class=\"wp-block-columns is-layout-flex wp-container-core-columns-is-layout-9 wp-block-columns-is-layout-flex\">\n<div class=\"wp-block-column is-layout-flow wp-block-column-is-layout-flow\" style=\"flex-basis:18.75%\">\n<figure class=\"wp-block-image aligncenter size-full is-resized is-style-default vora\"><img loading=\"lazy\" decoding=\"async\" width=\"509\" height=\"335\" src=\"https:\/\/projectes.xtec.cat\/digital\/wp-content\/uploads\/usu2317\/2024\/05\/targeta-SD.png\" alt=\"\" class=\"wp-image-27108\" style=\"object-fit:cover;width:150px;height:100px\" srcset=\"https:\/\/projectes.xtec.cat\/digital\/wp-content\/uploads\/usu2317\/2024\/05\/targeta-SD.png 509w, https:\/\/projectes.xtec.cat\/digital\/wp-content\/uploads\/usu2317\/2024\/05\/targeta-SD-300x197.png 300w\" sizes=\"auto, (max-width: 509px) 100vw, 509px\" \/><\/figure>\n<\/div>\n\n\n\n<div class=\"wp-block-column is-layout-flow wp-block-column-is-layout-flow\" style=\"flex-basis:56.25%\">\n<h5 class=\"wp-block-heading\">Targeta SD<\/h5>\n<\/div>\n\n\n\n<div class=\"wp-block-column is-layout-flow wp-block-column-is-layout-flow\" style=\"flex-basis:18.75%\">\n<figure class=\"wp-block-image aligncenter size-full is-resized is-style-default vora\"><img loading=\"lazy\" decoding=\"async\" width=\"243\" height=\"207\" src=\"https:\/\/projectes.xtec.cat\/digital\/wp-content\/uploads\/usu2317\/2024\/05\/targeta-microsd.png\" alt=\"\" class=\"wp-image-27109\" style=\"aspect-ratio:1.1071428571428572;object-fit:cover;width:150px\"\/><\/figure>\n<\/div>\n\n\n\n<div class=\"wp-block-column is-layout-flow wp-block-column-is-layout-flow\" style=\"flex-basis:56.25%\">\n<h5 class=\"wp-block-heading\">Targetes microSDXC<\/h5>\n<\/div>\n<\/div>\n\n\n\n<p>L&#8217;enregistrament del so s&#8217;ha de dur a terme segons l&#8217;estructura de l&#8217;escaleta prevista. Les combinacions s\u00f3n m\u00faltiples i poden variar segons la proposta. En aquest sentit, podem:<\/p>\n\n\n\n<ul class=\"wp-block-list\">\n<li>Utilitzar la gravadora de so <\/li>\n\n\n\n<li>Fer \u00fas de la taula de so <\/li>\n<\/ul>\n\n\n\n<div style=\"height:40px\" aria-hidden=\"true\" class=\"wp-block-spacer\"><\/div>\n\n\n\n<h4 class=\"wp-block-heading has-text-align-center\"><strong>Enregistrament<\/strong> de so<\/h4>\n\n\n\n<div style=\"height:20px\" aria-hidden=\"true\" class=\"wp-block-spacer\"><\/div>\n\n\n\n<div class=\"wp-block-columns is-layout-flex wp-container-core-columns-is-layout-10 wp-block-columns-is-layout-flex\">\n<div class=\"wp-block-column is-layout-flow wp-block-column-is-layout-flow\" style=\"flex-basis:18.75%\">\n<figure class=\"wp-block-image aligncenter size-full is-resized is-style-default vora\"><a href=\"https:\/\/projectes.xtec.cat\/digital\/wp-content\/uploads\/usu2317\/2024\/05\/gravadora-portatil.png\"><img loading=\"lazy\" decoding=\"async\" width=\"379\" height=\"391\" src=\"https:\/\/projectes.xtec.cat\/digital\/wp-content\/uploads\/usu2317\/2024\/05\/gravadora-portatil.png\" alt=\"\" class=\"wp-image-26997\" style=\"object-fit:cover;width:100px;height:150px\" srcset=\"https:\/\/projectes.xtec.cat\/digital\/wp-content\/uploads\/usu2317\/2024\/05\/gravadora-portatil.png 379w, https:\/\/projectes.xtec.cat\/digital\/wp-content\/uploads\/usu2317\/2024\/05\/gravadora-portatil-291x300.png 291w\" sizes=\"auto, (max-width: 379px) 100vw, 379px\" \/><\/a><\/figure>\n<\/div>\n\n\n\n<div class=\"wp-block-column is-layout-flow wp-block-column-is-layout-flow\" style=\"flex-basis:56.25%\">\n<h5 class=\"wp-block-heading\">Gravadora port\u00e0til amb micr\u00f2fon est\u00e8reo<\/h5>\n\n\n\n<ul class=\"wp-block-list\">\n<li><a href=\"https:\/\/youtu.be\/zUh9pK2Oank\" data-type=\"link\" data-id=\"https:\/\/projectes.xtec.cat\/digital\/wp-content\/uploads\/usu2317\/2024\/05\/22.-TDV0498-Gravadora-d_audio-portatil-amb-microfon-estereo-XY.pdf\" target=\"_blank\" rel=\"noreferrer noopener\">V\u00eddeo<\/a><\/li>\n<\/ul>\n<\/div>\n\n\n\n<div class=\"wp-block-column is-layout-flow wp-block-column-is-layout-flow\" style=\"flex-basis:18.75%\"><\/div>\n\n\n\n<div class=\"wp-block-column is-layout-flow wp-block-column-is-layout-flow\" style=\"flex-basis:56.25%\"><\/div>\n<\/div>\n\n\n\n<div style=\"height:20px\" aria-hidden=\"true\" class=\"wp-block-spacer\"><\/div>\n<\/div><\/div>\n\n\n\n<div class=\"wp-block-getwid-tabs__nav-link\"><span class=\"wp-block-getwid-tabs__title-wrapper\"><a href=\"#\"><span class=\"wp-block-getwid-tabs__title\">3. Edici\u00f3 i muntatge (postproducci\u00f3)<\/span><\/a><\/span><\/div><div class=\"wp-block-getwid-tabs__tab-content-wrapper\"><div class=\"wp-block-getwid-tabs__tab-content\">\n<h3 class=\"wp-block-heading\">Editem i muntem el projecte<\/h3>\n\n\n\n<p>Finalment ens caldr\u00e0 editar i aplicar els efectes visuals i sonors per enllestir la nostra proposta. En aquest punt podem utilitzar el programari d&#8217;edici\u00f3 que considerem m\u00e9s adient (com per exemple <a href=\"https:\/\/kdenlive.org\/en\/download\/\" target=\"_blank\" rel=\"noreferrer noopener\">Kdenlive<\/a>, <a href=\"https:\/\/obsproject.com\/\" target=\"_blank\" rel=\"noreferrer noopener\">OBS<\/a> , <a href=\"https:\/\/shotcut.org\/\" target=\"_blank\" rel=\"noreferrer noopener\">Shotcut<\/a>)<\/p>\n\n\n\n<hr class=\"wp-block-separator has-alpha-channel-opacity is-style-dots\"\/>\n\n\n\n<h3 class=\"wp-block-heading\">Quins elements podem utilitzar <\/h3>\n\n\n\n<h4 class=\"wp-block-heading has-text-align-center\"><strong>So i mescla<\/strong><\/h4>\n\n\n\n<div class=\"wp-block-columns is-layout-flex wp-container-core-columns-is-layout-11 wp-block-columns-is-layout-flex\">\n<div class=\"wp-block-column is-layout-flow wp-block-column-is-layout-flow\" style=\"flex-basis:18.75%\">\n<figure class=\"wp-block-image aligncenter size-full is-resized is-style-default vora\"><img loading=\"lazy\" decoding=\"async\" width=\"465\" height=\"584\" src=\"https:\/\/projectes.xtec.cat\/digital\/wp-content\/uploads\/usu2317\/2024\/05\/taula-de-so.png\" alt=\"\" class=\"wp-image-26994\" style=\"object-fit:cover;width:120px;height:150px\" srcset=\"https:\/\/projectes.xtec.cat\/digital\/wp-content\/uploads\/usu2317\/2024\/05\/taula-de-so.png 465w, https:\/\/projectes.xtec.cat\/digital\/wp-content\/uploads\/usu2317\/2024\/05\/taula-de-so-239x300.png 239w\" sizes=\"auto, (max-width: 465px) 100vw, 465px\" \/><\/figure>\n<\/div>\n\n\n\n<div class=\"wp-block-column is-layout-flow wp-block-column-is-layout-flow\" style=\"flex-basis:56.25%\">\n<h5 class=\"wp-block-heading\">Taula de so amb connexi\u00f3 USB<\/h5>\n\n\n\n<ul class=\"wp-block-list\">\n<li><a href=\"https:\/\/youtu.be\/63X8HLzamBc\" data-type=\"link\" data-id=\"https:\/\/projectes.xtec.cat\/digital\/wp-content\/uploads\/usu2317\/2024\/05\/M12_Catalogo_Cat.pdf\" target=\"_blank\" rel=\"noreferrer noopener\">V\u00eddeo<\/a><\/li>\n<\/ul>\n<\/div>\n\n\n\n<div class=\"wp-block-column is-layout-flow wp-block-column-is-layout-flow\" style=\"flex-basis:18.75%\">\n<figure class=\"wp-block-image aligncenter size-full is-resized is-style-default vora\"><img loading=\"lazy\" decoding=\"async\" width=\"342\" height=\"337\" src=\"https:\/\/projectes.xtec.cat\/digital\/wp-content\/uploads\/usu2317\/2024\/05\/microfons-de-taula.png\" alt=\"\" class=\"wp-image-26988\" style=\"aspect-ratio:1.1071428571428572;object-fit:cover;width:150px\" srcset=\"https:\/\/projectes.xtec.cat\/digital\/wp-content\/uploads\/usu2317\/2024\/05\/microfons-de-taula.png 342w, https:\/\/projectes.xtec.cat\/digital\/wp-content\/uploads\/usu2317\/2024\/05\/microfons-de-taula-300x296.png 300w\" sizes=\"auto, (max-width: 342px) 100vw, 342px\" \/><\/figure>\n<\/div>\n\n\n\n<div class=\"wp-block-column is-layout-flow wp-block-column-is-layout-flow\" style=\"flex-basis:56.25%\">\n<h5 class=\"wp-block-heading\">Micr\u00f2fons de taula amb espumes i peu de suport<\/h5>\n<\/div>\n<\/div>\n\n\n\n<h4 class=\"wp-block-heading has-text-align-center\"><strong>Auriculars i micr\u00f2fons<\/strong><\/h4>\n\n\n\n<p><\/p>\n\n\n\n<div class=\"wp-block-columns is-layout-flex wp-container-core-columns-is-layout-12 wp-block-columns-is-layout-flex\">\n<div class=\"wp-block-column is-layout-flow wp-block-column-is-layout-flow\" style=\"flex-basis:18.75%\">\n<figure class=\"wp-block-image aligncenter size-full is-resized is-style-default vora\"><img loading=\"lazy\" decoding=\"async\" width=\"370\" height=\"379\" src=\"https:\/\/projectes.xtec.cat\/digital\/wp-content\/uploads\/usu2317\/2024\/05\/auriculars-microfon.png\" alt=\"\" class=\"wp-image-26986\" style=\"aspect-ratio:1.1071428571428572;object-fit:cover;width:150px\" srcset=\"https:\/\/projectes.xtec.cat\/digital\/wp-content\/uploads\/usu2317\/2024\/05\/auriculars-microfon.png 370w, https:\/\/projectes.xtec.cat\/digital\/wp-content\/uploads\/usu2317\/2024\/05\/auriculars-microfon-293x300.png 293w\" sizes=\"auto, (max-width: 370px) 100vw, 370px\" \/><\/figure>\n<\/div>\n\n\n\n<div class=\"wp-block-column is-layout-flow wp-block-column-is-layout-flow\" style=\"flex-basis:56.25%\">\n<h5 class=\"wp-block-heading\">Auriculars amb micr\u00f2fon<\/h5>\n<\/div>\n\n\n\n<div class=\"wp-block-column is-layout-flow wp-block-column-is-layout-flow\" style=\"flex-basis:18.75%\">\n<figure class=\"wp-block-image aligncenter size-full is-resized is-style-default vora\"><img loading=\"lazy\" decoding=\"async\" width=\"335\" height=\"333\" src=\"https:\/\/projectes.xtec.cat\/digital\/wp-content\/uploads\/usu2317\/2024\/05\/auriculars-estereo.png\" alt=\"\" class=\"wp-image-26987\" style=\"aspect-ratio:1.1071428571428572;object-fit:cover;width:150px\" srcset=\"https:\/\/projectes.xtec.cat\/digital\/wp-content\/uploads\/usu2317\/2024\/05\/auriculars-estereo.png 335w, https:\/\/projectes.xtec.cat\/digital\/wp-content\/uploads\/usu2317\/2024\/05\/auriculars-estereo-300x298.png 300w, https:\/\/projectes.xtec.cat\/digital\/wp-content\/uploads\/usu2317\/2024\/05\/auriculars-estereo-150x150.png 150w\" sizes=\"auto, (max-width: 335px) 100vw, 335px\" \/><\/figure>\n<\/div>\n\n\n\n<div class=\"wp-block-column is-layout-flow wp-block-column-is-layout-flow\" style=\"flex-basis:56.25%\">\n<h5 class=\"wp-block-heading\">Auriculars est\u00e8reos amb diadema<\/h5>\n<\/div>\n<\/div>\n<\/div><\/div>\n<\/div>\n<\/div><\/div><\/div><\/div><\/div>\n<\/div><\/div><\/div><\/div><\/div>\n\n\n\n<div style=\"height:30px\" aria-hidden=\"true\" class=\"wp-block-spacer\"><\/div>\n\n\n","protected":false},"excerpt":{"rendered":"","protected":false},"author":1,"featured_media":0,"parent":26845,"menu_order":0,"comment_status":"closed","ping_status":"close","template":"","meta":{"site-sidebar-layout":"default","site-content-layout":"","ast-site-content-layout":"default","site-content-style":"default","site-sidebar-style":"default","ast-global-header-display":"","ast-banner-title-visibility":"","ast-main-header-display":"","ast-hfb-above-header-display":"","ast-hfb-below-header-display":"","ast-hfb-mobile-header-display":"","site-post-title":"","ast-breadcrumbs-content":"","ast-featured-img":"","footer-sml-layout":"","theme-transparent-header-meta":"","adv-header-id-meta":"","stick-header-meta":"","header-above-stick-meta":"","header-main-stick-meta":"","header-below-stick-meta":"","astra-migrate-meta-layouts":"set","ast-page-background-enabled":"default","ast-page-background-meta":{"desktop":{"background-color":"var(--ast-global-color-4)","background-image":"","background-repeat":"repeat","background-position":"center center","background-size":"auto","background-attachment":"scroll","background-type":"","background-media":"","overlay-type":"","overlay-color":"","overlay-opacity":"","overlay-gradient":""},"tablet":{"background-color":"","background-image":"","background-repeat":"repeat","background-position":"center center","background-size":"auto","background-attachment":"scroll","background-type":"","background-media":"","overlay-type":"","overlay-color":"","overlay-opacity":"","overlay-gradient":""},"mobile":{"background-color":"","background-image":"","background-repeat":"repeat","background-position":"center center","background-size":"auto","background-attachment":"scroll","background-type":"","background-media":"","overlay-type":"","overlay-color":"","overlay-opacity":"","overlay-gradient":""}},"ast-content-background-meta":{"desktop":{"background-color":"var(--ast-global-color-5)","background-image":"","background-repeat":"repeat","background-position":"center center","background-size":"auto","background-attachment":"scroll","background-type":"","background-media":"","overlay-type":"","overlay-color":"","overlay-opacity":"","overlay-gradient":""},"tablet":{"background-color":"var(--ast-global-color-5)","background-image":"","background-repeat":"repeat","background-position":"center center","background-size":"auto","background-attachment":"scroll","background-type":"","background-media":"","overlay-type":"","overlay-color":"","overlay-opacity":"","overlay-gradient":""},"mobile":{"background-color":"var(--ast-global-color-5)","background-image":"","background-repeat":"repeat","background-position":"center center","background-size":"auto","background-attachment":"scroll","background-type":"","background-media":"","overlay-type":"","overlay-color":"","overlay-opacity":"","overlay-gradient":""}},"footnotes":""},"class_list":["post-33945","page","type-page","status-publish","hentry"],"post_mailing_queue_ids":[],"_links":{"self":[{"href":"https:\/\/projectes.xtec.cat\/digital\/wp-json\/wp\/v2\/pages\/33945","targetHints":{"allow":["GET"]}}],"collection":[{"href":"https:\/\/projectes.xtec.cat\/digital\/wp-json\/wp\/v2\/pages"}],"about":[{"href":"https:\/\/projectes.xtec.cat\/digital\/wp-json\/wp\/v2\/types\/page"}],"author":[{"embeddable":true,"href":"https:\/\/projectes.xtec.cat\/digital\/wp-json\/wp\/v2\/users\/1"}],"replies":[{"embeddable":true,"href":"https:\/\/projectes.xtec.cat\/digital\/wp-json\/wp\/v2\/comments?post=33945"}],"version-history":[{"count":6,"href":"https:\/\/projectes.xtec.cat\/digital\/wp-json\/wp\/v2\/pages\/33945\/revisions"}],"predecessor-version":[{"id":37751,"href":"https:\/\/projectes.xtec.cat\/digital\/wp-json\/wp\/v2\/pages\/33945\/revisions\/37751"}],"up":[{"embeddable":true,"href":"https:\/\/projectes.xtec.cat\/digital\/wp-json\/wp\/v2\/pages\/26845"}],"wp:attachment":[{"href":"https:\/\/projectes.xtec.cat\/digital\/wp-json\/wp\/v2\/media?parent=33945"}],"curies":[{"name":"wp","href":"https:\/\/api.w.org\/{rel}","templated":true}]}}