{"id":9352,"date":"2021-12-01T13:33:39","date_gmt":"2021-12-01T12:33:39","guid":{"rendered":"https:\/\/projectes.xtec.cat\/edc-suport\/?page_id=9352"},"modified":"2021-12-09T13:52:06","modified_gmt":"2021-12-09T12:52:06","slug":"objectius","status":"publish","type":"page","link":"https:\/\/projectes.xtec.cat\/edc-suport\/edc-institut-del-cami\/part-estrategica\/objectius\/","title":{"rendered":"Objectius"},"content":{"rendered":"<p>En la visi\u00f3 del centre, tal com es defineix en el projecte educatiu de centre (PEC), queda molt clar que l&#8217;\u00fas habitual de les tecnologies ha de ser un dels pilars del centre:<\/p>\n<p><em>&#8220;Volem ser un centre actiu, emprenedor, amb visi\u00f3 de futur que aconsegueix una millora constant del rendiment acad\u00e8mic dels alumnes. Volem fer \u00fas habitual de les TIC, impulsar les lleng\u00fces estrangeres i promocionar les habilitats socials i el treball cooperatiu. D\u2019aquesta forma volem donar resposta a les diferents necessitats de tots els agents implicats: alumnat, fam\u00edlies i organitzacions de l\u2019entorn.&#8221;<\/em><\/p>\n<p>A partir d&#8217;aquesta visi\u00f3, dels objectius del PEC i de la diagnosi que s&#8217;ha realitzat, s&#8217;han establert diferents objectius.<\/p>\n<div style=\"display: flex; background-color: #ff3257; font-size: 24pt; height: 40pt; justify-content: center; margin-top: 4pt; margin-bottom: 4 pt;\"><a style=\"color: white!important; align-self: center; text-decoration: none;\" href=\"https:\/\/projectes.xtec.cat\/edc-suport\/edc-institut-del-cami\/part-estrategica\/objectius\/objectius-vinculats-al-pec\/\">Objectius vinculats al PEC<\/a><\/div>\n<div style=\"display: flex; background-color: #ff3257; font-size: 24pt; height: 40pt; justify-content: center; margin-top: 4pt; margin-bottom: 4 pt;\"><a style=\"color: white!important; align-self: center; text-decoration: none;\" href=\"https:\/\/projectes.xtec.cat\/edc-suport\/edc-institut-del-cami\/part-estrategica\/objectius\/objectius-a-partir-de-la-diagnosi\/\">Objectius a partir de la diagnosi<\/a><\/div>\n<p>&nbsp;<\/p>\n<p>Un cop definits els objectius, s&#8217;han definits indicadors i s&#8217;han temporitzat per assolir-los en tres cursos.<\/p>\n<div style=\"display: flex; background-color: #ff3257; font-size: 24pt; height: 40pt; justify-content: center; margin-top: 4pt; margin-bottom: 4 pt;\"><a style=\"color: white!important; align-self: center; text-decoration: none;\" href=\"https:\/\/projectes.xtec.cat\/edc-suport\/edc-institut-del-cami\/part-estrategica\/objectius\/temporitzacio-i-indicadors\/\">Temporitzaci\u00f3 i indicadors<\/a><\/div>\n","protected":false},"excerpt":{"rendered":"<p>En la visi\u00f3 del centre, tal com es defineix en el projecte educatiu de centre (PEC), queda molt clar que l&#8217;\u00fas habitual de les tecnologies ha de ser un dels pilars del centre:<br \/>\n&#8220;Volem ser un centre actiu, emprenedor, amb visi\u00f3 de futur que aconsegueix una&hellip;  <a href=\"https:\/\/projectes.xtec.cat\/edc-suport\/edc-institut-del-cami\/part-estrategica\/objectius\/\" title=\"Read Objectius\">Llegeix m\u00e9s\u00bb<\/a><\/p>\n","protected":false},"author":68,"featured_media":0,"parent":9344,"menu_order":2,"comment_status":"closed","ping_status":"closed","template":"page-templates\/side-menu.php","meta":{"_bbp_topic_count":0,"_bbp_reply_count":0,"_bbp_total_topic_count":0,"_bbp_total_reply_count":0,"_bbp_voice_count":0,"_bbp_anonymous_reply_count":0,"_bbp_topic_count_hidden":0,"_bbp_reply_count_hidden":0,"_bbp_forum_subforum_count":0,"footnotes":""},"class_list":["post-9352","page","type-page","status-publish","hentry"],"post_mailing_queue_ids":[],"_links":{"self":[{"href":"https:\/\/projectes.xtec.cat\/edc-suport\/wp-json\/wp\/v2\/pages\/9352","targetHints":{"allow":["GET"]}}],"collection":[{"href":"https:\/\/projectes.xtec.cat\/edc-suport\/wp-json\/wp\/v2\/pages"}],"about":[{"href":"https:\/\/projectes.xtec.cat\/edc-suport\/wp-json\/wp\/v2\/types\/page"}],"author":[{"embeddable":true,"href":"https:\/\/projectes.xtec.cat\/edc-suport\/wp-json\/wp\/v2\/users\/68"}],"replies":[{"embeddable":true,"href":"https:\/\/projectes.xtec.cat\/edc-suport\/wp-json\/wp\/v2\/comments?post=9352"}],"version-history":[{"count":3,"href":"https:\/\/projectes.xtec.cat\/edc-suport\/wp-json\/wp\/v2\/pages\/9352\/revisions"}],"predecessor-version":[{"id":9485,"href":"https:\/\/projectes.xtec.cat\/edc-suport\/wp-json\/wp\/v2\/pages\/9352\/revisions\/9485"}],"up":[{"embeddable":true,"href":"https:\/\/projectes.xtec.cat\/edc-suport\/wp-json\/wp\/v2\/pages\/9344"}],"wp:attachment":[{"href":"https:\/\/projectes.xtec.cat\/edc-suport\/wp-json\/wp\/v2\/media?parent=9352"}],"curies":[{"name":"wp","href":"https:\/\/api.w.org\/{rel}","templated":true}]}}