{"id":10042,"date":"2024-05-06T09:50:58","date_gmt":"2024-05-06T07:50:58","guid":{"rendered":"https:\/\/projectes.xtec.cat\/ere\/?page_id=10042"},"modified":"2024-05-06T11:39:48","modified_gmt":"2024-05-06T09:39:48","slug":"tce-2023-24-galeria-dimatges-i-videos","status":"publish","type":"page","link":"https:\/\/projectes.xtec.cat\/ere\/talent-creatiu-i-empresa\/talent-creatiu-i-empresa-2023-24\/tce-2023-24-galeria-dimatges-i-videos\/","title":{"rendered":"TCE 2023\/24 Galeria d&#8217;imatges i v\u00eddeos"},"content":{"rendered":"<p><strong>Galeria d&#8217;imatges<\/strong><\/p>\n\r\n\t<div class=\"slideshow_container slideshow_container_style-light\" style=\" \" data-slideshow-id=\"10132\" data-style-name=\"style-light\" data-style-version=\"2.3.1\" >\r\n\r\n\t\t\t\t\t<div class=\"slideshow_loading_icon\"><\/div>\r\n\t\t\r\n\t\t<div class=\"slideshow_content\" style=\"display: none;\">\r\n\r\n\t\t\t<div class=\"slideshow_view\">\r\n\t\t\t\t<div class=\"slideshow_slide slideshow_slide_image\">\r\n\t\t\t\t\t\t\t\t\t\t\t<img src=\"https:\/\/projectes.xtec.cat\/ere\/wp-content\/uploads\/usu2534\/2024\/05\/1_TNCE-3.jpg\" alt=\"TNC\" width=\"1543\" height=\"997\" \/>\r\n\t\t\t\t\t\t\t\t\t\t<div class=\"slideshow_description_box slideshow_transparent\">\r\n\t\t\t\t\t\t<div class=\"slideshow_title\">TNC<\/div>\t\t\t\t\t\t<div class=\"slideshow_description\">Dissenyar elements i\/o mobiliari perqu\u00e8 el vest\u00edbul aculli les activitats per a fam\u00edlies i grups de prim\u00e0ria.<\/div>\t\t\t\t\t<\/div>\r\n\t\t\t\t<\/div>\r\n\r\n\t\t\t\t\t\t<div style=\"clear: both;\"><\/div><\/div><div class=\"slideshow_view\">\r\n\t\t\t\t<div class=\"slideshow_slide slideshow_slide_image\">\r\n\t\t\t\t\t\t\t\t\t\t\t<img src=\"https:\/\/projectes.xtec.cat\/ere\/wp-content\/uploads\/usu2534\/2024\/05\/1_TNCE-6.jpg\" alt=\"TNC\" width=\"1920\" height=\"1080\" \/>\r\n\t\t\t\t\t\t\t\t\t\t<div class=\"slideshow_description_box slideshow_transparent\">\r\n\t\t\t\t\t\t<div class=\"slideshow_title\">TNC<\/div>\t\t\t\t\t\t<div class=\"slideshow_description\">Dissenyar elements i\/o mobiliari perqu\u00e8 el vest\u00edbul aculli les activitats per a fam\u00edlies i grups de prim\u00e0ria.<\/div>\t\t\t\t\t<\/div>\r\n\t\t\t\t<\/div>\r\n\r\n\t\t\t\t\t\t<div style=\"clear: both;\"><\/div><\/div><div class=\"slideshow_view\">\r\n\t\t\t\t<div class=\"slideshow_slide slideshow_slide_image\">\r\n\t\t\t\t\t\t\t\t\t\t\t<img src=\"https:\/\/projectes.xtec.cat\/ere\/wp-content\/uploads\/usu2534\/2024\/05\/1_TNCE-7.jpg\" alt=\"TNC\" width=\"1920\" height=\"1080\" \/>\r\n\t\t\t\t\t\t\t\t\t\t<div class=\"slideshow_description_box slideshow_transparent\">\r\n\t\t\t\t\t\t<div class=\"slideshow_title\">TNC<\/div>\t\t\t\t\t\t<div class=\"slideshow_description\">Dissenyar elements i\/o mobiliari perqu\u00e8 el vest\u00edbul aculli les activitats per a fam\u00edlies i grups de prim\u00e0ria.<\/div>\t\t\t\t\t<\/div>\r\n\t\t\t\t<\/div>\r\n\r\n\t\t\t\t\t\t<div style=\"clear: both;\"><\/div><\/div><div class=\"slideshow_view\">\r\n\t\t\t\t<div class=\"slideshow_slide slideshow_slide_image\">\r\n\t\t\t\t\t\t\t\t\t\t\t<img src=\"https:\/\/projectes.xtec.cat\/ere\/wp-content\/uploads\/usu2534\/2024\/05\/1_TNCE-4-scaled.jpg\" alt=\"TNC\" width=\"2560\" height=\"1440\" \/>\r\n\t\t\t\t\t\t\t\t\t\t<div class=\"slideshow_description_box slideshow_transparent\">\r\n\t\t\t\t\t\t<div class=\"slideshow_title\">TNC<\/div>\t\t\t\t\t\t<div class=\"slideshow_description\">Dissenyar elements i\/o mobiliari perqu\u00e8 el vest\u00edbul aculli les activitats per a fam\u00edlies i grups de prim\u00e0ria.<\/div>\t\t\t\t\t<\/div>\r\n\t\t\t\t<\/div>\r\n\r\n\t\t\t\t\t\t<div style=\"clear: both;\"><\/div><\/div><div class=\"slideshow_view\">\r\n\t\t\t\t<div class=\"slideshow_slide slideshow_slide_image\">\r\n\t\t\t\t\t\t\t\t\t\t\t<img src=\"https:\/\/projectes.xtec.cat\/ere\/wp-content\/uploads\/usu2534\/2024\/05\/1_TNCE-5.jpg\" alt=\"TNC\" width=\"1920\" height=\"1080\" \/>\r\n\t\t\t\t\t\t\t\t\t\t<div class=\"slideshow_description_box slideshow_transparent\">\r\n\t\t\t\t\t\t<div class=\"slideshow_title\">TNC<\/div>\t\t\t\t\t\t<div class=\"slideshow_description\">Dissenyar elements i\/o mobiliari perqu\u00e8 el vest\u00edbul aculli les activitats per a fam\u00edlies i grups de prim\u00e0ria.<\/div>\t\t\t\t\t<\/div>\r\n\t\t\t\t<\/div>\r\n\r\n\t\t\t\t\t\t<div style=\"clear: both;\"><\/div><\/div><div class=\"slideshow_view\">\r\n\t\t\t\t<div class=\"slideshow_slide slideshow_slide_image\">\r\n\t\t\t\t\t\t\t\t\t\t\t<img src=\"https:\/\/projectes.xtec.cat\/ere\/wp-content\/uploads\/usu2534\/2024\/05\/3_ICSSL_LINIAGRAFICA-3.jpg\" alt=\"ICSSL\" width=\"1754\" height=\"2481\" \/>\r\n\t\t\t\t\t\t\t\t\t\t<div class=\"slideshow_description_box slideshow_transparent\">\r\n\t\t\t\t\t\t<div class=\"slideshow_title\">ICSSL<\/div>\t\t\t\t\t\t<div class=\"slideshow_description\">\u201cLa prevenci\u00f3 un valor segur\u201d. L\u00ednia gr\u00e0fica de m\u00ednim tres cartells en refer\u00e8ncia a riscos laborals i mesures preventives<\/div>\t\t\t\t\t<\/div>\r\n\t\t\t\t<\/div>\r\n\r\n\t\t\t\t\t\t<div style=\"clear: both;\"><\/div><\/div><div class=\"slideshow_view\">\r\n\t\t\t\t<div class=\"slideshow_slide slideshow_slide_image\">\r\n\t\t\t\t\t\t\t\t\t\t\t<img src=\"https:\/\/projectes.xtec.cat\/ere\/wp-content\/uploads\/usu2534\/2024\/05\/4_ICSSL_PICTOS-3-scaled.jpg\" alt=\"ICSSL\" width=\"2560\" height=\"2277\" \/>\r\n\t\t\t\t\t\t\t\t\t\t<div class=\"slideshow_description_box slideshow_transparent\">\r\n\t\t\t\t\t\t<div class=\"slideshow_title\">ICSSL<\/div>\t\t\t\t\t\t<div class=\"slideshow_description\">\u201cLa prevenci\u00f3 un valor segur\u201d. Col\u00b7lecci\u00f3 d\u2019un m\u00ednim de tres pictogrames originals i in\u00e8dits, gr\u00e0ficament homogenis, que sintetitzin missatges clars sobre la prevenci\u00f3 de riscos laborals.<\/div>\t\t\t\t\t<\/div>\r\n\t\t\t\t<\/div>\r\n\r\n\t\t\t\t\t\t<div style=\"clear: both;\"><\/div><\/div><div class=\"slideshow_view\">\r\n\t\t\t\t<div class=\"slideshow_slide slideshow_slide_image\">\r\n\t\t\t\t\t\t\t\t\t\t\t<img src=\"https:\/\/projectes.xtec.cat\/ere\/wp-content\/uploads\/usu2534\/2024\/05\/3_ICSSL_LINIAGRAFICA-2.jpg\" alt=\"ICSSL\" width=\"1754\" height=\"2481\" \/>\r\n\t\t\t\t\t\t\t\t\t\t<div class=\"slideshow_description_box slideshow_transparent\">\r\n\t\t\t\t\t\t<div class=\"slideshow_title\">ICSSL<\/div>\t\t\t\t\t\t<div class=\"slideshow_description\">\u201cLa prevenci\u00f3 un valor segur\u201d. L\u00ednia gr\u00e0fica de m\u00ednim tres cartells en refer\u00e8ncia a riscos laborals i mesures preventives<\/div>\t\t\t\t\t<\/div>\r\n\t\t\t\t<\/div>\r\n\r\n\t\t\t\t\t\t<div style=\"clear: both;\"><\/div><\/div><div class=\"slideshow_view\">\r\n\t\t\t\t<div class=\"slideshow_slide slideshow_slide_image\">\r\n\t\t\t\t\t\t\t\t\t\t\t<img src=\"https:\/\/projectes.xtec.cat\/ere\/wp-content\/uploads\/usu2534\/2024\/05\/5_IRSJD-4-scaled.jpg\" alt=\"Institut de Recerca Sant Joan de D\u00e9u\" width=\"2503\" height=\"2560\" \/>\r\n\t\t\t\t\t\t\t\t\t\t<div class=\"slideshow_description_box slideshow_transparent\">\r\n\t\t\t\t\t\t<div class=\"slideshow_title\">Institut de Recerca Sant Joan de D\u00e9u<\/div>\t\t\t\t\t\t<div class=\"slideshow_description\">Disseny del guard\u00f3 que es lliurar\u00e0 als investigadors\/es en els Premis de la Recerca de l\u2019Institut de Recerca Sant Joan de D\u00e9u.<\/div>\t\t\t\t\t<\/div>\r\n\t\t\t\t<\/div>\r\n\r\n\t\t\t\t\t\t<div style=\"clear: both;\"><\/div><\/div><div class=\"slideshow_view\">\r\n\t\t\t\t<div class=\"slideshow_slide slideshow_slide_image\">\r\n\t\t\t\t\t\t\t\t\t\t\t<img src=\"https:\/\/projectes.xtec.cat\/ere\/wp-content\/uploads\/usu2534\/2024\/05\/6_TIMEMARCO-1.jpg\" alt=\"Cer\u00e0miques Marc\u00f3\" width=\"802\" height=\"600\" \/>\r\n\t\t\t\t\t\t\t\t\t\t<div class=\"slideshow_description_box slideshow_transparent\">\r\n\t\t\t\t\t\t<div class=\"slideshow_title\">Cer\u00e0miques Marc\u00f3<\/div>\t\t\t\t\t\t<div class=\"slideshow_description\">Crear envasos per a c\u00f2ctels singulars, amb identitat; d\u2019aqu\u00ed que cal que siguin trencadors, tant en disseny -tot pensant que \u00e9s convenient que sintonitzin amb el nom d\u2019algun dels c\u00f2ctels a servir-, com pel material en qu\u00e8 es poden produir.<\/div>\t\t\t\t\t<\/div>\r\n\t\t\t\t<\/div>\r\n\r\n\t\t\t\t\t\t<div style=\"clear: both;\"><\/div><\/div><div class=\"slideshow_view\">\r\n\t\t\t\t<div class=\"slideshow_slide slideshow_slide_image\">\r\n\t\t\t\t\t\t\t\t\t\t\t<img src=\"https:\/\/projectes.xtec.cat\/ere\/wp-content\/uploads\/usu2534\/2024\/05\/6_TIMEMARCO-4-scaled.jpg\" alt=\"Cer\u00e0miques Marc\u00f3\" width=\"2560\" height=\"1439\" \/>\r\n\t\t\t\t\t\t\t\t\t\t<div class=\"slideshow_description_box slideshow_transparent\">\r\n\t\t\t\t\t\t<div class=\"slideshow_title\">Cer\u00e0miques Marc\u00f3<\/div>\t\t\t\t\t\t<div class=\"slideshow_description\">Crear envasos per a c\u00f2ctels singulars, amb identitat; d\u2019aqu\u00ed que cal que siguin trencadors, tant en disseny -tot pensant que \u00e9s convenient que sintonitzin amb el nom d\u2019algun dels c\u00f2ctels a servir-, com pel material en qu\u00e8 es poden produir.<\/div>\t\t\t\t\t<\/div>\r\n\t\t\t\t<\/div>\r\n\r\n\t\t\t\t\t\t<div style=\"clear: both;\"><\/div><\/div><div class=\"slideshow_view\">\r\n\t\t\t\t<div class=\"slideshow_slide slideshow_slide_image\">\r\n\t\t\t\t\t\t\t\t\t\t\t<img src=\"https:\/\/projectes.xtec.cat\/ere\/wp-content\/uploads\/usu2534\/2024\/05\/5_IRSJD-3-scaled.jpg\" alt=\"Institut de Recerca Sant Joan de D\u00e9\" width=\"2560\" height=\"2318\" \/>\r\n\t\t\t\t\t\t\t\t\t\t<div class=\"slideshow_description_box slideshow_transparent\">\r\n\t\t\t\t\t\t<div class=\"slideshow_title\">Institut de Recerca Sant Joan de D\u00e9<\/div>\t\t\t\t\t\t<div class=\"slideshow_description\">Disseny del guard\u00f3 que es lliurar\u00e0 als investigadors\/es en els Premis de la Recerca de l\u2019Institut de Recerca Sant Joan de D\u00e9u.<\/div>\t\t\t\t\t<\/div>\r\n\t\t\t\t<\/div>\r\n\r\n\t\t\t\t\t\t<div style=\"clear: both;\"><\/div><\/div><div class=\"slideshow_view\">\r\n\t\t\t\t<div class=\"slideshow_slide slideshow_slide_image\">\r\n\t\t\t\t\t\t\t\t\t\t\t<img src=\"https:\/\/projectes.xtec.cat\/ere\/wp-content\/uploads\/usu2534\/2024\/05\/7_FAPAES-4.jpg\" alt=\"FAPAES\" width=\"2400\" height=\"1584\" \/>\r\n\t\t\t\t\t\t\t\t\t\t<div class=\"slideshow_description_box slideshow_transparent\">\r\n\t\t\t\t\t\t<div class=\"slideshow_title\">FAPAES<\/div>\t\t\t\t\t\t<div class=\"slideshow_description\">Disseny dels materials de suport digital per a la campanya de captaci\u00f3 de donacions i de patrocinis de FAPAES.<\/div>\t\t\t\t\t<\/div>\r\n\t\t\t\t<\/div>\r\n\r\n\t\t\t\t\t\t<div style=\"clear: both;\"><\/div><\/div><div class=\"slideshow_view\">\r\n\t\t\t\t<div class=\"slideshow_slide slideshow_slide_image\">\r\n\t\t\t\t\t\t\t\t\t\t\t<img src=\"https:\/\/projectes.xtec.cat\/ere\/wp-content\/uploads\/usu2534\/2024\/05\/7_FAPAES-3.jpg\" alt=\"FAPAES\" width=\"474\" height=\"671\" \/>\r\n\t\t\t\t\t\t\t\t\t\t<div class=\"slideshow_description_box slideshow_transparent\">\r\n\t\t\t\t\t\t<div class=\"slideshow_title\">FAPAES<\/div>\t\t\t\t\t\t<div class=\"slideshow_description\">Disseny dels materials de suport digital per a la campanya de captaci\u00f3 de donacions i de patrocinis de FAPAES.<\/div>\t\t\t\t\t<\/div>\r\n\t\t\t\t<\/div>\r\n\r\n\t\t\t\t\t\t<div style=\"clear: both;\"><\/div><\/div><div class=\"slideshow_view\">\r\n\t\t\t\t<div class=\"slideshow_slide slideshow_slide_image\">\r\n\t\t\t\t\t\t\t\t\t\t\t<img src=\"https:\/\/projectes.xtec.cat\/ere\/wp-content\/uploads\/usu2534\/2024\/05\/7_FAPAES-6-scaled.jpg\" alt=\"FAPAES\" width=\"2560\" height=\"1263\" \/>\r\n\t\t\t\t\t\t\t\t\t\t<div class=\"slideshow_description_box slideshow_transparent\">\r\n\t\t\t\t\t\t<div class=\"slideshow_title\">FAPAES<\/div>\t\t\t\t\t\t<div class=\"slideshow_description\">Disseny dels materials de suport digital per a la campanya de captaci\u00f3 de donacions i de patrocinis de FAPAES.<\/div>\t\t\t\t\t<\/div>\r\n\t\t\t\t<\/div>\r\n\r\n\t\t\t\t\t\t<div style=\"clear: both;\"><\/div><\/div><div class=\"slideshow_view\">\r\n\t\t\t\t<div class=\"slideshow_slide slideshow_slide_image\">\r\n\t\t\t\t\t\t\t\t\t\t\t<img src=\"https:\/\/projectes.xtec.cat\/ere\/wp-content\/uploads\/usu2534\/2024\/05\/8_PORTAVENTURAM-1-scaled.jpg\" alt=\"Port Aventura\" width=\"2560\" height=\"1440\" \/>\r\n\t\t\t\t\t\t\t\t\t\t<div class=\"slideshow_description_box slideshow_transparent\">\r\n\t\t\t\t\t\t<div class=\"slideshow_title\">Port Aventura<\/div>\t\t\t\t\t\t<div class=\"slideshow_description\">Proposta d\u2019una c\u00e0psula de marxandatge del 30\u00e9 aniversari de PortAventura World<\/div>\t\t\t\t\t<\/div>\r\n\t\t\t\t<\/div>\r\n\r\n\t\t\t\t\t\t<div style=\"clear: both;\"><\/div><\/div><div class=\"slideshow_view\">\r\n\t\t\t\t<div class=\"slideshow_slide slideshow_slide_image\">\r\n\t\t\t\t\t\t\t\t\t\t\t<img src=\"https:\/\/projectes.xtec.cat\/ere\/wp-content\/uploads\/usu2534\/2024\/05\/8_PORTAVENTURAM-3-scaled.jpg\" alt=\"Port Aventura\" width=\"2560\" height=\"1440\" \/>\r\n\t\t\t\t\t\t\t\t\t\t<div class=\"slideshow_description_box slideshow_transparent\">\r\n\t\t\t\t\t\t<div class=\"slideshow_title\">Port Aventura<\/div>\t\t\t\t\t\t<div class=\"slideshow_description\">Proposta d\u2019una c\u00e0psula de marxandatge del 30\u00e9 aniversari de PortAventura World<\/div>\t\t\t\t\t<\/div>\r\n\t\t\t\t<\/div>\r\n\r\n\t\t\t\t\t\t<div style=\"clear: both;\"><\/div><\/div><div class=\"slideshow_view\">\r\n\t\t\t\t<div class=\"slideshow_slide slideshow_slide_image\">\r\n\t\t\t\t\t\t\t\t\t\t\t<img src=\"https:\/\/projectes.xtec.cat\/ere\/wp-content\/uploads\/usu2534\/2024\/05\/8_PORTAVENTURAM-4-scaled.jpg\" alt=\"Port Aventura\" width=\"2560\" height=\"1440\" \/>\r\n\t\t\t\t\t\t\t\t\t\t<div class=\"slideshow_description_box slideshow_transparent\">\r\n\t\t\t\t\t\t<div class=\"slideshow_title\">Port Aventura<\/div>\t\t\t\t\t\t<div class=\"slideshow_description\">Proposta d\u2019una c\u00e0psula de marxandatge del 30\u00e9 aniversari de PortAventura World<\/div>\t\t\t\t\t<\/div>\r\n\t\t\t\t<\/div>\r\n\r\n\t\t\t\t\t\t<div style=\"clear: both;\"><\/div><\/div><div class=\"slideshow_view\">\r\n\t\t\t\t<div class=\"slideshow_slide slideshow_slide_image\">\r\n\t\t\t\t\t\t\t\t\t\t\t<img src=\"https:\/\/projectes.xtec.cat\/ere\/wp-content\/uploads\/usu2534\/2024\/05\/8_PORTAVENTURAM-7-scaled.jpg\" alt=\"Port Aventura\" width=\"2560\" height=\"1659\" \/>\r\n\t\t\t\t\t\t\t\t\t\t<div class=\"slideshow_description_box slideshow_transparent\">\r\n\t\t\t\t\t\t<div class=\"slideshow_title\">Port Aventura<\/div>\t\t\t\t\t\t<div class=\"slideshow_description\">Proposta d\u2019una c\u00e0psula de marxandatge del 30\u00e9 aniversari de PortAventura World<\/div>\t\t\t\t\t<\/div>\r\n\t\t\t\t<\/div>\r\n\r\n\t\t\t\t\t\t<div style=\"clear: both;\"><\/div><\/div><div class=\"slideshow_view\">\r\n\t\t\t\t<div class=\"slideshow_slide slideshow_slide_image\">\r\n\t\t\t\t\t\t\t\t\t\t\t<img src=\"https:\/\/projectes.xtec.cat\/ere\/wp-content\/uploads\/usu2534\/2024\/05\/8_PORTAVENTURAM-8-scaled.jpg\" alt=\"Port Aventura\" width=\"2560\" height=\"1638\" \/>\r\n\t\t\t\t\t\t\t\t\t\t<div class=\"slideshow_description_box slideshow_transparent\">\r\n\t\t\t\t\t\t<div class=\"slideshow_title\">Port Aventura<\/div>\t\t\t\t\t\t<div class=\"slideshow_description\">Proposta d\u2019una c\u00e0psula de marxandatge del 30\u00e9 aniversari de PortAventura World<\/div>\t\t\t\t\t<\/div>\r\n\t\t\t\t<\/div>\r\n\r\n\t\t\t\t\t\t<div style=\"clear: both;\"><\/div><\/div><div class=\"slideshow_view\">\r\n\t\t\t\t<div class=\"slideshow_slide slideshow_slide_image\">\r\n\t\t\t\t\t\t\t\t\t\t\t<img src=\"https:\/\/projectes.xtec.cat\/ere\/wp-content\/uploads\/usu2534\/2024\/05\/8_PORTAVENTURAM-10-scaled.jpg\" alt=\"Port Aventura\" width=\"2560\" height=\"1495\" \/>\r\n\t\t\t\t\t\t\t\t\t\t<div class=\"slideshow_description_box slideshow_transparent\">\r\n\t\t\t\t\t\t<div class=\"slideshow_title\">Port Aventura<\/div>\t\t\t\t\t\t<div class=\"slideshow_description\">Proposta d\u2019una c\u00e0psula de marxandatge del 30\u00e9 aniversari de PortAventura World<\/div>\t\t\t\t\t<\/div>\r\n\t\t\t\t<\/div>\r\n\r\n\t\t\t\t\t\t<div style=\"clear: both;\"><\/div><\/div><div class=\"slideshow_view\">\r\n\t\t\t\t<div class=\"slideshow_slide slideshow_slide_image\">\r\n\t\t\t\t\t\t\t\t\t\t\t<img src=\"https:\/\/projectes.xtec.cat\/ere\/wp-content\/uploads\/usu2534\/2024\/05\/8_PORTAVENTURAM-11.jpg\" alt=\"Port Aventura\" width=\"1116\" height=\"1258\" \/>\r\n\t\t\t\t\t\t\t\t\t\t<div class=\"slideshow_description_box slideshow_transparent\">\r\n\t\t\t\t\t\t<div class=\"slideshow_title\">Port Aventura<\/div>\t\t\t\t\t\t<div class=\"slideshow_description\">Proposta d\u2019una c\u00e0psula de marxandatge del 30\u00e9 aniversari de PortAventura World<\/div>\t\t\t\t\t<\/div>\r\n\t\t\t\t<\/div>\r\n\r\n\t\t\t\t\t\t<div style=\"clear: both;\"><\/div><\/div><div class=\"slideshow_view\">\r\n\t\t\t\t<div class=\"slideshow_slide slideshow_slide_image\">\r\n\t\t\t\t\t\t\t\t\t\t\t<img src=\"https:\/\/projectes.xtec.cat\/ere\/wp-content\/uploads\/usu2534\/2024\/05\/9_DBAMBUJARDI-2.jpg\" alt=\"DBamb\u00fa\" width=\"350\" height=\"297\" \/>\r\n\t\t\t\t\t\t\t\t\t\t<div class=\"slideshow_description_box slideshow_transparent\">\r\n\t\t\t\t\t\t<div class=\"slideshow_title\">DBamb\u00fa<\/div>\t\t\t\t\t\t<div class=\"slideshow_description\">Estructura de jard\u00ed per crear un espai d\u2019ombra entre 4 i 6 m2<\/div>\t\t\t\t\t<\/div>\r\n\t\t\t\t<\/div>\r\n\r\n\t\t\t\t\t\t<div style=\"clear: both;\"><\/div><\/div><div class=\"slideshow_view\">\r\n\t\t\t\t<div class=\"slideshow_slide slideshow_slide_image\">\r\n\t\t\t\t\t\t\t\t\t\t\t<img src=\"https:\/\/projectes.xtec.cat\/ere\/wp-content\/uploads\/usu2534\/2024\/05\/9_DBAMBUJARDI-5.jpg\" alt=\"DBamb\u00fa\" width=\"1106\" height=\"679\" \/>\r\n\t\t\t\t\t\t\t\t\t\t<div class=\"slideshow_description_box slideshow_transparent\">\r\n\t\t\t\t\t\t<div class=\"slideshow_title\">DBamb\u00fa<\/div>\t\t\t\t\t\t<div class=\"slideshow_description\">Estructura de jard\u00ed per crear un espai d\u2019ombra entre 4 i 6 m2<\/div>\t\t\t\t\t<\/div>\r\n\t\t\t\t<\/div>\r\n\r\n\t\t\t\t\t\t<div style=\"clear: both;\"><\/div><\/div><div class=\"slideshow_view\">\r\n\t\t\t\t<div class=\"slideshow_slide slideshow_slide_image\">\r\n\t\t\t\t\t\t\t\t\t\t\t<img src=\"https:\/\/projectes.xtec.cat\/ere\/wp-content\/uploads\/usu2534\/2024\/05\/9_DBAMBUJARDI-4.jpg\" alt=\"DBamb\u00fa\" width=\"767\" height=\"487\" \/>\r\n\t\t\t\t\t\t\t\t\t\t<div class=\"slideshow_description_box slideshow_transparent\">\r\n\t\t\t\t\t\t<div class=\"slideshow_title\">DBamb\u00fa<\/div>\t\t\t\t\t\t<div class=\"slideshow_description\">Estructura de jard\u00ed per crear un espai d\u2019ombra entre 4 i 6 m2<\/div>\t\t\t\t\t<\/div>\r\n\t\t\t\t<\/div>\r\n\r\n\t\t\t\t\t\t<div style=\"clear: both;\"><\/div><\/div><div class=\"slideshow_view\">\r\n\t\t\t\t<div class=\"slideshow_slide slideshow_slide_image\">\r\n\t\t\t\t\t\t\t\t\t\t\t<img src=\"https:\/\/projectes.xtec.cat\/ere\/wp-content\/uploads\/usu2534\/2024\/05\/10_DMD-2.jpg\" alt=\"DMD\" width=\"729\" height=\"643\" \/>\r\n\t\t\t\t\t\t\t\t\t\t<div class=\"slideshow_description_box slideshow_transparent\">\r\n\t\t\t\t\t\t<div class=\"slideshow_title\">DMD<\/div>\t\t\t\t\t\t<div class=\"slideshow_description\">Elaboraci\u00f3 d\u2019infografies per explicar els drets al final de la vida en entorns juvenils: instituts, universitats, col\u00b7legis majors, entitats juvenils lligades a l\u2019oci, etc.<\/div>\t\t\t\t\t<\/div>\r\n\t\t\t\t<\/div>\r\n\r\n\t\t\t\t\t\t<div style=\"clear: both;\"><\/div><\/div><div class=\"slideshow_view\">\r\n\t\t\t\t<div class=\"slideshow_slide slideshow_slide_image\">\r\n\t\t\t\t\t\t\t\t\t\t\t<img src=\"https:\/\/projectes.xtec.cat\/ere\/wp-content\/uploads\/usu2534\/2024\/05\/10_DMD-5.jpg\" alt=\"DMD\" width=\"729\" height=\"643\" \/>\r\n\t\t\t\t\t\t\t\t\t\t<div class=\"slideshow_description_box slideshow_transparent\">\r\n\t\t\t\t\t\t<div class=\"slideshow_title\">DMD<\/div>\t\t\t\t\t\t<div class=\"slideshow_description\">Elaboraci\u00f3 d\u2019infografies per explicar els drets al final de la vida en entorns juvenils: instituts, universitats, col\u00b7legis majors, entitats juvenils lligades a l\u2019oci, etc.<\/div>\t\t\t\t\t<\/div>\r\n\t\t\t\t<\/div>\r\n\r\n\t\t\t\t\t\t<div style=\"clear: both;\"><\/div><\/div><div class=\"slideshow_view\">\r\n\t\t\t\t<div class=\"slideshow_slide slideshow_slide_image\">\r\n\t\t\t\t\t\t\t\t\t\t\t<img src=\"https:\/\/projectes.xtec.cat\/ere\/wp-content\/uploads\/usu2534\/2024\/05\/11_CREC-5.jpg\" alt=\"CREC Coworking\" width=\"2106\" height=\"1490\" \/>\r\n\t\t\t\t\t\t\t\t\t\t<div class=\"slideshow_description_box slideshow_transparent\">\r\n\t\t\t\t\t\t<div class=\"slideshow_title\">CREC Coworking<\/div>\t\t\t\t\t\t<div class=\"slideshow_description\">Disseny de fa\u00e7anes amb significat per a l\u2019espai que CREC COWORKING t\u00e9 al Barri de Bar\u00f3 de Viver, Barcelon<\/div>\t\t\t\t\t<\/div>\r\n\t\t\t\t<\/div>\r\n\r\n\t\t\t\t\t\t<div style=\"clear: both;\"><\/div><\/div><div class=\"slideshow_view\">\r\n\t\t\t\t<div class=\"slideshow_slide slideshow_slide_image\">\r\n\t\t\t\t\t\t\t\t\t\t\t<img src=\"https:\/\/projectes.xtec.cat\/ere\/wp-content\/uploads\/usu2534\/2024\/05\/11_CREC-6.jpg\" alt=\"CREC Coworking\" width=\"1121\" height=\"858\" \/>\r\n\t\t\t\t\t\t\t\t\t\t<div class=\"slideshow_description_box slideshow_transparent\">\r\n\t\t\t\t\t\t<div class=\"slideshow_title\">CREC Coworking<\/div>\t\t\t\t\t\t<div class=\"slideshow_description\">Disseny de fa\u00e7anes amb significat per a l\u2019espai que CREC COWORKING t\u00e9 al Barri de Bar\u00f3 de Viver, Barcelon<\/div>\t\t\t\t\t<\/div>\r\n\t\t\t\t<\/div>\r\n\r\n\t\t\t\t\t\t<div style=\"clear: both;\"><\/div><\/div><div class=\"slideshow_view\">\r\n\t\t\t\t<div class=\"slideshow_slide slideshow_slide_image\">\r\n\t\t\t\t\t\t\t\t\t\t\t<img src=\"https:\/\/projectes.xtec.cat\/ere\/wp-content\/uploads\/usu2534\/2024\/05\/11_CREC-7.jpg\" alt=\"CREC Coworking\" width=\"1210\" height=\"908\" \/>\r\n\t\t\t\t\t\t\t\t\t\t<div class=\"slideshow_description_box slideshow_transparent\">\r\n\t\t\t\t\t\t<div class=\"slideshow_title\">CREC Coworking<\/div>\t\t\t\t\t\t<div class=\"slideshow_description\">Disseny de fa\u00e7anes amb significat per a l\u2019espai que CREC COWORKING t\u00e9 al Barri de Bar\u00f3 de Viver, Barcelon<\/div>\t\t\t\t\t<\/div>\r\n\t\t\t\t<\/div>\r\n\r\n\t\t\t\t\t\t<div style=\"clear: both;\"><\/div><\/div><div class=\"slideshow_view\">\r\n\t\t\t\t<div class=\"slideshow_slide slideshow_slide_image\">\r\n\t\t\t\t\t\t\t\t\t\t\t<img src=\"https:\/\/projectes.xtec.cat\/ere\/wp-content\/uploads\/usu2534\/2024\/05\/11_CREC-8.jpg\" alt=\"CREC Coworking\" width=\"1302\" height=\"1070\" \/>\r\n\t\t\t\t\t\t\t\t\t\t<div class=\"slideshow_description_box slideshow_transparent\">\r\n\t\t\t\t\t\t<div class=\"slideshow_title\">CREC Coworking<\/div>\t\t\t\t\t\t<div class=\"slideshow_description\">Disseny de fa\u00e7anes amb significat per a l\u2019espai que CREC COWORKING t\u00e9 al Barri de Bar\u00f3 de Viver, Barcelon<\/div>\t\t\t\t\t<\/div>\r\n\t\t\t\t<\/div>\r\n\r\n\t\t\t\t\t\t<div style=\"clear: both;\"><\/div><\/div><div class=\"slideshow_view\">\r\n\t\t\t\t<div class=\"slideshow_slide slideshow_slide_image\">\r\n\t\t\t\t\t\t\t\t\t\t\t<img src=\"https:\/\/projectes.xtec.cat\/ere\/wp-content\/uploads\/usu2534\/2024\/05\/12_IRBB-3.jpg\" alt=\"IRBB\" width=\"859\" height=\"1207\" \/>\r\n\t\t\t\t\t\t\t\t\t\t<div class=\"slideshow_description_box slideshow_transparent\">\r\n\t\t\t\t\t\t<div class=\"slideshow_title\">IRBB<\/div>\t\t\t\t\t\t<div class=\"slideshow_description\">Creaci\u00f3 de tres p\u00f2sters per divulgar la Jornada de Portes Obertes de l\u2019IRB Barcelona a tres p\u00fablics diferents: escoles, centres c\u00edvics i investigadors de l\u2019institut. A m\u00e9s, es demana dissenyar un roll up situat a l\u2019entrada de l\u2019esdeveniment que convidi a la ciutadania a participar-hi.<\/div>\t\t\t\t\t<\/div>\r\n\t\t\t\t<\/div>\r\n\r\n\t\t\t\t\t\t<div style=\"clear: both;\"><\/div><\/div><div class=\"slideshow_view\">\r\n\t\t\t\t<div class=\"slideshow_slide slideshow_slide_image\">\r\n\t\t\t\t\t\t\t\t\t\t\t<img src=\"https:\/\/projectes.xtec.cat\/ere\/wp-content\/uploads\/usu2534\/2024\/05\/12_IRBB-2-scaled.jpg\" alt=\"IRBB\" width=\"1088\" height=\"2560\" \/>\r\n\t\t\t\t\t\t\t\t\t\t<div class=\"slideshow_description_box slideshow_transparent\">\r\n\t\t\t\t\t\t<div class=\"slideshow_title\">IRBB<\/div>\t\t\t\t\t\t<div class=\"slideshow_description\">Creaci\u00f3 de tres p\u00f2sters per divulgar la Jornada de Portes Obertes de l\u2019IRB Barcelona a tres p\u00fablics diferents: escoles, centres c\u00edvics i investigadors de l\u2019institut. A m\u00e9s, es demana dissenyar un roll up situat a l\u2019entrada de l\u2019esdeveniment que convidi a la ciutadania a participar-hi.<\/div>\t\t\t\t\t<\/div>\r\n\t\t\t\t<\/div>\r\n\r\n\t\t\t\t\t\t<div style=\"clear: both;\"><\/div><\/div><div class=\"slideshow_view\">\r\n\t\t\t\t<div class=\"slideshow_slide slideshow_slide_image\">\r\n\t\t\t\t\t\t\t\t\t\t\t<img src=\"https:\/\/projectes.xtec.cat\/ere\/wp-content\/uploads\/usu2534\/2024\/05\/13_AJCANET-1.jpg\" alt=\"Ajuntament de Canet de Mar\" width=\"789\" height=\"288\" \/>\r\n\t\t\t\t\t\t\t\t\t\t<div class=\"slideshow_description_box slideshow_transparent\">\r\n\t\t\t\t\t\t<div class=\"slideshow_title\">Ajuntament de Canet de Mar<\/div>\t\t\t\t\t\t<div class=\"slideshow_description\">Creaci\u00f3 de logo amb slogan de l\u2019\u00e0rea de Promoci\u00f3 Econ\u00f2mica de l\u2019Ajuntament de Canet de Mar, amb tipografia Qestrial, color taronja i amb tamanys de cossos de text jerarquitzats.<\/div>\t\t\t\t\t<\/div>\r\n\t\t\t\t<\/div>\r\n\r\n\t\t\t\t\t\t<div style=\"clear: both;\"><\/div><\/div><div class=\"slideshow_view\">\r\n\t\t\t\t<div class=\"slideshow_slide slideshow_slide_image\">\r\n\t\t\t\t\t\t\t\t\t\t\t<img src=\"https:\/\/projectes.xtec.cat\/ere\/wp-content\/uploads\/usu2534\/2024\/05\/13_AJCANET-2.jpg\" alt=\"Ajuntament de Canet de Mar\" width=\"1707\" height=\"2481\" \/>\r\n\t\t\t\t\t\t\t\t\t\t<div class=\"slideshow_description_box slideshow_transparent\">\r\n\t\t\t\t\t\t<div class=\"slideshow_title\">Ajuntament de Canet de Mar<\/div>\t\t\t\t\t\t<div class=\"slideshow_description\">Creaci\u00f3 de logo amb slogan de l\u2019\u00e0rea de Promoci\u00f3 Econ\u00f2mica de l\u2019Ajuntament de Canet de Mar, amb tipografia Qestrial, color taronja i amb tamanys de cossos de text jerarquitzats.<\/div>\t\t\t\t\t<\/div>\r\n\t\t\t\t<\/div>\r\n\r\n\t\t\t\t\t\t<div style=\"clear: both;\"><\/div><\/div><div class=\"slideshow_view\">\r\n\t\t\t\t<div class=\"slideshow_slide slideshow_slide_image\">\r\n\t\t\t\t\t\t\t\t\t\t\t<img src=\"https:\/\/projectes.xtec.cat\/ere\/wp-content\/uploads\/usu2534\/2024\/05\/13_AJCANET-3.jpg\" alt=\"Ajuntament de Canet de Mar\" width=\"1540\" height=\"2151\" \/>\r\n\t\t\t\t\t\t\t\t\t\t<div class=\"slideshow_description_box slideshow_transparent\">\r\n\t\t\t\t\t\t<div class=\"slideshow_title\">Ajuntament de Canet de Mar<\/div>\t\t\t\t\t\t<div class=\"slideshow_description\">Creaci\u00f3 de logo amb slogan de l\u2019\u00e0rea de Promoci\u00f3 Econ\u00f2mica de l\u2019Ajuntament de Canet de Mar, amb tipografia Qestrial, color taronja i amb tamanys de cossos de text jerarquitzats.<\/div>\t\t\t\t\t<\/div>\r\n\t\t\t\t<\/div>\r\n\r\n\t\t\t\t\t\t<div style=\"clear: both;\"><\/div><\/div><div class=\"slideshow_view\">\r\n\t\t\t\t<div class=\"slideshow_slide slideshow_slide_image\">\r\n\t\t\t\t\t\t\t\t\t\t\t<img src=\"https:\/\/projectes.xtec.cat\/ere\/wp-content\/uploads\/usu2534\/2024\/05\/13_AJCANET-4.jpg\" alt=\"Ajuntament de Canet de Mar\" width=\"1540\" height=\"2151\" \/>\r\n\t\t\t\t\t\t\t\t\t\t<div class=\"slideshow_description_box slideshow_transparent\">\r\n\t\t\t\t\t\t<div class=\"slideshow_title\">Ajuntament de Canet de Mar<\/div>\t\t\t\t\t\t<div class=\"slideshow_description\">Creaci\u00f3 de logo amb slogan de l\u2019\u00e0rea de Promoci\u00f3 Econ\u00f2mica de l\u2019Ajuntament de Canet de Mar, amb tipografia Qestrial, color taronja i amb tamanys de cossos de text jerarquitzats.<\/div>\t\t\t\t\t<\/div>\r\n\t\t\t\t<\/div>\r\n\r\n\t\t\t\t\t\t<div style=\"clear: both;\"><\/div><\/div><div class=\"slideshow_view\">\r\n\t\t\t\t<div class=\"slideshow_slide slideshow_slide_image\">\r\n\t\t\t\t\t\t\t\t\t\t\t<img src=\"https:\/\/projectes.xtec.cat\/ere\/wp-content\/uploads\/usu2534\/2024\/05\/13_AJCANET-5.jpg\" alt=\"Ajuntament de Canet de Mar\" width=\"1534\" height=\"1181\" \/>\r\n\t\t\t\t\t\t\t\t\t\t<div class=\"slideshow_description_box slideshow_transparent\">\r\n\t\t\t\t\t\t<div class=\"slideshow_title\">Ajuntament de Canet de Mar<\/div>\t\t\t\t\t\t<div class=\"slideshow_description\">Creaci\u00f3 de logo amb slogan de l\u2019\u00e0rea de Promoci\u00f3 Econ\u00f2mica de l\u2019Ajuntament de Canet de Mar, amb tipografia Qestrial, color taronja i amb tamanys de cossos de text jerarquitzats.<\/div>\t\t\t\t\t<\/div>\r\n\t\t\t\t<\/div>\r\n\r\n\t\t\t\t\t\t<div style=\"clear: both;\"><\/div><\/div><div class=\"slideshow_view\">\r\n\t\t\t\t<div class=\"slideshow_slide slideshow_slide_image\">\r\n\t\t\t\t\t\t\t\t\t\t\t<img src=\"https:\/\/projectes.xtec.cat\/ere\/wp-content\/uploads\/usu2534\/2024\/05\/14_EDUCACIO-1.jpg\" alt=\"Departament d&#039;Educaci\u00f3\" width=\"1021\" height=\"910\" \/>\r\n\t\t\t\t\t\t\t\t\t\t<div class=\"slideshow_description_box slideshow_transparent\">\r\n\t\t\t\t\t\t<div class=\"slideshow_title\">Departament d&#039;Educaci\u00f3<\/div>\t\t\t\t\t\t<div class=\"slideshow_description\">Creaci\u00f3 de la imatge del web de la preinscripci\u00f3 dels estudis postobligatoris no universitaris<\/div>\t\t\t\t\t<\/div>\r\n\t\t\t\t<\/div>\r\n\r\n\t\t\t\t\t\t<div style=\"clear: both;\"><\/div><\/div><div class=\"slideshow_view\">\r\n\t\t\t\t<div class=\"slideshow_slide slideshow_slide_image\">\r\n\t\t\t\t\t\t\t\t\t\t\t<img src=\"https:\/\/projectes.xtec.cat\/ere\/wp-content\/uploads\/usu2534\/2024\/05\/14_EDUCACIO-2-scaled.jpg\" alt=\"Departament d&#039;Educaci\u00f3\" width=\"2560\" height=\"1730\" \/>\r\n\t\t\t\t\t\t\t\t\t\t<div class=\"slideshow_description_box slideshow_transparent\">\r\n\t\t\t\t\t\t<div class=\"slideshow_title\">Departament d&#039;Educaci\u00f3<\/div>\t\t\t\t\t\t<div class=\"slideshow_description\">Creaci\u00f3 de la imatge del web de la preinscripci\u00f3 dels estudis postobligatoris no universitaris<\/div>\t\t\t\t\t<\/div>\r\n\t\t\t\t<\/div>\r\n\r\n\t\t\t\t\t\t<div style=\"clear: both;\"><\/div><\/div><div class=\"slideshow_view\">\r\n\t\t\t\t<div class=\"slideshow_slide slideshow_slide_image\">\r\n\t\t\t\t\t\t\t\t\t\t\t<img src=\"https:\/\/projectes.xtec.cat\/ere\/wp-content\/uploads\/usu2534\/2024\/05\/14_EDUCACIO-3-scaled.jpg\" alt=\"Departament d&#039;Educaci\u00f3\" width=\"2560\" height=\"1664\" \/>\r\n\t\t\t\t\t\t\t\t\t\t<div class=\"slideshow_description_box slideshow_transparent\">\r\n\t\t\t\t\t\t<div class=\"slideshow_title\">Departament d&#039;Educaci\u00f3<\/div>\t\t\t\t\t\t<div class=\"slideshow_description\">Creaci\u00f3 de la imatge del web de la preinscripci\u00f3 dels estudis postobligatoris no universitaris<\/div>\t\t\t\t\t<\/div>\r\n\t\t\t\t<\/div>\r\n\r\n\t\t\t\t\t\t<div style=\"clear: both;\"><\/div><\/div><div class=\"slideshow_view\">\r\n\t\t\t\t<div class=\"slideshow_slide slideshow_slide_image\">\r\n\t\t\t\t\t\t\t\t\t\t\t<img src=\"https:\/\/projectes.xtec.cat\/ere\/wp-content\/uploads\/usu2534\/2024\/05\/14_EDUCACIO-4-scaled.jpg\" alt=\"Departament d&#039;Educaci\u00f3\" width=\"2560\" height=\"1475\" \/>\r\n\t\t\t\t\t\t\t\t\t\t<div class=\"slideshow_description_box slideshow_transparent\">\r\n\t\t\t\t\t\t<div class=\"slideshow_title\">Departament d&#039;Educaci\u00f3<\/div>\t\t\t\t\t\t<div class=\"slideshow_description\">Creaci\u00f3 de la imatge del web de la preinscripci\u00f3 dels estudis postobligatoris no universitaris<\/div>\t\t\t\t\t<\/div>\r\n\t\t\t\t<\/div>\r\n\r\n\t\t\t\t\t\t<div style=\"clear: both;\"><\/div><\/div><div class=\"slideshow_view\">\r\n\t\t\t\t<div class=\"slideshow_slide slideshow_slide_image\">\r\n\t\t\t\t\t\t\t\t\t\t\t<img src=\"https:\/\/projectes.xtec.cat\/ere\/wp-content\/uploads\/usu2534\/2024\/05\/14_EDUCACIO-5-scaled.jpg\" alt=\"Departament d&#039;Educaci\u00f3\" width=\"2560\" height=\"1809\" \/>\r\n\t\t\t\t\t\t\t\t\t\t<div class=\"slideshow_description_box slideshow_transparent\">\r\n\t\t\t\t\t\t<div class=\"slideshow_title\">Departament d&#039;Educaci\u00f3<\/div>\t\t\t\t\t\t<div class=\"slideshow_description\">Creaci\u00f3 de la imatge del web de la preinscripci\u00f3 dels estudis postobligatoris no universitaris<\/div>\t\t\t\t\t<\/div>\r\n\t\t\t\t<\/div>\r\n\r\n\t\t\t\t\t\t<div style=\"clear: both;\"><\/div><\/div><div class=\"slideshow_view\">\r\n\t\t\t\t<div class=\"slideshow_slide slideshow_slide_image\">\r\n\t\t\t\t\t\t\t\t\t\t\t<img src=\"https:\/\/projectes.xtec.cat\/ere\/wp-content\/uploads\/usu2534\/2024\/05\/14_EDUCACIO-6-scaled.jpg\" alt=\"Departament d&#039;Educaci\u00f3\" width=\"2560\" height=\"1809\" \/>\r\n\t\t\t\t\t\t\t\t\t\t<div class=\"slideshow_description_box slideshow_transparent\">\r\n\t\t\t\t\t\t<div class=\"slideshow_title\">Departament d&#039;Educaci\u00f3<\/div>\t\t\t\t\t\t<div class=\"slideshow_description\">Creaci\u00f3 de la imatge del web de la preinscripci\u00f3 dels estudis postobligatoris no universitaris<\/div>\t\t\t\t\t<\/div>\r\n\t\t\t\t<\/div>\r\n\r\n\t\t\t\t\t\t<div style=\"clear: both;\"><\/div><\/div><div class=\"slideshow_view\">\r\n\t\t\t\t<div class=\"slideshow_slide slideshow_slide_image\">\r\n\t\t\t\t\t\t\t\t\t\t\t<img src=\"https:\/\/projectes.xtec.cat\/ere\/wp-content\/uploads\/usu2534\/2024\/05\/15_MACBA-7.jpg\" alt=\"MACBA\" width=\"1759\" height=\"1500\" \/>\r\n\t\t\t\t\t\t\t\t\t\t<div class=\"slideshow_description_box slideshow_transparent\">\r\n\t\t\t\t\t\t<div class=\"slideshow_title\">MACBA<\/div>\t\t\t\t\t\t<div class=\"slideshow_description\">Disseny d&#039;un moble amb dos m\u00f2duls independents, o b\u00e9 de dos mobles, de recollida i posterior retorn dels llibres sol\u00b7licitats en pr\u00e9stec a la biblioteca.<\/div>\t\t\t\t\t<\/div>\r\n\t\t\t\t<\/div>\r\n\r\n\t\t\t\t\t\t<div style=\"clear: both;\"><\/div><\/div><div class=\"slideshow_view\">\r\n\t\t\t\t<div class=\"slideshow_slide slideshow_slide_image\">\r\n\t\t\t\t\t\t\t\t\t\t\t<img src=\"https:\/\/projectes.xtec.cat\/ere\/wp-content\/uploads\/usu2534\/2024\/05\/15_MACBA-9.jpg\" alt=\"MACBA\" width=\"985\" height=\"788\" \/>\r\n\t\t\t\t\t\t\t\t\t\t<div class=\"slideshow_description_box slideshow_transparent\">\r\n\t\t\t\t\t\t<div class=\"slideshow_title\">MACBA<\/div>\t\t\t\t\t\t<div class=\"slideshow_description\">Disseny d&#039;un moble amb dos m\u00f2duls independents, o b\u00e9 de dos mobles, de recollida i posterior retorn dels llibres sol\u00b7licitats en pr\u00e9stec a la biblioteca.<\/div>\t\t\t\t\t<\/div>\r\n\t\t\t\t<\/div>\r\n\r\n\t\t\t\t\t\t<div style=\"clear: both;\"><\/div><\/div><div class=\"slideshow_view\">\r\n\t\t\t\t<div class=\"slideshow_slide slideshow_slide_image\">\r\n\t\t\t\t\t\t\t\t\t\t\t<img src=\"https:\/\/projectes.xtec.cat\/ere\/wp-content\/uploads\/usu2534\/2024\/05\/15_MACBA-8.jpg\" alt=\"MACBA\" width=\"985\" height=\"788\" \/>\r\n\t\t\t\t\t\t\t\t\t\t<div class=\"slideshow_description_box slideshow_transparent\">\r\n\t\t\t\t\t\t<div class=\"slideshow_title\">MACBA<\/div>\t\t\t\t\t\t<div class=\"slideshow_description\">Disseny d&#039;un moble amb dos m\u00f2duls independents, o b\u00e9 de dos mobles, de recollida i posterior retorn dels llibres sol\u00b7licitats en pr\u00e9stec a la biblioteca.<\/div>\t\t\t\t\t<\/div>\r\n\t\t\t\t<\/div>\r\n\r\n\t\t\t\t\t\t<div style=\"clear: both;\"><\/div><\/div><div class=\"slideshow_view\">\r\n\t\t\t\t<div class=\"slideshow_slide slideshow_slide_image\">\r\n\t\t\t\t\t\t\t\t\t\t\t<img src=\"https:\/\/projectes.xtec.cat\/ere\/wp-content\/uploads\/usu2534\/2024\/05\/15_MACBA-10.jpg\" alt=\"MACBA\" width=\"985\" height=\"788\" \/>\r\n\t\t\t\t\t\t\t\t\t\t<div class=\"slideshow_description_box slideshow_transparent\">\r\n\t\t\t\t\t\t<div class=\"slideshow_title\">MACBA<\/div>\t\t\t\t\t\t<div class=\"slideshow_description\">Disseny d&#039;un moble amb dos m\u00f2duls independents, o b\u00e9 de dos mobles, de recollida i posterior retorn dels llibres sol\u00b7licitats en pr\u00e9stec a la biblioteca.<\/div>\t\t\t\t\t<\/div>\r\n\t\t\t\t<\/div>\r\n\r\n\t\t\t\t\t\t<div style=\"clear: both;\"><\/div><\/div><div class=\"slideshow_view\">\r\n\t\t\t\t<div class=\"slideshow_slide slideshow_slide_image\">\r\n\t\t\t\t\t\t\t\t\t\t\t<img src=\"https:\/\/projectes.xtec.cat\/ere\/wp-content\/uploads\/usu2534\/2024\/05\/15_MACBA-11.jpg\" alt=\"MACBA\" width=\"834\" height=\"783\" \/>\r\n\t\t\t\t\t\t\t\t\t\t<div class=\"slideshow_description_box slideshow_transparent\">\r\n\t\t\t\t\t\t<div class=\"slideshow_title\">MACBA<\/div>\t\t\t\t\t\t<div class=\"slideshow_description\">Disseny d&#039;un moble amb dos m\u00f2duls independents, o b\u00e9 de dos mobles, de recollida i posterior retorn dels llibres sol\u00b7licitats en pr\u00e9stec a la biblioteca.<\/div>\t\t\t\t\t<\/div>\r\n\t\t\t\t<\/div>\r\n\r\n\t\t\t\t\t\t<div style=\"clear: both;\"><\/div><\/div><div class=\"slideshow_view\">\r\n\t\t\t\t<div class=\"slideshow_slide slideshow_slide_image\">\r\n\t\t\t\t\t\t\t\t\t\t\t<img src=\"https:\/\/projectes.xtec.cat\/ere\/wp-content\/uploads\/usu2534\/2024\/05\/15_MACBA-12.jpg\" alt=\"MACBA\" width=\"531\" height=\"502\" \/>\r\n\t\t\t\t\t\t\t\t\t\t<div class=\"slideshow_description_box slideshow_transparent\">\r\n\t\t\t\t\t\t<div class=\"slideshow_title\">MACBA<\/div>\t\t\t\t\t\t<div class=\"slideshow_description\">Disseny d&#039;un moble amb dos m\u00f2duls independents, o b\u00e9 de dos mobles, de recollida i posterior retorn dels llibres sol\u00b7licitats en pr\u00e9stec a la biblioteca.<\/div>\t\t\t\t\t<\/div>\r\n\t\t\t\t<\/div>\r\n\r\n\t\t\t\t\t\t<div style=\"clear: both;\"><\/div><\/div><div class=\"slideshow_view\">\r\n\t\t\t\t<div class=\"slideshow_slide slideshow_slide_image\">\r\n\t\t\t\t\t\t\t\t\t\t\t<img src=\"https:\/\/projectes.xtec.cat\/ere\/wp-content\/uploads\/usu2534\/2024\/05\/16_UNESCO-scaled.jpg\" alt=\"MACBA\" width=\"1792\" height=\"2560\" \/>\r\n\t\t\t\t\t\t\t\t\t\t<div class=\"slideshow_description_box slideshow_transparent\">\r\n\t\t\t\t\t\t<div class=\"slideshow_title\">MACBA<\/div>\t\t\t\t\t\t<div class=\"slideshow_description\">Disseny d&#039;un moble amb dos m\u00f2duls independents, o b\u00e9 de dos mobles, de recollida i posterior retorn dels llibres sol\u00b7licitats en pr\u00e9stec a la biblioteca.<\/div>\t\t\t\t\t<\/div>\r\n\t\t\t\t<\/div>\r\n\r\n\t\t\t\t\t\t<div style=\"clear: both;\"><\/div><\/div><div class=\"slideshow_view\">\r\n\t\t\t\t<div class=\"slideshow_slide slideshow_slide_image\">\r\n\t\t\t\t\t\t\t\t\t\t\t<img src=\"https:\/\/projectes.xtec.cat\/ere\/wp-content\/uploads\/usu2534\/2024\/05\/15_MACBA-1.jpg\" alt=\"MACBA\" width=\"2107\" height=\"1185\" \/>\r\n\t\t\t\t\t\t\t\t\t\t<div class=\"slideshow_description_box slideshow_transparent\">\r\n\t\t\t\t\t\t<div class=\"slideshow_title\">MACBA<\/div>\t\t\t\t\t\t<div class=\"slideshow_description\">Disseny d&#039;un moble amb dos m\u00f2duls independents, o b\u00e9 de dos mobles, de recollida i posterior retorn dels llibres sol\u00b7licitats en pr\u00e9stec a la biblioteca.<\/div>\t\t\t\t\t<\/div>\r\n\t\t\t\t<\/div>\r\n\r\n\t\t\t\t\t\t<div style=\"clear: both;\"><\/div><\/div><div class=\"slideshow_view\">\r\n\t\t\t\t<div class=\"slideshow_slide slideshow_slide_image\">\r\n\t\t\t\t\t\t\t\t\t\t\t<img src=\"https:\/\/projectes.xtec.cat\/ere\/wp-content\/uploads\/usu2534\/2024\/05\/15_MACBA-2-scaled.jpg\" alt=\"MACBA\" width=\"2560\" height=\"1440\" \/>\r\n\t\t\t\t\t\t\t\t\t\t<div class=\"slideshow_description_box slideshow_transparent\">\r\n\t\t\t\t\t\t<div class=\"slideshow_title\">MACBA<\/div>\t\t\t\t\t\t<div class=\"slideshow_description\">Disseny d&#039;un moble amb dos m\u00f2duls independents, o b\u00e9 de dos mobles, de recollida i posterior retorn dels llibres sol\u00b7licitats en pr\u00e9stec a la biblioteca.<\/div>\t\t\t\t\t<\/div>\r\n\t\t\t\t<\/div>\r\n\r\n\t\t\t\t\t\t<div style=\"clear: both;\"><\/div><\/div><div class=\"slideshow_view\">\r\n\t\t\t\t<div class=\"slideshow_slide slideshow_slide_image\">\r\n\t\t\t\t\t\t\t\t\t\t\t<img src=\"https:\/\/projectes.xtec.cat\/ere\/wp-content\/uploads\/usu2534\/2024\/05\/15_MACBA-3-scaled.jpg\" alt=\"MACBA\" width=\"2560\" height=\"1440\" \/>\r\n\t\t\t\t\t\t\t\t\t\t<div class=\"slideshow_description_box slideshow_transparent\">\r\n\t\t\t\t\t\t<div class=\"slideshow_title\">MACBA<\/div>\t\t\t\t\t\t<div class=\"slideshow_description\">Disseny d&#039;un moble amb dos m\u00f2duls independents, o b\u00e9 de dos mobles, de recollida i posterior retorn dels llibres sol\u00b7licitats en pr\u00e9stec a la biblioteca.<\/div>\t\t\t\t\t<\/div>\r\n\t\t\t\t<\/div>\r\n\r\n\t\t\t\t\t\t<div style=\"clear: both;\"><\/div><\/div><div class=\"slideshow_view\">\r\n\t\t\t\t<div class=\"slideshow_slide slideshow_slide_image\">\r\n\t\t\t\t\t\t\t\t\t\t\t<img src=\"https:\/\/projectes.xtec.cat\/ere\/wp-content\/uploads\/usu2534\/2024\/05\/15_MACBA-4-scaled.jpg\" alt=\"MACBA\" width=\"2560\" height=\"1440\" \/>\r\n\t\t\t\t\t\t\t\t\t\t<div class=\"slideshow_description_box slideshow_transparent\">\r\n\t\t\t\t\t\t<div class=\"slideshow_title\">MACBA<\/div>\t\t\t\t\t\t<div class=\"slideshow_description\">Disseny d&#039;un moble amb dos m\u00f2duls independents, o b\u00e9 de dos mobles, de recollida i posterior retorn dels llibres sol\u00b7licitats en pr\u00e9stec a la biblioteca.<\/div>\t\t\t\t\t<\/div>\r\n\t\t\t\t<\/div>\r\n\r\n\t\t\t\t\t\t<div style=\"clear: both;\"><\/div><\/div><div class=\"slideshow_view\">\r\n\t\t\t\t<div class=\"slideshow_slide slideshow_slide_image\">\r\n\t\t\t\t\t\t\t\t\t\t\t<img src=\"https:\/\/projectes.xtec.cat\/ere\/wp-content\/uploads\/usu2534\/2024\/05\/15_MACBA-5.jpg\" alt=\"MACBA\" width=\"2500\" height=\"1406\" \/>\r\n\t\t\t\t\t\t\t\t\t\t<div class=\"slideshow_description_box slideshow_transparent\">\r\n\t\t\t\t\t\t<div class=\"slideshow_title\">MACBA<\/div>\t\t\t\t\t\t<div class=\"slideshow_description\">Disseny d&#039;un moble amb dos m\u00f2duls independents, o b\u00e9 de dos mobles, de recollida i posterior retorn dels llibres sol\u00b7licitats en pr\u00e9stec a la biblioteca.<\/div>\t\t\t\t\t<\/div>\r\n\t\t\t\t<\/div>\r\n\r\n\t\t\t\t\t\t<div style=\"clear: both;\"><\/div><\/div><div class=\"slideshow_view\">\r\n\t\t\t\t<div class=\"slideshow_slide slideshow_slide_image\">\r\n\t\t\t\t\t\t\t\t\t\t\t<img src=\"https:\/\/projectes.xtec.cat\/ere\/wp-content\/uploads\/usu2534\/2024\/05\/15_MACBA-6.jpg\" alt=\"MACBA\" width=\"1343\" height=\"1500\" \/>\r\n\t\t\t\t\t\t\t\t\t\t<div class=\"slideshow_description_box slideshow_transparent\">\r\n\t\t\t\t\t\t<div class=\"slideshow_title\">MACBA<\/div>\t\t\t\t\t\t<div class=\"slideshow_description\">Disseny d&#039;un moble amb dos m\u00f2duls independents, o b\u00e9 de dos mobles, de recollida i posterior retorn dels llibres sol\u00b7licitats en pr\u00e9stec a la biblioteca.<\/div>\t\t\t\t\t<\/div>\r\n\t\t\t\t<\/div>\r\n\r\n\t\t\t\t\t\t<div style=\"clear: both;\"><\/div><\/div><div class=\"slideshow_view\">\r\n\t\t\t\t<div class=\"slideshow_slide slideshow_slide_image\">\r\n\t\t\t\t\t\t\t\t\t\t\t<img src=\"https:\/\/projectes.xtec.cat\/ere\/wp-content\/uploads\/usu2534\/2024\/05\/15_MACBA-6.jpg\" alt=\"MACBA\" width=\"1343\" height=\"1500\" \/>\r\n\t\t\t\t\t\t\t\t\t\t<div class=\"slideshow_description_box slideshow_transparent\">\r\n\t\t\t\t\t\t<div class=\"slideshow_title\">MACBA<\/div>\t\t\t\t\t\t<div class=\"slideshow_description\">Disseny d&#039;un moble amb dos m\u00f2duls independents, o b\u00e9 de dos mobles, de recollida i posterior retorn dels llibres sol\u00b7licitats en pr\u00e9stec a la biblioteca.<\/div>\t\t\t\t\t<\/div>\r\n\t\t\t\t<\/div>\r\n\r\n\t\t\t\t\t\t<div style=\"clear: both;\"><\/div><\/div>\r\n\t\t<\/div>\r\n\r\n\t\t<div class=\"slideshow_controlPanel slideshow_transparent\" style=\"display: none;\"><ul><li class=\"slideshow_togglePlay\" data-play-text=\"Visualitza\" data-pause-text=\"Pausa\"><\/li><\/ul><\/div>\r\n\r\n\t\t<div class=\"slideshow_button slideshow_previous slideshow_transparent\" role=\"button\" data-previous-text=\"Anterior\" style=\"display: none;\"><\/div>\r\n\t\t<div class=\"slideshow_button slideshow_next slideshow_transparent\" role=\"button\" data-next-text=\"Seg\u00fcent\" style=\"display: none;\"><\/div>\r\n\r\n\t\t<div class=\"slideshow_pagination\" style=\"display: none;\" data-go-to-text=\"V\u00e9s a la diapositiva\"><div class=\"slideshow_pagination_center\"><\/div><\/div>\r\n\r\n\t\t<!-- WordPress Slideshow Version 2.3.1 -->\r\n\r\n\t\t\t<\/div>\r\n\r\n\n<p><strong>Llista de reproducci\u00f3 v\u00eddeos<\/strong><\/p>\n<p><iframe loading=\"lazy\" title=\"TCE 2023\/24\" width=\"500\" height=\"281\" src=\"https:\/\/www.youtube.com\/embed\/videoseries?list=PLe7aFYNtl_hp3SBr2ZHmBK7QIwDw5Q8UA\" frameborder=\"0\" allow=\"accelerometer; autoplay; clipboard-write; encrypted-media; gyroscope; picture-in-picture; web-share\" referrerpolicy=\"strict-origin-when-cross-origin\" allowfullscreen><\/iframe><\/p>\n","protected":false},"excerpt":{"rendered":"<p>Galeria d&#8217;imatges<\/p>\n<p>\t\t\t\t\t\tTNC\t\t\t\t\t\tDissenyar elements i\/o mobiliari perqu\u00e8 el vest\u00edbul aculli les activitats per a fam\u00edlies i grups de prim\u00e0ria.\t\t\t\t\t<\/p>\n<p>\t\t\t\t\t\tTNC\t\t\t\t\t\tDissenyar elements i\/o mobiliari perqu\u00e8 el vest\u00edbul aculli les activitats per a fam\u00edlies i grups de prim\u00e0ria.\t\t\t\t\t<\/p>\n<p>\t\t\t\t\t\tTNC\t\t\t\t\t\tDissenyar elements i\/o mobiliari perqu\u00e8 el vest\u00edbul aculli les activitats per a&hellip;  <a href=\"https:\/\/projectes.xtec.cat\/ere\/talent-creatiu-i-empresa\/talent-creatiu-i-empresa-2023-24\/tce-2023-24-galeria-dimatges-i-videos\/\" title=\"Read TCE 2023\/24 Galeria d&#8217;imatges i v\u00eddeos\">Llegeix m\u00e9s\u00bb<\/a><\/p>\n","protected":false},"author":1,"featured_media":0,"parent":10023,"menu_order":4,"comment_status":"closed","ping_status":"closed","template":"page-templates\/side-menu.php","meta":{"_bbp_topic_count":0,"_bbp_reply_count":0,"_bbp_total_topic_count":0,"_bbp_total_reply_count":0,"_bbp_voice_count":0,"_bbp_anonymous_reply_count":0,"_bbp_topic_count_hidden":0,"_bbp_reply_count_hidden":0,"_bbp_forum_subforum_count":0,"footnotes":""},"class_list":["post-10042","page","type-page","status-publish","hentry"],"post_mailing_queue_ids":[],"_links":{"self":[{"href":"https:\/\/projectes.xtec.cat\/ere\/wp-json\/wp\/v2\/pages\/10042","targetHints":{"allow":["GET"]}}],"collection":[{"href":"https:\/\/projectes.xtec.cat\/ere\/wp-json\/wp\/v2\/pages"}],"about":[{"href":"https:\/\/projectes.xtec.cat\/ere\/wp-json\/wp\/v2\/types\/page"}],"author":[{"embeddable":true,"href":"https:\/\/projectes.xtec.cat\/ere\/wp-json\/wp\/v2\/users\/1"}],"replies":[{"embeddable":true,"href":"https:\/\/projectes.xtec.cat\/ere\/wp-json\/wp\/v2\/comments?post=10042"}],"version-history":[{"count":6,"href":"https:\/\/projectes.xtec.cat\/ere\/wp-json\/wp\/v2\/pages\/10042\/revisions"}],"predecessor-version":[{"id":10141,"href":"https:\/\/projectes.xtec.cat\/ere\/wp-json\/wp\/v2\/pages\/10042\/revisions\/10141"}],"up":[{"embeddable":true,"href":"https:\/\/projectes.xtec.cat\/ere\/wp-json\/wp\/v2\/pages\/10023"}],"wp:attachment":[{"href":"https:\/\/projectes.xtec.cat\/ere\/wp-json\/wp\/v2\/media?parent=10042"}],"curies":[{"name":"wp","href":"https:\/\/api.w.org\/{rel}","templated":true}]}}