{"id":10548,"date":"2025-03-11T07:52:07","date_gmt":"2025-03-11T06:52:07","guid":{"rendered":"https:\/\/projectes.xtec.cat\/ere\/?page_id=10548"},"modified":"2026-04-08T08:53:37","modified_gmt":"2026-04-08T06:53:37","slug":"reconeixements-talent-creatiu-i-empresa-al-projectes-del-primer-quadrimestres-2024-2025","status":"publish","type":"page","link":"https:\/\/projectes.xtec.cat\/ere\/talent-creatiu-i-empresa\/reconeixements-talent-creatiu-i-empresa-al-projectes-del-primer-quadrimestres-2024-2025\/","title":{"rendered":"Talent Creatiu i Empresa 2024\/25."},"content":{"rendered":"<p>Compartim amb vosaltres\u00a0 els projectes que han merescut el reconeixement d\u2019empreses i entitats que han participat en el Programa \u201cTalent Creatiu i Empresa\u201d del curs 2024-205.<\/p>\n<p>El programa Talent creatiu i empresa fomenta la realitzaci\u00f3 de projectes que desenvolupin estrat\u00e8gies de relaci\u00f3 en el camp de la innovaci\u00f3 i l\u2019intercanvi de coneixement entre els centres docents d\u2019arts pl\u00e0stiques i disseny i les empreses i institucions que permetin als estudiants integrar en el seu aprenentatge l\u2019entorn real d\u2019un ambient laboral.<\/p>\n<p>Tamb\u00e9 fomenta l\u2019adquisici\u00f3 d\u2019h\u00e0bits de relacions humanes a l\u2019empresa: el treball en equip, l\u2019orientaci\u00f3 cap al client, el sentit d\u2019iniciativa i l\u2019esperit emprenedor, la cultura d\u2019empresa, la innovaci\u00f3 tecnol\u00f2gica i els perfils professionals, entre d\u2019altres.<\/p>\n<p>&nbsp;<\/p>\n<p><u>EMPRESES:<\/u><\/p>\n<p><a href=\"https:\/\/projectes.xtec.cat\/ere\/talent-creatiu-i-empresa\/reconeixements-talent-creatiu-i-empresa-al-projectes-del-primer-quadrimestres-2024-2025\/canal-taronja-tv\/\" target=\"_blank\" rel=\"noopener\"><em>CANAL TARONJA TV<\/em><\/a><\/p>\n<p><a href=\"https:\/\/projectes.xtec.cat\/ere\/cocktail-time\/\" target=\"_blank\" rel=\"noopener\"><em>COCKTAIL TIME<\/em><\/a><\/p>\n<p><a href=\"https:\/\/projectes.xtec.cat\/ere\/punumu-dbambu\/\">PUNUMU-DBAMB\u00da<\/a><\/p>\n<p><a href=\"https:\/\/projectes.xtec.cat\/ere\/crec-coworking\/\" target=\"_blank\" rel=\"noopener\">CREC COWORKING<\/a><\/p>\n<p><u>INSTITUCIONS:<\/u><\/p>\n<p><a href=\"https:\/\/projectes.xtec.cat\/ere\/talent-creatiu-i-empresa\/reconeixements-talent-creatiu-i-empresa-al-projectes-del-primer-quadrimestres-2024-2025\/amics-unesco-bcn\/\" target=\"_blank\" rel=\"noopener\"><em>AMICS UNESCO BCN<\/em><\/a><\/p>\n<p><a href=\"https:\/\/projectes.xtec.cat\/ere\/talent-creatiu-i-empresa\/reconeixements-talent-creatiu-i-empresa-al-projectes-del-primer-quadrimestres-2024-2025\/fapaes\/\" target=\"_blank\" rel=\"noopener\"><em>FAPAES<\/em><\/a><\/p>\n<p><a href=\"https:\/\/projectes.xtec.cat\/ere\/tnc\/\" target=\"_blank\" rel=\"noopener\"><em>TNC<\/em><\/a><\/p>\n<p><a href=\"https:\/\/projectes.xtec.cat\/ere\/ajuntament-de-begur\/\" target=\"_blank\" rel=\"noopener\"><em>AJUNTAMENT DE BEGUR<\/em><\/a><\/p>\n<p><a href=\"https:\/\/projectes.xtec.cat\/ere\/ajuntament-de-canet-de-mar\/\">AJUNTAMENT DE CANET DE MAR<\/a><\/p>\n<p><a href=\"https:\/\/projectes.xtec.cat\/ere\/radio-canet-de-mar\/\">R\u00c0DIO CANET<\/a><\/p>\n<p><a href=\"https:\/\/projectes.xtec.cat\/ere\/processo-de-verges\/\" target=\"_blank\" rel=\"noopener\"><em>PROCESS\u00d3 DE VERGES<\/em><\/a><\/p>\n<p><a href=\"https:\/\/projectes.xtec.cat\/ere\/talent-creatiu-i-empresa\/reconeixements-talent-creatiu-i-empresa-al-projectes-del-primer-quadrimestres-2024-2025\/departament-deducacio-i-fp-prevencio-de-riscos\/\" target=\"_blank\" rel=\"noopener\"><em>DEPARTAMENT D&#8217;EDUCACI\u00d3 I FP. Prevenci\u00f3 de Riscos<\/em><\/a><\/p>\n<p><a href=\"https:\/\/projectes.xtec.cat\/ere\/talent-creatiu-i-empresa\/reconeixements-talent-creatiu-i-empresa-al-projectes-del-primer-quadrimestres-2024-2025\/tecsam\/\" target=\"_blank\" rel=\"noopener\"><em>XARXA TECSAM<\/em><\/a><\/p>\n<p><em><a href=\"https:\/\/projectes.xtec.cat\/ere\/icssl\/\" target=\"_blank\" rel=\"noopener\">ICSSL\u00a0<\/a>\u00a0<\/em><\/p>\n<p><a href=\"https:\/\/projectes.xtec.cat\/ere\/dmd-dret-a-morir-dignament\/\" target=\"_blank\" rel=\"noopener\"><em>DMD<\/em><\/a><\/p>\n<p><a href=\"https:\/\/projectes.xtec.cat\/ere\/consell-catala-de-lesport-escola-catalana-de-lesport\/\" target=\"_blank\" rel=\"noopener\">CONSELL CATAL\u00c0 DE L&#8217;ESPORT\/ESCOLA CATALANA DE L&#8217;ESPORT<\/a><\/p>\n<p><a href=\"https:\/\/projectes.xtec.cat\/ere\/sos-costa-brava\/\">SOS COSTA BRAVA<\/a><\/p>\n<p><a href=\"https:\/\/projectes.xtec.cat\/ere\/ibec\/\" target=\"_blank\" rel=\"noopener\">IBEC<\/a><\/p>\n","protected":false},"excerpt":{"rendered":"<p>Compartim amb vosaltres\u00a0 els projectes que han merescut el reconeixement d\u2019empreses i entitats que han participat en el Programa \u201cTalent Creatiu i Empresa\u201d del curs 2024-205.<br \/>\nEl programa Talent creatiu i empresa fomenta la realitzaci\u00f3 de projectes que desenvolupin estrat\u00e8gies de relaci\u00f3 en el camp de&hellip;  <a href=\"https:\/\/projectes.xtec.cat\/ere\/talent-creatiu-i-empresa\/reconeixements-talent-creatiu-i-empresa-al-projectes-del-primer-quadrimestres-2024-2025\/\" title=\"Read Talent Creatiu i Empresa 2024\/25.\">Llegeix m\u00e9s\u00bb<\/a><\/p>\n","protected":false},"author":1,"featured_media":0,"parent":9008,"menu_order":7,"comment_status":"closed","ping_status":"closed","template":"","meta":{"_bbp_topic_count":0,"_bbp_reply_count":0,"_bbp_total_topic_count":0,"_bbp_total_reply_count":0,"_bbp_voice_count":0,"_bbp_anonymous_reply_count":0,"_bbp_topic_count_hidden":0,"_bbp_reply_count_hidden":0,"_bbp_forum_subforum_count":0,"footnotes":""},"class_list":["post-10548","page","type-page","status-publish","hentry"],"post_mailing_queue_ids":[],"_links":{"self":[{"href":"https:\/\/projectes.xtec.cat\/ere\/wp-json\/wp\/v2\/pages\/10548","targetHints":{"allow":["GET"]}}],"collection":[{"href":"https:\/\/projectes.xtec.cat\/ere\/wp-json\/wp\/v2\/pages"}],"about":[{"href":"https:\/\/projectes.xtec.cat\/ere\/wp-json\/wp\/v2\/types\/page"}],"author":[{"embeddable":true,"href":"https:\/\/projectes.xtec.cat\/ere\/wp-json\/wp\/v2\/users\/1"}],"replies":[{"embeddable":true,"href":"https:\/\/projectes.xtec.cat\/ere\/wp-json\/wp\/v2\/comments?post=10548"}],"version-history":[{"count":7,"href":"https:\/\/projectes.xtec.cat\/ere\/wp-json\/wp\/v2\/pages\/10548\/revisions"}],"predecessor-version":[{"id":11401,"href":"https:\/\/projectes.xtec.cat\/ere\/wp-json\/wp\/v2\/pages\/10548\/revisions\/11401"}],"up":[{"embeddable":true,"href":"https:\/\/projectes.xtec.cat\/ere\/wp-json\/wp\/v2\/pages\/9008"}],"wp:attachment":[{"href":"https:\/\/projectes.xtec.cat\/ere\/wp-json\/wp\/v2\/media?parent=10548"}],"curies":[{"name":"wp","href":"https:\/\/api.w.org\/{rel}","templated":true}]}}