{"id":10574,"date":"2025-03-11T08:16:03","date_gmt":"2025-03-11T07:16:03","guid":{"rendered":"https:\/\/projectes.xtec.cat\/ere\/?page_id=10574"},"modified":"2025-03-12T11:23:08","modified_gmt":"2025-03-12T10:23:08","slug":"canal-taronja-tv","status":"publish","type":"page","link":"https:\/\/projectes.xtec.cat\/ere\/talent-creatiu-i-empresa\/reconeixements-talent-creatiu-i-empresa-al-projectes-del-primer-quadrimestres-2024-2025\/canal-taronja-tv\/","title":{"rendered":"CANAL TARONJA TV"},"content":{"rendered":"<p><strong>Reconeixement:<\/strong><\/p>\n<p><i><\/i>Miriam Arans, Kay Ortiz i Jordi Batlle de l<a href=\"https:\/\/www.arsenal.cat\/index.php\/ca\/\" target=\"_blank\" rel=\"noopener\">\u2019EA Arsenal<\/a> de Vilafranca del Pened\u00e8s<\/p>\n<p><strong>Projecte:\u00a0<\/strong>Creaci\u00f3 d\u2019un spot promocional per a televisi\u00f3 d\u2019uns 40 segons i un de 5 segons. El primer per a ser em\u00e8s com a promoci\u00f3 a tv i l\u2019altre per a les Xarxes socials<\/p>\n<p><strong>Argumentaci\u00f3 de la comissi\u00f3:<\/strong>\u00a0<i>Aquesta proposta mostra de forma r\u00e0pida i fresca el que podem trobar a Canal Taronja tv en la programaci\u00f3. A m\u00e9s aporta un slogan molt interessant com \u00e9s \u2018La teva segona casa\u2019 amb el que mostra que la tv forma part de nosaltres i s\u2019integra de forma natural a les nostres vides creant una dualitat d\u2019aportar informaci\u00f3, cultura, esports amb un sentit de pertinen\u00e7a.<\/i><\/p>\n<p><iframe loading=\"lazy\" title=\"Canal Taronja 1\" width=\"500\" height=\"281\" src=\"https:\/\/www.youtube.com\/embed\/PaKZ1F7WUJ4?feature=oembed\" frameborder=\"0\" allow=\"accelerometer; autoplay; clipboard-write; encrypted-media; gyroscope; picture-in-picture; web-share\" referrerpolicy=\"strict-origin-when-cross-origin\" allowfullscreen><\/iframe><\/p>\n<p><iframe loading=\"lazy\" title=\"Canal Taronja 2\" width=\"500\" height=\"281\" src=\"https:\/\/www.youtube.com\/embed\/PRROWDVsNc8?feature=oembed\" frameborder=\"0\" allow=\"accelerometer; autoplay; clipboard-write; encrypted-media; gyroscope; picture-in-picture; web-share\" referrerpolicy=\"strict-origin-when-cross-origin\" allowfullscreen><\/iframe><\/p>\n","protected":false},"excerpt":{"rendered":"<p>Reconeixement:<br \/>\nMiriam Arans, Kay Ortiz i Jordi Batlle de l<a href=\"https:\/\/www.arsenal.cat\/index.php\/ca\/\" target=\"_blank\" rel=\"noopener\">\u2019EA Arsenal<\/a> de Vilafranca del Pened\u00e8s<br \/>\nProjecte:\u00a0Creaci\u00f3 d\u2019un spot promocional per a televisi\u00f3 d\u2019uns 40 segons i un de 5 segons. El primer per a ser em\u00e8s com a promoci\u00f3 a tv i l\u2019altre per&hellip;  <a href=\"https:\/\/projectes.xtec.cat\/ere\/talent-creatiu-i-empresa\/reconeixements-talent-creatiu-i-empresa-al-projectes-del-primer-quadrimestres-2024-2025\/canal-taronja-tv\/\" title=\"Read CANAL TARONJA TV\">Llegeix m\u00e9s\u00bb<\/a><\/p>\n","protected":false},"author":1,"featured_media":0,"parent":10548,"menu_order":0,"comment_status":"closed","ping_status":"closed","template":"","meta":{"_bbp_topic_count":0,"_bbp_reply_count":0,"_bbp_total_topic_count":0,"_bbp_total_reply_count":0,"_bbp_voice_count":0,"_bbp_anonymous_reply_count":0,"_bbp_topic_count_hidden":0,"_bbp_reply_count_hidden":0,"_bbp_forum_subforum_count":0,"footnotes":""},"class_list":["post-10574","page","type-page","status-publish","hentry"],"post_mailing_queue_ids":[],"_links":{"self":[{"href":"https:\/\/projectes.xtec.cat\/ere\/wp-json\/wp\/v2\/pages\/10574","targetHints":{"allow":["GET"]}}],"collection":[{"href":"https:\/\/projectes.xtec.cat\/ere\/wp-json\/wp\/v2\/pages"}],"about":[{"href":"https:\/\/projectes.xtec.cat\/ere\/wp-json\/wp\/v2\/types\/page"}],"author":[{"embeddable":true,"href":"https:\/\/projectes.xtec.cat\/ere\/wp-json\/wp\/v2\/users\/1"}],"replies":[{"embeddable":true,"href":"https:\/\/projectes.xtec.cat\/ere\/wp-json\/wp\/v2\/comments?post=10574"}],"version-history":[{"count":6,"href":"https:\/\/projectes.xtec.cat\/ere\/wp-json\/wp\/v2\/pages\/10574\/revisions"}],"predecessor-version":[{"id":10652,"href":"https:\/\/projectes.xtec.cat\/ere\/wp-json\/wp\/v2\/pages\/10574\/revisions\/10652"}],"up":[{"embeddable":true,"href":"https:\/\/projectes.xtec.cat\/ere\/wp-json\/wp\/v2\/pages\/10548"}],"wp:attachment":[{"href":"https:\/\/projectes.xtec.cat\/ere\/wp-json\/wp\/v2\/media?parent=10574"}],"curies":[{"name":"wp","href":"https:\/\/api.w.org\/{rel}","templated":true}]}}