{"id":10582,"date":"2025-03-11T08:21:00","date_gmt":"2025-03-11T07:21:00","guid":{"rendered":"https:\/\/projectes.xtec.cat\/ere\/?page_id=10582"},"modified":"2025-03-11T14:08:24","modified_gmt":"2025-03-11T13:08:24","slug":"tnc","status":"publish","type":"page","link":"https:\/\/projectes.xtec.cat\/ere\/tnc\/","title":{"rendered":"TNC"},"content":{"rendered":"<p><strong>Reconeixement ex-aequo:<\/strong><\/p>\n<ul>\n<li aria-level=\"1\">Mariana Toledo, Sof\u00eda Oll\u00e8 i Ramon Casas. <a href=\"https:\/\/www.arsenal.cat\/index.php\/ca\/\" target=\"_blank\" rel=\"noopener\">EA Arsenal<\/a> de Vilafranca del Pened\u00e8s. Projecte: Tres en ratlla.<\/li>\n<\/ul>\n<ul>\n<li aria-level=\"1\">Angelo Mart\u00ednez, Xavi Vilaplana i Toni Barrio. <a href=\"https:\/\/dev.arac.artedra.net\/\" target=\"_blank\" rel=\"noopener\">EA Edra de Rub\u00ed<\/a>. Projecte: joc de cartes \u201crere l\u2019escena\u201d.<\/li>\n<\/ul>\n<p><strong>Projecte:<\/strong><\/p>\n<p><strong>\u00a0<\/strong>Disseny d\u2019un obsequi per als alumnes de prim\u00e0ria que participen de l\u2019activitat \u201cDescobrim el TNC, prim\u00e0ria\u201d.<\/p>\n<p><strong>Argumentaci\u00f3 de la comissi\u00f3:<\/strong><\/p>\n<ul>\n<li style=\"font-weight: 400;\" aria-level=\"1\"><span style=\"font-weight: 400;\">Projecte: Tres en ratlla. Valorem el resultat aconseguit en la s\u00edntesi gr\u00e0fica del Sham i la Mila, aix\u00ed com la tria del material, durador i dif\u00edcil de ser malm\u00e8s. Al llarg del proc\u00e9s, han estat capaces d\u2019enriquir el projecte, fent les modificacions que els indic\u00e0vem i afegint la possibilitat de generar un sorteig o concurs.<\/span><\/li>\n<li style=\"font-weight: 400;\" aria-level=\"1\"><span style=\"font-weight: 400;\">Projecte: Joc de cartes. Projecte molt complet i ben treballat. Es relaciona conceptualment amb el contingut de l\u2019activitat del TNC, posant en valor totes les professions relacionades amb la creaci\u00f3 teatral. Ens ha agradat especialment el disseny del packaging<\/span><\/li>\n<\/ul>\n<p><strong>Menci\u00f3:<\/strong><\/p>\n<ul>\n<li style=\"font-weight: 400;\" aria-level=\"1\"><span style=\"font-weight: 400;\">Anna Pelaez, Emma Fern\u00e1ndez, Christian Cortes, Abel Mart\u00ednez, Enric Saez. ESCOLA MUNICIPAL ART I DISSENY TERRASSA. Projecte: ombres xineses.<\/span><\/li>\n<\/ul>\n<p>&nbsp;<\/p>\n<p><a href=\"https:\/\/projectes.xtec.cat\/ere\/wp-content\/uploads\/usu2534\/2025\/03\/TNC_ARSENAL-3.jpg\"><img loading=\"lazy\" decoding=\"async\" class=\"alignnone size-large wp-image-10556\" src=\"https:\/\/projectes.xtec.cat\/ere\/wp-content\/uploads\/usu2534\/2025\/03\/TNC_ARSENAL-3-1024x576.jpg\" alt=\"\" width=\"1024\" height=\"576\" srcset=\"https:\/\/projectes.xtec.cat\/ere\/wp-content\/uploads\/usu2534\/2025\/03\/TNC_ARSENAL-3-1024x576.jpg 1024w, https:\/\/projectes.xtec.cat\/ere\/wp-content\/uploads\/usu2534\/2025\/03\/TNC_ARSENAL-3-300x169.jpg 300w, https:\/\/projectes.xtec.cat\/ere\/wp-content\/uploads\/usu2534\/2025\/03\/TNC_ARSENAL-3-768x432.jpg 768w, https:\/\/projectes.xtec.cat\/ere\/wp-content\/uploads\/usu2534\/2025\/03\/TNC_ARSENAL-3-1536x864.jpg 1536w, https:\/\/projectes.xtec.cat\/ere\/wp-content\/uploads\/usu2534\/2025\/03\/TNC_ARSENAL-3.jpg 2000w\" sizes=\"auto, (max-width: 1024px) 100vw, 1024px\" \/><\/a> <a href=\"https:\/\/projectes.xtec.cat\/ere\/wp-content\/uploads\/usu2534\/2025\/03\/TNC_ARSENAL-4.jpg\"><img loading=\"lazy\" decoding=\"async\" class=\"alignnone size-large wp-image-10557\" src=\"https:\/\/projectes.xtec.cat\/ere\/wp-content\/uploads\/usu2534\/2025\/03\/TNC_ARSENAL-4-1024x576.jpg\" alt=\"\" width=\"1024\" height=\"576\" srcset=\"https:\/\/projectes.xtec.cat\/ere\/wp-content\/uploads\/usu2534\/2025\/03\/TNC_ARSENAL-4-1024x576.jpg 1024w, https:\/\/projectes.xtec.cat\/ere\/wp-content\/uploads\/usu2534\/2025\/03\/TNC_ARSENAL-4-300x169.jpg 300w, https:\/\/projectes.xtec.cat\/ere\/wp-content\/uploads\/usu2534\/2025\/03\/TNC_ARSENAL-4-768x432.jpg 768w, https:\/\/projectes.xtec.cat\/ere\/wp-content\/uploads\/usu2534\/2025\/03\/TNC_ARSENAL-4-1536x864.jpg 1536w, https:\/\/projectes.xtec.cat\/ere\/wp-content\/uploads\/usu2534\/2025\/03\/TNC_ARSENAL-4.jpg 2000w\" sizes=\"auto, (max-width: 1024px) 100vw, 1024px\" \/><\/a> <a href=\"https:\/\/projectes.xtec.cat\/ere\/wp-content\/uploads\/usu2534\/2025\/03\/TNC_EA-EDRA-2.jpg\"><img loading=\"lazy\" decoding=\"async\" class=\"alignnone size-large wp-image-10558\" src=\"https:\/\/projectes.xtec.cat\/ere\/wp-content\/uploads\/usu2534\/2025\/03\/TNC_EA-EDRA-2-1024x768.jpg\" alt=\"\" width=\"1024\" height=\"768\" srcset=\"https:\/\/projectes.xtec.cat\/ere\/wp-content\/uploads\/usu2534\/2025\/03\/TNC_EA-EDRA-2-1024x768.jpg 1024w, https:\/\/projectes.xtec.cat\/ere\/wp-content\/uploads\/usu2534\/2025\/03\/TNC_EA-EDRA-2-300x225.jpg 300w, https:\/\/projectes.xtec.cat\/ere\/wp-content\/uploads\/usu2534\/2025\/03\/TNC_EA-EDRA-2-768x576.jpg 768w, https:\/\/projectes.xtec.cat\/ere\/wp-content\/uploads\/usu2534\/2025\/03\/TNC_EA-EDRA-2-200x150.jpg 200w, https:\/\/projectes.xtec.cat\/ere\/wp-content\/uploads\/usu2534\/2025\/03\/TNC_EA-EDRA-2.jpg 1422w\" sizes=\"auto, (max-width: 1024px) 100vw, 1024px\" \/><\/a> <a href=\"https:\/\/projectes.xtec.cat\/ere\/wp-content\/uploads\/usu2534\/2025\/03\/TNC_EA-EDRA-4.jpg\"><img loading=\"lazy\" decoding=\"async\" class=\"alignnone size-large wp-image-10559\" src=\"https:\/\/projectes.xtec.cat\/ere\/wp-content\/uploads\/usu2534\/2025\/03\/TNC_EA-EDRA-4-1024x768.jpg\" alt=\"\" width=\"1024\" height=\"768\" srcset=\"https:\/\/projectes.xtec.cat\/ere\/wp-content\/uploads\/usu2534\/2025\/03\/TNC_EA-EDRA-4-1024x768.jpg 1024w, https:\/\/projectes.xtec.cat\/ere\/wp-content\/uploads\/usu2534\/2025\/03\/TNC_EA-EDRA-4-300x225.jpg 300w, https:\/\/projectes.xtec.cat\/ere\/wp-content\/uploads\/usu2534\/2025\/03\/TNC_EA-EDRA-4-768x576.jpg 768w, https:\/\/projectes.xtec.cat\/ere\/wp-content\/uploads\/usu2534\/2025\/03\/TNC_EA-EDRA-4-200x150.jpg 200w, https:\/\/projectes.xtec.cat\/ere\/wp-content\/uploads\/usu2534\/2025\/03\/TNC_EA-EDRA-4.jpg 1422w\" sizes=\"auto, (max-width: 1024px) 100vw, 1024px\" \/><\/a><\/p>\n","protected":false},"excerpt":{"rendered":"<p>Reconeixement ex-aequo:<\/p>\n<ul>\n<li aria-level=\"1\">Mariana Toledo, Sof\u00eda Oll\u00e8 i Ramon Casas. <a href=\"https:\/\/www.arsenal.cat\/index.php\/ca\/\" target=\"_blank\" rel=\"noopener\">EA Arsenal<\/a> de Vilafranca del Pened\u00e8s. Projecte: Tres en ratlla.<\/li>\n<\/ul>\n<ul>\n<li aria-level=\"1\">Angelo Mart\u00ednez, Xavi Vilaplana i Toni Barrio. <a href=\"https:\/\/dev.arac.artedra.net\/\" target=\"_blank\" rel=\"noopener\">EA Edra de Rub\u00ed<\/a>. Projecte: joc de cartes \u201crere l\u2019escena\u201d.<\/li>\n<\/ul>\n<p>Projecte:<br \/>\n\u00a0Disseny d\u2019un obsequi per&hellip;  <a href=\"https:\/\/projectes.xtec.cat\/ere\/tnc\/\" title=\"Read TNC\">Llegeix m\u00e9s\u00bb<\/a><\/p>\n","protected":false},"author":1,"featured_media":0,"parent":0,"menu_order":0,"comment_status":"closed","ping_status":"closed","template":"","meta":{"_bbp_topic_count":0,"_bbp_reply_count":0,"_bbp_total_topic_count":0,"_bbp_total_reply_count":0,"_bbp_voice_count":0,"_bbp_anonymous_reply_count":0,"_bbp_topic_count_hidden":0,"_bbp_reply_count_hidden":0,"_bbp_forum_subforum_count":0,"footnotes":""},"class_list":["post-10582","page","type-page","status-publish","hentry"],"post_mailing_queue_ids":[],"_links":{"self":[{"href":"https:\/\/projectes.xtec.cat\/ere\/wp-json\/wp\/v2\/pages\/10582","targetHints":{"allow":["GET"]}}],"collection":[{"href":"https:\/\/projectes.xtec.cat\/ere\/wp-json\/wp\/v2\/pages"}],"about":[{"href":"https:\/\/projectes.xtec.cat\/ere\/wp-json\/wp\/v2\/types\/page"}],"author":[{"embeddable":true,"href":"https:\/\/projectes.xtec.cat\/ere\/wp-json\/wp\/v2\/users\/1"}],"replies":[{"embeddable":true,"href":"https:\/\/projectes.xtec.cat\/ere\/wp-json\/wp\/v2\/comments?post=10582"}],"version-history":[{"count":6,"href":"https:\/\/projectes.xtec.cat\/ere\/wp-json\/wp\/v2\/pages\/10582\/revisions"}],"predecessor-version":[{"id":10639,"href":"https:\/\/projectes.xtec.cat\/ere\/wp-json\/wp\/v2\/pages\/10582\/revisions\/10639"}],"wp:attachment":[{"href":"https:\/\/projectes.xtec.cat\/ere\/wp-json\/wp\/v2\/media?parent=10582"}],"curies":[{"name":"wp","href":"https:\/\/api.w.org\/{rel}","templated":true}]}}