{"id":10588,"date":"2025-03-11T08:23:50","date_gmt":"2025-03-11T07:23:50","guid":{"rendered":"https:\/\/projectes.xtec.cat\/ere\/?page_id=10588"},"modified":"2025-05-23T08:54:13","modified_gmt":"2025-05-23T06:54:13","slug":"departament-deducacio-i-fp-prevencio-de-riscos","status":"publish","type":"page","link":"https:\/\/projectes.xtec.cat\/ere\/talent-creatiu-i-empresa\/reconeixements-talent-creatiu-i-empresa-al-projectes-del-primer-quadrimestres-2024-2025\/departament-deducacio-i-fp-prevencio-de-riscos\/","title":{"rendered":"DEPARTAMENT D\u2019EDUCACI\u00d3 I FP. Prevenci\u00f3 de Riscos"},"content":{"rendered":"<p>&nbsp;<\/p>\n<p><em><strong>PRIMER\u00a0 PROJECTE: V\u00cdDEO &#8220;UN TOMB SEGUR PER L&#8217;ESCOLA&#8221;<\/strong><\/em><\/p>\n<p>&nbsp;<\/p>\n<p><em><strong> RECONEIXEMENT EX-AEQUO:<\/strong><\/em><\/p>\n<p><strong>Reconeixement:\u00a0<\/strong><\/p>\n<p>Ra\u00fcl Lopez, Denis Garcia, Daniel Lara, Gino Paoli &#8211; <a href=\"https:\/\/www.lagaspar.com\/\" target=\"_blank\" rel=\"noopener\">(Escola Municipal d\u2019Arts i Disseny Gaspar Camps)<\/a><\/p>\n<p><strong>Projecte<\/strong><strong>:<\/strong><\/p>\n<p>Spot \u201cUn tomb segur per l\u2019escola\u201d<\/p>\n<p><strong>Argumentaci\u00f3 de la comissi\u00f3:<\/strong><\/p>\n<p>La proposta ens ha agradat molt. El disseny \u00e9s modern i intercala imatges gr\u00e0fiques amb el text explicatiu i la locuci\u00f3, que ajuda a identificar els riscos i les mesures que cal adoptar per evitar-los o minimitzar-los. Trobem que \u00e9s molt aclaridor i que capta l\u2019atenci\u00f3 de la persona que el visualitza. Destaquem molt positivament la predisposici\u00f3 de l\u2019alumnat en adaptar les nostres necessitats al v\u00eddeo realitzat.<\/p>\n<p>&nbsp;<\/p>\n<p><strong>Reconeixement:\u00a0<\/strong><\/p>\n<p>Pol Parcerisas i Pol Coronel &#8211; <a href=\"https:\/\/www.lagaspar.com\/\" target=\"_blank\" rel=\"noopener\">(Escola Municipal d\u2019Arts i Disseny Gaspar Camps<\/a>)<\/p>\n<p><strong>Projecte:\u00a0<\/strong><\/p>\n<p>Spot \u201cUn tomb segur per l\u2019escola\u201d<\/p>\n<p><strong>Argumentaci\u00f3 de la comissi\u00f3:<\/strong><\/p>\n<p>La proposta ens ha agradat molt. Destaquem molt positivament la predisposici\u00f3 de l\u2019alumnat en adaptar les nostres necessitats al v\u00eddeo realitzat en qu\u00e8 detalladament es poden veure tots els riscos i les seves mesures per evitar-los o minimitzar-los. Els colors, la simbologia dels les cares contentes o tristes i els avisos ajuden a identificar, amb claredat, el que \u00e9s correcte i el que no.<\/p>\n<p>&nbsp;<\/p>\n<p><strong>Reconeixement:\u00a0<\/strong><\/p>\n<p>Arlo Balt\u00e0, Marina Campllonch, Natalia Cano, Alicia Casado, Anna Cebrian, Roc\u00edo Conejero, Abril Flores, Paula Garc\u00eda, Nerea Jim\u00e9nez, Ilenia L\u00f3pez, Naiara Mugueta, Dani Medina, Noa Pau, Tania Rabainera, Kai Ruiz, Judith Soler &#8211; <a href=\"https:\/\/www.serraiabella.cat\/\" target=\"_blank\" rel=\"noopener\">(Escola d\u2019Art i Superior de Disseny Josep Serra i Abella)<\/a><\/p>\n<p><strong>Projecte:<\/strong><\/p>\n<p><strong>\u00a0<\/strong>Spot \u201cUn tomb segur per l\u2019escola\u201d<\/p>\n<p><strong>Argumentaci\u00f3 de la comissi\u00f3:<\/strong><\/p>\n<p>La proposta ens ha agradat molt. Especialment, els colors que han utilitzat, les imatges i els moviments, en els quals es pot identificar clarament els riscos que ens podem trobar en un centre en qu\u00e8 s\u2019imparteixen cicles formatius d\u2019arts pl\u00e0stiques i disseny. A m\u00e9s a m\u00e9s, destaquem\u00a0 positivament la incorporaci\u00f3 d\u2019altres riscos identificats per l\u2019alumnat durant l\u2019elaboraci\u00f3 del projecte.<\/p>\n<p>&nbsp;<\/p>\n<p><em><strong>SEGON PROJECTE: MATERIAL GR\u00c0FIC DE PREVENCI\u00d3 DE RISCOS ALS CENTRES EDUCATIUS<\/strong><\/em><\/p>\n<p><strong><em>RECONEIXEMENT EX-AEQUO:<\/em><\/strong><\/p>\n<p><b>Reconeixement:<\/b><\/p>\n<p><span style=\"font-weight: 400;\">Abril Molas Ciurans &#8211;\u00a0 <a href=\"https:\/\/www.emav.com\/\" target=\"_blank\" rel=\"noopener\">EMAV. Escola de Mitjans Audiovisuals<\/a><\/span><span style=\"font-weight: 400;\">\u00a0\u00a0<\/span><\/p>\n<p><b>Projecte de material gr\u00e0fic:<\/b><\/p>\n<p><span style=\"font-weight: 400;\">Material gr\u00e0fic sobre factors de risc i mesures preventives de diversos col\u00b7lectius del Departament d\u2019Educaci\u00f3 i Formaci\u00f3 Professional.<\/span><\/p>\n<p><b>Argumentaci\u00f3 de la comissi\u00f3:\u00a0<\/b><\/p>\n<p><span style=\"font-weight: 400;\">\u00a0<\/span><span style=\"font-weight: 400;\">La proposta ens ha agradat molt. El missatge \u00e9s clar i directe i \u00e9s f\u00e0cil d\u2019entendre. L\u2019\u00fas d\u2019una columna vertebral com a element central capta r\u00e0pidament l\u2019atenci\u00f3 i refor\u00e7a visualment el missatge del p\u00f2ster. Tamb\u00e9, el missatge \u201cBones postures = salut laboral\u201d promou bones pr\u00e0ctiques en les tasques docents.\u00a0<\/span><\/p>\n<p><b>Reconeixement:<\/b><\/p>\n<p><span style=\"font-weight: 400;\">Alejandro Carrillo Sanchez &#8211; <a href=\"https:\/\/www.llotja.cat\/\" target=\"_blank\" rel=\"noopener\">EA LLOTJA<\/a><\/span><\/p>\n<p><b>Projecte:<\/b><\/p>\n<p><span style=\"font-weight: 400;\">Material gr\u00e0fic sobre factors de risc i mesures preventives de diversos col\u00b7lectius del Departament d\u2019Educaci\u00f3 i Formaci\u00f3 Professional.<\/span><\/p>\n<p><b>Argumentaci\u00f3 de la comissi\u00f3:\u00a0<\/b><\/p>\n<p><span style=\"font-weight: 400;\">La proposta ens ha agradat molt. El missatge \u00e9s clar i coherent. Les vinyetes capten l\u2019atenci\u00f3 del potencial visualitzador, ja que no \u00e9s un p\u00f2ster cl\u00e0ssic. No imposa normes sin\u00f3 que convida a reflexionar per fer la feina ben feta.\u00a0\u00a0<\/span><\/p>\n<p>&nbsp;<\/p>\n<p><b>Reconeixement:\u00a0<\/b><\/p>\n<p><span style=\"font-weight: 400;\">Ariana Ruiz Garcia &#8211; <a href=\"https:\/\/www.emav.com\/\" target=\"_blank\" rel=\"noopener\">EMAV. Escola de Mitjans Audiovisuals.<\/a><\/span><\/p>\n<p><b>Projecte:<\/b><\/p>\n<p><span style=\"font-weight: 400;\">Material gr\u00e0fic sobre factors de risc i mesures preventives de diversos col\u00b7lectius del Departament d\u2019Educaci\u00f3 i Formaci\u00f3 Professional.<\/span><\/p>\n<p><b>Argumentaci\u00f3 de la comissi\u00f3:\u00a0<\/b><\/p>\n<p><span style=\"font-weight: 400;\">La proposta ens ha agradat molt. El missatge \u00e9s directe i f\u00e0cil d\u2019entendre. El t\u00edtol \u201camb l\u2019electricitat no es juga!\u201d \u00e9s\u00a0 contundent i crida l\u2019atenci\u00f3. L\u2019afirmaci\u00f3 \u201cAbans d\u2019utilitzar qualsevol aparell el\u00e8ctric, revisa b\u00e9 els cables i els endolls\u201d \u00e9s una mesura concreta i \u00fatil. Tamb\u00e9 l\u2019\u00fas de la frase \u201cLa seguretat davant tot\u201d refor\u00e7a el car\u00e0cter preventiu del missatge.<\/span><\/p>\n<p>&nbsp;<\/p>\n<p><b>Reconeixement:\u00a0<\/b><\/p>\n<p><span style=\"font-weight: 400;\">Leo Portero \u2013 <a href=\"https:\/\/www.emav.com\/\" target=\"_blank\" rel=\"noopener\">EMAV. Escola de Mitjans Audiovisuals.<\/a><\/span><\/p>\n<p><b>Projecte:<\/b><\/p>\n<p><span style=\"font-weight: 400;\">Material gr\u00e0fic sobre factors de risc i mesures preventives de diversos col\u00b7lectius del Departament d\u2019Educaci\u00f3 i Formaci\u00f3 Professional.<\/span><\/p>\n<p><b>Argumentaci\u00f3 de la comissi\u00f3:\u00a0<\/b><\/p>\n<p><span style=\"font-weight: 400;\">La proposta ens ha agradat molt. El missatge posa en relleu la salut mental en el col\u00b7lectiu docent, fent \u00e8mfasi en el benestar emocional. El disseny t\u00e9 un bon \u00fas de l&#8217;espai, que ajuda a focalitzar l\u2019atenci\u00f3 en el missatge i els quadrats que simbolitzen el desequilibri emocional.\u00a0<\/span><\/p>\n<p>&nbsp;<\/p>\n<p><span style=\"font-weight: 400;\"> <em><strong>PRIMER\u00a0 PROJECTE: V\u00cdDEO &#8220;UN TOMB SEGUR PER L&#8217;ESCOLA&#8221;<\/strong><\/em><\/span><\/p>\n<p>&nbsp;<\/p>\n<p><iframe loading=\"lazy\" title=\"EA LA GASPAR 1\" width=\"500\" height=\"281\" src=\"https:\/\/www.youtube.com\/embed\/9D-jHdB4gnY?feature=oembed\" frameborder=\"0\" allow=\"accelerometer; autoplay; clipboard-write; encrypted-media; gyroscope; picture-in-picture; web-share\" referrerpolicy=\"strict-origin-when-cross-origin\" allowfullscreen><\/iframe><\/p>\n<p>&nbsp;<\/p>\n<p>&nbsp;<\/p>\n<p><iframe loading=\"lazy\" title=\"EA JOSEP SERRA I ABELLA\" width=\"500\" height=\"281\" src=\"https:\/\/www.youtube.com\/embed\/dmxow0q05BI?feature=oembed\" frameborder=\"0\" allow=\"accelerometer; autoplay; clipboard-write; encrypted-media; gyroscope; picture-in-picture; web-share\" referrerpolicy=\"strict-origin-when-cross-origin\" allowfullscreen><\/iframe><\/p>\n<p>&nbsp;<\/p>\n<p>&nbsp;<\/p>\n<p><iframe loading=\"lazy\" title=\"EA LA GASPAR 2\" width=\"500\" height=\"281\" src=\"https:\/\/www.youtube.com\/embed\/34fBci70Ioc?feature=oembed\" frameborder=\"0\" allow=\"accelerometer; autoplay; clipboard-write; encrypted-media; gyroscope; picture-in-picture; web-share\" referrerpolicy=\"strict-origin-when-cross-origin\" allowfullscreen><\/iframe><\/p>\n<p><span style=\"font-weight: 400;\">\u00a0<\/span><\/p>\n<p><em><strong>SEGON PROJECTE:\u00a0 MATERIAL GR\u00c0FIC EN MAT\u00c8RIA DE PREVENCI\u00d3 ALS CENTRES EDUCATIUS<\/strong><\/em><\/p>\n<p><a href=\"https:\/\/projectes.xtec.cat\/ere\/wp-content\/uploads\/usu2534\/2025\/05\/RISCOS_AbrilMolas_page-0001.jpg\"><img loading=\"lazy\" decoding=\"async\" class=\"aligncenter wp-image-10831 size-large\" src=\"https:\/\/projectes.xtec.cat\/ere\/wp-content\/uploads\/usu2534\/2025\/05\/RISCOS_AbrilMolas_page-0001-724x1024.jpg\" alt=\"\" width=\"724\" height=\"1024\" srcset=\"https:\/\/projectes.xtec.cat\/ere\/wp-content\/uploads\/usu2534\/2025\/05\/RISCOS_AbrilMolas_page-0001-724x1024.jpg 724w, https:\/\/projectes.xtec.cat\/ere\/wp-content\/uploads\/usu2534\/2025\/05\/RISCOS_AbrilMolas_page-0001-212x300.jpg 212w, https:\/\/projectes.xtec.cat\/ere\/wp-content\/uploads\/usu2534\/2025\/05\/RISCOS_AbrilMolas_page-0001-768x1086.jpg 768w, https:\/\/projectes.xtec.cat\/ere\/wp-content\/uploads\/usu2534\/2025\/05\/RISCOS_AbrilMolas_page-0001-1086x1536.jpg 1086w, https:\/\/projectes.xtec.cat\/ere\/wp-content\/uploads\/usu2534\/2025\/05\/RISCOS_AbrilMolas_page-0001-1448x2048.jpg 1448w, https:\/\/projectes.xtec.cat\/ere\/wp-content\/uploads\/usu2534\/2025\/05\/RISCOS_AbrilMolas_page-0001.jpg 1754w\" sizes=\"auto, (max-width: 724px) 100vw, 724px\" \/><\/a><\/p>\n<p>&nbsp;<\/p>\n<p><a href=\"https:\/\/projectes.xtec.cat\/ere\/wp-content\/uploads\/usu2534\/2025\/05\/RISCOS_EA-LLOTJA.jpg\"><img loading=\"lazy\" decoding=\"async\" class=\"aligncenter wp-image-10835 size-full\" src=\"https:\/\/projectes.xtec.cat\/ere\/wp-content\/uploads\/usu2534\/2025\/05\/RISCOS_EA-LLOTJA.jpg\" alt=\"\" width=\"596\" height=\"842\" srcset=\"https:\/\/projectes.xtec.cat\/ere\/wp-content\/uploads\/usu2534\/2025\/05\/RISCOS_EA-LLOTJA.jpg 596w, https:\/\/projectes.xtec.cat\/ere\/wp-content\/uploads\/usu2534\/2025\/05\/RISCOS_EA-LLOTJA-212x300.jpg 212w\" sizes=\"auto, (max-width: 596px) 100vw, 596px\" \/><\/a><\/p>\n<p>&nbsp;<\/p>\n<p><a href=\"https:\/\/projectes.xtec.cat\/ere\/wp-content\/uploads\/usu2534\/2025\/05\/RISCOS_AriRuiz2_page-0001.jpg\"><img loading=\"lazy\" decoding=\"async\" class=\"aligncenter wp-image-10832 size-large\" src=\"https:\/\/projectes.xtec.cat\/ere\/wp-content\/uploads\/usu2534\/2025\/05\/RISCOS_AriRuiz2_page-0001-724x1024.jpg\" alt=\"\" width=\"724\" height=\"1024\" srcset=\"https:\/\/projectes.xtec.cat\/ere\/wp-content\/uploads\/usu2534\/2025\/05\/RISCOS_AriRuiz2_page-0001-724x1024.jpg 724w, https:\/\/projectes.xtec.cat\/ere\/wp-content\/uploads\/usu2534\/2025\/05\/RISCOS_AriRuiz2_page-0001-212x300.jpg 212w, https:\/\/projectes.xtec.cat\/ere\/wp-content\/uploads\/usu2534\/2025\/05\/RISCOS_AriRuiz2_page-0001-768x1086.jpg 768w, https:\/\/projectes.xtec.cat\/ere\/wp-content\/uploads\/usu2534\/2025\/05\/RISCOS_AriRuiz2_page-0001-1086x1536.jpg 1086w, https:\/\/projectes.xtec.cat\/ere\/wp-content\/uploads\/usu2534\/2025\/05\/RISCOS_AriRuiz2_page-0001-1448x2048.jpg 1448w, https:\/\/projectes.xtec.cat\/ere\/wp-content\/uploads\/usu2534\/2025\/05\/RISCOS_AriRuiz2_page-0001.jpg 1754w\" sizes=\"auto, (max-width: 724px) 100vw, 724px\" \/><\/a><\/p>\n<p>&nbsp;<\/p>\n<p>&nbsp;<\/p>\n<p><a href=\"https:\/\/projectes.xtec.cat\/ere\/wp-content\/uploads\/usu2534\/2025\/05\/RISCOS_LeoPortero2_page-0001.jpg\"><img loading=\"lazy\" decoding=\"async\" class=\"aligncenter wp-image-10833 size-large\" src=\"https:\/\/projectes.xtec.cat\/ere\/wp-content\/uploads\/usu2534\/2025\/05\/RISCOS_LeoPortero2_page-0001-724x1024.jpg\" alt=\"\" width=\"724\" height=\"1024\" srcset=\"https:\/\/projectes.xtec.cat\/ere\/wp-content\/uploads\/usu2534\/2025\/05\/RISCOS_LeoPortero2_page-0001-724x1024.jpg 724w, https:\/\/projectes.xtec.cat\/ere\/wp-content\/uploads\/usu2534\/2025\/05\/RISCOS_LeoPortero2_page-0001-212x300.jpg 212w, https:\/\/projectes.xtec.cat\/ere\/wp-content\/uploads\/usu2534\/2025\/05\/RISCOS_LeoPortero2_page-0001-768x1086.jpg 768w, https:\/\/projectes.xtec.cat\/ere\/wp-content\/uploads\/usu2534\/2025\/05\/RISCOS_LeoPortero2_page-0001-1086x1536.jpg 1086w, https:\/\/projectes.xtec.cat\/ere\/wp-content\/uploads\/usu2534\/2025\/05\/RISCOS_LeoPortero2_page-0001-1448x2048.jpg 1448w, https:\/\/projectes.xtec.cat\/ere\/wp-content\/uploads\/usu2534\/2025\/05\/RISCOS_LeoPortero2_page-0001.jpg 1754w\" sizes=\"auto, (max-width: 724px) 100vw, 724px\" \/><\/a> <a href=\"https:\/\/projectes.xtec.cat\/ere\/wp-content\/uploads\/usu2534\/2025\/05\/RISCOS_LeoPortero1_page-0001.jpg\"><img loading=\"lazy\" decoding=\"async\" class=\"aligncenter wp-image-10834 size-large\" src=\"https:\/\/projectes.xtec.cat\/ere\/wp-content\/uploads\/usu2534\/2025\/05\/RISCOS_LeoPortero1_page-0001-724x1024.jpg\" alt=\"\" width=\"724\" height=\"1024\" srcset=\"https:\/\/projectes.xtec.cat\/ere\/wp-content\/uploads\/usu2534\/2025\/05\/RISCOS_LeoPortero1_page-0001-724x1024.jpg 724w, https:\/\/projectes.xtec.cat\/ere\/wp-content\/uploads\/usu2534\/2025\/05\/RISCOS_LeoPortero1_page-0001-212x300.jpg 212w, https:\/\/projectes.xtec.cat\/ere\/wp-content\/uploads\/usu2534\/2025\/05\/RISCOS_LeoPortero1_page-0001-768x1086.jpg 768w, https:\/\/projectes.xtec.cat\/ere\/wp-content\/uploads\/usu2534\/2025\/05\/RISCOS_LeoPortero1_page-0001-1086x1536.jpg 1086w, https:\/\/projectes.xtec.cat\/ere\/wp-content\/uploads\/usu2534\/2025\/05\/RISCOS_LeoPortero1_page-0001-1448x2048.jpg 1448w, https:\/\/projectes.xtec.cat\/ere\/wp-content\/uploads\/usu2534\/2025\/05\/RISCOS_LeoPortero1_page-0001.jpg 1754w\" sizes=\"auto, (max-width: 724px) 100vw, 724px\" \/><\/a><\/p>\n","protected":false},"excerpt":{"rendered":"<p>&nbsp;<br \/>\nPRIMER\u00a0 PROJECTE: V\u00cdDEO &#8220;UN TOMB SEGUR PER L&#8217;ESCOLA&#8221;<br \/>\n&nbsp;<br \/>\n RECONEIXEMENT EX-AEQUO:<br \/>\nReconeixement:\u00a0<br \/>\nRa\u00fcl Lopez, Denis Garcia, Daniel Lara, Gino Paoli &#8211; <a href=\"https:\/\/www.lagaspar.com\/\" target=\"_blank\" rel=\"noopener\">(Escola Municipal d\u2019Arts i Disseny Gaspar Camps)<\/a><br \/>\nProjecte:<br \/>\nSpot \u201cUn tomb segur per l\u2019escola\u201d<br \/>\nArgumentaci\u00f3 de la comissi\u00f3:<br \/>\nLa proposta ens ha agradat molt. El disseny \u00e9s modern&hellip;  <a href=\"https:\/\/projectes.xtec.cat\/ere\/talent-creatiu-i-empresa\/reconeixements-talent-creatiu-i-empresa-al-projectes-del-primer-quadrimestres-2024-2025\/departament-deducacio-i-fp-prevencio-de-riscos\/\" title=\"Read DEPARTAMENT D\u2019EDUCACI\u00d3 I FP. Prevenci\u00f3 de Riscos\">Llegeix m\u00e9s\u00bb<\/a><\/p>\n","protected":false},"author":1,"featured_media":0,"parent":10548,"menu_order":0,"comment_status":"closed","ping_status":"closed","template":"","meta":{"_bbp_topic_count":0,"_bbp_reply_count":0,"_bbp_total_topic_count":0,"_bbp_total_reply_count":0,"_bbp_voice_count":0,"_bbp_anonymous_reply_count":0,"_bbp_topic_count_hidden":0,"_bbp_reply_count_hidden":0,"_bbp_forum_subforum_count":0,"footnotes":""},"class_list":["post-10588","page","type-page","status-publish","hentry"],"post_mailing_queue_ids":[],"_links":{"self":[{"href":"https:\/\/projectes.xtec.cat\/ere\/wp-json\/wp\/v2\/pages\/10588","targetHints":{"allow":["GET"]}}],"collection":[{"href":"https:\/\/projectes.xtec.cat\/ere\/wp-json\/wp\/v2\/pages"}],"about":[{"href":"https:\/\/projectes.xtec.cat\/ere\/wp-json\/wp\/v2\/types\/page"}],"author":[{"embeddable":true,"href":"https:\/\/projectes.xtec.cat\/ere\/wp-json\/wp\/v2\/users\/1"}],"replies":[{"embeddable":true,"href":"https:\/\/projectes.xtec.cat\/ere\/wp-json\/wp\/v2\/comments?post=10588"}],"version-history":[{"count":6,"href":"https:\/\/projectes.xtec.cat\/ere\/wp-json\/wp\/v2\/pages\/10588\/revisions"}],"predecessor-version":[{"id":10877,"href":"https:\/\/projectes.xtec.cat\/ere\/wp-json\/wp\/v2\/pages\/10588\/revisions\/10877"}],"up":[{"embeddable":true,"href":"https:\/\/projectes.xtec.cat\/ere\/wp-json\/wp\/v2\/pages\/10548"}],"wp:attachment":[{"href":"https:\/\/projectes.xtec.cat\/ere\/wp-json\/wp\/v2\/media?parent=10588"}],"curies":[{"name":"wp","href":"https:\/\/api.w.org\/{rel}","templated":true}]}}