{"id":10839,"date":"2025-05-20T13:17:35","date_gmt":"2025-05-20T11:17:35","guid":{"rendered":"https:\/\/projectes.xtec.cat\/ere\/?page_id=10839"},"modified":"2025-05-20T13:17:35","modified_gmt":"2025-05-20T11:17:35","slug":"ajuntament-de-canet-de-mar","status":"publish","type":"page","link":"https:\/\/projectes.xtec.cat\/ere\/ajuntament-de-canet-de-mar\/","title":{"rendered":"AJUNTAMENT DE CANET DE MAR"},"content":{"rendered":"<p><b>Reconeixement:<\/b><\/p>\n<p><span style=\"font-weight: 400;\">Ky Ortiz, M\u00edriam Arans i Jordi Batlle &#8211;<a href=\"https:\/\/www.arsenal.cat\/index.php\/ca\/\" target=\"_blank\" rel=\"noopener\"> EA Arsenal<\/a><\/span><\/p>\n<p><b>Projecte:<\/b><\/p>\n<p><span style=\"font-weight: 400;\">Infografia animada i informativa sobre el circuit a realitzar per una persona emprenedora o per una empresa per tal d\u2019obtenir la informaci\u00f3 pertinent per engegar un negoci o realitzar un canvi en la seva activitat econ\u00f2mica.<\/span><\/p>\n<p><b>Argumentaci\u00f3 de la comissi\u00f3: <\/b><span style=\"font-weight: 400;\">\u00a0\u00a0<\/span><\/p>\n<p><span style=\"font-weight: 400;\">\u00a0La proposta s\u2019ajusta de manera \u00f2ptima als requeriments establerts per l\u2019\u00e0rea de Promoci\u00f3 Econ\u00f2mica: un text amb contingut breu i conc\u00eds que explica de forma entenedora el proc\u00e9s a seguir i les \u00e0rees a les quals adre\u00e7ar-se segons el tipus d\u2019orientaci\u00f3 necess\u00e0ria per iniciar un projecte empresarial. La infografia incorpora m\u00fasica de fons que contribueix a una presentaci\u00f3 m\u00e9s fluida i atractiva, sense que interfereixi en la comprensi\u00f3 de la locuci\u00f3, la qual es pot seguir f\u00e0cilment de manera simult\u00e0nia a la lectura dels textos que van apareixent en la infografia. A m\u00e9s, l\u2019\u00fas d\u2019icones il\u00b7lustratives, les transicions fluides i la informaci\u00f3 final de contacte \u2013clara i ben destacada- contribueixen a refor\u00e7ar la funcionalitat i l\u2019accessibilitat del contingut. Cal destacar tamb\u00e9 l\u2019adequaci\u00f3 de la infografia a l\u2019estil corporatiu de l\u2019\u00e0rea de Promoci\u00f3 Econ\u00f2mica, incorporant el logotip en moviment, aix\u00ed com l\u2019\u00fas del color identificatiu de la marca.<\/span><\/p>\n<p><b>Menci\u00f3:\u00a0<\/b><\/p>\n<p><span style=\"font-weight: 400;\">Volem fer menci\u00f3 a la proposta presentada pels\/les alumnes Carla Luque, Axel Romero, Alexandra Canales i Alina Rakhvalova, de Institut FP Antoni Alguer\u00f3, de Sant Just Desvern.<\/span><\/p>\n<p><b>Argumentaci\u00f3 de la comissi\u00f3:<\/b><\/p>\n<p><span style=\"font-weight: 400;\">La proposta presentada respon d\u2019una manera original a la demanda exposada per la nostra \u00e0rea: la creaci\u00f3 d\u2019un personatge que guia la informaci\u00f3 destinada a persones emprenedores i empreses \u2014una maleta, objecte emblem\u00e0tic del m\u00f3n dels negocis\u2014 aporta un element innovador. Aquest personatge acompanya verbalment els continguts alhora que aquests es poden llegir a la infografia, facilitant-ne la comprensi\u00f3. Per tot aix\u00f2, la proposta ha estat seleccionada com a finalista i ha estat valorada com a una de les opcions a recon\u00e8ixer fins a la resoluci\u00f3 final.<\/span><\/p>\n<p>&nbsp;<\/p>\n<p><em><strong>VIDEO PROJECTE:\u00a0<\/strong><\/em><\/p>\n<p><iframe loading=\"lazy\" title=\"Talent Creatiu - Infografia animada i informativa (Ajuntament de Canet)\" width=\"500\" height=\"281\" src=\"https:\/\/www.youtube.com\/embed\/Bt_rfOHhQNM?list=PLe7aFYNtl_hoFvfTotlSrvXW6h1pX7fRG\" frameborder=\"0\" allow=\"accelerometer; autoplay; clipboard-write; encrypted-media; gyroscope; picture-in-picture; web-share\" referrerpolicy=\"strict-origin-when-cross-origin\" allowfullscreen><\/iframe><\/p>\n","protected":false},"excerpt":{"rendered":"<p>Reconeixement:<br \/>\nKy Ortiz, M\u00edriam Arans i Jordi Batlle &#8211;<a href=\"https:\/\/www.arsenal.cat\/index.php\/ca\/\" target=\"_blank\" rel=\"noopener\"> EA Arsenal<\/a><br \/>\nProjecte:<br \/>\nInfografia animada i informativa sobre el circuit a realitzar per una persona emprenedora o per una empresa per tal d\u2019obtenir la informaci\u00f3 pertinent per engegar un negoci o realitzar un canvi en la&hellip;  <a href=\"https:\/\/projectes.xtec.cat\/ere\/ajuntament-de-canet-de-mar\/\" title=\"Read AJUNTAMENT DE CANET DE MAR\">Llegeix m\u00e9s\u00bb<\/a><\/p>\n","protected":false},"author":1,"featured_media":0,"parent":0,"menu_order":0,"comment_status":"closed","ping_status":"closed","template":"","meta":{"_bbp_topic_count":0,"_bbp_reply_count":0,"_bbp_total_topic_count":0,"_bbp_total_reply_count":0,"_bbp_voice_count":0,"_bbp_anonymous_reply_count":0,"_bbp_topic_count_hidden":0,"_bbp_reply_count_hidden":0,"_bbp_forum_subforum_count":0,"footnotes":""},"class_list":["post-10839","page","type-page","status-publish","hentry"],"post_mailing_queue_ids":[],"_links":{"self":[{"href":"https:\/\/projectes.xtec.cat\/ere\/wp-json\/wp\/v2\/pages\/10839","targetHints":{"allow":["GET"]}}],"collection":[{"href":"https:\/\/projectes.xtec.cat\/ere\/wp-json\/wp\/v2\/pages"}],"about":[{"href":"https:\/\/projectes.xtec.cat\/ere\/wp-json\/wp\/v2\/types\/page"}],"author":[{"embeddable":true,"href":"https:\/\/projectes.xtec.cat\/ere\/wp-json\/wp\/v2\/users\/1"}],"replies":[{"embeddable":true,"href":"https:\/\/projectes.xtec.cat\/ere\/wp-json\/wp\/v2\/comments?post=10839"}],"version-history":[{"count":1,"href":"https:\/\/projectes.xtec.cat\/ere\/wp-json\/wp\/v2\/pages\/10839\/revisions"}],"predecessor-version":[{"id":10840,"href":"https:\/\/projectes.xtec.cat\/ere\/wp-json\/wp\/v2\/pages\/10839\/revisions\/10840"}],"wp:attachment":[{"href":"https:\/\/projectes.xtec.cat\/ere\/wp-json\/wp\/v2\/media?parent=10839"}],"curies":[{"name":"wp","href":"https:\/\/api.w.org\/{rel}","templated":true}]}}