{"id":11215,"date":"2026-02-27T08:28:04","date_gmt":"2026-02-27T07:28:04","guid":{"rendered":"https:\/\/projectes.xtec.cat\/ere\/?page_id=11215"},"modified":"2026-02-27T08:28:34","modified_gmt":"2026-02-27T07:28:34","slug":"artesania-marco-s-l-tanatori-de-mascotes-i-fundacio-privada-drissa","status":"publish","type":"page","link":"https:\/\/projectes.xtec.cat\/ere\/artesania-marco-s-l-tanatori-de-mascotes-i-fundacio-privada-drissa\/","title":{"rendered":"ARTESANIA MARC\u00d3 S.L. TANATORI DE MASCOTES I FUNDACI\u00d3 PRIVADA DRISSA"},"content":{"rendered":"<p><b>ARTESANIA MARC\u00d3 S.L. TANATORI DE MASCOTES I FUNDACI\u00d3 PRIVADA DRISSA<\/b><\/p>\n<p><b>Projecte: <\/b><span style=\"font-weight: 400;\">Urnes funer\u00e0ries per a mascotes<\/span><\/p>\n<p><b>Reconeixement: <\/b><span style=\"font-weight: 400;\">Desert<\/span><\/p>\n<p><b>Argumentaci\u00f3 de la Comissi\u00f3: <\/b><span style=\"font-weight: 400;\">La Comissi\u00f3 vol expressar el seu reconeixement a l\u2019alumnat i el professorat participants per l\u2019esfor\u00e7 i dedicaci\u00f3 demostrats en el desenvolupament de les propostes presentades. Propostes que destaquen per la seva qualitat conceptual i per una reflexi\u00f3 acurada i alineada amb els valors del projecte.<\/span><\/p>\n<p><span style=\"font-weight: 400;\">No obstant aix\u00f2, en la majoria dels casos, les presentacions no han incorporat el prototip f\u00edsic de la pe\u00e7a ni el pressupost detallat del cost de producci\u00f3 tal com es va demanar en la sessi\u00f3 de presentaci\u00f3 de l\u2019enc\u00e0rrec. Aquests dos elements son fonamentals, al mateix nivell\u00a0 que el disseny per poder avaluar la viabilitat productiva i la possible implementaci\u00f3 real de les propostes.<\/span><\/p>\n<p><span style=\"font-weight: 400;\">Per aquest motiu, i amb una clara voluntat educativa i de millora continua, la Comissi\u00f3 ha considerat oport\u00fa declarar desert aquest apartat, tot animant a l\u2019alumnat i el professorat a integrar aquests aspectes en futures convocat\u00f2ries.\u00a0<\/span><\/p>\n<p><b>Menci\u00f3:<\/b><\/p>\n<ul>\n<li style=\"font-weight: 400;\" aria-level=\"1\"><i><span style=\"font-weight: 400;\">Chaimae Koubaa : Proposta LLUMBRA \u2013 EA EDRA\u00a0<\/span><\/i><\/li>\n<\/ul>\n<ul>\n<li style=\"font-weight: 400;\" aria-level=\"1\"><i><span style=\"font-weight: 400;\">Muhammad: Proposta sense t\u00edtol \u2013 EA EDRA<\/span><\/i><\/li>\n<\/ul>\n<ul>\n<li style=\"font-weight: 400;\" aria-level=\"1\"><i><span style=\"font-weight: 400;\">Anastasiia Khvorostova: Proposta Llum de Mem\u00f2ria \u2013 EA PAU GARGALLO<\/span><\/i><\/li>\n<\/ul>\n<p><b>Argumentaci\u00f3 de la Comissi\u00f3: <\/b><span style=\"font-weight: 400;\">\u00a0\u00a0<\/span><\/p>\n<p><span style=\"font-weight: 400;\">En abs\u00e8ncia del prototip f\u00edsic de les tres propostes que han estat objecte\u00a0 de MENCI\u00d3, la Comissi\u00f3 ha realitzat la seva valoraci\u00f3 principalment a partir\u00a0 dels conceptes desenvolupats\u00a0 i del disseny plantejat.<\/span><\/p>\n<ul>\n<li aria-level=\"1\"><b><i>Chaimae Koubaa : Proposta LLUMBRA \u2013 EA EDRA\u00a0<\/i><\/b><\/li>\n<\/ul>\n<p><span style=\"font-weight: 400;\">La proposta presenta te un disseny d\u2019alta qualitat formal i est\u00e8tica, amb un tractament de la il\u00b7luminaci\u00f3 especialment destacable. No obstant aix\u00f2, el sistema de muntatge requereix la incorporaci\u00f3 d\u2019un element transparent\u00a0 que permeti la visualitzaci\u00f3 de les cendres, fet que introdueix una complexitat t\u00e8cnica. Aquesta nom\u00e9s pot ser valorada adequadament mitjan\u00e7ant l\u2019an\u00e0lisi d\u2019un prototip f\u00edsic.\u00a0<\/span><\/p>\n<ul>\n<li aria-level=\"1\"><b><i>Muhammad: Proposta sense t\u00edtol \u2013 EA EDRA<\/i><\/b><\/li>\n<\/ul>\n<p><span style=\"font-weight: 400;\">Es tracta d\u2019una proposta\u00a0 que te un enfocament\u00a0 elegant i minimalista, basada en un concepte vers\u00e0til. El disseny es compon de dos elements diferenciats, que permeten\u00a0 dotar la pe\u00e7a de dues funcions clarament diferenciades: la conservaci\u00f3 de les cendres de la mascota i la creaci\u00f3 d\u2019una atmosfera c\u00e0lida i \u00edntima d\u2019un espai mitjan\u00e7ant una espelma. Si hagu\u00e9ssim disposat del prototip de la pe\u00e7a haur\u00edem valorat l\u2019encaix de les dues unitats.<\/span><\/p>\n<p><span style=\"font-weight: 400;\">\u00a0\u00a0\u00a0<\/span><\/p>\n<ul>\n<li aria-level=\"1\"><b><i>Anastasiia Khvorostova: Proposta Llum de Men\u00f2ria \u2013 EA PAU GARGALLO\u00a0\u00a0\u00a0\u00a0\u00a0\u00a0\u00a0\u00a0\u00a0\u00a0\u00a0\u00a0<\/i><\/b><\/li>\n<\/ul>\n<p><span style=\"font-weight: 400;\">La proposta destaca especialment per la seva conceptualitzaci\u00f3, ja que tamb\u00e9 integra dues funcions en un sol objecte: una urna per la conservaci\u00f3 de les cendres de la mascota i una llum suau i acollidora a trav\u00e9s d\u2019una espelma que aporta calidesa i intimitat a l\u2019espai.<\/span><\/p>\n<p><span style=\"font-weight: 400;\">La Comissi\u00f3 considera que el disseny podria resoldre\u2019s mitjan\u00e7ant un \u00fanic volum, amb una paret fina entre l\u2019espai destinat a l\u2019urna i el de l\u2019espelma. Aquesta soluci\u00f3 podria reduir costos de producci\u00f3 i alhora, aprofitar millor l\u2019espai interior per a les cendres. La disponibilitat del prototip hagu\u00e9s ajudat a confirmar aquestes valoracions.<\/span><\/p>\n<p>&nbsp;<\/p>\n<p><span style=\"font-weight: 400;\">No volem cloure la present acta sense expressar de nou l\u2019agra\u00efment de la Comissi\u00f3 a tot l\u2019alumnat i al professorat participants per la confian\u00e7a dipositada i per la seva implicaci\u00f3 en el desenvolupament d\u2019aquest projecte.<\/span><\/p>\n<p><span style=\"font-weight: 400;\">El projecte proposat aborda una tem\u00e0tica d\u2019especial sensibilitat, com \u00e9s la vida i la mort, fet que comporta una complexitat inherent en el moment de plantejar i desenvolupar les propostes de disseny.\u00a0<\/span><\/p>\n<p><span style=\"font-weight: 400;\">La Comissi\u00f3 \u00e9s conscient que, amb una major disponibilitat de temps hauria estat possible aprofundir en determinats aspectes t\u00e8cnics i log\u00edstics necessaris per a la definici\u00f3 final d\u2019algunes de les propostes presentades.<\/span><\/p>\n<p><span style=\"font-weight: 400;\">Es fa constar tamb\u00e9 que les tres empreses autores d\u2019aquesta iniciativa\u00a0 publicaran una not\u00edcia relativa a aquest projecte als seus respectius portals web i\/o canals d\u2019Instagram.<\/span><\/p>\n<p><strong>Imatges del projecte:<\/strong><\/p>\n<p>&nbsp;<\/p>\n<p><span style=\"font-weight: 400;\"> <a href=\"https:\/\/projectes.xtec.cat\/ere\/wp-content\/uploads\/usu2534\/2026\/02\/01.Marco_Urnes3.jpg\"><img loading=\"lazy\" decoding=\"async\" class=\"wp-image-11233 size-full aligncenter\" src=\"https:\/\/projectes.xtec.cat\/ere\/wp-content\/uploads\/usu2534\/2026\/02\/01.Marco_Urnes3.jpg\" alt=\"\" width=\"237\" height=\"434\" srcset=\"https:\/\/projectes.xtec.cat\/ere\/wp-content\/uploads\/usu2534\/2026\/02\/01.Marco_Urnes3.jpg 237w, https:\/\/projectes.xtec.cat\/ere\/wp-content\/uploads\/usu2534\/2026\/02\/01.Marco_Urnes3-164x300.jpg 164w\" sizes=\"auto, (max-width: 237px) 100vw, 237px\" \/><\/a> <\/span><\/p>\n<p>&nbsp;<\/p>\n<p><span style=\"font-weight: 400;\"> <a href=\"https:\/\/projectes.xtec.cat\/ere\/wp-content\/uploads\/usu2534\/2026\/02\/01.-Marco_Urnes2.jpg\"><img loading=\"lazy\" decoding=\"async\" class=\"aligncenter wp-image-11234 \" src=\"https:\/\/projectes.xtec.cat\/ere\/wp-content\/uploads\/usu2534\/2026\/02\/01.-Marco_Urnes2.jpg\" alt=\"\" width=\"240\" height=\"486\" srcset=\"https:\/\/projectes.xtec.cat\/ere\/wp-content\/uploads\/usu2534\/2026\/02\/01.-Marco_Urnes2.jpg 190w, https:\/\/projectes.xtec.cat\/ere\/wp-content\/uploads\/usu2534\/2026\/02\/01.-Marco_Urnes2-148x300.jpg 148w\" sizes=\"auto, (max-width: 240px) 100vw, 240px\" \/><\/a><a href=\"https:\/\/projectes.xtec.cat\/ere\/wp-content\/uploads\/usu2534\/2026\/02\/01.-Marco_Urnes1.jpg\"><img loading=\"lazy\" decoding=\"async\" class=\"size-large wp-image-11235 aligncenter\" src=\"https:\/\/projectes.xtec.cat\/ere\/wp-content\/uploads\/usu2534\/2026\/02\/01.-Marco_Urnes1.jpg\" alt=\"\" width=\"402\" height=\"466\" srcset=\"https:\/\/projectes.xtec.cat\/ere\/wp-content\/uploads\/usu2534\/2026\/02\/01.-Marco_Urnes1.jpg 402w, https:\/\/projectes.xtec.cat\/ere\/wp-content\/uploads\/usu2534\/2026\/02\/01.-Marco_Urnes1-259x300.jpg 259w\" sizes=\"auto, (max-width: 402px) 100vw, 402px\" \/><\/a><\/span><\/p>\n","protected":false},"excerpt":{"rendered":"<p>ARTESANIA MARC\u00d3 S.L. TANATORI DE MASCOTES I FUNDACI\u00d3 PRIVADA DRISSA<br \/>\nProjecte: Urnes funer\u00e0ries per a mascotes<br \/>\nReconeixement: Desert<br \/>\nArgumentaci\u00f3 de la Comissi\u00f3: La Comissi\u00f3 vol expressar el seu reconeixement a l\u2019alumnat i el professorat participants per l\u2019esfor\u00e7 i dedicaci\u00f3 demostrats en el desenvolupament de les propostes presentades. Propostes&hellip;  <a href=\"https:\/\/projectes.xtec.cat\/ere\/artesania-marco-s-l-tanatori-de-mascotes-i-fundacio-privada-drissa\/\" title=\"Read ARTESANIA MARC\u00d3 S.L. TANATORI DE MASCOTES I FUNDACI\u00d3 PRIVADA DRISSA\">Llegeix m\u00e9s\u00bb<\/a><\/p>\n","protected":false},"author":1,"featured_media":0,"parent":0,"menu_order":0,"comment_status":"closed","ping_status":"closed","template":"","meta":{"_bbp_topic_count":0,"_bbp_reply_count":0,"_bbp_total_topic_count":0,"_bbp_total_reply_count":0,"_bbp_voice_count":0,"_bbp_anonymous_reply_count":0,"_bbp_topic_count_hidden":0,"_bbp_reply_count_hidden":0,"_bbp_forum_subforum_count":0,"footnotes":""},"class_list":["post-11215","page","type-page","status-publish","hentry"],"post_mailing_queue_ids":[],"_links":{"self":[{"href":"https:\/\/projectes.xtec.cat\/ere\/wp-json\/wp\/v2\/pages\/11215","targetHints":{"allow":["GET"]}}],"collection":[{"href":"https:\/\/projectes.xtec.cat\/ere\/wp-json\/wp\/v2\/pages"}],"about":[{"href":"https:\/\/projectes.xtec.cat\/ere\/wp-json\/wp\/v2\/types\/page"}],"author":[{"embeddable":true,"href":"https:\/\/projectes.xtec.cat\/ere\/wp-json\/wp\/v2\/users\/1"}],"replies":[{"embeddable":true,"href":"https:\/\/projectes.xtec.cat\/ere\/wp-json\/wp\/v2\/comments?post=11215"}],"version-history":[{"count":3,"href":"https:\/\/projectes.xtec.cat\/ere\/wp-json\/wp\/v2\/pages\/11215\/revisions"}],"predecessor-version":[{"id":11270,"href":"https:\/\/projectes.xtec.cat\/ere\/wp-json\/wp\/v2\/pages\/11215\/revisions\/11270"}],"wp:attachment":[{"href":"https:\/\/projectes.xtec.cat\/ere\/wp-json\/wp\/v2\/media?parent=11215"}],"curies":[{"name":"wp","href":"https:\/\/api.w.org\/{rel}","templated":true}]}}