{"id":11259,"date":"2026-02-27T08:26:17","date_gmt":"2026-02-27T07:26:17","guid":{"rendered":"https:\/\/projectes.xtec.cat\/ere\/?page_id=11259"},"modified":"2026-02-27T08:26:44","modified_gmt":"2026-02-27T07:26:44","slug":"vilassar-de-dalt-contra-el-cancer","status":"publish","type":"page","link":"https:\/\/projectes.xtec.cat\/ere\/vilassar-de-dalt-contra-el-cancer\/","title":{"rendered":"\u00a0VILASSAR DE DALT CONTRA EL C\u00c0NCER"},"content":{"rendered":"<p><b>Projecte:\u00a0 <\/b><span style=\"font-weight: 400;\">El projecte es compon de un logotip, el Cartell i una proposta de lema pels 30 anys de la Fira contra el C\u00e0ncer de Vilassar de Dalt. Tanmateix, s\u2019han ofert una paleta de colors per a elaborar diferents propostes com articles de merchadising i el programa de m\u00e0.<\/span><\/p>\n<p><b>Reconeixement: <\/b><span style=\"font-weight: 400;\">Ainoa Narv\u00e1ez. EA La Gaspar. Igualada.<\/span><\/p>\n<p><b>Argumentaci\u00f3 de la Comissi\u00f3: <\/b><span style=\"font-weight: 400;\">La proposta de logotip destaca per un estil sobri i elegant, que transmet professionalitat i coher\u00e8ncia. El lema refor\u00e7a el missatge de marca i s\u2019integra de manera equilibrada en el conjunt. El degradat aporta un toc modern i atractiu sense perdre sobrietat. A m\u00e9s, \u00e9s una proposta adequada per al merchandising, ja que funciona b\u00e9 en diferents suports i formats.<\/span><\/p>\n<p><b>Menci\u00f3:<\/b><\/p>\n<ul>\n<li><i><span style=\"font-weight: 400;\"> 1. Emma Mur \/ Sandra Valverde. EA Pau Gargallo. Badalona.<\/span><\/i><\/li>\n<li><i><span style=\"font-weight: 400;\"> 2. Nil Borrell \/ Bruno Caballero. EA Pau Gargallo. Badalona<\/span><\/i><\/li>\n<li><i><span style=\"font-weight: 400;\"> 3. Jonathan Ramos \/ Duna Gonzalez \/ Estel Pujades. EA Massana. Barcelona.\u00a0<\/span><\/i><\/li>\n<\/ul>\n<p><b>Argumentaci\u00f3 de la Comissi\u00f3: <\/b><span style=\"font-weight: 400;\">\u00a0\u00a0<\/span><\/p>\n<ul>\n<li><span style=\"font-weight: 400;\"> 1. El dibuix aporta un toc divertit i atractiu que connecta b\u00e9 visualment. El logotip en conjunt funciona molt b\u00e9, per\u00f2 potser el resultat final es percep massa formal. El projecte ofereix propostes de cartells molt atractius.<\/span><\/li>\n<li><span style=\"font-weight: 400;\"> 2.\u00a0 Molt bona justificaci\u00f3. Molt alegre i molt fresc. El logotip \u00e9s tamb\u00e9 molt original.<\/span><\/li>\n<li><span style=\"font-weight: 400;\"> 3. Molt senzill i amb molt de sentit amb la fira. El trobem molt adequat per algun altre article de l\u2019associaci\u00f3 com podria ser la portada del llibre commemoratiu.<\/span><\/li>\n<\/ul>\n<p><strong>Imatges del projecte:<\/strong><\/p>\n<p><a href=\"https:\/\/projectes.xtec.cat\/ere\/wp-content\/uploads\/usu2534\/2026\/02\/15.-VILASSAR_3.jpg\"><img loading=\"lazy\" decoding=\"async\" class=\"aligncenter size-large wp-image-11262\" src=\"https:\/\/projectes.xtec.cat\/ere\/wp-content\/uploads\/usu2534\/2026\/02\/15.-VILASSAR_3-1024x832.jpg\" alt=\"\" width=\"1024\" height=\"832\" srcset=\"https:\/\/projectes.xtec.cat\/ere\/wp-content\/uploads\/usu2534\/2026\/02\/15.-VILASSAR_3-1024x832.jpg 1024w, https:\/\/projectes.xtec.cat\/ere\/wp-content\/uploads\/usu2534\/2026\/02\/15.-VILASSAR_3-300x244.jpg 300w, https:\/\/projectes.xtec.cat\/ere\/wp-content\/uploads\/usu2534\/2026\/02\/15.-VILASSAR_3-768x624.jpg 768w, https:\/\/projectes.xtec.cat\/ere\/wp-content\/uploads\/usu2534\/2026\/02\/15.-VILASSAR_3.jpg 1330w\" sizes=\"auto, (max-width: 1024px) 100vw, 1024px\" \/><\/a> <a href=\"https:\/\/projectes.xtec.cat\/ere\/wp-content\/uploads\/usu2534\/2026\/02\/15.-VILASSAR-1.jpg\"><img loading=\"lazy\" decoding=\"async\" class=\"aligncenter size-large wp-image-11263\" src=\"https:\/\/projectes.xtec.cat\/ere\/wp-content\/uploads\/usu2534\/2026\/02\/15.-VILASSAR-1.jpg\" alt=\"\" width=\"687\" height=\"982\" srcset=\"https:\/\/projectes.xtec.cat\/ere\/wp-content\/uploads\/usu2534\/2026\/02\/15.-VILASSAR-1.jpg 687w, https:\/\/projectes.xtec.cat\/ere\/wp-content\/uploads\/usu2534\/2026\/02\/15.-VILASSAR-1-210x300.jpg 210w\" sizes=\"auto, (max-width: 687px) 100vw, 687px\" \/><\/a> <a href=\"https:\/\/projectes.xtec.cat\/ere\/wp-content\/uploads\/usu2534\/2026\/02\/15.-VILASSAR_2.jpg\"><img loading=\"lazy\" decoding=\"async\" class=\"aligncenter size-large wp-image-11264\" src=\"https:\/\/projectes.xtec.cat\/ere\/wp-content\/uploads\/usu2534\/2026\/02\/15.-VILASSAR_2-1024x835.jpg\" alt=\"\" width=\"1024\" height=\"835\" srcset=\"https:\/\/projectes.xtec.cat\/ere\/wp-content\/uploads\/usu2534\/2026\/02\/15.-VILASSAR_2-1024x835.jpg 1024w, https:\/\/projectes.xtec.cat\/ere\/wp-content\/uploads\/usu2534\/2026\/02\/15.-VILASSAR_2-300x245.jpg 300w, https:\/\/projectes.xtec.cat\/ere\/wp-content\/uploads\/usu2534\/2026\/02\/15.-VILASSAR_2-768x626.jpg 768w, https:\/\/projectes.xtec.cat\/ere\/wp-content\/uploads\/usu2534\/2026\/02\/15.-VILASSAR_2.jpg 1325w\" sizes=\"auto, (max-width: 1024px) 100vw, 1024px\" \/><\/a><\/p>\n","protected":false},"excerpt":{"rendered":"<p>Projecte:\u00a0 El projecte es compon de un logotip, el Cartell i una proposta de lema pels 30 anys de la Fira contra el C\u00e0ncer de Vilassar de Dalt. Tanmateix, s\u2019han ofert una paleta de colors per a elaborar diferents propostes com articles de merchadising i&hellip;  <a href=\"https:\/\/projectes.xtec.cat\/ere\/vilassar-de-dalt-contra-el-cancer\/\" title=\"Read \u00a0VILASSAR DE DALT CONTRA EL C\u00c0NCER\">Llegeix m\u00e9s\u00bb<\/a><\/p>\n","protected":false},"author":1,"featured_media":0,"parent":0,"menu_order":0,"comment_status":"closed","ping_status":"closed","template":"","meta":{"_bbp_topic_count":0,"_bbp_reply_count":0,"_bbp_total_topic_count":0,"_bbp_total_reply_count":0,"_bbp_voice_count":0,"_bbp_anonymous_reply_count":0,"_bbp_topic_count_hidden":0,"_bbp_reply_count_hidden":0,"_bbp_forum_subforum_count":0,"footnotes":""},"class_list":["post-11259","page","type-page","status-publish","hentry"],"post_mailing_queue_ids":[],"_links":{"self":[{"href":"https:\/\/projectes.xtec.cat\/ere\/wp-json\/wp\/v2\/pages\/11259","targetHints":{"allow":["GET"]}}],"collection":[{"href":"https:\/\/projectes.xtec.cat\/ere\/wp-json\/wp\/v2\/pages"}],"about":[{"href":"https:\/\/projectes.xtec.cat\/ere\/wp-json\/wp\/v2\/types\/page"}],"author":[{"embeddable":true,"href":"https:\/\/projectes.xtec.cat\/ere\/wp-json\/wp\/v2\/users\/1"}],"replies":[{"embeddable":true,"href":"https:\/\/projectes.xtec.cat\/ere\/wp-json\/wp\/v2\/comments?post=11259"}],"version-history":[{"count":2,"href":"https:\/\/projectes.xtec.cat\/ere\/wp-json\/wp\/v2\/pages\/11259\/revisions"}],"predecessor-version":[{"id":11265,"href":"https:\/\/projectes.xtec.cat\/ere\/wp-json\/wp\/v2\/pages\/11259\/revisions\/11265"}],"wp:attachment":[{"href":"https:\/\/projectes.xtec.cat\/ere\/wp-json\/wp\/v2\/media?parent=11259"}],"curies":[{"name":"wp","href":"https:\/\/api.w.org\/{rel}","templated":true}]}}