{"id":11314,"date":"2026-03-10T10:31:17","date_gmt":"2026-03-10T09:31:17","guid":{"rendered":"https:\/\/projectes.xtec.cat\/ere\/?page_id=11314"},"modified":"2026-03-11T08:11:10","modified_gmt":"2026-03-11T07:11:10","slug":"icssl-2","status":"publish","type":"page","link":"https:\/\/projectes.xtec.cat\/ere\/icssl-2\/","title":{"rendered":"ICSSL"},"content":{"rendered":"<p><b>Projecte 1: \u00a0 <\/b><i><span style=\"font-weight: 400;\">\u201cLa prevenci\u00f3 un valor segur\u201d\u00a0<\/span><\/i><\/p>\n<p><i><span style=\"font-weight: 400;\"><strong>Cartell commemoratiu<\/strong> del 28 d\u2019abril, Dia Internacional de la Seguretat i Salut en el Treball\u00a0<\/span><\/i><\/p>\n<p><b>Reconeixement:\u00a0\u00a0<\/b><\/p>\n<ul>\n<li style=\"font-weight: 400;\" aria-level=\"1\"><i><span style=\"font-weight: 400;\">Properament ( s\u2019avisar\u00e0 centre)<\/span><\/i><\/li>\n<\/ul>\n<p><b>Argumentaci\u00f3 de la Comissi\u00f3: <\/b><span style=\"font-weight: 400;\">Properament\u00a0<\/span><\/p>\n<p><b>Menci\u00f3:\u00a0<\/b><\/p>\n<ul>\n<li style=\"font-weight: 400;\" aria-level=\"1\"><i><span style=\"font-weight: 400;\">Properament<\/span><\/i><\/li>\n<\/ul>\n<p>&nbsp;<\/p>\n<p><b>Projecte 2: <\/b><span style=\"font-weight: 400;\">\u00a0\u201cLa prevenci\u00f3 un valor segur\u201d:\u00a0 Col\u00b7lecci\u00f3 d\u2019un m\u00ednim de<strong> tres pictogrames<\/strong> originals i in\u00e8dits, gr\u00e0ficament homogenis, que sintetitzin missatges clars sobre la prevenci\u00f3 de riscos laborals.<\/span><\/p>\n<p><b>Reconeixement:\u00a0<\/b><\/p>\n<ul>\n<li style=\"font-weight: 400;\" aria-level=\"1\"><i><span style=\"font-weight: 400;\">Abril Arnabat i Meritxell Perna &#8211; EA Arsenal. Vilafranca del Pened\u00e8s<\/span><\/i><\/li>\n<\/ul>\n<p><b>Argumentaci\u00f3 de la Comissi\u00f3: <\/b><span style=\"font-weight: 400;\">Els pictogrames informen sobre la import\u00e0ncia de la prevenci\u00f3 dels riscos laborals. Estan basats en formes simples i sint\u00e8tiques, aconseguint una r\u00e0pida comprensi\u00f3 i seguint una mateixa l\u00ednia gr\u00e0fica. S\u00f3n originals i pragm\u00e0tics.<\/span><\/p>\n<p><b>Menci\u00f3:<\/b><\/p>\n<ul>\n<li style=\"font-weight: 400;\" aria-level=\"1\"><i><span style=\"font-weight: 400;\">\u00a0<\/span><\/i><i><span style=\"font-weight: 400;\">Aleix Revelles &#8211; EA Josep Casad\u00f3. M\u00f3ra la Nova\u00a0<\/span><\/i><\/li>\n<\/ul>\n<ul>\n<li style=\"font-weight: 400;\" aria-level=\"1\"><i><span style=\"font-weight: 400;\">Sandra Clav\u00e9 i Merc\u00e8 Ramos &#8211; EA Josep Casad\u00f3. M\u00f3ra la Nova\u00a0<\/span><\/i><\/li>\n<\/ul>\n<ul>\n<li style=\"font-weight: 400;\" aria-level=\"1\"><i><span style=\"font-weight: 400;\">\u00a0<\/span><\/i><i><span style=\"font-weight: 400;\">Noa Gonz\u00e1lez &#8211; EA Llotja. Barcelona<\/span><\/i><\/li>\n<\/ul>\n<ul>\n<li style=\"font-weight: 400;\" aria-level=\"1\"><i><span style=\"font-weight: 400;\">Emma Pulido &#8211; EA Llotja. Barcelona<\/span><\/i><\/li>\n<\/ul>\n<ul>\n<li style=\"font-weight: 400;\" aria-level=\"1\"><i><span style=\"font-weight: 400;\">\u00a0<\/span><\/i><i><span style=\"font-weight: 400;\">Ariadna Castells &#8211; EA Manresa<\/span><\/i><\/li>\n<\/ul>\n<ul>\n<li style=\"font-weight: 400;\" aria-level=\"1\"><i><span style=\"font-weight: 400;\">\u00a0<\/span><\/i><i><span style=\"font-weight: 400;\">Angela Sanchez &#8211; EA Manresa<\/span><\/i><\/li>\n<\/ul>\n<ul>\n<li style=\"font-weight: 400;\" aria-level=\"1\"><i><span style=\"font-weight: 400;\">\u00a0<\/span><\/i><i><span style=\"font-weight: 400;\">Laia Martin &#8211; EA Manresa<\/span><\/i><\/li>\n<\/ul>\n<ul>\n<li style=\"font-weight: 400;\" aria-level=\"1\"><i><span style=\"font-weight: 400;\">\u00a0<\/span><\/i><i><span style=\"font-weight: 400;\">Africa Font, Amine Alharrak i Abril Mercader &#8211; EA Arsenal. Vilafranca del Pened\u00e8s.<\/span><\/i><\/li>\n<\/ul>\n<ul>\n<li style=\"font-weight: 400;\" aria-level=\"1\"><i><span style=\"font-weight: 400;\">\u00a0<\/span><\/i><i><span style=\"font-weight: 400;\">Veronica Mykhaylyuk i Sofia Krupa Lukomska &#8211; EA Arsenal. Vilafranca del Pened\u00e8s.<\/span><\/i><\/li>\n<\/ul>\n<ul>\n<li style=\"font-weight: 400;\" aria-level=\"1\"><i><span style=\"font-weight: 400;\">Izan Weichert i Elias Rogel &#8211; EA Edra. Rub\u00ed.<\/span><\/i><\/li>\n<\/ul>\n<ul>\n<li style=\"font-weight: 400;\" aria-level=\"1\"><i><span style=\"font-weight: 400;\">Mar\u00eda Rosal &#8211; EA Edra. Rub\u00ed<\/span><\/i><\/li>\n<\/ul>\n<ul>\n<li style=\"font-weight: 400;\" aria-level=\"1\"><i><span style=\"font-weight: 400;\">Irene Garc\u00eda &#8211; Escola Sant Gervasi<\/span><\/i><\/li>\n<\/ul>\n<ul>\n<li style=\"font-weight: 400;\" aria-level=\"1\"><i><span style=\"font-weight: 400;\">Laura Farr\u00e9 &#8211; Escola Sant Gervasi<\/span><\/i><\/li>\n<\/ul>\n<ul>\n<li style=\"font-weight: 400;\" aria-level=\"1\"><i><span style=\"font-weight: 400;\">\u00a0<\/span><\/i><i><span style=\"font-weight: 400;\">Rub\u00e9n P\u00e9rez &#8211; Escola Sant<\/span><\/i><\/li>\n<\/ul>\n<p>&nbsp;<\/p>\n<p><b>Projecte 3:\u00a0 <\/b><span style=\"font-weight: 400;\">\u201cLa prevenci\u00f3 un valor segur\u201d: L\u00ednia gr\u00e0fica de m\u00ednim <strong>tres cartells<\/strong> en refer\u00e8ncia amb riscos laborals i mesures preventives\u00a0<\/span><\/p>\n<p><b>Reconeixement:\u00a0<\/b><\/p>\n<ul>\n<li aria-level=\"1\"><i><span style=\"font-weight: 400;\">\u00a0Marta <\/span><\/i><i><span style=\"font-weight: 400;\">Soriano i Cl\u00e0udia Cascante &#8211; EA Josep Casad\u00f3.\u00a0 M\u00f3ra la Nova\u00a0\u00a0<\/span><\/i><\/li>\n<\/ul>\n<p><b>Argumentaci\u00f3 de la Comissi\u00f3: <\/b><\/p>\n<p><span style=\"font-weight: 400;\">\u00a0<\/span><span style=\"font-weight: 400;\">\u00c9s un conjunt de cartells ben cohesionat, que recull diverses mesures preventives amb enfocaments complementaris. Destaquen per l\u2019\u00fas original de recursos il\u00b7lustratius i simb\u00f2lics, i transmeten missatges clars, positius i efectius, amb una molt bona aplicaci\u00f3 de la met\u00e0fora gr\u00e0fica.<\/span><\/p>\n<p><b>Menci\u00f3:<\/b><\/p>\n<ul>\n<li style=\"font-weight: 400;\" aria-level=\"1\"><i><span style=\"font-weight: 400;\">Yulen Paredes i Axel Herrera &#8211; EMAD La Garriga<\/span><\/i><\/li>\n<\/ul>\n<ul>\n<li style=\"font-weight: 400;\" aria-level=\"1\"><i><span style=\"font-weight: 400;\">Ivan Tirado, Christopher Ortiz i Nil Gonz\u00e0lez &#8211; EMAD La Garriga<\/span><\/i><\/li>\n<\/ul>\n<ul>\n<li style=\"font-weight: 400;\" aria-level=\"1\"><i><span style=\"font-weight: 400;\">Lucia S\u00e1nchez, Abril Vila i Marta Lirola &#8211; EMAD La Garriga<\/span><\/i><\/li>\n<\/ul>\n<ul>\n<li style=\"font-weight: 400;\" aria-level=\"1\"><i><span style=\"font-weight: 400;\">Elsa Garc\u00eda i Jonathan Rodriguez- EMAD La Garriga<br \/>\n<\/span><\/i><\/li>\n<\/ul>\n<ul>\n<li style=\"font-weight: 400;\" aria-level=\"1\"><i><span style=\"font-weight: 400;\">Txell Rovira i Mireia Pino &#8211; EMAD La Garriga<\/span><\/i><\/li>\n<\/ul>\n<ul>\n<li style=\"font-weight: 400;\" aria-level=\"1\"><i><span style=\"font-weight: 400;\">Neus Ferr\u00e1ndiz &#8211; EA Josep Casad\u00f3. M\u00f3ra la Nova\u00a0<\/span><\/i><\/li>\n<\/ul>\n<ul>\n<li style=\"font-weight: 400;\" aria-level=\"1\"><i><span style=\"font-weight: 400;\">Merc\u00e8 Ramos i Sandra Clave &#8211; EA Josep Casad\u00f3 de M\u00f3ra la Nova\u00a0\u00a0\u00a0\u00a0<\/span><\/i><\/li>\n<\/ul>\n<p><b>RECONEIXEMENT\u00a0 ESPECIAL PER LA PARTICIPACI\u00d3:<\/b><\/p>\n<ul>\n<li style=\"font-weight: 400;\" aria-level=\"1\">\n<h6><em><span style=\"font-weight: 400;\">EA<\/span> <span style=\"font-weight: 400;\">Josep Serra i Abella\u00a0\u00a0<\/span><\/em><\/h6>\n<\/li>\n<li style=\"font-weight: 400;\" aria-level=\"1\">\n<h6><em><span style=\"font-weight: 400;\">Escola Municipal d\u00b4Art i Disseny Josep Casad\u00f3 de M\u00f3ra la Nova\u00a0\u00a0<\/span><\/em><\/h6>\n<\/li>\n<li style=\"font-weight: 400;\" aria-level=\"1\">\n<h6><em><span style=\"font-weight: 400;\">EA La Industrial<\/span><\/em><\/h6>\n<\/li>\n<li style=\"font-weight: 400;\" aria-level=\"1\">\n<h6><em><span style=\"font-weight: 400;\">EMAD La Garriga<\/span><\/em><\/h6>\n<\/li>\n<li style=\"font-weight: 400;\" aria-level=\"1\">\n<h6><em><span style=\"font-weight: 400;\">EASD Llotja<\/span><\/em><\/h6>\n<\/li>\n<li style=\"font-weight: 400;\" aria-level=\"1\">\n<h6><em><span style=\"font-weight: 400;\">Escola d\u2019Art Manresa<\/span><\/em><\/h6>\n<\/li>\n<li style=\"font-weight: 400;\" aria-level=\"1\">\n<h6><em><span style=\"font-weight: 400;\">Escola Municipal d&#8217;Art Arsenal<\/span><\/em><\/h6>\n<\/li>\n<li style=\"font-weight: 400;\" aria-level=\"1\">\n<h6><em><span style=\"font-weight: 400;\">Escola d&#8217;art i disseny de Rub\u00ed, EDRA<\/span><\/em><\/h6>\n<\/li>\n<li style=\"font-weight: 400;\" aria-level=\"1\">\n<h6><em><span style=\"font-weight: 400;\">Escola Sant Gervasi<\/span><\/em><\/h6>\n<\/li>\n<\/ul>\n<p>&nbsp;<\/p>\n<p><strong>Imatges projecte 1:<\/strong> (Properament)<\/p>\n<p><strong>Imatges projecte 2:\u00a0<\/strong><\/p>\n<p><a href=\"https:\/\/projectes.xtec.cat\/ere\/wp-content\/uploads\/usu2534\/2026\/03\/9.3-ICSSL_pictos-1.jpg\"><img loading=\"lazy\" decoding=\"async\" class=\"aligncenter size-large wp-image-11317\" src=\"https:\/\/projectes.xtec.cat\/ere\/wp-content\/uploads\/usu2534\/2026\/03\/9.3-ICSSL_pictos-1-1024x576.jpg\" alt=\"\" width=\"1024\" height=\"576\" srcset=\"https:\/\/projectes.xtec.cat\/ere\/wp-content\/uploads\/usu2534\/2026\/03\/9.3-ICSSL_pictos-1-1024x576.jpg 1024w, https:\/\/projectes.xtec.cat\/ere\/wp-content\/uploads\/usu2534\/2026\/03\/9.3-ICSSL_pictos-1-300x169.jpg 300w, https:\/\/projectes.xtec.cat\/ere\/wp-content\/uploads\/usu2534\/2026\/03\/9.3-ICSSL_pictos-1-768x432.jpg 768w, https:\/\/projectes.xtec.cat\/ere\/wp-content\/uploads\/usu2534\/2026\/03\/9.3-ICSSL_pictos-1.jpg 1500w\" sizes=\"auto, (max-width: 1024px) 100vw, 1024px\" \/><\/a> <a href=\"https:\/\/projectes.xtec.cat\/ere\/wp-content\/uploads\/usu2534\/2026\/03\/9.3-ICSSL_pictos-2.jpg\"><img loading=\"lazy\" decoding=\"async\" class=\"aligncenter size-large wp-image-11316\" src=\"https:\/\/projectes.xtec.cat\/ere\/wp-content\/uploads\/usu2534\/2026\/03\/9.3-ICSSL_pictos-2-1024x576.jpg\" alt=\"\" width=\"1024\" height=\"576\" srcset=\"https:\/\/projectes.xtec.cat\/ere\/wp-content\/uploads\/usu2534\/2026\/03\/9.3-ICSSL_pictos-2-1024x576.jpg 1024w, https:\/\/projectes.xtec.cat\/ere\/wp-content\/uploads\/usu2534\/2026\/03\/9.3-ICSSL_pictos-2-300x169.jpg 300w, https:\/\/projectes.xtec.cat\/ere\/wp-content\/uploads\/usu2534\/2026\/03\/9.3-ICSSL_pictos-2-768x432.jpg 768w, https:\/\/projectes.xtec.cat\/ere\/wp-content\/uploads\/usu2534\/2026\/03\/9.3-ICSSL_pictos-2.jpg 1500w\" sizes=\"auto, (max-width: 1024px) 100vw, 1024px\" \/><\/a> <a href=\"https:\/\/projectes.xtec.cat\/ere\/wp-content\/uploads\/usu2534\/2026\/03\/9.3-ICSSL_pictos-3.jpg\"><img loading=\"lazy\" decoding=\"async\" class=\"aligncenter size-large wp-image-11315\" src=\"https:\/\/projectes.xtec.cat\/ere\/wp-content\/uploads\/usu2534\/2026\/03\/9.3-ICSSL_pictos-3-1024x576.jpg\" alt=\"\" width=\"1024\" height=\"576\" srcset=\"https:\/\/projectes.xtec.cat\/ere\/wp-content\/uploads\/usu2534\/2026\/03\/9.3-ICSSL_pictos-3-1024x576.jpg 1024w, https:\/\/projectes.xtec.cat\/ere\/wp-content\/uploads\/usu2534\/2026\/03\/9.3-ICSSL_pictos-3-300x169.jpg 300w, https:\/\/projectes.xtec.cat\/ere\/wp-content\/uploads\/usu2534\/2026\/03\/9.3-ICSSL_pictos-3-768x432.jpg 768w, https:\/\/projectes.xtec.cat\/ere\/wp-content\/uploads\/usu2534\/2026\/03\/9.3-ICSSL_pictos-3.jpg 1500w\" sizes=\"auto, (max-width: 1024px) 100vw, 1024px\" \/><\/a><\/p>\n<p><strong>Imatges projecte 3<\/strong><\/p>\n<p><a href=\"https:\/\/projectes.xtec.cat\/ere\/wp-content\/uploads\/usu2534\/2026\/03\/9.2.-ICSSL_cartell-1.jpg\"><img loading=\"lazy\" decoding=\"async\" class=\"aligncenter size-large wp-image-11320\" src=\"https:\/\/projectes.xtec.cat\/ere\/wp-content\/uploads\/usu2534\/2026\/03\/9.2.-ICSSL_cartell-1-724x1024.jpg\" alt=\"\" width=\"724\" height=\"1024\" srcset=\"https:\/\/projectes.xtec.cat\/ere\/wp-content\/uploads\/usu2534\/2026\/03\/9.2.-ICSSL_cartell-1-724x1024.jpg 724w, https:\/\/projectes.xtec.cat\/ere\/wp-content\/uploads\/usu2534\/2026\/03\/9.2.-ICSSL_cartell-1-212x300.jpg 212w, https:\/\/projectes.xtec.cat\/ere\/wp-content\/uploads\/usu2534\/2026\/03\/9.2.-ICSSL_cartell-1-768x1086.jpg 768w, https:\/\/projectes.xtec.cat\/ere\/wp-content\/uploads\/usu2534\/2026\/03\/9.2.-ICSSL_cartell-1-1086x1536.jpg 1086w, https:\/\/projectes.xtec.cat\/ere\/wp-content\/uploads\/usu2534\/2026\/03\/9.2.-ICSSL_cartell-1.jpg 1241w\" sizes=\"auto, (max-width: 724px) 100vw, 724px\" \/><\/a> <a href=\"https:\/\/projectes.xtec.cat\/ere\/wp-content\/uploads\/usu2534\/2026\/03\/9.2.-ICSSL_cartell-2.jpg\"><img loading=\"lazy\" decoding=\"async\" class=\"aligncenter size-large wp-image-11319\" src=\"https:\/\/projectes.xtec.cat\/ere\/wp-content\/uploads\/usu2534\/2026\/03\/9.2.-ICSSL_cartell-2-724x1024.jpg\" alt=\"\" width=\"724\" height=\"1024\" srcset=\"https:\/\/projectes.xtec.cat\/ere\/wp-content\/uploads\/usu2534\/2026\/03\/9.2.-ICSSL_cartell-2-724x1024.jpg 724w, https:\/\/projectes.xtec.cat\/ere\/wp-content\/uploads\/usu2534\/2026\/03\/9.2.-ICSSL_cartell-2-212x300.jpg 212w, https:\/\/projectes.xtec.cat\/ere\/wp-content\/uploads\/usu2534\/2026\/03\/9.2.-ICSSL_cartell-2-768x1086.jpg 768w, https:\/\/projectes.xtec.cat\/ere\/wp-content\/uploads\/usu2534\/2026\/03\/9.2.-ICSSL_cartell-2-1086x1536.jpg 1086w, https:\/\/projectes.xtec.cat\/ere\/wp-content\/uploads\/usu2534\/2026\/03\/9.2.-ICSSL_cartell-2.jpg 1241w\" sizes=\"auto, (max-width: 724px) 100vw, 724px\" \/><\/a> <a href=\"https:\/\/projectes.xtec.cat\/ere\/wp-content\/uploads\/usu2534\/2026\/03\/9.2.-ICSSL_cartell-3.jpg\"><img loading=\"lazy\" decoding=\"async\" class=\"aligncenter size-large wp-image-11318\" src=\"https:\/\/projectes.xtec.cat\/ere\/wp-content\/uploads\/usu2534\/2026\/03\/9.2.-ICSSL_cartell-3-724x1024.jpg\" alt=\"\" width=\"724\" height=\"1024\" srcset=\"https:\/\/projectes.xtec.cat\/ere\/wp-content\/uploads\/usu2534\/2026\/03\/9.2.-ICSSL_cartell-3-724x1024.jpg 724w, https:\/\/projectes.xtec.cat\/ere\/wp-content\/uploads\/usu2534\/2026\/03\/9.2.-ICSSL_cartell-3-212x300.jpg 212w, https:\/\/projectes.xtec.cat\/ere\/wp-content\/uploads\/usu2534\/2026\/03\/9.2.-ICSSL_cartell-3-768x1086.jpg 768w, https:\/\/projectes.xtec.cat\/ere\/wp-content\/uploads\/usu2534\/2026\/03\/9.2.-ICSSL_cartell-3-1086x1536.jpg 1086w, https:\/\/projectes.xtec.cat\/ere\/wp-content\/uploads\/usu2534\/2026\/03\/9.2.-ICSSL_cartell-3.jpg 1241w\" sizes=\"auto, (max-width: 724px) 100vw, 724px\" \/><\/a><\/p>\n","protected":false},"excerpt":{"rendered":"<p>Projecte 1: \u00a0 \u201cLa prevenci\u00f3 un valor segur\u201d\u00a0<br \/>\nCartell commemoratiu del 28 d\u2019abril, Dia Internacional de la Seguretat i Salut en el Treball\u00a0<br \/>\nReconeixement:\u00a0\u00a0<\/p>\n<ul>\n<li style=\"font-weight: 400;\" aria-level=\"1\">Properament ( s\u2019avisar\u00e0 centre)<\/li>\n<\/ul>\n<p>Argumentaci\u00f3 de la Comissi\u00f3: Properament\u00a0<br \/>\nMenci\u00f3:\u00a0<\/p>\n<ul>\n<li style=\"font-weight: 400;\" aria-level=\"1\">Properament<\/li>\n<\/ul>\n<p>&nbsp;<br \/>\nProjecte 2: \u00a0\u201cLa prevenci\u00f3 un valor segur\u201d:\u00a0 Col\u00b7lecci\u00f3 d\u2019un m\u00ednim de&hellip;  <a href=\"https:\/\/projectes.xtec.cat\/ere\/icssl-2\/\" title=\"Read ICSSL\">Llegeix m\u00e9s\u00bb<\/a><\/p>\n","protected":false},"author":1,"featured_media":0,"parent":0,"menu_order":0,"comment_status":"closed","ping_status":"closed","template":"","meta":{"_bbp_topic_count":0,"_bbp_reply_count":0,"_bbp_total_topic_count":0,"_bbp_total_reply_count":0,"_bbp_voice_count":0,"_bbp_anonymous_reply_count":0,"_bbp_topic_count_hidden":0,"_bbp_reply_count_hidden":0,"_bbp_forum_subforum_count":0,"footnotes":""},"class_list":["post-11314","page","type-page","status-publish","hentry"],"post_mailing_queue_ids":[],"_links":{"self":[{"href":"https:\/\/projectes.xtec.cat\/ere\/wp-json\/wp\/v2\/pages\/11314","targetHints":{"allow":["GET"]}}],"collection":[{"href":"https:\/\/projectes.xtec.cat\/ere\/wp-json\/wp\/v2\/pages"}],"about":[{"href":"https:\/\/projectes.xtec.cat\/ere\/wp-json\/wp\/v2\/types\/page"}],"author":[{"embeddable":true,"href":"https:\/\/projectes.xtec.cat\/ere\/wp-json\/wp\/v2\/users\/1"}],"replies":[{"embeddable":true,"href":"https:\/\/projectes.xtec.cat\/ere\/wp-json\/wp\/v2\/comments?post=11314"}],"version-history":[{"count":6,"href":"https:\/\/projectes.xtec.cat\/ere\/wp-json\/wp\/v2\/pages\/11314\/revisions"}],"predecessor-version":[{"id":11328,"href":"https:\/\/projectes.xtec.cat\/ere\/wp-json\/wp\/v2\/pages\/11314\/revisions\/11328"}],"wp:attachment":[{"href":"https:\/\/projectes.xtec.cat\/ere\/wp-json\/wp\/v2\/media?parent=11314"}],"curies":[{"name":"wp","href":"https:\/\/api.w.org\/{rel}","templated":true}]}}