{"id":10189,"date":"2024-05-21T12:44:36","date_gmt":"2024-05-21T10:44:36","guid":{"rendered":"https:\/\/projectes.xtec.cat\/ia\/?page_id=10189"},"modified":"2024-05-27T08:18:59","modified_gmt":"2024-05-27T06:18:59","slug":"estudi-duna-ia-generativa-chat-gpt","status":"publish","type":"page","link":"https:\/\/projectes.xtec.cat\/ia\/a-les-aules\/experiencies-aula\/estudi-duna-ia-generativa-chat-gpt\/","title":{"rendered":"Estudi d&#8217;una IA generativa: Chat GPT"},"content":{"rendered":"\n<p class=\"has-medium-font-size\"><strong>Etapa<\/strong>: 4t ESO <\/p>\n\n\n\n<p class=\"has-medium-font-size\"><strong>Temporalitzaci\u00f3<\/strong>: 12 hores<\/p>\n\n\n\n<p class=\"has-medium-font-size\"><strong>Usuari<\/strong>: Alumnat de l&#8217;\u00e0mbit de digitalitzaci\u00f3<\/p>\n\n\n\n<p class=\"has-medium-font-size\"><strong>Autor<\/strong>: Virgilio Gonzalo Edesa<\/p>\n\n\n\n<div class=\"wp-block-columns is-layout-flex wp-container-core-columns-is-layout-2 wp-block-columns-is-layout-flex\">\n<div class=\"wp-block-column is-layout-flow wp-block-column-is-layout-flow\" style=\"flex-basis:33.33%\">\n<div class=\"wp-block-columns is-layout-flex wp-container-core-columns-is-layout-1 wp-block-columns-is-layout-flex\">\n<div class=\"wp-block-column is-layout-flow wp-block-column-is-layout-flow\" style=\"flex-basis:33.33%\">\n<figure class=\"wp-block-image size-full\"><a href=\"https:\/\/projectes.xtec.cat\/ia\/wp-content\/uploads\/usu2387\/2024\/04\/llicencia.png\"><img loading=\"lazy\" decoding=\"async\" width=\"303\" height=\"113\" src=\"https:\/\/projectes.xtec.cat\/ia\/wp-content\/uploads\/usu2387\/2024\/04\/llicencia.png\" alt=\"\" class=\"wp-image-9791\" srcset=\"https:\/\/projectes.xtec.cat\/ia\/wp-content\/uploads\/usu2387\/2024\/04\/llicencia.png 303w, https:\/\/projectes.xtec.cat\/ia\/wp-content\/uploads\/usu2387\/2024\/04\/llicencia-300x112.png 300w\" sizes=\"auto, (max-width: 303px) 100vw, 303px\" \/><\/a><\/figure>\n<\/div>\n\n\n\n<div class=\"wp-block-column is-layout-flow wp-block-column-is-layout-flow\" style=\"flex-basis:66.66%\">\n<p><a href=\"https:\/\/creativecommons.org\/licenses\/by-nc-sa\/4.0\/\">Creative Commons BY-NC-SA 4.0<\/a><\/p>\n<\/div>\n<\/div>\n<\/div>\n\n\n\n<div class=\"wp-block-column is-layout-flow wp-block-column-is-layout-flow\" style=\"flex-basis:66.66%\">\n<p>Aquest contingut ha estat creat amb&nbsp;<a href=\"http:\/\/exelearning.net\/\">eXeLearning<\/a>, el vostre editor de codi obert i gratu\u00eft per crear recursos educatius.<\/p>\n<\/div>\n<\/div>\n\n\n\n<div class=\"wp-block-buttons is-content-justification-center is-layout-flex wp-container-core-buttons-is-layout-1 wp-block-buttons-is-layout-flex\">\n<div class=\"wp-block-button\"><a class=\"wp-block-button__link wp-element-button\" href=\"https:\/\/n9o1zszuzdqddwu4qw28nq.on.drv.tw\/1_EL_IA_GENERATIVES\/IA_GENERATIVES.elp\">Descarrega&#8217;t el ELP<\/a><\/div>\n\n\n\n<div class=\"wp-block-button\"><a class=\"wp-block-button__link wp-element-button\" href=\"https:\/\/virgiliogonzalo.com\/1_IA_GENERATIVES\/index.html\"><strong>Web original<\/strong><\/a><\/div>\n<\/div>\n\n\n\n<div style=\"height:58px\" aria-hidden=\"true\" class=\"wp-block-spacer\"><\/div>\n\n\n\n<div class=\"wp-block-columns caixa is-layout-flex wp-container-core-columns-is-layout-3 wp-block-columns-is-layout-flex\">\n<div class=\"wp-block-column is-layout-flow wp-block-column-is-layout-flow\">\n<p class=\"has-light-green-cyan-background-color has-background has-medium-font-size\"><strong>INTRODUCCI\u00d3<\/strong><\/p>\n\n\n\n<p>El fil conductor d&#8217;aquesta situaci\u00f3 d&#8217;aprenentatge o pla d&#8217;estudis \u00e9s l&#8217;exploraci\u00f3 i la comprensi\u00f3 de l&#8217;IA generativa, centrant-se espec\u00edficament en l&#8217;\u00fas i les implicacions de l&#8217;IA generativa com Chat GPT. Aquest fil conductor guia els participants a trav\u00e9s de diferents \u00e0mbits: des de la comprensi\u00f3 del funcionament de l&#8217;IA generativa fins a l&#8217;avaluaci\u00f3 dels seus efectes en temes com la desinformaci\u00f3, els biaixos, la comunicaci\u00f3 acad\u00e8mica i altres assumptes socialment rellevants. L&#8217;objectiu \u00e9s desenvolupar una comprensi\u00f3 integral d&#8217;aquesta tecnologia emergent i les seves implicacions \u00e8tiques, socials i acad\u00e8miques<\/p>\n<\/div>\n<\/div>\n\n\n\n<div style=\"height:30px\" aria-hidden=\"true\" class=\"wp-block-spacer\"><\/div>\n\n\n\n<div class=\"wp-block-columns caixa is-layout-flex wp-container-core-columns-is-layout-4 wp-block-columns-is-layout-flex\">\n<div class=\"wp-block-column is-layout-flow wp-block-column-is-layout-flow\">\n<p class=\"has-light-green-cyan-background-color has-background has-medium-font-size\"><strong>DESCRIPCI\u00d3<\/strong><\/p>\n\n\n\n<p>Per qu\u00e8 aquesta situaci\u00f3 d\u2019aprenentatge? Est\u00e0 relacionada amb alguna altra? Quin \u00e9s el context? Quin repte planteja?<\/p>\n\n\n\n<figure class=\"wp-block-table\"><table><tbody><tr><td>Aquesta situaci\u00f3 d&#8217;aprenentatge, centrada en l&#8217;estudi d&#8217;una IA generativa com Chat GPT, respon a la creixent import\u00e0ncia de comprendre i navegar per les tecnologies emergents. Amb l&#8217;\u00fas generalitzat de la IA, \u00e9s essencial explorar els avantatges i desafiaments associats amb aquestes eines. Aquesta situaci\u00f3 no nom\u00e9s permet als participants explorar la complexitat del funcionament de Chat GPT i la seva utilitzaci\u00f3 pr\u00e0ctica, sin\u00f3 tamb\u00e9 abordar temes com la desinformaci\u00f3 i els biaixos involucrats. El context \u00e9s la r\u00e0pida evoluci\u00f3 de la IA i la seva influ\u00e8ncia en \u00e0mbits com la comunicaci\u00f3, l&#8217;educaci\u00f3 i la pol\u00edtica.Aquesta SA contribueix a l&#8217;ODS 9 (Ind\u00fastria, innovaci\u00f3 i infraestructures) i l&#8217;ODS 17 (Aliances per a assolir els objectius), ja que reconeix la import\u00e0ncia de col\u00b7laborar per abordar els reptes \u00e8tics i socials plantejats per la IA generativa. Tanmateix, en l\u2019activitat final es contribueix a molts altres ODS com&nbsp; per exemple el 13 (Acci\u00f3 pel clima), el 5 (Igualtat de g\u00e8nere) i el 3 (Salut i benestar).<\/td><\/tr><\/tbody><\/table><\/figure>\n<\/div>\n<\/div>\n\n\n\n<div style=\"height:20px\" aria-hidden=\"true\" class=\"wp-block-spacer\"><\/div>\n\n\n\n<div style=\"height:0px\" aria-hidden=\"true\" class=\"wp-block-spacer\"><\/div>\n\n\n\n<div class=\"wp-block-columns caixa is-layout-flex wp-container-core-columns-is-layout-5 wp-block-columns-is-layout-flex\">\n<div class=\"wp-block-column is-layout-flow wp-block-column-is-layout-flow\">\n<p class=\"has-light-green-cyan-background-color has-background has-medium-font-size\"><strong>COMPET\u00c8NCIES ESPEC\u00cdFIQUES DE LA MAT\u00c8RIA DE DIGITALITZACI\u00d3<\/strong><\/p>\n\n\n\n<ul class=\"wp-block-list\">\n<li>CE1 Gestionar les eines i els dispositius inform\u00e0tics i de comunicaci\u00f3 d\u2019\u00fas quotidi\u00e0 aplicant els coneixements de maquinari i sistemes operatius per resoldre problemes t\u00e8cnics senzills.&nbsp;<\/li>\n\n\n\n<li>CE2 Idear solucions innovadores i creatives aplicant diferents formes de raonament, integrant-les en l\u2019entorn personal d\u2019aprenentatge tot fent \u00fas de les eines i els recursos d\u2019edici\u00f3, la creaci\u00f3 de continguts digitals i el desenvolupament d\u2019aplicacions per optimitzar l\u2019aprenentatge permanent.&nbsp;<\/li>\n\n\n\n<li>CE3 Identificar riscos i amenaces i aplicar mesures preventives i correctives, adquirint h\u00e0bits que fomentin el benestar digital per protegir dispositius, dades personals i la pr\u00f2pia salut.&nbsp;<\/li>\n\n\n\n<li>CE4 Fer un \u00fas actiu, responsable i \u00e8tic de les tecnologies digitals, valorant les possibles accions que cal fer a la xarxa i identificar-ne les repercussions per exercir una ciutadania digital cr\u00edtica.<\/li>\n\n\n\n<li>CE5 Analitzar l\u2019impacte de les tecnologies digitals a la societat, a partir de la identificaci\u00f3 dels canvis econ\u00f2mics i socials a escala global, i aplicar les tecnologies emergents per al disseny de solucions a problemes reals tenint en compte els objectius de desenvolupament sostenible.<\/li>\n<\/ul>\n<\/div>\n<\/div>\n\n\n\n<div style=\"height:20px\" aria-hidden=\"true\" class=\"wp-block-spacer\"><\/div>\n\n\n\n<div class=\"wp-block-columns caixa is-layout-flex wp-container-core-columns-is-layout-6 wp-block-columns-is-layout-flex\">\n<div class=\"wp-block-column is-layout-flow wp-block-column-is-layout-flow\">\n<p class=\"has-light-green-cyan-background-color has-background has-medium-font-size\"><strong><strong><strong>TRACTAMENT DE LES&nbsp;COMPET\u00c8NCIES TRANSVERSALS<\/strong><\/strong><\/strong><\/p>\n\n\n\n<ul class=\"wp-block-list\">\n<li><strong>Compet\u00e8ncia digital:<\/strong>&nbsp;Mitjan\u00e7ant l&#8217;\u00fas i l&#8217;an\u00e0lisi pr\u00e0ctic de l&#8217;IA generativa, els participants desenvolupen habilitats per navegar i utilitzar tecnologies noves.<\/li>\n\n\n\n<li><strong>Compet\u00e8ncia personal, social i d\u2019aprendre a aprendre:<\/strong>&nbsp;Les activitats de reflexi\u00f3 sobre l&#8217;impacte i la identificaci\u00f3 de biaixos impulsen el pensament cr\u00edtic i la comprensi\u00f3 de la pr\u00f2pia aprenentatge. Les activitats productives es fan en petits grups i es comparteixen els resultats.<\/li>\n\n\n\n<li><strong>Compet\u00e8ncia ciutadana:<\/strong>&nbsp;L&#8217;estudi d&#8217;\u00e0mbits com desinformaci\u00f3 i debat, o el biaix pol\u00edtic de la IA prepara els participants per comprendre i discutir temes socials rellevants.<\/li>\n\n\n\n<li><strong>Compet\u00e8ncia emprenedora:<\/strong>&nbsp;El desenvolupament d&#8217;escenaris i aplicacions noves de l&#8217;IA generativa fomenta la creativitat i la capacitat d&#8217;identificar oportunitats.<\/li>\n<\/ul>\n<\/div>\n<\/div>\n\n\n\n<div style=\"height:30px\" aria-hidden=\"true\" class=\"wp-block-spacer\"><\/div>\n\n\n\n<div class=\"wp-block-columns caixa is-layout-flex wp-container-core-columns-is-layout-7 wp-block-columns-is-layout-flex\">\n<div class=\"wp-block-column is-layout-flow wp-block-column-is-layout-flow\">\n<p class=\"has-light-green-cyan-background-color has-background has-medium-font-size\"><strong>OBJECTIUS D\u2019APRENENTATGE I CRITERIS D\u2019AVALUACI\u00d3<\/strong><\/p>\n\n\n\n<ol class=\"wp-block-list\">\n<li>Gestionar amb habilitat eines inform\u00e0tiques, aplicar el coneixement de maquinari i sistemes operatius per resoldre problemes t\u00e8cnics quotidians i fomentar la creaci\u00f3 de solucions creatives i innovadores integrades en l&#8217;entorn personal d&#8217;aprenentatge, optimitzant l&#8217;\u00fas de recursos d&#8217;edici\u00f3 i continguts digitals per a l&#8217;aprenentatge permanent.(CE1, CE2)\n<ol class=\"wp-block-list\">\n<li>(Basat en la CE1) Utilitzar\u00e0 efica\u00e7ment eines inform\u00e0tiques per resoldre problemes t\u00e8cnics quotidians, demostrant comprensi\u00f3 del maquinari i sistemes operatius en situacions reals d&#8217;\u00fas digital.<\/li>\n\n\n\n<li>(Basat en la CE2) Crear\u00e0 i integrar\u00e0 solucions creatives i innovadores en l&#8217;entorn personal d&#8217;aprenentatge mitjan\u00e7ant l&#8217;\u00fas de recursos d&#8217;edici\u00f3 i continguts digitals, optimitzant les eines inform\u00e0tiques per millorar l&#8217;efici\u00e8ncia en l&#8217;aprenentatge cont\u00ednu.<\/li>\n<\/ol>\n<\/li>\n\n\n\n<li>&nbsp;Identificar amb precisi\u00f3 riscos i amenaces digitals, aplicar mesures preventives i correctives per salvaguardar dispositius, dades personals i salut, afavorint un \u00fas actiu, \u00e8tic i responsable de les tecnologies digitals, valorant-ne les accions i conseq\u00fc\u00e8ncies a la xarxa i promocionant una ciutadania digital cr\u00edtica.(CE3, CE4)\n<ol class=\"wp-block-list\">\n<li>(Basat en la CE3) Identificar\u00e0 i analitzar\u00e0 amb precisi\u00f3 riscos i amenaces digitals, aplicant mesures preventives i correctives en entorns digitals, demostrant la capacitat de protegir dispositius i dades personals en situacions reals.<\/li>\n\n\n\n<li>(Basat en la CE4) Adoptar\u00e0 un \u00fas \u00e8tic i responsable de les tecnologies digitals, prenent decisions informades i valorant-ne les repercussions a la xarxa per promoure una ciutadania digital cr\u00edtica i responsable.<\/li>\n<\/ol>\n<\/li>\n\n\n\n<li>Analitzar l&#8217;impacte de les tecnologies digitals, especialment el Chat GPT, sobre la societat, identificar canvis econ\u00f2mics i socials globals, i aplicar aquesta comprensi\u00f3 per idear solucions creatives i innovadores que considerin els objectius de desenvolupament sostenible, integrant-les amb efic\u00e0cia en l&#8217;entorn personal d&#8217;aprenentatge per a l&#8217;aprenentatge en curs.&nbsp;(CE5, CE24)\n<ol class=\"wp-block-list\">\n<li>(Basat en la CE5) Analitzar\u00e0 cr\u00edticament l&#8217;impacte de les tecnologies digitals, incloent el Chat GPT, en la societat i identificar\u00e0 canvis econ\u00f2mics i socials globals per aplicar aquest coneixement en la concepci\u00f3 de solucions creatives i innovadores que considerin els objectius de desenvolupament sostenible.<\/li>\n\n\n\n<li>(Basat en la CE2) Integrar\u00e0 amb efic\u00e0cia aquesta comprensi\u00f3 dels impactes digitals i canvis globals en l&#8217;entorn personal d&#8217;aprenentatge, desenvolupant solucions que apliquin tecnologies emergents per afrontar problemes reals i fomentant l&#8217;aprenentatge permanent.<\/li>\n<\/ol>\n<\/li>\n<\/ol>\n<\/div>\n<\/div>\n\n\n\n<div style=\"height:30px\" aria-hidden=\"true\" class=\"wp-block-spacer\"><\/div>\n\n\n\n<div class=\"wp-block-columns caixa is-layout-flex wp-container-core-columns-is-layout-8 wp-block-columns-is-layout-flex\">\n<div class=\"wp-block-column is-layout-flow wp-block-column-is-layout-flow\">\n<p class=\"has-light-green-cyan-background-color has-background has-medium-font-size\"><strong>SABERS<\/strong><\/p>\n\n\n\n<p>Amb la realitzaci\u00f3 d\u2019aquesta situaci\u00f3 d\u2019aprenentatge es tractaran els sabers seg\u00fcents:<\/p>\n\n\n\n<ul class=\"wp-block-list\">\n<li>DIGITALITZACI\u00d3\n<ol class=\"wp-block-list\">\n<li>Edici\u00f3 i creaci\u00f3 de continguts: aplicacions de productivitat. (Interacci\u00f3 amb IA).<\/li>\n\n\n\n<li>Comunicaci\u00f3 i col\u00b7laboraci\u00f3 sincr\u00f2nica i asincr\u00f2nica en xarxa. (Treball de Grup).<\/li>\n\n\n\n<li>Creaci\u00f3 i publicaci\u00f3 de continguts en suport digital: presentacions i audiovisuals.<\/li>\n\n\n\n<li>An\u00e0lisi de l\u2019impacte de les tecnologies digitals en la societat i els canvis socials i econ\u00f2mics que se\u2019n deriven.&nbsp;<\/li>\n\n\n\n<li>Comprendre la cultura digital com a font d\u2019aprenentatge permanent, coneixement de les tecnologies digitals emergents i els seus \u00e0mbits d\u2019aplicaci\u00f3.&nbsp;<\/li>\n<\/ol>\n<\/li>\n<\/ul>\n<\/div>\n<\/div>\n\n\n\n<div style=\"height:20px\" aria-hidden=\"true\" class=\"wp-block-spacer\"><\/div>\n\n\n\n<div style=\"height:20px\" aria-hidden=\"true\" class=\"wp-block-spacer\"><\/div>\n\n\n\n<div class=\"wp-block-columns caixa is-layout-flex wp-container-core-columns-is-layout-9 wp-block-columns-is-layout-flex\">\n<div class=\"wp-block-column is-layout-flow wp-block-column-is-layout-flow\">\n<p class=\"has-light-green-cyan-background-color has-background has-medium-font-size\"><strong>DESENVOLUPAMENT DE LA SITUACI\u00d3 D\u2019APRENENTATGE<\/strong><a href=\"Material:\">:<\/a><\/p>\n\n\n\n<p>Quines s\u00f3n les principals estrat\u00e8gies metodol\u00f2giques que es preveuen utilitzar? Quins tipus d\u2019agrupament realitzarem? Quins s\u00f3n els principals materials que necessitarem? Etc.<\/p>\n\n\n\n<p><strong>Estrat\u00e8gies Metodol\u00f2giques:<\/strong><\/p>\n\n\n\n<ol class=\"wp-block-list\">\n<li><strong>Aprenentatge Actiu:<\/strong>&nbsp;Participaci\u00f3 activa en discussions, an\u00e0lisis i resoluci\u00f3 de problemes de l&#8217;IA generativa.<\/li>\n\n\n\n<li><strong>Treball Col\u00b7laboratiu<\/strong>: Foment de la comunicaci\u00f3 i col\u00b7laboraci\u00f3 en debats i generaci\u00f3 d&#8217;idees.<\/li>\n\n\n\n<li>Estudis de Cas: Exploraci\u00f3 de l&#8217;aplicaci\u00f3 de l&#8217;IA generativa en contextos reals o hipot\u00e8tics.<\/li>\n\n\n\n<li><strong>Avaluaci\u00f3 Cr\u00edtica<\/strong>: Identificaci\u00f3 de biaixos i limitacions en les respostes de l&#8217;IA generativa.<\/li>\n<\/ol>\n\n\n\n<p><strong>Tipus d&#8217;Agrupament:<\/strong><\/p>\n\n\n\n<ul class=\"wp-block-list\">\n<li><strong>Treball Individual:<\/strong>&nbsp;Activitats d&#8217;exploraci\u00f3 i an\u00e0lisi.<\/li>\n\n\n\n<li><strong>Treball en Parelles o Grups Petits:<\/strong>&nbsp;Debats, resoluci\u00f3 de problemes i generaci\u00f3 d&#8217;idees.<\/li>\n\n\n\n<li><strong>Discussions en Gran Gru<\/strong>p: An\u00e0lisi conjunta de resultats i compartici\u00f3 d&#8217;opinions.<\/li>\n<\/ul>\n\n\n\n<p><strong>Principals Materials:<\/strong><\/p>\n\n\n\n<ul class=\"wp-block-list\">\n<li><strong>Ordinadors o Dispositius Connectats<\/strong>: Per interactuar amb l&#8217;IA generativa i realitzar activitats en l\u00ednia.<\/li>\n\n\n\n<li><strong>Material &#8216;Escolars:<\/strong>&nbsp;Per generar escenaris i analitzar impactes.<\/li>\n\n\n\n<li><strong>Recursos de Refer\u00e8ncia<\/strong>: Llibres, articles i enlla\u00e7os web sobre IA generativa i temes relacionats.<\/li>\n\n\n\n<li><strong>Quaderns i Material d&#8217;Escriptura:<\/strong>&nbsp;Per a l&#8217;an\u00e0lisi, reflexi\u00f3 i generaci\u00f3 d&#8217;idees.<\/li>\n<\/ul>\n<\/div>\n<\/div>\n\n\n\n<div style=\"height:20px\" aria-hidden=\"true\" class=\"wp-block-spacer\"><\/div>\n\n\n\n<p class=\"has-light-green-cyan-background-color has-background has-medium-font-size\"><strong>ACTIVITATS D\u2019APRENENTATGE I D\u2019AVALUACI\u00d3<\/strong><\/p>\n\n\n\n<div class=\"wp-block-columns caixa is-layout-flex wp-container-core-columns-is-layout-11 wp-block-columns-is-layout-flex\">\n<div class=\"wp-block-column is-layout-flow wp-block-column-is-layout-flow\" style=\"flex-basis:25%\">\n<div class=\"wp-block-columns is-layout-flex wp-container-core-columns-is-layout-10 wp-block-columns-is-layout-flex\">\n<div class=\"wp-block-column is-layout-flow wp-block-column-is-layout-flow\">\n<p class=\"has-text-align-center caixa\"><strong>Activitat<\/strong><\/p>\n<\/div>\n<\/div>\n<\/div>\n\n\n\n<div class=\"wp-block-column caixa is-layout-flow wp-block-column-is-layout-flow\" style=\"flex-basis:50%\">\n<p class=\"has-text-align-center\"><strong> Descripci\u00f3 de l\u2019activitatd\u2019aprenentatge i d&#8217;avaluaci\u00f3<\/strong><\/p>\n<\/div>\n\n\n\n<div class=\"wp-block-column is-layout-flow wp-block-column-is-layout-flow\" style=\"flex-basis:25%\">\n<p class=\"has-text-align-center caixa\"><strong>Temporitzaci\u00f3<\/strong><\/p>\n<\/div>\n<\/div>\n\n\n\n<div class=\"wp-block-columns caixa is-layout-flex wp-container-core-columns-is-layout-13 wp-block-columns-is-layout-flex\">\n<div class=\"wp-block-column is-layout-flow wp-block-column-is-layout-flow\" style=\"flex-basis:25%\">\n<div class=\"wp-block-columns is-layout-flex wp-container-core-columns-is-layout-12 wp-block-columns-is-layout-flex\">\n<div class=\"wp-block-column is-layout-flow wp-block-column-is-layout-flow\">\n<p class=\"has-text-align-left caixa\"><strong><strong>Activitats inicials<\/strong><br><\/strong>Qu\u00e8 en sabem?<\/p>\n<\/div>\n<\/div>\n<\/div>\n\n\n\n<div class=\"wp-block-column caixa is-layout-flow wp-block-column-is-layout-flow\" style=\"flex-basis:50%\">\n<p class=\"has-text-align-left\"><strong>Activitat 1. World Building i creaci\u00f3 d&#8217;escenaris :<\/strong>&nbsp;Cada grup crear\u00e0 un escenari en un arxiu digital, utilitzant el format que millor s&#8217;adapti a les seves necessitats i habilitats. L&#8217;escenari futur ha de reflecir&nbsp;l&#8217;impacte de la tecnologia de IA generativa en alguns dels \u00e0mbits identificats com la desinformaci\u00f3.&nbsp;Criteri d&#8217;avaluaci\u00f3 1. (Basat en la CE1)&nbsp;<\/p>\n<\/div>\n\n\n\n<div class=\"wp-block-column is-layout-flow wp-block-column-is-layout-flow\" style=\"flex-basis:25%\">\n<p class=\"has-text-align-center caixa\">3 hores<\/p>\n<\/div>\n<\/div>\n\n\n\n<div class=\"wp-block-columns caixa is-layout-flex wp-container-core-columns-is-layout-15 wp-block-columns-is-layout-flex\">\n<div class=\"wp-block-column is-layout-flow wp-block-column-is-layout-flow\" style=\"flex-basis:25%\">\n<div class=\"wp-block-columns is-layout-flex wp-container-core-columns-is-layout-14 wp-block-columns-is-layout-flex\">\n<div class=\"wp-block-column is-layout-flow wp-block-column-is-layout-flow\">\n<div class=\"wp-block-group caixa is-layout-constrained wp-block-group-is-layout-constrained\">\n<p><strong>Activitats de desenvolupament<\/strong><\/p>\n\n\n\n<p><em>Aprenem nous sabers<\/em><\/p>\n<\/div>\n<\/div>\n<\/div>\n<\/div>\n\n\n\n<div class=\"wp-block-column caixa is-layout-flow wp-block-column-is-layout-flow\" style=\"flex-basis:50%\">\n<p><strong>Activitat 2: Reescriure el prompt:<\/strong>&nbsp;Cada grup ha de crear un nou prompt millorat, compartiran el prompt reescrit amb els detalls afegits i s&#8217;indicar\u00e0 per qu\u00e8 aquesta versi\u00f3 millorada \u00e9s m\u00e9s clar i efectiva.&nbsp;Criteri d&#8217;avaluaci\u00f3 1. (Basat en la CE1)&nbsp;Criteris d&#8217;avaluaci\u00f3 2 i 6 (Basats en la CE2)<\/p>\n\n\n\n<p><strong>Activitat 3: Usar Chat GPT com a \ud835\ude0a\ud835\ude16\ud835\ude08\ud835\ude0a\ud835\ude0f per guiar-nos:<\/strong>&nbsp;Cada grup ha de valorar quins s\u00f3n els millors prompts que han creat de forma individual amb una s\u00e8rie d&#8217;estructures prooposades. Hauran de justificar els objectius triats i relacionar amb la motivaci\u00f3 i la coher\u00e8ncia de la seva elecci\u00f3 amb els prop\u00f2sits d&#8217;aprenentatge. Criteri d&#8217;avaluaci\u00f3 1. (Basat en la CE1). Criteri d&#8217;avaluaci\u00f3 2 (Basat en la CE2) i criteri d&#8217;avaluaci\u00f3 3. (Basat en la CE3)<\/p>\n<\/div>\n\n\n\n<div class=\"wp-block-column is-layout-flow wp-block-column-is-layout-flow\" style=\"flex-basis:25%\">\n<p class=\"has-text-align-center caixa\">1 hora<\/p>\n\n\n\n<div style=\"height:100px\" aria-hidden=\"true\" class=\"wp-block-spacer\"><\/div>\n\n\n\n<p class=\"has-text-align-center caixa\">2 hores<\/p>\n<\/div>\n<\/div>\n\n\n\n<div class=\"wp-block-columns caixa is-layout-flex wp-container-core-columns-is-layout-17 wp-block-columns-is-layout-flex\">\n<div class=\"wp-block-column is-layout-flow wp-block-column-is-layout-flow\" style=\"flex-basis:25%\">\n<div class=\"wp-block-columns is-layout-flex wp-container-core-columns-is-layout-16 wp-block-columns-is-layout-flex\">\n<div class=\"wp-block-column is-layout-flow wp-block-column-is-layout-flow\">\n<div class=\"wp-block-group caixa is-layout-constrained wp-block-group-is-layout-constrained\">\n<div class=\"wp-block-group caixa is-layout-constrained wp-block-group-is-layout-constrained\">\n<p><strong>Activitats d\u2019estructuraci\u00f3<\/strong><\/p>\n\n\n\n<p>Qu\u00e8 hem apr\u00e8s?<\/p>\n<\/div>\n<\/div>\n<\/div>\n<\/div>\n<\/div>\n\n\n\n<div class=\"wp-block-column caixa is-layout-flow wp-block-column-is-layout-flow\" style=\"flex-basis:50%\">\n<p><strong>Activitat 4: Posar en pr\u00e0ctica les funcions acad\u00e8miques:<\/strong>&nbsp;Cada grup tria una funci\u00f3 acad\u00e8mica per obtenir prompts que executin ajut acad\u00e8mic d&#8217;aquell \u00e0mbit. . Hauran d&#8217;aprofundit a la funci\u00f3 &nbsp;i redactar prompts dominant &nbsp;el prop\u00f2sit, els components ling\u00fc\u00edstics i les aplicacions concretes. Amb la seva aplicaci\u00f3 hauran de valorar la seva utilitat.&nbsp;Criteri d&#8217;avaluaci\u00f3 1. (Basat en la CE1). Criteri d&#8217;avaluaci\u00f3 6 (Basat en la CE2) i criteri d&#8217;avaluaci\u00f3 3. (Basat en la CE3)<\/p>\n<\/div>\n\n\n\n<div class=\"wp-block-column is-layout-flow wp-block-column-is-layout-flow\" style=\"flex-basis:25%\">\n<p class=\"has-text-align-center caixa\">2 hores<\/p>\n<\/div>\n<\/div>\n\n\n\n<div class=\"wp-block-columns caixa is-layout-flex wp-container-core-columns-is-layout-19 wp-block-columns-is-layout-flex\">\n<div class=\"wp-block-column is-layout-flow wp-block-column-is-layout-flow\" style=\"flex-basis:25%\">\n<div class=\"wp-block-columns is-layout-flex wp-container-core-columns-is-layout-18 wp-block-columns-is-layout-flex\">\n<div class=\"wp-block-column is-layout-flow wp-block-column-is-layout-flow\">\n<div class=\"wp-block-group caixa is-layout-constrained wp-block-group-is-layout-constrained\">\n<div class=\"wp-block-group caixa is-layout-constrained wp-block-group-is-layout-constrained\">\n<p><strong>Activitats d\u2019aplicaci\u00f3<\/strong><\/p>\n\n\n\n<p>Apliquem el que hem apr\u00e8s<\/p>\n<\/div>\n<\/div>\n<\/div>\n<\/div>\n<\/div>\n\n\n\n<div class=\"wp-block-column caixa is-layout-flow wp-block-column-is-layout-flow\" style=\"flex-basis:50%\">\n<p><strong>Cas d&#8217;estudi 4: Tend\u00e8ncia pol\u00edtica de Chat GPT&nbsp;<\/strong>Cada grup utilitzar\u00e0 les seves noves habilitats creant prompts per aplicar-los en un ambit diferent de l&#8217;acad\u00e8mic. Deprendr\u00e0 de la seva nova habilitat per fer an\u00e0lisis de tend\u00e8ncies o biaixos observats en Chat GPT.&nbsp;Criteri d&#8217;avaluaci\u00f3 1. (Basat en la CE1). Criteri d&#8217;avaluaci\u00f3 5 (CE5) i criteri d&#8217;avaluaci\u00f3 4 (Basat en la CE4)<\/p>\n<\/div>\n\n\n\n<div class=\"wp-block-column is-layout-flow wp-block-column-is-layout-flow\" style=\"flex-basis:25%\">\n<p class=\"has-text-align-center caixa\">3hores<\/p>\n<\/div>\n<\/div>\n\n\n\n<div class=\"wp-block-columns caixa is-layout-flex wp-container-core-columns-is-layout-21 wp-block-columns-is-layout-flex\">\n<div class=\"wp-block-column is-layout-flow wp-block-column-is-layout-flow\" style=\"flex-basis:25%\">\n<div class=\"wp-block-columns is-layout-flex wp-container-core-columns-is-layout-20 wp-block-columns-is-layout-flex\">\n<div class=\"wp-block-column is-layout-flow wp-block-column-is-layout-flow\">\n<div class=\"wp-block-group caixa is-layout-constrained wp-block-group-is-layout-constrained\">\n<div class=\"wp-block-group caixa is-layout-constrained wp-block-group-is-layout-constrained\">\n<p><strong><strong>Avaluaci\u00f3<\/strong><\/strong><\/p>\n<\/div>\n<\/div>\n<\/div>\n<\/div>\n<\/div>\n\n\n\n<div class=\"wp-block-column caixa is-layout-flow wp-block-column-is-layout-flow\" style=\"flex-basis:50%\">\n<p>Per tota la SA, l&#8217;avaluaci\u00f3 ser\u00e0 progressiva i es basar\u00e0 en l&#8217;elaboraci\u00f3 de petits informes o presentacions. Cada grup rebr\u00e0 retroalimentaci\u00f3 amb l&#8217;objectiu de fomentar la millora i l&#8217;enriquiment dels seus coneixements i habilitats.<\/p>\n\n\n\n<p>Activitat 1. World Building i creaci\u00f3 d&#8217;escenaris&#8230;&#8230;&#8230;&#8230;&#8230;&#8230;&#8230;&#8230;&#8230;&#8230;&#8230;&#8230;&#8230;..20% de la nota&nbsp;<\/p>\n\n\n\n<p>Activitat 2: Reescriure el prompt &#8230;&#8230;&#8230;&#8230;&#8230;&#8230;&#8230;&#8230;&#8230;&#8230;&#8230;&#8230;&#8230;&#8230;&#8230;&#8230;&#8230;&#8230;&#8230;&#8230;&#8230;&#8230;&#8230;..20% de la nota<\/p>\n\n\n\n<p>Activitat 3: Usar Chat GPT com a \ud835\ude0a\ud835\ude16\ud835\ude08\ud835\ude0a\ud835\ude0f per guiar-nos&#8230;&#8230;&#8230;&#8230;&#8230;&#8230;&#8230;. 20% de la nota &nbsp;<\/p>\n\n\n\n<p>Activitat 4: Posar en pr\u00e0ctica les funcions acad\u00e8miques&#8230;&#8230;&#8230;&#8230;&#8230;&#8230;&#8230;. 20% de la nota<\/p>\n\n\n\n<p>Cas d&#8217;estudi 4: Tend\u00e8ncia de Chat GPT&#8230;&#8230;&#8230;&#8230;&#8230;&#8230;&#8230;&#8230;&#8230;&#8230;&#8230;&#8230;&#8230;&#8230;&#8230;&#8230;&#8230;&#8230;&#8230;. 20% de la nota<\/p>\n<\/div>\n\n\n\n<div class=\"wp-block-column is-layout-flow wp-block-column-is-layout-flow\" style=\"flex-basis:25%\">\n<p class=\"has-text-align-center caixa\">3hores<\/p>\n<\/div>\n<\/div>\n\n\n\n<div style=\"height:20px\" aria-hidden=\"true\" class=\"wp-block-spacer\"><\/div>\n\n\n\n<div class=\"wp-block-columns caixa is-layout-flex wp-container-core-columns-is-layout-22 wp-block-columns-is-layout-flex\">\n<div class=\"wp-block-column is-layout-flow wp-block-column-is-layout-flow\">\n<p class=\"has-light-green-cyan-background-color has-background has-medium-font-size\"><strong><strong>BREU DESCRIPCI\u00d3 DE COM S\u2019ABORDEN&nbsp;ELS VECTORS&nbsp;EN AQUESTA SITUACI\u00d3 D\u2019APRENENTATGE<\/strong><\/strong><\/p>\n\n\n\n<p><strong>Aprenentatges competencials:<\/strong>&nbsp;Mitjan\u00e7ant l&#8217;\u00fas de diverses activitats i interaccions amb el Chat GPT, els estudiants desenvolupen habilitats competencials com la comunicaci\u00f3 efectiva, la resoluci\u00f3 de problemes t\u00e8cnics i l&#8217;avaluaci\u00f3 cr\u00edtica de la informaci\u00f3 generada per IA.<\/p>\n\n\n\n<p><strong>Perspectiva de g\u00e8nere:<\/strong>&nbsp;Es promou la reflexi\u00f3 sobre els possibles biaixos de g\u00e8nere i prejudicis que podrien emergir de l&#8217;IA generativa. Els estudiants exploren com aquestes tecnologies podrien refor\u00e7ar o desafiar estereotips de g\u00e8nere, fomentant la sensibilitat i el debat respecte a aquesta q\u00fcesti\u00f3.<\/p>\n\n\n\n<p><strong>Universalitat del curr\u00edculum:<\/strong>&nbsp;Els materials i activitats es dissenyen per ser accessibles i inclusius per a tots els estudiants, independentment de les seves capacitats o habilitats. S&#8217;ofereixen diverses opcions d&#8217;aprenentatge perqu\u00e8 cada estudiant pugui participar i aprendre segons les seves necessitats.<\/p>\n\n\n\n<p><strong>Qualitat de l&#8217;educaci\u00f3 de les lleng\u00fces:<\/strong>&nbsp;Es valora l&#8217;\u00fas de diverses lleng\u00fces i la traducci\u00f3 en les interaccions amb el Chat GPT. Els estudiants poden explorar com les IA generatives poden millorar l&#8217;aprenentatge de lleng\u00fces i comprendre els desafiaments i oportunitats relacionats amb la comunicaci\u00f3 multiling\u00fce.<\/p>\n\n\n\n<p><strong>Benestar emocional:<\/strong>&nbsp;Es promou un entorn d&#8217;aprenentatge segur i de suport, on els estudiants poden expressar les seves emocions i inquietuds relacionades amb l&#8217;\u00fas de la IA generativa.<\/p>\n<\/div>\n<\/div>\n\n\n\n<div style=\"height:20px\" aria-hidden=\"true\" class=\"wp-block-spacer\"><\/div>\n\n\n\n<div class=\"wp-block-columns caixa is-layout-flex wp-container-core-columns-is-layout-23 wp-block-columns-is-layout-flex\">\n<div class=\"wp-block-column is-layout-flow wp-block-column-is-layout-flow\">\n<p class=\"has-light-green-cyan-background-color has-background has-medium-font-size\"><strong>MESURES I SUPORTS UNIVERSALS<\/strong><\/p>\n\n\n\n<p>En aquesta situaci\u00f3 d&#8217;aprenentatge, es poden utilitzar les seg\u00fcents mesures i suports universals:<\/p>\n\n\n\n<ol class=\"wp-block-list\">\n<li><strong>Material Did\u00e0ctic Diversificat<\/strong>: Per acomodar els diferents estils d&#8217;aprenentatge, es proporcionaran materials en diferents formats, com textos escrits, v\u00eddeos, diagrames i imatges. A m\u00e9s, s&#8217;utilitzar\u00e0 un llenguatge clar i comprensible en tots els materials.<\/li>\n\n\n\n<li><strong>Aplicaci\u00f3 d&#8217;Estrat\u00e8gies Pedag\u00f2giques Flexibles<\/strong>: Es pot usar un enfocament basat en projectes per permetre als alumnes aprendre de manera aut\u00f2noma i a la vegada col\u00b7laborar amb els seus companys. Tamb\u00e9 s&#8217;inclour\u00e0 una varietat de m\u00e8todes d&#8217;ensenyament, com la instrucci\u00f3 directa, l&#8217;aprenentatge basat en problemes i el treball en grup.<\/li>\n\n\n\n<li><strong>Entorn Inclusiu<\/strong>: Es crear\u00e0 un entorn on tothom se senti valorat i respectat, independentment de les seves habilitats o coneixements previs. Aquest ambient fomentar\u00e0 la participaci\u00f3 activa de tots els alumnes.<\/li>\n\n\n\n<li><strong>Feedback Constant<\/strong>: Els professors proporcionaran una retroalimentaci\u00f3 constant i constructiva a tots els alumnes, no nom\u00e9s per corregir errors, sin\u00f3 tamb\u00e9 per ressaltar \u00e8xits i millorar la motivaci\u00f3.<\/li>\n\n\n\n<li><strong>Adaptaci\u00f3 de la Temporitzaci\u00f3<\/strong>: Es podr\u00e0 ajustar el ritme de treball per acomodar als alumnes que necessitin m\u00e9s temps per completar les tasques.<\/li>\n\n\n\n<li><strong>\u00das de Tecnologies Adaptades<\/strong>: En la mesura del possible, s&#8217;utilitzar\u00e0 tecnologia que pugui ser adaptada a les necessitats individuals dels alumnes, com ara programari de lectura de text, teclats adaptats o ajustos d&#8217;accessibilitat en ordinadors.<\/li>\n<\/ol>\n<\/div>\n<\/div>\n\n\n\n<div style=\"height:30px\" aria-hidden=\"true\" class=\"wp-block-spacer\"><\/div>\n\n\n\n<div style=\"height:20px\" aria-hidden=\"true\" class=\"wp-block-spacer\"><\/div>\n\n\n\n<div style=\"height:30px\" aria-hidden=\"true\" class=\"wp-block-spacer\"><\/div>\n\n\n\n<div class=\"wp-block-columns caixa is-layout-flex wp-container-core-columns-is-layout-24 wp-block-columns-is-layout-flex\">\n<div class=\"wp-block-column is-layout-flow wp-block-column-is-layout-flow\">\n<p class=\"has-light-green-cyan-background-color has-background has-medium-font-size\"><strong>MESURES I SUPORTS UNIVERSALS<\/strong><\/p>\n\n\n\n<p>En aquesta situaci\u00f3 d&#8217;aprenentatge, es poden utilitzar les seg\u00fcents mesures i suports universals:<\/p>\n\n\n\n<ol class=\"wp-block-list\">\n<li><strong>Material Did\u00e0ctic Diversificat<\/strong>: Per acomodar els diferents estils d&#8217;aprenentatge, es proporcionaran materials en diferents formats, com textos escrits, v\u00eddeos, diagrames i imatges. A m\u00e9s, s&#8217;utilitzar\u00e0 un llenguatge clar i comprensible en tots els materials.<\/li>\n\n\n\n<li><strong>Aplicaci\u00f3 d&#8217;Estrat\u00e8gies Pedag\u00f2giques Flexibles<\/strong>: Es pot usar un enfocament basat en projectes per permetre als alumnes aprendre de manera aut\u00f2noma i a la vegada col\u00b7laborar amb els seus companys. Tamb\u00e9 s&#8217;inclour\u00e0 una varietat de m\u00e8todes d&#8217;ensenyament, com la instrucci\u00f3 directa, l&#8217;aprenentatge basat en problemes i el treball en grup.<\/li>\n\n\n\n<li><strong>Entorn Inclusiu<\/strong>: Es crear\u00e0 un entorn on tothom se senti valorat i respectat, independentment de les seves habilitats o coneixements previs. Aquest ambient fomentar\u00e0 la participaci\u00f3 activa de tots els alumnes.<\/li>\n\n\n\n<li><strong>Feedback Constant<\/strong>: Els professors proporcionaran una retroalimentaci\u00f3 constant i constructiva a tots els alumnes, no nom\u00e9s per corregir errors, sin\u00f3 tamb\u00e9 per ressaltar \u00e8xits i millorar la motivaci\u00f3.<\/li>\n\n\n\n<li><strong>Adaptaci\u00f3 de la Temporitzaci\u00f3<\/strong>: Es podr\u00e0 ajustar el ritme de treball per acomodar als alumnes que necessitin m\u00e9s temps per completar les tasques.<\/li>\n\n\n\n<li><strong>\u00das de Tecnologies Adaptades<\/strong>: En la mesura del possible, s&#8217;utilitzar\u00e0 tecnologia que pugui ser adaptada a les necessitats individuals dels alumnes, com ara programari de lectura de text, teclats adaptats o ajustos d&#8217;accessibilitat en ordinadors.<\/li>\n<\/ol>\n<\/div>\n<\/div>\n\n\n\n<div style=\"height:30px\" aria-hidden=\"true\" class=\"wp-block-spacer\"><\/div>\n\n\n\n<div class=\"wp-block-columns caixa is-layout-flex wp-container-core-columns-is-layout-25 wp-block-columns-is-layout-flex\">\n<div class=\"wp-block-column is-layout-flow wp-block-column-is-layout-flow\">\n<p class=\"has-light-green-cyan-background-color has-background has-medium-font-size\"><strong>DESENVOLUPAMENT DE LA SESSI\u00d3<\/strong><\/p>\n<\/div>\n<\/div>\n\n\n\n<div style=\"height:30px\" aria-hidden=\"true\" class=\"wp-block-spacer\"><\/div>\n\n\n\n<div class=\"wp-block-columns caixa is-layout-flex wp-container-core-columns-is-layout-26 wp-block-columns-is-layout-flex\">\n<div class=\"wp-block-column is-layout-flow wp-block-column-is-layout-flow\">\n<p class=\"has-light-green-cyan-background-color has-background has-medium-font-size\"><strong>Introducci\u00f3 a les IA generatives: Chat GPT<\/strong><\/p>\n\n\n\n<p>En aquesta situaci\u00f3 d&#8217;aprenentatge treballarem sobre la import\u00e0ncia d&#8217;aprendre a utilitzar la intel\u00b7lig\u00e8ncia artificial (IA) generativa en el marc de l&#8217;escola. En un m\u00f3n en constant evoluci\u00f3, la IA \u00e9s una tecnologia queens portar\u00e0t canvis significatius. I dins d&#8217;aquest \u00e0mbit, trobem les IA generatives, comper exemple el model ChatGPT amb el qual s&#8217;ha redactat algunes parts d&#8217;aquest material.<\/p>\n\n\n\n<h2 class=\"wp-block-heading has-light-green-cyan-background-color has-background has-medium-font-size\">Motius per estudiar les IA Generatives<\/h2>\n\n\n\n<ol class=\"wp-block-list\">\n<li><strong>Creativitat i autoexpressi\u00f3:<\/strong>&nbsp;Aquestes tecnologies poden generar textos, imatges i fins i tot m\u00fasica. Enriquir les vostres habilitats creatives amb l&#8217;ajuda d&#8217;aquestes eines us permetr\u00e0 explorar noves formes d&#8217;expressar-vos.<\/li>\n\n\n\n<li><strong>Desenvolupament personal:<\/strong>&nbsp;Les IA generatives poden ser com a assistents personals en l&#8217;aprenentatge. Us poden ajudar a investigar temes, resoldre dubtes i fins i tot generar idees per a projectes escolars.<\/li>\n\n\n\n<li><strong>Comprensi\u00f3 tecnol\u00f2gica:<\/strong>&nbsp;En un m\u00f3n cada vegada m\u00e9s digital, comprendre com funcionen aquestes IA us donar\u00e0 una base m\u00e9s profunda en tecnologia i us ajudar\u00e0 a afrontar els reptes del futur.<\/li>\n\n\n\n<li><strong>Col\u00b7laboraci\u00f3 amb m\u00e0quines:<\/strong>&nbsp;Les IA generatives poden ser aliades en la vostra tasca d&#8217;aprenentatge. Us ajuden a generar continguts, millorar les vostres redaccions i fins i tot oferir perspectives alternatives sobre els temes que esteu explorant.<\/li>\n\n\n\n<li><strong>Preparaci\u00f3 per al futur:<\/strong>&nbsp;Aquestes habilitats no nom\u00e9s us seran \u00fatils durant els vostres anys escolars, sin\u00f3 que tamb\u00e9 us proporcionaran una avantatja quan entreu en el m\u00f3n laboral, que cada cop m\u00e9s abra\u00e7a la IA.<\/li>\n<\/ol>\n\n\n\n<p>En resum, aprendre a utilitzar les IA generatives us ofereix una oportunitat per enriquir-vos personalment, comprendre el m\u00f3n tecnol\u00f2gic que us envolta i preparar-vos per al futur. Aprofiteu aquesta situaci\u00f3 d&#8217;aprenentatge per aprofundir en aquest camp emocionant i en constant evoluci\u00f3.<\/p>\n\n\n\n<h1 class=\"wp-block-heading has-light-green-cyan-background-color has-background has-medium-font-size\">Breu hist\u00f2ria de Chat GPT<\/h1>\n\n\n\n<p>El 30 de novembre de 2022 ChatGPT es va oferir al gran p\u00fablic. El nom prov\u00e9 de &#8220;chat&#8221;, que en angl\u00e8s significa &#8220;conversa&#8221;, i GPT, que \u00e9s un acr\u00f2nim de &#8220;Generative Pretrained Transformer&#8221;, el nom del tipus de model d&#8217;aprenentatge autom\u00e0tic utilitzat per OpenAI.<\/p>\n\n\n\n<p>Des d&#8217;aquell moment, se&#8217;n parla habitualment als mitjans de comunicaci\u00f3. De fet, aquest agent conversacional de l&#8217;empresa Open AI va provocar ua aut\u00e8ntic allau medi\u00e0tic. Socialment \u00e9s un fenomen indiscutible. A les festes de nadal de 2022, un mes despr\u00e9s de la seva aparici\u00f3, entre familiars o amics, i a moltes feines es parlava de ChatGPT, Midjourney, Stable Diffusion o Dalle-E (generadores de im\u00e1genes).&nbsp;ja que a febrer de 2023 s&#8217;estimava que sols Chat GPT tenia 100 milions d&#8217;usuaris.<\/p>\n\n\n\n<h1 class=\"wp-block-heading has-light-green-cyan-background-color has-background has-medium-font-size\"><strong>Una imatge val m\u00e9s que mil paraules<\/strong><\/h1>\n\n\n\n<p>Amb l&#8217;aven\u00e7 de les xarxes neuronals profundes i l&#8217;\u00fas de dades massives, les IA generatives d&#8217;imatges van arribar a produir imatges i resultats m\u00e9s sofisticats. Van sorgir models com DALL-E, capa\u00e7os de generar imatges a partir de descripcions textuals, i CLIP, capa\u00e7os de comprendre imatges i text per trobar correspond\u00e8ncies.<a href=\"https:\/\/n9o1zszuzdqddwu4qw28nq.on.drv.tw\/1_EL_IA_GENERATIVES\/#\"><\/a><\/p>\n\n\n\n<ol class=\"wp-block-list\">\n<li><\/li>\n<\/ol>\n\n\n\n<ol class=\"wp-block-list\">\n<li><\/li>\n<\/ol>\n<\/div>\n<\/div>\n\n\n\n<div style=\"height:30px\" aria-hidden=\"true\" class=\"wp-block-spacer\"><\/div>\n\n\n\n<div class=\"wp-block-columns caixa is-layout-flex wp-container-core-columns-is-layout-28 wp-block-columns-is-layout-flex\">\n<div class=\"wp-block-column is-layout-flow wp-block-column-is-layout-flow\">\n<p class=\"has-light-green-cyan-background-color has-background has-medium-font-size\"><strong>1. El debat sobre IA originat per Chat GPT<\/strong><\/p>\n\n\n\n<p>L&#8217;aparici\u00f3 de Chat GPT ha aconseguit diverses coses:<\/p>\n\n\n\n<ul class=\"wp-block-list\">\n<li>De sobte, tothom a les xarxes presumia de ser un expert en IA<\/li>\n\n\n\n<li>Moltes empreses digitals han ofert serveis equivalents.&nbsp;Bard de Google ofereix un servei equivalent que va estar disponible a Espanya el juliol de 2023.<\/li>\n\n\n\n<li>Es demanen i es porten a terme debats sobre les implicacions \u00e8tiques de les IA generatives.<\/li>\n<\/ul>\n\n\n\n<p>Quines s\u00f3n les conseq\u00fc\u00e8ncies que tant ens preocupen:<\/p>\n\n\n\n<div class=\"wp-block-columns are-vertically-aligned-center is-layout-flex wp-container-core-columns-is-layout-27 wp-block-columns-is-layout-flex\">\n<div class=\"wp-block-column is-vertically-aligned-center is-layout-flow wp-block-column-is-layout-flow\">\n<figure class=\"wp-block-image aligncenter size-full\"><a href=\"https:\/\/projectes.xtec.cat\/ia\/wp-content\/uploads\/usu2387\/2024\/05\/PAPA.png\"><img loading=\"lazy\" decoding=\"async\" width=\"348\" height=\"438\" src=\"https:\/\/projectes.xtec.cat\/ia\/wp-content\/uploads\/usu2387\/2024\/05\/PAPA.png\" alt=\"\" class=\"wp-image-10196\" srcset=\"https:\/\/projectes.xtec.cat\/ia\/wp-content\/uploads\/usu2387\/2024\/05\/PAPA.png 348w, https:\/\/projectes.xtec.cat\/ia\/wp-content\/uploads\/usu2387\/2024\/05\/PAPA-238x300.png 238w\" sizes=\"auto, (max-width: 348px) 100vw, 348px\" \/><\/a><\/figure>\n\n\n\n<p class=\"has-text-align-center has-small-font-size\">Autor: PABLO XAVIER V\u00cdA MIDJOURNEY (Font:&nbsp;<a href=\"https:\/\/elpais.com\/tecnologia\/2023-04-01\/por-que-nos-hemos-creido-la-foto-del-papa-con-el-abrigo-blanco.html\">El pa\u00eds<\/a>&nbsp;versi\u00f3 digital)<\/p>\n<\/div>\n\n\n\n<div class=\"wp-block-column is-layout-flow wp-block-column-is-layout-flow\">\n<ul class=\"wp-block-list\">\n<li><strong>Desinformaci\u00f3.&nbsp;<\/strong>Fotos i v\u00eddeos falsos.&nbsp;La imatge generada per intel\u00b7lig\u00e8ncia artificial generativa del papa Francisco NO es una foto real.<\/li>\n\n\n\n<li><strong>Drets d&#8217;autor.<\/strong>&nbsp;A qui pertany el producte que genera una IA generativa?<\/li>\n\n\n\n<li><strong>Impacte laboral.<\/strong>&nbsp;Quins llocs de treball es veuen amena\u00e7ats per aquestes tecnologies?<\/li>\n\n\n\n<li><strong>Impacte a l&#8217;educaci\u00f3<\/strong>. Com hem de pensar una escola on una m\u00e0quina pot fer moltes feines per un estudiant?<\/li>\n\n\n\n<li>Impacte a la protecci\u00f3 de dades.&nbsp;<strong>Aquelles dades que oferim al Chat,<\/strong>&nbsp;amb l&#8217;intenci\u00f3 que millori el seu funcionament, podrien ser sensibles i no est\u00e0 clar qu\u00e8 en fan les empreses amb elles.<\/li>\n<\/ul>\n<\/div>\n<\/div>\n\n\n\n<p>&nbsp;Tanmateix, per animar el debat, hi ha qui promet beneficis extraordinaris gr\u00e0cies a aquestes tecnologies com la millora de la productivitat.<\/p>\n\n\n\n<h1 class=\"wp-block-heading has-light-green-cyan-background-color has-background has-medium-font-size\">Activitat 1. World Building i creaci\u00f3 d&#8217;escenaris<\/h1>\n\n\n\n<p><strong>En aquest pas, els alumnes treballareu en petits grups per desenvolupar diversos escenaris possibles en relaci\u00f3 amb l&#8217;impacte de la tecnologia de IA generativa en els diferents \u00e0mbits identificats (desinformaci\u00f3, etc.) o d&#8217;altres \u00e0mbits que creieu addients.<\/strong><\/p>\n\n\n\n<p>Programaci\u00f3 de l&#8217;activitat<\/p>\n\n\n\n<ol class=\"wp-block-list\">\n<li><strong>Definici\u00f3 de l&#8217;\u00c0mbit:<\/strong>&nbsp;Cada grup haur\u00e0 d&#8217;escollir un o diversos \u00e0mbits espec\u00edfics (desinformaci\u00f3, drets d&#8217;autor, etc.) i definir-los clarament perqu\u00e8 tots els membres del grup estiguin en la mateixa p\u00e0gina.<\/li>\n\n\n\n<li><strong>Brainstorming:<\/strong>&nbsp;Els membres del grup hauran de generar una s\u00e8rie d&#8217;idees i possibles escenaris relacionats amb l&#8217;impacte de la IA generativa en els ambits triats. Encoratgeu-los a pensar tant en situacions positives com negatives i a ser creatius en la seva aproximaci\u00f3.<\/li>\n\n\n\n<li><strong>Selecci\u00f3 d&#8217;Escenaris:<\/strong>&nbsp;Una vegada que hagin generat una llista d&#8217;idees, el grup ha de seleccionar les dues o tres idees m\u00e9s interessants o impactants per explorar-les amb m\u00e9s profunditat.<\/li>\n\n\n\n<li><strong>Detall dels Escenaris:<\/strong>&nbsp;Per a cada escenari seleccionat, el grup haur\u00e0 de proporcionar una descripci\u00f3 detallada de com podria desenvolupar-se aquest escenari en el futur. Aix\u00f2 hauria d&#8217;incloure factors com canvis en la din\u00e0mica social, tecnol\u00f2gica, econ\u00f2mica i cultural. (Teniu una&nbsp;<a href=\"https:\/\/www.eltinteroeditorial.com\/como-crear-un-mundo-perfecto-o-worldbuilding\">refer\u00e8ncia al wordbuilding<\/a>).<\/li>\n\n\n\n<li><strong>Conseq\u00fc\u00e8ncies i Reflexions:<\/strong>&nbsp;Per a cada escenari, els alumnes hauran de considerar les conseq\u00fc\u00e8ncies positives i negatives que podrien sorgir. Aix\u00f2 pot incloure canvis en el comportament hum\u00e0, les din\u00e0miques de poder, les relacions socials i les pol\u00edtiques.<\/li>\n\n\n\n<li><strong>Presentaci\u00f3 dels Escenaris:<\/strong>&nbsp;Cada grup haur\u00e0 de presentar els seus escenaris davant la resta en el format que vulgui: teatralitzaci\u00f3, podcast, v\u00eddeo, exposici\u00f3 amb presentaci\u00f3 digital, etc.<\/li>\n<\/ol>\n\n\n\n<ol class=\"wp-block-list\">\n<li><\/li>\n<\/ol>\n\n\n\n<ol class=\"wp-block-list\">\n<li><\/li>\n<\/ol>\n<\/div>\n<\/div>\n\n\n\n<div style=\"height:30px\" aria-hidden=\"true\" class=\"wp-block-spacer\"><\/div>\n\n\n\n<div class=\"wp-block-columns caixa is-layout-flex wp-container-core-columns-is-layout-33 wp-block-columns-is-layout-flex\">\n<div class=\"wp-block-column is-layout-flow wp-block-column-is-layout-flow\">\n<p class=\"has-light-green-cyan-background-color has-background has-medium-font-size\"><strong>R\u00fabrica<\/strong><\/p>\n\n\n\n<p class=\"has-text-align-center\"><em>scenari futur de l&#8217;IA&nbsp;<\/em><a href=\"https:\/\/n9o1zszuzdqddwu4qw28nq.on.drv.tw\/1_EL_IA_GENERATIVES\/1_el_debat_sobre_ia_originat_per_chat_gpt.html#\">Aplica<\/a><\/p>\n\n\n\n<div class=\"wp-block-columns is-layout-flex wp-container-core-columns-is-layout-29 wp-block-columns-is-layout-flex\">\n<div class=\"wp-block-column is-layout-flow wp-block-column-is-layout-flow\">\n<p><\/p>\n<\/div>\n\n\n\n<div class=\"wp-block-column is-layout-flow wp-block-column-is-layout-flow\">\n<p><strong>Assoliment Alt<\/strong><\/p>\n<\/div>\n\n\n\n<div class=\"wp-block-column is-layout-flow wp-block-column-is-layout-flow\">\n<p><strong>Assoliment mitj\u00e0<\/strong><\/p>\n<\/div>\n\n\n\n<div class=\"wp-block-column is-layout-flow wp-block-column-is-layout-flow\">\n<p><strong>Assoliment Alt<\/strong><\/p>\n<\/div>\n<\/div>\n\n\n\n<div class=\"wp-block-columns is-layout-flex wp-container-core-columns-is-layout-30 wp-block-columns-is-layout-flex\">\n<div class=\"wp-block-column is-layout-flow wp-block-column-is-layout-flow\">\n<p><strong>Utilitzaci\u00f3 d&#8217;eines inform\u00e0tiques<\/strong><\/p>\n<\/div>\n\n\n\n<div class=\"wp-block-column is-layout-flow wp-block-column-is-layout-flow\">\n<p>Utilitzen amb destresa i efic\u00e0cia diferents eines inform\u00e0tiques i plataformes per crear i presentar l&#8217;escenari. Demostren una comprensi\u00f3 profunda del maquinari i dels sistemes operatius, resolent problemes t\u00e8cnics amb habilitat.&nbsp;(3)<\/p>\n<\/div>\n\n\n\n<div class=\"wp-block-column is-layout-flow wp-block-column-is-layout-flow\">\n<p>Utilitzen amb habilitat diverses eines inform\u00e0tiques i plataformes per crear l&#8217;escenari, demostrant comprensi\u00f3 suficient del maquinari i dels sistemes operatius per a la majoria dels problemes t\u00e8cnics.&nbsp;(2)<\/p>\n<\/div>\n\n\n\n<div class=\"wp-block-column is-layout-flow wp-block-column-is-layout-flow\">\n<p>Utilitzen de manera b\u00e0sica algunes eines inform\u00e0tiques i plataformes per crear l&#8217;escenari, per\u00f2 amb algunes dificultats en la resoluci\u00f3 de problemes t\u00e8cnics.&nbsp;(1)<\/p>\n<\/div>\n<\/div>\n\n\n\n<div class=\"wp-block-columns is-layout-flex wp-container-core-columns-is-layout-31 wp-block-columns-is-layout-flex\">\n<div class=\"wp-block-column is-layout-flow wp-block-column-is-layout-flow\">\n<p><strong>Creativitat i Qualitat<\/strong><\/p>\n<\/div>\n\n\n\n<div class=\"wp-block-column is-layout-flow wp-block-column-is-layout-flow\">\n<p>Demonstren una gran creativitat i originalitat en la creaci\u00f3 de l&#8217;escenari, amb una presentaci\u00f3 molt atractiva i professional. El contingut \u00e9s altament persuasiu i ben elaborat. (3)<\/p>\n<\/div>\n\n\n\n<div class=\"wp-block-column is-layout-flow wp-block-column-is-layout-flow\">\n<p>Mostren creativitat i originalitat en la creaci\u00f3 de l&#8217;escenari, amb una presentaci\u00f3 adequada i coherent. El contingut \u00e9s persuasiu i ben elaborat.&nbsp;(2)<\/p>\n<\/div>\n\n\n\n<div class=\"wp-block-column is-layout-flow wp-block-column-is-layout-flow\">\n<p>Mostren poc nivell de creativitat i originalitat en la creaci\u00f3 de l&#8217;escenari, amb una presentaci\u00f3 b\u00e0sica. El contingut pot ser menys persuasiu o poc ben elaborat.&nbsp;(1)<\/p>\n<\/div>\n<\/div>\n\n\n\n<div class=\"wp-block-columns is-layout-flex wp-container-core-columns-is-layout-32 wp-block-columns-is-layout-flex\">\n<div class=\"wp-block-column is-layout-flow wp-block-column-is-layout-flow\">\n<p><strong>Coher\u00e8ncia i Detall<\/strong><\/p>\n<\/div>\n\n\n\n<div class=\"wp-block-column is-layout-flow wp-block-column-is-layout-flow\">\n<p>L&#8217;escenari est\u00e0 altament estructurat i organitzat, amb un alt nivell de detall en les descripcions. Les connexions i interrelacions s\u00f3n molt clares i ben desenvolupades.&nbsp;(3)<\/p>\n<\/div>\n\n\n\n<div class=\"wp-block-column is-layout-flow wp-block-column-is-layout-flow\">\n<p>L&#8217;escenari est\u00e0 ben estructurat i organitzat, amb un nivell adequat de detall en les descripcions. Les connexions i interrelacions s\u00f3n clares i desenvolupades.&nbsp;(2)<\/p>\n<\/div>\n\n\n\n<div class=\"wp-block-column is-layout-flow wp-block-column-is-layout-flow\">\n<p>L&#8217;escenari pot mancar d&#8217;estructura i organitzaci\u00f3, amb poca profunditat en les descripcions. Les connexions i interrelacions poden ser poc clares o poc desenvolupades.&nbsp;(1)<\/p>\n<\/div>\n<\/div>\n\n\n\n<ol class=\"wp-block-list\">\n<li><\/li>\n<\/ol>\n\n\n\n<ol class=\"wp-block-list\">\n<li><\/li>\n<\/ol>\n<\/div>\n<\/div>\n\n\n\n<div style=\"height:30px\" aria-hidden=\"true\" class=\"wp-block-spacer\"><\/div>\n\n\n\n<div class=\"wp-block-columns caixa is-layout-flex wp-container-core-columns-is-layout-35 wp-block-columns-is-layout-flex\">\n<div class=\"wp-block-column is-layout-flow wp-block-column-is-layout-flow\">\n<p class=\"has-light-green-cyan-background-color has-background has-medium-font-size\"><strong>2. Com ens enten Chat GPT?<\/strong><\/p>\n\n\n\n<p class=\"has-light-green-cyan-background-color has-background has-medium-font-size\"><strong>L&#8217;habitaci\u00f3 xinesa<\/strong><\/p>\n\n\n\n<p>L&#8217;analogia de l&#8217;habitaci\u00f3 xinesa \u00e9s una eina valuosa per a comprendre la intel\u00b7lig\u00e8ncia artificial.<\/p>\n\n\n\n<div class=\"wp-block-columns is-layout-flex wp-container-core-columns-is-layout-34 wp-block-columns-is-layout-flex\">\n<div class=\"wp-block-column is-layout-flow wp-block-column-is-layout-flow\" style=\"flex-basis:66.66%\">\n<p>Imagina&#8217;t que tenim una &#8220;habitaci\u00f3 xinesa&#8221;, una mena d&#8217;habitaci\u00f3 enigm\u00e0tica amb dues obertures: una d&#8217;entrada i una altre de sortida. Encara que desconeguem el seu funcionament intern, tenim la capacitat de subministrar-li informaci\u00f3 per la ranura d&#8217;entrada i, com a resposta, rebre&#8217;n resultats per la ranura de sortida. Suposa que en aquesta habitaci\u00f3 tenim a una persona que rep els missatges i els contesta. La persona no sap xin\u00e8s i el que est\u00e0 a fora li escriu els missatges en xin\u00e8s. Si la persona de dins de l&#8217;habitaci\u00f3 t\u00e9 un llibre de frases podria comunicar-se &nbsp;en xin\u00e8s.<\/p>\n\n\n\n<p>Aix\u00ed \u00e9s com alguns sistemes d&#8217;intel\u00b7lig\u00e8ncia artificial operen, emmagatzemant una gran quantitat d&#8217;informaci\u00f3 a l&#8217;interior de l&#8217;habitaci\u00f3, mentre nosaltres nom\u00e9s percebem all\u00f2 que surt com a resposta.<\/p>\n\n\n\n<p>Article Vikip\u00e8dia&nbsp;<a href=\"https:\/\/ca.wikipedia.org\/wiki\/Habitaci%C3%B3_xinesa\">Habitaci\u00f3 xinesa<\/a>.<\/p>\n<\/div>\n\n\n\n<div class=\"wp-block-column is-layout-flow wp-block-column-is-layout-flow\" style=\"flex-basis:33.33%\">\n<figure class=\"wp-block-image aligncenter size-full is-resized\"><a href=\"https:\/\/projectes.xtec.cat\/ia\/wp-content\/uploads\/usu2387\/2024\/05\/habitacio_xinsea.png\"><img loading=\"lazy\" decoding=\"async\" width=\"300\" height=\"360\" src=\"https:\/\/projectes.xtec.cat\/ia\/wp-content\/uploads\/usu2387\/2024\/05\/habitacio_xinsea.png\" alt=\"\" class=\"wp-image-10198\" style=\"aspect-ratio:0.8333333333333334;width:300px;height:auto\" srcset=\"https:\/\/projectes.xtec.cat\/ia\/wp-content\/uploads\/usu2387\/2024\/05\/habitacio_xinsea.png 300w, https:\/\/projectes.xtec.cat\/ia\/wp-content\/uploads\/usu2387\/2024\/05\/habitacio_xinsea-250x300.png 250w\" sizes=\"auto, (max-width: 300px) 100vw, 300px\" \/><\/a><\/figure>\n\n\n\n<p class=\"has-text-align-center\">Imatge generada per&nbsp;<a href=\"https:\/\/stablediffusionweb.com\/\">Stable Diffusion,<\/a><\/p>\n<\/div>\n<\/div>\n\n\n\n<h1 class=\"wp-block-heading has-light-green-cyan-background-color has-background has-medium-font-size\">Cas d&#8217;estudi 1: An\u00e0lisi d&#8217;una resposta de Chat GPT<\/h1>\n\n\n\n<p><strong>Li demanem a Chat GPT que ens ajudi a buscar un objecte perdut.<\/strong><\/p>\n\n\n\n<p><strong>&#8220;Et demano que m&#8217;ajudis a trobar les ulleres per llegir. No s\u00e9 on les he deixades ahir a la nit.&#8221;<\/strong><\/p>\n\n\n\n<p><strong>Estudi del cas (20 minuts)<\/strong><\/p>\n\n\n\n<p><strong>Activitat A<\/strong><\/p>\n\n\n\n<p>Discutiu per grups i fent pluja d&#8217;idees de consells que donar\u00edeu a una persona que us hagi fet la mateixa pregunta que li hem fet a Chat GPT.<\/p>\n\n\n\n<p><strong>Activitat B. Haur\u00e0 donat Chat GPT aquests consells?<\/strong><\/p>\n\n\n\n<ol class=\"wp-block-list\">\n<li>Clica el bot\u00f3 blau per veure la resposta de Chat GPT<\/li>\n\n\n\n<li>S\u00f3n raonables (de sentit com\u00fa) els consells que dona?&nbsp;<\/li>\n\n\n\n<li>Hi ha alguna errada en aquesta llista?<\/li>\n\n\n\n<li>S&#8217;assemblen a la vostra llista? Quines difer\u00e8ncies hi ha?<\/li>\n<\/ol>\n\n\n\n<div class=\"wp-block-getwid-accordion has-icon-left\" data-active-element=\"none\">\n<div class=\"wp-block-getwid-accordion__header-wrapper\"><span class=\"wp-block-getwid-accordion__header\"><a href=\"#\"><span class=\"wp-block-getwid-accordion__header-title\"><strong>Clicar un cop heu acabat l&#8217;activitat A per veure la resposta que va donar Chat GPT<\/strong><\/span><span class=\"wp-block-getwid-accordion__icon is-active\"><i class=\"fas fa-plus\"><\/i><\/span><span class=\"wp-block-getwid-accordion__icon is-passive\"><i class=\"fas fa-minus\"><\/i><\/span><\/a><\/span><\/div><div class=\"wp-block-getwid-accordion__content-wrapper\"><div class=\"wp-block-getwid-accordion__content\">\n<p>Ho entenc, buscar les ulleres pot ser frustrant. Aqu\u00ed tens alguns consells per ajudar-te a trobar-les:<\/p>\n\n\n\n<ol class=\"wp-block-list\">\n<li><strong>Pensa en els teus passos:<\/strong>&nbsp;Intenta recordar qu\u00e8 vas fer despr\u00e9s de treure-te les ulleres ahir a la nit. Aix\u00f2 podria donar-te una idea de lloc on podries haver-les deixat.<\/li>\n\n\n\n<li><strong>Inspecciona els llocs habituals:<\/strong>&nbsp;Comprova els llocs on sols deixar les ulleres normalment, com la tauleta de nit, el lavabo o l&#8217;espai on llegies ahir.<\/li>\n\n\n\n<li><strong>Llum adequada:<\/strong>&nbsp;Utilitza una bona llum mentre busques. A vegades, les ulleres es poden barrejar amb els objectes propers.<\/li>\n\n\n\n<li><strong>Recorre les habitacions:<\/strong>&nbsp;Potser les vas portar a una altra habitaci\u00f3 sense adonar-te&#8217;n. Inspecciona totes les habitacions on podries haver-les portat.<\/li>\n\n\n\n<li><strong>Mira al terra:<\/strong>&nbsp;Sovint, les ulleres es poden caure i acabar sota mobles o objectes. No oblidis mirar b\u00e9 per terra.<\/li>\n\n\n\n<li><strong>Preguntes als altres:<\/strong>&nbsp;Si alg\u00fa m\u00e9s estava al teu voltant ahir a la nit, pregunta si van veure on vas deixar les ulleres.<\/li>\n\n\n\n<li><strong>Segueix els teus passos:<\/strong>&nbsp;Si recordes el que vas fer abans d&#8217;anar al llit, pots seguir els teus passos des de llavors per trobar-les.<\/li>\n\n\n\n<li><strong>Utilitza l&#8217;ajuda tecnol\u00f2gica:<\/strong>&nbsp;Algunes persones troben \u00fatil fer servir el tel\u00e8fon m\u00f2bil i encendre la llum del flash per buscar dins de racons foscos.<\/li>\n<\/ol>\n\n\n\n<p>Espero que aquests consells t&#8217;ajudin a trobar les teves ulleres!<\/p>\n<\/div><\/div>\n<\/div>\n\n\n\n<h1 class=\"wp-block-heading has-light-green-cyan-background-color has-background has-medium-font-size\">Cas d&#8217;estudi 2: An\u00e0lisi d&#8217;una situaci\u00f3<\/h1>\n\n\n\n<p><a href=\"https:\/\/n9o1zszuzdqddwu4qw28nq.on.drv.tw\/1_EL_IA_GENERATIVES\/2_com_ens_enten_chat_gpt.html#\"><\/a><\/p>\n\n\n\n<p>Li fem una consulta gen\u00e8rica del que observem al nostre entorn a Chat GPT i li demanem que faci una explicaci\u00f3.<\/p>\n\n\n\n<p>&#8220;Vaig a explicar-te una situaci\u00f3: visc en un bloc de pisos molt normal. Hi ha tres plantes amb tres portes a cada planta. La consola del porter electr\u00f2nic (sistema d&#8217;interfon i opertura de porta remota) que hi ha a la porta d&#8217;entrada a l&#8217;edifici t\u00e9 4 botons per a cada planta. El quart bot\u00f3 de cada planta no t\u00e9 r\u00e9tol i no comunica amb ning\u00fa. Em pots explicar perqu\u00e8 hi ha aquesta consola?&#8221;<\/p>\n\n\n\n<p>La resposta ha estat:<\/p>\n\n\n\n<p>Clar! Sembla que aquesta consola del porter electr\u00f2nic amb els quatre botons per a cada planta t\u00e9 un prop\u00f2sit interessant. A continuaci\u00f3, et donar\u00e9 una explicaci\u00f3 de per qu\u00e8 podria estar present aquest quart bot\u00f3 sense r\u00e8tol:<\/p>\n\n\n\n<ul class=\"wp-block-list\">\n<li><strong>Emerg\u00e8ncies:<\/strong>&nbsp;Aquest bot\u00f3 podria estar reservat per a situacions d&#8217;emerg\u00e8ncia, com incendis o altres riscos. Premre aquest bot\u00f3 podria activar una alerta als serveis d&#8217;emerg\u00e8ncia o al porter per garantir la seguretat dels residents.<\/li>\n\n\n\n<li><strong>Servei t\u00e8cnic:<\/strong>&nbsp;Potser aquest bot\u00f3 \u00e9s utilitzat pel servei de manteniment o t\u00e8cnic. Quan es pressiona, pot alertar als encarregats de les reparacions o el manteniment d&#8217;alguna avaria o problema a l&#8217;edifici.<\/li>\n\n\n\n<li><strong>Acc\u00e9s restringit:<\/strong>&nbsp;El bot\u00f3 sense r\u00e8tol podria ser una forma d&#8217;acc\u00e9s restringit per a certs moments. Pot ser que sigui utilitzat pels personal autoritzat o per als serveis de l&#8217;edifici que necessitin accedir a les plantes.<\/li>\n\n\n\n<li><strong>Actualitzacions futures:<\/strong>&nbsp;A vegades, aquest tipus de botons poden estar planificats per a funcions futures. Encara que ara no tingui un \u00fas clar, podria ser preparat per a una actualitzaci\u00f3 o funci\u00f3 addicional.<\/li>\n\n\n\n<li><strong>Errada de disseny:<\/strong>&nbsp;Tamb\u00e9 \u00e9s possible que el quart bot\u00f3 sense r\u00e8tol sigui simplement una errada de disseny o un error, i no tingui cap funci\u00f3 real.<\/li>\n<\/ul>\n\n\n\n<p>En resum, aquest quart bot\u00f3 podria tenir diverses finalitats possibles, com ara situacions d&#8217;emerg\u00e8ncia, serveis t\u00e8cnics o accessos restringits. Pot ser una part important del pla de seguretat i funcionament de l&#8217;edifici, encara que en aquests moments no tingui una funci\u00f3 aparent.<\/p>\n\n\n\n<p><strong>Estudi del cas 2 &#8211; 30 minuts<\/strong><\/p>\n\n\n\n<p>En petit grup, heu de discutir aquests tres aspectes de la resposta:<\/p>\n\n\n\n<ol class=\"wp-block-list\">\n<li>L&#8217;estructura general del text. Segueix Chat GPT una organitzaci\u00f3 l\u00f2gica per a generar les seves respostes?<\/li>\n\n\n\n<li>Ordeneu les cinc causes o explicacions de la m\u00e9s probable a la m\u00e9s improbable. Veureu que no es corresp\u00f3n amb l&#8217;ordre que us ha donat Chat GPT. Explica els motius.&nbsp;<\/li>\n\n\n\n<li>Quina de les raons que ha donat \u00e9s gaireb\u00e9 impossible? Perqu\u00e8 la pot haver incl\u00f3s Chat GPT?<\/li>\n<\/ol>\n\n\n\n<p>Redacteu al menys 3 conclusions en forma de frase curta i concisa.<\/p>\n\n\n\n<div class=\"wp-block-getwid-accordion has-icon-left\" data-active-element=\"none\">\n<div class=\"wp-block-getwid-accordion__header-wrapper\"><span class=\"wp-block-getwid-accordion__header\"><a href=\"#\"><span class=\"wp-block-getwid-accordion__header-title\"><strong>Cliqueu quan tingueula resposta<\/strong><\/span><span class=\"wp-block-getwid-accordion__icon is-active\"><i class=\"fas fa-plus\"><\/i><\/span><span class=\"wp-block-getwid-accordion__icon is-passive\"><i class=\"fas fa-minus\"><\/i><\/span><\/a><\/span><\/div><div class=\"wp-block-getwid-accordion__content-wrapper\"><div class=\"wp-block-getwid-accordion__content\">\n<ol class=\"wp-block-list\">\n<li>L&#8217;estructura d&#8217;un text de Chat GPT de resposta a una q\u00fcesti\u00f3 \u00e9s: Introducci\u00f3 de la situaci\u00f3 &#8211; Explicaci\u00f3 principal &#8211; Resum i conclusi\u00f3<\/li>\n\n\n\n<li>Les raons o explicacions que ens torna Chat GPT no segueixen un ordre espec\u00edfic si no es demana abans.<\/li>\n\n\n\n<li>A la generaci\u00f3 de text s&#8217;ofereixen diverses raons per aportar riquesa i diversitat, &nbsp;<\/li>\n\n\n\n<li>Si \u00e9s essencial prioritzar les explicacions m\u00e9s probables i rellevants segons el context proporcionat, s&#8217;ha d&#8217;especificar.<\/li>\n<\/ol>\n<\/div><\/div>\n<\/div>\n\n\n\n<ol class=\"wp-block-list\">\n<li><\/li>\n<\/ol>\n\n\n\n<ol class=\"wp-block-list\">\n<li><\/li>\n<\/ol>\n\n\n\n<ol class=\"wp-block-list\">\n<li><\/li>\n<\/ol>\n<\/div>\n<\/div>\n\n\n\n<div style=\"height:30px\" aria-hidden=\"true\" class=\"wp-block-spacer\"><\/div>\n\n\n\n<div class=\"wp-block-columns caixa is-layout-flex wp-container-core-columns-is-layout-36 wp-block-columns-is-layout-flex\">\n<div class=\"wp-block-column is-layout-flow wp-block-column-is-layout-flow\">\n<p class=\"has-light-green-cyan-background-color has-background has-medium-font-size\"><strong>2.1. Funcionament de Chat GPT<\/strong><\/p>\n\n\n\n<h1 class=\"wp-block-heading has-light-green-cyan-background-color has-background has-medium-font-size\">Lectura f\u00e0cil: IA generatives<\/h1>\n\n\n\n<p>Els sistemes anomenats<strong>&nbsp;IA generatives<\/strong>&nbsp;s&#8217;anomenen aix\u00ed perqu\u00e8 exploten les t\u00e8cniques d&#8217;intel\u00b7lig\u00e8ncia artificial per<strong>&nbsp;generar contingut<\/strong>s.<a href=\"https:\/\/n9o1zszuzdqddwu4qw28nq.on.drv.tw\/1_EL_IA_GENERATIVES\/21_funcionament_de_chat_gpt.html#\"><\/a><\/p>\n\n\n\n<h1 class=\"wp-block-heading has-light-green-cyan-background-color has-background has-medium-font-size\">El tractament autom\u00e0tic del llenguatge<\/h1>\n\n\n\n<p>Quan parles amb m\u00e0quines com ChatGPT, elles fan servir un sistema inform\u00e0tic especial anomenat intel\u00b7lig\u00e8ncia artificial (IA).<\/p>\n\n\n\n<p>Aquesta IA &nbsp;ent\u00e9n el que dius i pot fer frases com una persona de veritat, per la qual cosa pots fer una conversa amb ella.<\/p>\n\n\n\n<p>La forma en que sembla entendre l&#8217;idioma es diu tractament autom\u00e0tic del llenguatge (NLP en angl\u00e8s:&nbsp;<em>Natural Language Processing<\/em>). Aquest model funciona amb l&#8217;ajuda d&#8217;una cosa anomenada&nbsp;<em>machine learning<\/em>. Aquesta \u00e9s una manera que tenen les m\u00e0quines d&#8217;aprendre i millorar, com si estiguessin aprenent com parlar amb tu millor cada vegada.<\/p>\n\n\n\n<h4 class=\"wp-block-heading\">Tractament autom\u00e0tic del llenguatge<\/h4>\n\n\n\n<p>El Processament del Llenguatge Natural (<strong>NLP<\/strong>) \u00e9s una branca de la intel\u00b7lig\u00e8ncia artificial que permet als ordinadors entendre i produir el llenguatge hum\u00e0. \u00c9s com ensenyar a les m\u00e0quines a parlar i comprendre com ho fem nosaltres.<\/p>\n\n\n\n<p>Per exemple, imagina&#8217;t un xatbot en una aplicaci\u00f3 de missatgeria. Aquest xatbot utilitza el NLP per entendre els missatges que li envies i respondre com ho faria un amic. Si li fas una pregunta, el xatbot analitzar\u00e0 les paraules que has escrit i buscar\u00e0 el significat. Despr\u00e9s, utilitzant les seves &#8220;experi\u00e8ncies&#8221; anteriors, respondr\u00e0 amb una frase adequada. \u00c9s com si l&#8217;ordinador fos un gran diccionari que apr\u00e8n com parlar cada cop millor.<\/p>\n\n\n\n<p>L&#8217;NLP tamb\u00e9 pot ajudar a llegir i resumir textos grans, traduir de manera instant\u00e0nia entre idiomes diferents i fins i tot ajudar els doctors a analitzar informes m\u00e8dics.&nbsp;<\/p>\n\n\n\n<p>Les&nbsp;<strong>t\u00e8cniques<\/strong>&nbsp;m\u00e9s importatns de NLP per descodificar els missatges s\u00f3n:<\/p>\n\n\n\n<p><strong>1. Comprensi\u00f3 de Sin\u00f2nims:<\/strong>&nbsp;Quan llegim o escoltem paraules, sovint podem trobar altres paraules que signifiquen el mateix. Aix\u00f2 es diu sin\u00f2nims. Imagina que tens un missatge secret amb la paraula &#8220;content&#8221;. Si coneixes que &#8220;content&#8221; i &#8220;feli\u00e7&#8221; s\u00f3n sin\u00f2nims, pots canviar la paraula pel sin\u00f2nim i entendre millor el missatge.<\/p>\n\n\n\n<p><strong>2. Context:<\/strong>&nbsp;El context \u00e9s com l&#8217;entorn o la situaci\u00f3 en qu\u00e8 apareixen les paraules. Les paraules poden canviar el seu significat segons el context. Per exemple, la paraula &#8220;gat&#8221; pot ser un animal, per\u00f2 en un context de programaci\u00f3, podria referir-se a un tros de codi.<\/p>\n\n\n\n<p>Imagina que tens un missatge secret que diu &#8220;vaig a comprar menjar per al meu gat&#8221;. Si entens el context, sabr\u00e0s que &#8220;gat&#8221; aqu\u00ed \u00e9s l&#8217;animal i no una altra cosa.<\/p>\n\n\n\n<h1 class=\"wp-block-heading has-light-green-cyan-background-color has-background has-medium-font-size\">Exercici 1: Desxifrar els missatges secrets<\/h1>\n\n\n\n<p><strong>Activitat: Missatge Secret Codificat amb Sin\u00f2nims (Codi C\u00e8sar)<\/strong><\/p>\n\n\n\n<p><strong>Xifratge de C\u00e9sar<\/strong>.&nbsp;<a href=\"https:\/\/ca.wikipedia.org\/wiki\/Xifratge_de_C%C3%A8sar\">Article de Vikip\u00e8dia<\/a>.<\/p>\n\n\n\n<p><strong>15 minuts<\/strong><\/p>\n\n\n\n<p>En aquesta activitat, quan utilitzes les t\u00e8cniques de comprensi\u00f3 de sin\u00f2nims i context, est\u00e0s pensant com una m\u00e0quina intel\u00b7ligent. Aix\u00f2 et permet entendre millor les paraules amagades i descodificar el missatge secret de manera divertida i intel\u00b7ligent!<\/p>\n\n\n\n<p><strong>Missatge Codificat: &#8220;Dyxl wlqhuup xyd hafuv\u00e0rx dp vauv.&#8221;<\/strong><\/p>\n\n\n\n<p>Aquest missatge ha estat codificat utilitzant el m\u00e8tode del codi C\u00e8sar, on cada lletra s&#8217;ha mogut tres posicions cap endavant a l&#8217;alfabet. Utilitza les t\u00e8cniques de descodificaci\u00f3 per adivinar el missatge original.&nbsp;Seguint la t\u00e8cnica del codi C\u00e8sar per cear una llista de sin\u00f2nims de les lletres. Has de moure cada lletra tres posicions cap enrere a l&#8217;alfabet.<\/p>\n\n\n\n<div class=\"wp-block-getwid-accordion has-icon-left\" data-active-element=\"none\">\n<div class=\"wp-block-getwid-accordion__header-wrapper\"><span class=\"wp-block-getwid-accordion__header\"><a href=\"#\"><span class=\"wp-block-getwid-accordion__header-title\">Mostra la retroalimentaci\u00f3<\/span><span class=\"wp-block-getwid-accordion__icon is-active\"><i class=\"fas fa-plus\"><\/i><\/span><span class=\"wp-block-getwid-accordion__icon is-passive\"><i class=\"fas fa-minus\"><\/i><\/span><\/a><\/span><\/div><div class=\"wp-block-getwid-accordion__content-wrapper\"><div class=\"wp-block-getwid-accordion__content\">\n<p><strong>Missatge Descodificat:<\/strong>&nbsp;&#8220;Avui tindrem una excursi\u00f3 al parc.&#8221;<\/p>\n<\/div><\/div>\n<\/div>\n\n\n\n<p class=\"has-light-green-cyan-background-color has-background\"><strong>Cas d&#8217;estudi 3: Missatge secret real<\/strong><\/p>\n\n\n\n<p>Ets un\/an fiscal que vol passar al jutge una nova documentaci\u00f3 banc\u00e0ria d&#8217;un cas de delictes econ\u00f2mis. Aquest document cont\u00e9 un missatge enigm\u00e0tic.<\/p>\n\n\n\n<p>Reverend moss\u00e8n.<\/p>\n\n\n\n<p>S\u00f3c la mare superiora de la Congregaci\u00f3, desitjaria que traspass\u00e9s dos missals de la meva biblioteca a la biblioteca del capell\u00e0 de la parr\u00f2quia. Ell ja li dir\u00e0 on s\u2019ha de col\u00b7locar. Molt agra\u00efda.<\/p>\n\n\n\n<p>Marta<\/p>\n\n\n\n<p>Estudi del cas &#8211; 30 minuts &#8211; Petit grup<\/p>\n\n\n\n<p>En aquesta activitat, quan utilitzes les t\u00e8cniques de comprensi\u00f3 de sin\u00f2nims i context, est\u00e0s pensant com una m\u00e0quina intel\u00b7ligent. Aix\u00f2 et permet entendre millor les paraules amagades i descodificar el missatge secret de manera divertida i intel\u00b7ligent!<\/p>\n\n\n\n<p>El missatge estava destinat al director d&#8217;una sucursal banc\u00e0ria. Aix\u00ed doncs, aquest context ens diu que el missatge li diu que ha de fer alguna cossa al banc.<\/p>\n\n\n\n<p>Heu d&#8217;intentar fer un diccionari de sin\u00f2nims i tornar a escriure el missatge per donar-li sentit per passar-li al jutge.<\/p>\n\n\n\n<div class=\"wp-block-getwid-accordion has-icon-left\" data-active-element=\"none\">\n<div class=\"wp-block-getwid-accordion__header-wrapper\"><span class=\"wp-block-getwid-accordion__header\"><a href=\"#\"><span class=\"wp-block-getwid-accordion__header-title\">Ajut de paraules clau al diccionari<\/span><span class=\"wp-block-getwid-accordion__icon is-active\"><i class=\"fas fa-plus\"><\/i><\/span><span class=\"wp-block-getwid-accordion__icon is-passive\"><i class=\"fas fa-minus\"><\/i><\/span><\/a><\/span><\/div><div class=\"wp-block-getwid-accordion__content-wrapper\"><div class=\"wp-block-getwid-accordion__content\">\n<p>moss\u00e8n<\/p>\n\n\n\n<p>mare superiora<\/p>\n\n\n\n<p>missals &nbsp;<\/p>\n\n\n\n<p>biblioteca<\/p>\n\n\n\n<p>capell\u00e0&nbsp;<\/p>\n<\/div><\/div>\n<\/div>\n\n\n\n<ol class=\"wp-block-list\">\n<li><\/li>\n<\/ol>\n\n\n\n<ol class=\"wp-block-list\">\n<li><\/li>\n<\/ol>\n<\/div>\n<\/div>\n\n\n\n<div style=\"height:30px\" aria-hidden=\"true\" class=\"wp-block-spacer\"><\/div>\n\n\n\n<div class=\"wp-block-columns caixa is-layout-flex wp-container-core-columns-is-layout-43 wp-block-columns-is-layout-flex\">\n<div class=\"wp-block-column is-layout-flow wp-block-column-is-layout-flow\">\n<p class=\"has-light-green-cyan-background-color has-background has-medium-font-size\"><strong>2.3. Ajut al nostre abast<\/strong><\/p>\n\n\n\n<h1 class=\"wp-block-heading has-light-green-cyan-background-color has-background has-medium-font-size\">Consultoria<\/h1>\n\n\n\n<p>Una&nbsp;<strong>persona consellera<\/strong>&nbsp;o&nbsp;<strong>consultora<\/strong>&nbsp;\u00e9s aquella que ofereix&nbsp;<strong>assessorament<\/strong>,&nbsp;<strong>orientaci\u00f3 i consell<\/strong>&nbsp;professional en un \u00e0mbit espec\u00edfic. Aquesta persona t\u00e9 un coneixement expert i experi\u00e8ncia en un \u00e0mbit concret i utilitza aquesta habilitat per ajudar altres persones, empreses o organitzacions a prendre decisions informades i a resoldre problemes.<\/p>\n\n\n\n<p>Els consellers i conselleres poden treballar en diverses \u00e0rees, com ara els negocis, les finances, la carrera professional i moltes altres.<\/p>\n\n\n\n<h1 class=\"wp-block-heading has-light-green-cyan-background-color has-background has-medium-font-size\">Ens pot ajudar Chat GPT?<\/h1>\n\n\n\n<p>Chat GPT pot fer de conseller i de&nbsp;<em>coach<\/em>&nbsp;en certa mesura.<\/p>\n\n\n\n<ul class=\"wp-block-list\">\n<li>Com a&nbsp;<strong>conseller<\/strong>, pot proporcionar informaci\u00f3 i consells sobre diversos temes, com educaci\u00f3 o altres q\u00fcestions.<\/li>\n\n\n\n<li>Com a&nbsp;<strong><em>coach<\/em><\/strong>, pot formular preguntes i oferir orientaci\u00f3 per ajudar els usuaris a reflexionar sobre els seus objectius i a prendre decisions.<\/li>\n<\/ul>\n\n\n\n<p>Tot i aix\u00f2, \u00e9s important recordar que Chat GPT no t\u00e9 emocions ni experi\u00e8ncies personals, aix\u00ed que les seves respostes han de ser considerades com a suggeriments i no com a consells definitius.<\/p>\n\n\n\n<p>Sempre \u00e9s bo parlar amb persones reals, com els professors i professores per guiar-te o assessorar-te en la teva educaci\u00f3.<\/p>\n\n\n\n<p><strong>En temes de salut i en concret salut mental, no se ens pot ni passar pel cap demanar el servei de Chat GPT.<\/strong><\/p>\n\n\n\n<h4 class=\"wp-block-heading has-light-green-cyan-background-color has-background\">Activitat 3: Usar Chat GPT com a \ud835\ude0a\ud835\ude16\ud835\ude08\ud835\ude0a\ud835\ude0f per guiar-nos<\/h4>\n\n\n\n<p><strong>2 hores<\/strong><\/p>\n\n\n\n<p>A continuaci\u00f3 us proposem diversos prompts per fer treballar a Chat GPT com a una persona consultora o una coach.<\/p>\n\n\n\n<div class=\"wp-block-columns is-layout-flex wp-container-core-columns-is-layout-37 wp-block-columns-is-layout-flex\">\n<div class=\"wp-block-column is-layout-flow wp-block-column-is-layout-flow\">\n<p>Et pot ajudar a aprendre un tema complex en pocs minuts:<\/p>\n\n\n\n<div class=\"wp-block-group is-layout-constrained wp-block-group-is-layout-constrained\">\n<p class=\"has-ast-global-color-4-background-color has-background\">&#8220;Explica [insereix el tema] de manera senzilla i adequada per a principiants\/persones de la meva edat&#8221;. Et pot ajudar a aprendre un tema complex en hores utilitzant el principi 80\/20 per aprendre a mig termini:<\/p>\n\n\n\n<p class=\"has-ast-global-color-6-background-color has-background\">Et pot ajudar a aprendre un tema complex en hores utilitzant el principi 80\/20 per aprendre a mig termini: &#8220;Vull aprendre m\u00e9s sobre [el tema]. Identifica i comparteix el 20% d&#8217;aprenentatge m\u00e9s important d&#8217;aquest tema que em ajudar\u00e0 a entendre el 80%.&#8221;<\/p>\n\n\n\n<p class=\"has-ast-global-color-4-background-color has-background\">Et oit fer de guia per aprendre una nova habilitat, pots fe-ho a llarg termini: &#8220;Vull aprendre [insereix la habilitat desitjada]. Crea un pla d&#8217;aprenentatge de 30 dies que ajudi un principiant com jo a aprendre i millorar aquesta habilitat.&#8221;<\/p>\n\n\n\n<p class=\"has-ast-global-color-6-background-color has-background\">Comprendre les coses m\u00e9s r\u00e0pidament simplificant els textos complexos: &#8220;Torna a escriure el seg\u00fcent text i fes-lo f\u00e0cil d&#8217;entendre per a un principiant&#8221;.  [insereix el text]<\/p>\n\n\n\n<p class=\"has-ast-global-color-4-background-color has-background\">Pot refor\u00e7ar &nbsp;el teu aprenentatge posant-te a prova: &#8220;Estic aprenent sobre [insereix el tema]. Fes-me una s\u00e8rie de preguntes que posin a prova els meus coneixements. Identifica mancances a les meves respostes i proporciona&#8217;m respostes millors per omplir aquestes mancances&#8221;.<\/p>\n<\/div>\n<\/div>\n<\/div>\n\n\n\n<p>Prompts publicats a X per<a href=\"https:\/\/twitter.com\/AnnnaIA\"> @AnnnaIA<\/a><\/p>\n\n\n\n<ol class=\"wp-block-list\">\n<li>Intenta pensar en com faries servir aquests prompts. Torna&#8217;ls a escriure personalitzats per a tu.<\/li>\n\n\n\n<li>Despr\u00e9s reuniu-vos en petit grup i trieu un prompt de cadaescun dels membres. Confeccioneu un document de grup que heu de penjar amb tota aquesta feina seleccionada.<\/li>\n\n\n\n<li>El segon dia de l&#8217;activitat compartirem els millors prompts de cada grup.<\/li>\n<\/ol>\n\n\n\n<p class=\"has-light-green-cyan-background-color has-background\"><strong>Proposta i an\u00e0lisi de \ud835\ude17\ud835\ude19\ud835\ude16\ud835\ude14\ud835\ude17\ud835\ude1b\ud835\ude1a de \ud835\ude0a\ud835\ude16\ud835\ude08\ud835\ude0a\ud835\ude0f<\/strong><\/p>\n\n\n\n<p class=\"has-text-align-center\">Chat GPT com a &#8220;COACH&#8221; <a href=\"https:\/\/n9o1zszuzdqddwu4qw28nq.on.drv.tw\/1_EL_IA_GENERATIVES\/23_ajut_al_nostre_abast.html#\">Aplica<\/a><\/p>\n\n\n\n<div class=\"wp-block-columns is-layout-flex wp-container-core-columns-is-layout-38 wp-block-columns-is-layout-flex\">\n<div class=\"wp-block-column is-layout-flow wp-block-column-is-layout-flow\"><\/div>\n\n\n\n<div class=\"wp-block-column is-layout-flow wp-block-column-is-layout-flow\">\n<p><strong>Assoliment alt<\/strong><\/p>\n<\/div>\n\n\n\n<div class=\"wp-block-column is-layout-flow wp-block-column-is-layout-flow\">\n<p><strong>Assoliment mitj\u00e0<\/strong><\/p>\n<\/div>\n\n\n\n<div class=\"wp-block-column is-layout-flow wp-block-column-is-layout-flow\">\n<p><strong>Assoliment baix<\/strong><\/p>\n<\/div>\n<\/div>\n\n\n\n<div class=\"wp-block-columns is-layout-flex wp-container-core-columns-is-layout-39 wp-block-columns-is-layout-flex\">\n<div class=\"wp-block-column is-layout-flow wp-block-column-is-layout-flow\">\n<p><strong>Estructura i Organitzaci\u00f3<\/strong><\/p>\n<\/div>\n\n\n\n<div class=\"wp-block-column is-layout-flow wp-block-column-is-layout-flow\">\n<p>Estructura clara i l\u00f2gica, amb una introducci\u00f3, seccions ben definides i una conclusi\u00f3.&nbsp;(1,5)<\/p>\n<\/div>\n\n\n\n<div class=\"wp-block-column is-layout-flow wp-block-column-is-layout-flow\">\n<p>Estructura ordenada, amb seccions coherents i una conclusi\u00f3 adequada.&nbsp;(1)<\/p>\n<\/div>\n\n\n\n<div class=\"wp-block-column is-layout-flow wp-block-column-is-layout-flow\">\n<p>Estructura adequada, per\u00f2 amb algunes mancances en la seq\u00fc\u00e8ncia o organitzaci\u00f3.&nbsp;(0,5)<\/p>\n<\/div>\n<\/div>\n\n\n\n<div class=\"wp-block-columns is-layout-flex wp-container-core-columns-is-layout-40 wp-block-columns-is-layout-flex\">\n<div class=\"wp-block-column is-layout-flow wp-block-column-is-layout-flow\">\n<p><strong>Creativitat i Diseny Visual<\/strong><\/p>\n<\/div>\n\n\n\n<div class=\"wp-block-column is-layout-flow wp-block-column-is-layout-flow\">\n<p>Disseny atractiu i coherent amb el contingut, \u00fas efica\u00e7 de colors, fonts i elements visuals.&nbsp;(1,5)<\/p>\n<\/div>\n\n\n\n<div class=\"wp-block-column is-layout-flow wp-block-column-is-layout-flow\">\n<p>Disseny adequat amb algun element visual, per\u00f2 amb algunes oportunitats d&#8217;optimitzaci\u00f3.&nbsp;(1)<\/p>\n<\/div>\n\n\n\n<div class=\"wp-block-column is-layout-flow wp-block-column-is-layout-flow\">\n<p>Disseny b\u00e0sic o manca de coher\u00e8ncia visual, amb pocs elements destacats.&nbsp;(0,5)<\/p>\n<\/div>\n<\/div>\n\n\n\n<div class=\"wp-block-columns is-layout-flex wp-container-core-columns-is-layout-41 wp-block-columns-is-layout-flex\">\n<div class=\"wp-block-column is-layout-flow wp-block-column-is-layout-flow\">\n<p><strong>Creaci\u00f3 de solucions innovadores<\/strong><\/p>\n<\/div>\n\n\n\n<div class=\"wp-block-column is-layout-flow wp-block-column-is-layout-flow\">\n<p>Solucions creatives i innovadores s\u00f3n integrades amb habilitat al \ud835\ude17\ud835\ude19\ud835\ude16\ud835\ude14\ud835\ude17\ud835\ude1b treballat&nbsp;(3)<\/p>\n<\/div>\n\n\n\n<div class=\"wp-block-column is-layout-flow wp-block-column-is-layout-flow\">\n<p>Solucions creatives i innovadores s\u00f3n integrades amb poca habilitat al \ud835\ude17\ud835\ude19\ud835\ude16\ud835\ude14\ud835\ude17\ud835\ude1b treballat. Es pot aprofitar m\u00e9s a Chat GPT&nbsp;(2)<\/p>\n<\/div>\n\n\n\n<div class=\"wp-block-column is-layout-flow wp-block-column-is-layout-flow\">\n<p>Les solucions exposades son for\u00e7a comuns.&nbsp;(1)<\/p>\n<\/div>\n<\/div>\n\n\n\n<div class=\"wp-block-columns is-layout-flex wp-container-core-columns-is-layout-42 wp-block-columns-is-layout-flex\">\n<div class=\"wp-block-column is-layout-flow wp-block-column-is-layout-flow\">\n<p><strong>Treball de riscos i amenaces digitals<\/strong><\/p>\n<\/div>\n\n\n\n<div class=\"wp-block-column is-layout-flow wp-block-column-is-layout-flow\">\n<p>Es realitza una identificaci\u00f3 precisa i un an\u00e0lisi en profunditat de riscos i amenaces digitals en el \ud835\ude17\ud835\ude19\ud835\ude16\ud835\ude14\ud835\ude17\ud835\ude1b treballat. Es presenten mesures preventives i correctives.&nbsp;(3)<\/p>\n<\/div>\n\n\n\n<div class=\"wp-block-column is-layout-flow wp-block-column-is-layout-flow\">\n<p>Es realitza una identificaci\u00f3 limitada i amb manca de profunditat, un an\u00e0lisi de riscos i amenaces digitals en el \ud835\ude17\ud835\ude19\ud835\ude16\ud835\ude14\ud835\ude17\ud835\ude1b treballat. No es presenten mesures preventives i correctives.&nbsp;(2)<\/p>\n<\/div>\n\n\n\n<div class=\"wp-block-column is-layout-flow wp-block-column-is-layout-flow\">\n<p>An\u00e0lisi superficial de riscos i amenaces digitals en el \ud835\ude17\ud835\ude19\ud835\ude16\ud835\ude14\ud835\ude17\ud835\ude1b treballat. No es presenten mesures preventives i correctives.&nbsp;(1)<\/p>\n<\/div>\n<\/div>\n\n\n\n<p><\/p>\n\n\n\n<ol class=\"wp-block-list\">\n<li><\/li>\n<\/ol>\n<\/div>\n<\/div>\n\n\n\n<div style=\"height:30px\" aria-hidden=\"true\" class=\"wp-block-spacer\"><\/div>\n\n\n\n<div class=\"wp-block-columns caixa is-layout-flex wp-container-core-columns-is-layout-53 wp-block-columns-is-layout-flex\">\n<div class=\"wp-block-column is-layout-flow wp-block-column-is-layout-flow\">\n<p class=\"has-light-green-cyan-background-color has-background has-medium-font-size\"><strong>2.4. Chat GPT acad\u00e8mic<\/strong><\/p>\n\n\n\n<h1 class=\"wp-block-heading has-light-green-cyan-background-color has-background has-medium-font-size\">Funcions acad\u00e8miques de Chat GPT<\/h1>\n\n\n\n<p>Chat GPT pot tenir diverses funcions acad\u00e8miques que poden ser \u00fatils per als estudiants i educadors. Algunes d&#8217;aquestes funcions inclouen:<\/p>\n\n\n\n<ol class=\"wp-block-list\">\n<li>Explicaci\u00f3 de Conceptes<\/li>\n\n\n\n<li>Resoluci\u00f3 de Problemes<\/li>\n\n\n\n<li>Redacci\u00f3, Correcci\u00f3 i Edici\u00f3 de Textos<\/li>\n\n\n\n<li>Preparaci\u00f3 per a ex\u00e0mens<\/li>\n\n\n\n<li>Recerca i Refer\u00e8ncies<\/li>\n\n\n\n<li>Desenvolupament de Projectes<\/li>\n\n\n\n<li>Aprenentatge Personalitzat<\/li>\n\n\n\n<li>Vocabulari i Idiomes<\/li>\n\n\n\n<li>Discussi\u00f3 i Debat<\/li>\n\n\n\n<li>Generaci\u00f3 de Contingut Divers (gui\u00f3 de v\u00eddeos, codis inform\u00e0tics, etc.)<\/li>\n<\/ol>\n\n\n\n<p class=\"has-ast-global-color-4-background-color has-background\"><strong>Recorda: &nbsp;<\/strong>\u00e9s important recordar que les respostes del Chat GPT s\u00f3n generades per algoritmes i no substitueixen la interacci\u00f3 humana. S&#8217;han d&#8217;utilitzar les respostes amb precauci\u00f3 i complementar-les amb altres fonts d&#8217;aprenentatge i orientaci\u00f3.<\/p>\n\n\n\n<h1 class=\"wp-block-heading has-light-green-cyan-background-color has-background has-medium-font-size\"><strong>Activitat 4: Posar en pr\u00e0ctica les funcions acad\u00e8miques<\/strong><\/h1>\n\n\n\n<h3 class=\"wp-block-heading has-medium-font-size\"><strong>2 h &#8211; Per grups<\/strong><\/h3>\n\n\n\n<ol class=\"wp-block-list\">\n<li>[Primera sessi\u00f3] Cada grup triar\u00e0 una de les funcions de la llista que podeu trobar al principi d&#8217;aquesta p\u00e0gina<\/li>\n\n\n\n<li>Investigar m\u00e9s a fons la funci\u00f3 assignada.<\/li>\n\n\n\n<li>Preparar una llista d&#8217;exemples concrets que il\u00b7lustrin com utilitzar aquesta funci\u00f3 amb un tema o problema espec\u00edfic.<\/li>\n\n\n\n<li>Haureu d&#8217;usar el Chat GPT per mostrar que pot ser \u00fatil en la seva funci\u00f3 assignada.<\/li>\n\n\n\n<li>[Segona sessi\u00f3] Exposici\u00f3 dels resultats i conclusions.<\/li>\n<\/ol>\n\n\n\n<p class=\"has-light-green-cyan-background-color has-background has-medium-font-size\"><strong><strong>R\u00fabrica<\/strong><\/strong><\/p>\n\n\n\n<p class=\"has-text-align-center\">Chat GPT com a &#8220;COACH&#8221; <a href=\"https:\/\/n9o1zszuzdqddwu4qw28nq.on.drv.tw\/1_EL_IA_GENERATIVES\/24_chat_gpt_acadmic.html#\">Aplica<\/a><\/p>\n\n\n\n<div class=\"wp-block-columns is-layout-flex wp-container-core-columns-is-layout-44 wp-block-columns-is-layout-flex\">\n<div class=\"wp-block-column is-layout-flow wp-block-column-is-layout-flow\"><\/div>\n\n\n\n<div class=\"wp-block-column is-layout-flow wp-block-column-is-layout-flow\">\n<p><strong>Assoliment alt<\/strong><\/p>\n<\/div>\n\n\n\n<div class=\"wp-block-column is-layout-flow wp-block-column-is-layout-flow\">\n<p><strong>Assoliment mitj\u00e0<\/strong><\/p>\n<\/div>\n\n\n\n<div class=\"wp-block-column is-layout-flow wp-block-column-is-layout-flow\">\n<p><strong>Assoliment baix<\/strong><\/p>\n<\/div>\n<\/div>\n\n\n\n<div class=\"wp-block-columns is-layout-flex wp-container-core-columns-is-layout-45 wp-block-columns-is-layout-flex\">\n<div class=\"wp-block-column is-layout-flow wp-block-column-is-layout-flow\">\n<p><strong>Organitzaci\u00f3 i estructura del document<\/strong><\/p>\n<\/div>\n\n\n\n<div class=\"wp-block-column is-layout-flow wp-block-column-is-layout-flow\">\n<p>Estructura excel\u00b7lent i ben organitzada (1,5)<\/p>\n<\/div>\n\n\n\n<div class=\"wp-block-column is-layout-flow wp-block-column-is-layout-flow\">\n<p>Estructura clara i organitzada (1)<\/p>\n<\/div>\n\n\n\n<div class=\"wp-block-column is-layout-flow wp-block-column-is-layout-flow\">\n<p>Estructura confusa o mancances d&#8217;organitzaci\u00f3 (0,5)<\/p>\n<\/div>\n<\/div>\n\n\n\n<div class=\"wp-block-columns is-layout-flex wp-container-core-columns-is-layout-46 wp-block-columns-is-layout-flex\">\n<div class=\"wp-block-column is-layout-flow wp-block-column-is-layout-flow\">\n<p><strong>Presentaci\u00f3 visual i us d&#8217;eines (si s&#8217;aplica)<\/strong><\/p>\n<\/div>\n\n\n\n<div class=\"wp-block-column is-layout-flow wp-block-column-is-layout-flow\">\n<p>Excel\u00b7lent presentaci\u00f3 visual i \u00fas d&#8217;eines (si s&#8217;aplica) (1,5)<\/p>\n<\/div>\n\n\n\n<div class=\"wp-block-column is-layout-flow wp-block-column-is-layout-flow\">\n<p>Presentaci\u00f3 visual adequada (1)<\/p>\n<\/div>\n\n\n\n<div class=\"wp-block-column is-layout-flow wp-block-column-is-layout-flow\">\n<p>Poca o nul\u00b7la presentaci\u00f3 visual (1)<\/p>\n<\/div>\n<\/div>\n\n\n\n<div class=\"wp-block-columns is-layout-flex wp-container-core-columns-is-layout-47 wp-block-columns-is-layout-flex\">\n<div class=\"wp-block-column is-layout-flow wp-block-column-is-layout-flow\">\n<p><strong>Descripci\u00f3 de la funci\u00f3 acad\u00e8mica<\/strong><\/p>\n<\/div>\n\n\n\n<div class=\"wp-block-column is-layout-flow wp-block-column-is-layout-flow\">\n<p>Definici\u00f3 exhaustiva i precisa (3)<\/p>\n<\/div>\n\n\n\n<div class=\"wp-block-column is-layout-flow wp-block-column-is-layout-flow\">\n<p>Definici\u00f3 adequada i clara (2)<\/p>\n<\/div>\n\n\n\n<div class=\"wp-block-column is-layout-flow wp-block-column-is-layout-flow\">\n<p>Definici\u00f3 general amb manca de detalls (1)<\/p>\n<\/div>\n<\/div>\n\n\n\n<div class=\"wp-block-columns is-layout-flex wp-container-core-columns-is-layout-48 wp-block-columns-is-layout-flex\">\n<div class=\"wp-block-column is-layout-flow wp-block-column-is-layout-flow\">\n<p><strong>Exemples de \ud835\ude17\ud835\ude19\ud835\ude16\ud835\ude14\ud835\ude17\ud835\ude1b concrets<\/strong><\/p>\n<\/div>\n\n\n\n<div class=\"wp-block-column is-layout-flow wp-block-column-is-layout-flow\">\n<p>Molt clars, rellevants i ben vinculats amb la funci\u00f3 (3)<\/p>\n<\/div>\n\n\n\n<div class=\"wp-block-column is-layout-flow wp-block-column-is-layout-flow\">\n<p>Clars i rellevants, per\u00f2 mancat de detalls (2)<\/p>\n<\/div>\n\n\n\n<div class=\"wp-block-column is-layout-flow wp-block-column-is-layout-flow\">\n<p>Limitats i amb poca vinculaci\u00f3 amb la funci\u00f3 (1)<\/p>\n<\/div>\n<\/div>\n\n\n\n<div class=\"wp-block-columns is-layout-flex wp-container-core-columns-is-layout-49 wp-block-columns-is-layout-flex\">\n<div class=\"wp-block-column is-layout-flow wp-block-column-is-layout-flow\">\n<p><strong>Demostraci\u00f3 utilitzant el Chat GPT<\/strong><\/p>\n<\/div>\n\n\n\n<div class=\"wp-block-column is-layout-flow wp-block-column-is-layout-flow\">\n<p>Coherent, precisa i d&#8217;alta comprensi\u00f3 (3)<\/p>\n<\/div>\n\n\n\n<div class=\"wp-block-column is-layout-flow wp-block-column-is-layout-flow\">\n<p>Raonablement coherent i comprensi\u00f3 acceptable (2)<\/p>\n<\/div>\n\n\n\n<div class=\"wp-block-column is-layout-flow wp-block-column-is-layout-flow\">\n<p>Poca coher\u00e8ncia o inexactitud (1)<\/p>\n<\/div>\n<\/div>\n\n\n\n<div class=\"wp-block-columns is-layout-flex wp-container-core-columns-is-layout-50 wp-block-columns-is-layout-flex\">\n<div class=\"wp-block-column is-layout-flow wp-block-column-is-layout-flow\">\n<p><strong>Integraci\u00f3 de la comprensi\u00f3 dels impactes digitals<\/strong><\/p>\n<\/div>\n\n\n\n<div class=\"wp-block-column is-layout-flow wp-block-column-is-layout-flow\">\n<p>Exposen propostes d&#8217;integraci\u00f3 significativa en l&#8217;entorn personal d&#8217;aprenentatge&nbsp;(3)<\/p>\n<\/div>\n\n\n\n<div class=\"wp-block-column is-layout-flow wp-block-column-is-layout-flow\">\n<p>Relacionen sense propostes definides amb l&#8217;entorn personal d&#8217;aprenentatge&nbsp;(2)<\/p>\n<\/div>\n\n\n\n<div class=\"wp-block-column is-layout-flow wp-block-column-is-layout-flow\">\n<p>Parlen del seu entorn d&#8217;aprenentatge personal sense relacionar&nbsp;(1)<\/p>\n<\/div>\n<\/div>\n\n\n\n<div class=\"wp-block-columns is-layout-flex wp-container-core-columns-is-layout-51 wp-block-columns-is-layout-flex\">\n<div class=\"wp-block-column is-layout-flow wp-block-column-is-layout-flow\">\n<p><strong>Identificaci\u00f3 i an\u00e0lisi de riscos i amenaces digitals<\/strong><\/p>\n<\/div>\n\n\n\n<div class=\"wp-block-column is-layout-flow wp-block-column-is-layout-flow\">\n<p>Identificaci\u00f3 precisa i an\u00e0lisi detallat de riscos&nbsp;(3)<\/p>\n<\/div>\n\n\n\n<div class=\"wp-block-column is-layout-flow wp-block-column-is-layout-flow\">\n<p>Identificaci\u00f3 adequada i an\u00e0lisi gen\u00e8ric de riscos&nbsp;(2)<\/p>\n<\/div>\n\n\n\n<div class=\"wp-block-column is-layout-flow wp-block-column-is-layout-flow\">\n<p>Identificaci\u00f3 superficial i manca de precisi\u00f3&nbsp;(1)<\/p>\n<\/div>\n<\/div>\n\n\n\n<div class=\"wp-block-columns is-layout-flex wp-container-core-columns-is-layout-52 wp-block-columns-is-layout-flex\">\n<div class=\"wp-block-column is-layout-flow wp-block-column-is-layout-flow\">\n<p><strong>Aplicaci\u00f3 de mesures preventives i correctives<\/strong><\/p>\n<\/div>\n\n\n\n<div class=\"wp-block-column is-layout-flow wp-block-column-is-layout-flow\">\n<p>Efic\u00e0cia i detall en l&#8217;aplicaci\u00f3 de mesures preventives&nbsp;(3)<\/p>\n<\/div>\n\n\n\n<div class=\"wp-block-column is-layout-flow wp-block-column-is-layout-flow\">\n<p>Adequat \u00fas de mesures preventives i correctives&nbsp;(2)<\/p>\n<\/div>\n\n\n\n<div class=\"wp-block-column is-layout-flow wp-block-column-is-layout-flow\">\n<p>Poc aprofundiment en mesures preventives i correctives&nbsp;(1)<\/p>\n<\/div>\n<\/div>\n\n\n\n<ol class=\"wp-block-list\">\n<li><\/li>\n<\/ol>\n<\/div>\n<\/div>\n\n\n\n<div style=\"height:30px\" aria-hidden=\"true\" class=\"wp-block-spacer\"><\/div>\n\n\n\n<div class=\"wp-block-columns caixa is-layout-flex wp-container-core-columns-is-layout-61 wp-block-columns-is-layout-flex\">\n<div class=\"wp-block-column is-layout-flow wp-block-column-is-layout-flow\">\n<p class=\"has-light-green-cyan-background-color has-background has-medium-font-size\">3. <strong>Els biaixos de Chat GPT<\/strong><\/p>\n\n\n\n<h1 class=\"wp-block-heading has-light-green-cyan-background-color has-background has-medium-font-size\">TAY, un ChatBOT d&#8217;extrema dreta<\/h1>\n\n\n\n<p>Quan es va llan\u00e7ar al mar\u00e7 del 2016 a Twitter, Tay era un Chat BOT que havia estat dissenyat per mantenir converses amb persones, adoptant l&#8217;estil i el llenguatge d&#8217;una adolescent. Va ser un experiment que combinava aprenentatge autom\u00e0tic, processament del llenguatge natural i xarxes socials. A difer\u00e8ncia dels chatbots preprogramats, Tay aprenia amb el temps per aconseguir tenir converses sobre qualsevol tema. No obstant aix\u00f2, a les primeres hores despr\u00e9s del llan\u00e7ament, Tay va comen\u00e7ar a publicar missatges ofensius i abusius (racistes, antisemites, masclistes, etc.), provocant la suspensi\u00f3 del compte en menys de 16 hores. Aquest incident va mostrar els desafiaments d&#8217;integrar l&#8217;aprenentatge de la llengua en un context p\u00fablic i com els trolls van explotar el bot per difondre continguts t\u00f2xics. Es va concloure que el disseny d&#8217;un sistema de comunicaci\u00f3 en l\u00ednia no \u00e9s nom\u00e9s un problema t\u00e8cnic, sin\u00f3 tamb\u00e9 social, requerint planificaci\u00f3 i reflexi\u00f3 sobre el context, els valors humans i el tipus de comunicador que es vol crear.<\/p>\n\n\n\n<h1 class=\"wp-block-heading has-light-green-cyan-background-color has-background has-medium-font-size\"><strong>Una IA que prefereix contractar homes abans de dones<\/strong><\/h1>\n\n\n\n<div class=\"wp-block-columns is-layout-flex wp-container-core-columns-is-layout-54 wp-block-columns-is-layout-flex\">\n<div class=\"wp-block-column is-layout-flow wp-block-column-is-layout-flow\" style=\"flex-basis:33.33%\">\n<figure class=\"wp-block-image aligncenter size-full\"><a href=\"https:\/\/projectes.xtec.cat\/ia\/wp-content\/uploads\/usu2387\/2024\/05\/ia1.png\"><img loading=\"lazy\" decoding=\"async\" width=\"423\" height=\"342\" src=\"https:\/\/projectes.xtec.cat\/ia\/wp-content\/uploads\/usu2387\/2024\/05\/ia1.png\" alt=\"\" class=\"wp-image-10204\" srcset=\"https:\/\/projectes.xtec.cat\/ia\/wp-content\/uploads\/usu2387\/2024\/05\/ia1.png 423w, https:\/\/projectes.xtec.cat\/ia\/wp-content\/uploads\/usu2387\/2024\/05\/ia1-300x243.png 300w\" sizes=\"auto, (max-width: 423px) 100vw, 423px\" \/><\/a><\/figure>\n<\/div>\n\n\n\n<div class=\"wp-block-column is-layout-flow wp-block-column-is-layout-flow\" style=\"flex-basis:66.66%\">\n<p>Amazon, l\u00edder en e-commerce, va desenvolupar una eina de contractaci\u00f3 mitjan\u00e7ant intel\u00b7lig\u00e8ncia artificial (IA) per automatitzar la cerca de talents. L&#8217;equip va entrenar models d&#8217;IA per revisar curr\u00edculums d&#8217;aplicants i assignar puntuacions del 1 al 5, similar a la manera com els compradors avaluen productes a Amazon. Tot i aix\u00ed, l&#8217;IA va demostrar biaixos de g\u00e8nere al preferir candidats mascles, ja que havia apr\u00e8s de dades d&#8217;aplicants predominantment masculins. A m\u00e9s, penalitzava termes com &#8220;women&#8217;s&#8221; i no tenia en compte graduats de col\u00b7legis per a dones. Encara que Amazon va editar el sistema per neutralitzar aquests biaixos, les m\u00e0quines podrien crear altres formes discriminatories.<\/p>\n\n\n\n<p>Font de l&#8217;imatge Stable diffusion transformat per Virgilio Gonzalo en Canva.<\/p>\n<\/div>\n<\/div>\n\n\n\n<p>L&#8217;equip va ser desmantellat el 2020 i Amazon no va confiar exclusivament en les recomanacions de l&#8217;IA per contractar. Aquest incident reflecteix les limitacions de l&#8217;aprenentatge autom\u00e0tic i l&#8217;impacte dels biaixos subtils.<\/p>\n\n\n\n<p class=\"has-light-green-cyan-background-color has-background has-medium-font-size\">La teva cara em sona<\/p>\n\n\n\n<div class=\"wp-block-columns is-layout-flex wp-container-core-columns-is-layout-55 wp-block-columns-is-layout-flex\">\n<div class=\"wp-block-column is-layout-flow wp-block-column-is-layout-flow\" style=\"flex-basis:66.66%\">\n<p>En un estudi del National Institute of Standards and Technology (NIST, EEUU), es va descobrir que la majoria dels algorismes de reconeixement facial presenten biaixos. Les tecnologies de reconeixement facial identifiquen de manera err\u00f2nia cares de persones de ra\u00e7a negra i asi\u00e0tica fins a 100 vegades m\u00e9s sovint que les cares blanques, i tamb\u00e9 identifiquen de manera err\u00f2nia dones m\u00e9s sovint que homes&nbsp;<\/p>\n\n\n\n<p>Aquest biaix algor\u00edtmic t\u00e9 conseq\u00fc\u00e8ncies importants a la vida real, ja que molts nivells d&#8217;aplicaci\u00f3 de la llei i el servei de duana dels Estats Units utilitzen aquesta tecnologia. Aquesta pot prendre decisions sobre allotjament, ofertes de feina i altres aspectes importants de la vida. Les concordan\u00e7es err\u00f2nies poden provocar p\u00e8rdues de vols, interrogatoris llargs, problemes amb la llista de persones vigilades, enfrontaments tensos amb la policia, detencions injustes i m\u00e9s.<\/p>\n\n\n\n<p><em>Imatge generada per Stable diffusion per Virgilio Gonzalo.<\/em><\/p>\n<\/div>\n\n\n\n<div class=\"wp-block-column is-layout-flow wp-block-column-is-layout-flow\" style=\"flex-basis:33.33%\">\n<figure class=\"wp-block-image aligncenter size-full\"><a href=\"https:\/\/projectes.xtec.cat\/ia\/wp-content\/uploads\/usu2387\/2024\/05\/ia2.png\"><img loading=\"lazy\" decoding=\"async\" width=\"330\" height=\"328\" src=\"https:\/\/projectes.xtec.cat\/ia\/wp-content\/uploads\/usu2387\/2024\/05\/ia2.png\" alt=\"\" class=\"wp-image-10205\" srcset=\"https:\/\/projectes.xtec.cat\/ia\/wp-content\/uploads\/usu2387\/2024\/05\/ia2.png 330w, https:\/\/projectes.xtec.cat\/ia\/wp-content\/uploads\/usu2387\/2024\/05\/ia2-300x298.png 300w, https:\/\/projectes.xtec.cat\/ia\/wp-content\/uploads\/usu2387\/2024\/05\/ia2-150x150.png 150w\" sizes=\"auto, (max-width: 330px) 100vw, 330px\" \/><\/a><\/figure>\n<\/div>\n<\/div>\n\n\n\n<p><\/p>\n\n\n\n<p><\/p>\n\n\n\n<p><\/p>\n\n\n\n<p class=\"has-light-green-cyan-background-color has-background has-medium-font-size\">I ara qu\u00e8?<\/p>\n\n\n\n<p>A l&#8217;agost de 2023, un article cita un estudi recent que tracta sobre la tend\u00e8ncia pol\u00edtica expressada per ChatGPT i altres models de llenguatge pre-ChatGPT. L&#8217;estudi original sost\u00e9 que ChatGPT expressa opinions liberals i est\u00e0 d&#8217;acord amb els dem\u00f2crates en la majoria dels casos. Per tal de comprendre millor aquesta afirmaci\u00f3, els autors de l&#8217;article van demanar a ChatGPT les seves opinions sobre 62 preguntes espec\u00edfiques, amb temes com ara l&#8217;apropiaci\u00f3 cultural i l&#8217;alliberament animal. Els resultats mostren que ChatGPT no ofereix opinions amb claredat: en un 84% dels casos, no expressa una opini\u00f3 i en un 8% dels casos respon directament. En comparaci\u00f3, GPT-3.5 no va expressar opinions en un 53% dels casos i va respondre directament en un 39% dels casos. No obstant aix\u00f2, els autors del l&#8217;estudi original no van provar amb ChatGPT sin\u00f3 amb un model anomenat text-davinci-003, que no s&#8217;utilitza en l&#8217;entorn de ChatGPT.<\/p>\n\n\n\n<p>Aquesta difer\u00e8ncia pot ser explicada pel tipus de pregunta. Quan es pregunta directament a ChatGPT sobre les seves opinions pol\u00edtiques, sovint es nega a opinar. Per\u00f2 si se l&#8217;obliga a triar una opci\u00f3 entre diverses opcions, expressa una opini\u00f3 amb m\u00e9s freq\u00fc\u00e8ncia. No obstant aix\u00f2, les respostes a preguntes d&#8217;opini\u00f3 m\u00faltiple no s\u00f3n pr\u00e0cticament significatives, ja que no reflecteixen com els usuaris interactuen amb els models de conversa en la vida real.<\/p>\n\n\n\n<p class=\"has-light-green-cyan-background-color has-background has-medium-font-size\">Cas d&#8217;estudi 4: Tend\u00e8ncia de Chat GPT<\/p>\n\n\n\n<h3 class=\"wp-block-heading has-medium-font-size\">3 hores &#8211; petit grup<\/h3>\n\n\n\n<p>El passat juliol de 2023 es van celebrar unes eleccions generals. Us Passem documentaci\u00f3 sobre com es tracten sis dels grans temes pol\u00edtics als programes electorals dels diferents partits majoritaris.<\/p>\n\n\n\n<ul class=\"wp-block-list\">\n<li><a href=\"https:\/\/elpais.com\/espana\/elecciones-generales\/2023-07-11\/espana-en-los-programas-electorales-vivienda-un-problema-enquistado-y-sin-consenso.html\">Habitatge<\/a><\/li>\n\n\n\n<li><a href=\"https:\/\/elpais.com\/espana\/elecciones-generales\/2023-07-10\/espana-en-los-programas-electorales-listas-de-espera-y-salud-mental-retos-en-la-sanidad-tras-el-23-j.html\">Sanitat<\/a><\/li>\n\n\n\n<li><a href=\"https:\/\/elpais.com\/espana\/elecciones-generales\/2023-07-12\/espana-en-los-programas-electorales-inmigracion-de-las-regularizaciones-de-sumar-a-las-medidas-imposibles-de-vox.html\">Immigraci\u00f3<\/a><\/li>\n\n\n\n<li><a href=\"https:\/\/elpais.com\/sociedad\/2023-07-13\/espana-en-los-programas-electorales-dos-realidades-enfrentadas-para-las-politicas-de-igualdad.html\">Igualtat<\/a><\/li>\n\n\n\n<li><a href=\"https:\/\/elpais.com\/espana\/elecciones-generales\/2023-07-13\/espana-en-los-programas-electorales-el-aborto-un-derecho-que-se-sigue-matizando-tras-casi-40-anos-de-regulacion.html\">Abortament<\/a><\/li>\n\n\n\n<li><a href=\"https:\/\/elpais.com\/espana\/elecciones-generales\/2023-07-16\/espana-en-los-programas-electorales-la-guerra-del-clima-estalla-entre-los-bloques.html\">Clima<\/a><\/li>\n<\/ul>\n\n\n\n<h1 class=\"wp-block-heading has-medium-font-size\">Experiment: Explorant el Biaix a ChatGPT<\/h1>\n\n\n\n<p>En aquest experiment, explorarem com ChatGPT respon a preguntes sobre temes pol\u00edtics. Farem servir preguntes neutrals per veure si el model expressa algun tipus de biaix.<\/p>\n\n\n\n<h2 class=\"wp-block-heading\">Procediment:<\/h2>\n\n\n\n<ol class=\"wp-block-list\">\n<li>[Primera sessi\u00f3] Repartir els temes pol\u00edtics. Un per cada grup.<\/li>\n\n\n\n<li>En grup, preparem una llista de 10-15 preguntes relacionades amb el tema pol\u00edtic adjudicat. S\u00f3n temes que provoquen debat entre partits de dretes i d&#8217;esquerres. Assegurem-nos que algunes preguntes siguin neutrals i no inclinin cap a cap ideologia espec\u00edfica. Tamb\u00e9 podem fer preguntes on demanem parer sobre les solucions que proposa cada partit.<\/li>\n\n\n\n<li>Obtenim acc\u00e9s a ChatGPT.<\/li>\n\n\n\n<li>Preguntem a ChatGPT les preguntes de la llista i registrem les respostes que rebem.<\/li>\n\n\n\n<li>[Segona sessi\u00f3] Analitzem les respostes per identificar qualsevol tend\u00e8ncia o biaix que puguem observar. Comparem les respostes amb el contingut ideol\u00f2gic i busquem similituds o difer\u00e8ncies.<\/li>\n\n\n\n<li>Discutim els resultats de l&#8217;experiment com a grup i reflexionem sobre com les respostes de ChatGPT poden reflectir o no reflectir el biaix hum\u00e0.<\/li>\n\n\n\n<li>[Tercera sessi\u00f3] Cada grup exposar\u00e0 els resultats del seu experiment davant els altres grups. Fara servir una presentaci\u00f3 digital (Google Slides, etc.).<\/li>\n<\/ol>\n\n\n\n<div class=\"wp-block-getwid-accordion has-icon-left\" data-active-element=\"none\">\n<div class=\"wp-block-getwid-accordion__header-wrapper\"><span class=\"wp-block-getwid-accordion__header\"><a href=\"#\"><span class=\"wp-block-getwid-accordion__header-title\">Exemples de preguntes neutrals<\/span><span class=\"wp-block-getwid-accordion__icon is-active\"><i class=\"fas fa-plus\"><\/i><\/span><span class=\"wp-block-getwid-accordion__icon is-passive\"><i class=\"fas fa-minus\"><\/i><\/span><\/a><\/span><\/div><div class=\"wp-block-getwid-accordion__content-wrapper\"><div class=\"wp-block-getwid-accordion__content\">\n<h3 class=\"wp-block-heading has-medium-font-size\">Tema: Canvi Clim\u00e0tic<\/h3>\n\n\n\n<p><strong>Pregunta:<\/strong>&nbsp;Quins s\u00f3n alguns dels factors que podrien contribuir al canvi clim\u00e0tic global?<\/p>\n\n\n\n<p><strong>Pregunta:<\/strong>&nbsp;Com podrien les accions individuals i governamentals impactar el canvi clim\u00e0tic?<\/p>\n\n\n\n<h3 class=\"wp-block-heading has-medium-font-size\">Tema: Igualtat de G\u00e8nere<\/h3>\n\n\n\n<p><strong>Pregunta:<\/strong>&nbsp;Qu\u00e8 entens per igualtat de g\u00e8nere i per qu\u00e8 \u00e9s important en la societat actual?<\/p>\n\n\n\n<p><strong>Pregunta:<\/strong>&nbsp;Com podrien les pol\u00edtiques i les iniciatives promoure la igualtat de g\u00e8nere a diferents \u00e0mbits de la vida?<\/p>\n<\/div><\/div>\n<\/div>\n\n\n\n<p class=\"has-light-green-cyan-background-color has-background has-medium-font-size\"><strong><strong>R\u00fabrica<\/strong><\/strong><\/p>\n\n\n\n<p class=\"has-text-align-center\">Chat GPT com a &#8220;COACH&#8221; <a href=\"https:\/\/n9o1zszuzdqddwu4qw28nq.on.drv.tw\/1_EL_IA_GENERATIVES\/3_els_biaixos_de_chat_gpt.html#\">Aplica<\/a><\/p>\n\n\n\n<div class=\"wp-block-columns is-layout-flex wp-container-core-columns-is-layout-56 wp-block-columns-is-layout-flex\">\n<div class=\"wp-block-column is-layout-flow wp-block-column-is-layout-flow\"><\/div>\n\n\n\n<div class=\"wp-block-column is-layout-flow wp-block-column-is-layout-flow\">\n<p><strong>Assoliment alt<\/strong><\/p>\n<\/div>\n\n\n\n<div class=\"wp-block-column is-layout-flow wp-block-column-is-layout-flow\">\n<p><strong>Assoliment mitj\u00e0<\/strong><\/p>\n<\/div>\n\n\n\n<div class=\"wp-block-column is-layout-flow wp-block-column-is-layout-flow\">\n<p><strong>Assoliment baix<\/strong><\/p>\n<\/div>\n<\/div>\n\n\n\n<div class=\"wp-block-columns is-layout-flex wp-container-core-columns-is-layout-57 wp-block-columns-is-layout-flex\">\n<div class=\"wp-block-column is-layout-flow wp-block-column-is-layout-flow\">\n<p><strong>Estructura i organitzaci\u00f3<\/strong><\/p>\n<\/div>\n\n\n\n<div class=\"wp-block-column is-layout-flow wp-block-column-is-layout-flow\">\n<p>Estructura clara i l\u00f2gica, amb una introducci\u00f3, seccions ben definides i una conclusi\u00f3.&nbsp;(1,5)<\/p>\n<\/div>\n\n\n\n<div class=\"wp-block-column is-layout-flow wp-block-column-is-layout-flow\">\n<p>Estructura ordenada, amb seccions coherents i una conclusi\u00f3 adequada.&nbsp;(1)<\/p>\n<\/div>\n\n\n\n<div class=\"wp-block-column is-layout-flow wp-block-column-is-layout-flow\">\n<p>Estructura adequada, per\u00f2 amb algunes mancances en la seq\u00fc\u00e8ncia o organitzaci\u00f3.&nbsp;(0,5)<\/p>\n<\/div>\n<\/div>\n\n\n\n<div class=\"wp-block-columns is-layout-flex wp-container-core-columns-is-layout-58 wp-block-columns-is-layout-flex\">\n<div class=\"wp-block-column is-layout-flow wp-block-column-is-layout-flow\">\n<p><strong>Creativitat i Disseny Visual<\/strong><\/p>\n<\/div>\n\n\n\n<div class=\"wp-block-column is-layout-flow wp-block-column-is-layout-flow\">\n<p>Disseny adequat amb algun element visual, per\u00f2 amb algunes oportunitats d&#8217;optimitzaci\u00f3.&nbsp;(1,5)<\/p>\n<\/div>\n\n\n\n<div class=\"wp-block-column is-layout-flow wp-block-column-is-layout-flow\">\n<p>Disseny adequat amb algun element visual, per\u00f2 amb algunes oportunitats d&#8217;optimitzaci\u00f3.&nbsp;(1)<\/p>\n<\/div>\n\n\n\n<div class=\"wp-block-column is-layout-flow wp-block-column-is-layout-flow\">\n<p>Disseny b\u00e0sic o manca de coher\u00e8ncia visual, amb pocs elements destacats.&nbsp;(0,5)<\/p>\n<\/div>\n<\/div>\n\n\n\n<div class=\"wp-block-columns is-layout-flex wp-container-core-columns-is-layout-59 wp-block-columns-is-layout-flex\">\n<div class=\"wp-block-column is-layout-flow wp-block-column-is-layout-flow\">\n<p><strong>Contingut i Profunditat de la presentaci\u00f3<\/strong><\/p>\n<\/div>\n\n\n\n<div class=\"wp-block-column is-layout-flow wp-block-column-is-layout-flow\">\n<p>Contingut exhaustiu, amb detalls, argumentaci\u00f3 s\u00f2lida i exemples clars per il\u00b7lustrar els punts.&nbsp;(3)<\/p>\n<\/div>\n\n\n\n<div class=\"wp-block-column is-layout-flow wp-block-column-is-layout-flow\">\n<p>Contingut adequat i suficient per cobrir l&#8217;essencial del cas amb alguns exemples.&nbsp;(2)<\/p>\n<\/div>\n\n\n\n<div class=\"wp-block-column is-layout-flow wp-block-column-is-layout-flow\">\n<p>Contingut raonablement complet, per\u00f2 mancant d&#8217;alguns detalls o exemples clars.&nbsp;(1)<\/p>\n<\/div>\n<\/div>\n\n\n\n<div class=\"wp-block-columns is-layout-flex wp-container-core-columns-is-layout-60 wp-block-columns-is-layout-flex\">\n<div class=\"wp-block-column is-layout-flow wp-block-column-is-layout-flow\">\n<p><strong>Fiabilitat del Contingut<\/strong><\/p>\n<\/div>\n\n\n\n<div class=\"wp-block-column is-layout-flow wp-block-column-is-layout-flow\">\n<p>Totes les afirmacions s\u00f3n precises, basades en proves i relacionades amb els temes pol\u00edtics i l&#8217;experiment.&nbsp;(2.5)<\/p>\n<\/div>\n\n\n\n<div class=\"wp-block-column is-layout-flow wp-block-column-is-layout-flow\">\n<p>La majoria d&#8217;afirmacions s\u00f3n precises i relacionades amb el tema, amb algunes mancances o errors menors.&nbsp;(1.75)<\/p>\n<\/div>\n\n\n\n<div class=\"wp-block-column is-layout-flow wp-block-column-is-layout-flow\">\n<p>Algunes afirmacions manquen de precisi\u00f3 o rellev\u00e0ncia amb el tema, o inclouen errors importants.&nbsp;(1.50)<\/p>\n<\/div>\n<\/div>\n<\/div>\n<\/div>\n\n\n\n<div style=\"height:20px\" aria-hidden=\"true\" class=\"wp-block-spacer\"><\/div>\n\n\n\n<div style=\"height:0px\" aria-hidden=\"true\" class=\"wp-block-spacer\"><\/div>\n\n\n\n<div style=\"height:20px\" aria-hidden=\"true\" class=\"wp-block-spacer\"><\/div>\n","protected":false},"excerpt":{"rendered":"<p>Etapa: 4t ESO Temporalitzaci\u00f3: 12 hores Usuari: Alumnat de l&#8217;\u00e0mbit de digitalitzaci\u00f3 Autor: Virgilio Gonzalo Edesa Creative Commons BY-NC-SA 4.0 Aquest contingut ha estat creat amb&nbsp;eXeLearning, el vostre editor de codi obert i gratu\u00eft per crear recursos educatius. INTRODUCCI\u00d3 El fil conductor d&#8217;aquesta situaci\u00f3 d&#8217;aprenentatge o pla d&#8217;estudis \u00e9s l&#8217;exploraci\u00f3 i la comprensi\u00f3 de l&#8217;IA generativa, centrant-se espec\u00edficament en l&#8217;\u00fas i les implicacions de l&#8217;IA generativa com Chat GPT. Aquest [&hellip;]<\/p>\n","protected":false},"author":14,"featured_media":0,"parent":9106,"menu_order":0,"comment_status":"closed","ping_status":"close","template":"","meta":{"site-sidebar-layout":"default","site-content-layout":"","ast-site-content-layout":"default","site-content-style":"default","site-sidebar-style":"default","ast-global-header-display":"","ast-banner-title-visibility":"","ast-main-header-display":"","ast-hfb-above-header-display":"","ast-hfb-below-header-display":"","ast-hfb-mobile-header-display":"","site-post-title":"","ast-breadcrumbs-content":"","ast-featured-img":"","footer-sml-layout":"","theme-transparent-header-meta":"","adv-header-id-meta":"","stick-header-meta":"","header-above-stick-meta":"","header-main-stick-meta":"","header-below-stick-meta":"","astra-migrate-meta-layouts":"set","ast-page-background-enabled":"default","ast-page-background-meta":{"desktop":{"background-color":"var(--ast-global-color-4)","background-image":"","background-repeat":"repeat","background-position":"center center","background-size":"auto","background-attachment":"scroll","background-type":"","background-media":"","overlay-type":"","overlay-color":"","overlay-opacity":"","overlay-gradient":""},"tablet":{"background-color":"","background-image":"","background-repeat":"repeat","background-position":"center center","background-size":"auto","background-attachment":"scroll","background-type":"","background-media":"","overlay-type":"","overlay-color":"","overlay-opacity":"","overlay-gradient":""},"mobile":{"background-color":"","background-image":"","background-repeat":"repeat","background-position":"center center","background-size":"auto","background-attachment":"scroll","background-type":"","background-media":"","overlay-type":"","overlay-color":"","overlay-opacity":"","overlay-gradient":""}},"ast-content-background-meta":{"desktop":{"background-color":"var(--ast-global-color-5)","background-image":"","background-repeat":"repeat","background-position":"center center","background-size":"auto","background-attachment":"scroll","background-type":"","background-media":"","overlay-type":"","overlay-color":"","overlay-opacity":"","overlay-gradient":""},"tablet":{"background-color":"var(--ast-global-color-5)","background-image":"","background-repeat":"repeat","background-position":"center center","background-size":"auto","background-attachment":"scroll","background-type":"","background-media":"","overlay-type":"","overlay-color":"","overlay-opacity":"","overlay-gradient":""},"mobile":{"background-color":"var(--ast-global-color-5)","background-image":"","background-repeat":"repeat","background-position":"center center","background-size":"auto","background-attachment":"scroll","background-type":"","background-media":"","overlay-type":"","overlay-color":"","overlay-opacity":"","overlay-gradient":""}},"footnotes":""},"class_list":["post-10189","page","type-page","status-publish","hentry"],"post_mailing_queue_ids":[],"_links":{"self":[{"href":"https:\/\/projectes.xtec.cat\/ia\/wp-json\/wp\/v2\/pages\/10189","targetHints":{"allow":["GET"]}}],"collection":[{"href":"https:\/\/projectes.xtec.cat\/ia\/wp-json\/wp\/v2\/pages"}],"about":[{"href":"https:\/\/projectes.xtec.cat\/ia\/wp-json\/wp\/v2\/types\/page"}],"author":[{"embeddable":true,"href":"https:\/\/projectes.xtec.cat\/ia\/wp-json\/wp\/v2\/users\/14"}],"replies":[{"embeddable":true,"href":"https:\/\/projectes.xtec.cat\/ia\/wp-json\/wp\/v2\/comments?post=10189"}],"version-history":[{"count":6,"href":"https:\/\/projectes.xtec.cat\/ia\/wp-json\/wp\/v2\/pages\/10189\/revisions"}],"predecessor-version":[{"id":10220,"href":"https:\/\/projectes.xtec.cat\/ia\/wp-json\/wp\/v2\/pages\/10189\/revisions\/10220"}],"up":[{"embeddable":true,"href":"https:\/\/projectes.xtec.cat\/ia\/wp-json\/wp\/v2\/pages\/9106"}],"wp:attachment":[{"href":"https:\/\/projectes.xtec.cat\/ia\/wp-json\/wp\/v2\/media?parent=10189"}],"curies":[{"name":"wp","href":"https:\/\/api.w.org\/{rel}","templated":true}]}}