{"id":12010,"date":"2025-11-19T08:38:08","date_gmt":"2025-11-19T07:38:08","guid":{"rendered":"https:\/\/projectes.xtec.cat\/ia\/?page_id=12010"},"modified":"2026-02-21T14:55:05","modified_gmt":"2026-02-21T13:55:05","slug":"2-a-1-1-es-conscient-que-la-ia-esta-dissenyada-per-persones-i-corporacions-amb-biaixos-i-interessos-comercials-que-poden-entrar-en-conflicte-amb-letica-i-els-drets-fonamentals","status":"publish","type":"page","link":"https:\/\/projectes.xtec.cat\/ia\/competencia-digital-docent-intelligencia-artificial\/dimensio2-visio-humanista-de-la-ia\/d2-etapa-basica\/2-a-1-comprensio-de-lagencia-humana\/2-a-1-1-es-conscient-que-la-ia-esta-dissenyada-per-persones-i-corporacions-amb-biaixos-i-interessos-comercials-que-poden-entrar-en-conflicte-amb-letica-i-els-drets-fonamentals\/","title":{"rendered":"2.A.1.1.\u00c9s conscient que la IA est\u00e0 dissenyada per persones i corporacions amb biaixos i interessos comercials que poden entrar en conflicte amb l\u2019\u00e8tica i els drets fonamentals."},"content":{"rendered":"\n<h3 class=\"wp-block-heading has-medium-font-size\">Biaixos<\/h3>\n\n\n\n<div class=\"wp-block-getwid-accordion has-icon-left\" data-active-element=\"none\">\n<div class=\"wp-block-getwid-accordion__header-wrapper\"><h3 class=\"wp-block-getwid-accordion__header\"><a href=\"#\"><span class=\"wp-block-getwid-accordion__header-title\">Biaixos en generadors d&#8217;imatges: masclisme, racisme, classisme i edadisme<\/span><span class=\"wp-block-getwid-accordion__icon is-active\"><i class=\"fas fa-chevron-down\"><\/i><\/span><span class=\"wp-block-getwid-accordion__icon is-passive\"><i class=\"fas fa-chevron-up\"><\/i><\/span><\/a><\/h3><\/div><div class=\"wp-block-getwid-accordion__content-wrapper\"><div class=\"wp-block-getwid-accordion__content\">\n<blockquote class=\"wp-block-quote is-layout-flow wp-block-quote-is-layout-flow\">\n<p>Nicoletti, L., &amp; Bass, D. (2023, junio 9). <em>Humans Are biased. Generative AI is even worse.<\/em> Bloomberg Technology + Equality. <a href=\"https:\/\/www.bloomberg.com\/graphics\/2023-generative-ai-bias\/?utm_source=chatgpt.com\">https:\/\/www.bloomberg.com\/graphics\/2023-generative-ai-bias\/<\/a><\/p>\n<\/blockquote>\n\n\n\n<div class=\"wp-block-columns is-layout-flex wp-container-core-columns-is-layout-1 wp-block-columns-is-layout-flex\">\n<div class=\"wp-block-column is-layout-flow wp-block-column-is-layout-flow\">\n<p>L\u2019article analitza com els sistemes d\u2019intel\u00b7lig\u00e8ncia artificial generativa, especialment els models de <strong>generaci\u00f3 d\u2019imatges<\/strong>, <strong>no nom\u00e9s reprodueixen els biaixos humans existents, sin\u00f3 que sovint els amplifiquen<\/strong> fins a nivells m\u00e9s extrems que els que es donen en la realitat social.<\/p>\n\n\n\n<p><strong>1. Amplificaci\u00f3 dels biaixos socials<\/strong><br>Quan se\u2019ls demana que generin imatges associades a professions com ara \u201cjutge\u201d, \u201cdirector executiu\u201d o \u201cmetge\u201d, els models tendeixen a produir representacions <strong>molt m\u00e9s masculinitzades i blanquitzades<\/strong> que les dades reals. Aix\u00f2 significa que la IA no reflecteix la realitat, sin\u00f3 una versi\u00f3 <strong>distorsionada i estereotipada<\/strong> d\u2019aquesta.<\/p>\n\n\n\n<p><strong>2. Refor\u00e7 d\u2019estereotips de g\u00e8nere i ra\u00e7a<\/strong><br>Les dones apareixen infrarepresentades en professions d\u2019alt estatus i sobrerepresentades en rols tradicionalment associats a estereotips de g\u00e8nere. De manera similar, les persones racialitzades solen apar\u00e8ixer de forma desproporcionada en ocupacions de menor prestigi o en contextos problem\u00e0tics.<\/p>\n\n\n\n<p><strong>3. Riscos en contextos sensibles<\/strong><br>Quan aquests models generen imatges associades a conceptes delicats com \u201ccriminal\u201d o \u201cterrorista\u201d, tendeixen a refor\u00e7ar <strong>estereotips racials nocius<\/strong>, fet que pot tenir conseq\u00fc\u00e8ncies greus si aquestes tecnologies s\u2019utilitzen en \u00e0mbits com la just\u00edcia, l\u2019educaci\u00f3 o els mitjans de comunicaci\u00f3.<\/p>\n\n\n\n<p><strong>4. Origen del problema: les dades d\u2019entrenament<\/strong><br>La causa principal del biaix \u00e9s que aquests sistemes s\u2019entrenen amb <strong>grans volums de dades extretes d\u2019Internet sense una curaci\u00f3 acurada<\/strong>. Com que la xarxa ja reflecteix desigualtats i prejudicis socials, la IA els apr\u00e8n i els exagera en lloc de corregir-los.<\/p>\n\n\n\n<p>L\u2019article conclou que la intel\u00b7lig\u00e8ncia artificial generativa <strong>pot consolidar i intensificar les desigualtats existents<\/strong>, especialment quan es percep err\u00f2niament com una eina objectiva o neutral. <\/p>\n<\/div>\n\n\n\n<div class=\"wp-block-column is-layout-flow wp-block-column-is-layout-flow\">\n<figure class=\"wp-block-image size-large\"><a href=\"https:\/\/projectes.xtec.cat\/ia\/wp-content\/uploads\/usu2387\/2026\/02\/drug-dealer.png\"><img loading=\"lazy\" decoding=\"async\" width=\"1024\" height=\"452\" src=\"https:\/\/projectes.xtec.cat\/ia\/wp-content\/uploads\/usu2387\/2026\/02\/drug-dealer-1024x452.png\" alt=\"\" class=\"wp-image-12950\" srcset=\"https:\/\/projectes.xtec.cat\/ia\/wp-content\/uploads\/usu2387\/2026\/02\/drug-dealer-1024x452.png 1024w, https:\/\/projectes.xtec.cat\/ia\/wp-content\/uploads\/usu2387\/2026\/02\/drug-dealer-300x132.png 300w, https:\/\/projectes.xtec.cat\/ia\/wp-content\/uploads\/usu2387\/2026\/02\/drug-dealer-768x339.png 768w, https:\/\/projectes.xtec.cat\/ia\/wp-content\/uploads\/usu2387\/2026\/02\/drug-dealer.png 1382w\" sizes=\"auto, (max-width: 1024px) 100vw, 1024px\" \/><\/a><figcaption class=\"wp-element-caption\">Com \u00e9s una persona que ven drogues? <\/figcaption><\/figure>\n\n\n\n<figure class=\"wp-block-image alignleft size-large\"><a href=\"https:\/\/projectes.xtec.cat\/ia\/wp-content\/uploads\/usu2387\/2026\/02\/enginer.png\"><img loading=\"lazy\" decoding=\"async\" width=\"1024\" height=\"439\" src=\"https:\/\/projectes.xtec.cat\/ia\/wp-content\/uploads\/usu2387\/2026\/02\/enginer-1024x439.png\" alt=\"\" class=\"wp-image-12953\" srcset=\"https:\/\/projectes.xtec.cat\/ia\/wp-content\/uploads\/usu2387\/2026\/02\/enginer-1024x439.png 1024w, https:\/\/projectes.xtec.cat\/ia\/wp-content\/uploads\/usu2387\/2026\/02\/enginer-300x129.png 300w, https:\/\/projectes.xtec.cat\/ia\/wp-content\/uploads\/usu2387\/2026\/02\/enginer-768x330.png 768w, https:\/\/projectes.xtec.cat\/ia\/wp-content\/uploads\/usu2387\/2026\/02\/enginer.png 1396w\" sizes=\"auto, (max-width: 1024px) 100vw, 1024px\" \/><\/a><figcaption class=\"wp-element-caption\">Com \u00e9s una persona que es dedica a la Enginyeria? <\/figcaption><\/figure>\n\n\n\n<figure class=\"wp-block-image size-large\"><a href=\"https:\/\/projectes.xtec.cat\/ia\/wp-content\/uploads\/usu2387\/2026\/02\/doctor.png\"><img loading=\"lazy\" decoding=\"async\" width=\"1024\" height=\"437\" src=\"https:\/\/projectes.xtec.cat\/ia\/wp-content\/uploads\/usu2387\/2026\/02\/doctor-1024x437.png\" alt=\"\" class=\"wp-image-12954\" srcset=\"https:\/\/projectes.xtec.cat\/ia\/wp-content\/uploads\/usu2387\/2026\/02\/doctor-1024x437.png 1024w, https:\/\/projectes.xtec.cat\/ia\/wp-content\/uploads\/usu2387\/2026\/02\/doctor-300x128.png 300w, https:\/\/projectes.xtec.cat\/ia\/wp-content\/uploads\/usu2387\/2026\/02\/doctor-768x328.png 768w, https:\/\/projectes.xtec.cat\/ia\/wp-content\/uploads\/usu2387\/2026\/02\/doctor.png 1397w\" sizes=\"auto, (max-width: 1024px) 100vw, 1024px\" \/><\/a><figcaption class=\"wp-element-caption\">Com \u00e9s una persona que es dedica a la medicina? <\/figcaption><\/figure>\n<\/div>\n<\/div>\n<\/div><\/div>\n\n\n\n<div class=\"wp-block-getwid-accordion__header-wrapper\"><h3 class=\"wp-block-getwid-accordion__header\"><a href=\"#\"><span class=\"wp-block-getwid-accordion__header-title\">Xatbot Grok consulta les opinions d&#8217;Elon Musk abans de respondre<\/span><span class=\"wp-block-getwid-accordion__icon is-active\"><i class=\"fas fa-chevron-down\"><\/i><\/span><span class=\"wp-block-getwid-accordion__icon is-passive\"><i class=\"fas fa-chevron-up\"><\/i><\/span><\/a><\/h3><\/div><div class=\"wp-block-getwid-accordion__content-wrapper\"><div class=\"wp-block-getwid-accordion__content\">\n<blockquote class=\"wp-block-quote is-layout-flow wp-block-quote-is-layout-flow\">\n<p>Willison, S. (2025, 11 de julio). <em>Grok: searching X for \u201cfrom:elonmusk (Israel OR Palestine OR Hamas OR Gaza)\u201d<\/em>. <a href=\"https:\/\/simonwillison.net\/2025\/Jul\/11\/grok-musk\/?utm_source=chatgpt.com\">https:\/\/simonwillison.net\/2025\/Jul\/11\/grok-musk\/<\/a><\/p>\n<\/blockquote>\n\n\n\n<div class=\"wp-block-columns is-layout-flex wp-container-core-columns-is-layout-2 wp-block-columns-is-layout-flex\">\n<div class=\"wp-block-column is-layout-flow wp-block-column-is-layout-flow\">\n<p>Aquest article examina un comportament curi\u00f3s de la intel\u00b7lig\u00e8ncia artificial&nbsp;<strong>Grok 4<\/strong>, que cercava activament les opinions d&#8217;<strong>Elon Musk<\/strong>&nbsp;a la xarxa social X per respondre preguntes controvertides. L&#8217;autor detalla com el bot intentava&nbsp;<strong>alinear les seves respostes<\/strong>&nbsp;amb el punt de vista del seu propietari en temes com el conflicte entre Israel i Palestina. Tot i que inicialment no hi havia instruccions expl\u00edcites per fer-ho, el sistema dedu\u00efa que havia de consultar Musk per definir la seva pr\u00f2pia&nbsp;<strong>identitat corporativa<\/strong>. Finalment, la font informa que&nbsp;<strong>xAI<\/strong>&nbsp;va haver de modificar el codi i les instruccions del model per aturar aquesta pr\u00e0ctica i garantir&nbsp;<strong>an\u00e0lisis independents<\/strong>.<\/p>\n<\/div>\n\n\n\n<div class=\"wp-block-column is-layout-flow wp-block-column-is-layout-flow\">\n<iframe loading=\"lazy\" src=\"https:\/\/drive.google.com\/file\/d\/1baaeGBSd3q4y369uEidwCOXp-6mKFY5K\/preview\" width=\"640\" height=\"380\"><\/iframe>\n<\/div>\n<\/div>\n<\/div><\/div>\n\n\n\n<div class=\"wp-block-getwid-accordion__header-wrapper\"><h3 class=\"wp-block-getwid-accordion__header\"><a href=\"#\"><span class=\"wp-block-getwid-accordion__header-title\">DeepSeek s&#8217;alinea amb el discurs oficial del govern xin\u00e8s<\/span><span class=\"wp-block-getwid-accordion__icon is-active\"><i class=\"fas fa-chevron-down\"><\/i><\/span><span class=\"wp-block-getwid-accordion__icon is-passive\"><i class=\"fas fa-chevron-up\"><\/i><\/span><\/a><\/h3><\/div><div class=\"wp-block-getwid-accordion__content-wrapper\"><div class=\"wp-block-getwid-accordion__content\">\n<blockquote class=\"wp-block-quote is-layout-flow wp-block-quote-is-layout-flow\">\n<p>RTVE. (2025, 6 de febrero). <em>Dictadura, democracia, Tiananm\u00e9n y otros temas en los que DeepSeek no te dice la verdad<\/em>. RTVE Noticias. <a href=\"https:\/\/www.rtve.es\/noticias\/20250206\/dictadura-democracia-tiananmen-temas-deepseek-no-dice-verdad\/16438868.shtml?utm_source=chatgpt.com\">https:\/\/www.rtve.es\/noticias\/20250206\/dictadura-democracia-tiananmen-temas-deepseek-no-dice-verdad\/16438868.shtml<\/a><\/p>\n<\/blockquote>\n\n\n\n<div class=\"wp-block-columns is-layout-flex wp-container-core-columns-is-layout-3 wp-block-columns-is-layout-flex\">\n<div class=\"wp-block-column is-layout-flow wp-block-column-is-layout-flow\">\n<p>L\u2019article analitza com la intel\u00b7lig\u00e8ncia artificial <strong>DeepSeek R1<\/strong>, desenvolupada per l\u2019empresa xinesa DeepSeek, ofereix respostes esbiaixades o manipulades sobre temes pol\u00edtics sensibles, especialment relacionats amb la Xina. <\/p>\n\n\n\n<p>Quan se li pregunta si <strong>Xina \u00e9s una democr\u00e0cia<\/strong>, DeepSeek respon que \u00e9s una \u201c<em>democr\u00e0cia socialista<\/em>\u201d, un terme part del discurs oficial xin\u00e8s per\u00f2 contradictori respecte als criteris internacionals de democr\u00e0cia, que inclouen eleccions lliures i pluralisme pol\u00edtic. Encara que en algun moment DeepSeek arriba a dir que Xina \u201cno pot ser considerada una democr\u00e0cia\u201d, posteriorment <strong>borra aquesta resposta<\/strong> i mostra un missatge gen\u00e8ric d\u2019error.<\/p>\n\n\n\n<p>Sobre si Xina \u00e9s una <strong>dictadura<\/strong>, la IA inicialment nega aquest terme per\u00f2 en altres consultes arriba a classificar-la aix\u00ed dins d\u2019una llista de pa\u00efsos, encara que despr\u00e9s canvia la resposta. Aix\u00f2 mostra <strong>inconsist\u00e8ncies<\/strong> en com tracta la definici\u00f3.<\/p>\n\n\n\n<p>Finalment, quan se li pregunta sobre la <strong>masacre de la pla\u00e7a de Tiananmen de 1989<\/strong>, DeepSeek evita definir-la com a \u201cmasacre\u201d en respostes directes i sovint esborra detalls clau despr\u00e9s de mostrar-los.<\/p>\n\n\n\n<p>DeepSeek tendeix a <strong>reflectir el discurs oficial del Govern xin\u00e8s<\/strong>, afirmant que es basa en informaci\u00f3 \u201cverificable\u201d i en el marc pol\u00edtic establert per Pequ\u00edn.<\/p>\n<\/div>\n\n\n\n<div class=\"wp-block-column is-layout-flow wp-block-column-is-layout-flow\">\n<figure data-wp-context=\"{&quot;imageId&quot;:&quot;69f07a297c48d&quot;}\" data-wp-interactive=\"core\/image\" class=\"wp-block-image aligncenter size-full has-custom-border wp-lightbox-container\"><img loading=\"lazy\" decoding=\"async\" width=\"854\" height=\"244\" data-wp-class--hide=\"state.isContentHidden\" data-wp-class--show=\"state.isContentVisible\" data-wp-init=\"callbacks.setButtonStyles\" data-wp-on-async--click=\"actions.showLightbox\" data-wp-on-async--load=\"callbacks.setButtonStyles\" data-wp-on-async-window--resize=\"callbacks.setButtonStyles\" src=\"https:\/\/projectes.xtec.cat\/ia\/wp-content\/uploads\/usu2387\/2026\/02\/Deepseek-tiananmen.png\" alt=\"\" class=\"has-border-color has-ast-global-color-7-border-color wp-image-12960\" style=\"border-width:1px\" srcset=\"https:\/\/projectes.xtec.cat\/ia\/wp-content\/uploads\/usu2387\/2026\/02\/Deepseek-tiananmen.png 854w, https:\/\/projectes.xtec.cat\/ia\/wp-content\/uploads\/usu2387\/2026\/02\/Deepseek-tiananmen-300x86.png 300w, https:\/\/projectes.xtec.cat\/ia\/wp-content\/uploads\/usu2387\/2026\/02\/Deepseek-tiananmen-768x219.png 768w\" sizes=\"auto, (max-width: 854px) 100vw, 854px\" \/><button\n\t\t\tclass=\"lightbox-trigger\"\n\t\t\ttype=\"button\"\n\t\t\taria-haspopup=\"dialog\"\n\t\t\taria-label=\"Amplia la imatge\"\n\t\t\tdata-wp-init=\"callbacks.initTriggerButton\"\n\t\t\tdata-wp-on-async--click=\"actions.showLightbox\"\n\t\t\tdata-wp-style--right=\"state.imageButtonRight\"\n\t\t\tdata-wp-style--top=\"state.imageButtonTop\"\n\t\t>\n\t\t\t<svg xmlns=\"http:\/\/www.w3.org\/2000\/svg\" width=\"12\" height=\"12\" fill=\"none\" viewBox=\"0 0 12 12\">\n\t\t\t\t<path fill=\"#fff\" d=\"M2 0a2 2 0 0 0-2 2v2h1.5V2a.5.5 0 0 1 .5-.5h2V0H2Zm2 10.5H2a.5.5 0 0 1-.5-.5V8H0v2a2 2 0 0 0 2 2h2v-1.5ZM8 12v-1.5h2a.5.5 0 0 0 .5-.5V8H12v2a2 2 0 0 1-2 2H8Zm2-12a2 2 0 0 1 2 2v2h-1.5V2a.5.5 0 0 0-.5-.5H8V0h2Z\" \/>\n\t\t\t<\/svg>\n\t\t<\/button><figcaption class=\"wp-element-caption\">Resposta real de Deepseek (17.02.2026)<\/figcaption><\/figure>\n<\/div>\n<\/div>\n<\/div><\/div>\n\n\n\n<div class=\"wp-block-getwid-accordion__header-wrapper\"><h3 class=\"wp-block-getwid-accordion__header\"><a href=\"#\"><span class=\"wp-block-getwid-accordion__header-title\">Els Xatbots IA rebutjan m\u00e9s donar una resposta segons el teu perfil (dona, jove, fan d&#8217;un equip concret)<\/span><span class=\"wp-block-getwid-accordion__icon is-active\"><i class=\"fas fa-chevron-down\"><\/i><\/span><span class=\"wp-block-getwid-accordion__icon is-passive\"><i class=\"fas fa-chevron-up\"><\/i><\/span><\/a><\/h3><\/div><div class=\"wp-block-getwid-accordion__content-wrapper\"><div class=\"wp-block-getwid-accordion__content\">\n<blockquote class=\"wp-block-quote is-layout-flow wp-block-quote-is-layout-flow\">\n<p><strong>Li, V. R., Chen, Y., &amp; Saphra, N. (2024).<\/strong> <em>ChatGPT doesn\u2019t trust Chargers fans: Guardrail sensitivity in context.<\/em> En <em>Proceedings of the 2024 Conference on Empirical Methods in Natural Language Processing<\/em> (pp. 6327\u20136345). Association for Computational Linguistics. <a>https:\/\/doi.org\/10.18653\/v1\/2024.emnlp-main.363<\/a><\/p>\n<\/blockquote>\n\n\n\n<div class=\"wp-block-columns is-layout-flex wp-container-core-columns-is-layout-4 wp-block-columns-is-layout-flex\">\n<div class=\"wp-block-column is-layout-flow wp-block-column-is-layout-flow\">\n<p>Tot i que els biaixos dels models de llenguatge en producci\u00f3 estan \u00e0mpliament documentats, els biaixos dels seus <em>guardrails<\/em> (mecanismes de control que limiten les respostes) han estat en gran mesura desatesos. Aquest article d&#8217;investigadors de Hardward investiga com la informaci\u00f3 contextual sobre l\u2019usuari influeix en la probabilitat que un model de llenguatge gran (LLM) rebutgi executar una sol\u00b7licitud. Mitjan\u00e7ant la generaci\u00f3 de biografies d\u2019usuari que aporten informaci\u00f3 ideol\u00f2gica i demogr\u00e0fica, trobem diversos biaixos en la sensibilitat dels <em>guardarails<\/em> en GPT-3.5. Les persones m\u00e9s joves, les dones i les persones asiaticoamericanes tenen m\u00e9s probabilitats d\u2019activar un rebuig del <em>guardarail<\/em> quan sol\u00b7liciten informaci\u00f3 censurada o il\u00b7legal. Els <em>guardarails<\/em> tamb\u00e9 mostren un comportament <strong>sibar\u00edtic<\/strong> (<em>sycophantic<\/em>), rebutjant complir sol\u00b7licituds provinents d\u2019una posici\u00f3 pol\u00edtica amb la qual l\u2019usuari probablement estigui en desacord. Finalment, constatem que determinats grups d\u2019identitat i dades aparentment inn\u00f2cues \u2014per exemple, ser aficionat a un equip esportiu\u2014 poden provocar canvis en la sensibilitat dels <em>guardarails<\/em> similars als que generen declaracions directes d\u2019ideologia pol\u00edtica.<\/p>\n<\/div>\n\n\n\n<div class=\"wp-block-column is-layout-flow wp-block-column-is-layout-flow\">\n<iframe loading=\"lazy\" src=\"https:\/\/drive.google.com\/file\/d\/1RtihdcLLREbizPuVHtXI0EEwONV-VN1P\/preview\" width=\"640\" height=\"380\"><\/iframe>\n<\/div>\n<\/div>\n<\/div><\/div>\n<\/div>\n\n\n\n<div style=\"height:35px\" aria-hidden=\"true\" class=\"wp-block-spacer\"><\/div>\n\n\n\n<h3 class=\"wp-block-heading has-medium-font-size\">\u00c8tica vs Interessos comercials<\/h3>\n\n\n\n<div class=\"wp-block-getwid-accordion has-icon-left\" data-active-element=\"none\">\n<div class=\"wp-block-getwid-accordion__header-wrapper\"><h3 class=\"wp-block-getwid-accordion__header\"><a href=\"#\"><span class=\"wp-block-getwid-accordion__header-title\">Documents judicials desclassificats mostren que l\u2019addici\u00f3 dels adolescents era la \u201cm\u00e0xima prioritat\u201d de les grans tecnol\u00f2giques<\/span><span class=\"wp-block-getwid-accordion__icon is-active\"><i class=\"fas fa-chevron-down\"><\/i><\/span><span class=\"wp-block-getwid-accordion__icon is-passive\"><i class=\"fas fa-chevron-up\"><\/i><\/span><\/a><\/h3><\/div><div class=\"wp-block-getwid-accordion__content-wrapper\"><div class=\"wp-block-getwid-accordion__content\">\n<blockquote class=\"wp-block-quote is-layout-flow wp-block-quote-is-layout-flow\">\n<p>Tech Oversight Project. (2026, 25 de gener). <em>Tech Oversight Report: Unsealed court documents show teen addiction was Big Tech\u2019s \u201ctop priority\u201d<\/em>. Recuperat de <a href=\"https:\/\/techoversight.org\/2026\/01\/25\/top-report-mdl-jan-25\/?utm_source=chatgpt.com\">https:\/\/techoversight.org\/2026\/01\/25\/top-report-mdl-jan-25\/<\/a><\/p>\n<\/blockquote>\n\n\n\n<div class=\"wp-block-columns is-layout-flex wp-container-core-columns-is-layout-5 wp-block-columns-is-layout-flex\">\n<div class=\"wp-block-column is-layout-flow wp-block-column-is-layout-flow\">\n<p>Tot i que l&#8217;article parla del disseny de plataformes de xarxes socials, ens pot <strong>posar en alerta<\/strong> del nivell d&#8217;\u00e8tica d&#8217;algunes d&#8217;aquestes grans corporacions que han sigut conscients dels prejudicis potencials que podien tenir els seus dissenys addictius i, aix\u00ed i tot, els han implementat.<\/p>\n\n\n\n<p>Aquest informe del <strong>Tech Oversight Project<\/strong> detalla documents judicials revelats recentment que incriminen <strong>Meta, Google, Snap i TikTok<\/strong> en el disseny deliberat de productes per a <strong>addictar menors d&#8217;edat<\/strong>. Les proves suggereixen que aquestes companyies van prioritzar el <strong>creixement d&#8217;usuaris joves<\/strong> i el benefici econ\u00f2mic tot i con\u00e8ixer els efectes nocius sobre la <strong>salut mental<\/strong> i el rendiment escolar. Segons el text, les plataformes van utilitzar estrat\u00e8gies com l&#8217;<strong>autoplay<\/strong> i ambaixadors a les escoles per captar nens, fins i tot menors de tretze anys. Els arxius tamb\u00e9 indiquen que les tecnol\u00f2giques van coordinar-se amb organitzacions de pares per <strong>manipular l&#8217;opini\u00f3 p\u00fablica<\/strong> i ocultar la gravetat de la depend\u00e8ncia digital. <\/p>\n\n\n\n<p><strong>Relacionat<\/strong><\/p>\n\n\n\n<p>Dans, E. (19 de febrero de 2026). <em>El juicio a Zuckerberg es solo la punta del iceberg: por qu\u00e9 Meta, X y TikTok son estructuralmente t\u00f3xicas para la democracia<\/em>. Recuperado de <a href=\"https:\/\/www.enriquedans.com\/2026\/02\/el-juicio-a-zuckerberg-es-solo-la-punta-del-iceberg-por-que-meta-x-y-tiktok-son-estructuralmente-toxicas-para-la-democracia.html?utm_source=chatgpt.com\">https:\/\/www.enriquedans.com\/2026\/02\/el-juicio-a-zuckerberg-es-solo-la-punta-del-iceberg-por-que-meta-x-y-tiktok-son-estructuralmente-toxicas-para-la-democracia.html<\/a><\/p>\n<\/div>\n\n\n\n<div class=\"wp-block-column is-layout-flow wp-block-column-is-layout-flow\">\n<iframe loading=\"lazy\" src=\"https:\/\/drive.google.com\/file\/d\/16O1hYZ2Jvpv-c6lilrqcJ1T3WRUEyr4s\/preview\" width=\"640\" height=\"390\"><\/iframe>\n<\/div>\n<\/div>\n<\/div><\/div>\n<\/div>\n\n\n\n<div style=\"height:50px\" aria-hidden=\"true\" class=\"wp-block-spacer\"><\/div>\n","protected":false},"excerpt":{"rendered":"<p>Biaixos \u00c8tica vs Interessos comercials<\/p>\n","protected":false},"author":1,"featured_media":0,"parent":12008,"menu_order":0,"comment_status":"closed","ping_status":"close","template":"","meta":{"site-sidebar-layout":"default","site-content-layout":"","ast-site-content-layout":"default","site-content-style":"default","site-sidebar-style":"default","ast-global-header-display":"","ast-banner-title-visibility":"","ast-main-header-display":"","ast-hfb-above-header-display":"","ast-hfb-below-header-display":"","ast-hfb-mobile-header-display":"","site-post-title":"","ast-breadcrumbs-content":"","ast-featured-img":"","footer-sml-layout":"","theme-transparent-header-meta":"","adv-header-id-meta":"","stick-header-meta":"","header-above-stick-meta":"","header-main-stick-meta":"","header-below-stick-meta":"","astra-migrate-meta-layouts":"set","ast-page-background-enabled":"default","ast-page-background-meta":{"desktop":{"background-color":"var(--ast-global-color-4)","background-image":"","background-repeat":"repeat","background-position":"center center","background-size":"auto","background-attachment":"scroll","background-type":"","background-media":"","overlay-type":"","overlay-color":"","overlay-opacity":"","overlay-gradient":""},"tablet":{"background-color":"","background-image":"","background-repeat":"repeat","background-position":"center center","background-size":"auto","background-attachment":"scroll","background-type":"","background-media":"","overlay-type":"","overlay-color":"","overlay-opacity":"","overlay-gradient":""},"mobile":{"background-color":"","background-image":"","background-repeat":"repeat","background-position":"center center","background-size":"auto","background-attachment":"scroll","background-type":"","background-media":"","overlay-type":"","overlay-color":"","overlay-opacity":"","overlay-gradient":""}},"ast-content-background-meta":{"desktop":{"background-color":"var(--ast-global-color-5)","background-image":"","background-repeat":"repeat","background-position":"center center","background-size":"auto","background-attachment":"scroll","background-type":"","background-media":"","overlay-type":"","overlay-color":"","overlay-opacity":"","overlay-gradient":""},"tablet":{"background-color":"var(--ast-global-color-5)","background-image":"","background-repeat":"repeat","background-position":"center center","background-size":"auto","background-attachment":"scroll","background-type":"","background-media":"","overlay-type":"","overlay-color":"","overlay-opacity":"","overlay-gradient":""},"mobile":{"background-color":"var(--ast-global-color-5)","background-image":"","background-repeat":"repeat","background-position":"center center","background-size":"auto","background-attachment":"scroll","background-type":"","background-media":"","overlay-type":"","overlay-color":"","overlay-opacity":"","overlay-gradient":""}},"footnotes":""},"class_list":["post-12010","page","type-page","status-publish","hentry"],"post_mailing_queue_ids":[],"_links":{"self":[{"href":"https:\/\/projectes.xtec.cat\/ia\/wp-json\/wp\/v2\/pages\/12010","targetHints":{"allow":["GET"]}}],"collection":[{"href":"https:\/\/projectes.xtec.cat\/ia\/wp-json\/wp\/v2\/pages"}],"about":[{"href":"https:\/\/projectes.xtec.cat\/ia\/wp-json\/wp\/v2\/types\/page"}],"author":[{"embeddable":true,"href":"https:\/\/projectes.xtec.cat\/ia\/wp-json\/wp\/v2\/users\/1"}],"replies":[{"embeddable":true,"href":"https:\/\/projectes.xtec.cat\/ia\/wp-json\/wp\/v2\/comments?post=12010"}],"version-history":[{"count":6,"href":"https:\/\/projectes.xtec.cat\/ia\/wp-json\/wp\/v2\/pages\/12010\/revisions"}],"predecessor-version":[{"id":12970,"href":"https:\/\/projectes.xtec.cat\/ia\/wp-json\/wp\/v2\/pages\/12010\/revisions\/12970"}],"up":[{"embeddable":true,"href":"https:\/\/projectes.xtec.cat\/ia\/wp-json\/wp\/v2\/pages\/12008"}],"wp:attachment":[{"href":"https:\/\/projectes.xtec.cat\/ia\/wp-json\/wp\/v2\/media?parent=12010"}],"curies":[{"name":"wp","href":"https:\/\/api.w.org\/{rel}","templated":true}]}}