{"id":9907,"date":"2024-04-15T13:08:02","date_gmt":"2024-04-15T11:08:02","guid":{"rendered":"https:\/\/projectes.xtec.cat\/ia\/?page_id=9907"},"modified":"2024-04-15T13:52:27","modified_gmt":"2024-04-15T11:52:27","slug":"la-intelligencia-artificial-es-creativa-elaborem-pensament-critic-a-primaria-titol-vinculat-a-alia-del-cccb","status":"publish","type":"page","link":"https:\/\/projectes.xtec.cat\/ia\/a-les-aules\/experiencies-aula\/la-intelligencia-artificial-es-creativa-elaborem-pensament-critic-a-primaria-titol-vinculat-a-alia-del-cccb\/","title":{"rendered":"La Intel\u00b7lig\u00e8ncia Artificial \u00e9s creativa? Elaborem pensament cr\u00edtic a Prim\u00e0ria (t\u00edtol vinculat a Alia del CCCB)"},"content":{"rendered":"\n<p class=\"has-medium-font-size\"><strong>Etapa<\/strong>: 6\u00e8 de prim\u00e0ira<\/p>\n\n\n\n<p class=\"has-medium-font-size\"><strong>Temporalitzaci\u00f3<\/strong>: Entre 15 i 20 hores<\/p>\n\n\n\n<p class=\"has-medium-font-size\"><strong>Usuari<\/strong>: Alumnat.<\/p>\n\n\n\n<p class=\"has-medium-font-size\"><strong>\u00c0rees<\/strong>: Coneixement del Medi Natural, Social i Cultural \/ Educaci\u00f3 en Valors C\u00edvics \/ Llengua Catalana i Literatura \/<br>Educaci\u00f3 Art\u00edstica.<\/p>\n\n\n\n<p class=\"has-medium-font-size\"><strong>Autor<\/strong>: Olga Armengol. Escola Sant Nicolau. Sabadell<\/p>\n\n\n\n<figure class=\"wp-block-image size-full is-resized\"><a href=\"https:\/\/projectes.xtec.cat\/ia\/wp-content\/uploads\/usu2387\/2024\/04\/llicencia-2.png\"><img loading=\"lazy\" decoding=\"async\" width=\"303\" height=\"113\" src=\"https:\/\/projectes.xtec.cat\/ia\/wp-content\/uploads\/usu2387\/2024\/04\/llicencia-2.png\" alt=\"\" class=\"wp-image-9890\" style=\"width:200px\" srcset=\"https:\/\/projectes.xtec.cat\/ia\/wp-content\/uploads\/usu2387\/2024\/04\/llicencia-2.png 303w, https:\/\/projectes.xtec.cat\/ia\/wp-content\/uploads\/usu2387\/2024\/04\/llicencia-2-300x112.png 300w\" sizes=\"auto, (max-width: 303px) 100vw, 303px\" \/><\/a><\/figure>\n\n\n\n<div class=\"wp-block-buttons is-content-justification-center is-layout-flex wp-container-core-buttons-is-layout-1 wp-block-buttons-is-layout-flex\">\n<div class=\"wp-block-button\"><a class=\"wp-block-button__link wp-element-button\" href=\"https:\/\/projectes.xtec.cat\/ia\/wp-content\/uploads\/usu2387\/2024\/04\/Situacio-daprenentatge_La-IA-es-creativa.pdf\">Descarrega&#8217;t el PDF<\/a><\/div>\n\n\n\n<div class=\"wp-block-button\"><a class=\"wp-block-button__link wp-element-button\" href=\"https:\/\/sites.google.com\/xtec.cat\/6-primria\/inici\">Ves a l&#8217;activitat<\/a><\/div>\n<\/div>\n\n\n\n<div style=\"height:30px\" aria-hidden=\"true\" class=\"wp-block-spacer\"><\/div>\n\n\n\n<div class=\"wp-block-columns caixa is-layout-flex wp-container-core-columns-is-layout-1 wp-block-columns-is-layout-flex\">\n<div class=\"wp-block-column is-layout-flow wp-block-column-is-layout-flow\">\n<p class=\"has-light-green-cyan-background-color has-background has-medium-font-size\"><strong>Descripci\u00f3 de l&#8217;experi\u00e8ncia:<\/strong><\/p>\n\n\n\n<p><strong>CONTEXT:<\/strong><br>Hem observat un creixent inter\u00e8s en l\u2019alumnat sobre la intel\u00b7lig\u00e8ncia artificial (IA) a trav\u00e9s de comentaris informals i considerem que \u00e9s el moment oport\u00fa per abordar aquest tema des d&#8217;una perspectiva de treball del pensament cr\u00edtic, \u00e8tica i \u00fas adequat i responsable de la IA. La pres\u00e8ncia de la IA \u00e9s una realitat, i \u00e9s essencial que els estudiants adquireixin una comprensi\u00f3 b\u00e0sica del seu funcionament i coneguin els dilemes \u00e8tics associats. Tot el treball es complementar\u00e0 amb una visita a l&#8217;exposici\u00f3 <a href=\"https:\/\/www.cccb.org\/ca\/exposicions\/fitxa\/ia-intelligencia-artificial\/240941\">IA: Intel\u00b7lig\u00e8ncia artificial<\/a>, al CCCB de Barcelona. <br>Es t\u00e9 en compte que l\u2019acc\u00e9s a IA generativa no \u00e9s permesa a menors de tretze anys.<\/p>\n\n\n\n<p><strong>REPTE: <\/strong><\/p>\n\n\n\n<p><strong>Treballar per respondre a la pregunta \u201cLa IA \u00e9s creativa?\u201d i elaborar materials de conscienciaci\u00f3 sobre l\u2019\u00fas cr\u00edtic de la IA<\/strong>.<br>Elaborar diverses un mapa conceptual gegant al passad\u00eds i un tr\u00edptic informatiu per la comunitat i compartir a la xarxa, connectant els conceptes clau apresos sobre la IA, destacant especialment els temes \u00e8tics, amb l&#8217;objectiu d&#8217;elevar la consci\u00e8ncia dins de la comunitat educativa. El centre dur\u00e0 a terme un monogr\u00e0fic de \u201cbenestar digital\u201d per a tota la comunitat i ser\u00e0 una de les activitats (en format visual, xerrada o taller) que s\u2019oferir\u00e0 a trav\u00e9s dels mateixos alumnes.<\/p>\n<\/div>\n<\/div>\n\n\n\n<div style=\"height:20px\" aria-hidden=\"true\" class=\"wp-block-spacer\"><\/div>\n\n\n\n<div style=\"height:0px\" aria-hidden=\"true\" class=\"wp-block-spacer\"><\/div>\n\n\n\n<div class=\"wp-block-columns caixa is-layout-flex wp-container-core-columns-is-layout-2 wp-block-columns-is-layout-flex\">\n<div class=\"wp-block-column is-layout-flow wp-block-column-is-layout-flow\">\n<p class=\"has-light-green-cyan-background-color has-background has-medium-font-size\"><strong>COMPET\u00c8NCIES ESPEC\u00cdFIQUES.<\/strong><\/p>\n\n\n\n<p><strong>Coneixement del Medi Natural, Social i Cultural<\/strong>: <\/p>\n\n\n\n<p><strong>5.<\/strong>  Resoldre problemes i reptes generant cooperativament un producte creatiu i innovador a partir de projectes interdisciplinaris, utilitzant diferents formes de raonament, com el pensament de disseny i el pensament computacional, per respondre a necessitats concretes<\/p>\n\n\n\n<p><strong>Educaci\u00f3 en Valors C\u00edvics i \u00c8tics<\/strong><\/p>\n\n\n\n<p><strong>1.- <\/strong> Identificar aspectes vinculats a la pr\u00f2pia identitat i a les q\u00fcestions \u00e8tiques relatives a un mateix, en el seu entorn proper, buscant la informaci\u00f3 a l\u2019abast i interpretant-la de forma reflexiva i cr\u00edtica per promoure l\u2019autoconeixement i el desenvolupament de l\u2019autonomia moral.<\/p>\n\n\n\n<p><strong>2.-  <\/strong>Actuar i interactuar atenent a normes i valors c\u00edvics i \u00e8tics, reflexionant sobre la seva import\u00e0ncia per a la vida individual i col\u00b7lectiva, per aplicar-los de manera efectiva i argumentada en diferents contextos i amb la finalitat de promoure una conviv\u00e8ncia pac\u00edfica, respectuosa, democr\u00e0tica i justa.<\/p>\n\n\n\n<p><strong>Llengua Catalana i Literatura<\/strong><\/p>\n\n\n\n<p><strong>4.-<\/strong> Comprendre i interpretar textos escrits i multimodals, reconeixent el sentit global, les idees principals i la informaci\u00f3 impl\u00edcita i expl\u00edcita, i realitzant, de manera progressivament aut\u00f2noma, reflexions elementals sobre aspectes formals i de contingut, per construir coneixement, i respondre a necessitats i interessos comunicatius diversos.<\/p>\n\n\n\n<p><strong>Educaci\u00f3 Art\u00edstica<\/strong><\/p>\n\n\n\n<p><strong>3.- <\/strong>Experimentar i crear amb les possibilitats del so, la imatge, el cos i els mitjans digitals i multimodals, mitjan\u00e7ant activitats i experi\u00e8ncies que incorporin l\u2019aprenentatge autoregulat per expressar i comunicar coneixements, idees, sentiments i emocions.<\/p>\n\n\n\n<p><strong>4.-<\/strong> Dissenyar, elaborar i difondre creacions culturals i art\u00edstiques col\u00b7laboratives, assumint diferents rols, valorant el proc\u00e9s, per desenvolupar la creativitat, el sentit de pertinen\u00e7a i arribar a un resultat final.<\/p>\n<\/div>\n<\/div>\n\n\n\n<div style=\"height:20px\" aria-hidden=\"true\" class=\"wp-block-spacer\"><\/div>\n\n\n\n<div class=\"wp-block-columns caixa is-layout-flex wp-container-core-columns-is-layout-3 wp-block-columns-is-layout-flex\">\n<div class=\"wp-block-column is-layout-flow wp-block-column-is-layout-flow\">\n<p class=\"has-light-green-cyan-background-color has-background has-medium-font-size\"><strong><strong>COMPET\u00c8NCIES ESPEC\u00cdFIQUES DE LES COMPET\u00c8NCIES TRANSVERSALS<\/strong><\/strong><\/p>\n\n\n\n<p><strong>Compet\u00e8ncia ciutadana<\/strong><\/p>\n\n\n\n<p><strong>CC3<\/strong>. Reflexionar i dialogar sobre valors i problemes \u00e8tics d\u2019actualitat, comprenent la necessitat de respectar diferents cultures i creences, cuidar l\u2019entorn, rebutjar prejudicis i estereotips, i oposar-se a qualsevol forma de discriminaci\u00f3 i viol\u00e8ncia \u2014incloent-hi la viol\u00e8ncia masclista, LGTBI-f\u00f2bica, racista o capacitista\u2014 o fonamentalisme ideol\u00f2gic.<\/p>\n\n\n\n<p><strong>Compet\u00e8ncia emprenedora<\/strong><\/p>\n\n\n\n<p><strong>CE1.<\/strong> Recon\u00e8ixer necessitats i reptes a afrontar i elaborar idees originals utilitzant destreses creatives i prenent consci\u00e8ncia de les conseq\u00fc\u00e8ncies i efectes que les idees puguin provocar en l\u2019entorn per proposar solucions valuoses que responguin a les necessitats detectades.<\/p>\n\n\n\n<p><strong>CE3.<\/strong> Crear idees i solucions originals, planificant tasques, cooperant amb altres i en equip, valorant el proc\u00e9s realitzat i el resultat obtingut, per dur a terme una iniciativa emprenedora, considerant l\u2019experi\u00e8ncia com una oportunitat per aprendre.<\/p>\n\n\n\n<p><strong>Compet\u00e8ncia personal, social i d\u2019aprendre a aprendre<\/strong><\/p>\n\n\n\n<p><strong>CPSAA 1.<\/strong> Con\u00e8ixer les pr\u00f2pies emocions, idees i comportaments personals i emprar estrat\u00e8gies per gestionar-los en situacions de tensi\u00f3 o conflicte, adaptant-se als canvis i harmonitzant-los per assolir els seus objectius.<\/p>\n\n\n\n<p><strong>CPSAA 3.<\/strong> Recon\u00e8ixer i respectar les emocions i experi\u00e8ncies dels altres, participar activament en el treball en grup, assumir les responsabilitats individuals assignades i utilitzar estrat\u00e8gies cooperatives dirigides a la consecuci\u00f3 d\u2019objectius compartits.<\/p>\n\n\n\n<p><strong>CPSAA 5.<\/strong> Planificar objectius a curt termini, utilitzar estrat\u00e8gies d\u2019aprenentatge autoregulat i participar<\/p>\n\n\n\n<p><strong>Compet\u00e8ncia digital<\/strong><\/p>\n\n\n\n<p><strong>CD2.<\/strong> Crear, integrar i reelaborar continguts digitals en diferents formats (text, taula, imatge, \u00e0udio, v\u00eddeo, programa inform\u00e0tic, etc.) mitjan\u00e7ant l\u2019\u00fas de diferents eines digitals per expressar idees, sentiments i coneixements, respectant la propietat intel\u00b7lectual i els drets d\u2019autor dels continguts que es reutilitzen.<\/p>\n\n\n\n<p><strong>CD3.<\/strong> Participar en activitats o projectes escolars mitjan\u00e7ant l\u2019\u00fas d\u2019eines o plataformes virtuals que permetin construir nou coneixement, comunicar-se, treballar col\u00b7laborativament, compartir dades i continguts en entorns digitals restringits i supervisats de manera segura i amb una actitud oberta i responsable davant el seu \u00fas.<\/p>\n<\/div>\n<\/div>\n\n\n\n<div style=\"height:54px\" aria-hidden=\"true\" class=\"wp-block-spacer\"><\/div>\n\n\n\n<div class=\"wp-block-columns caixa is-layout-flex wp-container-core-columns-is-layout-4 wp-block-columns-is-layout-flex\">\n<div class=\"wp-block-column is-layout-flow wp-block-column-is-layout-flow\">\n<p class=\"has-light-green-cyan-background-color has-background has-medium-font-size\"><strong>OBJECTIUS D\u2019APRENENTATGE I CRITERIS D\u2019AVALUACI\u00d3<\/strong><\/p>\n\n\n\n<ol class=\"wp-block-list\">\n<li>Fomentar el debat i la reflexi\u00f3 sobre l&#8217;impacte de la IA en la societat, incloent-hi temes com la privacitat, els biaixos d&#8217;IA, la responsabilitat en el desenvolupament i \u00fas de tecnologies i l&#8217;\u00e8tica per promoure una ciutadania digital conscient i responsable.\n<ol class=\"wp-block-list\">\n<li>Participar activament en debats a classe sobre l&#8217;impacte de la IA, aportant opinions informades i respectant les perspectives dels altres.<\/li>\n\n\n\n<li>Demostrar comprensi\u00f3 cr\u00edtica sobre com la IA afecta la privacitat, genera biaixos, i les seves implicacions \u00e8tiques en les activitats de classe.<\/li>\n<\/ol>\n<\/li>\n\n\n\n<li>Saber utilitzar les eines digitals proposades (Scratch 3.0, Teachable Machine, Learning ML) per crear els projectes demanats en les diferents activitats.\n<ol class=\"wp-block-list\">\n<li>Aplicar els coneixements adquirits sobre programaci\u00f3 i IA en la realitzaci\u00f3 de tasques espec\u00edfiques dins del projecte, mostrant comprensi\u00f3 dels conceptes b\u00e0sics.<\/li>\n\n\n\n<li>Demostrar habilitat en l&#8217;\u00fas de les eines digitals espec\u00edfiques (Scratch 3.0, Teachable Machine, Learning ML) per a la creaci\u00f3 i desenvolupament dels projectes tecnol\u00f2gics proposats.<\/li>\n<\/ol>\n<\/li>\n\n\n\n<li>Saber extreure informaci\u00f3 utilitzant diferents fonts (not\u00edcies, converses, v\u00eddeos, internet\u2026), aix\u00ed com saber fer el buidatge de la informaci\u00f3 trobada i elaborada per crear textos que s\u00e0piguen donar resposta a les preguntes proposades.\n<ol class=\"wp-block-list\">\n<li>Comprendre textos progressivament complexos, identificant-ne el sentit global i la informaci\u00f3 rellevant i distingint les idees principals, amb l\u2019ajuda d\u2019elements gr\u00e0fics, textuals i paratextuals, amb l\u2019objectiu de seleccionar la informaci\u00f3 necess\u00e0ria per exposar-la.<\/li>\n\n\n\n<li>Saber relacionar els conceptes apresos sobre la IA, la creativitat, el proc\u00e9s creatiu, les regulacions \u00e8tiques del seu \u00fas i les possibles conseq\u00fc\u00e8ncies d\u2019un \u00fas poc cr\u00edtic.<\/li>\n<\/ol>\n<\/li>\n\n\n\n<li>Aprendre nocions b\u00e0siques del funcionament intern de la IA per tenir informaci\u00f3 suficient per usar-la amb criteri i saber-ne les conseq\u00fc\u00e8ncies.\n<ol class=\"wp-block-list\">\n<li>Mostrar inter\u00e8s en con\u00e8ixer aspectes t\u00e8cnics treballats completant les tasques demanades.<\/li>\n<\/ol>\n<\/li>\n<\/ol>\n<\/div>\n<\/div>\n\n\n\n<div style=\"height:30px\" aria-hidden=\"true\" class=\"wp-block-spacer\"><\/div>\n\n\n\n<div class=\"wp-block-columns caixa is-layout-flex wp-container-core-columns-is-layout-5 wp-block-columns-is-layout-flex\">\n<div class=\"wp-block-column is-layout-flow wp-block-column-is-layout-flow\">\n<p class=\"has-light-green-cyan-background-color has-background has-medium-font-size\"><strong>SABERS<\/strong><\/p>\n\n\n\n<p>Amb la realitzaci\u00f3 d\u2019aquesta situaci\u00f3 d\u2019aprenentatge es tractaran els sabers seg\u00fcents:<\/p>\n\n\n\n<p><strong>Coneixement del Medi Natural, Social i Cultural<\/strong><\/p>\n\n\n\n<ul class=\"wp-block-list\">\n<li>Projectes de disseny i pensament computacional\n<ul class=\"wp-block-list\">\n<li>Utilitzaci\u00f3 de materials, objectes, eines (simuladors, editors de programaci\u00f3 per blocs) i recursos anal\u00f2gics i<br>digitals adequats per a la consecuci\u00f3 de les activitats demanades.<\/li>\n<\/ul>\n<\/li>\n<\/ul>\n\n\n\n<p><strong>Educaci\u00f3 en Valors C\u00edvics i \u00c8tics<\/strong><\/p>\n\n\n\n<ul class=\"wp-block-list\">\n<li>Autoconeixement i autonomia moral\n<ul class=\"wp-block-list\">\n<li>Desenvolupament del pensament cr\u00edtic i \u00e8tic en situacions de debat a l\u2019aula.<\/li>\n\n\n\n<li>Valoraci\u00f3 de l\u2019\u00e8tica com a principi de les nostres accions en entorns propers relacionats amb la vida<br>quotidiana.<\/li>\n\n\n\n<li>Reconeixement de la import\u00e0ncia de l\u2019\u00e8tica en l\u2019establiment de normes presents a la societat<\/li>\n<\/ul>\n<\/li>\n\n\n\n<li>Sostenibilitat i \u00e8tica ambiental\n<ul class=\"wp-block-list\">\n<li>Valoraci\u00f3 i reconeixement de l\u2019impacte de l\u2019activitat humana en el planeta a partir d\u2019accions quotidianes.<\/li>\n<\/ul>\n<\/li>\n<\/ul>\n\n\n\n<p><strong>Educaci\u00f3 Art\u00edstica<\/strong><\/p>\n\n\n\n<ul class=\"wp-block-list\">\n<li>Percepci\u00f3 i an\u00e0lisi\n<ul class=\"wp-block-list\">\n<li>Identificaci\u00f3 i gaudi d\u2019espais culturals i art\u00edstics participant amb respecte i valorant-los en activitats i visites culturals.<\/li>\n<\/ul>\n<\/li>\n\n\n\n<li>Creaci\u00f3 i interpretaci\u00f3\n\n\n\n\n\n\n\n\n<ul class=\"wp-block-list\">\n<li>Utilitzaci\u00f3 de t\u00e8cniques, materials i recursos inform\u00e0tics i tecnol\u00f2gics per a la captura, creaci\u00f3, edici\u00f3, documentaci\u00f3 i difusi\u00f3 de produccions pl\u00e0stiques i visuals personals o de grup per expressar idees o emocions.<\/li>\n<\/ul>\n\n\n\n<ul class=\"wp-block-list\">\n<li>\u00das responsable de bancs d\u2019imatges i sons respectant les llic\u00e8ncies d\u2019\u00fas i distribuci\u00f3 de continguts creats per altres per a l\u2019estudi o com a material de creacions personals o de grup.<\/li>\n<\/ul>\n<\/li>\n<\/ul>\n\n\n\n<p><strong>Llengua Catalana i Literatura<\/strong><\/p>\n\n\n\n<ul class=\"wp-block-list\">\n<li>Comunicaci\u00f3 oral\n<ul class=\"wp-block-list\">\n<li>Interacci\u00f3 oral adequada en situacions d\u2019aula i en contextos formals pautats, amb respecte a les normes de cortesia ling\u00fc\u00edstica.<\/li>\n<\/ul>\n<\/li>\n\n\n\n<li>Comprensi\u00f3 lectora\n<ul class=\"wp-block-list\">\n<li>Aplicaci\u00f3 d\u2019estrat\u00e8gies de comprensi\u00f3 lectora abans, durant i despr\u00e9s de la lectura (planificaci\u00f3, anticipaci\u00f3, infer\u00e8ncies\u2026), en fonts documentals diverses de forma progressivament aut\u00f2noma.<\/li>\n<\/ul>\n<\/li>\n\n\n\n<li>Expressi\u00f3 escrita\n<ul class=\"wp-block-list\">\n<li>Producci\u00f3 de textos de tipologia diversa, dirigits a diferents destinataris, de forma aut\u00f2noma i amb una intenci\u00f3 concreta.<\/li>\n<\/ul>\n<\/li>\n<\/ul>\n<\/div>\n<\/div>\n\n\n\n<div style=\"height:20px\" aria-hidden=\"true\" class=\"wp-block-spacer\"><\/div>\n\n\n\n<div style=\"height:30px\" aria-hidden=\"true\" class=\"wp-block-spacer\"><\/div>\n\n\n\n<div class=\"wp-block-columns caixa is-layout-flex wp-container-core-columns-is-layout-6 wp-block-columns-is-layout-flex\">\n<div class=\"wp-block-column is-layout-flow wp-block-column-is-layout-flow\">\n<p class=\"has-light-green-cyan-background-color has-background has-medium-font-size\"><strong>DESENVOLUPAMENT DE LA SITUACI\u00d3 D\u2019APRENENTATGE<\/strong><a href=\"Material:\">:<\/a><\/p>\n\n\n\n<p><strong>Per dur a terme aquesta situaci\u00f3 d\u2019aprenentatge tindrem present el seg\u00fcent:<\/strong><\/p>\n\n\n\n<p><strong>Distribuci\u00f3 de les sessions:<\/strong><\/p>\n\n\n\n<p>Cada proposta del projecte tindr\u00e0 sempre una part del temps per presentar la tasca a tot el grup classe (en cas que la tasca sigui nova; si \u00e9s la continuaci\u00f3 de la sessi\u00f3 anterior que no han acabat, es far\u00e0 un moment de conversa grupal per recordar qu\u00e8 hem de fer i continuarem amb l\u2019activitat) i una part del temps per treballar en gran grup, petit grup, parelles o individualment, en funci\u00f3 de la proposta.<\/p>\n\n\n\n<p><strong>Estrat\u00e8gies metodol\u00f2giques i materials:<\/strong><\/p>\n\n\n\n<p>Per dur a terme aquesta situaci\u00f3 d\u2019aprenentatge s\u2019ha preparat un Google Sites en el que hi ha recollida tota la informaci\u00f3 aix\u00ed com l\u2019enlla\u00e7 a les activitats o arxius als que s\u2019ha d\u2019entrar. Aquest espai es compartir\u00e0 amb l\u2019alumnat i es combinar\u00e0 amb entregues a la classe de Google Classroom. Els docents encarregats del projecte anirem fent el guiatge en aquest espai. M\u00e9s endavant, en el desgl\u00f2s de les sessions, s\u2019anir\u00e0 fent refer\u00e8ncia a les activitats amb el n\u00famero que tenen en la plataforma.<\/p>\n\n\n\n<p>Les activitats segueixen un ordre per ajudar a establir connexions entre les tem\u00e0tiques. Les activitats plantejades els ajuden a adquirir coneixement a partir de diferents processos cognitius. Tamb\u00e9 es t\u00e9 present utilitzar el cos per fer vivencials i tangibles alguns coneixements dif\u00edcils d&#8217;entendre propis del funcionament intern de la IA.<\/p>\n\n\n\n<p>Es tenen en compte els diferents estils d&#8217;aprenentatge i aix\u00f2 es veu reflectit tant en la varietat de metodologies que s&#8217;usen com en la diversitat de materials. Hi ha activitats que necessiten material espec\u00edfic per dur-se a terme (targetes, fulls, representacions a terra amb cintes, fils\u2026). Es combinen activitats vinculades amb la programaci\u00f3 i pensament computacional ja siguin amb ordinador o desendollades. Tindrem present l\u2019\u00fas de diverses eines d\u2019avaluaci\u00f3 formativa. L\u2019alumnat tindr\u00e0 un diari d\u2019aprenentatge en el qual anir\u00e0 responent i recollint tot el treball fet. Aquest diari \u00e9s en forma de presentaci\u00f3 i en cada full tindran apuntades les instruccions que ajudaran a fer evident el seu aprenentatge.<\/p>\n\n\n\n<p>Per tal de desenvolupar les diferents tasques que es donen al llarg de tota la situaci\u00f3 d\u2019aprenentatge, farem servir la metodologia del treball cooperatiu fent servir din\u00e0miques concretes com: \u201cgrup d\u2019expert i grup d\u2019origen\u201d i \u201cdin\u00e0mica 1-2-4\u201d.<\/p>\n\n\n\n<p>Es provocaran debats en gran grup i en grups petits que ajudaran a reflexionar i construir el coneixement col\u00b7lectiu.<\/p>\n\n\n\n<p>Al llarg de la SdA s\u2019utilitzar\u00e0 un diari d\u2019aprenentatge. Al final de les sessions s\u2019especifica amb DAp.<\/p>\n\n\n\n<p><strong>Agrupament:<\/strong><\/p>\n\n\n\n<p>Per dur a terme aquesta situaci\u00f3 d\u2019aprenentatge es faran diferents agrupaments en funci\u00f3 de les tasques:<\/p>\n\n\n\n<ul class=\"wp-block-list\">\n<li>Grups de 3 o 4 alumnes establerts per aquest trimestre a cada classe (7 grups de colors)<\/li>\n\n\n\n<li>Gran grup<\/li>\n\n\n\n<li>Parelles<\/li>\n\n\n\n<li>Individual<\/li>\n<\/ul>\n\n\n\n<p><br>&#8211;<\/p>\n<\/div>\n<\/div>\n\n\n\n<div style=\"height:20px\" aria-hidden=\"true\" class=\"wp-block-spacer\"><\/div>\n\n\n\n<p class=\"has-light-green-cyan-background-color has-background has-medium-font-size\"><strong>ACTIVITATS D\u2019APRENENTATGE I D\u2019AVALUACI\u00d3<\/strong><\/p>\n\n\n\n<div class=\"wp-block-columns caixa is-layout-flex wp-container-core-columns-is-layout-8 wp-block-columns-is-layout-flex\">\n<div class=\"wp-block-column is-layout-flow wp-block-column-is-layout-flow\" style=\"flex-basis:25%\">\n<div class=\"wp-block-columns is-layout-flex wp-container-core-columns-is-layout-7 wp-block-columns-is-layout-flex\">\n<div class=\"wp-block-column is-layout-flow wp-block-column-is-layout-flow\">\n<p class=\"has-text-align-center caixa\"><strong>Activitat<\/strong><\/p>\n<\/div>\n<\/div>\n<\/div>\n\n\n\n<div class=\"wp-block-column caixa is-layout-flow wp-block-column-is-layout-flow\" style=\"flex-basis:50%\">\n<p class=\"has-text-align-center\"><strong> Descripci\u00f3 de l\u2019activitatd\u2019aprenentatge i d&#8217;avaluaci\u00f3<\/strong><\/p>\n<\/div>\n\n\n\n<div class=\"wp-block-column is-layout-flow wp-block-column-is-layout-flow\" style=\"flex-basis:25%\">\n<p class=\"has-text-align-center caixa\"><strong>Temporitzaci\u00f3<\/strong><\/p>\n<\/div>\n<\/div>\n\n\n\n<div class=\"wp-block-columns caixa is-layout-flex wp-container-core-columns-is-layout-9 wp-block-columns-is-layout-flex\">\n<div class=\"wp-block-column is-layout-flow wp-block-column-is-layout-flow\" style=\"flex-basis:25%\">\n<p class=\"caixa\"><strong>Activitats inicials<\/strong><br>Qu\u00e8 en sabem?<\/p>\n<\/div>\n\n\n\n<div class=\"wp-block-column is-layout-flow wp-block-column-is-layout-flow\" style=\"flex-basis:50%\">\n<div class=\"inherit-container-width wp-block-group is-layout-constrained wp-block-group-is-layout-constrained\">\n<div class=\"inherit-container-width wp-block-group caixa is-layout-constrained wp-block-group-is-layout-constrained\">\n<ul class=\"wp-block-list\">\n<li><strong>Trobem la parella<\/strong><\/li>\n<\/ul>\n\n\n\n<p>Es reparteixen aleat\u00f2riament fotografies generades per IA imitant quadres de pintors famosos, personatges de c\u00f2mic o robots. Busquem qui t\u00e9 la mateixa i, en parelles, pensen durant 2 minuts el que els evoca.<\/p>\n\n\n\n<ul class=\"wp-block-list\">\n<li><strong>Conversa<\/strong><\/li>\n<\/ul>\n\n\n\n<p>A continuaci\u00f3 ho exposaran en gran grup per establir un di\u00e0leg general i con\u00e8ixer qu\u00e8 saben de la IA, si s\u00f3n conscients de que la utilitzen, en quins \u00e0mbits i aplicacions concretes. Tamb\u00e9 con\u00e8ixer opinions, sentiments i plantejaments \u00e8tics del seu \u00fas. Recollim totes les aportacions.<\/p>\n\n\n\n<ul class=\"wp-block-list\">\n<li><strong>KPSI<\/strong><\/li>\n<\/ul>\n\n\n\n<p>Preguntem els aspectes que aprendran. S\u2019utilitzar\u00e0, en finalitzar, per fer-los conscients dels aprenentatges adquirits.<\/p>\n\n\n\n<ul class=\"wp-block-list\">\n<li><strong>Compartir objectius<\/strong><\/li>\n<\/ul>\n\n\n\n<p>S\u2019ensenya el Google Sites com a m\u00e8tode de treball.<br>Es planteja el repte a resoldre (nom\u00e9s respondre la pregunta).<br>Es comparteixen els objectius i sabers (en forma d\u2019\u00edndex).<\/p>\n\n\n\n<p><strong>Presentaci\u00f3 diari d\u2019aprenentatge<\/strong><\/p>\n\n\n\n<p>S\u2019explica a l\u2019alumnat que tenen enlla\u00e7at un diari d\u2019aprenentatge del qual n\u2019han de fer c\u00f2pia i posar nom.<br>Aquest diari est\u00e0 pautat per a cada activitat i sessi\u00f3 i ens acompanyar\u00e0 al llarg de la situaci\u00f3 d\u2019aprenentatge per ser conscients de l\u2019aprenentatge i dels dubtes que es vagin tenint. Es dedicaran els 10 minuts finals de cada sessi\u00f3 per fer-ho.<\/p>\n<\/div>\n<\/div>\n<\/div>\n\n\n\n<div class=\"wp-block-column is-layout-flow wp-block-column-is-layout-flow\" style=\"flex-basis:25%\">\n<p class=\"caixa\">1 sessi\u00f3 (2 hores)<\/p>\n<\/div>\n<\/div>\n\n\n\n<div class=\"wp-block-columns caixa is-layout-flex wp-container-core-columns-is-layout-10 wp-block-columns-is-layout-flex\">\n<div class=\"wp-block-column is-layout-flow wp-block-column-is-layout-flow\" style=\"flex-basis:25%\">\n<p class=\"caixa\"><strong>Activitats de desenvolupament<\/strong><br>Aprenem nous sabers<\/p>\n<\/div>\n\n\n\n<div class=\"wp-block-column is-layout-flow wp-block-column-is-layout-flow\" style=\"flex-basis:50%\">\n<div class=\"inherit-container-width wp-block-group caixa is-layout-constrained wp-block-group-is-layout-constrained\">\n<ul class=\"wp-block-list\">\n<li><strong>Primers conceptes (A.2.0)<\/strong> <\/li>\n<\/ul>\n\n\n\n<p>Din\u00e0mica grup origen-grups experts. Es donaran a con\u00e8ixer conceptes com: intel\u00b7lig\u00e8ncia, IA, cronologia IA, creativitat, proc\u00e9s creatiu, col\u00b7laboraci\u00f3. En acabat, es respondran les preguntes sobre el contingut. DAp.<\/p>\n\n\n\n<hr class=\"wp-block-separator has-alpha-channel-opacity\"\/>\n\n\n\n<p><strong>Xatbots (A.2.1-A.2.2-A.2.3)<\/strong><\/p>\n\n\n\n<p>A.2.1: Robot o hum\u00e0? Despr\u00e9s de veure el v\u00eddeo sobre el test de Turing busquem detectar qu\u00e8 diferencia un xatbot d\u2019un hum\u00e0. Primera part en parelles, segona part en gran grup i amb l\u2019ajuda de la mestra. DAp<br>A.2.2: Accedim a ELIZA (el primer xatbot) i fem preguntes. <br>A.2.3: Fem el nostre xatbot amb Scratch. DAp<\/p>\n\n\n\n<hr class=\"wp-block-separator has-alpha-channel-opacity\"\/>\n\n\n\n<p>Revisem haver acabat les activitats de la sessi\u00f3 anterior <\/p>\n\n\n\n<p><strong>Llegim informaci\u00f3<\/strong> <br>Mirem el v\u00eddeo introductori sobre \u201cQu\u00e8 \u00e9s la Intel\u00b7lig\u00e8ncia Artificial\u201d.<br>Parlem d\u2019algorismes. Lectura en gran grup de l\u2019apartat IA1 de la pestanya \u201cintel\u00b7lig\u00e8ncia artificial\u201d. La lectura conjunta ens permet aclarir conceptes que no s\u00f3n f\u00e0cils d\u2019entendre. Mirarem el v\u00eddeo de Hello Ruby sobre algorismes (fins min 5:05).<br><strong>Predicci\u00f3 de dibuixos (A.3.1)<\/strong><br>L\u2019activitat es divideix en dues parts: en la primera es juga a predir entre parelles (humans). En la segona s\u2019accedeix a AutoDraw, eina d\u2019IA de Google. Busquem les difer\u00e8ncies i similituds en fer prediccions entre un hum\u00e0 i la IA en q\u00fcesti\u00f3 de temps. Es proposa una altra aplicaci\u00f3 per qui vulgui ampliar en aquesta pr\u00e0ctica. DAp<br><strong>Llegim informaci\u00f3<\/strong><br>Parlem d\u2019aprenentatge autom\u00e0tic. Lectura en gran grup de l\u2019apartat IA2 de la pestanya \u201cintel\u00b7lig\u00e8ncia artificial\u201d. La lectura conjunta ens permet aclarir conceptes que no s\u00f3n f\u00e0cils d\u2019entendre.<br><strong>Criteris de classificaci\u00f3 (A.3.2)<\/strong><br>Volem determinar si un aliment que no hem provat mai ens agradar\u00e0 o no establint criteris de classificaci\u00f3 que determinin si l\u2019aliment \u00e9s fruita o verdura. L\u2019activitat es divideix en dues part i ser\u00e0 guiada amb la presentaci\u00f3 adjunta.<br>PART 1: En gran grup, di\u00e0leg sobre la situaci\u00f3 i pluja d\u2019idees sobre criteris de classificaci\u00f3. A continuaci\u00f3, es reparteix a 20 alumnes una targeta que cont\u00e9 el dibuix d\u2019una fruita o verdura amb els criteris de dol\u00e7or i facilitat de ser menjada. En un gr\u00e0fic marcat a terra, s\u2019han de situar segons el grau que els diu la targeta en cada un d\u2019aquests criteris. Els alumnes restants han de comprovar que la posici\u00f3 sigui correcta i decidir on situaran la corda que donar\u00e0 la separaci\u00f3 entre fruites i verdures.<br>PART 2: Individualment, faran la seva classificaci\u00f3 dels aliments.<br>Provem el model i fem reflexi\u00f3 conjunta. DAp.<\/p>\n\n\n\n<hr class=\"wp-block-separator has-alpha-channel-opacity\"\/>\n\n\n\n<p><strong>Llegim informaci\u00f3<\/strong><br>Parlem d\u2019<span style=\"text-decoration: underline;\">aprenentatge profund i xarxes neuronals<\/span>. Lectura en gran grup de l\u2019apartat IA3 i IA4 de la pestanya \u201cintel\u00b7lig\u00e8ncia artificial\u201d. La lectura conjunta ens permet aclarir conceptes que no s\u00f3n f\u00e0cils d\u2019entendre.<br><strong>Som xarxes neuronals (A.3.3)<\/strong><br>Cada alumne representar\u00e0 una part de la xarxa neuronal  (input\/output\/neurona) a partir de la targeta rebuda. Cal representar les connexions de coneixement que es generen en els diferents nivells de neurones. Es far\u00e0 amb 2 exemples que ajudaran a entendre com classificar frases. DAp<\/p>\n\n\n\n<p><strong>Llegim informaci\u00f3<\/strong><br>Parlem de les tasques que pot fer la IA. Lectura en gran grup de l\u2019apartat IA5 de la pestanya \u201cintel\u00b7lig\u00e8ncia artificial\u201d. La lectura conjunta ens permet aclarir conceptes que no s\u00f3n f\u00e0cils d\u2019entendre.<br><strong>El dia a dia amb la IA (A.3.4)<\/strong><br>Activitat que servir\u00e0 per classificar alguns dels usos actuals de la IA. Es dona un full que es divideix en dues parts:<br>PART 1: relacionar \u00fas de la IA amb el tipus de tasca que est\u00e0 duent a terme.<br>PART 2: QUINTO IA. Activitat de tot el grup. Es dona el taulell \u201cQuinto IA\u201d i cal fer quinto omplint 5 de les 24 situacions exposades en les que s\u2019utilitza la IA en el nostre dia a dia. Per facilitar el seu desenvolupament es deixaran projectades les tasques a la pantalla. Activitat que els permet vincular amb les aplicacions actual i properes a ells amb el tipus de tasca que desenvolupen. DAp<\/p>\n\n\n\n<hr class=\"wp-block-separator has-alpha-channel-opacity\"\/>\n\n\n\n<p><strong>Entrenament amb imatges<\/strong><\/p>\n\n\n\n<p>Despr\u00e9s de mirar el v\u00eddeo es duran a terme les seg\u00fcents activitats:<\/p>\n\n\n\n<p>Mirada r\u00e0pida a l\u2019exemple enlla\u00e7at que mostra una col\u00b7lecci\u00f3 d\u2019imatges classificades per IA. \u00c9s interessant veure com identifica les formes.<\/p>\n\n\n\n<p><strong>Lli\u00e7\u00f3 2 del curs d\u2019IA de CODE.ORG (A 4.1<\/strong>): Cada alumne amb el seu ordinador dur\u00e0 a terme l\u2019activitat pautada d\u2019aquesta lli\u00e7\u00f3. S\u2019ha d\u2019entrenar la m\u00e0quina per a que reconegui peixos seguint unes caracter\u00edstiques concretes.<\/p>\n\n\n\n<p><strong>Teachable Machine (A.4.2)<\/strong>: Es fa una primera explicaci\u00f3 en grup de l\u2019eina. Despr\u00e9s, cada alumne amb el seu ordinador, entrena la m\u00e0quina amb les dades adjuntes (carpeta Drive amb imatges de Mariona Escoda i Triquell) per a que els reconegui. Per als alumnes que vulguin anar m\u00e9s enll\u00e0 els proporcionem una eina addicional (LearningML) perqu\u00e8 puguin fer el mateix.<\/p>\n\n\n\n<p><strong>Scratch (A.4.3)<\/strong>: En aquesta activitat utilitzaran Scratch vinculat a IA amb el reconeixement de cares. Faran un projecte lliure podent-se basar en els exemples que es donen. DAp<\/p>\n\n\n\n<hr class=\"wp-block-separator has-alpha-channel-opacity\"\/>\n\n\n\n<p><strong>Llegim informaci\u00f3<\/strong> <br>Parlem del copyright. Lectura en gran grup de l\u2019apartat de la pestanya \u201ccreativitat\u201d. La lectura conjunta ens permet aclarir conceptes que no s\u00f3n f\u00e0cils d\u2019entendre.<br><strong>El copyright (A.5.1)<\/strong><br>Amb la din\u00e0mica cooperativa 1-2-4 han de respondre a les preguntes presentades (Un arquitecte, un director de cinema, un dissenyador o un artista visual contemporani treballen sols o en col\u00b7laboraci\u00f3 (tornant-se coordinadors d&#8217;equips multidisciplinaris)? Quan un d&#8217;aquests autors (arquitecte, director cinema, dissenyador\u2026) s&#8217;assigna l&#8217;autoria d&#8217;algun projecte no caldria tenir en compte la resta de l&#8217;equip?<br>Qui \u00e9s el PROPIETARI de l&#8217;obra?<br>Quan una obra es fa a partir de fragments ja existents, est\u00e0 infringint els drets d&#8217;autor?). DAp<\/p>\n\n\n\n<p><strong>Concurs de prompts (A.5.2)<\/strong><br>Expliquem qu\u00e8 \u00e9s un prompt i de quina manera cal fer-los per aconseguir tenir la imatge desitjada. En grups de colors, es far\u00e0 un concurs per aconseguir reproduir les imatges presentades (al sites queda explicat el procediment). Per tal de que siguin conscients dels prompts que estan utilitzant, \u00e9s a dir, les descripcions, caldr\u00e0 que els vagin apuntant en el full donat. DAp.<\/p>\n\n\n\n<hr class=\"wp-block-separator has-alpha-channel-opacity\"\/>\n\n\n\n<p><strong>Llegim informaci\u00f3<\/strong> <br>Parlem dels biaixos de la IA. Lectura en gran grup de la pestanya \u201criscos de la IA\u201d. La lectura conjunta ens permet aclarir conceptes que no s\u00f3n f\u00e0cils d\u2019entendre.<br><strong>Els biaixos<\/strong><br>A.6.1: Aquesta activitat ens permet reflexionar sobre els biaixos en l\u2019entrenament de la IA. Es mostren molts exemples classificats per tem\u00e0tica. Es pret\u00e9n fer conscient l\u2019alumnat de l\u2019exist\u00e8ncia d\u2019aquests biaixos i de les conseq\u00fc\u00e8ncies que poden tenir. S\u2019obrir\u00e0 debat per saber la seva opini\u00f3. DAp.<br>A.6.2: Tornarem a entrar a Teachable Machine per entrenar un model esbiaixat. En aquest cas, es donen imatges (carpeta Drive) de granotes i ocells. Com que tots els ocells s\u00f3n grocs acabar\u00e0 determinant que els pl\u00e0tans s\u00f3n ocells. Servir\u00e0 per demostrar com es generen els biaixos en IA. DAp.<\/p>\n\n\n\n<p><strong>Llegim informaci\u00f3<\/strong><br>Parlem de dilemes \u00e8tics. Lectura en gran grup de la pestanya \u201cdilemes \u00e8tics de la IA\u201d. La lectura conjunta ens permet aclarir conceptes que no s\u00f3n f\u00e0cils d\u2019entendre.<br><strong>IA a escoles xineses (A 7.1)<\/strong><br>Mirem el v\u00eddeo tots junts i es deixen 10 minuts per fer debat en grups responent a les preguntes plantejades (Creus que aquest sistema es podria implementar a les escoles catalanes? Quins beneficis podria tenir implementar-ho? I riscos? Quins neguits et provocaria com a alumne? Participaries en un programa de recerca com aquest?). A cada grup s\u2019assigna un portaveu qui ser\u00e0 l\u2019encarregat d\u2019explicar, en la conversa general, les conclusions a les quals han arribat com a grup. DAp<\/p>\n\n\n\n<p><strong>Privacitat (A 7.2)<\/strong><br>Llegim la informaci\u00f3 tots junts i fem una demostraci\u00f3 de com fer l\u2019activitat. Individualment faran la PART 1. La PART 2 ser\u00e0 de reflexi\u00f3 conjunta i es provocar\u00e0 di\u00e0leg entorn les aplicacions que juguen amb les<br>cares de les persones. DAp.<\/p>\n\n\n\n<hr class=\"wp-block-separator has-alpha-channel-opacity\"\/>\n\n\n\n<p><strong>Art, IA i actualitat (A.8.0)<\/strong> <br>Es presenten 4 not\u00edcies d\u2019actualitat vinculades a artistes i la IA. Cada alumne escull una not\u00edcia que haur\u00e0 de llegir i treballar individualment durant un temps concret. A partir d\u2019aquestes not\u00edcies caldr\u00e0 respondre preguntes directes del text amb un q\u00fcestionari en format formulari. Es posaran els textos en com\u00fa i, amb la din\u00e0mica de la peixera, es respondr\u00e0 les preguntes de reflexi\u00f3 proposades pels mestres. DAp.<\/p>\n\n\n\n<hr class=\"wp-block-separator has-alpha-channel-opacity\"\/>\n\n\n\n<p><strong>Sortida al CCCB de Bcn &#8211; Exposici\u00f3 sobre Intel\u00b7lig\u00e8ncia Artificial<\/strong><br>En aquesta sortida guiada per l\u2019exposici\u00f3, l\u2019alumnat podr\u00e0 relacionar conceptes treballats a l\u2019aula amb altres de nous que es puguin adquirir tals com: sabers, experi\u00e8ncies, estudis, recerques, hist\u00f2ria, etc. sobre la IA.<br>La visita es dur\u00e0 a terme durant les dates que est\u00e0 programada la SdA.<br>Pr\u00e8viament a la sortida es mirar\u00e0 el v\u00eddeo corresponent enlla\u00e7at al Sites (pestanya Sortida CCCB)<\/p>\n<\/div>\n\n\n\n<p><\/p>\n\n\n\n<p><\/p>\n<\/div>\n\n\n\n<div class=\"wp-block-column is-layout-flow wp-block-column-is-layout-flow\" style=\"flex-basis:25%\">\n<div style=\"height:185px\" aria-hidden=\"true\" class=\"wp-block-spacer\"><\/div>\n\n\n\n<p class=\"caixa\">1 sessi\u00f3 (2 hores)<\/p>\n\n\n\n<div style=\"height:165px\" aria-hidden=\"true\" class=\"wp-block-spacer\"><\/div>\n\n\n\n<p class=\"caixa\">1 sessi\u00f3 (2 hores)<\/p>\n\n\n\n<div style=\"height:770px\" aria-hidden=\"true\" class=\"wp-block-spacer\"><\/div>\n\n\n\n<p class=\"caixa\">1 sessi\u00f3 (2 hores)<\/p>\n\n\n\n<div style=\"height:651px\" aria-hidden=\"true\" class=\"wp-block-spacer\"><\/div>\n\n\n\n<p class=\"caixa\">1 sessi\u00f3 (2 hores)<\/p>\n\n\n\n<div style=\"height:515px\" aria-hidden=\"true\" class=\"wp-block-spacer\"><\/div>\n\n\n\n<p class=\"caixa\">1 sessi\u00f3 (2 hores)<\/p>\n\n\n\n<div style=\"height:480px\" aria-hidden=\"true\" class=\"wp-block-spacer\"><\/div>\n\n\n\n<p class=\"caixa\">1 sessi\u00f3 (2 hores)<\/p>\n\n\n\n<div style=\"height:880px\" aria-hidden=\"true\" class=\"wp-block-spacer\"><\/div>\n\n\n\n<p class=\"caixa\">1 sessi\u00f3 (2 hores)<\/p>\n\n\n\n<div style=\"height:138px\" aria-hidden=\"true\" class=\"wp-block-spacer\"><\/div>\n\n\n\n<p class=\"caixa\">1 dia<\/p>\n<\/div>\n<\/div>\n\n\n\n<div class=\"inherit-container-width wp-block-group caixa is-layout-constrained wp-block-group-is-layout-constrained\">\n<div class=\"wp-block-columns caixa is-layout-flex wp-container-core-columns-is-layout-11 wp-block-columns-is-layout-flex\">\n<div class=\"wp-block-column is-layout-flow wp-block-column-is-layout-flow\" style=\"flex-basis:25%\">\n<p class=\"caixa\"><strong>Activitats d&#8217;estructuraci\u00f3<\/strong><br>Qu\u00e8 hem apr\u00e8s?<\/p>\n<\/div>\n\n\n\n<div class=\"wp-block-column is-layout-flow wp-block-column-is-layout-flow\" style=\"flex-basis:50%\">\n<div class=\"inherit-container-width wp-block-group caixa is-layout-constrained wp-block-group-is-layout-constrained\">\n<ul class=\"wp-block-list\">\n<li><strong>Diari d&#8217;aprenentatge<\/strong><\/li>\n<\/ul>\n\n\n\n<p>El diari d\u2019aprenentatge \u00e9s una eina valuosa per avaluar el progr\u00e9s i l\u2019aprenentatge dels alumnes en una situaci\u00f3 educativa. En aquest enfocament d\u2019avaluaci\u00f3, el focus recau en les reflexions individuals dels estudiants, cosa que els permet desenvolupar una comprensi\u00f3 m\u00e9s profunda dels conceptes i les habilitats apreses.<br>El diari d\u2019aprenentatge \u00e9s una col\u00b7lecci\u00f3 personalitzada d\u2019evid\u00e8ncies i treballs que l\u2019alumnat recopila durant el proc\u00e9s d\u2019aprenentatge. En aquest cas es tracta d\u2019una presentaci\u00f3 ja pr\u00e8viament preparada i en la que aniran fent recull de reflexions, enlla\u00e7os a documents, a projectes elaborats, exercicis pr\u00e0ctics i respostes a les preguntes que s\u2019aniran fent durant la situaci\u00f3 d\u2019aprenentatge.<br>No nom\u00e9s es tracta de recollir documents o evid\u00e8ncia, sin\u00f3 tamb\u00e9 d\u2019incloure les reflexions individuals de l\u2019alumnat sobre el seu propi aprenentatge. Aix\u00ed doncs, en cada diapositiva tindran l\u2019oportunitat d\u2019anotar el que no hagin ent\u00e8s en aquella sessi\u00f3 o activitat.<br>L\u2019avaluaci\u00f3 principal de la situaci\u00f3 d\u2019aprenentatge se centrar\u00e0 en les reflexions dels alumnes sobre el seu propi proc\u00e9s d\u2019aprenentatge. Aquestes reflexions es registraran en el diari d\u2019aprenentatge individual de cada alumne\/a, on dia a dia hauran d\u2019anotar els dubtes, certeses, opinions, aprenentatges i materials que han sorgit durant les diferents sessions de treball de la situaci\u00f3 proposada.<br>Aquest diari serveix com un espai personal en qu\u00e8 els alumnes poden expressar el seu progr\u00e9s i comprendre millor com estan avan\u00e7ant en l\u2019assoliment dels objectius proposats.<\/p>\n\n\n\n<ul class=\"wp-block-list\">\n<li><strong>Les r\u00fabriques<\/strong><\/li>\n<\/ul>\n\n\n\n<p>El model es vincula al nou projecte Scratch. En aquest, s\u2019han d\u2019aplicar les estructures del pensament computacional per tal que el reconeixement de la pe\u00e7a sigui eficient i r\u00e0pid. Aquest proc\u00e9s ha de ser consensuat per tots els grups. A m\u00e9s, aquesta identificaci\u00f3 ha de ser per text i de veu en diferents idiomes (cada grup pot treballar un idioma diferent). Per tant, caldr\u00e0 enregistrar les veus<\/p>\n\n\n\n<p><strong>Q\u00fcestionari<br><\/strong>L\u2019activitat 8.0 \u00e9s de lectura individual i el q\u00fcestionari ens donar\u00e0 una evid\u00e8ncia de la comprensi\u00f3 lectora de cada un dels alumnes.<\/p>\n\n\n\n<p><strong>KPSI<\/strong><br>Es passar\u00e0 en iniciar la SdA i es tornar\u00e0 a passar en finalitzar. Al final, es donar\u00e0 el full perqu\u00e8 cada alumne comprovi l\u2019evoluci\u00f3 en les respostes, si n\u2019hi ha hagut. \u00c9s una mesura que ajuda a la metacognici\u00f3 i a saber recon\u00e8ixer i recordar tot el treball fet i, sobretot, a saber si hi ha hagut una evoluci\u00f3 en l\u2019aprenentatge de coneixements<\/p>\n<\/div>\n<\/div>\n\n\n\n<div class=\"wp-block-column is-layout-flow wp-block-column-is-layout-flow\" style=\"flex-basis:25%\">\n<p class=\"caixa\">1 sessi\u00f3 inicial per presentar el material<br>M\u00e9s endavant s\u2019ha d\u2019anar deixant una<br>mica de temps al final de les sessions<\/p>\n\n\n\n<p><\/p>\n\n\n\n<div style=\"height:603px\" aria-hidden=\"true\" class=\"wp-block-spacer\"><\/div>\n\n\n\n<p class=\"caixa\">Es desenvoluparan al final d\u2019acabar els<br>dos projectes.<\/p>\n\n\n\n<div style=\"height:59px\" aria-hidden=\"true\" class=\"wp-block-spacer\"><\/div>\n\n\n\n<p class=\"caixa\">Es far\u00e0 en l\u2019activitat 8.0<\/p>\n\n\n\n<div style=\"height:18px\" aria-hidden=\"true\" class=\"wp-block-spacer\"><\/div>\n\n\n\n<p class=\"caixa\">10 minuts en iniciar i finalitzar la SdA<\/p>\n<\/div>\n<\/div>\n\n\n\n<div class=\"wp-block-columns caixa is-layout-flex wp-container-core-columns-is-layout-12 wp-block-columns-is-layout-flex\">\n<div class=\"wp-block-column is-layout-flow wp-block-column-is-layout-flow\" style=\"flex-basis:25%\">\n<p class=\"caixa\"><strong>Activitats d\u2019aplicaci\u00f3.<br><\/strong>Apliquem el que hem apr\u00e8s<\/p>\n<\/div>\n\n\n\n<div class=\"wp-block-column is-layout-flow wp-block-column-is-layout-flow\" style=\"flex-basis:50%\">\n<div class=\"inherit-container-width wp-block-group caixa is-layout-constrained wp-block-group-is-layout-constrained\">\n<p><strong>Projecte<\/strong><br>PROJECTE 1: Mapa conceptual<br>L\u2019objectiu \u00e9s fer un mapa conceptual de tots els conceptes treballats dividits en les branques que es decideixin. \u00c9s una activitat que permet aflorar i fer conscient l\u2019alumnat dels coneixements adquirits. El mapa conceptual es far\u00e0 a mida gegant en el passad\u00eds de l\u2019escola, entre les dues aules de 6\u00e8.<br>Per a dur-ho a terme es seguiran els seg\u00fcents passos i es donar\u00e0 la r\u00fabrica corresponent.<\/p>\n\n\n\n<ol class=\"wp-block-list\">\n<li>En grups de colors decideixen quines paraules creuen que han de sortir. Cada grup ho annotar\u00e0<br>en la presentaci\u00f3 conjunta.<\/li>\n\n\n\n<li>Compartim els conceptes escollits i decidim quins utilitzarem.<\/li>\n\n\n\n<li>En grups de colors es far\u00e0 el mapa conceptual establint les relacions.<\/li>\n\n\n\n<li>Es far\u00e0 el mapa conceptual al passad\u00eds (si no hi ha prou temps ho anirem fent en diferents<br>estones lliures).<\/li>\n<\/ol>\n\n\n\n<p>PROJECTE 2: Tr\u00edptic informatiu<\/p>\n\n\n\n<ol class=\"wp-block-list\">\n<li>En grups de colors cal elaborar un tr\u00edptic informatiu sobre els diferents conceptes treballats. Al Sites s\u2019hi adjunta la informaci\u00f3 sobre com elaborar tr\u00edptics. Tamb\u00e9 la r\u00fabrica per donar a con\u00e8ixer des del primer moment de l\u2019activitat els \u00edtems que es valoraran en acabat. S\u2019utilitzar\u00e0 l\u2019eina Canva. Es compartir\u00e0 amb els docents a trav\u00e9s de la plataforma Canva.<\/li>\n<\/ol>\n\n\n\n<p><strong>Tr\u00edptic informatiu<\/strong><\/p>\n\n\n\n<p>Amb els tr\u00edptics impresos es dur\u00e0 a terme l\u2019avaluaci\u00f3.<br><strong>KPSI<\/strong><br>Es respon de nou la graella proposada. En acabat, es reparteixen les respostes del KPSI inicial i es dona temps per veure l\u2019evoluci\u00f3. Es comenta en gran grup i tamb\u00e9 per fer valoraci\u00f3 de tot el cam\u00ed recorregut.<br><strong>Diari d\u2019aprenentatge<\/strong><br>Es revisa que tot estigui fet i pugui ser revisat pels docents<\/p>\n<\/div>\n<\/div>\n\n\n\n<div class=\"wp-block-column is-layout-flow wp-block-column-is-layout-flow\" style=\"flex-basis:25%\">\n<p class=\"caixa\">1 sessi\u00f3 (2 hores)<\/p>\n\n\n\n<div style=\"height:431px\" aria-hidden=\"true\" class=\"wp-block-spacer\"><\/div>\n\n\n\n<p class=\"caixa\">1 sessi\u00f3 (2 hores)<\/p>\n\n\n\n<div style=\"height:158px\" aria-hidden=\"true\" class=\"wp-block-spacer\"><\/div>\n\n\n\n<p class=\"caixa\">1 sessi\u00f3 (2 hores)<\/p>\n<\/div>\n<\/div>\n<\/div>\n\n\n\n<div style=\"height:20px\" aria-hidden=\"true\" class=\"wp-block-spacer\"><\/div>\n\n\n\n<div class=\"wp-block-columns caixa is-layout-flex wp-container-core-columns-is-layout-13 wp-block-columns-is-layout-flex\">\n<div class=\"wp-block-column is-layout-flow wp-block-column-is-layout-flow\">\n<p class=\"has-light-green-cyan-background-color has-background has-medium-font-size\"><strong>BREU DESCRIPCI\u00d3 DE COM S\u2019ABORDEN ELS VECTORS EN AQUESTA SITUACI\u00d3 D\u2019APRENENTATGE<\/strong><\/p>\n\n\n\n<p><strong>Aprenentatge competencial<\/strong>. Aquest vector es treballa perqu\u00e8 proposem una situaci\u00f3 d\u2019aprenentatge que planteja aprenentatges amb sentit, partint d\u2019una realitat actual i propera, que seran de llarga durada, amb un repte a resoldre i que ser\u00e0 benefici\u00f3s individualment i col\u00b7lectivament. Per resoldre aquest repte l\u2019alumnat ha d\u2019adquirir els sabers necessaris per desenvolupar aquelles capacitats de les accions que se li demanen.<\/p>\n\n\n\n<p><strong>Ciutadania democr\u00e0tica, critica i compromesa<\/strong>. Partim que el nostre alumnat est\u00e0 format per persones amb una curiositat innata per comprendre el<br>m\u00f3n que els envolta, persones singulars amb m\u00faltiples potencialitats, capaces de mirar cr\u00edticament i q\u00fcestionar la realitat, amb el comprom\u00eds d\u2019actuar en el present per construir el futur. Implica un profund respecte per les persones i l\u2019entorn amb la voluntat de fer i dir perqu\u00e8 el m\u00f3n esdevingui un lloc millor per viure i conviure.<\/p>\n\n\n\n<p><strong>La universalitat del curr\u00edculum<\/strong>. \u00c9s present en aquesta situaci\u00f3 d\u2019aprenentatge perqu\u00e8 parteix d\u2019una realitat propera de l\u2019alumnat i assegura aix\u00ed la seva motivaci\u00f3 i el seu comprom\u00eds. A la vegada proporciona un entorn flexible i accessible on tothom hi pot tenir cabuda, ja que promou diferents formes de comunicaci\u00f3 i expressi\u00f3 que permeten a l\u2019alumnat posar en marxa les seves capacitats i estrat\u00e8gies per assolir entre tots i totes les fites marcades.<\/p>\n\n\n\n<p><strong>La qualitat de l\u2019educaci\u00f3 de les lleng\u00fces<\/strong> aporta impuls en el domini de la llengua com a eina que ens ajuda a entendre el m\u00f3n, per poder compartir el coneixement. En aquesta situaci\u00f3 es treballa l\u2019aprofundiment de la comprensi\u00f3 de textos orals, multimodals, comprensi\u00f3 indirecta, deductiva i inferencial i, alhora, la reflexi\u00f3 sobre els riscos de la IA i els dilemes \u00e8tics.<\/p>\n\n\n\n<p><strong>Perspectiva de g\u00e8nere<\/strong>. Aquest vector es treballa fent de modelatge com a docents, dirigint-nos a l\u2019alumnat amb termes ling\u00fc\u00edstics lliures d\u2019estereotips i prejudicis pel que fa al g\u00e8nere, a m\u00e9s de vetllar perqu\u00e8 l\u2019alumnat utilitzi els mateixos termes ling\u00fc\u00edstics lliures d\u2019estereotips. Hi ha activitats en les que es fa esment dels prejudicis que t\u00e9 la IA per ra\u00f3 de g\u00e8nere i ha de servir per promoure el rebuig i buscar fugir d\u2019estereotips.<\/p>\n<\/div>\n<\/div>\n\n\n\n<div style=\"height:20px\" aria-hidden=\"true\" class=\"wp-block-spacer\"><\/div>\n\n\n\n<div class=\"wp-block-columns caixa is-layout-flex wp-container-core-columns-is-layout-14 wp-block-columns-is-layout-flex\">\n<div class=\"wp-block-column is-layout-flow wp-block-column-is-layout-flow\">\n<p class=\"has-light-green-cyan-background-color has-background has-medium-font-size\"><strong>MESURES I SUPORTS UNIVERSALS<\/strong><\/p>\n\n\n\n<p>Aquesta situaci\u00f3 d\u2019aprenentatge est\u00e0 plantejada per dur-se a terme amb codoc\u00e8ncia en la majoria de les sessions: el tutor\/a del grup i l\u2019especialista de rob\u00f2tica del centre (l\u2019escola est\u00e0 desenvolupant un projecte d\u2019innovaci\u00f3 en programaci\u00f3 i rob\u00f2tica). Comptant amb els dos docents dins l\u2019aula es pot fer un acompanyament m\u00e9s proper als alumnes que ho necessitin, per fer-los participar en les activitats, donant-los seguretat per aportar les seves idees i per ajudar-los a comprendre la tasca, quan sigui necessari. Algunes de les activitats s\u2019adaptaran o s\u2019oferiran ajudes espec\u00edfiques. En cas que hi hagi alumnat amb PI es marcaran uns objectius concrets per a cada cas i s\u2019adaptaran les activitats que es considerin necess\u00e0ries perqu\u00e8 l\u2019alumne\/a pugui assolir els objectius proposats, aix\u00ed com que pugui participar i aportar idees al seu grup, i ser-ne pe\u00e7a clau. <br>A continuaci\u00f3 es detallen algunes de les mesures metodol\u00f2giques que ajudaran a atendre la diversitat a l\u2019aula:<\/p>\n\n\n\n<ol class=\"wp-block-list\">\n<li>Treball cooperatiu en petit grup.<\/li>\n\n\n\n<li>Treball competencial sobre fets significatius per a l\u2019alumnat.<\/li>\n\n\n\n<li>Entorn flexible on tothom hi t\u00e9 cabuda.<\/li>\n\n\n\n<li>M\u00faltiples maneres per a la representaci\u00f3.<\/li>\n\n\n\n<li>Aprenentatge entre iguals.<\/li>\n\n\n\n<li>Utilitzaci\u00f3 de diferents suports i recursos: digitals, visuals, auditius, material tangible.<\/li>\n\n\n\n<li>Introducci\u00f3 de formes flexibles de treball.<\/li>\n<\/ol>\n<\/div>\n<\/div>\n\n\n\n<div style=\"height:20px\" aria-hidden=\"true\" class=\"wp-block-spacer\"><\/div>\n\n\n\n<div style=\"height:20px\" aria-hidden=\"true\" class=\"wp-block-spacer\"><\/div>\n\n\n\n<div style=\"height:20px\" aria-hidden=\"true\" class=\"wp-block-spacer\"><\/div>\n\n\n\n<div style=\"height:20px\" aria-hidden=\"true\" class=\"wp-block-spacer\"><\/div>\n","protected":false},"excerpt":{"rendered":"<p>Etapa: 6\u00e8 de prim\u00e0ira Temporalitzaci\u00f3: Entre 15 i 20 hores Usuari: Alumnat. \u00c0rees: Coneixement del Medi Natural, Social i Cultural \/ Educaci\u00f3 en Valors C\u00edvics \/ Llengua Catalana i Literatura \/Educaci\u00f3 Art\u00edstica. Autor: Olga Armengol. Escola Sant Nicolau. Sabadell Descripci\u00f3 de l&#8217;experi\u00e8ncia: CONTEXT:Hem observat un creixent inter\u00e8s en l\u2019alumnat sobre la intel\u00b7lig\u00e8ncia artificial (IA) a trav\u00e9s de comentaris informals i considerem que \u00e9s el moment oport\u00fa per abordar aquest tema [&hellip;]<\/p>\n","protected":false},"author":14,"featured_media":0,"parent":9106,"menu_order":0,"comment_status":"closed","ping_status":"close","template":"","meta":{"site-sidebar-layout":"default","site-content-layout":"","ast-site-content-layout":"","site-content-style":"default","site-sidebar-style":"default","ast-global-header-display":"","ast-banner-title-visibility":"","ast-main-header-display":"","ast-hfb-above-header-display":"","ast-hfb-below-header-display":"","ast-hfb-mobile-header-display":"","site-post-title":"","ast-breadcrumbs-content":"","ast-featured-img":"","footer-sml-layout":"","theme-transparent-header-meta":"","adv-header-id-meta":"","stick-header-meta":"","header-above-stick-meta":"","header-main-stick-meta":"","header-below-stick-meta":"","astra-migrate-meta-layouts":"default","ast-page-background-enabled":"default","ast-page-background-meta":{"desktop":{"background-color":"var(--ast-global-color-4)","background-image":"","background-repeat":"repeat","background-position":"center center","background-size":"auto","background-attachment":"scroll","background-type":"","background-media":"","overlay-type":"","overlay-color":"","overlay-opacity":"","overlay-gradient":""},"tablet":{"background-color":"","background-image":"","background-repeat":"repeat","background-position":"center center","background-size":"auto","background-attachment":"scroll","background-type":"","background-media":"","overlay-type":"","overlay-color":"","overlay-opacity":"","overlay-gradient":""},"mobile":{"background-color":"","background-image":"","background-repeat":"repeat","background-position":"center center","background-size":"auto","background-attachment":"scroll","background-type":"","background-media":"","overlay-type":"","overlay-color":"","overlay-opacity":"","overlay-gradient":""}},"ast-content-background-meta":{"desktop":{"background-color":"var(--ast-global-color-5)","background-image":"","background-repeat":"repeat","background-position":"center center","background-size":"auto","background-attachment":"scroll","background-type":"","background-media":"","overlay-type":"","overlay-color":"","overlay-opacity":"","overlay-gradient":""},"tablet":{"background-color":"var(--ast-global-color-5)","background-image":"","background-repeat":"repeat","background-position":"center center","background-size":"auto","background-attachment":"scroll","background-type":"","background-media":"","overlay-type":"","overlay-color":"","overlay-opacity":"","overlay-gradient":""},"mobile":{"background-color":"var(--ast-global-color-5)","background-image":"","background-repeat":"repeat","background-position":"center center","background-size":"auto","background-attachment":"scroll","background-type":"","background-media":"","overlay-type":"","overlay-color":"","overlay-opacity":"","overlay-gradient":""}},"footnotes":""},"class_list":["post-9907","page","type-page","status-publish","hentry"],"post_mailing_queue_ids":[],"_links":{"self":[{"href":"https:\/\/projectes.xtec.cat\/ia\/wp-json\/wp\/v2\/pages\/9907","targetHints":{"allow":["GET"]}}],"collection":[{"href":"https:\/\/projectes.xtec.cat\/ia\/wp-json\/wp\/v2\/pages"}],"about":[{"href":"https:\/\/projectes.xtec.cat\/ia\/wp-json\/wp\/v2\/types\/page"}],"author":[{"embeddable":true,"href":"https:\/\/projectes.xtec.cat\/ia\/wp-json\/wp\/v2\/users\/14"}],"replies":[{"embeddable":true,"href":"https:\/\/projectes.xtec.cat\/ia\/wp-json\/wp\/v2\/comments?post=9907"}],"version-history":[{"count":5,"href":"https:\/\/projectes.xtec.cat\/ia\/wp-json\/wp\/v2\/pages\/9907\/revisions"}],"predecessor-version":[{"id":9980,"href":"https:\/\/projectes.xtec.cat\/ia\/wp-json\/wp\/v2\/pages\/9907\/revisions\/9980"}],"up":[{"embeddable":true,"href":"https:\/\/projectes.xtec.cat\/ia\/wp-json\/wp\/v2\/pages\/9106"}],"wp:attachment":[{"href":"https:\/\/projectes.xtec.cat\/ia\/wp-json\/wp\/v2\/media?parent=9907"}],"curies":[{"name":"wp","href":"https:\/\/api.w.org\/{rel}","templated":true}]}}