{"id":10549,"date":"2023-03-14T09:00:29","date_gmt":"2023-03-14T08:00:29","guid":{"rendered":"https:\/\/projectes.xtec.cat\/integrafp\/?page_id=10549"},"modified":"2023-05-25T13:19:56","modified_gmt":"2023-05-25T11:19:56","slug":"familia-professional-industria-alimentaria","status":"publish","type":"page","link":"https:\/\/projectes.xtec.cat\/integrafp\/familia-professional-industria-alimentaria\/","title":{"rendered":"Fam\u00edlia professional Ind\u00fastria aliment\u00e0ria"},"content":{"rendered":"<table style=\"width: 100%; height: 108px;\">\n<tbody>\n<tr style=\"height: 65px;\">\n<td style=\"width: 86.9375px; height: 10px;\" colspan=\"2\"><strong>Comarca<\/strong><\/td>\n<td style=\"width: 76.2812px; height: 10px;\"><strong>Municipi<\/strong><\/td>\n<td style=\"width: 68.5208px; height: 10px;\" colspan=\"2\"><strong>Nom del Centre<\/strong><\/td>\n<td style=\"width: 84.0938px; height: 10px;\" colspan=\"2\"><strong>Codi <\/strong><\/td>\n<td style=\"width: 289.458px; height: 10px;\" colspan=\"3\"><strong>Certificat professional<\/strong><\/td>\n<td style=\"width: 56.8542px; height: 10px;\"><strong>Nivell<\/strong><\/td>\n<td style=\"width: 59.1875px; height: 10px;\"><strong>Hores<\/strong><\/td>\n<\/tr>\n<tr style=\"height: 49px;\">\n<td style=\"width: 86.9375px; height: 49px;\" colspan=\"2\">Catalunya Central<\/td>\n<td style=\"width: 76.2812px; height: 49px;\">Vic<\/td>\n<td style=\"width: 68.5208px; height: 49px;\" colspan=\"2\"><a href=\"https:\/\/www.ivic.cat\/portal\/index.php\">Institut de Vic<\/a><\/td>\n<td style=\"width: 84.0938px; height: 49px;\" colspan=\"2\">INAD0108<\/td>\n<td style=\"width: 289.458px; height: 49px;\" colspan=\"3\"><a href=\"https:\/\/serveiocupacio.gencat.cat\/ca\/persones\/vull-formar-me\/cercadors-formacio-especialitats\/cercador-integrat\/fitxa-especialitat.html?certificats=&amp;codi_especialitat=&amp;denominacio=&amp;certificatSelecionat=&amp;codi_especialitat_seleccionada=INAD0108&amp;historicFiltersf=%255B%257B%2522name%2522%253A%2522cursos%2522%252C%2522filter%2522%253A%255B%2522%2522%252C%2522INAD0108%2522%255D%252C%2522filtrosArray%2522%253A%257B%257D%252C%2522replica%2522%253A%2522%2522%252C%2522reescribir%2522%253A%2522false%2522%257D%255D\">Operacions auxiliars d\u2019elaboraci\u00f3 a la ind\u00fastria aliment\u00e0ria<\/a><\/td>\n<td style=\"width: 56.8542px; height: 49px;\">1<\/td>\n<td style=\"width: 59.1875px; height: 49px;\">300<\/td>\n<\/tr>\n<\/tbody>\n<\/table>\n","protected":false},"excerpt":{"rendered":"<p>Comarca<br \/>\nMunicipi<br \/>\nNom del Centre<br \/>\nCodi<br \/>\nCertificat professional<br \/>\nNivell<br \/>\nHores<\/p>\n<p>Catalunya Central<br \/>\nVic<br \/>\n<a href=\"https:\/\/www.ivic.cat\/portal\/index.php\">Institut de Vic<\/a><br \/>\nINAD0108<br \/>\n<a href=\"https:\/\/serveiocupacio.gencat.cat\/ca\/persones\/vull-formar-me\/cercadors-formacio-especialitats\/cercador-integrat\/fitxa-especialitat.html?certificats=&amp;codi_especialitat=&amp;denominacio=&amp;certificatSelecionat=&amp;codi_especialitat_seleccionada=INAD0108&amp;historicFiltersf=%255B%257B%2522name%2522%253A%2522cursos%2522%252C%2522filter%2522%253A%255B%2522%2522%252C%2522INAD0108%2522%255D%252C%2522filtrosArray%2522%253A%257B%257D%252C%2522replica%2522%253A%2522%2522%252C%2522reescribir%2522%253A%2522false%2522%257D%255D\">Operacions auxiliars d\u2019elaboraci\u00f3 a la ind\u00fastria aliment\u00e0ria<\/a><br \/>\n1<br \/>\n300<\/p>\n","protected":false},"author":67,"featured_media":0,"parent":0,"menu_order":0,"comment_status":"closed","ping_status":"closed","template":"","meta":{"_bbp_topic_count":0,"_bbp_reply_count":0,"_bbp_total_topic_count":0,"_bbp_total_reply_count":0,"_bbp_voice_count":0,"_bbp_anonymous_reply_count":0,"_bbp_topic_count_hidden":0,"_bbp_reply_count_hidden":0,"_bbp_forum_subforum_count":0,"footnotes":""},"class_list":["post-10549","page","type-page","status-publish","hentry"],"post_mailing_queue_ids":[],"_links":{"self":[{"href":"https:\/\/projectes.xtec.cat\/integrafp\/wp-json\/wp\/v2\/pages\/10549","targetHints":{"allow":["GET"]}}],"collection":[{"href":"https:\/\/projectes.xtec.cat\/integrafp\/wp-json\/wp\/v2\/pages"}],"about":[{"href":"https:\/\/projectes.xtec.cat\/integrafp\/wp-json\/wp\/v2\/types\/page"}],"author":[{"embeddable":true,"href":"https:\/\/projectes.xtec.cat\/integrafp\/wp-json\/wp\/v2\/users\/67"}],"replies":[{"embeddable":true,"href":"https:\/\/projectes.xtec.cat\/integrafp\/wp-json\/wp\/v2\/comments?post=10549"}],"version-history":[{"count":3,"href":"https:\/\/projectes.xtec.cat\/integrafp\/wp-json\/wp\/v2\/pages\/10549\/revisions"}],"predecessor-version":[{"id":10801,"href":"https:\/\/projectes.xtec.cat\/integrafp\/wp-json\/wp\/v2\/pages\/10549\/revisions\/10801"}],"wp:attachment":[{"href":"https:\/\/projectes.xtec.cat\/integrafp\/wp-json\/wp\/v2\/media?parent=10549"}],"curies":[{"name":"wp","href":"https:\/\/api.w.org\/{rel}","templated":true}]}}