{"id":8980,"date":"2021-06-08T15:08:06","date_gmt":"2021-06-08T13:08:06","guid":{"rendered":"https:\/\/projectes.xtec.cat\/integrafp\/?page_id=8980"},"modified":"2023-09-04T12:04:47","modified_gmt":"2023-09-04T10:04:47","slug":"llistat-centres-i-certificats-de-professionalitat-dins-la-segona-planificacio","status":"publish","type":"page","link":"https:\/\/projectes.xtec.cat\/integrafp\/llistat-centres-i-certificats-de-professionalitat-dins-la-segona-planificacio\/","title":{"rendered":"Llistat centres i certificats de professionalitat dins la segona planificaci\u00f3"},"content":{"rendered":"<p>&nbsp;<\/p>\n<table style=\"width: 72.1347%; height: 2383px;\" width=\"1007\">\n<tbody>\n<tr style=\"height: 33px;\">\n<td style=\"font-weight: 400; width: 20.8864%; height: 33px;\">Centre<\/td>\n<td style=\"font-weight: 400; width: 10.3855%; text-align: center; height: 33px;\">Municipi<\/td>\n<td style=\"font-weight: 400; width: 15.0538%; text-align: center; height: 33px;\">Codi<\/td>\n<td style=\"font-weight: 400; width: 33.4641%; height: 33px; text-align: center;\">Certificat de professionalitat<\/td>\n<td style=\"font-weight: 400; width: 3.70542%; height: 33px; text-align: center;\">Nivell<\/td>\n<td style=\"font-weight: 400; width: 3.70542%; height: 33px; text-align: center;\">Estat<\/td>\n<\/tr>\n<tr style=\"height: 49px;\">\n<td style=\"font-weight: 400; width: 20.8864%; height: 49px;\">08016781-<a href=\"https:\/\/agora.xtec.cat\/iesesteveterradas\/\">Institut Esteve Terradas i Illa<\/a><\/td>\n<td style=\"font-weight: 400; width: 10.3855%; text-align: center; height: 49px;\">Cornell\u00e0 de Llobregat<\/td>\n<td style=\"font-weight: 400; width: 15.0538%; text-align: center; height: 49px;\">ELEQ0111<\/td>\n<td style=\"font-weight: 400; width: 33.4641%; height: 49px;\">Operacions auxiliars de muntatge i manteniment d&#8217;equip el\u00e8ctrics i electr\u00f2nics<\/td>\n<td style=\"font-weight: 400; width: 3.70542%; text-align: center; height: 49px;\">1<\/td>\n<td style=\"font-weight: 400; width: 3.70542%; text-align: center; height: 49px;\">Finalitzat<\/td>\n<\/tr>\n<tr style=\"height: 49px;\">\n<td style=\"font-weight: 400; width: 20.8864%; height: 49px;\">08016781-<a href=\"https:\/\/agora.xtec.cat\/iesesteveterradas\/\">Institut Esteve Terradas i Illa<\/a><\/td>\n<td style=\"font-weight: 400; width: 10.3855%; text-align: center; height: 49px;\">Cornell\u00e0 de Llobregat<\/td>\n<td style=\"font-weight: 400; width: 15.0538%; text-align: center; height: 49px;\">FMEE0108<\/td>\n<td style=\"font-weight: 400; width: 33.4641%; height: 49px;\">Operacions auxiliars de fabricaci\u00f3 mec\u00e0nica<\/td>\n<td style=\"font-weight: 400; width: 3.70542%; text-align: center; height: 49px;\">1<\/td>\n<td style=\"font-weight: 400; width: 3.70542%; text-align: center; height: 49px;\">Finalitzat<\/td>\n<\/tr>\n<tr style=\"height: 49px;\">\n<td style=\"font-weight: 400; width: 20.8864%; height: 49px;\">08016781-<a href=\"https:\/\/agora.xtec.cat\/iesesteveterradas\/\">Institut Esteve Terradas i Illa<\/a><\/td>\n<td style=\"font-weight: 400; width: 10.3855%; text-align: center; height: 49px;\">Cornell\u00e0 de Llobregat<\/td>\n<td style=\"font-weight: 400; width: 15.0538%; text-align: center; height: 49px;\">IFCT0110<\/td>\n<td style=\"font-weight: 400; width: 33.4641%; height: 49px;\">Operaci\u00f3 de xarxes departamentals<\/td>\n<td style=\"font-weight: 400; width: 3.70542%; text-align: center; height: 49px;\">2<\/td>\n<td style=\"font-weight: 400; width: 3.70542%; text-align: center; height: 49px;\">Finalitzat<\/td>\n<\/tr>\n<tr style=\"height: 49px;\">\n<td style=\"font-weight: 400; width: 20.8864%; height: 49px;\">08016781-<a href=\"https:\/\/agora.xtec.cat\/iesesteveterradas\/\">Institut Esteve Terradas i Illa<\/a><\/td>\n<td style=\"font-weight: 400; width: 10.3855%; text-align: center; height: 49px;\">Cornell\u00e0 de Llobregat<\/td>\n<td style=\"font-weight: 400; width: 15.0538%; text-align: center; height: 49px;\">IFCT0210<\/td>\n<td style=\"font-weight: 400; width: 33.4641%; height: 49px;\">Operaci\u00f3 de sistemes inform\u00e0tics<\/td>\n<td style=\"font-weight: 400; width: 3.70542%; text-align: center; height: 49px;\">2<\/td>\n<td style=\"font-weight: 400; width: 3.70542%; text-align: center; height: 49px;\">Finalitzat<\/td>\n<\/tr>\n<tr style=\"height: 33px;\">\n<td style=\"font-weight: 400; width: 20.8864%; height: 33px;\">08031022-<a href=\"https:\/\/www.ivic.cat\/portal\/index.php\">Institut de Vic<\/a><\/td>\n<td style=\"font-weight: 400; width: 10.3855%; text-align: center; height: 33px;\">Vic<\/td>\n<td style=\"font-weight: 400; width: 15.0538%; text-align: center; height: 33px;\">COMT0112<\/td>\n<td style=\"font-weight: 400; width: 33.4641%; height: 33px;\">Activitats de gesti\u00f3 del petit comer\u00e7<\/td>\n<td style=\"font-weight: 400; width: 3.70542%; text-align: center; height: 33px;\">2<\/td>\n<td style=\"font-weight: 400; width: 3.70542%; text-align: center; height: 33px;\">Finalitzat<\/td>\n<\/tr>\n<tr style=\"height: 49px;\">\n<td style=\"font-weight: 400; width: 20.8864%; height: 49px;\">08031022-<a href=\"https:\/\/www.ivic.cat\/portal\/index.php\">Institut de Vic<\/a><\/td>\n<td style=\"font-weight: 400; width: 10.3855%; text-align: center; height: 49px;\">Vic<\/td>\n<td style=\"font-weight: 400; width: 15.0538%; text-align: center; height: 49px;\">ELES0108<\/td>\n<td style=\"font-weight: 400; width: 33.4641%; height: 49px;\">Muntatge i manteniment d&#8217;infraestructures de telecomunicacions en edificis<\/td>\n<td style=\"font-weight: 400; width: 3.70542%; text-align: center; height: 49px;\">2<\/td>\n<td style=\"font-weight: 400; width: 3.70542%; text-align: center; height: 49px;\">Finalitzat<\/td>\n<\/tr>\n<tr style=\"height: 33px;\">\n<td style=\"font-weight: 400; width: 20.8864%; height: 33px;\">08031022-<a href=\"https:\/\/www.ivic.cat\/portal\/index.php\">Institut de Vic<\/a><\/td>\n<td style=\"font-weight: 400; width: 10.3855%; text-align: center; height: 33px;\">Vic<\/td>\n<td style=\"font-weight: 400; width: 15.0538%; text-align: center; height: 33px;\">FMEH0109<\/td>\n<td style=\"font-weight: 400; width: 33.4641%; height: 33px;\">Mecanitzaci\u00f3 per arrencament de ferritja<\/td>\n<td style=\"font-weight: 400; width: 3.70542%; text-align: center; height: 33px;\">2<\/td>\n<td style=\"font-weight: 400; width: 3.70542%; text-align: center; height: 33px;\">Finalitzat<\/td>\n<\/tr>\n<tr style=\"height: 49px;\">\n<td style=\"font-weight: 400; width: 20.8864%; height: 49px;\">08034217-<a href=\"https:\/\/www.bernatelferrer.cat\/estudis-dfpo-formacio-professional-per-a-locupacio-soc\/\">Institut Bernat el Ferrer<\/a><\/td>\n<td style=\"font-weight: 400; width: 10.3855%; text-align: center; height: 49px;\">Molins de Rei<\/td>\n<td style=\"font-weight: 400; width: 15.0538%; text-align: center; height: 49px;\">IFCT0110<\/td>\n<td style=\"font-weight: 400; width: 33.4641%; height: 49px;\">Operaci\u00f3 de xarxes departamentals<\/td>\n<td style=\"font-weight: 400; width: 3.70542%; text-align: center; height: 49px;\">2<\/td>\n<td style=\"font-weight: 400; width: 3.70542%; text-align: center; height: 49px;\">Finalitzat<\/td>\n<\/tr>\n<tr style=\"height: 49px;\">\n<td style=\"font-weight: 400; width: 20.8864%; height: 49px;\">08044624-<a href=\"https:\/\/agora.xtec.cat\/ies-sabadell\/cicles-formatius\/cursos-subvencionats-soc\/\">Institut Sabadell<\/a><\/td>\n<td style=\"font-weight: 400; width: 10.3855%; text-align: center; height: 49px;\">Sabadell<\/td>\n<td style=\"font-weight: 400; width: 15.0538%; text-align: center; height: 49px;\">IFCM0110<\/td>\n<td style=\"font-weight: 400; width: 33.4641%; height: 49px;\">Operaci\u00f3 en sistemes de comunicacions de veu i dades<\/td>\n<td style=\"font-weight: 400; width: 3.70542%; text-align: center; height: 49px;\">2<\/td>\n<td style=\"font-weight: 400; width: 3.70542%; text-align: center; height: 49px;\">Finalitzat<\/td>\n<\/tr>\n<tr style=\"height: 49px;\">\n<td style=\"font-weight: 400; width: 20.8864%; height: 49px;\">08044624-<a href=\"https:\/\/agora.xtec.cat\/ies-sabadell\/cicles-formatius\/cursos-subvencionats-soc\/\">Institut Sabadell<\/a><\/td>\n<td style=\"font-weight: 400; width: 10.3855%; text-align: center; height: 49px;\">Sabadell<\/td>\n<td style=\"font-weight: 400; width: 15.0538%; text-align: center; height: 49px;\">IFCT0410<\/td>\n<td style=\"font-weight: 400; width: 33.4641%; height: 49px;\">Administraci\u00f3 i disseny de xarxes departamentals<\/td>\n<td style=\"font-weight: 400; width: 3.70542%; text-align: center; height: 49px;\">3<\/td>\n<td style=\"font-weight: 400; width: 3.70542%; text-align: center; height: 49px;\">Finalitzat<\/td>\n<\/tr>\n<tr style=\"height: 33px;\">\n<td style=\"font-weight: 400; width: 20.8864%; height: 33px;\">08054277-<a href=\"https:\/\/agora.xtec.cat\/iestona\/\">Institut de Tona<\/a><\/td>\n<td style=\"font-weight: 400; width: 10.3855%; text-align: center; height: 33px;\">Tona<\/td>\n<td style=\"font-weight: 400; width: 15.0538%; text-align: center; height: 33px;\">HOTR0109<\/td>\n<td style=\"font-weight: 400; width: 33.4641%; height: 33px;\">Operacions b\u00e0siques de pastisseria<\/td>\n<td style=\"font-weight: 400; width: 3.70542%; text-align: center; height: 33px;\">1<\/td>\n<td style=\"font-weight: 400; width: 3.70542%; text-align: center; height: 33px;\">Finalitzat<\/td>\n<\/tr>\n<tr style=\"height: 33px;\">\n<td style=\"font-weight: 400; width: 20.8864%; height: 33px;\">08054277-<a href=\"https:\/\/agora.xtec.cat\/iestona\/\">Institut de Tona<\/a><\/td>\n<td style=\"font-weight: 400; width: 10.3855%; text-align: center; height: 33px;\">Tona<\/td>\n<td style=\"font-weight: 400; width: 15.0538%; text-align: center; height: 33px;\">HOTR0408<\/td>\n<td style=\"font-weight: 400; width: 33.4641%; height: 33px;\">Cuina<\/td>\n<td style=\"font-weight: 400; width: 3.70542%; text-align: center; height: 33px;\">2<\/td>\n<td style=\"font-weight: 400; width: 3.70542%; text-align: center; height: 33px;\">Finalitzat<\/td>\n<\/tr>\n<tr style=\"height: 33px;\">\n<td style=\"font-weight: 400; width: 20.8864%; height: 33px;\">08054277-<a href=\"https:\/\/agora.xtec.cat\/iestona\/\">Institut de Tona<\/a><\/td>\n<td style=\"font-weight: 400; width: 10.3855%; text-align: center; height: 33px;\">Tona<\/td>\n<td style=\"font-weight: 400; width: 15.0538%; text-align: center; height: 33px;\">INAF0108<\/td>\n<td style=\"font-weight: 400; width: 33.4641%; height: 33px;\">Fleca i Brioixeria<\/td>\n<td style=\"font-weight: 400; width: 3.70542%; text-align: center; height: 33px;\">2<\/td>\n<td style=\"font-weight: 400; width: 3.70542%; text-align: center; height: 33px;\">Finalitzat<\/td>\n<\/tr>\n<tr style=\"height: 64px;\">\n<td style=\"font-weight: 400; width: 20.8864%; height: 64px;\">08074847-<a href=\"https:\/\/agora.xtec.cat\/ins-nauticabcn\/\">Institut de N\u00e0utica de Barcelona<\/a><\/td>\n<td style=\"font-weight: 400; width: 10.3855%; text-align: center; height: 64px;\">Barcelona<\/td>\n<td style=\"font-weight: 400; width: 15.0538%; text-align: center; height: 64px;\">TMVU0111<\/td>\n<td style=\"font-weight: 400; width: 33.4641%; height: 64px;\">Pintura, reparaci\u00f3 i construcci\u00f3 d&#8217;elements de pl\u00e0stic refor\u00e7at amb fibra d&#8217;embarcacions esportives i d&#8217;esbarjo<\/td>\n<td style=\"font-weight: 400; width: 3.70542%; text-align: center; height: 64px;\">2<\/td>\n<td style=\"font-weight: 400; width: 3.70542%; text-align: center; height: 64px;\">Finalitzat<\/td>\n<\/tr>\n<tr style=\"height: 33px;\">\n<td style=\"font-weight: 400; width: 20.8864%; height: 33px;\">08076637-<a href=\"https:\/\/www.insfpsantcugat.cat\/\">Institut d&#8217;FP de Sant Cugat<\/a><\/td>\n<td style=\"font-weight: 400; width: 10.3855%; text-align: center; height: 33px;\">St. Cugat del Vall\u00e8s<\/td>\n<td style=\"font-weight: 400; width: 15.0538%; text-align: center; height: 33px;\">ELEM0111<\/td>\n<td style=\"font-weight: 400; width: 33.4641%; height: 33px;\">Muntatge i manteniment de sistemes dom\u00f2tics i inm\u00f2tics<\/td>\n<td style=\"font-weight: 400; width: 3.70542%; text-align: center; height: 33px;\">2<\/td>\n<td style=\"font-weight: 400; width: 3.70542%; text-align: center; height: 33px;\">Finalitzat<\/td>\n<\/tr>\n<tr style=\"height: 33px;\">\n<td style=\"font-weight: 400; width: 20.8864%; height: 33px;\">17001735-<a href=\"https:\/\/www.institutmontilivi.cat\/\">Institut Montilivi<\/a><\/td>\n<td style=\"font-weight: 400; width: 10.3855%; text-align: center; height: 33px;\">Girona<\/td>\n<td style=\"font-weight: 400; width: 15.0538%; text-align: center; height: 33px;\">IFCD0112<\/td>\n<td style=\"font-weight: 400; width: 33.4641%; height: 33px;\">Programaci\u00f3 amb llenguatges orientats a objectes i basses de dades relacionals<\/td>\n<td style=\"font-weight: 400; width: 3.70542%; text-align: center; height: 33px;\">3<\/td>\n<td style=\"font-weight: 400; width: 3.70542%; text-align: center; height: 33px;\">Finalitzat<\/td>\n<\/tr>\n<tr style=\"height: 33px;\">\n<td style=\"font-weight: 400; width: 20.8864%; height: 33px;\">17001735-<a href=\"https:\/\/www.institutmontilivi.cat\/\">Institut Montilivi<\/a><\/td>\n<td style=\"font-weight: 400; width: 10.3855%; text-align: center; height: 33px;\">Girona<\/td>\n<td style=\"font-weight: 400; width: 15.0538%; text-align: center; height: 33px;\">TMVG0110<\/td>\n<td style=\"font-weight: 400; width: 33.4641%; height: 33px;\">Planificaci\u00f3 i control de l&#8217;\u00e0rea d&#8217;electromec\u00e0nica<\/td>\n<td style=\"font-weight: 400; width: 3.70542%; text-align: center; height: 33px;\">3<\/td>\n<td style=\"font-weight: 400; width: 3.70542%; text-align: center; height: 33px;\">Finalitzat<\/td>\n<\/tr>\n<tr style=\"height: 49px;\">\n<td style=\"font-weight: 400; width: 20.8864%; height: 49px;\">17002399-<a href=\"https:\/\/inslagarrotxa.cat\/integra-fp\/\">Institut La Garrotxa<\/a><\/td>\n<td style=\"font-weight: 400; width: 10.3855%; height: 49px; text-align: center;\">Olot<\/td>\n<td style=\"font-weight: 400; width: 15.0538%; height: 49px; text-align: center;\">FMEE0108<\/td>\n<td style=\"font-weight: 400; width: 33.4641%; height: 49px;\">Operacions auxiliars de fabricaci\u00f3 mec\u00e0nica<\/td>\n<td style=\"font-weight: 400; width: 3.70542%; height: 49px; text-align: center;\">1<\/td>\n<td style=\"font-weight: 400; width: 3.70542%; height: 49px; text-align: center;\">Finalitzat<\/td>\n<\/tr>\n<tr style=\"height: 49px;\">\n<td style=\"font-weight: 400; width: 20.8864%; height: 49px;\">17004487-<a href=\"https:\/\/agora.xtec.cat\/iesrafaelcampalans\/\">Institut Rafael Campalans<\/a><\/td>\n<td style=\"font-weight: 400; width: 10.3855%; height: 49px; text-align: center;\">Angl\u00e8s<\/td>\n<td style=\"font-weight: 400; width: 15.0538%; height: 49px; text-align: center;\">IFCT0309<\/td>\n<td style=\"font-weight: 400; width: 33.4641%; height: 49px;\">Muntatge i reparaci\u00f3 de sistemes microinform\u00e0tics<\/td>\n<td style=\"font-weight: 400; width: 3.70542%; height: 49px; text-align: center;\">2<\/td>\n<td style=\"font-weight: 400; width: 3.70542%; height: 49px; text-align: center;\">Finalitzat<\/td>\n<\/tr>\n<tr style=\"height: 49px;\">\n<td style=\"font-weight: 400; width: 20.8864%; height: 49px;\">17004499-<a href=\"http:\/\/iesnx.xtec.cat\/\">Institut Narc\u00eds Xifra i Masmitj\u00e0<\/a><\/td>\n<td style=\"font-weight: 400; width: 10.3855%; height: 49px; text-align: center;\">Girona<\/td>\n<td style=\"font-weight: 400; width: 15.0538%; height: 49px; text-align: center;\">ELEM0311<\/td>\n<td style=\"font-weight: 400; width: 33.4641%; height: 49px;\">Muntatge i manteniment de sistemes d&#8217;automatitzaci\u00f3 industrial<\/td>\n<td style=\"font-weight: 400; width: 3.70542%; height: 49px; text-align: center;\">2<\/td>\n<td style=\"font-weight: 400; width: 3.70542%; height: 49px; text-align: center;\">Finalitzat<\/td>\n<\/tr>\n<tr style=\"height: 49px;\">\n<td style=\"font-weight: 400; width: 20.8864%; height: 49px;\">17005649-<a href=\"https:\/\/cendrassos.net\/certificats-de-professionalitat\/\">Institut Cendrassos<\/a><\/td>\n<td style=\"font-weight: 400; width: 10.3855%; height: 49px; text-align: center;\">Figueres<\/td>\n<td style=\"font-weight: 400; width: 15.0538%; height: 49px; text-align: center;\">IFCD0210<\/td>\n<td style=\"font-weight: 400; width: 33.4641%; height: 49px;\">Desenvolupament d&#8217;aplicacions amb tecnologia web<\/td>\n<td style=\"font-weight: 400; width: 3.70542%; height: 49px; text-align: center;\">3<\/td>\n<td style=\"font-weight: 400; width: 3.70542%; height: 49px; text-align: center;\">Finalitzat<\/td>\n<\/tr>\n<tr style=\"height: 49px;\">\n<td style=\"font-weight: 400; width: 20.8864%; height: 49px;\">17005649-<a href=\"https:\/\/cendrassos.net\/certificats-de-professionalitat\/\">Institut Cendrassos<\/a><\/td>\n<td style=\"font-weight: 400; width: 10.3855%; height: 49px; text-align: center;\">Figueres<\/td>\n<td style=\"font-weight: 400; width: 15.0538%; height: 49px; text-align: center;\">IFCT0309<\/td>\n<td style=\"font-weight: 400; width: 33.4641%; height: 49px;\">Muntatge i reparaci\u00f3 de sistemes microinform\u00e0tics<\/td>\n<td style=\"font-weight: 400; width: 3.70542%; height: 49px; text-align: center;\">2<\/td>\n<td style=\"font-weight: 400; width: 3.70542%; height: 49px; text-align: center;\">Finalitzat*<\/td>\n<\/tr>\n<tr style=\"height: 65px;\">\n<td style=\"font-weight: 400; width: 20.8864%; height: 65px;\">17005662-<a href=\"https:\/\/agora.xtec.cat\/iesserrallarga\/\">Institut Serrallarga<\/a><\/td>\n<td style=\"font-weight: 400; width: 10.3855%; height: 65px; text-align: center;\">Blanes<\/td>\n<td style=\"font-weight: 400; width: 15.0538%; height: 65px; text-align: center;\">ELEQ0111<\/td>\n<td style=\"font-weight: 400; width: 33.4641%; height: 65px;\">Operacions auxiliars de muntatge i manteniment d&#8217;equip el\u00e8ctrics i electr\u00f2nics<\/td>\n<td style=\"font-weight: 400; width: 3.70542%; height: 65px; text-align: center;\">1<\/td>\n<td style=\"font-weight: 400; width: 3.70542%; height: 65px; text-align: center;\">Finalitzat<\/td>\n<\/tr>\n<tr style=\"height: 49px;\">\n<td style=\"font-weight: 400; width: 20.8864%; height: 49px;\">17007300-<a href=\"https:\/\/agora.xtec.cat\/ieslabisbal\/\">Institut La Bisbal<\/a><\/td>\n<td style=\"font-weight: 400; width: 10.3855%; height: 49px; text-align: center;\">La Bisbal d&#8217;Empord\u00e0<\/td>\n<td style=\"font-weight: 400; width: 15.0538%; height: 49px; text-align: center;\">AGAO0108<\/td>\n<td style=\"font-weight: 400; width: 33.4641%; height: 49px;\">Activitats auxiliars en vivers, jardins i centres de jardineria<\/td>\n<td style=\"font-weight: 400; width: 3.70542%; height: 49px; text-align: center;\">1<\/td>\n<td style=\"font-weight: 400; width: 3.70542%; height: 49px; text-align: center;\">Finalitzat<\/td>\n<\/tr>\n<tr style=\"height: 49px;\">\n<td style=\"font-weight: 400; width: 20.8864%; height: 49px;\">17007300-<a href=\"https:\/\/agora.xtec.cat\/ieslabisbal\/\">Institut La Bisbal<\/a><\/td>\n<td style=\"font-weight: 400; width: 10.3855%; height: 49px; text-align: center;\">La Bisbal d&#8217;Empord\u00e0<\/td>\n<td style=\"font-weight: 400; width: 15.0538%; height: 49px; text-align: center;\">AGAO0208<\/td>\n<td style=\"font-weight: 400; width: 33.4641%; height: 49px;\">Instal\u00b7laci\u00f3 i manteniment de jardins i zones verdes<\/td>\n<td style=\"font-weight: 400; width: 3.70542%; height: 49px; text-align: center;\">2<\/td>\n<td style=\"font-weight: 400; width: 3.70542%; height: 49px; text-align: center;\">Finalitzat*<\/td>\n<\/tr>\n<tr style=\"height: 49px;\">\n<td style=\"font-weight: 400; width: 20.8864%; height: 49px;\">25003202-<a href=\"https:\/\/agora.xtec.cat\/ies-mollerussa\/\">Institut Mollerussa<\/a><\/td>\n<td style=\"font-weight: 400; width: 10.3855%; height: 49px; text-align: center;\">Mollerussa<\/td>\n<td style=\"font-weight: 400; width: 15.0538%; height: 49px; text-align: center;\">AGAN0110<\/td>\n<td style=\"font-weight: 400; width: 33.4641%; height: 49px;\">Doma b\u00e0sica del cavall<\/td>\n<td style=\"font-weight: 400; width: 3.70542%; height: 49px; text-align: center;\">2<\/td>\n<td style=\"font-weight: 400; width: 3.70542%; height: 49px; text-align: center;\">Finalitzat<\/td>\n<\/tr>\n<tr style=\"height: 49px;\">\n<td style=\"font-weight: 400; width: 20.8864%; height: 49px;\">25003202-<a href=\"https:\/\/agora.xtec.cat\/ies-mollerussa\/\">Institut Mollerussa<\/a><\/td>\n<td style=\"font-weight: 400; width: 10.3855%; height: 49px; text-align: center;\">Mollerussa<\/td>\n<td style=\"font-weight: 400; width: 15.0538%; height: 49px; text-align: center;\">AGAO0108<\/td>\n<td style=\"font-weight: 400; width: 33.4641%; height: 49px;\">Activitats auxiliars en vivers, jardins i centres de jardineria<\/td>\n<td style=\"font-weight: 400; width: 3.70542%; height: 49px; text-align: center;\">1<\/td>\n<td style=\"font-weight: 400; width: 3.70542%; height: 49px; text-align: center;\">Finalitzat<\/td>\n<\/tr>\n<tr style=\"height: 49px;\">\n<td style=\"font-weight: 400; width: 20.8864%; height: 49px;\">25003202-<a href=\"https:\/\/agora.xtec.cat\/ies-mollerussa\/\">Institut Mollerussa<\/a><\/td>\n<td style=\"font-weight: 400; width: 10.3855%; height: 49px; text-align: center;\">Mollerussa<\/td>\n<td style=\"font-weight: 400; width: 15.0538%; height: 49px; text-align: center;\">IEXD0409<\/td>\n<td style=\"font-weight: 400; width: 33.4641%; height: 49px;\">Col\u00b7locaci\u00f3 de pedra natural<\/td>\n<td style=\"font-weight: 400; width: 3.70542%; height: 49px; text-align: center;\">2<\/td>\n<td style=\"font-weight: 400; width: 3.70542%; height: 49px; text-align: center;\">Finalitzat<\/td>\n<\/tr>\n<tr style=\"height: 49px;\">\n<td style=\"font-weight: 400; width: 20.8864%; height: 49px;\">25003202-<a href=\"https:\/\/agora.xtec.cat\/ies-mollerussa\/\">Institut Mollerussa<\/a><\/td>\n<td style=\"font-weight: 400; width: 10.3855%; height: 49px; text-align: center;\">Mollerussa<\/td>\n<td style=\"font-weight: 400; width: 15.0538%; height: 49px; text-align: center;\">SSCS0108<\/td>\n<td style=\"font-weight: 400; width: 33.4641%; height: 49px;\">Atenci\u00f3 sociosanit\u00e0ria a persones al domicili<\/td>\n<td style=\"font-weight: 400; width: 3.70542%; height: 49px; text-align: center;\">2<\/td>\n<td style=\"font-weight: 400; width: 3.70542%; height: 49px; text-align: center;\">Finalitzat<\/td>\n<\/tr>\n<tr style=\"height: 49px;\">\n<td style=\"font-weight: 400; width: 20.8864%; height: 49px;\">25005685-<a href=\"https:\/\/www.inslasegarra.cat\/\">Institut La Segarra<\/a><\/td>\n<td style=\"font-weight: 400; width: 10.3855%; height: 49px; text-align: center;\">Cervera<\/td>\n<td style=\"font-weight: 400; width: 15.0538%; height: 49px; text-align: center;\">IFCT0110<\/td>\n<td style=\"font-weight: 400; width: 33.4641%; height: 49px;\">Operaci\u00f3 de xarxes departamentals<\/td>\n<td style=\"font-weight: 400; width: 3.70542%; height: 49px; text-align: center;\">2<\/td>\n<td style=\"font-weight: 400; width: 3.70542%; height: 49px; text-align: center;\">Finalitzat<\/td>\n<\/tr>\n<tr style=\"height: 49px;\">\n<td style=\"font-weight: 400; width: 20.8864%; height: 49px;\">25006291-<a href=\"https:\/\/agora.xtec.cat\/ieshugroger\/\">Institut Hug Roger III<\/a><\/td>\n<td style=\"font-weight: 400; width: 10.3855%; height: 49px; text-align: center;\">Sort<\/td>\n<td style=\"font-weight: 400; width: 15.0538%; height: 49px; text-align: center;\">AFDA0311<\/td>\n<td style=\"font-weight: 400; width: 33.4641%; height: 49px;\">Instrucci\u00f3 en ioga<\/td>\n<td style=\"font-weight: 400; width: 3.70542%; height: 49px; text-align: center;\">3<\/td>\n<td style=\"font-weight: 400; width: 3.70542%; height: 49px; text-align: center;\">Finalitzat<\/td>\n<\/tr>\n<tr style=\"height: 49px;\">\n<td style=\"font-weight: 400; width: 20.8864%; height: 49px;\">25006781-<a href=\"https:\/\/www.insalfonscostafreda.cat\/web\/\">Institut Alfons Costafreda<\/a><\/td>\n<td style=\"font-weight: 400; width: 10.3855%; height: 49px; text-align: center;\">T\u00e0rrega<\/td>\n<td style=\"font-weight: 400; width: 15.0538%; height: 49px; text-align: center;\">IFCD0210<\/td>\n<td style=\"font-weight: 400; width: 33.4641%; height: 49px;\">Desenvolupament d&#8217;aplicacions amb tecnologia web<\/td>\n<td style=\"font-weight: 400; width: 3.70542%; height: 49px; text-align: center;\">3<\/td>\n<td style=\"font-weight: 400; width: 3.70542%; height: 49px; text-align: center;\">Finalitzat<\/td>\n<\/tr>\n<tr style=\"height: 65px;\">\n<td style=\"font-weight: 400; width: 20.8864%; height: 65px;\">25007505-<a href=\"https:\/\/www.iesguissona.cat\/certificats-de-professionalitat.php\">Institut de Guissona<\/a><\/td>\n<td style=\"font-weight: 400; width: 10.3855%; height: 65px; text-align: center;\">Guissona<\/td>\n<td style=\"font-weight: 400; width: 15.0538%; height: 65px; text-align: center;\">ELEQ0111<\/td>\n<td style=\"font-weight: 400; width: 33.4641%; height: 65px;\">Operacions auxiliars de muntatge i manteniment d&#8217;equip el\u00e8ctrics i electr\u00f2nics<\/td>\n<td style=\"font-weight: 400; width: 3.70542%; height: 65px; text-align: center;\">1<\/td>\n<td style=\"font-weight: 400; width: 3.70542%; height: 65px; text-align: center;\">Finalitzat<\/td>\n<\/tr>\n<tr style=\"height: 49px;\">\n<td style=\"font-weight: 400; width: 20.8864%; height: 49px;\">43003653-<a href=\"https:\/\/www.comtederius.cat\/oferta-formativa\/certificats-de-professionalitat-2\/certificats-de-professionalitat\">Institut Comte de Rius<\/a><\/td>\n<td style=\"font-weight: 400; width: 10.3855%; height: 49px; text-align: center;\">Tarragona<\/td>\n<td style=\"font-weight: 400; width: 15.0538%; height: 49px; text-align: center;\">QUIE0208<\/td>\n<td style=\"font-weight: 400; width: 33.4641%; height: 49px;\">Operacions en instal\u00b7lacions d&#8217;energia i de serveis auxiliars<\/td>\n<td style=\"font-weight: 400; width: 3.70542%; height: 49px; text-align: center;\">2<\/td>\n<td style=\"font-weight: 400; width: 3.70542%; height: 49px; text-align: center;\">Finalitzat<\/td>\n<\/tr>\n<tr style=\"height: 49px;\">\n<td style=\"font-weight: 400; width: 20.8864%; height: 49px;\">43003653-<a href=\"https:\/\/www.comtederius.cat\/oferta-formativa\/certificats-de-professionalitat-2\/certificats-de-professionalitat\">Institut Comte de Rius<\/a><\/td>\n<td style=\"font-weight: 400; width: 10.3855%; height: 49px; text-align: center;\">Tarragona<\/td>\n<td style=\"font-weight: 400; width: 15.0538%; height: 49px; text-align: center;\">QUIE0408<\/td>\n<td style=\"font-weight: 400; width: 33.4641%; height: 49px;\">Operacions de moviments i lliuraments de productes a la industria qu\u00edmica<\/td>\n<td style=\"font-weight: 400; width: 3.70542%; height: 49px; text-align: center;\">2<\/td>\n<td style=\"font-weight: 400; width: 3.70542%; height: 49px; text-align: center;\">Finalitzat*<\/td>\n<\/tr>\n<tr style=\"height: 49px;\">\n<td style=\"font-weight: 400; width: 20.8864%; height: 49px;\">43003653-<a href=\"https:\/\/www.comtederius.cat\/oferta-formativa\/certificats-de-professionalitat-2\/certificats-de-professionalitat\">Institut Comte de Rius<\/a><\/td>\n<td style=\"font-weight: 400; width: 10.3855%; height: 49px; text-align: center;\">Tarragona<\/td>\n<td style=\"font-weight: 400; width: 15.0538%; height: 49px; text-align: center;\">TMVG0209<\/td>\n<td style=\"font-weight: 400; width: 33.4641%; height: 49px;\">Manteniment dels sistemes el\u00e8ctrics i electr\u00f2nics de vehicles<\/td>\n<td style=\"font-weight: 400; width: 3.70542%; height: 49px; text-align: center;\">2<\/td>\n<td style=\"font-weight: 400; width: 3.70542%; height: 49px; text-align: center;\">Finalitzat<\/td>\n<\/tr>\n<tr style=\"height: 49px;\">\n<td style=\"font-weight: 400; width: 20.8864%; height: 49px;\">43004441-<a href=\"https:\/\/insebre.cat\/\">Institut de l&#8217;Ebre<\/a><\/td>\n<td style=\"font-weight: 400; width: 10.3855%; height: 49px; text-align: center;\">Tortosa<\/td>\n<td style=\"font-weight: 400; width: 15.0538%; height: 49px; text-align: center;\">ENAE0108<\/td>\n<td style=\"font-weight: 400; width: 33.4641%; height: 49px;\">Muntatge i manteniment d&#8217;instal\u00b7lacions solars fotovoltaiques<\/td>\n<td style=\"font-weight: 400; width: 3.70542%; height: 49px; text-align: center;\">2<\/td>\n<td style=\"font-weight: 400; width: 3.70542%; height: 49px; text-align: center;\">Finalitzat<\/td>\n<\/tr>\n<tr style=\"height: 49px;\">\n<td style=\"font-weight: 400; width: 20.8864%; height: 49px;\">43004611-<a href=\"https:\/\/www.institutjaumehuguet.cat\/\">Institut Jaume Huguet<\/a><\/td>\n<td style=\"font-weight: 400; width: 10.3855%; height: 49px; text-align: center;\">Valls<\/td>\n<td style=\"font-weight: 400; width: 15.0538%; height: 49px; text-align: center;\">ELEE0109<\/td>\n<td style=\"font-weight: 400; width: 33.4641%; height: 49px;\">Muntatge i manteniment d&#8217;instal\u00b7lacions el\u00e8ctriques de baixa tensi\u00f3<\/td>\n<td style=\"font-weight: 400; width: 3.70542%; height: 49px; text-align: center;\">2<\/td>\n<td style=\"font-weight: 400; width: 3.70542%; height: 49px; text-align: center;\">Finalitzat<\/td>\n<\/tr>\n<tr style=\"height: 49px;\">\n<td style=\"font-weight: 400; width: 20.8864%; height: 49px;\">43004611-<a href=\"https:\/\/www.institutjaumehuguet.cat\/\">Institut Jaume Huguet<\/a><\/td>\n<td style=\"font-weight: 400; width: 10.3855%; height: 49px; text-align: center;\">Valls<\/td>\n<td style=\"font-weight: 400; width: 15.0538%; height: 49px; text-align: center;\">IMAQ0108<\/td>\n<td style=\"font-weight: 400; width: 33.4641%; height: 49px;\">Manteniment i muntatge mec\u00e0nic d&#8217;equip industrial<\/td>\n<td style=\"font-weight: 400; width: 3.70542%; height: 49px; text-align: center;\">2<\/td>\n<td style=\"font-weight: 400; width: 3.70542%; height: 49px; text-align: center;\">Finalitzat<\/td>\n<\/tr>\n<tr style=\"height: 49px;\">\n<td style=\"font-weight: 400; width: 20.8864%; height: 49px;\">43005704-<a href=\"https:\/\/www.vidalibarraquer.net\/\">Institut Francesc Vidal i Barraquer<\/a><\/td>\n<td style=\"font-weight: 400; width: 10.3855%; height: 49px; text-align: center;\">Tarragona<\/td>\n<td style=\"font-weight: 400; width: 15.0538%; height: 49px; text-align: center;\">IFCT0609<\/td>\n<td style=\"font-weight: 400; width: 33.4641%; height: 49px;\">Programaci\u00f3 de sistemes inform\u00e0tics<\/td>\n<td style=\"font-weight: 400; width: 3.70542%; height: 49px; text-align: center;\">3<\/td>\n<td style=\"font-weight: 400; width: 3.70542%; height: 49px; text-align: center;\">Finalitzat<\/td>\n<\/tr>\n<tr style=\"height: 49px;\">\n<td style=\"font-weight: 400; width: 20.8864%; height: 49px;\">43006630-<a href=\"https:\/\/institutperemartell.cat\/certificats-de-professionalitat\/\">Institut Pere Martell<\/a><\/td>\n<td style=\"font-weight: 400; width: 10.3855%; height: 49px; text-align: center;\">Tarragona<\/td>\n<td style=\"font-weight: 400; width: 15.0538%; height: 49px; text-align: center;\">FMEC0108<\/td>\n<td style=\"font-weight: 400; width: 33.4641%; height: 49px;\">Fabricaci\u00f3 i muntatge d&#8217;instal\u00b7lacions de canonada industrial<\/td>\n<td style=\"font-weight: 400; width: 3.70542%; height: 49px; text-align: center;\">2<\/td>\n<td style=\"font-weight: 400; width: 3.70542%; height: 49px; text-align: center;\">Finalitzat<\/td>\n<\/tr>\n<tr style=\"height: 49px;\">\n<td style=\"font-weight: 400; width: 20.8864%; height: 49px;\">43006630-<a href=\"https:\/\/institutperemartell.cat\/certificats-de-professionalitat\/\">Institut Pere Martell<\/a><\/td>\n<td style=\"font-weight: 400; width: 10.3855%; height: 49px; text-align: center;\">Tarragona<\/td>\n<td style=\"font-weight: 400; width: 15.0538%; height: 49px; text-align: center;\">IMSV0109<\/td>\n<td style=\"font-weight: 400; width: 33.4641%; height: 49px;\">Muntatge i postproducci\u00f3 d&#8217;audiovisuals<\/td>\n<td style=\"font-weight: 400; width: 3.70542%; height: 49px; text-align: center;\">3<\/td>\n<td style=\"font-weight: 400; width: 3.70542%; height: 49px; text-align: center;\">Finalitzat*<\/td>\n<\/tr>\n<tr style=\"height: 65px;\">\n<td style=\"font-weight: 400; width: 20.8864%; height: 65px;\">43006642-<a href=\"https:\/\/agora.xtec.cat\/iesterraalta\/\">Institut Terra Alta<\/a><\/td>\n<td style=\"font-weight: 400; width: 10.3855%; height: 65px; text-align: center;\">Gandesa<\/td>\n<td style=\"font-weight: 400; width: 15.0538%; height: 65px; text-align: center;\">ELEQ0111<\/td>\n<td style=\"font-weight: 400; width: 33.4641%; height: 65px;\">Operacions auxiliars de muntatge i manteniment d&#8217;equip el\u00e8ctrics i electr\u00f2nics<\/td>\n<td style=\"font-weight: 400; width: 3.70542%; height: 65px; text-align: center;\">1<\/td>\n<td style=\"font-weight: 400; width: 3.70542%; height: 65px; text-align: center;\">Finalitzat<\/td>\n<\/tr>\n<tr style=\"height: 49px;\">\n<td style=\"font-weight: 400; width: 20.8864%; height: 49px;\">43007166-<a href=\"https:\/\/agora.xtec.cat\/ies-domenechimontaner\/\">Institut Llu\u00eds Dom\u00e8nech i Montaner<\/a><\/td>\n<td style=\"font-weight: 400; width: 10.3855%; height: 49px; text-align: center;\">Reus<\/td>\n<td style=\"font-weight: 400; width: 15.0538%; height: 49px; text-align: center;\">ELEM0311<\/td>\n<td style=\"font-weight: 400; width: 33.4641%; height: 49px;\">Muntatge i manteniment de sistemes d&#8217;automatitzaci\u00f3 industria<\/td>\n<td style=\"font-weight: 400; width: 3.70542%; height: 49px; text-align: center;\">2<\/td>\n<td style=\"font-weight: 400; width: 3.70542%; height: 49px; text-align: center;\">Finalitzat<\/td>\n<\/tr>\n<tr style=\"height: 49px;\">\n<td style=\"font-weight: 400; width: 20.8864%; height: 49px;\">43007166-<a href=\"https:\/\/agora.xtec.cat\/ies-domenechimontaner\/\">Institut Llu\u00eds Dom\u00e8nech i Montaner<\/a><\/td>\n<td style=\"font-weight: 400; width: 10.3855%; height: 49px; text-align: center;\">Reus<\/td>\n<td style=\"font-weight: 400; width: 15.0538%; height: 49px; text-align: center;\">FMEH0109<\/td>\n<td style=\"font-weight: 400; width: 33.4641%; height: 49px;\">Mecanitzaci\u00f3 per arrencament de ferritja<\/td>\n<td style=\"font-weight: 400; width: 3.70542%; height: 49px; text-align: center;\">2<\/td>\n<td style=\"font-weight: 400; width: 3.70542%; height: 49px; text-align: center;\">Finalitzat*<\/td>\n<\/tr>\n<tr style=\"height: 49px;\">\n<td style=\"font-weight: 400; width: 20.8864%; height: 49px;\">43007233-<a href=\"https:\/\/iesflix.cat\/\">Institut de Flix<\/a><\/td>\n<td style=\"font-weight: 400; width: 10.3855%; height: 49px; text-align: center;\">Flix<\/td>\n<td style=\"font-weight: 400; width: 15.0538%; height: 49px; text-align: center;\">ENAE0108<\/td>\n<td style=\"font-weight: 400; width: 33.4641%; height: 49px;\">Muntatge i manteniment d&#8217;instal\u00b7lacions solars fotovoltaiques<\/td>\n<td style=\"font-weight: 400; width: 3.70542%; height: 49px; text-align: center;\">2<\/td>\n<td style=\"font-weight: 400; width: 3.70542%; height: 49px; text-align: center;\">Finalitzat<\/td>\n<\/tr>\n<\/tbody>\n<\/table>\n<p>Els CP&#8217;s s&#8217;han executat dins del curs 21-22. Els marcats amb * corresponen al curs 22-23.<\/p>\n<p>Informaci\u00f3 actualitzada 04\/09\/2023<\/p>\n","protected":false},"excerpt":{"rendered":"<p>&nbsp;<\/p>\n<p>Centre<br \/>\nMunicipi<br \/>\nCodi<br \/>\nCertificat de professionalitat<br \/>\nNivell<br \/>\nEstat<\/p>\n<p>08016781-<a href=\"https:\/\/agora.xtec.cat\/iesesteveterradas\/\">Institut Esteve Terradas i Illa<\/a><br \/>\nCornell\u00e0 de Llobregat<br \/>\nELEQ0111<br \/>\nOperacions auxiliars de muntatge i manteniment d&#8217;equip el\u00e8ctrics i electr\u00f2nics<br \/>\n1<br \/>\nFinalitzat<\/p>\n<p>08016781-<a href=\"https:\/\/agora.xtec.cat\/iesesteveterradas\/\">Institut Esteve Terradas i Illa<\/a><br \/>\nCornell\u00e0 de Llobregat<br \/>\nFMEE0108<br \/>\nOperacions auxiliars de fabricaci\u00f3 mec\u00e0nica<br \/>\n1<br \/>\nFinalitzat<\/p>\n<p>08016781-<a href=\"https:\/\/agora.xtec.cat\/iesesteveterradas\/\">Institut Esteve Terradas i Illa<\/a><br \/>\nCornell\u00e0 de Llobregat<br \/>\nIFCT0110<br \/>\nOperaci\u00f3 de xarxes departamentals<br \/>\n2<br \/>\nFinalitzat<\/p>\n<p>08016781-<a href=\"https:\/\/agora.xtec.cat\/iesesteveterradas\/\">Institut Esteve Terradas i Illa<\/a><br \/>\nCornell\u00e0&hellip;  <a href=\"https:\/\/projectes.xtec.cat\/integrafp\/llistat-centres-i-certificats-de-professionalitat-dins-la-segona-planificacio\/\" title=\"Read Llistat centres i certificats de professionalitat dins la segona planificaci\u00f3\">Llegeix m\u00e9s\u00bb<\/a><\/p>\n","protected":false},"author":1,"featured_media":0,"parent":0,"menu_order":0,"comment_status":"closed","ping_status":"closed","template":"","meta":{"_bbp_topic_count":0,"_bbp_reply_count":0,"_bbp_total_topic_count":0,"_bbp_total_reply_count":0,"_bbp_voice_count":0,"_bbp_anonymous_reply_count":0,"_bbp_topic_count_hidden":0,"_bbp_reply_count_hidden":0,"_bbp_forum_subforum_count":0,"footnotes":""},"class_list":["post-8980","page","type-page","status-publish","hentry"],"post_mailing_queue_ids":[],"_links":{"self":[{"href":"https:\/\/projectes.xtec.cat\/integrafp\/wp-json\/wp\/v2\/pages\/8980","targetHints":{"allow":["GET"]}}],"collection":[{"href":"https:\/\/projectes.xtec.cat\/integrafp\/wp-json\/wp\/v2\/pages"}],"about":[{"href":"https:\/\/projectes.xtec.cat\/integrafp\/wp-json\/wp\/v2\/types\/page"}],"author":[{"embeddable":true,"href":"https:\/\/projectes.xtec.cat\/integrafp\/wp-json\/wp\/v2\/users\/1"}],"replies":[{"embeddable":true,"href":"https:\/\/projectes.xtec.cat\/integrafp\/wp-json\/wp\/v2\/comments?post=8980"}],"version-history":[{"count":4,"href":"https:\/\/projectes.xtec.cat\/integrafp\/wp-json\/wp\/v2\/pages\/8980\/revisions"}],"predecessor-version":[{"id":10965,"href":"https:\/\/projectes.xtec.cat\/integrafp\/wp-json\/wp\/v2\/pages\/8980\/revisions\/10965"}],"wp:attachment":[{"href":"https:\/\/projectes.xtec.cat\/integrafp\/wp-json\/wp\/v2\/media?parent=8980"}],"curies":[{"name":"wp","href":"https:\/\/api.w.org\/{rel}","templated":true}]}}