{"id":14158,"date":"2024-08-15T09:59:01","date_gmt":"2024-08-15T07:59:01","guid":{"rendered":"https:\/\/projectes.xtec.cat\/internacional\/?page_id=14158"},"modified":"2024-08-16T09:57:31","modified_gmt":"2024-08-16T07:57:31","slug":"activitats-de-primaria-daltres-cursos","status":"publish","type":"page","link":"https:\/\/projectes.xtec.cat\/internacional\/activitats-primaria\/activitats-de-primaria-daltres-cursos\/","title":{"rendered":"Activitats de prim\u00e0ria d&#8217;altres cursos"},"content":{"rendered":"<table>\n<tbody>\n<tr>\n<td><span style=\"font-weight: 400;\">Llengua<\/span><\/td>\n<td><span style=\"font-weight: 400;\">Centre<\/span><\/td>\n<td><span style=\"font-weight: 400;\">Activitat<\/span><\/td>\n<td><span style=\"font-weight: 400;\">Material<\/span><\/td>\n<\/tr>\n<tr>\n<td><span style=\"font-weight: 400;\">Angl\u00e8s<\/span><\/td>\n<td><span style=\"font-weight: 400;\">Escola Sot del Camp (Sant Vicen\u00e7 de Montalt)<\/span><\/td>\n<td><a href=\"https:\/\/projectes.xtec.cat\/internacional\/wp-content\/uploads\/usu1767\/2020\/04\/fitxa_escolasotdelcamp_oral_angles_19_20.pdf\"><span style=\"font-weight: 400;\">Around the city<\/span><\/a><\/td>\n<td><a href=\"https:\/\/projectes.xtec.cat\/internacional\/wp-content\/uploads\/usu1767\/2020\/04\/material_escolasotdelcamp_oral_angles19-20.pdf\"><span style=\"font-weight: 400;\">material<\/span><\/a><\/td>\n<\/tr>\n<tr>\n<td><span style=\"font-weight: 400;\">Angl\u00e8s<\/span><\/td>\n<td><span style=\"font-weight: 400;\">Escola Mestre Ramon Estadella<\/span><\/p>\n<p><span style=\"font-weight: 400;\">Escola Ramon Faus i Esteve (Guissona)<\/span><\/td>\n<td><a href=\"https:\/\/projectes.xtec.cat\/internacional\/wp-content\/uploads\/usu1767\/2020\/04\/fitxa_EscolaRamonEstadellaEscolaRamonFaus_cultural_angles_1920.pdf\"><span style=\"font-weight: 400;\">US National Parks Service<\/span><\/a><\/td>\n<td><a href=\"https:\/\/projectes.xtec.cat\/internacional\/wp-content\/uploads\/usu1767\/2020\/04\/material_escolaRamonEstadellaescolaRamonFaus_cultural_angles_1920.pdf\"><span style=\"font-weight: 400;\">material<\/span><\/a><\/td>\n<\/tr>\n<tr>\n<td><span style=\"font-weight: 400;\">Angl\u00e8s<\/span><\/td>\n<td><span style=\"font-weight: 400;\">Escola Vinya del Sastret (Sant Esteve Sesrovires)<\/span><\/td>\n<td><a href=\"https:\/\/projectes.xtec.cat\/internacional\/wp-content\/uploads\/usu1767\/2020\/04\/fitxa_vinyadelsastret_primaria_angles_1920.docx.pdf\"><span style=\"font-weight: 400;\">Recipe<\/span><\/a><\/td>\n<td><span style=\"font-weight: 400;\">\u00a0<\/span><\/td>\n<\/tr>\n<tr>\n<td><span style=\"font-weight: 400;\">Angl\u00e8s<\/span><\/td>\n<td><span style=\"font-weight: 400;\">Escola Pere de Tera (Badalona)<\/span><\/td>\n<td><a href=\"https:\/\/projectes.xtec.cat\/internacional\/wp-content\/uploads\/usu1767\/2021\/04\/Ann-Abell-ESC-Pere-de-Tera.pdf\"><span style=\"font-weight: 400;\">Local Shopping: Products and Services<\/span><\/a><\/td>\n<td><a href=\"https:\/\/projectes.xtec.cat\/internacional\/wp-content\/uploads\/usu1767\/2021\/04\/Ann-Abell-Annex-ESC-Pere-de-Tera.pdf\"><span style=\"font-weight: 400;\">material<\/span><\/a><\/td>\n<\/tr>\n<tr>\n<td><span style=\"font-weight: 400;\">Angl\u00e8s<\/span><\/td>\n<td><span style=\"font-weight: 400;\">Escola Verd (Girona)<\/span><\/td>\n<td><a href=\"https:\/\/projectes.xtec.cat\/internacional\/wp-content\/uploads\/usu1767\/2021\/04\/fitxa_EscolaVerd_AICLE_angles_2021.pdf\"><span style=\"font-weight: 400;\">Our Solar System<\/span><\/a><\/td>\n<td><span style=\"font-weight: 400;\">\u00a0<\/span><\/td>\n<\/tr>\n<tr>\n<td><span style=\"font-weight: 400;\">Angl\u00e8s<\/span><\/td>\n<td><span style=\"font-weight: 400;\">Escola Gaspar de Queralt (Amer)<\/span><\/td>\n<td><a href=\"https:\/\/projectes.xtec.cat\/internacional\/wp-content\/uploads\/usu1767\/2021\/04\/fitxa_escolagaspardequeralt_primaria_angles_2021.docx.pdf\"><span style=\"font-weight: 400;\"> St. Patrick\u2019s Day Presentation<\/span><\/a><\/td>\n<td><span style=\"font-weight: 400;\">\u00a0<\/span><\/td>\n<\/tr>\n<tr>\n<td><span style=\"font-weight: 400;\">Angl\u00e8s<\/span><\/td>\n<td><span style=\"font-weight: 400;\">Escola de Pr\u00e0ctiques (Tarragona)<\/span><\/td>\n<td><a href=\"https:\/\/projectes.xtec.cat\/internacional\/wp-content\/uploads\/usu1767\/2021\/05\/fitxa_escolapr%C3%A0ctiques_oral_angles_2021.pdf\"><span style=\"font-weight: 400;\">Learning Through Storytelling<\/span><\/a><\/td>\n<td><span style=\"font-weight: 400;\">\u00a0<\/span><\/td>\n<\/tr>\n<tr>\n<td><span style=\"font-weight: 400;\">Angl\u00e8s<\/span><\/td>\n<td><span style=\"font-weight: 400;\">Escola Santa Marina (Pratdip)<\/span><\/td>\n<td><a href=\"https:\/\/projectes.xtec.cat\/internacional\/wp-content\/uploads\/usu1767\/2021\/05\/Fitxa_escolaSantaMarina.Pratdip_oral_angl%C3%A8s_2021..pdf\"><span style=\"font-weight: 400;\">Let\u2019s discover more about Animals!<\/span><\/a><\/td>\n<td><span style=\"font-weight: 400;\">\u00a0<\/span><\/td>\n<\/tr>\n<tr>\n<td><span style=\"font-weight: 400;\">Angl\u00e8s<\/span><\/td>\n<td><span style=\"font-weight: 400;\">Escola Abat Marcet (Terrassa)<\/span><\/td>\n<td><a href=\"https:\/\/projectes.xtec.cat\/internacional\/wp-content\/uploads\/usu1767\/2021\/05\/fitxa_escolaabatmarcet_cultural_angl%C3%A8s_2021.pdf\"><span style=\"font-weight: 400;\">English-speaking music for social change<\/span><\/a><\/td>\n<td><a href=\"https:\/\/projectes.xtec.cat\/internacional\/wp-content\/uploads\/usu1767\/2021\/05\/recursos_englishspeakingmusicforsocialchange.pdf\"><span style=\"font-weight: 400;\">Material<\/span><\/a><\/td>\n<\/tr>\n<tr>\n<td><span style=\"font-weight: 400;\">Angl\u00e8s<\/span><\/td>\n<td><span style=\"font-weight: 400;\">Escola el Vall\u00e8s (Terrassa)<\/span><\/td>\n<td><a href=\"https:\/\/projectes.xtec.cat\/internacional\/wp-content\/uploads\/usu1767\/2021\/05\/fitxa_escolaelvalles_andywarholandpopart_angles_2021.pdf\"><span style=\"font-weight: 400;\">Discovering pop art through the works of Andy Warhol<\/span><\/a><\/td>\n<td><a href=\"https:\/\/projectes.xtec.cat\/internacional\/wp-content\/uploads\/usu1767\/2021\/05\/recursos_andywarhol.pdf\"><span style=\"font-weight: 400;\">Material<\/span><\/a><\/td>\n<\/tr>\n<tr>\n<td><span style=\"font-weight: 400;\">Angl\u00e8s<\/span><\/td>\n<td><span style=\"font-weight: 400;\">Escola Jaume I (La S\u00e9nia)<\/span><\/td>\n<td><a href=\"https:\/\/projectes.xtec.cat\/internacional\/wp-content\/uploads\/usu1767\/2021\/05\/Esc.-Jaume-I-La-S%C3%A8nia-fitxa-activitat-did%C3%A0ctica.pdf\"><span style=\"font-weight: 400;\">St. Andrew\u2019s day celebration<\/span><\/a><\/td>\n<td><span style=\"font-weight: 400;\">\u00a0<\/span><\/td>\n<\/tr>\n<\/tbody>\n<\/table>\n<p><span style=\"font-weight: 400;\">El Ministeri d&#8217;Educaci\u00f3 i Formaci\u00f3 Professional facilita els seg\u00fcents enlla\u00e7os amb activitats:<\/span><\/p>\n<ul>\n<li style=\"font-weight: 400;\" aria-level=\"1\"><a href=\"https:\/\/auxiliaresdeconversacion.org\/\"><span style=\"font-weight: 400;\">Resources for language assistants<\/span><\/a><\/li>\n<li style=\"font-weight: 400;\" aria-level=\"1\"><a href=\"http:\/\/www.educacionyfp.gob.es\/dam\/jcr:e2c9cd70-f76a-49b1-906d-66f84f258b53\/actividades-auxiliares-es.pdf\"><span style=\"font-weight: 400;\">Propuesta de actividades<\/span><\/a><\/li>\n<li style=\"font-weight: 400;\" aria-level=\"1\"><a href=\"http:\/\/www.educacionyfp.gob.es\/dam\/jcr:4da1801b-8610-43f7-94cb-3a05c08ab71c\/actividades-ciencias.pdf\"><span style=\"font-weight: 400;\">Science Lesson Plans<\/span><\/a><\/li>\n<\/ul>\n","protected":false},"excerpt":{"rendered":"<p>Llengua<br \/>\nCentre<br \/>\nActivitat<br \/>\nMaterial<\/p>\n<p>Angl\u00e8s<br \/>\nEscola Sot del Camp (Sant Vicen\u00e7 de Montalt)<br \/>\n<a href=\"https:\/\/projectes.xtec.cat\/internacional\/wp-content\/uploads\/usu1767\/2020\/04\/fitxa_escolasotdelcamp_oral_angles_19_20.pdf\">Around the city<\/a><br \/>\n<a href=\"https:\/\/projectes.xtec.cat\/internacional\/wp-content\/uploads\/usu1767\/2020\/04\/material_escolasotdelcamp_oral_angles19-20.pdf\">material<\/a><\/p>\n<p>Angl\u00e8s<br \/>\nEscola Mestre Ramon Estadella<br \/>\nEscola Ramon Faus i Esteve (Guissona)<br \/>\n<a href=\"https:\/\/projectes.xtec.cat\/internacional\/wp-content\/uploads\/usu1767\/2020\/04\/fitxa_EscolaRamonEstadellaEscolaRamonFaus_cultural_angles_1920.pdf\">US National Parks Service<\/a><br \/>\n<a href=\"https:\/\/projectes.xtec.cat\/internacional\/wp-content\/uploads\/usu1767\/2020\/04\/material_escolaRamonEstadellaescolaRamonFaus_cultural_angles_1920.pdf\">material<\/a><\/p>\n<p>Angl\u00e8s<br \/>\nEscola Vinya del Sastret (Sant Esteve Sesrovires)<br \/>\n<a href=\"https:\/\/projectes.xtec.cat\/internacional\/wp-content\/uploads\/usu1767\/2020\/04\/fitxa_vinyadelsastret_primaria_angles_1920.docx.pdf\">Recipe<\/a><br \/>\n\u00a0<\/p>\n<p>Angl\u00e8s<br \/>\nEscola Pere de Tera (Badalona)<br \/>\n<a href=\"https:\/\/projectes.xtec.cat\/internacional\/wp-content\/uploads\/usu1767\/2021\/04\/Ann-Abell-ESC-Pere-de-Tera.pdf\">Local Shopping: Products and Services<\/a><br \/>\n<a href=\"https:\/\/projectes.xtec.cat\/internacional\/wp-content\/uploads\/usu1767\/2021\/04\/Ann-Abell-Annex-ESC-Pere-de-Tera.pdf\">material<\/a><\/p>\n<p>Angl\u00e8s<br \/>\nEscola Verd (Girona)<br \/>\n<a href=\"https:\/\/projectes.xtec.cat\/internacional\/wp-content\/uploads\/usu1767\/2021\/04\/fitxa_EscolaVerd_AICLE_angles_2021.pdf\">Our&hellip;  <a href=\"https:\/\/projectes.xtec.cat\/internacional\/activitats-primaria\/activitats-de-primaria-daltres-cursos\/\" title=\"Read Activitats de prim\u00e0ria d&#8217;altres cursos\">Llegeix m\u00e9s\u00bb<\/a><\/p>\n","protected":false},"author":1,"featured_media":0,"parent":8828,"menu_order":0,"comment_status":"closed","ping_status":"closed","template":"page-templates\/side-menu.php","meta":{"_bbp_topic_count":0,"_bbp_reply_count":0,"_bbp_total_topic_count":0,"_bbp_total_reply_count":0,"_bbp_voice_count":0,"_bbp_anonymous_reply_count":0,"_bbp_topic_count_hidden":0,"_bbp_reply_count_hidden":0,"_bbp_forum_subforum_count":0,"footnotes":""},"class_list":["post-14158","page","type-page","status-publish","hentry"],"post_mailing_queue_ids":[],"_links":{"self":[{"href":"https:\/\/projectes.xtec.cat\/internacional\/wp-json\/wp\/v2\/pages\/14158","targetHints":{"allow":["GET"]}}],"collection":[{"href":"https:\/\/projectes.xtec.cat\/internacional\/wp-json\/wp\/v2\/pages"}],"about":[{"href":"https:\/\/projectes.xtec.cat\/internacional\/wp-json\/wp\/v2\/types\/page"}],"author":[{"embeddable":true,"href":"https:\/\/projectes.xtec.cat\/internacional\/wp-json\/wp\/v2\/users\/1"}],"replies":[{"embeddable":true,"href":"https:\/\/projectes.xtec.cat\/internacional\/wp-json\/wp\/v2\/comments?post=14158"}],"version-history":[{"count":3,"href":"https:\/\/projectes.xtec.cat\/internacional\/wp-json\/wp\/v2\/pages\/14158\/revisions"}],"predecessor-version":[{"id":14162,"href":"https:\/\/projectes.xtec.cat\/internacional\/wp-json\/wp\/v2\/pages\/14158\/revisions\/14162"}],"up":[{"embeddable":true,"href":"https:\/\/projectes.xtec.cat\/internacional\/wp-json\/wp\/v2\/pages\/8828"}],"wp:attachment":[{"href":"https:\/\/projectes.xtec.cat\/internacional\/wp-json\/wp\/v2\/media?parent=14158"}],"curies":[{"name":"wp","href":"https:\/\/api.w.org\/{rel}","templated":true}]}}