{"id":15627,"date":"2024-12-04T13:29:23","date_gmt":"2024-12-04T12:29:23","guid":{"rendered":"https:\/\/projectes.xtec.cat\/internacional\/?page_id=15627"},"modified":"2025-06-20T13:32:43","modified_gmt":"2025-06-20T11:32:43","slug":"conferencies-fulbright-2","status":"publish","type":"page","link":"https:\/\/projectes.xtec.cat\/internacional\/altres-programes\/accions-dentorn\/conferencies-fulbright-2\/","title":{"rendered":"Confer\u00e8ncies Fulbright"},"content":{"rendered":"<p><span style=\"font-weight: 400;\">El Departament d\u2019Educaci\u00f3 i Formaci\u00f3 Professional, en col\u00b7laboraci\u00f3 amb el Consolat dels Estats Units, impulsa confer\u00e8ncies en llengua anglesa a c\u00e0rrec d\u2019estudiants i doctorands amb una beca Fulbright que estan fent una estada a Catalunya.<\/span><\/p>\n<p><span style=\"font-weight: 400;\">Aquestes accions s\u2019adrecen a l\u2019alumnat de 4t d\u2019ESO i Batxillerat, i la tem\u00e0tica de les confer\u00e8ncies pot variar segons la investigaci\u00f3 que estigui desenvolupant el\/la becari\/\u00e0ria.<\/span><\/p>\n<p><span style=\"font-weight: 400;\">At\u00e8s que els becaris Fulbright solen residir a Barcelona i rodalies i no disposen de vehicle particular, un requisit per poder gaudir de les confer\u00e8ncies \u00e9s que el centre educatiu sigui f\u00e0cilment accessible amb transport p\u00fablic.<\/span><\/p>\n<p><span style=\"font-weight: 400;\">Els centres educatius interessats a participar d\u2019una confer\u00e8ncia Fulbright de tem\u00e0tica diversa, que compleixin aquests requisits, poden sol\u00b7licitar aquest recurs mitjan\u00e7ant un formulari. En cas que se\u2019ls adjudiqui, rebran una notificaci\u00f3 per correu electr\u00f2nic des del Servei de Lleng\u00fces Estrangeres i d\u2019Origen.<\/span><\/p>\n<p><a href=\"https:\/\/projectes.xtec.cat\/internacional\/wp-content\/uploads\/usu1767\/2024\/11\/usm-seal-small-1.png\"><img loading=\"lazy\" decoding=\"async\" class=\"wp-image-15046 aligncenter\" src=\"https:\/\/projectes.xtec.cat\/internacional\/wp-content\/uploads\/usu1767\/2024\/11\/usm-seal-small-1.png\" alt=\"\" width=\"81\" height=\"81\" srcset=\"https:\/\/projectes.xtec.cat\/internacional\/wp-content\/uploads\/usu1767\/2024\/11\/usm-seal-small-1.png 200w, https:\/\/projectes.xtec.cat\/internacional\/wp-content\/uploads\/usu1767\/2024\/11\/usm-seal-small-1-150x150.png 150w\" sizes=\"auto, (max-width: 81px) 100vw, 81px\" \/><\/a><\/p>\n<p><a href=\"https:\/\/projectes.xtec.cat\/internacional\/wp-content\/uploads\/usu1767\/2024\/11\/educacio_h3-1.png\"><img loading=\"lazy\" decoding=\"async\" class=\"wp-image-15047 aligncenter\" src=\"https:\/\/projectes.xtec.cat\/internacional\/wp-content\/uploads\/usu1767\/2024\/11\/educacio_h3-1.png\" alt=\"\" width=\"214\" height=\"43\" srcset=\"https:\/\/projectes.xtec.cat\/internacional\/wp-content\/uploads\/usu1767\/2024\/11\/educacio_h3-1.png 497w, https:\/\/projectes.xtec.cat\/internacional\/wp-content\/uploads\/usu1767\/2024\/11\/educacio_h3-1-300x60.png 300w\" sizes=\"auto, (max-width: 214px) 100vw, 214px\" \/><\/a><\/p>\n","protected":false},"excerpt":{"rendered":"<p>El Departament d\u2019Educaci\u00f3 i Formaci\u00f3 Professional, en col\u00b7laboraci\u00f3 amb el Consolat dels Estats Units, impulsa confer\u00e8ncies en llengua anglesa a c\u00e0rrec d\u2019estudiants i doctorands amb una beca Fulbright que estan fent una estada a Catalunya.<br \/>\nAquestes accions s\u2019adrecen a l\u2019alumnat de 4t d\u2019ESO i Batxillerat, i&hellip;  <a href=\"https:\/\/projectes.xtec.cat\/internacional\/altres-programes\/accions-dentorn\/conferencies-fulbright-2\/\" title=\"Read Confer\u00e8ncies Fulbright\">Llegeix m\u00e9s\u00bb<\/a><\/p>\n","protected":false},"author":1,"featured_media":0,"parent":8979,"menu_order":3,"comment_status":"closed","ping_status":"closed","template":"page-templates\/side-menu.php","meta":{"_bbp_topic_count":0,"_bbp_reply_count":0,"_bbp_total_topic_count":0,"_bbp_total_reply_count":0,"_bbp_voice_count":0,"_bbp_anonymous_reply_count":0,"_bbp_topic_count_hidden":0,"_bbp_reply_count_hidden":0,"_bbp_forum_subforum_count":0,"footnotes":""},"class_list":["post-15627","page","type-page","status-publish","hentry"],"post_mailing_queue_ids":[],"_links":{"self":[{"href":"https:\/\/projectes.xtec.cat\/internacional\/wp-json\/wp\/v2\/pages\/15627","targetHints":{"allow":["GET"]}}],"collection":[{"href":"https:\/\/projectes.xtec.cat\/internacional\/wp-json\/wp\/v2\/pages"}],"about":[{"href":"https:\/\/projectes.xtec.cat\/internacional\/wp-json\/wp\/v2\/types\/page"}],"author":[{"embeddable":true,"href":"https:\/\/projectes.xtec.cat\/internacional\/wp-json\/wp\/v2\/users\/1"}],"replies":[{"embeddable":true,"href":"https:\/\/projectes.xtec.cat\/internacional\/wp-json\/wp\/v2\/comments?post=15627"}],"version-history":[{"count":1,"href":"https:\/\/projectes.xtec.cat\/internacional\/wp-json\/wp\/v2\/pages\/15627\/revisions"}],"predecessor-version":[{"id":15629,"href":"https:\/\/projectes.xtec.cat\/internacional\/wp-json\/wp\/v2\/pages\/15627\/revisions\/15629"}],"up":[{"embeddable":true,"href":"https:\/\/projectes.xtec.cat\/internacional\/wp-json\/wp\/v2\/pages\/8979"}],"wp:attachment":[{"href":"https:\/\/projectes.xtec.cat\/internacional\/wp-json\/wp\/v2\/media?parent=15627"}],"curies":[{"name":"wp","href":"https:\/\/api.w.org\/{rel}","templated":true}]}}