{"id":8604,"date":"2020-02-13T11:31:25","date_gmt":"2020-02-13T10:31:25","guid":{"rendered":"http:\/\/projectes.xtec.cat\/internacional\/?page_id=8604"},"modified":"2025-12-19T08:21:21","modified_gmt":"2025-12-19T07:21:21","slug":"equip","status":"publish","type":"page","link":"https:\/\/projectes.xtec.cat\/internacional\/presentacio\/equip\/","title":{"rendered":"Equip"},"content":{"rendered":"<p><code><\/code>La Unitat de Programes Internacionals dep\u00e8n del <strong>Servei de Lleng\u00fces Estrangeres i d&#8217;Origen <\/strong>(SLEO), al capdavant del qual hi ha:<\/p>\n<ul>\n<li style=\"list-style-type: none;\">\n<ul style=\"list-style-type: disc;\">\n<li>Montserrat Montagut Montagut, cap del Servei<\/li>\n<\/ul>\n<\/li>\n<\/ul>\n<p>L&#8217;equip el formen:<\/p>\n<ul>\n<li style=\"list-style-type: none;\">\n<ul style=\"list-style-type: disc;\">\n<li>Covadonga Gonz\u00e1lez, responsable<\/li>\n<li>Raquel Abad<\/li>\n<li>Patr\u00edcia Bello<\/li>\n<li>Yolanda \u00c1lvaro<\/li>\n<\/ul>\n<\/li>\n<\/ul>\n<hr \/>\n<p>Si voleu contactar amb l&#8217;equip per a qualsevol dels programes gestionats des de la Unitat, ho podeu fer a trav\u00e9s d&#8217;aquests correus corporatius:<\/p>\n<ul>\n<li style=\"list-style-type: none;\">\n<ul style=\"list-style-type: disc;\">\n<li>Erasmus+: \u00a0<a href=\"mailto:erasmusplus@xtec.cat\">erasmusplus<span class=\"\">@xtec.cat\u00a0<\/span><\/a><\/li>\n<li>e<span class=\"\">Twinning: <a href=\"mailto:etwinning@xtec.cat\">etwinning<span class=\"\">@xtec.cat<\/span><\/a><\/span><\/li>\n<li>A<span class=\"\">uxiliars de conversa: <a href=\"mailto:auxiliars.conversa@xtec.cat\">auxiliars.conversa<span class=\"\"><span class=\"\"><span class=\"\">@xtec.cat<\/span><\/span><\/span><\/a><\/span><\/li>\n<li>Global Scholars: <a href=\"mailto:projecteglobal@xtec.cat\" target=\"_blank\" rel=\"noopener noreferrer\">projecteglobal@xtec.cat<\/a><\/li>\n<li>Accions de franc\u00e8s: <a href=\"mailto:accionsfrances@xtec.cat\">accionsfrances@xtec.cat<\/a><\/li>\n<li>Accions d&#8217;alemany: <a href=\"mailto:accionsalemany@xtec.cat\">accionsalemany@xtec.cat\u00a0<\/a><\/li>\n<\/ul>\n<\/li>\n<\/ul>\n<p>Per a qualsevol altre programa, podeu escriure a <a href=\"mailto:erasmusplus@xtec.cat\">erasmusplus@xtec.cat<\/a><\/p>\n<hr \/>\n<p><span class=\"\">Per tal de fomentar la participaci\u00f3 dels centres al Programa Erasmus+ en els \u00e0mbits Escolar i de Persones adultes, el SLEO posa a disposici\u00f3 dels centres un equip de docents amb experi\u00e8ncia en la sol\u00b7licitud i implementaci\u00f3 de projectes europeus. Aquest equip, distribu\u00eft per Serveis Territorials, ofereix assessorament tant en el proc\u00e9s de sol\u00b7licitud de projectes com en la seva implementaci\u00f3. Per poder gaudir d&#8217;aquest servei, cal que des de la direcci\u00f3 del centre es posin en contacte amb el SLEO a trav\u00e9s del Portal de centres a<\/span><\/p>\n<p><strong>Intranet del Departament &gt; Gesti\u00f3 de centres &gt; Projectes educatius &gt; Erasmus+<\/strong><\/p>\n<p>L&#8217;equip d&#8217;assessors de projectes Erasmus+ (APE) el formen:<\/p>\n<table class=\" aligncenter\" style=\"height: 401px; width: 365px;\" width=\"373\">\n<tbody>\n<tr style=\"height: 49px;\">\n<td style=\"width: 112px; height: 49px;\"><strong>Serveis Territorials<\/strong><\/td>\n<td style=\"width: 245px; height: 49px;\"><strong>Assessor\/a<\/strong><\/td>\n<\/tr>\n<tr style=\"height: 32px;\">\n<td style=\"width: 112px; height: 32px;\">BCO<\/td>\n<td style=\"width: 245px; height: 32px;\">C\u00e8lia Ravent\u00f3s Mestre<\/td>\n<\/tr>\n<tr style=\"height: 32px;\">\n<td style=\"width: 112px; height: 32px;\">BLL<\/td>\n<td style=\"width: 245px; height: 32px;\">Esther Rodr\u00edguez Serradilla<\/td>\n<\/tr>\n<tr style=\"height: 32px;\">\n<td style=\"width: 112px; height: 32px;\">CCE<\/td>\n<td style=\"width: 245px; height: 32px;\">Marta Pey Pratdesaba<\/td>\n<\/tr>\n<tr style=\"height: 32px;\">\n<td style=\"width: 112px; height: 32px;\">CEB<\/td>\n<td style=\"width: 245px; height: 32px;\">Raquel Hern\u00e1ndez Taberner<\/td>\n<\/tr>\n<tr style=\"height: 32px;\">\n<td style=\"width: 112px; height: 32px;\">GIR<\/td>\n<td style=\"width: 245px; height: 32px;\"><span style=\"font-weight: 400;\">Helena Bosch Roura<\/span><\/td>\n<\/tr>\n<tr style=\"height: 32px;\">\n<td style=\"width: 112px; height: 32px;\">LLE<\/td>\n<td style=\"width: 245px; height: 32px;\">David Gonz\u00e1lez Mata<\/td>\n<\/tr>\n<tr style=\"height: 32px;\">\n<td style=\"width: 112px; height: 32px;\">MVO<\/td>\n<td style=\"width: 245px; height: 32px;\">Laura Ru\u00edz Romero<\/td>\n<\/tr>\n<tr style=\"height: 32px;\">\n<td style=\"width: 112px; height: 32px;\">TAR<\/td>\n<td style=\"width: 245px; height: 32px;\">Blanca Gimeno L\u00f3pez<\/td>\n<\/tr>\n<tr style=\"height: 32px;\">\n<td style=\"width: 112px; height: 32px;\">TEB<\/td>\n<td style=\"width: 245px; height: 32px;\">A\u00efda Ralda<\/td>\n<\/tr>\n<tr style=\"height: 32px;\">\n<td style=\"width: 112px; height: 32px;\">VOC<\/td>\n<td style=\"width: 245px; height: 32px;\">Paula Escoda<\/td>\n<\/tr>\n<\/tbody>\n<\/table>\n<p style=\"text-align: center;\">\n","protected":false},"excerpt":{"rendered":"<p>La Unitat de Programes Internacionals dep\u00e8n del Servei de Lleng\u00fces Estrangeres i d&#8217;Origen (SLEO), al capdavant del qual hi ha:<\/p>\n<ul>\n<li style=\"list-style-type: none;\">\n<ul style=\"list-style-type: disc;\">\n<li>Montserrat Montagut Montagut, cap del Servei<\/li>\n<\/ul>\n<\/li>\n<\/ul>\n<p>L&#8217;equip el formen:<\/p>\n<ul>\n<li style=\"list-style-type: none;\">\n<ul style=\"list-style-type: disc;\">\n<li>Covadonga Gonz\u00e1lez, responsable<\/li>\n<li>Raquel Abad<\/li>\n<li>Patr\u00edcia Bello<\/li>\n<li>Yolanda \u00c1lvaro<\/li>\n<\/ul>\n<\/li>\n<\/ul>\n<p>Si voleu contactar amb l&#8217;equip per&hellip;  <a href=\"https:\/\/projectes.xtec.cat\/internacional\/presentacio\/equip\/\" title=\"Read Equip\">Llegeix m\u00e9s\u00bb<\/a><\/p>\n","protected":false},"author":1,"featured_media":0,"parent":8598,"menu_order":2,"comment_status":"closed","ping_status":"closed","template":"page-templates\/side-menu.php","meta":{"_bbp_topic_count":0,"_bbp_reply_count":0,"_bbp_total_topic_count":0,"_bbp_total_reply_count":0,"_bbp_voice_count":0,"_bbp_anonymous_reply_count":0,"_bbp_topic_count_hidden":0,"_bbp_reply_count_hidden":0,"_bbp_forum_subforum_count":0,"footnotes":""},"class_list":["post-8604","page","type-page","status-publish","hentry"],"post_mailing_queue_ids":[],"_links":{"self":[{"href":"https:\/\/projectes.xtec.cat\/internacional\/wp-json\/wp\/v2\/pages\/8604","targetHints":{"allow":["GET"]}}],"collection":[{"href":"https:\/\/projectes.xtec.cat\/internacional\/wp-json\/wp\/v2\/pages"}],"about":[{"href":"https:\/\/projectes.xtec.cat\/internacional\/wp-json\/wp\/v2\/types\/page"}],"author":[{"embeddable":true,"href":"https:\/\/projectes.xtec.cat\/internacional\/wp-json\/wp\/v2\/users\/1"}],"replies":[{"embeddable":true,"href":"https:\/\/projectes.xtec.cat\/internacional\/wp-json\/wp\/v2\/comments?post=8604"}],"version-history":[{"count":9,"href":"https:\/\/projectes.xtec.cat\/internacional\/wp-json\/wp\/v2\/pages\/8604\/revisions"}],"predecessor-version":[{"id":18442,"href":"https:\/\/projectes.xtec.cat\/internacional\/wp-json\/wp\/v2\/pages\/8604\/revisions\/18442"}],"up":[{"embeddable":true,"href":"https:\/\/projectes.xtec.cat\/internacional\/wp-json\/wp\/v2\/pages\/8598"}],"wp:attachment":[{"href":"https:\/\/projectes.xtec.cat\/internacional\/wp-json\/wp\/v2\/media?parent=8604"}],"curies":[{"name":"wp","href":"https:\/\/api.w.org\/{rel}","templated":true}]}}