{"id":9300,"date":"2020-05-13T19:40:15","date_gmt":"2020-05-13T17:40:15","guid":{"rendered":"http:\/\/projectes.xtec.cat\/internacional\/?page_id=9300"},"modified":"2025-01-09T14:35:34","modified_gmt":"2025-01-09T13:35:34","slug":"portals-i-iniciatives-europees","status":"publish","type":"page","link":"https:\/\/projectes.xtec.cat\/internacional\/que-es-erasmus\/portals-i-iniciatives-europees\/","title":{"rendered":"Portals i iniciatives europees"},"content":{"rendered":"<p><span style=\"font-weight: 400;\">La\u00a0<a href=\"https:\/\/ec.europa.eu\/info\/education_en\" target=\"_blank\" rel=\"noopener noreferrer\">Comissi\u00f3 Europea<\/a>, a trav\u00e9s d&#8217;<em>Education, Audiovisual and Culture Executive Agency<\/em> (EACEA) o per mitj\u00e0 d&#8217;ajuts i col\u00b7laboracions, dona suport a diverses plataformes i iniciatives d&#8217;impuls a la unitat europea en l&#8217;\u00e0mbit de l&#8217;educaci\u00f3 i la formaci\u00f3. Algunes d&#8217;aquestes plataformes poden servir, en el marc d&#8217;Erasmus+, per difondre els projectes o per millorar-ne la gesti\u00f3. Us oferim aqu\u00ed l&#8217;adre\u00e7a d&#8217;algunes de les iniciatives i portals:<\/span><\/p>\n<p><a href=\"https:\/\/projectes.xtec.cat\/internacional\/wp-content\/uploads\/usu1767\/2020\/05\/EPRP.jpg\"><img loading=\"lazy\" decoding=\"async\" class=\"alignnone wp-image-9304 size-medium\" src=\"https:\/\/projectes.xtec.cat\/internacional\/wp-content\/uploads\/usu1767\/2020\/05\/EPRP-300x131.jpg\" alt=\"Cap\u00e7alera de la plataforma de resultats erasmus+\" width=\"300\" height=\"131\" srcset=\"https:\/\/projectes.xtec.cat\/internacional\/wp-content\/uploads\/usu1767\/2020\/05\/EPRP-300x131.jpg 300w, https:\/\/projectes.xtec.cat\/internacional\/wp-content\/uploads\/usu1767\/2020\/05\/EPRP.jpg 340w\" sizes=\"auto, (max-width: 300px) 100vw, 300px\" \/><\/a><\/p>\n<h5><a href=\"https:\/\/ec.europa.eu\/programmes\/erasmus-plus\/projects\/\" target=\"_blank\" rel=\"noopener noreferrer\"><strong>Plataforma de resultats Erasmus+<\/strong><\/a> (E+PRP)<\/h5>\n<p>La Plataforma de Resultats de Projectes Erasmus+ (E+PRP) \u00e9s el portal on la Comissi\u00f3 Europea publica una fitxa amb la informaci\u00f3 b\u00e0sica dels projectes Erasmus+. Ofereix una descripci\u00f3 de tots els projectes amb finan\u00e7ament: dades de contacte dels participants, enlla\u00e7 a la web, aix\u00ed com els resultats dels projectes acabats.\u00a0Distingeix tamb\u00e9 els projectes qualificats com a <em>bones pr\u00e0ctiques<\/em> i <em>hist\u00f2ries d&#8217;\u00e8xit<\/em>, es a dir, projectes que han destacat pels seus resultats, rellev\u00e0ncia, disseny o capacitat d&#8217;impacte o difusi\u00f3.<\/p>\n<hr \/>\n<p><a href=\"https:\/\/projectes.xtec.cat\/internacional\/wp-content\/uploads\/usu1767\/2020\/05\/SEG.png\"><img loading=\"lazy\" decoding=\"async\" class=\"alignnone wp-image-9305 size-medium\" src=\"https:\/\/projectes.xtec.cat\/internacional\/wp-content\/uploads\/usu1767\/2020\/05\/SEG-300x114.png\" alt=\"Logo de School Education Gateway\" width=\"300\" height=\"114\" srcset=\"https:\/\/projectes.xtec.cat\/internacional\/wp-content\/uploads\/usu1767\/2020\/05\/SEG-300x114.png 300w, https:\/\/projectes.xtec.cat\/internacional\/wp-content\/uploads\/usu1767\/2020\/05\/SEG.png 350w\" sizes=\"auto, (max-width: 300px) 100vw, 300px\" \/><\/a><\/p>\n<h5><a href=\"https:\/\/www.schooleducationgateway.eu\/en\/pub\/index.htm\" target=\"_blank\" rel=\"noopener noreferrer\"><strong>School Education Gateway<\/strong><\/a> (SEG)<\/h5>\n<p><em>School Education Gateway<\/em> \u00e9s una plataforma en l\u00ednia per al professorat, l&#8217;administraci\u00f3 educativa, personal investigador, formadors i altres professionals que treballen en l\u2019\u00e0mbit de l&#8217;educaci\u00f3 escolar, inclosa l\u2019educaci\u00f3 infantil. Ofereix informaci\u00f3 sobre les pol\u00edtiques i accions europees, recursos, cursos de formaci\u00f3 i oportunitats de finan\u00e7ament de projectes.<\/p>\n<hr \/>\n<p><a href=\"https:\/\/projectes.xtec.cat\/internacional\/wp-content\/uploads\/usu1767\/2020\/05\/epale-1.png\"><img loading=\"lazy\" decoding=\"async\" class=\"alignnone wp-image-9309 size-full\" src=\"https:\/\/projectes.xtec.cat\/internacional\/wp-content\/uploads\/usu1767\/2020\/05\/epale-1.png\" alt=\"Logo d'Epale\" width=\"200\" height=\"200\" srcset=\"https:\/\/projectes.xtec.cat\/internacional\/wp-content\/uploads\/usu1767\/2020\/05\/epale-1.png 200w, https:\/\/projectes.xtec.cat\/internacional\/wp-content\/uploads\/usu1767\/2020\/05\/epale-1-150x150.png 150w\" sizes=\"auto, (max-width: 200px) 100vw, 200px\" \/><\/a><\/p>\n<h5><strong><a href=\"https:\/\/epale.ec.europa.eu\/es\" target=\"_blank\" rel=\"noopener noreferrer\">EPALE<\/a><\/strong><\/h5>\n<p>EPALE \u00e9s una comunitat europea de professionals de l&#8217;\u00e0mbit de l\u2019aprenentatge d\u2019adults, que inclou educadors i formadors d\u2019adults, personal d\u2019orientaci\u00f3 i suport, investigadors, acad\u00e8mics i responsables pol\u00edtics.\u00a0Est\u00e0 finan\u00e7ada pel programa Erasmus+ i forma part de l&#8217;estrat\u00e8gia de la Uni\u00f3 Europea de promoure m\u00e9s i millors oportunitats d&#8217;aprenentatge per a tots els adults.\u00a0<span style=\"font-family: inherit; font-size: 1em;\">\u00a0EPALE permet als membres connectar-se i aprendre de col\u00b7legues de tota Europa, i ofereix blogs, f\u00f2rums, not\u00edcies, informes i investigacions, convocat\u00f2ries de formaci\u00f3 i de finan\u00e7ament de projectes i una eina de cerca de socis.<\/span><\/p>\n<hr \/>\n<p><a href=\"https:\/\/projectes.xtec.cat\/internacional\/wp-content\/uploads\/usu1767\/2020\/05\/ols.png\"><img loading=\"lazy\" decoding=\"async\" class=\"alignnone wp-image-9307 size-medium\" src=\"https:\/\/projectes.xtec.cat\/internacional\/wp-content\/uploads\/usu1767\/2020\/05\/ols-300x125.png\" alt=\"Logo de Online Linguistic Support\" width=\"300\" height=\"125\" srcset=\"https:\/\/projectes.xtec.cat\/internacional\/wp-content\/uploads\/usu1767\/2020\/05\/ols-300x125.png 300w, https:\/\/projectes.xtec.cat\/internacional\/wp-content\/uploads\/usu1767\/2020\/05\/ols.png 347w\" sizes=\"auto, (max-width: 300px) 100vw, 300px\" \/><\/a><\/p>\n<h5><a href=\"https:\/\/academy.europa.eu\/local\/euacademy\/pages\/course\/community-overview.php?title=learn-the-basics-of-22-languages-with-the-online-language-support\" target=\"_blank\" rel=\"noopener noreferrer\"><strong>Online Linguistic Suport<\/strong><\/a> (OLS)<\/h5>\n<p>Online Linguistic Support (OLS) \u00e9s una plataforma gratu\u00efta d\u2019aprenentatge d\u2019idiomes en l\u00ednia dissenyada per a participants d\u2019Erasmus+ i del Cos de Solidaritat Europea. L<em>&#8216;acc\u00e9s, per\u00f2, est\u00e0 limitat als participants en determinades mobilitats<\/em>\u00a0(p.ex., alumnat en mobilitats de llarga durada).<\/p>\n<p>Amb OLS, es pot comprovar el nivell en l\u2019idioma que s&#8217;utilitzar\u00e0 mentre un estigui participant en una mobilitat a l\u2019estranger. Ofereix tamb\u00e9 cursos d\u2019idiomes en l\u00ednia. La flexibilitat de l\u2019eina permet treballar segons el propi ritme i adaptar l&#8217;experi\u00e8ncia d\u2019aprenentatge a les necessitats de cadasc\u00fa. Es poden seguir els &#8220;Cursos en l\u00ednia oberts massius&#8221; tem\u00e0tics (MOOCs) o beneficiar-se de sessions de tutoria en l\u00ednia amb ponents nadius i altres participants a l&#8217;OLS. Est\u00e0 disponible en 24 idiomes.<\/p>\n<hr \/>\n<p><a href=\"https:\/\/projectes.xtec.cat\/internacional\/wp-content\/uploads\/usu1767\/2020\/05\/europass.jpg\"><img loading=\"lazy\" decoding=\"async\" class=\"alignnone wp-image-9308 size-medium\" src=\"https:\/\/projectes.xtec.cat\/internacional\/wp-content\/uploads\/usu1767\/2020\/05\/europass-300x113.jpg\" alt=\"Logo d'Europass\" width=\"300\" height=\"113\" srcset=\"https:\/\/projectes.xtec.cat\/internacional\/wp-content\/uploads\/usu1767\/2020\/05\/europass-300x113.jpg 300w, https:\/\/projectes.xtec.cat\/internacional\/wp-content\/uploads\/usu1767\/2020\/05\/europass.jpg 365w\" sizes=\"auto, (max-width: 300px) 100vw, 300px\" \/><\/a><\/p>\n<h5><a href=\"https:\/\/europass.cedefop.europa.eu\" target=\"_blank\" rel=\"noopener noreferrer\"><strong>Europass<\/strong><\/a><\/h5>\n<p>Europass \u00e9s un <a href=\"http:\/\/www.sepie.es\/iniciativas\/europass\/que-es-europass.html\">dossier electr\u00f2nic personal<\/a>, que consta d\u2019un <strong>CV electr\u00f2nic<\/strong> i d&#8217;un portafoli de documents (el Passaport de Compet\u00e8ncies) en qu\u00e8 es compilen diferents documents europeus: el <strong>Passaport de les Lleng\u00fces<\/strong>, els <strong>Suplements Europass<\/strong> i el <strong>Document de Mobilitat<\/strong>, aix\u00ed com altres documents com, per exemple, certificats d&#8217;estudis o de treball. \u00c9s gratu\u00eft i permet a les persones presentar les seves compet\u00e8ncies, habilitats i qualificacions a les empreses potencialment contractants, per tal que aquestes s&#8217;informin de les materies estudiades, les capacitats adquirides i l&#8217;experi\u00e8ncia laboral assolida.<\/p>\n<hr \/>\n<p><a href=\"https:\/\/projectes.xtec.cat\/internacional\/wp-content\/uploads\/usu1767\/2020\/05\/portfolio_cabecera-1.png\"><img loading=\"lazy\" decoding=\"async\" class=\"alignnone wp-image-9311 size-full\" src=\"https:\/\/projectes.xtec.cat\/internacional\/wp-content\/uploads\/usu1767\/2020\/05\/portfolio_cabecera-1.png\" alt=\"Logo de Portfolio de les lleng\u00fces\" width=\"270\" height=\"172\" \/><\/a><\/p>\n<h5><strong><a href=\"https:\/\/www.coe.int\/fr\/web\/portfolio\" target=\"_blank\" rel=\"noopener noreferrer\">Portfoli de les lleng\u00fces<\/a><\/strong><\/h5>\n<p>El Portfoli europeu de les lleng\u00fces (ELP) ha estat desenvolupat en el marc del <a href=\"https:\/\/www.coe.int\/en\/web\/language-policy\">Programa de Pol\u00edtica Ling\u00fc\u00edstica<\/a> del Consell d&#8217;Europa per tal de contribuir al desenvolupament de l\u2019autonomia dels estudiants, el pluriling\u00fcisme i la sensibilitzaci\u00f3 i la compet\u00e8ncia interculturals. El Portfoli\u00a0permet als seus usuaris de registrar els resultats del seu aprenentatge d\u2019idiomes i la seva experi\u00e8ncia en l&#8217;aprenentatge i \u00fas de lleng\u00fces.<\/p>\n<hr \/>\n<p><a href=\"https:\/\/projectes.xtec.cat\/internacional\/wp-content\/uploads\/usu1767\/2020\/05\/european-schoolnet.png\"><img loading=\"lazy\" decoding=\"async\" class=\"alignnone wp-image-9312\" src=\"https:\/\/projectes.xtec.cat\/internacional\/wp-content\/uploads\/usu1767\/2020\/05\/european-schoolnet-300x72.png\" alt=\"Logo d'European Schoolnet\" width=\"367\" height=\"88\" srcset=\"https:\/\/projectes.xtec.cat\/internacional\/wp-content\/uploads\/usu1767\/2020\/05\/european-schoolnet-300x72.png 300w, https:\/\/projectes.xtec.cat\/internacional\/wp-content\/uploads\/usu1767\/2020\/05\/european-schoolnet.png 459w\" sizes=\"auto, (max-width: 367px) 100vw, 367px\" \/><\/a><\/p>\n<h5><a href=\"https:\/\/www.europeanschoolnetacademy.eu\/\" target=\"_blank\" rel=\"noopener noreferrer\"><strong>European Schoolnet<\/strong><\/a><\/h5>\n<p>European Schoolnet \u00e9s una xarxa de 34 ministeris europeus d&#8217;Educaci\u00f3, amb seu a Brussel\u00b7les. Com a organitzaci\u00f3 sense \u00e0nim de lucre, t\u00e9 per objectiu d&#8217;acostar la innovaci\u00f3 en els \u00e0mbits de l&#8217;educaci\u00f3 i la formaci\u00f3 a grups d&#8217;inter\u00e8s clau: Ministeris d&#8217;Educaci\u00f3, escoles, professorat, investigadors i empreses del sector.<\/p>\n<p>La seva missi\u00f3 \u00e9s ajudar els agents de l\u2019educaci\u00f3 a Europa a impulsar la transformaci\u00f3 dels processos educatius en les societats digitalitzades del segle XXI. Ho fa identificant i posant a prova pr\u00e0ctiques innovadores prometedores, compartint evid\u00e8ncies sobre el seu impacte i donant suport a la integraci\u00f3 de pr\u00e0ctiques d\u2019ensenyament i aprenentatge alineades amb els est\u00e0ndards per a l\u2019educaci\u00f3 inclusiva del segle XXI.<\/p>\n<hr \/>\n<p><a href=\"https:\/\/projectes.xtec.cat\/internacional\/wp-content\/uploads\/usu1767\/2020\/05\/erasmusintern-1.png\"><img loading=\"lazy\" decoding=\"async\" class=\"alignnone wp-image-9314\" src=\"https:\/\/projectes.xtec.cat\/internacional\/wp-content\/uploads\/usu1767\/2020\/05\/erasmusintern-1.png\" alt=\"Logo d'Erasmusintern\" width=\"130\" height=\"130\" srcset=\"https:\/\/projectes.xtec.cat\/internacional\/wp-content\/uploads\/usu1767\/2020\/05\/erasmusintern-1.png 200w, https:\/\/projectes.xtec.cat\/internacional\/wp-content\/uploads\/usu1767\/2020\/05\/erasmusintern-1-150x150.png 150w\" sizes=\"auto, (max-width: 130px) 100vw, 130px\" \/><\/a><\/p>\n<h5><a href=\"https:\/\/erasmusintern.org\" target=\"_blank\" rel=\"noopener noreferrer\"><strong>Erasmusintern<\/strong><\/a><\/h5>\n<p>Com a part de <a href=\"https:\/\/www.storyproject.eu\">Story project<\/a> -projecte per la millora de l&#8217;accessibilitat i la qualitat de les pr\u00e0ctiques laborals per a estudiants, aix\u00ed com per l&#8217;augment de la consci\u00e8ncia sobre aquestes oportunitats entre els joves- ErasmusIntern.org proporciona un espai on empreses i organitzacions publiquen les seves ofertes de pr\u00e0ctiques i busquen estudiants en pr\u00e0ctiques; i on els estudiants que volen fer pr\u00e0ctiques a l\u2019estranger poden penjar el seu perfil professional i sol\u00b7licitar vacants de pr\u00e0ctiques en empreses i altres institucions (p\u00fabliques i privades).<\/p>\n<hr \/>\n<p><a href=\"https:\/\/projectes.xtec.cat\/internacional\/wp-content\/uploads\/usu1767\/2020\/05\/eurydice.jpg\"><img loading=\"lazy\" decoding=\"async\" class=\"alignnone wp-image-9315\" src=\"https:\/\/projectes.xtec.cat\/internacional\/wp-content\/uploads\/usu1767\/2020\/05\/eurydice-300x150.jpg\" alt=\"Cap\u00e7alera de la p\u00e0gina d'Eurydice\" width=\"250\" height=\"125\" srcset=\"https:\/\/projectes.xtec.cat\/internacional\/wp-content\/uploads\/usu1767\/2020\/05\/eurydice-300x150.jpg 300w, https:\/\/projectes.xtec.cat\/internacional\/wp-content\/uploads\/usu1767\/2020\/05\/eurydice.jpg 317w\" sizes=\"auto, (max-width: 250px) 100vw, 250px\" \/><\/a><\/p>\n<h5><a href=\"https:\/\/eacea.ec.europa.eu\/national-policies\/eurydice\/\" target=\"_blank\" rel=\"noopener noreferrer\"><strong>Eurydice<\/strong><\/a><\/h5>\n<p>Xarxa de 42 grups de treball nacionals ubicats als pa\u00efsos del programa Erasmus+. Publica descripcions dels sistemes educatius dels diferents pa\u00efsos europeus, informes comparatius dedicats a temes espec\u00edfics, indicadors i estad\u00edstiques, aix\u00ed com not\u00edcies i articles educatius.<\/p>\n","protected":false},"excerpt":{"rendered":"<p>La\u00a0<a href=\"https:\/\/ec.europa.eu\/info\/education_en\" target=\"_blank\" rel=\"noopener noreferrer\">Comissi\u00f3 Europea<\/a>, a trav\u00e9s d&#8217;Education, Audiovisual and Culture Executive Agency (EACEA) o per mitj\u00e0 d&#8217;ajuts i col\u00b7laboracions, dona suport a diverses plataformes i iniciatives d&#8217;impuls a la unitat europea en l&#8217;\u00e0mbit de l&#8217;educaci\u00f3 i la formaci\u00f3. Algunes d&#8217;aquestes plataformes poden servir,&hellip;  <a href=\"https:\/\/projectes.xtec.cat\/internacional\/que-es-erasmus\/portals-i-iniciatives-europees\/\" title=\"Read Portals i iniciatives europees\">Llegeix m\u00e9s\u00bb<\/a><\/p>\n","protected":false},"author":1,"featured_media":0,"parent":10478,"menu_order":3,"comment_status":"closed","ping_status":"closed","template":"page-templates\/side-menu.php","meta":{"_bbp_topic_count":0,"_bbp_reply_count":0,"_bbp_total_topic_count":0,"_bbp_total_reply_count":0,"_bbp_voice_count":0,"_bbp_anonymous_reply_count":0,"_bbp_topic_count_hidden":0,"_bbp_reply_count_hidden":0,"_bbp_forum_subforum_count":0,"footnotes":""},"class_list":["post-9300","page","type-page","status-publish","hentry"],"post_mailing_queue_ids":[],"_links":{"self":[{"href":"https:\/\/projectes.xtec.cat\/internacional\/wp-json\/wp\/v2\/pages\/9300","targetHints":{"allow":["GET"]}}],"collection":[{"href":"https:\/\/projectes.xtec.cat\/internacional\/wp-json\/wp\/v2\/pages"}],"about":[{"href":"https:\/\/projectes.xtec.cat\/internacional\/wp-json\/wp\/v2\/types\/page"}],"author":[{"embeddable":true,"href":"https:\/\/projectes.xtec.cat\/internacional\/wp-json\/wp\/v2\/users\/1"}],"replies":[{"embeddable":true,"href":"https:\/\/projectes.xtec.cat\/internacional\/wp-json\/wp\/v2\/comments?post=9300"}],"version-history":[{"count":6,"href":"https:\/\/projectes.xtec.cat\/internacional\/wp-json\/wp\/v2\/pages\/9300\/revisions"}],"predecessor-version":[{"id":13098,"href":"https:\/\/projectes.xtec.cat\/internacional\/wp-json\/wp\/v2\/pages\/9300\/revisions\/13098"}],"up":[{"embeddable":true,"href":"https:\/\/projectes.xtec.cat\/internacional\/wp-json\/wp\/v2\/pages\/10478"}],"wp:attachment":[{"href":"https:\/\/projectes.xtec.cat\/internacional\/wp-json\/wp\/v2\/media?parent=9300"}],"curies":[{"name":"wp","href":"https:\/\/api.w.org\/{rel}","templated":true}]}}