{"id":10185,"date":"2021-02-24T08:38:16","date_gmt":"2021-02-24T07:38:16","guid":{"rendered":"https:\/\/projectes.xtec.cat\/transformacioenxarxa\/?page_id=10185"},"modified":"2025-12-18T14:23:00","modified_gmt":"2025-12-18T13:23:00","slug":"transformar-per-innovar","status":"publish","type":"page","link":"https:\/\/projectes.xtec.cat\/laboratori-millora-educativa\/transformar-per-innovar\/","title":{"rendered":"Transformar per innovar"},"content":{"rendered":"<p>El Laboratori de Transformaci\u00f3 Educativa<span style=\"font-weight: 400;\"> t\u00e9 per finalitat desenvolupar un model de transformaci\u00f3 i millora del sistema educatiu. \u00c9s per aix\u00f2 que posa en marxa la iniciativa <b>\u201cTransformar per innovar\u201d <\/b>per visibilitzar els processos de transformaci\u00f3 que s&#8217;han desenvolupat als centres referents del Laboratori perqu\u00e8 serveixin d\u2019inspiraci\u00f3, suport i acompanyament als centres en l\u2019impuls de la innovaci\u00f3 i transformaci\u00f3 educativa. L<\/span><span style=\"font-weight: 400;\">a iniciativa integra els models d\u2019acompanyament a centres per tal d\u2019impulsar processos de reflexi\u00f3 i discussi\u00f3 conjunta entenent el centre com a unitat que apr\u00e8n, des d\u2019una mirada sist\u00e8mica.<\/span><\/p>\n<p><b>\u201cTransformar per innovar\u201d<\/b><span style=\"font-weight: 400;\"> \u00e9s una iniciativa que es presenta organitzada en quatre col\u00b7leccions de v\u00eddeos i que desenvolupa cinc rutines de pensament per aprofundir en el treball indagador que promou cada un d&#8217;aquests v\u00eddeos. Les quatre col\u00b7leccions presenten un format propi i van associades a diferents estrat\u00e8gies de treball:<\/span><\/p>\n<p>&nbsp;<\/p>\n<table class=\" aligncenter\" style=\"width: 685px; border-style: none;\">\n<tbody>\n<tr>\n<td style=\"border-style: none; text-align: center; width: 333.333px;\"><a href=\"https:\/\/projectes.xtec.cat\/transformacioenxarxa\/transformar-per-innovar\/les-dimensions-de-la-transformacio-als-centres\/\" target=\"_blank\" rel=\"noopener noreferrer\"><img loading=\"lazy\" decoding=\"async\" class=\"aligncenter wp-image-10212 size-full\" src=\"https:\/\/projectes.xtec.cat\/transformacioenxarxa\/wp-content\/uploads\/usu1468\/2021\/02\/IMG_3637.jpg\" alt=\"\" width=\"887\" height=\"425\" srcset=\"https:\/\/projectes.xtec.cat\/laboratori-millora-educativa\/wp-content\/uploads\/usu1468\/2021\/02\/IMG_3637.jpg 887w, https:\/\/projectes.xtec.cat\/laboratori-millora-educativa\/wp-content\/uploads\/usu1468\/2021\/02\/IMG_3637-300x144.jpg 300w, https:\/\/projectes.xtec.cat\/laboratori-millora-educativa\/wp-content\/uploads\/usu1468\/2021\/02\/IMG_3637-768x368.jpg 768w\" sizes=\"auto, (max-width: 887px) 100vw, 887px\" \/><\/a><\/td>\n<td style=\"border-style: none; text-align: center; width: 346.667px;\"><a href=\"https:\/\/projectes.xtec.cat\/transformacioenxarxa\/transformar-per-innovar\/histories-dun-canvi\/\" target=\"_blank\" rel=\"noopener noreferrer\"><img loading=\"lazy\" decoding=\"async\" class=\"aligncenter wp-image-10213 size-full\" src=\"https:\/\/projectes.xtec.cat\/transformacioenxarxa\/wp-content\/uploads\/usu1468\/2021\/02\/IMG_3641.jpg\" alt=\"\" width=\"939\" height=\"425\" srcset=\"https:\/\/projectes.xtec.cat\/laboratori-millora-educativa\/wp-content\/uploads\/usu1468\/2021\/02\/IMG_3641.jpg 939w, https:\/\/projectes.xtec.cat\/laboratori-millora-educativa\/wp-content\/uploads\/usu1468\/2021\/02\/IMG_3641-300x136.jpg 300w, https:\/\/projectes.xtec.cat\/laboratori-millora-educativa\/wp-content\/uploads\/usu1468\/2021\/02\/IMG_3641-768x348.jpg 768w\" sizes=\"auto, (max-width: 939px) 100vw, 939px\" \/><\/a><\/td>\n<\/tr>\n<tr>\n<td style=\"width: 333.333px; border-style: none; background-color: #ffffff; text-align: center;\"><a href=\"https:\/\/projectes.xtec.cat\/transformacioenxarxa\/transformar-per-innovar\/les-dimensions-de-la-transformacio-als-centres\/\" target=\"_blank\" rel=\"noopener noreferrer\"><span style=\"font-weight: 400;\">Les dimensions de la Transformaci\u00f3 als centres<\/span><\/a><\/p>\n<p>&nbsp;<\/td>\n<td style=\"width: 346.667px; border-style: none; background-color: #ffffff; text-align: center;\"><a href=\"https:\/\/projectes.xtec.cat\/transformacioenxarxa\/transformar-per-innovar\/histories-dun-canvi\/\" target=\"_blank\" rel=\"noopener noreferrer\"><span style=\"font-weight: 400;\">Hist\u00f2ries d\u2019un canvi<\/span><\/a><a href=\"https:\/\/docs.google.com\/document\/d\/1XSGq0qpWi2YeRJHha1hU1emJXDdbkfs-\/edit\"><span style=\"font-weight: 400;\">\u00a0<\/span><\/a><\/p>\n<p>&nbsp;<\/td>\n<\/tr>\n<tr>\n<td style=\"width: 333.333px; border-style: none; text-align: center;\"><a href=\"https:\/\/projectes.xtec.cat\/transformacioenxarxa\/transformar-per-innovar\/inspirar-la-transformacio-educativa\/\" target=\"_blank\" rel=\"noopener noreferrer\"><img loading=\"lazy\" decoding=\"async\" class=\"aligncenter wp-image-10214 size-full\" src=\"https:\/\/projectes.xtec.cat\/transformacioenxarxa\/wp-content\/uploads\/usu1468\/2021\/02\/IMG_3642.jpg\" alt=\"\" width=\"920\" height=\"425\" srcset=\"https:\/\/projectes.xtec.cat\/laboratori-millora-educativa\/wp-content\/uploads\/usu1468\/2021\/02\/IMG_3642.jpg 920w, https:\/\/projectes.xtec.cat\/laboratori-millora-educativa\/wp-content\/uploads\/usu1468\/2021\/02\/IMG_3642-300x139.jpg 300w, https:\/\/projectes.xtec.cat\/laboratori-millora-educativa\/wp-content\/uploads\/usu1468\/2021\/02\/IMG_3642-768x355.jpg 768w\" sizes=\"auto, (max-width: 920px) 100vw, 920px\" \/><\/a><\/td>\n<td style=\"width: 346.667px; border-style: none; background-color: #ffffff; text-align: center;\"><a href=\"https:\/\/projectes.xtec.cat\/transformacioenxarxa\/transformar-per-innovar\/difondre-projecte-i-practiques\/\" target=\"_blank\" rel=\"noopener noreferrer\"><img loading=\"lazy\" decoding=\"async\" class=\"aligncenter wp-image-10215 size-full\" src=\"https:\/\/projectes.xtec.cat\/transformacioenxarxa\/wp-content\/uploads\/usu1468\/2021\/02\/IMG_3643.jpg\" alt=\"\" width=\"908\" height=\"425\" srcset=\"https:\/\/projectes.xtec.cat\/laboratori-millora-educativa\/wp-content\/uploads\/usu1468\/2021\/02\/IMG_3643.jpg 908w, https:\/\/projectes.xtec.cat\/laboratori-millora-educativa\/wp-content\/uploads\/usu1468\/2021\/02\/IMG_3643-300x140.jpg 300w, https:\/\/projectes.xtec.cat\/laboratori-millora-educativa\/wp-content\/uploads\/usu1468\/2021\/02\/IMG_3643-768x359.jpg 768w\" sizes=\"auto, (max-width: 908px) 100vw, 908px\" \/><\/a><\/td>\n<\/tr>\n<tr>\n<td style=\"width: 333.333px; border-style: none; background-color: #ffffff; text-align: center;\"><a href=\"https:\/\/projectes.xtec.cat\/transformacioenxarxa\/transformar-per-innovar\/inspirar-la-transformacio-educativa\/\" target=\"_blank\" rel=\"noopener noreferrer\"><span style=\"font-weight: 400;\">Inspirar la transformaci\u00f3 educativa<\/span><\/a><\/p>\n<p>&nbsp;<\/td>\n<td style=\"width: 346.667px; border-style: none; background-color: #ffffff; text-align: center;\"><a href=\"https:\/\/projectes.xtec.cat\/transformacioenxarxa\/transformar-per-innovar\/difondre-projecte-i-practiques\/\" target=\"_blank\" rel=\"noopener noreferrer\"><span style=\"font-weight: 400;\">Difondre projectes i pr\u00e0ctiques<\/span><\/a><\/p>\n<p>&nbsp;<\/td>\n<\/tr>\n<\/tbody>\n<\/table>\n<p>&nbsp;<\/p>\n<p><span style=\"font-weight: 400;\">Les quatre col\u00b7leccions responen als <\/span><b>objectius seg\u00fcents<\/b><span style=\"font-weight: 400;\">:<\/span><\/p>\n<ul>\n<li style=\"font-weight: 400;\" aria-level=\"1\"><span style=\"font-weight: 400;\">Recon\u00e8ixer el paper de l\u2019escola en el proc\u00e9s d\u2019adaptaci\u00f3 a les necessitats, aspiracions i reptes del segle XXI, posant en valor l\u2019educaci\u00f3 i els centres educatius com elements clau per aconseguir un creixement sostenible, equitatiu i just.<\/span><\/li>\n<li style=\"font-weight: 400;\" aria-level=\"1\"><span style=\"font-weight: 400;\">Posar en valor els procediments i estrat\u00e8gies que possibiliten als centres educatius fer efectiva la transici\u00f3 sistem\u00e0tica des dels models tradicionals d\u2019ensenyament-aprenentatge al marc de centres de refer\u00e8ncia i contribuir a reformular el perfil professional dels docents i la seva capacitaci\u00f3.<\/span><\/li>\n<li style=\"font-weight: 400;\" aria-level=\"1\"><span style=\"font-weight: 400;\">Generar coneixement sobre pr\u00e0ctiques educatives de refer\u00e8ncia que plantegen mesures universals per fer front a la segregaci\u00f3 existent aix\u00ed com a les noves formes emergents de segregaci\u00f3, tot afavorint l\u2019equitat i la igualtat d\u2019oportunitat.<\/span><\/li>\n<li style=\"font-weight: 400;\" aria-level=\"1\"><span style=\"font-weight: 400;\">Comunicar i difondre models inspiradors d\u2019\u00e8xit educatiu que reformulen tant el prop\u00f2sit institucional com la gesti\u00f3 de l\u2019organitzaci\u00f3, la metodologia de treball i el concepte d\u2019avaluaci\u00f3\/aprenentatge.\u00a0<\/span><\/li>\n<\/ul>\n<p><span style=\"font-weight: 400;\">Sabem que \u00e9s tan important el valor dels v\u00eddeos com les estrat\u00e8gies de treball associades a cada un d\u2019ells. Aquestes estrat\u00e8gies han de servir per orientar i guiar en l\u2019aprofundiment de les rutines de pensament.<\/span><\/p>\n<p>&nbsp;<\/p>\n<p style=\"text-align: center;\"><iframe loading=\"lazy\" src=\"\/\/www.youtube.com\/embed\/pA5vhiy3xwk\" width=\"800\" height=\"449\"><\/iframe><\/p>\n<p>&nbsp;<\/p>\n<p><span style=\"font-weight: 400;\">Els v\u00eddeos de les 4 col\u00b7leccions s&#8217;acompanyen d\u2019un disseny explicatiu i d\u2019una proposta de reflexi\u00f3 consistent en diferents rutines de visibilitzaci\u00f3 del pensament, suficientment flexibles per a la seva utilitzaci\u00f3 per part de diferents col\u00b7lectius i en diferents contextos:\u00a0<\/span><\/p>\n<ul>\n<li style=\"font-weight: 400;\" aria-level=\"1\"><span style=\"font-weight: 400;\">seminaris de coordinaci\u00f3 organitzats per CRP,<\/span><\/li>\n<li style=\"font-weight: 400;\" aria-level=\"1\"><span style=\"font-weight: 400;\">sessions de facilitaci\u00f3,\u00a0<\/span><\/li>\n<li style=\"font-weight: 400;\" aria-level=\"1\"><span style=\"font-weight: 400;\">coordinacions de xarxa,\u00a0<\/span><\/li>\n<li style=\"font-weight: 400;\" aria-level=\"1\"><span style=\"font-weight: 400;\">sessions de treball d\u2019un claustre,<\/span><\/li>\n<li style=\"font-weight: 400;\" aria-level=\"1\"><span style=\"font-weight: 400;\">coordinacions d\u2019agents d\u2019acompanyament a centre,\u00a0<\/span><\/li>\n<li style=\"font-weight: 400;\" aria-level=\"1\"><span style=\"font-weight: 400;\">sessions dels serveis educatius (CRP, LIC, EAP),<\/span><\/li>\n<li style=\"font-weight: 400;\" aria-level=\"1\"><span style=\"font-weight: 400;\">treball aut\u00f2nom docent.<\/span><\/li>\n<\/ul>\n<p>&nbsp;<\/p>\n<p style=\"text-align: center;\"><span style=\"color: #800000;\"><strong>RUTINES DE PENSAMENT<\/strong><\/span><\/p>\n<p>&nbsp;<\/p>\n<table class=\" aligncenter\" style=\"width: 792px; border-style: none; height: 626px;\">\n<tbody>\n<tr style=\"height: 164px;\">\n<td style=\"border-style: none; text-align: center; width: 384px; height: 164px;\"><a href=\"https:\/\/projectes.xtec.cat\/transformacioenxarxa\/rutina-abans-pensava-ara-penso\/\" target=\"_blank\" rel=\"noopener noreferrer\"><img loading=\"lazy\" decoding=\"async\" class=\" wp-image-10233 aligncenter\" src=\"https:\/\/projectes.xtec.cat\/transformacioenxarxa\/wp-content\/uploads\/usu1468\/2021\/02\/Captura-de-Pantalla-2021-02-24-a-les-17.54.11.png\" alt=\"\" width=\"181\" height=\"172\" srcset=\"https:\/\/projectes.xtec.cat\/laboratori-millora-educativa\/wp-content\/uploads\/usu1468\/2021\/02\/Captura-de-Pantalla-2021-02-24-a-les-17.54.11.png 448w, https:\/\/projectes.xtec.cat\/laboratori-millora-educativa\/wp-content\/uploads\/usu1468\/2021\/02\/Captura-de-Pantalla-2021-02-24-a-les-17.54.11-300x284.png 300w\" sizes=\"auto, (max-width: 181px) 100vw, 181px\" \/><\/a><\/td>\n<td style=\"border-style: none; text-align: center; width: 404px; height: 164px;\"><a href=\"https:\/\/projectes.xtec.cat\/transformacioenxarxa\/rutina-connectar-estendre-desafiar\/\" target=\"_blank\" rel=\"noopener noreferrer\"><img loading=\"lazy\" decoding=\"async\" class=\"wp-image-10236 aligncenter\" src=\"https:\/\/projectes.xtec.cat\/transformacioenxarxa\/wp-content\/uploads\/usu1468\/2021\/02\/Captura-de-Pantalla-2021-02-24-a-les-17.53.03.png\" alt=\"\" width=\"151\" height=\"146\" srcset=\"https:\/\/projectes.xtec.cat\/laboratori-millora-educativa\/wp-content\/uploads\/usu1468\/2021\/02\/Captura-de-Pantalla-2021-02-24-a-les-17.53.03.png 538w, https:\/\/projectes.xtec.cat\/laboratori-millora-educativa\/wp-content\/uploads\/usu1468\/2021\/02\/Captura-de-Pantalla-2021-02-24-a-les-17.53.03-300x290.png 300w\" sizes=\"auto, (max-width: 151px) 100vw, 151px\" \/><\/a><\/td>\n<\/tr>\n<tr style=\"height: 91px;\">\n<td style=\"width: 384px; border-style: none; background-color: #ffffff; text-align: center; height: 33px;\"><a href=\"https:\/\/projectes.xtec.cat\/transformacioenxarxa\/rutina-abans-pensava-ara-penso\/\" target=\"_blank\" rel=\"noopener noreferrer\"><span style=\"font-weight: 400;\">ABANS PENSAVA \/ ARA PENSO<\/span><\/a><\/td>\n<td style=\"width: 404px; border-style: none; background-color: #ffffff; text-align: center; height: 33px;\"><a href=\"https:\/\/projectes.xtec.cat\/transformacioenxarxa\/rutina-connectar-estendre-desafiar\/\" target=\"_blank\" rel=\"noopener noreferrer\"><span style=\"font-weight: 400;\">CONNECTAR \/ ESTENDRE \/ DESAFIAR<\/span><\/a><\/td>\n<\/tr>\n<tr style=\"height: 182px;\">\n<td style=\"width: 384px; border-style: none; text-align: center; height: 135px;\"><a href=\"https:\/\/projectes.xtec.cat\/transformacioenxarxa\/rutina-generar-classificar-relacionar-i-ampliar\/\" target=\"_blank\" rel=\"noopener noreferrer\"><img loading=\"lazy\" decoding=\"async\" class=\"wp-image-10238 aligncenter\" src=\"https:\/\/projectes.xtec.cat\/transformacioenxarxa\/wp-content\/uploads\/usu1468\/2021\/02\/Captura-de-Pantalla-2021-02-24-a-les-18.21.34.png\" alt=\"\" width=\"153\" height=\"154\" srcset=\"https:\/\/projectes.xtec.cat\/laboratori-millora-educativa\/wp-content\/uploads\/usu1468\/2021\/02\/Captura-de-Pantalla-2021-02-24-a-les-18.21.34.png 460w, https:\/\/projectes.xtec.cat\/laboratori-millora-educativa\/wp-content\/uploads\/usu1468\/2021\/02\/Captura-de-Pantalla-2021-02-24-a-les-18.21.34-150x150.png 150w, https:\/\/projectes.xtec.cat\/laboratori-millora-educativa\/wp-content\/uploads\/usu1468\/2021\/02\/Captura-de-Pantalla-2021-02-24-a-les-18.21.34-300x300.png 300w\" sizes=\"auto, (max-width: 153px) 100vw, 153px\" \/><\/a><\/td>\n<td style=\"width: 404px; border-style: none; background-color: #ffffff; text-align: center; height: 135px;\"><a href=\"https:\/\/projectes.xtec.cat\/transformacioenxarxa\/rutina-penso-em-pregunto-investigo\/\" target=\"_blank\" rel=\"noopener noreferrer\"><img loading=\"lazy\" decoding=\"async\" class=\"wp-image-10237 aligncenter\" src=\"https:\/\/projectes.xtec.cat\/transformacioenxarxa\/wp-content\/uploads\/usu1468\/2021\/02\/Captura-de-Pantalla-2021-02-24-a-les-18.18.55.png\" alt=\"\" width=\"152\" height=\"146\" srcset=\"https:\/\/projectes.xtec.cat\/laboratori-millora-educativa\/wp-content\/uploads\/usu1468\/2021\/02\/Captura-de-Pantalla-2021-02-24-a-les-18.18.55.png 470w, https:\/\/projectes.xtec.cat\/laboratori-millora-educativa\/wp-content\/uploads\/usu1468\/2021\/02\/Captura-de-Pantalla-2021-02-24-a-les-18.18.55-300x289.png 300w\" sizes=\"auto, (max-width: 152px) 100vw, 152px\" \/><\/a><\/td>\n<\/tr>\n<tr style=\"height: 112px;\">\n<td style=\"width: 384px; border-style: none; background-color: #ffffff; text-align: center; height: 52px;\"><a href=\"https:\/\/projectes.xtec.cat\/transformacioenxarxa\/rutina-generar-classificar-relacionar-i-ampliar\/\" target=\"_blank\" rel=\"noopener noreferrer\"><span style=\"font-weight: 400;\">GENERAR, CLASSIFICAR, RELACIONAR I AMPLIAR<\/span><\/a><\/td>\n<td style=\"width: 404px; border-style: none; background-color: #ffffff; text-align: center; height: 52px;\"><a href=\"https:\/\/projectes.xtec.cat\/transformacioenxarxa\/rutina-penso-em-pregunto-investigo\/\" target=\"_blank\" rel=\"noopener noreferrer\"><span style=\"font-weight: 400;\">PENSO, EM PREGUNTO, INVESTIGO<\/span><\/a><\/td>\n<\/tr>\n<tr style=\"height: 190px;\">\n<td style=\"width: 384px; border-style: none; background-color: #ffffff; text-align: center; height: 190px;\"><a href=\"https:\/\/projectes.xtec.cat\/transformacioenxarxa\/rutina-punts-cardinals\/\" target=\"_blank\" rel=\"noopener noreferrer\"><img loading=\"lazy\" decoding=\"async\" class=\" wp-image-10235 aligncenter\" src=\"https:\/\/projectes.xtec.cat\/transformacioenxarxa\/wp-content\/uploads\/usu1468\/2021\/02\/Captura-de-Pantalla-2021-02-24-a-les-18.15.19.png\" alt=\"\" width=\"183\" height=\"173\" srcset=\"https:\/\/projectes.xtec.cat\/laboratori-millora-educativa\/wp-content\/uploads\/usu1468\/2021\/02\/Captura-de-Pantalla-2021-02-24-a-les-18.15.19.png 548w, https:\/\/projectes.xtec.cat\/laboratori-millora-educativa\/wp-content\/uploads\/usu1468\/2021\/02\/Captura-de-Pantalla-2021-02-24-a-les-18.15.19-300x282.png 300w\" sizes=\"auto, (max-width: 183px) 100vw, 183px\" \/><\/a><\/td>\n<td style=\"width: 404px; border-style: none; background-color: #ffffff; text-align: center; height: 190px;\"><\/td>\n<\/tr>\n<tr style=\"height: 52px;\">\n<td style=\"width: 384px; border-style: none; background-color: #ffffff; text-align: center; height: 52px;\"><a href=\"https:\/\/projectes.xtec.cat\/transformacioenxarxa\/rutina-punts-cardinals\/\" target=\"_blank\" rel=\"noopener noreferrer\"><span style=\"font-weight: 400;\">PUNTS CARDINALS<\/span><\/a><\/td>\n<td style=\"width: 404px; border-style: none; background-color: #ffffff; text-align: center; height: 52px;\"><span style=\"font-weight: 400;\">\u00a0<\/span><\/td>\n<\/tr>\n<\/tbody>\n<\/table>\n<p>&nbsp;<\/p>\n<p>&nbsp;<\/p>\n<p>&nbsp;<\/p>\n<p>&nbsp;<\/p>\n<p>&nbsp;<\/p>\n<p>&nbsp;<\/p>\n<p style=\"text-align: center;\">Llegiu tamb\u00e9 l&#8217;article\u00a0<a href=\"https:\/\/projectes.xtec.cat\/transformacioenxarxa\/general\/fem-el-pensament-visible\/\" target=\"_blank\" rel=\"noopener noreferrer\">Fem el pensament visible<\/a><\/p>\n<p>&nbsp;<\/p>\n<p style=\"text-align: right;\"><img loading=\"lazy\" decoding=\"async\" class=\"alignnone wp-image-9600\" src=\"https:\/\/projectes.xtec.cat\/transformacioenxarxa\/wp-content\/uploads\/usu1468\/2020\/11\/Captura-de-Pantalla-2020-11-27-a-les-12.51.03.png\" alt=\"\" width=\"542\" height=\"148\" srcset=\"https:\/\/projectes.xtec.cat\/laboratori-millora-educativa\/wp-content\/uploads\/usu1468\/2020\/11\/Captura-de-Pantalla-2020-11-27-a-les-12.51.03.png 1542w, https:\/\/projectes.xtec.cat\/laboratori-millora-educativa\/wp-content\/uploads\/usu1468\/2020\/11\/Captura-de-Pantalla-2020-11-27-a-les-12.51.03-300x82.png 300w, https:\/\/projectes.xtec.cat\/laboratori-millora-educativa\/wp-content\/uploads\/usu1468\/2020\/11\/Captura-de-Pantalla-2020-11-27-a-les-12.51.03-768x209.png 768w, https:\/\/projectes.xtec.cat\/laboratori-millora-educativa\/wp-content\/uploads\/usu1468\/2020\/11\/Captura-de-Pantalla-2020-11-27-a-les-12.51.03-1024x279.png 1024w\" sizes=\"auto, (max-width: 542px) 100vw, 542px\" \/><\/p>\n<p>&nbsp;<\/p>\n","protected":false},"excerpt":{"rendered":"<p>El Laboratori de Transformaci\u00f3 Educativa t\u00e9 per finalitat desenvolupar un model de transformaci\u00f3 i millora del sistema educatiu. \u00c9s per aix\u00f2 que posa en marxa la iniciativa \u201cTransformar per innovar\u201d per visibilitzar els processos de transformaci\u00f3 que s&#8217;han desenvolupat als centres referents del Laboratori perqu\u00e8 serveixin d\u2019inspiraci\u00f3, suport i acompanyament als centres en l\u2019impuls de [&hellip;]<\/p>\n","protected":false},"author":3,"featured_media":0,"parent":0,"menu_order":0,"comment_status":"closed","ping_status":"closed","template":"","meta":{"_bbp_topic_count":0,"_bbp_reply_count":0,"_bbp_total_topic_count":0,"_bbp_total_reply_count":0,"_bbp_voice_count":0,"_bbp_anonymous_reply_count":0,"_bbp_topic_count_hidden":0,"_bbp_reply_count_hidden":0,"_bbp_forum_subforum_count":0,"site-sidebar-layout":"default","site-content-layout":"","ast-site-content-layout":"default","site-content-style":"default","site-sidebar-style":"default","ast-global-header-display":"","ast-banner-title-visibility":"","ast-main-header-display":"","ast-hfb-above-header-display":"","ast-hfb-below-header-display":"","ast-hfb-mobile-header-display":"","site-post-title":"","ast-breadcrumbs-content":"","ast-featured-img":"","footer-sml-layout":"","theme-transparent-header-meta":"default","adv-header-id-meta":"","stick-header-meta":"","header-above-stick-meta":"","header-main-stick-meta":"","header-below-stick-meta":"","astra-migrate-meta-layouts":"set","ast-page-background-enabled":"default","ast-page-background-meta":{"desktop":{"background-color":"var(--ast-global-color-4)","background-image":"","background-repeat":"repeat","background-position":"center center","background-size":"auto","background-attachment":"scroll","background-type":"","background-media":"","overlay-type":"","overlay-color":"","overlay-opacity":"","overlay-gradient":""},"tablet":{"background-color":"","background-image":"","background-repeat":"repeat","background-position":"center center","background-size":"auto","background-attachment":"scroll","background-type":"","background-media":"","overlay-type":"","overlay-color":"","overlay-opacity":"","overlay-gradient":""},"mobile":{"background-color":"","background-image":"","background-repeat":"repeat","background-position":"center center","background-size":"auto","background-attachment":"scroll","background-type":"","background-media":"","overlay-type":"","overlay-color":"","overlay-opacity":"","overlay-gradient":""}},"ast-content-background-meta":{"desktop":{"background-color":"var(--ast-global-color-5)","background-image":"","background-repeat":"repeat","background-position":"center center","background-size":"auto","background-attachment":"scroll","background-type":"","background-media":"","overlay-type":"","overlay-color":"","overlay-opacity":"","overlay-gradient":""},"tablet":{"background-color":"var(--ast-global-color-5)","background-image":"","background-repeat":"repeat","background-position":"center center","background-size":"auto","background-attachment":"scroll","background-type":"","background-media":"","overlay-type":"","overlay-color":"","overlay-opacity":"","overlay-gradient":""},"mobile":{"background-color":"var(--ast-global-color-5)","background-image":"","background-repeat":"repeat","background-position":"center center","background-size":"auto","background-attachment":"scroll","background-type":"","background-media":"","overlay-type":"","overlay-color":"","overlay-opacity":"","overlay-gradient":""}},"footnotes":""},"class_list":["post-10185","page","type-page","status-publish","hentry"],"post_mailing_queue_ids":[],"_links":{"self":[{"href":"https:\/\/projectes.xtec.cat\/laboratori-millora-educativa\/wp-json\/wp\/v2\/pages\/10185","targetHints":{"allow":["GET"]}}],"collection":[{"href":"https:\/\/projectes.xtec.cat\/laboratori-millora-educativa\/wp-json\/wp\/v2\/pages"}],"about":[{"href":"https:\/\/projectes.xtec.cat\/laboratori-millora-educativa\/wp-json\/wp\/v2\/types\/page"}],"author":[{"embeddable":true,"href":"https:\/\/projectes.xtec.cat\/laboratori-millora-educativa\/wp-json\/wp\/v2\/users\/3"}],"replies":[{"embeddable":true,"href":"https:\/\/projectes.xtec.cat\/laboratori-millora-educativa\/wp-json\/wp\/v2\/comments?post=10185"}],"version-history":[{"count":4,"href":"https:\/\/projectes.xtec.cat\/laboratori-millora-educativa\/wp-json\/wp\/v2\/pages\/10185\/revisions"}],"predecessor-version":[{"id":10958,"href":"https:\/\/projectes.xtec.cat\/laboratori-millora-educativa\/wp-json\/wp\/v2\/pages\/10185\/revisions\/10958"}],"wp:attachment":[{"href":"https:\/\/projectes.xtec.cat\/laboratori-millora-educativa\/wp-json\/wp\/v2\/media?parent=10185"}],"curies":[{"name":"wp","href":"https:\/\/api.w.org\/{rel}","templated":true}]}}