{"id":318,"date":"2015-11-24T18:18:24","date_gmt":"2015-11-24T17:18:24","guid":{"rendered":"http:\/\/projectes.xtec.cat\/transformacioenxarxa\/\/?page_id=318"},"modified":"2021-06-02T12:54:17","modified_gmt":"2021-06-02T10:54:17","slug":"comunitatstransformacio","status":"publish","type":"page","link":"https:\/\/projectes.xtec.cat\/laboratori-millora-educativa\/comunitatstransformacio\/","title":{"rendered":"Comunitats de Transformaci\u00f3"},"content":{"rendered":"<p>&nbsp;<\/p>\n<table class=\" aligncenter\" style=\"width: 717px; border-style: none;\">\n<tbody>\n<tr>\n<td style=\"width: 376px; border-style: none;\"><img loading=\"lazy\" decoding=\"async\" class=\"wp-image-9324 aligncenter\" src=\"https:\/\/projectes.xtec.cat\/transformacioenxarxa\/wp-content\/uploads\/usu1468\/2020\/11\/EquipImpulsor-1-e1605900640461.jpg\" alt=\"\" width=\"273\" height=\"180\" srcset=\"https:\/\/projectes.xtec.cat\/laboratori-millora-educativa\/wp-content\/uploads\/usu1468\/2020\/11\/EquipImpulsor-1-e1605900640461.jpg 1786w, https:\/\/projectes.xtec.cat\/laboratori-millora-educativa\/wp-content\/uploads\/usu1468\/2020\/11\/EquipImpulsor-1-e1605900640461-300x198.jpg 300w, https:\/\/projectes.xtec.cat\/laboratori-millora-educativa\/wp-content\/uploads\/usu1468\/2020\/11\/EquipImpulsor-1-e1605900640461-768x506.jpg 768w, https:\/\/projectes.xtec.cat\/laboratori-millora-educativa\/wp-content\/uploads\/usu1468\/2020\/11\/EquipImpulsor-1-e1605900640461-1024x675.jpg 1024w\" sizes=\"auto, (max-width: 273px) 100vw, 273px\" \/><\/td>\n<td style=\"width: 333.333px; border-style: none;\"><img loading=\"lazy\" decoding=\"async\" class=\"wp-image-9323 aligncenter\" src=\"https:\/\/projectes.xtec.cat\/transformacioenxarxa\/wp-content\/uploads\/usu1468\/2020\/11\/Imagen-125.jpg\" alt=\"\" width=\"211\" height=\"201\" srcset=\"https:\/\/projectes.xtec.cat\/laboratori-millora-educativa\/wp-content\/uploads\/usu1468\/2020\/11\/Imagen-125.jpg 636w, https:\/\/projectes.xtec.cat\/laboratori-millora-educativa\/wp-content\/uploads\/usu1468\/2020\/11\/Imagen-125-300x286.jpg 300w\" sizes=\"auto, (max-width: 211px) 100vw, 211px\" \/><\/td>\n<\/tr>\n<\/tbody>\n<\/table>\n<p>&nbsp;<\/p>\n<p>&nbsp;<\/p>\n<p>Les Comunitats de transformaci\u00f3 s\u00f3n estructures organitzatives din\u00e0miques formades per centres que es troben en un moment similar de transformaci\u00f3 educativa. La finalitat d\u2019aquestes comunitats \u00e9s crear espais de reflexi\u00f3 i d\u2019aprenentatge entre iguals per oferir a tot l&#8217;alumnat les m\u00e0ximes oportunitats d&#8217;aprenentatge personalitzat i fomentar des de l\u2019equitat el major desenvolupament personal i social a trav\u00e9s de la transformaci\u00f3 i millora dels centres i del sistema educatiu.<\/p>\n<p>El Laboratori t\u00e9 dues comunitats de centres que treballen de manera paral\u00b7lela tot generant sinergies i complicitats entre elles:<\/p>\n<ul>\n<li style=\"list-style-type: none;\">\n<ul>\n<li style=\"list-style-type: none;\">\n<ul>\n<li style=\"list-style-type: none;\">\n<ul>\n<li style=\"list-style-type: none;\">\n<ul>\n<li>Comunitat de Centres amb Facilitaci\u00f3<\/li>\n<li>Comunitat de Centres Referents<\/li>\n<\/ul>\n<\/li>\n<\/ul>\n<\/li>\n<\/ul>\n<\/li>\n<\/ul>\n<\/li>\n<\/ul>\n<p>&nbsp;<\/p>\n<p><span style=\"color: #800000;\"><strong>COMUNITAT DE CENTRES REFERENTS DEL LABORATORI<\/strong><\/span><\/p>\n<p><span style=\"font-family: inherit; font-size: 1em;\">La Comunitat de Centres Referents del Laboratori est\u00e0 formada per centres que se situen en un moment avan\u00e7at en la transformaci\u00f3 educativa que, tenint present els set principis de l\u2019aprenentatge, les set dimensions de la transformaci\u00f3 educativa i els tres \u00e0mbits de la innovaci\u00f3, estan consolidant el marc de refer\u00e8ncia de la transformaci\u00f3 educativa promovent la millora continuada.<\/span><\/p>\n<p><span style=\"font-family: inherit; font-size: 1em;\">Ser un centre referent del Laboratori implica haver dut a terme un proc\u00e9s singular i reeixit de transformaci\u00f3 que, amb la complicitat de tota la comunitat, ha estat capa\u00e7 de formular i acomplir un nou enfocament educatiu, redissenyar l\u2019organitzaci\u00f3 i gesti\u00f3 del centre, implementar noves metodologies d\u2019aprenentatge i de treball en xarxa, i desenvolupar ecosistemes educatius, per donar resposta a les necessitats del seu alumnat. A m\u00e9s, els centres referents han hagut de consolidar com a cultura de centre els processos de transformaci\u00f3 educativa i, per tant, com a organitzacions que aprenen, es troben m\u00e9s capacitats per a la detecci\u00f3 preco\u00e7 de noves necessitats i donar resposta a paradigmes educatius futurs.<\/span><\/p>\n<p>La seva relaci\u00f3 amb el Laboratori i amb el PAcTE s\u2019orienta a dues finalitats:<\/p>\n<ul>\n<li style=\"list-style-type: none;\">\n<ul>\n<li style=\"list-style-type: none;\">\n<ul style=\"list-style-type: circle;\">\n<li style=\"list-style-type: none;\">\n<ul>\n<li>R+D+I: experimentaci\u00f3 <em>in situ<\/em>, que ha de permetre definir el marc de refer\u00e8ncia de qualitat educativa i desplegar l\u2019article 85 de la LEC respecte dels Centres de Refer\u00e8ncia.<\/li>\n<\/ul>\n<\/li>\n<\/ul>\n<\/li>\n<li style=\"list-style-type: none;\">\n<ul style=\"list-style-type: circle;\">\n<li style=\"list-style-type: none;\">\n<ul>\n<li>PAcTE: model de qualitat educativa del Laboratori vers els altres centres.<\/li>\n<\/ul>\n<\/li>\n<\/ul>\n<\/li>\n<\/ul>\n<\/li>\n<\/ul>\n<p>&nbsp;<\/p>\n<p><strong><span style=\"color: #800000;\">Centres participants<\/span><\/strong><\/p>\n<p>El curs 2020 \u2013 2021 la Comunitat de centres Referents del Laboratori est\u00e0 formada per 93 centres que havien participat del programa Escola Nova 21 com a centres referents, i per centres que sota el criteri dels respectius Serveis Territorials i del Consorci d\u2019Educaci\u00f3 de Barcelona s\u00f3n centres amb projectes i pr\u00e0ctiques reeixides susceptibles d\u2019esdevenir de refer\u00e8ncia educativa.<\/p>\n<p>Aquest mateix curs es dissenya una eina amb els <strong>Criteris Orientadors per a esdevenir Centre Referent del Laboratori<\/strong>, la qual serveix per seleccionar les noves incorporacions de centres a aquesta comunitat. Aquesta eina contempla 20 criteris avaluats pel centre i pels agents d\u2019acompanyament al centre (Inspecci\u00f3, Facilitadora (en el cas de ser centre facilitat del Laboratori), Serveis Territorials i Serveis Educatius). Els centres de la Comunitat de centres amb Facilitaci\u00f3 tenen la possibilitat d\u2019esdevenir centres Referents del Laboratori quan, en una avaluaci\u00f3 conjunta, s\u2019evidencia l\u2019acompliment d\u2019aquests Criteris orientadors. Es contempla, tamb\u00e9, la possibilitat d\u2019incorporar-hi nous centres susceptibles de ser model educatiu amb l\u2019objectiu d\u2019aportar noves evid\u00e8ncies a la recerca del Laboratori i de fer transfer\u00e8ncia amb els centres participants al PAcTE i, per extensi\u00f3, a tot el sistema educatiu.<\/p>\n<p>A partir del curs 2021 &#8211; 2022, la participaci\u00f3 a la Comunitat com a centre Referent del Laboratori es valorar\u00e0 en funci\u00f3 de la realitat de cada centre, de l\u2019acompliment dels compromisos acordats i de la valoraci\u00f3 positiva dels Criteris orientadors esmentats anteriorment.<\/p>\n<p>El centre s\u2019autoavalua en les set dimensions de la transformaci\u00f3 educativa:<\/p>\n<p>1) Dimensi\u00f3 Desenvolupament personal i social.<br \/>\n2) Dimensi\u00f3 Acompanyament a l\u2019aprenent.<br \/>\n3) Dimensi\u00f3 Personalitzaci\u00f3 dels aprenentatges.<br \/>\n4) Dimensi\u00f3 Organitzaci\u00f3 i gesti\u00f3 flexible de centre.<br \/>\n5) Dimensi\u00f3 Ecosistema educatiu en els aprenentatges.<br \/>\n6) Dimensi\u00f3 Metodologies d\u2019aprenentatge per a la vida.<br \/>\n7) Dimensi\u00f3 Cultura avaluativa com a motor d\u2019aprenentatge i de transformaci\u00f3 educativa.<\/p>\n<p>Els agents d\u2019acompanyament al centre avaluen conjuntament els seg\u00fcents criteris:<\/p>\n<p>8) Capacitat del centre d&#8217;avan\u00e7ar de manera aut\u00f2noma amb implicaci\u00f3 i complicitat de la comunitat educativa.<br \/>\n9) El centre ha definit objectius de transformaci\u00f3\/millora i els ha concretat en el pla de treball.<br \/>\n10) Grau de compet\u00e8ncia i autonomia en el desenvolupament de les accions per aconseguir els objectius proposats.<br \/>\n11) El treball realitzat al llarg del curs ha tingut impacte en el proc\u00e9s de transformaci\u00f3 del centre.<br \/>\n12) Exist\u00e8ncia d\u2019evid\u00e8ncies rellevants vinculades a algunes de les set dimensions de la transformaci\u00f3 educativa<br \/>\n13) Coher\u00e8ncia i efic\u00e0cia en la gesti\u00f3 d\u2019objectius i projectes<br \/>\n14) Lideratge pedag\u00f2gic i treball en equip<br \/>\n15) Resultats acad\u00e8mics dels alumnes respecte als centres de les mateixes caracter\u00edstiques<br \/>\n16) Inclusi\u00f3 i equitat<br \/>\n17) Participaci\u00f3 activa a les xarxes de territori en els darrers cursos<br \/>\n18) Participaci\u00f3 del centre en formacions relacionades amb la transformaci\u00f3 educativa<br \/>\n19) Reconeixement de projectes d\u2019innovaci\u00f3 educativa.<br \/>\n20) Participaci\u00f3 i implicaci\u00f3 activa del centre en la transfer\u00e8ncia, difusi\u00f3 i comunicaci\u00f3 amb la comunitat educativa i l&#8217;entorn.<\/p>\n<p>&nbsp;<\/p>\n<p><span style=\"color: #800000;\"><strong>COMUNITAT DE CENTRES AMB FACILITACI\u00d3<\/strong><\/span><\/p>\n<p>La Comunitat de Centres amb Facilitaci\u00f3 est\u00e0 formada per un centenar i mig de centres que inicien o que ja han iniciat processos de transformaci\u00f3 educativa a trav\u00e9s de l\u2019acompanyament en centre d\u2019una persona experta en facilitaci\u00f3 i de les diferents actuacions organitzades des del Laboratori i que, a partir del curs 2021 &#8211; 2022, participen del programa d\u2019Innovaci\u00f3 d\u2019Acceleraci\u00f3 de la Transformaci\u00f3 Educativa &#8211; Eines per al Canvi (PAcTE) al llarg de tres cursos.<\/p>\n<p>&nbsp;<\/p>\n<p><span style=\"color: #800000;\"><strong>Centres participants<\/strong><\/span><\/p>\n<p>Els destinataris del programa d\u2019<a href=\"https:\/\/projectes.xtec.cat\/transformacioenxarxa\/programa-dinnovacio-dacceleracio-de-la-transformacio-educativa\/\" target=\"_blank\" rel=\"noopener noreferrer\">Acceleraci\u00f3 de la Transformaci\u00f3 Educativa<\/a> s\u00f3n els centres educatius sostinguts amb fons p\u00fablics que imparteixen ensenyaments no universitaris i que no participen en cap programa d\u2019inno\u200bvaci\u00f3 pedag\u00f2gica o iniciativa del Departament d\u2019Educaci\u00f3 que impliqui assessorament intensiu al centre.<\/p>\n<p>Per tal d\u2019accedir al PAcTE, han de fer una diagnosi fonamentada de les necessitats del centre, identificar el punt de partida i preveure els mitjans necessaris per afavorir la transformaci\u00f3 educativa del centre, a partir del compliment dels compromisos adoptats. \u00c9s necessari participar de la convocat\u00f2ria unificada de Programes d\u2019Innovaci\u00f3 i ser un dels cent cinquanta centres seleccionats al programa.<\/p>\n<p style=\"text-align: center;\"><img loading=\"lazy\" decoding=\"async\" class=\"wp-image-9600 alignright\" src=\"https:\/\/projectes.xtec.cat\/transformacioenxarxa\/wp-content\/uploads\/usu1468\/2020\/11\/Captura-de-Pantalla-2020-11-27-a-les-12.51.03.png\" alt=\"\" width=\"455\" height=\"124\" srcset=\"https:\/\/projectes.xtec.cat\/laboratori-millora-educativa\/wp-content\/uploads\/usu1468\/2020\/11\/Captura-de-Pantalla-2020-11-27-a-les-12.51.03.png 1542w, https:\/\/projectes.xtec.cat\/laboratori-millora-educativa\/wp-content\/uploads\/usu1468\/2020\/11\/Captura-de-Pantalla-2020-11-27-a-les-12.51.03-300x82.png 300w, https:\/\/projectes.xtec.cat\/laboratori-millora-educativa\/wp-content\/uploads\/usu1468\/2020\/11\/Captura-de-Pantalla-2020-11-27-a-les-12.51.03-768x209.png 768w, https:\/\/projectes.xtec.cat\/laboratori-millora-educativa\/wp-content\/uploads\/usu1468\/2020\/11\/Captura-de-Pantalla-2020-11-27-a-les-12.51.03-1024x279.png 1024w\" sizes=\"auto, (max-width: 455px) 100vw, 455px\" \/><\/p>\n<p>&nbsp;<\/p>\n<p>&nbsp;<\/p>\n<p>&nbsp;<\/p>\n<p>&nbsp;<\/p>\n<p>&nbsp;<\/p>\n","protected":false},"excerpt":{"rendered":"<p>&nbsp; &nbsp; &nbsp; Les Comunitats de transformaci\u00f3 s\u00f3n estructures organitzatives din\u00e0miques formades per centres que es troben en un moment similar de transformaci\u00f3 educativa. La finalitat d\u2019aquestes comunitats \u00e9s crear espais de reflexi\u00f3 i d\u2019aprenentatge entre iguals per oferir a tot l&#8217;alumnat les m\u00e0ximes oportunitats d&#8217;aprenentatge personalitzat i fomentar des de l\u2019equitat el major desenvolupament [&hellip;]<\/p>\n","protected":false},"author":1,"featured_media":0,"parent":0,"menu_order":50,"comment_status":"closed","ping_status":"closed","template":"","meta":{"_bbp_topic_count":0,"_bbp_reply_count":0,"_bbp_total_topic_count":0,"_bbp_total_reply_count":0,"_bbp_voice_count":0,"_bbp_anonymous_reply_count":0,"_bbp_topic_count_hidden":0,"_bbp_reply_count_hidden":0,"_bbp_forum_subforum_count":0,"site-sidebar-layout":"default","site-content-layout":"","ast-site-content-layout":"","site-content-style":"default","site-sidebar-style":"default","ast-global-header-display":"","ast-banner-title-visibility":"","ast-main-header-display":"","ast-hfb-above-header-display":"","ast-hfb-below-header-display":"","ast-hfb-mobile-header-display":"","site-post-title":"","ast-breadcrumbs-content":"","ast-featured-img":"","footer-sml-layout":"","theme-transparent-header-meta":"","adv-header-id-meta":"","stick-header-meta":"","header-above-stick-meta":"","header-main-stick-meta":"","header-below-stick-meta":"","astra-migrate-meta-layouts":"default","ast-page-background-enabled":"default","ast-page-background-meta":{"desktop":{"background-color":"var(--ast-global-color-4)","background-image":"","background-repeat":"repeat","background-position":"center center","background-size":"auto","background-attachment":"scroll","background-type":"","background-media":"","overlay-type":"","overlay-color":"","overlay-opacity":"","overlay-gradient":""},"tablet":{"background-color":"","background-image":"","background-repeat":"repeat","background-position":"center center","background-size":"auto","background-attachment":"scroll","background-type":"","background-media":"","overlay-type":"","overlay-color":"","overlay-opacity":"","overlay-gradient":""},"mobile":{"background-color":"","background-image":"","background-repeat":"repeat","background-position":"center center","background-size":"auto","background-attachment":"scroll","background-type":"","background-media":"","overlay-type":"","overlay-color":"","overlay-opacity":"","overlay-gradient":""}},"ast-content-background-meta":{"desktop":{"background-color":"var(--ast-global-color-5)","background-image":"","background-repeat":"repeat","background-position":"center center","background-size":"auto","background-attachment":"scroll","background-type":"","background-media":"","overlay-type":"","overlay-color":"","overlay-opacity":"","overlay-gradient":""},"tablet":{"background-color":"var(--ast-global-color-5)","background-image":"","background-repeat":"repeat","background-position":"center center","background-size":"auto","background-attachment":"scroll","background-type":"","background-media":"","overlay-type":"","overlay-color":"","overlay-opacity":"","overlay-gradient":""},"mobile":{"background-color":"var(--ast-global-color-5)","background-image":"","background-repeat":"repeat","background-position":"center center","background-size":"auto","background-attachment":"scroll","background-type":"","background-media":"","overlay-type":"","overlay-color":"","overlay-opacity":"","overlay-gradient":""}},"footnotes":""},"class_list":["post-318","page","type-page","status-publish","hentry"],"post_mailing_queue_ids":[],"_links":{"self":[{"href":"https:\/\/projectes.xtec.cat\/laboratori-millora-educativa\/wp-json\/wp\/v2\/pages\/318","targetHints":{"allow":["GET"]}}],"collection":[{"href":"https:\/\/projectes.xtec.cat\/laboratori-millora-educativa\/wp-json\/wp\/v2\/pages"}],"about":[{"href":"https:\/\/projectes.xtec.cat\/laboratori-millora-educativa\/wp-json\/wp\/v2\/types\/page"}],"author":[{"embeddable":true,"href":"https:\/\/projectes.xtec.cat\/laboratori-millora-educativa\/wp-json\/wp\/v2\/users\/1"}],"replies":[{"embeddable":true,"href":"https:\/\/projectes.xtec.cat\/laboratori-millora-educativa\/wp-json\/wp\/v2\/comments?post=318"}],"version-history":[{"count":3,"href":"https:\/\/projectes.xtec.cat\/laboratori-millora-educativa\/wp-json\/wp\/v2\/pages\/318\/revisions"}],"predecessor-version":[{"id":11197,"href":"https:\/\/projectes.xtec.cat\/laboratori-millora-educativa\/wp-json\/wp\/v2\/pages\/318\/revisions\/11197"}],"wp:attachment":[{"href":"https:\/\/projectes.xtec.cat\/laboratori-millora-educativa\/wp-json\/wp\/v2\/media?parent=318"}],"curies":[{"name":"wp","href":"https:\/\/api.w.org\/{rel}","templated":true}]}}