{"id":806,"date":"2015-11-28T21:29:55","date_gmt":"2015-11-28T20:29:55","guid":{"rendered":"http:\/\/projectes.xtec.cat\/transformacioenxarxa\/\/?page_id=806"},"modified":"2022-07-14T09:26:56","modified_gmt":"2022-07-14T07:26:56","slug":"dinamitzacioxarxa","status":"publish","type":"page","link":"https:\/\/projectes.xtec.cat\/laboratori-millora-educativa\/dinamitzacioxarxa\/","title":{"rendered":"Dinamitzaci\u00f3 de Xarxa"},"content":{"rendered":"<p>&nbsp;<\/p>\n<p style=\"text-align: center;\"><img loading=\"lazy\" decoding=\"async\" class=\"wp-image-8501 aligncenter\" src=\"https:\/\/projectes.xtec.cat\/transformacioenxarxa\/wp-content\/uploads\/usu1468\/2020\/03\/Logo-Xarxes-1-e1583302432851.jpg\" alt=\"\" width=\"256\" height=\"222\" srcset=\"https:\/\/projectes.xtec.cat\/laboratori-millora-educativa\/wp-content\/uploads\/usu1468\/2020\/03\/Logo-Xarxes-1-e1583302432851.jpg 317w, https:\/\/projectes.xtec.cat\/laboratori-millora-educativa\/wp-content\/uploads\/usu1468\/2020\/03\/Logo-Xarxes-1-e1583302432851-300x261.jpg 300w\" sizes=\"auto, (max-width: 256px) 100vw, 256px\" \/><\/p>\n<p>&nbsp;<\/p>\n<p><span style=\"font-weight: 400;\">Les Xarxes Territorials de Transformaci\u00f3 Educativa s\u00f3n estructures intencionals de transformaci\u00f3, dinamitzades per t\u00e8cniques dels Serveis Territorials i del Consorci d&#8217;Educaci\u00f3 de Barcelona, on participen tots els centres del Laboratori, els centre del Programa i altres centres de cada territori en proc\u00e9s de sensibilitzaci\u00f3 i reflexi\u00f3.<\/span><\/p>\n<p><span style=\"font-weight: 400;\">L\u2019<\/span>equip de Dinamitzaci\u00f3 de Xarxa est\u00e0\u00a0<span style=\"font-weight: 400;\">integrat per les <span style=\"color: #000000;\">persones coordi<\/span>nadores del Laboratori i les persones referents de xarxes de transformaci\u00f3 educativa que dinamitzen les xarxes de cadascun dels Serveis Territorials i del Consorci d&#8217;Educaci\u00f3 de Barcelona.<\/span><\/p>\n<p>&nbsp;<\/p>\n<p><span style=\"font-weight: 400;\"><span style=\"color: #800000;\"><strong>Organitzaci\u00f3 de les xarxes<\/strong><\/span><\/span><\/p>\n<p><span style=\"font-weight: 400;\">D&#8217;acord amb els tres principis de la transformaci\u00f3 educativa, autonomia, singularitat i corresponsabilitat, c<\/span><span style=\"font-family: inherit; font-size: 1em;\">ada xarxa \u00e9s aut\u00f2noma en la definici\u00f3 i concreci\u00f3 de l\u2019objectiu anual a treballar. Tanmateix, comparteixen els seg\u00fcents elements organitzatius:\u00a0<\/span><\/p>\n<ul>\n<li style=\"list-style-type: none;\">\n<ul>\n<li><span style=\"font-weight: 400;\">Totes les xarxes comparteixen la metodologia (pr\u00e0ctica reflexiva i indagaci\u00f3) i les eines de treball (Eina d\u2019Autoconeixement de Centre, Joc dels Descriptors i din\u00e0miques de dinamitzaci\u00f3).<\/span><\/li>\n<li style=\"font-weight: 400;\"><span style=\"font-weight: 400;\">Les trobades s\u00f3n b\u00e0sicament presencials, per\u00f2 si les circumst\u00e0ncies ho impedeixen es realitzen <em>online<\/em>. Les trobades telem\u00e0tiques s\u00f3n una oportunitat per crear sinergies entre xarxes de diferents territoris que enriqueixin la reflexi\u00f3.<\/span><\/li>\n<li style=\"font-weight: 400;\"><span style=\"font-weight: 400;\">Cada trobada es fa en un centre educatiu de la pr\u00f2pia xarxa que far\u00e0 de centre acollidor. Aquest centre ha de preparar una visita que mostri als assistents estrat\u00e8gies reeixides de transformaci\u00f3 educativa o un aspecte clau del seu projecte educatiu centrats en l&#8217;objectiu treballat a la xarxa.<\/span><\/li>\n<li style=\"font-weight: 400;\"><span style=\"font-weight: 400;\">Cada xarxa realitza 6 trobades al llarg del curs en horari lectiu, i sempre el mateix dia de la setmana.\u00a0<\/span><\/li>\n<li style=\"font-weight: 400;\"><span style=\"font-weight: 400;\">La primera trobada\u00a0serveix per confegir el grup, establir el contacte, definir l\u2019objectiu de treball i concretar el calendari del curs.\u00a0<\/span><\/li>\n<li style=\"font-weight: 400;\"><span style=\"font-weight: 400;\">Les cinc trobades restants, priorit\u00e0riament presencials, son de treball i serveixen per avan\u00e7ar en l\u2019objectiu de treball fixat i per fer una breu visita al centre focalitzant en algun aspecte rellevant de l\u2019objectiu amb qu\u00e8 es treballa.<\/span><\/li>\n<li>Cada any la xarxa estableix els seus propis prop\u00f2sits d&#8217;aprenentatge del curs en relaci\u00f3 als <a href=\"https:\/\/projectes.xtec.cat\/transformacioenxarxa\/xarxes-territorials-de-transformacio-educativa\/\">prop\u00f2sits generals d&#8217;aprenentatge de les Xarxes Territorials de Transformaci\u00f3 Educativa<\/a>, determinant el punt de partida i punt previst d&#8217;arribada per al curs acad\u00e8mic:<\/li>\n<\/ul>\n<\/li>\n<\/ul>\n<p>&nbsp;<\/p>\n<p style=\"text-align: center;\"><img loading=\"lazy\" decoding=\"async\" class=\"alignnone size-full wp-image-9314\" src=\"https:\/\/projectes.xtec.cat\/transformacioenxarxa\/wp-content\/uploads\/usu1468\/2020\/11\/Captura-de-Pantalla-2020-11-13-a-les-10.04.41.png\" alt=\"\" width=\"2810\" height=\"1164\" srcset=\"https:\/\/projectes.xtec.cat\/laboratori-millora-educativa\/wp-content\/uploads\/usu1468\/2020\/11\/Captura-de-Pantalla-2020-11-13-a-les-10.04.41.png 2810w, https:\/\/projectes.xtec.cat\/laboratori-millora-educativa\/wp-content\/uploads\/usu1468\/2020\/11\/Captura-de-Pantalla-2020-11-13-a-les-10.04.41-300x124.png 300w, https:\/\/projectes.xtec.cat\/laboratori-millora-educativa\/wp-content\/uploads\/usu1468\/2020\/11\/Captura-de-Pantalla-2020-11-13-a-les-10.04.41-768x318.png 768w, https:\/\/projectes.xtec.cat\/laboratori-millora-educativa\/wp-content\/uploads\/usu1468\/2020\/11\/Captura-de-Pantalla-2020-11-13-a-les-10.04.41-1024x424.png 1024w\" sizes=\"auto, (max-width: 2810px) 100vw, 2810px\" \/><\/p>\n<p>&nbsp;<\/p>\n<p><span style=\"color: #800000;\"><strong>Composici\u00f3 de la xarxa<\/strong><\/span><\/p>\n<p><span style=\"font-weight: 400;\">Les xarxes tenen representaci\u00f3 de centres de tipologia diversa i d\u2019etapes diferents. Aquesta diversitat \u00e9s un valor necessari per a la construcci\u00f3 de coneixement des de totes les mirades possibles, amb l&#8217;objectiu que cada centre en particular pugui trobar la resposta que m\u00e9s pugui encaixar amb la seva pr\u00f2pia i singular realitat. <\/span><span style=\"font-weight: 400;\">El nombre ideal de centres per xarxa \u00e9s d\u2019entre 10 i 12, amb la participaci\u00f3 de 2 representants de cada centre (per tant, entre 20 i 24 persones).<\/span><\/p>\n<p><span style=\"font-weight: 400;\">Cada territori decideix quantes xarxes ha de crear per donar resposta a la coordinaci\u00f3 territorial de tots els centres que formen part del Laboratori i del Programa d&#8217;innovaci\u00f3 d&#8217;Acceleraci\u00f3, m\u00e9s els altres centres orientats a la sensibilitzaci\u00f3.\u00a0<\/span><\/p>\n<p><span style=\"font-weight: 400;\">Cada centre assigna de manera estable al llarg del curs dues persones en representaci\u00f3 del centre per assistir a les trobades de xarxa. Aquestes persones han de ser de l\u2019Equip Impulsor, sempre que el centre el tingui designat, o b\u00e9 de l\u2019Equip de Coordinaci\u00f3.<\/span><\/p>\n<p>&nbsp;<\/p>\n<p><span style=\"color: #800000;\"><strong>Coordinaci\u00f3 de l\u2019equip de dinamitzaci\u00f3 de xarxes i calendari del curs<\/strong><\/span><\/p>\n<ul>\n<li style=\"list-style-type: none;\">\n<ul style=\"list-style-type: circle;\">\n<li><span style=\"font-weight: 400;\">L\u2019equip de dinamitzaci\u00f3 es coordina a trav\u00e9s d&#8217;una unitat de treball on es comparteix tant el treball conjunt com el propi de cada xarxa.\u00a0<\/span><\/li>\n<li><span style=\"font-weight: 400;\">Pr\u00e8via a cada trobada de xarxa hi ha una sessi\u00f3 telem\u00e0tica de coordinaci\u00f3 de dinamitzadores, de 9 a 11:30 hores. Tamb\u00e9 hi ha una sessi\u00f3 de coordinaci\u00f3 de tancament i avaluaci\u00f3.\u00a0<\/span><\/li>\n<li><span style=\"font-weight: 400;\">Cada juliol s&#8217;estableix per consens el calendari i l&#8217;horari anual de coordinaci\u00f3 i es fixen els per\u00edodes de trobada de les xarxes.<\/span><\/li>\n<\/ul>\n<\/li>\n<\/ul>\n<p><span style=\"font-weight: 400;\">\u00a0\u00a0<\/span><\/p>\n<p><span style=\"color: #800000;\"><strong>Funcions espec\u00edfiques de la dinamitzadora de xarxa<\/strong><\/span><\/p>\n<ul>\n<li style=\"list-style-type: none;\">\n<ul>\n<li style=\"font-weight: 400;\"><span style=\"font-weight: 400;\">Establir un contacte proper amb cada un dels centres que formen part de les xarxes.<\/span><\/li>\n<li style=\"font-weight: 400;\"><span style=\"font-weight: 400;\">Preveure l&#8217;organitzaci\u00f3, el seguiment, l&#8217;acompanyament i l&#8217;avaluaci\u00f3 de les xarxes de forma conjunta entre els centres i els CRP (marc pla de zona).<\/span><\/li>\n<li style=\"font-weight: 400;\"><span style=\"font-weight: 400;\">Detecci\u00f3 de necessitats.<\/span><\/li>\n<li style=\"font-weight: 400;\"><span style=\"font-weight: 400;\">Participaci\u00f3 en altres espais formatius proposats pel Laboratori.<\/span><\/li>\n<\/ul>\n<\/li>\n<\/ul>\n<p>&nbsp;<\/p>\n<p><span style=\"color: #800000;\"><strong>Organitzaci\u00f3 de les sessions de xarxa<\/strong><\/span><\/p>\n<p><span style=\"font-weight: 400;\">Independentment dels prop\u00f2sits d&#8217;aprenentatge que les xarxes estableixen com a programaci\u00f3 del curs, cadascuna de les 6 sessions anuals mant\u00e9 una estructura general comuna que es pot sintetitzar en els seg\u00fcents blocs:<\/span><\/p>\n<ul>\n<li style=\"list-style-type: none;\">\n<ul>\n<li style=\"font-weight: 400;\"><span style=\"font-weight: 400;\">Benvinguda i acollida<\/span><\/li>\n<li>Connexi\u00f3 (v\u00eddeo \/ imatge inspiradors i <em>feedback<\/em> dels centres)<\/li>\n<li>Desenvolupament de la sessi\u00f3\n<ul>\n<li>Plantejament \/ problematitzaci\u00f3<\/li>\n<li>Din\u00e0miques de reflexi\u00f3 (individual, de petit grup i de gran grup)<\/li>\n<\/ul>\n<\/li>\n<li>Pausa &#8211; Caf\u00e8 i visita al centre (presencial o virtual)<\/li>\n<li>Reflexi\u00f3 metacognitiva (qu\u00e8 ens emportem?)<\/li>\n<li>Celebraci\u00f3 i tancament emotiu<\/li>\n<\/ul>\n<\/li>\n<\/ul>\n<p>En el cas de visita virtual, el centre &#8220;acollidor&#8221; presenta un aspecte clau del seu projecte educatiu en l\u00ednia amb els objectius que es treballen a la xarxa.<\/p>\n<p>&nbsp;<\/p>\n<p>A continuaci\u00f3 podeu visualitzar els v\u00eddeos de tancament de curs 2021 &#8211; 2022 de les Xarxes Territorials de Transformaci\u00f3 Educativa de tot Catalunya:<\/p>\n<p>S\u00f3n diferents perqu\u00e8 responen a les necessitats dels centres que les formen, s\u00f3n singulars perqu\u00e8 es construeixen a partir de la idiosincr\u00e0sia de cada territori, s\u00f3n valentes perqu\u00e8 parteixen de les experteses i potencien les fortaleses dels propis centres, s\u00f3n robustes perqu\u00e8 es coordinen sumant prop\u00f2sits i multiplicant accions. Les Xarxes Territorials de Transformaci\u00f3 Educativa comparteixen finalitats i objectius, eines i estrat\u00e8gies, per transformar el model educatiu del nostre pa\u00eds des de la proximitat del territori i el coneixement que es genera del treball en xarxa de tots i de cadascun dels centres que les conformen.<\/p>\n<p>&nbsp;<\/p>\n<h4>Les XTTE a Barcelona Comarques, un \u00e8xit compartit!<\/h4>\n<p>&nbsp;<\/p>\n<p>La Xarxa Territorial de Transformaci\u00f3 Educativa a Barcelona Comarques \u00e9s un espai de reflexi\u00f3 i debat entre iguals on a partir de la construcci\u00f3 compartida de significats podeu acostar la transformaci\u00f3 educativa als claustres i a l\u2019alumnat dels centres que hi participen. De la mateixa manera que a la resta de xarxes del pa\u00eds, \u00e9s un espai de creixement a nivell personal i professional on els centres s\u00f3n els protagonistes i alhora els responsables de fer-la funcionar.<\/p>\n<p>Durant el curs 2021 &#8211; 2022 els quaranta centres que han participat a la xarxa de Barcelona Comarques han treballat en grups cooperatius per tal de dissenyar din\u00e0miques i pilotar-les entre altres grups de la XTTE. \u00c9s a dir, no es tra\u00e7ava d\u2019un disseny te\u00f2ric sin\u00f3 que es tractava de posar en pr\u00e0ctica la proposta per acabar rebent el <em>feedback<\/em> de la resta de companys i companyes. Entenem que la millor manera d\u2019aprendre \u00e9s posar en pr\u00e0ctica dins de la XTTE els coneixements constru\u00efts conjuntament amb centres que es troben en diferents nivells de transformaci\u00f3, per transferir aquesta experi\u00e8ncia al Claustre del centre.<\/p>\n<p>Durant la cinquena i \u00faltima sessi\u00f3 de la xarxa de Barcelona Comarques per fi ens hem pogut trobar presencialment despr\u00e9s de dos anys de veure\u2019ns en pantalla. Un espai que hem aprofitat per treballar l\u2019Eina d\u2019Avaluaci\u00f3 Din\u00e0mica de Xarxes. De forma din\u00e0mica hem anat descobrint els sis focus que ens ofereix l\u2019Eina i els hem pogut anar lligant amb la realitat dels nostres centres.<\/p>\n<p>Un moment de retrobament i d\u2019aprenentatge compartit que hem resumit a trav\u00e9s d\u2019aquest v\u00eddeo:<\/p>\n<p>&nbsp;<\/p>\n<p style=\"text-align: center;\"><iframe loading=\"lazy\" src=\"\/\/www.youtube.com\/embed\/Mpys_4fO3A4\" width=\"850\" height=\"477\" allowfullscreen=\"allowfullscreen\"><\/iframe><\/p>\n<p>&nbsp;<\/p>\n<p>&nbsp;<\/p>\n<h4>Les XTTE al Baix Llobregat, compartint estrat\u00e8gies pel futur!<\/h4>\n<p>&nbsp;<\/p>\n<p>La Xarxa Territorial de Transformaci\u00f3 Educativa al Baix Llobregat esdev\u00e9 un espai d\u2019aprenentatge en xarxa on a partir d\u2019experi\u00e8ncies compartides, moments de reflexi\u00f3, de fer i desfer, de debatre, de provar i avaluar s\u2019avan\u00e7a en el proc\u00e9s de transformaci\u00f3 que cada centre est\u00e0 experimentant. Aquest treball en xarxa territorial esdev\u00e9 model tamb\u00e9 pels centres educatius on la comunitat educativa i en especial l\u2019aprenent esdevenen protagonistes.<br \/>\nEnguany hem estat pilotant l\u2019Eina d\u2019Avaluaci\u00f3 Din\u00e0mica de Xarxes. Aquesta eina ens ha perm\u00e8s avaluar la realitat de cadascun dels centres i compartir estrat\u00e8gies pel futur.<\/p>\n<p>&nbsp;<\/p>\n<p style=\"text-align: center;\"><iframe loading=\"lazy\" src=\"\/\/www.youtube.com\/embed\/QCV40jxxT04\" width=\"850\" height=\"477\" allowfullscreen=\"allowfullscreen\"><\/iframe><\/p>\n<p>&nbsp;<\/p>\n<p>&nbsp;<\/p>\n<h4>Les XTTE a la Catalunya Central, posant el focus en l&#8217;avaluaci\u00f3 competencial!<\/h4>\n<p>&nbsp;<\/p>\n<p>El passat 8 de juny vam celebrar el tancament de les xarxes amb una jornada diferent. Al llarg de les 5 sessions de xarxes, ens ha acompanyat la Meritxell Cano, que ens ha ajudat a reflexionar sobre com podem portar a la pr\u00e0ctica una avaluaci\u00f3 competencial amb el nostre alumnat, com el podem ajudar a desenvolupar la metacognici\u00f3 i com a partir dels seus interessos podem personalitzar els aprenentatges. Ha estat una formaci\u00f3 molt enriquidora i molt ben valorada per tots i totes!<\/p>\n<p>Una vegada acabada la formaci\u00f3, els centres de la xarxa van avaluar el treball portat a terme al llarg de les sessions i, finalment, van fer propostes de treball de cara el curs vinent.<\/p>\n<p>A la segona part de la jornada els centres van participar en una din\u00e0mica per recon\u00e8ixer els aven\u00e7os assolits aquest curs, com els valoren i com continuaran el curs vinent. Primer de tot, van reflexionar com a centre i, despr\u00e9s, van compartir-ho en petit grup amb altres centres del territori. Aquesta informaci\u00f3 esdevindr\u00e0 el punt de partida, de gran valor, de cara a plantejar les activitats per al curs vinent.<\/p>\n<p>&nbsp;<\/p>\n<p style=\"text-align: center;\"><iframe loading=\"lazy\" src=\"\/\/www.youtube.com\/embed\/AAvT4dFI6n8\" width=\"850\" height=\"477\" allowfullscreen=\"allowfullscreen\"><\/iframe><\/p>\n<p>&nbsp;<\/p>\n<p>&nbsp;<\/p>\n<h4>Les XTTE al Consorci d&#8217;Educaci\u00f3 de Barcelona, les Xarxes per al Canvi!<\/h4>\n<p>&nbsp;<\/p>\n<p>Xarxes per al Canvi tanca aquest curs 21-22 amb una trobada plen\u00e0ria on, juntes, les 19 xarxes de Barcelona celebrem l&#8217;esfor\u00e7 i les passes fetes en els centres i com a xarxa. Despr\u00e9s de cinc anys de cam\u00ed fet, aquest curs hem avan\u00e7at cap a esdevenir centres que siguin organitzacions que aprenen, fet del tot imprescindible en el cam\u00ed de la transformaci\u00f3 educativa.<\/p>\n<p>Les 4 trobades de xarxa d&#8217;enguany han posat el focus en l&#8217;escola com a organitzaci\u00f3 democr\u00e0tica, col\u00b7laborativa, flexible i que promou l&#8217;aprenentatge docent. A m\u00e9s a m\u00e9s, molts dels 213 centres varen participar de les dues &#8220;inter-xarxes&#8221; sobre espirals d&#8217;indagaci\u00f3 i sobre eines de facilitaci\u00f3 per a equips impulsors.<\/p>\n<p>A la trobada plen\u00e0ria final, hem pogut seguir aprenent juntes sobre aquests grans blocs del curs amb el suport de 9 centres que varen compartir les seves experi\u00e8ncies i l&#8217;inspirador bagatge d&#8217;en Boris Mir i la Begonya Folch, coordinadors de les inter-xarxes, que posen en conflicte les nostres conclusions i ens empenyen a seguir aprenent i a renovar aquesta visi\u00f3 que ens d\u00f3na direcci\u00f3.<\/p>\n<p>Acabem el curs conscients que per esdevenir organitzacions que aprenen ho hem de fer col\u00b7laborant entre nosaltres, i les xarxes ens permeten aquest espai imprescindible i valu\u00f3s.<\/p>\n<p>&nbsp;<\/p>\n<p style=\"text-align: center;\"><iframe loading=\"lazy\" src=\"\/\/www.youtube.com\/embed\/u-dDUvnGvx8\" width=\"850\" height=\"477\" allowfullscreen=\"allowfullscreen\"><\/iframe><\/p>\n<p>&nbsp;<\/p>\n<p>&nbsp;<\/p>\n<h4>Les XTTE a Girona, juntes!<\/h4>\n<p>&nbsp;<\/p>\n<p>Les xarxes s&#8217;han convertit en una forma organitzativa molt important i s\u00f3n clau per avan\u00e7ar cap a un model de qualitat educativa que es fonamenta en un aprenentatge centrat en l\u2019alumnat.<\/p>\n<p>La Xarxa Territorial de Transformaci\u00f3 Educativa Gironina pret\u00e9n donar resposta a les necessitats de canvi i de millora de cada centre, a partir del treball reflexiu realitzat de forma col\u00b7laborativa i cooperativa. Ens trobem i creem un espai de coneixement, formaci\u00f3, reflexi\u00f3 i acompanyament on es fomenta el debat, el di\u00e0leg, la participaci\u00f3 i l\u2019intercanvi d\u2019experi\u00e8ncies, i on de forma compartida es construeix aprenentatge, fent possible la transformaci\u00f3. Juntes!<\/p>\n<p>&nbsp;<\/p>\n<p style=\"text-align: center;\"><iframe loading=\"lazy\" src=\"\/\/www.youtube.com\/embed\/QhoCmPU5jT0\" width=\"850\" height=\"477\" allowfullscreen=\"allowfullscreen\"><\/iframe><\/p>\n<p>&nbsp;<\/p>\n<h4><\/h4>\n<h4>Les XTTE a Lleida, per seguir sumant!<\/h4>\n<p>&nbsp;<\/p>\n<p>Les Xarxes Territorials de Transformaci\u00f3 Educativa a les Terres de Lleida han esdevingut un espai de reflexi\u00f3 i debat entre iguals tot potenciant el desenvolupament professional docent clau al nostre territori. L&#8217;objectiu principal de la nostra xarxa ha sigut el poder acostar la transformaci\u00f3 educativa als claustres i a l&#8217;alumnat dels centres que hi participen, tenint en compte les seves necessitats i atansant, sessi\u00f3 rere sessi\u00f3, el marc te\u00f2ric de la transformaci\u00f3 educativa a la realitat i al dia a dia dels nostres centres.<\/p>\n<p>Durant la cinquena i \u00faltima sessi\u00f3 de la XTTE, ens hem pogut trobar presencialment despr\u00e9s de dos anys de veure\u2019ns en pantalla. Hem aprofitat aquest espai per compartir els aven\u00e7os dels centres amb la voluntat de promoure experi\u00e8ncies de qualitat que ajudin als nostres alumnes a aprendre m\u00e9s i millor.<\/p>\n<p>A la xarxa Territorial de Lleida, volem seguir sumant per donar resposta als nous i futurs paradigmes de l&#8217;educaci\u00f3.<\/p>\n<p>&nbsp;<\/p>\n<p style=\"text-align: center;\"><iframe loading=\"lazy\" src=\"\/\/www.youtube.com\/embed\/BIMgNIRCREI\" width=\"850\" height=\"477\" allowfullscreen=\"allowfullscreen\"><\/iframe><\/p>\n<p>&nbsp;<\/p>\n<h4><\/h4>\n<h4>Les XTTE al Maresme &#8211; Vall\u00e8s Oriental, compartir \u00e9s l&#8217;agulla que permet teixir!<\/h4>\n<p>&nbsp;<\/p>\n<p>Les xarxes educatives, com les xarxes de pescar, s\u00f3n tamb\u00e9 estructures formades per fils, el fil que cada centre aporta o estira per teixir plegats\u2026<\/p>\n<p>Els fils s\u00f3n de diferents consist\u00e8ncies, textures i colors, per\u00f2 \u00e9s aix\u00f2 el que li aporta una bellesa especial. Fer nusos entre les interseccions t\u00e9 la seva complexitat, perqu\u00e8 requereix agafar una mica d\u2019un fil i una mica d\u2019un altre per subjectar i anar creant formes que permetin retenir algunes q\u00fcestions i deixar-ne passar d&#8217;altres. I aqu\u00ed recau el sentit i el valor de la xarxa: com la teixim?, quins nusos fem?, qu\u00e8 ret\u00e9?, qu\u00e8 deixa fluir?, qu\u00e8 deixa escapar?<\/p>\n<p>Compartir \u00e9s l&#8217;agulla que permet teixir, cosa que implica expressar i alinear un m\u00ednim de mirades i significats, aix\u00ed com donar i rebre en un context de generositat. Aquest compartir l&#8217;enfilem a partir de focus de treball, que enguany han estat: la doc\u00e8ncia compartida, els espais compartits de reflexi\u00f3 i les rutines de pensament. Despr\u00e9s d&#8217;un curs carregat de trobades virtuals, hem aprofitat l&#8217;\u00faltima sessi\u00f3 del curs per gaudir de la presencialitat, tot fent un seguit de din\u00e0miques on hem posat en valor part del contingut treballat al llarg del curs, d&#8217;una manera din\u00e0mica i vivencial. Poder-nos veure sense pantalles, tocar, abra\u00e7ar, riure i dialogar cara a cara, cos a cos, ha aportat un sentit especial a la trobada que esperem poder mantenir de cara el curs vinent.<\/p>\n<p>&nbsp;<\/p>\n<p style=\"text-align: center;\"><iframe loading=\"lazy\" src=\"\/\/www.youtube.com\/embed\/jmD2hb_OTJc\" width=\"850\" height=\"477\" allowfullscreen=\"allowfullscreen\"><\/iframe><\/p>\n<h4><\/h4>\n<p>&nbsp;<\/p>\n<h4>Les XTTE a Tarragona, fent xarxa fem territori!<\/h4>\n<p>&nbsp;<\/p>\n<p>Les Xarxes Territorials de Transformaci\u00f3 Educativa han esdevingut una estructura de desenvolupament professional docent clau al territori.<\/p>\n<p>Enxarxades, compartim propostes des de la reflexi\u00f3 col\u00b7lectiva i ho fem amb la voluntat de promoure experi\u00e8ncies de qualitat que ajudin als nostres alumnes a aprendre m\u00e9s i millor. A la xarxa el lideratge \u00e9s compartit i al Camp de Tarragona volem seguir sumant per avan\u00e7ar i donar resposta als nous paradigmes educatius de futur!<\/p>\n<p>&nbsp;<\/p>\n<p style=\"text-align: center;\"><iframe loading=\"lazy\" src=\"\/\/www.youtube.com\/embed\/oXZjDZuGJz4\" width=\"850\" height=\"477\" allowfullscreen=\"allowfullscreen\" data-mce-fragment=\"1\"><\/iframe><\/p>\n<p>&nbsp;<\/p>\n<h4>Les XTTE a Terres de l&#8217;Ebre, donant valor al creixement en xarxa!<\/h4>\n<p>&nbsp;<\/p>\n<p>Tortosa, 30 de maig, jornada de comiat de Xarxes Territorials de Transformaci\u00f3 Educativa: retrobada, presencialitat, abra\u00e7ades, rialles, aire pur, reflexi\u00f3 compartida i tancament. Tancament d\u2019un curs que ens demanava retornar als inicis d\u2019aquestes trobades on gent de diferents indrets i centres del mateix territori sent\u00edem la mateixa necessitat de transformar els nostres centres educatius, comen\u00e7ant a teixir aquesta xarxa que ens uneix i ens ofereix espais on compartir i cr\u00e9ixer junts!<\/p>\n<p>Des de Terres de l\u2019Ebre donem valor a aquest treball en xarxa en el nostre territori, entenent la xarxa com un espai potent de debat educatiu, on centres amb diferents ritmes de transformaci\u00f3 caminem junts, acompanyant-nos, i guiats pel mateix prop\u00f2sit i la mateixa il\u00b7lusi\u00f3: la transformaci\u00f3 i la millora continua del nostre sistema educatiu.<\/p>\n<p>Cal que continuem m\u00e9s unides que mai, confiant en aquest aprenentatge entre iguals, teixint una xarxa cada vegada m\u00e9s forta i sostenible, que ha de continuar creixent amb la finalitat d\u2019avan\u00e7ar cap a un sistema educatiu equitatiu i de qualitat\u2026 Moltes gr\u00e0cies a tots els centres participants que han confiat, han compartit i han donat valor a aquest creixement en xarxa!<\/p>\n<p>&nbsp;<\/p>\n<p style=\"text-align: center;\"><iframe loading=\"lazy\" src=\"\/\/www.youtube.com\/embed\/EuDy7Kpuyao\" width=\"850\" height=\"477\" allowfullscreen=\"allowfullscreen\"><\/iframe><\/p>\n<p>&nbsp;<\/p>\n<h4>Les XTTE al Vall\u00e8s Occidental, des de la pr\u00f2pia pr\u00e0ctica!<\/h4>\n<p>&nbsp;<\/p>\n<p>Les xarxes territorials del Vall\u00e8s Occidental vinculades al Laboratori de Transformaci\u00f3 educativa han seguit treballant aquests darrers anys aprofundint en el protagonisme de l&#8217;alumne en l&#8217;aprenentatge i en les opcions metodol\u00f2giques que ajuden a consolidar-los. Aquest curs hem posat el focus en potenciar la reflexi\u00f3 pedag\u00f2gica a partir de l&#8217;an\u00e0lisi des de la pr\u00f2pia pr\u00e0ctica. Compartint i consensuant prop\u00f2sits i evid\u00e8ncies hem anat aprofundint en el cercle de millora cont\u00ednua i avan\u00e7ant en la transformaci\u00f3. La sessi\u00f3 final ens va permetre retrobar la presencialitat i poder compartir el cam\u00ed que cada escola havia fet al llarg del curs.<\/p>\n<p>&nbsp;<\/p>\n<p style=\"text-align: center;\"><iframe loading=\"lazy\" src=\"\/\/www.youtube.com\/embed\/n3GWk8hrHU0\" width=\"850\" height=\"477\" allowfullscreen=\"allowfullscreen\"><\/iframe><\/p>\n<p>&nbsp;<\/p>\n<p>&nbsp;<\/p>\n<p>&nbsp;<\/p>\n","protected":false},"excerpt":{"rendered":"<p>&nbsp; &nbsp; Les Xarxes Territorials de Transformaci\u00f3 Educativa s\u00f3n estructures intencionals de transformaci\u00f3, dinamitzades per t\u00e8cniques dels Serveis Territorials i del Consorci d&#8217;Educaci\u00f3 de Barcelona, on participen tots els centres del Laboratori, els centre del Programa i altres centres de cada territori en proc\u00e9s de sensibilitzaci\u00f3 i reflexi\u00f3. L\u2019equip de Dinamitzaci\u00f3 de Xarxa est\u00e0\u00a0integrat per [&hellip;]<\/p>\n","protected":false},"author":1,"featured_media":0,"parent":0,"menu_order":0,"comment_status":"closed","ping_status":"closed","template":"","meta":{"_bbp_topic_count":0,"_bbp_reply_count":0,"_bbp_total_topic_count":0,"_bbp_total_reply_count":0,"_bbp_voice_count":0,"_bbp_anonymous_reply_count":0,"_bbp_topic_count_hidden":0,"_bbp_reply_count_hidden":0,"_bbp_forum_subforum_count":0,"site-sidebar-layout":"default","site-content-layout":"","ast-site-content-layout":"","site-content-style":"default","site-sidebar-style":"default","ast-global-header-display":"","ast-banner-title-visibility":"","ast-main-header-display":"","ast-hfb-above-header-display":"","ast-hfb-below-header-display":"","ast-hfb-mobile-header-display":"","site-post-title":"","ast-breadcrumbs-content":"","ast-featured-img":"","footer-sml-layout":"","theme-transparent-header-meta":"","adv-header-id-meta":"","stick-header-meta":"","header-above-stick-meta":"","header-main-stick-meta":"","header-below-stick-meta":"","astra-migrate-meta-layouts":"default","ast-page-background-enabled":"default","ast-page-background-meta":{"desktop":{"background-color":"var(--ast-global-color-4)","background-image":"","background-repeat":"repeat","background-position":"center center","background-size":"auto","background-attachment":"scroll","background-type":"","background-media":"","overlay-type":"","overlay-color":"","overlay-opacity":"","overlay-gradient":""},"tablet":{"background-color":"","background-image":"","background-repeat":"repeat","background-position":"center center","background-size":"auto","background-attachment":"scroll","background-type":"","background-media":"","overlay-type":"","overlay-color":"","overlay-opacity":"","overlay-gradient":""},"mobile":{"background-color":"","background-image":"","background-repeat":"repeat","background-position":"center center","background-size":"auto","background-attachment":"scroll","background-type":"","background-media":"","overlay-type":"","overlay-color":"","overlay-opacity":"","overlay-gradient":""}},"ast-content-background-meta":{"desktop":{"background-color":"var(--ast-global-color-5)","background-image":"","background-repeat":"repeat","background-position":"center center","background-size":"auto","background-attachment":"scroll","background-type":"","background-media":"","overlay-type":"","overlay-color":"","overlay-opacity":"","overlay-gradient":""},"tablet":{"background-color":"var(--ast-global-color-5)","background-image":"","background-repeat":"repeat","background-position":"center center","background-size":"auto","background-attachment":"scroll","background-type":"","background-media":"","overlay-type":"","overlay-color":"","overlay-opacity":"","overlay-gradient":""},"mobile":{"background-color":"var(--ast-global-color-5)","background-image":"","background-repeat":"repeat","background-position":"center center","background-size":"auto","background-attachment":"scroll","background-type":"","background-media":"","overlay-type":"","overlay-color":"","overlay-opacity":"","overlay-gradient":""}},"footnotes":""},"class_list":["post-806","page","type-page","status-publish","hentry"],"post_mailing_queue_ids":[],"_links":{"self":[{"href":"https:\/\/projectes.xtec.cat\/laboratori-millora-educativa\/wp-json\/wp\/v2\/pages\/806","targetHints":{"allow":["GET"]}}],"collection":[{"href":"https:\/\/projectes.xtec.cat\/laboratori-millora-educativa\/wp-json\/wp\/v2\/pages"}],"about":[{"href":"https:\/\/projectes.xtec.cat\/laboratori-millora-educativa\/wp-json\/wp\/v2\/types\/page"}],"author":[{"embeddable":true,"href":"https:\/\/projectes.xtec.cat\/laboratori-millora-educativa\/wp-json\/wp\/v2\/users\/1"}],"replies":[{"embeddable":true,"href":"https:\/\/projectes.xtec.cat\/laboratori-millora-educativa\/wp-json\/wp\/v2\/comments?post=806"}],"version-history":[{"count":3,"href":"https:\/\/projectes.xtec.cat\/laboratori-millora-educativa\/wp-json\/wp\/v2\/pages\/806\/revisions"}],"predecessor-version":[{"id":13254,"href":"https:\/\/projectes.xtec.cat\/laboratori-millora-educativa\/wp-json\/wp\/v2\/pages\/806\/revisions\/13254"}],"wp:attachment":[{"href":"https:\/\/projectes.xtec.cat\/laboratori-millora-educativa\/wp-json\/wp\/v2\/media?parent=806"}],"curies":[{"name":"wp","href":"https:\/\/api.w.org\/{rel}","templated":true}]}}