{"id":9,"date":"2014-09-12T10:15:01","date_gmt":"2014-09-12T10:15:01","guid":{"rendered":"http:\/\/projectes.xtec.cat\/transformacioenxarxa\/\/?page_id=9"},"modified":"2026-01-02T10:29:16","modified_gmt":"2026-01-02T09:29:16","slug":"pagina-dinici-buida","status":"publish","type":"page","link":"https:\/\/projectes.xtec.cat\/laboratori-millora-educativa\/","title":{"rendered":"Inici"},"content":{"rendered":"\n<div class=\"wp-block-columns is-layout-flex wp-container-core-columns-is-layout-1 wp-block-columns-is-layout-flex\">\n<div class=\"wp-block-column is-layout-flow wp-block-column-is-layout-flow\" style=\"flex-basis:100%\">\n<div class=\"wp-block-getwid-section alignfull getwid-section-content-custom-width\"><div class=\"wp-block-getwid-section__wrapper getwid-padding-left-medium getwid-padding-right-medium\"><div class=\"wp-block-getwid-section__inner-wrapper\" style=\"max-width:740px\"><div class=\"wp-block-getwid-section__background-holder\"><div class=\"wp-block-getwid-section__background\"><\/div><div class=\"wp-block-getwid-section__foreground\"><\/div><\/div><div class=\"wp-block-getwid-section__content\"><div class=\"wp-block-getwid-section__inner-content\">\n<h3 class=\"wp-block-heading\"><mark style=\"background-color:rgba(0, 0, 0, 0)\" class=\"has-inline-color has-ast-global-color-1-color\">UN COMPROM\u00cdS COMPARTIT AMB LA MILLORA EDUCATIVA<\/mark><\/h3>\n\n\n\n<p class=\"has-text-align-left has-text-color has-medium-font-size\" style=\"color:#000000\">Amb l&#8217;objectiu de millorar la qualitat i equitat del sistema educatiu catal\u00e0, el&nbsp;<strong>Departament d&#8217;Educaci\u00f3 i Formaci\u00f3 Professional<\/strong>&nbsp;vol impulsar una innovaci\u00f3 pedag\u00f2gica fonamentada en la recerca educativa i que respongui a l&#8217;evoluci\u00f3 de la nostra societat.<\/p>\n\n\n\n<p class=\"has-text-align-left has-text-color has-medium-font-size\" style=\"color:#000000\">Els principals objectius  s\u00f3n els seg\u00fcents:<\/p>\n\n\n\n<ul style=\"color:#000000\" class=\"wp-block-list has-text-color has-medium-font-size\">\n<li>Estimular la capacitat d&#8217;aprenentatge, i les habilitats i potencialitats personals.<\/li>\n\n\n\n<li>Assolir l&#8217;\u00e8xit escolar de tots els alumnes.<\/li>\n\n\n\n<li>Millorar l&#8217;activitat educativa i l&#8217;evoluci\u00f3 del projecte educatiu dels centres que presten el Servei d&#8217;Educaci\u00f3 de Catalunya.<\/li>\n<\/ul>\n\n\n\n<p class=\"has-text-align-left has-text-color has-medium-font-size\" style=\"color:#000000\">Un model basat en la col\u00b7laboraci\u00f3 i la corresponsabilitat entre tots els agents educatius amb l&#8217;horitz\u00f3 com\u00fa de garantir la millora global del sistema.<\/p>\n\n\n\n<p class=\"has-text-color has-medium-font-size\" style=\"color:#000000\">Aquest impuls es fonamenta en tres grans principis:<\/p>\n\n\n\n<p class=\"has-text-color has-medium-font-size\" style=\"color:#000000\"><strong><mark style=\"background-color:rgba(0, 0, 0, 0)\" class=\"has-inline-color has-ast-global-color-1-color\">CORRESPONSABILITAT:<\/mark><\/strong>&nbsp; Fomentar una cultura de l&#8217;avaluaci\u00f3 basada en evid\u00e8ncies, clau per a la millora cont\u00ednua i per al retiment de comptes davant la comunitat educativa.<\/p>\n\n\n\n<p><strong><mark style=\"background-color:rgba(0, 0, 0, 0)\" class=\"has-inline-color has-ast-global-color-1-color\">AUTONOMIA:<\/mark><\/strong>&nbsp;El centre i la comunitat escolar s\u00f3n els veritables protagonistes. Els processos han d&#8217;adaptar-se a la singularitat de cada context, facilitant l&#8217;apoderament del centre per prendre les seves pr\u00f2pies decisions de millora.<\/p>\n\n\n\n<p><strong><mark style=\"background-color:rgba(0, 0, 0, 0)\" class=\"has-inline-color has-ast-global-color-1-color\">DESCENTRALITZACI\u00d3:<\/mark>&nbsp;<\/strong>Es pret\u00e9n identificar, compartir i estendre les bones pr\u00e0ctiques impulsades pels Serveis Territorials i els centres, gestionant el coneixement compartit en benefici de tot el sistema.<\/p>\n\n\n\n<div class=\"wp-block-button aligncenter\"><a class=\"wp-block-button__link has-text-color has-background wp-element-button\" href=\"https:\/\/projectes.xtec.cat\/laboratori-millora-educativa\/laboratori-de-transformacio-educativa\/\" style=\"color:#ffffff;background-color:#000000\">Saber-ne m\u00e9s<\/a><\/div>\n<\/div><\/div><\/div><\/div><\/div>\n<\/div>\n<\/div>\n\n\n\n        <div class=\"wp-block-getwid-post-slider custom-post-type-post has-arrows-inside has-dots-inside\">\n            <div data-slider-option=\"{&quot;getwid_fade_effect&quot;:&quot;slide&quot;,&quot;getwid_autoplay&quot;:false,&quot;getwid_pause_on_hover&quot;:false,&quot;getwid_autoplay_speed&quot;:6000,&quot;getwid_infinite&quot;:true,&quot;getwid_animation_speed&quot;:800,&quot;getwid_arrows&quot;:&quot;inside&quot;,&quot;getwid_dots&quot;:&quot;inside&quot;}\" class=\"wp-block-getwid-post-slider__content\">\n                \t\t\t\t\t\t\t<div class=\"wp-block-getwid-post-slider__slide\" style=\"\">\n\t\t\t\t\t\t\t\t\n<div class=\"wp-block-columns is-layout-flex wp-container-core-columns-is-layout-2 wp-block-columns-is-layout-flex\">\n<div class=\"wp-block-column is-layout-flow wp-block-column-is-layout-flow\">\n<div class=\"wp-block-getwid-template-post-featured-image\" >\n            <a href=\"https:\/\/projectes.xtec.cat\/laboratori-millora-educativa\/general\/jornada-de-tancament-de-la-xtte-exc-del-consorci-deducacio-de-barcelona-curs-2022-23\/\">\n        <img loading=\"lazy\" decoding=\"async\" width=\"1024\" height=\"524\" src=\"https:\/\/projectes.xtec.cat\/laboratori-millora-educativa\/wp-content\/uploads\/usu1468\/2023\/10\/imatge-destacada-ceb-xtte-curs-22-23-1024x524.png\" class=\"attachment-large size-large wp-post-image\" alt=\"Jornada de Tancament de la XTTE\/ExC del Consorci d&#8217;Educaci\u00f3 de Barcelona curs 2022-23\" srcset=\"https:\/\/projectes.xtec.cat\/laboratori-millora-educativa\/wp-content\/uploads\/usu1468\/2023\/10\/imatge-destacada-ceb-xtte-curs-22-23-1024x524.png 1024w, https:\/\/projectes.xtec.cat\/laboratori-millora-educativa\/wp-content\/uploads\/usu1468\/2023\/10\/imatge-destacada-ceb-xtte-curs-22-23-300x153.png 300w, https:\/\/projectes.xtec.cat\/laboratori-millora-educativa\/wp-content\/uploads\/usu1468\/2023\/10\/imatge-destacada-ceb-xtte-curs-22-23-768x393.png 768w, https:\/\/projectes.xtec.cat\/laboratori-millora-educativa\/wp-content\/uploads\/usu1468\/2023\/10\/imatge-destacada-ceb-xtte-curs-22-23.png 1369w\" sizes=\"auto, (max-width: 1024px) 100vw, 1024px\" \/>            <\/a>\n    <\/div>\n\n\n<div class=\"taxonomy-post_tag wp-block-post-terms\"><a href=\"https:\/\/projectes.xtec.cat\/laboratori-millora-educativa\/tag\/curs-2022-2023\/\" rel=\"tag\">curs 2022-2023<\/a><span class=\"wp-block-post-terms__separator\">, <\/span><a href=\"https:\/\/projectes.xtec.cat\/laboratori-millora-educativa\/tag\/xarxa-territorial-de-millora-educativa\/\" rel=\"tag\">Xarxa Territorial de Millora Educativa<\/a><\/div><\/div>\n\n\n\n<div class=\"wp-block-column is-layout-flow wp-block-column-is-layout-flow\">\n<h3 class=\"wp-block-getwid-template-post-title\"><a class=\"wp-block-getwid-template-post-title__link\" href=\"https:\/\/projectes.xtec.cat\/laboratori-millora-educativa\/general\/jornada-de-tancament-de-la-xtte-exc-del-consorci-deducacio-de-barcelona-curs-2022-23\/\">Jornada de Tancament de la XTTE\/ExC del Consorci d&#8217;Educaci\u00f3 de Barcelona curs 2022-23<\/a><\/h3>\n\n\n<div class=\"wp-block-getwid-template-post-content is-excerpt\" ><p>La sessi\u00f3 plen\u00e0ria de cloenda del programa Xarxes pel Canvi es va reunir a l\u2019Espai Bota, al recinte de Fabra i Coats. Hi van assistir una bona representaci\u00f3 de les direccions i docents dels 186 centres educatius de la ciutat que van participar en el programa aquest curs 2022-2023. Des dels inicis del programa, aquesta&hellip;<\/p><\/div>\n\n\n\n<hr class=\"wp-block-separator has-alpha-channel-opacity\"\/>\n\n\n\n<div class=\"wp-block-getwid-template-post-link\"  style=\"text-align: right;\" >\n    <a href=\"https:\/\/projectes.xtec.cat\/laboratori-millora-educativa\/general\/jornada-de-tancament-de-la-xtte-exc-del-consorci-deducacio-de-barcelona-curs-2022-23\/\">Continua llegint<\/a>\n<\/div>\n\n\n\n<div class=\"wp-block-buttons is-layout-flex wp-block-buttons-is-layout-flex\"><\/div>\n<\/div>\n<\/div>\n\t\t\t\t\t\t\t<\/div>\n\t\t\t\t\t\t\t\t\t\t\t\t\t<div class=\"wp-block-getwid-post-slider__slide\" style=\"\">\n\t\t\t\t\t\t\t\t\n<div class=\"wp-block-columns is-layout-flex wp-container-core-columns-is-layout-3 wp-block-columns-is-layout-flex\">\n<div class=\"wp-block-column is-layout-flow wp-block-column-is-layout-flow\">\n<div class=\"wp-block-getwid-template-post-featured-image\" >\n            <a href=\"https:\/\/projectes.xtec.cat\/laboratori-millora-educativa\/general\/maresme-valles-oriental-6a-trobada-xarxes-territorials-de-transformacio-educativa-curs-22-23\/\">\n        <img loading=\"lazy\" decoding=\"async\" width=\"915\" height=\"511\" src=\"https:\/\/projectes.xtec.cat\/laboratori-millora-educativa\/wp-content\/uploads\/usu1468\/2023\/06\/caratula-mvo.png\" class=\"attachment-large size-large wp-post-image\" alt=\"Maresme &#8211; Vall\u00e8s Oriental 6a trobada Xarxes Territorials de Transformaci\u00f3 Educativa curs 22-23\" srcset=\"https:\/\/projectes.xtec.cat\/laboratori-millora-educativa\/wp-content\/uploads\/usu1468\/2023\/06\/caratula-mvo.png 915w, https:\/\/projectes.xtec.cat\/laboratori-millora-educativa\/wp-content\/uploads\/usu1468\/2023\/06\/caratula-mvo-300x168.png 300w, https:\/\/projectes.xtec.cat\/laboratori-millora-educativa\/wp-content\/uploads\/usu1468\/2023\/06\/caratula-mvo-768x429.png 768w\" sizes=\"auto, (max-width: 915px) 100vw, 915px\" \/>            <\/a>\n    <\/div>\n\n\n<div class=\"taxonomy-post_tag wp-block-post-terms\"><a href=\"https:\/\/projectes.xtec.cat\/laboratori-millora-educativa\/tag\/curs-2022-2023\/\" rel=\"tag\">curs 2022-2023<\/a><span class=\"wp-block-post-terms__separator\">, <\/span><a href=\"https:\/\/projectes.xtec.cat\/laboratori-millora-educativa\/tag\/xarxa-territorial-de-millora-educativa\/\" rel=\"tag\">Xarxa Territorial de Millora Educativa<\/a><\/div><\/div>\n\n\n\n<div class=\"wp-block-column is-layout-flow wp-block-column-is-layout-flow\">\n<h3 class=\"wp-block-getwid-template-post-title\"><a class=\"wp-block-getwid-template-post-title__link\" href=\"https:\/\/projectes.xtec.cat\/laboratori-millora-educativa\/general\/maresme-valles-oriental-6a-trobada-xarxes-territorials-de-transformacio-educativa-curs-22-23\/\">Maresme &#8211; Vall\u00e8s Oriental 6a trobada Xarxes Territorials de Transformaci\u00f3 Educativa curs 22-23<\/a><\/h3>\n\n\n<div class=\"wp-block-getwid-template-post-content is-excerpt\" ><p>El dia 31 de maig, el Centre Cultural La F\u00e0brica de Santa Eul\u00e0lia de Ron\u00e7ana ha acollit la darrera sessi\u00f3 conjunta de dues Xarxes de Transformaci\u00f3 Educativa que conviuen en un mateix territori: la del Maresme i la del Vall\u00e8s Oriental. La sessi\u00f3 es va iniciar amb la confer\u00e8ncia \u201cDi\u00e0legs entre educaci\u00f3 i neuroci\u00e8ncia\u201d, a&hellip;<\/p><\/div>\n\n\n\n<hr class=\"wp-block-separator has-alpha-channel-opacity\"\/>\n\n\n\n<div class=\"wp-block-getwid-template-post-link\"  style=\"text-align: right;\" >\n    <a href=\"https:\/\/projectes.xtec.cat\/laboratori-millora-educativa\/general\/maresme-valles-oriental-6a-trobada-xarxes-territorials-de-transformacio-educativa-curs-22-23\/\">Continua llegint<\/a>\n<\/div>\n\n\n\n<div class=\"wp-block-buttons is-layout-flex wp-block-buttons-is-layout-flex\"><\/div>\n<\/div>\n<\/div>\n\t\t\t\t\t\t\t<\/div>\n\t\t\t\t\t\t\t\t\t\t\t\t\t<div class=\"wp-block-getwid-post-slider__slide\" style=\"\">\n\t\t\t\t\t\t\t\t\n<div class=\"wp-block-columns is-layout-flex wp-container-core-columns-is-layout-4 wp-block-columns-is-layout-flex\">\n<div class=\"wp-block-column is-layout-flow wp-block-column-is-layout-flow\">\n<div class=\"wp-block-getwid-template-post-featured-image\" >\n            <a href=\"https:\/\/projectes.xtec.cat\/laboratori-millora-educativa\/general\/jornada-conjunta-de-tancament-del-curs-22-23-de-les-xtte-de-barcelona-comarques-baix-llobregat-penedes-alt-pirineu-i-aran-lleida-tarragona-i-terres-de-lebre\/\">\n        <img loading=\"lazy\" decoding=\"async\" width=\"946\" height=\"531\" src=\"https:\/\/projectes.xtec.cat\/laboratori-millora-educativa\/wp-content\/uploads\/usu1468\/2023\/06\/imatge-destacada-5-terrritoris.png\" class=\"attachment-large size-large wp-post-image\" alt=\"Jornada conjunta de tancament del curs 22-23 de les XTTE de Barcelona Comarques, Baix Llobregat, Pened\u00e8s, Alt Pirineu i Aran, Lleida, Tarragona i Terres de l&#8217;Ebre\" srcset=\"https:\/\/projectes.xtec.cat\/laboratori-millora-educativa\/wp-content\/uploads\/usu1468\/2023\/06\/imatge-destacada-5-terrritoris.png 946w, https:\/\/projectes.xtec.cat\/laboratori-millora-educativa\/wp-content\/uploads\/usu1468\/2023\/06\/imatge-destacada-5-terrritoris-300x168.png 300w, https:\/\/projectes.xtec.cat\/laboratori-millora-educativa\/wp-content\/uploads\/usu1468\/2023\/06\/imatge-destacada-5-terrritoris-768x431.png 768w\" sizes=\"auto, (max-width: 946px) 100vw, 946px\" \/>            <\/a>\n    <\/div>\n\n\n<div class=\"taxonomy-post_tag wp-block-post-terms\"><a href=\"https:\/\/projectes.xtec.cat\/laboratori-millora-educativa\/tag\/curs-2022-2023\/\" rel=\"tag\">curs 2022-2023<\/a><span class=\"wp-block-post-terms__separator\">, <\/span><a href=\"https:\/\/projectes.xtec.cat\/laboratori-millora-educativa\/tag\/experiencies-de-centre\/\" rel=\"tag\">Experi\u00e8ncies de centre<\/a><span class=\"wp-block-post-terms__separator\">, <\/span><a href=\"https:\/\/projectes.xtec.cat\/laboratori-millora-educativa\/tag\/xarxa-territorial-de-millora-educativa\/\" rel=\"tag\">Xarxa Territorial de Millora Educativa<\/a><\/div><\/div>\n\n\n\n<div class=\"wp-block-column is-layout-flow wp-block-column-is-layout-flow\">\n<h3 class=\"wp-block-getwid-template-post-title\"><a class=\"wp-block-getwid-template-post-title__link\" href=\"https:\/\/projectes.xtec.cat\/laboratori-millora-educativa\/general\/jornada-conjunta-de-tancament-del-curs-22-23-de-les-xtte-de-barcelona-comarques-baix-llobregat-penedes-alt-pirineu-i-aran-lleida-tarragona-i-terres-de-lebre\/\">Jornada conjunta de tancament del curs 22-23 de les XTTE de Barcelona Comarques, Baix Llobregat, Pened\u00e8s, Alt Pirineu i Aran, Lleida, Tarragona i Terres de l&#8217;Ebre<\/a><\/h3>\n\n\n<div class=\"wp-block-getwid-template-post-content is-excerpt\" ><p>El passat dimecres dia 31 de maig m\u00e9s de 250 docents de Barcelona Comarques, Baix Llobregat, Lleida, Alt Pirineu i Aran, Pened\u00e8s, Terres de l\u2019Ebre i Tarragona van participar de la Jornada de tancament de les Xarxes Territorials de Transformaci\u00f3 Educativa a l\u2019Institut Can Vilumara de l\u2019Hospitalet de Llobregat. Cliqueu a la primera imatge si&hellip;<\/p><\/div>\n\n\n\n<hr class=\"wp-block-separator has-alpha-channel-opacity\"\/>\n\n\n\n<div class=\"wp-block-getwid-template-post-link\"  style=\"text-align: right;\" >\n    <a href=\"https:\/\/projectes.xtec.cat\/laboratori-millora-educativa\/general\/jornada-conjunta-de-tancament-del-curs-22-23-de-les-xtte-de-barcelona-comarques-baix-llobregat-penedes-alt-pirineu-i-aran-lleida-tarragona-i-terres-de-lebre\/\">Continua llegint<\/a>\n<\/div>\n\n\n\n<div class=\"wp-block-buttons is-layout-flex wp-block-buttons-is-layout-flex\"><\/div>\n<\/div>\n<\/div>\n\t\t\t\t\t\t\t<\/div>\n\t\t\t\t\t\t\t\t\t\t\t\t\t<div class=\"wp-block-getwid-post-slider__slide\" style=\"\">\n\t\t\t\t\t\t\t\t\n<div class=\"wp-block-columns is-layout-flex wp-container-core-columns-is-layout-5 wp-block-columns-is-layout-flex\">\n<div class=\"wp-block-column is-layout-flow wp-block-column-is-layout-flow\">\n<div class=\"wp-block-getwid-template-post-featured-image\" >\n            <a href=\"https:\/\/projectes.xtec.cat\/laboratori-millora-educativa\/general\/sessio-de-tancament-de-la-xarxa-territorial-de-transformacio-educativa-de-catalunya-central\/\">\n        <img loading=\"lazy\" decoding=\"async\" width=\"945\" height=\"522\" src=\"https:\/\/projectes.xtec.cat\/laboratori-millora-educativa\/wp-content\/uploads\/usu1468\/2023\/06\/imatge-destacada-cce.png\" class=\"attachment-large size-large wp-post-image\" alt=\"Sessi\u00f3 de tancament de la Xarxa Territorial de Transformaci\u00f3 Educativa de Catalunya Central\" srcset=\"https:\/\/projectes.xtec.cat\/laboratori-millora-educativa\/wp-content\/uploads\/usu1468\/2023\/06\/imatge-destacada-cce.png 945w, https:\/\/projectes.xtec.cat\/laboratori-millora-educativa\/wp-content\/uploads\/usu1468\/2023\/06\/imatge-destacada-cce-300x166.png 300w, https:\/\/projectes.xtec.cat\/laboratori-millora-educativa\/wp-content\/uploads\/usu1468\/2023\/06\/imatge-destacada-cce-768x424.png 768w\" sizes=\"auto, (max-width: 945px) 100vw, 945px\" \/>            <\/a>\n    <\/div>\n\n\n<div class=\"taxonomy-post_tag wp-block-post-terms\"><a href=\"https:\/\/projectes.xtec.cat\/laboratori-millora-educativa\/tag\/curs-2022-2023\/\" rel=\"tag\">curs 2022-2023<\/a><span class=\"wp-block-post-terms__separator\">, <\/span><a href=\"https:\/\/projectes.xtec.cat\/laboratori-millora-educativa\/tag\/experiencies-de-centre\/\" rel=\"tag\">Experi\u00e8ncies de centre<\/a><span class=\"wp-block-post-terms__separator\">, <\/span><a href=\"https:\/\/projectes.xtec.cat\/laboratori-millora-educativa\/tag\/xarxa-territorial-de-millora-educativa\/\" rel=\"tag\">Xarxa Territorial de Millora Educativa<\/a><\/div><\/div>\n\n\n\n<div class=\"wp-block-column is-layout-flow wp-block-column-is-layout-flow\">\n<h3 class=\"wp-block-getwid-template-post-title\"><a class=\"wp-block-getwid-template-post-title__link\" href=\"https:\/\/projectes.xtec.cat\/laboratori-millora-educativa\/general\/sessio-de-tancament-de-la-xarxa-territorial-de-transformacio-educativa-de-catalunya-central\/\">Sessi\u00f3 de tancament de la Xarxa Territorial de Transformaci\u00f3 Educativa de Catalunya Central<\/a><\/h3>\n\n\n<div class=\"wp-block-getwid-template-post-content is-excerpt\" ><p>&nbsp; El passat 31 de maig la Xarxa Territorial de Transformaci\u00f3 Educativa de Catalunya Central va portar a terme la sessi\u00f3 de tancament de xarxes a l\u2019EOI de Manresa. La jornada va tenir dues parts: A la primera part es va posar el focus en els nous curr\u00edculums a mans de Joel Aranda, director dels&hellip;<\/p><\/div>\n\n\n\n<hr class=\"wp-block-separator has-alpha-channel-opacity\"\/>\n\n\n\n<div class=\"wp-block-getwid-template-post-link\"  style=\"text-align: right;\" >\n    <a href=\"https:\/\/projectes.xtec.cat\/laboratori-millora-educativa\/general\/sessio-de-tancament-de-la-xarxa-territorial-de-transformacio-educativa-de-catalunya-central\/\">Continua llegint<\/a>\n<\/div>\n\n\n\n<div class=\"wp-block-buttons is-layout-flex wp-block-buttons-is-layout-flex\"><\/div>\n<\/div>\n<\/div>\n\t\t\t\t\t\t\t<\/div>\n\t\t\t\t\t\t\t\t\t\t\t\t\t<div class=\"wp-block-getwid-post-slider__slide\" style=\"\">\n\t\t\t\t\t\t\t\t\n<div class=\"wp-block-columns is-layout-flex wp-container-core-columns-is-layout-6 wp-block-columns-is-layout-flex\">\n<div class=\"wp-block-column is-layout-flow wp-block-column-is-layout-flow\">\n<div class=\"wp-block-getwid-template-post-featured-image\" >\n            <a href=\"https:\/\/projectes.xtec.cat\/laboratori-millora-educativa\/general\/jornada-de-tancament-de-les-xarxes-territorials-de-trasnformacio-educativa-xtte-de-girona\/\">\n        <img loading=\"lazy\" decoding=\"async\" width=\"915\" height=\"511\" src=\"https:\/\/projectes.xtec.cat\/laboratori-millora-educativa\/wp-content\/uploads\/usu1468\/2023\/06\/gir-1.png\" class=\"attachment-large size-large wp-post-image\" alt=\"Jornada de tancament de les Xarxes Territorials de Transformaci\u00f3 Educativa (XTTE) de Girona\" srcset=\"https:\/\/projectes.xtec.cat\/laboratori-millora-educativa\/wp-content\/uploads\/usu1468\/2023\/06\/gir-1.png 915w, https:\/\/projectes.xtec.cat\/laboratori-millora-educativa\/wp-content\/uploads\/usu1468\/2023\/06\/gir-1-300x168.png 300w, https:\/\/projectes.xtec.cat\/laboratori-millora-educativa\/wp-content\/uploads\/usu1468\/2023\/06\/gir-1-768x429.png 768w\" sizes=\"auto, (max-width: 915px) 100vw, 915px\" \/>            <\/a>\n    <\/div>\n\n\n<div class=\"taxonomy-post_tag wp-block-post-terms\"><a href=\"https:\/\/projectes.xtec.cat\/laboratori-millora-educativa\/tag\/curs-2022-2023\/\" rel=\"tag\">curs 2022-2023<\/a><span class=\"wp-block-post-terms__separator\">, <\/span><a href=\"https:\/\/projectes.xtec.cat\/laboratori-millora-educativa\/tag\/xarxa-territorial-de-millora-educativa\/\" rel=\"tag\">Xarxa Territorial de Millora Educativa<\/a><\/div><\/div>\n\n\n\n<div class=\"wp-block-column is-layout-flow wp-block-column-is-layout-flow\">\n<h3 class=\"wp-block-getwid-template-post-title\"><a class=\"wp-block-getwid-template-post-title__link\" href=\"https:\/\/projectes.xtec.cat\/laboratori-millora-educativa\/general\/jornada-de-tancament-de-les-xarxes-territorials-de-trasnformacio-educativa-xtte-de-girona\/\">Jornada de tancament de les Xarxes Territorials de Transformaci\u00f3 Educativa (XTTE) de Girona<\/a><\/h3>\n\n\n<div class=\"wp-block-getwid-template-post-content is-excerpt\" ><p>A Girona, Les Xarxes Territorials de Transformaci\u00f3 Educativa han esdevingut una estructura de desenvolupament professional docent clau al territori, convertint-se en un espai de reflexi\u00f3 i debat entre iguals, de creixement a nivell personal i professional, un espai d\u2019aprenentatge compartit on els centres s\u00f3n els protagonistes i intercanvien experi\u00e8ncies, fent possible la transformaci\u00f3 i la&hellip;<\/p><\/div>\n\n\n\n<hr class=\"wp-block-separator has-alpha-channel-opacity\"\/>\n\n\n\n<div class=\"wp-block-getwid-template-post-link\"  style=\"text-align: right;\" >\n    <a href=\"https:\/\/projectes.xtec.cat\/laboratori-millora-educativa\/general\/jornada-de-tancament-de-les-xarxes-territorials-de-trasnformacio-educativa-xtte-de-girona\/\">Continua llegint<\/a>\n<\/div>\n\n\n\n<div class=\"wp-block-buttons is-layout-flex wp-block-buttons-is-layout-flex\"><\/div>\n<\/div>\n<\/div>\n\t\t\t\t\t\t\t<\/div>\n\t\t\t\t\t\t            <\/div>\n        <\/div>\n        \n\n\n<div class=\"wp-block-getwid-section\"><div class=\"wp-block-getwid-section__wrapper\"><div class=\"wp-block-getwid-section__inner-wrapper\"><div class=\"wp-block-getwid-section__background-holder\"><div class=\"wp-block-getwid-section__background\"><\/div><div class=\"wp-block-getwid-section__foreground\"><\/div><\/div><div class=\"wp-block-getwid-section__content\"><div class=\"wp-block-getwid-section__inner-content\"><\/div><\/div><\/div><\/div><\/div>\n","protected":false},"excerpt":{"rendered":"","protected":false},"author":1,"featured_media":0,"parent":7,"menu_order":0,"comment_status":"closed","ping_status":"closed","template":"","meta":{"_bbp_topic_count":0,"_bbp_reply_count":0,"_bbp_total_topic_count":0,"_bbp_total_reply_count":0,"_bbp_voice_count":0,"_bbp_anonymous_reply_count":0,"_bbp_topic_count_hidden":0,"_bbp_reply_count_hidden":0,"_bbp_forum_subforum_count":0,"site-sidebar-layout":"default","site-content-layout":"","ast-site-content-layout":"default","site-content-style":"default","site-sidebar-style":"default","ast-global-header-display":"","ast-banner-title-visibility":"","ast-main-header-display":"","ast-hfb-above-header-display":"","ast-hfb-below-header-display":"","ast-hfb-mobile-header-display":"","site-post-title":"disabled","ast-breadcrumbs-content":"","ast-featured-img":"","footer-sml-layout":"","theme-transparent-header-meta":"","adv-header-id-meta":"","stick-header-meta":"","header-above-stick-meta":"","header-main-stick-meta":"","header-below-stick-meta":"","astra-migrate-meta-layouts":"set","ast-page-background-enabled":"default","ast-page-background-meta":{"desktop":{"background-color":"var(--ast-global-color-4)","background-image":"","background-repeat":"repeat","background-position":"center center","background-size":"auto","background-attachment":"scroll","background-type":"","background-media":"","overlay-type":"","overlay-color":"","overlay-opacity":"","overlay-gradient":""},"tablet":{"background-color":"","background-image":"","background-repeat":"repeat","background-position":"center center","background-size":"auto","background-attachment":"scroll","background-type":"","background-media":"","overlay-type":"","overlay-color":"","overlay-opacity":"","overlay-gradient":""},"mobile":{"background-color":"","background-image":"","background-repeat":"repeat","background-position":"center center","background-size":"auto","background-attachment":"scroll","background-type":"","background-media":"","overlay-type":"","overlay-color":"","overlay-opacity":"","overlay-gradient":""}},"ast-content-background-meta":{"desktop":{"background-color":"var(--ast-global-color-5)","background-image":"","background-repeat":"repeat","background-position":"center center","background-size":"auto","background-attachment":"scroll","background-type":"","background-media":"","overlay-type":"","overlay-color":"","overlay-opacity":"","overlay-gradient":""},"tablet":{"background-color":"var(--ast-global-color-5)","background-image":"","background-repeat":"repeat","background-position":"center center","background-size":"auto","background-attachment":"scroll","background-type":"","background-media":"","overlay-type":"","overlay-color":"","overlay-opacity":"","overlay-gradient":""},"mobile":{"background-color":"var(--ast-global-color-5)","background-image":"","background-repeat":"repeat","background-position":"center center","background-size":"auto","background-attachment":"scroll","background-type":"","background-media":"","overlay-type":"","overlay-color":"","overlay-opacity":"","overlay-gradient":""}},"footnotes":""},"class_list":["post-9","page","type-page","status-publish","hentry"],"post_mailing_queue_ids":[],"_links":{"self":[{"href":"https:\/\/projectes.xtec.cat\/laboratori-millora-educativa\/wp-json\/wp\/v2\/pages\/9","targetHints":{"allow":["GET"]}}],"collection":[{"href":"https:\/\/projectes.xtec.cat\/laboratori-millora-educativa\/wp-json\/wp\/v2\/pages"}],"about":[{"href":"https:\/\/projectes.xtec.cat\/laboratori-millora-educativa\/wp-json\/wp\/v2\/types\/page"}],"author":[{"embeddable":true,"href":"https:\/\/projectes.xtec.cat\/laboratori-millora-educativa\/wp-json\/wp\/v2\/users\/1"}],"replies":[{"embeddable":true,"href":"https:\/\/projectes.xtec.cat\/laboratori-millora-educativa\/wp-json\/wp\/v2\/comments?post=9"}],"version-history":[{"count":5,"href":"https:\/\/projectes.xtec.cat\/laboratori-millora-educativa\/wp-json\/wp\/v2\/pages\/9\/revisions"}],"predecessor-version":[{"id":13936,"href":"https:\/\/projectes.xtec.cat\/laboratori-millora-educativa\/wp-json\/wp\/v2\/pages\/9\/revisions\/13936"}],"up":[{"embeddable":true,"href":"https:\/\/projectes.xtec.cat\/laboratori-millora-educativa\/wp-json\/wp\/v2\/pages\/7"}],"wp:attachment":[{"href":"https:\/\/projectes.xtec.cat\/laboratori-millora-educativa\/wp-json\/wp\/v2\/media?parent=9"}],"curies":[{"name":"wp","href":"https:\/\/api.w.org\/{rel}","templated":true}]}}