{"id":12840,"date":"2025-01-21T18:56:49","date_gmt":"2025-01-21T17:56:49","guid":{"rendered":"https:\/\/projectes.xtec.cat\/memoriaieducacio\/?page_id=12840"},"modified":"2025-01-26T19:08:53","modified_gmt":"2025-01-26T18:08:53","slug":"projecte-victimes-de-lholocaust-2025","status":"publish","type":"page","link":"https:\/\/projectes.xtec.cat\/memoriaieducacio\/activitats\/dia-internacional-victimes-de-lholocaust\/2025-b\/projecte-victimes-de-lholocaust-2025\/","title":{"rendered":"Projecte V\u00edctimes de l&#8217;Holocaust 2025"},"content":{"rendered":"<h1 style=\"text-align: center;\">Per un futur millor<\/h1>\n<p><a href=\"https:\/\/projectes.xtec.cat\/memoriaieducacio\/wp-content\/uploads\/usu2168\/2025\/01\/HMD2025_800x463.jpg\"><img loading=\"lazy\" decoding=\"async\" class=\"wp-image-12847 alignright\" src=\"https:\/\/projectes.xtec.cat\/memoriaieducacio\/wp-content\/uploads\/usu2168\/2025\/01\/HMD2025_800x463.jpg\" alt=\"\" width=\"484\" height=\"280\" srcset=\"https:\/\/projectes.xtec.cat\/memoriaieducacio\/wp-content\/uploads\/usu2168\/2025\/01\/HMD2025_800x463.jpg 800w, https:\/\/projectes.xtec.cat\/memoriaieducacio\/wp-content\/uploads\/usu2168\/2025\/01\/HMD2025_800x463-300x174.jpg 300w, https:\/\/projectes.xtec.cat\/memoriaieducacio\/wp-content\/uploads\/usu2168\/2025\/01\/HMD2025_800x463-768x444.jpg 768w\" sizes=\"auto, (max-width: 484px) 100vw, 484px\" \/><\/a><\/p>\n<p>Aquest projecte de commemoraci\u00f3 de les v\u00edctimes de l\u2019Holocaust dels centres d\u2019educaci\u00f3 secund\u00e0ria parteix del lema proposat per l\u2019organitzaci\u00f3 brit\u00e0nica Holocaust Memorial Day Trust per la commemoraci\u00f3 de l\u2019any 2025: <strong>For a better future \/ Per un futur millor,<\/strong> <a href=\"https:\/\/www.hmd.org.uk\/what-is-holocaust-memorial-day\/this-years-theme\/\">https:\/\/www.hmd.org.uk\/what-is-holocaust-memorial-day\/this-years-theme\/<\/a><\/p>\n<p>80 anys despr\u00e9s de l&#8217;alliberament d&#8217;Auschwitz-Birkenau, la distorsi\u00f3, la negaci\u00f3 i la banalitzaci\u00f3 de l&#8217;Holocaust no nom\u00e9s segueixen produint-se i s\u00f3n m\u00e9s presents que mai. La negaci\u00f3 de l&#8217;Holocaust \u00e9s qualsevol intent de negar que l&#8217;Holocaust va passar, mentre que la distorsi\u00f3 de l&#8217;Holocaust implica que hi ha un reconeixement per\u00f2 l&#8217;extensi\u00f3 o la naturalesa de l&#8217;Holocaust es q\u00fcestiona, es minimitza, es banalitza o fins i tot s&#8217;inverteix.<\/p>\n<p><a href=\"https:\/\/projectes.xtec.cat\/memoriaieducacio\/wp-content\/uploads\/usu2168\/2025\/01\/USHMM_500x307.jpg\"><img loading=\"lazy\" decoding=\"async\" class=\"alignleft wp-image-12849\" src=\"https:\/\/projectes.xtec.cat\/memoriaieducacio\/wp-content\/uploads\/usu2168\/2025\/01\/USHMM_500x307.jpg\" alt=\"\" width=\"365\" height=\"224\" srcset=\"https:\/\/projectes.xtec.cat\/memoriaieducacio\/wp-content\/uploads\/usu2168\/2025\/01\/USHMM_500x307.jpg 500w, https:\/\/projectes.xtec.cat\/memoriaieducacio\/wp-content\/uploads\/usu2168\/2025\/01\/USHMM_500x307-300x184.jpg 300w\" sizes=\"auto, (max-width: 365px) 100vw, 365px\" \/><\/a><\/p>\n<p>&nbsp;<\/p>\n<p>Per m\u00e9s informaci\u00f3 es pot consultar la p\u00e0gina web del United States Holocaust Memorial Museum:<br \/>\n<a href=\"https:\/\/www.ushmm.org\/antisemitism\/holocaust-denial-and-distortion\">https:\/\/www.ushmm.org\/antisemitism\/holocaust-denial-and-distortion<\/a><br \/>\n<a href=\"https:\/\/encyclopedia.ushmm.org\/content\/en\/series\/holocaust-denial\">https:\/\/encyclopedia.ushmm.org\/content\/en\/series\/holocaust-denial<\/a><br \/>\n<a href=\"https:\/\/www.ushmm.org\/information\/press\/press-releases\/letter-from-holocaust-survivors-on-holocaust-denial\">https:\/\/www.ushmm.org\/information\/press\/press-releases\/letter-from-holocaust-survivors-on-holocaust-denial<\/a><br \/>\n<a href=\"https:\/\/encyclopedia.ushmm.org\/content\/en\/article\/holocaust-denial-key-dates\">https:\/\/encyclopedia.ushmm.org\/content\/en\/article\/holocaust-denial-key-dates<\/a><\/p>\n<p>&nbsp;<\/p>\n<p>El lema d\u2019enguany ens parla de crear <strong>un futur millor.<\/strong> 80 anys despr\u00e9s de l&#8217;alliberament d&#8217;Auschwitz-Birkenau els testimonis vius confien en nosaltres per portar endavant el seu llegat, el silenci no pot ser una opci\u00f3. Nom\u00e9s escoltant els seus testimonis podem fer front a la negaci\u00f3 i la distorsi\u00f3.<\/p>\n<p><span style=\"font-weight: 400;\">Aquest dia en mem\u00f2ria a les v\u00edctimes de l&#8217;Holocaust tots tenim l&#8217;oportunitat d&#8217;actuar per un futur millor on les persones no pateixin prejudicis o persecucions a causa de la seva fe, \u00e8tnia o altres caracter\u00edstiques. 80 anys despr\u00e9s de l&#8217;alliberament d&#8217;Auschwitz-Birkenau, hem de convertir-nos en les generacions que porten endavant el llegat dels testimonis.\u00a0<\/span><\/p>\n<hr \/>\n<hr \/>\n<h2>Proposta d&#8217;activitat<\/h2>\n<p><span style=\"font-weight: 400;\">Proposem aquest any 2025 recuperar aquests testimonis i posar en valor els petits o grans gestos que van fer per aconseguir un futur millor durant l\u2019Holocaust. Pensem en:<\/span><\/p>\n<ul>\n<li style=\"font-weight: 400;\" aria-level=\"1\"><span style=\"font-weight: 400;\">\u00a0hist\u00f2ries de persones que van salvar a d\u2019altres posant en risc la pr\u00f2pia vida (justos entre les nacions),<\/span><\/li>\n<li style=\"font-weight: 400;\" aria-level=\"1\"><span style=\"font-weight: 400;\">passadores,\u00a0<\/span><\/li>\n<li style=\"font-weight: 400;\" aria-level=\"1\"><span style=\"font-weight: 400;\">resistents,\u00a0<\/span><\/li>\n<li style=\"font-weight: 400;\" aria-level=\"1\"><span style=\"font-weight: 400;\">brigadistes internacionals,\u00a0<\/span><\/li>\n<li style=\"font-weight: 400;\" aria-level=\"1\"><span style=\"font-weight: 400;\">organitzacions humanit\u00e0ries,\u00a0<\/span><\/li>\n<li style=\"font-weight: 400;\" aria-level=\"1\"><span style=\"font-weight: 400;\">persones que van utilitzar les seves professions per a millorar o salvar la vida d\u2019altres.<\/span><\/li>\n<\/ul>\n<p><span style=\"font-weight: 400;\">En definitiva, persones que van intentar aconseguir un futur millor en una situaci\u00f3 tan traum\u00e0tica com va ser el per\u00edode de l\u2019Holocaust.\u00a0<\/span><b>Volem recuperar cites de testimonis tot recordant els fets protagonitzats per persones durant l\u2019Holocaust per fer el m\u00f3n millor.<\/b><\/p>\n<p><span style=\"font-weight: 400;\">El projecte educatiu que us proposem cont\u00e9 <\/span><span style=\"font-weight: 400;\">una primera part te\u00f2rica<\/span><span style=\"font-weight: 400;\"> on proposem:<\/span><\/p>\n<ul>\n<li style=\"font-weight: 400;\" aria-level=\"1\"><span style=\"font-weight: 400;\">Escollir un fet,<\/span><\/li>\n<li style=\"font-weight: 400;\" aria-level=\"1\"><span style=\"font-weight: 400;\">Emplenar una fitxa amb les dades del fet i\/o persona,<\/span><\/li>\n<li style=\"font-weight: 400;\" aria-level=\"1\"><span style=\"font-weight: 400;\">Redactar en primera persona una narraci\u00f3\u00a0 per ressalti el gest que va protagonitzar la persona. \u00c9s molt important NO inventar res, ser molt rigorosos amb la informaci\u00f3 i explicar el fet en q\u00fcesti\u00f3.\u00a0<\/span><\/li>\n<\/ul>\n<p><span style=\"font-weight: 400;\">A partir d\u2019aqu\u00ed us proposem trobar una cita curta que podria fer refer\u00e8ncia a la persona i\/o a l\u2019acci\u00f3 vinculada per fer un futur millor.<\/span><\/p>\n<p><span style=\"font-weight: 400;\">S\u2019afegir\u00e0\u00a0 una <\/span><span style=\"font-weight: 400;\">segona part, art\u00edstica,<\/span><span style=\"font-weight: 400;\"> de la m\u00e0 d&#8217;una artista que s\u2019inspirar\u00e0 a partir de les cites\/frases que vagin arribant per crear una obra d\u2019art, un mural i un p\u00f2ster.<\/span><\/p>\n<p><span style=\"font-weight: 400;\">Com vam fer l\u2019any passat a &#8220;murs de bit\u00e0cola&#8221;, <\/span><a href=\"https:\/\/mursdebitacola.com\/portfolio\/la-fragilitat-de-la-llibertat\/\"><span style=\"font-weight: 400;\">https:\/\/mursdebitacola.com\/portfolio\/la-fragilitat-de-la-llibertat\/<\/span><\/a><span style=\"font-weight: 400;\"> , tots els documents (fitxes, narracions, cites, imatges) es recolliran en un espai al web perqu\u00e8 puguin ser consultats i serveixin de recursos per altres anys i altres estudiants.<\/span><\/p>\n<p><span style=\"font-weight: 400;\">En resum, us proposem les seg\u00fcents tasques de recerca d&#8217;accions fetes per aconseguir un futur millor:<\/span><\/p>\n<ul>\n<li style=\"list-style-type: none;\">\n<ul>\n<li style=\"font-weight: 400;\" aria-level=\"1\"><span style=\"font-weight: 400;\"><strong>Trieu una acci\u00f3.<\/strong>\u00a0<\/span><\/li>\n<li style=\"font-weight: 400;\" aria-level=\"1\"><span style=\"font-weight: 400;\"><strong>Empleneu la fitxa<\/strong> que us permetr\u00e0 situar l\u2019acte en espai i temps<\/span><\/li>\n<li style=\"font-weight: 400;\" aria-level=\"1\"><span style=\"font-weight: 400;\"><strong>Prepareu una narraci\u00f3 escrita<\/strong> en 1a persona (focus en l\u2019acci\u00f3) que relati amb el m\u00e0xim rigor l\u2019acci\u00f3 o gest per fer un futur millor.<\/span> <span style=\"font-weight: 400;\">L\u2019extensi\u00f3 de la narraci\u00f3 <\/span><b>en primera persona<\/b><span style=\"font-weight: 400;\"> ha de ser d\u2019un m\u00e0xim d\u2019una (1) p\u00e0gina utilitzant la lletra: <\/span><i><span style=\"font-weight: 400;\">Times New Roman 10<\/span><\/i><span style=\"font-weight: 400;\">\u00a0<\/span><\/li>\n<li style=\"font-weight: 400;\" aria-level=\"1\"><span style=\"font-weight: 400;\">Podeu acompanyar la narraci\u00f3 amb\u00a0 una o diverses fotografies hist\u00f2riques (si n\u2019hi ha tamb\u00e9 podeu aportar altres materials gr\u00e0fics com cartells, propaganda, &#8230;.)<\/span><\/li>\n<li aria-level=\"1\"><b>Trieu una cita curta.<\/b><\/li>\n<\/ul>\n<\/li>\n<\/ul>\n<hr \/>\n<hr \/>\n<p><b>FITXA\u00a0<\/b><\/p>\n<ul>\n<li style=\"font-weight: 400;\" aria-level=\"1\"><span style=\"font-weight: 400;\">Quina acci\u00f3? Relateu breument l\u2019acci\u00f3 per fer un futur millor<\/span><\/li>\n<li style=\"font-weight: 400;\" aria-level=\"1\"><span style=\"font-weight: 400;\">On va passar? (Poble, ciutat, pa\u00eds\/pa\u00efsos)<\/span><\/li>\n<li style=\"font-weight: 400;\" aria-level=\"1\"><span style=\"font-weight: 400;\">Qui la va protagonitzar?(persona\/es, grups&#8230;)<\/span><\/li>\n<li style=\"font-weight: 400;\" aria-level=\"1\"><span style=\"font-weight: 400;\">A qui va afectar? (per complementar la pregunta anterior)<\/span><\/li>\n<li style=\"font-weight: 400;\" aria-level=\"1\"><span style=\"font-weight: 400;\">Quan va passar? En quin context pol\u00edtic-social? (En quin moment van emprendre les accions, \u00e8poca i context social-pol\u00edtic)<\/span><\/li>\n<li style=\"font-weight: 400;\" aria-level=\"1\"><span style=\"font-weight: 400;\">Per qu\u00e8? (qu\u00e8 ho va motivar)<\/span><\/li>\n<li style=\"font-weight: 400;\" aria-level=\"1\"><span style=\"font-weight: 400;\">Qu\u00e8 en penseu d\u2019aquesta acci\u00f3? (reflexi\u00f3 sobre la import\u00e0ncia de l\u2019acci\u00f3 per vosaltres, qu\u00e8 hagu\u00e9s passat si no s\u2019hagu\u00e9s donat? Per l\u2019heu escollida?)<\/span><\/li>\n<li aria-level=\"1\"><span style=\"font-weight: 400;\"><span style=\"font-weight: 400;\">Cita escollida<\/span><\/span><br \/>\n<hr \/>\n<\/li>\n<\/ul>\n<h6><span style=\"font-weight: 400;\">\u00a0M\u00e9s informaci\u00f3:<\/span><\/h6>\n<p><b>Centre Memorial de la Resist\u00e8ncia Alemanya,\u00a0<\/b><\/p>\n<p><a href=\"https:\/\/www.gdw-berlin.de\/en\/recess\/biographies\/index_of_persons\/offset\/144\/\"><b>https:\/\/www.gdw-berlin.de\/en\/recess\/biographies\/index_of_persons\/offset\/144\/<\/b><\/a><\/p>\n<p><b>Projecte WIRE. Dossier Pedag\u00f2gic on es poden trobar biografies de dones<\/b><\/p>\n<p><a href=\"https:\/\/memoria.gencat.cat\/web\/.content\/00_serveis_educatius\/MD\/projectes\/Projecte-WIRE\/enllacos\/Dossier_WIRE_CAT_web.pdf\"><b>https:\/\/memoria.gencat.cat\/web\/.content\/00_serveis_educatius\/MD\/projectes\/Projecte-WIRE\/enllacos\/Dossier_WIRE_CAT_web.pdf<\/b><\/a><\/p>\n<p><b>Aragoneses Deportados<\/b><\/p>\n<p><a href=\"https:\/\/aragonesesdeportados.org\/es\/184\/bueno-vela-alfonsina\/biografia.html\"><b>https:\/\/aragonesesdeportados.org\/es\/184\/bueno-vela-alfonsina\/biografia.html<\/b><\/a><\/p>\n<p><b>Centre Documentaci\u00f3 del Memorial Democr\u00e0tic<\/b><\/p>\n<p><a href=\"https:\/\/memoria.gencat.cat\/ca\/que-fem\/banc-memoria-democratica\/fons\/deportats-catalans-i-espanyols-als-camps-nazis\/\"><b>https:\/\/memoria.gencat.cat\/ca\/que-fem\/banc-memoria-democratica\/fons\/deportats-catalans-i-espanyols-als-camps-nazis\/<\/b><\/a><\/p>\n<p>&nbsp;<\/p>\n","protected":false},"excerpt":{"rendered":"<p>Per un futur millor<br \/>\n<a href=\"https:\/\/projectes.xtec.cat\/memoriaieducacio\/wp-content\/uploads\/usu2168\/2025\/01\/HMD2025_800x463.jpg\"><\/a><br \/>\nAquest projecte de commemoraci\u00f3 de les v\u00edctimes de l\u2019Holocaust dels centres d\u2019educaci\u00f3 secund\u00e0ria parteix del lema proposat per l\u2019organitzaci\u00f3 brit\u00e0nica Holocaust Memorial Day Trust per la commemoraci\u00f3 de l\u2019any 2025: For a better future \/ Per un futur millor, <a href=\"https:\/\/www.hmd.org.uk\/what-is-holocaust-memorial-day\/this-years-theme\/\">https:\/\/www.hmd.org.uk\/what-is-holocaust-memorial-day\/this-years-theme\/<\/a><br \/>\n80&hellip;  <a href=\"https:\/\/projectes.xtec.cat\/memoriaieducacio\/activitats\/dia-internacional-victimes-de-lholocaust\/2025-b\/projecte-victimes-de-lholocaust-2025\/\" title=\"Read Projecte V\u00edctimes de l&#8217;Holocaust 2025\">Llegeix m\u00e9s\u00bb<\/a><\/p>\n","protected":false},"author":3,"featured_media":0,"parent":11942,"menu_order":0,"comment_status":"closed","ping_status":"closed","template":"page-templates\/side-menu.php","meta":{"_bbp_topic_count":0,"_bbp_reply_count":0,"_bbp_total_topic_count":0,"_bbp_total_reply_count":0,"_bbp_voice_count":0,"_bbp_anonymous_reply_count":0,"_bbp_topic_count_hidden":0,"_bbp_reply_count_hidden":0,"_bbp_forum_subforum_count":0,"footnotes":""},"class_list":["post-12840","page","type-page","status-publish","hentry"],"post_mailing_queue_ids":[],"_links":{"self":[{"href":"https:\/\/projectes.xtec.cat\/memoriaieducacio\/wp-json\/wp\/v2\/pages\/12840","targetHints":{"allow":["GET"]}}],"collection":[{"href":"https:\/\/projectes.xtec.cat\/memoriaieducacio\/wp-json\/wp\/v2\/pages"}],"about":[{"href":"https:\/\/projectes.xtec.cat\/memoriaieducacio\/wp-json\/wp\/v2\/types\/page"}],"author":[{"embeddable":true,"href":"https:\/\/projectes.xtec.cat\/memoriaieducacio\/wp-json\/wp\/v2\/users\/3"}],"replies":[{"embeddable":true,"href":"https:\/\/projectes.xtec.cat\/memoriaieducacio\/wp-json\/wp\/v2\/comments?post=12840"}],"version-history":[{"count":7,"href":"https:\/\/projectes.xtec.cat\/memoriaieducacio\/wp-json\/wp\/v2\/pages\/12840\/revisions"}],"predecessor-version":[{"id":12926,"href":"https:\/\/projectes.xtec.cat\/memoriaieducacio\/wp-json\/wp\/v2\/pages\/12840\/revisions\/12926"}],"up":[{"embeddable":true,"href":"https:\/\/projectes.xtec.cat\/memoriaieducacio\/wp-json\/wp\/v2\/pages\/11942"}],"wp:attachment":[{"href":"https:\/\/projectes.xtec.cat\/memoriaieducacio\/wp-json\/wp\/v2\/media?parent=12840"}],"curies":[{"name":"wp","href":"https:\/\/api.w.org\/{rel}","templated":true}]}}